{"id":2998,"date":"2018-10-10T09:45:03","date_gmt":"2018-10-10T09:45:03","guid":{"rendered":"https:\/\/www.greenpeace.org\/africa\/?page_id=2998"},"modified":"2025-09-23T09:42:03","modified_gmt":"2025-09-23T09:42:03","slug":"presse-centre","status":"publish","type":"page","link":"https:\/\/www.greenpeace.org\/africa\/fr\/presse-centre\/","title":{"rendered":"Centre de presse"},"content":{"rendered":"\n\n<div class=\"wp-block-group alignfull is-layout-flow wp-block-group-is-layout-flow\">\n<div class=\"wp-block-group container is-layout-flow wp-block-group-is-layout-flow\">\n<div class=\"wp-block-media-text alignfull has-media-on-the-right is-stacked-on-mobile is-pattern-p4-page-header is-style-parallax\"><div class=\"wp-block-media-text__content\">\n<div class=\"wp-block-group is-layout-flow wp-block-group-is-layout-flow\">\n<h1 class=\"wp-block-heading has-white-background-color has-background\">\n                            Centre de presse\n                        <\/h1>\n<\/div>\n\n\n\n<p style=\"font-size:1.25rem\">Cette section est destin\u00e9e aux journalistes et aux professionnels des m\u00e9dias. Vous trouverez ici nos derniers communiqu\u00e9s de presse que nous distribuons aux m\u00e9dias. <br><br>Greenpeace Afrique\u00a0: <a href=\"mailto:pressdesk.africa@greenpeace.org\">pressdesk.africa@greenpeace.org<\/a><\/p>\n<\/div><figure class=\"wp-block-media-text__media\"><img loading=\"lazy\" decoding=\"async\" width=\"1199\" height=\"684\" src=\"https:\/\/www.greenpeace.org\/static\/planet4-africa-stateless\/2018\/11\/38feb60b-gp03c3m.jpg\" alt=\"\" sizes=\"auto, (min-width: 601px) 50vw, 100vw\" srcset=\"https:\/\/www.greenpeace.org\/static\/planet4-africa-stateless\/2018\/11\/38feb60b-gp03c3m.jpg 1199w, https:\/\/www.greenpeace.org\/static\/planet4-africa-stateless\/2018\/11\/38feb60b-gp03c3m-300x171.jpg 300w, https:\/\/www.greenpeace.org\/static\/planet4-africa-stateless\/2018\/11\/38feb60b-gp03c3m-768x438.jpg 768w, https:\/\/www.greenpeace.org\/static\/planet4-africa-stateless\/2018\/11\/38feb60b-gp03c3m-1024x584.jpg 1024w, https:\/\/www.greenpeace.org\/static\/planet4-africa-stateless\/2018\/11\/38feb60b-gp03c3m-510x291.jpg 510w\" class=\"wp-image-5270 size-full\"\/><\/figure><\/div>\n<\/div>\n<\/div>\n\n\n<div class=\"wp-block-query posts-list p4-query-loop is-custom-layout-list is-layout-flow wp-block-query-is-layout-flow\">\n<div class=\"wp-block-group is-content-justification-space-between is-layout-flex wp-container-core-group-is-layout-3d213aab wp-block-group-is-layout-flex\">\n<h2 class=\"wp-block-heading\">Communiqu\u00e9s de presse<\/h2>\n\n\n<li class=\" wp-block-navigation-item see-all-link wp-block-navigation-link\"><a class=\"wp-block-navigation-item__content\"  href=\"http:\/\/www.greenpeace.org\/africa\/en\/news-stories\/?post-type=press\"><span class=\"wp-block-navigation-item__label\">See all stories<\/span><\/a><\/li><\/div>\n\n\n\n<p style=\"margin-top:24px;margin-bottom:36px\"><\/p>\n\n\n\n\n<ul class=\"wp-block-post-template is-layout-flow wp-block-post-template-is-layout-flow\"><li class=\"wp-block-post post-60500 post type-post status-publish format-standard has-post-thumbnail hentry category-proteger-lenvironnement tag-greenpeaceafrique tag-cameroun tag-forets tag-agriculture p4-page-type-communiques-de-presse\">\n\n<div class=\"wp-block-columns is-layout-flex wp-container-core-columns-is-layout-9d6595d7 wp-block-columns-is-layout-flex\"><figure class=\"wp-block-post-featured-image\"><a href=\"https:\/\/www.greenpeace.org\/africa\/fr\/communiques-de-presse\/60500\/cameroun-le-centre-pour-lenvironnement-et-le-developpement-ced-pointe-du-doigt-laccaparement-foncier-et-ses-derives\/\" target=\"_self\"  ><img loading=\"lazy\" decoding=\"async\" width=\"2048\" height=\"1363\" src=\"https:\/\/www.greenpeace.org\/static\/planet4-africa-stateless\/2026\/04\/7cf55171-image.jpeg\" class=\"attachment-post-thumbnail size-post-thumbnail wp-post-image wp-stateless-item\" alt=\"Cameroun : le Centre pour l\u2019Environnement et le D\u00e9veloppement (CED) pointe du doigt l\u2019accaparement foncier et ses d\u00e9rives\" style=\"object-fit:cover;\" srcset=\"https:\/\/www.greenpeace.org\/static\/planet4-africa-stateless\/2026\/04\/7cf55171-image.jpeg 2048w, https:\/\/www.greenpeace.org\/static\/planet4-africa-stateless\/2026\/04\/7cf55171-image-300x200.jpeg 300w, https:\/\/www.greenpeace.org\/static\/planet4-africa-stateless\/2026\/04\/7cf55171-image-1024x682.jpeg 1024w, https:\/\/www.greenpeace.org\/static\/planet4-africa-stateless\/2026\/04\/7cf55171-image-768x511.jpeg 768w, https:\/\/www.greenpeace.org\/static\/planet4-africa-stateless\/2026\/04\/7cf55171-image-1536x1022.jpeg 1536w, https:\/\/www.greenpeace.org\/static\/planet4-africa-stateless\/2026\/04\/7cf55171-image-510x340.jpeg 510w\" sizes=\"auto, (max-width: 2048px) 100vw, 2048px\" data-image-size=\"post-thumbnail\" data-stateless-media-bucket=\"planet4-africa-stateless\" data-stateless-media-name=\"2026\/04\/7cf55171-image.jpeg\" \/><\/a><\/figure>\n\n\n<div class=\"wp-block-group is-layout-flow wp-block-group-is-layout-flow\">\n<div class=\"wp-block-group is-layout-flex wp-block-group-is-layout-flex\"><div class=\"wp-block-post-terms\"><a href=\"https:\/\/www.greenpeace.org\/africa\/fr\/category\/issues-fr\/proteger-lenvironnement\/\">Prot\u00e9ger l&#039;Environnement<\/a><\/div>\n\n<div class=\"taxonomy-post_tag wp-block-post-terms\"><a href=\"https:\/\/www.greenpeace.org\/africa\/fr\/tag\/greenpeaceafrique\/\" rel=\"tag\">GreenpeaceAfrique<\/a><span class=\"wp-block-post-terms__separator\"> <\/span><a href=\"https:\/\/www.greenpeace.org\/africa\/fr\/tag\/cameroun\/\" rel=\"tag\">Cameroun<\/a><span class=\"wp-block-post-terms__separator\"> <\/span><a href=\"https:\/\/www.greenpeace.org\/africa\/fr\/tag\/forets\/\" rel=\"tag\">For\u00eats<\/a><span class=\"wp-block-post-terms__separator\"> <\/span><a href=\"https:\/\/www.greenpeace.org\/africa\/fr\/tag\/agriculture\/\" rel=\"tag\">Agriculture<\/a><\/div><\/div>\n\n\n<h3 class=\"wp-block-post-title\"><a href=\"https:\/\/www.greenpeace.org\/africa\/fr\/communiques-de-presse\/60500\/cameroun-le-centre-pour-lenvironnement-et-le-developpement-ced-pointe-du-doigt-laccaparement-foncier-et-ses-derives\/\" target=\"_self\" >Cameroun : le Centre pour l\u2019Environnement et le D\u00e9veloppement (CED) pointe du doigt l\u2019accaparement foncier et ses d\u00e9rives<\/a><\/h3>\n\n<div class=\"wp-block-post-excerpt\"><p class=\"wp-block-post-excerpt__excerpt\">\u00c0 l\u2019issue d\u2019un atelier tenu en avril 2026 \u00e0 Yaound\u00e9, le Centre pour l\u2019Environnement et le D\u00e9veloppement (CED) alerte\u00a0 sur les impacts des investissements fonciers. <\/p><\/div>\n\n\n<div class=\"wp-block-group posts-list-meta is-layout-flow wp-block-group-is-layout-flow\"><span class='article-list-item-author'>Luchelle Feukeng Tabo<\/span>\n\n<div class=\"wp-block-post-date\"><time datetime=\"2026-04-28T07:49:34+00:00\">28 April 2026<\/time><\/div><\/div>\n<\/div>\n<\/div>\n\n<\/li><li class=\"wp-block-post post-60316 post type-post status-publish format-standard has-post-thumbnail hentry category-proteger-lenvironnement tag-senegal-fr tag-oceans-fr tag-greenpeaceafrique p4-page-type-communiques-de-presse\">\n\n<div class=\"wp-block-columns is-layout-flex wp-container-core-columns-is-layout-9d6595d7 wp-block-columns-is-layout-flex\"><figure class=\"wp-block-post-featured-image\"><a href=\"https:\/\/www.greenpeace.org\/africa\/fr\/communiques-de-presse\/60316\/nous-nourrissons-le-senegal-mais-la-loi-ne-nous-reconnait-pas-les-femmes-transformatrices-reclament-un-statut-legal\/\" target=\"_self\"  ><img loading=\"lazy\" decoding=\"async\" width=\"1080\" height=\"720\" src=\"https:\/\/www.greenpeace.org\/static\/planet4-africa-stateless\/2026\/03\/d230b61e-gp0stvla3.jpg\" class=\"attachment-post-thumbnail size-post-thumbnail wp-post-image wp-stateless-item\" alt=\"\u201cNous nourrissons le S\u00e9n\u00e9gal, mais la loi ne nous reconna\u00eet pas\u201d : les femmes transformatrices r\u00e9clament un statut l\u00e9gal\" style=\"object-fit:cover;\" srcset=\"https:\/\/www.greenpeace.org\/static\/planet4-africa-stateless\/2026\/03\/d230b61e-gp0stvla3.jpg 1080w, https:\/\/www.greenpeace.org\/static\/planet4-africa-stateless\/2026\/03\/d230b61e-gp0stvla3-300x200.jpg 300w, https:\/\/www.greenpeace.org\/static\/planet4-africa-stateless\/2026\/03\/d230b61e-gp0stvla3-1024x683.jpg 1024w, https:\/\/www.greenpeace.org\/static\/planet4-africa-stateless\/2026\/03\/d230b61e-gp0stvla3-768x512.jpg 768w, https:\/\/www.greenpeace.org\/static\/planet4-africa-stateless\/2026\/03\/d230b61e-gp0stvla3-510x340.jpg 510w\" sizes=\"auto, (max-width: 1080px) 100vw, 1080px\" data-image-size=\"post-thumbnail\" data-stateless-media-bucket=\"planet4-africa-stateless\" data-stateless-media-name=\"2026\/03\/d230b61e-gp0stvla3.jpg\" \/><\/a><\/figure>\n\n\n<div class=\"wp-block-group is-layout-flow wp-block-group-is-layout-flow\">\n<div class=\"wp-block-group is-layout-flex wp-block-group-is-layout-flex\"><div class=\"wp-block-post-terms\"><a href=\"https:\/\/www.greenpeace.org\/africa\/fr\/category\/issues-fr\/proteger-lenvironnement\/\">Prot\u00e9ger l&#039;Environnement<\/a><\/div>\n\n<div class=\"taxonomy-post_tag wp-block-post-terms\"><a href=\"https:\/\/www.greenpeace.org\/africa\/fr\/tag\/senegal-fr\/\" rel=\"tag\">S\u00e9n\u00e9gal<\/a><span class=\"wp-block-post-terms__separator\"> <\/span><a href=\"https:\/\/www.greenpeace.org\/africa\/fr\/tag\/oceans-fr\/\" rel=\"tag\">Oc\u00e9ans<\/a><span class=\"wp-block-post-terms__separator\"> <\/span><a href=\"https:\/\/www.greenpeace.org\/africa\/fr\/tag\/greenpeaceafrique\/\" rel=\"tag\">GreenpeaceAfrique<\/a><\/div><\/div>\n\n\n<h3 class=\"wp-block-post-title\"><a href=\"https:\/\/www.greenpeace.org\/africa\/fr\/communiques-de-presse\/60316\/nous-nourrissons-le-senegal-mais-la-loi-ne-nous-reconnait-pas-les-femmes-transformatrices-reclament-un-statut-legal\/\" target=\"_self\" >\u201cNous nourrissons le S\u00e9n\u00e9gal, mais la loi ne nous reconna\u00eet pas\u201d : les femmes transformatrices r\u00e9clament un statut l\u00e9gal<\/a><\/h3>\n\n<div class=\"wp-block-post-excerpt\"><p class=\"wp-block-post-excerpt__excerpt\">Alors que le monde entier c\u00e9l\u00e8bre les droits des femmes en ce mois de Mars, le R\u00e9seau des Femmes de la P\u00eache Artisanale du S\u00e9n\u00e9gal (REFEPAS) interpelle les autorit\u00e9s s\u00e9n\u00e9galaises sur l\u2019urgence de reconna\u00eetre officiellement leur m\u00e9tier. <\/p><\/div>\n\n\n<div class=\"wp-block-group posts-list-meta is-layout-flow wp-block-group-is-layout-flow\"><span class='article-list-item-author'>Ibrahima Ka Ndoye<\/span>\n\n<div class=\"wp-block-post-date\"><time datetime=\"2026-03-30T12:20:18+00:00\">30 March 2026<\/time><\/div><\/div>\n<\/div>\n<\/div>\n\n<\/li><li class=\"wp-block-post post-60224 post type-post status-publish format-standard has-post-thumbnail hentry category-proteger-lenvironnement tag-cameroun tag-greenpeaceafrique tag-forets p4-page-type-communiques-de-presse\">\n\n<div class=\"wp-block-columns is-layout-flex wp-container-core-columns-is-layout-9d6595d7 wp-block-columns-is-layout-flex\"><figure class=\"wp-block-post-featured-image\"><a href=\"https:\/\/www.greenpeace.org\/africa\/fr\/communiques-de-presse\/60224\/journee-des-forets-2026-greenpeace-afrique-appelle-a-accelerer-les-reformes-pour-securiser-les-droits-des-communautes-au-cameroun\/\" target=\"_self\"  ><img loading=\"lazy\" decoding=\"async\" width=\"1600\" height=\"1200\" src=\"https:\/\/www.greenpeace.org\/static\/planet4-africa-stateless\/2026\/03\/3e1f7217-image-cmr.jpeg\" class=\"attachment-post-thumbnail size-post-thumbnail wp-post-image wp-stateless-item\" alt=\"Journ\u00e9e des for\u00eats 2026 :\u00a0 Greenpeace Afrique appelle \u00e0 acc\u00e9l\u00e9rer les r\u00e9formes pour s\u00e9curiser les droits des communaut\u00e9s au Cameroun\" style=\"object-fit:cover;\" srcset=\"https:\/\/www.greenpeace.org\/static\/planet4-africa-stateless\/2026\/03\/3e1f7217-image-cmr.jpeg 1600w, https:\/\/www.greenpeace.org\/static\/planet4-africa-stateless\/2026\/03\/3e1f7217-image-cmr-300x225.jpeg 300w, https:\/\/www.greenpeace.org\/static\/planet4-africa-stateless\/2026\/03\/3e1f7217-image-cmr-1024x768.jpeg 1024w, https:\/\/www.greenpeace.org\/static\/planet4-africa-stateless\/2026\/03\/3e1f7217-image-cmr-768x576.jpeg 768w, https:\/\/www.greenpeace.org\/static\/planet4-africa-stateless\/2026\/03\/3e1f7217-image-cmr-1536x1152.jpeg 1536w, https:\/\/www.greenpeace.org\/static\/planet4-africa-stateless\/2026\/03\/3e1f7217-image-cmr-453x340.jpeg 453w\" sizes=\"auto, (max-width: 1600px) 100vw, 1600px\" data-image-size=\"post-thumbnail\" data-stateless-media-bucket=\"planet4-africa-stateless\" data-stateless-media-name=\"2026\/03\/3e1f7217-image-cmr.jpeg\" \/><\/a><\/figure>\n\n\n<div class=\"wp-block-group is-layout-flow wp-block-group-is-layout-flow\">\n<div class=\"wp-block-group is-layout-flex wp-block-group-is-layout-flex\"><div class=\"wp-block-post-terms\"><a href=\"https:\/\/www.greenpeace.org\/africa\/fr\/category\/issues-fr\/proteger-lenvironnement\/\">Prot\u00e9ger l&#039;Environnement<\/a><\/div>\n\n<div class=\"taxonomy-post_tag wp-block-post-terms\"><a href=\"https:\/\/www.greenpeace.org\/africa\/fr\/tag\/cameroun\/\" rel=\"tag\">Cameroun<\/a><span class=\"wp-block-post-terms__separator\"> <\/span><a href=\"https:\/\/www.greenpeace.org\/africa\/fr\/tag\/greenpeaceafrique\/\" rel=\"tag\">GreenpeaceAfrique<\/a><span class=\"wp-block-post-terms__separator\"> <\/span><a href=\"https:\/\/www.greenpeace.org\/africa\/fr\/tag\/forets\/\" rel=\"tag\">For\u00eats<\/a><\/div><\/div>\n\n\n<h3 class=\"wp-block-post-title\"><a href=\"https:\/\/www.greenpeace.org\/africa\/fr\/communiques-de-presse\/60224\/journee-des-forets-2026-greenpeace-afrique-appelle-a-accelerer-les-reformes-pour-securiser-les-droits-des-communautes-au-cameroun\/\" target=\"_self\" >Journ\u00e9e des for\u00eats 2026 :\u00a0 Greenpeace Afrique appelle \u00e0 acc\u00e9l\u00e9rer les r\u00e9formes pour s\u00e9curiser les droits des communaut\u00e9s au Cameroun<\/a><\/h3>\n\n<div class=\"wp-block-post-excerpt\"><p class=\"wp-block-post-excerpt__excerpt\">Yaound\u00e9, 21 mars 2026 \u2013 \u00c0 l\u2019occasion de la Journ\u00e9e internationale des for\u00eats, Greenpeace Afrique a organis\u00e9 \u00e0 Yaound\u00e9 une mobilisation publique visant \u00e0 sensibiliser sur la protection des for\u00eats du Bassin du Congo et les droits des communaut\u00e9s locales. <\/p><\/div>\n\n\n<div class=\"wp-block-group posts-list-meta is-layout-flow wp-block-group-is-layout-flow\"><span class='article-list-item-author'>Luchelle Feukeng Tabo<\/span>\n\n<div class=\"wp-block-post-date\"><time datetime=\"2026-03-23T15:15:40+00:00\">23 March 2026<\/time><\/div><\/div>\n<\/div>\n<\/div>\n\n<\/li><\/ul>\n\n\n<div class=\"wp-block-buttons carousel-controls is-horizontal is-content-justification-space-between is-nowrap is-layout-flex wp-container-core-buttons-is-layout-044bd602 wp-block-buttons-is-layout-flex\">\n<div class=\"wp-block-button carousel-control-prev\"><button type=\"button\" class=\"wp-block-button__link wp-element-button\">Prev<\/button><\/div>\n\n\n\n<div class=\"wp-block-button carousel-control-next\"><button type=\"button\" class=\"wp-block-button__link wp-element-button\">Next<\/button><\/div>\n<\/div>\n\n\n<li class=\" wp-block-navigation-item see-all-link wp-block-navigation-link\"><a class=\"wp-block-navigation-item__content\"  href=\"http:\/\/www.greenpeace.org\/africa\/en\/news-stories\/?post-type=press\"><span class=\"wp-block-navigation-item__label\">See all stories<\/span><\/a><\/li><\/div>\n","protected":false},"excerpt":{"rendered":"","protected":false},"author":21,"featured_media":5270,"parent":0,"menu_order":0,"comment_status":"closed","ping_status":"closed","template":"","meta":{"_acf_changed":false,"ep_exclude_from_search":false,"p4_hide_page_title_checkbox":"on","p4_title":"","p4_subtitle":"","p4_description":"","background_image_id":"","background_image":"","p4_button_title":"","p4_button_link":"","p4_button_link_checkbox":"","p4_og_title":"","p4_og_description":"","p4_og_image":"","p4_og_image_id":"","p4_seo_canonical_url":"","p4_campaign_name":"not set","p4_local_project":"","p4_basket_name":"not set","p4_department":"","footnotes":""},"categories":[],"tags":[],"class_list":["post-2998","page","type-page","status-publish","has-post-thumbnail","hentry"],"acf":[],"_links":{"self":[{"href":"https:\/\/www.greenpeace.org\/africa\/fr\/wp-json\/wp\/v2\/pages\/2998","targetHints":{"allow":["GET"]}}],"collection":[{"href":"https:\/\/www.greenpeace.org\/africa\/fr\/wp-json\/wp\/v2\/pages"}],"about":[{"href":"https:\/\/www.greenpeace.org\/africa\/fr\/wp-json\/wp\/v2\/types\/page"}],"author":[{"embeddable":true,"href":"https:\/\/www.greenpeace.org\/africa\/fr\/wp-json\/wp\/v2\/users\/21"}],"replies":[{"embeddable":true,"href":"https:\/\/www.greenpeace.org\/africa\/fr\/wp-json\/wp\/v2\/comments?post=2998"}],"version-history":[{"count":20,"href":"https:\/\/www.greenpeace.org\/africa\/fr\/wp-json\/wp\/v2\/pages\/2998\/revisions"}],"predecessor-version":[{"id":58954,"href":"https:\/\/www.greenpeace.org\/africa\/fr\/wp-json\/wp\/v2\/pages\/2998\/revisions\/58954"}],"wp:featuredmedia":[{"embeddable":true,"href":"https:\/\/www.greenpeace.org\/africa\/fr\/wp-json\/wp\/v2\/media\/5270"}],"wp:attachment":[{"href":"https:\/\/www.greenpeace.org\/africa\/fr\/wp-json\/wp\/v2\/media?parent=2998"}],"wp:term":[{"taxonomy":"category","embeddable":true,"href":"https:\/\/www.greenpeace.org\/africa\/fr\/wp-json\/wp\/v2\/categories?post=2998"},{"taxonomy":"post_tag","embeddable":true,"href":"https:\/\/www.greenpeace.org\/africa\/fr\/wp-json\/wp\/v2\/tags?post=2998"}],"curies":[{"name":"wp","href":"https:\/\/api.w.org\/{rel}","templated":true}]}}