{"id":2998,"date":"2018-10-10T09:45:03","date_gmt":"2018-10-10T09:45:03","guid":{"rendered":"https:\/\/www.greenpeace.org\/africa\/?page_id=2998"},"modified":"2026-06-29T13:49:48","modified_gmt":"2026-06-29T13:49:48","slug":"presse-centre","status":"publish","type":"page","link":"https:\/\/www.greenpeace.org\/africa\/fr\/presse-centre\/","title":{"rendered":"Centre de presse"},"content":{"rendered":"\n\n<div class=\"wp-block-group alignfull is-layout-flow wp-block-group-is-layout-flow\">\n<div class=\"wp-block-group container is-layout-flow wp-block-group-is-layout-flow\">\n<div class=\"wp-block-media-text alignfull has-media-on-the-right is-stacked-on-mobile is-pattern-p4-page-header is-style-parallax\"><div class=\"wp-block-media-text__content\">\n<div class=\"wp-block-group is-layout-flow wp-block-group-is-layout-flow\">\n<h1 class=\"wp-block-heading has-white-background-color has-background\">\n                            Centre de presse\n                        <\/h1>\n<\/div>\n\n\n\n<p class=\"wp-block-paragraph\" style=\"font-size:1.25rem\">Cette section est destin\u00e9e aux journalistes et aux professionnels des m\u00e9dias. Vous trouverez ici nos derniers communiqu\u00e9s de presse que nous distribuons aux m\u00e9dias. <br><br>Greenpeace Afrique\u00a0: <a href=\"mailto:pressdesk.africa@greenpeace.org\">pressdesk.africa@greenpeace.org<\/a><\/p>\n<\/div><figure class=\"wp-block-media-text__media\"><img loading=\"lazy\" decoding=\"async\" width=\"1199\" height=\"684\" src=\"https:\/\/www.greenpeace.org\/static\/planet4-africa-stateless\/2018\/11\/38feb60b-gp03c3m.jpg\" alt=\"\" sizes=\"auto, (min-width: 601px) 50vw, 100vw\" srcset=\"https:\/\/www.greenpeace.org\/static\/planet4-africa-stateless\/2018\/11\/38feb60b-gp03c3m.jpg 1199w, https:\/\/www.greenpeace.org\/static\/planet4-africa-stateless\/2018\/11\/38feb60b-gp03c3m-300x171.jpg 300w, https:\/\/www.greenpeace.org\/static\/planet4-africa-stateless\/2018\/11\/38feb60b-gp03c3m-768x438.jpg 768w, https:\/\/www.greenpeace.org\/static\/planet4-africa-stateless\/2018\/11\/38feb60b-gp03c3m-1024x584.jpg 1024w, https:\/\/www.greenpeace.org\/static\/planet4-africa-stateless\/2018\/11\/38feb60b-gp03c3m-510x291.jpg 510w\" class=\"wp-image-5270 size-full\"\/><\/figure><\/div>\n<\/div>\n<\/div>\n\n\n<div class=\"wp-block-query posts-list p4-query-loop is-custom-layout-list is-layout-flow wp-block-query-is-layout-flow\">\n<div class=\"wp-block-group is-content-justification-space-between is-layout-flex wp-container-core-group-is-layout-cfe5ce44 wp-block-group-is-layout-flex\">\n<h2 class=\"wp-block-heading\">Communiqu\u00e9s de presse<\/h2>\n\n\n<li class=\"wp-block-navigation-item see-all-link wp-block-navigation-link\"><a class=\"wp-block-navigation-item__content\"  href=\"http:\/\/www.greenpeace.org\/africa\/en\/news-stories\/?post-type=press\"><span data-ga-category=\"Posts List\" data-ga-action=\"See More Link\" data-ga-label=\"n\/a\" class=\"wp-block-navigation-item__label\">See all stories<\/span><\/a><\/li><\/div>\n\n\n\n<p class=\"wp-block-paragraph\" style=\"margin-top:24px;margin-bottom:36px\"><\/p>\n\n\n\n\n<ul class=\"wp-block-post-template is-layout-flow wp-block-post-template-is-layout-flow\"><li class=\"wp-block-post post-61469 post type-post status-publish format-standard has-post-thumbnail hentry category-proteger-lenvironnement tag-greenpeaceafrique tag-forets tag-cameroun tag-uganda p4-page-type-communiques-de-presse\">\n\n<div class=\"wp-block-columns is-layout-flex wp-container-core-columns-is-layout-8f761849 wp-block-columns-is-layout-flex\"><figure class=\"wp-block-post-featured-image\"><a href=\"https:\/\/www.greenpeace.org\/africa\/fr\/communiques-de-presse\/61469\/apres-la-victoire-des-lionnes-indomptables-un-autre-defi-pour-le-cameroun-sauver-ebo\/\" target=\"_self\"  ><img loading=\"lazy\" decoding=\"async\" data-ga-category=\"Posts List\" data-ga-action=\"Image\" data-ga-label=\"n\/a\" width=\"1200\" height=\"900\" src=\"https:\/\/www.greenpeace.org\/static\/planet4-africa-stateless\/2026\/08\/e32b9d16-gp0sua1kn.jpg.jpeg\" class=\"attachment-post-thumbnail size-post-thumbnail wp-post-image wp-stateless-item\" alt=\"Apr\u00e8s la victoire des Lionnes indomptables, un autre d\u00e9fi pour le Cameroun : sauver Ebo.\" style=\"object-fit:cover;\" srcset=\"https:\/\/www.greenpeace.org\/static\/planet4-africa-stateless\/2026\/08\/e32b9d16-gp0sua1kn.jpg.jpeg 1200w, https:\/\/www.greenpeace.org\/static\/planet4-africa-stateless\/2026\/08\/e32b9d16-gp0sua1kn.jpg-300x225.jpeg 300w, https:\/\/www.greenpeace.org\/static\/planet4-africa-stateless\/2026\/08\/e32b9d16-gp0sua1kn.jpg-1024x768.jpeg 1024w, https:\/\/www.greenpeace.org\/static\/planet4-africa-stateless\/2026\/08\/e32b9d16-gp0sua1kn.jpg-768x576.jpeg 768w, https:\/\/www.greenpeace.org\/static\/planet4-africa-stateless\/2026\/08\/e32b9d16-gp0sua1kn.jpg-453x340.jpeg 453w\" sizes=\"auto, (max-width: 1200px) 100vw, 1200px\" data-image-size=\"post-thumbnail\" data-stateless-media-bucket=\"planet4-africa-stateless\" data-stateless-media-name=\"2026\/08\/e32b9d16-gp0sua1kn.jpg.jpeg\" \/><\/a><\/figure>\n\n\n<div class=\"wp-block-group is-layout-flow wp-block-group-is-layout-flow\">\n<div class=\"wp-block-group is-layout-flex wp-block-group-is-layout-flex\"><div class=\"wp-block-post-terms\"><a data-ga-category=\"Posts List\" data-ga-action=\"Post Type Tag\" data-ga-label=\"n\/a\" href=\"https:\/\/www.greenpeace.org\/africa\/fr\/category\/issues-fr\/proteger-lenvironnement\/\">Prot\u00e9ger l&#039;Environnement<\/a><\/div>\n\n<div class=\"taxonomy-post_tag wp-block-post-terms\"><a data-ga-category=\"Posts List\" data-ga-action=\"Navigation Tag\" data-ga-label=\"n\/a\" href=\"https:\/\/www.greenpeace.org\/africa\/fr\/tag\/greenpeaceafrique\/\" rel=\"tag\">GreenpeaceAfrique<\/a><span class=\"wp-block-post-terms__separator\"> <\/span><a data-ga-category=\"Posts List\" data-ga-action=\"Navigation Tag\" data-ga-label=\"n\/a\" href=\"https:\/\/www.greenpeace.org\/africa\/fr\/tag\/forets\/\" rel=\"tag\">For\u00eats<\/a><span class=\"wp-block-post-terms__separator\"> <\/span><a data-ga-category=\"Posts List\" data-ga-action=\"Navigation Tag\" data-ga-label=\"n\/a\" href=\"https:\/\/www.greenpeace.org\/africa\/fr\/tag\/cameroun\/\" rel=\"tag\">Cameroun<\/a><span class=\"wp-block-post-terms__separator\"> <\/span><a data-ga-category=\"Posts List\" data-ga-action=\"Navigation Tag\" data-ga-label=\"n\/a\" href=\"https:\/\/www.greenpeace.org\/africa\/en\/tag\/uganda\/\" rel=\"tag\">Uganda<\/a><\/div><\/div>\n\n\n<h3 class=\"wp-block-post-title\"><a data-ga-category=\"Posts List\" data-ga-action=\"Title\" data-ga-label=\"n\/a\" href=\"https:\/\/www.greenpeace.org\/africa\/fr\/communiques-de-presse\/61469\/apres-la-victoire-des-lionnes-indomptables-un-autre-defi-pour-le-cameroun-sauver-ebo\/\" target=\"_self\" >Apr\u00e8s la victoire des Lionnes indomptables, un autre d\u00e9fi pour le Cameroun : sauver Ebo.<\/a><\/h3>\n\n<div class=\"wp-block-post-excerpt\"><p class=\"wp-block-post-excerpt__excerpt\">Alors que le Cameroun continue \u00e0 c\u00e9l\u00e9brer le triomphe des Lionnes Indomptables sur la sc\u00e8ne africaine, l\u2019attention doit aussi porter sur un autre patrimoine national qui se trouve \u00e0 la crois\u00e9e des chemins : la for\u00eat d\u2019Ebo et la s\u00e9curisation des droits fonciers coutumiers des communaut\u00e9s Banen qui revendiquent ces territoires ancestraux depuis des g\u00e9n\u00e9rations.\u00a0 <\/p><\/div>\n\n\n<div class=\"wp-block-group posts-list-meta is-layout-flow wp-block-group-is-layout-flow\"><span class='article-list-item-author'>Raphael Mavambu<\/span>\n\n<div class=\"wp-block-post-date\"><time datetime=\"2026-08-21T13:04:05+00:00\">21 August 2026<\/time><\/div><\/div>\n<\/div>\n<\/div>\n\n<\/li><li class=\"wp-block-post post-61427 post type-post status-publish format-standard has-post-thumbnail hentry category-proteger-lenvironnement tag-forets tag-cameroun tag-greenpeaceafrique tag-uganda p4-page-type-communiques-de-presse\">\n\n<div class=\"wp-block-columns is-layout-flex wp-container-core-columns-is-layout-8f761849 wp-block-columns-is-layout-flex\"><figure class=\"wp-block-post-featured-image\"><a href=\"https:\/\/www.greenpeace.org\/africa\/fr\/communiques-de-presse\/61427\/alors-que-les-lionnes-indomptables-du-cameroun-rugissent-de-fierte-greenpeace-afrique-appelle-a-offrir-une-seconde-chance-a-la-foret-debo\/\" target=\"_self\"  ><img loading=\"lazy\" decoding=\"async\" data-ga-category=\"Posts List\" data-ga-action=\"Image\" data-ga-label=\"n\/a\" width=\"1200\" height=\"800\" src=\"https:\/\/www.greenpeace.org\/static\/planet4-africa-stateless\/2026\/08\/848b4a7c-gp04bxi.jpg\" class=\"attachment-post-thumbnail size-post-thumbnail wp-post-image wp-stateless-item\" alt=\"Alors que les Lionnes Indomptables du Cameroun rugissent de fiert\u00e9, Greenpeace Afrique appelle \u00e0 offrir une seconde chance \u00e0 la for\u00eat d&#8217;Ebo.\" style=\"object-fit:cover;\" srcset=\"https:\/\/www.greenpeace.org\/static\/planet4-africa-stateless\/2026\/08\/848b4a7c-gp04bxi.jpg 1200w, https:\/\/www.greenpeace.org\/static\/planet4-africa-stateless\/2026\/08\/848b4a7c-gp04bxi-300x200.jpg 300w, https:\/\/www.greenpeace.org\/static\/planet4-africa-stateless\/2026\/08\/848b4a7c-gp04bxi-1024x683.jpg 1024w, https:\/\/www.greenpeace.org\/static\/planet4-africa-stateless\/2026\/08\/848b4a7c-gp04bxi-768x512.jpg 768w, https:\/\/www.greenpeace.org\/static\/planet4-africa-stateless\/2026\/08\/848b4a7c-gp04bxi-510x340.jpg 510w\" sizes=\"auto, (max-width: 1200px) 100vw, 1200px\" data-image-size=\"post-thumbnail\" data-stateless-media-bucket=\"planet4-africa-stateless\" data-stateless-media-name=\"2026\/08\/848b4a7c-gp04bxi.jpg\" \/><\/a><\/figure>\n\n\n<div class=\"wp-block-group is-layout-flow wp-block-group-is-layout-flow\">\n<div class=\"wp-block-group is-layout-flex wp-block-group-is-layout-flex\"><div class=\"wp-block-post-terms\"><a data-ga-category=\"Posts List\" data-ga-action=\"Post Type Tag\" data-ga-label=\"n\/a\" href=\"https:\/\/www.greenpeace.org\/africa\/fr\/category\/issues-fr\/proteger-lenvironnement\/\">Prot\u00e9ger l&#039;Environnement<\/a><\/div>\n\n<div class=\"taxonomy-post_tag wp-block-post-terms\"><a data-ga-category=\"Posts List\" data-ga-action=\"Navigation Tag\" data-ga-label=\"n\/a\" href=\"https:\/\/www.greenpeace.org\/africa\/fr\/tag\/forets\/\" rel=\"tag\">For\u00eats<\/a><span class=\"wp-block-post-terms__separator\"> <\/span><a data-ga-category=\"Posts List\" data-ga-action=\"Navigation Tag\" data-ga-label=\"n\/a\" href=\"https:\/\/www.greenpeace.org\/africa\/fr\/tag\/cameroun\/\" rel=\"tag\">Cameroun<\/a><span class=\"wp-block-post-terms__separator\"> <\/span><a data-ga-category=\"Posts List\" data-ga-action=\"Navigation Tag\" data-ga-label=\"n\/a\" href=\"https:\/\/www.greenpeace.org\/africa\/fr\/tag\/greenpeaceafrique\/\" rel=\"tag\">GreenpeaceAfrique<\/a><span class=\"wp-block-post-terms__separator\"> <\/span><a data-ga-category=\"Posts List\" data-ga-action=\"Navigation Tag\" data-ga-label=\"n\/a\" href=\"https:\/\/www.greenpeace.org\/africa\/en\/tag\/uganda\/\" rel=\"tag\">Uganda<\/a><\/div><\/div>\n\n\n<h3 class=\"wp-block-post-title\"><a data-ga-category=\"Posts List\" data-ga-action=\"Title\" data-ga-label=\"n\/a\" href=\"https:\/\/www.greenpeace.org\/africa\/fr\/communiques-de-presse\/61427\/alors-que-les-lionnes-indomptables-du-cameroun-rugissent-de-fierte-greenpeace-afrique-appelle-a-offrir-une-seconde-chance-a-la-foret-debo\/\" target=\"_self\" >Alors que les Lionnes Indomptables du Cameroun rugissent de fiert\u00e9, Greenpeace Afrique appelle \u00e0 offrir une seconde chance \u00e0 la for\u00eat d&#8217;Ebo.<\/a><\/h3>\n\n<div class=\"wp-block-post-excerpt\"><p class=\"wp-block-post-excerpt__excerpt\">Le Cameroun vibre aujourd&#8217;hui au rythme de l&#8217;exploit des Lionnes Indomptables, dont le parcours exceptionnel les a conduites jusqu&#8217;\u00e0 la finale de la Coupe d&#8217;Afrique des Nations F\u00e9minine et \u00e0 une qualification pour la Coupe du Monde F\u00e9minine de la FIFA 2027. <\/p><\/div>\n\n\n<div class=\"wp-block-group posts-list-meta is-layout-flow wp-block-group-is-layout-flow\"><span class='article-list-item-author'>Raphael Mavambu<\/span>\n\n<div class=\"wp-block-post-date\"><time datetime=\"2026-08-14T13:30:00+00:00\">14 August 2026<\/time><\/div><\/div>\n<\/div>\n<\/div>\n\n<\/li><li class=\"wp-block-post post-61355 post type-post status-publish format-standard has-post-thumbnail hentry category-proteger-lenvironnement tag-rdc tag-plastiques tag-greenpeaceafrique tag-uganda p4-page-type-communiques-de-presse\">\n\n<div class=\"wp-block-columns is-layout-flex wp-container-core-columns-is-layout-8f761849 wp-block-columns-is-layout-flex\"><figure class=\"wp-block-post-featured-image\"><a href=\"https:\/\/www.greenpeace.org\/africa\/fr\/communiques-de-presse\/61355\/greenpeace-afrique-reunit-les-principaux-acteurs-nationaux-pour-renforcer-le-cadre-juridique-de-la-rdc-contre-la-pollution-plastique\/\" target=\"_self\"  ><img loading=\"lazy\" decoding=\"async\" data-ga-category=\"Posts List\" data-ga-action=\"Image\" data-ga-label=\"n\/a\" width=\"1250\" height=\"833\" src=\"https:\/\/www.greenpeace.org\/static\/planet4-africa-stateless\/2026\/07\/45148317-dsc3331.jpg\" class=\"attachment-post-thumbnail size-post-thumbnail wp-post-image wp-stateless-item\" alt=\"Greenpeace Afrique r\u00e9unit les principaux acteurs nationaux pour renforcer le cadre juridique de la RDC contre la pollution plastique\" style=\"object-fit:cover;\" srcset=\"https:\/\/www.greenpeace.org\/static\/planet4-africa-stateless\/2026\/07\/45148317-dsc3331.jpg 1250w, https:\/\/www.greenpeace.org\/static\/planet4-africa-stateless\/2026\/07\/45148317-dsc3331-300x200.jpg 300w, https:\/\/www.greenpeace.org\/static\/planet4-africa-stateless\/2026\/07\/45148317-dsc3331-1024x682.jpg 1024w, https:\/\/www.greenpeace.org\/static\/planet4-africa-stateless\/2026\/07\/45148317-dsc3331-768x512.jpg 768w, https:\/\/www.greenpeace.org\/static\/planet4-africa-stateless\/2026\/07\/45148317-dsc3331-510x340.jpg 510w\" sizes=\"auto, (max-width: 1250px) 100vw, 1250px\" data-image-size=\"post-thumbnail\" data-stateless-media-bucket=\"planet4-africa-stateless\" data-stateless-media-name=\"2026\/07\/45148317-dsc3331.jpg\" \/><\/a><\/figure>\n\n\n<div class=\"wp-block-group is-layout-flow wp-block-group-is-layout-flow\">\n<div class=\"wp-block-group is-layout-flex wp-block-group-is-layout-flex\"><div class=\"wp-block-post-terms\"><a data-ga-category=\"Posts List\" data-ga-action=\"Post Type Tag\" data-ga-label=\"n\/a\" href=\"https:\/\/www.greenpeace.org\/africa\/fr\/category\/issues-fr\/proteger-lenvironnement\/\">Prot\u00e9ger l&#039;Environnement<\/a><\/div>\n\n<div class=\"taxonomy-post_tag wp-block-post-terms\"><a data-ga-category=\"Posts List\" data-ga-action=\"Navigation Tag\" data-ga-label=\"n\/a\" href=\"https:\/\/www.greenpeace.org\/africa\/fr\/tag\/rdc\/\" rel=\"tag\">RDC<\/a><span class=\"wp-block-post-terms__separator\"> <\/span><a data-ga-category=\"Posts List\" data-ga-action=\"Navigation Tag\" data-ga-label=\"n\/a\" href=\"https:\/\/www.greenpeace.org\/africa\/fr\/tag\/plastiques\/\" rel=\"tag\">Plastiques<\/a><span class=\"wp-block-post-terms__separator\"> <\/span><a data-ga-category=\"Posts List\" data-ga-action=\"Navigation Tag\" data-ga-label=\"n\/a\" href=\"https:\/\/www.greenpeace.org\/africa\/fr\/tag\/greenpeaceafrique\/\" rel=\"tag\">GreenpeaceAfrique<\/a><span class=\"wp-block-post-terms__separator\"> <\/span><a data-ga-category=\"Posts List\" data-ga-action=\"Navigation Tag\" data-ga-label=\"n\/a\" href=\"https:\/\/www.greenpeace.org\/africa\/en\/tag\/uganda\/\" rel=\"tag\">Uganda<\/a><\/div><\/div>\n\n\n<h3 class=\"wp-block-post-title\"><a data-ga-category=\"Posts List\" data-ga-action=\"Title\" data-ga-label=\"n\/a\" href=\"https:\/\/www.greenpeace.org\/africa\/fr\/communiques-de-presse\/61355\/greenpeace-afrique-reunit-les-principaux-acteurs-nationaux-pour-renforcer-le-cadre-juridique-de-la-rdc-contre-la-pollution-plastique\/\" target=\"_self\" >Greenpeace Afrique r\u00e9unit les principaux acteurs nationaux pour renforcer le cadre juridique de la RDC contre la pollution plastique<\/a><\/h3>\n\n<div class=\"wp-block-post-excerpt\"><p class=\"wp-block-post-excerpt__excerpt\">Greenpeace Afrique, en collaboration avec le Secr\u00e9tariat G\u00e9n\u00e9ral du Minist\u00e8re de l&#8217;Environnement, D\u00e9veloppement Durable et Nouvelle \u00c9conomie du Climat, organise un atelier de consultation multipartite de deux jours afin de faire progresser les r\u00e9formes politiques destin\u00e9es \u00e0 lutter contre la crise grandissante de la pollution li\u00e9e aux emballages plastiques en R\u00e9publique D\u00e9mocratique du Congo (RDC). <\/p><\/div>\n\n\n<div class=\"wp-block-group posts-list-meta is-layout-flow wp-block-group-is-layout-flow\"><span class='article-list-item-author'>Raphael Mavambu<\/span>\n\n<div class=\"wp-block-post-date\"><time datetime=\"2026-07-30T12:04:41+00:00\">30 July 2026<\/time><\/div><\/div>\n<\/div>\n<\/div>\n\n<\/li><\/ul>\n\n\n<div class=\"wp-block-buttons carousel-controls is-horizontal is-content-justification-space-between is-nowrap is-layout-flex wp-container-core-buttons-is-layout-358af4b1 wp-block-buttons-is-layout-flex\">\n<div class=\"wp-block-button carousel-control-prev\"><button type=\"button\" class=\"wp-block-button__link wp-element-button\">Prev<\/button><\/div>\n\n\n\n<div class=\"wp-block-button carousel-control-next\"><button type=\"button\" class=\"wp-block-button__link wp-element-button\">Next<\/button><\/div>\n<\/div>\n\n\n<li class=\"wp-block-navigation-item see-all-link wp-block-navigation-link\"><a class=\"wp-block-navigation-item__content\"  href=\"http:\/\/www.greenpeace.org\/africa\/en\/news-stories\/?post-type=press\"><span data-ga-category=\"Posts List\" data-ga-action=\"See More Link\" data-ga-label=\"n\/a\" class=\"wp-block-navigation-item__label\">See all stories<\/span><\/a><\/li><\/div>\n","protected":false},"excerpt":{"rendered":"","protected":false},"author":21,"featured_media":5270,"parent":0,"menu_order":0,"comment_status":"closed","ping_status":"closed","template":"","meta":{"_acf_changed":false,"ep_exclude_from_search":false,"p4_hide_page_title_checkbox":"on","p4_title":"","p4_subtitle":"","p4_description":"","background_image_id":"","background_image":"","p4_button_title":"","p4_button_link":"","p4_button_link_checkbox":"","p4_og_title":"","p4_og_description":"","p4_og_image":"","p4_og_image_id":"","p4_seo_canonical_url":"","p4_campaign_name":"not set","p4_local_project":"","p4_basket_name":"not set","p4_department":"","footnotes":""},"categories":[],"tags":[],"class_list":["post-2998","page","type-page","status-publish","has-post-thumbnail","hentry"],"acf":[],"_links":{"self":[{"href":"https:\/\/www.greenpeace.org\/africa\/fr\/wp-json\/wp\/v2\/pages\/2998","targetHints":{"allow":["GET"]}}],"collection":[{"href":"https:\/\/www.greenpeace.org\/africa\/fr\/wp-json\/wp\/v2\/pages"}],"about":[{"href":"https:\/\/www.greenpeace.org\/africa\/fr\/wp-json\/wp\/v2\/types\/page"}],"author":[{"embeddable":true,"href":"https:\/\/www.greenpeace.org\/africa\/fr\/wp-json\/wp\/v2\/users\/21"}],"replies":[{"embeddable":true,"href":"https:\/\/www.greenpeace.org\/africa\/fr\/wp-json\/wp\/v2\/comments?post=2998"}],"version-history":[{"count":20,"href":"https:\/\/www.greenpeace.org\/africa\/fr\/wp-json\/wp\/v2\/pages\/2998\/revisions"}],"predecessor-version":[{"id":60624,"href":"https:\/\/www.greenpeace.org\/africa\/fr\/wp-json\/wp\/v2\/pages\/2998\/revisions\/60624"}],"wp:featuredmedia":[{"embeddable":true,"href":"https:\/\/www.greenpeace.org\/africa\/fr\/wp-json\/wp\/v2\/media\/5270"}],"wp:attachment":[{"href":"https:\/\/www.greenpeace.org\/africa\/fr\/wp-json\/wp\/v2\/media?parent=2998"}],"wp:term":[{"taxonomy":"category","embeddable":true,"href":"https:\/\/www.greenpeace.org\/africa\/fr\/wp-json\/wp\/v2\/categories?post=2998"},{"taxonomy":"post_tag","embeddable":true,"href":"https:\/\/www.greenpeace.org\/africa\/fr\/wp-json\/wp\/v2\/tags?post=2998"}],"curies":[{"name":"wp","href":"https:\/\/api.w.org\/{rel}","templated":true}]}}