{"id":6071,"date":"2018-11-21T11:25:42","date_gmt":"2018-11-21T11:25:42","guid":{"rendered":"https:\/\/www.greenpeace.org\/africa\/?page_id=6071"},"modified":"2025-06-23T08:55:23","modified_gmt":"2025-06-23T08:55:23","slug":"conditions-generales","status":"publish","type":"page","link":"https:\/\/www.greenpeace.org\/africa\/fr\/conditions-generales\/","title":{"rendered":"Conditions Generales"},"content":{"rendered":"\n                \n                <div class=\"wp-block-group alignfull is-layout-flow wp-block-group-is-layout-flow\">\n                \n                <div class=\"wp-block-group container is-layout-flow wp-block-group-is-layout-flow\">\n                \n                <div class=\"wp-block-media-text alignfull has-media-on-the-right is-stacked-on-mobile is-pattern-p4-page-header is-style-parallax\">\n\n                <div class=\"wp-block-media-text__content\">\n                    <div class=\"wp-block-group is-layout-flow wp-block-group-is-layout-flow\">\n                    \n                        <h1 class=\"wp-block-heading has-white-background-color has-background\">\n                            Conditions Generales\n                        <\/h1>\n                    <\/div>\n                \n\n                \n\n                \n\n                <\/div>\n                <figure class=\"wp-block-media-text__media\">\n                    <img loading=\"lazy\" decoding=\"async\" width=\"1199\" height=\"800\"\n                        src=\"https:\/\/www.greenpeace.org\/static\/planet4-africa-stateless\/2018\/10\/ded6dd65-gp0stsitt.jpg\"\n                        alt=\"\"\n                        sizes=\"auto, (min-width: 601px) 50vw, 100vw\" srcset=\"https:\/\/www.greenpeace.org\/static\/planet4-africa-stateless\/2018\/10\/ded6dd65-gp0stsitt.jpg 1199w, https:\/\/www.greenpeace.org\/static\/planet4-africa-stateless\/2018\/10\/ded6dd65-gp0stsitt-300x200.jpg 300w, https:\/\/www.greenpeace.org\/static\/planet4-africa-stateless\/2018\/10\/ded6dd65-gp0stsitt-768x512.jpg 768w, https:\/\/www.greenpeace.org\/static\/planet4-africa-stateless\/2018\/10\/ded6dd65-gp0stsitt-1024x683.jpg 1024w, https:\/\/www.greenpeace.org\/static\/planet4-africa-stateless\/2018\/10\/ded6dd65-gp0stsitt-510x340.jpg 510w\" class=\"wp-image-3332 size-full\"\n                    \/>\n                <\/figure>\n                <\/div>\n                \n                <\/div>\n                \n                <\/div>\n                \n                <ol>\n<li style=\"font-weight: 400;\"><span style=\"font-weight: 400;\">L\u2019organisateur dudit concours est Greenpeace Afrique, dont le si\u00e8ge se trouve \u00e0 293 Kent Avenue, Randburg, South Africa.<\/span><\/li>\n<li style=\"font-weight: 400;\"><span style=\"font-weight: 400;\">Ce concours est ouvert aux personnes r\u00e9sidentes au S\u00e9n\u00e9gal, au Cameroun et en RDC, \u00e2g\u00e9es de 18 ans et plus. Le concours n\u2019est pas ouvert au personnel de Greenpeace, ni \u00e0 leurs proches ou \u00e0 toute personne li\u00e9e \u00e0 l\u2019organisation et la d\u00e9lib\u00e9ration du concours. <\/span><\/li>\n<li style=\"font-weight: 400;\"><span style=\"font-weight: 400;\">Ce concours ne comprend pas de frais d&#8217;entr\u00e9e et ni d\u2019achat pour y participer. <\/span><\/li>\n<li style=\"font-weight: 400;\"><span style=\"font-weight: 400;\">La participation dans ce concours indique que le participant accepte de respecter ces conditions g\u00e9n\u00e9rales. <\/span><\/li>\n<li style=\"font-weight: 400;\"><span style=\"font-weight: 400;\">Les informations sur le concours et comment y participer se trouvent sur notre page Facebook. <\/span><\/li>\n<li style=\"font-weight: 400;\"><span style=\"font-weight: 400;\">Chaque personne a droit \u00e0 une seule inscription au concours. L\u2019enregistrement de plusieurs inscriptions par une seul personne entra\u00eenera son \u00e9limination. \u00a0<\/span><\/li>\n<li style=\"font-weight: 400;\"><span style=\"font-weight: 400;\">La date limite d\u2019inscription est le 30 novembre 2018. Apr\u00e8s cette date, aucune inscription ne sera enregistr\u00e9e.<\/span><\/li>\n<li style=\"font-weight: 400;\"><span style=\"font-weight: 400;\">Aucune responsabilit\u00e9 ne sera prise par Greenpeace Afrique pour les inscriptions qui ne seront pas enregistr\u00e9es, quelque soit la raison. <\/span><\/li>\n<li style=\"font-weight: 400;\"><span style=\"font-weight: 400;\">Toutes les images des prix sont uniquement pour fins d\u2019illustration. L\u2019apparence et la taille des prix r\u00e9els peuvent varier.<\/span><\/li>\n<\/ol>\n<p><b>Voici les r\u00e8gles du concours et d\u2019inscription au concours: \u00a0<\/b><\/p>\n<ol>\n<li style=\"font-weight: 400;\"><span style=\"font-weight: 400;\">L\u2019organisateur r\u00e9serve le droit d\u2019annuler ou de changer le concours et les conditions g\u00e9n\u00e9rales sans aucun pr\u00e9avis en cas de catastrophe, de guerre, de troubles civiles ou militaires, de force majeure, de toute violation r\u00e9elle ou \u00e9ventuelle de toute loi ou r\u00e9glementation en vigueur, ou de tout \u00e9v\u00e9nement hors le contr\u00f4le de l\u2019organisateur. Les participants seront inform\u00e9s de toute modification faite par les organisateurs dans les plus brefs d\u00e9lais. \u00a0<\/span><\/li>\n<li style=\"font-weight: 400;\"><span style=\"font-weight: 400;\">L\u2019organisateur ne prend aucune responsabilit\u00e9 pour toute information impr\u00e9cise envoy\u00e9e par un tiers li\u00e9 \u00e0 ce concours a propos des prix.<\/span><\/li>\n<li style=\"font-weight: 400;\"><span style=\"font-weight: 400;\">Le prix comprend:\u00a0une image encadr\u00e9e de l\u2019\u0153uvre d\u2019art cr\u00e9e \u00e0 l\u2019occasion de la f\u00eate de nos 10 ans en Afrique ainsi qu\u2019un panier cadeau de Greenpeace Afrique !<\/span><\/li>\n<li style=\"font-weight: 400;\"><span style=\"font-weight: 400;\">Le prix sera attribu\u00e9 dans le format indiqu\u00e9 ci-dessus et ne sera pas offert sous forme d\u2019argent ou de tout autre alternatif. Les prix n\u2019est pas transferable. Les prix sont attribu\u00e9s sous r\u00e9serve de leurs disponibilit\u00e9s et nous r\u00e9servons le droit d\u2019attribuer un prix alternatif du m\u00eame valeur sans aucun pr\u00e9avis. <\/span><\/li>\n<li style=\"font-weight: 400;\"><span style=\"font-weight: 400;\">Les gagnants seront choisis au hasard par Greenpeace Afrique.<\/span><\/li>\n<li style=\"font-weight: 400;\"><span style=\"font-weight: 400;\">Le gagnant sera inform\u00e9 par mail, t\u00e9l\u00e9phone et\/ou message priv\u00e9 sur Facebook. Si le gagnant ne sera pas joignable ou ne r\u00e9clame pas le prix dans les 14 jours suivant l\u2019avis, nous r\u00e9servons le droit de retirer le prix du gagnant et de l&#8217;attribuer \u00e0 un autre gagnant. <\/span><\/li>\n<li style=\"font-weight: 400;\"><span style=\"font-weight: 400;\">L\u2019organisateur informera le gagnant d&#8217;o\u00f9 et quand le prix pourra \u00eatre r\u00e9cup\u00e9r\u00e9 ou livr\u00e9. <\/span><\/li>\n<li style=\"font-weight: 400;\"><span style=\"font-weight: 400;\">Toute d\u00e9cision prise par l\u2019organisateur \u00e0 l&#8217;\u00e9gard de ce concours sera finale et ne sera pas ouverte au discours. <\/span><\/li>\n<li style=\"font-weight: 400;\"><span style=\"font-weight: 400;\">En s\u2019inscrivant \u00e0 ce concours, le participant accepte d&#8217;\u00eatre li\u00e9 par ces conditions g\u00e9n\u00e9rales. <\/span><\/li>\n<li style=\"font-weight: 400;\"><span style=\"font-weight: 400;\">Le concours et les conditions g\u00e9n\u00e9rales qu\u2019il entra\u00eene sont r\u00e9gies par les lois du S\u00e9n\u00e9gal et tout litige sera soumis \u00e0 la juridiction exclusive des tribunaux s\u00e9n\u00e9galais.<\/span><\/li>\n<li style=\"font-weight: 400;\"><span style=\"font-weight: 400;\">Le gagnant donne son consentement \u00e0 l\u2019utilisation de son nom et son image dans tout mat\u00e9riel publicitaire et dans son enregistrement. Toute donn\u00e9e personnelle li\u00e9e au gagnant ou aux autres participants sera utilis\u00e9e selon la l\u00e9gislation sur la protection des donn\u00e9es personnelles en vigueur au S\u00e9n\u00e9gal et ne sera pas partag\u00e9 avec un tiers sans le consentement pr\u00e9alable du participant.<\/span><\/li>\n<li style=\"font-weight: 400;\"><span style=\"font-weight: 400;\">L\u2019enregistrement au concours sera consid\u00e9r\u00e9 comme un accord tacite \u00e0 ces conditions g\u00e9n\u00e9rales.<\/span><\/li>\n<li style=\"font-weight: 400;\"><span style=\"font-weight: 400;\">Ce concours n\u2019est en aucune fa\u00e7on commandit\u00e9, appuy\u00e9 ou administr\u00e9 par, ou en collaboration avec, Facebook, Twitter ou tout autre r\u00e9seau social. Vous fournissez vos donn\u00e9es uniquement \u00e0 Greenpeace Afrique. Les donnees fournies seront utilisees selon les modalites de la Politique Communautaire qui se trouve ici https:\/\/www.greenpeace.org\/africa\/fr\/politique-communautaire\/<\/span><\/li>\n<li style=\"font-weight: 400;\"><span style=\"font-weight: 400;\">La d\u00e9cision de Greenpeace Afrique a propos du choix des participants et de gagnants est finale. Elle ne sera pas ouverte au discours.<\/span><\/li>\n<li style=\"font-weight: 400;\"><span style=\"font-weight: 400;\">Greenpeace Afrique r\u00e9serve le droit, \u00e0 son gr\u00e9, de changer ou modifier, \u00e0 tout moment, ces conditions g\u00e9n\u00e9rales. Ces changements entreront en vigueur imm\u00e9diatement au moment de leur affichage sur cette page. \u00a0<\/span><\/li>\n<li style=\"font-weight: 400;\"><span style=\"font-weight: 400;\">Greenpeace Afrique r\u00e9serve \u00e9galement le droit d\u2019annuler ce concours si les circonstances hors son controles l\u2019exigent. <\/span><\/li>\n<\/ol>\n","protected":false},"excerpt":{"rendered":"<p>L\u2019organisateur dudit concours est Greenpeace Afrique, dont le si\u00e8ge se trouve \u00e0 293 Kent Avenue, Randburg, South Africa. Ce concours est ouvert aux personnes r\u00e9sidentes au S\u00e9n\u00e9gal, au Cameroun et en RDC, \u00e2g\u00e9es de 18 ans et plus. Le concours n\u2019est pas ouvert au personnel de Greenpeace, ni \u00e0 leurs proches ou \u00e0 toute personne [&hellip;]<\/p>\n","protected":false},"author":21,"featured_media":0,"parent":0,"menu_order":0,"comment_status":"closed","ping_status":"closed","template":"page-templates\/evergreen.php","meta":{"_acf_changed":false,"ep_exclude_from_search":false,"p4_hide_page_title_checkbox":"on","p4_title":"","p4_subtitle":"","p4_description":"","background_image_id":"","background_image":"","p4_button_title":"","p4_button_link":"","p4_button_link_checkbox":"","p4_og_title":"","p4_og_description":"","p4_og_image":"","p4_og_image_id":"","p4_seo_canonical_url":"","p4_campaign_name":"","p4_local_project":"","p4_basket_name":"","p4_department":"","footnotes":""},"categories":[],"tags":[],"class_list":["post-6071","page","type-page","status-publish","hentry"],"acf":[],"_links":{"self":[{"href":"https:\/\/www.greenpeace.org\/africa\/fr\/wp-json\/wp\/v2\/pages\/6071","targetHints":{"allow":["GET"]}}],"collection":[{"href":"https:\/\/www.greenpeace.org\/africa\/fr\/wp-json\/wp\/v2\/pages"}],"about":[{"href":"https:\/\/www.greenpeace.org\/africa\/fr\/wp-json\/wp\/v2\/types\/page"}],"author":[{"embeddable":true,"href":"https:\/\/www.greenpeace.org\/africa\/fr\/wp-json\/wp\/v2\/users\/21"}],"replies":[{"embeddable":true,"href":"https:\/\/www.greenpeace.org\/africa\/fr\/wp-json\/wp\/v2\/comments?post=6071"}],"version-history":[{"count":4,"href":"https:\/\/www.greenpeace.org\/africa\/fr\/wp-json\/wp\/v2\/pages\/6071\/revisions"}],"predecessor-version":[{"id":57859,"href":"https:\/\/www.greenpeace.org\/africa\/fr\/wp-json\/wp\/v2\/pages\/6071\/revisions\/57859"}],"wp:attachment":[{"href":"https:\/\/www.greenpeace.org\/africa\/fr\/wp-json\/wp\/v2\/media?parent=6071"}],"wp:term":[{"taxonomy":"category","embeddable":true,"href":"https:\/\/www.greenpeace.org\/africa\/fr\/wp-json\/wp\/v2\/categories?post=6071"},{"taxonomy":"post_tag","embeddable":true,"href":"https:\/\/www.greenpeace.org\/africa\/fr\/wp-json\/wp\/v2\/tags?post=6071"}],"curies":[{"name":"wp","href":"https:\/\/api.w.org\/{rel}","templated":true}]}}