{"id":17322,"date":"2022-11-14T15:26:16","date_gmt":"2022-11-14T18:26:16","guid":{"rendered":"https:\/\/www.greenpeace.org\/argentina\/?page_id=17322"},"modified":"2026-08-27T17:47:00","modified_gmt":"2026-08-27T20:47:00","slug":"17322-2","status":"publish","type":"page","link":"https:\/\/www.greenpeace.org\/argentina\/","title":{"rendered":"Home"},"content":{"rendered":"\n<div data-hydrate=\"planet4-blocks\/carousel-header\" data-attributes=\"{&quot;carousel_autoplay&quot;:true,&quot;slides&quot;:[{&quot;image&quot;:31121,&quot;focal_points&quot;:{&quot;x&quot;:0.4,&quot;y&quot;:0.57},&quot;header&quot;:&quot;Destruir bosques es un crimen&quot;,&quot;description&quot;:&quot;Exig\u00ed que se establezcan penas de prisi\u00f3n para los responsables de desmontes e incendios forestales. &quot;,&quot;link_text&quot;:&quot;Firm\u00e1 ahora&quot;,&quot;link_url&quot;:&quot;https:\/\/landing.infogreenpeace.org\/defende-los-bosques&quot;,&quot;link_url_new_tab&quot;:true,&quot;image_url&quot;:&quot;https:\/\/www.greenpeace.org\/static\/planet4-argentina-stateless\/2025\/07\/a68bfb8a-desmontes-chaco-07-\u00a9-martin-katz-_-greenpeace-1024x683.jpg&quot;,&quot;image_srcset&quot;:&quot;https:\/\/www.greenpeace.org\/static\/planet4-argentina-stateless\/2025\/07\/a68bfb8a-desmontes-chaco-07-\u00a9-martin-katz-_-greenpeace-150x150.jpg 150w,https:\/\/www.greenpeace.org\/static\/planet4-argentina-stateless\/2025\/07\/a68bfb8a-desmontes-chaco-07-\u00a9-martin-katz-_-greenpeace-300x200.jpg 300w,https:\/\/www.greenpeace.org\/static\/planet4-argentina-stateless\/2025\/07\/a68bfb8a-desmontes-chaco-07-\u00a9-martin-katz-_-greenpeace-1024x683.jpg 1024w,https:\/\/www.greenpeace.org\/static\/planet4-argentina-stateless\/2025\/07\/a68bfb8a-desmontes-chaco-07-\u00a9-martin-katz-_-greenpeace-scaled.jpg 2560w&quot;},{&quot;image&quot;:36113,&quot;focal_points&quot;:[],&quot;header&quot;:&quot;No hace falta hacer algo enorme para empezar a generar un cambio.&quot;,&quot;description&quot;:&quot;Sumate. Tu acci\u00f3n puede hacer la diferencia.&quot;,&quot;link_text&quot;:&quot;Conoc\u00e9 c\u00f3mo pod\u00e9s ayudar.&quot;,&quot;link_url&quot;:&quot;https:\/\/app.greenpeace.org.ar\/coupon\/regular\/forms\/registration?app=hogar&quot;,&quot;link_url_new_tab&quot;:true,&quot;image_url&quot;:&quot;https:\/\/www.greenpeace.org\/static\/planet4-argentina-stateless\/2026\/08\/651f1090-kv_01_nuevo-2048x1152.jpg&quot;,&quot;image_alt&quot;:&quot;&quot;,&quot;image_srcset&quot;:&quot;https:\/\/www.greenpeace.org\/static\/planet4-argentina-stateless\/2026\/08\/651f1090-kv_01_nuevo-300x169.jpg 300w,https:\/\/www.greenpeace.org\/static\/planet4-argentina-stateless\/2026\/08\/651f1090-kv_01_nuevo-1024x576.jpg 1024w,https:\/\/www.greenpeace.org\/static\/planet4-argentina-stateless\/2026\/08\/651f1090-kv_01_nuevo-150x150.jpg 150w,https:\/\/www.greenpeace.org\/static\/planet4-argentina-stateless\/2026\/08\/651f1090-kv_01_nuevo-768x432.jpg 768w,https:\/\/www.greenpeace.org\/static\/planet4-argentina-stateless\/2026\/08\/651f1090-kv_01_nuevo-1536x864.jpg 1536w,https:\/\/www.greenpeace.org\/static\/planet4-argentina-stateless\/2026\/08\/651f1090-kv_01_nuevo-2048x1152.jpg 2048w,https:\/\/www.greenpeace.org\/static\/planet4-argentina-stateless\/2026\/08\/651f1090-kv_01_nuevo-2048x1152.jpg 2048w,https:\/\/www.greenpeace.org\/static\/planet4-argentina-stateless\/2026\/08\/651f1090-kv_01_nuevo-510x287.jpg 510w&quot;},{&quot;image&quot;:32163,&quot;focal_points&quot;:{&quot;x&quot;:1,&quot;y&quot;:1},&quot;header&quot;:&quot;\u00a1Desastre ambiental! Exig\u00ed el cierre del pozo abandonado&quot;,&quot;description&quot;:&quot;Exig\u00ed ahora la remediaci\u00f3n urgente de los terribles da\u00f1os sobre el bosque que siguen provocando las fugas t\u00f3xicas de un pozo petrolero abandonado en el bosque nativo en Salta.&quot;,&quot;link_text&quot;:&quot;Firm\u00e1 ahora&quot;,&quot;link_url&quot;:&quot;https:\/\/landing.infogreenpeace.org\/greenpeace-noalpetroleoenelbosque&quot;,&quot;link_url_new_tab&quot;:true,&quot;image_url&quot;:&quot;https:\/\/www.greenpeace.org\/static\/planet4-argentina-stateless\/2025\/11\/f1487417-pozo-petrolero-l.o.-x-10-en-salta-04-\u00a9-martin-katz-greenpeace-scaled.jpg&quot;,&quot;image_srcset&quot;:&quot;https:\/\/www.greenpeace.org\/static\/planet4-argentina-stateless\/2025\/11\/f1487417-pozo-petrolero-l.o.-x-10-en-salta-04-\u00a9-martin-katz-greenpeace-150x150.jpg 150w,https:\/\/www.greenpeace.org\/static\/planet4-argentina-stateless\/2025\/11\/f1487417-pozo-petrolero-l.o.-x-10-en-salta-04-\u00a9-martin-katz-greenpeace-300x200.jpg 300w,https:\/\/www.greenpeace.org\/static\/planet4-argentina-stateless\/2025\/11\/f1487417-pozo-petrolero-l.o.-x-10-en-salta-04-\u00a9-martin-katz-greenpeace-1024x683.jpg 1024w,https:\/\/www.greenpeace.org\/static\/planet4-argentina-stateless\/2025\/11\/f1487417-pozo-petrolero-l.o.-x-10-en-salta-04-\u00a9-martin-katz-greenpeace-scaled.jpg 2560w&quot;},{&quot;image&quot;:33608,&quot;focal_points&quot;:[],&quot;header&quot;:&quot;\u00a1Sumate a la demanda colectiva por el agua!&quot;,&quot;description&quot;:&quot;&lt;strong&gt;La Justicia tiene que decidir y la fuerza de este reclamo puede influir en ese proceso. Seguimos sumando adhesiones&lt;\/strong&gt;\u00a0para &lt;strong&gt;fortalecer el impacto\u00a0&lt;\/strong&gt;del reclamo para defender el agua.&quot;,&quot;link_text&quot;:&quot;Quiero ser parte&quot;,&quot;link_url&quot;:&quot;https:\/\/landing.infogreenpeace.org\/accion-colectiva-por-lo-glaciares&quot;,&quot;link_url_new_tab&quot;:true,&quot;image_url&quot;:&quot;https:\/\/www.greenpeace.org\/static\/planet4-argentina-stateless\/2026\/04\/0c263f2f-bannerheroook.jpg&quot;,&quot;image_srcset&quot;:&quot;https:\/\/www.greenpeace.org\/static\/planet4-argentina-stateless\/2026\/04\/0c263f2f-bannerheroook-150x150.jpg 150w,https:\/\/www.greenpeace.org\/static\/planet4-argentina-stateless\/2026\/04\/0c263f2f-bannerheroook-300x92.jpg 300w,https:\/\/www.greenpeace.org\/static\/planet4-argentina-stateless\/2026\/04\/0c263f2f-bannerheroook-1024x313.jpg 1024w,https:\/\/www.greenpeace.org\/static\/planet4-argentina-stateless\/2026\/04\/0c263f2f-bannerheroook.jpg 1835w&quot;}],&quot;currentImageIndex&quot;:3}\"><section class=\"block block-header alignfull carousel-header \" aria-label=\"Greenpeace highlights\" aria-roledescription=\"carousel\"><div class=\"carousel-indicators-wrapper\"><div class=\"container\"><button aria-label=\"Autoplay\" class=\"carousel-autoplay-control stop\" aria-pressed=\"true\"><\/button><div class=\"visually-hidden\" aria-live=\"polite\">Slide resumed<\/div><ol class=\"carousel-indicators\" tabindex=\"-1\"><li class=\"active\"><button tabindex=\"0\" aria-label=\"Go to Destruir bosques es un crimen\"><\/button><\/li><li><button tabindex=\"0\" aria-label=\"Go to No hace falta hacer algo enorme para empezar a generar un cambio.\"><\/button><\/li><li><button tabindex=\"0\" aria-label=\"Go to \u00a1Desastre ambiental! Exig\u00ed el cierre del pozo abandonado\"><\/button><\/li><li><button tabindex=\"0\" aria-label=\"Go to \u00a1Sumate a la demanda colectiva por el agua!\"><\/button><\/li><\/ol><\/div><\/div><nav aria-label=\"Greenpeace highlights carousel controls\"><button class=\"carousel-control-prev\" aria-label=\"Go to previous slide \u00a1Sumate a la demanda colectiva por el agua!\"><span class=\"carousel-control-prev-icon\" aria-hidden=\"true\"><i><\/i><\/span><span class=\"visually-hidden\">Previous<\/span><\/button><button class=\"carousel-control-next\" aria-label=\"Go to next slide No hace falta hacer algo enorme para empezar a generar un cambio.\"><span class=\"carousel-control-next-icon\" aria-hidden=\"true\"><i><\/i><\/span><span class=\"visually-hidden\">Next<\/span><\/button><\/nav><div class=\"carousel-wrapper-header\"><ul class=\"carousel-inner\" role=\"listbox\"><li class=\"carousel-item active\" tabindex=\"0\" role=\"tabpanel\"><div class=\"carousel-item-mask\"><div class=\"background-holder\"><img decoding=\"async\" src=\"https:\/\/www.greenpeace.org\/static\/planet4-argentina-stateless\/2025\/07\/a68bfb8a-desmontes-chaco-07-\u00a9-martin-katz-_-greenpeace-1024x683.jpg\" style=\"object-position:40% 56.99999999999999%\" srcSet=\"https:\/\/www.greenpeace.org\/static\/planet4-argentina-stateless\/2025\/07\/a68bfb8a-desmontes-chaco-07-\u00a9-martin-katz-_-greenpeace-150x150.jpg 150w,https:\/\/www.greenpeace.org\/static\/planet4-argentina-stateless\/2025\/07\/a68bfb8a-desmontes-chaco-07-\u00a9-martin-katz-_-greenpeace-300x200.jpg 300w,https:\/\/www.greenpeace.org\/static\/planet4-argentina-stateless\/2025\/07\/a68bfb8a-desmontes-chaco-07-\u00a9-martin-katz-_-greenpeace-1024x683.jpg 1024w,https:\/\/www.greenpeace.org\/static\/planet4-argentina-stateless\/2025\/07\/a68bfb8a-desmontes-chaco-07-\u00a9-martin-katz-_-greenpeace-scaled.jpg 2560w\"\/><\/div><div class=\"carousel-caption\"><div class=\"caption-overlay\"><\/div><div class=\"container main-header\"><div class=\"carousel-captions-wrapper\"><h2 tabindex=\"0\">Destruir bosques es un crimen<\/h2><p>Exig\u00ed que se establezcan penas de prisi\u00f3n para los responsables de desmontes e incendios forestales. <\/p><\/div><div class=\"col-xs-12 col-sm-8 col-md-4 action-button\"><a href=\"https:\/\/landing.infogreenpeace.org\/defende-los-bosques\" class=\"btn btn-primary\" data-ga-category=\"Carousel Header\" data-ga-action=\"Call to Action\" rel=\"noreferrer noopener\" target=\"_blank\" tabindex=\"0\"><span>Firm\u00e1 ahora<\/span><\/a><\/div><\/div><\/div><\/div><\/li><li class=\"carousel-item \" tabindex=\"-1\" aria-hidden=\"true\" inert=\"true\" role=\"tabpanel\"><div class=\"carousel-item-mask\"><div class=\"background-holder\"><img decoding=\"async\" src=\"https:\/\/www.greenpeace.org\/static\/planet4-argentina-stateless\/2026\/08\/651f1090-kv_01_nuevo-2048x1152.jpg\" style=\"object-position:50% 50%\" srcSet=\"https:\/\/www.greenpeace.org\/static\/planet4-argentina-stateless\/2026\/08\/651f1090-kv_01_nuevo-300x169.jpg 300w,https:\/\/www.greenpeace.org\/static\/planet4-argentina-stateless\/2026\/08\/651f1090-kv_01_nuevo-1024x576.jpg 1024w,https:\/\/www.greenpeace.org\/static\/planet4-argentina-stateless\/2026\/08\/651f1090-kv_01_nuevo-150x150.jpg 150w,https:\/\/www.greenpeace.org\/static\/planet4-argentina-stateless\/2026\/08\/651f1090-kv_01_nuevo-768x432.jpg 768w,https:\/\/www.greenpeace.org\/static\/planet4-argentina-stateless\/2026\/08\/651f1090-kv_01_nuevo-1536x864.jpg 1536w,https:\/\/www.greenpeace.org\/static\/planet4-argentina-stateless\/2026\/08\/651f1090-kv_01_nuevo-2048x1152.jpg 2048w,https:\/\/www.greenpeace.org\/static\/planet4-argentina-stateless\/2026\/08\/651f1090-kv_01_nuevo-2048x1152.jpg 2048w,https:\/\/www.greenpeace.org\/static\/planet4-argentina-stateless\/2026\/08\/651f1090-kv_01_nuevo-510x287.jpg 510w\" alt=\"\"\/><\/div><div class=\"carousel-caption\"><div class=\"caption-overlay\"><\/div><div class=\"container main-header\"><div class=\"carousel-captions-wrapper\"><h2 tabindex=\"-1\">No hace falta hacer algo enorme para empezar a generar un cambio.<\/h2><p>Sumate. Tu acci\u00f3n puede hacer la diferencia.<\/p><\/div><div class=\"col-xs-12 col-sm-8 col-md-4 action-button\"><a href=\"https:\/\/app.greenpeace.org.ar\/coupon\/regular\/forms\/registration?app=hogar\" class=\"btn btn-primary\" data-ga-category=\"Carousel Header\" data-ga-action=\"Call to Action\" rel=\"noreferrer noopener\" target=\"_blank\" tabindex=\"-1\"><span>Conoc\u00e9 c\u00f3mo pod\u00e9s ayudar.<\/span><\/a><\/div><\/div><\/div><\/div><\/li><li class=\"carousel-item \" tabindex=\"-1\" aria-hidden=\"true\" inert=\"true\" role=\"tabpanel\"><div class=\"carousel-item-mask\"><div class=\"background-holder\"><img decoding=\"async\" src=\"https:\/\/www.greenpeace.org\/static\/planet4-argentina-stateless\/2025\/11\/f1487417-pozo-petrolero-l.o.-x-10-en-salta-04-\u00a9-martin-katz-greenpeace-scaled.jpg\" style=\"object-position:100% 100%\" srcSet=\"https:\/\/www.greenpeace.org\/static\/planet4-argentina-stateless\/2025\/11\/f1487417-pozo-petrolero-l.o.-x-10-en-salta-04-\u00a9-martin-katz-greenpeace-150x150.jpg 150w,https:\/\/www.greenpeace.org\/static\/planet4-argentina-stateless\/2025\/11\/f1487417-pozo-petrolero-l.o.-x-10-en-salta-04-\u00a9-martin-katz-greenpeace-300x200.jpg 300w,https:\/\/www.greenpeace.org\/static\/planet4-argentina-stateless\/2025\/11\/f1487417-pozo-petrolero-l.o.-x-10-en-salta-04-\u00a9-martin-katz-greenpeace-1024x683.jpg 1024w,https:\/\/www.greenpeace.org\/static\/planet4-argentina-stateless\/2025\/11\/f1487417-pozo-petrolero-l.o.-x-10-en-salta-04-\u00a9-martin-katz-greenpeace-scaled.jpg 2560w\"\/><\/div><div class=\"carousel-caption\"><div class=\"caption-overlay\"><\/div><div class=\"container main-header\"><div class=\"carousel-captions-wrapper\"><h2 tabindex=\"-1\">\u00a1Desastre ambiental! Exig\u00ed el cierre del pozo abandonado<\/h2><p>Exig\u00ed ahora la remediaci\u00f3n urgente de los terribles da\u00f1os sobre el bosque que siguen provocando las fugas t\u00f3xicas de un pozo petrolero abandonado en el bosque nativo en Salta.<\/p><\/div><div class=\"col-xs-12 col-sm-8 col-md-4 action-button\"><a href=\"https:\/\/landing.infogreenpeace.org\/greenpeace-noalpetroleoenelbosque\" class=\"btn btn-primary\" data-ga-category=\"Carousel Header\" data-ga-action=\"Call to Action\" rel=\"noreferrer noopener\" target=\"_blank\" tabindex=\"-1\"><span>Firm\u00e1 ahora<\/span><\/a><\/div><\/div><\/div><\/div><\/li><li class=\"carousel-item \" tabindex=\"-1\" aria-hidden=\"true\" inert=\"true\" role=\"tabpanel\"><div class=\"carousel-item-mask\"><div class=\"background-holder\"><img decoding=\"async\" src=\"https:\/\/www.greenpeace.org\/static\/planet4-argentina-stateless\/2026\/04\/0c263f2f-bannerheroook.jpg\" style=\"object-position:50% 50%\" srcSet=\"https:\/\/www.greenpeace.org\/static\/planet4-argentina-stateless\/2026\/04\/0c263f2f-bannerheroook-150x150.jpg 150w,https:\/\/www.greenpeace.org\/static\/planet4-argentina-stateless\/2026\/04\/0c263f2f-bannerheroook-300x92.jpg 300w,https:\/\/www.greenpeace.org\/static\/planet4-argentina-stateless\/2026\/04\/0c263f2f-bannerheroook-1024x313.jpg 1024w,https:\/\/www.greenpeace.org\/static\/planet4-argentina-stateless\/2026\/04\/0c263f2f-bannerheroook.jpg 1835w\"\/><\/div><div class=\"carousel-caption\"><div class=\"caption-overlay\"><\/div><div class=\"container main-header\"><div class=\"carousel-captions-wrapper\"><h2 tabindex=\"-1\">\u00a1Sumate a la demanda colectiva por el agua!<\/h2><p><strong>La Justicia tiene que decidir y la fuerza de este reclamo puede influir en ese proceso. Seguimos sumando adhesiones<\/strong>\u00a0para <strong>fortalecer el impacto\u00a0<\/strong>del reclamo para defender el agua.<\/p><\/div><div class=\"col-xs-12 col-sm-8 col-md-4 action-button\"><a href=\"https:\/\/landing.infogreenpeace.org\/accion-colectiva-por-lo-glaciares\" class=\"btn btn-primary\" data-ga-category=\"Carousel Header\" data-ga-action=\"Call to Action\" rel=\"noreferrer noopener\" target=\"_blank\" tabindex=\"-1\"><span>Quiero ser parte<\/span><\/a><\/div><\/div><\/div><\/div><\/li><\/ul><\/div><\/section><\/div>\n\n<div class=\"wp-block-columns alignfull has-white-background-color has-background is-layout-flex wp-container-core-columns-is-layout-8f761849 wp-block-columns-is-layout-flex\">\n<div class=\"wp-block-column has-green-400-background-color has-background is-layout-flow wp-block-column-is-layout-flow\" style=\"flex-basis:10px\">\n<div style=\"height:10px\" aria-hidden=\"true\" class=\"wp-block-spacer\"><\/div>\n<\/div>\n\n\n\n<div class=\"wp-block-column is-vertically-aligned-top has-white-background-color has-background is-layout-flow wp-block-column-is-layout-flow\">\n<div class=\"wp-block-columns alignwide are-vertically-aligned-center is-style-rounded-90 has-white-background-color has-background is-layout-flex wp-container-core-columns-is-layout-8f761849 wp-block-columns-is-layout-flex\">\n<div class=\"wp-block-column is-layout-flow wp-block-column-is-layout-flow\" style=\"flex-basis:20%\">\n<figure class=\"wp-block-image aligncenter size-thumbnail is-style-rounded-90\"><img loading=\"lazy\" decoding=\"async\" width=\"150\" height=\"150\" title=\"078c23b0-24_greenpeace_ships-1\" src=\"https:\/\/www.greenpeace.org\/static\/planet4-argentina-stateless\/2023\/07\/078c23b0-24_greenpeace_ships-1-150x150.png\" alt=\"\" class=\"wp-image-20676\" srcset=\"https:\/\/www.greenpeace.org\/static\/planet4-argentina-stateless\/2023\/07\/078c23b0-24_greenpeace_ships-1-150x150.png 150w, https:\/\/www.greenpeace.org\/static\/planet4-argentina-stateless\/2023\/07\/078c23b0-24_greenpeace_ships-1-300x300.png 300w, https:\/\/www.greenpeace.org\/static\/planet4-argentina-stateless\/2023\/07\/078c23b0-24_greenpeace_ships-1-1024x1024.png 1024w, https:\/\/www.greenpeace.org\/static\/planet4-argentina-stateless\/2023\/07\/078c23b0-24_greenpeace_ships-1-768x769.png 768w, https:\/\/www.greenpeace.org\/static\/planet4-argentina-stateless\/2023\/07\/078c23b0-24_greenpeace_ships-1-340x340.png 340w, https:\/\/www.greenpeace.org\/static\/planet4-argentina-stateless\/2023\/07\/078c23b0-24_greenpeace_ships-1.png 1250w\" sizes=\"auto, (max-width: 150px) 100vw, 150px\" \/><\/figure>\n<\/div>\n\n\n\n<div class=\"wp-block-column is-layout-flow wp-block-column-is-layout-flow\" style=\"flex-basis:81%\">\n<p class=\"has-text-align-center has-x-dark-blue-color has-text-color has-medium-font-size wp-block-paragraph\" style=\"font-style:normal;font-weight:700\">Somos una organizaci\u00f3n sin fines de lucro, independiente, que no acepta donaciones de gobiernos, empresas o partidos pol\u00edticos.<br>Sentimos orgullo de formar parte de una red global de organizaciones independientes de Greenpeace.<\/p>\n<\/div>\n<\/div>\n<\/div>\n\n\n\n<div class=\"wp-block-column has-green-400-background-color has-background is-layout-flow wp-block-column-is-layout-flow\" style=\"flex-basis:10px\">\n<div style=\"height:10px\" aria-hidden=\"true\" class=\"wp-block-spacer\"><\/div>\n<\/div>\n<\/div>\n\n<div class=\"wp-block-media-text is-stacked-on-mobile has-gp-green-200-background-color has-background\"><figure class=\"wp-block-media-text__media\"><img loading=\"lazy\" decoding=\"async\" width=\"1024\" height=\"576\" src=\"https:\/\/www.greenpeace.org\/static\/planet4-argentina-stateless\/2026\/08\/4011cdfa-kv_01_nuevo-1024x576.jpg\" alt=\"\" sizes=\"auto, (min-width: 1600px) calc((1320px - 24px) \/ 2),(min-width: 1200px) calc((1140px - 24px) \/ 2),(min-width: 992px) calc((960px - 24px) \/ 2),(min-width: 768px) calc((720px - 24px) \/ 2),(min-width: 601px) calc((540px - 24px) \/ 2),(min-width: 577px) calc((540px - 24px) \/ 1), calc(100vw - 24px)\" srcset=\"https:\/\/www.greenpeace.org\/static\/planet4-argentina-stateless\/2026\/08\/4011cdfa-kv_01_nuevo-scaled.jpg 2560w, https:\/\/www.greenpeace.org\/static\/planet4-argentina-stateless\/2026\/08\/4011cdfa-kv_01_nuevo-300x169.jpg 300w, https:\/\/www.greenpeace.org\/static\/planet4-argentina-stateless\/2026\/08\/4011cdfa-kv_01_nuevo-1024x576.jpg 1024w, https:\/\/www.greenpeace.org\/static\/planet4-argentina-stateless\/2026\/08\/4011cdfa-kv_01_nuevo-768x432.jpg 768w, https:\/\/www.greenpeace.org\/static\/planet4-argentina-stateless\/2026\/08\/4011cdfa-kv_01_nuevo-1536x864.jpg 1536w, https:\/\/www.greenpeace.org\/static\/planet4-argentina-stateless\/2026\/08\/4011cdfa-kv_01_nuevo-2048x1152.jpg 2048w, https:\/\/www.greenpeace.org\/static\/planet4-argentina-stateless\/2026\/08\/4011cdfa-kv_01_nuevo-510x287.jpg 510w\" class=\"wp-image-36078 size-full\"\/><\/figure><div class=\"wp-block-media-text__content\">\n<h3 class=\"wp-block-heading\">No hace falta hacer algo enorme para empezar a generar un cambio.\ud83c\udf31<\/h3>\n\n\n\n<div class=\"wp-block-buttons is-layout-flex wp-block-buttons-is-layout-flex\">\n<div class=\"wp-block-button is-style-cta\"><a class=\"wp-block-button__link wp-element-button\" href=\"https:\/\/app.greenpeace.org.ar\/coupon\/regular\/forms\/registration?app=hogar\" target=\"_blank\" rel=\"noreferrer noopener\">Conoc\u00e9 c\u00f3mo pod\u00e9s ayudar.<\/a><\/div>\n<\/div>\n<\/div><\/div>\n\n<div class=\"wp-block-media-text is-stacked-on-mobile is-style-parallax has-grey-200-background-color has-background\" style=\"grid-template-columns:41% auto\"><figure class=\"wp-block-media-text__media\"><img loading=\"lazy\" decoding=\"async\" width=\"799\" height=\"567\" src=\"https:\/\/www.greenpeace.org\/static\/planet4-argentina-stateless\/2026\/08\/1dab758b-nepalll.png\" alt=\"\" sizes=\"auto, (min-width: 1600px) calc((1320px - 24px) \/ 2.439),(min-width: 1200px) calc((1140px - 24px) \/ 2.439),(min-width: 992px) calc((960px - 24px) \/ 2.439),(min-width: 768px) calc((720px - 24px) \/ 2.439),(min-width: 601px) calc((540px - 24px) \/ 2.439),(min-width: 577px) calc((540px - 24px) \/ 1), calc(100vw - 24px)\" srcset=\"https:\/\/www.greenpeace.org\/static\/planet4-argentina-stateless\/2026\/08\/1dab758b-nepalll.png 799w, https:\/\/www.greenpeace.org\/static\/planet4-argentina-stateless\/2026\/08\/1dab758b-nepalll-300x213.png 300w, https:\/\/www.greenpeace.org\/static\/planet4-argentina-stateless\/2026\/08\/1dab758b-nepalll-768x545.png 768w, https:\/\/www.greenpeace.org\/static\/planet4-argentina-stateless\/2026\/08\/1dab758b-nepalll-479x340.png 479w\" class=\"wp-image-36137 size-full\"\/><\/figure><div class=\"wp-block-media-text__content\">\n<h2 class=\"wp-block-heading\">CRISIS CLIM\u00c1TICA Y GLACIARES<\/h2>\n\n\n\n<p class=\"wp-block-paragraph\">Mientras la crisis clim\u00e1tica y las actividades humanas siguen presionando a los ambientes de alta monta\u00f1a en todo el mundo, Argentina debilit\u00f3 la protecci\u00f3n de sus glaciares. En este contexto, reducir la protecci\u00f3n significa sumar riesgos que podemos evitar.<\/p>\n\n\n\n<p class=\"wp-block-paragraph\"><strong>\u00a1Recuperemos la Ley de Glaciares! Necesitamos m\u00e1s protecci\u00f3n, no menos. <\/strong><\/p>\n\n\n\n<div class=\"wp-block-buttons is-layout-flex wp-block-buttons-is-layout-flex\">\n<div class=\"wp-block-button is-style-cta\"><a class=\"wp-block-button__link wp-element-button\" href=\"https:\/\/landing.infogreenpeace.org\/tu-voz-por-los-glaciares\" target=\"_blank\" rel=\"noreferrer noopener\">Firm\u00e1 ahora para que recuperemos la Ley de Glaciares<\/a><\/div>\n<\/div>\n<\/div><\/div>\n\n<div class=\"wp-block-media-text has-media-on-the-right is-stacked-on-mobile is-style-parallax has-grey-200-background-color has-background\" style=\"grid-template-columns:auto 49%\"><div class=\"wp-block-media-text__content\">\n<h2 class=\"wp-block-heading\">No a las petroleras en el mar argentino<\/h2>\n\n\n\n<p class=\"wp-block-paragraph\">De la <strong>costa bonaerense<\/strong> a las <strong>Islas Malvinas:<\/strong> Las&nbsp;corporaciones petroleras buscan tratar al Atl\u00e1ntico Sur como una zona de sacrificio, ignorando los impactos ambientales acumulativos que sus<a href=\"https:\/\/www.greenpeace.org\/argentina\/blog\/problemas\/oceanos\/dia-de-la-descontaminacion-acustica-no-a-las-exploraciones-simicas-en-el-mar-el-ruido-mata\/\" target=\"_blank\" rel=\"noreferrer noopener\">&nbsp;bombardeos ac\u00fasticos&nbsp;<\/a>generan sobre la biodiversidad marina.<\/p>\n\n\n\n<div class=\"wp-block-buttons is-layout-flex wp-block-buttons-is-layout-flex\">\n<div class=\"wp-block-button is-style-cta\"><a class=\"wp-block-button__link wp-element-button\" href=\"https:\/\/www.greenpeace.org\/argentina\/participa\/frena-la-exploracion-sismica-en-el-mar-argentino\/\" target=\"_blank\" rel=\"noreferrer noopener\">Conoc\u00e9 m\u00e1s sobre nuestra posici\u00f3n<\/a><\/div>\n<\/div>\n<\/div><figure class=\"wp-block-media-text__media\"><img loading=\"lazy\" decoding=\"async\" width=\"1024\" height=\"609\" src=\"https:\/\/www.greenpeace.org\/static\/planet4-argentina-stateless\/2026\/08\/5e44b3b4-error-1024x609.png\" alt=\"\" sizes=\"auto, (min-width: 1600px) calc((1320px - 24px) \/ 2.0408),(min-width: 1200px) calc((1140px - 24px) \/ 2.0408),(min-width: 992px) calc((960px - 24px) \/ 2.0408),(min-width: 768px) calc((720px - 24px) \/ 2.0408),(min-width: 601px) calc((540px - 24px) \/ 2.0408),(min-width: 577px) calc((540px - 24px) \/ 1), calc(100vw - 24px)\" srcset=\"https:\/\/www.greenpeace.org\/static\/planet4-argentina-stateless\/2026\/08\/5e44b3b4-error.png 1223w, https:\/\/www.greenpeace.org\/static\/planet4-argentina-stateless\/2026\/08\/5e44b3b4-error-300x178.png 300w, https:\/\/www.greenpeace.org\/static\/planet4-argentina-stateless\/2026\/08\/5e44b3b4-error-1024x609.png 1024w, https:\/\/www.greenpeace.org\/static\/planet4-argentina-stateless\/2026\/08\/5e44b3b4-error-768x457.png 768w, https:\/\/www.greenpeace.org\/static\/planet4-argentina-stateless\/2026\/08\/5e44b3b4-error-510x303.png 510w\" class=\"wp-image-35999 size-full\"\/><\/figure><\/div>\n\n<div class=\"wp-block-media-text has-media-on-the-right is-stacked-on-mobile is-style-parallax has-grey-200-background-color has-background\" style=\"grid-template-columns:auto 49%\"><div class=\"wp-block-media-text__content\">\n<h2 class=\"wp-block-heading\">Salmonicultura en el mar: por qu\u00e9 es tan riesgoso<\/h2>\n\n\n\n<p class=\"wp-block-paragraph\">Desde Greenpeace <strong>nos oponemos a la expansi\u00f3n de operaciones de salmonicultura <\/strong>en \u00e1reas como la <strong>Patagonia<\/strong>, las <strong>Islas Malvinas<\/strong> o <strong>Tierra del Fuego <\/strong>y especialmente en ecosistemas donde el salm\u00f3n no es una especie nativa.&nbsp;<strong>&nbsp;<\/strong><\/p>\n\n\n\n<div class=\"wp-block-buttons is-layout-flex wp-block-buttons-is-layout-flex\">\n<div class=\"wp-block-button is-style-cta\"><a class=\"wp-block-button__link wp-element-button\" href=\"https:\/\/www.greenpeace.org\/argentina\/blog\/problemas\/oceanos\/antibioticos-basura-toxica-y-contaminacion-por-que-seria-tan-riesgoso-para-el-ambiente-y-la-salud-la-cria-y-explotacion-de-salmones-en-nuestros-mares\/\">Conoc\u00e9 m\u00e1s sobre sus impactos ambientales<\/a><\/div>\n<\/div>\n<\/div><figure class=\"wp-block-media-text__media\"><img loading=\"lazy\" decoding=\"async\" width=\"800\" height=\"385\" src=\"https:\/\/www.greenpeace.org\/static\/planet4-argentina-stateless\/2026\/08\/ebab0c38-gp-salmoneras-p-800x385-1.webp\" alt=\"\" sizes=\"auto, (min-width: 1600px) calc((1320px - 24px) \/ 2.0408),(min-width: 1200px) calc((1140px - 24px) \/ 2.0408),(min-width: 992px) calc((960px - 24px) \/ 2.0408),(min-width: 768px) calc((720px - 24px) \/ 2.0408),(min-width: 601px) calc((540px - 24px) \/ 2.0408),(min-width: 577px) calc((540px - 24px) \/ 1), calc(100vw - 24px)\" srcset=\"https:\/\/www.greenpeace.org\/static\/planet4-argentina-stateless\/2026\/08\/ebab0c38-gp-salmoneras-p-800x385-1.webp 800w, https:\/\/www.greenpeace.org\/static\/planet4-argentina-stateless\/2026\/08\/ebab0c38-gp-salmoneras-p-800x385-1-300x144.webp 300w, https:\/\/www.greenpeace.org\/static\/planet4-argentina-stateless\/2026\/08\/ebab0c38-gp-salmoneras-p-800x385-1-768x370.webp 768w, https:\/\/www.greenpeace.org\/static\/planet4-argentina-stateless\/2026\/08\/ebab0c38-gp-salmoneras-p-800x385-1-510x245.webp 510w\" class=\"wp-image-36009 size-full\"\/><\/figure><\/div>\n\n<div class=\"wp-block-group block is-pattern-p4-get-informed-pattern-layout has-white-background-color has-background is-layout-flow wp-block-group-is-layout-flow\">\n<div style=\"height:62px\" aria-hidden=\"true\" class=\"wp-block-spacer\"><\/div>\n\n\n\n<div class=\"wp-block-query posts-list p4-query-loop is-custom-layout-carousel is-layout-flex wp-block-query-is-layout-flex\">\n<div class=\"wp-block-group is-content-justification-space-between is-layout-flex wp-container-core-group-is-layout-cfe5ce44 wp-block-group-is-layout-flex\">\n<h2 class=\"wp-block-heading\">Le\u00e9 los \u00faltimos comunicados e informes<\/h2>\n\n\n<li class=\"wp-block-navigation-item see-all-link wp-block-navigation-link\"><a class=\"wp-block-navigation-item__content\"  href=\"http:\/\/www.greenpeace.org\/argentina\/news-stories\/?post-type=story\"><span data-ga-category=\"Posts List\" data-ga-action=\"See More Link\" data-ga-label=\"n\/a\" class=\"wp-block-navigation-item__label\">Ver todos<\/span><\/a><\/li><\/div>\n\n\n\n<p class=\"wp-block-paragraph\" style=\"margin-top:24px;margin-bottom:36px\"><\/p>\n\n\n\n\n<ul class=\"wp-block-post-template is-layout-flow wp-block-post-template-is-layout-flow\"><li class=\"wp-block-post post-36142 post type-post status-publish format-standard has-post-thumbnail hentry category-bosques category-greenpeace category-noticias tag-salta tag-chaco p4-page-type-story\">\n\n<div class=\"wp-block-columns is-layout-flex wp-container-core-columns-is-layout-8f761849 wp-block-columns-is-layout-flex\"><figure class=\"wp-block-post-featured-image\"><a href=\"https:\/\/www.greenpeace.org\/argentina\/story\/problemas\/bosques\/dia-del-arbol-greenpeace-reclama-no-flexibilizar-la-ley-de-bosques\/\" target=\"_self\"  ><img loading=\"lazy\" decoding=\"async\" data-ga-category=\"Posts List\" data-ga-action=\"Image\" data-ga-label=\"n\/a\" width=\"2500\" height=\"1666\" src=\"https:\/\/www.greenpeace.org\/static\/planet4-argentina-stateless\/2026\/08\/5e840092-desmonte-salta-1.jpg\" class=\"attachment-post-thumbnail size-post-thumbnail wp-post-image wp-stateless-item\" alt=\"D\u00eda del \u00e1rbol: Greenpeace reclama no flexibilizar la Ley de Bosques\" style=\"object-fit:cover;\" srcset=\"https:\/\/www.greenpeace.org\/static\/planet4-argentina-stateless\/2026\/08\/5e840092-desmonte-salta-1.jpg 2500w, https:\/\/www.greenpeace.org\/static\/planet4-argentina-stateless\/2026\/08\/5e840092-desmonte-salta-1-300x200.jpg 300w, https:\/\/www.greenpeace.org\/static\/planet4-argentina-stateless\/2026\/08\/5e840092-desmonte-salta-1-1024x682.jpg 1024w, https:\/\/www.greenpeace.org\/static\/planet4-argentina-stateless\/2026\/08\/5e840092-desmonte-salta-1-768x512.jpg 768w, https:\/\/www.greenpeace.org\/static\/planet4-argentina-stateless\/2026\/08\/5e840092-desmonte-salta-1-1536x1024.jpg 1536w, https:\/\/www.greenpeace.org\/static\/planet4-argentina-stateless\/2026\/08\/5e840092-desmonte-salta-1-2048x1366.jpg 2048w, https:\/\/www.greenpeace.org\/static\/planet4-argentina-stateless\/2026\/08\/5e840092-desmonte-salta-1-510x340.jpg 510w\" sizes=\"auto, (max-width: 2500px) 100vw, 2500px\" data-image-size=\"post-thumbnail\" data-stateless-media-bucket=\"planet4-argentina-stateless\" data-stateless-media-name=\"2026\/08\/5e840092-desmonte-salta-1.jpg\" \/><\/a><\/figure>\n\n\n<div class=\"wp-block-group is-layout-flow wp-block-group-is-layout-flow\">\n<div class=\"wp-block-group is-layout-flex wp-block-group-is-layout-flex\"><div class=\"wp-block-post-terms\"><a data-ga-category=\"Posts List\" data-ga-action=\"Post Type Tag\" data-ga-label=\"n\/a\" href=\"https:\/\/www.greenpeace.org\/argentina\/category\/problemas\/bosques\/\">Bosques<\/a><\/div>\n\n<div class=\"taxonomy-post_tag wp-block-post-terms\"><a data-ga-category=\"Posts List\" data-ga-action=\"Navigation Tag\" data-ga-label=\"n\/a\" href=\"https:\/\/www.greenpeace.org\/argentina\/tag\/salta\/\" rel=\"tag\">DesmonteEnSalta<\/a><span class=\"wp-block-post-terms__separator\"> <\/span><a data-ga-category=\"Posts List\" data-ga-action=\"Navigation Tag\" data-ga-label=\"n\/a\" href=\"https:\/\/www.greenpeace.org\/argentina\/tag\/chaco\/\" rel=\"tag\">Salv\u00e1AlChaco<\/a><\/div><\/div>\n\n\n<h3 class=\"wp-block-post-title\"><a data-ga-category=\"Posts List\" data-ga-action=\"Title\" data-ga-label=\"n\/a\" href=\"https:\/\/www.greenpeace.org\/argentina\/story\/problemas\/bosques\/dia-del-arbol-greenpeace-reclama-no-flexibilizar-la-ley-de-bosques\/\" target=\"_self\" >D\u00eda del \u00e1rbol: Greenpeace reclama no flexibilizar la Ley de Bosques<\/a><\/h3>\n\n<div class=\"wp-block-post-excerpt\"><p class=\"wp-block-post-excerpt__excerpt\">En el D\u00eda del \u00c1rbol, Greenpeace alerta por la continuidad de los desmontes en el norte del pa\u00eds. <\/p><\/div>\n\n\n<div class=\"wp-block-group posts-list-meta is-layout-flow wp-block-group-is-layout-flow\"><span class='article-list-item-author'><a data-ga-category=\"Posts List\" data-ga-action=\"Author\" data-ga-label=\"n\/a\" href='https:\/\/www.greenpeace.org\/argentina\/author\/lvazquez\/'>Editor<\/a><\/span>\n\n<div class=\"wp-block-post-date\"><time datetime=\"2026-08-28T12:34:43-03:00\">28 agosto 2026<\/time><\/div><\/div>\n<\/div>\n<\/div>\n\n<\/li><li class=\"wp-block-post post-36066 post type-post status-publish format-standard has-post-thumbnail hentry category-bosques tag-destruirbosquesesuncrimen p4-page-type-story\">\n\n<div class=\"wp-block-columns is-layout-flex wp-container-core-columns-is-layout-8f761849 wp-block-columns-is-layout-flex\"><figure class=\"wp-block-post-featured-image\"><a href=\"https:\/\/www.greenpeace.org\/argentina\/story\/problemas\/bosques\/incendios-forestales-greenpeace-reclama-no-flexibilizar-las-leyes-ambientales-y-aumentar-prevencion-y-presupuesto\/\" target=\"_self\"  ><img loading=\"lazy\" decoding=\"async\" data-ga-category=\"Posts List\" data-ga-action=\"Image\" data-ga-label=\"n\/a\" width=\"2500\" height=\"1669\" src=\"https:\/\/www.greenpeace.org\/static\/planet4-argentina-stateless\/2025\/02\/1cc80f2a-incendios-en-el-bolson-\u00a9-marcelo-martinez-greenpeace-02.jpg\" class=\"attachment-post-thumbnail size-post-thumbnail wp-post-image wp-stateless-item\" alt=\"Incendios forestales: Greenpeace reclama no flexibilizar las leyes ambientales y aumentar prevenci\u00f3n y presupuesto\" style=\"object-fit:cover;\" srcset=\"https:\/\/www.greenpeace.org\/static\/planet4-argentina-stateless\/2025\/02\/1cc80f2a-incendios-en-el-bolson-\u00a9-marcelo-martinez-greenpeace-02.jpg 2500w, https:\/\/www.greenpeace.org\/static\/planet4-argentina-stateless\/2025\/02\/1cc80f2a-incendios-en-el-bolson-\u00a9-marcelo-martinez-greenpeace-02-300x200.jpg 300w, https:\/\/www.greenpeace.org\/static\/planet4-argentina-stateless\/2025\/02\/1cc80f2a-incendios-en-el-bolson-\u00a9-marcelo-martinez-greenpeace-02-1024x684.jpg 1024w, https:\/\/www.greenpeace.org\/static\/planet4-argentina-stateless\/2025\/02\/1cc80f2a-incendios-en-el-bolson-\u00a9-marcelo-martinez-greenpeace-02-768x513.jpg 768w, https:\/\/www.greenpeace.org\/static\/planet4-argentina-stateless\/2025\/02\/1cc80f2a-incendios-en-el-bolson-\u00a9-marcelo-martinez-greenpeace-02-1536x1025.jpg 1536w, https:\/\/www.greenpeace.org\/static\/planet4-argentina-stateless\/2025\/02\/1cc80f2a-incendios-en-el-bolson-\u00a9-marcelo-martinez-greenpeace-02-2048x1367.jpg 2048w, https:\/\/www.greenpeace.org\/static\/planet4-argentina-stateless\/2025\/02\/1cc80f2a-incendios-en-el-bolson-\u00a9-marcelo-martinez-greenpeace-02-2046x1366.jpg 2046w, https:\/\/www.greenpeace.org\/static\/planet4-argentina-stateless\/2025\/02\/1cc80f2a-incendios-en-el-bolson-\u00a9-marcelo-martinez-greenpeace-02-510x340.jpg 510w\" sizes=\"auto, (max-width: 2500px) 100vw, 2500px\" data-image-size=\"post-thumbnail\" data-stateless-media-bucket=\"planet4-argentina-stateless\" data-stateless-media-name=\"2025\/02\/1cc80f2a-incendios-en-el-bolson-\u00a9-marcelo-martinez-greenpeace-02.jpg\" \/><\/a><\/figure>\n\n\n<div class=\"wp-block-group is-layout-flow wp-block-group-is-layout-flow\">\n<div class=\"wp-block-group is-layout-flex wp-block-group-is-layout-flex\"><div class=\"wp-block-post-terms\"><a data-ga-category=\"Posts List\" data-ga-action=\"Post Type Tag\" data-ga-label=\"n\/a\" href=\"https:\/\/www.greenpeace.org\/argentina\/category\/problemas\/bosques\/\">Bosques<\/a><\/div>\n\n<div class=\"taxonomy-post_tag wp-block-post-terms\"><a data-ga-category=\"Posts List\" data-ga-action=\"Navigation Tag\" data-ga-label=\"n\/a\" href=\"https:\/\/www.greenpeace.org\/argentina\/tag\/destruirbosquesesuncrimen\/\" rel=\"tag\">DestruirBosquesEsUnCrimen<\/a><\/div><\/div>\n\n\n<h3 class=\"wp-block-post-title\"><a data-ga-category=\"Posts List\" data-ga-action=\"Title\" data-ga-label=\"n\/a\" href=\"https:\/\/www.greenpeace.org\/argentina\/story\/problemas\/bosques\/incendios-forestales-greenpeace-reclama-no-flexibilizar-las-leyes-ambientales-y-aumentar-prevencion-y-presupuesto\/\" target=\"_self\" >Incendios forestales: Greenpeace reclama no flexibilizar las leyes ambientales y aumentar prevenci\u00f3n y presupuesto<\/a><\/h3>\n\n<div class=\"wp-block-post-excerpt\"><p class=\"wp-block-post-excerpt__excerpt\">Greenpeace advirti\u00f3 que, ante los incendios que se incrementan a\u00f1o tras a\u00f1o, debe aumentarse la prevenci\u00f3n y el presupuesto, y cumplir en forma estricta las leyes de Manejo del Fuego y de Bosques Nativos. <\/p><\/div>\n\n\n<div class=\"wp-block-group posts-list-meta is-layout-flow wp-block-group-is-layout-flow\"><span class='article-list-item-author'><a data-ga-category=\"Posts List\" data-ga-action=\"Author\" data-ga-label=\"n\/a\" href='https:\/\/www.greenpeace.org\/argentina\/author\/prensaarg\/'>Prensa Argentina<\/a><\/span>\n\n<div class=\"wp-block-post-date\"><time datetime=\"2026-08-18T10:51:18-03:00\">18 agosto 2026<\/time><\/div><\/div>\n<\/div>\n<\/div>\n\n<\/li><li class=\"wp-block-post post-36028 post type-post status-publish format-standard has-post-thumbnail hentry category-bosques category-climayenergia category-contaminacion category-greenpeace category-oceanos p4-page-type-story\">\n\n<div class=\"wp-block-columns is-layout-flex wp-container-core-columns-is-layout-8f761849 wp-block-columns-is-layout-flex\"><figure class=\"wp-block-post-featured-image\"><a href=\"https:\/\/www.greenpeace.org\/argentina\/story\/problemas\/bosques\/dia-de-las-infancias-seis-propuestas-audiovisuales-para-disfrutar-en-familia-y-aprender-a-cuidar-el-planeta\/\" target=\"_self\"  ><img loading=\"lazy\" decoding=\"async\" data-ga-category=\"Posts List\" data-ga-action=\"Image\" data-ga-label=\"n\/a\" width=\"1875\" height=\"2500\" src=\"https:\/\/www.greenpeace.org\/static\/planet4-argentina-stateless\/2026\/08\/035b0672-lina-segunda-temporada.jpg\" class=\"attachment-post-thumbnail size-post-thumbnail wp-post-image wp-stateless-item\" alt=\"D\u00eda de las infancias: seis propuestas audiovisuales para disfrutar en familia y aprender a cuidar el planeta\" style=\"object-fit:cover;\" srcset=\"https:\/\/www.greenpeace.org\/static\/planet4-argentina-stateless\/2026\/08\/035b0672-lina-segunda-temporada.jpg 1875w, https:\/\/www.greenpeace.org\/static\/planet4-argentina-stateless\/2026\/08\/035b0672-lina-segunda-temporada-225x300.jpg 225w, https:\/\/www.greenpeace.org\/static\/planet4-argentina-stateless\/2026\/08\/035b0672-lina-segunda-temporada-768x1024.jpg 768w, https:\/\/www.greenpeace.org\/static\/planet4-argentina-stateless\/2026\/08\/035b0672-lina-segunda-temporada-1152x1536.jpg 1152w, https:\/\/www.greenpeace.org\/static\/planet4-argentina-stateless\/2026\/08\/035b0672-lina-segunda-temporada-1536x2048.jpg 1536w, https:\/\/www.greenpeace.org\/static\/planet4-argentina-stateless\/2026\/08\/035b0672-lina-segunda-temporada-1025x1366.jpg 1025w, https:\/\/www.greenpeace.org\/static\/planet4-argentina-stateless\/2026\/08\/035b0672-lina-segunda-temporada-255x340.jpg 255w\" sizes=\"auto, (max-width: 1875px) 100vw, 1875px\" data-image-size=\"post-thumbnail\" data-stateless-media-bucket=\"planet4-argentina-stateless\" data-stateless-media-name=\"2026\/08\/035b0672-lina-segunda-temporada.jpg\" \/><\/a><\/figure>\n\n\n<div class=\"wp-block-group is-layout-flow wp-block-group-is-layout-flow\">\n<div class=\"wp-block-group is-layout-flex wp-block-group-is-layout-flex\"><div class=\"wp-block-post-terms\"><a data-ga-category=\"Posts List\" data-ga-action=\"Post Type Tag\" data-ga-label=\"n\/a\" href=\"https:\/\/www.greenpeace.org\/argentina\/category\/problemas\/bosques\/\">Bosques<\/a><\/div>\n\n<\/div>\n\n\n<h3 class=\"wp-block-post-title\"><a data-ga-category=\"Posts List\" data-ga-action=\"Title\" data-ga-label=\"n\/a\" href=\"https:\/\/www.greenpeace.org\/argentina\/story\/problemas\/bosques\/dia-de-las-infancias-seis-propuestas-audiovisuales-para-disfrutar-en-familia-y-aprender-a-cuidar-el-planeta\/\" target=\"_self\" >D\u00eda de las infancias: seis propuestas audiovisuales para disfrutar en familia y aprender a cuidar el planeta<\/a><\/h3>\n\n<div class=\"wp-block-post-excerpt\"><p class=\"wp-block-post-excerpt__excerpt\">Greenpeace comparte una selecci\u00f3n de series, cortos y contenidos educativos para que ni\u00f1os, ni\u00f1as y adolescentes descubran la naturaleza mientras se divierten. <\/p><\/div>\n\n\n<div class=\"wp-block-group posts-list-meta is-layout-flow wp-block-group-is-layout-flow\"><span class='article-list-item-author'><a data-ga-category=\"Posts List\" data-ga-action=\"Author\" data-ga-label=\"n\/a\" href='https:\/\/www.greenpeace.org\/argentina\/author\/prensaarg\/'>Prensa Argentina<\/a><\/span>\n\n<div class=\"wp-block-post-date\"><time datetime=\"2026-08-14T12:53:17-03:00\">14 agosto 2026<\/time><\/div><\/div>\n<\/div>\n<\/div>\n\n<\/li><li class=\"wp-block-post post-35952 post type-post status-publish format-standard has-post-thumbnail hentry category-bosques p4-page-type-story\">\n\n<div class=\"wp-block-columns is-layout-flex wp-container-core-columns-is-layout-8f761849 wp-block-columns-is-layout-flex\"><figure class=\"wp-block-post-featured-image\"><a href=\"https:\/\/www.greenpeace.org\/argentina\/story\/problemas\/bosques\/greenpeace-sobre-el-freno-a-cambios-en-leyes-de-manejo-del-fuego-y-de-tierras-rurales-es-una-victoria-de-la-gente\/\" target=\"_self\"  ><img loading=\"lazy\" decoding=\"async\" data-ga-category=\"Posts List\" data-ga-action=\"Image\" data-ga-label=\"n\/a\" width=\"2500\" height=\"1662\" src=\"https:\/\/www.greenpeace.org\/static\/planet4-argentina-stateless\/2026\/07\/8e38c547-parque-nacional-lanin-patagonia-\u00a9-markus-mauthe-greenpeace.jpg\" class=\"attachment-post-thumbnail size-post-thumbnail wp-post-image wp-stateless-item\" alt=\"Greenpeace sobre el freno a cambios en leyes de manejo del fuego y de tierras rurales: Es una victoria de la gente\" style=\"object-fit:cover;\" srcset=\"https:\/\/www.greenpeace.org\/static\/planet4-argentina-stateless\/2026\/07\/8e38c547-parque-nacional-lanin-patagonia-\u00a9-markus-mauthe-greenpeace.jpg 2500w, https:\/\/www.greenpeace.org\/static\/planet4-argentina-stateless\/2026\/07\/8e38c547-parque-nacional-lanin-patagonia-\u00a9-markus-mauthe-greenpeace-300x199.jpg 300w, https:\/\/www.greenpeace.org\/static\/planet4-argentina-stateless\/2026\/07\/8e38c547-parque-nacional-lanin-patagonia-\u00a9-markus-mauthe-greenpeace-1024x681.jpg 1024w, https:\/\/www.greenpeace.org\/static\/planet4-argentina-stateless\/2026\/07\/8e38c547-parque-nacional-lanin-patagonia-\u00a9-markus-mauthe-greenpeace-768x511.jpg 768w, https:\/\/www.greenpeace.org\/static\/planet4-argentina-stateless\/2026\/07\/8e38c547-parque-nacional-lanin-patagonia-\u00a9-markus-mauthe-greenpeace-1536x1021.jpg 1536w, https:\/\/www.greenpeace.org\/static\/planet4-argentina-stateless\/2026\/07\/8e38c547-parque-nacional-lanin-patagonia-\u00a9-markus-mauthe-greenpeace-2048x1362.jpg 2048w, https:\/\/www.greenpeace.org\/static\/planet4-argentina-stateless\/2026\/07\/8e38c547-parque-nacional-lanin-patagonia-\u00a9-markus-mauthe-greenpeace-510x340.jpg 510w\" sizes=\"auto, (max-width: 2500px) 100vw, 2500px\" data-image-size=\"post-thumbnail\" data-stateless-media-bucket=\"planet4-argentina-stateless\" data-stateless-media-name=\"2026\/07\/8e38c547-parque-nacional-lanin-patagonia-\u00a9-markus-mauthe-greenpeace.jpg\" \/><\/a><\/figure>\n\n\n<div class=\"wp-block-group is-layout-flow wp-block-group-is-layout-flow\">\n<div class=\"wp-block-group is-layout-flex wp-block-group-is-layout-flex\"><div class=\"wp-block-post-terms\"><a data-ga-category=\"Posts List\" data-ga-action=\"Post Type Tag\" data-ga-label=\"n\/a\" href=\"https:\/\/www.greenpeace.org\/argentina\/category\/problemas\/bosques\/\">Bosques<\/a><\/div>\n\n<\/div>\n\n\n<h3 class=\"wp-block-post-title\"><a data-ga-category=\"Posts List\" data-ga-action=\"Title\" data-ga-label=\"n\/a\" href=\"https:\/\/www.greenpeace.org\/argentina\/story\/problemas\/bosques\/greenpeace-sobre-el-freno-a-cambios-en-leyes-de-manejo-del-fuego-y-de-tierras-rurales-es-una-victoria-de-la-gente\/\" target=\"_self\" >Greenpeace sobre el freno a cambios en leyes de manejo del fuego y de tierras rurales: Es una victoria de la gente<\/a><\/h3>\n\n<div class=\"wp-block-post-excerpt\"><p class=\"wp-block-post-excerpt__excerpt\">Tras el rechazo de organizaciones sociales, las masivas movilizaciones en las calles y las m\u00faltiples expresiones en las redes sociales, el Senado no avanz\u00f3 con cambios propuestos por el gobierno&hellip; <\/p><\/div>\n\n\n<div class=\"wp-block-group posts-list-meta is-layout-flow wp-block-group-is-layout-flow\"><span class='article-list-item-author'><a data-ga-category=\"Posts List\" data-ga-action=\"Author\" data-ga-label=\"n\/a\" href='https:\/\/www.greenpeace.org\/argentina\/author\/prensaarg\/'>Prensa Argentina<\/a><\/span>\n\n<div class=\"wp-block-post-date\"><time datetime=\"2026-08-07T10:12:22-03:00\">7 agosto 2026<\/time><\/div><\/div>\n<\/div>\n<\/div>\n\n<\/li><li class=\"wp-block-post post-35868 post type-post status-publish format-standard has-post-thumbnail hentry category-bosques tag-destruirbosquesesuncrimen p4-page-type-story\">\n\n<div class=\"wp-block-columns is-layout-flex wp-container-core-columns-is-layout-8f761849 wp-block-columns-is-layout-flex\"><figure class=\"wp-block-post-featured-image\"><a href=\"https:\/\/www.greenpeace.org\/argentina\/story\/problemas\/bosques\/guardianes-de-la-tierra-los-pueblos-indigenas-son-la-esperanza-de-un-futuro-posible\/\" target=\"_self\"  ><img loading=\"lazy\" decoding=\"async\" data-ga-category=\"Posts List\" data-ga-action=\"Image\" data-ga-label=\"n\/a\" width=\"1708\" height=\"2560\" src=\"https:\/\/www.greenpeace.org\/static\/planet4-argentina-stateless\/2026\/08\/3df680ea-gpa_3022-\u00a9-martin-katz-greenpeace-scaled.jpg\" class=\"attachment-post-thumbnail size-post-thumbnail wp-post-image wp-stateless-item\" alt=\"Guardianes de la Tierra: los pueblos ind\u00edgenas son la esperanza de un futuro posible\" style=\"object-fit:cover;\" srcset=\"https:\/\/www.greenpeace.org\/static\/planet4-argentina-stateless\/2026\/08\/3df680ea-gpa_3022-\u00a9-martin-katz-greenpeace-scaled.jpg 1708w, https:\/\/www.greenpeace.org\/static\/planet4-argentina-stateless\/2026\/08\/3df680ea-gpa_3022-\u00a9-martin-katz-greenpeace-200x300.jpg 200w, https:\/\/www.greenpeace.org\/static\/planet4-argentina-stateless\/2026\/08\/3df680ea-gpa_3022-\u00a9-martin-katz-greenpeace-683x1024.jpg 683w, https:\/\/www.greenpeace.org\/static\/planet4-argentina-stateless\/2026\/08\/3df680ea-gpa_3022-\u00a9-martin-katz-greenpeace-768x1151.jpg 768w, https:\/\/www.greenpeace.org\/static\/planet4-argentina-stateless\/2026\/08\/3df680ea-gpa_3022-\u00a9-martin-katz-greenpeace-1025x1536.jpg 1025w, https:\/\/www.greenpeace.org\/static\/planet4-argentina-stateless\/2026\/08\/3df680ea-gpa_3022-\u00a9-martin-katz-greenpeace-1367x2048.jpg 1367w, https:\/\/www.greenpeace.org\/static\/planet4-argentina-stateless\/2026\/08\/3df680ea-gpa_3022-\u00a9-martin-katz-greenpeace-912x1366.jpg 912w, https:\/\/www.greenpeace.org\/static\/planet4-argentina-stateless\/2026\/08\/3df680ea-gpa_3022-\u00a9-martin-katz-greenpeace-227x340.jpg 227w\" sizes=\"auto, (max-width: 1708px) 100vw, 1708px\" data-image-size=\"post-thumbnail\" data-stateless-media-bucket=\"planet4-argentina-stateless\" data-stateless-media-name=\"2026\/08\/3df680ea-gpa_3022-\u00a9-martin-katz-greenpeace-scaled.jpg\" \/><\/a><\/figure>\n\n\n<div class=\"wp-block-group is-layout-flow wp-block-group-is-layout-flow\">\n<div class=\"wp-block-group is-layout-flex wp-block-group-is-layout-flex\"><div class=\"wp-block-post-terms\"><a data-ga-category=\"Posts List\" data-ga-action=\"Post Type Tag\" data-ga-label=\"n\/a\" href=\"https:\/\/www.greenpeace.org\/argentina\/category\/problemas\/bosques\/\">Bosques<\/a><\/div>\n\n<div class=\"taxonomy-post_tag wp-block-post-terms\"><a data-ga-category=\"Posts List\" data-ga-action=\"Navigation Tag\" data-ga-label=\"n\/a\" href=\"https:\/\/www.greenpeace.org\/argentina\/tag\/destruirbosquesesuncrimen\/\" rel=\"tag\">DestruirBosquesEsUnCrimen<\/a><\/div><\/div>\n\n\n<h3 class=\"wp-block-post-title\"><a data-ga-category=\"Posts List\" data-ga-action=\"Title\" data-ga-label=\"n\/a\" href=\"https:\/\/www.greenpeace.org\/argentina\/story\/problemas\/bosques\/guardianes-de-la-tierra-los-pueblos-indigenas-son-la-esperanza-de-un-futuro-posible\/\" target=\"_self\" >Guardianes de la Tierra: los pueblos ind\u00edgenas son la esperanza de un futuro posible<\/a><\/h3>\n\n<div class=\"wp-block-post-excerpt\"><p class=\"wp-block-post-excerpt__excerpt\">Cada 9 de agosto se conmemora el D\u00eda Internacional de los Pueblos Ind\u00edgenas, una fecha que recuerda la primera reuni\u00f3n de trabajo de la ONU sobre esta poblaci\u00f3n, celebrada en Ginebra en 1982. <\/p><\/div>\n\n\n<div class=\"wp-block-group posts-list-meta is-layout-flow wp-block-group-is-layout-flow\"><span class='article-list-item-author'><a data-ga-category=\"Posts List\" data-ga-action=\"Author\" data-ga-label=\"n\/a\" href='https:\/\/www.greenpeace.org\/argentina\/author\/lvazquez\/'>Editor<\/a><\/span>\n\n<div class=\"wp-block-post-date\"><time datetime=\"2026-08-06T03:59:13-03:00\">6 agosto 2026<\/time><\/div><\/div>\n<\/div>\n<\/div>\n\n<\/li><li class=\"wp-block-post post-35797 post type-post status-publish format-standard has-post-thumbnail hentry category-greenpeace tag-destruirbosquesesuncrimen p4-page-type-story\">\n\n<div class=\"wp-block-columns is-layout-flex wp-container-core-columns-is-layout-8f761849 wp-block-columns-is-layout-flex\"><figure class=\"wp-block-post-featured-image\"><a href=\"https:\/\/www.greenpeace.org\/argentina\/story\/greenpeace\/en-seis-meses-se-deforestaron-mas-de-40-milhectareas-en-el-norte-argentino\/\" target=\"_self\"  ><img loading=\"lazy\" decoding=\"async\" data-ga-category=\"Posts List\" data-ga-action=\"Image\" data-ga-label=\"n\/a\" width=\"2560\" height=\"1707\" src=\"https:\/\/www.greenpeace.org\/static\/planet4-argentina-stateless\/2026\/07\/a04ec869-salta-2-\u00a9-martin-katz-greenpeace-scaled.jpg\" class=\"attachment-post-thumbnail size-post-thumbnail wp-post-image wp-stateless-item\" alt=\"En seis meses se deforestaron m\u00e1s de 40 milhect\u00e1reas en el norte argentino\" style=\"object-fit:cover;\" srcset=\"https:\/\/www.greenpeace.org\/static\/planet4-argentina-stateless\/2026\/07\/a04ec869-salta-2-\u00a9-martin-katz-greenpeace-scaled.jpg 2560w, https:\/\/www.greenpeace.org\/static\/planet4-argentina-stateless\/2026\/07\/a04ec869-salta-2-\u00a9-martin-katz-greenpeace-300x200.jpg 300w, https:\/\/www.greenpeace.org\/static\/planet4-argentina-stateless\/2026\/07\/a04ec869-salta-2-\u00a9-martin-katz-greenpeace-1024x683.jpg 1024w, https:\/\/www.greenpeace.org\/static\/planet4-argentina-stateless\/2026\/07\/a04ec869-salta-2-\u00a9-martin-katz-greenpeace-768x512.jpg 768w, https:\/\/www.greenpeace.org\/static\/planet4-argentina-stateless\/2026\/07\/a04ec869-salta-2-\u00a9-martin-katz-greenpeace-1536x1024.jpg 1536w, https:\/\/www.greenpeace.org\/static\/planet4-argentina-stateless\/2026\/07\/a04ec869-salta-2-\u00a9-martin-katz-greenpeace-2048x1366.jpg 2048w, https:\/\/www.greenpeace.org\/static\/planet4-argentina-stateless\/2026\/07\/a04ec869-salta-2-\u00a9-martin-katz-greenpeace-510x340.jpg 510w\" sizes=\"auto, (max-width: 2560px) 100vw, 2560px\" data-image-size=\"post-thumbnail\" data-stateless-media-bucket=\"planet4-argentina-stateless\" data-stateless-media-name=\"2026\/07\/a04ec869-salta-2-\u00a9-martin-katz-greenpeace-scaled.jpg\" \/><\/a><\/figure>\n\n\n<div class=\"wp-block-group is-layout-flow wp-block-group-is-layout-flow\">\n<div class=\"wp-block-group is-layout-flex wp-block-group-is-layout-flex\"><div class=\"wp-block-post-terms\"><a data-ga-category=\"Posts List\" data-ga-action=\"Post Type Tag\" data-ga-label=\"n\/a\" href=\"https:\/\/www.greenpeace.org\/argentina\/category\/greenpeace\/\">Greenpeace<\/a><\/div>\n\n<div class=\"taxonomy-post_tag wp-block-post-terms\"><a data-ga-category=\"Posts List\" data-ga-action=\"Navigation Tag\" data-ga-label=\"n\/a\" href=\"https:\/\/www.greenpeace.org\/argentina\/tag\/destruirbosquesesuncrimen\/\" rel=\"tag\">DestruirBosquesEsUnCrimen<\/a><\/div><\/div>\n\n\n<h3 class=\"wp-block-post-title\"><a data-ga-category=\"Posts List\" data-ga-action=\"Title\" data-ga-label=\"n\/a\" href=\"https:\/\/www.greenpeace.org\/argentina\/story\/greenpeace\/en-seis-meses-se-deforestaron-mas-de-40-milhectareas-en-el-norte-argentino\/\" target=\"_self\" >En seis meses se deforestaron m\u00e1s de 40 milhect\u00e1reas en el norte argentino<\/a><\/h3>\n\n<div class=\"wp-block-post-excerpt\"><p class=\"wp-block-post-excerpt__excerpt\">Greenpeace detect\u00f3 que, en los primeros seis meses del a\u00f1o, en las provincias de Santiago del Estero, Salta, Formosa y Chaco se desmontaron 40.862 hect\u00e1reas <\/p><\/div>\n\n\n<div class=\"wp-block-group posts-list-meta is-layout-flow wp-block-group-is-layout-flow\"><span class='article-list-item-author'><a data-ga-category=\"Posts List\" data-ga-action=\"Author\" data-ga-label=\"n\/a\" href='https:\/\/www.greenpeace.org\/argentina\/author\/prensaarg\/'>Prensa Argentina<\/a><\/span>\n\n<div class=\"wp-block-post-date\"><time datetime=\"2026-07-23T16:05:22-03:00\">23 julio 2026<\/time><\/div><\/div>\n<\/div>\n<\/div>\n\n<\/li><li class=\"wp-block-post post-35780 post type-post status-publish format-standard has-post-thumbnail hentry category-greenpeace p4-page-type-story\">\n\n<div class=\"wp-block-columns is-layout-flex wp-container-core-columns-is-layout-8f761849 wp-block-columns-is-layout-flex\"><figure class=\"wp-block-post-featured-image\"><a href=\"https:\/\/www.greenpeace.org\/argentina\/story\/greenpeace\/posicion-de-greenpeace-sobre-el-proyecyo-de-ley-de-inviolabilidad-de-la-propiedad-privada\/\" target=\"_self\"  ><img loading=\"lazy\" decoding=\"async\" data-ga-category=\"Posts List\" data-ga-action=\"Image\" data-ga-label=\"n\/a\" width=\"2500\" height=\"1667\" src=\"https:\/\/www.greenpeace.org\/static\/planet4-argentina-stateless\/2026\/05\/cb5aed95-incendios-pto.-patriada-chubut-13-\u00a9-matias-garay-greenpeace.jpg\" class=\"attachment-post-thumbnail size-post-thumbnail wp-post-image wp-stateless-item\" alt=\"Posici\u00f3n de Greenpeace sobre el proyecto de \u201cLey de Inviolabilidad de la Propiedad Privada\u201d\" style=\"object-fit:cover;\" srcset=\"https:\/\/www.greenpeace.org\/static\/planet4-argentina-stateless\/2026\/05\/cb5aed95-incendios-pto.-patriada-chubut-13-\u00a9-matias-garay-greenpeace.jpg 2500w, https:\/\/www.greenpeace.org\/static\/planet4-argentina-stateless\/2026\/05\/cb5aed95-incendios-pto.-patriada-chubut-13-\u00a9-matias-garay-greenpeace-300x200.jpg 300w, https:\/\/www.greenpeace.org\/static\/planet4-argentina-stateless\/2026\/05\/cb5aed95-incendios-pto.-patriada-chubut-13-\u00a9-matias-garay-greenpeace-1024x683.jpg 1024w, https:\/\/www.greenpeace.org\/static\/planet4-argentina-stateless\/2026\/05\/cb5aed95-incendios-pto.-patriada-chubut-13-\u00a9-matias-garay-greenpeace-768x512.jpg 768w, https:\/\/www.greenpeace.org\/static\/planet4-argentina-stateless\/2026\/05\/cb5aed95-incendios-pto.-patriada-chubut-13-\u00a9-matias-garay-greenpeace-1536x1024.jpg 1536w, https:\/\/www.greenpeace.org\/static\/planet4-argentina-stateless\/2026\/05\/cb5aed95-incendios-pto.-patriada-chubut-13-\u00a9-matias-garay-greenpeace-2048x1366.jpg 2048w, https:\/\/www.greenpeace.org\/static\/planet4-argentina-stateless\/2026\/05\/cb5aed95-incendios-pto.-patriada-chubut-13-\u00a9-matias-garay-greenpeace-510x340.jpg 510w\" sizes=\"auto, (max-width: 2500px) 100vw, 2500px\" data-image-size=\"post-thumbnail\" data-stateless-media-bucket=\"planet4-argentina-stateless\" data-stateless-media-name=\"2026\/05\/cb5aed95-incendios-pto.-patriada-chubut-13-\u00a9-matias-garay-greenpeace.jpg\" \/><\/a><\/figure>\n\n\n<div class=\"wp-block-group is-layout-flow wp-block-group-is-layout-flow\">\n<div class=\"wp-block-group is-layout-flex wp-block-group-is-layout-flex\"><div class=\"wp-block-post-terms\"><a data-ga-category=\"Posts List\" data-ga-action=\"Post Type Tag\" data-ga-label=\"n\/a\" href=\"https:\/\/www.greenpeace.org\/argentina\/category\/greenpeace\/\">Greenpeace<\/a><\/div>\n\n<\/div>\n\n\n<h3 class=\"wp-block-post-title\"><a data-ga-category=\"Posts List\" data-ga-action=\"Title\" data-ga-label=\"n\/a\" href=\"https:\/\/www.greenpeace.org\/argentina\/story\/greenpeace\/posicion-de-greenpeace-sobre-el-proyecyo-de-ley-de-inviolabilidad-de-la-propiedad-privada\/\" target=\"_self\" >Posici\u00f3n de Greenpeace sobre el proyecto de \u201cLey de Inviolabilidad de la Propiedad Privada\u201d<\/a><\/h3>\n\n<div class=\"wp-block-post-excerpt\"><p class=\"wp-block-post-excerpt__excerpt\">La normativa impulsada por el gobierno nacional incluye varias modificaciones a leyes vigentes.&nbsp; <\/p><\/div>\n\n\n<div class=\"wp-block-group posts-list-meta is-layout-flow wp-block-group-is-layout-flow\"><span class='article-list-item-author'><a data-ga-category=\"Posts List\" data-ga-action=\"Author\" data-ga-label=\"n\/a\" href='https:\/\/www.greenpeace.org\/argentina\/author\/lvazquez\/'>Editor<\/a><\/span>\n\n<div class=\"wp-block-post-date\"><time datetime=\"2026-07-22T11:37:44-03:00\">22 julio 2026<\/time><\/div><\/div>\n<\/div>\n<\/div>\n\n<\/li><li class=\"wp-block-post post-35749 post type-post status-publish format-standard has-post-thumbnail hentry category-sustentabilidad p4-page-type-story\">\n\n<div class=\"wp-block-columns is-layout-flex wp-container-core-columns-is-layout-8f761849 wp-block-columns-is-layout-flex\"><figure class=\"wp-block-post-featured-image\"><a href=\"https:\/\/www.greenpeace.org\/argentina\/story\/problemas\/sustentabilidad\/vacaciones-en-la-naturaleza-que-debemos-saber-para-disfrutar-sin-poner-en-riesgo-los-ecosistemas-argentinos\/\" target=\"_self\"  ><img loading=\"lazy\" decoding=\"async\" data-ga-category=\"Posts List\" data-ga-action=\"Image\" data-ga-label=\"n\/a\" width=\"2500\" height=\"1667\" src=\"https:\/\/www.greenpeace.org\/static\/planet4-argentina-stateless\/2026\/07\/c1c0f769-parque-nacional-los-glaciares-\u00a9-greenpeace-daniel-beltra.jpg\" class=\"attachment-post-thumbnail size-post-thumbnail wp-post-image wp-stateless-item\" alt=\"Vacaciones en la naturaleza: qu\u00e9 debemos saber para disfrutar sin poner en riesgo los ecosistemas argentinos\" style=\"object-fit:cover;\" srcset=\"https:\/\/www.greenpeace.org\/static\/planet4-argentina-stateless\/2026\/07\/c1c0f769-parque-nacional-los-glaciares-\u00a9-greenpeace-daniel-beltra.jpg 2500w, https:\/\/www.greenpeace.org\/static\/planet4-argentina-stateless\/2026\/07\/c1c0f769-parque-nacional-los-glaciares-\u00a9-greenpeace-daniel-beltra-300x200.jpg 300w, https:\/\/www.greenpeace.org\/static\/planet4-argentina-stateless\/2026\/07\/c1c0f769-parque-nacional-los-glaciares-\u00a9-greenpeace-daniel-beltra-1024x683.jpg 1024w, https:\/\/www.greenpeace.org\/static\/planet4-argentina-stateless\/2026\/07\/c1c0f769-parque-nacional-los-glaciares-\u00a9-greenpeace-daniel-beltra-768x512.jpg 768w, https:\/\/www.greenpeace.org\/static\/planet4-argentina-stateless\/2026\/07\/c1c0f769-parque-nacional-los-glaciares-\u00a9-greenpeace-daniel-beltra-1536x1024.jpg 1536w, https:\/\/www.greenpeace.org\/static\/planet4-argentina-stateless\/2026\/07\/c1c0f769-parque-nacional-los-glaciares-\u00a9-greenpeace-daniel-beltra-2048x1366.jpg 2048w, https:\/\/www.greenpeace.org\/static\/planet4-argentina-stateless\/2026\/07\/c1c0f769-parque-nacional-los-glaciares-\u00a9-greenpeace-daniel-beltra-510x340.jpg 510w\" sizes=\"auto, (max-width: 2500px) 100vw, 2500px\" data-image-size=\"post-thumbnail\" data-stateless-media-bucket=\"planet4-argentina-stateless\" data-stateless-media-name=\"2026\/07\/c1c0f769-parque-nacional-los-glaciares-\u00a9-greenpeace-daniel-beltra.jpg\" \/><\/a><\/figure>\n\n\n<div class=\"wp-block-group is-layout-flow wp-block-group-is-layout-flow\">\n<div class=\"wp-block-group is-layout-flex wp-block-group-is-layout-flex\"><div class=\"wp-block-post-terms\"><a data-ga-category=\"Posts List\" data-ga-action=\"Post Type Tag\" data-ga-label=\"n\/a\" href=\"https:\/\/www.greenpeace.org\/argentina\/category\/problemas\/sustentabilidad\/\">Sustentabilidad<\/a><\/div>\n\n<\/div>\n\n\n<h3 class=\"wp-block-post-title\"><a data-ga-category=\"Posts List\" data-ga-action=\"Title\" data-ga-label=\"n\/a\" href=\"https:\/\/www.greenpeace.org\/argentina\/story\/problemas\/sustentabilidad\/vacaciones-en-la-naturaleza-que-debemos-saber-para-disfrutar-sin-poner-en-riesgo-los-ecosistemas-argentinos\/\" target=\"_self\" >Vacaciones en la naturaleza: qu\u00e9 debemos saber para disfrutar sin poner en riesgo los ecosistemas argentinos<\/a><\/h3>\n\n<div class=\"wp-block-post-excerpt\"><p class=\"wp-block-post-excerpt__excerpt\">Greenpeace Argentina recuerda que peque\u00f1as acciones individuales pueden reducir el riesgo de incendios y contaminaci\u00f3n, y ayudar a proteger a la fauna silvestre. <\/p><\/div>\n\n\n<div class=\"wp-block-group posts-list-meta is-layout-flow wp-block-group-is-layout-flow\"><span class='article-list-item-author'><a data-ga-category=\"Posts List\" data-ga-action=\"Author\" data-ga-label=\"n\/a\" href='https:\/\/www.greenpeace.org\/argentina\/author\/prensaarg\/'>Prensa Argentina<\/a><\/span>\n\n<div class=\"wp-block-post-date\"><time datetime=\"2026-07-13T17:23:56-03:00\">13 julio 2026<\/time><\/div><\/div>\n<\/div>\n<\/div>\n\n<\/li><\/ul>\n\n\n<div class=\"wp-block-buttons carousel-controls is-horizontal is-content-justification-space-between is-nowrap is-layout-flex wp-container-core-buttons-is-layout-358af4b1 wp-block-buttons-is-layout-flex\">\n<div class=\"wp-block-button carousel-control-prev\"><button type=\"button\" class=\"wp-block-button__link wp-element-button\">Prev<\/button><\/div>\n\n\n\n<div class=\"wp-block-button carousel-control-next\"><button type=\"button\" class=\"wp-block-button__link wp-element-button\">Next<\/button><\/div>\n<\/div>\n\n\n<li class=\"wp-block-navigation-item see-all-link wp-block-navigation-link\"><a class=\"wp-block-navigation-item__content\"  href=\"http:\/\/www.greenpeace.org\/argentina\/news-stories\/?post-type=story\"><span data-ga-category=\"Posts List\" data-ga-action=\"See More Link\" data-ga-label=\"n\/a\" class=\"wp-block-navigation-item__label\">Ver todos<\/span><\/a><\/li><\/div>\n\n\n\n<div style=\"height:60px\" aria-hidden=\"true\" class=\"wp-block-spacer\"><\/div>\n\n\n\n<div class=\"wp-block-query posts-list p4-query-loop is-custom-layout-carousel is-layout-flex wp-block-query-is-layout-flex\">\n<div class=\"wp-block-group is-content-justification-space-between is-layout-flex wp-container-core-group-is-layout-cfe5ce44 wp-block-group-is-layout-flex\">\n<h2 class=\"wp-block-heading\">Le\u00e9 los \u00faltimos blogs<\/h2>\n\n\n<li class=\"wp-block-navigation-item see-all-link wp-block-navigation-link\"><a class=\"wp-block-navigation-item__content\"  href=\"http:\/\/www.greenpeace.org\/argentina\/news-stories\/?post-type=blog\"><span data-ga-category=\"Posts List\" data-ga-action=\"See More Link\" data-ga-label=\"n\/a\" class=\"wp-block-navigation-item__label\">Ver todos<\/span><\/a><\/li><\/div>\n\n\n\n<p class=\"wp-block-paragraph\" style=\"margin-top:24px;margin-bottom:36px\"><\/p>\n\n\n\n\n<ul class=\"wp-block-post-template is-layout-flow wp-block-post-template-is-layout-flow\"><li class=\"wp-block-post post-36122 post type-post status-publish format-standard has-post-thumbnail hentry category-bosques tag-destruirbosquesesuncrimen p4-page-type-blog\">\n\n<div class=\"wp-block-columns is-layout-flex wp-container-core-columns-is-layout-8f761849 wp-block-columns-is-layout-flex\"><figure class=\"wp-block-post-featured-image\"><a href=\"https:\/\/www.greenpeace.org\/argentina\/blog\/problemas\/bosques\/dia-mundial-del-puma-las-amenazas-que-ponen-en-riesgo-al-gran-felino-de-america\/\" target=\"_self\"  ><img loading=\"lazy\" decoding=\"async\" data-ga-category=\"Posts List\" data-ga-action=\"Image\" data-ga-label=\"n\/a\" width=\"1200\" height=\"800\" src=\"https:\/\/www.greenpeace.org\/static\/planet4-argentina-stateless\/2021\/06\/ad5694c0-gp0stqi6s_medium_res_with_credit_line.jpg\" class=\"attachment-post-thumbnail size-post-thumbnail wp-post-image wp-stateless-item\" alt=\"D\u00eda Mundial del Puma: las amenazas que ponen en riesgo al gran felino de Am\u00e9rica\u00a0\" style=\"object-fit:cover;\" srcset=\"https:\/\/www.greenpeace.org\/static\/planet4-argentina-stateless\/2021\/06\/ad5694c0-gp0stqi6s_medium_res_with_credit_line.jpg 1200w, https:\/\/www.greenpeace.org\/static\/planet4-argentina-stateless\/2021\/06\/ad5694c0-gp0stqi6s_medium_res_with_credit_line-300x200.jpg 300w, https:\/\/www.greenpeace.org\/static\/planet4-argentina-stateless\/2021\/06\/ad5694c0-gp0stqi6s_medium_res_with_credit_line-1024x683.jpg 1024w, https:\/\/www.greenpeace.org\/static\/planet4-argentina-stateless\/2021\/06\/ad5694c0-gp0stqi6s_medium_res_with_credit_line-768x512.jpg 768w, https:\/\/www.greenpeace.org\/static\/planet4-argentina-stateless\/2021\/06\/ad5694c0-gp0stqi6s_medium_res_with_credit_line-510x340.jpg 510w\" sizes=\"auto, (max-width: 1200px) 100vw, 1200px\" data-image-size=\"post-thumbnail\" data-stateless-media-bucket=\"planet4-argentina-stateless\" data-stateless-media-name=\"2021\/06\/ad5694c0-gp0stqi6s_medium_res_with_credit_line.jpg\" \/><\/a><\/figure>\n\n\n<div class=\"wp-block-group is-layout-flow wp-block-group-is-layout-flow\">\n<div class=\"wp-block-group is-layout-flex wp-block-group-is-layout-flex\"><div class=\"wp-block-post-terms\"><a data-ga-category=\"Posts List\" data-ga-action=\"Post Type Tag\" data-ga-label=\"n\/a\" href=\"https:\/\/www.greenpeace.org\/argentina\/category\/problemas\/bosques\/\">Bosques<\/a><\/div>\n\n<div class=\"taxonomy-post_tag wp-block-post-terms\"><a data-ga-category=\"Posts List\" data-ga-action=\"Navigation Tag\" data-ga-label=\"n\/a\" href=\"https:\/\/www.greenpeace.org\/argentina\/tag\/destruirbosquesesuncrimen\/\" rel=\"tag\">DestruirBosquesEsUnCrimen<\/a><\/div><\/div>\n\n\n<h3 class=\"wp-block-post-title\"><a data-ga-category=\"Posts List\" data-ga-action=\"Title\" data-ga-label=\"n\/a\" href=\"https:\/\/www.greenpeace.org\/argentina\/blog\/problemas\/bosques\/dia-mundial-del-puma-las-amenazas-que-ponen-en-riesgo-al-gran-felino-de-america\/\" target=\"_self\" >D\u00eda Mundial del Puma: las amenazas que ponen en riesgo al gran felino de Am\u00e9rica\u00a0<\/a><\/h3>\n\n<div class=\"wp-block-post-excerpt\"><p class=\"wp-block-post-excerpt__excerpt\">Una especie que necesita algo m\u00e1s que admiraci\u00f3n. <\/p><\/div>\n\n\n<div class=\"wp-block-group posts-list-meta is-layout-flow wp-block-group-is-layout-flow\"><span class='article-list-item-author'>Meri Castro<\/span>\n\n<div class=\"wp-block-post-date\"><time datetime=\"2026-08-28T11:54:47-03:00\">28 agosto 2026<\/time><\/div><\/div>\n<\/div>\n<\/div>\n\n<\/li><li class=\"wp-block-post post-36126 post type-post status-publish format-standard has-post-thumbnail hentry category-climayenergia tag-glaciares p4-page-type-blog\">\n\n<div class=\"wp-block-columns is-layout-flex wp-container-core-columns-is-layout-8f761849 wp-block-columns-is-layout-flex\"><figure class=\"wp-block-post-featured-image\"><a href=\"https:\/\/www.greenpeace.org\/argentina\/blog\/problemas\/climayenergia\/lo-que-paso-en-nepal-es-una-advertencia-necesitamos-recuperar-la-ley-de-glaciares\/\" target=\"_self\"  ><img loading=\"lazy\" decoding=\"async\" data-ga-category=\"Posts List\" data-ga-action=\"Image\" data-ga-label=\"n\/a\" width=\"710\" height=\"399\" src=\"https:\/\/www.greenpeace.org\/static\/planet4-argentina-stateless\/2026\/08\/41d92be0-file_20260826195451.jpg\" class=\"attachment-post-thumbnail size-post-thumbnail wp-post-image wp-stateless-item\" alt=\"Lo que pas\u00f3 en Nepal\u00a0es una advertencia: necesitamos recuperar la Ley de Glaciares.\" style=\"object-fit:cover;\" srcset=\"https:\/\/www.greenpeace.org\/static\/planet4-argentina-stateless\/2026\/08\/41d92be0-file_20260826195451.jpg 710w, https:\/\/www.greenpeace.org\/static\/planet4-argentina-stateless\/2026\/08\/41d92be0-file_20260826195451-300x169.jpg 300w, https:\/\/www.greenpeace.org\/static\/planet4-argentina-stateless\/2026\/08\/41d92be0-file_20260826195451-510x287.jpg 510w\" sizes=\"auto, (max-width: 710px) 100vw, 710px\" data-image-size=\"post-thumbnail\" data-stateless-media-bucket=\"planet4-argentina-stateless\" data-stateless-media-name=\"2026\/08\/41d92be0-file_20260826195451.jpg\" \/><\/a><\/figure>\n\n\n<div class=\"wp-block-group is-layout-flow wp-block-group-is-layout-flow\">\n<div class=\"wp-block-group is-layout-flex wp-block-group-is-layout-flex\"><div class=\"wp-block-post-terms\"><a data-ga-category=\"Posts List\" data-ga-action=\"Post Type Tag\" data-ga-label=\"n\/a\" href=\"https:\/\/www.greenpeace.org\/argentina\/category\/problemas\/climayenergia\/\">Clima y Energ\u00eda<\/a><\/div>\n\n<div class=\"taxonomy-post_tag wp-block-post-terms\"><a data-ga-category=\"Posts List\" data-ga-action=\"Navigation Tag\" data-ga-label=\"n\/a\" href=\"https:\/\/www.greenpeace.org\/argentina\/tag\/glaciares\/\" rel=\"tag\">SalvemosLosGlaciares<\/a><\/div><\/div>\n\n\n<h3 class=\"wp-block-post-title\"><a data-ga-category=\"Posts List\" data-ga-action=\"Title\" data-ga-label=\"n\/a\" href=\"https:\/\/www.greenpeace.org\/argentina\/blog\/problemas\/climayenergia\/lo-que-paso-en-nepal-es-una-advertencia-necesitamos-recuperar-la-ley-de-glaciares\/\" target=\"_self\" >Lo que pas\u00f3 en Nepal\u00a0es una advertencia: necesitamos recuperar la Ley de Glaciares.<\/a><\/h3>\n\n<div class=\"wp-block-post-excerpt\"><p class=\"wp-block-post-excerpt__excerpt\">Lo que ocurri\u00f3 en Asia no es una predicci\u00f3n, pero s\u00ed es una advertencia que tambi\u00e9n debemos escuchar desde los Andes. <\/p><\/div>\n\n\n<div class=\"wp-block-group posts-list-meta is-layout-flow wp-block-group-is-layout-flow\"><span class='article-list-item-author'><a data-ga-category=\"Posts List\" data-ga-action=\"Author\" data-ga-label=\"n\/a\" href='https:\/\/www.greenpeace.org\/argentina\/author\/lvazquez\/'>Editor<\/a><\/span>\n\n<div class=\"wp-block-post-date\"><time datetime=\"2026-08-27T17:26:42-03:00\">27 agosto 2026<\/time><\/div><\/div>\n<\/div>\n<\/div>\n\n<\/li><li class=\"wp-block-post post-36096 post type-post status-publish format-standard has-post-thumbnail hentry category-greenpeace p4-page-type-blog\">\n\n<div class=\"wp-block-columns is-layout-flex wp-container-core-columns-is-layout-8f761849 wp-block-columns-is-layout-flex\"><figure class=\"wp-block-post-featured-image\"><a href=\"https:\/\/www.greenpeace.org\/argentina\/blog\/greenpeace\/el-voluntariado-que-mueve-al-pais-asi-fue-nuestro-encuentro-nacional\/\" target=\"_self\"  ><img loading=\"lazy\" decoding=\"async\" data-ga-category=\"Posts List\" data-ga-action=\"Image\" data-ga-label=\"n\/a\" width=\"2560\" height=\"1709\" src=\"https:\/\/www.greenpeace.org\/static\/planet4-argentina-stateless\/2026\/08\/0e43eeab-encuentro-voluntarios-baradero-credito-juan-pablo-eijo-greenpeace-28-scaled.jpg\" class=\"attachment-post-thumbnail size-post-thumbnail wp-post-image wp-stateless-item\" alt=\"El voluntariado que mueve al pa\u00eds: as\u00ed fue nuestro encuentro nacional\" style=\"object-fit:cover;\" srcset=\"https:\/\/www.greenpeace.org\/static\/planet4-argentina-stateless\/2026\/08\/0e43eeab-encuentro-voluntarios-baradero-credito-juan-pablo-eijo-greenpeace-28-scaled.jpg 2560w, https:\/\/www.greenpeace.org\/static\/planet4-argentina-stateless\/2026\/08\/0e43eeab-encuentro-voluntarios-baradero-credito-juan-pablo-eijo-greenpeace-28-300x200.jpg 300w, https:\/\/www.greenpeace.org\/static\/planet4-argentina-stateless\/2026\/08\/0e43eeab-encuentro-voluntarios-baradero-credito-juan-pablo-eijo-greenpeace-28-1024x684.jpg 1024w, https:\/\/www.greenpeace.org\/static\/planet4-argentina-stateless\/2026\/08\/0e43eeab-encuentro-voluntarios-baradero-credito-juan-pablo-eijo-greenpeace-28-768x513.jpg 768w, https:\/\/www.greenpeace.org\/static\/planet4-argentina-stateless\/2026\/08\/0e43eeab-encuentro-voluntarios-baradero-credito-juan-pablo-eijo-greenpeace-28-1536x1025.jpg 1536w, https:\/\/www.greenpeace.org\/static\/planet4-argentina-stateless\/2026\/08\/0e43eeab-encuentro-voluntarios-baradero-credito-juan-pablo-eijo-greenpeace-28-2048x1367.jpg 2048w, https:\/\/www.greenpeace.org\/static\/planet4-argentina-stateless\/2026\/08\/0e43eeab-encuentro-voluntarios-baradero-credito-juan-pablo-eijo-greenpeace-28-2046x1366.jpg 2046w, https:\/\/www.greenpeace.org\/static\/planet4-argentina-stateless\/2026\/08\/0e43eeab-encuentro-voluntarios-baradero-credito-juan-pablo-eijo-greenpeace-28-510x340.jpg 510w\" sizes=\"auto, (max-width: 2560px) 100vw, 2560px\" data-image-size=\"post-thumbnail\" data-stateless-media-bucket=\"planet4-argentina-stateless\" data-stateless-media-name=\"2026\/08\/0e43eeab-encuentro-voluntarios-baradero-credito-juan-pablo-eijo-greenpeace-28-scaled.jpg\" \/><\/a><\/figure>\n\n\n<div class=\"wp-block-group is-layout-flow wp-block-group-is-layout-flow\">\n<div class=\"wp-block-group is-layout-flex wp-block-group-is-layout-flex\"><div class=\"wp-block-post-terms\"><a data-ga-category=\"Posts List\" data-ga-action=\"Post Type Tag\" data-ga-label=\"n\/a\" href=\"https:\/\/www.greenpeace.org\/argentina\/category\/greenpeace\/\">Greenpeace<\/a><\/div>\n\n<\/div>\n\n\n<h3 class=\"wp-block-post-title\"><a data-ga-category=\"Posts List\" data-ga-action=\"Title\" data-ga-label=\"n\/a\" href=\"https:\/\/www.greenpeace.org\/argentina\/blog\/greenpeace\/el-voluntariado-que-mueve-al-pais-asi-fue-nuestro-encuentro-nacional\/\" target=\"_self\" >El voluntariado que mueve al pa\u00eds: as\u00ed fue nuestro encuentro nacional<\/a><\/h3>\n\n<div class=\"wp-block-post-excerpt\"><p class=\"wp-block-post-excerpt__excerpt\">Seguimos fortaleciendo el trabajo de nuestros voluntarios y voluntarias alrededor del pa\u00eds <\/p><\/div>\n\n\n<div class=\"wp-block-group posts-list-meta is-layout-flow wp-block-group-is-layout-flow\"><span class='article-list-item-author'><a data-ga-category=\"Posts List\" data-ga-action=\"Author\" data-ga-label=\"n\/a\" href='https:\/\/www.greenpeace.org\/argentina\/author\/lvazquez\/'>Editor<\/a><\/span>\n\n<div class=\"wp-block-post-date\"><time datetime=\"2026-08-21T17:38:49-03:00\">21 agosto 2026<\/time><\/div><\/div>\n<\/div>\n<\/div>\n\n<\/li><li class=\"wp-block-post post-36089 post type-post status-publish format-standard has-post-thumbnail hentry category-climayenergia tag-cambio-climatico p4-page-type-blog\">\n\n<div class=\"wp-block-columns is-layout-flex wp-container-core-columns-is-layout-8f761849 wp-block-columns-is-layout-flex\"><figure class=\"wp-block-post-featured-image\"><a href=\"https:\/\/www.greenpeace.org\/argentina\/blog\/problemas\/climayenergia\/donde-esta-el-sol-el-nino-los-dias-grises-y-que-sabemos-sobre-su-relacion-con-nuestro-animo\/\" target=\"_self\"  ><img loading=\"lazy\" decoding=\"async\" data-ga-category=\"Posts List\" data-ga-action=\"Image\" data-ga-label=\"n\/a\" width=\"2560\" height=\"1707\" src=\"https:\/\/www.greenpeace.org\/static\/planet4-argentina-stateless\/2026\/08\/f9c95339-ncassullo-storm-3696579-scaled.jpg\" class=\"attachment-post-thumbnail size-post-thumbnail wp-post-image wp-stateless-item\" alt=\"\u00bfD\u00f3nde est\u00e1 el sol? El Ni\u00f1o, los d\u00edas grises y qu\u00e9 sabemos sobre su relaci\u00f3n con nuestro \u00e1nimo\" style=\"object-fit:cover;\" srcset=\"https:\/\/www.greenpeace.org\/static\/planet4-argentina-stateless\/2026\/08\/f9c95339-ncassullo-storm-3696579-scaled.jpg 2560w, https:\/\/www.greenpeace.org\/static\/planet4-argentina-stateless\/2026\/08\/f9c95339-ncassullo-storm-3696579-300x200.jpg 300w, https:\/\/www.greenpeace.org\/static\/planet4-argentina-stateless\/2026\/08\/f9c95339-ncassullo-storm-3696579-1024x683.jpg 1024w, https:\/\/www.greenpeace.org\/static\/planet4-argentina-stateless\/2026\/08\/f9c95339-ncassullo-storm-3696579-768x512.jpg 768w, https:\/\/www.greenpeace.org\/static\/planet4-argentina-stateless\/2026\/08\/f9c95339-ncassullo-storm-3696579-1536x1024.jpg 1536w, https:\/\/www.greenpeace.org\/static\/planet4-argentina-stateless\/2026\/08\/f9c95339-ncassullo-storm-3696579-2048x1366.jpg 2048w, https:\/\/www.greenpeace.org\/static\/planet4-argentina-stateless\/2026\/08\/f9c95339-ncassullo-storm-3696579-510x340.jpg 510w\" sizes=\"auto, (max-width: 2560px) 100vw, 2560px\" data-image-size=\"post-thumbnail\" data-stateless-media-bucket=\"planet4-argentina-stateless\" data-stateless-media-name=\"2026\/08\/f9c95339-ncassullo-storm-3696579-scaled.jpg\" \/><\/a><\/figure>\n\n\n<div class=\"wp-block-group is-layout-flow wp-block-group-is-layout-flow\">\n<div class=\"wp-block-group is-layout-flex wp-block-group-is-layout-flex\"><div class=\"wp-block-post-terms\"><a data-ga-category=\"Posts List\" data-ga-action=\"Post Type Tag\" data-ga-label=\"n\/a\" href=\"https:\/\/www.greenpeace.org\/argentina\/category\/problemas\/climayenergia\/\">Clima y Energ\u00eda<\/a><\/div>\n\n<div class=\"taxonomy-post_tag wp-block-post-terms\"><a data-ga-category=\"Posts List\" data-ga-action=\"Navigation Tag\" data-ga-label=\"n\/a\" href=\"https:\/\/www.greenpeace.org\/argentina\/tag\/cambio-climatico\/\" rel=\"tag\">Cambio clim\u00e1tico<\/a><\/div><\/div>\n\n\n<h3 class=\"wp-block-post-title\"><a data-ga-category=\"Posts List\" data-ga-action=\"Title\" data-ga-label=\"n\/a\" href=\"https:\/\/www.greenpeace.org\/argentina\/blog\/problemas\/climayenergia\/donde-esta-el-sol-el-nino-los-dias-grises-y-que-sabemos-sobre-su-relacion-con-nuestro-animo\/\" target=\"_self\" >\u00bfD\u00f3nde est\u00e1 el sol? El Ni\u00f1o, los d\u00edas grises y qu\u00e9 sabemos sobre su relaci\u00f3n con nuestro \u00e1nimo<\/a><\/h3>\n\n<div class=\"wp-block-post-excerpt\"><p class=\"wp-block-post-excerpt__excerpt\">Qu\u00e9 puede explicar tantos d\u00edas nublados y qu\u00e9 sabemos sobre su relaci\u00f3n con c\u00f3mo nos sentimos. <\/p><\/div>\n\n\n<div class=\"wp-block-group posts-list-meta is-layout-flow wp-block-group-is-layout-flow\"><span class='article-list-item-author'>Meri Castro<\/span>\n\n<div class=\"wp-block-post-date\"><time datetime=\"2026-08-20T17:12:41-03:00\">20 agosto 2026<\/time><\/div><\/div>\n<\/div>\n<\/div>\n\n<\/li><li class=\"wp-block-post post-35979 post type-post status-publish format-standard has-post-thumbnail hentry category-oceanos tag-marargentino p4-page-type-blog\">\n\n<div class=\"wp-block-columns is-layout-flex wp-container-core-columns-is-layout-8f761849 wp-block-columns-is-layout-flex\"><figure class=\"wp-block-post-featured-image\"><a href=\"https:\/\/www.greenpeace.org\/argentina\/blog\/problemas\/oceanos\/de-la-costa-bonaerense-a-las-islas-malvinas-por-que-no-debe-haber-petroleras-en-el-mar-argentino\/\" target=\"_self\"  ><img loading=\"lazy\" decoding=\"async\" data-ga-category=\"Posts List\" data-ga-action=\"Image\" data-ga-label=\"n\/a\" width=\"2560\" height=\"1707\" src=\"https:\/\/www.greenpeace.org\/static\/planet4-argentina-stateless\/2026\/08\/d64c88c9-gp0stqj6q-scaled.jpg\" class=\"attachment-post-thumbnail size-post-thumbnail wp-post-image wp-stateless-item\" alt=\"De la costa bonaerense a las Islas Malvinas: \u00bfPor qu\u00e9 no debe haber petroleras en el Mar Argentino?\u00a0\u00a0\" style=\"object-fit:cover;\" srcset=\"https:\/\/www.greenpeace.org\/static\/planet4-argentina-stateless\/2026\/08\/d64c88c9-gp0stqj6q-scaled.jpg 2560w, https:\/\/www.greenpeace.org\/static\/planet4-argentina-stateless\/2026\/08\/d64c88c9-gp0stqj6q-300x200.jpg 300w, https:\/\/www.greenpeace.org\/static\/planet4-argentina-stateless\/2026\/08\/d64c88c9-gp0stqj6q-1024x683.jpg 1024w, https:\/\/www.greenpeace.org\/static\/planet4-argentina-stateless\/2026\/08\/d64c88c9-gp0stqj6q-768x512.jpg 768w, https:\/\/www.greenpeace.org\/static\/planet4-argentina-stateless\/2026\/08\/d64c88c9-gp0stqj6q-1536x1024.jpg 1536w, https:\/\/www.greenpeace.org\/static\/planet4-argentina-stateless\/2026\/08\/d64c88c9-gp0stqj6q-2048x1366.jpg 2048w, https:\/\/www.greenpeace.org\/static\/planet4-argentina-stateless\/2026\/08\/d64c88c9-gp0stqj6q-510x340.jpg 510w\" sizes=\"auto, (max-width: 2560px) 100vw, 2560px\" data-image-size=\"post-thumbnail\" data-stateless-media-bucket=\"planet4-argentina-stateless\" data-stateless-media-name=\"2026\/08\/d64c88c9-gp0stqj6q-scaled.jpg\" \/><\/a><\/figure>\n\n\n<div class=\"wp-block-group is-layout-flow wp-block-group-is-layout-flow\">\n<div class=\"wp-block-group is-layout-flex wp-block-group-is-layout-flex\"><div class=\"wp-block-post-terms\"><a data-ga-category=\"Posts List\" data-ga-action=\"Post Type Tag\" data-ga-label=\"n\/a\" href=\"https:\/\/www.greenpeace.org\/argentina\/category\/problemas\/oceanos\/\">Oc\u00e9anos<\/a><\/div>\n\n<div class=\"taxonomy-post_tag wp-block-post-terms\"><a data-ga-category=\"Posts List\" data-ga-action=\"Navigation Tag\" data-ga-label=\"n\/a\" href=\"https:\/\/www.greenpeace.org\/argentina\/tag\/marargentino\/\" rel=\"tag\">MarArgentino<\/a><\/div><\/div>\n\n\n<h3 class=\"wp-block-post-title\"><a data-ga-category=\"Posts List\" data-ga-action=\"Title\" data-ga-label=\"n\/a\" href=\"https:\/\/www.greenpeace.org\/argentina\/blog\/problemas\/oceanos\/de-la-costa-bonaerense-a-las-islas-malvinas-por-que-no-debe-haber-petroleras-en-el-mar-argentino\/\" target=\"_self\" >De la costa bonaerense a las Islas Malvinas: \u00bfPor qu\u00e9 no debe haber petroleras en el Mar Argentino?\u00a0\u00a0<\/a><\/h3>\n\n<div class=\"wp-block-post-excerpt\"><p class=\"wp-block-post-excerpt__excerpt\">El Atl\u00e1ntico Sur enfrenta una nueva ofensiva petrolera que pone en riesgo al ambiente, la biodiversidad y el bienestar de las comunidades. Mientras la cuenca bonaerense suma un fracaso rotundo&hellip; <\/p><\/div>\n\n\n<div class=\"wp-block-group posts-list-meta is-layout-flow wp-block-group-is-layout-flow\"><span class='article-list-item-author'><a data-ga-category=\"Posts List\" data-ga-action=\"Author\" data-ga-label=\"n\/a\" href='https:\/\/www.greenpeace.org\/argentina\/author\/lvazquez\/'>Editor<\/a><\/span>\n\n<div class=\"wp-block-post-date\"><time datetime=\"2026-08-08T09:41:56-03:00\">8 agosto 2026<\/time><\/div><\/div>\n<\/div>\n<\/div>\n\n<\/li><li class=\"wp-block-post post-35966 post type-post status-publish format-standard has-post-thumbnail hentry category-climayenergia tag-cambio-climatico p4-page-type-blog\">\n\n<div class=\"wp-block-columns is-layout-flex wp-container-core-columns-is-layout-8f761849 wp-block-columns-is-layout-flex\"><figure class=\"wp-block-post-featured-image\"><a href=\"https:\/\/www.greenpeace.org\/argentina\/blog\/problemas\/climayenergia\/calor-extremo-en-el-verano-del-hemisferio-norte-como-proteger-a-las-personas-en-un-mundo-cada-vez-mas-caliente\/\" target=\"_self\"  ><img loading=\"lazy\" decoding=\"async\" data-ga-category=\"Posts List\" data-ga-action=\"Image\" data-ga-label=\"n\/a\" width=\"2500\" height=\"1407\" src=\"https:\/\/www.greenpeace.org\/static\/planet4-argentina-stateless\/2026\/08\/5d6994a7-gp0su9pe0_pressmedia-2500px.jpg\" class=\"attachment-post-thumbnail size-post-thumbnail wp-post-image wp-stateless-item\" alt=\"Calor extremo en el verano del Hemisferio Norte: \u00bfc\u00f3mo proteger a las personas en un mundo cada vez m\u00e1s caliente? \u00a0\" style=\"object-fit:cover;\" srcset=\"https:\/\/www.greenpeace.org\/static\/planet4-argentina-stateless\/2026\/08\/5d6994a7-gp0su9pe0_pressmedia-2500px.jpg 2500w, https:\/\/www.greenpeace.org\/static\/planet4-argentina-stateless\/2026\/08\/5d6994a7-gp0su9pe0_pressmedia-2500px-300x169.jpg 300w, https:\/\/www.greenpeace.org\/static\/planet4-argentina-stateless\/2026\/08\/5d6994a7-gp0su9pe0_pressmedia-2500px-1024x576.jpg 1024w, https:\/\/www.greenpeace.org\/static\/planet4-argentina-stateless\/2026\/08\/5d6994a7-gp0su9pe0_pressmedia-2500px-768x432.jpg 768w, https:\/\/www.greenpeace.org\/static\/planet4-argentina-stateless\/2026\/08\/5d6994a7-gp0su9pe0_pressmedia-2500px-1536x864.jpg 1536w, https:\/\/www.greenpeace.org\/static\/planet4-argentina-stateless\/2026\/08\/5d6994a7-gp0su9pe0_pressmedia-2500px-2048x1153.jpg 2048w, https:\/\/www.greenpeace.org\/static\/planet4-argentina-stateless\/2026\/08\/5d6994a7-gp0su9pe0_pressmedia-2500px-510x287.jpg 510w\" sizes=\"auto, (max-width: 2500px) 100vw, 2500px\" data-image-size=\"post-thumbnail\" data-stateless-media-bucket=\"planet4-argentina-stateless\" data-stateless-media-name=\"2026\/08\/5d6994a7-gp0su9pe0_pressmedia-2500px.jpg\" \/><\/a><\/figure>\n\n\n<div class=\"wp-block-group is-layout-flow wp-block-group-is-layout-flow\">\n<div class=\"wp-block-group is-layout-flex wp-block-group-is-layout-flex\"><div class=\"wp-block-post-terms\"><a data-ga-category=\"Posts List\" data-ga-action=\"Post Type Tag\" data-ga-label=\"n\/a\" href=\"https:\/\/www.greenpeace.org\/argentina\/category\/problemas\/climayenergia\/\">Clima y Energ\u00eda<\/a><\/div>\n\n<div class=\"taxonomy-post_tag wp-block-post-terms\"><a data-ga-category=\"Posts List\" data-ga-action=\"Navigation Tag\" data-ga-label=\"n\/a\" href=\"https:\/\/www.greenpeace.org\/argentina\/tag\/cambio-climatico\/\" rel=\"tag\">Cambio clim\u00e1tico<\/a><\/div><\/div>\n\n\n<h3 class=\"wp-block-post-title\"><a data-ga-category=\"Posts List\" data-ga-action=\"Title\" data-ga-label=\"n\/a\" href=\"https:\/\/www.greenpeace.org\/argentina\/blog\/problemas\/climayenergia\/calor-extremo-en-el-verano-del-hemisferio-norte-como-proteger-a-las-personas-en-un-mundo-cada-vez-mas-caliente\/\" target=\"_self\" >Calor extremo en el verano del Hemisferio Norte: \u00bfc\u00f3mo proteger a las personas en un mundo cada vez m\u00e1s caliente? \u00a0<\/a><\/h3>\n\n<div class=\"wp-block-post-excerpt\"><p class=\"wp-block-post-excerpt__excerpt\">El calor extremo ya no es una excepci\u00f3n y prepararnos para enfrentarlo tambi\u00e9n es una decisi\u00f3n pol\u00edtica. <\/p><\/div>\n\n\n<div class=\"wp-block-group posts-list-meta is-layout-flow wp-block-group-is-layout-flow\"><span class='article-list-item-author'>Meri Castro<\/span>\n\n<div class=\"wp-block-post-date\"><time datetime=\"2026-08-07T13:59:22-03:00\">7 agosto 2026<\/time><\/div><\/div>\n<\/div>\n<\/div>\n\n<\/li><li class=\"wp-block-post post-35817 post type-post status-publish format-standard has-post-thumbnail hentry category-climayenergia tag-cambio-climatico p4-page-type-blog\">\n\n<div class=\"wp-block-columns is-layout-flex wp-container-core-columns-is-layout-8f761849 wp-block-columns-is-layout-flex\"><figure class=\"wp-block-post-featured-image\"><a href=\"https:\/\/www.greenpeace.org\/argentina\/blog\/problemas\/climayenergia\/super-nino-2026-en-argentina-como-estar-preparados-para-los-impactos-del-evento-mas-intenso-de-los-ultimos-50-anos\/\" target=\"_self\"  ><img loading=\"lazy\" decoding=\"async\" data-ga-category=\"Posts List\" data-ga-action=\"Image\" data-ga-label=\"n\/a\" width=\"2500\" height=\"1667\" src=\"https:\/\/www.greenpeace.org\/static\/planet4-argentina-stateless\/2020\/02\/e8d6ded3-jlh_9879.jpg\" class=\"attachment-post-thumbnail size-post-thumbnail wp-post-image wp-stateless-item\" alt=\"S\u00faper Ni\u00f1o 2026 en Argentina: c\u00f3mo estar preparados para los impactos del evento m\u00e1s intenso de los \u00faltimos 50 a\u00f1os\" style=\"object-fit:cover;\" srcset=\"https:\/\/www.greenpeace.org\/static\/planet4-argentina-stateless\/2020\/02\/e8d6ded3-jlh_9879.jpg 2500w, https:\/\/www.greenpeace.org\/static\/planet4-argentina-stateless\/2020\/02\/e8d6ded3-jlh_9879-300x200.jpg 300w, https:\/\/www.greenpeace.org\/static\/planet4-argentina-stateless\/2020\/02\/e8d6ded3-jlh_9879-1024x683.jpg 1024w, https:\/\/www.greenpeace.org\/static\/planet4-argentina-stateless\/2020\/02\/e8d6ded3-jlh_9879-768x512.jpg 768w, https:\/\/www.greenpeace.org\/static\/planet4-argentina-stateless\/2020\/02\/e8d6ded3-jlh_9879-1536x1024.jpg 1536w, https:\/\/www.greenpeace.org\/static\/planet4-argentina-stateless\/2020\/02\/e8d6ded3-jlh_9879-2048x1366.jpg 2048w, https:\/\/www.greenpeace.org\/static\/planet4-argentina-stateless\/2020\/02\/e8d6ded3-jlh_9879-510x340.jpg 510w\" sizes=\"auto, (max-width: 2500px) 100vw, 2500px\" data-image-size=\"post-thumbnail\" data-stateless-media-bucket=\"planet4-argentina-stateless\" data-stateless-media-name=\"2020\/02\/e8d6ded3-jlh_9879.jpg\" \/><\/a><\/figure>\n\n\n<div class=\"wp-block-group is-layout-flow wp-block-group-is-layout-flow\">\n<div class=\"wp-block-group is-layout-flex wp-block-group-is-layout-flex\"><div class=\"wp-block-post-terms\"><a data-ga-category=\"Posts List\" data-ga-action=\"Post Type Tag\" data-ga-label=\"n\/a\" href=\"https:\/\/www.greenpeace.org\/argentina\/category\/problemas\/climayenergia\/\">Clima y Energ\u00eda<\/a><\/div>\n\n<div class=\"taxonomy-post_tag wp-block-post-terms\"><a data-ga-category=\"Posts List\" data-ga-action=\"Navigation Tag\" data-ga-label=\"n\/a\" href=\"https:\/\/www.greenpeace.org\/argentina\/tag\/cambio-climatico\/\" rel=\"tag\">Cambio clim\u00e1tico<\/a><\/div><\/div>\n\n\n<h3 class=\"wp-block-post-title\"><a data-ga-category=\"Posts List\" data-ga-action=\"Title\" data-ga-label=\"n\/a\" href=\"https:\/\/www.greenpeace.org\/argentina\/blog\/problemas\/climayenergia\/super-nino-2026-en-argentina-como-estar-preparados-para-los-impactos-del-evento-mas-intenso-de-los-ultimos-50-anos\/\" target=\"_self\" >S\u00faper Ni\u00f1o 2026 en Argentina: c\u00f3mo estar preparados para los impactos del evento m\u00e1s intenso de los \u00faltimos 50 a\u00f1os<\/a><\/h3>\n\n<div class=\"wp-block-post-excerpt\"><p class=\"wp-block-post-excerpt__excerpt\">El Ni\u00f1o vuelve recargado en un contexto de crisis clim\u00e1tica <\/p><\/div>\n\n\n<div class=\"wp-block-group posts-list-meta is-layout-flow wp-block-group-is-layout-flow\"><span class='article-list-item-author'>Meri Castro<\/span>\n\n<div class=\"wp-block-post-date\"><time datetime=\"2026-07-30T14:46:48-03:00\">30 julio 2026<\/time><\/div><\/div>\n<\/div>\n<\/div>\n\n<\/li><li class=\"wp-block-post post-35832 post type-post status-publish format-standard has-post-thumbnail hentry category-climayenergia tag-glaciares p4-page-type-blog\">\n\n<div class=\"wp-block-columns is-layout-flex wp-container-core-columns-is-layout-8f761849 wp-block-columns-is-layout-flex\"><figure class=\"wp-block-post-featured-image\"><a href=\"https:\/\/www.greenpeace.org\/argentina\/blog\/problemas\/climayenergia\/una-senal-de-alerta-para-quienes-defendemos-el-agua\/\" target=\"_self\"  ><img loading=\"lazy\" decoding=\"async\" data-ga-category=\"Posts List\" data-ga-action=\"Image\" data-ga-label=\"n\/a\" width=\"2560\" height=\"1706\" src=\"https:\/\/www.greenpeace.org\/static\/planet4-argentina-stateless\/2025\/12\/9c1f2c43-gpa_modificacionleyglaciares_06-scaled.jpg\" class=\"attachment-post-thumbnail size-post-thumbnail wp-post-image wp-stateless-item\" alt=\"Una se\u00f1al de alerta para quienes defendemos el agua.\" style=\"object-fit:cover;\" srcset=\"https:\/\/www.greenpeace.org\/static\/planet4-argentina-stateless\/2025\/12\/9c1f2c43-gpa_modificacionleyglaciares_06-scaled.jpg 2560w, https:\/\/www.greenpeace.org\/static\/planet4-argentina-stateless\/2025\/12\/9c1f2c43-gpa_modificacionleyglaciares_06-300x200.jpg 300w, https:\/\/www.greenpeace.org\/static\/planet4-argentina-stateless\/2025\/12\/9c1f2c43-gpa_modificacionleyglaciares_06-1024x683.jpg 1024w, https:\/\/www.greenpeace.org\/static\/planet4-argentina-stateless\/2025\/12\/9c1f2c43-gpa_modificacionleyglaciares_06-768x512.jpg 768w, https:\/\/www.greenpeace.org\/static\/planet4-argentina-stateless\/2025\/12\/9c1f2c43-gpa_modificacionleyglaciares_06-1536x1024.jpg 1536w, https:\/\/www.greenpeace.org\/static\/planet4-argentina-stateless\/2025\/12\/9c1f2c43-gpa_modificacionleyglaciares_06-2048x1366.jpg 2048w, https:\/\/www.greenpeace.org\/static\/planet4-argentina-stateless\/2025\/12\/9c1f2c43-gpa_modificacionleyglaciares_06-510x340.jpg 510w\" sizes=\"auto, (max-width: 2560px) 100vw, 2560px\" data-image-size=\"post-thumbnail\" data-stateless-media-bucket=\"planet4-argentina-stateless\" data-stateless-media-name=\"2025\/12\/9c1f2c43-gpa_modificacionleyglaciares_06-scaled.jpg\" \/><\/a><\/figure>\n\n\n<div class=\"wp-block-group is-layout-flow wp-block-group-is-layout-flow\">\n<div class=\"wp-block-group is-layout-flex wp-block-group-is-layout-flex\"><div class=\"wp-block-post-terms\"><a data-ga-category=\"Posts List\" data-ga-action=\"Post Type Tag\" data-ga-label=\"n\/a\" href=\"https:\/\/www.greenpeace.org\/argentina\/category\/problemas\/climayenergia\/\">Clima y Energ\u00eda<\/a><\/div>\n\n<div class=\"taxonomy-post_tag wp-block-post-terms\"><a data-ga-category=\"Posts List\" data-ga-action=\"Navigation Tag\" data-ga-label=\"n\/a\" href=\"https:\/\/www.greenpeace.org\/argentina\/tag\/glaciares\/\" rel=\"tag\">SalvemosLosGlaciares<\/a><\/div><\/div>\n\n\n<h3 class=\"wp-block-post-title\"><a data-ga-category=\"Posts List\" data-ga-action=\"Title\" data-ga-label=\"n\/a\" href=\"https:\/\/www.greenpeace.org\/argentina\/blog\/problemas\/climayenergia\/una-senal-de-alerta-para-quienes-defendemos-el-agua\/\" target=\"_self\" >Una se\u00f1al de alerta para quienes defendemos el agua.<\/a><\/h3>\n\n<div class=\"wp-block-post-excerpt\"><p class=\"wp-block-post-excerpt__excerpt\">C\u00f3mo eval\u00faa Greenpeace las recientes novedades sobre la cautelar presentada por el gobierno de La Pampa. <\/p><\/div>\n\n\n<div class=\"wp-block-group posts-list-meta is-layout-flow wp-block-group-is-layout-flow\"><span class='article-list-item-author'><a data-ga-category=\"Posts List\" data-ga-action=\"Author\" data-ga-label=\"n\/a\" href='https:\/\/www.greenpeace.org\/argentina\/author\/lvazquez\/'>Editor<\/a><\/span>\n\n<div class=\"wp-block-post-date\"><time datetime=\"2026-07-29T13:51:07-03:00\">29 julio 2026<\/time><\/div><\/div>\n<\/div>\n<\/div>\n\n<\/li><\/ul>\n\n\n<div class=\"wp-block-buttons carousel-controls is-horizontal is-content-justification-space-between is-nowrap is-layout-flex wp-container-core-buttons-is-layout-358af4b1 wp-block-buttons-is-layout-flex\">\n<div class=\"wp-block-button carousel-control-prev\"><button type=\"button\" class=\"wp-block-button__link wp-element-button\">Prev<\/button><\/div>\n\n\n\n<div class=\"wp-block-button carousel-control-next\"><button type=\"button\" class=\"wp-block-button__link wp-element-button\">Next<\/button><\/div>\n<\/div>\n\n\n<li class=\"wp-block-navigation-item see-all-link wp-block-navigation-link\"><a class=\"wp-block-navigation-item__content\"  href=\"http:\/\/www.greenpeace.org\/argentina\/news-stories\/?post-type=blog\"><span data-ga-category=\"Posts List\" data-ga-action=\"See More Link\" data-ga-label=\"n\/a\" class=\"wp-block-navigation-item__label\">Ver todos<\/span><\/a><\/li><\/div>\n\n\n\n<div class=\"wp-block-group is-style-reset-margin is-layout-flow wp-block-group-is-layout-flow\">\n<div class=\"wp-block-query actions-list p4-query-loop is-custom-layout-carousel is-layout-flex wp-block-query-is-layout-flex\">\n<h2 class=\"wp-block-heading\">Conoc\u00e9 nuestras campa\u00f1as y particip\u00e1<\/h2>\n\n\n\n<p class=\"wp-block-paragraph\" style=\"margin-top:24px;margin-bottom:32px\"><\/p>\n\n\n\n\n<ul class=\"wp-block-post-template is-layout-flow wp-block-post-template-is-layout-flow\"><li class=\"wp-block-post post-32414 page type-page status-publish has-post-thumbnail hentry category-bosques tag-chernobylsalteno\">\n<figure class=\"wp-block-post-featured-image\"><img loading=\"lazy\" decoding=\"async\" width=\"2560\" height=\"1707\" src=\"https:\/\/www.greenpeace.org\/static\/planet4-argentina-stateless\/2025\/11\/5c7122c6-pozo-petrolero-l.o.-x-10-en-salta-41-\u00a9-martin-katz-greenpeace-scaled.jpg\" class=\"attachment-post-thumbnail size-post-thumbnail wp-post-image wp-stateless-item\" alt=\"\" style=\"object-fit:cover;\" srcset=\"https:\/\/www.greenpeace.org\/static\/planet4-argentina-stateless\/2025\/11\/5c7122c6-pozo-petrolero-l.o.-x-10-en-salta-41-\u00a9-martin-katz-greenpeace-scaled.jpg 2560w, https:\/\/www.greenpeace.org\/static\/planet4-argentina-stateless\/2025\/11\/5c7122c6-pozo-petrolero-l.o.-x-10-en-salta-41-\u00a9-martin-katz-greenpeace-300x200.jpg 300w, https:\/\/www.greenpeace.org\/static\/planet4-argentina-stateless\/2025\/11\/5c7122c6-pozo-petrolero-l.o.-x-10-en-salta-41-\u00a9-martin-katz-greenpeace-1024x683.jpg 1024w, https:\/\/www.greenpeace.org\/static\/planet4-argentina-stateless\/2025\/11\/5c7122c6-pozo-petrolero-l.o.-x-10-en-salta-41-\u00a9-martin-katz-greenpeace-768x512.jpg 768w, https:\/\/www.greenpeace.org\/static\/planet4-argentina-stateless\/2025\/11\/5c7122c6-pozo-petrolero-l.o.-x-10-en-salta-41-\u00a9-martin-katz-greenpeace-1536x1024.jpg 1536w, https:\/\/www.greenpeace.org\/static\/planet4-argentina-stateless\/2025\/11\/5c7122c6-pozo-petrolero-l.o.-x-10-en-salta-41-\u00a9-martin-katz-greenpeace-2048x1366.jpg 2048w, https:\/\/www.greenpeace.org\/static\/planet4-argentina-stateless\/2025\/11\/5c7122c6-pozo-petrolero-l.o.-x-10-en-salta-41-\u00a9-martin-katz-greenpeace-510x340.jpg 510w\" sizes=\"auto, (max-width: 2560px) 100vw, 2560px\" data-image-size=\"post-thumbnail\" data-stateless-media-bucket=\"planet4-argentina-stateless\" data-stateless-media-name=\"2025\/11\/5c7122c6-pozo-petrolero-l.o.-x-10-en-salta-41-\u00a9-martin-katz-greenpeace-scaled.jpg\" \/><\/figure>\n\n\n<div class=\"wp-block-group group-stretched-link is-layout-flow wp-block-group-is-layout-flow\"><div class=\"wp-block-post-terms\">Bosques<\/div>\n\n<h3 class=\"wp-block-post-title\"><a data-ga-action=\"Call to Action\" data-ga-category=\"Actions List\" data-ga-label=\"n\/a\" href=\"https:\/\/www.greenpeace.org\/argentina\/participa\/chernobyl-salteno\/\" target=\"_self\" >Chernobyl salte\u00f1o<\/a><\/h3>\n\n<div class=\"wp-block-post-excerpt\"><p class=\"wp-block-post-excerpt__excerpt\">Frenemos el desastre ambiental\u00a0en Lomas de Olmedo X-10, Salta. <\/p><\/div><\/div>\n\n\n\n<div class=\"wp-block-group read-more-nav is-style-default is-layout-flow wp-block-group-is-layout-flow\"><a data-ga-action=\"Call to Action\" data-ga-category=\"Actions List\" data-ga-label=\"n\/a\" href=\"https:\/\/www.greenpeace.org\/argentina\/participa\/chernobyl-salteno\/\" class=\"btn btn-primary btn-small\" aria-label=\"Particip\u00e1\">Particip\u00e1<\/a><\/div>\n\n<\/li><li class=\"wp-block-post post-35903 page type-page status-publish has-post-thumbnail hentry category-climayenergia tag-cambio-climatico\">\n<figure class=\"wp-block-post-featured-image\"><img loading=\"lazy\" decoding=\"async\" width=\"2500\" height=\"1668\" src=\"https:\/\/www.greenpeace.org\/static\/planet4-argentina-stateless\/2026\/07\/7b3898f5-gpa_3264-\u00a9-martin-katz-greenpeace.jpg\" class=\"attachment-post-thumbnail size-post-thumbnail wp-post-image wp-stateless-item\" alt=\"\" style=\"object-fit:cover;\" srcset=\"https:\/\/www.greenpeace.org\/static\/planet4-argentina-stateless\/2026\/07\/7b3898f5-gpa_3264-\u00a9-martin-katz-greenpeace.jpg 2500w, https:\/\/www.greenpeace.org\/static\/planet4-argentina-stateless\/2026\/07\/7b3898f5-gpa_3264-\u00a9-martin-katz-greenpeace-300x200.jpg 300w, https:\/\/www.greenpeace.org\/static\/planet4-argentina-stateless\/2026\/07\/7b3898f5-gpa_3264-\u00a9-martin-katz-greenpeace-1024x683.jpg 1024w, https:\/\/www.greenpeace.org\/static\/planet4-argentina-stateless\/2026\/07\/7b3898f5-gpa_3264-\u00a9-martin-katz-greenpeace-768x512.jpg 768w, https:\/\/www.greenpeace.org\/static\/planet4-argentina-stateless\/2026\/07\/7b3898f5-gpa_3264-\u00a9-martin-katz-greenpeace-1536x1025.jpg 1536w, https:\/\/www.greenpeace.org\/static\/planet4-argentina-stateless\/2026\/07\/7b3898f5-gpa_3264-\u00a9-martin-katz-greenpeace-2048x1366.jpg 2048w, https:\/\/www.greenpeace.org\/static\/planet4-argentina-stateless\/2026\/07\/7b3898f5-gpa_3264-\u00a9-martin-katz-greenpeace-510x340.jpg 510w\" sizes=\"auto, (max-width: 2500px) 100vw, 2500px\" data-image-size=\"post-thumbnail\" data-stateless-media-bucket=\"planet4-argentina-stateless\" data-stateless-media-name=\"2026\/07\/7b3898f5-gpa_3264-\u00a9-martin-katz-greenpeace.jpg\" \/><\/figure>\n\n\n<div class=\"wp-block-group group-stretched-link is-layout-flow wp-block-group-is-layout-flow\"><div class=\"wp-block-post-terms\">Clima y Energ\u00eda<\/div>\n\n<h3 class=\"wp-block-post-title\"><a data-ga-action=\"Call to Action\" data-ga-category=\"Actions List\" data-ga-label=\"n\/a\" href=\"https:\/\/www.greenpeace.org\/argentina\/participa\/crisis-climatica\/\" target=\"_self\" >Crisis clim\u00e1tica<\/a><\/h3>\n\n<div class=\"wp-block-post-excerpt\"><p class=\"wp-block-post-excerpt__excerpt\">Exig\u00ed acciones urgentes para mitigar y enfrentar la actual crisis clim\u00e1tica. <\/p><\/div><\/div>\n\n\n\n<div class=\"wp-block-group read-more-nav is-style-default is-layout-flow wp-block-group-is-layout-flow\"><a data-ga-action=\"Call to Action\" data-ga-category=\"Actions List\" data-ga-label=\"n\/a\" href=\"https:\/\/www.greenpeace.org\/argentina\/participa\/crisis-climatica\/\" class=\"btn btn-primary btn-small\" aria-label=\"Particip\u00e1\">Particip\u00e1<\/a><\/div>\n\n<\/li><li class=\"wp-block-post post-4400 page type-page status-publish has-post-thumbnail hentry category-bosques tag-destruirbosquesesuncrimen\">\n<figure class=\"wp-block-post-featured-image\"><img loading=\"lazy\" decoding=\"async\" width=\"2000\" height=\"1334\" src=\"https:\/\/www.greenpeace.org\/static\/planet4-argentina-stateless\/2020\/03\/bc092866-gpa_topadoraschaco_03-2.jpg\" class=\"attachment-post-thumbnail size-post-thumbnail wp-post-image wp-stateless-item\" alt=\"Topadora deforestando en Chaco.\" style=\"object-fit:cover;\" srcset=\"https:\/\/www.greenpeace.org\/static\/planet4-argentina-stateless\/2020\/03\/bc092866-gpa_topadoraschaco_03-2.jpg 2000w, https:\/\/www.greenpeace.org\/static\/planet4-argentina-stateless\/2020\/03\/bc092866-gpa_topadoraschaco_03-2-300x200.jpg 300w, https:\/\/www.greenpeace.org\/static\/planet4-argentina-stateless\/2020\/03\/bc092866-gpa_topadoraschaco_03-2-1024x683.jpg 1024w, https:\/\/www.greenpeace.org\/static\/planet4-argentina-stateless\/2020\/03\/bc092866-gpa_topadoraschaco_03-2-768x512.jpg 768w, https:\/\/www.greenpeace.org\/static\/planet4-argentina-stateless\/2020\/03\/bc092866-gpa_topadoraschaco_03-2-1536x1025.jpg 1536w, https:\/\/www.greenpeace.org\/static\/planet4-argentina-stateless\/2020\/03\/bc092866-gpa_topadoraschaco_03-2-510x340.jpg 510w\" sizes=\"auto, (max-width: 2000px) 100vw, 2000px\" data-image-size=\"post-thumbnail\" data-stateless-media-bucket=\"planet4-argentina-stateless\" data-stateless-media-name=\"2020\/03\/bc092866-gpa_topadoraschaco_03-2.jpg\" \/><\/figure>\n\n\n<div class=\"wp-block-group group-stretched-link is-layout-flow wp-block-group-is-layout-flow\"><div class=\"wp-block-post-terms\">Bosques<\/div>\n\n<h3 class=\"wp-block-post-title\"><a data-ga-action=\"Call to Action\" data-ga-category=\"Actions List\" data-ga-label=\"n\/a\" href=\"https:\/\/www.greenpeace.org\/argentina\/participa\/deforestacion-cero-en-el-norte-de-argentina\/\" target=\"_self\" >Destruir bosques es un crimen<\/a><\/h3>\n\n<div class=\"wp-block-post-excerpt\"><p class=\"wp-block-post-excerpt__excerpt\">Exig\u00ed que se establezcan penas de prisi\u00f3n para los responsables de desmontes e incendios forestales. <\/p><\/div><\/div>\n\n\n\n<div class=\"wp-block-group read-more-nav is-style-default is-layout-flow wp-block-group-is-layout-flow\"><a data-ga-action=\"Call to Action\" data-ga-category=\"Actions List\" data-ga-label=\"n\/a\" href=\"https:\/\/www.greenpeace.org\/argentina\/participa\/deforestacion-cero-en-el-norte-de-argentina\/\" class=\"btn btn-primary btn-small\" aria-label=\"Particip\u00e1\">Particip\u00e1<\/a><\/div>\n\n<\/li><li class=\"wp-block-post post-608 page type-page status-publish has-post-thumbnail hentry category-climayenergia tag-glaciares\">\n<figure class=\"wp-block-post-featured-image\"><img loading=\"lazy\" decoding=\"async\" width=\"1835\" height=\"561\" src=\"https:\/\/www.greenpeace.org\/static\/planet4-argentina-stateless\/2026\/04\/84c9c6e1-bannerheroook.jpg\" class=\"attachment-post-thumbnail size-post-thumbnail wp-post-image wp-stateless-item\" alt=\"\" style=\"object-fit:cover;\" srcset=\"https:\/\/www.greenpeace.org\/static\/planet4-argentina-stateless\/2026\/04\/84c9c6e1-bannerheroook.jpg 1835w, https:\/\/www.greenpeace.org\/static\/planet4-argentina-stateless\/2026\/04\/84c9c6e1-bannerheroook-300x92.jpg 300w, https:\/\/www.greenpeace.org\/static\/planet4-argentina-stateless\/2026\/04\/84c9c6e1-bannerheroook-1024x313.jpg 1024w, https:\/\/www.greenpeace.org\/static\/planet4-argentina-stateless\/2026\/04\/84c9c6e1-bannerheroook-768x235.jpg 768w, https:\/\/www.greenpeace.org\/static\/planet4-argentina-stateless\/2026\/04\/84c9c6e1-bannerheroook-1536x470.jpg 1536w, https:\/\/www.greenpeace.org\/static\/planet4-argentina-stateless\/2026\/04\/84c9c6e1-bannerheroook-510x156.jpg 510w\" sizes=\"auto, (max-width: 1835px) 100vw, 1835px\" data-image-size=\"post-thumbnail\" data-stateless-media-bucket=\"planet4-argentina-stateless\" data-stateless-media-name=\"2026\/04\/84c9c6e1-bannerheroook.jpg\" \/><\/figure>\n\n\n<div class=\"wp-block-group group-stretched-link is-layout-flow wp-block-group-is-layout-flow\"><div class=\"wp-block-post-terms\">Clima y Energ\u00eda<\/div>\n\n<h3 class=\"wp-block-post-title\"><a data-ga-action=\"Call to Action\" data-ga-category=\"Actions List\" data-ga-label=\"n\/a\" href=\"https:\/\/www.greenpeace.org\/argentina\/participa\/glaciares-en-peligro\/\" target=\"_self\" >Glaciares: hielos en peligro<\/a><\/h3>\n\n<div class=\"wp-block-post-excerpt\"><p class=\"wp-block-post-excerpt__excerpt\">S\u00e9 parte de la demanda colectiva m\u00e1s grande de la historia para defender el agua. <\/p><\/div><\/div>\n\n\n\n<div class=\"wp-block-group read-more-nav is-style-default is-layout-flow wp-block-group-is-layout-flow\"><a data-ga-action=\"Call to Action\" data-ga-category=\"Actions List\" data-ga-label=\"n\/a\" href=\"https:\/\/www.greenpeace.org\/argentina\/participa\/glaciares-en-peligro\/\" class=\"btn btn-primary btn-small\" aria-label=\"Particip\u00e1\">Particip\u00e1<\/a><\/div>\n\n<\/li><\/ul>\n\n\n<nav aria-label=\"Actions List carousel controls\" class=\"wp-block-group carousel-controls is-layout-flow wp-block-group-is-layout-flow\">\n<div class=\"wp-block-buttons is-horizontal is-content-justification-space-between is-nowrap is-layout-flex wp-container-core-buttons-is-layout-358af4b1 wp-block-buttons-is-layout-flex\">\n<div class=\"wp-block-button carousel-control-prev\"><button type=\"button\" class=\"wp-block-button__link wp-element-button\">Previous Carousel Slide<\/button><\/div>\n\n\n\n<div class=\"wp-block-button carousel-control-next\"><button type=\"button\" class=\"wp-block-button__link wp-element-button\">Next Carousel Slide<\/button><\/div>\n<\/div>\n<\/nav>\n\n\n\n<div class=\"wp-block-buttons load-more-actions-container is-content-justification-center is-layout-flex wp-container-core-buttons-is-layout-fe48e5de wp-block-buttons-is-layout-flex\">\n<div class=\"wp-block-button is-style-secondary\"><button type=\"button\" class=\"wp-block-button__link wp-element-button\">Mostrar m\u00e1s<\/button><\/div>\n<\/div>\n<\/div>\n<\/div>\n<\/div>\n\n<div class=\"wp-block-group alignfull block has-beige-100-background-color has-background is-layout-flow wp-block-group-is-layout-flow\" style=\"padding-top:80px;padding-bottom:80px\">\n<h2 class=\"wp-block-heading has-text-align-center\" style=\"margin-bottom:24px\">Conoc\u00e9 los distintos contenidos de Greenpeace<\/h2>\n\n\n\n<div class=\"wp-block-group container is-layout-flow wp-block-group-is-layout-flow\">\n<p class=\"has-text-align-center my-0 wp-block-paragraph\">Series, podcast, documentales, programas y mucho m\u00e1s!<\/p>\n\n\n\n<div style=\"height:20px\" aria-hidden=\"true\" class=\"wp-block-spacer\"><\/div>\n\n\n\n<div class=\"wp-block-columns are-vertically-aligned-center is-layout-flex wp-container-core-columns-is-layout-8f761849 wp-block-columns-is-layout-flex\">\n<div class=\"wp-block-column is-vertically-aligned-center is-layout-flow wp-block-column-is-layout-flow\">\n<div class=\"wp-block-group has-white-background-color has-background is-horizontal is-content-justification-left is-nowrap is-layout-flex wp-container-core-group-is-layout-82721534 wp-block-group-is-layout-flex\" style=\"border-radius:4px;padding-top:10px;padding-right:16px;padding-bottom:10px;padding-left:16px\">\n<figure class=\"wp-block-image size-large is-resized force-no-lightbox force-no-caption my-0 square-40 is-style-default\"><img loading=\"lazy\" decoding=\"async\" width=\"1024\" height=\"682\" title=\"Serie Lina y los amigos del arco\u00edris\" src=\"https:\/\/www.greenpeace.org\/static\/planet4-argentina-stateless\/2023\/08\/ebd4856b-poster_season_2-horizontal-1024x682.jpg\" alt=\"\" class=\"wp-image-21107\" style=\"width:40px;height:40px\" srcset=\"https:\/\/www.greenpeace.org\/static\/planet4-argentina-stateless\/2023\/08\/ebd4856b-poster_season_2-horizontal-1024x682.jpg 1024w, https:\/\/www.greenpeace.org\/static\/planet4-argentina-stateless\/2023\/08\/ebd4856b-poster_season_2-horizontal-300x200.jpg 300w, https:\/\/www.greenpeace.org\/static\/planet4-argentina-stateless\/2023\/08\/ebd4856b-poster_season_2-horizontal-768x512.jpg 768w, https:\/\/www.greenpeace.org\/static\/planet4-argentina-stateless\/2023\/08\/ebd4856b-poster_season_2-horizontal-510x340.jpg 510w, https:\/\/www.greenpeace.org\/static\/planet4-argentina-stateless\/2023\/08\/ebd4856b-poster_season_2-horizontal.jpg 1300w\" sizes=\"auto, (max-width: 1024px) 100vw, 1024px\" \/><\/figure>\n\n\n\n<h3 class=\"wp-block-heading has-text-align-left w-auto\" style=\"margin-top:0px;margin-bottom:0px;margin-left:16px;font-size:1rem\">Serie infantil: <br>&#8220;Lina y los amigos del Arco\u00edris&#8221;<\/h3>\n<\/div>\n<\/div>\n\n\n\n<div class=\"wp-block-column is-layout-flow wp-block-column-is-layout-flow\">\n<div class=\"wp-block-group is-style-default has-white-background-color has-background is-horizontal is-content-justification-left is-nowrap is-layout-flex wp-container-core-group-is-layout-82721534 wp-block-group-is-layout-flex\" style=\"border-radius:4px;padding-top:10px;padding-right:16px;padding-bottom:10px;padding-left:16px\">\n<figure class=\"wp-block-image size-large is-resized force-no-lightbox force-no-caption my-0 square-40\"><img loading=\"lazy\" decoding=\"async\" width=\"1024\" height=\"626\" title=\"imagenopenrevista\" src=\"https:\/\/www.greenpeace.org\/static\/planet4-argentina-stateless\/2023\/10\/fed579c2-imagenopenrevista-1-1024x626.png\" alt=\"Revista: Semillas andinas\" class=\"wp-image-21832\" style=\"width:40px;height:40px\" srcset=\"https:\/\/www.greenpeace.org\/static\/planet4-argentina-stateless\/2023\/10\/fed579c2-imagenopenrevista-1-1024x626.png 1024w, https:\/\/www.greenpeace.org\/static\/planet4-argentina-stateless\/2023\/10\/fed579c2-imagenopenrevista-1-300x184.png 300w, https:\/\/www.greenpeace.org\/static\/planet4-argentina-stateless\/2023\/10\/fed579c2-imagenopenrevista-1-768x470.png 768w, https:\/\/www.greenpeace.org\/static\/planet4-argentina-stateless\/2023\/10\/fed579c2-imagenopenrevista-1-1536x940.png 1536w, https:\/\/www.greenpeace.org\/static\/planet4-argentina-stateless\/2023\/10\/fed579c2-imagenopenrevista-1-510x312.png 510w, https:\/\/www.greenpeace.org\/static\/planet4-argentina-stateless\/2023\/10\/fed579c2-imagenopenrevista-1.png 1808w\" sizes=\"auto, (max-width: 1024px) 100vw, 1024px\" \/><\/figure>\n\n\n\n<h3 class=\"wp-block-heading has-text-align-left w-auto\" style=\"margin-top:0px;margin-bottom:0px;margin-left:16px;font-size:1rem\">Revista digital:<br>&#8220;Semillas Andinas&#8221;<\/h3>\n<\/div>\n<\/div>\n\n\n\n<div class=\"wp-block-column is-layout-flow wp-block-column-is-layout-flow\">\n<div class=\"wp-block-group group-stretched-link has-white-background-color has-background is-horizontal is-content-justification-left is-nowrap is-layout-flex wp-container-core-group-is-layout-5b465b15 wp-block-group-is-layout-flex\" style=\"border-radius:4px;padding-top:10px;padding-right:16px;padding-bottom:10px;padding-left:16px\">\n<figure class=\"wp-block-image size-full is-resized force-no-lightbox force-no-caption my-0 square-40\"><img loading=\"lazy\" decoding=\"async\" width=\"213\" height=\"118\" title=\"logo-fondo\" src=\"https:\/\/www.greenpeace.org\/static\/planet4-argentina-stateless\/2025\/03\/73b6787a-logo-fondo.jpg\" alt=\"\" class=\"wp-image-27368\" style=\"width:40px;height:40px\"\/><figcaption class=\"wp-element-caption\">7\/ 2013. Salta. Fotos a\u00e9reas del desmonte en la Finca La Maravilla, Provincia de Salta. <\/figcaption><\/figure>\n\n\n\n<h3 class=\"wp-block-heading has-text-align-left w-auto\" style=\"margin-top:0px;margin-bottom:0px;margin-left:16px;font-size:1rem\"><a href=\"https:\/\/www.greenpeace.org\/argentina\/gpenlasescuelas\/\">Programa educativo:<\/a><br>&#8220;<a href=\"https:\/\/www.greenpeace.org\/argentina\/gpenlasescuelas\/\">Greenpeace en las Escuelas&#8221;<\/a><\/h3>\n<\/div>\n<\/div>\n<\/div>\n\n\n\n<div class=\"wp-block-columns are-vertically-aligned-center is-layout-flex wp-container-core-columns-is-layout-8f761849 wp-block-columns-is-layout-flex\">\n<div class=\"wp-block-column is-vertically-aligned-center is-layout-flow wp-block-column-is-layout-flow\">\n<div class=\"wp-block-columns are-vertically-aligned-top is-layout-flex wp-container-core-columns-is-layout-8f761849 wp-block-columns-is-layout-flex\">\n<div class=\"wp-block-column is-vertically-aligned-top is-layout-flow wp-block-column-is-layout-flow\" style=\"flex-basis:100%\">\n<div class=\"wp-block-columns is-layout-flex wp-container-core-columns-is-layout-8f761849 wp-block-columns-is-layout-flex\">\n<div class=\"wp-block-column is-layout-flow wp-block-column-is-layout-flow\">\n<div class=\"wp-block-group has-white-background-color has-background is-horizontal is-content-justification-left is-nowrap is-layout-flex wp-container-core-group-is-layout-5b465b15 wp-block-group-is-layout-flex\" style=\"border-radius:4px;padding-top:10px;padding-right:16px;padding-bottom:10px;padding-left:16px\">\n<figure class=\"wp-block-image size-large is-resized force-no-lightbox force-no-caption my-0 square-40\"><img loading=\"lazy\" decoding=\"async\" width=\"1024\" height=\"421\" title=\"WebSonidoAmbienteBanner-2\" src=\"https:\/\/www.greenpeace.org\/static\/planet4-argentina-stateless\/2023\/03\/e8ccad88-websonidoambientebanner-2-1024x421.png\" alt=\"\" class=\"wp-image-18372\" style=\"width:40px;height:40px\" srcset=\"https:\/\/www.greenpeace.org\/static\/planet4-argentina-stateless\/2023\/03\/e8ccad88-websonidoambientebanner-2-1024x421.png 1024w, https:\/\/www.greenpeace.org\/static\/planet4-argentina-stateless\/2023\/03\/e8ccad88-websonidoambientebanner-2-300x123.png 300w, https:\/\/www.greenpeace.org\/static\/planet4-argentina-stateless\/2023\/03\/e8ccad88-websonidoambientebanner-2-768x316.png 768w, https:\/\/www.greenpeace.org\/static\/planet4-argentina-stateless\/2023\/03\/e8ccad88-websonidoambientebanner-2-510x210.png 510w, https:\/\/www.greenpeace.org\/static\/planet4-argentina-stateless\/2023\/03\/e8ccad88-websonidoambientebanner-2.png 1036w\" sizes=\"auto, (max-width: 1024px) 100vw, 1024px\" \/><\/figure>\n\n\n\n<h3 class=\"wp-block-heading has-text-align-left w-auto\" style=\"margin-top:0px;margin-bottom:0px;margin-left:16px;font-size:1rem\">Podcast: <br>&#8220;Sonido ambiente&#8221;<\/h3>\n<\/div>\n<\/div>\n<\/div>\n<\/div>\n<\/div>\n<\/div>\n\n\n\n<div class=\"wp-block-column is-layout-flow wp-block-column-is-layout-flow\">\n<div class=\"wp-block-group is-style-default has-white-background-color has-background is-horizontal is-content-justification-left is-nowrap is-layout-flex wp-container-core-group-is-layout-82721534 wp-block-group-is-layout-flex\" style=\"border-radius:4px;padding-top:10px;padding-right:16px;padding-bottom:10px;padding-left:16px\">\n<figure class=\"wp-block-image size-large is-resized force-no-lightbox force-no-caption my-0 square-40\"><img loading=\"lazy\" decoding=\"async\" width=\"1024\" height=\"683\" title=\"Greenpeace celebr\u00f3 la presentaci\u00f3n de su documental \u201cPor Ac\u00e1 No\u201d\" src=\"https:\/\/www.greenpeace.org\/static\/planet4-argentina-stateless\/2022\/04\/f963d3d5-avant-premier-credito-santiago-saferstein-greenpeace-37-1024x683.jpg\" alt=\"\" class=\"wp-image-15561\" style=\"width:40px;height:40px\" srcset=\"https:\/\/www.greenpeace.org\/static\/planet4-argentina-stateless\/2022\/04\/f963d3d5-avant-premier-credito-santiago-saferstein-greenpeace-37-1024x683.jpg 1024w, https:\/\/www.greenpeace.org\/static\/planet4-argentina-stateless\/2022\/04\/f963d3d5-avant-premier-credito-santiago-saferstein-greenpeace-37-300x200.jpg 300w, https:\/\/www.greenpeace.org\/static\/planet4-argentina-stateless\/2022\/04\/f963d3d5-avant-premier-credito-santiago-saferstein-greenpeace-37-768x512.jpg 768w, https:\/\/www.greenpeace.org\/static\/planet4-argentina-stateless\/2022\/04\/f963d3d5-avant-premier-credito-santiago-saferstein-greenpeace-37-1536x1024.jpg 1536w, https:\/\/www.greenpeace.org\/static\/planet4-argentina-stateless\/2022\/04\/f963d3d5-avant-premier-credito-santiago-saferstein-greenpeace-37-2048x1366.jpg 2048w, https:\/\/www.greenpeace.org\/static\/planet4-argentina-stateless\/2022\/04\/f963d3d5-avant-premier-credito-santiago-saferstein-greenpeace-37-510x340.jpg 510w\" sizes=\"auto, (max-width: 1024px) 100vw, 1024px\" \/><figcaption class=\"wp-element-caption\">Con la llegada del barco de Greenpeace Arctic Sunrise a Buenos Aires, luego de una traves\u00eda de un mes por el Mar Argentino, la organizaci\u00f3n ambientalista celebr\u00f3 la Avant Premiere de su primer documental sobre una de las mayores amenazas para el Mar Argentino. Natalie Perez y el Chino Dar\u00edn, protagonistas del filme, participaron del evento y dieron testimonio de su experiencia en la producci\u00f3n que denuncia el desastre ecol\u00f3gico que es capaz de generar la actividad petrolera sobre las aguas argentinas. Diego Poggi sum\u00f3 su testimonio, mediante un v\u00eddeo,  previo a la proyecci\u00f3n del documental.<\/figcaption><\/figure>\n\n\n\n<h3 class=\"wp-block-heading has-text-align-left w-auto\" style=\"margin-top:0px;margin-bottom:0px;margin-left:16px;font-size:1rem\">Documental: <br>&#8220;Por ac\u00e1, no!&#8221;<\/h3>\n<\/div>\n<\/div>\n\n\n\n<div class=\"wp-block-column is-layout-flow wp-block-column-is-layout-flow\">\n<div class=\"wp-block-group group-stretched-link has-white-background-color has-background is-horizontal is-content-justification-left is-nowrap is-layout-flex wp-container-core-group-is-layout-5b465b15 wp-block-group-is-layout-flex\" style=\"border-radius:4px;padding-top:10px;padding-right:16px;padding-bottom:10px;padding-left:16px\">\n<figure class=\"wp-block-image size-large is-resized force-no-lightbox force-no-caption my-0 square-40\"><img loading=\"lazy\" decoding=\"async\" width=\"1024\" height=\"857\" title=\"61f78375-fuego-cero-lineup-1000x1000-1\" src=\"https:\/\/www.greenpeace.org\/static\/planet4-argentina-stateless\/2020\/09\/61f78375-fuego-cero-lineup-1000x1000-1-e1696513312118-1024x857.jpg\" alt=\"\" class=\"wp-image-10776\" style=\"width:40px;height:40px\" srcset=\"https:\/\/www.greenpeace.org\/static\/planet4-argentina-stateless\/2020\/09\/61f78375-fuego-cero-lineup-1000x1000-1-e1696513312118-1024x857.jpg 1024w, https:\/\/www.greenpeace.org\/static\/planet4-argentina-stateless\/2020\/09\/61f78375-fuego-cero-lineup-1000x1000-1-e1696513312118-300x251.jpg 300w, https:\/\/www.greenpeace.org\/static\/planet4-argentina-stateless\/2020\/09\/61f78375-fuego-cero-lineup-1000x1000-1-e1696513312118-768x643.jpg 768w, https:\/\/www.greenpeace.org\/static\/planet4-argentina-stateless\/2020\/09\/61f78375-fuego-cero-lineup-1000x1000-1-e1696513312118-406x340.jpg 406w, https:\/\/www.greenpeace.org\/static\/planet4-argentina-stateless\/2020\/09\/61f78375-fuego-cero-lineup-1000x1000-1-e1696513312118.jpg 1120w\" sizes=\"auto, (max-width: 1024px) 100vw, 1024px\" \/><\/figure>\n\n\n\n<h3 class=\"wp-block-heading has-text-align-left w-auto\" style=\"margin-top:0px;margin-bottom:0px;margin-left:16px;font-size:1rem\">Marcha virtual:<br>&#8220;Fuego Cero&#8221;<\/h3>\n<\/div>\n<\/div>\n<\/div>\n\n\n\n<div class=\"wp-block-buttons is-content-justification-center is-layout-flex wp-container-core-buttons-is-layout-fe48e5de wp-block-buttons-is-layout-flex\">\n<div class=\"wp-block-button has-custom-width wp-block-button__width-50 is-style-secondary\"><a class=\"wp-block-button__link wp-element-button\" href=\"https:\/\/www.greenpeace.org\/argentina\/informate\/\">Explor\u00e1 todo<\/a><\/div>\n<\/div>\n<\/div>\n<\/div>\n\n<div style=\"height:30px\" aria-hidden=\"true\" class=\"wp-block-spacer\"><\/div>\n\n<div class=\"wp-block-media-text alignwide is-stacked-on-mobile is-vertically-aligned-center block is-style-default\"><figure class=\"wp-block-media-text__media\"><img loading=\"lazy\" decoding=\"async\" width=\"2048\" height=\"1366\" src=\"https:\/\/www.greenpeace.org\/static\/planet4-argentina-stateless-develop\/2022\/05\/1888e10c-gpa-desmonte-3-formosa-3-2048x1366.jpg\" alt=\"\" sizes=\"auto, (min-width: 1600px) calc((1320px - 24px) \/ 2),(min-width: 1200px) calc((1140px - 24px) \/ 2),(min-width: 992px) calc((960px - 24px) \/ 2),(min-width: 768px) calc((720px - 24px) \/ 2),(min-width: 601px) calc((540px - 24px) \/ 2),(min-width: 577px) calc((540px - 24px) \/ 1), calc(100vw - 24px)\" srcset=\"https:\/\/www.greenpeace.org\/static\/planet4-argentina-stateless\/2022\/05\/1888e10c-gpa-desmonte-3-formosa-3-scaled.jpg 2560w, https:\/\/www.greenpeace.org\/static\/planet4-argentina-stateless\/2022\/05\/1888e10c-gpa-desmonte-3-formosa-3-300x200.jpg 300w, https:\/\/www.greenpeace.org\/static\/planet4-argentina-stateless\/2022\/05\/1888e10c-gpa-desmonte-3-formosa-3-1024x683.jpg 1024w, https:\/\/www.greenpeace.org\/static\/planet4-argentina-stateless\/2022\/05\/1888e10c-gpa-desmonte-3-formosa-3-768x512.jpg 768w, https:\/\/www.greenpeace.org\/static\/planet4-argentina-stateless\/2022\/05\/1888e10c-gpa-desmonte-3-formosa-3-1536x1024.jpg 1536w, https:\/\/www.greenpeace.org\/static\/planet4-argentina-stateless\/2022\/05\/1888e10c-gpa-desmonte-3-formosa-3-2048x1366.jpg 2048w, https:\/\/www.greenpeace.org\/static\/planet4-argentina-stateless\/2022\/05\/1888e10c-gpa-desmonte-3-formosa-3-510x340.jpg 510w\" class=\"wp-image-15890 size-retina-large\"\/><\/figure><div class=\"wp-block-media-text__content\">\n<h3 class=\"wp-block-heading has-large-font-size\">Qui\u00e9nes Somos<\/h3>\n\n\n\n<p class=\"wp-block-paragraph\">Trabajamos para defender el medio ambiente, promover la paz y estimular a las personas para que cambien actitudes y comportamientos que ponen en riesgo a la naturaleza.<br><\/p>\n\n\n\n<div class=\"wp-block-buttons is-layout-flex wp-block-buttons-is-layout-flex\">\n<div class=\"wp-block-button\"><a class=\"wp-block-button__link wp-element-button\" href=\"https:\/\/www.greenpeace.org\/argentina\/conocenos\/\" rel=\"https:\/\/www.greenpeace.org\/argentina\/sobre-nosotros\/\">CONOCENOS<\/a><\/div>\n<\/div>\n<\/div><\/div>\n\n<div style=\"height:30px\" aria-hidden=\"true\" class=\"wp-block-spacer\"><\/div>\n\n<div class=\"wp-block-media-text alignwide has-media-on-the-right is-stacked-on-mobile is-vertically-aligned-center\"><div class=\"wp-block-media-text__content\">\n<h3 class=\"wp-block-heading has-large-font-size\">Flota Greenpeace<\/h3>\n\n\n\n<p class=\"wp-block-paragraph\">El Rainbow Warrior, el Arctic Sunrise y el Witness son fundamentales para llevar a cabo campa\u00f1as alrededor del mundo.<\/p>\n\n\n\n<div class=\"wp-block-buttons is-layout-flex wp-block-buttons-is-layout-flex\">\n<div class=\"wp-block-button\"><a class=\"wp-block-button__link wp-element-button\" href=\"https:\/\/www.greenpeace.org\/argentina\/nuestros-barcos\/\">NUESTROS BARCOS<\/a><\/div>\n<\/div>\n<\/div><figure class=\"wp-block-media-text__media\"><img loading=\"lazy\" decoding=\"async\" width=\"1024\" height=\"683\" src=\"https:\/\/www.greenpeace.org\/static\/planet4-argentina-stateless\/2021\/04\/63f81319-rw3-1024x683.jpg\" alt=\"\" sizes=\"auto, (min-width: 1600px) calc((1320px - 24px) \/ 2),(min-width: 1200px) calc((1140px - 24px) \/ 2),(min-width: 992px) calc((960px - 24px) \/ 2),(min-width: 768px) calc((720px - 24px) \/ 2),(min-width: 601px) calc((540px - 24px) \/ 2),(min-width: 577px) calc((540px - 24px) \/ 1), calc(100vw - 24px)\" srcset=\"https:\/\/www.greenpeace.org\/static\/planet4-argentina-stateless\/2021\/04\/63f81319-rw3.jpg 2500w, https:\/\/www.greenpeace.org\/static\/planet4-argentina-stateless\/2021\/04\/63f81319-rw3-300x200.jpg 300w, https:\/\/www.greenpeace.org\/static\/planet4-argentina-stateless\/2021\/04\/63f81319-rw3-1024x683.jpg 1024w, https:\/\/www.greenpeace.org\/static\/planet4-argentina-stateless\/2021\/04\/63f81319-rw3-768x512.jpg 768w, https:\/\/www.greenpeace.org\/static\/planet4-argentina-stateless\/2021\/04\/63f81319-rw3-1536x1024.jpg 1536w, https:\/\/www.greenpeace.org\/static\/planet4-argentina-stateless\/2021\/04\/63f81319-rw3-2048x1366.jpg 2048w, https:\/\/www.greenpeace.org\/static\/planet4-argentina-stateless\/2021\/04\/63f81319-rw3-510x340.jpg 510w\" class=\"wp-image-12173 size-full\"\/><\/figure><\/div>\n\n<div style=\"height:30px\" aria-hidden=\"true\" class=\"wp-block-spacer\"><\/div>\n\n<div class=\"wp-block-media-text alignwide is-stacked-on-mobile is-vertically-aligned-center\"><figure class=\"wp-block-media-text__media\"><img loading=\"lazy\" decoding=\"async\" width=\"400\" height=\"268\" src=\"https:\/\/www.greenpeace.org\/static\/planet4-argentina-stateless\/2023\/07\/eae731a3-banner_congreso.jpg\" alt=\"\" sizes=\"auto, (min-width: 1600px) calc((1320px - 24px) \/ 2),(min-width: 1200px) calc((1140px - 24px) \/ 2),(min-width: 992px) calc((960px - 24px) \/ 2),(min-width: 768px) calc((720px - 24px) \/ 2),(min-width: 601px) calc((540px - 24px) \/ 2),(min-width: 577px) calc((540px - 24px) \/ 1), calc(100vw - 24px)\" srcset=\"https:\/\/www.greenpeace.org\/static\/planet4-argentina-stateless\/2023\/07\/eae731a3-banner_congreso.jpg 400w, https:\/\/www.greenpeace.org\/static\/planet4-argentina-stateless\/2023\/07\/eae731a3-banner_congreso-300x201.jpg 300w\" class=\"wp-image-20275 size-full\"\/><\/figure><div class=\"wp-block-media-text__content\">\n<h3 class=\"wp-block-heading is-style-default has-large-font-size\">Victorias<\/h3>\n\n\n\n<p class=\"wp-block-paragraph\">Descubr\u00ed lo que conseguimos junto al apoyo de miles de personas.<br>Victorias y hechos destacados en Argentina.<\/p>\n\n\n\n<div class=\"wp-block-buttons is-layout-flex wp-block-buttons-is-layout-flex\">\n<div class=\"wp-block-button\"><a class=\"wp-block-button__link wp-element-button\" href=\"https:\/\/www.greenpeace.org\/argentina\/campanas-ganadas\/\">CAMPA\u00d1AS GANADAS<\/a><\/div>\n<\/div>\n<\/div><\/div>\n","protected":false},"excerpt":{"rendered":"<p>Somos una organizaci\u00f3n sin fines de lucro, independiente, que no acepta donaciones de gobiernos, empresas o partidos pol\u00edticos.<\/p>\n","protected":false},"author":40,"featured_media":15439,"parent":0,"menu_order":0,"comment_status":"closed","ping_status":"closed","template":"","meta":{"ep_exclude_from_search":false,"p4_hide_page_title_checkbox":"on","p4_title":"","p4_subtitle":"","p4_description":"","background_image_id":"","background_image":"","p4_button_title":"","p4_button_link":"","p4_button_link_checkbox":"","p4_og_title":"","p4_og_description":"","p4_og_image":"","p4_og_image_id":"","p4_seo_canonical_url":"","p4_campaign_name":"not set","p4_local_project":"not set","p4_basket_name":"not set","p4_department":"","footnotes":""},"categories":[],"tags":[],"class_list":["post-17322","page","type-page","status-publish","has-post-thumbnail","hentry"],"_links":{"self":[{"href":"https:\/\/www.greenpeace.org\/argentina\/wp-json\/wp\/v2\/pages\/17322","targetHints":{"allow":["GET"]}}],"collection":[{"href":"https:\/\/www.greenpeace.org\/argentina\/wp-json\/wp\/v2\/pages"}],"about":[{"href":"https:\/\/www.greenpeace.org\/argentina\/wp-json\/wp\/v2\/types\/page"}],"author":[{"embeddable":true,"href":"https:\/\/www.greenpeace.org\/argentina\/wp-json\/wp\/v2\/users\/40"}],"replies":[{"embeddable":true,"href":"https:\/\/www.greenpeace.org\/argentina\/wp-json\/wp\/v2\/comments?post=17322"}],"version-history":[{"count":20,"href":"https:\/\/www.greenpeace.org\/argentina\/wp-json\/wp\/v2\/pages\/17322\/revisions"}],"predecessor-version":[{"id":36139,"href":"https:\/\/www.greenpeace.org\/argentina\/wp-json\/wp\/v2\/pages\/17322\/revisions\/36139"}],"wp:featuredmedia":[{"embeddable":true,"href":"https:\/\/www.greenpeace.org\/argentina\/wp-json\/wp\/v2\/media\/15439"}],"wp:attachment":[{"href":"https:\/\/www.greenpeace.org\/argentina\/wp-json\/wp\/v2\/media?parent=17322"}],"wp:term":[{"taxonomy":"category","embeddable":true,"href":"https:\/\/www.greenpeace.org\/argentina\/wp-json\/wp\/v2\/categories?post=17322"},{"taxonomy":"post_tag","embeddable":true,"href":"https:\/\/www.greenpeace.org\/argentina\/wp-json\/wp\/v2\/tags?post=17322"}],"curies":[{"name":"wp","href":"https:\/\/api.w.org\/{rel}","templated":true}]}}