{"id":17322,"date":"2022-11-14T15:26:16","date_gmt":"2022-11-14T18:26:16","guid":{"rendered":"https:\/\/www.greenpeace.org\/argentina\/?page_id=17322"},"modified":"2026-04-21T15:20:34","modified_gmt":"2026-04-21T18:20:34","slug":"17322-2","status":"publish","type":"page","link":"https:\/\/www.greenpeace.org\/argentina\/","title":{"rendered":"Home"},"content":{"rendered":"\n<div data-hydrate=\"planet4-blocks\/carousel-header\" data-attributes=\"{&quot;carousel_autoplay&quot;:true,&quot;slides&quot;:[{&quot;image&quot;:33608,&quot;focal_points&quot;:{},&quot;header&quot;:&quot;\u00a1Sumate a la demanda colectiva por el agua!&quot;,&quot;description&quot;:&quot;Ante la traici\u00f3n a la voluntad ciudadana con la reforma de la Ley de Glaciares vamos a la justicia. S\u00e9 parte de una demanda judicial colectiva hist\u00f3rica para defender el agua.&quot;,&quot;link_text&quot;:&quot;Quiero ser parte&quot;,&quot;link_url&quot;:&quot;https:\/\/landing.infogreenpeace.org\/accion-colectiva-por-lo-glaciares&quot;,&quot;link_url_new_tab&quot;:true,&quot;image_url&quot;:&quot;https:\/\/www.greenpeace.org\/static\/planet4-argentina-stateless\/2026\/04\/0c263f2f-bannerheroook.jpg&quot;,&quot;image_srcset&quot;:&quot;https:\/\/www.greenpeace.org\/static\/planet4-argentina-stateless\/2026\/04\/0c263f2f-bannerheroook-150x150.jpg 150w,https:\/\/www.greenpeace.org\/static\/planet4-argentina-stateless\/2026\/04\/0c263f2f-bannerheroook-300x92.jpg 300w,https:\/\/www.greenpeace.org\/static\/planet4-argentina-stateless\/2026\/04\/0c263f2f-bannerheroook-1024x313.jpg 1024w,https:\/\/www.greenpeace.org\/static\/planet4-argentina-stateless\/2026\/04\/0c263f2f-bannerheroook.jpg 1835w&quot;},{&quot;image&quot;:27990,&quot;focal_points&quot;:{&quot;x&quot;:0.37,&quot;y&quot;:0.53},&quot;header&quot;:&quot;Greenpeace en las Escuelas&quot;,&quot;description&quot;:&quot;Conoc\u00e9 este nuevo espacio de encuentro con la comunidad educativa, en la que  buscamos promover, acompa\u00f1ar y potenciar las experiencias y proyectos de educaci\u00f3n ambiental en las escuelas.&quot;,&quot;link_text&quot;:&quot;\u00a1Sumate ahora!&quot;,&quot;link_url&quot;:&quot;https:\/\/greenpeaceenlasescuelas.org\/?&quot;,&quot;link_url_new_tab&quot;:true,&quot;image_url&quot;:&quot;https:\/\/www.greenpeace.org\/static\/planet4-argentina-stateless\/2025\/03\/7be614ac-gp0su0wza-\u00a9-greenpeace-yeo-sun-park.jpg&quot;,&quot;image_srcset&quot;:&quot;https:\/\/www.greenpeace.org\/static\/planet4-argentina-stateless\/2025\/03\/7be614ac-gp0su0wza-\u00a9-greenpeace-yeo-sun-park-150x150.jpg 150w,https:\/\/www.greenpeace.org\/static\/planet4-argentina-stateless\/2025\/03\/7be614ac-gp0su0wza-\u00a9-greenpeace-yeo-sun-park-300x201.jpg 300w,https:\/\/www.greenpeace.org\/static\/planet4-argentina-stateless\/2025\/03\/7be614ac-gp0su0wza-\u00a9-greenpeace-yeo-sun-park-1024x686.jpg 1024w,https:\/\/www.greenpeace.org\/static\/planet4-argentina-stateless\/2025\/03\/7be614ac-gp0su0wza-\u00a9-greenpeace-yeo-sun-park.jpg 2000w&quot;},{&quot;image&quot;:32163,&quot;focal_points&quot;:{&quot;x&quot;:1,&quot;y&quot;:1},&quot;header&quot;:&quot;Cerremos el \u275dChernobyl\\&quot; salte\u00f1o&quot;,&quot;description&quot;:&quot;Te necesitamos para exigir la remediaci\u00f3n de los terribles da\u00f1os sobre el bosque que est\u00e1n provocando las fugas t\u00f3xicas de un pozo petrolero abandonado.\u00a1NO a las petroleras en nuestros bosques!&quot;,&quot;link_text&quot;:&quot;Firm\u00e1 ahora&quot;,&quot;link_url&quot;:&quot;https:\/\/landing.infogreenpeace.org\/greenpeace-noalpetroleoenelbosque&quot;,&quot;link_url_new_tab&quot;:true,&quot;image_url&quot;:&quot;https:\/\/www.greenpeace.org\/static\/planet4-argentina-stateless\/2025\/11\/f1487417-pozo-petrolero-l.o.-x-10-en-salta-04-\u00a9-martin-katz-greenpeace-scaled.jpg&quot;,&quot;image_srcset&quot;:&quot;https:\/\/www.greenpeace.org\/static\/planet4-argentina-stateless\/2025\/11\/f1487417-pozo-petrolero-l.o.-x-10-en-salta-04-\u00a9-martin-katz-greenpeace-150x150.jpg 150w,https:\/\/www.greenpeace.org\/static\/planet4-argentina-stateless\/2025\/11\/f1487417-pozo-petrolero-l.o.-x-10-en-salta-04-\u00a9-martin-katz-greenpeace-300x200.jpg 300w,https:\/\/www.greenpeace.org\/static\/planet4-argentina-stateless\/2025\/11\/f1487417-pozo-petrolero-l.o.-x-10-en-salta-04-\u00a9-martin-katz-greenpeace-1024x683.jpg 1024w,https:\/\/www.greenpeace.org\/static\/planet4-argentina-stateless\/2025\/11\/f1487417-pozo-petrolero-l.o.-x-10-en-salta-04-\u00a9-martin-katz-greenpeace-scaled.jpg 2560w&quot;}],&quot;currentImageIndex&quot;:3}\"><section class=\"block block-header alignfull carousel-header \" aria-label=\"Greenpeace highlights\" aria-roledescription=\"carousel\"><div class=\"carousel-indicators-wrapper\"><div class=\"container\"><button aria-label=\"Autoplay\" class=\"carousel-autoplay-control stop\" aria-pressed=\"true\"><\/button><div class=\"visually-hidden\" aria-live=\"polite\">Slide resumed<\/div><ol class=\"carousel-indicators\" tabindex=\"-1\"><li class=\"active\"><button tabindex=\"0\" aria-label=\"Go to slide 1\" aria-current=\"true\"><\/button><\/li><li><button tabindex=\"0\" aria-label=\"Go to slide 2\"><\/button><\/li><li><button tabindex=\"0\" aria-label=\"Go to slide 3\"><\/button><\/li><\/ol><\/div><\/div><nav aria-label=\"Greenpeace highlights carousel controls\"><button class=\"carousel-control-prev\" aria-label=\"Go to previous slide\"><span class=\"carousel-control-prev-icon\" aria-hidden=\"true\"><i><\/i><\/span><span class=\"visually-hidden\">Previous<\/span><\/button><button class=\"carousel-control-next\" aria-label=\"Go to next slide\"><span class=\"carousel-control-next-icon\" aria-hidden=\"true\"><i><\/i><\/span><span class=\"visually-hidden\">Next<\/span><\/button><\/nav><div class=\"carousel-wrapper-header\"><ul class=\"carousel-inner\" role=\"listbox\"><li class=\"carousel-item active\" tabindex=\"0\" role=\"tabpanel\" alt=\"\"><div class=\"carousel-item-mask\"><div class=\"background-holder\"><img decoding=\"async\" src=\"https:\/\/www.greenpeace.org\/static\/planet4-argentina-stateless\/2026\/04\/0c263f2f-bannerheroook.jpg\" style=\"object-position:50% 50%\" srcSet=\"https:\/\/www.greenpeace.org\/static\/planet4-argentina-stateless\/2026\/04\/0c263f2f-bannerheroook-150x150.jpg 150w,https:\/\/www.greenpeace.org\/static\/planet4-argentina-stateless\/2026\/04\/0c263f2f-bannerheroook-300x92.jpg 300w,https:\/\/www.greenpeace.org\/static\/planet4-argentina-stateless\/2026\/04\/0c263f2f-bannerheroook-1024x313.jpg 1024w,https:\/\/www.greenpeace.org\/static\/planet4-argentina-stateless\/2026\/04\/0c263f2f-bannerheroook.jpg 1835w\"\/><\/div><div class=\"carousel-caption\"><div class=\"caption-overlay\"><\/div><div class=\"container main-header\"><div class=\"carousel-captions-wrapper\"><h2>\u00a1Sumate a la demanda colectiva por el agua!<\/h2><p>Ante la traici\u00f3n a la voluntad ciudadana con la reforma de la Ley de Glaciares vamos a la justicia. S\u00e9 parte de una demanda judicial colectiva hist\u00f3rica para defender el agua.<\/p><\/div><div class=\"col-xs-12 col-sm-8 col-md-4 action-button\"><a href=\"https:\/\/landing.infogreenpeace.org\/accion-colectiva-por-lo-glaciares\" class=\"btn btn-primary\" data-ga-category=\"Carousel Header\" data-ga-action=\"Call to Action\" rel=\"noreferrer noopener\" target=\"_blank\" tabindex=\"0\"><span>Quiero ser parte<\/span><\/a><\/div><\/div><\/div><\/div><\/li><li class=\"carousel-item \" tabindex=\"-1\" role=\"tabpanel\" alt=\"\"><div class=\"carousel-item-mask\"><div class=\"background-holder\"><img decoding=\"async\" src=\"https:\/\/www.greenpeace.org\/static\/planet4-argentina-stateless\/2025\/03\/7be614ac-gp0su0wza-\u00a9-greenpeace-yeo-sun-park.jpg\" style=\"object-position:37% 53%\" srcSet=\"https:\/\/www.greenpeace.org\/static\/planet4-argentina-stateless\/2025\/03\/7be614ac-gp0su0wza-\u00a9-greenpeace-yeo-sun-park-150x150.jpg 150w,https:\/\/www.greenpeace.org\/static\/planet4-argentina-stateless\/2025\/03\/7be614ac-gp0su0wza-\u00a9-greenpeace-yeo-sun-park-300x201.jpg 300w,https:\/\/www.greenpeace.org\/static\/planet4-argentina-stateless\/2025\/03\/7be614ac-gp0su0wza-\u00a9-greenpeace-yeo-sun-park-1024x686.jpg 1024w,https:\/\/www.greenpeace.org\/static\/planet4-argentina-stateless\/2025\/03\/7be614ac-gp0su0wza-\u00a9-greenpeace-yeo-sun-park.jpg 2000w\"\/><\/div><div class=\"carousel-caption\"><div class=\"caption-overlay\"><\/div><div class=\"container main-header\"><div class=\"carousel-captions-wrapper\"><h2>Greenpeace en las Escuelas<\/h2><p>Conoc\u00e9 este nuevo espacio de encuentro con la comunidad educativa, en la que  buscamos promover, acompa\u00f1ar y potenciar las experiencias y proyectos de educaci\u00f3n ambiental en las escuelas.<\/p><\/div><div class=\"col-xs-12 col-sm-8 col-md-4 action-button\"><a href=\"https:\/\/greenpeaceenlasescuelas.org\/?\" class=\"btn btn-primary\" data-ga-category=\"Carousel Header\" data-ga-action=\"Call to Action\" rel=\"noreferrer noopener\" target=\"_blank\" tabindex=\"-1\"><span>\u00a1Sumate ahora!<\/span><\/a><\/div><\/div><\/div><\/div><\/li><li class=\"carousel-item \" tabindex=\"-1\" role=\"tabpanel\" alt=\"\"><div class=\"carousel-item-mask\"><div class=\"background-holder\"><img decoding=\"async\" src=\"https:\/\/www.greenpeace.org\/static\/planet4-argentina-stateless\/2025\/11\/f1487417-pozo-petrolero-l.o.-x-10-en-salta-04-\u00a9-martin-katz-greenpeace-scaled.jpg\" style=\"object-position:100% 100%\" srcSet=\"https:\/\/www.greenpeace.org\/static\/planet4-argentina-stateless\/2025\/11\/f1487417-pozo-petrolero-l.o.-x-10-en-salta-04-\u00a9-martin-katz-greenpeace-150x150.jpg 150w,https:\/\/www.greenpeace.org\/static\/planet4-argentina-stateless\/2025\/11\/f1487417-pozo-petrolero-l.o.-x-10-en-salta-04-\u00a9-martin-katz-greenpeace-300x200.jpg 300w,https:\/\/www.greenpeace.org\/static\/planet4-argentina-stateless\/2025\/11\/f1487417-pozo-petrolero-l.o.-x-10-en-salta-04-\u00a9-martin-katz-greenpeace-1024x683.jpg 1024w,https:\/\/www.greenpeace.org\/static\/planet4-argentina-stateless\/2025\/11\/f1487417-pozo-petrolero-l.o.-x-10-en-salta-04-\u00a9-martin-katz-greenpeace-scaled.jpg 2560w\"\/><\/div><div class=\"carousel-caption\"><div class=\"caption-overlay\"><\/div><div class=\"container main-header\"><div class=\"carousel-captions-wrapper\"><h2>Cerremos el \u275dChernobyl&quot; salte\u00f1o<\/h2><p>Te necesitamos para exigir la remediaci\u00f3n de los terribles da\u00f1os sobre el bosque que est\u00e1n provocando las fugas t\u00f3xicas de un pozo petrolero abandonado.\u00a1NO a las petroleras en nuestros bosques!<\/p><\/div><div class=\"col-xs-12 col-sm-8 col-md-4 action-button\"><a href=\"https:\/\/landing.infogreenpeace.org\/greenpeace-noalpetroleoenelbosque\" class=\"btn btn-primary\" data-ga-category=\"Carousel Header\" data-ga-action=\"Call to Action\" rel=\"noreferrer noopener\" target=\"_blank\" tabindex=\"-1\"><span>Firm\u00e1 ahora<\/span><\/a><\/div><\/div><\/div><\/div><\/li><\/ul><\/div><\/section><\/div>\n\n<div class=\"wp-block-columns alignfull has-white-background-color has-background is-layout-flex wp-container-core-columns-is-layout-9d6595d7 wp-block-columns-is-layout-flex\">\n<div class=\"wp-block-column has-green-400-background-color has-background is-layout-flow wp-block-column-is-layout-flow\" style=\"flex-basis:10px\">\n<div style=\"height:10px\" aria-hidden=\"true\" class=\"wp-block-spacer\"><\/div>\n<\/div>\n\n\n\n<div class=\"wp-block-column is-vertically-aligned-top has-white-background-color has-background is-layout-flow wp-block-column-is-layout-flow\">\n<div class=\"wp-block-columns alignwide are-vertically-aligned-center is-style-rounded-90 has-white-background-color has-background is-layout-flex wp-container-core-columns-is-layout-9d6595d7 wp-block-columns-is-layout-flex\">\n<div class=\"wp-block-column is-layout-flow wp-block-column-is-layout-flow\" style=\"flex-basis:20%\">\n<figure class=\"wp-block-image aligncenter size-thumbnail is-style-rounded-90\"><img loading=\"lazy\" decoding=\"async\" width=\"150\" height=\"150\" src=\"https:\/\/www.greenpeace.org\/static\/planet4-argentina-stateless\/2023\/07\/078c23b0-24_greenpeace_ships-1-150x150.png\" alt=\"\" class=\"wp-image-20676\" srcset=\"https:\/\/www.greenpeace.org\/static\/planet4-argentina-stateless\/2023\/07\/078c23b0-24_greenpeace_ships-1-150x150.png 150w, https:\/\/www.greenpeace.org\/static\/planet4-argentina-stateless\/2023\/07\/078c23b0-24_greenpeace_ships-1-300x300.png 300w, https:\/\/www.greenpeace.org\/static\/planet4-argentina-stateless\/2023\/07\/078c23b0-24_greenpeace_ships-1-1024x1024.png 1024w, https:\/\/www.greenpeace.org\/static\/planet4-argentina-stateless\/2023\/07\/078c23b0-24_greenpeace_ships-1-768x769.png 768w, https:\/\/www.greenpeace.org\/static\/planet4-argentina-stateless\/2023\/07\/078c23b0-24_greenpeace_ships-1-340x340.png 340w, https:\/\/www.greenpeace.org\/static\/planet4-argentina-stateless\/2023\/07\/078c23b0-24_greenpeace_ships-1.png 1250w\" sizes=\"auto, (max-width: 150px) 100vw, 150px\" \/><\/figure>\n<\/div>\n\n\n\n<div class=\"wp-block-column is-layout-flow wp-block-column-is-layout-flow\" style=\"flex-basis:81%\">\n<p class=\"has-text-align-center has-x-dark-blue-color has-text-color has-medium-font-size\" style=\"font-style:normal;font-weight:700\">Somos una organizaci\u00f3n sin fines de lucro, independiente, que no acepta donaciones de gobiernos, empresas o partidos pol\u00edticos.<br>Sentimos orgullo de formar parte de una red global de organizaciones independientes de Greenpeace.<\/p>\n<\/div>\n<\/div>\n<\/div>\n\n\n\n<div class=\"wp-block-column has-green-400-background-color has-background is-layout-flow wp-block-column-is-layout-flow\" style=\"flex-basis:10px\">\n<div style=\"height:10px\" aria-hidden=\"true\" class=\"wp-block-spacer\"><\/div>\n<\/div>\n<\/div>\n\n<figure class=\"wp-block-image aligncenter size-large\"><a href=\"https:\/\/greenpeaceenlasescuelas.org\/\"><img loading=\"lazy\" decoding=\"async\" width=\"1024\" height=\"293\" src=\"https:\/\/www.greenpeace.org\/static\/planet4-argentina-stateless\/2026\/04\/d3ac325c-bannerweb-gp3-1024x293.jpg\" alt=\"\" class=\"wp-image-33513\" srcset=\"https:\/\/www.greenpeace.org\/static\/planet4-argentina-stateless\/2026\/04\/d3ac325c-bannerweb-gp3-1024x293.jpg 1024w, https:\/\/www.greenpeace.org\/static\/planet4-argentina-stateless\/2026\/04\/d3ac325c-bannerweb-gp3-300x86.jpg 300w, https:\/\/www.greenpeace.org\/static\/planet4-argentina-stateless\/2026\/04\/d3ac325c-bannerweb-gp3-768x220.jpg 768w, https:\/\/www.greenpeace.org\/static\/planet4-argentina-stateless\/2026\/04\/d3ac325c-bannerweb-gp3-1536x439.jpg 1536w, https:\/\/www.greenpeace.org\/static\/planet4-argentina-stateless\/2026\/04\/d3ac325c-bannerweb-gp3-510x146.jpg 510w, https:\/\/www.greenpeace.org\/static\/planet4-argentina-stateless\/2026\/04\/d3ac325c-bannerweb-gp3.jpg 1856w\" sizes=\"auto, (max-width: 1024px) 100vw, 1024px\" \/><\/a><\/figure>\n\n<div class=\"wp-block-group block is-pattern-p4-get-informed-pattern-layout has-white-background-color has-background is-layout-flow wp-block-group-is-layout-flow\">\n<div style=\"height:62px\" aria-hidden=\"true\" class=\"wp-block-spacer\"><\/div>\n\n\n\n<div class=\"wp-block-query posts-list p4-query-loop is-custom-layout-carousel is-layout-flex wp-block-query-is-layout-flex\">\n<div class=\"wp-block-group is-content-justification-space-between is-layout-flex wp-container-core-group-is-layout-3d213aab wp-block-group-is-layout-flex\">\n<h2 class=\"wp-block-heading\">Le\u00e9 los \u00faltimos comunicados e informes<\/h2>\n\n\n<li class=\" wp-block-navigation-item see-all-link wp-block-navigation-link\"><a class=\"wp-block-navigation-item__content\"  href=\"http:\/\/www.greenpeace.org\/argentina\/news-stories\/?post-type=story\"><span class=\"wp-block-navigation-item__label\">Ver todos<\/span><\/a><\/li><\/div>\n\n\n\n<p style=\"margin-top:24px;margin-bottom:36px\"><\/p>\n\n\n\n\n<ul class=\"wp-block-post-template is-layout-flow wp-block-post-template-is-layout-flow\"><li class=\"wp-block-post post-33624 post type-post status-publish format-standard has-post-thumbnail hentry category-climayenergia tag-glaciares p4-page-type-story\">\n\n<div class=\"wp-block-columns is-layout-flex wp-container-core-columns-is-layout-9d6595d7 wp-block-columns-is-layout-flex\"><figure class=\"wp-block-post-featured-image\"><a href=\"https:\/\/www.greenpeace.org\/argentina\/story\/problemas\/climayenergia\/la-demanda-colectiva-para-proteger-los-glaciares-se-acerca-al-millon-de-adhesiones\/\" target=\"_self\"  ><img loading=\"lazy\" decoding=\"async\" width=\"2560\" height=\"1808\" src=\"https:\/\/www.greenpeace.org\/static\/planet4-argentina-stateless\/2026\/04\/b35a5209-marcha-agua-congreso-credito-pepe-mateos-greenpeace-12-scaled.jpg\" class=\"attachment-post-thumbnail size-post-thumbnail wp-post-image wp-stateless-item\" alt=\"La demanda colectiva para proteger los glaciares se acerca al mill\u00f3n de adhesiones\" style=\"object-fit:cover;\" srcset=\"https:\/\/www.greenpeace.org\/static\/planet4-argentina-stateless\/2026\/04\/b35a5209-marcha-agua-congreso-credito-pepe-mateos-greenpeace-12-scaled.jpg 2560w, https:\/\/www.greenpeace.org\/static\/planet4-argentina-stateless\/2026\/04\/b35a5209-marcha-agua-congreso-credito-pepe-mateos-greenpeace-12-300x212.jpg 300w, https:\/\/www.greenpeace.org\/static\/planet4-argentina-stateless\/2026\/04\/b35a5209-marcha-agua-congreso-credito-pepe-mateos-greenpeace-12-1024x723.jpg 1024w, https:\/\/www.greenpeace.org\/static\/planet4-argentina-stateless\/2026\/04\/b35a5209-marcha-agua-congreso-credito-pepe-mateos-greenpeace-12-768x542.jpg 768w, https:\/\/www.greenpeace.org\/static\/planet4-argentina-stateless\/2026\/04\/b35a5209-marcha-agua-congreso-credito-pepe-mateos-greenpeace-12-1536x1085.jpg 1536w, https:\/\/www.greenpeace.org\/static\/planet4-argentina-stateless\/2026\/04\/b35a5209-marcha-agua-congreso-credito-pepe-mateos-greenpeace-12-2048x1447.jpg 2048w, https:\/\/www.greenpeace.org\/static\/planet4-argentina-stateless\/2026\/04\/b35a5209-marcha-agua-congreso-credito-pepe-mateos-greenpeace-12-1934x1366.jpg 1934w, https:\/\/www.greenpeace.org\/static\/planet4-argentina-stateless\/2026\/04\/b35a5209-marcha-agua-congreso-credito-pepe-mateos-greenpeace-12-481x340.jpg 481w\" sizes=\"auto, (max-width: 2560px) 100vw, 2560px\" data-image-size=\"post-thumbnail\" data-stateless-media-bucket=\"planet4-argentina-stateless\" data-stateless-media-name=\"2026\/04\/b35a5209-marcha-agua-congreso-credito-pepe-mateos-greenpeace-12-scaled.jpg\" \/><\/a><\/figure>\n\n\n<div class=\"wp-block-group is-layout-flow wp-block-group-is-layout-flow\">\n<div class=\"wp-block-group is-layout-flex wp-block-group-is-layout-flex\"><div class=\"wp-block-post-terms\"><a href=\"https:\/\/www.greenpeace.org\/argentina\/category\/problemas\/climayenergia\/\">Clima y Energ\u00eda<\/a><\/div>\n\n<div class=\"taxonomy-post_tag wp-block-post-terms\"><a href=\"https:\/\/www.greenpeace.org\/argentina\/tag\/glaciares\/\" rel=\"tag\">SalvemosLosGlaciares<\/a><\/div><\/div>\n\n\n<h3 class=\"wp-block-post-title\"><a href=\"https:\/\/www.greenpeace.org\/argentina\/story\/problemas\/climayenergia\/la-demanda-colectiva-para-proteger-los-glaciares-se-acerca-al-millon-de-adhesiones\/\" target=\"_self\" >La demanda colectiva para proteger los glaciares se acerca al mill\u00f3n de adhesiones<\/a><\/h3>\n\n<div class=\"wp-block-post-excerpt\"><p class=\"wp-block-post-excerpt__excerpt\">La demanda ser\u00e1 llevada a la justicia por Fundaci\u00f3n Ambiente y Recursos Naturales (FARN), Asociaci\u00f3n Argentina de Abogados\/as Ambientalistas y Greenpeace, junto a organizaciones y asambleas de todo el pa\u00eds en las pr\u00f3ximas semanas. <\/p><\/div>\n\n\n<div class=\"wp-block-group posts-list-meta is-layout-flow wp-block-group-is-layout-flow\"><span class='article-list-item-author'><a href='https:\/\/www.greenpeace.org\/argentina\/author\/prensaarg\/'>Prensa Argentina<\/a><\/span>\n\n<div class=\"wp-block-post-date\"><time datetime=\"2026-04-22T14:07:21-03:00\">22 abril 2026<\/time><\/div><\/div>\n<\/div>\n<\/div>\n\n<\/li><li class=\"wp-block-post post-33613 post type-post status-publish format-standard has-post-thumbnail hentry category-bosques category-climayenergia p4-page-type-story\">\n\n<div class=\"wp-block-columns is-layout-flex wp-container-core-columns-is-layout-9d6595d7 wp-block-columns-is-layout-flex\"><figure class=\"wp-block-post-featured-image\"><a href=\"https:\/\/www.greenpeace.org\/argentina\/story\/problemas\/bosques\/dia-de-la-tierra-greenpeace-exige-frenar-la-ofensiva-contra-bosques-y-glaciares-en-argentina\/\" target=\"_self\"  ><img loading=\"lazy\" decoding=\"async\" width=\"2560\" height=\"1706\" src=\"https:\/\/www.greenpeace.org\/static\/planet4-argentina-stateless\/2026\/02\/a80b49ae-caminos-del-agua-san-juan-07-foto-martin-katz-greenpeace--scaled.jpg\" class=\"attachment-post-thumbnail size-post-thumbnail wp-post-image wp-stateless-item\" alt=\"D\u00eda de la Tierra: Greenpeace exige frenar la ofensiva contra bosques y glaciares en Argentina\" style=\"object-fit:cover;\" srcset=\"https:\/\/www.greenpeace.org\/static\/planet4-argentina-stateless\/2026\/02\/a80b49ae-caminos-del-agua-san-juan-07-foto-martin-katz-greenpeace--scaled.jpg 2560w, https:\/\/www.greenpeace.org\/static\/planet4-argentina-stateless\/2026\/02\/a80b49ae-caminos-del-agua-san-juan-07-foto-martin-katz-greenpeace--300x200.jpg 300w, https:\/\/www.greenpeace.org\/static\/planet4-argentina-stateless\/2026\/02\/a80b49ae-caminos-del-agua-san-juan-07-foto-martin-katz-greenpeace--1024x683.jpg 1024w, https:\/\/www.greenpeace.org\/static\/planet4-argentina-stateless\/2026\/02\/a80b49ae-caminos-del-agua-san-juan-07-foto-martin-katz-greenpeace--768x512.jpg 768w, https:\/\/www.greenpeace.org\/static\/planet4-argentina-stateless\/2026\/02\/a80b49ae-caminos-del-agua-san-juan-07-foto-martin-katz-greenpeace--1536x1024.jpg 1536w, https:\/\/www.greenpeace.org\/static\/planet4-argentina-stateless\/2026\/02\/a80b49ae-caminos-del-agua-san-juan-07-foto-martin-katz-greenpeace--2048x1366.jpg 2048w, https:\/\/www.greenpeace.org\/static\/planet4-argentina-stateless\/2026\/02\/a80b49ae-caminos-del-agua-san-juan-07-foto-martin-katz-greenpeace--510x340.jpg 510w\" sizes=\"auto, (max-width: 2560px) 100vw, 2560px\" data-image-size=\"post-thumbnail\" data-stateless-media-bucket=\"planet4-argentina-stateless\" data-stateless-media-name=\"2026\/02\/a80b49ae-caminos-del-agua-san-juan-07-foto-martin-katz-greenpeace--scaled.jpg\" \/><\/a><\/figure>\n\n\n<div class=\"wp-block-group is-layout-flow wp-block-group-is-layout-flow\">\n<div class=\"wp-block-group is-layout-flex wp-block-group-is-layout-flex\"><div class=\"wp-block-post-terms\"><a href=\"https:\/\/www.greenpeace.org\/argentina\/category\/problemas\/bosques\/\">Bosques<\/a><\/div>\n\n<\/div>\n\n\n<h3 class=\"wp-block-post-title\"><a href=\"https:\/\/www.greenpeace.org\/argentina\/story\/problemas\/bosques\/dia-de-la-tierra-greenpeace-exige-frenar-la-ofensiva-contra-bosques-y-glaciares-en-argentina\/\" target=\"_self\" >D\u00eda de la Tierra: Greenpeace exige frenar la ofensiva contra bosques y glaciares en Argentina<\/a><\/h3>\n\n<div class=\"wp-block-post-excerpt\"><p class=\"wp-block-post-excerpt__excerpt\">Greenpeace Argentina lanz\u00f3 una advertencia contundente: el patrimonio natural del pa\u00eds se encuentra en su punto de mayor vulnerabilidad en d\u00e9cadas <\/p><\/div>\n\n\n<div class=\"wp-block-group posts-list-meta is-layout-flow wp-block-group-is-layout-flow\"><span class='article-list-item-author'><a href='https:\/\/www.greenpeace.org\/argentina\/author\/prensaarg\/'>Prensa Argentina<\/a><\/span>\n\n<div class=\"wp-block-post-date\"><time datetime=\"2026-04-22T12:18:54-03:00\">22 abril 2026<\/time><\/div><\/div>\n<\/div>\n<\/div>\n\n<\/li><li class=\"wp-block-post post-33553 post type-post status-publish format-standard has-post-thumbnail hentry category-climayenergia tag-glaciares p4-page-type-story\">\n\n<div class=\"wp-block-columns is-layout-flex wp-container-core-columns-is-layout-9d6595d7 wp-block-columns-is-layout-flex\"><figure class=\"wp-block-post-featured-image\"><a href=\"https:\/\/www.greenpeace.org\/argentina\/story\/problemas\/climayenergia\/en-7-ciudades-greenpeace-invito-a-la-ciudadania-a-ser-parte-de-la-demanda-colectiva-por-los-glaciares\/\" target=\"_self\"  ><img loading=\"lazy\" decoding=\"async\" width=\"1163\" height=\"853\" src=\"https:\/\/www.greenpeace.org\/static\/planet4-argentina-stateless\/2026\/04\/e913db72-ok.jpg\" class=\"attachment-post-thumbnail size-post-thumbnail wp-post-image wp-stateless-item\" alt=\"En 7 ciudades, Greenpeace invit\u00f3 a la ciudadan\u00eda a ser parte de la demanda colectiva por los glaciares\" style=\"object-fit:cover;\" srcset=\"https:\/\/www.greenpeace.org\/static\/planet4-argentina-stateless\/2026\/04\/e913db72-ok.jpg 1163w, https:\/\/www.greenpeace.org\/static\/planet4-argentina-stateless\/2026\/04\/e913db72-ok-300x220.jpg 300w, https:\/\/www.greenpeace.org\/static\/planet4-argentina-stateless\/2026\/04\/e913db72-ok-1024x751.jpg 1024w, https:\/\/www.greenpeace.org\/static\/planet4-argentina-stateless\/2026\/04\/e913db72-ok-768x563.jpg 768w, https:\/\/www.greenpeace.org\/static\/planet4-argentina-stateless\/2026\/04\/e913db72-ok-464x340.jpg 464w\" sizes=\"auto, (max-width: 1163px) 100vw, 1163px\" data-image-size=\"post-thumbnail\" data-stateless-media-bucket=\"planet4-argentina-stateless\" data-stateless-media-name=\"2026\/04\/e913db72-ok.jpg\" \/><\/a><\/figure>\n\n\n<div class=\"wp-block-group is-layout-flow wp-block-group-is-layout-flow\">\n<div class=\"wp-block-group is-layout-flex wp-block-group-is-layout-flex\"><div class=\"wp-block-post-terms\"><a href=\"https:\/\/www.greenpeace.org\/argentina\/category\/problemas\/climayenergia\/\">Clima y Energ\u00eda<\/a><\/div>\n\n<div class=\"taxonomy-post_tag wp-block-post-terms\"><a href=\"https:\/\/www.greenpeace.org\/argentina\/tag\/glaciares\/\" rel=\"tag\">SalvemosLosGlaciares<\/a><\/div><\/div>\n\n\n<h3 class=\"wp-block-post-title\"><a href=\"https:\/\/www.greenpeace.org\/argentina\/story\/problemas\/climayenergia\/en-7-ciudades-greenpeace-invito-a-la-ciudadania-a-ser-parte-de-la-demanda-colectiva-por-los-glaciares\/\" target=\"_self\" >En 7 ciudades, Greenpeace invit\u00f3 a la ciudadan\u00eda a ser parte de la demanda colectiva por los glaciares<\/a><\/h3>\n\n<div class=\"wp-block-post-excerpt\"><p class=\"wp-block-post-excerpt__excerpt\">Voluntarios de Greenpeace Argentina llevaron adelante el s\u00e1bado 18 una jornada para sumar apoyo a la demanda colectiva por la preservaci\u00f3n de los glaciares. <\/p><\/div>\n\n\n<div class=\"wp-block-group posts-list-meta is-layout-flow wp-block-group-is-layout-flow\"><span class='article-list-item-author'><a href='https:\/\/www.greenpeace.org\/argentina\/author\/prensaarg\/'>Prensa Argentina<\/a><\/span>\n\n<div class=\"wp-block-post-date\"><time datetime=\"2026-04-20T17:45:32-03:00\">20 abril 2026<\/time><\/div><\/div>\n<\/div>\n<\/div>\n\n<\/li><li class=\"wp-block-post post-33496 post type-post status-publish format-standard has-post-thumbnail hentry category-climayenergia category-greenpeace tag-glaciares p4-page-type-story\">\n\n<div class=\"wp-block-columns is-layout-flex wp-container-core-columns-is-layout-9d6595d7 wp-block-columns-is-layout-flex\"><figure class=\"wp-block-post-featured-image\"><a href=\"https:\/\/www.greenpeace.org\/argentina\/story\/problemas\/climayenergia\/ley-de-glaciares-el-congreso-le-dio-la-espalda-al-agua-pero-la-ciudadania-ira-a-la-justicia\/\" target=\"_self\"  ><img loading=\"lazy\" decoding=\"async\" width=\"865\" height=\"849\" src=\"https:\/\/www.greenpeace.org\/static\/planet4-argentina-stateless\/2026\/04\/9cc7d6d1-sumate.jpg\" class=\"attachment-post-thumbnail size-post-thumbnail wp-post-image wp-stateless-item\" alt=\"Ley de Glaciares: el Congreso le dio la espalda al agua, pero la ciudadan\u00eda ir\u00e1 a la justicia\" style=\"object-fit:cover;\" srcset=\"https:\/\/www.greenpeace.org\/static\/planet4-argentina-stateless\/2026\/04\/9cc7d6d1-sumate.jpg 865w, https:\/\/www.greenpeace.org\/static\/planet4-argentina-stateless\/2026\/04\/9cc7d6d1-sumate-300x294.jpg 300w, https:\/\/www.greenpeace.org\/static\/planet4-argentina-stateless\/2026\/04\/9cc7d6d1-sumate-768x754.jpg 768w, https:\/\/www.greenpeace.org\/static\/planet4-argentina-stateless\/2026\/04\/9cc7d6d1-sumate-346x340.jpg 346w\" sizes=\"auto, (max-width: 865px) 100vw, 865px\" data-image-size=\"post-thumbnail\" data-stateless-media-bucket=\"planet4-argentina-stateless\" data-stateless-media-name=\"2026\/04\/9cc7d6d1-sumate.jpg\" \/><\/a><\/figure>\n\n\n<div class=\"wp-block-group is-layout-flow wp-block-group-is-layout-flow\">\n<div class=\"wp-block-group is-layout-flex wp-block-group-is-layout-flex\"><div class=\"wp-block-post-terms\"><a href=\"https:\/\/www.greenpeace.org\/argentina\/category\/problemas\/climayenergia\/\">Clima y Energ\u00eda<\/a><\/div>\n\n<div class=\"taxonomy-post_tag wp-block-post-terms\"><a href=\"https:\/\/www.greenpeace.org\/argentina\/tag\/glaciares\/\" rel=\"tag\">SalvemosLosGlaciares<\/a><\/div><\/div>\n\n\n<h3 class=\"wp-block-post-title\"><a href=\"https:\/\/www.greenpeace.org\/argentina\/story\/problemas\/climayenergia\/ley-de-glaciares-el-congreso-le-dio-la-espalda-al-agua-pero-la-ciudadania-ira-a-la-justicia\/\" target=\"_self\" >Ley de Glaciares: el Congreso le dio la espalda al agua, pero la ciudadan\u00eda ir\u00e1 a la justicia<\/a><\/h3>\n\n<div class=\"wp-block-post-excerpt\"><p class=\"wp-block-post-excerpt__excerpt\">La nueva Ley de Glaciares pone en riesgo las reservas de agua dulce, por lo que miles de ciudadanos se est\u00e1n organizando para entablar una demanda colectiva de inconstitucionalidad. <\/p><\/div>\n\n\n<div class=\"wp-block-group posts-list-meta is-layout-flow wp-block-group-is-layout-flow\"><span class='article-list-item-author'><a href='https:\/\/www.greenpeace.org\/argentina\/author\/prensaarg\/'>Prensa Argentina<\/a><\/span>\n\n<div class=\"wp-block-post-date\"><time datetime=\"2026-04-17T16:20:33-03:00\">17 abril 2026<\/time><\/div><\/div>\n<\/div>\n<\/div>\n\n<\/li><li class=\"wp-block-post post-33491 post type-post status-publish format-standard has-post-thumbnail hentry category-climayenergia tag-glaciares p4-page-type-story\">\n\n<div class=\"wp-block-columns is-layout-flex wp-container-core-columns-is-layout-9d6595d7 wp-block-columns-is-layout-flex\"><figure class=\"wp-block-post-featured-image\"><a href=\"https:\/\/www.greenpeace.org\/argentina\/story\/problemas\/climayenergia\/en-12-horas-la-demanda-colectiva-contra-la-reforma-de-la-ley-de-glaciares-sumo-mas-de-300-mil-adhesiones\/\" target=\"_self\"  ><img loading=\"lazy\" decoding=\"async\" width=\"1024\" height=\"1024\" src=\"https:\/\/www.greenpeace.org\/static\/planet4-argentina-stateless\/2026\/04\/c4354e62-gemini_generated_image_l71jnrl71jnrl71j.png\" class=\"attachment-post-thumbnail size-post-thumbnail wp-post-image wp-stateless-item\" alt=\"En 12 horas, la demanda colectiva contra la reforma de la Ley de Glaciares sum\u00f3 m\u00e1s de 300 mil adhesiones\" style=\"object-fit:cover;\" srcset=\"https:\/\/www.greenpeace.org\/static\/planet4-argentina-stateless\/2026\/04\/c4354e62-gemini_generated_image_l71jnrl71jnrl71j.png 1024w, https:\/\/www.greenpeace.org\/static\/planet4-argentina-stateless\/2026\/04\/c4354e62-gemini_generated_image_l71jnrl71jnrl71j-300x300.png 300w, https:\/\/www.greenpeace.org\/static\/planet4-argentina-stateless\/2026\/04\/c4354e62-gemini_generated_image_l71jnrl71jnrl71j-150x150.png 150w, https:\/\/www.greenpeace.org\/static\/planet4-argentina-stateless\/2026\/04\/c4354e62-gemini_generated_image_l71jnrl71jnrl71j-768x768.png 768w, https:\/\/www.greenpeace.org\/static\/planet4-argentina-stateless\/2026\/04\/c4354e62-gemini_generated_image_l71jnrl71jnrl71j-340x340.png 340w\" sizes=\"auto, (max-width: 1024px) 100vw, 1024px\" data-image-size=\"post-thumbnail\" data-stateless-media-bucket=\"planet4-argentina-stateless\" data-stateless-media-name=\"2026\/04\/c4354e62-gemini_generated_image_l71jnrl71jnrl71j.png\" \/><\/a><\/figure>\n\n\n<div class=\"wp-block-group is-layout-flow wp-block-group-is-layout-flow\">\n<div class=\"wp-block-group is-layout-flex wp-block-group-is-layout-flex\"><div class=\"wp-block-post-terms\"><a href=\"https:\/\/www.greenpeace.org\/argentina\/category\/problemas\/climayenergia\/\">Clima y Energ\u00eda<\/a><\/div>\n\n<div class=\"taxonomy-post_tag wp-block-post-terms\"><a href=\"https:\/\/www.greenpeace.org\/argentina\/tag\/glaciares\/\" rel=\"tag\">SalvemosLosGlaciares<\/a><\/div><\/div>\n\n\n<h3 class=\"wp-block-post-title\"><a href=\"https:\/\/www.greenpeace.org\/argentina\/story\/problemas\/climayenergia\/en-12-horas-la-demanda-colectiva-contra-la-reforma-de-la-ley-de-glaciares-sumo-mas-de-300-mil-adhesiones\/\" target=\"_self\" >En 12 horas, la demanda colectiva contra la reforma de la Ley de Glaciares sum\u00f3 m\u00e1s de 300 mil adhesiones<\/a><\/h3>\n\n<div class=\"wp-block-post-excerpt\"><p class=\"wp-block-post-excerpt__excerpt\">La demanda colectiva que impulsan las organizaciones de la sociedad civil alcanz\u00f3 un n\u00famero r\u00e9cord de adhesiones, superando todas las expectativas <\/p><\/div>\n\n\n<div class=\"wp-block-group posts-list-meta is-layout-flow wp-block-group-is-layout-flow\"><span class='article-list-item-author'><a href='https:\/\/www.greenpeace.org\/argentina\/author\/prensaarg\/'>Prensa Argentina<\/a><\/span>\n\n<div class=\"wp-block-post-date\"><time datetime=\"2026-04-09T18:36:34-03:00\">9 abril 2026<\/time><\/div><\/div>\n<\/div>\n<\/div>\n\n<\/li><li class=\"wp-block-post post-33458 post type-post status-publish format-standard has-post-thumbnail hentry category-climayenergia tag-glaciares p4-page-type-story\">\n\n<div class=\"wp-block-columns is-layout-flex wp-container-core-columns-is-layout-9d6595d7 wp-block-columns-is-layout-flex\"><figure class=\"wp-block-post-featured-image\"><a href=\"https:\/\/www.greenpeace.org\/argentina\/story\/problemas\/climayenergia\/reforma-a-la-ley-de-glaciares-convocan-a-la-demanda-colectiva-mas-grande-de-la-historia\/\" target=\"_self\"  ><img loading=\"lazy\" decoding=\"async\" width=\"977\" height=\"569\" src=\"https:\/\/www.greenpeace.org\/static\/planet4-argentina-stateless\/2026\/04\/eccf449d-box3.png\" class=\"attachment-post-thumbnail size-post-thumbnail wp-post-image wp-stateless-item\" alt=\"Reforma a la Ley de Glaciares: convocan a la demanda colectiva m\u00e1s grande de la historia\" style=\"object-fit:cover;\" srcset=\"https:\/\/www.greenpeace.org\/static\/planet4-argentina-stateless\/2026\/04\/eccf449d-box3.png 977w, https:\/\/www.greenpeace.org\/static\/planet4-argentina-stateless\/2026\/04\/eccf449d-box3-300x175.png 300w, https:\/\/www.greenpeace.org\/static\/planet4-argentina-stateless\/2026\/04\/eccf449d-box3-768x447.png 768w, https:\/\/www.greenpeace.org\/static\/planet4-argentina-stateless\/2026\/04\/eccf449d-box3-510x297.png 510w\" sizes=\"auto, (max-width: 977px) 100vw, 977px\" data-image-size=\"post-thumbnail\" data-stateless-media-bucket=\"planet4-argentina-stateless\" data-stateless-media-name=\"2026\/04\/eccf449d-box3.png\" \/><\/a><\/figure>\n\n\n<div class=\"wp-block-group is-layout-flow wp-block-group-is-layout-flow\">\n<div class=\"wp-block-group is-layout-flex wp-block-group-is-layout-flex\"><div class=\"wp-block-post-terms\"><a href=\"https:\/\/www.greenpeace.org\/argentina\/category\/problemas\/climayenergia\/\">Clima y Energ\u00eda<\/a><\/div>\n\n<div class=\"taxonomy-post_tag wp-block-post-terms\"><a href=\"https:\/\/www.greenpeace.org\/argentina\/tag\/glaciares\/\" rel=\"tag\">SalvemosLosGlaciares<\/a><\/div><\/div>\n\n\n<h3 class=\"wp-block-post-title\"><a href=\"https:\/\/www.greenpeace.org\/argentina\/story\/problemas\/climayenergia\/reforma-a-la-ley-de-glaciares-convocan-a-la-demanda-colectiva-mas-grande-de-la-historia\/\" target=\"_self\" >Reforma a la Ley de Glaciares: convocan a la demanda colectiva m\u00e1s grande de la historia<\/a><\/h3>\n\n<div class=\"wp-block-post-excerpt\"><p class=\"wp-block-post-excerpt__excerpt\">La ciudadan\u00eda puede acceder a www.demandacolectivaglaciares.org y ser parte de la acci\u00f3n legal colectiva m\u00e1s grande en defensa del agua en la historia del pa\u00eds. <\/p><\/div>\n\n\n<div class=\"wp-block-group posts-list-meta is-layout-flow wp-block-group-is-layout-flow\"><span class='article-list-item-author'><a href='https:\/\/www.greenpeace.org\/argentina\/author\/prensaarg\/'>Prensa Argentina<\/a><\/span>\n\n<div class=\"wp-block-post-date\"><time datetime=\"2026-04-09T08:28:15-03:00\">9 abril 2026<\/time><\/div><\/div>\n<\/div>\n<\/div>\n\n<\/li><li class=\"wp-block-post post-33435 post type-post status-publish format-standard has-post-thumbnail hentry category-climayenergia tag-glaciares p4-page-type-story\">\n\n<div class=\"wp-block-columns is-layout-flex wp-container-core-columns-is-layout-9d6595d7 wp-block-columns-is-layout-flex\"><figure class=\"wp-block-post-featured-image\"><a href=\"https:\/\/www.greenpeace.org\/argentina\/story\/problemas\/climayenergia\/accion-greenpeace-frente-al-congreso-diputados-no-traicionen-a-los-argentinos\/\" target=\"_self\"  ><img loading=\"lazy\" decoding=\"async\" width=\"1707\" height=\"2560\" src=\"https:\/\/www.greenpeace.org\/static\/planet4-argentina-stateless\/2026\/04\/cdd5e427-banner-congreso-ley-de-glaciares-credito-sebastian-pani-greenpeace-6-scaled.jpg\" class=\"attachment-post-thumbnail size-post-thumbnail wp-post-image wp-stateless-item\" alt=\"Acci\u00f3n Greenpeace frente al Congreso: \u201cDiputados no traicionen a los argentinos\u201d\" style=\"object-fit:cover;\" srcset=\"https:\/\/www.greenpeace.org\/static\/planet4-argentina-stateless\/2026\/04\/cdd5e427-banner-congreso-ley-de-glaciares-credito-sebastian-pani-greenpeace-6-scaled.jpg 1707w, https:\/\/www.greenpeace.org\/static\/planet4-argentina-stateless\/2026\/04\/cdd5e427-banner-congreso-ley-de-glaciares-credito-sebastian-pani-greenpeace-6-200x300.jpg 200w, https:\/\/www.greenpeace.org\/static\/planet4-argentina-stateless\/2026\/04\/cdd5e427-banner-congreso-ley-de-glaciares-credito-sebastian-pani-greenpeace-6-683x1024.jpg 683w, https:\/\/www.greenpeace.org\/static\/planet4-argentina-stateless\/2026\/04\/cdd5e427-banner-congreso-ley-de-glaciares-credito-sebastian-pani-greenpeace-6-768x1152.jpg 768w, https:\/\/www.greenpeace.org\/static\/planet4-argentina-stateless\/2026\/04\/cdd5e427-banner-congreso-ley-de-glaciares-credito-sebastian-pani-greenpeace-6-1024x1536.jpg 1024w, https:\/\/www.greenpeace.org\/static\/planet4-argentina-stateless\/2026\/04\/cdd5e427-banner-congreso-ley-de-glaciares-credito-sebastian-pani-greenpeace-6-1365x2048.jpg 1365w, https:\/\/www.greenpeace.org\/static\/planet4-argentina-stateless\/2026\/04\/cdd5e427-banner-congreso-ley-de-glaciares-credito-sebastian-pani-greenpeace-6-911x1366.jpg 911w, https:\/\/www.greenpeace.org\/static\/planet4-argentina-stateless\/2026\/04\/cdd5e427-banner-congreso-ley-de-glaciares-credito-sebastian-pani-greenpeace-6-227x340.jpg 227w\" sizes=\"auto, (max-width: 1707px) 100vw, 1707px\" data-image-size=\"post-thumbnail\" data-stateless-media-bucket=\"planet4-argentina-stateless\" data-stateless-media-name=\"2026\/04\/cdd5e427-banner-congreso-ley-de-glaciares-credito-sebastian-pani-greenpeace-6-scaled.jpg\" \/><\/a><\/figure>\n\n\n<div class=\"wp-block-group is-layout-flow wp-block-group-is-layout-flow\">\n<div class=\"wp-block-group is-layout-flex wp-block-group-is-layout-flex\"><div class=\"wp-block-post-terms\"><a href=\"https:\/\/www.greenpeace.org\/argentina\/category\/problemas\/climayenergia\/\">Clima y Energ\u00eda<\/a><\/div>\n\n<div class=\"taxonomy-post_tag wp-block-post-terms\"><a href=\"https:\/\/www.greenpeace.org\/argentina\/tag\/glaciares\/\" rel=\"tag\">SalvemosLosGlaciares<\/a><\/div><\/div>\n\n\n<h3 class=\"wp-block-post-title\"><a href=\"https:\/\/www.greenpeace.org\/argentina\/story\/problemas\/climayenergia\/accion-greenpeace-frente-al-congreso-diputados-no-traicionen-a-los-argentinos\/\" target=\"_self\" >Acci\u00f3n Greenpeace frente al Congreso: \u201cDiputados no traicionen a los argentinos\u201d<\/a><\/h3>\n\n<div class=\"wp-block-post-excerpt\"><p class=\"wp-block-post-excerpt__excerpt\">Activistas de Greenpeace realizaron hoy una acci\u00f3n pac\u00edfica a metros del Congreso de la Naci\u00f3n para exigir que no se avance con el proyecto de reforma de la Ley que pone en riesgo las principales reservas de agua dulce del pa\u00eds <\/p><\/div>\n\n\n<div class=\"wp-block-group posts-list-meta is-layout-flow wp-block-group-is-layout-flow\"><span class='article-list-item-author'><a href='https:\/\/www.greenpeace.org\/argentina\/author\/prensaarg\/'>Prensa Argentina<\/a><\/span>\n\n<div class=\"wp-block-post-date\"><time datetime=\"2026-04-08T09:29:33-03:00\">8 abril 2026<\/time><\/div><\/div>\n<\/div>\n<\/div>\n\n<\/li><li class=\"wp-block-post post-33386 post type-post status-publish format-standard has-post-thumbnail hentry category-climayenergia p4-page-type-story\">\n\n<div class=\"wp-block-columns is-layout-flex wp-container-core-columns-is-layout-9d6595d7 wp-block-columns-is-layout-flex\"><figure class=\"wp-block-post-featured-image\"><a href=\"https:\/\/www.greenpeace.org\/argentina\/story\/problemas\/climayenergia\/la-comunidad-cientifica-internacional-advierte-sobre-los-riesgos-de-reformar-la-ley-de-glaciares-en-argentina\/\" target=\"_self\"  ><img loading=\"lazy\" decoding=\"async\" width=\"2500\" height=\"1662\" src=\"https:\/\/www.greenpeace.org\/static\/planet4-argentina-stateless\/2025\/01\/9acd5349-glaciar-perito-moreno-patagonia-arg-\u00a9-markus-mauthe-greenpeace-2.jpg\" class=\"attachment-post-thumbnail size-post-thumbnail wp-post-image wp-stateless-item\" alt=\"La comunidad cient\u00edfica internacional advierte sobre los riesgos de reformar la Ley de Glaciares en Argentina\" style=\"object-fit:cover;\" srcset=\"https:\/\/www.greenpeace.org\/static\/planet4-argentina-stateless\/2025\/01\/9acd5349-glaciar-perito-moreno-patagonia-arg-\u00a9-markus-mauthe-greenpeace-2.jpg 2500w, https:\/\/www.greenpeace.org\/static\/planet4-argentina-stateless\/2025\/01\/9acd5349-glaciar-perito-moreno-patagonia-arg-\u00a9-markus-mauthe-greenpeace-2-300x199.jpg 300w, https:\/\/www.greenpeace.org\/static\/planet4-argentina-stateless\/2025\/01\/9acd5349-glaciar-perito-moreno-patagonia-arg-\u00a9-markus-mauthe-greenpeace-2-1024x681.jpg 1024w, https:\/\/www.greenpeace.org\/static\/planet4-argentina-stateless\/2025\/01\/9acd5349-glaciar-perito-moreno-patagonia-arg-\u00a9-markus-mauthe-greenpeace-2-768x511.jpg 768w, https:\/\/www.greenpeace.org\/static\/planet4-argentina-stateless\/2025\/01\/9acd5349-glaciar-perito-moreno-patagonia-arg-\u00a9-markus-mauthe-greenpeace-2-1536x1021.jpg 1536w, https:\/\/www.greenpeace.org\/static\/planet4-argentina-stateless\/2025\/01\/9acd5349-glaciar-perito-moreno-patagonia-arg-\u00a9-markus-mauthe-greenpeace-2-2048x1362.jpg 2048w, https:\/\/www.greenpeace.org\/static\/planet4-argentina-stateless\/2025\/01\/9acd5349-glaciar-perito-moreno-patagonia-arg-\u00a9-markus-mauthe-greenpeace-2-510x340.jpg 510w\" sizes=\"auto, (max-width: 2500px) 100vw, 2500px\" data-image-size=\"post-thumbnail\" data-stateless-media-bucket=\"planet4-argentina-stateless\" data-stateless-media-name=\"2025\/01\/9acd5349-glaciar-perito-moreno-patagonia-arg-\u00a9-markus-mauthe-greenpeace-2.jpg\" \/><\/a><\/figure>\n\n\n<div class=\"wp-block-group is-layout-flow wp-block-group-is-layout-flow\">\n<div class=\"wp-block-group is-layout-flex wp-block-group-is-layout-flex\"><div class=\"wp-block-post-terms\"><a href=\"https:\/\/www.greenpeace.org\/argentina\/category\/problemas\/climayenergia\/\">Clima y Energ\u00eda<\/a><\/div>\n\n<\/div>\n\n\n<h3 class=\"wp-block-post-title\"><a href=\"https:\/\/www.greenpeace.org\/argentina\/story\/problemas\/climayenergia\/la-comunidad-cientifica-internacional-advierte-sobre-los-riesgos-de-reformar-la-ley-de-glaciares-en-argentina\/\" target=\"_self\" >La comunidad cient\u00edfica internacional advierte sobre los riesgos de reformar la Ley de Glaciares en Argentina<\/a><\/h3>\n\n<div class=\"wp-block-post-excerpt\"><p class=\"wp-block-post-excerpt__excerpt\">Especialistas internacionales en glaciolog\u00eda y disciplinas afines enviaron una carta a la C\u00e1mara de Diputados de la Naci\u00f3n Argentina para expresar su preocupaci\u00f3n por el proyecto de reforma de la&hellip; <\/p><\/div>\n\n\n<div class=\"wp-block-group posts-list-meta is-layout-flow wp-block-group-is-layout-flow\"><span class='article-list-item-author'><a href='https:\/\/www.greenpeace.org\/argentina\/author\/prensaarg\/'>Prensa Argentina<\/a><\/span>\n\n<div class=\"wp-block-post-date\"><time datetime=\"2026-03-31T12:03:34-03:00\">31 marzo 2026<\/time><\/div><\/div>\n<\/div>\n<\/div>\n\n<\/li><\/ul>\n\n\n<div class=\"wp-block-buttons carousel-controls is-horizontal is-content-justification-space-between is-nowrap is-layout-flex wp-container-core-buttons-is-layout-044bd602 wp-block-buttons-is-layout-flex\">\n<div class=\"wp-block-button carousel-control-prev\"><button type=\"button\" class=\"wp-block-button__link wp-element-button\">Prev<\/button><\/div>\n\n\n\n<div class=\"wp-block-button carousel-control-next\"><button type=\"button\" class=\"wp-block-button__link wp-element-button\">Next<\/button><\/div>\n<\/div>\n\n\n<li class=\" wp-block-navigation-item see-all-link wp-block-navigation-link\"><a class=\"wp-block-navigation-item__content\"  href=\"http:\/\/www.greenpeace.org\/argentina\/news-stories\/?post-type=story\"><span class=\"wp-block-navigation-item__label\">Ver todos<\/span><\/a><\/li><\/div>\n\n\n\n<div style=\"height:60px\" aria-hidden=\"true\" class=\"wp-block-spacer\"><\/div>\n\n\n\n<div class=\"wp-block-query posts-list p4-query-loop is-custom-layout-carousel is-layout-flex wp-block-query-is-layout-flex\">\n<div class=\"wp-block-group is-content-justification-space-between is-layout-flex wp-container-core-group-is-layout-3d213aab wp-block-group-is-layout-flex\">\n<h2 class=\"wp-block-heading\">Le\u00e9 los \u00faltimos blogs<\/h2>\n\n\n<li class=\" wp-block-navigation-item see-all-link wp-block-navigation-link\"><a class=\"wp-block-navigation-item__content\"  href=\"http:\/\/www.greenpeace.org\/argentina\/news-stories\/?post-type=blog\"><span class=\"wp-block-navigation-item__label\">Ver todos<\/span><\/a><\/li><\/div>\n\n\n\n<p style=\"margin-top:24px;margin-bottom:36px\"><\/p>\n\n\n\n\n<ul class=\"wp-block-post-template is-layout-flow wp-block-post-template-is-layout-flow\"><li class=\"wp-block-post post-33635 post type-post status-publish format-standard has-post-thumbnail hentry category-oceanos tag-marargentino p4-page-type-blog\">\n\n<div class=\"wp-block-columns is-layout-flex wp-container-core-columns-is-layout-9d6595d7 wp-block-columns-is-layout-flex\"><figure class=\"wp-block-post-featured-image\"><a href=\"https:\/\/www.greenpeace.org\/argentina\/blog\/problemas\/oceanos\/chau-petroleras-chau-falsas-promesas-shell-y-qatar-energy-abandonan-el-mar-argentino-con-las-manos-vacias\/\" target=\"_self\"  ><img loading=\"lazy\" decoding=\"async\" width=\"2500\" height=\"1667\" src=\"https:\/\/www.greenpeace.org\/static\/planet4-argentina-stateless\/2022\/01\/7a7e049b-torre-mar-del-plata-credito-gabriel-bulacio-greenpeace-16.jpg\" class=\"attachment-post-thumbnail size-post-thumbnail wp-post-image wp-stateless-item\" alt=\"\u00a1CHAU PETROLERAS, chau falsas promesas! Shell y Qatar Energy abandonan el Mar Argentino con las manos vac\u00edas.\" style=\"object-fit:cover;\" srcset=\"https:\/\/www.greenpeace.org\/static\/planet4-argentina-stateless\/2022\/01\/7a7e049b-torre-mar-del-plata-credito-gabriel-bulacio-greenpeace-16.jpg 2500w, https:\/\/www.greenpeace.org\/static\/planet4-argentina-stateless\/2022\/01\/7a7e049b-torre-mar-del-plata-credito-gabriel-bulacio-greenpeace-16-300x200.jpg 300w, https:\/\/www.greenpeace.org\/static\/planet4-argentina-stateless\/2022\/01\/7a7e049b-torre-mar-del-plata-credito-gabriel-bulacio-greenpeace-16-1024x683.jpg 1024w, https:\/\/www.greenpeace.org\/static\/planet4-argentina-stateless\/2022\/01\/7a7e049b-torre-mar-del-plata-credito-gabriel-bulacio-greenpeace-16-768x512.jpg 768w, https:\/\/www.greenpeace.org\/static\/planet4-argentina-stateless\/2022\/01\/7a7e049b-torre-mar-del-plata-credito-gabriel-bulacio-greenpeace-16-1536x1024.jpg 1536w, https:\/\/www.greenpeace.org\/static\/planet4-argentina-stateless\/2022\/01\/7a7e049b-torre-mar-del-plata-credito-gabriel-bulacio-greenpeace-16-2048x1366.jpg 2048w, https:\/\/www.greenpeace.org\/static\/planet4-argentina-stateless\/2022\/01\/7a7e049b-torre-mar-del-plata-credito-gabriel-bulacio-greenpeace-16-510x340.jpg 510w\" sizes=\"auto, (max-width: 2500px) 100vw, 2500px\" data-image-size=\"post-thumbnail\" data-stateless-media-bucket=\"planet4-argentina-stateless\" data-stateless-media-name=\"2022\/01\/7a7e049b-torre-mar-del-plata-credito-gabriel-bulacio-greenpeace-16.jpg\" \/><\/a><\/figure>\n\n\n<div class=\"wp-block-group is-layout-flow wp-block-group-is-layout-flow\">\n<div class=\"wp-block-group is-layout-flex wp-block-group-is-layout-flex\"><div class=\"wp-block-post-terms\"><a href=\"https:\/\/www.greenpeace.org\/argentina\/category\/problemas\/oceanos\/\">Oc\u00e9anos<\/a><\/div>\n\n<div class=\"taxonomy-post_tag wp-block-post-terms\"><a href=\"https:\/\/www.greenpeace.org\/argentina\/tag\/marargentino\/\" rel=\"tag\">MarArgentino<\/a><\/div><\/div>\n\n\n<h3 class=\"wp-block-post-title\"><a href=\"https:\/\/www.greenpeace.org\/argentina\/blog\/problemas\/oceanos\/chau-petroleras-chau-falsas-promesas-shell-y-qatar-energy-abandonan-el-mar-argentino-con-las-manos-vacias\/\" target=\"_self\" >\u00a1CHAU PETROLERAS, chau falsas promesas! Shell y Qatar Energy abandonan el Mar Argentino con las manos vac\u00edas.<\/a><\/h3>\n\n<div class=\"wp-block-post-excerpt\"><p class=\"wp-block-post-excerpt__excerpt\">El Mar Argentino ya puede tomar un respiro. Hoy petroleras no tienen m\u00e1s remedio que retirarse con la cabeza baja, sin dejar ni un barril. <\/p><\/div>\n\n\n<div class=\"wp-block-group posts-list-meta is-layout-flow wp-block-group-is-layout-flow\"><span class='article-list-item-author'><a href='https:\/\/www.greenpeace.org\/argentina\/author\/lcolombo\/'>Laura Colombo<\/a><\/span>\n\n<div class=\"wp-block-post-date\"><time datetime=\"2026-04-28T12:12:07-03:00\">28 abril 2026<\/time><\/div><\/div>\n<\/div>\n<\/div>\n\n<\/li><li class=\"wp-block-post post-33631 post type-post status-publish format-standard has-post-thumbnail hentry category-oceanos tag-defendamospuntatombo p4-page-type-blog\">\n\n<div class=\"wp-block-columns is-layout-flex wp-container-core-columns-is-layout-9d6595d7 wp-block-columns-is-layout-flex\"><figure class=\"wp-block-post-featured-image\"><a href=\"https:\/\/www.greenpeace.org\/argentina\/blog\/problemas\/oceanos\/dia-del-pinguino-justicia-por-la-masacre-de-los-pinguinos-de-magallanes-en-la-reserva-punta-tombo\/\" target=\"_self\"  ><img loading=\"lazy\" decoding=\"async\" width=\"2500\" height=\"1611\" src=\"https:\/\/www.greenpeace.org\/static\/planet4-argentina-stateless\/2024\/11\/bf41779f-pinguinos-en-punta-tombo-04-\u00a9-osvaldo-tesoro-greenpeace.jpg\" class=\"attachment-post-thumbnail size-post-thumbnail wp-post-image wp-stateless-item\" alt=\"D\u00eda del Ping\u00fcino: justicia por la masacre de los Ping\u00fcinos de Magallanes en la Reserva Punta Tombo\" style=\"object-fit:cover;\" srcset=\"https:\/\/www.greenpeace.org\/static\/planet4-argentina-stateless\/2024\/11\/bf41779f-pinguinos-en-punta-tombo-04-\u00a9-osvaldo-tesoro-greenpeace.jpg 2500w, https:\/\/www.greenpeace.org\/static\/planet4-argentina-stateless\/2024\/11\/bf41779f-pinguinos-en-punta-tombo-04-\u00a9-osvaldo-tesoro-greenpeace-300x193.jpg 300w, https:\/\/www.greenpeace.org\/static\/planet4-argentina-stateless\/2024\/11\/bf41779f-pinguinos-en-punta-tombo-04-\u00a9-osvaldo-tesoro-greenpeace-1024x660.jpg 1024w, https:\/\/www.greenpeace.org\/static\/planet4-argentina-stateless\/2024\/11\/bf41779f-pinguinos-en-punta-tombo-04-\u00a9-osvaldo-tesoro-greenpeace-768x495.jpg 768w, https:\/\/www.greenpeace.org\/static\/planet4-argentina-stateless\/2024\/11\/bf41779f-pinguinos-en-punta-tombo-04-\u00a9-osvaldo-tesoro-greenpeace-1536x990.jpg 1536w, https:\/\/www.greenpeace.org\/static\/planet4-argentina-stateless\/2024\/11\/bf41779f-pinguinos-en-punta-tombo-04-\u00a9-osvaldo-tesoro-greenpeace-2048x1320.jpg 2048w, https:\/\/www.greenpeace.org\/static\/planet4-argentina-stateless\/2024\/11\/bf41779f-pinguinos-en-punta-tombo-04-\u00a9-osvaldo-tesoro-greenpeace-510x329.jpg 510w\" sizes=\"auto, (max-width: 2500px) 100vw, 2500px\" data-image-size=\"post-thumbnail\" data-stateless-media-bucket=\"planet4-argentina-stateless\" data-stateless-media-name=\"2024\/11\/bf41779f-pinguinos-en-punta-tombo-04-\u00a9-osvaldo-tesoro-greenpeace.jpg\" \/><\/a><\/figure>\n\n\n<div class=\"wp-block-group is-layout-flow wp-block-group-is-layout-flow\">\n<div class=\"wp-block-group is-layout-flex wp-block-group-is-layout-flex\"><div class=\"wp-block-post-terms\"><a href=\"https:\/\/www.greenpeace.org\/argentina\/category\/problemas\/oceanos\/\">Oc\u00e9anos<\/a><\/div>\n\n<div class=\"taxonomy-post_tag wp-block-post-terms\"><a href=\"https:\/\/www.greenpeace.org\/argentina\/tag\/defendamospuntatombo\/\" rel=\"tag\">DefendamosPuntaTombo<\/a><\/div><\/div>\n\n\n<h3 class=\"wp-block-post-title\"><a href=\"https:\/\/www.greenpeace.org\/argentina\/blog\/problemas\/oceanos\/dia-del-pinguino-justicia-por-la-masacre-de-los-pinguinos-de-magallanes-en-la-reserva-punta-tombo\/\" target=\"_self\" >D\u00eda del Ping\u00fcino: justicia por la masacre de los Ping\u00fcinos de Magallanes en la Reserva Punta Tombo<\/a><\/h3>\n\n<div class=\"wp-block-post-excerpt\"><p class=\"wp-block-post-excerpt__excerpt\">Este caso no s\u00f3lo represent\u00f3 un acto de violencia contra la naturaleza, sino que tambi\u00e9n subraya la importancia de avanzar en figuras del delito ambiental <\/p><\/div>\n\n\n<div class=\"wp-block-group posts-list-meta is-layout-flow wp-block-group-is-layout-flow\"><span class='article-list-item-author'><a href='https:\/\/www.greenpeace.org\/argentina\/author\/lvazquez\/'>Editor<\/a><\/span>\n\n<div class=\"wp-block-post-date\"><time datetime=\"2026-04-24T21:59:36-03:00\">24 abril 2026<\/time><\/div><\/div>\n<\/div>\n<\/div>\n\n<\/li><li class=\"wp-block-post post-33554 post type-post status-publish format-standard has-post-thumbnail hentry category-sustentabilidad p4-page-type-blog\">\n\n<div class=\"wp-block-columns is-layout-flex wp-container-core-columns-is-layout-9d6595d7 wp-block-columns-is-layout-flex\"><figure class=\"wp-block-post-featured-image\"><a href=\"https:\/\/www.greenpeace.org\/argentina\/blog\/problemas\/sustentabilidad\/dia-de-la-tierra-un-llamado-a-construir-esperanza-en-tiempos-de-crisis-ambiental\/\" target=\"_self\"  ><img loading=\"lazy\" decoding=\"async\" width=\"2500\" height=\"1875\" src=\"https:\/\/www.greenpeace.org\/static\/planet4-argentina-stateless\/2026\/04\/c79512f1-gp0stqt3a_pressmedia-2500px.jpg\" class=\"attachment-post-thumbnail size-post-thumbnail wp-post-image wp-stateless-item\" alt=\"D\u00eda de la Tierra: un llamado a construir esperanza en tiempos de crisis ambiental\u00a0\" style=\"object-fit:cover;\" srcset=\"https:\/\/www.greenpeace.org\/static\/planet4-argentina-stateless\/2026\/04\/c79512f1-gp0stqt3a_pressmedia-2500px.jpg 2500w, https:\/\/www.greenpeace.org\/static\/planet4-argentina-stateless\/2026\/04\/c79512f1-gp0stqt3a_pressmedia-2500px-300x225.jpg 300w, https:\/\/www.greenpeace.org\/static\/planet4-argentina-stateless\/2026\/04\/c79512f1-gp0stqt3a_pressmedia-2500px-1024x768.jpg 1024w, https:\/\/www.greenpeace.org\/static\/planet4-argentina-stateless\/2026\/04\/c79512f1-gp0stqt3a_pressmedia-2500px-768x576.jpg 768w, https:\/\/www.greenpeace.org\/static\/planet4-argentina-stateless\/2026\/04\/c79512f1-gp0stqt3a_pressmedia-2500px-1536x1152.jpg 1536w, https:\/\/www.greenpeace.org\/static\/planet4-argentina-stateless\/2026\/04\/c79512f1-gp0stqt3a_pressmedia-2500px-2048x1536.jpg 2048w, https:\/\/www.greenpeace.org\/static\/planet4-argentina-stateless\/2026\/04\/c79512f1-gp0stqt3a_pressmedia-2500px-1821x1366.jpg 1821w, https:\/\/www.greenpeace.org\/static\/planet4-argentina-stateless\/2026\/04\/c79512f1-gp0stqt3a_pressmedia-2500px-453x340.jpg 453w\" sizes=\"auto, (max-width: 2500px) 100vw, 2500px\" data-image-size=\"post-thumbnail\" data-stateless-media-bucket=\"planet4-argentina-stateless\" data-stateless-media-name=\"2026\/04\/c79512f1-gp0stqt3a_pressmedia-2500px.jpg\" \/><\/a><\/figure>\n\n\n<div class=\"wp-block-group is-layout-flow wp-block-group-is-layout-flow\">\n<div class=\"wp-block-group is-layout-flex wp-block-group-is-layout-flex\"><div class=\"wp-block-post-terms\"><a href=\"https:\/\/www.greenpeace.org\/argentina\/category\/problemas\/sustentabilidad\/\">Sustentabilidad<\/a><\/div>\n\n<\/div>\n\n\n<h3 class=\"wp-block-post-title\"><a href=\"https:\/\/www.greenpeace.org\/argentina\/blog\/problemas\/sustentabilidad\/dia-de-la-tierra-un-llamado-a-construir-esperanza-en-tiempos-de-crisis-ambiental\/\" target=\"_self\" >D\u00eda de la Tierra: un llamado a construir esperanza en tiempos de crisis ambiental\u00a0<\/a><\/h3>\n\n<div class=\"wp-block-post-excerpt\"><p class=\"wp-block-post-excerpt__excerpt\">La Tierra nos necesita l\u00facidos, no desesperados. <\/p><\/div>\n\n\n<div class=\"wp-block-group posts-list-meta is-layout-flow wp-block-group-is-layout-flow\"><span class='article-list-item-author'>Meri Castro<\/span>\n\n<div class=\"wp-block-post-date\"><time datetime=\"2026-04-21T13:34:52-03:00\">21 abril 2026<\/time><\/div><\/div>\n<\/div>\n<\/div>\n\n<\/li><li class=\"wp-block-post post-33534 post type-post status-publish format-standard has-post-thumbnail hentry category-climayenergia tag-voluntarios tag-glaciares p4-page-type-blog\">\n\n<div class=\"wp-block-columns is-layout-flex wp-container-core-columns-is-layout-9d6595d7 wp-block-columns-is-layout-flex\"><figure class=\"wp-block-post-featured-image\"><a href=\"https:\/\/www.greenpeace.org\/argentina\/blog\/problemas\/climayenergia\/greenpeace-en-las-calles-en-la-jornada-nacional-por-la-demanda-colectiva-para-defender-los-glaciares-sumate\/\" target=\"_self\"  ><img loading=\"lazy\" decoding=\"async\" width=\"499\" height=\"621\" src=\"https:\/\/www.greenpeace.org\/static\/planet4-argentina-stateless\/2026\/04\/5fa6cded-flyer.jpg\" class=\"attachment-post-thumbnail size-post-thumbnail wp-post-image wp-stateless-item\" alt=\"Greenpeace en las calles en la \u201cJornada Nacional por la demanda colectiva para defender los Glaciares&#8221;. \u00a1Sumate!\" style=\"object-fit:cover;\" srcset=\"https:\/\/www.greenpeace.org\/static\/planet4-argentina-stateless\/2026\/04\/5fa6cded-flyer.jpg 499w, https:\/\/www.greenpeace.org\/static\/planet4-argentina-stateless\/2026\/04\/5fa6cded-flyer-241x300.jpg 241w, https:\/\/www.greenpeace.org\/static\/planet4-argentina-stateless\/2026\/04\/5fa6cded-flyer-273x340.jpg 273w\" sizes=\"auto, (max-width: 499px) 100vw, 499px\" data-image-size=\"post-thumbnail\" data-stateless-media-bucket=\"planet4-argentina-stateless\" data-stateless-media-name=\"2026\/04\/5fa6cded-flyer.jpg\" \/><\/a><\/figure>\n\n\n<div class=\"wp-block-group is-layout-flow wp-block-group-is-layout-flow\">\n<div class=\"wp-block-group is-layout-flex wp-block-group-is-layout-flex\"><div class=\"wp-block-post-terms\"><a href=\"https:\/\/www.greenpeace.org\/argentina\/category\/problemas\/climayenergia\/\">Clima y Energ\u00eda<\/a><\/div>\n\n<div class=\"taxonomy-post_tag wp-block-post-terms\"><a href=\"https:\/\/www.greenpeace.org\/argentina\/tag\/voluntarios\/\" rel=\"tag\">Voluntarios<\/a><span class=\"wp-block-post-terms__separator\"> <\/span><a href=\"https:\/\/www.greenpeace.org\/argentina\/tag\/glaciares\/\" rel=\"tag\">SalvemosLosGlaciares<\/a><\/div><\/div>\n\n\n<h3 class=\"wp-block-post-title\"><a href=\"https:\/\/www.greenpeace.org\/argentina\/blog\/problemas\/climayenergia\/greenpeace-en-las-calles-en-la-jornada-nacional-por-la-demanda-colectiva-para-defender-los-glaciares-sumate\/\" target=\"_self\" >Greenpeace en las calles en la \u201cJornada Nacional por la demanda colectiva para defender los Glaciares&#8221;. \u00a1Sumate!<\/a><\/h3>\n\n<div class=\"wp-block-post-excerpt\"><p class=\"wp-block-post-excerpt__excerpt\">Nuestros equipos locales de voluntarios y voluntarias van a estar presentes en las calles y en diferentes provincias este fin de semana. Sumate para realizar juntos actividades <\/p><\/div>\n\n\n<div class=\"wp-block-group posts-list-meta is-layout-flow wp-block-group-is-layout-flow\"><span class='article-list-item-author'><a href='https:\/\/www.greenpeace.org\/argentina\/author\/lcolombo\/'>Laura Colombo<\/a><\/span>\n\n<div class=\"wp-block-post-date\"><time datetime=\"2026-04-17T17:22:06-03:00\">17 abril 2026<\/time><\/div><\/div>\n<\/div>\n<\/div>\n\n<\/li><li class=\"wp-block-post post-33498 post type-post status-publish format-standard has-post-thumbnail hentry category-climayenergia tag-glaciares p4-page-type-blog\">\n\n<div class=\"wp-block-columns is-layout-flex wp-container-core-columns-is-layout-9d6595d7 wp-block-columns-is-layout-flex\"><figure class=\"wp-block-post-featured-image\"><a href=\"https:\/\/www.greenpeace.org\/argentina\/blog\/problemas\/climayenergia\/todo-lo-que-tenes-que-saber-para-sumarte-a-la-demanda-colectiva-para-defender-el-agua\/\" target=\"_self\"  ><img loading=\"lazy\" decoding=\"async\" width=\"977\" height=\"569\" src=\"https:\/\/www.greenpeace.org\/static\/planet4-argentina-stateless\/2026\/04\/eccf449d-box3.png\" class=\"attachment-post-thumbnail size-post-thumbnail wp-post-image wp-stateless-item\" alt=\"Todo lo que ten\u00e9s que saber para sumarte a la demanda colectiva para defender el agua.\" style=\"object-fit:cover;\" srcset=\"https:\/\/www.greenpeace.org\/static\/planet4-argentina-stateless\/2026\/04\/eccf449d-box3.png 977w, https:\/\/www.greenpeace.org\/static\/planet4-argentina-stateless\/2026\/04\/eccf449d-box3-300x175.png 300w, https:\/\/www.greenpeace.org\/static\/planet4-argentina-stateless\/2026\/04\/eccf449d-box3-768x447.png 768w, https:\/\/www.greenpeace.org\/static\/planet4-argentina-stateless\/2026\/04\/eccf449d-box3-510x297.png 510w\" sizes=\"auto, (max-width: 977px) 100vw, 977px\" data-image-size=\"post-thumbnail\" data-stateless-media-bucket=\"planet4-argentina-stateless\" data-stateless-media-name=\"2026\/04\/eccf449d-box3.png\" \/><\/a><\/figure>\n\n\n<div class=\"wp-block-group is-layout-flow wp-block-group-is-layout-flow\">\n<div class=\"wp-block-group is-layout-flex wp-block-group-is-layout-flex\"><div class=\"wp-block-post-terms\"><a href=\"https:\/\/www.greenpeace.org\/argentina\/category\/problemas\/climayenergia\/\">Clima y Energ\u00eda<\/a><\/div>\n\n<div class=\"taxonomy-post_tag wp-block-post-terms\"><a href=\"https:\/\/www.greenpeace.org\/argentina\/tag\/glaciares\/\" rel=\"tag\">SalvemosLosGlaciares<\/a><\/div><\/div>\n\n\n<h3 class=\"wp-block-post-title\"><a href=\"https:\/\/www.greenpeace.org\/argentina\/blog\/problemas\/climayenergia\/todo-lo-que-tenes-que-saber-para-sumarte-a-la-demanda-colectiva-para-defender-el-agua\/\" target=\"_self\" >Todo lo que ten\u00e9s que saber para sumarte a la demanda colectiva para defender el agua.<\/a><\/h3>\n\n<div class=\"wp-block-post-excerpt\"><p class=\"wp-block-post-excerpt__excerpt\">Las personas pueden sumarse para acompa\u00f1ar y fortalecer el reclamo desde lo social y lo colectivo, aumentando su visibilidad y legitimidad. <\/p><\/div>\n\n\n<div class=\"wp-block-group posts-list-meta is-layout-flow wp-block-group-is-layout-flow\"><span class='article-list-item-author'><a href='https:\/\/www.greenpeace.org\/argentina\/author\/lcolombo\/'>Laura Colombo<\/a><\/span>\n\n<div class=\"wp-block-post-date\"><time datetime=\"2026-04-10T17:49:49-03:00\">10 abril 2026<\/time><\/div><\/div>\n<\/div>\n<\/div>\n\n<\/li><li class=\"wp-block-post post-33477 post type-post status-publish format-standard has-post-thumbnail hentry category-greenpeace p4-page-type-blog\">\n\n<div class=\"wp-block-columns is-layout-flex wp-container-core-columns-is-layout-9d6595d7 wp-block-columns-is-layout-flex\"><figure class=\"wp-block-post-featured-image\"><a href=\"https:\/\/www.greenpeace.org\/argentina\/blog\/greenpeace\/urgente-es-hora-de-defender-el-agua-en-la-justicia-se-parte-de-una-demanda-colectiva-mas-grande-de-la-historia\/\" target=\"_self\"  ><img loading=\"lazy\" decoding=\"async\" width=\"1376\" height=\"768\" src=\"https:\/\/www.greenpeace.org\/static\/planet4-argentina-stateless\/2026\/04\/e2bfefc6-gemini_generated_image_ntjyl4ntjyl4ntjy.png\" class=\"attachment-post-thumbnail size-post-thumbnail wp-post-image wp-stateless-item\" alt=\"URGENTE! Es hora de defender el agua en la justicia. \u00a1S\u00e9 parte de la demanda colectiva m\u00e1s grande de la historia!\" style=\"object-fit:cover;\" srcset=\"https:\/\/www.greenpeace.org\/static\/planet4-argentina-stateless\/2026\/04\/e2bfefc6-gemini_generated_image_ntjyl4ntjyl4ntjy.png 1376w, https:\/\/www.greenpeace.org\/static\/planet4-argentina-stateless\/2026\/04\/e2bfefc6-gemini_generated_image_ntjyl4ntjyl4ntjy-300x167.png 300w, https:\/\/www.greenpeace.org\/static\/planet4-argentina-stateless\/2026\/04\/e2bfefc6-gemini_generated_image_ntjyl4ntjyl4ntjy-1024x572.png 1024w, https:\/\/www.greenpeace.org\/static\/planet4-argentina-stateless\/2026\/04\/e2bfefc6-gemini_generated_image_ntjyl4ntjyl4ntjy-768x429.png 768w, https:\/\/www.greenpeace.org\/static\/planet4-argentina-stateless\/2026\/04\/e2bfefc6-gemini_generated_image_ntjyl4ntjyl4ntjy-510x285.png 510w\" sizes=\"auto, (max-width: 1376px) 100vw, 1376px\" data-image-size=\"post-thumbnail\" data-stateless-media-bucket=\"planet4-argentina-stateless\" data-stateless-media-name=\"2026\/04\/e2bfefc6-gemini_generated_image_ntjyl4ntjyl4ntjy.png\" \/><\/a><\/figure>\n\n\n<div class=\"wp-block-group is-layout-flow wp-block-group-is-layout-flow\">\n<div class=\"wp-block-group is-layout-flex wp-block-group-is-layout-flex\"><div class=\"wp-block-post-terms\"><a href=\"https:\/\/www.greenpeace.org\/argentina\/category\/greenpeace\/\">Greenpeace<\/a><\/div>\n\n<\/div>\n\n\n<h3 class=\"wp-block-post-title\"><a href=\"https:\/\/www.greenpeace.org\/argentina\/blog\/greenpeace\/urgente-es-hora-de-defender-el-agua-en-la-justicia-se-parte-de-una-demanda-colectiva-mas-grande-de-la-historia\/\" target=\"_self\" >URGENTE! Es hora de defender el agua en la justicia. \u00a1S\u00e9 parte de la demanda colectiva m\u00e1s grande de la historia!<\/a><\/h3>\n\n<div class=\"wp-block-post-excerpt\"><p class=\"wp-block-post-excerpt__excerpt\">Lanzamos la convocatoria a la demanda colectiva m\u00e1s grande de la historia para defender el agua <\/p><\/div>\n\n\n<div class=\"wp-block-group posts-list-meta is-layout-flow wp-block-group-is-layout-flow\"><span class='article-list-item-author'><a href='https:\/\/www.greenpeace.org\/argentina\/author\/lcolombo\/'>Laura Colombo<\/a><\/span>\n\n<div class=\"wp-block-post-date\"><time datetime=\"2026-04-09T15:01:13-03:00\">9 abril 2026<\/time><\/div><\/div>\n<\/div>\n<\/div>\n\n<\/li><li class=\"wp-block-post post-33302 post type-post status-publish format-standard has-post-thumbnail hentry category-climayenergia tag-glaciares p4-page-type-blog\">\n\n<div class=\"wp-block-columns is-layout-flex wp-container-core-columns-is-layout-9d6595d7 wp-block-columns-is-layout-flex\"><figure class=\"wp-block-post-featured-image\"><a href=\"https:\/\/www.greenpeace.org\/argentina\/blog\/problemas\/climayenergia\/segui-participando-la-farsa-de-audiencia-publica-que-nos-ofrecen-a-quienes-queremos-defender-los-glaciares\/\" target=\"_self\"  ><img loading=\"lazy\" decoding=\"async\" width=\"900\" height=\"1600\" src=\"https:\/\/www.greenpeace.org\/static\/planet4-argentina-stateless\/2026\/03\/f9cbfba8-signal-2026-03-20-134640_002.jpeg\" class=\"attachment-post-thumbnail size-post-thumbnail wp-post-image wp-stateless-item\" alt=\"\u201cSegu\u00ed participando\u201d: la farsa de audiencia p\u00fablica que nos ofrecen a quienes queremos defender los glaciares\" style=\"object-fit:cover;\" srcset=\"https:\/\/www.greenpeace.org\/static\/planet4-argentina-stateless\/2026\/03\/f9cbfba8-signal-2026-03-20-134640_002.jpeg 900w, https:\/\/www.greenpeace.org\/static\/planet4-argentina-stateless\/2026\/03\/f9cbfba8-signal-2026-03-20-134640_002-169x300.jpeg 169w, https:\/\/www.greenpeace.org\/static\/planet4-argentina-stateless\/2026\/03\/f9cbfba8-signal-2026-03-20-134640_002-576x1024.jpeg 576w, https:\/\/www.greenpeace.org\/static\/planet4-argentina-stateless\/2026\/03\/f9cbfba8-signal-2026-03-20-134640_002-768x1366.jpeg 768w, https:\/\/www.greenpeace.org\/static\/planet4-argentina-stateless\/2026\/03\/f9cbfba8-signal-2026-03-20-134640_002-864x1536.jpeg 864w, https:\/\/www.greenpeace.org\/static\/planet4-argentina-stateless\/2026\/03\/f9cbfba8-signal-2026-03-20-134640_002-191x340.jpeg 191w\" sizes=\"auto, (max-width: 900px) 100vw, 900px\" data-image-size=\"post-thumbnail\" data-stateless-media-bucket=\"planet4-argentina-stateless\" data-stateless-media-name=\"2026\/03\/f9cbfba8-signal-2026-03-20-134640_002.jpeg\" \/><\/a><\/figure>\n\n\n<div class=\"wp-block-group is-layout-flow wp-block-group-is-layout-flow\">\n<div class=\"wp-block-group is-layout-flex wp-block-group-is-layout-flex\"><div class=\"wp-block-post-terms\"><a href=\"https:\/\/www.greenpeace.org\/argentina\/category\/problemas\/climayenergia\/\">Clima y Energ\u00eda<\/a><\/div>\n\n<div class=\"taxonomy-post_tag wp-block-post-terms\"><a href=\"https:\/\/www.greenpeace.org\/argentina\/tag\/glaciares\/\" rel=\"tag\">SalvemosLosGlaciares<\/a><\/div><\/div>\n\n\n<h3 class=\"wp-block-post-title\"><a href=\"https:\/\/www.greenpeace.org\/argentina\/blog\/problemas\/climayenergia\/segui-participando-la-farsa-de-audiencia-publica-que-nos-ofrecen-a-quienes-queremos-defender-los-glaciares\/\" target=\"_self\" >\u201cSegu\u00ed participando\u201d: la farsa de audiencia p\u00fablica que nos ofrecen a quienes queremos defender los glaciares<\/a><\/h3>\n\n<div class=\"wp-block-post-excerpt\"><p class=\"wp-block-post-excerpt__excerpt\">Mientras m\u00e1s queremos hablar para defender el agua y los glaciares, m\u00e1s nos quieren restringir, limitar,entorpecer y silenciar. No podemos permitirlo. <\/p><\/div>\n\n\n<div class=\"wp-block-group posts-list-meta is-layout-flow wp-block-group-is-layout-flow\"><span class='article-list-item-author'><a href='https:\/\/www.greenpeace.org\/argentina\/author\/lcolombo\/'>Laura Colombo<\/a><\/span>\n\n<div class=\"wp-block-post-date\"><time datetime=\"2026-03-20T14:56:02-03:00\">20 marzo 2026<\/time><\/div><\/div>\n<\/div>\n<\/div>\n\n<\/li><li class=\"wp-block-post post-33245 post type-post status-publish format-standard has-post-thumbnail hentry category-climayenergia tag-glaciares p4-page-type-blog\">\n\n<div class=\"wp-block-columns is-layout-flex wp-container-core-columns-is-layout-9d6595d7 wp-block-columns-is-layout-flex\"><figure class=\"wp-block-post-featured-image\"><a href=\"https:\/\/www.greenpeace.org\/argentina\/blog\/problemas\/climayenergia\/dia-de-los-glaciares-que-esta-pasando-con-la-ley-que-los-protege-en-argentina-y-por-que-preocupa-su-futuro\/\" target=\"_self\"  ><img loading=\"lazy\" decoding=\"async\" width=\"2560\" height=\"1706\" src=\"https:\/\/www.greenpeace.org\/static\/planet4-argentina-stateless\/2025\/12\/9c1f2c43-gpa_modificacionleyglaciares_06-scaled.jpg\" class=\"attachment-post-thumbnail size-post-thumbnail wp-post-image wp-stateless-item\" alt=\"D\u00eda de los Glaciares: qu\u00e9 est\u00e1 pasando con la ley que los protege en Argentina y por qu\u00e9 preocupa su futuro\" style=\"object-fit:cover;\" srcset=\"https:\/\/www.greenpeace.org\/static\/planet4-argentina-stateless\/2025\/12\/9c1f2c43-gpa_modificacionleyglaciares_06-scaled.jpg 2560w, https:\/\/www.greenpeace.org\/static\/planet4-argentina-stateless\/2025\/12\/9c1f2c43-gpa_modificacionleyglaciares_06-300x200.jpg 300w, https:\/\/www.greenpeace.org\/static\/planet4-argentina-stateless\/2025\/12\/9c1f2c43-gpa_modificacionleyglaciares_06-1024x683.jpg 1024w, https:\/\/www.greenpeace.org\/static\/planet4-argentina-stateless\/2025\/12\/9c1f2c43-gpa_modificacionleyglaciares_06-768x512.jpg 768w, https:\/\/www.greenpeace.org\/static\/planet4-argentina-stateless\/2025\/12\/9c1f2c43-gpa_modificacionleyglaciares_06-1536x1024.jpg 1536w, https:\/\/www.greenpeace.org\/static\/planet4-argentina-stateless\/2025\/12\/9c1f2c43-gpa_modificacionleyglaciares_06-2048x1366.jpg 2048w, https:\/\/www.greenpeace.org\/static\/planet4-argentina-stateless\/2025\/12\/9c1f2c43-gpa_modificacionleyglaciares_06-510x340.jpg 510w\" sizes=\"auto, (max-width: 2560px) 100vw, 2560px\" data-image-size=\"post-thumbnail\" data-stateless-media-bucket=\"planet4-argentina-stateless\" data-stateless-media-name=\"2025\/12\/9c1f2c43-gpa_modificacionleyglaciares_06-scaled.jpg\" \/><\/a><\/figure>\n\n\n<div class=\"wp-block-group is-layout-flow wp-block-group-is-layout-flow\">\n<div class=\"wp-block-group is-layout-flex wp-block-group-is-layout-flex\"><div class=\"wp-block-post-terms\"><a href=\"https:\/\/www.greenpeace.org\/argentina\/category\/problemas\/climayenergia\/\">Clima y Energ\u00eda<\/a><\/div>\n\n<div class=\"taxonomy-post_tag wp-block-post-terms\"><a href=\"https:\/\/www.greenpeace.org\/argentina\/tag\/glaciares\/\" rel=\"tag\">SalvemosLosGlaciares<\/a><\/div><\/div>\n\n\n<h3 class=\"wp-block-post-title\"><a href=\"https:\/\/www.greenpeace.org\/argentina\/blog\/problemas\/climayenergia\/dia-de-los-glaciares-que-esta-pasando-con-la-ley-que-los-protege-en-argentina-y-por-que-preocupa-su-futuro\/\" target=\"_self\" >D\u00eda de los Glaciares: qu\u00e9 est\u00e1 pasando con la ley que los protege en Argentina y por qu\u00e9 preocupa su futuro<\/a><\/h3>\n\n<div class=\"wp-block-post-excerpt\"><p class=\"wp-block-post-excerpt__excerpt\">Frente a la presi\u00f3n que ejercen los intereses econ\u00f3micos, es urgente defender la ley que los protege. <\/p><\/div>\n\n\n<div class=\"wp-block-group posts-list-meta is-layout-flow wp-block-group-is-layout-flow\"><span class='article-list-item-author'>Meri Castro<\/span>\n\n<div class=\"wp-block-post-date\"><time datetime=\"2026-03-20T14:10:08-03:00\">20 marzo 2026<\/time><\/div><\/div>\n<\/div>\n<\/div>\n\n<\/li><\/ul>\n\n\n<div class=\"wp-block-buttons carousel-controls is-horizontal is-content-justification-space-between is-nowrap is-layout-flex wp-container-core-buttons-is-layout-044bd602 wp-block-buttons-is-layout-flex\">\n<div class=\"wp-block-button carousel-control-prev\"><button type=\"button\" class=\"wp-block-button__link wp-element-button\">Prev<\/button><\/div>\n\n\n\n<div class=\"wp-block-button carousel-control-next\"><button type=\"button\" class=\"wp-block-button__link wp-element-button\">Next<\/button><\/div>\n<\/div>\n\n\n<li class=\" wp-block-navigation-item see-all-link wp-block-navigation-link\"><a class=\"wp-block-navigation-item__content\"  href=\"http:\/\/www.greenpeace.org\/argentina\/news-stories\/?post-type=blog\"><span class=\"wp-block-navigation-item__label\">Ver todos<\/span><\/a><\/li><\/div>\n\n\n\n<div class=\"wp-block-group is-style-reset-margin is-layout-flow wp-block-group-is-layout-flow\">\n<div class=\"wp-block-query actions-list p4-query-loop is-custom-layout-carousel is-layout-flex wp-block-query-is-layout-flex\">\n<h2 class=\"wp-block-heading\">Conoc\u00e9 nuestras campa\u00f1as y particip\u00e1<\/h2>\n\n\n\n<p style=\"margin-top:24px;margin-bottom:32px\"><\/p>\n\n\n\n\n<ul class=\"wp-block-post-template is-layout-flow wp-block-post-template-is-layout-flow\"><li class=\"wp-block-post post-32414 page type-page status-publish has-post-thumbnail hentry category-bosques tag-chernobylsalteno\">\n<figure class=\"wp-block-post-featured-image\"><img loading=\"lazy\" decoding=\"async\" width=\"2560\" height=\"1707\" src=\"https:\/\/www.greenpeace.org\/static\/planet4-argentina-stateless\/2025\/11\/5c7122c6-pozo-petrolero-l.o.-x-10-en-salta-41-\u00a9-martin-katz-greenpeace-scaled.jpg\" class=\"attachment-post-thumbnail size-post-thumbnail wp-post-image wp-stateless-item\" alt=\"\" style=\"object-fit:cover;\" srcset=\"https:\/\/www.greenpeace.org\/static\/planet4-argentina-stateless\/2025\/11\/5c7122c6-pozo-petrolero-l.o.-x-10-en-salta-41-\u00a9-martin-katz-greenpeace-scaled.jpg 2560w, https:\/\/www.greenpeace.org\/static\/planet4-argentina-stateless\/2025\/11\/5c7122c6-pozo-petrolero-l.o.-x-10-en-salta-41-\u00a9-martin-katz-greenpeace-300x200.jpg 300w, https:\/\/www.greenpeace.org\/static\/planet4-argentina-stateless\/2025\/11\/5c7122c6-pozo-petrolero-l.o.-x-10-en-salta-41-\u00a9-martin-katz-greenpeace-1024x683.jpg 1024w, https:\/\/www.greenpeace.org\/static\/planet4-argentina-stateless\/2025\/11\/5c7122c6-pozo-petrolero-l.o.-x-10-en-salta-41-\u00a9-martin-katz-greenpeace-768x512.jpg 768w, https:\/\/www.greenpeace.org\/static\/planet4-argentina-stateless\/2025\/11\/5c7122c6-pozo-petrolero-l.o.-x-10-en-salta-41-\u00a9-martin-katz-greenpeace-1536x1024.jpg 1536w, https:\/\/www.greenpeace.org\/static\/planet4-argentina-stateless\/2025\/11\/5c7122c6-pozo-petrolero-l.o.-x-10-en-salta-41-\u00a9-martin-katz-greenpeace-2048x1366.jpg 2048w, https:\/\/www.greenpeace.org\/static\/planet4-argentina-stateless\/2025\/11\/5c7122c6-pozo-petrolero-l.o.-x-10-en-salta-41-\u00a9-martin-katz-greenpeace-510x340.jpg 510w\" sizes=\"auto, (max-width: 2560px) 100vw, 2560px\" data-image-size=\"post-thumbnail\" data-stateless-media-bucket=\"planet4-argentina-stateless\" data-stateless-media-name=\"2025\/11\/5c7122c6-pozo-petrolero-l.o.-x-10-en-salta-41-\u00a9-martin-katz-greenpeace-scaled.jpg\" \/><\/figure>\n\n\n<div class=\"wp-block-group group-stretched-link is-layout-flow wp-block-group-is-layout-flow\"><div class=\"wp-block-post-terms\">Bosques<\/div>\n\n<h3 class=\"wp-block-post-title\"><a href=\"https:\/\/www.greenpeace.org\/argentina\/participa\/chernobyl-salteno\/\" target=\"_self\" >Chernobyl salte\u00f1o<\/a><\/h3>\n\n<div class=\"wp-block-post-excerpt\"><p class=\"wp-block-post-excerpt__excerpt\">Frenemos el desastre ambiental\u00a0en Lomas de Olmedo X-10, Salta. <\/p><\/div><\/div>\n\n\n\n<div class=\"wp-block-group read-more-nav is-style-default is-layout-flow wp-block-group-is-layout-flow\"><a href=\"https:\/\/www.greenpeace.org\/argentina\/participa\/chernobyl-salteno\/\" class=\"btn btn-primary btn-small\" aria-label=\"Particip\u00e1\">Particip\u00e1<\/a><\/div>\n\n<\/li><li class=\"wp-block-post post-608 page type-page status-publish has-post-thumbnail hentry category-climayenergia tag-glaciares\">\n<figure class=\"wp-block-post-featured-image\"><img loading=\"lazy\" decoding=\"async\" width=\"2560\" height=\"1707\" src=\"https:\/\/www.greenpeace.org\/static\/planet4-argentina-stateless\/2025\/01\/7e6bafb0-glaciares-san-juan-073-\u00a9-greenpeace-scaled.jpg\" class=\"attachment-post-thumbnail size-post-thumbnail wp-post-image wp-stateless-item\" alt=\"\" style=\"object-fit:cover;\" srcset=\"https:\/\/www.greenpeace.org\/static\/planet4-argentina-stateless\/2025\/01\/7e6bafb0-glaciares-san-juan-073-\u00a9-greenpeace-scaled.jpg 2560w, https:\/\/www.greenpeace.org\/static\/planet4-argentina-stateless\/2025\/01\/7e6bafb0-glaciares-san-juan-073-\u00a9-greenpeace-300x200.jpg 300w, https:\/\/www.greenpeace.org\/static\/planet4-argentina-stateless\/2025\/01\/7e6bafb0-glaciares-san-juan-073-\u00a9-greenpeace-1024x683.jpg 1024w, https:\/\/www.greenpeace.org\/static\/planet4-argentina-stateless\/2025\/01\/7e6bafb0-glaciares-san-juan-073-\u00a9-greenpeace-768x512.jpg 768w, https:\/\/www.greenpeace.org\/static\/planet4-argentina-stateless\/2025\/01\/7e6bafb0-glaciares-san-juan-073-\u00a9-greenpeace-1536x1024.jpg 1536w, https:\/\/www.greenpeace.org\/static\/planet4-argentina-stateless\/2025\/01\/7e6bafb0-glaciares-san-juan-073-\u00a9-greenpeace-2048x1366.jpg 2048w, https:\/\/www.greenpeace.org\/static\/planet4-argentina-stateless\/2025\/01\/7e6bafb0-glaciares-san-juan-073-\u00a9-greenpeace-510x340.jpg 510w\" sizes=\"auto, (max-width: 2560px) 100vw, 2560px\" data-image-size=\"post-thumbnail\" data-stateless-media-bucket=\"planet4-argentina-stateless\" data-stateless-media-name=\"2025\/01\/7e6bafb0-glaciares-san-juan-073-\u00a9-greenpeace-scaled.jpg\" \/><\/figure>\n\n\n<div class=\"wp-block-group group-stretched-link is-layout-flow wp-block-group-is-layout-flow\"><div class=\"wp-block-post-terms\">Clima y Energ\u00eda<\/div>\n\n<h3 class=\"wp-block-post-title\"><a href=\"https:\/\/www.greenpeace.org\/argentina\/participa\/glaciares-en-peligro\/\" target=\"_self\" >Glaciares: hielos en peligro<\/a><\/h3>\n\n<div class=\"wp-block-post-excerpt\"><p class=\"wp-block-post-excerpt__excerpt\">Es importante comprender el rol fundamental que cumplen tanto los glaciares como el ambiente periglaciar en el resguardo de los recursos h\u00eddricos, por lo cual ambos necesitan protecci\u00f3n. <\/p><\/div><\/div>\n\n\n\n<div class=\"wp-block-group read-more-nav is-style-default is-layout-flow wp-block-group-is-layout-flow\"><a href=\"https:\/\/www.greenpeace.org\/argentina\/participa\/glaciares-en-peligro\/\" class=\"btn btn-primary btn-small\" aria-label=\"Particip\u00e1\">Particip\u00e1<\/a><\/div>\n\n<\/li><\/ul>\n\n\n<div class=\"wp-block-buttons carousel-controls is-horizontal is-content-justification-space-between is-nowrap is-layout-flex wp-container-core-buttons-is-layout-044bd602 wp-block-buttons-is-layout-flex\">\n<div class=\"wp-block-button carousel-control-prev\"><button type=\"button\" class=\"wp-block-button__link wp-element-button\">Previous Carousel Slide<\/button><\/div>\n\n\n\n<div class=\"wp-block-button carousel-control-next\"><button type=\"button\" class=\"wp-block-button__link wp-element-button\">Next Carousel Slide<\/button><\/div>\n<\/div>\n\n\n\n<div class=\"wp-block-buttons load-more-actions-container is-content-justification-center is-layout-flex wp-container-core-buttons-is-layout-16018d1d wp-block-buttons-is-layout-flex\">\n<div class=\"wp-block-button is-style-secondary\"><button type=\"button\" class=\"wp-block-button__link wp-element-button\">Mostrar m\u00e1s<\/button><\/div>\n<\/div>\n<\/div>\n<\/div>\n<\/div>\n\n<div class=\"wp-block-group alignfull block has-beige-100-background-color has-background is-layout-flow wp-block-group-is-layout-flow\" style=\"padding-top:80px;padding-bottom:80px\">\n<h2 class=\"wp-block-heading has-text-align-center\" style=\"margin-bottom:24px\">Conoc\u00e9 los distintos contenidos de Greenpeace<\/h2>\n\n\n\n<div class=\"wp-block-group container is-layout-flow wp-block-group-is-layout-flow\">\n<p class=\"has-text-align-center my-0\">Series, podcast, documentales, programas y mucho m\u00e1s!<\/p>\n\n\n\n<div style=\"height:20px\" aria-hidden=\"true\" class=\"wp-block-spacer\"><\/div>\n\n\n\n<div class=\"wp-block-columns are-vertically-aligned-center is-layout-flex wp-container-core-columns-is-layout-9d6595d7 wp-block-columns-is-layout-flex\">\n<div class=\"wp-block-column is-vertically-aligned-center is-layout-flow wp-block-column-is-layout-flow\">\n<div class=\"wp-block-group has-white-background-color has-background is-horizontal is-content-justification-left is-nowrap is-layout-flex wp-container-core-group-is-layout-4f87c5ce wp-block-group-is-layout-flex\" style=\"border-radius:4px;padding-top:10px;padding-right:16px;padding-bottom:10px;padding-left:16px\">\n<figure class=\"wp-block-image size-large is-resized force-no-lightbox force-no-caption my-0 square-40 is-style-default\"><img loading=\"lazy\" decoding=\"async\" width=\"1024\" height=\"682\" src=\"https:\/\/www.greenpeace.org\/static\/planet4-argentina-stateless\/2023\/08\/ebd4856b-poster_season_2-horizontal-1024x682.jpg\" alt=\"\" class=\"wp-image-21107\" style=\"width:40px;height:40px\" srcset=\"https:\/\/www.greenpeace.org\/static\/planet4-argentina-stateless\/2023\/08\/ebd4856b-poster_season_2-horizontal-1024x682.jpg 1024w, https:\/\/www.greenpeace.org\/static\/planet4-argentina-stateless\/2023\/08\/ebd4856b-poster_season_2-horizontal-300x200.jpg 300w, https:\/\/www.greenpeace.org\/static\/planet4-argentina-stateless\/2023\/08\/ebd4856b-poster_season_2-horizontal-768x512.jpg 768w, https:\/\/www.greenpeace.org\/static\/planet4-argentina-stateless\/2023\/08\/ebd4856b-poster_season_2-horizontal-510x340.jpg 510w, https:\/\/www.greenpeace.org\/static\/planet4-argentina-stateless\/2023\/08\/ebd4856b-poster_season_2-horizontal.jpg 1300w\" sizes=\"auto, (max-width: 1024px) 100vw, 1024px\" \/><\/figure>\n\n\n\n<h3 class=\"wp-block-heading has-text-align-left w-auto\" style=\"margin-top:0px;margin-bottom:0px;margin-left:16px;font-size:1rem\">Serie infantil: <br>&#8220;Lina y los amigos del Arco\u00edris&#8221;<\/h3>\n<\/div>\n<\/div>\n\n\n\n<div class=\"wp-block-column is-layout-flow wp-block-column-is-layout-flow\">\n<div class=\"wp-block-group is-style-default has-white-background-color has-background is-horizontal is-content-justification-left is-nowrap is-layout-flex wp-container-core-group-is-layout-4f87c5ce wp-block-group-is-layout-flex\" style=\"border-radius:4px;padding-top:10px;padding-right:16px;padding-bottom:10px;padding-left:16px\">\n<figure class=\"wp-block-image size-large is-resized force-no-lightbox force-no-caption my-0 square-40\"><img loading=\"lazy\" decoding=\"async\" width=\"1024\" height=\"626\" src=\"https:\/\/www.greenpeace.org\/static\/planet4-argentina-stateless\/2023\/10\/fed579c2-imagenopenrevista-1-1024x626.png\" title=\"Revista: Semillas andinas\" alt=\"Revista: Semillas andinas\" class=\"wp-image-21832\" style=\"width:40px;height:40px\" srcset=\"https:\/\/www.greenpeace.org\/static\/planet4-argentina-stateless\/2023\/10\/fed579c2-imagenopenrevista-1-1024x626.png 1024w, https:\/\/www.greenpeace.org\/static\/planet4-argentina-stateless\/2023\/10\/fed579c2-imagenopenrevista-1-300x184.png 300w, https:\/\/www.greenpeace.org\/static\/planet4-argentina-stateless\/2023\/10\/fed579c2-imagenopenrevista-1-768x470.png 768w, https:\/\/www.greenpeace.org\/static\/planet4-argentina-stateless\/2023\/10\/fed579c2-imagenopenrevista-1-1536x940.png 1536w, https:\/\/www.greenpeace.org\/static\/planet4-argentina-stateless\/2023\/10\/fed579c2-imagenopenrevista-1-510x312.png 510w, https:\/\/www.greenpeace.org\/static\/planet4-argentina-stateless\/2023\/10\/fed579c2-imagenopenrevista-1.png 1808w\" sizes=\"auto, (max-width: 1024px) 100vw, 1024px\" \/><\/figure>\n\n\n\n<h3 class=\"wp-block-heading has-text-align-left w-auto\" style=\"margin-top:0px;margin-bottom:0px;margin-left:16px;font-size:1rem\">Revista digital:<br>&#8220;Semillas Andinas&#8221;<\/h3>\n<\/div>\n<\/div>\n\n\n\n<div class=\"wp-block-column is-layout-flow wp-block-column-is-layout-flow\">\n<div class=\"wp-block-group group-stretched-link has-white-background-color has-background is-horizontal is-content-justification-left is-nowrap is-layout-flex wp-container-core-group-is-layout-eaab64dd wp-block-group-is-layout-flex\" style=\"border-radius:4px;padding-top:10px;padding-right:16px;padding-bottom:10px;padding-left:16px\">\n<figure class=\"wp-block-image size-full is-resized force-no-lightbox force-no-caption my-0 square-40\"><img loading=\"lazy\" decoding=\"async\" width=\"213\" height=\"118\" src=\"https:\/\/www.greenpeace.org\/static\/planet4-argentina-stateless\/2025\/03\/73b6787a-logo-fondo.jpg\" alt=\"\" class=\"wp-image-27368\" style=\"width:40px;height:40px\"\/><figcaption class=\"wp-element-caption\">7\/ 2013. Salta. Fotos a\u00e9reas del desmonte en la Finca La Maravilla, Provincia de Salta. <\/figcaption><\/figure>\n\n\n\n<h3 class=\"wp-block-heading has-text-align-left w-auto\" style=\"margin-top:0px;margin-bottom:0px;margin-left:16px;font-size:1rem\"><a href=\"https:\/\/www.greenpeace.org\/argentina\/gpenlasescuelas\/\">Programa educativo:<\/a><br>&#8220;<a href=\"https:\/\/www.greenpeace.org\/argentina\/gpenlasescuelas\/\">Greenpeace en las Escuelas&#8221;<\/a><\/h3>\n<\/div>\n<\/div>\n<\/div>\n\n\n\n<div class=\"wp-block-columns are-vertically-aligned-center is-layout-flex wp-container-core-columns-is-layout-9d6595d7 wp-block-columns-is-layout-flex\">\n<div class=\"wp-block-column is-vertically-aligned-center is-layout-flow wp-block-column-is-layout-flow\">\n<div class=\"wp-block-columns are-vertically-aligned-top is-layout-flex wp-container-core-columns-is-layout-9d6595d7 wp-block-columns-is-layout-flex\">\n<div class=\"wp-block-column is-vertically-aligned-top is-layout-flow wp-block-column-is-layout-flow\" style=\"flex-basis:100%\">\n<div class=\"wp-block-columns is-layout-flex wp-container-core-columns-is-layout-9d6595d7 wp-block-columns-is-layout-flex\">\n<div class=\"wp-block-column is-layout-flow wp-block-column-is-layout-flow\">\n<div class=\"wp-block-group has-white-background-color has-background is-horizontal is-content-justification-left is-nowrap is-layout-flex wp-container-core-group-is-layout-eaab64dd wp-block-group-is-layout-flex\" style=\"border-radius:4px;padding-top:10px;padding-right:16px;padding-bottom:10px;padding-left:16px\">\n<figure class=\"wp-block-image size-large is-resized force-no-lightbox force-no-caption my-0 square-40\"><img loading=\"lazy\" decoding=\"async\" width=\"1024\" height=\"421\" src=\"https:\/\/www.greenpeace.org\/static\/planet4-argentina-stateless\/2023\/03\/e8ccad88-websonidoambientebanner-2-1024x421.png\" alt=\"\" class=\"wp-image-18372\" style=\"width:40px;height:40px\" srcset=\"https:\/\/www.greenpeace.org\/static\/planet4-argentina-stateless\/2023\/03\/e8ccad88-websonidoambientebanner-2-1024x421.png 1024w, https:\/\/www.greenpeace.org\/static\/planet4-argentina-stateless\/2023\/03\/e8ccad88-websonidoambientebanner-2-300x123.png 300w, https:\/\/www.greenpeace.org\/static\/planet4-argentina-stateless\/2023\/03\/e8ccad88-websonidoambientebanner-2-768x316.png 768w, https:\/\/www.greenpeace.org\/static\/planet4-argentina-stateless\/2023\/03\/e8ccad88-websonidoambientebanner-2-510x210.png 510w, https:\/\/www.greenpeace.org\/static\/planet4-argentina-stateless\/2023\/03\/e8ccad88-websonidoambientebanner-2.png 1036w\" sizes=\"auto, (max-width: 1024px) 100vw, 1024px\" \/><\/figure>\n\n\n\n<h3 class=\"wp-block-heading has-text-align-left w-auto\" style=\"margin-top:0px;margin-bottom:0px;margin-left:16px;font-size:1rem\">Podcast: <br>&#8220;Sonido ambiente&#8221;<\/h3>\n<\/div>\n<\/div>\n<\/div>\n<\/div>\n<\/div>\n<\/div>\n\n\n\n<div class=\"wp-block-column is-layout-flow wp-block-column-is-layout-flow\">\n<div class=\"wp-block-group is-style-default has-white-background-color has-background is-horizontal is-content-justification-left is-nowrap is-layout-flex wp-container-core-group-is-layout-4f87c5ce wp-block-group-is-layout-flex\" style=\"border-radius:4px;padding-top:10px;padding-right:16px;padding-bottom:10px;padding-left:16px\">\n<figure class=\"wp-block-image size-large is-resized force-no-lightbox force-no-caption my-0 square-40\"><img loading=\"lazy\" decoding=\"async\" width=\"1024\" height=\"683\" src=\"https:\/\/www.greenpeace.org\/static\/planet4-argentina-stateless\/2022\/04\/f963d3d5-avant-premier-credito-santiago-saferstein-greenpeace-37-1024x683.jpg\" alt=\"\" class=\"wp-image-15561\" style=\"width:40px;height:40px\" srcset=\"https:\/\/www.greenpeace.org\/static\/planet4-argentina-stateless\/2022\/04\/f963d3d5-avant-premier-credito-santiago-saferstein-greenpeace-37-1024x683.jpg 1024w, https:\/\/www.greenpeace.org\/static\/planet4-argentina-stateless\/2022\/04\/f963d3d5-avant-premier-credito-santiago-saferstein-greenpeace-37-300x200.jpg 300w, https:\/\/www.greenpeace.org\/static\/planet4-argentina-stateless\/2022\/04\/f963d3d5-avant-premier-credito-santiago-saferstein-greenpeace-37-768x512.jpg 768w, https:\/\/www.greenpeace.org\/static\/planet4-argentina-stateless\/2022\/04\/f963d3d5-avant-premier-credito-santiago-saferstein-greenpeace-37-1536x1024.jpg 1536w, https:\/\/www.greenpeace.org\/static\/planet4-argentina-stateless\/2022\/04\/f963d3d5-avant-premier-credito-santiago-saferstein-greenpeace-37-2048x1366.jpg 2048w, https:\/\/www.greenpeace.org\/static\/planet4-argentina-stateless\/2022\/04\/f963d3d5-avant-premier-credito-santiago-saferstein-greenpeace-37-510x340.jpg 510w\" sizes=\"auto, (max-width: 1024px) 100vw, 1024px\" \/><figcaption class=\"wp-element-caption\">Con la llegada del barco de Greenpeace Arctic Sunrise a Buenos Aires, luego de una traves\u00eda de un mes por el Mar Argentino, la organizaci\u00f3n ambientalista celebr\u00f3 la Avant Premiere de su primer documental sobre una de las mayores amenazas para el Mar Argentino. Natalie Perez y el Chino Dar\u00edn, protagonistas del filme, participaron del evento y dieron testimonio de su experiencia en la producci\u00f3n que denuncia el desastre ecol\u00f3gico que es capaz de generar la actividad petrolera sobre las aguas argentinas. Diego Poggi sum\u00f3 su testimonio, mediante un v\u00eddeo,  previo a la proyecci\u00f3n del documental.<\/figcaption><\/figure>\n\n\n\n<h3 class=\"wp-block-heading has-text-align-left w-auto\" style=\"margin-top:0px;margin-bottom:0px;margin-left:16px;font-size:1rem\">Documental: <br>&#8220;Por ac\u00e1, no!&#8221;<\/h3>\n<\/div>\n<\/div>\n\n\n\n<div class=\"wp-block-column is-layout-flow wp-block-column-is-layout-flow\">\n<div class=\"wp-block-group group-stretched-link has-white-background-color has-background is-horizontal is-content-justification-left is-nowrap is-layout-flex wp-container-core-group-is-layout-eaab64dd wp-block-group-is-layout-flex\" style=\"border-radius:4px;padding-top:10px;padding-right:16px;padding-bottom:10px;padding-left:16px\">\n<figure class=\"wp-block-image size-large is-resized force-no-lightbox force-no-caption my-0 square-40\"><img loading=\"lazy\" decoding=\"async\" width=\"1024\" height=\"857\" src=\"https:\/\/www.greenpeace.org\/static\/planet4-argentina-stateless\/2020\/09\/61f78375-fuego-cero-lineup-1000x1000-1-e1696513312118-1024x857.jpg\" alt=\"\" class=\"wp-image-10776\" style=\"width:40px;height:40px\" srcset=\"https:\/\/www.greenpeace.org\/static\/planet4-argentina-stateless\/2020\/09\/61f78375-fuego-cero-lineup-1000x1000-1-e1696513312118-1024x857.jpg 1024w, https:\/\/www.greenpeace.org\/static\/planet4-argentina-stateless\/2020\/09\/61f78375-fuego-cero-lineup-1000x1000-1-e1696513312118-300x251.jpg 300w, https:\/\/www.greenpeace.org\/static\/planet4-argentina-stateless\/2020\/09\/61f78375-fuego-cero-lineup-1000x1000-1-e1696513312118-768x643.jpg 768w, https:\/\/www.greenpeace.org\/static\/planet4-argentina-stateless\/2020\/09\/61f78375-fuego-cero-lineup-1000x1000-1-e1696513312118-406x340.jpg 406w, https:\/\/www.greenpeace.org\/static\/planet4-argentina-stateless\/2020\/09\/61f78375-fuego-cero-lineup-1000x1000-1-e1696513312118.jpg 1120w\" sizes=\"auto, (max-width: 1024px) 100vw, 1024px\" \/><\/figure>\n\n\n\n<h3 class=\"wp-block-heading has-text-align-left w-auto\" style=\"margin-top:0px;margin-bottom:0px;margin-left:16px;font-size:1rem\">Marcha virtual:<br>&#8220;Fuego Cero&#8221;<\/h3>\n<\/div>\n<\/div>\n<\/div>\n\n\n\n<div class=\"wp-block-buttons is-content-justification-center is-layout-flex wp-container-core-buttons-is-layout-16018d1d wp-block-buttons-is-layout-flex\">\n<div class=\"wp-block-button has-custom-width wp-block-button__width-50 is-style-secondary\"><a class=\"wp-block-button__link wp-element-button\" href=\"https:\/\/www.greenpeace.org\/argentina\/informate\/\">Explor\u00e1 todo<\/a><\/div>\n<\/div>\n<\/div>\n<\/div>\n\n<div style=\"height:30px\" aria-hidden=\"true\" class=\"wp-block-spacer\"><\/div>\n\n<div class=\"wp-block-media-text alignwide is-stacked-on-mobile is-vertically-aligned-center block is-style-default\"><figure class=\"wp-block-media-text__media\"><img loading=\"lazy\" decoding=\"async\" width=\"2048\" height=\"1366\" src=\"https:\/\/www.greenpeace.org\/static\/planet4-argentina-stateless-develop\/2022\/05\/1888e10c-gpa-desmonte-3-formosa-3-2048x1366.jpg\" alt=\"\" sizes=\"auto, (min-width: 1600px) calc((1320px - 24px) \/ 2),(min-width: 1200px) calc((1140px - 24px) \/ 2),(min-width: 992px) calc((960px - 24px) \/ 2),(min-width: 768px) calc((720px - 24px) \/ 2),(min-width: 601px) calc((540px - 24px) \/ 2),(min-width: 577px) calc((540px - 24px) \/ 1), calc(100vw - 24px)\" srcset=\"https:\/\/www.greenpeace.org\/static\/planet4-argentina-stateless\/2022\/05\/1888e10c-gpa-desmonte-3-formosa-3-scaled.jpg 2560w, https:\/\/www.greenpeace.org\/static\/planet4-argentina-stateless\/2022\/05\/1888e10c-gpa-desmonte-3-formosa-3-300x200.jpg 300w, https:\/\/www.greenpeace.org\/static\/planet4-argentina-stateless\/2022\/05\/1888e10c-gpa-desmonte-3-formosa-3-1024x683.jpg 1024w, https:\/\/www.greenpeace.org\/static\/planet4-argentina-stateless\/2022\/05\/1888e10c-gpa-desmonte-3-formosa-3-768x512.jpg 768w, https:\/\/www.greenpeace.org\/static\/planet4-argentina-stateless\/2022\/05\/1888e10c-gpa-desmonte-3-formosa-3-1536x1024.jpg 1536w, https:\/\/www.greenpeace.org\/static\/planet4-argentina-stateless\/2022\/05\/1888e10c-gpa-desmonte-3-formosa-3-2048x1366.jpg 2048w, https:\/\/www.greenpeace.org\/static\/planet4-argentina-stateless\/2022\/05\/1888e10c-gpa-desmonte-3-formosa-3-510x340.jpg 510w\" class=\"wp-image-15890 size-retina-large\"\/><\/figure><div class=\"wp-block-media-text__content\">\n<h3 class=\"wp-block-heading has-large-font-size\">Qui\u00e9nes Somos<\/h3>\n\n\n\n<p>Trabajamos para defender el medio ambiente, promover la paz y estimular a las personas para que cambien actitudes y comportamientos que ponen en riesgo a la naturaleza.<br><\/p>\n\n\n\n<div class=\"wp-block-buttons is-layout-flex wp-block-buttons-is-layout-flex\">\n<div class=\"wp-block-button\"><a class=\"wp-block-button__link wp-element-button\" href=\"https:\/\/www.greenpeace.org\/argentina\/conocenos\/\" rel=\"https:\/\/www.greenpeace.org\/argentina\/sobre-nosotros\/\">CONOCENOS<\/a><\/div>\n<\/div>\n<\/div><\/div>\n\n<div style=\"height:30px\" aria-hidden=\"true\" class=\"wp-block-spacer\"><\/div>\n\n<div class=\"wp-block-media-text alignwide has-media-on-the-right is-stacked-on-mobile is-vertically-aligned-center\"><div class=\"wp-block-media-text__content\">\n<h3 class=\"wp-block-heading has-large-font-size\">Flota Greenpeace<\/h3>\n\n\n\n<p>El Rainbow Warrior, el Arctic Sunrise y el Witness son fundamentales para llevar a cabo campa\u00f1as alrededor del mundo.<\/p>\n\n\n\n<div class=\"wp-block-buttons is-layout-flex wp-block-buttons-is-layout-flex\">\n<div class=\"wp-block-button\"><a class=\"wp-block-button__link wp-element-button\" href=\"https:\/\/www.greenpeace.org\/argentina\/nuestros-barcos\/\">NUESTROS BARCOS<\/a><\/div>\n<\/div>\n<\/div><figure class=\"wp-block-media-text__media\"><img loading=\"lazy\" decoding=\"async\" width=\"1024\" height=\"683\" src=\"https:\/\/www.greenpeace.org\/static\/planet4-argentina-stateless\/2021\/04\/63f81319-rw3-1024x683.jpg\" alt=\"\" sizes=\"auto, (min-width: 1600px) calc((1320px - 24px) \/ 2),(min-width: 1200px) calc((1140px - 24px) \/ 2),(min-width: 992px) calc((960px - 24px) \/ 2),(min-width: 768px) calc((720px - 24px) \/ 2),(min-width: 601px) calc((540px - 24px) \/ 2),(min-width: 577px) calc((540px - 24px) \/ 1), calc(100vw - 24px)\" srcset=\"https:\/\/www.greenpeace.org\/static\/planet4-argentina-stateless\/2021\/04\/63f81319-rw3.jpg 2500w, https:\/\/www.greenpeace.org\/static\/planet4-argentina-stateless\/2021\/04\/63f81319-rw3-300x200.jpg 300w, https:\/\/www.greenpeace.org\/static\/planet4-argentina-stateless\/2021\/04\/63f81319-rw3-1024x683.jpg 1024w, https:\/\/www.greenpeace.org\/static\/planet4-argentina-stateless\/2021\/04\/63f81319-rw3-768x512.jpg 768w, https:\/\/www.greenpeace.org\/static\/planet4-argentina-stateless\/2021\/04\/63f81319-rw3-1536x1024.jpg 1536w, https:\/\/www.greenpeace.org\/static\/planet4-argentina-stateless\/2021\/04\/63f81319-rw3-2048x1366.jpg 2048w, https:\/\/www.greenpeace.org\/static\/planet4-argentina-stateless\/2021\/04\/63f81319-rw3-510x340.jpg 510w\" class=\"wp-image-12173 size-full\"\/><\/figure><\/div>\n\n<div style=\"height:30px\" aria-hidden=\"true\" class=\"wp-block-spacer\"><\/div>\n\n<div class=\"wp-block-media-text alignwide is-stacked-on-mobile is-vertically-aligned-center\"><figure class=\"wp-block-media-text__media\"><img loading=\"lazy\" decoding=\"async\" width=\"400\" height=\"268\" src=\"https:\/\/www.greenpeace.org\/static\/planet4-argentina-stateless\/2023\/07\/eae731a3-banner_congreso.jpg\" alt=\"\" sizes=\"auto, (min-width: 1600px) calc((1320px - 24px) \/ 2),(min-width: 1200px) calc((1140px - 24px) \/ 2),(min-width: 992px) calc((960px - 24px) \/ 2),(min-width: 768px) calc((720px - 24px) \/ 2),(min-width: 601px) calc((540px - 24px) \/ 2),(min-width: 577px) calc((540px - 24px) \/ 1), calc(100vw - 24px)\" srcset=\"https:\/\/www.greenpeace.org\/static\/planet4-argentina-stateless\/2023\/07\/eae731a3-banner_congreso.jpg 400w, https:\/\/www.greenpeace.org\/static\/planet4-argentina-stateless\/2023\/07\/eae731a3-banner_congreso-300x201.jpg 300w\" class=\"wp-image-20275 size-full\"\/><\/figure><div class=\"wp-block-media-text__content\">\n<h3 class=\"wp-block-heading is-style-default has-large-font-size\">Victorias<\/h3>\n\n\n\n<p>Descubr\u00ed lo que conseguimos junto al apoyo de miles de personas.<br>Victorias y hechos destacados en Argentina.<\/p>\n\n\n\n<div class=\"wp-block-buttons is-layout-flex wp-block-buttons-is-layout-flex\">\n<div class=\"wp-block-button\"><a class=\"wp-block-button__link wp-element-button\" href=\"https:\/\/www.greenpeace.org\/argentina\/campanas-ganadas\/\">CAMPA\u00d1AS GANADAS<\/a><\/div>\n<\/div>\n<\/div><\/div>\n","protected":false},"excerpt":{"rendered":"<p>Somos una organizaci\u00f3n sin fines de lucro, independiente, que no acepta donaciones de gobiernos, empresas o partidos pol\u00edticos.<\/p>\n","protected":false},"author":40,"featured_media":15439,"parent":0,"menu_order":0,"comment_status":"closed","ping_status":"closed","template":"","meta":{"ep_exclude_from_search":false,"p4_hide_page_title_checkbox":"on","p4_title":"","p4_subtitle":"","p4_description":"","background_image_id":"","background_image":"","p4_button_title":"","p4_button_link":"","p4_button_link_checkbox":"","p4_og_title":"","p4_og_description":"","p4_og_image":"","p4_og_image_id":"","p4_seo_canonical_url":"","p4_campaign_name":"not set","p4_local_project":"not set","p4_basket_name":"not set","p4_department":"","footnotes":""},"categories":[],"tags":[],"class_list":["post-17322","page","type-page","status-publish","has-post-thumbnail","hentry"],"_links":{"self":[{"href":"https:\/\/www.greenpeace.org\/argentina\/wp-json\/wp\/v2\/pages\/17322","targetHints":{"allow":["GET"]}}],"collection":[{"href":"https:\/\/www.greenpeace.org\/argentina\/wp-json\/wp\/v2\/pages"}],"about":[{"href":"https:\/\/www.greenpeace.org\/argentina\/wp-json\/wp\/v2\/types\/page"}],"author":[{"embeddable":true,"href":"https:\/\/www.greenpeace.org\/argentina\/wp-json\/wp\/v2\/users\/40"}],"replies":[{"embeddable":true,"href":"https:\/\/www.greenpeace.org\/argentina\/wp-json\/wp\/v2\/comments?post=17322"}],"version-history":[{"count":20,"href":"https:\/\/www.greenpeace.org\/argentina\/wp-json\/wp\/v2\/pages\/17322\/revisions"}],"predecessor-version":[{"id":33673,"href":"https:\/\/www.greenpeace.org\/argentina\/wp-json\/wp\/v2\/pages\/17322\/revisions\/33673"}],"wp:featuredmedia":[{"embeddable":true,"href":"https:\/\/www.greenpeace.org\/argentina\/wp-json\/wp\/v2\/media\/15439"}],"wp:attachment":[{"href":"https:\/\/www.greenpeace.org\/argentina\/wp-json\/wp\/v2\/media?parent=17322"}],"wp:term":[{"taxonomy":"category","embeddable":true,"href":"https:\/\/www.greenpeace.org\/argentina\/wp-json\/wp\/v2\/categories?post=17322"},{"taxonomy":"post_tag","embeddable":true,"href":"https:\/\/www.greenpeace.org\/argentina\/wp-json\/wp\/v2\/tags?post=17322"}],"curies":[{"name":"wp","href":"https:\/\/api.w.org\/{rel}","templated":true}]}}