{"id":20498,"date":"2023-07-10T15:13:32","date_gmt":"2023-07-10T18:13:32","guid":{"rendered":"https:\/\/www.greenpeace.org\/argentina\/?page_id=20498"},"modified":"2025-07-02T04:28:05","modified_gmt":"2025-07-02T07:28:05","slug":"conocenos","status":"publish","type":"page","link":"https:\/\/www.greenpeace.org\/argentina\/conocenos\/","title":{"rendered":"Conocenos"},"content":{"rendered":"\n                    <div class=\"wp-block-group is-vertical is-layout-flex wp-container-core-group-is-layout-8cf370e7 wp-block-group-is-layout-flex\">\n                    \n\n                    \n                    <\/div>\n                    \n<div class=\"wp-block-media-text alignfull has-media-on-the-right is-stacked-on-mobile is-pattern-p4-page-header\"><div class=\"wp-block-media-text__content\">\n<div class=\"wp-block-group is-layout-flow wp-block-group-is-layout-flow\">\n<h1 class=\"wp-block-heading has-blue-green-800-color has-white-background-color has-text-color has-background\">Sobre<br>Greenpeace<\/h1>\n<\/div>\n\n\n\n<p>Somos una organizaci\u00f3n ecologista internacional sin fines de lucro.<br>Trabajamos para defender el medio ambiente, promover la paz y estimular a la gente para que cambie actitudes y comportamientos que ponen en riesgo a la naturaleza.<\/p>\n\n\n\n<div class=\"wp-block-buttons is-layout-flex wp-block-buttons-is-layout-flex\">\n<div class=\"wp-block-button is-style-cta\"><a class=\"wp-block-button__link wp-element-button\" href=\"https:\/\/app.greenpeace.org.ar\/coupon\/regular\/forms\/registration?app=greenlab&amp;utm_source[\u2026]m_content=sobre-nosotros&amp;utm_term=todos&amp;utm_campaign=brand\" target=\"_blank\" rel=\"noreferrer noopener\">Asociate hoy<\/a><\/div>\n<\/div>\n<\/div><figure class=\"wp-block-media-text__media\"><img loading=\"lazy\" decoding=\"async\" width=\"1024\" height=\"683\" src=\"https:\/\/www.greenpeace.org\/static\/planet4-argentina-stateless\/2023\/07\/3c2a9f0f-2005-diciembre.-caza-de-ballenas-en-la-antartida.-quienes-somos-top-1024x683.jpg\" alt=\"\" sizes=\"auto, (min-width: 601px) 50vw, 100vw\" srcset=\"https:\/\/www.greenpeace.org\/static\/planet4-argentina-stateless\/2023\/07\/3c2a9f0f-2005-diciembre.-caza-de-ballenas-en-la-antartida.-quienes-somos-top.jpg 2500w, https:\/\/www.greenpeace.org\/static\/planet4-argentina-stateless\/2023\/07\/3c2a9f0f-2005-diciembre.-caza-de-ballenas-en-la-antartida.-quienes-somos-top-300x200.jpg 300w, https:\/\/www.greenpeace.org\/static\/planet4-argentina-stateless\/2023\/07\/3c2a9f0f-2005-diciembre.-caza-de-ballenas-en-la-antartida.-quienes-somos-top-1024x683.jpg 1024w, https:\/\/www.greenpeace.org\/static\/planet4-argentina-stateless\/2023\/07\/3c2a9f0f-2005-diciembre.-caza-de-ballenas-en-la-antartida.-quienes-somos-top-768x512.jpg 768w, https:\/\/www.greenpeace.org\/static\/planet4-argentina-stateless\/2023\/07\/3c2a9f0f-2005-diciembre.-caza-de-ballenas-en-la-antartida.-quienes-somos-top-1536x1024.jpg 1536w, https:\/\/www.greenpeace.org\/static\/planet4-argentina-stateless\/2023\/07\/3c2a9f0f-2005-diciembre.-caza-de-ballenas-en-la-antartida.-quienes-somos-top-2048x1366.jpg 2048w, https:\/\/www.greenpeace.org\/static\/planet4-argentina-stateless\/2023\/07\/3c2a9f0f-2005-diciembre.-caza-de-ballenas-en-la-antartida.-quienes-somos-top-510x340.jpg 510w\" class=\"wp-image-20570 size-full\"\/><\/figure><\/div>\n\n<p><strong>Denunciamos <\/strong>los problemas ambientales globales y a quienes los cometen a trav\u00e9s de <strong>acciones no violentas y creativas<\/strong>. Buscamos <strong>generar conciencia<\/strong>, <strong>informar<\/strong>, atraer la <strong>atenci\u00f3n p\u00fablica <\/strong>y promover la <strong>participaci\u00f3n<\/strong> en la <strong>b\u00fasqueda de soluciones<\/strong>.<\/p>\n\n<p>Junto a miles de personas <strong>presionamos a empresas y gobiernos<\/strong> para que tomen las decisiones correctas. As\u00ed buscamos incidir en pol\u00edticas p\u00fablicas e inspirar cambios. M\u00e1s de <strong>3 millones de socios<\/strong> apoyan nuestro trabajo en todo el mundo.<\/p>\n\n<p><em>En Greenpeace contamos con 27 oficinas (nacionales y regionales) que realizan operaciones en 55 pa\u00edses. La sede central se encuentra en Amsterdam, Holanda.<\/em><\/p>\n\n<p class=\"has-text-align-center\" style=\"font-size:25px;text-transform:capitalize\">Creemos que el cambio en las actitudes individuales puede marcar una gran diferencia para el futuro del planeta. <strong>Si millones de personas con los mismos valores se conectan, el poder del cambio se convierte en global.<\/strong><\/p>\n\n<div style=\"height:60px\" aria-hidden=\"true\" class=\"wp-block-spacer\"><\/div>\n\n<h2 class=\"wp-block-heading\">Nuestros valores<\/h2>\n\n<p>Son la expresi\u00f3n de los principios que nos gu\u00edan y por los que respondemos. Estos valores nos acompa\u00f1an cuando desarrollamos nuestras campa\u00f1as,&nbsp;difundimos las acciones que realizamos, o decidimos c\u00f3mo utilizar nuestros recursos.<\/p>\n\n<div class=\"wp-block-group alignfull is-style-default has-beige-100-background-color has-background is-vertical is-layout-flex wp-container-core-group-is-layout-8cf370e7 wp-block-group-is-layout-flex\">\n<div class=\"wp-block-columns alignfull is-style-default has-grey-800-color has-grey-200-background-color has-text-color has-background is-layout-flex wp-container-core-columns-is-layout-9d6595d7 wp-block-columns-is-layout-flex\">\n<div class=\"wp-block-column is-vertically-aligned-top has-grey-200-background-color has-background is-layout-constrained wp-block-column-is-layout-constrained\">\n<h3 class=\"wp-block-heading has-text-align-center\">Independencia<\/h3>\n\n\n\n<figure class=\"wp-block-image aligncenter size-large is-resized caption-alignment-center is-style-rounded-180\"><img loading=\"lazy\" decoding=\"async\" src=\"https:\/\/www.greenpeace.org\/static\/planet4-argentina-stateless\/2023\/07\/d70ea276-gpa_centrocivicosj_22-independencia-1024x683.jpg\" alt=\"San Juan, 5 de junio de 2013.- Activistas de Greenpeace escalaron esta madrugada el frente del Centro Civico y colgaron un cartel gigante a 20 metros de altura, con la fotografia de un puma, animal representativo de la fauna en peligro, y la leyenda Gioja: San Guillermo sin mineria. (c) Martin Katz \/ Greenpeace.\" class=\"wp-image-20579\" width=\"180\" height=\"180\"\/><\/figure>\n\n\n\n<p class=\"has-text-align-center\">Somos una organizaci\u00f3n sin fines de lucro, independiente, que no acepta donaciones de gobiernos, empresas o partidos pol\u00edticos. El trabajo que realizamos es totalmente financiado por m\u00e1s de 3 millones de socios en todo el mundo. Nuestra independencia econ\u00f3mica garantiza transparencia y libertad de expresi\u00f3n. Adem\u00e1s, permite asumir riesgos y hacer frente a los objetivos comprometi\u00e9ndonos exclusivamente con los individuos y la sociedad civil.<\/p>\n<\/div>\n\n\n\n<div class=\"wp-block-column is-vertically-aligned-top has-grey-200-background-color has-background is-layout-constrained wp-block-column-is-layout-constrained\">\n<h3 class=\"wp-block-heading has-text-align-center is-style-default\">No violencia<\/h3>\n\n\n\n<figure class=\"wp-block-image aligncenter size-large is-resized is-style-rounded-180\"><img loading=\"lazy\" decoding=\"async\" src=\"https:\/\/www.greenpeace.org\/static\/planet4-argentina-stateless\/2023\/07\/4fb34dc5-gpa_0136-no-violencia-1024x683.jpg\" title=\"Buenos Aires, 27 de abril de 2016.- Activistas de Greenpeace escalaron el mastil frente a Casa Rosada y desplegaron un estandarte para pedir al gobierno nacional que haga cumplir la ley de Glaciares y cierre la mina Veladero que explota la canadiense Barrick Gold. Esta mina provoco en septiembre pasado el derrame de un millon de litros de agua cianurada.\" alt=\"Buenos Aires, 27 de abril de 2016.- Activistas de Greenpeace escalaron el mastil frente a Casa Rosada y desplegaron un estandarte para pedir al gobierno nacional que haga cumplir la ley de Glaciares y cierre la mina Veladero que explota la canadiense Barrick Gold. Esta mina provoco en septiembre pasado el derrame de un millon de litros de agua cianurada.\" class=\"wp-image-20577\" width=\"180\" height=\"180\"\/><\/figure>\n\n\n\n<p class=\"has-text-align-center\">La no violencia es un requisito esencial en todas las actividades que promovemos. Es visible en cada una de nuestras acciones y testimonios, sin importar si a quienes nos dirigimos son gobernantes, ci&#xdada;nos, empresas o instituciones.<\/p>\n<\/div>\n\n\n\n<div class=\"wp-block-column is-vertically-aligned-top has-grey-200-background-color has-background is-content-justification-center is-layout-constrained wp-block-column-is-layout-constrained\">\n<h3 class=\"wp-block-heading has-text-align-center is-style-default\">Confrontaci\u00f3n pol\u00edtica<\/h3>\n\n\n\n<figure class=\"wp-block-image aligncenter size-large is-resized is-style-rounded-180  caption-alignment-center\"><img loading=\"lazy\" decoding=\"async\" src=\"https:\/\/www.greenpeace.org\/static\/planet4-argentina-stateless\/2023\/07\/1e69242a-gpa_calafate_1-confrontacion-1024x683.jpg\" alt=\"\" class=\"wp-image-20574\" width=\"180\" height=\"180\"\/><\/figure>\n\n\n\n<p class=\"has-text-align-center\">A trav\u00e9s de acciones directas no violentas llamamos la atenci\u00f3n p\u00fablica hacia los problemas del medio ambiente. De esta manera, demostramos que la no violencia es una alternativa de protesta eficaz.<\/p>\n<\/div>\n<\/div>\n<\/div>\n\n<hr class=\"wp-block-separator has-alpha-channel-opacity\"\/>\n\n<div style=\"height:60px\" aria-hidden=\"true\" class=\"wp-block-spacer\"><\/div>\n\n<h2 class=\"wp-block-heading is-style-default\"><strong><strong>Nues<\/strong>tra historia<\/strong><\/h2>\n<div data-hydrate=\"planet4-blocks\/gallery\" data-attributes=\"{&quot;attributes&quot;:{&quot;gallery_block_style&quot;:0,&quot;gallery_block_title&quot;:&quot;&quot;,&quot;gallery_block_description&quot;:&quot;&quot;,&quot;multiple_image&quot;:&quot;&quot;,&quot;gallery_block_focus_points&quot;:&quot;&quot;,&quot;image_data&quot;:[],&quot;images&quot;:[]}}\"><section class=\"block split-three-column is-style-three-columns\"><div class=\"three-column-images row\"><\/div><\/section><\/div>\n<p>A fines de <strong>1969<\/strong> un grupo de <strong>activistas antinucleares<\/strong> formaron una peque\u00f1a organizaci\u00f3n llamada <strong>Comit\u00e9 \u201cDon\u2019t make a wave\u201d<\/strong> (No hagas una ola) en la ciudad de <strong>Vancouver, Canad\u00e1<\/strong>. Los fundadores fueron Irving y Dorothy Stowe, Marie y Jim Bohlen, Ben y Dorothy Metcalfe, Bob Hunter, y Paul Cote.<\/p>\n\n<p>El objetivo del comit\u00e9 era <strong>intentar detener una prueba de armas nucleares subterr\u00e1neas<\/strong> que Estados Unidos estaba planeando realizar en la isla de Amchitka, en Alaska. Con este fin, en <strong>1971<\/strong> el grupo alquil\u00f3 un barco pesquero llamado Phyllis Cormack y naveg\u00f3 desde Vancouver hasta Amchitka. Sin embargo, cuando los activistas estaban por llegar a destino la marina de Estados Unidos los oblig\u00f3 a regresar a su pa\u00eds.<\/p>\n\n<p>Aunque la expedici\u00f3n no tuvo el final esperado, <strong>la estrategia de campa\u00f1a fue un \u00e9xito<\/strong>. <strong>Dos periodistas<\/strong> viajaron en la embarcaci\u00f3n junto a los integrantes del comit\u00e9 y <strong>transmitieron todos los detalles<\/strong> del viaje a sus redacciones. De esta forma, la poblaci\u00f3n de Canad\u00e1 pudo ver que, por fin, se estaba haciendo algo real para frenar las pruebas at\u00f3micas.<\/p>\n\n<p>Como resultado miles de manifestantes <strong>bloquearon durante d\u00edas las fronteras entre Canad\u00e1 y Estados Unidos<\/strong>. A pesar de esto, a fines de a\u00f1o, la Comisi\u00f3n de Energ\u00eda At\u00f3mica de Estados Unidos realiz\u00f3 las pruebas nucleares antes de lo programado. Pero <strong>esta acci\u00f3n recibi\u00f3 muchas cr\u00edticas y el pa\u00eds decidi\u00f3 poner fin a estas pruebas en la isla<\/strong>.<\/p>\n\n<p>En <strong>1972<\/strong>, <strong>el nombre de la organizaci\u00f3n cambi\u00f3 oficialmente a Greenpeace Foundation<\/strong> (Fundaci\u00f3n Greenpeace), combinando las palabras green (verde) y peace (paz).<\/p>\n\n<p>Durante los a\u00f1os siguientes, distintos grupos en Estados Unidos, Canad\u00e1 y Europa, sin conexi\u00f3n entre s\u00ed, tomaron el nombre de Greenpeace. La <strong>instalaci\u00f3n de oficinas en el Reino Unido y Holanda<\/strong> fue determinante <strong>para unir a todas las agrupaciones<\/strong> que exist\u00edan bajo ese nombre. Finalmente, <strong>en 1978 se cre\u00f3 Greenpeace Internacional <\/strong>para unificar la forma de trabajo.<\/p>\n\n<figure class=\"wp-block-embed is-type-video is-provider-youtube wp-block-embed-youtube wp-embed-aspect-16-9 wp-has-aspect-ratio\"><div class=\"wp-block-embed__wrapper\">\n<iframe loading=\"lazy\" title=\"50 a\u00f1os haciendo historia - Greenpeace Argentina\" width=\"500\" height=\"281\" src=\"https:\/\/www.youtube.com\/embed\/vX7vFk0KBbI?feature=oembed\" frameborder=\"0\" allow=\"accelerometer; autoplay; clipboard-write; encrypted-media; gyroscope; picture-in-picture; web-share\" referrerpolicy=\"strict-origin-when-cross-origin\" allowfullscreen><\/iframe>\n<\/div><\/figure>\n\n<hr class=\"wp-block-separator has-alpha-channel-opacity\"\/>\n\n<div style=\"height:60px\" aria-hidden=\"true\" class=\"wp-block-spacer\"><\/div>\n\n<h2 class=\"wp-block-heading\">Greenpeace en Argentina<\/h2>\n<div data-hydrate=\"planet4-blocks\/gallery\" data-attributes=\"{&quot;attributes&quot;:{&quot;gallery_block_style&quot;:0,&quot;gallery_block_title&quot;:&quot;&quot;,&quot;gallery_block_description&quot;:&quot;&quot;,&quot;multiple_image&quot;:&quot;&quot;,&quot;gallery_block_focus_points&quot;:&quot;&quot;,&quot;image_data&quot;:[],&quot;images&quot;:[]}}\"><section class=\"block split-three-column is-style-three-columns\"><div class=\"three-column-images row\"><\/div><\/section><\/div>\n<p>Greenpeace Argentina se inaugur\u00f3 oficialmente el <strong>1\u00ba de abril de 1987<\/strong> y fue la primera oficina que se abri\u00f3 en un pa\u00eds en v\u00edas de desarrollo.<\/p>\n\n<p>El peque\u00f1o grupo de voluntarios que hab\u00eda empezado a trabajar en 1986 decidi\u00f3 que lo mejor era <strong>comenzar <\/strong>a hacer campa\u00f1a sobre los residuos t\u00f3xicos y <strong>exigir que se proh\u00edba la producci\u00f3n, importaci\u00f3n, venta y uso de los 12 compuestos qu\u00edmicos m\u00e1s t\u00f3xicos.<\/strong><\/p>\n\n<p>Un a\u00f1o antes hab\u00eda ocurrido el accidente nuclear m\u00e1s grave de la historia en Chernobyl, Ucrania. Por eso, el <strong>desarme nuclear <\/strong>tambi\u00e9n fue uno de los temas distintivos de nuestra organizaci\u00f3n. <strong>Alertamos a la opini\u00f3n p\u00fablica<\/strong> sobre los riesgos de los <strong>basureros nucleares y la importaci\u00f3n de residuos nucleares<\/strong> provenientes de otros pa\u00edses.<\/p>\n\n<p>A lo largo de m\u00e1s de 30 a\u00f1os trabajamos en campa\u00f1as orientadas a diferentes temas ambientales, entre ellos, la <strong>promoci\u00f3n de las energ\u00edas renovables, como la solar y la e\u00f3lica<\/strong>. As\u00ed <strong>pusimos en discusi\u00f3n el problema del cambio clim\u00e1tico<\/strong>. Tambi\u00e9n, hicimos una campa\u00f1a de pesca y conseguimos las primeras medidas de preservaci\u00f3n. Estuvimos en contra del vertido de t\u00f3xicos en mares y r\u00edos e<strong> impulsamos una ley<\/strong> para la gesti\u00f3n de los residuos urbanos en la Ciudad de Buenos Aires (<strong>Ley de Basura Cero<\/strong>). Y conseguimos, con el apoyo de miles de personas, la <strong>aprobaci\u00f3n de leyes que protegen los bosques y los glaciares<\/strong>.<br><br>Todo esto es posible <strong>gracias a los socios<\/strong> que mes a mes hacen su aporte monetario y as\u00ed <strong>nos permiten seguir siendo independientes<\/strong>, tanto econ\u00f3mica como pol\u00edticamente. Y a las <strong>300 personas que donan su tiempo<\/strong> a nuestra causa y son parte de nuestra <strong>comunidad de voluntariado<\/strong> nacional en Buenos Aires, Salta, Rosario, C\u00f3rdoba, Bah\u00eda Blanca, Mendoza, Mar del Plata y Misiones.<\/p>\n\n<p>Adem\u00e1s, miles de <strong>ciberactivistas <\/strong>participan de forma activa en nuestras campa\u00f1as a trav\u00e9s del correo electr\u00f3nico y redes sociales <strong>firmando y compartiendo<\/strong> nuestras peticiones online.<br><strong><em><br>Somos la organizaci\u00f3n ambientalista m\u00e1s grande del pa\u00eds. La lucha, la independencia y la convicci\u00f3n de que podemos tener un planeta m\u00e1s sano son los motores por los que trabajamos todos los d\u00edas.<\/em><\/strong><\/p>\n<div data-hydrate=\"planet4-blocks\/gallery\" data-attributes=\"{&quot;attributes&quot;:{&quot;gallery_block_style&quot;:0,&quot;gallery_block_title&quot;:&quot;&quot;,&quot;gallery_block_description&quot;:&quot;&quot;,&quot;multiple_image&quot;:&quot;&quot;,&quot;gallery_block_focus_points&quot;:&quot;&quot;,&quot;image_data&quot;:[],&quot;images&quot;:[]}}\"><section class=\"block split-three-column is-style-three-columns\"><div class=\"three-column-images row\"><\/div><\/section><\/div>\n<div class=\"wp-block-group container is-layout-flow wp-block-group-is-layout-flow\">\n<div style=\"height:60px\" aria-hidden=\"true\" class=\"wp-block-spacer\"><\/div>\n\n\n\n<hr class=\"wp-block-separator has-alpha-channel-opacity\"\/>\n\n\n\n<h3 class=\"wp-block-heading has-text-align-center has-medium-font-size\">Continu\u00e1 explorando<\/h3>\n\n\n\n<div class=\"wp-block-columns is-not-stacked-on-mobile is-style-mobile-carousel is-layout-flex wp-container-core-columns-is-layout-9d6595d7 wp-block-columns-is-layout-flex\">\n<div class=\"wp-block-column is-layout-flow wp-block-column-is-layout-flow\">\n<div class=\"wp-block-group group-stretched-link is-layout-flow wp-block-group-is-layout-flow\">\n<figure class=\"wp-block-image aligncenter size-full is-resized force-no-lightbox force-no-caption mb-0 is-style-rounded-180\"><a href=\"https:\/\/www.greenpeace.org\/argentina\/nuestros-barcos\/\"><img loading=\"lazy\" decoding=\"async\" src=\"https:\/\/www.greenpeace.org\/static\/planet4-argentina-stateless\/2019\/10\/1b62a5cb-unnamed-2.jpg\" title=\"Barcos Rainbow Warrior III en Australia\" alt=\"Barcos Rainbow Warrior III en Australia\" class=\"wp-image-2784\" width=\"180\" height=\"180\"\/><\/a><figcaption class=\"wp-element-caption\">Barcos Rainbow Warrior III en Australia<\/figcaption><\/figure>\n\n\n\n<div style=\"height:16px\" aria-hidden=\"true\" class=\"wp-block-spacer\"><\/div>\n\n\n\n<h4 class=\"wp-block-heading has-text-align-center\" style=\"font-size:1rem\"><a href=\"https:\/\/www.greenpeace.org\/argentina\/nuestros-barcos\/\">Nuestros barcos<\/a><\/h4>\n<\/div>\n<\/div>\n\n\n\n<div class=\"wp-block-column is-layout-flow wp-block-column-is-layout-flow\">\n<div class=\"wp-block-group group-stretched-link is-layout-flow wp-block-group-is-layout-flow\">\n<figure class=\"wp-block-image aligncenter size-large is-resized force-no-lightbox force-no-caption mb-0 is-style-rounded-180\"><a href=\"https:\/\/www.greenpeace.org\/argentina\/participa\/voluntarios\/\"><img loading=\"lazy\" decoding=\"async\" src=\"https:\/\/www.greenpeace.org\/static\/planet4-argentina-stateless\/2021\/09\/001cdc33-2011-noviembre.-levantando-turbina-eolica-en-sudafrica.-1024x682.jpg\" alt=\"\" class=\"wp-image-13125\" width=\"180\" height=\"180\"\/><\/a><figcaption class=\"wp-element-caption\">Voluntarios de Greenpeace levantan una turbina e\u00f3lica en la playa de Durban, Sud\u00e1frica, enviando un mensaje de esperanza para la \u00faltima ronda de conversaciones de la ONU sobre cambio clim\u00e1tico.<\/figcaption><\/figure>\n\n\n\n<div style=\"height:16px\" aria-hidden=\"true\" class=\"wp-block-spacer\"><\/div>\n\n\n\n<h4 class=\"wp-block-heading has-text-align-center\" style=\"font-size:1rem\"><a href=\"https:\/\/www.greenpeace.org\/argentina\/participa\/voluntariado\/\">Voluntarios<\/a><\/h4>\n<\/div>\n<\/div>\n\n\n\n<div class=\"wp-block-column is-layout-flow wp-block-column-is-layout-flow\">\n<div class=\"wp-block-group group-stretched-link is-layout-flow wp-block-group-is-layout-flow\">\n<figure class=\"wp-block-image aligncenter size-large is-resized force-no-lightbox force-no-caption mb-0 is-style-rounded-180\"><a href=\"https:\/\/www.greenpeace.org\/argentina\/campanas\/\"><img loading=\"lazy\" decoding=\"async\" src=\"https:\/\/www.greenpeace.org\/static\/planet4-argentina-stateless\/2022\/09\/d98292d7-gpa-accion-humedales-ba-martin-katz-greenpeace-2-1024x683.jpg\" alt=\"\" class=\"wp-image-16809\" width=\"180\" height=\"180\"\/><\/a><figcaption class=\"wp-element-caption\">Bajo las consignas LeydeHumedalesYa, NoCualquierLey y BastaDeQuemas, m\u00e1s de 500 organizaciones en m\u00e1s de veinte provincias se movilizan en el marco de la Acci\u00f3n Plurinacional por los Humedales, para pedir protecci\u00f3n efectiva a estos ecosistemas. El epicentro es en Rosario, afectada por el humo de las quemas de humedales en forma casi permanente, con una marcha multitudinaria y corte en el puente.<\/figcaption><\/figure>\n\n\n\n<div style=\"height:16px\" aria-hidden=\"true\" class=\"wp-block-spacer\"><\/div>\n\n\n\n<h4 class=\"wp-block-heading has-text-align-center\" style=\"font-size:1rem\"><a href=\"https:\/\/www.greenpeace.org\/argentina\/campanas\/\">Campa\u00f1as<\/a><\/h4>\n<\/div>\n<\/div>\n<\/div>\n<\/div>\n","protected":false},"excerpt":{"rendered":"<p>Somos una organizaci\u00f3n ecologista internacional sin fines de lucro.<br \/>\nTrabajamos para defender el medio ambiente, promover la paz y estimular a la gente para que cambie actitudes y comportamientos que ponen en riesgo a la naturaleza.<\/p>\n","protected":false},"author":55,"featured_media":20570,"parent":0,"menu_order":0,"comment_status":"closed","ping_status":"closed","template":"","meta":{"ep_exclude_from_search":false,"p4_hide_page_title_checkbox":"on","p4_title":"","p4_subtitle":"","p4_description":"","background_image_id":"","background_image":"","p4_button_title":"","p4_button_link":"","p4_button_link_checkbox":"","p4_og_title":"","p4_og_description":"","p4_og_image":"","p4_og_image_id":"","p4_seo_canonical_url":"","p4_campaign_name":"not set","p4_local_project":"not set","p4_basket_name":"not set","p4_department":"","footnotes":""},"categories":[37],"tags":[23],"class_list":["post-20498","page","type-page","status-publish","has-post-thumbnail","hentry","category-greenpeace","tag-socios"],"_links":{"self":[{"href":"https:\/\/www.greenpeace.org\/argentina\/wp-json\/wp\/v2\/pages\/20498","targetHints":{"allow":["GET"]}}],"collection":[{"href":"https:\/\/www.greenpeace.org\/argentina\/wp-json\/wp\/v2\/pages"}],"about":[{"href":"https:\/\/www.greenpeace.org\/argentina\/wp-json\/wp\/v2\/types\/page"}],"author":[{"embeddable":true,"href":"https:\/\/www.greenpeace.org\/argentina\/wp-json\/wp\/v2\/users\/55"}],"replies":[{"embeddable":true,"href":"https:\/\/www.greenpeace.org\/argentina\/wp-json\/wp\/v2\/comments?post=20498"}],"version-history":[{"count":20,"href":"https:\/\/www.greenpeace.org\/argentina\/wp-json\/wp\/v2\/pages\/20498\/revisions"}],"predecessor-version":[{"id":30427,"href":"https:\/\/www.greenpeace.org\/argentina\/wp-json\/wp\/v2\/pages\/20498\/revisions\/30427"}],"wp:featuredmedia":[{"embeddable":true,"href":"https:\/\/www.greenpeace.org\/argentina\/wp-json\/wp\/v2\/media\/20570"}],"wp:attachment":[{"href":"https:\/\/www.greenpeace.org\/argentina\/wp-json\/wp\/v2\/media?parent=20498"}],"wp:term":[{"taxonomy":"category","embeddable":true,"href":"https:\/\/www.greenpeace.org\/argentina\/wp-json\/wp\/v2\/categories?post=20498"},{"taxonomy":"post_tag","embeddable":true,"href":"https:\/\/www.greenpeace.org\/argentina\/wp-json\/wp\/v2\/tags?post=20498"}],"curies":[{"name":"wp","href":"https:\/\/api.w.org\/{rel}","templated":true}]}}