{"id":28740,"date":"2025-05-05T16:25:57","date_gmt":"2025-05-05T19:25:57","guid":{"rendered":"https:\/\/www.greenpeace.org\/argentina\/?page_id=28740"},"modified":"2025-09-23T06:42:27","modified_gmt":"2025-09-23T09:42:27","slug":"tiempo-de-resistir","status":"publish","type":"page","link":"https:\/\/www.greenpeace.org\/argentina\/tiempo-de-resistir\/","title":{"rendered":"NO NOS VAN A SILENCIAR. Esta defensa es por el planeta, la libertad de expresi\u00f3n y la justicia clim\u00e1tica."},"content":{"rendered":"\n\n<div class=\"wp-block-group block is-layout-flow wp-block-group-is-layout-flow\">\n<div class=\"wp-block-group alignfull has-grey-200-background-color has-background is-layout-flow wp-block-group-is-layout-flow\" style=\"padding-top:80px;padding-bottom:50px\">\n<div class=\"wp-block-group container is-layout-flow wp-block-group-is-layout-flow\">\n<div class=\"wp-block-columns is-layout-flex wp-container-core-columns-is-layout-9d6595d7 wp-block-columns-is-layout-flex\">\n<div class=\"wp-block-column is-layout-flow wp-block-column-is-layout-flow\">\n<h2 class=\"wp-block-heading has-text-align-left is-style-default has-dark-green-800-color has-text-color has-link-color wp-elements-a5178e69bec9b2d41fcc81781bd69f75\" style=\"font-size:40px\"><strong>NO NOS VAN A SILENCIAR. Esta defensa es por el planeta, la libertad de expresi\u00f3n y la justicia clim\u00e1tica.<\/strong><\/h2>\n\n\n\n<figure class=\"wp-block-image size-large\"><img loading=\"lazy\" decoding=\"async\" width=\"1024\" height=\"576\" src=\"https:\/\/www.greenpeace.org\/static\/planet4-argentina-stateless\/2025\/05\/403c1313-momento-de-resistir-1024x576.jpeg\" alt=\"\" class=\"wp-image-28746\" srcset=\"https:\/\/www.greenpeace.org\/static\/planet4-argentina-stateless\/2025\/05\/403c1313-momento-de-resistir-1024x576.jpeg 1024w, https:\/\/www.greenpeace.org\/static\/planet4-argentina-stateless\/2025\/05\/403c1313-momento-de-resistir-300x169.jpeg 300w, https:\/\/www.greenpeace.org\/static\/planet4-argentina-stateless\/2025\/05\/403c1313-momento-de-resistir-768x432.jpeg 768w, https:\/\/www.greenpeace.org\/static\/planet4-argentina-stateless\/2025\/05\/403c1313-momento-de-resistir-1536x864.jpeg 1536w, https:\/\/www.greenpeace.org\/static\/planet4-argentina-stateless\/2025\/05\/403c1313-momento-de-resistir-510x287.jpeg 510w, https:\/\/www.greenpeace.org\/static\/planet4-argentina-stateless\/2025\/05\/403c1313-momento-de-resistir.jpeg 1600w\" sizes=\"auto, (max-width: 1024px) 100vw, 1024px\" \/><\/figure>\n<\/div>\n\n\n\n<div class=\"wp-block-column has-grey-200-background-color has-background is-layout-flow wp-block-column-is-layout-flow\"><p><script charset=\"utf-8\" type=\"text\/javascript\" src=\"\/\/js.hsforms.net\/forms\/embed\/v2.js\"><\/script><br \/>\n<script>\n  hbspt.forms.create({\n    portalId: \"20432059\",\n    formId: \"fbe7d961-7f54-48ed-811e-96d66996738f\",\n    region: \"na1\"\n  });\n<\/script><\/p>\n<\/div>\n<\/div>\n\n\n\n<div class=\"wp-block-columns is-not-stacked-on-mobile is-layout-flex wp-container-core-columns-is-layout-9d6595d7 wp-block-columns-is-layout-flex\">\n<div class=\"wp-block-column is-layout-flow wp-block-column-is-layout-flow\">\n<p class=\"has-dark-green-800-color has-text-color has-link-color wp-elements-c91f15c455a9d4953b8a6c7b0fd7f003\">Hoy, <strong>grandes corporaciones contaminantes como Energy Transfer LP<\/strong> est\u00e1n usando <strong>demandas judiciales <\/strong>para <strong>intimidar y silenciar<\/strong> a quienes defienden la naturaleza. En un fallo reciente en EE.UU., se intent\u00f3 responsabilizar a Greenpeace por haber alzado la voz frente a los da\u00f1os ambientales que estas empresas provocan. <strong>Se trata de una estrategia conocida como SLAPP (demanda estrat\u00e9gica contra la participaci\u00f3n p\u00fablica) que busca desincentivar la oposici\u00f3n pac\u00edfica<\/strong> y debilitar los avances logrados en la defensa del planeta. <\/p>\n\n\n\n<p class=\"has-dark-green-800-color has-text-color has-link-color wp-elements-11f42f3c859bd7d1a130defdad72dac0\">Nosotros no vamos a retroceder. <strong>Apelaremos esta decisi\u00f3n y enfrentaremos nuevamente a esta corporaci\u00f3n <\/strong>en tribunales neerlandeses. <\/p>\n<\/div>\n\n\n\n<div class=\"wp-block-column is-layout-flow wp-block-column-is-layout-flow\">\n<p class=\"has-dark-green-800-color has-text-color has-link-color wp-elements-05a284280267188dcef421206025e9ea\">Desde Greenpeace <strong>reafirmamos nuestro compromiso con la naturaleza y el derecho de las personas a defenderla<\/strong><\/p>\n\n\n\n<p class=\"has-dark-green-800-color has-text-color has-link-color wp-elements-5ad373ee1d54f218586f3b0d5e922dda\">Hoy, el planeta y nuestras libertades necesitan que actuemos. <strong>\u00bfTe sum\u00e1s a la defensa de nuestros derechos y del ambiente?<\/strong><\/p>\n\n\n\n<p class=\"has-dark-green-800-color has-text-color has-link-color wp-elements-716cbd4b4e6ea4d2995ccbf02c51d448\"><strong>Tu adhesi\u00f3n es clave <\/strong>para rechazar estos intentos de censura y amedrentamiento. Defender la naturaleza y la ecolog\u00eda pac\u00edficamente no puede ser castigado. <strong>Unamos nuestras voces para exigir que se respete el derecho a denunciar los abusos, a proteger la naturaleza y a construir un futuro justo para todos.<\/strong><\/p>\n<\/div>\n<\/div>\n<\/div>\n<\/div>\n\n\n\n<div class=\"wp-block-group alignfull has-beige-100-background-color has-background is-layout-flow wp-block-group-is-layout-flow\" style=\"padding-top:80px;padding-bottom:80px\">\n<div class=\"wp-block-group container is-layout-flow wp-block-group-is-layout-flow\">\n\n<div class=\"wp-block-media-text has-media-on-the-right is-stacked-on-mobile\"><div class=\"wp-block-media-text__content\">\n<h2 class=\"wp-block-heading\">Tiempo de resistir<\/h2>\n\n\n\n<p><strong>Grandes corporaciones contaminantes y grupos que se benefician de la destrucci\u00f3n de la naturaleza y de incumplimientos legales est\u00e1n usando su poder para silenciar a quienes defendemos el ambiente. Algunas incluso se atreven a demandar organizaciones como Greenpeace por alzar la voz. Pero no lo lograr\u00e1n<\/strong>.<\/p>\n\n\n\n<div class=\"wp-block-buttons is-layout-flex wp-block-buttons-is-layout-flex\">\n<div class=\"wp-block-button\"><a class=\"wp-block-button__link wp-element-button\" href=\"https:\/\/www.greenpeace.org\/argentina\/story\/problemas\/climayenergia\/jurado-emite-veredicto-en-juicio-slapp-de-energy-transfer-contra-entidades-de-greenpeace-en-ee-uu\/\">Conoc\u00e9 m\u00e1s<\/a><\/div>\n<\/div>\n<\/div><figure class=\"wp-block-media-text__media\"><img loading=\"lazy\" decoding=\"async\" width=\"1024\" height=\"683\" src=\"https:\/\/www.greenpeace.org\/static\/planet4-argentina-stateless\/2025\/03\/1bf1f453-gp0su2kgk-1024x683.jpg\" alt=\"\" sizes=\"auto, (min-width: 1600px) calc((1320px - 24px) \/ 2),(min-width: 1200px) calc((1140px - 24px) \/ 2),(min-width: 992px) calc((960px - 24px) \/ 2),(min-width: 768px) calc((720px - 24px) \/ 2),(min-width: 601px) calc((540px - 24px) \/ 2),(min-width: 577px) calc((540px - 24px) \/ 1), calc(100vw - 24px)\" srcset=\"https:\/\/www.greenpeace.org\/static\/planet4-argentina-stateless\/2025\/03\/1bf1f453-gp0su2kgk.jpg 1500w, https:\/\/www.greenpeace.org\/static\/planet4-argentina-stateless\/2025\/03\/1bf1f453-gp0su2kgk-300x200.jpg 300w, https:\/\/www.greenpeace.org\/static\/planet4-argentina-stateless\/2025\/03\/1bf1f453-gp0su2kgk-1024x683.jpg 1024w, https:\/\/www.greenpeace.org\/static\/planet4-argentina-stateless\/2025\/03\/1bf1f453-gp0su2kgk-768x512.jpg 768w, https:\/\/www.greenpeace.org\/static\/planet4-argentina-stateless\/2025\/03\/1bf1f453-gp0su2kgk-510x340.jpg 510w\" class=\"wp-image-27673 size-full\"\/><\/figure><\/div>\n\n<\/div>\n<\/div>\n\n\n\n<div class=\"wp-block-query posts-list p4-query-loop is-custom-layout-carousel is-layout-flex wp-block-query-is-layout-flex\">\n<div class=\"wp-block-group is-content-justification-space-between is-layout-flex wp-container-core-group-is-layout-3d213aab wp-block-group-is-layout-flex\">\n<h2 class=\"wp-block-heading\">Segu\u00ed leyendo<\/h2>\n\n\n<li class=\" wp-block-navigation-item see-all-link wp-block-navigation-link\"><a class=\"wp-block-navigation-item__content\"  href=\"http:\/\/www.greenpeace.org\/argentina\/news-stories\/?post-type=blog\"><span class=\"wp-block-navigation-item__label\">Ver todo<\/span><\/a><\/li><\/div>\n\n\n\n<p style=\"margin-top:24px;margin-bottom:36px\"><\/p>\n\n\n<ul class=\"wp-block-post-template is-layout-flow wp-block-post-template-is-layout-flow\"><li class=\"wp-block-post post-33635 post type-post status-publish format-standard has-post-thumbnail hentry category-oceanos tag-marargentino p4-page-type-blog\">\n\n<div class=\"wp-block-columns is-layout-flex wp-container-core-columns-is-layout-9d6595d7 wp-block-columns-is-layout-flex\"><figure class=\"wp-block-post-featured-image\"><a href=\"https:\/\/www.greenpeace.org\/argentina\/blog\/problemas\/oceanos\/chau-petroleras-chau-falsas-promesas-shell-y-qatar-energy-abandonan-el-mar-argentino-con-las-manos-vacias\/\" target=\"_self\"  ><img loading=\"lazy\" decoding=\"async\" width=\"2500\" height=\"1667\" src=\"https:\/\/www.greenpeace.org\/static\/planet4-argentina-stateless\/2022\/01\/7a7e049b-torre-mar-del-plata-credito-gabriel-bulacio-greenpeace-16.jpg\" class=\"attachment-post-thumbnail size-post-thumbnail wp-post-image wp-stateless-item\" alt=\"\u00a1CHAU PETROLERAS, chau falsas promesas! Shell y Qatar Energy abandonan el Mar Argentino con las manos vac\u00edas.\" style=\"object-fit:cover;\" srcset=\"https:\/\/www.greenpeace.org\/static\/planet4-argentina-stateless\/2022\/01\/7a7e049b-torre-mar-del-plata-credito-gabriel-bulacio-greenpeace-16.jpg 2500w, https:\/\/www.greenpeace.org\/static\/planet4-argentina-stateless\/2022\/01\/7a7e049b-torre-mar-del-plata-credito-gabriel-bulacio-greenpeace-16-300x200.jpg 300w, https:\/\/www.greenpeace.org\/static\/planet4-argentina-stateless\/2022\/01\/7a7e049b-torre-mar-del-plata-credito-gabriel-bulacio-greenpeace-16-1024x683.jpg 1024w, https:\/\/www.greenpeace.org\/static\/planet4-argentina-stateless\/2022\/01\/7a7e049b-torre-mar-del-plata-credito-gabriel-bulacio-greenpeace-16-768x512.jpg 768w, https:\/\/www.greenpeace.org\/static\/planet4-argentina-stateless\/2022\/01\/7a7e049b-torre-mar-del-plata-credito-gabriel-bulacio-greenpeace-16-1536x1024.jpg 1536w, https:\/\/www.greenpeace.org\/static\/planet4-argentina-stateless\/2022\/01\/7a7e049b-torre-mar-del-plata-credito-gabriel-bulacio-greenpeace-16-2048x1366.jpg 2048w, https:\/\/www.greenpeace.org\/static\/planet4-argentina-stateless\/2022\/01\/7a7e049b-torre-mar-del-plata-credito-gabriel-bulacio-greenpeace-16-510x340.jpg 510w\" sizes=\"auto, (max-width: 2500px) 100vw, 2500px\" data-image-size=\"post-thumbnail\" data-stateless-media-bucket=\"planet4-argentina-stateless\" data-stateless-media-name=\"2022\/01\/7a7e049b-torre-mar-del-plata-credito-gabriel-bulacio-greenpeace-16.jpg\" \/><\/a><\/figure>\n\n\n<div class=\"wp-block-group is-layout-flow wp-block-group-is-layout-flow\">\n                <div class=\"wp-block-group is-layout-flex wp-block-group-is-layout-flex\"><div class=\"wp-block-post-terms\"><a href=\"https:\/\/www.greenpeace.org\/argentina\/category\/problemas\/oceanos\/\">Oc\u00e9anos<\/a><\/div>\n                <div class=\"taxonomy-post_tag wp-block-post-terms\"><a href=\"https:\/\/www.greenpeace.org\/argentina\/tag\/marargentino\/\" rel=\"tag\">MarArgentino<\/a><\/div>\n                \n                <\/div>\n                \n\n<h3 class=\"wp-block-post-title\"><a href=\"https:\/\/www.greenpeace.org\/argentina\/blog\/problemas\/oceanos\/chau-petroleras-chau-falsas-promesas-shell-y-qatar-energy-abandonan-el-mar-argentino-con-las-manos-vacias\/\" target=\"_self\" >\u00a1CHAU PETROLERAS, chau falsas promesas! Shell y Qatar Energy abandonan el Mar Argentino con las manos vac\u00edas.<\/a><\/h3>\n\n<div class=\"wp-block-post-excerpt\"><p class=\"wp-block-post-excerpt__excerpt\">El Mar Argentino ya puede tomar un respiro. Hoy petroleras no tienen m\u00e1s remedio que retirarse con la cabeza baja, sin dejar ni un barril. <\/p><\/div>\n\n\n<div class=\"wp-block-group posts-list-meta is-layout-flow wp-block-group-is-layout-flow\"><span class='article-list-item-author'><a href='https:\/\/www.greenpeace.org\/argentina\/author\/lcolombo\/'>Laura Colombo<\/a><\/span>\n\n<div class=\"wp-block-post-date\"><time datetime=\"2026-04-28T12:12:07-03:00\">28 abril 2026<\/time><\/div><\/div>\n<\/div>\n<\/div>\n\n<\/li><li class=\"wp-block-post post-33631 post type-post status-publish format-standard has-post-thumbnail hentry category-oceanos tag-defendamospuntatombo p4-page-type-blog\">\n\n<div class=\"wp-block-columns is-layout-flex wp-container-core-columns-is-layout-9d6595d7 wp-block-columns-is-layout-flex\"><figure class=\"wp-block-post-featured-image\"><a href=\"https:\/\/www.greenpeace.org\/argentina\/blog\/problemas\/oceanos\/dia-del-pinguino-justicia-por-la-masacre-de-los-pinguinos-de-magallanes-en-la-reserva-punta-tombo\/\" target=\"_self\"  ><img loading=\"lazy\" decoding=\"async\" width=\"2500\" height=\"1611\" src=\"https:\/\/www.greenpeace.org\/static\/planet4-argentina-stateless\/2024\/11\/bf41779f-pinguinos-en-punta-tombo-04-\u00a9-osvaldo-tesoro-greenpeace.jpg\" class=\"attachment-post-thumbnail size-post-thumbnail wp-post-image wp-stateless-item\" alt=\"D\u00eda del Ping\u00fcino: justicia por la masacre de los Ping\u00fcinos de Magallanes en la Reserva Punta Tombo\" style=\"object-fit:cover;\" srcset=\"https:\/\/www.greenpeace.org\/static\/planet4-argentina-stateless\/2024\/11\/bf41779f-pinguinos-en-punta-tombo-04-\u00a9-osvaldo-tesoro-greenpeace.jpg 2500w, https:\/\/www.greenpeace.org\/static\/planet4-argentina-stateless\/2024\/11\/bf41779f-pinguinos-en-punta-tombo-04-\u00a9-osvaldo-tesoro-greenpeace-300x193.jpg 300w, https:\/\/www.greenpeace.org\/static\/planet4-argentina-stateless\/2024\/11\/bf41779f-pinguinos-en-punta-tombo-04-\u00a9-osvaldo-tesoro-greenpeace-1024x660.jpg 1024w, https:\/\/www.greenpeace.org\/static\/planet4-argentina-stateless\/2024\/11\/bf41779f-pinguinos-en-punta-tombo-04-\u00a9-osvaldo-tesoro-greenpeace-768x495.jpg 768w, https:\/\/www.greenpeace.org\/static\/planet4-argentina-stateless\/2024\/11\/bf41779f-pinguinos-en-punta-tombo-04-\u00a9-osvaldo-tesoro-greenpeace-1536x990.jpg 1536w, https:\/\/www.greenpeace.org\/static\/planet4-argentina-stateless\/2024\/11\/bf41779f-pinguinos-en-punta-tombo-04-\u00a9-osvaldo-tesoro-greenpeace-2048x1320.jpg 2048w, https:\/\/www.greenpeace.org\/static\/planet4-argentina-stateless\/2024\/11\/bf41779f-pinguinos-en-punta-tombo-04-\u00a9-osvaldo-tesoro-greenpeace-510x329.jpg 510w\" sizes=\"auto, (max-width: 2500px) 100vw, 2500px\" data-image-size=\"post-thumbnail\" data-stateless-media-bucket=\"planet4-argentina-stateless\" data-stateless-media-name=\"2024\/11\/bf41779f-pinguinos-en-punta-tombo-04-\u00a9-osvaldo-tesoro-greenpeace.jpg\" \/><\/a><\/figure>\n\n\n<div class=\"wp-block-group is-layout-flow wp-block-group-is-layout-flow\">\n                <div class=\"wp-block-group is-layout-flex wp-block-group-is-layout-flex\"><div class=\"wp-block-post-terms\"><a href=\"https:\/\/www.greenpeace.org\/argentina\/category\/problemas\/oceanos\/\">Oc\u00e9anos<\/a><\/div>\n                <div class=\"taxonomy-post_tag wp-block-post-terms\"><a href=\"https:\/\/www.greenpeace.org\/argentina\/tag\/defendamospuntatombo\/\" rel=\"tag\">DefendamosPuntaTombo<\/a><\/div>\n                \n                <\/div>\n                \n\n<h3 class=\"wp-block-post-title\"><a href=\"https:\/\/www.greenpeace.org\/argentina\/blog\/problemas\/oceanos\/dia-del-pinguino-justicia-por-la-masacre-de-los-pinguinos-de-magallanes-en-la-reserva-punta-tombo\/\" target=\"_self\" >D\u00eda del Ping\u00fcino: justicia por la masacre de los Ping\u00fcinos de Magallanes en la Reserva Punta Tombo<\/a><\/h3>\n\n<div class=\"wp-block-post-excerpt\"><p class=\"wp-block-post-excerpt__excerpt\">Este caso no s\u00f3lo represent\u00f3 un acto de violencia contra la naturaleza, sino que tambi\u00e9n subraya la importancia de avanzar en figuras del delito ambiental <\/p><\/div>\n\n\n<div class=\"wp-block-group posts-list-meta is-layout-flow wp-block-group-is-layout-flow\"><span class='article-list-item-author'><a href='https:\/\/www.greenpeace.org\/argentina\/author\/lvazquez\/'>Editor<\/a><\/span>\n\n<div class=\"wp-block-post-date\"><time datetime=\"2026-04-24T21:59:36-03:00\">24 abril 2026<\/time><\/div><\/div>\n<\/div>\n<\/div>\n\n<\/li><li class=\"wp-block-post post-33624 post type-post status-publish format-standard has-post-thumbnail hentry category-climayenergia tag-glaciares p4-page-type-story\">\n\n<div class=\"wp-block-columns is-layout-flex wp-container-core-columns-is-layout-9d6595d7 wp-block-columns-is-layout-flex\"><figure class=\"wp-block-post-featured-image\"><a href=\"https:\/\/www.greenpeace.org\/argentina\/story\/problemas\/climayenergia\/la-demanda-colectiva-para-proteger-los-glaciares-se-acerca-al-millon-de-adhesiones\/\" target=\"_self\"  ><img loading=\"lazy\" decoding=\"async\" width=\"2560\" height=\"1808\" src=\"https:\/\/www.greenpeace.org\/static\/planet4-argentina-stateless\/2026\/04\/b35a5209-marcha-agua-congreso-credito-pepe-mateos-greenpeace-12-scaled.jpg\" class=\"attachment-post-thumbnail size-post-thumbnail wp-post-image wp-stateless-item\" alt=\"La demanda colectiva para proteger los glaciares se acerca al mill\u00f3n de adhesiones\" style=\"object-fit:cover;\" srcset=\"https:\/\/www.greenpeace.org\/static\/planet4-argentina-stateless\/2026\/04\/b35a5209-marcha-agua-congreso-credito-pepe-mateos-greenpeace-12-scaled.jpg 2560w, https:\/\/www.greenpeace.org\/static\/planet4-argentina-stateless\/2026\/04\/b35a5209-marcha-agua-congreso-credito-pepe-mateos-greenpeace-12-300x212.jpg 300w, https:\/\/www.greenpeace.org\/static\/planet4-argentina-stateless\/2026\/04\/b35a5209-marcha-agua-congreso-credito-pepe-mateos-greenpeace-12-1024x723.jpg 1024w, https:\/\/www.greenpeace.org\/static\/planet4-argentina-stateless\/2026\/04\/b35a5209-marcha-agua-congreso-credito-pepe-mateos-greenpeace-12-768x542.jpg 768w, https:\/\/www.greenpeace.org\/static\/planet4-argentina-stateless\/2026\/04\/b35a5209-marcha-agua-congreso-credito-pepe-mateos-greenpeace-12-1536x1085.jpg 1536w, https:\/\/www.greenpeace.org\/static\/planet4-argentina-stateless\/2026\/04\/b35a5209-marcha-agua-congreso-credito-pepe-mateos-greenpeace-12-2048x1447.jpg 2048w, https:\/\/www.greenpeace.org\/static\/planet4-argentina-stateless\/2026\/04\/b35a5209-marcha-agua-congreso-credito-pepe-mateos-greenpeace-12-1934x1366.jpg 1934w, https:\/\/www.greenpeace.org\/static\/planet4-argentina-stateless\/2026\/04\/b35a5209-marcha-agua-congreso-credito-pepe-mateos-greenpeace-12-481x340.jpg 481w\" sizes=\"auto, (max-width: 2560px) 100vw, 2560px\" data-image-size=\"post-thumbnail\" data-stateless-media-bucket=\"planet4-argentina-stateless\" data-stateless-media-name=\"2026\/04\/b35a5209-marcha-agua-congreso-credito-pepe-mateos-greenpeace-12-scaled.jpg\" \/><\/a><\/figure>\n\n\n<div class=\"wp-block-group is-layout-flow wp-block-group-is-layout-flow\">\n                <div class=\"wp-block-group is-layout-flex wp-block-group-is-layout-flex\"><div class=\"wp-block-post-terms\"><a href=\"https:\/\/www.greenpeace.org\/argentina\/category\/problemas\/climayenergia\/\">Clima y Energ\u00eda<\/a><\/div>\n                <div class=\"taxonomy-post_tag wp-block-post-terms\"><a href=\"https:\/\/www.greenpeace.org\/argentina\/tag\/glaciares\/\" rel=\"tag\">SalvemosLosGlaciares<\/a><\/div>\n                \n                <\/div>\n                \n\n<h3 class=\"wp-block-post-title\"><a href=\"https:\/\/www.greenpeace.org\/argentina\/story\/problemas\/climayenergia\/la-demanda-colectiva-para-proteger-los-glaciares-se-acerca-al-millon-de-adhesiones\/\" target=\"_self\" >La demanda colectiva para proteger los glaciares se acerca al mill\u00f3n de adhesiones<\/a><\/h3>\n\n<div class=\"wp-block-post-excerpt\"><p class=\"wp-block-post-excerpt__excerpt\">La demanda ser\u00e1 llevada a la justicia por Fundaci\u00f3n Ambiente y Recursos Naturales (FARN), Asociaci\u00f3n Argentina de Abogados\/as Ambientalistas y Greenpeace, junto a organizaciones y asambleas de todo el pa\u00eds en las pr\u00f3ximas semanas. <\/p><\/div>\n\n\n<div class=\"wp-block-group posts-list-meta is-layout-flow wp-block-group-is-layout-flow\"><span class='article-list-item-author'><a href='https:\/\/www.greenpeace.org\/argentina\/author\/prensaarg\/'>Prensa Argentina<\/a><\/span>\n\n<div class=\"wp-block-post-date\"><time datetime=\"2026-04-22T14:07:21-03:00\">22 abril 2026<\/time><\/div><\/div>\n<\/div>\n<\/div>\n\n<\/li><li class=\"wp-block-post post-33613 post type-post status-publish format-standard has-post-thumbnail hentry category-bosques category-climayenergia p4-page-type-story\">\n\n<div class=\"wp-block-columns is-layout-flex wp-container-core-columns-is-layout-9d6595d7 wp-block-columns-is-layout-flex\"><figure class=\"wp-block-post-featured-image\"><a href=\"https:\/\/www.greenpeace.org\/argentina\/story\/problemas\/bosques\/dia-de-la-tierra-greenpeace-exige-frenar-la-ofensiva-contra-bosques-y-glaciares-en-argentina\/\" target=\"_self\"  ><img loading=\"lazy\" decoding=\"async\" width=\"2560\" height=\"1706\" src=\"https:\/\/www.greenpeace.org\/static\/planet4-argentina-stateless\/2026\/02\/a80b49ae-caminos-del-agua-san-juan-07-foto-martin-katz-greenpeace--scaled.jpg\" class=\"attachment-post-thumbnail size-post-thumbnail wp-post-image wp-stateless-item\" alt=\"D\u00eda de la Tierra: Greenpeace exige frenar la ofensiva contra bosques y glaciares en Argentina\" style=\"object-fit:cover;\" srcset=\"https:\/\/www.greenpeace.org\/static\/planet4-argentina-stateless\/2026\/02\/a80b49ae-caminos-del-agua-san-juan-07-foto-martin-katz-greenpeace--scaled.jpg 2560w, https:\/\/www.greenpeace.org\/static\/planet4-argentina-stateless\/2026\/02\/a80b49ae-caminos-del-agua-san-juan-07-foto-martin-katz-greenpeace--300x200.jpg 300w, https:\/\/www.greenpeace.org\/static\/planet4-argentina-stateless\/2026\/02\/a80b49ae-caminos-del-agua-san-juan-07-foto-martin-katz-greenpeace--1024x683.jpg 1024w, https:\/\/www.greenpeace.org\/static\/planet4-argentina-stateless\/2026\/02\/a80b49ae-caminos-del-agua-san-juan-07-foto-martin-katz-greenpeace--768x512.jpg 768w, https:\/\/www.greenpeace.org\/static\/planet4-argentina-stateless\/2026\/02\/a80b49ae-caminos-del-agua-san-juan-07-foto-martin-katz-greenpeace--1536x1024.jpg 1536w, https:\/\/www.greenpeace.org\/static\/planet4-argentina-stateless\/2026\/02\/a80b49ae-caminos-del-agua-san-juan-07-foto-martin-katz-greenpeace--2048x1366.jpg 2048w, https:\/\/www.greenpeace.org\/static\/planet4-argentina-stateless\/2026\/02\/a80b49ae-caminos-del-agua-san-juan-07-foto-martin-katz-greenpeace--510x340.jpg 510w\" sizes=\"auto, (max-width: 2560px) 100vw, 2560px\" data-image-size=\"post-thumbnail\" data-stateless-media-bucket=\"planet4-argentina-stateless\" data-stateless-media-name=\"2026\/02\/a80b49ae-caminos-del-agua-san-juan-07-foto-martin-katz-greenpeace--scaled.jpg\" \/><\/a><\/figure>\n\n\n<div class=\"wp-block-group is-layout-flow wp-block-group-is-layout-flow\">\n                <div class=\"wp-block-group is-layout-flex wp-block-group-is-layout-flex\"><div class=\"wp-block-post-terms\"><a href=\"https:\/\/www.greenpeace.org\/argentina\/category\/problemas\/bosques\/\">Bosques<\/a><\/div>\n                \n                \n                <\/div>\n                \n\n<h3 class=\"wp-block-post-title\"><a href=\"https:\/\/www.greenpeace.org\/argentina\/story\/problemas\/bosques\/dia-de-la-tierra-greenpeace-exige-frenar-la-ofensiva-contra-bosques-y-glaciares-en-argentina\/\" target=\"_self\" >D\u00eda de la Tierra: Greenpeace exige frenar la ofensiva contra bosques y glaciares en Argentina<\/a><\/h3>\n\n<div class=\"wp-block-post-excerpt\"><p class=\"wp-block-post-excerpt__excerpt\">Greenpeace Argentina lanz\u00f3 una advertencia contundente: el patrimonio natural del pa\u00eds se encuentra en su punto de mayor vulnerabilidad en d\u00e9cadas <\/p><\/div>\n\n\n<div class=\"wp-block-group posts-list-meta is-layout-flow wp-block-group-is-layout-flow\"><span class='article-list-item-author'><a href='https:\/\/www.greenpeace.org\/argentina\/author\/prensaarg\/'>Prensa Argentina<\/a><\/span>\n\n<div class=\"wp-block-post-date\"><time datetime=\"2026-04-22T12:18:54-03:00\">22 abril 2026<\/time><\/div><\/div>\n<\/div>\n<\/div>\n\n<\/li><li class=\"wp-block-post post-33554 post type-post status-publish format-standard has-post-thumbnail hentry category-sustentabilidad p4-page-type-blog\">\n\n<div class=\"wp-block-columns is-layout-flex wp-container-core-columns-is-layout-9d6595d7 wp-block-columns-is-layout-flex\"><figure class=\"wp-block-post-featured-image\"><a href=\"https:\/\/www.greenpeace.org\/argentina\/blog\/problemas\/sustentabilidad\/dia-de-la-tierra-un-llamado-a-construir-esperanza-en-tiempos-de-crisis-ambiental\/\" target=\"_self\"  ><img loading=\"lazy\" decoding=\"async\" width=\"2500\" height=\"1875\" src=\"https:\/\/www.greenpeace.org\/static\/planet4-argentina-stateless\/2026\/04\/c79512f1-gp0stqt3a_pressmedia-2500px.jpg\" class=\"attachment-post-thumbnail size-post-thumbnail wp-post-image wp-stateless-item\" alt=\"D\u00eda de la Tierra: un llamado a construir esperanza en tiempos de crisis ambiental\u00a0\" style=\"object-fit:cover;\" srcset=\"https:\/\/www.greenpeace.org\/static\/planet4-argentina-stateless\/2026\/04\/c79512f1-gp0stqt3a_pressmedia-2500px.jpg 2500w, https:\/\/www.greenpeace.org\/static\/planet4-argentina-stateless\/2026\/04\/c79512f1-gp0stqt3a_pressmedia-2500px-300x225.jpg 300w, https:\/\/www.greenpeace.org\/static\/planet4-argentina-stateless\/2026\/04\/c79512f1-gp0stqt3a_pressmedia-2500px-1024x768.jpg 1024w, https:\/\/www.greenpeace.org\/static\/planet4-argentina-stateless\/2026\/04\/c79512f1-gp0stqt3a_pressmedia-2500px-768x576.jpg 768w, https:\/\/www.greenpeace.org\/static\/planet4-argentina-stateless\/2026\/04\/c79512f1-gp0stqt3a_pressmedia-2500px-1536x1152.jpg 1536w, https:\/\/www.greenpeace.org\/static\/planet4-argentina-stateless\/2026\/04\/c79512f1-gp0stqt3a_pressmedia-2500px-2048x1536.jpg 2048w, https:\/\/www.greenpeace.org\/static\/planet4-argentina-stateless\/2026\/04\/c79512f1-gp0stqt3a_pressmedia-2500px-1821x1366.jpg 1821w, https:\/\/www.greenpeace.org\/static\/planet4-argentina-stateless\/2026\/04\/c79512f1-gp0stqt3a_pressmedia-2500px-453x340.jpg 453w\" sizes=\"auto, (max-width: 2500px) 100vw, 2500px\" data-image-size=\"post-thumbnail\" data-stateless-media-bucket=\"planet4-argentina-stateless\" data-stateless-media-name=\"2026\/04\/c79512f1-gp0stqt3a_pressmedia-2500px.jpg\" \/><\/a><\/figure>\n\n\n<div class=\"wp-block-group is-layout-flow wp-block-group-is-layout-flow\">\n                <div class=\"wp-block-group is-layout-flex wp-block-group-is-layout-flex\"><div class=\"wp-block-post-terms\"><a href=\"https:\/\/www.greenpeace.org\/argentina\/category\/problemas\/sustentabilidad\/\">Sustentabilidad<\/a><\/div>\n                \n                \n                <\/div>\n                \n\n<h3 class=\"wp-block-post-title\"><a href=\"https:\/\/www.greenpeace.org\/argentina\/blog\/problemas\/sustentabilidad\/dia-de-la-tierra-un-llamado-a-construir-esperanza-en-tiempos-de-crisis-ambiental\/\" target=\"_self\" >D\u00eda de la Tierra: un llamado a construir esperanza en tiempos de crisis ambiental\u00a0<\/a><\/h3>\n\n<div class=\"wp-block-post-excerpt\"><p class=\"wp-block-post-excerpt__excerpt\">La Tierra nos necesita l\u00facidos, no desesperados. <\/p><\/div>\n\n\n<div class=\"wp-block-group posts-list-meta is-layout-flow wp-block-group-is-layout-flow\"><span class='article-list-item-author'>Meri Castro<\/span>\n\n<div class=\"wp-block-post-date\"><time datetime=\"2026-04-21T13:34:52-03:00\">21 abril 2026<\/time><\/div><\/div>\n<\/div>\n<\/div>\n\n<\/li><li class=\"wp-block-post post-33553 post type-post status-publish format-standard has-post-thumbnail hentry category-climayenergia tag-glaciares p4-page-type-story\">\n\n<div class=\"wp-block-columns is-layout-flex wp-container-core-columns-is-layout-9d6595d7 wp-block-columns-is-layout-flex\"><figure class=\"wp-block-post-featured-image\"><a href=\"https:\/\/www.greenpeace.org\/argentina\/story\/problemas\/climayenergia\/en-7-ciudades-greenpeace-invito-a-la-ciudadania-a-ser-parte-de-la-demanda-colectiva-por-los-glaciares\/\" target=\"_self\"  ><img loading=\"lazy\" decoding=\"async\" width=\"1163\" height=\"853\" src=\"https:\/\/www.greenpeace.org\/static\/planet4-argentina-stateless\/2026\/04\/e913db72-ok.jpg\" class=\"attachment-post-thumbnail size-post-thumbnail wp-post-image wp-stateless-item\" alt=\"En 7 ciudades, Greenpeace invit\u00f3 a la ciudadan\u00eda a ser parte de la demanda colectiva por los glaciares\" style=\"object-fit:cover;\" srcset=\"https:\/\/www.greenpeace.org\/static\/planet4-argentina-stateless\/2026\/04\/e913db72-ok.jpg 1163w, https:\/\/www.greenpeace.org\/static\/planet4-argentina-stateless\/2026\/04\/e913db72-ok-300x220.jpg 300w, https:\/\/www.greenpeace.org\/static\/planet4-argentina-stateless\/2026\/04\/e913db72-ok-1024x751.jpg 1024w, https:\/\/www.greenpeace.org\/static\/planet4-argentina-stateless\/2026\/04\/e913db72-ok-768x563.jpg 768w, https:\/\/www.greenpeace.org\/static\/planet4-argentina-stateless\/2026\/04\/e913db72-ok-464x340.jpg 464w\" sizes=\"auto, (max-width: 1163px) 100vw, 1163px\" data-image-size=\"post-thumbnail\" data-stateless-media-bucket=\"planet4-argentina-stateless\" data-stateless-media-name=\"2026\/04\/e913db72-ok.jpg\" \/><\/a><\/figure>\n\n\n<div class=\"wp-block-group is-layout-flow wp-block-group-is-layout-flow\">\n                <div class=\"wp-block-group is-layout-flex wp-block-group-is-layout-flex\"><div class=\"wp-block-post-terms\"><a href=\"https:\/\/www.greenpeace.org\/argentina\/category\/problemas\/climayenergia\/\">Clima y Energ\u00eda<\/a><\/div>\n                <div class=\"taxonomy-post_tag wp-block-post-terms\"><a href=\"https:\/\/www.greenpeace.org\/argentina\/tag\/glaciares\/\" rel=\"tag\">SalvemosLosGlaciares<\/a><\/div>\n                \n                <\/div>\n                \n\n<h3 class=\"wp-block-post-title\"><a href=\"https:\/\/www.greenpeace.org\/argentina\/story\/problemas\/climayenergia\/en-7-ciudades-greenpeace-invito-a-la-ciudadania-a-ser-parte-de-la-demanda-colectiva-por-los-glaciares\/\" target=\"_self\" >En 7 ciudades, Greenpeace invit\u00f3 a la ciudadan\u00eda a ser parte de la demanda colectiva por los glaciares<\/a><\/h3>\n\n<div class=\"wp-block-post-excerpt\"><p class=\"wp-block-post-excerpt__excerpt\">Voluntarios de Greenpeace Argentina llevaron adelante el s\u00e1bado 18 una jornada para sumar apoyo a la demanda colectiva por la preservaci\u00f3n de los glaciares. <\/p><\/div>\n\n\n<div class=\"wp-block-group posts-list-meta is-layout-flow wp-block-group-is-layout-flow\"><span class='article-list-item-author'><a href='https:\/\/www.greenpeace.org\/argentina\/author\/prensaarg\/'>Prensa Argentina<\/a><\/span>\n\n<div class=\"wp-block-post-date\"><time datetime=\"2026-04-20T17:45:32-03:00\">20 abril 2026<\/time><\/div><\/div>\n<\/div>\n<\/div>\n\n<\/li><li class=\"wp-block-post post-33534 post type-post status-publish format-standard has-post-thumbnail hentry category-climayenergia tag-voluntarios tag-glaciares p4-page-type-blog\">\n\n<div class=\"wp-block-columns is-layout-flex wp-container-core-columns-is-layout-9d6595d7 wp-block-columns-is-layout-flex\"><figure class=\"wp-block-post-featured-image\"><a href=\"https:\/\/www.greenpeace.org\/argentina\/blog\/problemas\/climayenergia\/greenpeace-en-las-calles-en-la-jornada-nacional-por-la-demanda-colectiva-para-defender-los-glaciares-sumate\/\" target=\"_self\"  ><img loading=\"lazy\" decoding=\"async\" width=\"499\" height=\"621\" src=\"https:\/\/www.greenpeace.org\/static\/planet4-argentina-stateless\/2026\/04\/5fa6cded-flyer.jpg\" class=\"attachment-post-thumbnail size-post-thumbnail wp-post-image wp-stateless-item\" alt=\"Greenpeace en las calles en la \u201cJornada Nacional por la demanda colectiva para defender los Glaciares&#8221;. \u00a1Sumate!\" style=\"object-fit:cover;\" srcset=\"https:\/\/www.greenpeace.org\/static\/planet4-argentina-stateless\/2026\/04\/5fa6cded-flyer.jpg 499w, https:\/\/www.greenpeace.org\/static\/planet4-argentina-stateless\/2026\/04\/5fa6cded-flyer-241x300.jpg 241w, https:\/\/www.greenpeace.org\/static\/planet4-argentina-stateless\/2026\/04\/5fa6cded-flyer-273x340.jpg 273w\" sizes=\"auto, (max-width: 499px) 100vw, 499px\" data-image-size=\"post-thumbnail\" data-stateless-media-bucket=\"planet4-argentina-stateless\" data-stateless-media-name=\"2026\/04\/5fa6cded-flyer.jpg\" \/><\/a><\/figure>\n\n\n<div class=\"wp-block-group is-layout-flow wp-block-group-is-layout-flow\">\n                <div class=\"wp-block-group is-layout-flex wp-block-group-is-layout-flex\"><div class=\"wp-block-post-terms\"><a href=\"https:\/\/www.greenpeace.org\/argentina\/category\/problemas\/climayenergia\/\">Clima y Energ\u00eda<\/a><\/div>\n                <div class=\"taxonomy-post_tag wp-block-post-terms\"><a href=\"https:\/\/www.greenpeace.org\/argentina\/tag\/voluntarios\/\" rel=\"tag\">Voluntarios<\/a><span class=\"wp-block-post-terms__separator\"> <\/span><a href=\"https:\/\/www.greenpeace.org\/argentina\/tag\/glaciares\/\" rel=\"tag\">SalvemosLosGlaciares<\/a><\/div>\n                \n                <\/div>\n                \n\n<h3 class=\"wp-block-post-title\"><a href=\"https:\/\/www.greenpeace.org\/argentina\/blog\/problemas\/climayenergia\/greenpeace-en-las-calles-en-la-jornada-nacional-por-la-demanda-colectiva-para-defender-los-glaciares-sumate\/\" target=\"_self\" >Greenpeace en las calles en la \u201cJornada Nacional por la demanda colectiva para defender los Glaciares&#8221;. \u00a1Sumate!<\/a><\/h3>\n\n<div class=\"wp-block-post-excerpt\"><p class=\"wp-block-post-excerpt__excerpt\">Nuestros equipos locales de voluntarios y voluntarias van a estar presentes en las calles y en diferentes provincias este fin de semana. Sumate para realizar juntos actividades <\/p><\/div>\n\n\n<div class=\"wp-block-group posts-list-meta is-layout-flow wp-block-group-is-layout-flow\"><span class='article-list-item-author'><a href='https:\/\/www.greenpeace.org\/argentina\/author\/lcolombo\/'>Laura Colombo<\/a><\/span>\n\n<div class=\"wp-block-post-date\"><time datetime=\"2026-04-17T17:22:06-03:00\">17 abril 2026<\/time><\/div><\/div>\n<\/div>\n<\/div>\n\n<\/li><li class=\"wp-block-post post-33496 post type-post status-publish format-standard has-post-thumbnail hentry category-climayenergia category-greenpeace tag-glaciares p4-page-type-story\">\n\n<div class=\"wp-block-columns is-layout-flex wp-container-core-columns-is-layout-9d6595d7 wp-block-columns-is-layout-flex\"><figure class=\"wp-block-post-featured-image\"><a href=\"https:\/\/www.greenpeace.org\/argentina\/story\/problemas\/climayenergia\/ley-de-glaciares-el-congreso-le-dio-la-espalda-al-agua-pero-la-ciudadania-ira-a-la-justicia\/\" target=\"_self\"  ><img loading=\"lazy\" decoding=\"async\" width=\"865\" height=\"849\" src=\"https:\/\/www.greenpeace.org\/static\/planet4-argentina-stateless\/2026\/04\/9cc7d6d1-sumate.jpg\" class=\"attachment-post-thumbnail size-post-thumbnail wp-post-image wp-stateless-item\" alt=\"Ley de Glaciares: el Congreso le dio la espalda al agua, pero la ciudadan\u00eda ir\u00e1 a la justicia\" style=\"object-fit:cover;\" srcset=\"https:\/\/www.greenpeace.org\/static\/planet4-argentina-stateless\/2026\/04\/9cc7d6d1-sumate.jpg 865w, https:\/\/www.greenpeace.org\/static\/planet4-argentina-stateless\/2026\/04\/9cc7d6d1-sumate-300x294.jpg 300w, https:\/\/www.greenpeace.org\/static\/planet4-argentina-stateless\/2026\/04\/9cc7d6d1-sumate-768x754.jpg 768w, https:\/\/www.greenpeace.org\/static\/planet4-argentina-stateless\/2026\/04\/9cc7d6d1-sumate-346x340.jpg 346w\" sizes=\"auto, (max-width: 865px) 100vw, 865px\" data-image-size=\"post-thumbnail\" data-stateless-media-bucket=\"planet4-argentina-stateless\" data-stateless-media-name=\"2026\/04\/9cc7d6d1-sumate.jpg\" \/><\/a><\/figure>\n\n\n<div class=\"wp-block-group is-layout-flow wp-block-group-is-layout-flow\">\n                <div class=\"wp-block-group is-layout-flex wp-block-group-is-layout-flex\"><div class=\"wp-block-post-terms\"><a href=\"https:\/\/www.greenpeace.org\/argentina\/category\/problemas\/climayenergia\/\">Clima y Energ\u00eda<\/a><\/div>\n                <div class=\"taxonomy-post_tag wp-block-post-terms\"><a href=\"https:\/\/www.greenpeace.org\/argentina\/tag\/glaciares\/\" rel=\"tag\">SalvemosLosGlaciares<\/a><\/div>\n                \n                <\/div>\n                \n\n<h3 class=\"wp-block-post-title\"><a href=\"https:\/\/www.greenpeace.org\/argentina\/story\/problemas\/climayenergia\/ley-de-glaciares-el-congreso-le-dio-la-espalda-al-agua-pero-la-ciudadania-ira-a-la-justicia\/\" target=\"_self\" >Ley de Glaciares: el Congreso le dio la espalda al agua, pero la ciudadan\u00eda ir\u00e1 a la justicia<\/a><\/h3>\n\n<div class=\"wp-block-post-excerpt\"><p class=\"wp-block-post-excerpt__excerpt\">La nueva Ley de Glaciares pone en riesgo las reservas de agua dulce, por lo que miles de ciudadanos se est\u00e1n organizando para entablar una demanda colectiva de inconstitucionalidad. <\/p><\/div>\n\n\n<div class=\"wp-block-group posts-list-meta is-layout-flow wp-block-group-is-layout-flow\"><span class='article-list-item-author'><a href='https:\/\/www.greenpeace.org\/argentina\/author\/prensaarg\/'>Prensa Argentina<\/a><\/span>\n\n<div class=\"wp-block-post-date\"><time datetime=\"2026-04-17T16:20:33-03:00\">17 abril 2026<\/time><\/div><\/div>\n<\/div>\n<\/div>\n\n<\/li><li class=\"wp-block-post post-33498 post type-post status-publish format-standard has-post-thumbnail hentry category-climayenergia tag-glaciares p4-page-type-blog\">\n\n<div class=\"wp-block-columns is-layout-flex wp-container-core-columns-is-layout-9d6595d7 wp-block-columns-is-layout-flex\"><figure class=\"wp-block-post-featured-image\"><a href=\"https:\/\/www.greenpeace.org\/argentina\/blog\/problemas\/climayenergia\/todo-lo-que-tenes-que-saber-para-sumarte-a-la-demanda-colectiva-para-defender-el-agua\/\" target=\"_self\"  ><img loading=\"lazy\" decoding=\"async\" width=\"977\" height=\"569\" src=\"https:\/\/www.greenpeace.org\/static\/planet4-argentina-stateless\/2026\/04\/eccf449d-box3.png\" class=\"attachment-post-thumbnail size-post-thumbnail wp-post-image wp-stateless-item\" alt=\"Todo lo que ten\u00e9s que saber para sumarte a la demanda colectiva para defender el agua.\" style=\"object-fit:cover;\" srcset=\"https:\/\/www.greenpeace.org\/static\/planet4-argentina-stateless\/2026\/04\/eccf449d-box3.png 977w, https:\/\/www.greenpeace.org\/static\/planet4-argentina-stateless\/2026\/04\/eccf449d-box3-300x175.png 300w, https:\/\/www.greenpeace.org\/static\/planet4-argentina-stateless\/2026\/04\/eccf449d-box3-768x447.png 768w, https:\/\/www.greenpeace.org\/static\/planet4-argentina-stateless\/2026\/04\/eccf449d-box3-510x297.png 510w\" sizes=\"auto, (max-width: 977px) 100vw, 977px\" data-image-size=\"post-thumbnail\" data-stateless-media-bucket=\"planet4-argentina-stateless\" data-stateless-media-name=\"2026\/04\/eccf449d-box3.png\" \/><\/a><\/figure>\n\n\n<div class=\"wp-block-group is-layout-flow wp-block-group-is-layout-flow\">\n                <div class=\"wp-block-group is-layout-flex wp-block-group-is-layout-flex\"><div class=\"wp-block-post-terms\"><a href=\"https:\/\/www.greenpeace.org\/argentina\/category\/problemas\/climayenergia\/\">Clima y Energ\u00eda<\/a><\/div>\n                <div class=\"taxonomy-post_tag wp-block-post-terms\"><a href=\"https:\/\/www.greenpeace.org\/argentina\/tag\/glaciares\/\" rel=\"tag\">SalvemosLosGlaciares<\/a><\/div>\n                \n                <\/div>\n                \n\n<h3 class=\"wp-block-post-title\"><a href=\"https:\/\/www.greenpeace.org\/argentina\/blog\/problemas\/climayenergia\/todo-lo-que-tenes-que-saber-para-sumarte-a-la-demanda-colectiva-para-defender-el-agua\/\" target=\"_self\" >Todo lo que ten\u00e9s que saber para sumarte a la demanda colectiva para defender el agua.<\/a><\/h3>\n\n<div class=\"wp-block-post-excerpt\"><p class=\"wp-block-post-excerpt__excerpt\">Las personas pueden sumarse para acompa\u00f1ar y fortalecer el reclamo desde lo social y lo colectivo, aumentando su visibilidad y legitimidad. <\/p><\/div>\n\n\n<div class=\"wp-block-group posts-list-meta is-layout-flow wp-block-group-is-layout-flow\"><span class='article-list-item-author'><a href='https:\/\/www.greenpeace.org\/argentina\/author\/lcolombo\/'>Laura Colombo<\/a><\/span>\n\n<div class=\"wp-block-post-date\"><time datetime=\"2026-04-10T17:49:49-03:00\">10 abril 2026<\/time><\/div><\/div>\n<\/div>\n<\/div>\n\n<\/li><li class=\"wp-block-post post-33491 post type-post status-publish format-standard has-post-thumbnail hentry category-climayenergia tag-glaciares p4-page-type-story\">\n\n<div class=\"wp-block-columns is-layout-flex wp-container-core-columns-is-layout-9d6595d7 wp-block-columns-is-layout-flex\"><figure class=\"wp-block-post-featured-image\"><a href=\"https:\/\/www.greenpeace.org\/argentina\/story\/problemas\/climayenergia\/en-12-horas-la-demanda-colectiva-contra-la-reforma-de-la-ley-de-glaciares-sumo-mas-de-300-mil-adhesiones\/\" target=\"_self\"  ><img loading=\"lazy\" decoding=\"async\" width=\"1024\" height=\"1024\" src=\"https:\/\/www.greenpeace.org\/static\/planet4-argentina-stateless\/2026\/04\/c4354e62-gemini_generated_image_l71jnrl71jnrl71j.png\" class=\"attachment-post-thumbnail size-post-thumbnail wp-post-image wp-stateless-item\" alt=\"En 12 horas, la demanda colectiva contra la reforma de la Ley de Glaciares sum\u00f3 m\u00e1s de 300 mil adhesiones\" style=\"object-fit:cover;\" srcset=\"https:\/\/www.greenpeace.org\/static\/planet4-argentina-stateless\/2026\/04\/c4354e62-gemini_generated_image_l71jnrl71jnrl71j.png 1024w, https:\/\/www.greenpeace.org\/static\/planet4-argentina-stateless\/2026\/04\/c4354e62-gemini_generated_image_l71jnrl71jnrl71j-300x300.png 300w, https:\/\/www.greenpeace.org\/static\/planet4-argentina-stateless\/2026\/04\/c4354e62-gemini_generated_image_l71jnrl71jnrl71j-150x150.png 150w, https:\/\/www.greenpeace.org\/static\/planet4-argentina-stateless\/2026\/04\/c4354e62-gemini_generated_image_l71jnrl71jnrl71j-768x768.png 768w, https:\/\/www.greenpeace.org\/static\/planet4-argentina-stateless\/2026\/04\/c4354e62-gemini_generated_image_l71jnrl71jnrl71j-340x340.png 340w\" sizes=\"auto, (max-width: 1024px) 100vw, 1024px\" data-image-size=\"post-thumbnail\" data-stateless-media-bucket=\"planet4-argentina-stateless\" data-stateless-media-name=\"2026\/04\/c4354e62-gemini_generated_image_l71jnrl71jnrl71j.png\" \/><\/a><\/figure>\n\n\n<div class=\"wp-block-group is-layout-flow wp-block-group-is-layout-flow\">\n                <div class=\"wp-block-group is-layout-flex wp-block-group-is-layout-flex\"><div class=\"wp-block-post-terms\"><a href=\"https:\/\/www.greenpeace.org\/argentina\/category\/problemas\/climayenergia\/\">Clima y Energ\u00eda<\/a><\/div>\n                <div class=\"taxonomy-post_tag wp-block-post-terms\"><a href=\"https:\/\/www.greenpeace.org\/argentina\/tag\/glaciares\/\" rel=\"tag\">SalvemosLosGlaciares<\/a><\/div>\n                \n                <\/div>\n                \n\n<h3 class=\"wp-block-post-title\"><a href=\"https:\/\/www.greenpeace.org\/argentina\/story\/problemas\/climayenergia\/en-12-horas-la-demanda-colectiva-contra-la-reforma-de-la-ley-de-glaciares-sumo-mas-de-300-mil-adhesiones\/\" target=\"_self\" >En 12 horas, la demanda colectiva contra la reforma de la Ley de Glaciares sum\u00f3 m\u00e1s de 300 mil adhesiones<\/a><\/h3>\n\n<div class=\"wp-block-post-excerpt\"><p class=\"wp-block-post-excerpt__excerpt\">La demanda colectiva que impulsan las organizaciones de la sociedad civil alcanz\u00f3 un n\u00famero r\u00e9cord de adhesiones, superando todas las expectativas <\/p><\/div>\n\n\n<div class=\"wp-block-group posts-list-meta is-layout-flow wp-block-group-is-layout-flow\"><span class='article-list-item-author'><a href='https:\/\/www.greenpeace.org\/argentina\/author\/prensaarg\/'>Prensa Argentina<\/a><\/span>\n\n<div class=\"wp-block-post-date\"><time datetime=\"2026-04-09T18:36:34-03:00\">9 abril 2026<\/time><\/div><\/div>\n<\/div>\n<\/div>\n\n<\/li><li class=\"wp-block-post post-33477 post type-post status-publish format-standard has-post-thumbnail hentry category-greenpeace p4-page-type-blog\">\n\n<div class=\"wp-block-columns is-layout-flex wp-container-core-columns-is-layout-9d6595d7 wp-block-columns-is-layout-flex\"><figure class=\"wp-block-post-featured-image\"><a href=\"https:\/\/www.greenpeace.org\/argentina\/blog\/greenpeace\/urgente-es-hora-de-defender-el-agua-en-la-justicia-se-parte-de-una-demanda-colectiva-mas-grande-de-la-historia\/\" target=\"_self\"  ><img loading=\"lazy\" decoding=\"async\" width=\"1376\" height=\"768\" src=\"https:\/\/www.greenpeace.org\/static\/planet4-argentina-stateless\/2026\/04\/e2bfefc6-gemini_generated_image_ntjyl4ntjyl4ntjy.png\" class=\"attachment-post-thumbnail size-post-thumbnail wp-post-image wp-stateless-item\" alt=\"URGENTE! Es hora de defender el agua en la justicia. \u00a1S\u00e9 parte de la demanda colectiva m\u00e1s grande de la historia!\" style=\"object-fit:cover;\" srcset=\"https:\/\/www.greenpeace.org\/static\/planet4-argentina-stateless\/2026\/04\/e2bfefc6-gemini_generated_image_ntjyl4ntjyl4ntjy.png 1376w, https:\/\/www.greenpeace.org\/static\/planet4-argentina-stateless\/2026\/04\/e2bfefc6-gemini_generated_image_ntjyl4ntjyl4ntjy-300x167.png 300w, https:\/\/www.greenpeace.org\/static\/planet4-argentina-stateless\/2026\/04\/e2bfefc6-gemini_generated_image_ntjyl4ntjyl4ntjy-1024x572.png 1024w, https:\/\/www.greenpeace.org\/static\/planet4-argentina-stateless\/2026\/04\/e2bfefc6-gemini_generated_image_ntjyl4ntjyl4ntjy-768x429.png 768w, https:\/\/www.greenpeace.org\/static\/planet4-argentina-stateless\/2026\/04\/e2bfefc6-gemini_generated_image_ntjyl4ntjyl4ntjy-510x285.png 510w\" sizes=\"auto, (max-width: 1376px) 100vw, 1376px\" data-image-size=\"post-thumbnail\" data-stateless-media-bucket=\"planet4-argentina-stateless\" data-stateless-media-name=\"2026\/04\/e2bfefc6-gemini_generated_image_ntjyl4ntjyl4ntjy.png\" \/><\/a><\/figure>\n\n\n<div class=\"wp-block-group is-layout-flow wp-block-group-is-layout-flow\">\n                <div class=\"wp-block-group is-layout-flex wp-block-group-is-layout-flex\"><div class=\"wp-block-post-terms\"><a href=\"https:\/\/www.greenpeace.org\/argentina\/category\/greenpeace\/\">Greenpeace<\/a><\/div>\n                \n                \n                <\/div>\n                \n\n<h3 class=\"wp-block-post-title\"><a href=\"https:\/\/www.greenpeace.org\/argentina\/blog\/greenpeace\/urgente-es-hora-de-defender-el-agua-en-la-justicia-se-parte-de-una-demanda-colectiva-mas-grande-de-la-historia\/\" target=\"_self\" >URGENTE! Es hora de defender el agua en la justicia. \u00a1S\u00e9 parte de la demanda colectiva m\u00e1s grande de la historia!<\/a><\/h3>\n\n<div class=\"wp-block-post-excerpt\"><p class=\"wp-block-post-excerpt__excerpt\">Lanzamos la convocatoria a la demanda colectiva m\u00e1s grande de la historia para defender el agua <\/p><\/div>\n\n\n<div class=\"wp-block-group posts-list-meta is-layout-flow wp-block-group-is-layout-flow\"><span class='article-list-item-author'><a href='https:\/\/www.greenpeace.org\/argentina\/author\/lcolombo\/'>Laura Colombo<\/a><\/span>\n\n<div class=\"wp-block-post-date\"><time datetime=\"2026-04-09T15:01:13-03:00\">9 abril 2026<\/time><\/div><\/div>\n<\/div>\n<\/div>\n\n<\/li><li class=\"wp-block-post post-33458 post type-post status-publish format-standard has-post-thumbnail hentry category-climayenergia tag-glaciares p4-page-type-story\">\n\n<div class=\"wp-block-columns is-layout-flex wp-container-core-columns-is-layout-9d6595d7 wp-block-columns-is-layout-flex\"><figure class=\"wp-block-post-featured-image\"><a href=\"https:\/\/www.greenpeace.org\/argentina\/story\/problemas\/climayenergia\/reforma-a-la-ley-de-glaciares-convocan-a-la-demanda-colectiva-mas-grande-de-la-historia\/\" target=\"_self\"  ><img loading=\"lazy\" decoding=\"async\" width=\"977\" height=\"569\" src=\"https:\/\/www.greenpeace.org\/static\/planet4-argentina-stateless\/2026\/04\/eccf449d-box3.png\" class=\"attachment-post-thumbnail size-post-thumbnail wp-post-image wp-stateless-item\" alt=\"Reforma a la Ley de Glaciares: convocan a la demanda colectiva m\u00e1s grande de la historia\" style=\"object-fit:cover;\" srcset=\"https:\/\/www.greenpeace.org\/static\/planet4-argentina-stateless\/2026\/04\/eccf449d-box3.png 977w, https:\/\/www.greenpeace.org\/static\/planet4-argentina-stateless\/2026\/04\/eccf449d-box3-300x175.png 300w, https:\/\/www.greenpeace.org\/static\/planet4-argentina-stateless\/2026\/04\/eccf449d-box3-768x447.png 768w, https:\/\/www.greenpeace.org\/static\/planet4-argentina-stateless\/2026\/04\/eccf449d-box3-510x297.png 510w\" sizes=\"auto, (max-width: 977px) 100vw, 977px\" data-image-size=\"post-thumbnail\" data-stateless-media-bucket=\"planet4-argentina-stateless\" data-stateless-media-name=\"2026\/04\/eccf449d-box3.png\" \/><\/a><\/figure>\n\n\n<div class=\"wp-block-group is-layout-flow wp-block-group-is-layout-flow\">\n                <div class=\"wp-block-group is-layout-flex wp-block-group-is-layout-flex\"><div class=\"wp-block-post-terms\"><a href=\"https:\/\/www.greenpeace.org\/argentina\/category\/problemas\/climayenergia\/\">Clima y Energ\u00eda<\/a><\/div>\n                <div class=\"taxonomy-post_tag wp-block-post-terms\"><a href=\"https:\/\/www.greenpeace.org\/argentina\/tag\/glaciares\/\" rel=\"tag\">SalvemosLosGlaciares<\/a><\/div>\n                \n                <\/div>\n                \n\n<h3 class=\"wp-block-post-title\"><a href=\"https:\/\/www.greenpeace.org\/argentina\/story\/problemas\/climayenergia\/reforma-a-la-ley-de-glaciares-convocan-a-la-demanda-colectiva-mas-grande-de-la-historia\/\" target=\"_self\" >Reforma a la Ley de Glaciares: convocan a la demanda colectiva m\u00e1s grande de la historia<\/a><\/h3>\n\n<div class=\"wp-block-post-excerpt\"><p class=\"wp-block-post-excerpt__excerpt\">La ciudadan\u00eda puede acceder a www.demandacolectivaglaciares.org y ser parte de la acci\u00f3n legal colectiva m\u00e1s grande en defensa del agua en la historia del pa\u00eds. <\/p><\/div>\n\n\n<div class=\"wp-block-group posts-list-meta is-layout-flow wp-block-group-is-layout-flow\"><span class='article-list-item-author'><a href='https:\/\/www.greenpeace.org\/argentina\/author\/prensaarg\/'>Prensa Argentina<\/a><\/span>\n\n<div class=\"wp-block-post-date\"><time datetime=\"2026-04-09T08:28:15-03:00\">9 abril 2026<\/time><\/div><\/div>\n<\/div>\n<\/div>\n\n<\/li><\/ul>\n\n\n<div class=\"wp-block-buttons carousel-controls is-horizontal is-content-justification-space-between is-nowrap is-layout-flex wp-container-core-buttons-is-layout-044bd602 wp-block-buttons-is-layout-flex\">\n<div class=\"wp-block-button carousel-control-prev\"><button type=\"button\" class=\"wp-block-button__link wp-element-button\">Prev<\/button><\/div>\n\n\n\n<div class=\"wp-block-button carousel-control-next\"><button type=\"button\" class=\"wp-block-button__link wp-element-button\">Next<\/button><\/div>\n<\/div>\n\n\n<li class=\" wp-block-navigation-item see-all-link wp-block-navigation-link\"><a class=\"wp-block-navigation-item__content\"  href=\"http:\/\/www.greenpeace.org\/argentina\/news-stories\/?post-type=blog\"><span class=\"wp-block-navigation-item__label\">See all posts<\/span><\/a><\/li><\/div>\n\n\n\n\n<div class=\"wp-block-group alignfull block has-white-background-color has-background is-layout-flow wp-block-group-is-layout-flow\"><\/div>\n\n<\/div>\n\n\n<p><\/p>\n","protected":false},"excerpt":{"rendered":"<p>Defender la naturaleza y la ecolog\u00eda pac\u00edficamente no puede ser castigado. Unamos nuestras voces para exigir que se respete el derecho a denunciar los abusos, a proteger la naturaleza y a construir un futuro justo para todos.<\/p>\n","protected":false},"author":21,"featured_media":28745,"parent":0,"menu_order":0,"comment_status":"closed","ping_status":"closed","template":"","meta":{"ep_exclude_from_search":false,"p4_hide_page_title_checkbox":"on","p4_title":"","p4_subtitle":"","p4_description":"","background_image_id":"","background_image":"","p4_button_title":"","p4_button_link":"","p4_button_link_checkbox":"","p4_og_title":" NO NOS VAN A SILENCIAR. Es tiempo de resistir.","p4_og_description":"Defender la naturaleza y la ecolog\u00eda pac\u00edficamente no puede ser castigado. Unamos nuestras voces para exigir que se respete el derecho a denunciar los abusos, a proteger la naturaleza y a construir un futuro justo para todos.\n","p4_og_image":"https:\/\/www.greenpeace.org\/static\/planet4-argentina-stateless\/2025\/05\/d175d780-momento-de-resistir.jpeg","p4_og_image_id":"28745","p4_seo_canonical_url":"","p4_campaign_name":"","p4_local_project":"","p4_basket_name":"","p4_department":"","footnotes":""},"categories":[37],"tags":[67],"class_list":["post-28740","page","type-page","status-publish","has-post-thumbnail","hentry","category-greenpeace","tag-cambio-climatico"],"_links":{"self":[{"href":"https:\/\/www.greenpeace.org\/argentina\/wp-json\/wp\/v2\/pages\/28740","targetHints":{"allow":["GET"]}}],"collection":[{"href":"https:\/\/www.greenpeace.org\/argentina\/wp-json\/wp\/v2\/pages"}],"about":[{"href":"https:\/\/www.greenpeace.org\/argentina\/wp-json\/wp\/v2\/types\/page"}],"author":[{"embeddable":true,"href":"https:\/\/www.greenpeace.org\/argentina\/wp-json\/wp\/v2\/users\/21"}],"replies":[{"embeddable":true,"href":"https:\/\/www.greenpeace.org\/argentina\/wp-json\/wp\/v2\/comments?post=28740"}],"version-history":[{"count":14,"href":"https:\/\/www.greenpeace.org\/argentina\/wp-json\/wp\/v2\/pages\/28740\/revisions"}],"predecessor-version":[{"id":31766,"href":"https:\/\/www.greenpeace.org\/argentina\/wp-json\/wp\/v2\/pages\/28740\/revisions\/31766"}],"wp:featuredmedia":[{"embeddable":true,"href":"https:\/\/www.greenpeace.org\/argentina\/wp-json\/wp\/v2\/media\/28745"}],"wp:attachment":[{"href":"https:\/\/www.greenpeace.org\/argentina\/wp-json\/wp\/v2\/media?parent=28740"}],"wp:term":[{"taxonomy":"category","embeddable":true,"href":"https:\/\/www.greenpeace.org\/argentina\/wp-json\/wp\/v2\/categories?post=28740"},{"taxonomy":"post_tag","embeddable":true,"href":"https:\/\/www.greenpeace.org\/argentina\/wp-json\/wp\/v2\/tags?post=28740"}],"curies":[{"name":"wp","href":"https:\/\/api.w.org\/{rel}","templated":true}]}}