{"id":1832,"date":"2019-02-15T12:06:35","date_gmt":"2019-02-15T11:06:35","guid":{"rendered":"https:\/\/www.greenpeace.org\/belgium\/?page_id=1832"},"modified":"2025-11-19T17:59:12","modified_gmt":"2025-11-19T16:59:12","slug":"communiques-de-presse","status":"publish","type":"page","link":"https:\/\/www.greenpeace.org\/belgium\/fr\/a-la-une\/communiques-de-presse\/","title":{"rendered":"Communiqu\u00e9s de presse"},"content":{"rendered":"\n<div style=\"height:50px\" aria-hidden=\"true\" class=\"wp-block-spacer\"><\/div>\n\n<div class=\"wp-block-group is-nowrap is-layout-flex wp-container-core-group-is-layout-ad2f72ca wp-block-group-is-layout-flex\">\n<h2 class=\"wp-block-heading\"><\/h2>\n\n\n\n<figure class=\"wp-block-image alignleft size-full is-resized\"><img loading=\"lazy\" decoding=\"async\" width=\"512\" height=\"512\" src=\"https:\/\/www.greenpeace.org\/static\/planet4-belgium-stateless\/2023\/09\/94b62f90-greenpeace-belgique-communiques-de-presse-pictogramme.png\" alt=\"\" class=\"wp-image-53735\" style=\"width:55px;height:55px\" srcset=\"https:\/\/www.greenpeace.org\/static\/planet4-belgium-stateless\/2023\/09\/94b62f90-greenpeace-belgique-communiques-de-presse-pictogramme.png 512w, https:\/\/www.greenpeace.org\/static\/planet4-belgium-stateless\/2023\/09\/94b62f90-greenpeace-belgique-communiques-de-presse-pictogramme-300x300.png 300w, https:\/\/www.greenpeace.org\/static\/planet4-belgium-stateless\/2023\/09\/94b62f90-greenpeace-belgique-communiques-de-presse-pictogramme-150x150.png 150w, https:\/\/www.greenpeace.org\/static\/planet4-belgium-stateless\/2023\/09\/94b62f90-greenpeace-belgique-communiques-de-presse-pictogramme-340x340.png 340w\" sizes=\"auto, (max-width: 512px) 100vw, 512px\" \/><\/figure>\n\n\n\n<h2 class=\"wp-block-heading\"><mark style=\"background-color:#ffe100\" class=\"has-inline-color\">COMMUNIQU\u00c9S DE PRESSE<\/mark><\/h2>\n<\/div>\n\n<p>Cette rubrique reprend nos communiqu\u00e9s de presse les plus r\u00e9cents.<\/p>\n\n<div class=\"wp-block-query posts-list p4-query-loop is-custom-layout-grid is-layout-grid wp-container-core-query-is-layout-b8bb0bd1 wp-block-query-is-layout-grid\">\n<div class=\"wp-block-group is-content-justification-space-between is-layout-flex wp-container-core-group-is-layout-3d213aab wp-block-group-is-layout-flex\">\n<h2 class=\"wp-block-heading\"><\/h2>\n\n\n<li class=\" wp-block-navigation-item see-all-link wp-block-navigation-link\"><a class=\"wp-block-navigation-item__content\"  href=\"http:\/\/www.greenpeace.org\/belgium\/fr\/a-la-une\/?post-type=communique-de-presse\"><span class=\"wp-block-navigation-item__label\">See all stories<\/span><\/a><\/li><\/div>\n\n\n\n<p style=\"margin-top:24px;margin-bottom:36px\"><\/p>\n\n\n\n\n<ul class=\"wp-block-post-template is-layout-flow wp-block-post-template-is-layout-flow\"><li class=\"wp-block-post post-81201 post type-post status-publish format-standard has-post-thumbnail hentry category-a-la-une category-actualites category-presse tag-paix p4-page-type-communique-de-presse\">\n\n<div class=\"wp-block-columns is-layout-flex wp-container-core-columns-is-layout-9d6595d7 wp-block-columns-is-layout-flex\"><figure class=\"wp-block-post-featured-image\"><a href=\"https:\/\/www.greenpeace.org\/belgium\/fr\/communique-de-presse\/81201\/israel-arraisonne-la-flottille-global-sumud-dans-les-eaux-internationales-manifestations-a-bruxelles-gand-et-anvers\/\" target=\"_self\"  ><img loading=\"lazy\" decoding=\"async\" width=\"1200\" height=\"800\" src=\"https:\/\/www.greenpeace.org\/static\/planet4-belgium-stateless\/2026\/04\/0098a12a-as-flotilla.jpg\" class=\"attachment-post-thumbnail size-post-thumbnail wp-post-image wp-stateless-item\" alt=\"Isra\u00ebl arraisonne la flottille Global Sumud dans les eaux internationales : manifestations \u00e0 Bruxelles, Gand et Anvers\" style=\"object-fit:cover;\" srcset=\"https:\/\/www.greenpeace.org\/static\/planet4-belgium-stateless\/2026\/04\/0098a12a-as-flotilla.jpg 1200w, https:\/\/www.greenpeace.org\/static\/planet4-belgium-stateless\/2026\/04\/0098a12a-as-flotilla-300x200.jpg 300w, https:\/\/www.greenpeace.org\/static\/planet4-belgium-stateless\/2026\/04\/0098a12a-as-flotilla-1024x683.jpg 1024w, https:\/\/www.greenpeace.org\/static\/planet4-belgium-stateless\/2026\/04\/0098a12a-as-flotilla-768x512.jpg 768w, https:\/\/www.greenpeace.org\/static\/planet4-belgium-stateless\/2026\/04\/0098a12a-as-flotilla-510x340.jpg 510w\" sizes=\"auto, (max-width: 1200px) 100vw, 1200px\" data-image-size=\"post-thumbnail\" data-stateless-media-bucket=\"planet4-belgium-stateless\" data-stateless-media-name=\"2026\/04\/0098a12a-as-flotilla.jpg\" \/><\/a><\/figure>\n\n\n<div class=\"wp-block-group is-layout-flow wp-block-group-is-layout-flow\">\n<div class=\"wp-block-group is-layout-flow wp-block-group-is-layout-flow\"><div class=\"wp-block-post-terms\"><a href=\"https:\/\/www.greenpeace.org\/belgium\/fr\/category\/a-la-une\/\">\u00c0 la une<\/a><\/div>\n\n<div class=\"taxonomy-post_tag wp-block-post-terms\"><a href=\"https:\/\/www.greenpeace.org\/belgium\/fr\/tag\/paix\/\" rel=\"tag\">Paix<\/a><\/div><\/div>\n\n\n<h3 class=\"wp-block-post-title\"><a href=\"https:\/\/www.greenpeace.org\/belgium\/fr\/communique-de-presse\/81201\/israel-arraisonne-la-flottille-global-sumud-dans-les-eaux-internationales-manifestations-a-bruxelles-gand-et-anvers\/\" target=\"_self\" >Isra\u00ebl arraisonne la flottille Global Sumud dans les eaux internationales : manifestations \u00e0 Bruxelles, Gand et Anvers<\/a><\/h3>\n\n<div class=\"wp-block-post-excerpt\"><p class=\"wp-block-post-excerpt__excerpt\">\u00c0 des centaines de kilom\u00e8tres au large des c\u00f4tes de Gaza, les forces arm\u00e9es isra\u00e9liennes ont intercept\u00e9 et arraisonn\u00e9 des navires de la flottille Global Sumud. Elles ont perturb\u00e9 les lignes de communication et enlev\u00e9 180 civils, dont des Belges. Il s&rsquo;agit l\u00e0 d&rsquo;un nouveau pr\u00e9c\u00e9dent de piraterie dans les eaux internationales. <\/p><\/div>\n\n\n<div class=\"wp-block-group posts-list-meta is-layout-flow wp-block-group-is-layout-flow\"><span class='article-list-item-author'><a href='https:\/\/www.greenpeace.org\/belgium\/fr\/author\/sjacobs\/'>Sarah Jacobs<\/a><\/span>\n\n<div class=\"wp-block-post-date\"><time datetime=\"2026-04-30T13:49:25+01:00\">30 avril 2026<\/time><\/div><\/div>\n<\/div>\n<\/div>\n\n<\/li><li class=\"wp-block-post post-81208 post type-post status-publish format-standard has-post-thumbnail hentry category-a-la-une category-actualites category-presse tag-energie p4-page-type-communique-de-presse\">\n\n<div class=\"wp-block-columns is-layout-flex wp-container-core-columns-is-layout-9d6595d7 wp-block-columns-is-layout-flex\"><figure class=\"wp-block-post-featured-image\"><a href=\"https:\/\/www.greenpeace.org\/belgium\/fr\/communique-de-presse\/81208\/letat-veut-investir-dans-les-vieilles-casseroles-nucleaires-dengie\/\" target=\"_self\"  ><img loading=\"lazy\" decoding=\"async\" width=\"800\" height=\"534\" src=\"https:\/\/www.greenpeace.org\/static\/planet4-belgium-stateless\/2026\/04\/c75f5505-gp0su854c_low-res-800px-1.jpg\" class=\"attachment-post-thumbnail size-post-thumbnail wp-post-image wp-stateless-item\" alt=\"L\u2019Etat veut investir dans les vieilles casseroles nucl\u00e9aires d&rsquo;Engie\" style=\"object-fit:cover;\" srcset=\"https:\/\/www.greenpeace.org\/static\/planet4-belgium-stateless\/2026\/04\/c75f5505-gp0su854c_low-res-800px-1.jpg 800w, https:\/\/www.greenpeace.org\/static\/planet4-belgium-stateless\/2026\/04\/c75f5505-gp0su854c_low-res-800px-1-300x200.jpg 300w, https:\/\/www.greenpeace.org\/static\/planet4-belgium-stateless\/2026\/04\/c75f5505-gp0su854c_low-res-800px-1-768x513.jpg 768w, https:\/\/www.greenpeace.org\/static\/planet4-belgium-stateless\/2026\/04\/c75f5505-gp0su854c_low-res-800px-1-510x340.jpg 510w\" sizes=\"auto, (max-width: 800px) 100vw, 800px\" data-image-size=\"post-thumbnail\" data-stateless-media-bucket=\"planet4-belgium-stateless\" data-stateless-media-name=\"2026\/04\/c75f5505-gp0su854c_low-res-800px-1.jpg\" \/><\/a><\/figure>\n\n\n<div class=\"wp-block-group is-layout-flow wp-block-group-is-layout-flow\">\n<div class=\"wp-block-group is-layout-flow wp-block-group-is-layout-flow\"><div class=\"wp-block-post-terms\"><a href=\"https:\/\/www.greenpeace.org\/belgium\/fr\/category\/a-la-une\/\">\u00c0 la une<\/a><\/div>\n\n<div class=\"taxonomy-post_tag wp-block-post-terms\"><a href=\"https:\/\/www.greenpeace.org\/belgium\/fr\/tag\/energie\/\" rel=\"tag\">\u00c9nergie<\/a><\/div><\/div>\n\n\n<h3 class=\"wp-block-post-title\"><a href=\"https:\/\/www.greenpeace.org\/belgium\/fr\/communique-de-presse\/81208\/letat-veut-investir-dans-les-vieilles-casseroles-nucleaires-dengie\/\" target=\"_self\" >L\u2019Etat veut investir dans les vieilles casseroles nucl\u00e9aires d&rsquo;Engie<\/a><\/h3>\n\n<div class=\"wp-block-post-excerpt\"><p class=\"wp-block-post-excerpt__excerpt\">Les associations environnementales belges s\u2019offusquent de l\u2019annonce inattendue et sid\u00e9rante du lancement de n\u00e9gociations entre le gouvernement f\u00e9d\u00e9ral et Engie en vue de nationaliser les anciennes centrales nucl\u00e9aires. Une d\u00e9cision qui constitue une mauvaise nouvelle \u00e0 la fois pour la transition \u00e9nerg\u00e9tique, le climat, mais aussi pour le contribuable. <\/p><\/div>\n\n\n<div class=\"wp-block-group posts-list-meta is-layout-flow wp-block-group-is-layout-flow\"><span class='article-list-item-author'><a href='https:\/\/www.greenpeace.org\/belgium\/fr\/author\/webmaster\/'>Greenpeace Belgium<\/a><\/span>\n\n<div class=\"wp-block-post-date\"><time datetime=\"2026-04-30T11:01:00+01:00\">30 avril 2026<\/time><\/div><\/div>\n<\/div>\n<\/div>\n\n<\/li><li class=\"wp-block-post post-62492 post type-post status-publish format-standard has-post-thumbnail hentry category-a-la-une category-presse tag-plastique p4-page-type-communique-de-presse\">\n\n<div class=\"wp-block-columns is-layout-flex wp-container-core-columns-is-layout-9d6595d7 wp-block-columns-is-layout-flex\"><figure class=\"wp-block-post-featured-image\"><a href=\"https:\/\/www.greenpeace.org\/belgium\/fr\/communique-de-presse\/62492\/ineos-jugement-sur-le-plus-grand-site-de-production-de-plastique-en-europe-est-imminent-apres-audience\/\" target=\"_self\"  ><img loading=\"lazy\" decoding=\"async\" width=\"999\" height=\"663\" src=\"https:\/\/www.greenpeace.org\/static\/planet4-belgium-stateless\/2020\/09\/957072c1-ineos.jpg\" class=\"attachment-post-thumbnail size-post-thumbnail wp-post-image wp-stateless-item\" alt=\"INEOS: Jugement sur le plus grand site de production de plastique en Europe est imminent apr\u00e8s audience\" style=\"object-fit:cover;\" srcset=\"https:\/\/www.greenpeace.org\/static\/planet4-belgium-stateless\/2020\/09\/957072c1-ineos.jpg 999w, https:\/\/www.greenpeace.org\/static\/planet4-belgium-stateless\/2020\/09\/957072c1-ineos-300x199.jpg 300w, https:\/\/www.greenpeace.org\/static\/planet4-belgium-stateless\/2020\/09\/957072c1-ineos-768x510.jpg 768w, https:\/\/www.greenpeace.org\/static\/planet4-belgium-stateless\/2020\/09\/957072c1-ineos-510x338.jpg 510w\" sizes=\"auto, (max-width: 999px) 100vw, 999px\" data-image-size=\"post-thumbnail\" data-stateless-media-bucket=\"planet4-belgium-stateless\" data-stateless-media-name=\"2020\/09\/957072c1-ineos.jpg\" \/><\/a><\/figure>\n\n\n<div class=\"wp-block-group is-layout-flow wp-block-group-is-layout-flow\">\n<div class=\"wp-block-group is-layout-flow wp-block-group-is-layout-flow\"><div class=\"wp-block-post-terms\"><a href=\"https:\/\/www.greenpeace.org\/belgium\/fr\/category\/a-la-une\/\">\u00c0 la une<\/a><\/div>\n\n<div class=\"taxonomy-post_tag wp-block-post-terms\"><a href=\"https:\/\/www.greenpeace.org\/belgium\/fr\/tag\/plastique\/\" rel=\"tag\">Plastique<\/a><\/div><\/div>\n\n\n<h3 class=\"wp-block-post-title\"><a href=\"https:\/\/www.greenpeace.org\/belgium\/fr\/communique-de-presse\/62492\/ineos-jugement-sur-le-plus-grand-site-de-production-de-plastique-en-europe-est-imminent-apres-audience\/\" target=\"_self\" >INEOS: Jugement sur le plus grand site de production de plastique en Europe est imminent apr\u00e8s audience<\/a><\/h3>\n\n<div class=\"wp-block-post-excerpt\"><p class=\"wp-block-post-excerpt__excerpt\">Une d\u00e9cision concernant ce qui pourrait devenir le plus grand site de production de plastique d&rsquo;Europe, dans le port d&rsquo;Anvers, est attendue dans les deux prochains mois, suite \u00e0 l&rsquo;audience de hier devant le Conseil flamand des litiges relatifs aux permis (Raad voor Vergunningsbetwistingen). <\/p><\/div>\n\n\n<div class=\"wp-block-group posts-list-meta is-layout-flow wp-block-group-is-layout-flow\"><span class='article-list-item-author'><a href='https:\/\/www.greenpeace.org\/belgium\/fr\/author\/sjacobs\/'>Sarah Jacobs<\/a><\/span>\n\n<div class=\"wp-block-post-date\"><time datetime=\"2026-04-24T09:08:20+01:00\">24 avril 2026<\/time><\/div><\/div>\n<\/div>\n<\/div>\n\n<\/li><li class=\"wp-block-post post-62484 post type-post status-publish format-standard has-post-thumbnail hentry category-oceans category-presse tag-oceans p4-page-type-communique-de-presse\">\n\n<div class=\"wp-block-columns is-layout-flex wp-container-core-columns-is-layout-9d6595d7 wp-block-columns-is-layout-flex\"><figure class=\"wp-block-post-featured-image\"><a href=\"https:\/\/www.greenpeace.org\/belgium\/fr\/communique-de-presse\/62484\/greenpeace-mene-une-action-pour-denoncer-lhypocrisie-de-deme-lors-de-la-visite-du-roi\/\" target=\"_self\"  ><img loading=\"lazy\" decoding=\"async\" width=\"2560\" height=\"1921\" src=\"https:\/\/www.greenpeace.org\/static\/planet4-belgium-stateless\/2026\/04\/466f5686-dscf4445-kopie-scaled.jpg\" class=\"attachment-post-thumbnail size-post-thumbnail wp-post-image wp-stateless-item\" alt=\"Greenpeace m\u00e8ne une action pour d\u00e9noncer l\u2019hypocrisie de DEME lors de la visite du roi\" style=\"object-fit:cover;\" srcset=\"https:\/\/www.greenpeace.org\/static\/planet4-belgium-stateless\/2026\/04\/466f5686-dscf4445-kopie-scaled.jpg 2560w, https:\/\/www.greenpeace.org\/static\/planet4-belgium-stateless\/2026\/04\/466f5686-dscf4445-kopie-300x225.jpg 300w, https:\/\/www.greenpeace.org\/static\/planet4-belgium-stateless\/2026\/04\/466f5686-dscf4445-kopie-1024x769.jpg 1024w, https:\/\/www.greenpeace.org\/static\/planet4-belgium-stateless\/2026\/04\/466f5686-dscf4445-kopie-768x576.jpg 768w, https:\/\/www.greenpeace.org\/static\/planet4-belgium-stateless\/2026\/04\/466f5686-dscf4445-kopie-1536x1153.jpg 1536w, https:\/\/www.greenpeace.org\/static\/planet4-belgium-stateless\/2026\/04\/466f5686-dscf4445-kopie-2048x1537.jpg 2048w, https:\/\/www.greenpeace.org\/static\/planet4-belgium-stateless\/2026\/04\/466f5686-dscf4445-kopie-1820x1366.jpg 1820w, https:\/\/www.greenpeace.org\/static\/planet4-belgium-stateless\/2026\/04\/466f5686-dscf4445-kopie-453x340.jpg 453w\" sizes=\"auto, (max-width: 2560px) 100vw, 2560px\" data-image-size=\"post-thumbnail\" data-stateless-media-bucket=\"planet4-belgium-stateless\" data-stateless-media-name=\"2026\/04\/466f5686-dscf4445-kopie-scaled.jpg\" \/><\/a><\/figure>\n\n\n<div class=\"wp-block-group is-layout-flow wp-block-group-is-layout-flow\">\n<div class=\"wp-block-group is-layout-flow wp-block-group-is-layout-flow\"><div class=\"wp-block-post-terms\"><a href=\"https:\/\/www.greenpeace.org\/belgium\/fr\/category\/campagnes\/biodiversite\/oceans\/\">Oc\u00e9ans<\/a><\/div>\n\n<div class=\"taxonomy-post_tag wp-block-post-terms\"><a href=\"https:\/\/www.greenpeace.org\/belgium\/fr\/tag\/oceans\/\" rel=\"tag\">Oc\u00e9ans<\/a><\/div><\/div>\n\n\n<h3 class=\"wp-block-post-title\"><a href=\"https:\/\/www.greenpeace.org\/belgium\/fr\/communique-de-presse\/62484\/greenpeace-mene-une-action-pour-denoncer-lhypocrisie-de-deme-lors-de-la-visite-du-roi\/\" target=\"_self\" >Greenpeace m\u00e8ne une action pour d\u00e9noncer l\u2019hypocrisie de DEME lors de la visite du roi<\/a><\/h3>\n\n<div class=\"wp-block-post-excerpt\"><p class=\"wp-block-post-excerpt__excerpt\">Cinq militants de Greenpeace ont men\u00e9 une action contre l&#8217;exploitation mini\u00e8re en eaux profondes lors de la visite du roi Philippe dans un site de DEME \u00e0 Farciennes, pr\u00e8s de&hellip; <\/p><\/div>\n\n\n<div class=\"wp-block-group posts-list-meta is-layout-flow wp-block-group-is-layout-flow\"><span class='article-list-item-author'><a href='https:\/\/www.greenpeace.org\/belgium\/fr\/author\/webmaster\/'>Greenpeace Belgium<\/a><\/span>\n\n<div class=\"wp-block-post-date\"><time datetime=\"2026-04-21T16:30:27+01:00\">21 avril 2026<\/time><\/div><\/div>\n<\/div>\n<\/div>\n\n<\/li><\/ul>\n\n\n<div class=\"wp-block-buttons carousel-controls is-horizontal is-content-justification-space-between is-nowrap is-layout-flex wp-container-core-buttons-is-layout-044bd602 wp-block-buttons-is-layout-flex\">\n<div class=\"wp-block-button carousel-control-prev\"><button type=\"button\" class=\"wp-block-button__link wp-element-button\">Prev<\/button><\/div>\n\n\n\n<div class=\"wp-block-button carousel-control-next\"><button type=\"button\" class=\"wp-block-button__link wp-element-button\">Next<\/button><\/div>\n<\/div>\n\n\n<li class=\" wp-block-navigation-item see-all-link wp-block-navigation-link\"><a class=\"wp-block-navigation-item__content\"  href=\"http:\/\/www.greenpeace.org\/belgium\/fr\/a-la-une\/?post-type=communique-de-presse\"><span class=\"wp-block-navigation-item__label\">Voir tous les communiqu\u00e9s de presse<\/span><\/a><\/li><\/div>\n\n<p><\/p>\n<div data-render=\"planet4-blocks\/columns\" data-attributes=\"{&quot;attributes&quot;:{&quot;columns&quot;:[{&quot;title&quot;:&quot;Contact &quot;,&quot;description&quot;:&quot;Vous \\u00eates journaliste et vous avez une question sur Greenpeace ou sur l&#039;une de nos campagnes ? Contactez nos attach\\u00e9\\u00b7es de presse Sarah Jacobs et Antoine Collard au +32 496 26 31 91. Ou envoyez un email \\u00e0 bpress@greenpeace.org&quot;,&quot;cta_text&quot;:&quot;&quot;,&quot;cta_link&quot;:&quot;bpress@greenpeace.org&quot;,&quot;link_new_tab&quot;:false},{&quot;title&quot;:&quot;Photos et vid\\u00e9os&quot;,&quot;description&quot;:&quot;Dans la m\\u00e9diath\\u00e8que de Greenpeace, vous trouverez des milliers de photos et vid\\u00e9os sur nos campagnes et nos actions. Vous pouvez facilement cr\\u00e9er un compte gratuit et t\\u00e9l\\u00e9charger les images imm\\u00e9diatement. Besoin d&#039;aide ? Envoyez un email \\u00e0 bpress@greenpeace.org.&quot;,&quot;cta_text&quot;:&quot;Voir la m\\u00e9diath\\u00e8que Greenpeace&quot;,&quot;cta_link&quot;:&quot;https:\\\/\\\/media.greenpeace.org\\\/&quot;,&quot;link_new_tab&quot;:false}],&quot;className&quot;:&quot;is-style-no_image&quot;,&quot;columns_block_style&quot;:&quot;no_image&quot;}}\"><\/div>\n<div style=\"height:100px\" aria-hidden=\"true\" class=\"wp-block-spacer\"><\/div>\n<div data-render=\"planet4-blocks\/happypoint\" data-attributes=\"{&quot;attributes&quot;:{&quot;focus_image&quot;:&quot;0% 0%&quot;,&quot;opacity&quot;:100,&quot;iframe_url&quot;:&quot;&quot;,&quot;id&quot;:53578,&quot;override_default_content&quot;:true,&quot;local_content_provider&quot;:&quot;iframe_url&quot;}}\"><\/div>","protected":false},"excerpt":{"rendered":"<p>COMMUNIQU\u00c9S DE PRESSE Cette rubrique reprend nos communiqu\u00e9s de presse les plus r\u00e9cents.<\/p>\n","protected":false},"author":105,"featured_media":53735,"parent":15876,"menu_order":0,"comment_status":"closed","ping_status":"closed","template":"","meta":{"ep_exclude_from_search":false,"p4_hide_page_title_checkbox":"on","p4_title":"","p4_subtitle":"","p4_description":"","background_image_id":"","background_image":"","p4_button_title":"","p4_button_link":"","p4_button_link_checkbox":"","p4_og_title":"","p4_og_description":"","p4_og_image":"","p4_og_image_id":"","p4_seo_canonical_url":"","p4_campaign_name":"not set","p4_local_project":"not set","p4_basket_name":"not set","p4_department":"","footnotes":""},"categories":[152,151],"tags":[],"class_list":["post-1832","page","type-page","status-publish","has-post-thumbnail","hentry","category-a-la-une","category-presse"],"_links":{"self":[{"href":"https:\/\/www.greenpeace.org\/belgium\/fr\/wp-json\/wp\/v2\/pages\/1832","targetHints":{"allow":["GET"]}}],"collection":[{"href":"https:\/\/www.greenpeace.org\/belgium\/fr\/wp-json\/wp\/v2\/pages"}],"about":[{"href":"https:\/\/www.greenpeace.org\/belgium\/fr\/wp-json\/wp\/v2\/types\/page"}],"author":[{"embeddable":true,"href":"https:\/\/www.greenpeace.org\/belgium\/fr\/wp-json\/wp\/v2\/users\/105"}],"replies":[{"embeddable":true,"href":"https:\/\/www.greenpeace.org\/belgium\/fr\/wp-json\/wp\/v2\/comments?post=1832"}],"version-history":[{"count":20,"href":"https:\/\/www.greenpeace.org\/belgium\/fr\/wp-json\/wp\/v2\/pages\/1832\/revisions"}],"predecessor-version":[{"id":61540,"href":"https:\/\/www.greenpeace.org\/belgium\/fr\/wp-json\/wp\/v2\/pages\/1832\/revisions\/61540"}],"up":[{"embeddable":true,"href":"https:\/\/www.greenpeace.org\/belgium\/fr\/wp-json\/wp\/v2\/pages\/15876"}],"wp:featuredmedia":[{"embeddable":true,"href":"https:\/\/www.greenpeace.org\/belgium\/fr\/wp-json\/wp\/v2\/media\/53735"}],"wp:attachment":[{"href":"https:\/\/www.greenpeace.org\/belgium\/fr\/wp-json\/wp\/v2\/media?parent=1832"}],"wp:term":[{"taxonomy":"category","embeddable":true,"href":"https:\/\/www.greenpeace.org\/belgium\/fr\/wp-json\/wp\/v2\/categories?post=1832"},{"taxonomy":"post_tag","embeddable":true,"href":"https:\/\/www.greenpeace.org\/belgium\/fr\/wp-json\/wp\/v2\/tags?post=1832"}],"curies":[{"name":"wp","href":"https:\/\/api.w.org\/{rel}","templated":true}]}}