{"id":52927,"date":"2023-06-22T14:19:39","date_gmt":"2023-06-22T13:19:39","guid":{"rendered":"https:\/\/www.greenpeace.org\/belgium\/?page_id=52927"},"modified":"2025-09-23T10:52:47","modified_gmt":"2025-09-23T09:52:47","slug":"calendrier-fruits-et-legumes-de-saison-en-belgique","status":"publish","type":"page","link":"https:\/\/www.greenpeace.org\/belgium\/fr\/calendrier-fruits-et-legumes-de-saison-en-belgique\/","title":{"rendered":"Calendrier des fruits et l\u00e9gumes de saison en Belgique"},"content":{"rendered":"\n                    <div class=\"wp-block-group is-vertical is-layout-flex wp-container-core-group-is-layout-8cf370e7 wp-block-group-is-layout-flex\">\n                    \n                                <p>T\u00e9l\u00e9chargez d\u00e8s maintenant le guide pratique sur les fruits et l\u00e9gumes de saison en Belgique, avec une liste d\u00e9taill\u00e9e des produits selon les saisons et les meilleures adresses pour des achats locaux et durables. Greenpeace vous accompagne dans votre d\u00e9marche pour une alimentation respectueuse de l&rsquo;environnement. T\u00e9l\u00e9chargez le guide d\u00e8s maintenant et faites le premier pas vers une consommation en harmonie avec les saisons.<\/p>\n                            \n\n                    \n                            <div class=\"wp-block-buttons is-layout-flex wp-block-buttons-is-layout-flex\">\n                            <div class=\"wp-block-button\">\n                                <a class=\"wp-block-button__link wp-element-button\" href=\"https:\/\/act.greenpeace.org\/page\/122758\/data\/1?locale=fr-BE\" target=\"_blank\" rel=\"noreferrer noopener\">\n                                    Je t\u00e9l\u00e9charge\n                                <\/a>\n                            <\/div>\n                            <\/div>\n                            \n                    <\/div>\n                    \n<div style=\"height:59px\" aria-hidden=\"true\" class=\"wp-block-spacer\"><\/div>\n\n    <div class=\"wp-block-query posts-list p4-query-loop is-custom-layout-list is-layout-flow wp-block-query-is-layout-flow\">\n        <div class=\"wp-block-group is-content-justification-space-between is-layout-flex wp-container-core-group-is-layout-3d213aab wp-block-group-is-layout-flex\"><h2 class=\"wp-block-heading\">En savoir plus<\/h2>\n        <li class=\" wp-block-navigation-item see-all-link wp-block-navigation-link\"><a class=\"wp-block-navigation-item__content\"  href=\"http:\/\/www.greenpeace.org\/belgium\/fr\/a-la-une\/?tag=agriculture\"><span class=\"wp-block-navigation-item__label\">See all stories<\/span><\/a><\/li>\n        \n        <\/div>\n        \n\n    <p style=\"margin-top: 24px; margin-bottom: 36px;\"><\/p>\n\n    \n\n    <ul class=\"wp-block-post-template is-layout-flow wp-block-post-template-is-layout-flow\"><li class=\"wp-block-post post-61702 post type-post status-publish format-standard has-post-thumbnail hentry category-a-la-une category-actualites tag-energie tag-forets tag-oceans tag-politique tag-agriculture tag-climat p4-page-type-actualites-blog\">\n            \n<div class=\"wp-block-columns is-layout-flex wp-container-core-columns-is-layout-9d6595d7 wp-block-columns-is-layout-flex\"><figure class=\"wp-block-post-featured-image\"><a href=\"https:\/\/www.greenpeace.org\/belgium\/fr\/actualites-blog\/61702\/greenpeace-2025-une-annee-dactions-en-image\/\" target=\"_self\"  ><img loading=\"lazy\" decoding=\"async\" width=\"1200\" height=\"675\" src=\"https:\/\/www.greenpeace.org\/static\/planet4-belgium-stateless\/2026\/01\/e8b738d1-respeitem-a-amazononia.jpg\" class=\"attachment-post-thumbnail size-post-thumbnail wp-post-image wp-stateless-item\" alt=\"Greenpeace 2025 : une ann\u00e9e d&rsquo;actions en image\" style=\"object-fit:cover;\" srcset=\"https:\/\/www.greenpeace.org\/static\/planet4-belgium-stateless\/2026\/01\/e8b738d1-respeitem-a-amazononia.jpg 1200w, https:\/\/www.greenpeace.org\/static\/planet4-belgium-stateless\/2026\/01\/e8b738d1-respeitem-a-amazononia-300x169.jpg 300w, https:\/\/www.greenpeace.org\/static\/planet4-belgium-stateless\/2026\/01\/e8b738d1-respeitem-a-amazononia-1024x576.jpg 1024w, https:\/\/www.greenpeace.org\/static\/planet4-belgium-stateless\/2026\/01\/e8b738d1-respeitem-a-amazononia-768x432.jpg 768w, https:\/\/www.greenpeace.org\/static\/planet4-belgium-stateless\/2026\/01\/e8b738d1-respeitem-a-amazononia-510x287.jpg 510w\" sizes=\"auto, (max-width: 1200px) 100vw, 1200px\" data-image-size=\"post-thumbnail\" data-stateless-media-bucket=\"planet4-belgium-stateless\" data-stateless-media-name=\"2026\/01\/e8b738d1-respeitem-a-amazononia.jpg\" \/><\/a><\/figure>\n\n        <div class=\"wp-block-group is-layout-flow wp-block-group-is-layout-flow\">\n                <div class=\"wp-block-group is-layout-flex wp-block-group-is-layout-flex\"><div class=\"wp-block-post-terms\"><a href=\"https:\/\/www.greenpeace.org\/belgium\/fr\/category\/a-la-une\/\">\u00c0 la une<\/a><\/div>\n                <div class=\"taxonomy-post_tag wp-block-post-terms\"><a href=\"https:\/\/www.greenpeace.org\/belgium\/fr\/tag\/energie\/\" rel=\"tag\">\u00c9nergie<\/a><span class=\"wp-block-post-terms__separator\"> <\/span><a href=\"https:\/\/www.greenpeace.org\/belgium\/fr\/tag\/forets\/\" rel=\"tag\">For\u00eats<\/a><span class=\"wp-block-post-terms__separator\"> <\/span><a href=\"https:\/\/www.greenpeace.org\/belgium\/fr\/tag\/oceans\/\" rel=\"tag\">Oc\u00e9ans<\/a><span class=\"wp-block-post-terms__separator\"> <\/span><a href=\"https:\/\/www.greenpeace.org\/belgium\/fr\/tag\/politique\/\" rel=\"tag\">Politique<\/a><span class=\"wp-block-post-terms__separator\"> <\/span><a href=\"https:\/\/www.greenpeace.org\/belgium\/fr\/tag\/agriculture\/\" rel=\"tag\">Agriculture<\/a><span class=\"wp-block-post-terms__separator\"> <\/span><a href=\"https:\/\/www.greenpeace.org\/belgium\/fr\/tag\/climat\/\" rel=\"tag\">Climat<\/a><\/div>\n                \n                <\/div>\n                \n        <h3 class=\"wp-block-post-title\"><a href=\"https:\/\/www.greenpeace.org\/belgium\/fr\/actualites-blog\/61702\/greenpeace-2025-une-annee-dactions-en-image\/\" target=\"_self\" >Greenpeace 2025 : une ann\u00e9e d&rsquo;actions en image<\/a><\/h3>\n        <div class=\"wp-block-post-excerpt\"><p class=\"wp-block-post-excerpt__excerpt\">Les actions constituent l&rsquo;\u00e2me de Greenpeace. Chaque fois qu&rsquo;un militant escalade une plateforme p\u00e9troli\u00e8re ou brandit une banderole, l\u2019objectif est d\u2019inciter le monde entier \u00e0 agir. L&rsquo;ann\u00e9e 2025 a \u00e9t\u00e9&hellip; <\/p><\/div>\n        \n        <div class=\"wp-block-group posts-list-meta is-layout-flow wp-block-group-is-layout-flow\"><span class='article-list-item-author'>Sudhanshu Malhotra<\/span>\n        <div class=\"wp-block-post-date\"><time datetime=\"2026-01-09T10:32:50+01:00\">9 janvier 2026<\/time><\/div>\n        \n        <\/div>\n        <\/div>\n        <\/div>\n\n            <\/li><li class=\"wp-block-post post-57914 post type-post status-publish format-standard has-post-thumbnail hentry category-rapports tag-agriculture tag-alimentation p4-page-type-rapport\">\n            \n<div class=\"wp-block-columns is-layout-flex wp-container-core-columns-is-layout-9d6595d7 wp-block-columns-is-layout-flex\"><figure class=\"wp-block-post-featured-image\"><a href=\"https:\/\/www.greenpeace.org\/belgium\/fr\/rapport\/57914\/rapport-benefices-records-pour-lindustrie-de-la-pomme-de-terre-les-miettes-pour-le-monde-agricole\/\" target=\"_self\"  ><img loading=\"lazy\" decoding=\"async\" width=\"1080\" height=\"1350\" src=\"https:\/\/www.greenpeace.org\/static\/planet4-belgium-stateless\/2024\/06\/da487271-potatoes-1080-x-1350-px-2.png\" class=\"attachment-post-thumbnail size-post-thumbnail wp-post-image wp-stateless-item\" alt=\"Rapport : b\u00e9n\u00e9fices records pour l&rsquo;industrie de la pomme de terre, les miettes pour le monde agricole\" style=\"object-fit:cover;\" srcset=\"https:\/\/www.greenpeace.org\/static\/planet4-belgium-stateless\/2024\/06\/da487271-potatoes-1080-x-1350-px-2.png 1080w, https:\/\/www.greenpeace.org\/static\/planet4-belgium-stateless\/2024\/06\/da487271-potatoes-1080-x-1350-px-2-240x300.png 240w, https:\/\/www.greenpeace.org\/static\/planet4-belgium-stateless\/2024\/06\/da487271-potatoes-1080-x-1350-px-2-819x1024.png 819w, https:\/\/www.greenpeace.org\/static\/planet4-belgium-stateless\/2024\/06\/da487271-potatoes-1080-x-1350-px-2-768x960.png 768w, https:\/\/www.greenpeace.org\/static\/planet4-belgium-stateless\/2024\/06\/da487271-potatoes-1080-x-1350-px-2-272x340.png 272w\" sizes=\"auto, (max-width: 1080px) 100vw, 1080px\" data-image-size=\"post-thumbnail\" data-stateless-media-bucket=\"planet4-belgium-stateless\" data-stateless-media-name=\"2024\/06\/da487271-potatoes-1080-x-1350-px-2.png\" \/><\/a><\/figure>\n\n        <div class=\"wp-block-group is-layout-flow wp-block-group-is-layout-flow\">\n                <div class=\"wp-block-group is-layout-flex wp-block-group-is-layout-flex\"><div class=\"wp-block-post-terms\"><a href=\"https:\/\/www.greenpeace.org\/belgium\/fr\/category\/a-la-une\/rapports\/\">Rapports<\/a><\/div>\n                <div class=\"taxonomy-post_tag wp-block-post-terms\"><a href=\"https:\/\/www.greenpeace.org\/belgium\/fr\/tag\/agriculture\/\" rel=\"tag\">Agriculture<\/a><span class=\"wp-block-post-terms__separator\"> <\/span><a href=\"https:\/\/www.greenpeace.org\/belgium\/fr\/tag\/alimentation\/\" rel=\"tag\">Alimentation<\/a><\/div>\n                \n                <\/div>\n                \n        <h3 class=\"wp-block-post-title\"><a href=\"https:\/\/www.greenpeace.org\/belgium\/fr\/rapport\/57914\/rapport-benefices-records-pour-lindustrie-de-la-pomme-de-terre-les-miettes-pour-le-monde-agricole\/\" target=\"_self\" >Rapport : b\u00e9n\u00e9fices records pour l&rsquo;industrie de la pomme de terre, les miettes pour le monde agricole<\/a><\/h3>\n        <div class=\"wp-block-post-excerpt\"><p class=\"wp-block-post-excerpt__excerpt\">Le rapport souligne que les b\u00e9n\u00e9fices de l&rsquo;industrie de la pomme de terre ont grimp\u00e9 en fl\u00e8che, alors que les consommateur\u00b7rices et les agriculteur\u00b7rices connaissent des difficult\u00e9s \u00e9conomiques. <\/p><\/div>\n        \n        <div class=\"wp-block-group posts-list-meta is-layout-flow wp-block-group-is-layout-flow\"><span class='article-list-item-author'>Greenpeace Belgium<\/span>\n        <div class=\"wp-block-post-date\"><time datetime=\"2024-06-26T06:00:00+01:00\">26 juin 2024<\/time><\/div>\n        \n        <\/div>\n        <\/div>\n        <\/div>\n\n            <\/li><li class=\"wp-block-post post-57151 post type-post status-publish format-standard has-post-thumbnail hentry category-a-la-une category-agriculture category-agriculture-juste category-campagnes category-presse category-rapports tag-agriculture p4-page-type-communique-de-presse\">\n            \n<div class=\"wp-block-columns is-layout-flex wp-container-core-columns-is-layout-9d6595d7 wp-block-columns-is-layout-flex\"><figure class=\"wp-block-post-featured-image\"><a href=\"https:\/\/www.greenpeace.org\/belgium\/fr\/communique-de-presse\/57151\/financement-de-lagroecologie-en-wallonie-le-compte-ny-est-pas\/\" target=\"_self\"  ><img loading=\"lazy\" decoding=\"async\" width=\"800\" height=\"600\" src=\"https:\/\/www.greenpeace.org\/static\/planet4-belgium-stateless\/2023\/09\/31666f78-gp1szs07_web_size.jpg\" class=\"attachment-post-thumbnail size-post-thumbnail wp-post-image wp-stateless-item\" alt=\"Financement de l\u2019agro\u00e9cologie en Wallonie : le compte n\u2019y est pas !\" style=\"object-fit:cover;\" srcset=\"https:\/\/www.greenpeace.org\/static\/planet4-belgium-stateless\/2023\/09\/31666f78-gp1szs07_web_size.jpg 800w, https:\/\/www.greenpeace.org\/static\/planet4-belgium-stateless\/2023\/09\/31666f78-gp1szs07_web_size-300x225.jpg 300w, https:\/\/www.greenpeace.org\/static\/planet4-belgium-stateless\/2023\/09\/31666f78-gp1szs07_web_size-768x576.jpg 768w, https:\/\/www.greenpeace.org\/static\/planet4-belgium-stateless\/2023\/09\/31666f78-gp1szs07_web_size-453x340.jpg 453w\" sizes=\"auto, (max-width: 800px) 100vw, 800px\" data-image-size=\"post-thumbnail\" data-stateless-media-bucket=\"planet4-belgium-stateless\" data-stateless-media-name=\"2023\/09\/31666f78-gp1szs07_web_size.jpg\" \/><\/a><\/figure>\n\n        <div class=\"wp-block-group is-layout-flow wp-block-group-is-layout-flow\">\n                <div class=\"wp-block-group is-layout-flex wp-block-group-is-layout-flex\"><div class=\"wp-block-post-terms\"><a href=\"https:\/\/www.greenpeace.org\/belgium\/fr\/category\/a-la-une\/\">\u00c0 la une<\/a><\/div>\n                <div class=\"taxonomy-post_tag wp-block-post-terms\"><a href=\"https:\/\/www.greenpeace.org\/belgium\/fr\/tag\/agriculture\/\" rel=\"tag\">Agriculture<\/a><\/div>\n                \n                <\/div>\n                \n        <h3 class=\"wp-block-post-title\"><a href=\"https:\/\/www.greenpeace.org\/belgium\/fr\/communique-de-presse\/57151\/financement-de-lagroecologie-en-wallonie-le-compte-ny-est-pas\/\" target=\"_self\" >Financement de l\u2019agro\u00e9cologie en Wallonie : le compte n\u2019y est pas !<\/a><\/h3>\n        <div class=\"wp-block-post-excerpt\"><p class=\"wp-block-post-excerpt__excerpt\">Une \u00e9tude men\u00e9e par le\u00a0Sytra\u00a0de l\u2019UCLouvain\u00a0vient de para\u00eetre. Elle analyse pour la premi\u00e8re fois l\u2019ensemble des fonds publics destin\u00e9s aux syst\u00e8mes alimentaires en \u00a0Wallonie. Les conclusions de cette analyse r\u00e9v\u00e8lent&hellip; <\/p><\/div>\n        \n        <div class=\"wp-block-group posts-list-meta is-layout-flow wp-block-group-is-layout-flow\"><span class='article-list-item-author'><a href='https:\/\/www.greenpeace.org\/belgium\/fr\/author\/acollard\/'>Antoine Collard<\/a><\/span>\n        <div class=\"wp-block-post-date\"><time datetime=\"2024-05-21T13:20:43+01:00\">21 mai 2024<\/time><\/div>\n        \n        <\/div>\n        <\/div>\n        <\/div>\n\n            <\/li><\/ul>\n\n    \n<div class=\"wp-block-buttons carousel-controls is-horizontal is-content-justification-space-between is-nowrap is-layout-flex wp-container-core-buttons-is-layout-044bd602 wp-block-buttons-is-layout-flex\">\n            <div class=\"wp-block-button carousel-control-prev\"><button type=\"button\" class=\"wp-block-button__link wp-element-button\">Prev<\/button><\/div>\n        \n\n            <div class=\"wp-block-button carousel-control-next\"><button type=\"button\" class=\"wp-block-button__link wp-element-button\">Next<\/button><\/div>\n        <\/div>\n\n\n    <li class=\" wp-block-navigation-item see-all-link wp-block-navigation-link\"><a class=\"wp-block-navigation-item__content\"  href=\"http:\/\/www.greenpeace.org\/belgium\/fr\/a-la-une\/?tag=agriculture\"><span class=\"wp-block-navigation-item__label\">See all stories<\/span><\/a><\/li><\/div>\n    \n<div style=\"height:100px\" aria-hidden=\"true\" class=\"wp-block-spacer\"><\/div>\n<div data-render=\"planet4-blocks\/happypoint\" data-attributes=\"{&quot;attributes&quot;:{&quot;opacity&quot;:100,&quot;id&quot;:53578,&quot;override_default_content&quot;:true,&quot;local_content_provider&quot;:&quot;iframe_url&quot;}}\"><\/div>","protected":false},"excerpt":{"rendered":"<p>T\u00e9l\u00e9chargez d\u00e8s maintenant le guide pratique sur les fruits et l\u00e9gumes de saison en Belgique, avec une liste d\u00e9taill\u00e9e des produits selon les saisons et les meilleures adresses pour des achats locaux et durables. Greenpeace vous accompagne dans votre d\u00e9marche pour une alimentation respectueuse de l&rsquo;environnement. T\u00e9l\u00e9chargez le guide d\u00e8s maintenant et faites le premier pas vers une consommation en harmonie avec les saisons.<\/p>\n","protected":false},"author":105,"featured_media":52421,"parent":0,"menu_order":0,"comment_status":"closed","ping_status":"closed","template":"","meta":{"ep_exclude_from_search":false,"p4_hide_page_title_checkbox":"","p4_title":"","p4_subtitle":"","p4_description":"","background_image_id":"","background_image":"","p4_button_title":"","p4_button_link":"","p4_button_link_checkbox":"","p4_og_title":"","p4_og_description":"","p4_og_image":"","p4_og_image_id":"","p4_seo_canonical_url":"","p4_campaign_name":"not set","p4_local_project":"not set","p4_basket_name":"not set","p4_department":"","footnotes":""},"categories":[170,179,168],"tags":[],"class_list":["post-52927","page","type-page","status-publish","has-post-thumbnail","hentry","category-agriculture","category-alimentation","category-campagnes"],"_links":{"self":[{"href":"https:\/\/www.greenpeace.org\/belgium\/fr\/wp-json\/wp\/v2\/pages\/52927","targetHints":{"allow":["GET"]}}],"collection":[{"href":"https:\/\/www.greenpeace.org\/belgium\/fr\/wp-json\/wp\/v2\/pages"}],"about":[{"href":"https:\/\/www.greenpeace.org\/belgium\/fr\/wp-json\/wp\/v2\/types\/page"}],"author":[{"embeddable":true,"href":"https:\/\/www.greenpeace.org\/belgium\/fr\/wp-json\/wp\/v2\/users\/105"}],"replies":[{"embeddable":true,"href":"https:\/\/www.greenpeace.org\/belgium\/fr\/wp-json\/wp\/v2\/comments?post=52927"}],"version-history":[{"count":11,"href":"https:\/\/www.greenpeace.org\/belgium\/fr\/wp-json\/wp\/v2\/pages\/52927\/revisions"}],"predecessor-version":[{"id":61177,"href":"https:\/\/www.greenpeace.org\/belgium\/fr\/wp-json\/wp\/v2\/pages\/52927\/revisions\/61177"}],"wp:featuredmedia":[{"embeddable":true,"href":"https:\/\/www.greenpeace.org\/belgium\/fr\/wp-json\/wp\/v2\/media\/52421"}],"wp:attachment":[{"href":"https:\/\/www.greenpeace.org\/belgium\/fr\/wp-json\/wp\/v2\/media?parent=52927"}],"wp:term":[{"taxonomy":"category","embeddable":true,"href":"https:\/\/www.greenpeace.org\/belgium\/fr\/wp-json\/wp\/v2\/categories?post=52927"},{"taxonomy":"post_tag","embeddable":true,"href":"https:\/\/www.greenpeace.org\/belgium\/fr\/wp-json\/wp\/v2\/tags?post=52927"}],"curies":[{"name":"wp","href":"https:\/\/api.w.org\/{rel}","templated":true}]}}