{"id":54053,"date":"2023-09-26T14:10:16","date_gmt":"2023-09-26T13:10:16","guid":{"rendered":"https:\/\/www.greenpeace.org\/belgium\/?page_id=54053"},"modified":"2026-04-08T09:49:04","modified_gmt":"2026-04-08T08:49:04","slug":"signer-nos-petitions","status":"publish","type":"page","link":"https:\/\/www.greenpeace.org\/belgium\/fr\/agir\/signer-nos-petitions\/","title":{"rendered":"Signer nos p\u00e9titions"},"content":{"rendered":"\n<div style=\"height:50px\" aria-hidden=\"true\" class=\"wp-block-spacer\"><\/div>\n\n<div class=\"wp-block-group is-nowrap is-layout-flex wp-container-core-group-is-layout-ad2f72ca wp-block-group-is-layout-flex\">\n<figure class=\"wp-block-image alignleft size-full is-resized\"><img loading=\"lazy\" decoding=\"async\" width=\"512\" height=\"512\" src=\"https:\/\/www.greenpeace.org\/static\/planet4-belgium-stateless\/2023\/09\/6874a0f2-greenpeace-belgique-signer-nos-petitions-pictogramme.png\" alt=\"\" class=\"wp-image-53765\" style=\"width:55px;height:55px\" srcset=\"https:\/\/www.greenpeace.org\/static\/planet4-belgium-stateless\/2023\/09\/6874a0f2-greenpeace-belgique-signer-nos-petitions-pictogramme.png 512w, https:\/\/www.greenpeace.org\/static\/planet4-belgium-stateless\/2023\/09\/6874a0f2-greenpeace-belgique-signer-nos-petitions-pictogramme-300x300.png 300w, https:\/\/www.greenpeace.org\/static\/planet4-belgium-stateless\/2023\/09\/6874a0f2-greenpeace-belgique-signer-nos-petitions-pictogramme-150x150.png 150w, https:\/\/www.greenpeace.org\/static\/planet4-belgium-stateless\/2023\/09\/6874a0f2-greenpeace-belgique-signer-nos-petitions-pictogramme-340x340.png 340w\" sizes=\"auto, (max-width: 512px) 100vw, 512px\" \/><\/figure>\n\n\n\n<h2 class=\"wp-block-heading\"><mark style=\"background-color:#ffe100\" class=\"has-inline-color\">SIGNER NOS <\/mark><mark style=\"background-color:#ffe100\" class=\"has-inline-color\">P\u00c9TITIONS<\/mark><\/h2>\n<\/div>\n\n<p>En signant nos p\u00e9titions, vous devenez un v\u00e9ritable agent du changement. Vous ajoutez votre voix \u00e0 celle de milliers de personnes qui exigent des mesures concr\u00e8tes pour pr\u00e9server notre plan\u00e8te. Que ce soit pour mettre fin \u00e0 la d\u00e9forestation, demander un syst\u00e8me alimentaire juste pour tou\u00b7tes, prot\u00e9ger les esp\u00e8ces en voie de disparition ou pour sortir du gaz en 2035, chaque signature compte. Ensemble, nous pouvons influencer les politiques, changer les mentalit\u00e9s et construire un avenir plus durable.<\/p>\n\n<p><\/p>\n\n<div class=\"wp-block-query actions-list p4-query-loop is-custom-layout-actions-list is-custom-layout-grid is-layout-grid wp-container-core-query-is-layout-29f43435 wp-block-query-is-layout-grid\">\n<h2 class=\"wp-block-heading\"><\/h2>\n\n\n\n<p style=\"margin-top:24px;margin-bottom:32px\"><\/p>\n\n\n\n\n<ul class=\"wp-block-post-template is-layout-flow wp-block-post-template-is-layout-flow\"><li class=\"wp-block-post post-61909 page type-page status-publish has-post-thumbnail hentry category-petitions tag-energie\">\n<figure class=\"wp-block-post-featured-image\"><img loading=\"lazy\" decoding=\"async\" width=\"1600\" height=\"1066\" src=\"https:\/\/www.greenpeace.org\/static\/planet4-belgium-stateless\/2026\/01\/075a6b05-whatsapp-image-2026-01-26-at-09.23.03.jpeg\" class=\"attachment-post-thumbnail size-post-thumbnail wp-post-image wp-stateless-item\" alt=\"\" style=\"object-fit:cover;\" srcset=\"https:\/\/www.greenpeace.org\/static\/planet4-belgium-stateless\/2026\/01\/075a6b05-whatsapp-image-2026-01-26-at-09.23.03.jpeg 1600w, https:\/\/www.greenpeace.org\/static\/planet4-belgium-stateless\/2026\/01\/075a6b05-whatsapp-image-2026-01-26-at-09.23.03-300x200.jpeg 300w, https:\/\/www.greenpeace.org\/static\/planet4-belgium-stateless\/2026\/01\/075a6b05-whatsapp-image-2026-01-26-at-09.23.03-1024x682.jpeg 1024w, https:\/\/www.greenpeace.org\/static\/planet4-belgium-stateless\/2026\/01\/075a6b05-whatsapp-image-2026-01-26-at-09.23.03-768x512.jpeg 768w, https:\/\/www.greenpeace.org\/static\/planet4-belgium-stateless\/2026\/01\/075a6b05-whatsapp-image-2026-01-26-at-09.23.03-1536x1023.jpeg 1536w, https:\/\/www.greenpeace.org\/static\/planet4-belgium-stateless\/2026\/01\/075a6b05-whatsapp-image-2026-01-26-at-09.23.03-510x340.jpeg 510w\" sizes=\"auto, (max-width: 1600px) 100vw, 1600px\" data-image-size=\"post-thumbnail\" data-stateless-media-bucket=\"planet4-belgium-stateless\" data-stateless-media-name=\"2026\/01\/075a6b05-whatsapp-image-2026-01-26-at-09.23.03.jpeg\" \/><\/figure>\n\n\n                <div class=\"wp-block-group group-stretched-link is-layout-flow wp-block-group-is-layout-flow\"><div class=\"wp-block-post-terms\">P\u00e9titions<\/div>\n                <h3 class=\"wp-block-post-title\"><a href=\"https:\/\/www.greenpeace.org\/belgium\/fr\/agir\/laissons-pas-trump-diriger-europe-independance-gaz-petrole\/\" target=\"_self\" >Ne laissons pas Trump diriger l&rsquo;Europe<\/a><\/h3>\n                <div class=\"wp-block-post-excerpt\"><p class=\"wp-block-post-excerpt__excerpt\">Trump s\u00e8me le chaos et la destruction. Son agenda politique menace des vies, attaque la d\u00e9mocratie et enfonce notre plan\u00e8te dans une crise profonde.\u00a0 <\/p><\/div><\/div>\n                \n\n\n<div class=\"wp-block-group read-more-nav is-layout-flow wp-block-group-is-layout-flow\"><a href=\"https:\/\/www.greenpeace.org\/belgium\/fr\/agir\/laissons-pas-trump-diriger-europe-independance-gaz-petrole\/\" class=\"btn btn-primary btn-small\" aria-label=\"J'agis\">J&rsquo;agis<\/a><\/div>\n\n<\/li><li class=\"wp-block-post post-55431 page type-page status-publish has-post-thumbnail hentry category-petitions tag-oceans\">\n<figure class=\"wp-block-post-featured-image\"><img loading=\"lazy\" decoding=\"async\" width=\"800\" height=\"533\" src=\"https:\/\/www.greenpeace.org\/static\/planet4-belgium-stateless\/2023\/12\/7b290f2c-gp0stwmhd_low_res.jpg\" class=\"attachment-post-thumbnail size-post-thumbnail wp-post-image wp-stateless-item\" alt=\"\" style=\"object-fit:cover;\" srcset=\"https:\/\/www.greenpeace.org\/static\/planet4-belgium-stateless\/2023\/12\/7b290f2c-gp0stwmhd_low_res.jpg 800w, https:\/\/www.greenpeace.org\/static\/planet4-belgium-stateless\/2023\/12\/7b290f2c-gp0stwmhd_low_res-300x200.jpg 300w, https:\/\/www.greenpeace.org\/static\/planet4-belgium-stateless\/2023\/12\/7b290f2c-gp0stwmhd_low_res-768x512.jpg 768w, https:\/\/www.greenpeace.org\/static\/planet4-belgium-stateless\/2023\/12\/7b290f2c-gp0stwmhd_low_res-510x340.jpg 510w\" sizes=\"auto, (max-width: 800px) 100vw, 800px\" data-image-size=\"post-thumbnail\" data-stateless-media-bucket=\"planet4-belgium-stateless\" data-stateless-media-name=\"2023\/12\/7b290f2c-gp0stwmhd_low_res.jpg\" \/><\/figure>\n\n\n                <div class=\"wp-block-group group-stretched-link is-layout-flow wp-block-group-is-layout-flow\"><div class=\"wp-block-post-terms\">P\u00e9titions<\/div>\n                <h3 class=\"wp-block-post-title\"><a href=\"https:\/\/www.greenpeace.org\/belgium\/fr\/protegez-les-fonds-marins\/\" target=\"_self\" >Prot\u00e9gez les fonds marins<\/a><\/h3>\n                <div class=\"wp-block-post-excerpt\"><p class=\"wp-block-post-excerpt__excerpt\">Signez la p\u00e9tition pour demander \u00e0 la Belgique de s&rsquo;exprimer en faveur d&rsquo;un moratoire sur l&rsquo;exploitation mini\u00e8re en eaux profondes. <\/p><\/div><\/div>\n                \n\n\n<div class=\"wp-block-group read-more-nav is-layout-flow wp-block-group-is-layout-flow\"><a href=\"https:\/\/www.greenpeace.org\/belgium\/fr\/protegez-les-fonds-marins\/\" class=\"btn btn-primary btn-small\" aria-label=\"J'agis\">J&rsquo;agis<\/a><\/div>\n\n<\/li><li class=\"wp-block-post post-59629 page type-page status-publish has-post-thumbnail hentry category-petitions tag-forets\">\n<figure class=\"wp-block-post-featured-image\"><img loading=\"lazy\" decoding=\"async\" width=\"800\" height=\"533\" src=\"https:\/\/www.greenpeace.org\/static\/planet4-belgium-stateless\/2025\/03\/f6b57a66-respectamazon-petition-general.jpg\" class=\"attachment-post-thumbnail size-post-thumbnail wp-post-image wp-stateless-item\" alt=\"\" style=\"object-fit:cover;\" srcset=\"https:\/\/www.greenpeace.org\/static\/planet4-belgium-stateless\/2025\/03\/f6b57a66-respectamazon-petition-general.jpg 800w, https:\/\/www.greenpeace.org\/static\/planet4-belgium-stateless\/2025\/03\/f6b57a66-respectamazon-petition-general-300x200.jpg 300w, https:\/\/www.greenpeace.org\/static\/planet4-belgium-stateless\/2025\/03\/f6b57a66-respectamazon-petition-general-768x512.jpg 768w, https:\/\/www.greenpeace.org\/static\/planet4-belgium-stateless\/2025\/03\/f6b57a66-respectamazon-petition-general-510x340.jpg 510w\" sizes=\"auto, (max-width: 800px) 100vw, 800px\" data-image-size=\"post-thumbnail\" data-stateless-media-bucket=\"planet4-belgium-stateless\" data-stateless-media-name=\"2025\/03\/f6b57a66-respectamazon-petition-general.jpg\" \/><\/figure>\n\n\n                <div class=\"wp-block-group group-stretched-link is-layout-flow wp-block-group-is-layout-flow\"><div class=\"wp-block-post-terms\">P\u00e9titions<\/div>\n                <h3 class=\"wp-block-post-title\"><a href=\"https:\/\/www.greenpeace.org\/belgium\/fr\/agir\/fin-a-la-destruction-de-la-foret-amazonienne\/\" target=\"_self\" >Demandons aux dirigeant\u00b7es du monde de mettre fin \u00e0 la destruction de la for\u00eat amazonienne<\/a><\/h3>\n                <div class=\"wp-block-post-excerpt\"><p class=\"wp-block-post-excerpt__excerpt\">La for\u00eat amazonienne est essentielle \u00e0 la vie de millions de personnes et d\u2019innombrables esp\u00e8ces. Elle est aussi l\u2019un de nos plus grands espoirs pour un avenir viable : toute vie sur Terre d\u00e9pend de son r\u00f4le majeur dans la r\u00e9gulation du climat. <\/p><\/div><\/div>\n                \n\n\n<div class=\"wp-block-group read-more-nav is-layout-flow wp-block-group-is-layout-flow\"><a href=\"https:\/\/www.greenpeace.org\/belgium\/fr\/agir\/fin-a-la-destruction-de-la-foret-amazonienne\/\" class=\"btn btn-primary btn-small\" aria-label=\"J'agis\">J&rsquo;agis<\/a><\/div>\n\n<\/li><li class=\"wp-block-post post-60688 page type-page status-publish has-post-thumbnail hentry category-petitions tag-climat\">\n<figure class=\"wp-block-post-featured-image\"><img decoding=\"async\" src=\"https:\/\/www.greenpeace.org\/static\/planet4-belgium-stateless\/2025\/07\/baafa3f1-ppp-fr.png\" class=\"attachment-post-thumbnail size-post-thumbnail wp-post-image wp-stateless-item\" alt=\"Photo d&#039;une inondation\" style=\"object-fit:cover;\" data-image-size=\"post-thumbnail\" data-stateless-media-bucket=\"planet4-belgium-stateless\" data-stateless-media-name=\"2025\/07\/baafa3f1-ppp-fr.png\" \/><\/figure>\n\n\n                <div class=\"wp-block-group group-stretched-link is-layout-flow wp-block-group-is-layout-flow\"><div class=\"wp-block-post-terms\">P\u00e9titions<\/div>\n                <h3 class=\"wp-block-post-title\"><a href=\"https:\/\/www.greenpeace.org\/belgium\/fr\/agir\/faisons-payer-les-pollueurs\/\" target=\"_self\" >Faisons payer les pollueurs<\/a><\/h3>\n                <div class=\"wp-block-post-excerpt\"><p class=\"wp-block-post-excerpt__excerpt\">Depuis des d\u00e9cennies, les multinationales des \u00e9nergies fossiles ont connaissance de l\u2019impact n\u00e9faste de leurs activit\u00e9s. Plut\u00f4t que de prendre leurs responsabilit\u00e9s, elles pr\u00e9f\u00e8rent mentir pour continuer d\u2019engranger des profits record. Il est temps de les faire payer. <\/p><\/div><\/div>\n                \n\n\n<div class=\"wp-block-group read-more-nav is-layout-flow wp-block-group-is-layout-flow\"><a href=\"https:\/\/www.greenpeace.org\/belgium\/fr\/agir\/faisons-payer-les-pollueurs\/\" class=\"btn btn-primary btn-small\" aria-label=\"J'agis\">J&rsquo;agis<\/a><\/div>\n\n<\/li><li class=\"wp-block-post post-59278 page type-page status-publish has-post-thumbnail hentry category-petitions tag-oceans\">\n<figure class=\"wp-block-post-featured-image\"><img loading=\"lazy\" decoding=\"async\" width=\"1200\" height=\"873\" src=\"https:\/\/www.greenpeace.org\/static\/planet4-belgium-stateless\/2025\/02\/8bc50360-whale.jpg\" class=\"attachment-post-thumbnail size-post-thumbnail wp-post-image wp-stateless-item\" alt=\"\" style=\"object-fit:cover;\" srcset=\"https:\/\/www.greenpeace.org\/static\/planet4-belgium-stateless\/2025\/02\/8bc50360-whale.jpg 1200w, https:\/\/www.greenpeace.org\/static\/planet4-belgium-stateless\/2025\/02\/8bc50360-whale-300x218.jpg 300w, https:\/\/www.greenpeace.org\/static\/planet4-belgium-stateless\/2025\/02\/8bc50360-whale-1024x745.jpg 1024w, https:\/\/www.greenpeace.org\/static\/planet4-belgium-stateless\/2025\/02\/8bc50360-whale-768x559.jpg 768w, https:\/\/www.greenpeace.org\/static\/planet4-belgium-stateless\/2025\/02\/8bc50360-whale-467x340.jpg 467w\" sizes=\"auto, (max-width: 1200px) 100vw, 1200px\" data-image-size=\"post-thumbnail\" data-stateless-media-bucket=\"planet4-belgium-stateless\" data-stateless-media-name=\"2025\/02\/8bc50360-whale.jpg\" \/><\/figure>\n\n\n                <div class=\"wp-block-group group-stretched-link is-layout-flow wp-block-group-is-layout-flow\"><div class=\"wp-block-post-terms\">P\u00e9titions<\/div>\n                <h3 class=\"wp-block-post-title\"><a href=\"https:\/\/www.greenpeace.org\/belgium\/fr\/agir\/reserves-marines\/\" target=\"_self\" >Pour prot\u00e9ger vraiment les oc\u00e9ans, cr\u00e9ons des r\u00e9serves marines<\/a><\/h3>\n                <div class=\"wp-block-post-excerpt\"><p class=\"wp-block-post-excerpt__excerpt\">Ensemble, nous pouvons pousser nos gouvernements \u00e0 cr\u00e9er des r\u00e9serves marines, et ainsi, prot\u00e9ger nos oc\u00e9ans. Ensemble, formons une vague inarr\u00eatable pour sauver les oc\u00e9ans ! <\/p><\/div><\/div>\n                \n\n\n<div class=\"wp-block-group read-more-nav is-layout-flow wp-block-group-is-layout-flow\"><a href=\"https:\/\/www.greenpeace.org\/belgium\/fr\/agir\/reserves-marines\/\" class=\"btn btn-primary btn-small\" aria-label=\"J'agis\">J&rsquo;agis<\/a><\/div>\n\n<\/li><li class=\"wp-block-post post-58937 page type-page status-publish has-post-thumbnail hentry category-campagnes category-climat tag-climat\">\n<figure class=\"wp-block-post-featured-image\"><img loading=\"lazy\" decoding=\"async\" width=\"1200\" height=\"800\" src=\"https:\/\/www.greenpeace.org\/static\/planet4-belgium-stateless\/2024\/12\/26e1c5cd-gp0stp7vd_medium-res-with-credit-line-1200px.jpg\" class=\"attachment-post-thumbnail size-post-thumbnail wp-post-image wp-stateless-item\" alt=\"\" style=\"object-fit:cover;\" srcset=\"https:\/\/www.greenpeace.org\/static\/planet4-belgium-stateless\/2024\/12\/26e1c5cd-gp0stp7vd_medium-res-with-credit-line-1200px.jpg 1200w, https:\/\/www.greenpeace.org\/static\/planet4-belgium-stateless\/2024\/12\/26e1c5cd-gp0stp7vd_medium-res-with-credit-line-1200px-300x200.jpg 300w, https:\/\/www.greenpeace.org\/static\/planet4-belgium-stateless\/2024\/12\/26e1c5cd-gp0stp7vd_medium-res-with-credit-line-1200px-1024x683.jpg 1024w, https:\/\/www.greenpeace.org\/static\/planet4-belgium-stateless\/2024\/12\/26e1c5cd-gp0stp7vd_medium-res-with-credit-line-1200px-768x512.jpg 768w, https:\/\/www.greenpeace.org\/static\/planet4-belgium-stateless\/2024\/12\/26e1c5cd-gp0stp7vd_medium-res-with-credit-line-1200px-510x340.jpg 510w\" sizes=\"auto, (max-width: 1200px) 100vw, 1200px\" data-image-size=\"post-thumbnail\" data-stateless-media-bucket=\"planet4-belgium-stateless\" data-stateless-media-name=\"2024\/12\/26e1c5cd-gp0stp7vd_medium-res-with-credit-line-1200px.jpg\" \/><\/figure>\n\n\n                <div class=\"wp-block-group group-stretched-link is-layout-flow wp-block-group-is-layout-flow\"><div class=\"wp-block-post-terms\">Campagnes<\/div>\n                <h3 class=\"wp-block-post-title\"><a href=\"https:\/\/www.greenpeace.org\/belgium\/fr\/agir\/une-entreprise-petroliere-nous-reclame-300-millions-de-dollars\/\" target=\"_self\" >Une entreprise p\u00e9troli\u00e8re nous r\u00e9clame 300 millions de dollars !<\/a><\/h3>\n                <div class=\"wp-block-post-excerpt\"><p class=\"wp-block-post-excerpt__excerpt\">Greenpeace est en danger. Une entreprise p\u00e9troli\u00e8re, Energy Transfer, attaque notre bureau am\u00e9ricain et notre bureau international. <\/p><\/div><\/div>\n                \n\n\n<div class=\"wp-block-group read-more-nav is-layout-flow wp-block-group-is-layout-flow\"><a href=\"https:\/\/www.greenpeace.org\/belgium\/fr\/agir\/une-entreprise-petroliere-nous-reclame-300-millions-de-dollars\/\" class=\"btn btn-primary btn-small\" aria-label=\"J'agis\">J&rsquo;agis<\/a><\/div>\n\n<\/li><li class=\"wp-block-post post-56349 page type-page status-publish has-post-thumbnail hentry category-campagnes tag-energie\">\n<figure class=\"wp-block-post-featured-image\"><img loading=\"lazy\" decoding=\"async\" width=\"1500\" height=\"844\" src=\"https:\/\/www.greenpeace.org\/static\/planet4-belgium-stateless\/2024\/03\/3c7385c1-vdmort-cible-export-2-2.jpg\" class=\"attachment-post-thumbnail size-post-thumbnail wp-post-image wp-stateless-item\" alt=\"\" style=\"object-fit:cover;\" srcset=\"https:\/\/www.greenpeace.org\/static\/planet4-belgium-stateless\/2024\/03\/3c7385c1-vdmort-cible-export-2-2.jpg 1500w, https:\/\/www.greenpeace.org\/static\/planet4-belgium-stateless\/2024\/03\/3c7385c1-vdmort-cible-export-2-2-300x169.jpg 300w, https:\/\/www.greenpeace.org\/static\/planet4-belgium-stateless\/2024\/03\/3c7385c1-vdmort-cible-export-2-2-1024x576.jpg 1024w, https:\/\/www.greenpeace.org\/static\/planet4-belgium-stateless\/2024\/03\/3c7385c1-vdmort-cible-export-2-2-768x432.jpg 768w, https:\/\/www.greenpeace.org\/static\/planet4-belgium-stateless\/2024\/03\/3c7385c1-vdmort-cible-export-2-2-510x287.jpg 510w\" sizes=\"auto, (max-width: 1500px) 100vw, 1500px\" data-image-size=\"post-thumbnail\" data-stateless-media-bucket=\"planet4-belgium-stateless\" data-stateless-media-name=\"2024\/03\/3c7385c1-vdmort-cible-export-2-2.jpg\" \/><\/figure>\n\n\n                <div class=\"wp-block-group group-stretched-link is-layout-flow wp-block-group-is-layout-flow\"><div class=\"wp-block-post-terms\">Campagnes<\/div>\n                <h3 class=\"wp-block-post-title\"><a href=\"https:\/\/www.greenpeace.org\/belgium\/fr\/the-farmer-case\/\" target=\"_self\" >The Farmer Case<\/a><\/h3>\n                <div class=\"wp-block-post-excerpt\"><p class=\"wp-block-post-excerpt__excerpt\">Hugues a besoin de votre soutien dans son action en justice contre TotalEnergies. <\/p><\/div><\/div>\n                \n\n\n<div class=\"wp-block-group read-more-nav is-layout-flow wp-block-group-is-layout-flow\"><a href=\"https:\/\/www.greenpeace.org\/belgium\/fr\/the-farmer-case\/\" class=\"btn btn-primary btn-small\" aria-label=\"J'agis\">J&rsquo;agis<\/a><\/div>\n\n<\/li><li class=\"wp-block-post post-55785 page type-page status-publish has-post-thumbnail hentry category-petitions tag-energie tag-climat\">\n<figure class=\"wp-block-post-featured-image\"><img loading=\"lazy\" decoding=\"async\" width=\"800\" height=\"600\" src=\"https:\/\/www.greenpeace.org\/static\/planet4-belgium-stateless\/2023\/12\/b1bf5a61-gp0stvstj_low_res.jpg\" class=\"attachment-post-thumbnail size-post-thumbnail wp-post-image wp-stateless-item\" alt=\"\" style=\"object-fit:cover;\" srcset=\"https:\/\/www.greenpeace.org\/static\/planet4-belgium-stateless\/2023\/12\/b1bf5a61-gp0stvstj_low_res.jpg 800w, https:\/\/www.greenpeace.org\/static\/planet4-belgium-stateless\/2023\/12\/b1bf5a61-gp0stvstj_low_res-300x225.jpg 300w, https:\/\/www.greenpeace.org\/static\/planet4-belgium-stateless\/2023\/12\/b1bf5a61-gp0stvstj_low_res-768x576.jpg 768w, https:\/\/www.greenpeace.org\/static\/planet4-belgium-stateless\/2023\/12\/b1bf5a61-gp0stvstj_low_res-453x340.jpg 453w\" sizes=\"auto, (max-width: 800px) 100vw, 800px\" data-image-size=\"post-thumbnail\" data-stateless-media-bucket=\"planet4-belgium-stateless\" data-stateless-media-name=\"2023\/12\/b1bf5a61-gp0stvstj_low_res.jpg\" \/><\/figure>\n\n\n                <div class=\"wp-block-group group-stretched-link is-layout-flow wp-block-group-is-layout-flow\"><div class=\"wp-block-post-terms\">P\u00e9titions<\/div>\n                <h3 class=\"wp-block-post-title\"><a href=\"https:\/\/www.greenpeace.org\/belgium\/fr\/stop-aux-jets-prives\/\" target=\"_self\" >Stop aux jets priv\u00e9s<\/a><\/h3>\n                <div class=\"wp-block-post-excerpt\"><p class=\"wp-block-post-excerpt__excerpt\">Signez la p\u00e9tition pour exiger l&rsquo;interdiction des jets priv\u00e9s. <\/p><\/div><\/div>\n                \n\n\n<div class=\"wp-block-group read-more-nav is-layout-flow wp-block-group-is-layout-flow\"><a href=\"https:\/\/www.greenpeace.org\/belgium\/fr\/stop-aux-jets-prives\/\" class=\"btn btn-primary btn-small\" aria-label=\"J'agis\">J&rsquo;agis<\/a><\/div>\n\n<\/li><li class=\"wp-block-post post-58282 page type-page status-publish has-post-thumbnail hentry category-petitions tag-energie\">\n<figure class=\"wp-block-post-featured-image\"><img loading=\"lazy\" decoding=\"async\" width=\"1200\" height=\"800\" src=\"https:\/\/www.greenpeace.org\/static\/planet4-belgium-stateless\/2024\/09\/6e0cd8bd-gp0su032u.jpg\" class=\"attachment-post-thumbnail size-post-thumbnail wp-post-image wp-stateless-item\" alt=\"\" style=\"object-fit:cover;\" srcset=\"https:\/\/www.greenpeace.org\/static\/planet4-belgium-stateless\/2024\/09\/6e0cd8bd-gp0su032u.jpg 1200w, https:\/\/www.greenpeace.org\/static\/planet4-belgium-stateless\/2024\/09\/6e0cd8bd-gp0su032u-300x200.jpg 300w, https:\/\/www.greenpeace.org\/static\/planet4-belgium-stateless\/2024\/09\/6e0cd8bd-gp0su032u-1024x683.jpg 1024w, https:\/\/www.greenpeace.org\/static\/planet4-belgium-stateless\/2024\/09\/6e0cd8bd-gp0su032u-768x512.jpg 768w, https:\/\/www.greenpeace.org\/static\/planet4-belgium-stateless\/2024\/09\/6e0cd8bd-gp0su032u-510x340.jpg 510w\" sizes=\"auto, (max-width: 1200px) 100vw, 1200px\" data-image-size=\"post-thumbnail\" data-stateless-media-bucket=\"planet4-belgium-stateless\" data-stateless-media-name=\"2024\/09\/6e0cd8bd-gp0su032u.jpg\" \/><\/figure>\n\n\n                <div class=\"wp-block-group group-stretched-link is-layout-flow wp-block-group-is-layout-flow\"><div class=\"wp-block-post-terms\">P\u00e9titions<\/div>\n                <h3 class=\"wp-block-post-title\"><a href=\"https:\/\/www.greenpeace.org\/belgium\/fr\/pour-sassurer-un-futur-il-faut-interdire-tout-nouveau-projet-fossile\/\" target=\"_self\" >Pour s\u2019assurer un futur, il faut interdire tout nouveau projet fossile !<\/a><\/h3>\n                <div class=\"wp-block-post-excerpt\"><p class=\"wp-block-post-excerpt__excerpt\">Signez notre lettre ouverte pour s&rsquo;assurer un futur. <\/p><\/div><\/div>\n                \n\n\n<div class=\"wp-block-group read-more-nav is-layout-flow wp-block-group-is-layout-flow\"><a href=\"https:\/\/www.greenpeace.org\/belgium\/fr\/pour-sassurer-un-futur-il-faut-interdire-tout-nouveau-projet-fossile\/\" class=\"btn btn-primary btn-small\" aria-label=\"J'agis\">J&rsquo;agis<\/a><\/div>\n\n<\/li><\/ul>\n\n\n<div class=\"wp-block-buttons carousel-controls is-horizontal is-content-justification-space-between is-nowrap is-layout-flex wp-container-core-buttons-is-layout-044bd602 wp-block-buttons-is-layout-flex\">\n<div class=\"wp-block-button carousel-control-prev\"><button type=\"button\" class=\"wp-block-button__link wp-element-button\">Prev<\/button><\/div>\n\n\n\n<div class=\"wp-block-button carousel-control-next\"><button type=\"button\" class=\"wp-block-button__link wp-element-button\">Next<\/button><\/div>\n<\/div>\n\n\n\n<div class=\"wp-block-buttons load-more-actions-container is-content-justification-center is-layout-flex wp-container-core-buttons-is-layout-16018d1d wp-block-buttons-is-layout-flex\">\n<div class=\"wp-block-button is-style-secondary\"><button type=\"button\" class=\"wp-block-button__link wp-element-button\">Load more<\/button><\/div>\n<\/div>\n<\/div>\n\n<div style=\"height:71px\" aria-hidden=\"true\" class=\"wp-block-spacer\"><\/div>\n\n<div class=\"wp-block-media-text alignwide is-stacked-on-mobile is-image-fill-element\"><figure class=\"wp-block-media-text__media\"><img decoding=\"async\" src=\"https:\/\/www.greenpeace.org\/static\/planet4-belgium-stateless-develop\/2023\/07\/5516d09e-gp0stpcbe_web_size.jpg\" alt=\"\" sizes=\"(min-width: 1600px) calc((1320px - 24px) \/ 2),(min-width: 1200px) calc((1140px - 24px) \/ 2),(min-width: 992px) calc((960px - 24px) \/ 2),(min-width: 768px) calc((720px - 24px) \/ 2),(min-width: 601px) calc((540px - 24px) \/ 2),(min-width: 577px) calc((540px - 24px) \/ 1), calc(100vw - 24px)\" srcset=\"\" class=\"wp-image-54607 size-full\" style=\"object-position:61% 53%\"\/><\/figure><div class=\"wp-block-media-text__content\">\n<h2 class=\"wp-block-heading\">CR\u00c9ER VOTRE PROPRE CAMPAGNE<\/h2>\n\n\n\n<p>Vous vous souciez d\u2019une cause li\u00e9e \u00e0 l&rsquo;environnement ou \u00e0 la justice sociale ? Vous jugez une situation injuste ou ne fonctionnant pas correctement ? Utilisez votre voix pour la d\u00e9noncer en cr\u00e9ant votre campagne gr\u00e2ce \u00e0 11 Million Voices (11M).<\/p>\n\n\n\n<div class=\"wp-block-buttons is-layout-flex wp-block-buttons-is-layout-flex\">\n<div class=\"wp-block-button is-style-cta\"><a class=\"wp-block-button__link wp-element-button\" href=\"https:\/\/www.11m.be\/\" target=\"_blank\" rel=\"noreferrer noopener\">Je lance ma p\u00e9tition<\/a><\/div>\n<\/div>\n<\/div><\/div>\n\n<div style=\"height:80px\" aria-hidden=\"true\" class=\"wp-block-spacer\"><\/div>\n<div data-render=\"planet4-blocks\/happypoint\" data-attributes=\"{&quot;attributes&quot;:{&quot;opacity&quot;:100,&quot;id&quot;:53578,&quot;embed_code&quot;:&quot;&quot;,&quot;override_default_content&quot;:true,&quot;local_content_provider&quot;:&quot;iframe_url&quot;}}\"><\/div>","protected":false},"excerpt":{"rendered":"<p>SIGNER NOS P\u00c9TITIONS En signant nos p\u00e9titions, vous devenez un v\u00e9ritable agent du changement. Vous ajoutez votre voix \u00e0 celle de milliers de personnes qui exigent des mesures concr\u00e8tes pour pr\u00e9server notre plan\u00e8te. Que ce soit pour mettre fin \u00e0 la d\u00e9forestation, demander un syst\u00e8me alimentaire juste pour tou\u00b7tes, prot\u00e9ger les esp\u00e8ces en voie de [&hellip;]<\/p>\n","protected":false},"author":105,"featured_media":53765,"parent":54018,"menu_order":0,"comment_status":"closed","ping_status":"closed","template":"","meta":{"ep_exclude_from_search":false,"p4_hide_page_title_checkbox":"on","p4_title":"","p4_subtitle":"","p4_description":"","background_image_id":"","background_image":"","p4_button_title":"","p4_button_link":"","p4_button_link_checkbox":"","p4_og_title":"","p4_og_description":"","p4_og_image":"","p4_og_image_id":"","p4_seo_canonical_url":"","p4_campaign_name":"","p4_local_project":"","p4_basket_name":"","p4_department":"","footnotes":""},"categories":[184,188],"tags":[],"class_list":["post-54053","page","type-page","status-publish","has-post-thumbnail","hentry","category-agir","category-petitions"],"_links":{"self":[{"href":"https:\/\/www.greenpeace.org\/belgium\/fr\/wp-json\/wp\/v2\/pages\/54053","targetHints":{"allow":["GET"]}}],"collection":[{"href":"https:\/\/www.greenpeace.org\/belgium\/fr\/wp-json\/wp\/v2\/pages"}],"about":[{"href":"https:\/\/www.greenpeace.org\/belgium\/fr\/wp-json\/wp\/v2\/types\/page"}],"author":[{"embeddable":true,"href":"https:\/\/www.greenpeace.org\/belgium\/fr\/wp-json\/wp\/v2\/users\/105"}],"replies":[{"embeddable":true,"href":"https:\/\/www.greenpeace.org\/belgium\/fr\/wp-json\/wp\/v2\/comments?post=54053"}],"version-history":[{"count":20,"href":"https:\/\/www.greenpeace.org\/belgium\/fr\/wp-json\/wp\/v2\/pages\/54053\/revisions"}],"predecessor-version":[{"id":62423,"href":"https:\/\/www.greenpeace.org\/belgium\/fr\/wp-json\/wp\/v2\/pages\/54053\/revisions\/62423"}],"up":[{"embeddable":true,"href":"https:\/\/www.greenpeace.org\/belgium\/fr\/wp-json\/wp\/v2\/pages\/54018"}],"wp:featuredmedia":[{"embeddable":true,"href":"https:\/\/www.greenpeace.org\/belgium\/fr\/wp-json\/wp\/v2\/media\/53765"}],"wp:attachment":[{"href":"https:\/\/www.greenpeace.org\/belgium\/fr\/wp-json\/wp\/v2\/media?parent=54053"}],"wp:term":[{"taxonomy":"category","embeddable":true,"href":"https:\/\/www.greenpeace.org\/belgium\/fr\/wp-json\/wp\/v2\/categories?post=54053"},{"taxonomy":"post_tag","embeddable":true,"href":"https:\/\/www.greenpeace.org\/belgium\/fr\/wp-json\/wp\/v2\/tags?post=54053"}],"curies":[{"name":"wp","href":"https:\/\/api.w.org\/{rel}","templated":true}]}}