{"id":54062,"date":"2023-09-26T14:24:12","date_gmt":"2023-09-26T13:24:12","guid":{"rendered":"https:\/\/www.greenpeace.org\/belgium\/?page_id=54062"},"modified":"2026-04-08T09:49:00","modified_gmt":"2026-04-08T08:49:00","slug":"justice-climatique","status":"publish","type":"page","link":"https:\/\/www.greenpeace.org\/belgium\/fr\/campagnes\/climat\/justice-climatique\/","title":{"rendered":"Justice climatique"},"content":{"rendered":"\n<div class=\"wp-block-group is-pattern-p4-deep-dive-topic-pattern-layout is-layout-flow wp-block-group-is-layout-flow\">\n\n<div class=\"wp-block-group alignfull is-layout-flow wp-block-group-is-layout-flow\" style=\"padding-top:56px;padding-bottom:56px\">\n<div class=\"wp-block-group container is-layout-flow wp-block-group-is-layout-flow\">\n<div class=\"wp-block-media-text alignfull has-media-on-the-right is-stacked-on-mobile is-pattern-p4-page-header is-style-parallax\"><div class=\"wp-block-media-text__content\">\n<div class=\"wp-block-group is-layout-flow wp-block-group-is-layout-flow\">\n<h1 class=\"wp-block-heading has-white-background-color has-background\">JUSTICE CLIMATIQUE<\/h1>\n<\/div>\n\n\n\n<p style=\"font-size:1.25rem\">La question du climat est profond\u00e9ment li\u00e9e aux luttes sociales, environnementales, antiracistes, queer et f\u00e9ministes. La croyance en une croissance \u00e9conomique illimit\u00e9e a caus\u00e9 beaucoup de tort aux personnes et \u00e0 la plan\u00e8te. Cela doit changer.<\/p>\n\n\n\n<div class=\"wp-block-buttons is-layout-flex wp-block-buttons-is-layout-flex\"><\/div>\n<\/div><figure class=\"wp-block-media-text__media\"><img loading=\"lazy\" decoding=\"async\" width=\"800\" height=\"533\" src=\"https:\/\/www.greenpeace.org\/static\/planet4-belgium-stateless\/2023\/09\/15c5d93a-gp1swqrx_web_size.jpg\" alt=\"\" sizes=\"auto, (min-width: 601px) 50vw, 100vw\" srcset=\"https:\/\/www.greenpeace.org\/static\/planet4-belgium-stateless\/2023\/09\/15c5d93a-gp1swqrx_web_size.jpg 800w, https:\/\/www.greenpeace.org\/static\/planet4-belgium-stateless\/2023\/09\/15c5d93a-gp1swqrx_web_size-300x200.jpg 300w, https:\/\/www.greenpeace.org\/static\/planet4-belgium-stateless\/2023\/09\/15c5d93a-gp1swqrx_web_size-768x512.jpg 768w, https:\/\/www.greenpeace.org\/static\/planet4-belgium-stateless\/2023\/09\/15c5d93a-gp1swqrx_web_size-510x340.jpg 510w\" class=\"wp-image-53678 size-full\"\/><\/figure><\/div>\n<\/div>\n<\/div>\n\n\n\n\n\n<div class=\"wp-block-media-text alignwide is-stacked-on-mobile is-image-fill\"><figure class=\"wp-block-media-text__media\" style=\"background-image:url(https:\/\/www.greenpeace.org\/static\/planet4-belgium-stateless\/2023\/09\/85c5a166-gp1swkop_web_size.jpg);background-position:50% 50%\"><img loading=\"lazy\" decoding=\"async\" width=\"800\" height=\"533\" src=\"https:\/\/www.greenpeace.org\/static\/planet4-belgium-stateless\/2023\/09\/85c5a166-gp1swkop_web_size.jpg\" alt=\"\" sizes=\"auto, (min-width: 1600px) calc((1320px - 24px) \/ 2),(min-width: 1200px) calc((1140px - 24px) \/ 2),(min-width: 992px) calc((960px - 24px) \/ 2),(min-width: 768px) calc((720px - 24px) \/ 2),(min-width: 601px) calc((540px - 24px) \/ 2),(min-width: 577px) calc((540px - 24px) \/ 1), calc(100vw - 24px)\" srcset=\"https:\/\/www.greenpeace.org\/static\/planet4-belgium-stateless\/2023\/09\/85c5a166-gp1swkop_web_size.jpg 800w, https:\/\/www.greenpeace.org\/static\/planet4-belgium-stateless\/2023\/09\/85c5a166-gp1swkop_web_size-300x200.jpg 300w, https:\/\/www.greenpeace.org\/static\/planet4-belgium-stateless\/2023\/09\/85c5a166-gp1swkop_web_size-768x512.jpg 768w, https:\/\/www.greenpeace.org\/static\/planet4-belgium-stateless\/2023\/09\/85c5a166-gp1swkop_web_size-510x340.jpg 510w\" class=\"wp-image-53676 size-full\"\/><\/figure><div class=\"wp-block-media-text__content\">\n<h2 class=\"wp-block-heading\">LA PROBL\u00c9MATIQUE<\/h2>\n\n\n\n<p>De nombreuses entreprises et nations sont responsables d\u2019une surexploitation de notre plan\u00e8te, tandis que d\u2019autres, principalement des individus vivant dans des r\u00e9gions du Sud ou appartenant \u00e0 des groupes minoritaires dans les pays industrialis\u00e9s riches, tels que la communaut\u00e9 LGBTQIA2S+ ou BIPOC, subissent de mani\u00e8re disproportionn\u00e9e les cons\u00e9quences n\u00e9fastes de cette situation. Le d\u00e9s\u00e9quilibre est d\u2019autant plus injuste que ce sont ces populations qui contribuent le moins \u00e0 la crise climatique.<\/p>\n\n\n\n<div class=\"wp-block-buttons is-layout-flex wp-block-buttons-is-layout-flex\"><\/div>\n<\/div><\/div>\n\n\n\n\n<div style=\"height:80px\" aria-hidden=\"true\" class=\"wp-block-spacer\"><\/div>\n\n\n\n\n<div class=\"wp-block-media-text alignwide has-media-on-the-right is-stacked-on-mobile is-image-fill\"><div class=\"wp-block-media-text__content\">\n<h2 class=\"wp-block-heading\">NOS ACTIONS<\/h2>\n\n\n\n<p>La justice, l\u2019inclusivit\u00e9 et la diversit\u00e9 rev\u00eatent une importance primordiale pour nous. Nous les consid\u00e9rons comme des valeurs essentielles pour b\u00e2tir un monde plus \u00e9quitable, plus s\u00fbr et plus respectueux de l\u2019environnement. En interne, cela signifie que nous recrutons des personnes partageant ces valeurs et que nous offrons \u00e0 notre personnel des formations sur ces sujets. En externe, nous soutenons les groupes minoritaires dans leurs combats en tant qu\u2019alli\u00e9\u00b7es. Nous participons aussi notamment aux manifestations contre le racisme, \u00e0 la Pride et \u00e0 la Journ\u00e9e internationale de lutte pour les droits des femmes. Nous croyons en la mise en pratique concr\u00e8te de ces principes pour promouvoir un avenir meilleur pour tou\u00b7tes.<\/p>\n\n\n\n<div class=\"wp-block-buttons is-layout-flex wp-block-buttons-is-layout-flex\"><\/div>\n<\/div><figure class=\"wp-block-media-text__media\" style=\"background-image:url(https:\/\/www.greenpeace.org\/static\/planet4-belgium-stateless\/2023\/09\/336fc7b9-gp1stzp0_web_size.jpg);background-position:50% 50%\"><img loading=\"lazy\" decoding=\"async\" width=\"745\" height=\"600\" src=\"https:\/\/www.greenpeace.org\/static\/planet4-belgium-stateless\/2023\/09\/336fc7b9-gp1stzp0_web_size.jpg\" alt=\"\" sizes=\"auto, (min-width: 1600px) calc((1320px - 24px) \/ 2),(min-width: 1200px) calc((1140px - 24px) \/ 2),(min-width: 992px) calc((960px - 24px) \/ 2),(min-width: 768px) calc((720px - 24px) \/ 2),(min-width: 601px) calc((540px - 24px) \/ 2),(min-width: 577px) calc((540px - 24px) \/ 1), calc(100vw - 24px)\" srcset=\"https:\/\/www.greenpeace.org\/static\/planet4-belgium-stateless\/2023\/09\/336fc7b9-gp1stzp0_web_size.jpg 745w, https:\/\/www.greenpeace.org\/static\/planet4-belgium-stateless\/2023\/09\/336fc7b9-gp1stzp0_web_size-300x242.jpg 300w, https:\/\/www.greenpeace.org\/static\/planet4-belgium-stateless\/2023\/09\/336fc7b9-gp1stzp0_web_size-422x340.jpg 422w\" class=\"wp-image-53674 size-full\"\/><\/figure><\/div>\n\n\n\n\n<div style=\"height:80px\" aria-hidden=\"true\" class=\"wp-block-spacer\"><\/div>\n\n\n\n        <div class=\"wp-block-query actions-list p4-query-loop is-custom-layout-actions-list is-custom-layout-grid is-layout-flex wp-block-query-is-layout-flex\"><h2 class=\"wp-block-heading\">COMMENT AGIR<\/h2>\n        <p style=\"margin-top: 24px; margin-bottom: 32px;\">Participez vous aussi au succ\u00e8s de la campagne !<\/p>\n        \n        <ul class=\"wp-block-post-template is-layout-flow wp-block-post-template-is-layout-flow\"><li class=\"wp-block-post post-61909 page type-page status-publish has-post-thumbnail hentry category-petitions tag-energie\">\n                <figure class=\"wp-block-post-featured-image\"><img loading=\"lazy\" decoding=\"async\" width=\"1600\" height=\"1066\" src=\"https:\/\/www.greenpeace.org\/static\/planet4-belgium-stateless\/2026\/01\/075a6b05-whatsapp-image-2026-01-26-at-09.23.03.jpeg\" class=\"attachment-post-thumbnail size-post-thumbnail wp-post-image wp-stateless-item\" alt=\"\" style=\"object-fit:cover;\" srcset=\"https:\/\/www.greenpeace.org\/static\/planet4-belgium-stateless\/2026\/01\/075a6b05-whatsapp-image-2026-01-26-at-09.23.03.jpeg 1600w, https:\/\/www.greenpeace.org\/static\/planet4-belgium-stateless\/2026\/01\/075a6b05-whatsapp-image-2026-01-26-at-09.23.03-300x200.jpeg 300w, https:\/\/www.greenpeace.org\/static\/planet4-belgium-stateless\/2026\/01\/075a6b05-whatsapp-image-2026-01-26-at-09.23.03-1024x682.jpeg 1024w, https:\/\/www.greenpeace.org\/static\/planet4-belgium-stateless\/2026\/01\/075a6b05-whatsapp-image-2026-01-26-at-09.23.03-768x512.jpeg 768w, https:\/\/www.greenpeace.org\/static\/planet4-belgium-stateless\/2026\/01\/075a6b05-whatsapp-image-2026-01-26-at-09.23.03-1536x1023.jpeg 1536w, https:\/\/www.greenpeace.org\/static\/planet4-belgium-stateless\/2026\/01\/075a6b05-whatsapp-image-2026-01-26-at-09.23.03-510x340.jpeg 510w\" sizes=\"auto, (max-width: 1600px) 100vw, 1600px\" data-image-size=\"post-thumbnail\" data-stateless-media-bucket=\"planet4-belgium-stateless\" data-stateless-media-name=\"2026\/01\/075a6b05-whatsapp-image-2026-01-26-at-09.23.03.jpeg\" \/><\/figure>\n                \n                <div class=\"wp-block-group group-stretched-link is-layout-flow wp-block-group-is-layout-flow\"><div class=\"wp-block-post-terms\">P\u00e9titions<\/div>\n                <h3 class=\"wp-block-post-title\"><a href=\"https:\/\/www.greenpeace.org\/belgium\/fr\/agir\/laissons-pas-trump-diriger-europe-independance-gaz-petrole\/\" target=\"_self\" >Ne laissons pas Trump diriger l&rsquo;Europe<\/a><\/h3>\n                <div class=\"wp-block-post-excerpt\"><p class=\"wp-block-post-excerpt__excerpt\">Trump s\u00e8me le chaos et la destruction. Son agenda politique menace des vies, attaque la d\u00e9mocratie et enfonce notre plan\u00e8te dans une crise profonde.\u00a0 <\/p><\/div><\/div>\n                \n                \n        <div class=\"wp-block-group read-more-nav is-layout-flow wp-block-group-is-layout-flow\"><a href=\"https:\/\/www.greenpeace.org\/belgium\/fr\/agir\/laissons-pas-trump-diriger-europe-independance-gaz-petrole\/\" class=\"btn btn-primary btn-small\" aria-label=\"J'agis\">J&rsquo;agis<\/a>\n        \n        \n        <\/div>\n        \n                <\/li><li class=\"wp-block-post post-60688 page type-page status-publish has-post-thumbnail hentry category-petitions tag-climat\">\n                <figure class=\"wp-block-post-featured-image\"><img decoding=\"async\" src=\"https:\/\/www.greenpeace.org\/static\/planet4-belgium-stateless\/2025\/07\/baafa3f1-ppp-fr.png\" class=\"attachment-post-thumbnail size-post-thumbnail wp-post-image wp-stateless-item\" alt=\"Photo d&#039;une inondation\" style=\"object-fit:cover;\" data-image-size=\"post-thumbnail\" data-stateless-media-bucket=\"planet4-belgium-stateless\" data-stateless-media-name=\"2025\/07\/baafa3f1-ppp-fr.png\" \/><\/figure>\n                \n                <div class=\"wp-block-group group-stretched-link is-layout-flow wp-block-group-is-layout-flow\"><div class=\"wp-block-post-terms\">P\u00e9titions<\/div>\n                <h3 class=\"wp-block-post-title\"><a href=\"https:\/\/www.greenpeace.org\/belgium\/fr\/agir\/faisons-payer-les-pollueurs\/\" target=\"_self\" >Faisons payer les pollueurs<\/a><\/h3>\n                <div class=\"wp-block-post-excerpt\"><p class=\"wp-block-post-excerpt__excerpt\">Depuis des d\u00e9cennies, les multinationales des \u00e9nergies fossiles ont connaissance de l\u2019impact n\u00e9faste de leurs activit\u00e9s. Plut\u00f4t que de prendre leurs responsabilit\u00e9s, elles pr\u00e9f\u00e8rent mentir pour continuer d\u2019engranger des profits record. Il est temps de les faire payer. <\/p><\/div><\/div>\n                \n                \n        <div class=\"wp-block-group read-more-nav is-layout-flow wp-block-group-is-layout-flow\"><a href=\"https:\/\/www.greenpeace.org\/belgium\/fr\/agir\/faisons-payer-les-pollueurs\/\" class=\"btn btn-primary btn-small\" aria-label=\"J'agis\">J&rsquo;agis<\/a>\n        \n        \n        <\/div>\n        \n                <\/li><li class=\"wp-block-post post-59629 page type-page status-publish has-post-thumbnail hentry category-petitions tag-forets\">\n                <figure class=\"wp-block-post-featured-image\"><img loading=\"lazy\" decoding=\"async\" width=\"800\" height=\"533\" src=\"https:\/\/www.greenpeace.org\/static\/planet4-belgium-stateless\/2025\/03\/f6b57a66-respectamazon-petition-general.jpg\" class=\"attachment-post-thumbnail size-post-thumbnail wp-post-image wp-stateless-item\" alt=\"\" style=\"object-fit:cover;\" srcset=\"https:\/\/www.greenpeace.org\/static\/planet4-belgium-stateless\/2025\/03\/f6b57a66-respectamazon-petition-general.jpg 800w, https:\/\/www.greenpeace.org\/static\/planet4-belgium-stateless\/2025\/03\/f6b57a66-respectamazon-petition-general-300x200.jpg 300w, https:\/\/www.greenpeace.org\/static\/planet4-belgium-stateless\/2025\/03\/f6b57a66-respectamazon-petition-general-768x512.jpg 768w, https:\/\/www.greenpeace.org\/static\/planet4-belgium-stateless\/2025\/03\/f6b57a66-respectamazon-petition-general-510x340.jpg 510w\" sizes=\"auto, (max-width: 800px) 100vw, 800px\" data-image-size=\"post-thumbnail\" data-stateless-media-bucket=\"planet4-belgium-stateless\" data-stateless-media-name=\"2025\/03\/f6b57a66-respectamazon-petition-general.jpg\" \/><\/figure>\n                \n                <div class=\"wp-block-group group-stretched-link is-layout-flow wp-block-group-is-layout-flow\"><div class=\"wp-block-post-terms\">P\u00e9titions<\/div>\n                <h3 class=\"wp-block-post-title\"><a href=\"https:\/\/www.greenpeace.org\/belgium\/fr\/agir\/fin-a-la-destruction-de-la-foret-amazonienne\/\" target=\"_self\" >Demandons aux dirigeant\u00b7es du monde de mettre fin \u00e0 la destruction de la for\u00eat amazonienne<\/a><\/h3>\n                <div class=\"wp-block-post-excerpt\"><p class=\"wp-block-post-excerpt__excerpt\">La for\u00eat amazonienne est essentielle \u00e0 la vie de millions de personnes et d\u2019innombrables esp\u00e8ces. Elle est aussi l\u2019un de nos plus grands espoirs pour un avenir viable : toute vie sur Terre d\u00e9pend de son r\u00f4le majeur dans la r\u00e9gulation du climat. <\/p><\/div><\/div>\n                \n                \n        <div class=\"wp-block-group read-more-nav is-layout-flow wp-block-group-is-layout-flow\"><a href=\"https:\/\/www.greenpeace.org\/belgium\/fr\/agir\/fin-a-la-destruction-de-la-foret-amazonienne\/\" class=\"btn btn-primary btn-small\" aria-label=\"J'agis\">J&rsquo;agis<\/a>\n        \n        \n        <\/div>\n        \n                <\/li><li class=\"wp-block-post post-59278 page type-page status-publish has-post-thumbnail hentry category-petitions tag-oceans\">\n                <figure class=\"wp-block-post-featured-image\"><img loading=\"lazy\" decoding=\"async\" width=\"1200\" height=\"873\" src=\"https:\/\/www.greenpeace.org\/static\/planet4-belgium-stateless\/2025\/02\/8bc50360-whale.jpg\" class=\"attachment-post-thumbnail size-post-thumbnail wp-post-image wp-stateless-item\" alt=\"\" style=\"object-fit:cover;\" srcset=\"https:\/\/www.greenpeace.org\/static\/planet4-belgium-stateless\/2025\/02\/8bc50360-whale.jpg 1200w, https:\/\/www.greenpeace.org\/static\/planet4-belgium-stateless\/2025\/02\/8bc50360-whale-300x218.jpg 300w, https:\/\/www.greenpeace.org\/static\/planet4-belgium-stateless\/2025\/02\/8bc50360-whale-1024x745.jpg 1024w, https:\/\/www.greenpeace.org\/static\/planet4-belgium-stateless\/2025\/02\/8bc50360-whale-768x559.jpg 768w, https:\/\/www.greenpeace.org\/static\/planet4-belgium-stateless\/2025\/02\/8bc50360-whale-467x340.jpg 467w\" sizes=\"auto, (max-width: 1200px) 100vw, 1200px\" data-image-size=\"post-thumbnail\" data-stateless-media-bucket=\"planet4-belgium-stateless\" data-stateless-media-name=\"2025\/02\/8bc50360-whale.jpg\" \/><\/figure>\n                \n                <div class=\"wp-block-group group-stretched-link is-layout-flow wp-block-group-is-layout-flow\"><div class=\"wp-block-post-terms\">P\u00e9titions<\/div>\n                <h3 class=\"wp-block-post-title\"><a href=\"https:\/\/www.greenpeace.org\/belgium\/fr\/agir\/reserves-marines\/\" target=\"_self\" >Pour prot\u00e9ger vraiment les oc\u00e9ans, cr\u00e9ons des r\u00e9serves marines<\/a><\/h3>\n                <div class=\"wp-block-post-excerpt\"><p class=\"wp-block-post-excerpt__excerpt\">Ensemble, nous pouvons pousser nos gouvernements \u00e0 cr\u00e9er des r\u00e9serves marines, et ainsi, prot\u00e9ger nos oc\u00e9ans. Ensemble, formons une vague inarr\u00eatable pour sauver les oc\u00e9ans ! <\/p><\/div><\/div>\n                \n                \n        <div class=\"wp-block-group read-more-nav is-layout-flow wp-block-group-is-layout-flow\"><a href=\"https:\/\/www.greenpeace.org\/belgium\/fr\/agir\/reserves-marines\/\" class=\"btn btn-primary btn-small\" aria-label=\"J'agis\">J&rsquo;agis<\/a>\n        \n        \n        <\/div>\n        \n                <\/li><\/ul>\n        \n<div class=\"wp-block-buttons carousel-controls is-horizontal is-content-justification-space-between is-nowrap is-layout-flex wp-container-core-buttons-is-layout-044bd602 wp-block-buttons-is-layout-flex\">\n            <div class=\"wp-block-button carousel-control-prev\"><button type=\"button\" class=\"wp-block-button__link wp-element-button\">Prev<\/button><\/div>\n        \n\n            <div class=\"wp-block-button carousel-control-next\"><button type=\"button\" class=\"wp-block-button__link wp-element-button\">Next<\/button><\/div>\n        <\/div>\n\n        \n<div class=\"wp-block-buttons load-more-actions-container is-content-justification-center is-layout-flex wp-container-core-buttons-is-layout-16018d1d wp-block-buttons-is-layout-flex\">\n                <div class=\"wp-block-button is-style-secondary\"><button type=\"button\" class=\"wp-block-button__link wp-element-button\">Load more<\/button><\/div>\n            \n<\/div>\n<\/div>\n        \n\n\n    <div class=\"wp-block-query posts-list p4-query-loop is-custom-layout-grid is-layout-grid wp-container-core-query-is-layout-b8bb0bd1 wp-block-query-is-layout-grid\">\n        <div class=\"wp-block-group is-content-justification-space-between is-layout-flex wp-container-core-group-is-layout-3d213aab wp-block-group-is-layout-flex\"><h2 class=\"wp-block-heading\">ACTUALIT\u00c9S<\/h2>\n        <li class=\" wp-block-navigation-item see-all-link wp-block-navigation-link\"><a class=\"wp-block-navigation-item__content\"  href=\"http:\/\/www.greenpeace.org\/belgium\/fr\/a-la-une\/?post-type=blog\"><span class=\"wp-block-navigation-item__label\">See all stories<\/span><\/a><\/li>\n        \n        <\/div>\n        \n\n    <p style=\"margin-top: 24px; margin-bottom: 36px;\"><\/p>\n\n    \n\n    <ul class=\"wp-block-post-template is-layout-flow wp-block-post-template-is-layout-flow\"><li class=\"wp-block-post post-62494 post type-post status-publish format-standard has-post-thumbnail hentry category-a-la-une category-actualites category-energies-fossiles tag-energie p4-page-type-actualites-blog\">\n            \n<div class=\"wp-block-columns is-layout-flex wp-container-core-columns-is-layout-9d6595d7 wp-block-columns-is-layout-flex\"><figure class=\"wp-block-post-featured-image\"><a href=\"https:\/\/www.greenpeace.org\/belgium\/fr\/actualites-blog\/62494\/a-santa-marta-les-pays-devront-affronter-lelephant-dans-la-piece-les-energies-fossiles\/\" target=\"_self\"  ><img loading=\"lazy\" decoding=\"async\" width=\"800\" height=\"600\" src=\"https:\/\/www.greenpeace.org\/static\/planet4-belgium-stateless\/2026\/04\/d70ad38f-gp0su8qy1_low-res-800px.jpg\" class=\"attachment-post-thumbnail size-post-thumbnail wp-post-image wp-stateless-item\" alt=\"\u00c0 Santa Marta, les pays devront affronter l\u2019\u00e9l\u00e9phant dans la pi\u00e8ce : les \u00e9nergies fossiles\" style=\"object-fit:cover;\" srcset=\"https:\/\/www.greenpeace.org\/static\/planet4-belgium-stateless\/2026\/04\/d70ad38f-gp0su8qy1_low-res-800px.jpg 800w, https:\/\/www.greenpeace.org\/static\/planet4-belgium-stateless\/2026\/04\/d70ad38f-gp0su8qy1_low-res-800px-300x225.jpg 300w, https:\/\/www.greenpeace.org\/static\/planet4-belgium-stateless\/2026\/04\/d70ad38f-gp0su8qy1_low-res-800px-768x576.jpg 768w, https:\/\/www.greenpeace.org\/static\/planet4-belgium-stateless\/2026\/04\/d70ad38f-gp0su8qy1_low-res-800px-453x340.jpg 453w\" sizes=\"auto, (max-width: 800px) 100vw, 800px\" data-image-size=\"post-thumbnail\" data-stateless-media-bucket=\"planet4-belgium-stateless\" data-stateless-media-name=\"2026\/04\/d70ad38f-gp0su8qy1_low-res-800px.jpg\" \/><\/a><\/figure>\n\n        <div class=\"wp-block-group is-layout-flow wp-block-group-is-layout-flow\">\n                <div class=\"wp-block-group is-layout-flow wp-block-group-is-layout-flow\"><div class=\"wp-block-post-terms\"><a href=\"https:\/\/www.greenpeace.org\/belgium\/fr\/category\/a-la-une\/\">\u00c0 la une<\/a><\/div>\n                <div class=\"taxonomy-post_tag wp-block-post-terms\"><a href=\"https:\/\/www.greenpeace.org\/belgium\/fr\/tag\/energie\/\" rel=\"tag\">\u00c9nergie<\/a><\/div>\n                \n                <\/div>\n                \n        <h3 class=\"wp-block-post-title\"><a href=\"https:\/\/www.greenpeace.org\/belgium\/fr\/actualites-blog\/62494\/a-santa-marta-les-pays-devront-affronter-lelephant-dans-la-piece-les-energies-fossiles\/\" target=\"_self\" >\u00c0 Santa Marta, les pays devront affronter l\u2019\u00e9l\u00e9phant dans la pi\u00e8ce : les \u00e9nergies fossiles<\/a><\/h3>\n        <div class=\"wp-block-post-excerpt\"><p class=\"wp-block-post-excerpt__excerpt\">Va-t-on enfin passer de \u201cparler\u201d \u00e0 \u201cfaire\u201d dans la lutte contre la crise climatique ? Du 24 au 29 avril \u00e0 Santa Marta, en Colombie, s\u2019ouvre la premi\u00e8re conf\u00e9rence internationale&hellip; <\/p><\/div>\n        \n        <div class=\"wp-block-group posts-list-meta is-layout-flow wp-block-group-is-layout-flow\"><span class='article-list-item-author'><a href='https:\/\/www.greenpeace.org\/belgium\/fr\/author\/webmaster\/'>Greenpeace Belgium<\/a><\/span>\n        <div class=\"wp-block-post-date\"><time datetime=\"2026-04-24T09:27:51+01:00\">24 avril 2026<\/time><\/div>\n        \n        <\/div>\n        <\/div>\n        <\/div>\n\n            <\/li><li class=\"wp-block-post post-62376 post type-post status-publish format-standard has-post-thumbnail hentry category-a-la-une category-actualites category-campagnes category-energie category-energies-fossiles p4-page-type-actualites-blog\">\n            \n<div class=\"wp-block-columns is-layout-flex wp-container-core-columns-is-layout-9d6595d7 wp-block-columns-is-layout-flex\"><figure class=\"wp-block-post-featured-image\"><a href=\"https:\/\/www.greenpeace.org\/belgium\/fr\/actualites-blog\/62376\/quand-le-farmer-case-rencontre-la-danse-une-performance-artistique-a-ne-pas-manquer\/\" target=\"_self\"  ><img loading=\"lazy\" decoding=\"async\" width=\"1330\" height=\"880\" src=\"https:\/\/www.greenpeace.org\/static\/planet4-belgium-stateless\/2026\/04\/a2c397a3-eric_de_mildt.jpg\" class=\"attachment-post-thumbnail size-post-thumbnail wp-post-image wp-stateless-item\" alt=\"Quand le \u2018Farmer Case\u2019 rencontre la danse : une performance artistique \u00e0 ne pas manquer\" style=\"object-fit:cover;\" srcset=\"https:\/\/www.greenpeace.org\/static\/planet4-belgium-stateless\/2026\/04\/a2c397a3-eric_de_mildt.jpg 1330w, https:\/\/www.greenpeace.org\/static\/planet4-belgium-stateless\/2026\/04\/a2c397a3-eric_de_mildt-300x198.jpg 300w, https:\/\/www.greenpeace.org\/static\/planet4-belgium-stateless\/2026\/04\/a2c397a3-eric_de_mildt-1024x678.jpg 1024w, https:\/\/www.greenpeace.org\/static\/planet4-belgium-stateless\/2026\/04\/a2c397a3-eric_de_mildt-768x508.jpg 768w, https:\/\/www.greenpeace.org\/static\/planet4-belgium-stateless\/2026\/04\/a2c397a3-eric_de_mildt-510x337.jpg 510w\" sizes=\"auto, (max-width: 1330px) 100vw, 1330px\" data-image-size=\"post-thumbnail\" data-stateless-media-bucket=\"planet4-belgium-stateless\" data-stateless-media-name=\"2026\/04\/a2c397a3-eric_de_mildt.jpg\" \/><\/a><\/figure>\n\n        <div class=\"wp-block-group is-layout-flow wp-block-group-is-layout-flow\">\n                <div class=\"wp-block-group is-layout-flow wp-block-group-is-layout-flow\"><div class=\"wp-block-post-terms\"><a href=\"https:\/\/www.greenpeace.org\/belgium\/fr\/category\/a-la-une\/\">\u00c0 la une<\/a><\/div>\n                \n                \n                <\/div>\n                \n        <h3 class=\"wp-block-post-title\"><a href=\"https:\/\/www.greenpeace.org\/belgium\/fr\/actualites-blog\/62376\/quand-le-farmer-case-rencontre-la-danse-une-performance-artistique-a-ne-pas-manquer\/\" target=\"_self\" >Quand le \u2018Farmer Case\u2019 rencontre la danse : une performance artistique \u00e0 ne pas manquer<\/a><\/h3>\n        <div class=\"wp-block-post-excerpt\"><p class=\"wp-block-post-excerpt__excerpt\">Les 17, 18 et 19 avril, dans plusieurs villes belges, une trentaines de jeunes de la compagnie du Bal Special livreront une performance dans\u00e9e inspir\u00e9e du \u2019Farmer Case\u2019, ce proc\u00e8s intent\u00e9 par l\u2019agriculteur belge Hugues Falys contre la multinationale fossile TotalEnergies. Cette ode collective \u00e0 l\u2019agriculture et \u00e0 la joie militante est l&rsquo;\u0153uvre du chor\u00e9graphe&hellip; <\/p><\/div>\n        \n        <div class=\"wp-block-group posts-list-meta is-layout-flow wp-block-group-is-layout-flow\"><span class='article-list-item-author'>Greenpeace Belgium<\/span>\n        <div class=\"wp-block-post-date\"><time datetime=\"2026-04-02T11:46:56+01:00\">2 avril 2026<\/time><\/div>\n        \n        <\/div>\n        <\/div>\n        <\/div>\n\n            <\/li><li class=\"wp-block-post post-62306 post type-post status-publish format-standard has-post-thumbnail hentry category-a-la-une category-actualites category-campagnes category-energie category-energies-fossiles category-energies-renouvelables p4-page-type-actualites-blog\">\n            \n<div class=\"wp-block-columns is-layout-flex wp-container-core-columns-is-layout-9d6595d7 wp-block-columns-is-layout-flex\"><figure class=\"wp-block-post-featured-image\"><a href=\"https:\/\/www.greenpeace.org\/belgium\/fr\/actualites-blog\/62306\/sortir-rapidement-de-notre-dependance-au-petrole-et-au-gaz-27-propositions-pour-un-plan-durgence\/\" target=\"_self\"  ><img loading=\"lazy\" decoding=\"async\" width=\"1200\" height=\"800\" src=\"https:\/\/www.greenpeace.org\/static\/planet4-belgium-stateless\/2025\/10\/7101148e-gp0su6xom.jpg\" class=\"attachment-post-thumbnail size-post-thumbnail wp-post-image wp-stateless-item\" alt=\"Sortir rapidement de notre d\u00e9pendance au p\u00e9trole et au gaz: 27 propositions pour un plan d\u2019urgence\" style=\"object-fit:cover;\" srcset=\"https:\/\/www.greenpeace.org\/static\/planet4-belgium-stateless\/2025\/10\/7101148e-gp0su6xom.jpg 1200w, https:\/\/www.greenpeace.org\/static\/planet4-belgium-stateless\/2025\/10\/7101148e-gp0su6xom-300x200.jpg 300w, https:\/\/www.greenpeace.org\/static\/planet4-belgium-stateless\/2025\/10\/7101148e-gp0su6xom-1024x683.jpg 1024w, https:\/\/www.greenpeace.org\/static\/planet4-belgium-stateless\/2025\/10\/7101148e-gp0su6xom-768x512.jpg 768w, https:\/\/www.greenpeace.org\/static\/planet4-belgium-stateless\/2025\/10\/7101148e-gp0su6xom-510x340.jpg 510w\" sizes=\"auto, (max-width: 1200px) 100vw, 1200px\" data-image-size=\"post-thumbnail\" data-stateless-media-bucket=\"planet4-belgium-stateless\" data-stateless-media-name=\"2025\/10\/7101148e-gp0su6xom.jpg\" \/><\/a><\/figure>\n\n        <div class=\"wp-block-group is-layout-flow wp-block-group-is-layout-flow\">\n                <div class=\"wp-block-group is-layout-flow wp-block-group-is-layout-flow\"><div class=\"wp-block-post-terms\"><a href=\"https:\/\/www.greenpeace.org\/belgium\/fr\/category\/a-la-une\/\">\u00c0 la une<\/a><\/div>\n                \n                \n                <\/div>\n                \n        <h3 class=\"wp-block-post-title\"><a href=\"https:\/\/www.greenpeace.org\/belgium\/fr\/actualites-blog\/62306\/sortir-rapidement-de-notre-dependance-au-petrole-et-au-gaz-27-propositions-pour-un-plan-durgence\/\" target=\"_self\" >Sortir rapidement de notre d\u00e9pendance au p\u00e9trole et au gaz: 27 propositions pour un plan d\u2019urgence<\/a><\/h3>\n        <div class=\"wp-block-post-excerpt\"><p class=\"wp-block-post-excerpt__excerpt\">L\u2019Europe reste encore fortement d\u00e9pendante des \u00e9nergies fossiles import\u00e9es. Remplacer la d\u00e9pendance \u00e0 la Russie par du gaz fossile liqu\u00e9fi\u00e9 (GNL) a \u00e9t\u00e9 une erreur strat\u00e9gique, comme la guerre en Iran et l\u2019Asie de l\u2019Ouest le d\u00e9montre une fois de plus. La seule voie vers une Europe prosp\u00e8re et s\u00e9curis\u00e9e, et des factures d\u2019\u00e9nergie moins&hellip; <\/p><\/div>\n        \n        <div class=\"wp-block-group posts-list-meta is-layout-flow wp-block-group-is-layout-flow\"><span class='article-list-item-author'>Greenpeace Belgium<\/span>\n        <div class=\"wp-block-post-date\"><time datetime=\"2026-03-23T15:01:55+01:00\">23 mars 2026<\/time><\/div>\n        \n        <\/div>\n        <\/div>\n        <\/div>\n\n            <\/li><li class=\"wp-block-post post-62215 post type-post status-publish format-standard has-post-thumbnail hentry category-a-la-une category-actualites tag-politique p4-page-type-actualites-blog\">\n            \n<div class=\"wp-block-columns is-layout-flex wp-container-core-columns-is-layout-9d6595d7 wp-block-columns-is-layout-flex\"><figure class=\"wp-block-post-featured-image\"><a href=\"https:\/\/www.greenpeace.org\/belgium\/fr\/actualites-blog\/62215\/que-signifie-une-condamnation-a-345-millions-pour-greenpeace\/\" target=\"_self\"  ><img loading=\"lazy\" decoding=\"async\" width=\"1200\" height=\"899\" src=\"https:\/\/www.greenpeace.org\/static\/planet4-belgium-stateless\/2026\/03\/6f9551cd-gp0su4qyp.jpg\" class=\"attachment-post-thumbnail size-post-thumbnail wp-post-image wp-stateless-item\" alt=\"Que signifie une condamnation \u00e0 $345 millions pour Greenpeace ?\" style=\"object-fit:cover;\" srcset=\"https:\/\/www.greenpeace.org\/static\/planet4-belgium-stateless\/2026\/03\/6f9551cd-gp0su4qyp.jpg 1200w, https:\/\/www.greenpeace.org\/static\/planet4-belgium-stateless\/2026\/03\/6f9551cd-gp0su4qyp-300x225.jpg 300w, https:\/\/www.greenpeace.org\/static\/planet4-belgium-stateless\/2026\/03\/6f9551cd-gp0su4qyp-1024x767.jpg 1024w, https:\/\/www.greenpeace.org\/static\/planet4-belgium-stateless\/2026\/03\/6f9551cd-gp0su4qyp-768x575.jpg 768w, https:\/\/www.greenpeace.org\/static\/planet4-belgium-stateless\/2026\/03\/6f9551cd-gp0su4qyp-454x340.jpg 454w\" sizes=\"auto, (max-width: 1200px) 100vw, 1200px\" data-image-size=\"post-thumbnail\" data-stateless-media-bucket=\"planet4-belgium-stateless\" data-stateless-media-name=\"2026\/03\/6f9551cd-gp0su4qyp.jpg\" \/><\/a><\/figure>\n\n        <div class=\"wp-block-group is-layout-flow wp-block-group-is-layout-flow\">\n                <div class=\"wp-block-group is-layout-flow wp-block-group-is-layout-flow\"><div class=\"wp-block-post-terms\"><a href=\"https:\/\/www.greenpeace.org\/belgium\/fr\/category\/a-la-une\/\">\u00c0 la une<\/a><\/div>\n                <div class=\"taxonomy-post_tag wp-block-post-terms\"><a href=\"https:\/\/www.greenpeace.org\/belgium\/fr\/tag\/politique\/\" rel=\"tag\">Politique<\/a><\/div>\n                \n                <\/div>\n                \n        <h3 class=\"wp-block-post-title\"><a href=\"https:\/\/www.greenpeace.org\/belgium\/fr\/actualites-blog\/62215\/que-signifie-une-condamnation-a-345-millions-pour-greenpeace\/\" target=\"_self\" >Que signifie une condamnation \u00e0 $345 millions pour Greenpeace ?<\/a><\/h3>\n        <div class=\"wp-block-post-excerpt\"><p class=\"wp-block-post-excerpt__excerpt\">Un tribunal am\u00e9ricain vient de donner raison au g\u00e9ant des pipelines, Energy Transfer, et a condamn\u00e9 Greenpeace International ainsi que les entit\u00e9s de Greenpeace aux \u00c9tats-Unis \u00e0 verser 345 millions&hellip; <\/p><\/div>\n        \n        <div class=\"wp-block-group posts-list-meta is-layout-flow wp-block-group-is-layout-flow\"><span class='article-list-item-author'>Gaby Flores<\/span>\n        <div class=\"wp-block-post-date\"><time datetime=\"2026-03-16T16:26:48+01:00\">16 mars 2026<\/time><\/div>\n        \n        <\/div>\n        <\/div>\n        <\/div>\n\n            <\/li><\/ul>\n\n    \n<div class=\"wp-block-buttons carousel-controls is-horizontal is-content-justification-space-between is-nowrap is-layout-flex wp-container-core-buttons-is-layout-044bd602 wp-block-buttons-is-layout-flex\">\n            <div class=\"wp-block-button carousel-control-prev\"><button type=\"button\" class=\"wp-block-button__link wp-element-button\">Prev<\/button><\/div>\n        \n\n            <div class=\"wp-block-button carousel-control-next\"><button type=\"button\" class=\"wp-block-button__link wp-element-button\">Next<\/button><\/div>\n        <\/div>\n\n\n    <li class=\" wp-block-navigation-item see-all-link wp-block-navigation-link\"><a class=\"wp-block-navigation-item__content\"  href=\"http:\/\/www.greenpeace.org\/belgium\/fr\/a-la-une\/?post-type=blog\"><span class=\"wp-block-navigation-item__label\">See all stories<\/span><\/a><\/li><\/div>\n    \n\n\n\n<div class=\"wp-block-group alignfull block has-beige-100-background-color has-background is-layout-flow wp-block-group-is-layout-flow\">\n<div class=\"wp-block-group container is-layout-flow wp-block-group-is-layout-flow\">\n<div style=\"height:24px\" aria-hidden=\"true\" class=\"wp-block-spacer\"><\/div>\n\n\n\n<h2 class=\"wp-block-heading has-text-align-center\">Mieux comprendre la campagne Climat<\/h2>\n\n\n\n<div class=\"wp-block-columns is-layout-flex wp-container-core-columns-is-layout-9d6595d7 wp-block-columns-is-layout-flex\">\n<div class=\"wp-block-column is-layout-flow wp-block-column-is-layout-flow\">\n<div class=\"wp-block-group group-stretched-link is-layout-flow wp-block-group-is-layout-flow\">\n<figure class=\"wp-block-image aligncenter size-full is-resized force-no-lightbox force-no-caption is-style-rounded-180\"><a href=\"https:\/\/www.greenpeace.org\/belgium\/fr\/campagnes\/climat\/elections-2024\/\"><img loading=\"lazy\" decoding=\"async\" src=\"https:\/\/www.greenpeace.org\/static\/planet4-belgium-stateless\/2023\/09\/369b7864-gp1t2puk_web_size.jpg\" alt=\"\" class=\"wp-image-53684\" width=\"180\" height=\"180\"\/><\/a><figcaption class=\"wp-element-caption\">Two days before a general election in Denmark more than 50.000 people marched for climate action in Copenhagen, making it the biggest climate protest ever in the country. Marches also took place at 12 other Danish cities on that same day. Before the last general election in 2019 about 40.000 people took part in a similar march demanding that a new government impose ambitous climate policies in the country. This time the expectation was that about 10.000 to 25.000 people would march behind climate demands across the country, but instead a historic number of people showed up to send a clear message that acute climate action has to be front and center for the new government and that transforming Denmarks agricultural sector must be top of the list.\nFolkets Klimamarch 25.000-30.000 mennesker marcherer for et klimavalg!<\/figcaption><\/figure>\n\n\n\n<h5 class=\"wp-block-heading has-text-align-center is-style-chevron\" style=\"font-size:1rem\"><a href=\"https:\/\/greenpeace.org\/belgium\/fr\/campagnes\/climat\/elections-2024\/\"><strong>\u00c9<\/strong>lections 2024<\/a><\/h5>\n\n\n\n<div style=\"height:16px\" aria-hidden=\"true\" class=\"wp-block-spacer\"><\/div>\n<\/div>\n<\/div>\n<\/div>\n<\/div>\n<\/div>\n\n\n\n\n<div style=\"height:39px\" aria-hidden=\"true\" class=\"wp-block-spacer\"><\/div>\n<\/div>\n","protected":false},"excerpt":{"rendered":"","protected":false},"author":105,"featured_media":0,"parent":54056,"menu_order":0,"comment_status":"closed","ping_status":"closed","template":"","meta":{"ep_exclude_from_search":false,"p4_hide_page_title_checkbox":"on","p4_title":"","p4_subtitle":"","p4_description":"","background_image_id":"","background_image":"","p4_button_title":"","p4_button_link":"","p4_button_link_checkbox":"","p4_og_title":"","p4_og_description":"","p4_og_image":"","p4_og_image_id":"","p4_seo_canonical_url":"","p4_campaign_name":"","p4_local_project":"","p4_basket_name":"","p4_department":"","footnotes":""},"categories":[168,169,173],"tags":[],"class_list":["post-54062","page","type-page","status-publish","hentry","category-campagnes","category-climat","category-justice-climatique"],"_links":{"self":[{"href":"https:\/\/www.greenpeace.org\/belgium\/fr\/wp-json\/wp\/v2\/pages\/54062","targetHints":{"allow":["GET"]}}],"collection":[{"href":"https:\/\/www.greenpeace.org\/belgium\/fr\/wp-json\/wp\/v2\/pages"}],"about":[{"href":"https:\/\/www.greenpeace.org\/belgium\/fr\/wp-json\/wp\/v2\/types\/page"}],"author":[{"embeddable":true,"href":"https:\/\/www.greenpeace.org\/belgium\/fr\/wp-json\/wp\/v2\/users\/105"}],"replies":[{"embeddable":true,"href":"https:\/\/www.greenpeace.org\/belgium\/fr\/wp-json\/wp\/v2\/comments?post=54062"}],"version-history":[{"count":13,"href":"https:\/\/www.greenpeace.org\/belgium\/fr\/wp-json\/wp\/v2\/pages\/54062\/revisions"}],"predecessor-version":[{"id":62421,"href":"https:\/\/www.greenpeace.org\/belgium\/fr\/wp-json\/wp\/v2\/pages\/54062\/revisions\/62421"}],"up":[{"embeddable":true,"href":"https:\/\/www.greenpeace.org\/belgium\/fr\/wp-json\/wp\/v2\/pages\/54056"}],"wp:attachment":[{"href":"https:\/\/www.greenpeace.org\/belgium\/fr\/wp-json\/wp\/v2\/media?parent=54062"}],"wp:term":[{"taxonomy":"category","embeddable":true,"href":"https:\/\/www.greenpeace.org\/belgium\/fr\/wp-json\/wp\/v2\/categories?post=54062"},{"taxonomy":"post_tag","embeddable":true,"href":"https:\/\/www.greenpeace.org\/belgium\/fr\/wp-json\/wp\/v2\/tags?post=54062"}],"curies":[{"name":"wp","href":"https:\/\/api.w.org\/{rel}","templated":true}]}}