{"id":54062,"date":"2023-09-26T14:24:12","date_gmt":"2023-09-26T13:24:12","guid":{"rendered":"https:\/\/www.greenpeace.org\/belgium\/?page_id=54062"},"modified":"2026-05-05T13:10:52","modified_gmt":"2026-05-05T12:10:52","slug":"justice-climatique","status":"publish","type":"page","link":"https:\/\/www.greenpeace.org\/belgium\/fr\/campagnes\/climat\/justice-climatique\/","title":{"rendered":"Justice climatique"},"content":{"rendered":"\n<div class=\"wp-block-group is-pattern-p4-deep-dive-topic-pattern-layout is-layout-flow wp-block-group-is-layout-flow\">\n\n<div class=\"wp-block-group alignfull is-layout-flow wp-block-group-is-layout-flow\" style=\"padding-top:56px;padding-bottom:56px\">\n<div class=\"wp-block-group container is-layout-flow wp-block-group-is-layout-flow\">\n<div class=\"wp-block-media-text alignfull has-media-on-the-right is-stacked-on-mobile is-pattern-p4-page-header is-style-parallax\"><div class=\"wp-block-media-text__content\">\n<div class=\"wp-block-group is-layout-flow wp-block-group-is-layout-flow\">\n<h1 class=\"wp-block-heading has-white-background-color has-background\">JUSTICE CLIMATIQUE<\/h1>\n<\/div>\n\n\n\n<p class=\"wp-block-paragraph\" style=\"font-size:1.25rem\">La question du climat est profond\u00e9ment li\u00e9e aux luttes sociales, environnementales, antiracistes, queer et f\u00e9ministes. La croyance en une croissance \u00e9conomique illimit\u00e9e a caus\u00e9 beaucoup de tort aux personnes et \u00e0 la plan\u00e8te. Cela doit changer.<\/p>\n\n\n\n<div class=\"wp-block-buttons is-layout-flex wp-block-buttons-is-layout-flex\"><\/div>\n<\/div><figure class=\"wp-block-media-text__media\"><img loading=\"lazy\" decoding=\"async\" width=\"800\" height=\"533\" src=\"https:\/\/www.greenpeace.org\/static\/planet4-belgium-stateless\/2023\/09\/15c5d93a-gp1swqrx_web_size.jpg\" alt=\"\" sizes=\"auto, (min-width: 601px) 50vw, 100vw\" srcset=\"https:\/\/www.greenpeace.org\/static\/planet4-belgium-stateless\/2023\/09\/15c5d93a-gp1swqrx_web_size.jpg 800w, https:\/\/www.greenpeace.org\/static\/planet4-belgium-stateless\/2023\/09\/15c5d93a-gp1swqrx_web_size-300x200.jpg 300w, https:\/\/www.greenpeace.org\/static\/planet4-belgium-stateless\/2023\/09\/15c5d93a-gp1swqrx_web_size-768x512.jpg 768w, https:\/\/www.greenpeace.org\/static\/planet4-belgium-stateless\/2023\/09\/15c5d93a-gp1swqrx_web_size-510x340.jpg 510w\" class=\"wp-image-53678 size-full\"\/><\/figure><\/div>\n<\/div>\n<\/div>\n\n\n\n\n\n<div class=\"wp-block-media-text alignwide is-stacked-on-mobile is-image-fill\"><figure class=\"wp-block-media-text__media\" style=\"background-image:url(https:\/\/www.greenpeace.org\/static\/planet4-belgium-stateless\/2023\/09\/85c5a166-gp1swkop_web_size.jpg);background-position:50% 50%\"><img loading=\"lazy\" decoding=\"async\" width=\"800\" height=\"533\" src=\"https:\/\/www.greenpeace.org\/static\/planet4-belgium-stateless\/2023\/09\/85c5a166-gp1swkop_web_size.jpg\" alt=\"\" sizes=\"auto, (min-width: 1600px) calc((1320px - 24px) \/ 2),(min-width: 1200px) calc((1140px - 24px) \/ 2),(min-width: 992px) calc((960px - 24px) \/ 2),(min-width: 768px) calc((720px - 24px) \/ 2),(min-width: 601px) calc((540px - 24px) \/ 2),(min-width: 577px) calc((540px - 24px) \/ 1), calc(100vw - 24px)\" srcset=\"https:\/\/www.greenpeace.org\/static\/planet4-belgium-stateless\/2023\/09\/85c5a166-gp1swkop_web_size.jpg 800w, https:\/\/www.greenpeace.org\/static\/planet4-belgium-stateless\/2023\/09\/85c5a166-gp1swkop_web_size-300x200.jpg 300w, https:\/\/www.greenpeace.org\/static\/planet4-belgium-stateless\/2023\/09\/85c5a166-gp1swkop_web_size-768x512.jpg 768w, https:\/\/www.greenpeace.org\/static\/planet4-belgium-stateless\/2023\/09\/85c5a166-gp1swkop_web_size-510x340.jpg 510w\" class=\"wp-image-53676 size-full\"\/><\/figure><div class=\"wp-block-media-text__content\">\n<h2 class=\"wp-block-heading\">LA PROBL\u00c9MATIQUE<\/h2>\n\n\n\n<p class=\"wp-block-paragraph\">De nombreuses entreprises et nations sont responsables d\u2019une surexploitation de notre plan\u00e8te, tandis que d\u2019autres, principalement des individus vivant dans des r\u00e9gions du Sud ou appartenant \u00e0 des groupes minoritaires dans les pays industrialis\u00e9s riches, tels que la communaut\u00e9 LGBTQIA2S+ ou BIPOC, subissent de mani\u00e8re disproportionn\u00e9e les cons\u00e9quences n\u00e9fastes de cette situation. Le d\u00e9s\u00e9quilibre est d\u2019autant plus injuste que ce sont ces populations qui contribuent le moins \u00e0 la crise climatique.<\/p>\n\n\n\n<div class=\"wp-block-buttons is-layout-flex wp-block-buttons-is-layout-flex\"><\/div>\n<\/div><\/div>\n\n\n\n\n<div style=\"height:80px\" aria-hidden=\"true\" class=\"wp-block-spacer\"><\/div>\n\n\n\n\n<div class=\"wp-block-media-text alignwide has-media-on-the-right is-stacked-on-mobile is-image-fill\"><div class=\"wp-block-media-text__content\">\n<h2 class=\"wp-block-heading\">NOS ACTIONS<\/h2>\n\n\n\n<p class=\"wp-block-paragraph\">La justice, l\u2019inclusivit\u00e9 et la diversit\u00e9 rev\u00eatent une importance primordiale pour nous. Nous les consid\u00e9rons comme des valeurs essentielles pour b\u00e2tir un monde plus \u00e9quitable, plus s\u00fbr et plus respectueux de l\u2019environnement. En interne, cela signifie que nous recrutons des personnes partageant ces valeurs et que nous offrons \u00e0 notre personnel des formations sur ces sujets. En externe, nous soutenons les groupes minoritaires dans leurs combats en tant qu\u2019alli\u00e9\u00b7es. Nous participons aussi notamment aux manifestations contre le racisme, \u00e0 la Pride et \u00e0 la Journ\u00e9e internationale de lutte pour les droits des femmes. Nous croyons en la mise en pratique concr\u00e8te de ces principes pour promouvoir un avenir meilleur pour tou\u00b7tes.<\/p>\n\n\n\n<div class=\"wp-block-buttons is-layout-flex wp-block-buttons-is-layout-flex\"><\/div>\n<\/div><figure class=\"wp-block-media-text__media\" style=\"background-image:url(https:\/\/www.greenpeace.org\/static\/planet4-belgium-stateless\/2023\/09\/336fc7b9-gp1stzp0_web_size.jpg);background-position:50% 50%\"><img loading=\"lazy\" decoding=\"async\" width=\"745\" height=\"600\" src=\"https:\/\/www.greenpeace.org\/static\/planet4-belgium-stateless\/2023\/09\/336fc7b9-gp1stzp0_web_size.jpg\" alt=\"\" sizes=\"auto, (min-width: 1600px) calc((1320px - 24px) \/ 2),(min-width: 1200px) calc((1140px - 24px) \/ 2),(min-width: 992px) calc((960px - 24px) \/ 2),(min-width: 768px) calc((720px - 24px) \/ 2),(min-width: 601px) calc((540px - 24px) \/ 2),(min-width: 577px) calc((540px - 24px) \/ 1), calc(100vw - 24px)\" srcset=\"https:\/\/www.greenpeace.org\/static\/planet4-belgium-stateless\/2023\/09\/336fc7b9-gp1stzp0_web_size.jpg 745w, https:\/\/www.greenpeace.org\/static\/planet4-belgium-stateless\/2023\/09\/336fc7b9-gp1stzp0_web_size-300x242.jpg 300w, https:\/\/www.greenpeace.org\/static\/planet4-belgium-stateless\/2023\/09\/336fc7b9-gp1stzp0_web_size-422x340.jpg 422w\" class=\"wp-image-53674 size-full\"\/><\/figure><\/div>\n\n\n\n\n<div style=\"height:80px\" aria-hidden=\"true\" class=\"wp-block-spacer\"><\/div>\n\n\n\n        <div class=\"wp-block-query actions-list p4-query-loop is-custom-layout-actions-list is-custom-layout-grid is-layout-flex wp-block-query-is-layout-flex\"><h2 class=\"wp-block-heading\">COMMENT AGIR<\/h2>\n        <p class=\"wp-block-paragraph\" style=\"margin-top: 24px; margin-bottom: 32px;\">Participez vous aussi au succ\u00e8s de la campagne !<\/p>\n        \n        <ul class=\"wp-block-post-template is-layout-flow wp-block-post-template-is-layout-flow\"><li class=\"wp-block-post post-81440 page type-page status-publish has-post-thumbnail hentry category-petitions tag-oceans\">\n                <figure class=\"wp-block-post-featured-image\"><img loading=\"lazy\" decoding=\"async\" width=\"800\" height=\"533\" src=\"https:\/\/www.greenpeace.org\/static\/planet4-belgium-stateless\/2026\/05\/df8f6a0e-deeparcticpetitionimage.jpg\" class=\"attachment-post-thumbnail size-post-thumbnail wp-post-image wp-stateless-item\" alt=\"\" style=\"object-fit:cover;\" srcset=\"https:\/\/www.greenpeace.org\/static\/planet4-belgium-stateless\/2026\/05\/df8f6a0e-deeparcticpetitionimage.jpg 800w, https:\/\/www.greenpeace.org\/static\/planet4-belgium-stateless\/2026\/05\/df8f6a0e-deeparcticpetitionimage-300x200.jpg 300w, https:\/\/www.greenpeace.org\/static\/planet4-belgium-stateless\/2026\/05\/df8f6a0e-deeparcticpetitionimage-768x512.jpg 768w, https:\/\/www.greenpeace.org\/static\/planet4-belgium-stateless\/2026\/05\/df8f6a0e-deeparcticpetitionimage-510x340.jpg 510w\" sizes=\"auto, (max-width: 800px) 100vw, 800px\" data-image-size=\"post-thumbnail\" data-stateless-media-bucket=\"planet4-belgium-stateless\" data-stateless-media-name=\"2026\/05\/df8f6a0e-deeparcticpetitionimage.jpg\" \/><\/figure>\n                \n                <div class=\"wp-block-group group-stretched-link is-layout-flow wp-block-group-is-layout-flow\"><div class=\"wp-block-post-terms\">P\u00e9titions<\/div>\n                <h3 class=\"wp-block-post-title\"><a data-ga-action=\"Call to Action\" data-ga-category=\"Actions List\" data-ga-label=\"n\/a\" href=\"https:\/\/www.greenpeace.org\/belgium\/fr\/agir\/objectif-30x30-30-des-oceans-proteges-dici-2030\/\" target=\"_self\" >Objectif 30X30 :\u00a030% des oc\u00e9ans prot\u00e9g\u00e9s d&rsquo;ici 2030<\/a><\/h3>\n                <div class=\"wp-block-post-excerpt\"><p class=\"wp-block-post-excerpt__excerpt\">En 2022, les gouvernements du monde entier ont promis de prot\u00e9ger 30 % des oc\u00e9ans d\u2019ici 2030. Aujourd\u2019hui, cette promesse existe\u2026 surtout sur le papier. Moins de 1 % de la haute mer est r\u00e9ellement prot\u00e9g\u00e9e. Pourtant, nous avons enfin un levier : le Trait\u00e9 des Nations unies sur les oc\u00e9ans, entr\u00e9 en vigueur en&hellip; <\/p><\/div><\/div>\n                \n                \n        <div class=\"wp-block-group read-more-nav is-layout-flow wp-block-group-is-layout-flow\"><a data-ga-action=\"Call to Action\" data-ga-category=\"Actions List\" data-ga-label=\"n\/a\" href=\"https:\/\/www.greenpeace.org\/belgium\/fr\/agir\/objectif-30x30-30-des-oceans-proteges-dici-2030\/\" class=\"btn btn-primary btn-small\" aria-label=\"J'agis\">J&rsquo;agis<\/a>\n        \n        \n        <\/div>\n        \n                <\/li><li class=\"wp-block-post post-81462 page type-page status-publish has-post-thumbnail hentry category-petitions tag-oceans\">\n                <figure class=\"wp-block-post-featured-image\"><img loading=\"lazy\" decoding=\"async\" width=\"600\" height=\"300\" src=\"https:\/\/www.greenpeace.org\/static\/planet4-belgium-stateless\/2026\/05\/98d7e46c-petition.png\" class=\"attachment-post-thumbnail size-post-thumbnail wp-post-image wp-stateless-item\" alt=\"\" style=\"object-fit:cover;\" srcset=\"https:\/\/www.greenpeace.org\/static\/planet4-belgium-stateless\/2026\/05\/98d7e46c-petition.png 600w, https:\/\/www.greenpeace.org\/static\/planet4-belgium-stateless\/2026\/05\/98d7e46c-petition-300x150.png 300w, https:\/\/www.greenpeace.org\/static\/planet4-belgium-stateless\/2026\/05\/98d7e46c-petition-510x255.png 510w\" sizes=\"auto, (max-width: 600px) 100vw, 600px\" data-image-size=\"post-thumbnail\" data-stateless-media-bucket=\"planet4-belgium-stateless\" data-stateless-media-name=\"2026\/05\/98d7e46c-petition.png\" \/><\/figure>\n                \n                <div class=\"wp-block-group group-stretched-link is-layout-flow wp-block-group-is-layout-flow\"><div class=\"wp-block-post-terms\">P\u00e9titions<\/div>\n                <h3 class=\"wp-block-post-title\"><a data-ga-action=\"Call to Action\" data-ga-category=\"Actions List\" data-ga-label=\"n\/a\" href=\"https:\/\/www.greenpeace.org\/belgium\/fr\/agir\/nos-droits-et-libertes-en-danger-ensemble-resistons\/\" target=\"_self\" >Nos droits et libert\u00e9s en danger. Ensemble, r\u00e9sistons.<\/a><\/h3>\n                <div class=\"wp-block-post-excerpt\"><p class=\"wp-block-post-excerpt__excerpt\">Dans de nombreux pays dans le monde, les Etats-Unis de Trump en t\u00eate, la d\u00e9mocratie vacille. Une alliance toxique entre puissants industriels polluants et forces politiques autoritaires met \u00e0 mal les fondements de nos soci\u00e9t\u00e9s. Nos droits et libert\u00e9s fondamentales sont attaqu\u00e9s. Notre environnement est pill\u00e9 sans scrupule.\u00a0 <\/p><\/div><\/div>\n                \n                \n        <div class=\"wp-block-group read-more-nav is-layout-flow wp-block-group-is-layout-flow\"><a data-ga-action=\"Call to Action\" data-ga-category=\"Actions List\" data-ga-label=\"n\/a\" href=\"https:\/\/www.greenpeace.org\/belgium\/fr\/agir\/nos-droits-et-libertes-en-danger-ensemble-resistons\/\" class=\"btn btn-primary btn-small\" aria-label=\"J'agis\">J&rsquo;agis<\/a>\n        \n        \n        <\/div>\n        \n                <\/li><li class=\"wp-block-post post-61909 page type-page status-publish has-post-thumbnail hentry category-petitions tag-energie\">\n                <figure class=\"wp-block-post-featured-image\"><img loading=\"lazy\" decoding=\"async\" width=\"1600\" height=\"1066\" src=\"https:\/\/www.greenpeace.org\/static\/planet4-belgium-stateless\/2026\/01\/075a6b05-whatsapp-image-2026-01-26-at-09.23.03.jpeg\" class=\"attachment-post-thumbnail size-post-thumbnail wp-post-image wp-stateless-item\" alt=\"\" style=\"object-fit:cover;\" srcset=\"https:\/\/www.greenpeace.org\/static\/planet4-belgium-stateless\/2026\/01\/075a6b05-whatsapp-image-2026-01-26-at-09.23.03.jpeg 1600w, https:\/\/www.greenpeace.org\/static\/planet4-belgium-stateless\/2026\/01\/075a6b05-whatsapp-image-2026-01-26-at-09.23.03-300x200.jpeg 300w, https:\/\/www.greenpeace.org\/static\/planet4-belgium-stateless\/2026\/01\/075a6b05-whatsapp-image-2026-01-26-at-09.23.03-1024x682.jpeg 1024w, https:\/\/www.greenpeace.org\/static\/planet4-belgium-stateless\/2026\/01\/075a6b05-whatsapp-image-2026-01-26-at-09.23.03-768x512.jpeg 768w, https:\/\/www.greenpeace.org\/static\/planet4-belgium-stateless\/2026\/01\/075a6b05-whatsapp-image-2026-01-26-at-09.23.03-1536x1023.jpeg 1536w, https:\/\/www.greenpeace.org\/static\/planet4-belgium-stateless\/2026\/01\/075a6b05-whatsapp-image-2026-01-26-at-09.23.03-510x340.jpeg 510w\" sizes=\"auto, (max-width: 1600px) 100vw, 1600px\" data-image-size=\"post-thumbnail\" data-stateless-media-bucket=\"planet4-belgium-stateless\" data-stateless-media-name=\"2026\/01\/075a6b05-whatsapp-image-2026-01-26-at-09.23.03.jpeg\" \/><\/figure>\n                \n                <div class=\"wp-block-group group-stretched-link is-layout-flow wp-block-group-is-layout-flow\"><div class=\"wp-block-post-terms\">P\u00e9titions<\/div>\n                <h3 class=\"wp-block-post-title\"><a data-ga-action=\"Call to Action\" data-ga-category=\"Actions List\" data-ga-label=\"n\/a\" href=\"https:\/\/www.greenpeace.org\/belgium\/fr\/agir\/laissons-pas-trump-diriger-europe-independance-gaz-petrole\/\" target=\"_self\" >Ne laissons pas Trump diriger l&rsquo;Europe<\/a><\/h3>\n                <div class=\"wp-block-post-excerpt\"><p class=\"wp-block-post-excerpt__excerpt\">Trump s\u00e8me le chaos et la destruction. Son agenda politique menace des vies, attaque la d\u00e9mocratie et enfonce notre plan\u00e8te dans une crise profonde.\u00a0 <\/p><\/div><\/div>\n                \n                \n        <div class=\"wp-block-group read-more-nav is-layout-flow wp-block-group-is-layout-flow\"><a data-ga-action=\"Call to Action\" data-ga-category=\"Actions List\" data-ga-label=\"n\/a\" href=\"https:\/\/www.greenpeace.org\/belgium\/fr\/agir\/laissons-pas-trump-diriger-europe-independance-gaz-petrole\/\" class=\"btn btn-primary btn-small\" aria-label=\"J'agis\">J&rsquo;agis<\/a>\n        \n        \n        <\/div>\n        \n                <\/li><li class=\"wp-block-post post-81469 page type-page status-publish has-post-thumbnail hentry category-petitions tag-oceans\">\n                <figure class=\"wp-block-post-featured-image\"><img loading=\"lazy\" decoding=\"async\" width=\"800\" height=\"520\" src=\"https:\/\/www.greenpeace.org\/static\/planet4-belgium-stateless\/2026\/05\/ffafe260-gp1sv57n_lowres.jpg\" class=\"attachment-post-thumbnail size-post-thumbnail wp-post-image wp-stateless-item\" alt=\"\" style=\"object-fit:cover;\" srcset=\"https:\/\/www.greenpeace.org\/static\/planet4-belgium-stateless\/2026\/05\/ffafe260-gp1sv57n_lowres.jpg 800w, https:\/\/www.greenpeace.org\/static\/planet4-belgium-stateless\/2026\/05\/ffafe260-gp1sv57n_lowres-300x195.jpg 300w, https:\/\/www.greenpeace.org\/static\/planet4-belgium-stateless\/2026\/05\/ffafe260-gp1sv57n_lowres-768x499.jpg 768w, https:\/\/www.greenpeace.org\/static\/planet4-belgium-stateless\/2026\/05\/ffafe260-gp1sv57n_lowres-510x332.jpg 510w\" sizes=\"auto, (max-width: 800px) 100vw, 800px\" data-image-size=\"post-thumbnail\" data-stateless-media-bucket=\"planet4-belgium-stateless\" data-stateless-media-name=\"2026\/05\/ffafe260-gp1sv57n_lowres.jpg\" \/><\/figure>\n                \n                <div class=\"wp-block-group group-stretched-link is-layout-flow wp-block-group-is-layout-flow\"><div class=\"wp-block-post-terms\">P\u00e9titions<\/div>\n                <h3 class=\"wp-block-post-title\"><a data-ga-action=\"Call to Action\" data-ga-category=\"Actions List\" data-ga-label=\"n\/a\" href=\"https:\/\/www.greenpeace.org\/belgium\/fr\/agir\/leader-dans-la-protection-des-oceans-ou-dans-leur-destruction-la-belgique-doit-choisir\/\" target=\"_self\" >Leader dans la protection des oc\u00e9ans ou dans leur destruction ? La Belgique doit choisir.<\/a><\/h3>\n                <div class=\"wp-block-post-excerpt\"><p class=\"wp-block-post-excerpt__excerpt\">Demandons aux ministres belges comp\u00e9tents Madame Verlinden, Monsieur Pr\u00e9vot et Monsieur Clarinval, de dire non \u00e0 l&rsquo;exploitation mini\u00e8re en eaux profondes et de faire de la Belgique un v\u00e9ritable leader des oc\u00e9ans. <\/p><\/div><\/div>\n                \n                \n        <div class=\"wp-block-group read-more-nav is-layout-flow wp-block-group-is-layout-flow\"><a data-ga-action=\"Call to Action\" data-ga-category=\"Actions List\" data-ga-label=\"n\/a\" href=\"https:\/\/www.greenpeace.org\/belgium\/fr\/agir\/leader-dans-la-protection-des-oceans-ou-dans-leur-destruction-la-belgique-doit-choisir\/\" class=\"btn btn-primary btn-small\" aria-label=\"J'agis\">J&rsquo;agis<\/a>\n        \n        \n        <\/div>\n        \n                <\/li><\/ul>\n        \n        <nav class=\"wp-block-group carousel-controls is-layout-flow wp-block-group-is-layout-flow\" aria-label=\"Actions List carousel controls\">\n<div class=\"wp-block-buttons is-horizontal is-content-justification-space-between is-nowrap is-layout-flex wp-container-core-buttons-is-layout-358af4b1 wp-block-buttons-is-layout-flex\">\n            <div class=\"wp-block-button carousel-control-prev\"><button type=\"button\" class=\"wp-block-button__link wp-element-button\">Prev<\/button><\/div>\n        \n\n            <div class=\"wp-block-button carousel-control-next\"><button type=\"button\" class=\"wp-block-button__link wp-element-button\">Next<\/button><\/div>\n        <\/div>\n\n        \n        \n        <\/nav>\n        \n        \n<div class=\"wp-block-buttons load-more-actions-container is-content-justification-center is-layout-flex wp-container-core-buttons-is-layout-fe48e5de wp-block-buttons-is-layout-flex\">\n                <div class=\"wp-block-button is-style-secondary\"><button type=\"button\" class=\"wp-block-button__link wp-element-button\">Load more<\/button><\/div>\n            \n<\/div>\n<\/div>\n        \n\n\n    <div class=\"wp-block-query posts-list p4-query-loop is-custom-layout-grid is-layout-grid wp-container-core-query-is-layout-85a54dc3 wp-block-query-is-layout-grid\">\n        <div class=\"wp-block-group is-content-justification-space-between is-layout-flex wp-container-core-group-is-layout-cfe5ce44 wp-block-group-is-layout-flex\"><h2 class=\"wp-block-heading\">ACTUALIT\u00c9S<\/h2>\n        <li class=\"wp-block-navigation-item see-all-link wp-block-navigation-link\"><a class=\"wp-block-navigation-item__content\"  href=\"http:\/\/www.greenpeace.org\/belgium\/fr\/a-la-une\/?post-type=blog\"><span data-ga-category=\"Posts List\" data-ga-action=\"See More Link\" data-ga-label=\"n\/a\" class=\"wp-block-navigation-item__label\">See all stories<\/span><\/a><\/li>\n        \n        <\/div>\n        \n\n    <p class=\"wp-block-paragraph\" style=\"margin-top: 24px; margin-bottom: 36px;\"><\/p>\n\n    \n\n    <ul class=\"wp-block-post-template is-layout-flow wp-block-post-template-is-layout-flow\"><li class=\"wp-block-post post-82334 post type-post status-publish format-standard has-post-thumbnail hentry category-a-la-une category-actualites category-biodiversite category-campagnes category-climat category-forets p4-page-type-actualites-blog\">\n            \n<div class=\"wp-block-columns is-layout-flex wp-container-core-columns-is-layout-8f761849 wp-block-columns-is-layout-flex\"><figure class=\"wp-block-post-featured-image\"><a href=\"https:\/\/www.greenpeace.org\/belgium\/fr\/actualites-blog\/82334\/feux-de-foret-un-joyau-perdu-dans-les-hautes-fagnes\/\" target=\"_self\"  ><img loading=\"lazy\" decoding=\"async\" data-ga-category=\"Posts List\" data-ga-action=\"Image\" data-ga-label=\"n\/a\" width=\"1200\" height=\"800\" src=\"https:\/\/www.greenpeace.org\/static\/planet4-belgium-stateless\/2026\/09\/4ac921f4-gp0sua48d.jpg\" class=\"attachment-post-thumbnail size-post-thumbnail wp-post-image wp-stateless-item\" alt=\"Feux de for\u00eat : un joyau perdu dans les Hautes Fagnes\" style=\"object-fit:cover;\" srcset=\"https:\/\/www.greenpeace.org\/static\/planet4-belgium-stateless\/2026\/09\/4ac921f4-gp0sua48d.jpg 1200w, https:\/\/www.greenpeace.org\/static\/planet4-belgium-stateless\/2026\/09\/4ac921f4-gp0sua48d-300x200.jpg 300w, https:\/\/www.greenpeace.org\/static\/planet4-belgium-stateless\/2026\/09\/4ac921f4-gp0sua48d-1024x683.jpg 1024w, https:\/\/www.greenpeace.org\/static\/planet4-belgium-stateless\/2026\/09\/4ac921f4-gp0sua48d-768x512.jpg 768w, https:\/\/www.greenpeace.org\/static\/planet4-belgium-stateless\/2026\/09\/4ac921f4-gp0sua48d-510x340.jpg 510w\" sizes=\"auto, (max-width: 1200px) 100vw, 1200px\" data-image-size=\"post-thumbnail\" data-stateless-media-bucket=\"planet4-belgium-stateless\" data-stateless-media-name=\"2026\/09\/4ac921f4-gp0sua48d.jpg\" \/><\/a><\/figure>\n\n        <div class=\"wp-block-group is-layout-flow wp-block-group-is-layout-flow\">\n                <div class=\"wp-block-group is-layout-flow wp-block-group-is-layout-flow\"><div class=\"wp-block-post-terms\"><a data-ga-category=\"Posts List\" data-ga-action=\"Post Type Tag\" data-ga-label=\"n\/a\" href=\"https:\/\/www.greenpeace.org\/belgium\/fr\/category\/a-la-une\/\">\u00c0 la une<\/a><\/div>\n                \n                \n                <\/div>\n                \n        <h3 class=\"wp-block-post-title\"><a data-ga-category=\"Posts List\" data-ga-action=\"Title\" data-ga-label=\"n\/a\" href=\"https:\/\/www.greenpeace.org\/belgium\/fr\/actualites-blog\/82334\/feux-de-foret-un-joyau-perdu-dans-les-hautes-fagnes\/\" target=\"_self\" >Feux de for\u00eat : un joyau perdu dans les Hautes Fagnes<\/a><\/h3>\n        <div class=\"wp-block-post-excerpt\"><p class=\"wp-block-post-excerpt__excerpt\">Alors que nous alertions, au d\u00e9but de l\u2019\u00e9t\u00e9, sur le risque de voir l\u2019Europe confront\u00e9e \u00e0 une nouvelle p\u00e9riode de feux de for\u00eat violents, nous avons fait face \u00e0 un incendie historique. Le plus grand feu que la Belgique ait connu depuis 1911 a ravag\u00e9 les Hautes Fagnes. Partout en Europe, les incendies se sont&hellip; <\/p><\/div>\n        \n        <div class=\"wp-block-group posts-list-meta is-layout-flow wp-block-group-is-layout-flow\"><span class='article-list-item-author'>Greenpeace Belgium<\/span>\n        <div class=\"wp-block-post-date\"><time datetime=\"2026-09-03T09:20:34+01:00\">3 septembre 2026<\/time><\/div>\n        \n        <\/div>\n        <\/div>\n        <\/div>\n\n            <\/li><li class=\"wp-block-post post-82321 post type-post status-publish format-standard has-post-thumbnail hentry category-a-la-une category-actualites category-biodiversite category-forets tag-forets p4-page-type-actualites-blog\">\n            \n<div class=\"wp-block-columns is-layout-flex wp-container-core-columns-is-layout-8f761849 wp-block-columns-is-layout-flex\"><figure class=\"wp-block-post-featured-image\"><a href=\"https:\/\/www.greenpeace.org\/belgium\/fr\/actualites-blog\/82321\/un-paradis-tropical-en-danger-5-choses-a-savoir-sur-raja-ampat\/\" target=\"_self\"  ><img loading=\"lazy\" decoding=\"async\" data-ga-category=\"Posts List\" data-ga-action=\"Image\" data-ga-label=\"n\/a\" width=\"800\" height=\"533\" src=\"https:\/\/www.greenpeace.org\/static\/planet4-belgium-stateless\/2026\/08\/960e91a0-gp0su5l8a_low-res-800px.jpg\" class=\"attachment-post-thumbnail size-post-thumbnail wp-post-image wp-stateless-item\" alt=\"Un paradis tropical en danger : 5 choses \u00e0 savoir sur Raja Ampat\" style=\"object-fit:cover;\" srcset=\"https:\/\/www.greenpeace.org\/static\/planet4-belgium-stateless\/2026\/08\/960e91a0-gp0su5l8a_low-res-800px.jpg 800w, https:\/\/www.greenpeace.org\/static\/planet4-belgium-stateless\/2026\/08\/960e91a0-gp0su5l8a_low-res-800px-300x200.jpg 300w, https:\/\/www.greenpeace.org\/static\/planet4-belgium-stateless\/2026\/08\/960e91a0-gp0su5l8a_low-res-800px-768x512.jpg 768w, https:\/\/www.greenpeace.org\/static\/planet4-belgium-stateless\/2026\/08\/960e91a0-gp0su5l8a_low-res-800px-510x340.jpg 510w\" sizes=\"auto, (max-width: 800px) 100vw, 800px\" data-image-size=\"post-thumbnail\" data-stateless-media-bucket=\"planet4-belgium-stateless\" data-stateless-media-name=\"2026\/08\/960e91a0-gp0su5l8a_low-res-800px.jpg\" \/><\/a><\/figure>\n\n        <div class=\"wp-block-group is-layout-flow wp-block-group-is-layout-flow\">\n                <div class=\"wp-block-group is-layout-flow wp-block-group-is-layout-flow\"><div class=\"wp-block-post-terms\"><a data-ga-category=\"Posts List\" data-ga-action=\"Post Type Tag\" data-ga-label=\"n\/a\" href=\"https:\/\/www.greenpeace.org\/belgium\/fr\/category\/a-la-une\/\">\u00c0 la une<\/a><\/div>\n                <div class=\"taxonomy-post_tag wp-block-post-terms\"><a data-ga-category=\"Posts List\" data-ga-action=\"Navigation Tag\" data-ga-label=\"n\/a\" href=\"https:\/\/www.greenpeace.org\/belgium\/fr\/tag\/forets\/\" rel=\"tag\">For\u00eats<\/a><\/div>\n                \n                <\/div>\n                \n        <h3 class=\"wp-block-post-title\"><a data-ga-category=\"Posts List\" data-ga-action=\"Title\" data-ga-label=\"n\/a\" href=\"https:\/\/www.greenpeace.org\/belgium\/fr\/actualites-blog\/82321\/un-paradis-tropical-en-danger-5-choses-a-savoir-sur-raja-ampat\/\" target=\"_self\" >Un paradis tropical en danger : 5 choses \u00e0 savoir sur Raja Ampat<\/a><\/h3>\n        <div class=\"wp-block-post-excerpt\"><p class=\"wp-block-post-excerpt__excerpt\">\u00c0 moins d\u2019\u00eatre passionn\u00e9\u00b7e de plong\u00e9e, il y a de fortes chances que vous n\u2019ayez jamais entendu parler de Raja Ampat. Pourtant, cet archipel situ\u00e9 dans la province indon\u00e9sienne de Papouasie du Sud-Ouest est un v\u00e9ritable paradis sur terre. Les biologistes vont m\u00eame jusqu\u2019\u00e0 d\u00e9crire cette r\u00e9gion comme \u00ab l\u2019\u00e9picentre de la biodiversit\u00e9 marine \u00bb. <\/p><\/div>\n        \n        <div class=\"wp-block-group posts-list-meta is-layout-flow wp-block-group-is-layout-flow\"><span class='article-list-item-author'><a data-ga-category=\"Posts List\" data-ga-action=\"Author\" data-ga-label=\"n\/a\" href='https:\/\/www.greenpeace.org\/belgium\/fr\/author\/sjacobs\/'>Sarah Jacobs<\/a><\/span>\n        <div class=\"wp-block-post-date\"><time datetime=\"2026-08-13T13:31:51+01:00\">13 ao\u00fbt 2026<\/time><\/div>\n        \n        <\/div>\n        <\/div>\n        <\/div>\n\n            <\/li><li class=\"wp-block-post post-82045 post type-post status-publish format-standard has-post-thumbnail hentry category-actualites category-biodiversite category-oceans tag-oceans p4-page-type-actualites-blog\">\n            \n<div class=\"wp-block-columns is-layout-flex wp-container-core-columns-is-layout-8f761849 wp-block-columns-is-layout-flex\"><figure class=\"wp-block-post-featured-image\"><a href=\"https:\/\/www.greenpeace.org\/belgium\/fr\/actualites-blog\/82045\/les-vagues-de-chaleur-en-mer-plus-de-meduses-moins-de-coraux\/\" target=\"_self\"  ><img loading=\"lazy\" decoding=\"async\" data-ga-category=\"Posts List\" data-ga-action=\"Image\" data-ga-label=\"n\/a\" width=\"800\" height=\"534\" src=\"https:\/\/www.greenpeace.org\/static\/planet4-belgium-stateless\/2026\/07\/4208e090-gp0su11ht_low-res-800px.jpg\" class=\"attachment-post-thumbnail size-post-thumbnail wp-post-image wp-stateless-item\" alt=\"Les vagues de chaleur en mer\u00a0: plus de m\u00e9duses, moins de coraux\" style=\"object-fit:cover;\" srcset=\"https:\/\/www.greenpeace.org\/static\/planet4-belgium-stateless\/2026\/07\/4208e090-gp0su11ht_low-res-800px.jpg 800w, https:\/\/www.greenpeace.org\/static\/planet4-belgium-stateless\/2026\/07\/4208e090-gp0su11ht_low-res-800px-300x200.jpg 300w, https:\/\/www.greenpeace.org\/static\/planet4-belgium-stateless\/2026\/07\/4208e090-gp0su11ht_low-res-800px-768x513.jpg 768w, https:\/\/www.greenpeace.org\/static\/planet4-belgium-stateless\/2026\/07\/4208e090-gp0su11ht_low-res-800px-510x340.jpg 510w\" sizes=\"auto, (max-width: 800px) 100vw, 800px\" data-image-size=\"post-thumbnail\" data-stateless-media-bucket=\"planet4-belgium-stateless\" data-stateless-media-name=\"2026\/07\/4208e090-gp0su11ht_low-res-800px.jpg\" \/><\/a><\/figure>\n\n        <div class=\"wp-block-group is-layout-flow wp-block-group-is-layout-flow\">\n                <div class=\"wp-block-group is-layout-flow wp-block-group-is-layout-flow\"><div class=\"wp-block-post-terms\"><a data-ga-category=\"Posts List\" data-ga-action=\"Post Type Tag\" data-ga-label=\"n\/a\" href=\"https:\/\/www.greenpeace.org\/belgium\/fr\/category\/a-la-une\/actualites\/\">Actualit\u00e9s<\/a><\/div>\n                <div class=\"taxonomy-post_tag wp-block-post-terms\"><a data-ga-category=\"Posts List\" data-ga-action=\"Navigation Tag\" data-ga-label=\"n\/a\" href=\"https:\/\/www.greenpeace.org\/belgium\/fr\/tag\/oceans\/\" rel=\"tag\">Oc\u00e9ans<\/a><\/div>\n                \n                <\/div>\n                \n        <h3 class=\"wp-block-post-title\"><a data-ga-category=\"Posts List\" data-ga-action=\"Title\" data-ga-label=\"n\/a\" href=\"https:\/\/www.greenpeace.org\/belgium\/fr\/actualites-blog\/82045\/les-vagues-de-chaleur-en-mer-plus-de-meduses-moins-de-coraux\/\" target=\"_self\" >Les vagues de chaleur en mer\u00a0: plus de m\u00e9duses, moins de coraux<\/a><\/h3>\n        <div class=\"wp-block-post-excerpt\"><p class=\"wp-block-post-excerpt__excerpt\">Lors d\u2019une vague de chaleur, nombre d\u2019entre nous cherchent un peu de fra\u00eecheur \u00e0 la mer. La brise marine et l\u2019eau rendent la chaleur un peu plus supportable. Mais que&hellip; <\/p><\/div>\n        \n        <div class=\"wp-block-group posts-list-meta is-layout-flow wp-block-group-is-layout-flow\"><span class='article-list-item-author'><a data-ga-category=\"Posts List\" data-ga-action=\"Author\" data-ga-label=\"n\/a\" href='https:\/\/www.greenpeace.org\/belgium\/fr\/author\/webmaster\/'>Greenpeace Belgium<\/a><\/span>\n        <div class=\"wp-block-post-date\"><time datetime=\"2026-07-14T15:07:19+01:00\">14 juillet 2026<\/time><\/div>\n        \n        <\/div>\n        <\/div>\n        <\/div>\n\n            <\/li><li class=\"wp-block-post post-81808 post type-post status-publish format-standard has-post-thumbnail hentry category-a-la-une category-actualites category-biodiversite category-campagnes category-forets tag-forets p4-page-type-actualites-blog\">\n            \n<div class=\"wp-block-columns is-layout-flex wp-container-core-columns-is-layout-8f761849 wp-block-columns-is-layout-flex\"><figure class=\"wp-block-post-featured-image\"><a href=\"https:\/\/www.greenpeace.org\/belgium\/fr\/actualites-blog\/81808\/les-feux-de-vegetation-a-belgique-ny-echappera-pas\/\" target=\"_self\"  ><img loading=\"lazy\" decoding=\"async\" data-ga-category=\"Posts List\" data-ga-action=\"Image\" data-ga-label=\"n\/a\" width=\"2048\" height=\"1536\" src=\"https:\/\/www.greenpeace.org\/static\/planet4-belgium-stateless\/2026\/07\/be94b45f-image.jpeg\" class=\"attachment-post-thumbnail size-post-thumbnail wp-post-image wp-stateless-item\" alt=\"Les feux de for\u00eat : la Belgique n\u2019y \u00e9chappera pas\u00a0!\" style=\"object-fit:cover;\" srcset=\"https:\/\/www.greenpeace.org\/static\/planet4-belgium-stateless\/2026\/07\/be94b45f-image.jpeg 2048w, https:\/\/www.greenpeace.org\/static\/planet4-belgium-stateless\/2026\/07\/be94b45f-image-300x225.jpeg 300w, https:\/\/www.greenpeace.org\/static\/planet4-belgium-stateless\/2026\/07\/be94b45f-image-1024x768.jpeg 1024w, https:\/\/www.greenpeace.org\/static\/planet4-belgium-stateless\/2026\/07\/be94b45f-image-768x576.jpeg 768w, https:\/\/www.greenpeace.org\/static\/planet4-belgium-stateless\/2026\/07\/be94b45f-image-1536x1152.jpeg 1536w, https:\/\/www.greenpeace.org\/static\/planet4-belgium-stateless\/2026\/07\/be94b45f-image-1821x1366.jpeg 1821w, https:\/\/www.greenpeace.org\/static\/planet4-belgium-stateless\/2026\/07\/be94b45f-image-453x340.jpeg 453w\" sizes=\"auto, (max-width: 2048px) 100vw, 2048px\" data-image-size=\"post-thumbnail\" data-stateless-media-bucket=\"planet4-belgium-stateless\" data-stateless-media-name=\"2026\/07\/be94b45f-image.jpeg\" \/><\/a><\/figure>\n\n        <div class=\"wp-block-group is-layout-flow wp-block-group-is-layout-flow\">\n                <div class=\"wp-block-group is-layout-flow wp-block-group-is-layout-flow\"><div class=\"wp-block-post-terms\"><a data-ga-category=\"Posts List\" data-ga-action=\"Post Type Tag\" data-ga-label=\"n\/a\" href=\"https:\/\/www.greenpeace.org\/belgium\/fr\/category\/a-la-une\/\">\u00c0 la une<\/a><\/div>\n                <div class=\"taxonomy-post_tag wp-block-post-terms\"><a data-ga-category=\"Posts List\" data-ga-action=\"Navigation Tag\" data-ga-label=\"n\/a\" href=\"https:\/\/www.greenpeace.org\/belgium\/fr\/tag\/forets\/\" rel=\"tag\">For\u00eats<\/a><\/div>\n                \n                <\/div>\n                \n        <h3 class=\"wp-block-post-title\"><a data-ga-category=\"Posts List\" data-ga-action=\"Title\" data-ga-label=\"n\/a\" href=\"https:\/\/www.greenpeace.org\/belgium\/fr\/actualites-blog\/81808\/les-feux-de-vegetation-a-belgique-ny-echappera-pas\/\" target=\"_self\" >Les feux de for\u00eat : la Belgique n\u2019y \u00e9chappera pas\u00a0!<\/a><\/h3>\n        <div class=\"wp-block-post-excerpt\"><p class=\"wp-block-post-excerpt__excerpt\">L\u2019\u00e9t\u00e9 vient \u00e0 peine de commencer que nous avons d\u00e9j\u00e0 connu une vague de chaleur. Au cours des prochains mois, la crise climatique va d\u2019ailleurs encore s\u2019aggraver en raison d\u2019un&hellip; <\/p><\/div>\n        \n        <div class=\"wp-block-group posts-list-meta is-layout-flow wp-block-group-is-layout-flow\"><span class='article-list-item-author'><a data-ga-category=\"Posts List\" data-ga-action=\"Author\" data-ga-label=\"n\/a\" href='https:\/\/www.greenpeace.org\/belgium\/fr\/author\/fverbelen\/'>Philippe Verbelen<\/a><\/span>\n        <div class=\"wp-block-post-date\"><time datetime=\"2026-07-03T13:55:02+01:00\">3 juillet 2026<\/time><\/div>\n        \n        <\/div>\n        <\/div>\n        <\/div>\n\n            <\/li><\/ul>\n\n    \n<div class=\"wp-block-buttons carousel-controls is-horizontal is-content-justification-space-between is-nowrap is-layout-flex wp-container-core-buttons-is-layout-358af4b1 wp-block-buttons-is-layout-flex\">\n            <div class=\"wp-block-button carousel-control-prev\"><button type=\"button\" class=\"wp-block-button__link wp-element-button\">Prev<\/button><\/div>\n        \n\n            <div class=\"wp-block-button carousel-control-next\"><button type=\"button\" class=\"wp-block-button__link wp-element-button\">Next<\/button><\/div>\n        <\/div>\n\n\n    <li class=\"wp-block-navigation-item see-all-link wp-block-navigation-link\"><a class=\"wp-block-navigation-item__content\"  href=\"http:\/\/www.greenpeace.org\/belgium\/fr\/a-la-une\/?post-type=blog\"><span data-ga-category=\"Posts List\" data-ga-action=\"See More Link\" data-ga-label=\"n\/a\" class=\"wp-block-navigation-item__label\">See all stories<\/span><\/a><\/li><\/div>\n    \n\n\n\n<div class=\"wp-block-group alignfull block has-beige-100-background-color has-background is-layout-flow wp-block-group-is-layout-flow\">\n<div class=\"wp-block-group container is-layout-flow wp-block-group-is-layout-flow\">\n<div style=\"height:24px\" aria-hidden=\"true\" class=\"wp-block-spacer\"><\/div>\n\n\n\n<h2 class=\"wp-block-heading has-text-align-center\">Mieux comprendre la campagne Climat<\/h2>\n\n\n\n<div class=\"wp-block-columns is-layout-flex wp-container-core-columns-is-layout-8f761849 wp-block-columns-is-layout-flex\">\n<div class=\"wp-block-column is-layout-flow wp-block-column-is-layout-flow\">\n<div class=\"wp-block-group group-stretched-link is-layout-flow wp-block-group-is-layout-flow\">\n<figure class=\"wp-block-image aligncenter size-full is-resized force-no-lightbox force-no-caption is-style-rounded-180\"><a href=\"https:\/\/www.greenpeace.org\/belgium\/fr\/campagnes\/climat\/elections-2024\/\"><img loading=\"lazy\" decoding=\"async\" title=\"marche-climat-politiques-environnementales\" src=\"https:\/\/www.greenpeace.org\/static\/planet4-belgium-stateless\/2023\/09\/369b7864-gp1t2puk_web_size.jpg\" alt=\"Image de la marche climat \u00e0 Copenhague avec une banni\u00e8re portant le \nmessage &#039;Dear leader, you can do better&#039;, un appel \u00e0 l&#039;action pour\n des politiques environnementales plus fortes et la r\u00e9solution de la \ncrise environnementaleFolkets Klimamarch 25.000-30.000 mennesker marcherer for et klimavalg!\" class=\"wp-image-53684\" width=\"180\" height=\"180\"\/><\/a><figcaption class=\"wp-element-caption\">Two days before a general election in Denmark more than 50.000 people marched for climate action in Copenhagen, making it the biggest climate protest ever in the country. Marches also took place at 12 other Danish cities on that same day. Before the last general election in 2019 about 40.000 people took part in a similar march demanding that a new government impose ambitous climate policies in the country. This time the expectation was that about 10.000 to 25.000 people would march behind climate demands across the country, but instead a historic number of people showed up to send a clear message that acute climate action has to be front and center for the new government and that transforming Denmarks agricultural sector must be top of the list.\nFolkets Klimamarch 25.000-30.000 mennesker marcherer for et klimavalg!<\/figcaption><\/figure>\n\n\n\n<h5 class=\"wp-block-heading has-text-align-center is-style-chevron\" style=\"font-size:1rem\"><a href=\"https:\/\/greenpeace.org\/belgium\/fr\/campagnes\/climat\/elections-2024\/\"><strong>\u00c9<\/strong>lections 2024<\/a><\/h5>\n\n\n\n<div style=\"height:16px\" aria-hidden=\"true\" class=\"wp-block-spacer\"><\/div>\n<\/div>\n<\/div>\n<\/div>\n<\/div>\n<\/div>\n\n\n\n\n<div style=\"height:39px\" aria-hidden=\"true\" class=\"wp-block-spacer\"><\/div>\n<\/div>\n","protected":false},"excerpt":{"rendered":"","protected":false},"author":105,"featured_media":0,"parent":54056,"menu_order":0,"comment_status":"closed","ping_status":"closed","template":"","meta":{"ep_exclude_from_search":false,"p4_hide_page_title_checkbox":"on","p4_title":"","p4_subtitle":"","p4_description":"","background_image_id":"","background_image":"","p4_button_title":"","p4_button_link":"","p4_button_link_checkbox":"","p4_og_title":"","p4_og_description":"","p4_og_image":"","p4_og_image_id":"","p4_seo_canonical_url":"","p4_campaign_name":"","p4_local_project":"","p4_basket_name":"","p4_department":"","footnotes":""},"categories":[168,169,173],"tags":[],"class_list":["post-54062","page","type-page","status-publish","hentry","category-campagnes","category-climat","category-justice-climatique"],"_links":{"self":[{"href":"https:\/\/www.greenpeace.org\/belgium\/fr\/wp-json\/wp\/v2\/pages\/54062","targetHints":{"allow":["GET"]}}],"collection":[{"href":"https:\/\/www.greenpeace.org\/belgium\/fr\/wp-json\/wp\/v2\/pages"}],"about":[{"href":"https:\/\/www.greenpeace.org\/belgium\/fr\/wp-json\/wp\/v2\/types\/page"}],"author":[{"embeddable":true,"href":"https:\/\/www.greenpeace.org\/belgium\/fr\/wp-json\/wp\/v2\/users\/105"}],"replies":[{"embeddable":true,"href":"https:\/\/www.greenpeace.org\/belgium\/fr\/wp-json\/wp\/v2\/comments?post=54062"}],"version-history":[{"count":15,"href":"https:\/\/www.greenpeace.org\/belgium\/fr\/wp-json\/wp\/v2\/pages\/54062\/revisions"}],"predecessor-version":[{"id":81304,"href":"https:\/\/www.greenpeace.org\/belgium\/fr\/wp-json\/wp\/v2\/pages\/54062\/revisions\/81304"}],"up":[{"embeddable":true,"href":"https:\/\/www.greenpeace.org\/belgium\/fr\/wp-json\/wp\/v2\/pages\/54056"}],"wp:attachment":[{"href":"https:\/\/www.greenpeace.org\/belgium\/fr\/wp-json\/wp\/v2\/media?parent=54062"}],"wp:term":[{"taxonomy":"category","embeddable":true,"href":"https:\/\/www.greenpeace.org\/belgium\/fr\/wp-json\/wp\/v2\/categories?post=54062"},{"taxonomy":"post_tag","embeddable":true,"href":"https:\/\/www.greenpeace.org\/belgium\/fr\/wp-json\/wp\/v2\/tags?post=54062"}],"curies":[{"name":"wp","href":"https:\/\/api.w.org\/{rel}","templated":true}]}}