{"id":57157,"date":"2024-05-27T09:21:44","date_gmt":"2024-05-27T08:21:44","guid":{"rendered":"https:\/\/www.greenpeace.org\/belgium\/?page_id=57157"},"modified":"2025-04-09T15:03:34","modified_gmt":"2025-04-09T14:03:34","slug":"join-our-crew","status":"publish","type":"page","link":"https:\/\/www.greenpeace.org\/belgium\/fr\/faire-un-don\/join-our-crew\/","title":{"rendered":"Join our crew"},"content":{"rendered":"\n<div style=\"height:60px\" aria-hidden=\"true\" class=\"wp-block-spacer\"><\/div>\n\n<figure class=\"wp-block-image aligncenter size-full is-resized  caption-alignment-left\"><img loading=\"lazy\" decoding=\"async\" width=\"1200\" height=\"200\" src=\"https:\/\/www.greenpeace.org\/static\/planet4-belgium-stateless\/2024\/06\/766b59fb-joc_1200x200_v2.png\" alt=\"\" class=\"wp-image-57899\" style=\"width:906px;height:auto\" srcset=\"https:\/\/www.greenpeace.org\/static\/planet4-belgium-stateless\/2024\/06\/766b59fb-joc_1200x200_v2.png 1200w, https:\/\/www.greenpeace.org\/static\/planet4-belgium-stateless\/2024\/06\/766b59fb-joc_1200x200_v2-300x50.png 300w, https:\/\/www.greenpeace.org\/static\/planet4-belgium-stateless\/2024\/06\/766b59fb-joc_1200x200_v2-1024x171.png 1024w, https:\/\/www.greenpeace.org\/static\/planet4-belgium-stateless\/2024\/06\/766b59fb-joc_1200x200_v2-768x128.png 768w, https:\/\/www.greenpeace.org\/static\/planet4-belgium-stateless\/2024\/06\/766b59fb-joc_1200x200_v2-510x85.png 510w\" sizes=\"auto, (max-width: 1200px) 100vw, 1200px\" \/><\/figure>\n\n<div style=\"height:33px\" aria-hidden=\"true\" class=\"wp-block-spacer\"><\/div>\n\n<div class=\"wp-block-columns is-layout-flex wp-container-core-columns-is-layout-9d6595d7 wp-block-columns-is-layout-flex\">\n<div class=\"wp-block-column is-layout-flow wp-block-column-is-layout-flow\" style=\"flex-basis:33.33%\">\n<h3 class=\"wp-block-heading\">GR\u00c2CE \u00c0 VOTRE SOUTIEN R\u00c9GULIER, PROGRESSONS VERS NOTRE OBJECTIF COMMUN&nbsp;: PROT\u00c9GER LE CLIMAT ET TOUTE FORME DE VIE SUR NOTRE PLAN\u00c8TE.<\/h3>\n<\/div>\n\n\n\n<div class=\"wp-block-column is-layout-flow wp-block-column-is-layout-flow\" style=\"flex-basis:66.66%\">\n<div id=\"youtube-video-container\" style=\"position: relative; width: 100%; padding-top: 56.25%; \/* 16:9 aspect ratio *\/\"><\/div>\n\n<script>\ndocument.addEventListener('DOMContentLoaded', function() {\n    var container = document.getElementById('youtube-video-container');\n    var iframe = document.createElement('iframe');\n    iframe.width = \"100%\";\n    iframe.height = \"100%\";\n    iframe.src = \"https:\/\/www.youtube.com\/embed\/AvuHxxFO2h8?autoplay=1&mute=1&controls=1&modestbranding=1&showinfo=0&rel=0&iv_load_policy=3&fs=0&disablekb=1\";\n    iframe.title = \"YouTube video player\";\n    iframe.frameBorder = \"0\";\n    iframe.allow = \"accelerometer; autoplay; clipboard-write; encrypted-media; gyroscope; picture-in-picture; web-share\";\n    iframe.referrerPolicy = \"strict-origin-when-cross-origin\";\n    iframe.allowFullscreen = true;\n    container.appendChild(iframe);\n});\n<\/script>\n\n<style>\n#youtube-video-container iframe {\n    position: absolute;\n    top: 0;\n    left: 0;\n    width: 100%;\n    height: 100%;\n}\n<\/style>\n<\/div>\n<\/div>\n\n<div style=\"height:56px\" aria-hidden=\"true\" class=\"wp-block-spacer\"><\/div>\n\n<div id=\"crew\"><\/div>\n\n<h3 class=\"wp-block-heading\">CHOISISSEZ VOTRE CREW ET SOUTENEZ LA CAUSE QUI VOUS TIENT LE PLUS <a href=\"https:\/\/en.wikipedia.org\/wiki\/%C3%80\">\u00c0<\/a> COEUR <\/h3>\n\n<div style=\"height:19px\" aria-hidden=\"true\" class=\"wp-block-spacer\"><\/div>\n\n<div class=\"wp-block-columns is-layout-flex wp-container-core-columns-is-layout-9d6595d7 wp-block-columns-is-layout-flex\">\n<div class=\"wp-block-column is-layout-flow wp-block-column-is-layout-flow\">\n<p><strong>Pour la protection des for\u00eats et des espaces verts<\/strong> devenez<\/p>\n\n\n\n<div style=\"height:15px\" aria-hidden=\"true\" class=\"wp-block-spacer\"><\/div>\n\n\n\n<figure class=\"wp-block-image size-large\"><a href=\"https:\/\/act.greenpeace.org\/page\/150238\/donate\/1?locale=fr-BE\" target=\"_blank\" rel=\"noreferrer noopener\"><img loading=\"lazy\" decoding=\"async\" width=\"1024\" height=\"1024\" src=\"https:\/\/www.greenpeace.org\/static\/planet4-belgium-stateless\/2024\/05\/3b525c51-37-1024x1024.png\" alt=\"\" class=\"wp-image-57410\" srcset=\"https:\/\/www.greenpeace.org\/static\/planet4-belgium-stateless\/2024\/05\/3b525c51-37-1024x1024.png 1024w, https:\/\/www.greenpeace.org\/static\/planet4-belgium-stateless\/2024\/05\/3b525c51-37-300x300.png 300w, https:\/\/www.greenpeace.org\/static\/planet4-belgium-stateless\/2024\/05\/3b525c51-37-150x150.png 150w, https:\/\/www.greenpeace.org\/static\/planet4-belgium-stateless\/2024\/05\/3b525c51-37-768x768.png 768w, https:\/\/www.greenpeace.org\/static\/planet4-belgium-stateless\/2024\/05\/3b525c51-37-340x340.png 340w, https:\/\/www.greenpeace.org\/static\/planet4-belgium-stateless\/2024\/05\/3b525c51-37.png 1080w\" sizes=\"auto, (max-width: 1024px) 100vw, 1024px\" \/><\/a><\/figure>\n\n\n\n<div class=\"wp-block-buttons is-content-justification-center is-layout-flex wp-container-core-buttons-is-layout-16018d1d wp-block-buttons-is-layout-flex\">\n<div class=\"wp-block-button\">\n               <a class=\"wp-block-button__link has-text-color\" href=\"https:\/\/act.greenpeace.org\/page\/150238\/donate\/1?locale=fr-BE\" target=\"_blank\" style=\"color: #86bc25; transition: color 0.3s, background-color 0.3s;\" onmouseover=\"this.style.backgroundColor = this.style.color; this.style.color = '#ffffff';\" onmouseout=\"this.style.color = '#86bc25'; this.style.backgroundColor = 'transparent';\" rel=\"noopener\">JE REJOINS LE CREW<\/a>\n    <\/div>\n<\/div>\n<\/div>\n\n\n\n<div class=\"wp-block-column is-layout-flow wp-block-column-is-layout-flow\">\n<p><strong>Pour mettre fin \u00e0 l&rsquo;exploitation des oc\u00e9ans<\/strong> devenez<\/p>\n\n\n\n<div style=\"height:15px\" aria-hidden=\"true\" class=\"wp-block-spacer\"><\/div>\n\n\n\n<figure class=\"wp-block-image size-large\"><a href=\"https:\/\/act.greenpeace.org\/page\/151158\/donate\/1?locale=fr-BE\" target=\"_blank\" rel=\"noopener\"><img loading=\"lazy\" decoding=\"async\" width=\"1024\" height=\"1024\" src=\"https:\/\/www.greenpeace.org\/static\/planet4-belgium-stateless\/2024\/06\/4f580e11-45-1024x1024.png\" alt=\"\" class=\"wp-image-57621\" srcset=\"https:\/\/www.greenpeace.org\/static\/planet4-belgium-stateless\/2024\/06\/4f580e11-45-1024x1024.png 1024w, https:\/\/www.greenpeace.org\/static\/planet4-belgium-stateless\/2024\/06\/4f580e11-45-300x300.png 300w, https:\/\/www.greenpeace.org\/static\/planet4-belgium-stateless\/2024\/06\/4f580e11-45-150x150.png 150w, https:\/\/www.greenpeace.org\/static\/planet4-belgium-stateless\/2024\/06\/4f580e11-45-768x768.png 768w, https:\/\/www.greenpeace.org\/static\/planet4-belgium-stateless\/2024\/06\/4f580e11-45-340x340.png 340w, https:\/\/www.greenpeace.org\/static\/planet4-belgium-stateless\/2024\/06\/4f580e11-45.png 1080w\" sizes=\"auto, (max-width: 1024px) 100vw, 1024px\" \/><\/a><\/figure>\n\n\n\n<div class=\"wp-block-buttons is-content-justification-center is-layout-flex wp-container-core-buttons-is-layout-16018d1d wp-block-buttons-is-layout-flex\">\n<div class=\"wp-block-button\">    <a class=\"wp-block-button__link has-text-color\" href=\"https:\/\/act.greenpeace.org\/page\/151158\/donate\/1?locale=fr-BE\" target=\"_blank\" style=\"color: #005A85; transition: color 0.3s, background-color 0.3s;\" onmouseover=\"this.style.backgroundColor = this.style.color; this.style.color = '#ffffff';\" onmouseout=\"this.style.color = '#005A85'; this.style.backgroundColor = 'transparent';\" rel=\"noopener\">JE REJOINS LE CREW<\/a><\/div>\n<\/div>\n<\/div>\n\n\n\n<div class=\"wp-block-column is-layout-flow wp-block-column-is-layout-flow\">\n<p><strong>Pour la fin des projets \u00ab&nbsp;climaticides&nbsp;\u00bb<\/strong> devenez<\/p>\n\n\n\n<div style=\"height:45px\" aria-hidden=\"true\" class=\"wp-block-spacer\"><\/div>\n\n\n\n<figure class=\"wp-block-image size-large\"><a href=\"https:\/\/act.greenpeace.org\/page\/151161\/donate\/1?locale=fr-BE\" target=\"_blank\" rel=\"noreferrer noopener\"><img loading=\"lazy\" decoding=\"async\" width=\"1024\" height=\"1024\" src=\"https:\/\/www.greenpeace.org\/static\/planet4-belgium-stateless\/2024\/05\/ad7a96f8-59-1024x1024.png\" alt=\"\" class=\"wp-image-57417\" srcset=\"https:\/\/www.greenpeace.org\/static\/planet4-belgium-stateless\/2024\/05\/ad7a96f8-59-1024x1024.png 1024w, https:\/\/www.greenpeace.org\/static\/planet4-belgium-stateless\/2024\/05\/ad7a96f8-59-300x300.png 300w, https:\/\/www.greenpeace.org\/static\/planet4-belgium-stateless\/2024\/05\/ad7a96f8-59-150x150.png 150w, https:\/\/www.greenpeace.org\/static\/planet4-belgium-stateless\/2024\/05\/ad7a96f8-59-768x768.png 768w, https:\/\/www.greenpeace.org\/static\/planet4-belgium-stateless\/2024\/05\/ad7a96f8-59-340x340.png 340w, https:\/\/www.greenpeace.org\/static\/planet4-belgium-stateless\/2024\/05\/ad7a96f8-59.png 1080w\" sizes=\"auto, (max-width: 1024px) 100vw, 1024px\" \/><\/a><\/figure>\n\n\n\n<div class=\"wp-block-buttons is-content-justification-center is-layout-flex wp-container-core-buttons-is-layout-16018d1d wp-block-buttons-is-layout-flex\">\n<div class=\"wp-block-button\">    <a class=\"wp-block-button__link has-text-color\" href=\"https:\/\/act.greenpeace.org\/page\/151161\/donate\/1?locale=fr-BE\" target=\"_blank\" style=\"color: #B7852F; transition: color 0.3s, background-color 0.3s;\" onmouseover=\"this.style.backgroundColor = this.style.color; this.style.color = '#ffffff';\" onmouseout=\"this.style.color = '#B7852F'; this.style.backgroundColor = 'transparent';\" rel=\"noopener\">JE REJOINS LE CREW<\/a>   <\/div>\n<\/div>\n<\/div>\n\n\n\n<div class=\"wp-block-column is-layout-flow wp-block-column-is-layout-flow\">\n<p><strong>Pour la sauvegarde des esp\u00e8ces vivantes<\/strong> devenez<\/p>\n\n\n\n<div style=\"height:45px\" aria-hidden=\"true\" class=\"wp-block-spacer\"><\/div>\n\n\n\n<figure class=\"wp-block-image size-large\"><a href=\"https:\/\/act.greenpeace.org\/page\/151162\/donate\/1?locale=fr-BE\" target=\"_blank\" rel=\"noreferrer noopener\"><img loading=\"lazy\" decoding=\"async\" width=\"1024\" height=\"1024\" src=\"https:\/\/www.greenpeace.org\/static\/planet4-belgium-stateless\/2024\/06\/1c7b760e-67-1024x1024.png\" alt=\"\" class=\"wp-image-57619\" srcset=\"https:\/\/www.greenpeace.org\/static\/planet4-belgium-stateless\/2024\/06\/1c7b760e-67-1024x1024.png 1024w, https:\/\/www.greenpeace.org\/static\/planet4-belgium-stateless\/2024\/06\/1c7b760e-67-300x300.png 300w, https:\/\/www.greenpeace.org\/static\/planet4-belgium-stateless\/2024\/06\/1c7b760e-67-150x150.png 150w, https:\/\/www.greenpeace.org\/static\/planet4-belgium-stateless\/2024\/06\/1c7b760e-67-768x768.png 768w, https:\/\/www.greenpeace.org\/static\/planet4-belgium-stateless\/2024\/06\/1c7b760e-67-340x340.png 340w, https:\/\/www.greenpeace.org\/static\/planet4-belgium-stateless\/2024\/06\/1c7b760e-67.png 1080w\" sizes=\"auto, (max-width: 1024px) 100vw, 1024px\" \/><\/a><\/figure>\n\n\n\n<div class=\"wp-block-buttons is-content-justification-center is-layout-flex wp-container-core-buttons-is-layout-16018d1d wp-block-buttons-is-layout-flex\">\n<div class=\"wp-block-button\"><a class=\"wp-block-button__link has-text-color\" href=\"https:\/\/act.greenpeace.org\/page\/151162\/donate\/1?locale=fr-BE\" target=\"_blank\" style=\"color: #E53436; transition: color 0.3s, background-color 0.3s;\" onmouseover=\"this.style.backgroundColor = this.style.color; this.style.color = '#ffffff';\" onmouseout=\"this.style.color = '#E53436'; this.style.backgroundColor = 'transparent';\" rel=\"noopener\">JE REJOINS LE CREW<\/a><\/div>\n<\/div>\n<\/div>\n<\/div>\n\n<div style=\"height:91px\" aria-hidden=\"true\" class=\"wp-block-spacer\"><\/div>\n\n<div class=\"wp-block-media-text has-media-on-the-right is-stacked-on-mobile is-image-fill\"><div class=\"wp-block-media-text__content\">\n<h3 class=\"wp-block-heading\"><strong>POURQUOI FAIRE UN DON MENSUEL&nbsp;?<\/strong><\/h3>\n\n\n\n<div style=\"height:23px\" aria-hidden=\"true\" class=\"wp-block-spacer\"><\/div>\n\n\n\n<ul class=\"wp-block-list\">\n<li>Vous&nbsp;<strong>soutenez automatiquement Greenpeace chaque mois<\/strong>, sans m\u00eame y penser. Faire un don mensuel ne vous prendra que deux minutes, tandis que votre soutien \u00e0 la plan\u00e8te et au climat pourra durer des ann\u00e9es !<\/li>\n\n\n\n<li>Vous nous donnez les moyens financiers de&nbsp;<strong>mieux<\/strong>&nbsp;<strong>planifier nos actions&nbsp;<\/strong>et d&rsquo;\u00e9laborer une vision strat\u00e9gique sur le plus long terme.<\/li>\n\n\n\n<li>Vous&nbsp;<strong>r\u00e9duisez nos co\u00fbts administratifs<\/strong>, ce qui nous permet de consacrer&nbsp;<strong>plus d\u2019argent \u00e0 nos campagnes<\/strong>.<\/li>\n<\/ul>\n\n\n\n<p><br>Gr\u00e2ce \u00e0 votre geste, Greenpeace pourra jouer son r\u00f4le de lanceur d&rsquo;alerte et mettre en \u0153uvre des actions concr\u00e8tes. <strong>Votre implication et votre g\u00e9n\u00e9rosit\u00e9 sont nos plus grandes forces<\/strong>.<\/p>\n<\/div><figure class=\"wp-block-media-text__media\" style=\"background-image:url(https:\/\/www.greenpeace.org\/static\/planet4-belgium-stateless\/2024\/05\/f38783e1-36-1024x1024.png);background-position:78% 27%\"><img loading=\"lazy\" decoding=\"async\" width=\"1024\" height=\"1024\" src=\"https:\/\/www.greenpeace.org\/static\/planet4-belgium-stateless\/2024\/05\/f38783e1-36-1024x1024.png\" alt=\"\" sizes=\"auto, (min-width: 1600px) calc((1320px - 24px) \/ 2),(min-width: 1200px) calc((1140px - 24px) \/ 2),(min-width: 992px) calc((960px - 24px) \/ 2),(min-width: 768px) calc((720px - 24px) \/ 2),(min-width: 601px) calc((540px - 24px) \/ 2),(min-width: 577px) calc((540px - 24px) \/ 1), calc(100vw - 24px)\" srcset=\"https:\/\/www.greenpeace.org\/static\/planet4-belgium-stateless\/2024\/05\/f38783e1-36.png 1080w, https:\/\/www.greenpeace.org\/static\/planet4-belgium-stateless\/2024\/05\/f38783e1-36-300x300.png 300w, https:\/\/www.greenpeace.org\/static\/planet4-belgium-stateless\/2024\/05\/f38783e1-36-1024x1024.png 1024w, https:\/\/www.greenpeace.org\/static\/planet4-belgium-stateless\/2024\/05\/f38783e1-36-150x150.png 150w, https:\/\/www.greenpeace.org\/static\/planet4-belgium-stateless\/2024\/05\/f38783e1-36-768x768.png 768w, https:\/\/www.greenpeace.org\/static\/planet4-belgium-stateless\/2024\/05\/f38783e1-36-340x340.png 340w\" class=\"wp-image-57424 size-full\"\/><\/figure><\/div>\n\n<div style=\"height:100px\" aria-hidden=\"true\" class=\"wp-block-spacer\"><\/div>\n\n<div class=\"wp-block-columns is-layout-flex wp-container-core-columns-is-layout-9d6595d7 wp-block-columns-is-layout-flex\">\n<div class=\"wp-block-column is-layout-flow wp-block-column-is-layout-flow\" style=\"flex-basis:33.33%\">\n<div class=\"wp-block-columns has-action-yellow-background-color has-background is-layout-flex wp-container-core-columns-is-layout-9d6595d7 wp-block-columns-is-layout-flex\">\n<div class=\"wp-block-column is-layout-flow wp-block-column-is-layout-flow\">\n<figure class=\"wp-block-image size-full is-resized is-style-rounded-180\"><img loading=\"lazy\" decoding=\"async\" width=\"1080\" height=\"1080\" src=\"https:\/\/www.greenpeace.org\/static\/planet4-belgium-stateless\/2024\/06\/7ac5e1bb-tshirt-sponsorship.jpg\" alt=\"\" class=\"wp-image-57821\" style=\"\" srcset=\"https:\/\/www.greenpeace.org\/static\/planet4-belgium-stateless\/2024\/06\/7ac5e1bb-tshirt-sponsorship.jpg 1080w, https:\/\/www.greenpeace.org\/static\/planet4-belgium-stateless\/2024\/06\/7ac5e1bb-tshirt-sponsorship-300x300.jpg 300w, https:\/\/www.greenpeace.org\/static\/planet4-belgium-stateless\/2024\/06\/7ac5e1bb-tshirt-sponsorship-1024x1024.jpg 1024w, https:\/\/www.greenpeace.org\/static\/planet4-belgium-stateless\/2024\/06\/7ac5e1bb-tshirt-sponsorship-150x150.jpg 150w, https:\/\/www.greenpeace.org\/static\/planet4-belgium-stateless\/2024\/06\/7ac5e1bb-tshirt-sponsorship-768x768.jpg 768w, https:\/\/www.greenpeace.org\/static\/planet4-belgium-stateless\/2024\/06\/7ac5e1bb-tshirt-sponsorship-340x340.jpg 340w\" sizes=\"auto, (max-width: 1080px) 100vw, 1080px\" \/><\/figure>\n\n\n\n<h3 class=\"wp-block-heading\"><strong><strong>EN CADEAU<\/strong><\/strong><\/h3>\n\n\n\n<p>Pour vous remercier de votre soutien, nous vous enverrons un T-shirt exclusif de Greenpeace.&nbsp;<\/p>\n<\/div>\n<\/div>\n<\/div>\n\n\n\n<div class=\"wp-block-column is-layout-flow wp-block-column-is-layout-flow\" style=\"flex-basis:66.66%\">\n<h3 class=\"wp-block-heading\">CE QUE VOUS RECEVEZ EN DEVENANT DONATEUR\u00b7RICE<\/h3>\n\n\n\n<div style=\"height:42px\" aria-hidden=\"true\" class=\"wp-block-spacer\"><\/div>\n\n\n\n<p>En rejoignant un crew, vous recevrez une brochure explicative de bienvenue, ainsi que le calendrier Greenpeace chaque ann\u00e9e par la poste et notre newsletter \u00e9lectronique chaque d\u00e9but de mois.<\/p>\n\n\n\n<p>Par ailleurs, vos dons sont d\u00e9ductibles fiscalement si le montant total atteint au moins 40 euros au cours d\u2019une ann\u00e9e. <strong>Un don de 15&nbsp;\u20ac\/mois vous co\u00fbtera seulement 8&nbsp;\u20ac\/mois.<\/strong><\/p>\n\n\n\n<p>Rejoignez d\u00e8s maintenant un crew et soutenez la cause qui vous tient le plus \u00e0 c\u0153ur. Vous recevrez r\u00e9guli\u00e8rement des informations d\u00e9taill\u00e9es sur la mission que vous avez choisie&nbsp;: les for\u00eats, les oc\u00e9ans, le climat ou la vie sauvage.<\/p>\n<\/div>\n<\/div>\n\n<div style=\"height:60px\" aria-hidden=\"true\" class=\"wp-block-spacer\"><\/div>\n\n<h3 class=\"wp-block-heading\">IMPLIQUEZ-VOUS \u00c0 NOS C\u00d4T\u00c9S EN SOUTENANT LA CAUSE QUI VOUS TIENT LE PLUS \u00c0 COEUR <\/h3>\n\n<div style=\"height:40px\" aria-hidden=\"true\" class=\"wp-block-spacer\"><\/div>\n\n<div class=\"wp-block-columns is-layout-flex wp-container-core-columns-is-layout-9d6595d7 wp-block-columns-is-layout-flex\">\n<div class=\"wp-block-column is-layout-flow wp-block-column-is-layout-flow\">\n<figure class=\"wp-block-image aligncenter size-full is-resized\"><a href=\"https:\/\/act.greenpeace.org\/page\/150238\/donate\/1?locale=fr-BE\" target=\"_blank\" rel=\"noreferrer noopener\"><img loading=\"lazy\" decoding=\"async\" width=\"804\" height=\"206\" src=\"https:\/\/www.greenpeace.org\/static\/planet4-belgium-stateless\/2024\/06\/a783d48a-forests_center_fr.jpg\" alt=\"\" class=\"wp-image-57709\" style=\"width:295px;height:auto\" srcset=\"https:\/\/www.greenpeace.org\/static\/planet4-belgium-stateless\/2024\/06\/a783d48a-forests_center_fr.jpg 804w, https:\/\/www.greenpeace.org\/static\/planet4-belgium-stateless\/2024\/06\/a783d48a-forests_center_fr-300x77.jpg 300w, https:\/\/www.greenpeace.org\/static\/planet4-belgium-stateless\/2024\/06\/a783d48a-forests_center_fr-768x197.jpg 768w, https:\/\/www.greenpeace.org\/static\/planet4-belgium-stateless\/2024\/06\/a783d48a-forests_center_fr-510x131.jpg 510w\" sizes=\"auto, (max-width: 804px) 100vw, 804px\" \/><\/a><\/figure>\n<\/div>\n\n\n\n<div class=\"wp-block-column is-layout-flow wp-block-column-is-layout-flow\">\n<figure class=\"wp-block-image aligncenter size-full is-resized\"><a href=\"https:\/\/act.greenpeace.org\/page\/151158\/donate\/1?locale=fr-BE\" target=\"_blank\" rel=\"noreferrer noopener\"><img loading=\"lazy\" decoding=\"async\" width=\"804\" height=\"206\" src=\"https:\/\/www.greenpeace.org\/static\/planet4-belgium-stateless\/2024\/06\/a0766b2f-oceans_center_fr.jpg\" alt=\"\" class=\"wp-image-57711\" style=\"width:295px;height:auto\" srcset=\"https:\/\/www.greenpeace.org\/static\/planet4-belgium-stateless\/2024\/06\/a0766b2f-oceans_center_fr.jpg 804w, https:\/\/www.greenpeace.org\/static\/planet4-belgium-stateless\/2024\/06\/a0766b2f-oceans_center_fr-300x77.jpg 300w, https:\/\/www.greenpeace.org\/static\/planet4-belgium-stateless\/2024\/06\/a0766b2f-oceans_center_fr-768x197.jpg 768w, https:\/\/www.greenpeace.org\/static\/planet4-belgium-stateless\/2024\/06\/a0766b2f-oceans_center_fr-510x131.jpg 510w\" sizes=\"auto, (max-width: 804px) 100vw, 804px\" \/><\/a><\/figure>\n<\/div>\n\n\n\n<div class=\"wp-block-column is-layout-flow wp-block-column-is-layout-flow\">\n<figure class=\"wp-block-image aligncenter size-full is-resized\"><a href=\"https:\/\/act.greenpeace.org\/page\/151161\/donate\/1?locale=fr-BE\" target=\"_blank\" rel=\"noreferrer noopener\"><img loading=\"lazy\" decoding=\"async\" width=\"804\" height=\"206\" src=\"https:\/\/www.greenpeace.org\/static\/planet4-belgium-stateless\/2024\/06\/7d0f4217-climat_center_fr.jpg\" alt=\"\" class=\"wp-image-57707\" style=\"width:295px;height:auto\" srcset=\"https:\/\/www.greenpeace.org\/static\/planet4-belgium-stateless\/2024\/06\/7d0f4217-climat_center_fr.jpg 804w, https:\/\/www.greenpeace.org\/static\/planet4-belgium-stateless\/2024\/06\/7d0f4217-climat_center_fr-300x77.jpg 300w, https:\/\/www.greenpeace.org\/static\/planet4-belgium-stateless\/2024\/06\/7d0f4217-climat_center_fr-768x197.jpg 768w, https:\/\/www.greenpeace.org\/static\/planet4-belgium-stateless\/2024\/06\/7d0f4217-climat_center_fr-510x131.jpg 510w\" sizes=\"auto, (max-width: 804px) 100vw, 804px\" \/><\/a><\/figure>\n<\/div>\n\n\n\n<div class=\"wp-block-column is-layout-flow wp-block-column-is-layout-flow\">\n<figure class=\"wp-block-image aligncenter size-full is-resized\"><a href=\"https:\/\/act.greenpeace.org\/page\/151162\/donate\/1?locale=fr-BE\" target=\"_blank\" rel=\"noreferrer noopener\"><img loading=\"lazy\" decoding=\"async\" width=\"804\" height=\"206\" src=\"https:\/\/www.greenpeace.org\/static\/planet4-belgium-stateless\/2024\/06\/d7a03837-wildlife_center_fr.jpg\" alt=\"\" class=\"wp-image-57713\" style=\"width:295px;height:auto\" srcset=\"https:\/\/www.greenpeace.org\/static\/planet4-belgium-stateless\/2024\/06\/d7a03837-wildlife_center_fr.jpg 804w, https:\/\/www.greenpeace.org\/static\/planet4-belgium-stateless\/2024\/06\/d7a03837-wildlife_center_fr-300x77.jpg 300w, https:\/\/www.greenpeace.org\/static\/planet4-belgium-stateless\/2024\/06\/d7a03837-wildlife_center_fr-768x197.jpg 768w, https:\/\/www.greenpeace.org\/static\/planet4-belgium-stateless\/2024\/06\/d7a03837-wildlife_center_fr-510x131.jpg 510w\" sizes=\"auto, (max-width: 804px) 100vw, 804px\" \/><\/a><\/figure>\n<\/div>\n<\/div>\n\n<div style=\"height:75px\" aria-hidden=\"true\" class=\"wp-block-spacer\"><\/div>\n\n<h3 class=\"wp-block-heading\">ENSEMBLE, NOUS POUVONS FAIRE LA DIFF\u00c9RENCE !<\/h3>\n\n\n<div class=\"wp-block-columns block is-layout-flex wp-container-core-columns-is-layout-9d6595d7 wp-block-columns-is-layout-flex\">\n<div class=\"wp-block-column is-layout-flow wp-block-column-is-layout-flow\">\n<div class=\"wp-block-group is-layout-flow wp-block-group-is-layout-flow\">\n<figure class=\"wp-block-image aligncenter size-full is-resized mb-0 force-no-lightbox force-no-caption\"><img loading=\"lazy\" decoding=\"async\" width=\"512\" height=\"512\" src=\"https:\/\/www.greenpeace.org\/static\/planet4-belgium-stateless\/2023\/09\/27fab25c-greenpeace-belgique-devenir-activiste-pictogramme.png\" alt=\"\" class=\"wp-image-53739\" style=\"width:100px;height:100px\" srcset=\"https:\/\/www.greenpeace.org\/static\/planet4-belgium-stateless\/2023\/09\/27fab25c-greenpeace-belgique-devenir-activiste-pictogramme.png 512w, https:\/\/www.greenpeace.org\/static\/planet4-belgium-stateless\/2023\/09\/27fab25c-greenpeace-belgique-devenir-activiste-pictogramme-300x300.png 300w, https:\/\/www.greenpeace.org\/static\/planet4-belgium-stateless\/2023\/09\/27fab25c-greenpeace-belgique-devenir-activiste-pictogramme-150x150.png 150w, https:\/\/www.greenpeace.org\/static\/planet4-belgium-stateless\/2023\/09\/27fab25c-greenpeace-belgique-devenir-activiste-pictogramme-340x340.png 340w\" sizes=\"auto, (max-width: 512px) 100vw, 512px\" \/><\/figure>\n\n\n\n<p><\/p>\n\n\n\n<p><\/p>\n\n\n\n<p class=\"has-text-align-center has-x-large-font-size\"><strong>IND\u00c9PENDANCE<\/strong><\/p>\n\n\n\n<p class=\"has-text-align-center has-medium-font-size\">Greenpeace n&rsquo;accepte pas d&rsquo;argent des gouvernements, entreprises ou partis politiques.<\/p>\n\n\n\n<div style=\"height:16px\" aria-hidden=\"true\" class=\"wp-block-spacer\"><\/div>\n<\/div>\n<\/div>\n\n\n\n<div class=\"wp-block-column is-layout-flow wp-block-column-is-layout-flow\">\n<div class=\"wp-block-group is-layout-flow wp-block-group-is-layout-flow\">\n<figure class=\"wp-block-image aligncenter size-full is-resized mb-0 force-no-lightbox force-no-caption\"><img loading=\"lazy\" decoding=\"async\" width=\"512\" height=\"512\" src=\"https:\/\/www.greenpeace.org\/static\/planet4-belgium-stateless\/2023\/09\/d42ec27f-greenpeace-belgique-campagne-climat-pictogramme.png\" alt=\"\" class=\"wp-image-53729\" style=\"width:100px;height:auto\" srcset=\"https:\/\/www.greenpeace.org\/static\/planet4-belgium-stateless\/2023\/09\/d42ec27f-greenpeace-belgique-campagne-climat-pictogramme.png 512w, https:\/\/www.greenpeace.org\/static\/planet4-belgium-stateless\/2023\/09\/d42ec27f-greenpeace-belgique-campagne-climat-pictogramme-300x300.png 300w, https:\/\/www.greenpeace.org\/static\/planet4-belgium-stateless\/2023\/09\/d42ec27f-greenpeace-belgique-campagne-climat-pictogramme-150x150.png 150w, https:\/\/www.greenpeace.org\/static\/planet4-belgium-stateless\/2023\/09\/d42ec27f-greenpeace-belgique-campagne-climat-pictogramme-340x340.png 340w\" sizes=\"auto, (max-width: 512px) 100vw, 512px\" \/><\/figure>\n\n\n\n<p><\/p>\n\n\n\n<p><\/p>\n\n\n\n<p class=\"has-text-align-center has-x-large-font-size\"><strong>55 <\/strong>PAYS <\/p>\n\n\n\n<p class=\"has-text-align-center has-medium-font-size\">Greenpeace est pr\u00e9sente dans 55 pays et existe depuis 50 ans gr\u00e2ce \u00e0 la g\u00e9n\u00e9rosit\u00e9 de personnes comme vous.&nbsp;<\/p>\n\n\n\n<div style=\"height:16px\" aria-hidden=\"true\" class=\"wp-block-spacer\"><\/div>\n<\/div>\n<\/div>\n\n\n\n<div class=\"wp-block-column is-layout-flow wp-block-column-is-layout-flow\">\n<div class=\"wp-block-group is-layout-flow wp-block-group-is-layout-flow\">\n<figure class=\"wp-block-image aligncenter size-full is-resized mb-0 force-no-lightbox force-no-caption\"><img loading=\"lazy\" decoding=\"async\" width=\"512\" height=\"512\" src=\"https:\/\/www.greenpeace.org\/static\/planet4-belgium-stateless\/2023\/09\/259dbfd9-biodiversite3.png\" alt=\"\" class=\"wp-image-53705\" style=\"width:100px;height:auto\" srcset=\"https:\/\/www.greenpeace.org\/static\/planet4-belgium-stateless\/2023\/09\/259dbfd9-biodiversite3.png 512w, https:\/\/www.greenpeace.org\/static\/planet4-belgium-stateless\/2023\/09\/259dbfd9-biodiversite3-300x300.png 300w, https:\/\/www.greenpeace.org\/static\/planet4-belgium-stateless\/2023\/09\/259dbfd9-biodiversite3-150x150.png 150w, https:\/\/www.greenpeace.org\/static\/planet4-belgium-stateless\/2023\/09\/259dbfd9-biodiversite3-340x340.png 340w\" sizes=\"auto, (max-width: 512px) 100vw, 512px\" \/><\/figure>\n\n\n\n<p><\/p>\n\n\n\n<p><\/p>\n\n\n\n<p class=\"has-text-align-center has-x-large-font-size\"><strong>100 000<\/strong><\/p>\n\n\n\n<p class=\"has-text-align-center has-medium-font-size\">Rejoignez maintenant les 100&nbsp;000 Belges qui se mobilisent pour un avenir plus vert et plus juste.<\/p>\n\n\n\n<div style=\"height:16px\" aria-hidden=\"true\" class=\"wp-block-spacer\"><\/div>\n<\/div>\n<\/div>\n<\/div>\n\n\n<div style=\"height:73px\" aria-hidden=\"true\" class=\"wp-block-spacer\"><\/div>\n\n<div class=\"wp-block-columns has-action-yellow-background-color has-background is-layout-flex wp-container-core-columns-is-layout-9d6595d7 wp-block-columns-is-layout-flex\">\n<div class=\"wp-block-column has-action-yellow-background-color has-background is-layout-flow wp-block-column-is-layout-flow\">\n<h4 class=\"wp-block-heading\"><strong>Vous n\u2019arrivez pas \u00e0 choisir un crew&nbsp;?<\/strong><\/h4>\n\n\n\n<p>Soutenez Greenpeace avec un don mensuel g\u00e9n\u00e9ral. Nous affecterons votre soutien en fonction des besoins des diff\u00e9rents projets et urgences climatiques.&nbsp;<\/p>\n\n\n\n<div class=\"wp-block-buttons is-content-justification-left is-layout-flex wp-container-core-buttons-is-layout-fdcfc74e wp-block-buttons-is-layout-flex\">\n<div class=\"wp-block-button is-style-secondary\"><a class=\"wp-block-button__link wp-element-button\" href=\"https:\/\/act.greenpeace.org\/page\/134627\/donate\/1?supporter.NOT_TAGGED_15=12&amp;locale=fr-BE\" target=\"_blank\" rel=\"noreferrer noopener\">JE FAIS UN DON MENSUEL<\/a><\/div>\n<\/div>\n<\/div>\n\n\n\n<div class=\"wp-block-column has-action-yellow-background-color has-background is-layout-flow wp-block-column-is-layout-flow\">\n<h4 class=\"wp-block-heading\"><strong>Vous pr\u00e9f\u00e9rez faire un don unique&nbsp;?<\/strong><\/h4>\n\n\n\n<p>Si vous n\u2019\u00eates pas en mesure de faire un don mensuel, vous pouvez nous soutenir financi\u00e8rement via un don unique en ligne. <\/p>\n\n\n\n<div class=\"wp-block-buttons is-content-justification-left is-layout-flex wp-container-core-buttons-is-layout-fdcfc74e wp-block-buttons-is-layout-flex\">\n<div class=\"wp-block-button is-style-secondary\"><a class=\"wp-block-button__link wp-element-button\" href=\"https:\/\/act.greenpeace.org\/page\/134627\/donate\/1?locale=fr-BE\" target=\"_blank\" rel=\"noreferrer noopener\">JE FAIS UN DON UNIQUE<\/a><\/div>\n<\/div>\n<\/div>\n<\/div>\n<div data-render=\"planet4-blocks\/happypoint\" data-attributes=\"{&quot;attributes&quot;:{&quot;opacity&quot;:100,&quot;id&quot;:53578,&quot;embed_code&quot;:&quot;&quot;,&quot;override_default_content&quot;:true,&quot;local_content_provider&quot;:&quot;iframe_url&quot;}}\"><\/div>","protected":false},"excerpt":{"rendered":"<p>Gr\u00e2ce \u00e0 votre soutien r\u00e9gulier, progressons vers notre objectif commun : Prot\u00e9ger le climat et tout forme de vie sur notre plan\u00e8te<\/p>\n","protected":false},"author":105,"featured_media":57532,"parent":53541,"menu_order":0,"comment_status":"closed","ping_status":"closed","template":"","meta":{"ep_exclude_from_search":false,"p4_hide_page_title_checkbox":"on","p4_title":"","p4_subtitle":"","p4_description":"","background_image_id":"","background_image":"","p4_button_title":"","p4_button_link":"","p4_button_link_checkbox":"","p4_og_title":"Join our Crew","p4_og_description":"Gr\u00e2ce \u00e0 votre soutien r\u00e9gulier, progressons vers notre objectif commun : Prot\u00e9ger le climat et tout forme de vie sur notre plan\u00e8te","p4_og_image":"https:\/\/www.greenpeace.org\/static\/planet4-belgium-stateless\/2024\/05\/1c8a0cad-22.png","p4_og_image_id":"57532","p4_seo_canonical_url":"","p4_campaign_name":"","p4_local_project":"","p4_basket_name":"","p4_department":"","footnotes":""},"categories":[],"tags":[99,103],"class_list":["post-57157","page","type-page","status-publish","has-post-thumbnail","hentry","tag-oceanen","tag-klimaat"],"_links":{"self":[{"href":"https:\/\/www.greenpeace.org\/belgium\/fr\/wp-json\/wp\/v2\/pages\/57157","targetHints":{"allow":["GET"]}}],"collection":[{"href":"https:\/\/www.greenpeace.org\/belgium\/fr\/wp-json\/wp\/v2\/pages"}],"about":[{"href":"https:\/\/www.greenpeace.org\/belgium\/fr\/wp-json\/wp\/v2\/types\/page"}],"author":[{"embeddable":true,"href":"https:\/\/www.greenpeace.org\/belgium\/fr\/wp-json\/wp\/v2\/users\/105"}],"replies":[{"embeddable":true,"href":"https:\/\/www.greenpeace.org\/belgium\/fr\/wp-json\/wp\/v2\/comments?post=57157"}],"version-history":[{"count":20,"href":"https:\/\/www.greenpeace.org\/belgium\/fr\/wp-json\/wp\/v2\/pages\/57157\/revisions"}],"predecessor-version":[{"id":59739,"href":"https:\/\/www.greenpeace.org\/belgium\/fr\/wp-json\/wp\/v2\/pages\/57157\/revisions\/59739"}],"up":[{"embeddable":true,"href":"https:\/\/www.greenpeace.org\/belgium\/fr\/wp-json\/wp\/v2\/pages\/53541"}],"wp:featuredmedia":[{"embeddable":true,"href":"https:\/\/www.greenpeace.org\/belgium\/fr\/wp-json\/wp\/v2\/media\/57532"}],"wp:attachment":[{"href":"https:\/\/www.greenpeace.org\/belgium\/fr\/wp-json\/wp\/v2\/media?parent=57157"}],"wp:term":[{"taxonomy":"category","embeddable":true,"href":"https:\/\/www.greenpeace.org\/belgium\/fr\/wp-json\/wp\/v2\/categories?post=57157"},{"taxonomy":"post_tag","embeddable":true,"href":"https:\/\/www.greenpeace.org\/belgium\/fr\/wp-json\/wp\/v2\/tags?post=57157"}],"curies":[{"name":"wp","href":"https:\/\/api.w.org\/{rel}","templated":true}]}}