{"id":62593,"date":"2026-04-28T16:49:08","date_gmt":"2026-04-28T15:49:08","guid":{"rendered":"https:\/\/www.greenpeace.org\/belgium\/?page_id=62593"},"modified":"2026-04-30T16:18:38","modified_gmt":"2026-04-30T15:18:38","slug":"open-boat-2026","status":"publish","type":"page","link":"https:\/\/www.greenpeace.org\/belgium\/fr\/open-boat-2026\/","title":{"rendered":"Open Boat 2026 FR"},"content":{"rendered":"\n<div class=\"wp-block-group is-content-justification-center is-layout-flex wp-container-core-group-is-layout-64b26803 wp-block-group-is-layout-flex\">\n<figure class=\"wp-block-image alignright size-large is-resized caption-alignment-right is-style-default\"><img loading=\"lazy\" decoding=\"async\" width=\"1024\" height=\"982\" src=\"https:\/\/www.greenpeace.org\/static\/planet4-belgium-stateless\/2026\/04\/61e70613-design-sans-titre40-1024x982.png\" alt=\"\" class=\"wp-image-81186\" style=\"aspect-ratio:1.3333333333333333;object-fit:cover;width:138px;height:auto\" srcset=\"https:\/\/www.greenpeace.org\/static\/planet4-belgium-stateless\/2026\/04\/61e70613-design-sans-titre40-1024x982.png 1024w, https:\/\/www.greenpeace.org\/static\/planet4-belgium-stateless\/2026\/04\/61e70613-design-sans-titre40-300x288.png 300w, https:\/\/www.greenpeace.org\/static\/planet4-belgium-stateless\/2026\/04\/61e70613-design-sans-titre40-768x736.png 768w, https:\/\/www.greenpeace.org\/static\/planet4-belgium-stateless\/2026\/04\/61e70613-design-sans-titre40-1536x1473.png 1536w, https:\/\/www.greenpeace.org\/static\/planet4-belgium-stateless\/2026\/04\/61e70613-design-sans-titre40-1425x1366.png 1425w, https:\/\/www.greenpeace.org\/static\/planet4-belgium-stateless\/2026\/04\/61e70613-design-sans-titre40-355x340.png 355w, https:\/\/www.greenpeace.org\/static\/planet4-belgium-stateless\/2026\/04\/61e70613-design-sans-titre40.png 1842w\" sizes=\"auto, (max-width: 1024px) 100vw, 1024px\" \/><\/figure>\n\n\n\n<h2 class=\"wp-block-heading has-dark-green-800-color has-text-color has-link-color wp-elements-4816793f49987a9e3746b4c9b904b005\" style=\"margin-top:var(--wp--preset--spacing--40);margin-bottom:var(--wp--preset--spacing--40);font-size:45px\">OPEN BOAT weekend 2026<\/h2>\n<\/div>\n\n<div class=\"wp-block-cover alignfull\" style=\"min-height:544px;aspect-ratio:unset;\"><img loading=\"lazy\" decoding=\"async\" width=\"1024\" height=\"683\" class=\"wp-block-cover__image-background wp-image-60949 size-large\" alt=\"\" src=\"https:\/\/www.greenpeace.org\/static\/planet4-belgium-stateless\/2025\/08\/b79f5425-gp0stqy26_pressmedia-2500px-1024x683.jpg\" style=\"object-position:54% 64%\" data-object-fit=\"cover\" data-object-position=\"54% 64%\" srcset=\"https:\/\/www.greenpeace.org\/static\/planet4-belgium-stateless\/2025\/08\/b79f5425-gp0stqy26_pressmedia-2500px-1024x683.jpg 1024w, https:\/\/www.greenpeace.org\/static\/planet4-belgium-stateless\/2025\/08\/b79f5425-gp0stqy26_pressmedia-2500px-300x200.jpg 300w, https:\/\/www.greenpeace.org\/static\/planet4-belgium-stateless\/2025\/08\/b79f5425-gp0stqy26_pressmedia-2500px-768x512.jpg 768w, https:\/\/www.greenpeace.org\/static\/planet4-belgium-stateless\/2025\/08\/b79f5425-gp0stqy26_pressmedia-2500px-1536x1024.jpg 1536w, https:\/\/www.greenpeace.org\/static\/planet4-belgium-stateless\/2025\/08\/b79f5425-gp0stqy26_pressmedia-2500px-2048x1366.jpg 2048w, https:\/\/www.greenpeace.org\/static\/planet4-belgium-stateless\/2025\/08\/b79f5425-gp0stqy26_pressmedia-2500px-510x340.jpg 510w\" sizes=\"auto, (max-width: 1024px) 100vw, 1024px\" \/><span aria-hidden=\"true\" class=\"wp-block-cover__background has-grey-900-background-color has-background-dim\"><\/span><div class=\"wp-block-cover__inner-container is-layout-constrained wp-block-cover-is-layout-constrained\">\n<div class=\"wp-block-group is-layout-constrained wp-block-group-is-layout-constrained\">\n<h1 class=\"wp-block-heading alignfull has-text-align-center is-style-default\" style=\"margin-right:0;margin-left:0;font-size:36px\"><strong><mark style=\"background-color:rgba(0, 0, 0, 0)\" class=\"has-inline-color has-white-color\">Visitez un bateau iconique<\/mark><\/strong><br><strong><mark style=\"background-color:rgba(0, 0, 0, 0)\" class=\"has-inline-color has-white-color\">de Greenpeace !<\/mark><mark style=\"background-color:rgba(0, 0, 0, 0)\" class=\"has-inline-color has-dark-green-800-color\"> <\/mark><\/strong><\/h1>\n\n\n\n<p class=\"has-text-align-center has-white-color has-text-color has-link-color wp-elements-24d6a9f74c4a5983b3dcca26830c024b\"><strong>R\u00e9servez vos places<\/strong> pour visiter gratuitement le bateau l&rsquo;<em>Arctic Sunrise <\/em>\u00e0 Ostende les 6 et 7 juin !<\/p>\n\n\n\n<div style=\"height:33px\" aria-hidden=\"true\" class=\"wp-block-spacer\"><\/div>\n\n\n\n<div class=\"wp-block-buttons is-content-justification-center is-layout-flex wp-container-core-buttons-is-layout-16018d1d wp-block-buttons-is-layout-flex\">\n<div class=\"wp-block-button has-custom-width wp-block-button__width-50 is-style-cta\"><a class=\"wp-block-button__link wp-element-button\" href=\"https:\/\/act.greenpeace.org\/page\/176019\/event\/1?locale=fr-BE\">Tickets samedi 06\/06\/26<\/a><\/div>\n\n\n\n<div class=\"wp-block-button has-custom-width wp-block-button__width-50 is-style-cta\"><a class=\"wp-block-button__link wp-element-button\" href=\"https:\/\/act.greenpeace.org\/page\/176165\/event\/1?locale=fr-BE\">Tickets dimanche 07\/06\/26<\/a><\/div>\n<\/div>\n\n\n\n<div style=\"height:9px\" aria-hidden=\"true\" class=\"wp-block-spacer\"><\/div>\n<\/div>\n<\/div><\/div>\n\n\n<div class=\"wp-block-group is-layout-flow wp-block-group-is-layout-flow\">\n\n<div class=\"wp-block-group is-layout-flow wp-block-group-is-layout-flow\">\n<div class=\"wp-block-group container is-nowrap is-layout-flex wp-container-core-group-is-layout-ad2f72ca wp-block-group-is-layout-flex\">\n<div class=\"wp-block-media-text alignfull has-media-on-the-right is-stacked-on-mobile is-pattern-p4-page-header is-style-parallax\"><div class=\"wp-block-media-text__content\">\n<h1 class=\"wp-block-heading\" style=\"margin-top:var(--wp--preset--spacing--50);margin-right:0;margin-bottom:var(--wp--preset--spacing--50);margin-left:0;font-size:37px\">L&rsquo;<em>Arctic Sunrise<\/em> jette l&rsquo;ancre en Belgique<\/h1>\n\n\n\n<p class=\"has-grey-900-color has-text-color has-link-color wp-elements-9d92f1ab3f0da559f28e37c1669c667f\">Les bateaux de Greenpeace sillonnent les oc\u00e9ans du monde entier pour d\u00e9fendre la justice environnementale.<br>L\u2019un d\u2019entre eux, l&rsquo;<strong><em>Arctic Sunrise<\/em><\/strong>, fera bient\u00f4t escale en Belgique et ouvrira ses portes au public pendant pendant tout un week-end. Ce n\u2019\u00e9tait plus arriv\u00e9 depuis 7 ans !&nbsp;<\/p>\n\n\n\n<p class=\"has-grey-900-color has-text-color has-link-color wp-elements-299e2950ad0013b7103ba0695dbbe824\">Lors de cet \u00e9v\u00e8nement exceptionnel, vous pourrez vous immerger dans la vie \u00e0 bord  et rencontrer toutes les \u00e9quipes de Greenpeace Belgique. <br><\/p>\n\n\n\n<div class=\"wp-block-buttons is-layout-flex wp-block-buttons-is-layout-flex\">\n<div class=\"wp-block-button is-style-cta\"><a class=\"wp-block-button__link wp-element-button\" href=\"https:\/\/www.greenpeace.org\/international\/about\/ships\/arctic-sunrise\/\">D\u00e9couvrir l&rsquo;Arctic Sunrise<\/a><\/div>\n<\/div>\n<\/div><figure class=\"wp-block-media-text__media\"><img loading=\"lazy\" decoding=\"async\" width=\"1024\" height=\"683\" src=\"https:\/\/www.greenpeace.org\/static\/planet4-belgium-stateless\/2025\/07\/89abe547-gp0stu2di_medium-res-1200px-1024x683.jpg\" alt=\"\" sizes=\"auto, (min-width: 601px) 50vw, 100vw\" srcset=\"https:\/\/www.greenpeace.org\/static\/planet4-belgium-stateless\/2025\/07\/89abe547-gp0stu2di_medium-res-1200px.jpg 1200w, https:\/\/www.greenpeace.org\/static\/planet4-belgium-stateless\/2025\/07\/89abe547-gp0stu2di_medium-res-1200px-300x200.jpg 300w, https:\/\/www.greenpeace.org\/static\/planet4-belgium-stateless\/2025\/07\/89abe547-gp0stu2di_medium-res-1200px-1024x683.jpg 1024w, https:\/\/www.greenpeace.org\/static\/planet4-belgium-stateless\/2025\/07\/89abe547-gp0stu2di_medium-res-1200px-768x512.jpg 768w, https:\/\/www.greenpeace.org\/static\/planet4-belgium-stateless\/2025\/07\/89abe547-gp0stu2di_medium-res-1200px-510x340.jpg 510w\" class=\"wp-image-60637 size-full\"\/><\/figure><\/div>\n<\/div>\n<\/div>\n\n\n\n\n<div style=\"height:22px\" aria-hidden=\"true\" class=\"wp-block-spacer\"><\/div>\n\n\n\n\n<div class=\"wp-block-media-text is-stacked-on-mobile\"><figure class=\"wp-block-media-text__media\"><img loading=\"lazy\" decoding=\"async\" width=\"1024\" height=\"672\" src=\"https:\/\/www.greenpeace.org\/static\/planet4-belgium-stateless\/2025\/07\/930ace23-gp0stos2y_pressmedia-2500px-1-1024x672.jpg\" alt=\"\" sizes=\"auto, (min-width: 1600px) calc((1320px - 24px) \/ 2),(min-width: 1200px) calc((1140px - 24px) \/ 2),(min-width: 992px) calc((960px - 24px) \/ 2),(min-width: 768px) calc((720px - 24px) \/ 2),(min-width: 601px) calc((540px - 24px) \/ 2),(min-width: 577px) calc((540px - 24px) \/ 1), calc(100vw - 24px)\" srcset=\"https:\/\/www.greenpeace.org\/static\/planet4-belgium-stateless\/2025\/07\/930ace23-gp0stos2y_pressmedia-2500px-1.jpg 2500w, https:\/\/www.greenpeace.org\/static\/planet4-belgium-stateless\/2025\/07\/930ace23-gp0stos2y_pressmedia-2500px-1-300x197.jpg 300w, https:\/\/www.greenpeace.org\/static\/planet4-belgium-stateless\/2025\/07\/930ace23-gp0stos2y_pressmedia-2500px-1-1024x672.jpg 1024w, https:\/\/www.greenpeace.org\/static\/planet4-belgium-stateless\/2025\/07\/930ace23-gp0stos2y_pressmedia-2500px-1-768x504.jpg 768w, https:\/\/www.greenpeace.org\/static\/planet4-belgium-stateless\/2025\/07\/930ace23-gp0stos2y_pressmedia-2500px-1-1536x1008.jpg 1536w, https:\/\/www.greenpeace.org\/static\/planet4-belgium-stateless\/2025\/07\/930ace23-gp0stos2y_pressmedia-2500px-1-2048x1344.jpg 2048w, https:\/\/www.greenpeace.org\/static\/planet4-belgium-stateless\/2025\/07\/930ace23-gp0stos2y_pressmedia-2500px-1-510x335.jpg 510w\" class=\"wp-image-60664 size-full\"\/><\/figure><div class=\"wp-block-media-text__content\">\n<h2 class=\"wp-block-heading\">Un bateau en mission<\/h2>\n\n\n\n<p>L&rsquo;Arctic Sunrise n\u2019est pas un bateau comme les autres. Depuis plus de 30 ans, il sillonne les mers pour d\u00e9fendre la plan\u00e8te: du Congo \u00e0 l\u2019Amazonie, en passant par l\u2019Antarctique,&#8230;&nbsp; C\u2019est depuis ce bateau qu\u2019ont \u00e9t\u00e9 men\u00e9es des exp\u00e9ditions scientifiques et des actions embl\u00e9matiques et parfois risqu\u00e9es. (Vous souvenez-vous des Arctic 30, emprisonn\u00e9s pour avoir os\u00e9 s\u2019opposer au forage en Arctique ? C\u2019\u00e9tait \u00e0 son bord.)<\/p>\n<\/div><\/div>\n\n\n\n\n\n<div style=\"height:48px\" aria-hidden=\"true\" class=\"wp-block-spacer\"><\/div>\n\n\n\n<div class=\"wp-block-media-text has-media-on-the-right is-stacked-on-mobile\"><div class=\"wp-block-media-text__content\">\n<h2 class=\"wp-block-heading\">Visiter le bateau et c\u00e9l\u00e9brer avec nous !<\/h2>\n\n\n\n<p>Aujourd\u2019hui, dans un contexte o\u00f9 la d\u00e9fense de l\u2019environnement est attaqu\u00e9e de toutes parts, nous voulons c\u00e9l\u00e9brer l\u2019engagement, le courage, la solidarit\u00e9. <strong>Et surtout : vous remercier.<\/strong><\/p>\n\n\n\n<p>Ce sera un moment de partage, d\u2019\u00e9changes et d\u2019espoir. Un \u00e9v\u00e9nement familial, ouvert \u00e0 toutes et tous, pour (re)trouver ensemble l\u2019envie d\u2019agir.<\/p>\n\n\n\n<div class=\"wp-block-buttons is-content-justification-center is-layout-flex wp-container-core-buttons-is-layout-16018d1d wp-block-buttons-is-layout-flex\">\n<div class=\"wp-block-button has-custom-width wp-block-button__width-50 is-style-cta\"><a class=\"wp-block-button__link wp-element-button\" href=\"https:\/\/act.greenpeace.org\/page\/176019\/event\/1?locale=fr-BE\">Tickets samedi 06\/06\/26<\/a><\/div>\n\n\n\n<div class=\"wp-block-button has-custom-width wp-block-button__width-50 is-style-cta\"><a class=\"wp-block-button__link wp-element-button\" href=\"https:\/\/act.greenpeace.org\/page\/176165\/event\/1?locale=fr-BE\">Tickets dimanche 07\/06\/26<\/a><\/div>\n<\/div>\n<\/div><figure class=\"wp-block-media-text__media\"><img decoding=\"async\" src=\"https:\/\/www.greenpeace.org\/static\/planet4-belgium-stateless\/2025\/07\/09a2b0eb-gp0stu2c2_medium-res-1200px.jpg\" alt=\"\" sizes=\"(min-width: 1600px) calc((1320px - 24px) \/ 2),(min-width: 1200px) calc((1140px - 24px) \/ 2),(min-width: 992px) calc((960px - 24px) \/ 2),(min-width: 768px) calc((720px - 24px) \/ 2),(min-width: 601px) calc((540px - 24px) \/ 2),(min-width: 577px) calc((540px - 24px) \/ 1), calc(100vw - 24px)\" srcset=\"\" class=\"wp-image-60659 size-full\"\/><\/figure><\/div>\n\n\n\n<div style=\"height:57px\" aria-hidden=\"true\" class=\"wp-block-spacer\"><\/div>\n\n\n\n\n<section class=\"block accordion-block wp-block-planet4-blocks-accordion is-style-light\"><header><h2 class=\"page-section-header\">Foire aux Questions<\/h2><\/header><p class=\"page-section-description\"><em>Informations compl\u00e9mentaires<\/em><\/p><div class=\"accordion-content\"><div class=\"accordion-headline\" name=\"\u00c0 quelle heure d\u00e9bute l\u2019\u00e9v\u00e9nement ?\">\u00c0 quelle heure d\u00e9bute l\u2019\u00e9v\u00e9nement ?<\/div><div class=\"panel panel-hidden\"><p class=\"accordion-text\">L\u2019\u00e9v\u00e9nement commence \u00e0 <strong>10h00<\/strong>.<br>Si vous avez r\u00e9serv\u00e9 une visite \u00e0 cette heure-l\u00e0, merci d\u2019arriver <strong>au moins 10 minutes \u00e0 l\u2019avance<\/strong>.<\/p><\/div><\/div><div class=\"accordion-content\"><div class=\"accordion-headline\" name=\"\u00c0 quelle heure se termine l\u2019\u00e9v\u00e9nement ?\">\u00c0 quelle heure se termine l\u2019\u00e9v\u00e9nement ?<\/div><div class=\"panel panel-hidden\"><p class=\"accordion-text\">L\u2019\u00e9v\u00e9nement ferme ses portes \u00e0 <strong>18h00<\/strong>.<br>Les derni\u00e8res visites d\u00e9butent \u00e0 <strong>17h30<\/strong>.<\/p><\/div><\/div><div class=\"accordion-content\"><div class=\"accordion-headline\" name=\"Puis-je venir avec ma famille ou des amis ?\">Puis-je venir avec ma famille ou des amis ?<\/div><div class=\"panel panel-hidden\"><p class=\"accordion-text\">Oui. Chaque adulte doit s\u2019inscrire individuellement.<br>Si vous souhaitez venir accompagn\u00e9\u00b7e, merci de transmettre notre page d\u2019inscription aux personnes concern\u00e9es afin qu\u2019elles s\u2019inscrivent elles-m\u00eames.<br><strong>Sans inscription personnelle, l\u2019acc\u00e8s au bateau ne sera pas autoris\u00e9.<br><\/strong>Vous pouvez en revanche inscrire directement vos enfants en choisissant le nombre de billets appropri\u00e9.<br><br><em>Exemple :<\/em> si vous venez avec deux enfants de moins de 18 ans, s\u00e9lectionnez <strong>3 billets<\/strong>. Si vous venez seul\u00b7e, r\u00e9servez <strong>1 billet<\/strong>.<\/p><\/div><\/div><div class=\"accordion-content\"><div class=\"accordion-headline\" name=\"Y a-t-il un parking voiture ?\">Y a-t-il un parking voiture ?<\/div><div class=\"panel panel-hidden\"><p class=\"accordion-text\">Non, Greenpeace ne pr\u00e9voit pas de parking voiture. Nous vous encourageons vivement \u00e0 privil\u00e9gier les transports en commun. Si vous venez en voiture, vous pouvez utiliser les parkings publics \u00e0 proximit\u00e9.<\/p><\/div><\/div><div class=\"accordion-content\"><div class=\"accordion-headline\" name=\"Y a-t-il un parking v\u00e9lo ?\">Y a-t-il un parking v\u00e9lo ?<\/div><div class=\"panel panel-hidden\"><p class=\"accordion-text\">Oui, un espace de stationnement pour v\u00e9los sera disponible.<\/p><\/div><\/div><div class=\"accordion-content\"><div class=\"accordion-headline\" name=\"Quelle est l'adresse exacte de l'\u00e9v\u00e8nnement et comment s\u2019y rendre en transports en commun ?\">Quelle est l&rsquo;adresse exacte de l&rsquo;\u00e9v\u00e8nnement et comment s\u2019y rendre en transports en commun ?<\/div><div class=\"panel panel-hidden\"><p class=\"accordion-text\"><strong>Ostende <\/strong>: Visserijdok, Hendrik Baelskaai 12, 8400 Oostende<br><br><a href=\"https:\/\/maps.app.goo.gl\/bhBzyH5zbWYZk2b19\" data-type=\"link\" data-id=\"https:\/\/maps.app.goo.gl\/bhBzyH5zbWYZk2b19\">Depuis la gare d\u2019Ostende, vous pouvez nous rejoindre<\/a>:<br><strong>\u00c0 pieds<\/strong> : environ 25 minutes (via le bac gratuit)<br><strong>En transports en commun<\/strong> : environ 20 minutes (Bus 2 ou Tram KT)<br><strong>En v\u00e9lo <\/strong>: environ 12 minutes<\/p><a class=\"btn btn-secondary accordion-btn\" href=\"https:\/\/maps.app.goo.gl\/iiBX9iaQ4kx4H1Py9\" target=\"_blank\" rel=\"noopener noreferrer\">Maps &#8211; Open Boat OSTENDE<\/a><\/div><\/div><div class=\"accordion-content\"><div class=\"panel panel-hidden\"><\/div><\/div><div class=\"accordion-content\"><div class=\"accordion-headline\" name=\"Puis-je venir avec mon chien ?\">Puis-je venir avec mon chien ?<\/div><div class=\"panel panel-hidden\"><p class=\"accordion-text\">Oui, mais uniquement si vous n\u2019avez vraiment pas d\u2019autre solution.<\/p><\/div><\/div><div class=\"accordion-content\"><div class=\"accordion-headline\" name=\"Que faire si j\u2019arrive en retard pour mon cr\u00e9neau ?\">Que faire si j\u2019arrive en retard pour mon cr\u00e9neau ?<\/div><div class=\"panel panel-hidden\"><p class=\"accordion-text\">Nous ferons notre possible pour vous int\u00e9grer \u00e0 un autre cr\u00e9neau, selon les disponibilit\u00e9s mais nous ne pouvons pas vous garantir de nouvelle place.<\/p><\/div><\/div><div class=\"accordion-content\"><div class=\"accordion-headline\" name=\"Je me suis inscrit\u00b7e \u00e0 l\u2019\u00e9v\u00e9nement, mais je ne peux finalement pas venir. Que faire ?\">Je me suis inscrit\u00b7e \u00e0 l\u2019\u00e9v\u00e9nement, mais je ne peux finalement pas venir. Que faire ?<\/div><div class=\"panel panel-hidden\"><p class=\"accordion-text\">D\u00e8s que vous savez que vous ne pourrez pas participer \u00e0 l\u2019\u00e9v\u00e8nement, merci de nous en informer et d\u2019annuler votre pr\u00e9sence par email \u00e0 l\u2019adresse suivante : <em><em>open.boat@greenpeace.<\/em><\/em>org<\/p><\/div><\/div><div class=\"accordion-content\"><div class=\"accordion-headline\" name=\"Y aura-t-il de la nourriture et des boissons sur place ?\">Y aura-t-il de la nourriture et des boissons sur place ?<\/div><div class=\"panel panel-hidden\"><p class=\"accordion-text\">Oui, des food trucks proposeront boissons et encas.<\/p><\/div><\/div><div class=\"accordion-content\"><div class=\"panel panel-hidden\"><\/div><\/div><\/section>\n\n\n\n<div style=\"height:50px\" aria-hidden=\"true\" class=\"wp-block-spacer\"><\/div>\n\n\n\n<hr class=\"wp-block-separator has-alpha-channel-opacity\"\/>\n\n\n\n<div class=\"wp-block-cover alignfull\" style=\"min-height:544px;aspect-ratio:unset;\"><img loading=\"lazy\" decoding=\"async\" width=\"1024\" height=\"683\" class=\"wp-block-cover__image-background wp-image-60949 size-large\" alt=\"\" src=\"https:\/\/www.greenpeace.org\/static\/planet4-belgium-stateless\/2025\/08\/b79f5425-gp0stqy26_pressmedia-2500px-1024x683.jpg\" style=\"object-position:50% 44%\" data-object-fit=\"cover\" data-object-position=\"50% 44%\" srcset=\"https:\/\/www.greenpeace.org\/static\/planet4-belgium-stateless\/2025\/08\/b79f5425-gp0stqy26_pressmedia-2500px-1024x683.jpg 1024w, https:\/\/www.greenpeace.org\/static\/planet4-belgium-stateless\/2025\/08\/b79f5425-gp0stqy26_pressmedia-2500px-300x200.jpg 300w, https:\/\/www.greenpeace.org\/static\/planet4-belgium-stateless\/2025\/08\/b79f5425-gp0stqy26_pressmedia-2500px-768x512.jpg 768w, https:\/\/www.greenpeace.org\/static\/planet4-belgium-stateless\/2025\/08\/b79f5425-gp0stqy26_pressmedia-2500px-1536x1024.jpg 1536w, https:\/\/www.greenpeace.org\/static\/planet4-belgium-stateless\/2025\/08\/b79f5425-gp0stqy26_pressmedia-2500px-2048x1366.jpg 2048w, https:\/\/www.greenpeace.org\/static\/planet4-belgium-stateless\/2025\/08\/b79f5425-gp0stqy26_pressmedia-2500px-510x340.jpg 510w\" sizes=\"auto, (max-width: 1024px) 100vw, 1024px\" \/><span aria-hidden=\"true\" class=\"wp-block-cover__background has-grey-900-background-color has-background-dim\"><\/span><div class=\"wp-block-cover__inner-container is-layout-constrained wp-block-cover-is-layout-constrained\">\n<div class=\"wp-block-group is-layout-constrained wp-block-group-is-layout-constrained\">\n<h1 class=\"wp-block-heading alignfull has-text-align-center is-style-default\" style=\"margin-right:0;margin-left:0;font-size:36px\">R\u00e9servez vos places sans plus attendre !<\/h1>\n\n\n\n<div style=\"height:33px\" aria-hidden=\"true\" class=\"wp-block-spacer\"><\/div>\n\n\n\n<div class=\"wp-block-buttons is-content-justification-center is-layout-flex wp-container-core-buttons-is-layout-16018d1d wp-block-buttons-is-layout-flex\">\n<div class=\"wp-block-button has-custom-width wp-block-button__width-50 is-style-cta\"><a class=\"wp-block-button__link wp-element-button\" href=\"https:\/\/act.greenpeace.org\/page\/176019\/event\/1?locale=fr-BE\">Tickets samedi 06\/06\/26<\/a><\/div>\n\n\n\n<div class=\"wp-block-button has-custom-width wp-block-button__width-50 is-style-cta\"><a class=\"wp-block-button__link wp-element-button\" href=\"https:\/\/act.greenpeace.org\/page\/176165\/event\/1?locale=fr-BE\">Tickets dimanche 07\/06\/26<\/a><\/div>\n<\/div>\n\n\n\n<div style=\"height:9px\" aria-hidden=\"true\" class=\"wp-block-spacer\"><\/div>\n<\/div>\n<\/div><\/div>\n\n\n\n<div style=\"height:100px\" aria-hidden=\"true\" class=\"wp-block-spacer\"><\/div>\n\n\n\n<div class=\"wp-block-query actions-list p4-query-loop is-custom-layout-actions-list is-custom-layout-grid is-layout-grid wp-container-core-query-is-layout-29f43435 wp-block-query-is-layout-grid\">\n<h2 class=\"wp-block-heading\">Aidez-nous \u00e0 faire la diff\u00e9rence<\/h2>\n\n\n\n\n<ul class=\"wp-block-post-template is-layout-flow wp-block-post-template-is-layout-flow\"><li class=\"wp-block-post post-61909 page type-page status-publish has-post-thumbnail hentry category-petitions tag-energie\">\n<figure class=\"wp-block-post-featured-image\"><img loading=\"lazy\" decoding=\"async\" width=\"1600\" height=\"1066\" src=\"https:\/\/www.greenpeace.org\/static\/planet4-belgium-stateless\/2026\/01\/075a6b05-whatsapp-image-2026-01-26-at-09.23.03.jpeg\" class=\"attachment-post-thumbnail size-post-thumbnail wp-post-image wp-stateless-item\" alt=\"\" style=\"object-fit:cover;\" srcset=\"https:\/\/www.greenpeace.org\/static\/planet4-belgium-stateless\/2026\/01\/075a6b05-whatsapp-image-2026-01-26-at-09.23.03.jpeg 1600w, https:\/\/www.greenpeace.org\/static\/planet4-belgium-stateless\/2026\/01\/075a6b05-whatsapp-image-2026-01-26-at-09.23.03-300x200.jpeg 300w, https:\/\/www.greenpeace.org\/static\/planet4-belgium-stateless\/2026\/01\/075a6b05-whatsapp-image-2026-01-26-at-09.23.03-1024x682.jpeg 1024w, https:\/\/www.greenpeace.org\/static\/planet4-belgium-stateless\/2026\/01\/075a6b05-whatsapp-image-2026-01-26-at-09.23.03-768x512.jpeg 768w, https:\/\/www.greenpeace.org\/static\/planet4-belgium-stateless\/2026\/01\/075a6b05-whatsapp-image-2026-01-26-at-09.23.03-1536x1023.jpeg 1536w, https:\/\/www.greenpeace.org\/static\/planet4-belgium-stateless\/2026\/01\/075a6b05-whatsapp-image-2026-01-26-at-09.23.03-510x340.jpeg 510w\" sizes=\"auto, (max-width: 1600px) 100vw, 1600px\" data-image-size=\"post-thumbnail\" data-stateless-media-bucket=\"planet4-belgium-stateless\" data-stateless-media-name=\"2026\/01\/075a6b05-whatsapp-image-2026-01-26-at-09.23.03.jpeg\" \/><\/figure>\n\n\n<div class=\"wp-block-group group-stretched-link is-layout-flow wp-block-group-is-layout-flow\"><div class=\"wp-block-post-terms\">P\u00e9titions<\/div>\n\n<h3 class=\"wp-block-post-title\"><a href=\"https:\/\/www.greenpeace.org\/belgium\/fr\/agir\/laissons-pas-trump-diriger-europe-independance-gaz-petrole\/\" target=\"_self\" >Ne laissons pas Trump diriger l&rsquo;Europe<\/a><\/h3>\n\n<div class=\"wp-block-post-excerpt\"><p class=\"wp-block-post-excerpt__excerpt\">Trump s\u00e8me le chaos et la destruction. Son agenda politique menace des vies, attaque la d\u00e9mocratie et enfonce notre plan\u00e8te dans une crise profonde.\u00a0 <\/p><\/div><\/div>\n\n\n\n<div class=\"wp-block-group read-more-nav is-layout-flow wp-block-group-is-layout-flow\"><a href=\"https:\/\/www.greenpeace.org\/belgium\/fr\/agir\/laissons-pas-trump-diriger-europe-independance-gaz-petrole\/\" class=\"btn btn-primary btn-small\" aria-label=\"J'agis\">J&rsquo;agis<\/a><\/div>\n\n<\/li><li class=\"wp-block-post post-60688 page type-page status-publish has-post-thumbnail hentry category-petitions tag-climat\">\n<figure class=\"wp-block-post-featured-image\"><img decoding=\"async\" src=\"https:\/\/www.greenpeace.org\/static\/planet4-belgium-stateless\/2025\/07\/baafa3f1-ppp-fr.png\" class=\"attachment-post-thumbnail size-post-thumbnail wp-post-image wp-stateless-item\" alt=\"Photo d&#039;une inondation\" style=\"object-fit:cover;\" data-image-size=\"post-thumbnail\" data-stateless-media-bucket=\"planet4-belgium-stateless\" data-stateless-media-name=\"2025\/07\/baafa3f1-ppp-fr.png\" \/><\/figure>\n\n\n<div class=\"wp-block-group group-stretched-link is-layout-flow wp-block-group-is-layout-flow\"><div class=\"wp-block-post-terms\">P\u00e9titions<\/div>\n\n<h3 class=\"wp-block-post-title\"><a href=\"https:\/\/www.greenpeace.org\/belgium\/fr\/agir\/faisons-payer-les-pollueurs\/\" target=\"_self\" >Faisons payer les pollueurs<\/a><\/h3>\n\n<div class=\"wp-block-post-excerpt\"><p class=\"wp-block-post-excerpt__excerpt\">Depuis des d\u00e9cennies, les multinationales des \u00e9nergies fossiles ont connaissance de l\u2019impact n\u00e9faste de leurs activit\u00e9s. Plut\u00f4t que de prendre leurs responsabilit\u00e9s, elles pr\u00e9f\u00e8rent mentir pour continuer d\u2019engranger des profits record. Il est temps de les faire payer. <\/p><\/div><\/div>\n\n\n\n<div class=\"wp-block-group read-more-nav is-layout-flow wp-block-group-is-layout-flow\"><a href=\"https:\/\/www.greenpeace.org\/belgium\/fr\/agir\/faisons-payer-les-pollueurs\/\" class=\"btn btn-primary btn-small\" aria-label=\"J'agis\">J&rsquo;agis<\/a><\/div>\n\n<\/li><li class=\"wp-block-post post-59629 page type-page status-publish has-post-thumbnail hentry category-petitions tag-forets\">\n<figure class=\"wp-block-post-featured-image\"><img loading=\"lazy\" decoding=\"async\" width=\"800\" height=\"533\" src=\"https:\/\/www.greenpeace.org\/static\/planet4-belgium-stateless\/2025\/03\/f6b57a66-respectamazon-petition-general.jpg\" class=\"attachment-post-thumbnail size-post-thumbnail wp-post-image wp-stateless-item\" alt=\"\" style=\"object-fit:cover;\" srcset=\"https:\/\/www.greenpeace.org\/static\/planet4-belgium-stateless\/2025\/03\/f6b57a66-respectamazon-petition-general.jpg 800w, https:\/\/www.greenpeace.org\/static\/planet4-belgium-stateless\/2025\/03\/f6b57a66-respectamazon-petition-general-300x200.jpg 300w, https:\/\/www.greenpeace.org\/static\/planet4-belgium-stateless\/2025\/03\/f6b57a66-respectamazon-petition-general-768x512.jpg 768w, https:\/\/www.greenpeace.org\/static\/planet4-belgium-stateless\/2025\/03\/f6b57a66-respectamazon-petition-general-510x340.jpg 510w\" sizes=\"auto, (max-width: 800px) 100vw, 800px\" data-image-size=\"post-thumbnail\" data-stateless-media-bucket=\"planet4-belgium-stateless\" data-stateless-media-name=\"2025\/03\/f6b57a66-respectamazon-petition-general.jpg\" \/><\/figure>\n\n\n<div class=\"wp-block-group group-stretched-link is-layout-flow wp-block-group-is-layout-flow\"><div class=\"wp-block-post-terms\">P\u00e9titions<\/div>\n\n<h3 class=\"wp-block-post-title\"><a href=\"https:\/\/www.greenpeace.org\/belgium\/fr\/agir\/fin-a-la-destruction-de-la-foret-amazonienne\/\" target=\"_self\" >Demandons aux dirigeant\u00b7es du monde de mettre fin \u00e0 la destruction de la for\u00eat amazonienne<\/a><\/h3>\n\n<div class=\"wp-block-post-excerpt\"><p class=\"wp-block-post-excerpt__excerpt\">La for\u00eat amazonienne est essentielle \u00e0 la vie de millions de personnes et d\u2019innombrables esp\u00e8ces. Elle est aussi l\u2019un de nos plus grands espoirs pour un avenir viable : toute vie sur Terre d\u00e9pend de son r\u00f4le majeur dans la r\u00e9gulation du climat. <\/p><\/div><\/div>\n\n\n\n<div class=\"wp-block-group read-more-nav is-layout-flow wp-block-group-is-layout-flow\"><a href=\"https:\/\/www.greenpeace.org\/belgium\/fr\/agir\/fin-a-la-destruction-de-la-foret-amazonienne\/\" class=\"btn btn-primary btn-small\" aria-label=\"J'agis\">J&rsquo;agis<\/a><\/div>\n\n<\/li><li class=\"wp-block-post post-59278 page type-page status-publish has-post-thumbnail hentry category-petitions tag-oceans\">\n<figure class=\"wp-block-post-featured-image\"><img loading=\"lazy\" decoding=\"async\" width=\"1200\" height=\"873\" src=\"https:\/\/www.greenpeace.org\/static\/planet4-belgium-stateless\/2025\/02\/8bc50360-whale.jpg\" class=\"attachment-post-thumbnail size-post-thumbnail wp-post-image wp-stateless-item\" alt=\"\" style=\"object-fit:cover;\" srcset=\"https:\/\/www.greenpeace.org\/static\/planet4-belgium-stateless\/2025\/02\/8bc50360-whale.jpg 1200w, https:\/\/www.greenpeace.org\/static\/planet4-belgium-stateless\/2025\/02\/8bc50360-whale-300x218.jpg 300w, https:\/\/www.greenpeace.org\/static\/planet4-belgium-stateless\/2025\/02\/8bc50360-whale-1024x745.jpg 1024w, https:\/\/www.greenpeace.org\/static\/planet4-belgium-stateless\/2025\/02\/8bc50360-whale-768x559.jpg 768w, https:\/\/www.greenpeace.org\/static\/planet4-belgium-stateless\/2025\/02\/8bc50360-whale-467x340.jpg 467w\" sizes=\"auto, (max-width: 1200px) 100vw, 1200px\" data-image-size=\"post-thumbnail\" data-stateless-media-bucket=\"planet4-belgium-stateless\" data-stateless-media-name=\"2025\/02\/8bc50360-whale.jpg\" \/><\/figure>\n\n\n<div class=\"wp-block-group group-stretched-link is-layout-flow wp-block-group-is-layout-flow\"><div class=\"wp-block-post-terms\">P\u00e9titions<\/div>\n\n<h3 class=\"wp-block-post-title\"><a href=\"https:\/\/www.greenpeace.org\/belgium\/fr\/agir\/reserves-marines\/\" target=\"_self\" >Pour prot\u00e9ger vraiment les oc\u00e9ans, cr\u00e9ons des r\u00e9serves marines<\/a><\/h3>\n\n<div class=\"wp-block-post-excerpt\"><p class=\"wp-block-post-excerpt__excerpt\">Ensemble, nous pouvons pousser nos gouvernements \u00e0 cr\u00e9er des r\u00e9serves marines, et ainsi, prot\u00e9ger nos oc\u00e9ans. Ensemble, formons une vague inarr\u00eatable pour sauver les oc\u00e9ans ! <\/p><\/div><\/div>\n\n\n\n<div class=\"wp-block-group read-more-nav is-layout-flow wp-block-group-is-layout-flow\"><a href=\"https:\/\/www.greenpeace.org\/belgium\/fr\/agir\/reserves-marines\/\" class=\"btn btn-primary btn-small\" aria-label=\"J'agis\">J&rsquo;agis<\/a><\/div>\n\n<\/li><li class=\"wp-block-post post-58937 page type-page status-publish has-post-thumbnail hentry category-campagnes category-climat tag-climat\">\n<figure class=\"wp-block-post-featured-image\"><img loading=\"lazy\" decoding=\"async\" width=\"1200\" height=\"800\" src=\"https:\/\/www.greenpeace.org\/static\/planet4-belgium-stateless\/2024\/12\/26e1c5cd-gp0stp7vd_medium-res-with-credit-line-1200px.jpg\" class=\"attachment-post-thumbnail size-post-thumbnail wp-post-image wp-stateless-item\" alt=\"\" style=\"object-fit:cover;\" srcset=\"https:\/\/www.greenpeace.org\/static\/planet4-belgium-stateless\/2024\/12\/26e1c5cd-gp0stp7vd_medium-res-with-credit-line-1200px.jpg 1200w, https:\/\/www.greenpeace.org\/static\/planet4-belgium-stateless\/2024\/12\/26e1c5cd-gp0stp7vd_medium-res-with-credit-line-1200px-300x200.jpg 300w, https:\/\/www.greenpeace.org\/static\/planet4-belgium-stateless\/2024\/12\/26e1c5cd-gp0stp7vd_medium-res-with-credit-line-1200px-1024x683.jpg 1024w, https:\/\/www.greenpeace.org\/static\/planet4-belgium-stateless\/2024\/12\/26e1c5cd-gp0stp7vd_medium-res-with-credit-line-1200px-768x512.jpg 768w, https:\/\/www.greenpeace.org\/static\/planet4-belgium-stateless\/2024\/12\/26e1c5cd-gp0stp7vd_medium-res-with-credit-line-1200px-510x340.jpg 510w\" sizes=\"auto, (max-width: 1200px) 100vw, 1200px\" data-image-size=\"post-thumbnail\" data-stateless-media-bucket=\"planet4-belgium-stateless\" data-stateless-media-name=\"2024\/12\/26e1c5cd-gp0stp7vd_medium-res-with-credit-line-1200px.jpg\" \/><\/figure>\n\n\n<div class=\"wp-block-group group-stretched-link is-layout-flow wp-block-group-is-layout-flow\"><div class=\"wp-block-post-terms\">Campagnes<\/div>\n\n<h3 class=\"wp-block-post-title\"><a href=\"https:\/\/www.greenpeace.org\/belgium\/fr\/agir\/une-entreprise-petroliere-nous-reclame-300-millions-de-dollars\/\" target=\"_self\" >Une entreprise p\u00e9troli\u00e8re nous r\u00e9clame 300 millions de dollars !<\/a><\/h3>\n\n<div class=\"wp-block-post-excerpt\"><p class=\"wp-block-post-excerpt__excerpt\">Greenpeace est en danger. Une entreprise p\u00e9troli\u00e8re, Energy Transfer, attaque notre bureau am\u00e9ricain et notre bureau international. <\/p><\/div><\/div>\n\n\n\n<div class=\"wp-block-group read-more-nav is-layout-flow wp-block-group-is-layout-flow\"><a href=\"https:\/\/www.greenpeace.org\/belgium\/fr\/agir\/une-entreprise-petroliere-nous-reclame-300-millions-de-dollars\/\" class=\"btn btn-primary btn-small\" aria-label=\"J'agis\">J&rsquo;agis<\/a><\/div>\n\n<\/li><li class=\"wp-block-post post-54053 page type-page status-publish has-post-thumbnail hentry category-agir category-petitions\">\n<figure class=\"wp-block-post-featured-image\"><img loading=\"lazy\" decoding=\"async\" width=\"512\" height=\"512\" src=\"https:\/\/www.greenpeace.org\/static\/planet4-belgium-stateless\/2023\/09\/6874a0f2-greenpeace-belgique-signer-nos-petitions-pictogramme.png\" class=\"attachment-post-thumbnail size-post-thumbnail wp-post-image wp-stateless-item\" alt=\"\" style=\"object-fit:cover;\" srcset=\"https:\/\/www.greenpeace.org\/static\/planet4-belgium-stateless\/2023\/09\/6874a0f2-greenpeace-belgique-signer-nos-petitions-pictogramme.png 512w, https:\/\/www.greenpeace.org\/static\/planet4-belgium-stateless\/2023\/09\/6874a0f2-greenpeace-belgique-signer-nos-petitions-pictogramme-300x300.png 300w, https:\/\/www.greenpeace.org\/static\/planet4-belgium-stateless\/2023\/09\/6874a0f2-greenpeace-belgique-signer-nos-petitions-pictogramme-150x150.png 150w, https:\/\/www.greenpeace.org\/static\/planet4-belgium-stateless\/2023\/09\/6874a0f2-greenpeace-belgique-signer-nos-petitions-pictogramme-340x340.png 340w\" sizes=\"auto, (max-width: 512px) 100vw, 512px\" data-image-size=\"post-thumbnail\" data-stateless-media-bucket=\"planet4-belgium-stateless\" data-stateless-media-name=\"2023\/09\/6874a0f2-greenpeace-belgique-signer-nos-petitions-pictogramme.png\" \/><\/figure>\n\n\n<div class=\"wp-block-group group-stretched-link is-layout-flow wp-block-group-is-layout-flow\"><div class=\"wp-block-post-terms\">Agir<\/div>\n\n<h3 class=\"wp-block-post-title\"><a href=\"https:\/\/www.greenpeace.org\/belgium\/fr\/agir\/signer-nos-petitions\/\" target=\"_self\" >Signer nos p\u00e9titions<\/a><\/h3>\n\n<div class=\"wp-block-post-excerpt\"><p class=\"wp-block-post-excerpt__excerpt\">SIGNER NOS P\u00c9TITIONS En signant nos p\u00e9titions, vous devenez un v\u00e9ritable agent du changement. Vous ajoutez votre voix \u00e0 celle de milliers de personnes qui exigent des mesures concr\u00e8tes pour pr\u00e9server notre plan\u00e8te. Que ce soit pour mettre fin \u00e0 la d\u00e9forestation, demander un syst\u00e8me alimentaire juste pour tou\u00b7tes, prot\u00e9ger les esp\u00e8ces en voie de&hellip; <\/p><\/div><\/div>\n\n\n\n<div class=\"wp-block-group read-more-nav is-layout-flow wp-block-group-is-layout-flow\"><a href=\"https:\/\/www.greenpeace.org\/belgium\/fr\/agir\/signer-nos-petitions\/\" class=\"btn btn-primary btn-small\" aria-label=\"J'agis\">J&rsquo;agis<\/a><\/div>\n\n<\/li><li class=\"wp-block-post post-54040 page type-page status-publish has-post-thumbnail hentry category-agir category-demander-du-soutien\">\n<figure class=\"wp-block-post-featured-image\"><img loading=\"lazy\" decoding=\"async\" width=\"512\" height=\"512\" src=\"https:\/\/www.greenpeace.org\/static\/planet4-belgium-stateless\/2023\/09\/f5b31a7d-support.png\" class=\"attachment-post-thumbnail size-post-thumbnail wp-post-image wp-stateless-item\" alt=\"\" style=\"object-fit:cover;\" srcset=\"https:\/\/www.greenpeace.org\/static\/planet4-belgium-stateless\/2023\/09\/f5b31a7d-support.png 512w, https:\/\/www.greenpeace.org\/static\/planet4-belgium-stateless\/2023\/09\/f5b31a7d-support-300x300.png 300w, https:\/\/www.greenpeace.org\/static\/planet4-belgium-stateless\/2023\/09\/f5b31a7d-support-150x150.png 150w, https:\/\/www.greenpeace.org\/static\/planet4-belgium-stateless\/2023\/09\/f5b31a7d-support-340x340.png 340w\" sizes=\"auto, (max-width: 512px) 100vw, 512px\" data-image-size=\"post-thumbnail\" data-stateless-media-bucket=\"planet4-belgium-stateless\" data-stateless-media-name=\"2023\/09\/f5b31a7d-support.png\" \/><\/figure>\n\n\n<div class=\"wp-block-group group-stretched-link is-layout-flow wp-block-group-is-layout-flow\"><div class=\"wp-block-post-terms\">Agir<\/div>\n\n<h3 class=\"wp-block-post-title\"><a href=\"https:\/\/www.greenpeace.org\/belgium\/fr\/agir\/demander-du-soutien\/\" target=\"_self\" >Demander du soutien<\/a><\/h3>\n\n<div class=\"wp-block-post-excerpt\"><p class=\"wp-block-post-excerpt__excerpt\">DEMANDER DU SOUTIEN Le mouvement pour le climat prend de l\u2019ampleur ! Mais tout le monde ne dispose pas des m\u00eames ressources pour agir. C\u2019est pourquoi Greenpeace est heureuse de soutenir les petits groupes d\u2019action \u00e0 la recherche d\u2019un soutien modeste. Il peut s\u2019agir d\u2019un soutien logistique dans notre \u00ab Open Warehouse \u00bb \u00e0 Bruxelles,&hellip; <\/p><\/div><\/div>\n\n\n\n<div class=\"wp-block-group read-more-nav is-layout-flow wp-block-group-is-layout-flow\"><a href=\"https:\/\/www.greenpeace.org\/belgium\/fr\/agir\/demander-du-soutien\/\" class=\"btn btn-primary btn-small\" aria-label=\"J'agis\">J&rsquo;agis<\/a><\/div>\n\n<\/li><li class=\"wp-block-post post-54034 page type-page status-publish hentry category-agir category-devenir-activiste\">\n\n\n\n<div class=\"wp-block-group group-stretched-link is-layout-flow wp-block-group-is-layout-flow\"><div class=\"wp-block-post-terms\">Agir<\/div>\n\n<h3 class=\"wp-block-post-title\"><a href=\"https:\/\/www.greenpeace.org\/belgium\/fr\/agir\/devenir-activiste\/\" target=\"_self\" >Devenir activiste<\/a><\/h3>\n\n<div class=\"wp-block-post-excerpt\"><p class=\"wp-block-post-excerpt__excerpt\">DEVENIR ACTIVISTE L\u2019activisme est un moyen puissant et concret de changer le monde. Nombre de libert\u00e9s dont nous jouissons aujourd\u2019hui ont \u00e9t\u00e9 conquises gr\u00e2ce \u00e0 des protestations non-violentes. Les actions de Greenpeace ont pour objectif de soutenir une cause environnementale : une campagne contre la d\u00e9forestation, la protection de la biodiversit\u00e9 ou la justice climatique&hellip; <\/p><\/div><\/div>\n\n\n\n<div class=\"wp-block-group read-more-nav is-layout-flow wp-block-group-is-layout-flow\"><a href=\"https:\/\/www.greenpeace.org\/belgium\/fr\/agir\/devenir-activiste\/\" class=\"btn btn-primary btn-small\" aria-label=\"J'agis\">J&rsquo;agis<\/a><\/div>\n\n<\/li><li class=\"wp-block-post post-54028 page type-page status-publish hentry category-agir category-devenir-volontaire\">\n\n\n\n<div class=\"wp-block-group group-stretched-link is-layout-flow wp-block-group-is-layout-flow\"><div class=\"wp-block-post-terms\">Agir<\/div>\n\n<h3 class=\"wp-block-post-title\"><a href=\"https:\/\/www.greenpeace.org\/belgium\/fr\/agir\/devenir-volontaire\/\" target=\"_self\" >Devenir volontaire<\/a><\/h3>\n\n<div class=\"wp-block-post-excerpt\"><p class=\"wp-block-post-excerpt__excerpt\">DEVENIR VOLONTAIRE Vous avez du temps, de l\u2019\u00e9nergie et surtout l\u2019envie d\u2019agir pour prot\u00e9ger notre avenir et celui de la plan\u00e8te ? Devenez volontaire et rejoignez-nous de diff\u00e9rentes mani\u00e8res pour faire partie de la famille Greenpeace. Bienvenue ! POUR GREENPEACE BELGIQUE En devenant volontaire pour Greenpeace Belgique, vous apportez votre soutien \u00e0 notre organisation ainsi&hellip; <\/p><\/div><\/div>\n\n\n\n<div class=\"wp-block-group read-more-nav is-layout-flow wp-block-group-is-layout-flow\"><a href=\"https:\/\/www.greenpeace.org\/belgium\/fr\/agir\/devenir-volontaire\/\" class=\"btn btn-primary btn-small\" aria-label=\"J'agis\">J&rsquo;agis<\/a><\/div>\n\n<\/li><\/ul>\n\n\n<div class=\"wp-block-buttons carousel-controls is-horizontal is-content-justification-space-between is-nowrap is-layout-flex wp-container-core-buttons-is-layout-044bd602 wp-block-buttons-is-layout-flex\">\n<div class=\"wp-block-button carousel-control-prev\"><button type=\"button\" class=\"wp-block-button__link wp-element-button\">Prev<\/button><\/div>\n\n\n\n<div class=\"wp-block-button carousel-control-next\"><button type=\"button\" class=\"wp-block-button__link wp-element-button\">Next<\/button><\/div>\n<\/div>\n\n\n\n<div class=\"wp-block-buttons load-more-actions-container is-content-justification-center is-layout-flex wp-container-core-buttons-is-layout-16018d1d wp-block-buttons-is-layout-flex\">\n<div class=\"wp-block-button is-style-secondary\"><button type=\"button\" class=\"wp-block-button__link wp-element-button\">Load more<\/button><\/div>\n<\/div>\n<\/div>\n\n\n\n\n<div class=\"wp-block-group alignfull block has-white-background-color has-background is-layout-flow wp-block-group-is-layout-flow\"><\/div>\n\n<\/div>\n\n\n<div style=\"height:100px\" aria-hidden=\"true\" class=\"wp-block-spacer\"><\/div>\n\n<p><\/p>\n","protected":false},"excerpt":{"rendered":"<p>OPEN BOAT weekend 2026<\/p>\n","protected":false},"author":112,"featured_media":60593,"parent":0,"menu_order":0,"comment_status":"closed","ping_status":"closed","template":"","meta":{"ep_exclude_from_search":false,"p4_hide_page_title_checkbox":"on","p4_title":"","p4_subtitle":"","p4_description":"","background_image_id":"","background_image":"","p4_button_title":"","p4_button_link":"","p4_button_link_checkbox":"","p4_og_title":"","p4_og_description":"","p4_og_image":"","p4_og_image_id":"","p4_seo_canonical_url":"","p4_campaign_name":"","p4_local_project":"","p4_basket_name":"","p4_department":"","footnotes":""},"categories":[],"tags":[],"class_list":["post-62593","page","type-page","status-publish","has-post-thumbnail","hentry"],"_links":{"self":[{"href":"https:\/\/www.greenpeace.org\/belgium\/fr\/wp-json\/wp\/v2\/pages\/62593","targetHints":{"allow":["GET"]}}],"collection":[{"href":"https:\/\/www.greenpeace.org\/belgium\/fr\/wp-json\/wp\/v2\/pages"}],"about":[{"href":"https:\/\/www.greenpeace.org\/belgium\/fr\/wp-json\/wp\/v2\/types\/page"}],"author":[{"embeddable":true,"href":"https:\/\/www.greenpeace.org\/belgium\/fr\/wp-json\/wp\/v2\/users\/112"}],"replies":[{"embeddable":true,"href":"https:\/\/www.greenpeace.org\/belgium\/fr\/wp-json\/wp\/v2\/comments?post=62593"}],"version-history":[{"count":7,"href":"https:\/\/www.greenpeace.org\/belgium\/fr\/wp-json\/wp\/v2\/pages\/62593\/revisions"}],"predecessor-version":[{"id":81228,"href":"https:\/\/www.greenpeace.org\/belgium\/fr\/wp-json\/wp\/v2\/pages\/62593\/revisions\/81228"}],"wp:featuredmedia":[{"embeddable":true,"href":"https:\/\/www.greenpeace.org\/belgium\/fr\/wp-json\/wp\/v2\/media\/60593"}],"wp:attachment":[{"href":"https:\/\/www.greenpeace.org\/belgium\/fr\/wp-json\/wp\/v2\/media?parent=62593"}],"wp:term":[{"taxonomy":"category","embeddable":true,"href":"https:\/\/www.greenpeace.org\/belgium\/fr\/wp-json\/wp\/v2\/categories?post=62593"},{"taxonomy":"post_tag","embeddable":true,"href":"https:\/\/www.greenpeace.org\/belgium\/fr\/wp-json\/wp\/v2\/tags?post=62593"}],"curies":[{"name":"wp","href":"https:\/\/api.w.org\/{rel}","templated":true}]}}