{"id":54475,"date":"2023-09-27T15:23:24","date_gmt":"2023-09-27T14:23:24","guid":{"rendered":"https:\/\/www.greenpeace.org\/belgium\/?page_id=54475"},"modified":"2026-04-08T09:53:47","modified_gmt":"2026-04-08T08:53:47","slug":"kernenergie","status":"publish","type":"page","link":"https:\/\/www.greenpeace.org\/belgium\/nl\/campagnes\/energie\/kernenergie\/","title":{"rendered":"Kernenergie"},"content":{"rendered":"\n<div class=\"wp-block-group is-pattern-p4-deep-dive-topic-pattern-layout is-layout-flow wp-block-group-is-layout-flow\">\n<div class=\"wp-block-media-text alignfull has-media-on-the-right is-stacked-on-mobile is-pattern-p4-page-header is-style-parallax\"><div class=\"wp-block-media-text__content\">\n<div class=\"wp-block-group is-layout-flow wp-block-group-is-layout-flow\">\n<h1 class=\"wp-block-heading has-white-background-color has-background\"><strong><strong>KERNENERGIE<\/strong><\/strong><\/h1>\n<\/div>\n\n\n\n<p style=\"font-size:1.25rem\">Stop kernenergie. Kernenergie is gevaarlijk en vervuilend. We moeten de verouderde centrales zo snel mogelijk sluiten.<\/p>\n\n\n\n<div class=\"wp-block-buttons is-layout-flex wp-block-buttons-is-layout-flex\"><\/div>\n<\/div><figure class=\"wp-block-media-text__media\"><img loading=\"lazy\" decoding=\"async\" width=\"800\" height=\"533\" src=\"https:\/\/www.greenpeace.org\/static\/planet4-belgium-stateless\/2023\/09\/48515a54-gp1su0d8_web_size.jpg\" alt=\"\" sizes=\"auto, (min-width: 601px) 50vw, 100vw\" srcset=\"https:\/\/www.greenpeace.org\/static\/planet4-belgium-stateless\/2023\/09\/48515a54-gp1su0d8_web_size.jpg 800w, https:\/\/www.greenpeace.org\/static\/planet4-belgium-stateless\/2023\/09\/48515a54-gp1su0d8_web_size-300x200.jpg 300w, https:\/\/www.greenpeace.org\/static\/planet4-belgium-stateless\/2023\/09\/48515a54-gp1su0d8_web_size-768x512.jpg 768w, https:\/\/www.greenpeace.org\/static\/planet4-belgium-stateless\/2023\/09\/48515a54-gp1su0d8_web_size-510x340.jpg 510w\" class=\"wp-image-53953 size-full\"\/><\/figure><\/div>\n\n\n\n<div style=\"height:118px\" aria-hidden=\"true\" class=\"wp-block-spacer\"><\/div>\n\n\n\n\n<div class=\"wp-block-media-text alignwide is-stacked-on-mobile is-image-fill-element\"><figure class=\"wp-block-media-text__media\"><img loading=\"lazy\" decoding=\"async\" width=\"800\" height=\"533\" src=\"https:\/\/www.greenpeace.org\/static\/planet4-belgium-stateless\/2023\/09\/b7cd729a-gp1sx9o2_web_size.jpg\" alt=\"\" sizes=\"auto, (min-width: 1600px) calc((1320px - 24px) \/ 2),(min-width: 1200px) calc((1140px - 24px) \/ 2),(min-width: 992px) calc((960px - 24px) \/ 2),(min-width: 768px) calc((720px - 24px) \/ 2),(min-width: 601px) calc((540px - 24px) \/ 2),(min-width: 577px) calc((540px - 24px) \/ 1), calc(100vw - 24px)\" srcset=\"https:\/\/www.greenpeace.org\/static\/planet4-belgium-stateless\/2023\/09\/b7cd729a-gp1sx9o2_web_size.jpg 800w, https:\/\/www.greenpeace.org\/static\/planet4-belgium-stateless\/2023\/09\/b7cd729a-gp1sx9o2_web_size-300x200.jpg 300w, https:\/\/www.greenpeace.org\/static\/planet4-belgium-stateless\/2023\/09\/b7cd729a-gp1sx9o2_web_size-768x512.jpg 768w, https:\/\/www.greenpeace.org\/static\/planet4-belgium-stateless\/2023\/09\/b7cd729a-gp1sx9o2_web_size-510x340.jpg 510w\" class=\"wp-image-53955 size-full\" style=\"object-position:50% 50%\"\/><\/figure><div class=\"wp-block-media-text__content\">\n<h2 class=\"wp-block-heading\">HET PROBLEEM<\/h2>\n\n\n\n<p>Kernenergie wordt door voorstanders ten onrechte voorgesteld als een schone energiebron. Dat klopt niet. Kernenergie genereert grote hoeveelheden radioactief afval voor honderdduizenden jaren. Kernenergie is ook erg gevaarlijk. Onze verouderde centrales brengen re\u00eble risico&#8217;s op ongelukken met zich mee in geval van natuurrampen, gewelddadige aanvallen of sabotage. Risico&#8217;s waarvoor de exploitant van de centrales nauwelijks verzekerd is. En die verouderde, onveilige centrales komen ons land duur te staan, heel duur. Belgi\u00eb verzandt al 20 jaar in debatten en getreuzel over het einde van kernenergie. Dat heeft ons belet om voldoende te investeren in hernieuwbare energie. Daar moet een einde aan komen!<\/p>\n<\/div><\/div>\n\n\n\n\n<div style=\"height:100px\" aria-hidden=\"true\" class=\"wp-block-spacer\"><\/div>\n\n\n\n\n<div class=\"wp-block-media-text alignwide has-media-on-the-right is-stacked-on-mobile is-image-fill-element\"><div class=\"wp-block-media-text__content\">\n<h2 class=\"wp-block-heading\">WAT WE DOEN<\/h2>\n\n\n\n<p>Greenpeace roept al tientallen jaren op tot het stoppen met kernenergie en kernwapens. Onze regering probeert momenteel twee kernreactoren te verlengen tot na 2025. Deze zoveelste verlenging is onzinnig en duur, en zal vooral de belangen van de exploitant Engie dienen. Greenpeace roept de overheid op om de nucleaire bladzijde zo snel mogelijk definitief om te slaan. In plaats daarvan moeten beleidsmakers alle krachten bundelen voor een positief energieproject met massale investeringen in hernieuwbare energie, innovatief energiebeheer en energiebesparing als leidende principes.<\/p>\n<\/div><figure class=\"wp-block-media-text__media\"><img loading=\"lazy\" decoding=\"async\" width=\"800\" height=\"533\" src=\"https:\/\/www.greenpeace.org\/static\/planet4-belgium-stateless\/2023\/09\/82cff8a6-gp0stvm58_web_size.jpg\" alt=\"\" sizes=\"auto, (min-width: 1600px) calc((1320px - 24px) \/ 2),(min-width: 1200px) calc((1140px - 24px) \/ 2),(min-width: 992px) calc((960px - 24px) \/ 2),(min-width: 768px) calc((720px - 24px) \/ 2),(min-width: 601px) calc((540px - 24px) \/ 2),(min-width: 577px) calc((540px - 24px) \/ 1), calc(100vw - 24px)\" srcset=\"https:\/\/www.greenpeace.org\/static\/planet4-belgium-stateless\/2023\/09\/82cff8a6-gp0stvm58_web_size.jpg 800w, https:\/\/www.greenpeace.org\/static\/planet4-belgium-stateless\/2023\/09\/82cff8a6-gp0stvm58_web_size-300x200.jpg 300w, https:\/\/www.greenpeace.org\/static\/planet4-belgium-stateless\/2023\/09\/82cff8a6-gp0stvm58_web_size-768x512.jpg 768w, https:\/\/www.greenpeace.org\/static\/planet4-belgium-stateless\/2023\/09\/82cff8a6-gp0stvm58_web_size-510x340.jpg 510w\" class=\"wp-image-53951 size-full\" style=\"object-position:50% 50%\"\/><\/figure><\/div>\n\n\n\n\n<div style=\"height:100px\" aria-hidden=\"true\" class=\"wp-block-spacer\"><\/div>\n\n\n\n        <div class=\"wp-block-query actions-list p4-query-loop is-custom-layout-actions-list is-custom-layout-grid is-layout-grid wp-container-core-query-is-layout-29f43435 wp-block-query-is-layout-grid\"><h2 class=\"wp-block-heading\">WAT TE DOEN<\/h2>\n        <p style=\"margin-top: 24px; margin-bottom: 32px;\">Ook jij kan deelnemen en de campagne een succes maken<\/p>\n        \n        <ul class=\"wp-block-post-template is-layout-flow wp-block-post-template-is-layout-flow\"><li class=\"wp-block-post post-54979 page type-page status-publish has-post-thumbnail hentry category-campagnes-nl category-energie-nl category-fossiele-energie category-hernieuwebare-energie category-kernenergie\">\n                <figure class=\"wp-block-post-featured-image\"><img loading=\"lazy\" decoding=\"async\" width=\"533\" height=\"800\" src=\"https:\/\/www.greenpeace.org\/static\/planet4-belgium-stateless\/2023\/10\/a9100268-gp0stq85l_web_size.jpg\" class=\"attachment-post-thumbnail size-post-thumbnail wp-post-image wp-stateless-item\" alt=\"\" style=\"object-fit:cover;\" srcset=\"https:\/\/www.greenpeace.org\/static\/planet4-belgium-stateless\/2023\/10\/a9100268-gp0stq85l_web_size.jpg 533w, https:\/\/www.greenpeace.org\/static\/planet4-belgium-stateless\/2023\/10\/a9100268-gp0stq85l_web_size-200x300.jpg 200w, https:\/\/www.greenpeace.org\/static\/planet4-belgium-stateless\/2023\/10\/a9100268-gp0stq85l_web_size-227x340.jpg 227w\" sizes=\"auto, (max-width: 533px) 100vw, 533px\" data-image-size=\"post-thumbnail\" data-stateless-media-bucket=\"planet4-belgium-stateless\" data-stateless-media-name=\"2023\/10\/a9100268-gp0stq85l_web_size.jpg\" \/><\/figure>\n                \n                <div class=\"wp-block-group group-stretched-link is-layout-flow wp-block-group-is-layout-flow\"><div class=\"wp-block-post-terms\">Campagnes<\/div>\n                <h3 class=\"wp-block-post-title\"><a href=\"https:\/\/www.greenpeace.org\/belgium\/nl\/klassement-energieleveranciers-2023\/\" target=\"_self\" >Klassement energieleveranciers 2023<\/a><\/h3>\n                <div class=\"wp-block-post-excerpt\"><p class=\"wp-block-post-excerpt__excerpt\">Greenpeace heeft 16 elektriciteitsleveranciers in Belgi\u00eb beoordeeld, om je te helpen de meest duurzame keuze te maken. <\/p><\/div><\/div>\n                \n                \n        <div class=\"wp-block-group read-more-nav is-layout-flow wp-block-group-is-layout-flow\"><a href=\"https:\/\/www.greenpeace.org\/belgium\/nl\/klassement-energieleveranciers-2023\/\" class=\"btn btn-primary btn-small\" aria-label=\"Ik doe mee\">Ik doe mee<\/a>\n        \n        \n        <\/div>\n        \n                <\/li><\/ul>\n        \n<div class=\"wp-block-buttons carousel-controls is-horizontal is-content-justification-space-between is-nowrap is-layout-flex wp-container-core-buttons-is-layout-044bd602 wp-block-buttons-is-layout-flex\">\n            <div class=\"wp-block-button carousel-control-prev\"><button type=\"button\" class=\"wp-block-button__link wp-element-button\">Prev<\/button><\/div>\n        \n\n            <div class=\"wp-block-button carousel-control-next\"><button type=\"button\" class=\"wp-block-button__link wp-element-button\">Next<\/button><\/div>\n        <\/div>\n\n        \n<div class=\"wp-block-buttons load-more-actions-container is-content-justification-center is-layout-flex wp-container-core-buttons-is-layout-16018d1d wp-block-buttons-is-layout-flex\">\n                <div class=\"wp-block-button is-style-secondary\"><button type=\"button\" class=\"wp-block-button__link wp-element-button\">Load more<\/button><\/div>\n            \n<\/div>\n<\/div>\n        \n\n\n<div class=\"wp-block-query posts-list p4-query-loop is-custom-layout-grid is-layout-grid wp-container-core-query-is-layout-b8bb0bd1 wp-block-query-is-layout-grid\">\n<div class=\"wp-block-group is-content-justification-space-between is-layout-flex wp-container-core-group-is-layout-3d213aab wp-block-group-is-layout-flex\">\n<h2 class=\"wp-block-heading\">NIEUWS<\/h2>\n\n\n<li class=\" wp-block-navigation-item see-all-link wp-block-navigation-link\"><a class=\"wp-block-navigation-item__content\"  href=\"http:\/\/www.greenpeace.org\/belgium\/fr\/a-la-une\/?tag=energie&#038;post-type=stories\"><span class=\"wp-block-navigation-item__label\">See all stories<\/span><\/a><\/li><\/div>\n\n\n\n<p style=\"margin-top:24px;margin-bottom:36px\"><\/p>\n\n\n\n\n<ul class=\"wp-block-post-template is-layout-flow wp-block-post-template-is-layout-flow\"><li class=\"wp-block-post post-59537 post type-post status-publish format-standard has-post-thumbnail hentry category-actualiteit category-campagnes-nl category-energie-nl category-fossiele-energie tag-energie-nl p4-page-type-stories\">\n\n<div class=\"wp-block-columns is-layout-flex wp-container-core-columns-is-layout-9d6595d7 wp-block-columns-is-layout-flex\"><figure class=\"wp-block-post-featured-image\"><a href=\"https:\/\/www.greenpeace.org\/belgium\/nl\/stories\/59537\/europa-we-zitten-met-een-gas-probleem\/\" target=\"_self\"  ><img loading=\"lazy\" decoding=\"async\" width=\"2500\" height=\"1667\" src=\"https:\/\/www.greenpeace.org\/static\/planet4-belgium-stateless\/2025\/03\/f1ddcbce-gp0su2fiq_pressmedia-2500px.jpg\" class=\"attachment-post-thumbnail size-post-thumbnail wp-post-image wp-stateless-item\" alt=\"Europa, we zitten met een gas probleem\" style=\"object-fit:cover;\" srcset=\"https:\/\/www.greenpeace.org\/static\/planet4-belgium-stateless\/2025\/03\/f1ddcbce-gp0su2fiq_pressmedia-2500px.jpg 2500w, https:\/\/www.greenpeace.org\/static\/planet4-belgium-stateless\/2025\/03\/f1ddcbce-gp0su2fiq_pressmedia-2500px-300x200.jpg 300w, https:\/\/www.greenpeace.org\/static\/planet4-belgium-stateless\/2025\/03\/f1ddcbce-gp0su2fiq_pressmedia-2500px-1024x683.jpg 1024w, https:\/\/www.greenpeace.org\/static\/planet4-belgium-stateless\/2025\/03\/f1ddcbce-gp0su2fiq_pressmedia-2500px-768x512.jpg 768w, https:\/\/www.greenpeace.org\/static\/planet4-belgium-stateless\/2025\/03\/f1ddcbce-gp0su2fiq_pressmedia-2500px-1536x1024.jpg 1536w, https:\/\/www.greenpeace.org\/static\/planet4-belgium-stateless\/2025\/03\/f1ddcbce-gp0su2fiq_pressmedia-2500px-2048x1366.jpg 2048w, https:\/\/www.greenpeace.org\/static\/planet4-belgium-stateless\/2025\/03\/f1ddcbce-gp0su2fiq_pressmedia-2500px-510x340.jpg 510w\" sizes=\"auto, (max-width: 2500px) 100vw, 2500px\" data-image-size=\"post-thumbnail\" data-stateless-media-bucket=\"planet4-belgium-stateless\" data-stateless-media-name=\"2025\/03\/f1ddcbce-gp0su2fiq_pressmedia-2500px.jpg\" \/><\/a><\/figure>\n\n\n<div class=\"wp-block-group is-layout-flow wp-block-group-is-layout-flow\">\n                <div class=\"wp-block-group is-layout-flow wp-block-group-is-layout-flow\"><div class=\"wp-block-post-terms\"><a href=\"https:\/\/www.greenpeace.org\/belgium\/nl\/category\/in-het-nieuws\/actualiteit\/\">Actualiteit<\/a><\/div>\n                <div class=\"taxonomy-post_tag wp-block-post-terms\"><a href=\"https:\/\/www.greenpeace.org\/belgium\/nl\/tag\/energie-nl\/\" rel=\"tag\">Energie<\/a><\/div>\n                \n                <\/div>\n                \n\n<h3 class=\"wp-block-post-title\"><a href=\"https:\/\/www.greenpeace.org\/belgium\/nl\/stories\/59537\/europa-we-zitten-met-een-gas-probleem\/\" target=\"_self\" >Europa, we zitten met een gas probleem<\/a><\/h3>\n\n<div class=\"wp-block-post-excerpt\"><p class=\"wp-block-post-excerpt__excerpt\">In een ongekend gespannen geopolitieke context, heeft Europa alles te winnen bij meer zelfstandigheid. Toch lijkt het precies de tegenovergestelde richting in te slaan voor de toekomst van onze energievoorziening. Elke dag raken we meer afhankelijk van een fossiele brandstof die niet alleen slecht nieuws is voor de planeet, maar ook voor onze portemonnee: fossiel&hellip; <\/p><\/div>\n\n\n<div class=\"wp-block-group posts-list-meta is-layout-flow wp-block-group-is-layout-flow\"><span class='article-list-item-author'><a href='https:\/\/www.greenpeace.org\/belgium\/nl\/author\/webmaster\/'>Greenpeace Belgium<\/a><\/span>\n\n<div class=\"wp-block-post-date\"><time datetime=\"2025-03-14T09:09:24+01:00\">14 maart 2025<\/time><\/div><\/div>\n<\/div>\n<\/div>\n\n<\/li><li class=\"wp-block-post post-58961 post type-post status-publish format-standard has-post-thumbnail hentry category-actualiteit category-biodiversiteit category-energie-nl category-in-het-nieuws tag-energie-nl tag-oceanen tag-klimaat p4-page-type-stories\">\n\n<div class=\"wp-block-columns is-layout-flex wp-container-core-columns-is-layout-9d6595d7 wp-block-columns-is-layout-flex\"><figure class=\"wp-block-post-featured-image\"><a href=\"https:\/\/www.greenpeace.org\/belgium\/nl\/stories\/58961\/2024-een-jaar-vol-overwinningen-dankzij-jouw-steun\/\" target=\"_self\"  ><img loading=\"lazy\" decoding=\"async\" width=\"800\" height=\"533\" src=\"https:\/\/www.greenpeace.org\/static\/planet4-belgium-stateless\/2024\/12\/d8fff5e5-gp1sv0br_low-res-with-credit-line-800px.jpg\" class=\"attachment-post-thumbnail size-post-thumbnail wp-post-image wp-stateless-item\" alt=\"2024: Een jaar vol overwinningen dankzij jouw steun\" style=\"object-fit:cover;\" srcset=\"https:\/\/www.greenpeace.org\/static\/planet4-belgium-stateless\/2024\/12\/d8fff5e5-gp1sv0br_low-res-with-credit-line-800px.jpg 800w, https:\/\/www.greenpeace.org\/static\/planet4-belgium-stateless\/2024\/12\/d8fff5e5-gp1sv0br_low-res-with-credit-line-800px-300x200.jpg 300w, https:\/\/www.greenpeace.org\/static\/planet4-belgium-stateless\/2024\/12\/d8fff5e5-gp1sv0br_low-res-with-credit-line-800px-768x512.jpg 768w, https:\/\/www.greenpeace.org\/static\/planet4-belgium-stateless\/2024\/12\/d8fff5e5-gp1sv0br_low-res-with-credit-line-800px-510x340.jpg 510w\" sizes=\"auto, (max-width: 800px) 100vw, 800px\" data-image-size=\"post-thumbnail\" data-stateless-media-bucket=\"planet4-belgium-stateless\" data-stateless-media-name=\"2024\/12\/d8fff5e5-gp1sv0br_low-res-with-credit-line-800px.jpg\" \/><\/a><\/figure>\n\n\n<div class=\"wp-block-group is-layout-flow wp-block-group-is-layout-flow\">\n                <div class=\"wp-block-group is-layout-flow wp-block-group-is-layout-flow\"><div class=\"wp-block-post-terms\"><a href=\"https:\/\/www.greenpeace.org\/belgium\/nl\/category\/in-het-nieuws\/actualiteit\/\">Actualiteit<\/a><\/div>\n                <div class=\"taxonomy-post_tag wp-block-post-terms\"><a href=\"https:\/\/www.greenpeace.org\/belgium\/nl\/tag\/energie-nl\/\" rel=\"tag\">Energie<\/a><span class=\"wp-block-post-terms__separator\"> <\/span><a href=\"https:\/\/www.greenpeace.org\/belgium\/nl\/tag\/oceanen\/\" rel=\"tag\">Oceanen<\/a><span class=\"wp-block-post-terms__separator\"> <\/span><a href=\"https:\/\/www.greenpeace.org\/belgium\/nl\/tag\/klimaat\/\" rel=\"tag\">Klimaat<\/a><\/div>\n                \n                <\/div>\n                \n\n<h3 class=\"wp-block-post-title\"><a href=\"https:\/\/www.greenpeace.org\/belgium\/nl\/stories\/58961\/2024-een-jaar-vol-overwinningen-dankzij-jouw-steun\/\" target=\"_self\" >2024: Een jaar vol overwinningen dankzij jouw steun<\/a><\/h3>\n\n<div class=\"wp-block-post-excerpt\"><p class=\"wp-block-post-excerpt__excerpt\">Het einde van het jaar vraagt om reflectie. Clich\u00e9? Misschien. Maar juist nu is het belangrijk om onze overwinningen te vieren. Hier zijn enkele hoogtepunten die we dankzij jouw steun konden bereiken. <\/p><\/div>\n\n\n<div class=\"wp-block-group posts-list-meta is-layout-flow wp-block-group-is-layout-flow\"><span class='article-list-item-author'>Greenpeace Belgium<\/span>\n\n<div class=\"wp-block-post-date\"><time datetime=\"2024-12-24T12:47:36+01:00\">24 december 2024<\/time><\/div><\/div>\n<\/div>\n<\/div>\n\n<\/li><li class=\"wp-block-post post-58890 post type-post status-publish format-standard has-post-thumbnail hentry category-actualiteit category-campagnes-nl category-energie-nl category-fossiele-energie category-overwinningen tag-energie-nl p4-page-type-stories\">\n\n<div class=\"wp-block-columns is-layout-flex wp-container-core-columns-is-layout-9d6595d7 wp-block-columns-is-layout-flex\"><figure class=\"wp-block-post-featured-image\"><a href=\"https:\/\/www.greenpeace.org\/belgium\/nl\/stories\/58890\/shell-krabbelt-terug-in-rechtszaak-tegen-greenpeace\/\" target=\"_self\"  ><img loading=\"lazy\" decoding=\"async\" width=\"1200\" height=\"900\" src=\"https:\/\/www.greenpeace.org\/static\/planet4-belgium-stateless\/2024\/12\/8d52bb24-gp0stvcs6_medium-res-with-credit-line-1200px.jpg\" class=\"attachment-post-thumbnail size-post-thumbnail wp-post-image wp-stateless-item\" alt=\"Shell krabbelt terug in rechtszaak tegen Greenpeace\" style=\"object-fit:cover;\" srcset=\"https:\/\/www.greenpeace.org\/static\/planet4-belgium-stateless\/2024\/12\/8d52bb24-gp0stvcs6_medium-res-with-credit-line-1200px.jpg 1200w, https:\/\/www.greenpeace.org\/static\/planet4-belgium-stateless\/2024\/12\/8d52bb24-gp0stvcs6_medium-res-with-credit-line-1200px-300x225.jpg 300w, https:\/\/www.greenpeace.org\/static\/planet4-belgium-stateless\/2024\/12\/8d52bb24-gp0stvcs6_medium-res-with-credit-line-1200px-1024x768.jpg 1024w, https:\/\/www.greenpeace.org\/static\/planet4-belgium-stateless\/2024\/12\/8d52bb24-gp0stvcs6_medium-res-with-credit-line-1200px-768x576.jpg 768w, https:\/\/www.greenpeace.org\/static\/planet4-belgium-stateless\/2024\/12\/8d52bb24-gp0stvcs6_medium-res-with-credit-line-1200px-453x340.jpg 453w\" sizes=\"auto, (max-width: 1200px) 100vw, 1200px\" data-image-size=\"post-thumbnail\" data-stateless-media-bucket=\"planet4-belgium-stateless\" data-stateless-media-name=\"2024\/12\/8d52bb24-gp0stvcs6_medium-res-with-credit-line-1200px.jpg\" \/><\/a><\/figure>\n\n\n<div class=\"wp-block-group is-layout-flow wp-block-group-is-layout-flow\">\n                <div class=\"wp-block-group is-layout-flow wp-block-group-is-layout-flow\"><div class=\"wp-block-post-terms\"><a href=\"https:\/\/www.greenpeace.org\/belgium\/nl\/category\/in-het-nieuws\/actualiteit\/\">Actualiteit<\/a><\/div>\n                <div class=\"taxonomy-post_tag wp-block-post-terms\"><a href=\"https:\/\/www.greenpeace.org\/belgium\/nl\/tag\/energie-nl\/\" rel=\"tag\">Energie<\/a><\/div>\n                \n                <\/div>\n                \n\n<h3 class=\"wp-block-post-title\"><a href=\"https:\/\/www.greenpeace.org\/belgium\/nl\/stories\/58890\/shell-krabbelt-terug-in-rechtszaak-tegen-greenpeace\/\" target=\"_self\" >Shell krabbelt terug in rechtszaak tegen Greenpeace<\/a><\/h3>\n\n<div class=\"wp-block-post-excerpt\"><p class=\"wp-block-post-excerpt__excerpt\">Olie- en gasbedrijf Shell krabbelt terug in een Britse rechtszaak die bedoeld was om Greenpeace te intimideren en het zwijgen op te leggen. Dat is geweldig goed nieuws. Hopelijk is het een signaal dat ook andere grote fossiele bedrijven oppikken. Want helaas was deze zaak niet de enige in zijn soort. <\/p><\/div>\n\n\n<div class=\"wp-block-group posts-list-meta is-layout-flow wp-block-group-is-layout-flow\"><span class='article-list-item-author'><a href='https:\/\/www.greenpeace.org\/belgium\/nl\/author\/webmaster\/'>Greenpeace Belgium<\/a><\/span>\n\n<div class=\"wp-block-post-date\"><time datetime=\"2024-12-11T15:08:54+01:00\">11 december 2024<\/time><\/div><\/div>\n<\/div>\n<\/div>\n\n<\/li><li class=\"wp-block-post post-58631 post type-post status-publish format-standard has-post-thumbnail hentry category-actualiteit category-energie-nl category-fossiele-energie tag-energie-nl p4-page-type-stories\">\n\n<div class=\"wp-block-columns is-layout-flex wp-container-core-columns-is-layout-9d6595d7 wp-block-columns-is-layout-flex\"><figure class=\"wp-block-post-featured-image\"><a href=\"https:\/\/www.greenpeace.org\/belgium\/nl\/stories\/58631\/een-nieuwe-pijpleiding-voor-fossiel-gas-nee-bedankt\/\" target=\"_self\"  ><img loading=\"lazy\" decoding=\"async\" width=\"800\" height=\"450\" src=\"https:\/\/www.greenpeace.org\/static\/planet4-belgium-stateless\/2024\/11\/40ad21f8-gp0su2ic7_low-res-with-credit-line-800px.jpg\" class=\"attachment-post-thumbnail size-post-thumbnail wp-post-image wp-stateless-item\" alt=\"Een nieuwe pijpleiding voor fossiel gas? Nee bedankt!\" style=\"object-fit:cover;\" srcset=\"https:\/\/www.greenpeace.org\/static\/planet4-belgium-stateless\/2024\/11\/40ad21f8-gp0su2ic7_low-res-with-credit-line-800px.jpg 800w, https:\/\/www.greenpeace.org\/static\/planet4-belgium-stateless\/2024\/11\/40ad21f8-gp0su2ic7_low-res-with-credit-line-800px-300x169.jpg 300w, https:\/\/www.greenpeace.org\/static\/planet4-belgium-stateless\/2024\/11\/40ad21f8-gp0su2ic7_low-res-with-credit-line-800px-768x432.jpg 768w, https:\/\/www.greenpeace.org\/static\/planet4-belgium-stateless\/2024\/11\/40ad21f8-gp0su2ic7_low-res-with-credit-line-800px-510x287.jpg 510w\" sizes=\"auto, (max-width: 800px) 100vw, 800px\" data-image-size=\"post-thumbnail\" data-stateless-media-bucket=\"planet4-belgium-stateless\" data-stateless-media-name=\"2024\/11\/40ad21f8-gp0su2ic7_low-res-with-credit-line-800px.jpg\" \/><\/a><\/figure>\n\n\n<div class=\"wp-block-group is-layout-flow wp-block-group-is-layout-flow\">\n                <div class=\"wp-block-group is-layout-flow wp-block-group-is-layout-flow\"><div class=\"wp-block-post-terms\"><a href=\"https:\/\/www.greenpeace.org\/belgium\/nl\/category\/in-het-nieuws\/actualiteit\/\">Actualiteit<\/a><\/div>\n                <div class=\"taxonomy-post_tag wp-block-post-terms\"><a href=\"https:\/\/www.greenpeace.org\/belgium\/nl\/tag\/energie-nl\/\" rel=\"tag\">Energie<\/a><\/div>\n                \n                <\/div>\n                \n\n<h3 class=\"wp-block-post-title\"><a href=\"https:\/\/www.greenpeace.org\/belgium\/nl\/stories\/58631\/een-nieuwe-pijpleiding-voor-fossiel-gas-nee-bedankt\/\" target=\"_self\" >Een nieuwe pijpleiding voor fossiel gas? Nee bedankt!<\/a><\/h3>\n\n<div class=\"wp-block-post-excerpt\"><p class=\"wp-block-post-excerpt__excerpt\">De laatste jaren daalde het gasverbruik stevig en ook nieuw beleid is erop gericht fossiel gas uit te faseren. Toch keurde de Vlaamse regering deze zomer nog een plan goed voor een nieuwe pijpleiding voor fossiel gas. Zo vol tegen de stroom in roeien houdt belangrijke risico\u2019s in voor de klimaattransitie en onze energiefactuur. Samen&hellip; <\/p><\/div>\n\n\n<div class=\"wp-block-group posts-list-meta is-layout-flow wp-block-group-is-layout-flow\"><span class='article-list-item-author'><a href='https:\/\/www.greenpeace.org\/belgium\/nl\/author\/webmaster\/'>Greenpeace Belgium<\/a><\/span>\n\n<div class=\"wp-block-post-date\"><time datetime=\"2024-11-05T15:38:01+01:00\">5 november 2024<\/time><\/div><\/div>\n<\/div>\n<\/div>\n\n<\/li><\/ul>\n\n\n<div class=\"wp-block-buttons carousel-controls is-horizontal is-content-justification-space-between is-nowrap is-layout-flex wp-container-core-buttons-is-layout-044bd602 wp-block-buttons-is-layout-flex\">\n<div class=\"wp-block-button carousel-control-prev\"><button type=\"button\" class=\"wp-block-button__link wp-element-button\">Prev<\/button><\/div>\n\n\n\n<div class=\"wp-block-button carousel-control-next\"><button type=\"button\" class=\"wp-block-button__link wp-element-button\">Next<\/button><\/div>\n<\/div>\n\n\n<li class=\" wp-block-navigation-item see-all-link wp-block-navigation-link\"><a class=\"wp-block-navigation-item__content\"  href=\"http:\/\/www.greenpeace.org\/belgium\/fr\/a-la-une\/?tag=energie&#038;post-type=stories\"><span class=\"wp-block-navigation-item__label\">See all stories<\/span><\/a><\/li><\/div>\n\n\n\n\n<div class=\"wp-block-group alignfull block has-beige-100-background-color has-background is-layout-flow wp-block-group-is-layout-flow\">\n<div class=\"wp-block-group container is-layout-flow wp-block-group-is-layout-flow\">\n<div style=\"height:24px\" aria-hidden=\"true\" class=\"wp-block-spacer\"><\/div>\n\n\n\n<h3 class=\"wp-block-heading has-text-align-center\">Meer informatie over onze energiecampagne<\/h3>\n\n\n\n<div class=\"wp-block-columns is-layout-flex wp-container-core-columns-is-layout-9d6595d7 wp-block-columns-is-layout-flex\">\n<div class=\"wp-block-column is-layout-flow wp-block-column-is-layout-flow\">\n<div class=\"wp-block-group group-stretched-link is-layout-flow wp-block-group-is-layout-flow\">\n<figure class=\"wp-block-image aligncenter size-full is-resized force-no-lightbox force-no-caption is-style-rounded-180\"><a href=\"https:\/\/www.greenpeace.org\/belgium\/nl\/campagnes\/energie\/fossiele-energie\/\"><img loading=\"lazy\" decoding=\"async\" width=\"800\" height=\"533\" src=\"https:\/\/www.greenpeace.org\/static\/planet4-belgium-stateless\/2023\/09\/e1503469-gp0stupwg_web_size.jpg\" alt=\"\" class=\"wp-image-53897\" style=\"\" srcset=\"https:\/\/www.greenpeace.org\/static\/planet4-belgium-stateless\/2023\/09\/e1503469-gp0stupwg_web_size.jpg 800w, https:\/\/www.greenpeace.org\/static\/planet4-belgium-stateless\/2023\/09\/e1503469-gp0stupwg_web_size-300x200.jpg 300w, https:\/\/www.greenpeace.org\/static\/planet4-belgium-stateless\/2023\/09\/e1503469-gp0stupwg_web_size-768x512.jpg 768w, https:\/\/www.greenpeace.org\/static\/planet4-belgium-stateless\/2023\/09\/e1503469-gp0stupwg_web_size-510x340.jpg 510w\" sizes=\"auto, (max-width: 800px) 100vw, 800px\" \/><\/a><figcaption class=\"wp-element-caption\">Danish activist Ida Marie in the water with hand banner reading &#8220;Fossils our our future&#8221;.\nGreenpeace Denmark activists prepare ahead of carrying out an action in the Danish North Sea, to demand an immediate ban on all further oil and gas exploration in Denmark, followed by a complete phase out of domestic fossil fuel production and a massive expansion of clean offshore wind power.\nUnless the Danish government is brave enough to ban the search for new oil and gas in Denmark, it will never be the green frontrunner it claims to be.<\/figcaption><\/figure>\n\n\n\n<h5 class=\"wp-block-heading has-text-align-center is-style-chevron\" style=\"font-size:1rem\"><a href=\"https:\/\/www.greenpeace.org\/belgium\/nl\/campagnes\/energie\/fossiele-energie\/\">Fossiele energie<\/a><\/h5>\n\n\n\n<div style=\"height:16px\" aria-hidden=\"true\" class=\"wp-block-spacer\"><\/div>\n<\/div>\n<\/div>\n\n\n\n<div class=\"wp-block-column is-layout-flow wp-block-column-is-layout-flow\">\n<div class=\"wp-block-group group-stretched-link is-layout-flow wp-block-group-is-layout-flow\">\n<figure class=\"wp-block-image aligncenter size-full is-resized force-no-lightbox force-no-caption is-style-rounded-180\"><a href=\"https:\/\/www.greenpeace.org\/belgium\/nl\/campagnes\/energie\/hernieuwbare-energie\/\"><img loading=\"lazy\" decoding=\"async\" width=\"800\" height=\"524\" src=\"https:\/\/www.greenpeace.org\/static\/planet4-belgium-stateless\/2023\/09\/16d5520b-gp02kro_web_size.jpg\" alt=\"\" class=\"wp-image-53904\" style=\"\" srcset=\"https:\/\/www.greenpeace.org\/static\/planet4-belgium-stateless\/2023\/09\/16d5520b-gp02kro_web_size.jpg 800w, https:\/\/www.greenpeace.org\/static\/planet4-belgium-stateless\/2023\/09\/16d5520b-gp02kro_web_size-300x197.jpg 300w, https:\/\/www.greenpeace.org\/static\/planet4-belgium-stateless\/2023\/09\/16d5520b-gp02kro_web_size-768x503.jpg 768w, https:\/\/www.greenpeace.org\/static\/planet4-belgium-stateless\/2023\/09\/16d5520b-gp02kro_web_size-510x334.jpg 510w\" sizes=\"auto, (max-width: 800px) 100vw, 800px\" \/><\/a><figcaption class=\"wp-element-caption\">Le nouveau Rainbow Warrior navigue \u00e0 proximit\u00e9 du parc \u00e9olien Princess Amalia, situ\u00e9 \u00e0 12 miles au large de la c\u00f4te d&#8217;IJmuiden. Le parc se compose de 60 \u00e9oliennes capables d&#8217;alimenter 125 000 foyers en \u00e9nergie propre.<\/figcaption><\/figure>\n\n\n\n<h5 class=\"wp-block-heading has-text-align-center is-style-chevron\" style=\"font-size:1rem\"><strong><a href=\"https:\/\/www.greenpeace.org\/belgium\/nl\/campagnes\/energie\/hernieuwbare-energie\/\">Hernieuwbare energie<\/a><\/strong><\/h5>\n\n\n\n<div style=\"height:16px\" aria-hidden=\"true\" class=\"wp-block-spacer\"><\/div>\n<\/div>\n<\/div>\n<\/div>\n<\/div>\n<\/div>\n\n<\/div>\n<div data-render=\"planet4-blocks\/happypoint\" data-attributes=\"{&quot;attributes&quot;:{&quot;opacity&quot;:100,&quot;id&quot;:53578,&quot;embed_code&quot;:&quot;&quot;,&quot;override_default_content&quot;:true,&quot;local_content_provider&quot;:&quot;iframe_url&quot;}}\"><\/div>","protected":false},"excerpt":{"rendered":"<p>KERNENERGIE Stop kernenergie. Kernenergie is gevaarlijk en vervuilend. We moeten de verouderde centrales zo snel mogelijk sluiten.<\/p>\n","protected":false},"author":105,"featured_media":53953,"parent":54352,"menu_order":0,"comment_status":"closed","ping_status":"closed","template":"","meta":{"ep_exclude_from_search":false,"p4_hide_page_title_checkbox":"on","p4_title":"","p4_subtitle":"","p4_description":"","background_image_id":"","background_image":"","p4_button_title":"","p4_button_link":"","p4_button_link_checkbox":"","p4_og_title":"","p4_og_description":"","p4_og_image":"","p4_og_image_id":"","p4_seo_canonical_url":"","p4_campaign_name":"","p4_local_project":"","p4_basket_name":"","p4_department":"","footnotes":""},"categories":[193,172,206],"tags":[],"class_list":["post-54475","page","type-page","status-publish","has-post-thumbnail","hentry","category-campagnes-nl","category-energie","category-kernenergie"],"_links":{"self":[{"href":"https:\/\/www.greenpeace.org\/belgium\/nl\/wp-json\/wp\/v2\/pages\/54475","targetHints":{"allow":["GET"]}}],"collection":[{"href":"https:\/\/www.greenpeace.org\/belgium\/nl\/wp-json\/wp\/v2\/pages"}],"about":[{"href":"https:\/\/www.greenpeace.org\/belgium\/nl\/wp-json\/wp\/v2\/types\/page"}],"author":[{"embeddable":true,"href":"https:\/\/www.greenpeace.org\/belgium\/nl\/wp-json\/wp\/v2\/users\/105"}],"replies":[{"embeddable":true,"href":"https:\/\/www.greenpeace.org\/belgium\/nl\/wp-json\/wp\/v2\/comments?post=54475"}],"version-history":[{"count":19,"href":"https:\/\/www.greenpeace.org\/belgium\/nl\/wp-json\/wp\/v2\/pages\/54475\/revisions"}],"predecessor-version":[{"id":62402,"href":"https:\/\/www.greenpeace.org\/belgium\/nl\/wp-json\/wp\/v2\/pages\/54475\/revisions\/62402"}],"up":[{"embeddable":true,"href":"https:\/\/www.greenpeace.org\/belgium\/nl\/wp-json\/wp\/v2\/pages\/54352"}],"wp:featuredmedia":[{"embeddable":true,"href":"https:\/\/www.greenpeace.org\/belgium\/nl\/wp-json\/wp\/v2\/media\/53953"}],"wp:attachment":[{"href":"https:\/\/www.greenpeace.org\/belgium\/nl\/wp-json\/wp\/v2\/media?parent=54475"}],"wp:term":[{"taxonomy":"category","embeddable":true,"href":"https:\/\/www.greenpeace.org\/belgium\/nl\/wp-json\/wp\/v2\/categories?post=54475"},{"taxonomy":"post_tag","embeddable":true,"href":"https:\/\/www.greenpeace.org\/belgium\/nl\/wp-json\/wp\/v2\/tags?post=54475"}],"curies":[{"name":"wp","href":"https:\/\/api.w.org\/{rel}","templated":true}]}}