{"id":37133,"date":"2022-04-18T16:38:42","date_gmt":"2022-04-18T19:38:42","guid":{"rendered":"https:\/\/www-dev.greenpeace.org\/brasil\/?page_id=37133"},"modified":"2026-01-29T17:29:48","modified_gmt":"2026-01-29T20:29:48","slug":"faca-uma-doacao","status":"publish","type":"page","link":"https:\/\/www.greenpeace.org\/brasil\/como-ajudar\/faca-uma-doacao\/","title":{"rendered":"Fa\u00e7a uma doa\u00e7\u00e3o"},"content":{"rendered":"\n<style>\n            .donate-card {\n                width: 100vw;\n                display: none;\n                background-color: #fff;\n                margin-top: 60px;\n            }\n            #card-close {\n                margin-right: 5px;\n            }\n\n            @media (max-width: 767px) {\n                \/* Styles for mobile devices *\/\n                .donate-card {\n                    display: block;\n                    \/* Show the card on mobile devices *\/\n                }\n\n                #nav-mobile {\n                    \/* Hide the mobile menu by default *\/\n                    display: none;\n                }\n\n                #nav-mobile.show {\n                    display: flex;\n                    \/* Show the mobile menu when \"show\" class is added *\/\n                }\n            }\n\n            .donate-card-body {\n                display: flex;\n                justify-content: space-between;\n            }\n\n            .donate-card-text {\n                font-size: 16px;\n                margin: 0;\n                padding: 2em !important;\n                font-family: Roboto;\n                color: #000;\n            }\n\n            .donate-btn-group {\n                display: flex;\n                align-items: center;\n            }\n\n            .donate-btn {\n                margin-right: 10px;\n            }\n\n            .donate-close-button {\n                background-color: transparent;\n                border: none;\n                cursor: pointer;\n                font-size: 10px;\n               \/\/ margin-right: 15px;\n                padding-right: 0;\n              \/\/  margin-left: 10px;\n                padding-bottom: 85px;\n                color: #000;\n            }\n\n            #gpbr-mobile-donate-button-mvp {\n                min-width: 137px;\n            }\n            @media (max-width: 991px) {\n                .with-mobile-tabs~:not(.page-header)+.page-content {\n                    padding-top: 0px !important;\n                }\n\n                 .page-content.no-page-title {\n                    padding-top: 0px !important;\n                }\n            }\n            @media screen and (min-device-width: 360px) and (max-device-width: 740px) {\n                 .donate-card-text {\n                    padding: 1.1em;\n                 }\n \n                    \n       } \n        \n\n\n\n        <\/style>\n        <script>\n            document.addEventListener(\"DOMContentLoaded\", function () {\n                var closeButton = document.querySelector(\".donate-close-button\");\n                var donateCard = document.querySelector(\".donate-card\");\n                var navMobile = document.querySelector(\"#nav-mobile\");\n\n                closeButton.addEventListener(\"click\", function () {\n                    donateCard.style.display = \"none\"; \/\/ Hide the entire donate card\n                    navMobile.classList.add(\"show\"); \/\/ Show the mobile menu\n\n                    \/\/ Store the state in local storage\n                    localStorage.setItem(\"donateCardVisible\", \"false\");\n                });\n\n                \/\/ Retrieve the state from local storage\n                var donateCardVisible = localStorage.getItem(\"donateCardVisible\");\n                if (donateCardVisible === \"true\") {\n                    donateCard.style.display = \"block\"; \/\/ Show the donate card\n                }\n            });\n        <\/script>\n        <div class=\"donate-card alignfull\">\n            <div class=\"donate-card-body gpbr-remove-external-link\">\n                <div>\n                    <p class=\"donate-card-text\">O meio ambiente precisa de <b>voc\u00ea<\/b>.<\/p>\n                <\/div>\n                <div class=\"donate-btn-group\">\n                    <a href=\"https:\/\/doe.greenpeace.com.br\/a?cc=701Pm000018T4RYIA0&#038;entrypoint=botao_mobile_card\" target=\"_blank\" id=\"gpbr-mobile-donate-button-mvp\" data-ga-category=\"Donation Card\" data-ga-action=\"Donate\" data-ga-label=\"donate_mobile\" aria=\"bot\u00e3o para fazer doa\u00e7\u00e3o ao Greenpeace\" class=\"btn-donate btn\" rel=\"follow\">Doe agora<\/a>\n                    <a id=\"card-close\" class=\"donate-close-button\" data-ga-category=\"Donation Card\" data-ga-action=\"Close menu\" data-ga-label=\"donate_mobile\" aria-label=\"Fechar mensagem de doa\u00e7\u00e3o\">\u2715<\/a>\n                <\/div>\n            <\/div>\n        <\/div>\n\n<div class=\"wp-block-media-text alignfull has-media-on-the-right is-stacked-on-mobile gpbr-has-grey-background gpbr-mobile-centered-text-and-title force-no-lightbox\"><div class=\"wp-block-media-text__content\">\n<div class=\"wp-block-columns is-layout-flex wp-container-core-columns-is-layout-9d6595d7 wp-block-columns-is-layout-flex\">\n<div class=\"wp-block-column mobile-hidden is-layout-flow wp-block-column-is-layout-flow\" style=\"flex-basis:80px\"><\/div>\n\n\n\n<div class=\"wp-block-column is-layout-flow wp-block-column-is-layout-flow\" style=\"flex-basis:80%\">\n<div style=\"height:35px\" aria-hidden=\"true\" class=\"wp-block-spacer\"><\/div>\n\n\n\n<h1 class=\"wp-block-heading has-text-align-right\">Doe para o Greenpeace<\/h1>\n\n\n\n<p class=\"has-text-align-right\" style=\"font-size:19px\">Somos uma organiza\u00e7\u00e3o sem fins lucrativos independente e apartid\u00e1ria que defende o meio ambiente. Dependemos exclusivamente de doa\u00e7\u00f5es de pessoas f\u00edsicas para financiar as nossas atividades. Pessoas que acreditam que com otimismo e determina\u00e7\u00e3o o meio ambiente pode e deve ser preservado. Ajude a fortalecer o nosso trabalho!<\/p>\n\n\n\n<div style=\"height:18px\" aria-hidden=\"true\" class=\"wp-block-spacer\"><\/div>\n\n\n\n<div class=\"wp-block-buttons is-content-justification-right is-layout-flex wp-container-core-buttons-is-layout-e6df00e8 wp-block-buttons-is-layout-flex\">\n<div class=\"wp-block-button alignright is-style-cta\"><a class=\"wp-block-button__link wp-element-button\" href=\"https:\/\/doe.greenpeace.com.br\/?cc=701Pm000018T4RYIA0&amp;entrypoint=botao_doe\" target=\"_blank\" rel=\"noreferrer noopener\">Doe agora<\/a><\/div>\n<\/div>\n<\/div>\n<\/div>\n<\/div><figure class=\"wp-block-media-text__media\"><img loading=\"lazy\" decoding=\"async\" width=\"1024\" height=\"683\" src=\"https:\/\/www.greenpeace.org\/static\/planet4-brasil-stateless\/2025\/06\/90625454-gp0su0xio_pressmedia_cprt_reduced-1024x683.jpg\" alt=\"\" sizes=\"auto, (min-width: 601px) 50vw, 100vw\" srcset=\"https:\/\/www.greenpeace.org\/static\/planet4-brasil-stateless\/2025\/06\/90625454-gp0su0xio_pressmedia_cprt_reduced.jpg 1400w, https:\/\/www.greenpeace.org\/static\/planet4-brasil-stateless\/2025\/06\/90625454-gp0su0xio_pressmedia_cprt_reduced-300x200.jpg 300w, https:\/\/www.greenpeace.org\/static\/planet4-brasil-stateless\/2025\/06\/90625454-gp0su0xio_pressmedia_cprt_reduced-1024x683.jpg 1024w, https:\/\/www.greenpeace.org\/static\/planet4-brasil-stateless\/2025\/06\/90625454-gp0su0xio_pressmedia_cprt_reduced-768x512.jpg 768w, https:\/\/www.greenpeace.org\/static\/planet4-brasil-stateless\/2025\/06\/90625454-gp0su0xio_pressmedia_cprt_reduced-510x340.jpg 510w\" class=\"wp-image-57568 size-full\"\/><\/figure><\/div>\n\n<div style=\"height:42px\" aria-hidden=\"true\" class=\"wp-block-spacer\"><\/div>\n\n<h2 class=\"wp-block-heading\">Saiba como apoiar<\/h2>\n\n<p>Voc\u00ea pode fazer a diferen\u00e7a e ajudar a proteger o meio ambiente no Brasil. Ao doar para o Greenpeace, voc\u00ea fortalece o nosso trabalho e permite que nossos ativistas exponham e documentem amea\u00e7as ambientais, protejam a Amaz\u00f4nia e lutem para combater as mudan\u00e7as clim\u00e1ticas. Aceitamos v\u00e1rios tipos de doa\u00e7\u00f5es. Saiba mais a seguir.<\/p>\n\n<div class=\"wp-block-columns is-layout-flex wp-container-core-columns-is-layout-9d6595d7 wp-block-columns-is-layout-flex\">\n<div class=\"wp-block-column is-layout-flow wp-block-column-is-layout-flow\" style=\"flex-basis:100%\">\n<div class=\"wp-block-columns gpbr-remove-external-link is-layout-flex wp-container-core-columns-is-layout-9d6595d7 wp-block-columns-is-layout-flex\">\n<div class=\"wp-block-column is-layout-flow wp-block-column-is-layout-flow\">\n<figure class=\"wp-block-image size-full\"><a href=\"https:\/\/doe.greenpeace.org.br\/greenpeace\/p?appeal=18288&amp;entrypoint=botao_doacoes_mensais&amp;donationType=Monthly\" target=\"_blank\" rel=\"noopener\"><img loading=\"lazy\" decoding=\"async\" width=\"522\" height=\"370\" src=\"https:\/\/www.greenpeace.org\/static\/planet4-brasil-stateless\/2022\/05\/9ca18c1f-join-other-activists.webp\" alt=\"\" class=\"wp-image-39497\"\/><\/a><\/figure>\n\n\n\n<h2 class=\"wp-block-heading has-text-align-center is-style-chevron\" style=\"font-size:16px\"><a href=\"https:\/\/doe.greenpeace.com.br\/?cc=701Pm000018T4RYIA0&amp;entrypoint=botao_doe\"><strong>Doa\u00e7\u00f5es mensais <\/strong><\/a><\/h2>\n<\/div>\n\n\n\n<div class=\"wp-block-column is-layout-flow wp-block-column-is-layout-flow\">\n<figure class=\"wp-block-image size-full\"><a href=\"https:\/\/doe.greenpeace.org.br\/greenpeace\/p?appeal=18288&amp;entrypoint=botao_doacoes_unicas&amp;donationType=Single\" target=\"_blank\" rel=\"noopener\"><img loading=\"lazy\" decoding=\"async\" width=\"522\" height=\"370\" src=\"https:\/\/www.greenpeace.org\/static\/planet4-brasil-stateless\/2022\/05\/982b0d42-encontre-grupos-de-seu-interesse.webp\" alt=\"\" class=\"wp-image-39499\"\/><\/a><\/figure>\n\n\n\n<h2 class=\"wp-block-heading has-text-align-center is-style-chevron\" style=\"font-size:16px\"><a href=\"https:\/\/doe.greenpeace.com.br\/?cc=701Pm000018T4RYIA0&amp;entrypoint=botao_doe\"><strong>Doa\u00e7\u00f5es \u00fanicas <\/strong><\/a><\/h2>\n<\/div>\n\n\n\n<div class=\"wp-block-column is-layout-flow wp-block-column-is-layout-flow\">\n<figure class=\"wp-block-image size-full\"><a href=\"mailto:victor.debone@greenpeace.org\" target=\"_blank\" rel=\"noopener\"><img loading=\"lazy\" decoding=\"async\" width=\"522\" height=\"370\" src=\"https:\/\/www.greenpeace.org\/static\/planet4-brasil-stateless\/2022\/05\/4ec2dfba-apoie-uma-campanha-local.webp\" alt=\"\" class=\"wp-image-39495\"\/><\/a><\/figure>\n\n\n\n<h2 class=\"wp-block-heading has-text-align-center is-style-chevron\" style=\"font-size:16px\"><a href=\"mailto:victor.debone@greenpeace.org\"><strong>Grandes doa\u00e7\u00f5es <\/strong><\/a><\/h2>\n<\/div>\n<\/div>\n<\/div>\n<\/div>\n\n<div class=\"wp-block-group hidden is-layout-constrained wp-block-group-is-layout-constrained\">\n<h2 class=\"wp-block-heading\">Apoie nossas campanhas<\/h2>\n\n\n\n<p>O Greenpeace atua em defesa do meio ambiente de diversas formas. Saiba mais como voc\u00ea pode nos ajudar.<\/p>\n\n\n\n<div class=\"wp-block-columns is-layout-flex wp-container-core-columns-is-layout-9d6595d7 wp-block-columns-is-layout-flex\">\n<div class=\"wp-block-column is-layout-flow wp-block-column-is-layout-flow\">\n<div class=\"wp-block-columns gpbr-how-to-help-shadow-block gpbr-link-black-color force-no-lightbox gpbr-remove-external-link is-layout-flex wp-container-core-columns-is-layout-9d6595d7 wp-block-columns-is-layout-flex\">\n<div class=\"wp-block-column gpbr-has-shadow-background is-layout-flow wp-block-column-is-layout-flow\">\n<figure class=\"wp-block-image size-full\"><a href=\"https:\/\/doe.greenpeace.org.br\/greenpeace\/p\" target=\"_blank\" rel=\"noopener\"><img loading=\"lazy\" decoding=\"async\" width=\"800\" height=\"533\" src=\"https:\/\/www.greenpeace.org\/static\/planet4-brasil-stateless\/2022\/05\/29e087c1-gp1sx0sx_web_size_p4.webp\" alt=\"\" class=\"wp-image-39498\"\/><\/a><\/figure>\n\n\n\n<h3 class=\"wp-block-heading\"><a href=\"https:\/\/doe.greenpeace.org.br\/greenpeace\/p\" data-type=\"URL\" data-id=\"https:\/\/doe.greenpeace.org.br\/greenpeace\/p\" target=\"_blank\" rel=\"noreferrer noopener\">Junte-se a n\u00f3s<\/a><\/h3>\n\n\n\n<p style=\"font-size:16px\"><a rel=\"noreferrer noopener\" href=\"https:\/\/doe.greenpeace.org.br\/greenpeace\/p\" data-type=\"URL\" data-id=\"https:\/\/doe.greenpeace.org.br\/greenpeace\/p\" target=\"_blank\">Dependemos de voc\u00ea para manter nossa independ\u00eancia na luta pelo meio ambiente. Fa\u00e7a parte deste movimento!<\/a><\/p>\n\n\n\n<div style=\"height:19px\" aria-hidden=\"true\" class=\"wp-block-spacer\"><\/div>\n\n\n\n<div class=\"wp-block-buttons is-content-justification-center is-layout-flex wp-container-core-buttons-is-layout-16018d1d wp-block-buttons-is-layout-flex\">\n<div class=\"wp-block-button has-custom-width wp-block-button__width-50 is-style-cta\"><a class=\"wp-block-button__link has-small-font-size has-custom-font-size wp-element-button\" href=\"https:\/\/doe.greenpeace.org.br\/greenpeace\/p?appeal=18757&amp;entrypoint=p4_support\">Doe agora<\/a><\/div>\n<\/div>\n<\/div>\n\n\n\n<div class=\"wp-block-column gpbr-has-shadow-background is-layout-flow wp-block-column-is-layout-flow\">\n<figure class=\"wp-block-image size-full\"><a href=\"https:\/\/doe.greenpeace.org.br\/salve-a-amazonia\/p\/?appeal=18757&amp;entrypoint=p4_support\" target=\"_blank\" rel=\"noopener\"><img loading=\"lazy\" decoding=\"async\" width=\"800\" height=\"536\" src=\"https:\/\/www.greenpeace.org\/static\/planet4-brasil-stateless-develop\/2022\/04\/110e435a-gp032gh_web_size_p4.jpg\" alt=\"\" class=\"wp-image-37358\" srcset=\"https:\/\/www.greenpeace.org\/static\/planet4-brasil-stateless\/2022\/04\/110e435a-gp032gh_web_size_p4.jpg 800w, https:\/\/www.greenpeace.org\/static\/planet4-brasil-stateless\/2022\/04\/110e435a-gp032gh_web_size_p4-300x201.jpg 300w, https:\/\/www.greenpeace.org\/static\/planet4-brasil-stateless\/2022\/04\/110e435a-gp032gh_web_size_p4-768x515.jpg 768w, https:\/\/www.greenpeace.org\/static\/planet4-brasil-stateless\/2022\/04\/110e435a-gp032gh_web_size_p4-507x340.jpg 507w\" sizes=\"auto, (max-width: 800px) 100vw, 800px\" \/><\/a><\/figure>\n\n\n\n<h3 class=\"wp-block-heading\"><a href=\"https:\/\/doe.greenpeace.org.br\/salve-a-amazonia\/p\" data-type=\"URL\" data-id=\"https:\/\/doe.greenpeace.org.br\/salve-a-amazonia\/p\" target=\"_blank\" rel=\"noreferrer noopener\">Ajude o Greenpeace Brasil a proteger a maior floresta tropical do mundo.<\/a><\/h3>\n\n\n\n<p style=\"font-size:16px\"><a href=\"https:\/\/doe.greenpeace.org.br\/?appeal=18757&amp;entrypoint=p4_support\" data-type=\"URL\">Ajude o Greenpeace Brasil a proteger a maior floresta tropical do mundo.<\/a><\/p>\n\n\n\n<div class=\"wp-block-buttons is-content-justification-center is-layout-flex wp-container-core-buttons-is-layout-16018d1d wp-block-buttons-is-layout-flex\">\n<div class=\"wp-block-button has-custom-width wp-block-button__width-50 is-style-cta\"><a class=\"wp-block-button__link has-small-font-size has-custom-font-size wp-element-button\" href=\"https:\/\/doe.greenpeace.org.br\/salve-a-amazonia\/p\/?appeal=18757&amp;entrypoint=p4_support\" target=\"_blank\" rel=\"noreferrer noopener\">Doe agora<\/a><\/div>\n<\/div>\n<\/div>\n\n\n\n<div class=\"wp-block-column gpbr-has-shadow-background is-layout-flow wp-block-column-is-layout-flow\">\n<figure class=\"wp-block-image size-full\"><a href=\"https:\/\/doe.greenpeace.org.br\/emergencia-climatica\/p\/?appeal=18757&amp;entrypoint=p4_support\" target=\"_blank\" rel=\"noopener\"><img loading=\"lazy\" decoding=\"async\" width=\"800\" height=\"533\" src=\"https:\/\/www.greenpeace.org\/static\/planet4-brasil-stateless\/2022\/05\/3d9939ca-gp1suhwt_web_size.jpeg\" alt=\"\" class=\"wp-image-39485\" srcset=\"https:\/\/www.greenpeace.org\/static\/planet4-brasil-stateless\/2022\/05\/3d9939ca-gp1suhwt_web_size.jpeg 800w, https:\/\/www.greenpeace.org\/static\/planet4-brasil-stateless\/2022\/05\/3d9939ca-gp1suhwt_web_size-300x200.jpeg 300w, https:\/\/www.greenpeace.org\/static\/planet4-brasil-stateless\/2022\/05\/3d9939ca-gp1suhwt_web_size-768x512.jpeg 768w, https:\/\/www.greenpeace.org\/static\/planet4-brasil-stateless\/2022\/05\/3d9939ca-gp1suhwt_web_size-510x340.jpeg 510w\" sizes=\"auto, (max-width: 800px) 100vw, 800px\" \/><\/a><\/figure>\n\n\n\n<h3 class=\"wp-block-heading\"><a href=\"https:\/\/doe.greenpeace.org.br\/emergencia-climatica\/p\" data-type=\"URL\" data-id=\"https:\/\/doe.greenpeace.org.br\/emergencia-climatica\/p\" target=\"_blank\" rel=\"noreferrer noopener\">Emerg\u00eancia clim\u00e1tica<\/a><\/h3>\n\n\n\n<p style=\"font-size:16px\"><a href=\"https:\/\/doe.greenpeace.org.br\/emergencia-climatica\/p\/?appeal=18757&amp;entrypoint=p4_support\" data-type=\"URL\" data-id=\"https:\/\/doe.greenpeace.org.br\/emergencia-climatica\/p\/?appeal=18757&amp;entrypoint=p4_support\" target=\"_blank\" rel=\"noreferrer noopener\">A sua doa\u00e7\u00e3o pode ajudar os popula\u00e7\u00f5es em situa\u00e7\u00e3o de vulnerabilidade impactadas pelos eventos clim\u00e1ticos extremos<\/a><\/p>\n\n\n\n<div class=\"wp-block-buttons is-content-justification-center is-layout-flex wp-container-core-buttons-is-layout-16018d1d wp-block-buttons-is-layout-flex\">\n<div class=\"wp-block-button has-custom-width wp-block-button__width-50 is-style-cta\"><a class=\"wp-block-button__link has-small-font-size has-custom-font-size wp-element-button\" href=\"https:\/\/doe.greenpeace.org.br\/emergencia-climatica\/p\/?appeal=18757&amp;entrypoint=p4_support\">Doe agora<\/a><\/div>\n<\/div>\n<\/div>\n<\/div>\n<\/div>\n<\/div>\n<\/div>\n\n<div style=\"height:46px\" aria-hidden=\"true\" class=\"wp-block-spacer\"><\/div>\n\n<div style=\"height:0px\" aria-hidden=\"true\" class=\"wp-block-spacer\"><\/div>\n\n<div class=\"wp-block-columns is-layout-flex wp-container-core-columns-is-layout-9d6595d7 wp-block-columns-is-layout-flex\">\n<div class=\"wp-block-column is-layout-flow wp-block-column-is-layout-flow\">\n<h2 class=\"wp-block-heading has-text-align-center\">Explore os t\u00f3picos<\/h2>\n<\/div>\n<\/div>\n\n<div class=\"wp-block-columns gpbr-link-black-color gpbr-topics-navigation-title is-layout-flex wp-container-core-columns-is-layout-9d6595d7 wp-block-columns-is-layout-flex\">\n<div class=\"wp-block-column gpbr-link-black-color is-layout-flow wp-block-column-is-layout-flow\"><\/div>\n\n\n\n<div class=\"wp-block-column is-layout-flow wp-block-column-is-layout-flow\">\n<figure class=\"wp-block-image aligncenter size-full is-resized\"><a href=\"\/brasil\/fale-conosco\/\"><img loading=\"lazy\" decoding=\"async\" width=\"533\" height=\"533\" src=\"https:\/\/www.greenpeace.org\/static\/planet4-brasil-stateless\/2022\/05\/eb0951c4-gp0sts0n3_web_size-modified.png\" alt=\"\" class=\"wp-image-39305\" style=\"width:150px\" srcset=\"https:\/\/www.greenpeace.org\/static\/planet4-brasil-stateless\/2022\/05\/eb0951c4-gp0sts0n3_web_size-modified.png 533w, https:\/\/www.greenpeace.org\/static\/planet4-brasil-stateless\/2022\/05\/eb0951c4-gp0sts0n3_web_size-modified-300x300.png 300w, https:\/\/www.greenpeace.org\/static\/planet4-brasil-stateless\/2022\/05\/eb0951c4-gp0sts0n3_web_size-modified-150x150.png 150w, https:\/\/www.greenpeace.org\/static\/planet4-brasil-stateless\/2022\/05\/eb0951c4-gp0sts0n3_web_size-modified-340x340.png 340w\" sizes=\"auto, (max-width: 533px) 100vw, 533px\" \/><\/a><\/figure>\n\n\n\n<h4 class=\"wp-block-heading has-text-align-center is-style-chevron\"><a href=\"\/brasil\/fale-conosco\/\">Fale conosc<\/a>o<a href=\"\/brasil\/fale-conosco\/\"><\/a><\/h4>\n<\/div>\n\n\n\n<div class=\"wp-block-column is-layout-flow wp-block-column-is-layout-flow\">\n<figure class=\"wp-block-image aligncenter size-full is-resized\"><a href=\"\/brasil\/como-nos-mantemos\/\"><img loading=\"lazy\" decoding=\"async\" width=\"533\" height=\"533\" src=\"https:\/\/www.greenpeace.org\/static\/planet4-brasil-stateless\/2022\/05\/28862306-gp1sx0qa_web_size-modified.webp\" alt=\"\" class=\"wp-image-39306\" style=\"width:150px;height:150px\"\/><\/a><\/figure>\n\n\n\n<h4 class=\"wp-block-heading has-text-align-center is-style-chevron\"><a href=\"\/brasil\/como-nos-mantemos\/\">Como nos mantemos<\/a><\/h4>\n<\/div>\n\n\n\n<div class=\"wp-block-column is-layout-flow wp-block-column-is-layout-flow\">\n<figure class=\"wp-block-image aligncenter size-large is-resized\"><a href=\"\/brasil\/politica-de-doacao-de-pessoa-fisica\/\"><img loading=\"lazy\" decoding=\"async\" width=\"1024\" height=\"1024\" src=\"https:\/\/www.greenpeace.org\/static\/planet4-brasil-stateless\/2022\/05\/490cb32e-greenpeace-asas-da-emerge\u0302ncia_acre.-pre\u0301via-2-modified-1024x1024.png\" alt=\"\" class=\"wp-image-39307\" style=\"width:150px;height:150px\" srcset=\"https:\/\/www.greenpeace.org\/static\/planet4-brasil-stateless\/2022\/05\/490cb32e-greenpeace-asas-da-emerge\u0302ncia_acre.-pre\u0301via-2-modified-1024x1024.png 1024w, https:\/\/www.greenpeace.org\/static\/planet4-brasil-stateless\/2022\/05\/490cb32e-greenpeace-asas-da-emerge\u0302ncia_acre.-pre\u0301via-2-modified-300x300.png 300w, https:\/\/www.greenpeace.org\/static\/planet4-brasil-stateless\/2022\/05\/490cb32e-greenpeace-asas-da-emerge\u0302ncia_acre.-pre\u0301via-2-modified-150x150.png 150w, https:\/\/www.greenpeace.org\/static\/planet4-brasil-stateless\/2022\/05\/490cb32e-greenpeace-asas-da-emerge\u0302ncia_acre.-pre\u0301via-2-modified-768x768.png 768w, https:\/\/www.greenpeace.org\/static\/planet4-brasil-stateless\/2022\/05\/490cb32e-greenpeace-asas-da-emerge\u0302ncia_acre.-pre\u0301via-2-modified-340x340.png 340w, https:\/\/www.greenpeace.org\/static\/planet4-brasil-stateless\/2022\/05\/490cb32e-greenpeace-asas-da-emerge\u0302ncia_acre.-pre\u0301via-2-modified.png 1152w\" sizes=\"auto, (max-width: 1024px) 100vw, 1024px\" \/><\/a><\/figure>\n\n\n\n<h4 class=\"wp-block-heading has-text-align-center is-style-chevron\"><a href=\"\/brasil\/politica-de-doacao-de-pessoa-fisica\/\">Pol\u00edtica de Doa\u00e7\u00e3o<\/a><\/h4>\n<\/div>\n\n\n\n<div class=\"wp-block-column gpbr-link-black-color is-layout-flow wp-block-column-is-layout-flow\"><\/div>\n<\/div>\n\n<div style=\"height:0px\" aria-hidden=\"true\" class=\"wp-block-spacer\"><\/div>\n\n<div style=\"height:10px\" aria-hidden=\"true\" class=\"wp-block-spacer\"><\/div>\n\n<div style=\"height:46px\" aria-hidden=\"true\" class=\"wp-block-spacer\"><\/div>\n\n<h3 class=\"wp-block-heading has-medium-font-size\">Saiba mais sobre outros assuntos<\/h3>\n\n<div class=\"wp-block-columns is-layout-flex wp-container-core-columns-is-layout-9d6595d7 wp-block-columns-is-layout-flex\">\n<div class=\"wp-block-column group-stretched-link is-layout-flow wp-block-column-is-layout-flow\">\n<figure class=\"wp-block-image aligncenter size-large is-resized force-no-lightbox force-no-caption is-style-rounded-90\"><a href=\"\/brasil\/informe-se\/amazonia\/\"><img loading=\"lazy\" decoding=\"async\" width=\"1024\" height=\"768\" src=\"https:\/\/www.greenpeace.org\/static\/planet4-brasil-stateless\/2026\/03\/f08a09e2-gp0su5luh_medium-res-1200px-1-1024x768.jpg\" alt=\"\" class=\"wp-image-63084\" style=\"width:90px;height:90px\" srcset=\"https:\/\/www.greenpeace.org\/static\/planet4-brasil-stateless\/2026\/03\/f08a09e2-gp0su5luh_medium-res-1200px-1-1024x768.jpg 1024w, https:\/\/www.greenpeace.org\/static\/planet4-brasil-stateless\/2026\/03\/f08a09e2-gp0su5luh_medium-res-1200px-1-300x225.jpg 300w, https:\/\/www.greenpeace.org\/static\/planet4-brasil-stateless\/2026\/03\/f08a09e2-gp0su5luh_medium-res-1200px-1-768x576.jpg 768w, https:\/\/www.greenpeace.org\/static\/planet4-brasil-stateless\/2026\/03\/f08a09e2-gp0su5luh_medium-res-1200px-1-453x340.jpg 453w, https:\/\/www.greenpeace.org\/static\/planet4-brasil-stateless\/2026\/03\/f08a09e2-gp0su5luh_medium-res-1200px-1.jpg 1200w\" sizes=\"auto, (max-width: 1024px) 100vw, 1024px\" \/><\/a><\/figure>\n\n\n\n<h5 class=\"wp-block-heading has-text-align-center is-style-chevron\" style=\"font-size:1rem\"><a href=\"\/brasil\/informe-se\/amazonia\/\">Amaz\u00f4nia<\/a><\/h5>\n<\/div>\n\n\n\n<div class=\"wp-block-column group-stretched-link is-layout-flow wp-block-column-is-layout-flow\">\n<figure class=\"wp-block-image aligncenter size-large is-resized force-no-lightbox force-no-caption is-style-rounded-90\"><a href=\"\/brasil\/informe-se\/justica-climatica\/\" target=\"_blank\" rel=\" noreferrer noopener\"><img loading=\"lazy\" decoding=\"async\" width=\"1024\" height=\"683\" src=\"https:\/\/www.greenpeace.org\/static\/planet4-brasil-stateless\/2026\/03\/0cd4d777-gp0stvjvw_medium-res-1200px-1-1024x683.jpg\" alt=\"\" class=\"wp-image-63086\" style=\"width:90px;height:90px\" srcset=\"https:\/\/www.greenpeace.org\/static\/planet4-brasil-stateless\/2026\/03\/0cd4d777-gp0stvjvw_medium-res-1200px-1-1024x683.jpg 1024w, https:\/\/www.greenpeace.org\/static\/planet4-brasil-stateless\/2026\/03\/0cd4d777-gp0stvjvw_medium-res-1200px-1-300x200.jpg 300w, https:\/\/www.greenpeace.org\/static\/planet4-brasil-stateless\/2026\/03\/0cd4d777-gp0stvjvw_medium-res-1200px-1-768x512.jpg 768w, https:\/\/www.greenpeace.org\/static\/planet4-brasil-stateless\/2026\/03\/0cd4d777-gp0stvjvw_medium-res-1200px-1-510x340.jpg 510w, https:\/\/www.greenpeace.org\/static\/planet4-brasil-stateless\/2026\/03\/0cd4d777-gp0stvjvw_medium-res-1200px-1.jpg 1200w\" sizes=\"auto, (max-width: 1024px) 100vw, 1024px\" \/><\/a><\/figure>\n\n\n\n<h5 class=\"wp-block-heading has-text-align-center is-style-chevron\" style=\"font-size:1rem\"><a href=\"\/brasil\/informe-se\/justica-climatica\/\" data-type=\"URL\" data-id=\"\/brasil\/informe-se\/justica-climatica\">Justi\u00e7a clim\u00e1tica<\/a><\/h5>\n<\/div>\n\n\n\n<div class=\"wp-block-column group-stretched-link is-layout-flow wp-block-column-is-layout-flow\">\n<figure class=\"wp-block-image aligncenter size-large is-resized force-no-lightbox force-no-caption is-style-rounded-90\"><a href=\"\/brasil\/informe-se\/amazonia\/povos-e-territorios\/\"><img loading=\"lazy\" decoding=\"async\" width=\"1024\" height=\"683\" src=\"https:\/\/www.greenpeace.org\/static\/planet4-brasil-stateless\/2026\/03\/02181ed6-gp0su7g2r_medium-res-1200px-1-1024x683.jpg\" alt=\"\" class=\"wp-image-63087\" style=\"width:90px;height:90px\" srcset=\"https:\/\/www.greenpeace.org\/static\/planet4-brasil-stateless\/2026\/03\/02181ed6-gp0su7g2r_medium-res-1200px-1-1024x683.jpg 1024w, https:\/\/www.greenpeace.org\/static\/planet4-brasil-stateless\/2026\/03\/02181ed6-gp0su7g2r_medium-res-1200px-1-300x200.jpg 300w, https:\/\/www.greenpeace.org\/static\/planet4-brasil-stateless\/2026\/03\/02181ed6-gp0su7g2r_medium-res-1200px-1-768x512.jpg 768w, https:\/\/www.greenpeace.org\/static\/planet4-brasil-stateless\/2026\/03\/02181ed6-gp0su7g2r_medium-res-1200px-1-510x340.jpg 510w, https:\/\/www.greenpeace.org\/static\/planet4-brasil-stateless\/2026\/03\/02181ed6-gp0su7g2r_medium-res-1200px-1.jpg 1200w\" sizes=\"auto, (max-width: 1024px) 100vw, 1024px\" \/><\/a><\/figure>\n\n\n\n<h5 class=\"wp-block-heading has-text-align-center is-style-chevron\" style=\"font-size:0.94rem\"><a href=\"\/brasil\/informe-se\/amazonia\/povos-e-territorios\/\" data-type=\"URL\" data-id=\"\/brasil\/informe-se\/amazonia\/povos-e-territorios\/\">Povos e territ\u00f3rios<\/a><\/h5>\n<\/div>\n\n\n\n<div class=\"wp-block-column group-stretched-link is-layout-flow wp-block-column-is-layout-flow\">\n<figure class=\"wp-block-image aligncenter size-large is-resized force-no-lightbox force-no-caption is-style-rounded-90\"><a href=\"\/brasil\/informe-se\/amazonia\/agroecologia\/\"><img decoding=\"async\" src=\"https:\/\/www.greenpeace.org\/static\/planet4-brasil-stateless\/2022\/05\/1ddae61e-agroecologia.webp\" alt=\"\" style=\"width:90px;height:90px\"\/><\/a><\/figure>\n\n\n\n<h5 class=\"wp-block-heading has-text-align-center is-style-chevron\" style=\"font-size:1rem\"><a href=\"\/brasil\/informe-se\/amazonia\/agroecologia\/\" data-type=\"URL\" data-id=\"\/brasil\/informe-se\/amazonia\/agroecologia\/\">Agroecologia<\/a><\/h5>\n<\/div>\n\n\n\n<div class=\"wp-block-column group-stretched-link is-layout-flow wp-block-column-is-layout-flow\">\n<figure class=\"wp-block-image aligncenter size-large is-resized force-no-lightbox force-no-caption is-style-rounded-90\"><a href=\"\/brasil\/informe-se\/amazonia\/biodiversidade\/\"><img loading=\"lazy\" decoding=\"async\" width=\"1024\" height=\"683\" src=\"https:\/\/www.greenpeace.org\/static\/planet4-brasil-stateless\/2026\/03\/95d1b802-gp1suehr_medium-res-1200px-1-1024x683.jpg\" alt=\"\" class=\"wp-image-63088\" style=\"width:90px;height:90px\" srcset=\"https:\/\/www.greenpeace.org\/static\/planet4-brasil-stateless\/2026\/03\/95d1b802-gp1suehr_medium-res-1200px-1-1024x683.jpg 1024w, https:\/\/www.greenpeace.org\/static\/planet4-brasil-stateless\/2026\/03\/95d1b802-gp1suehr_medium-res-1200px-1-300x200.jpg 300w, https:\/\/www.greenpeace.org\/static\/planet4-brasil-stateless\/2026\/03\/95d1b802-gp1suehr_medium-res-1200px-1-768x512.jpg 768w, https:\/\/www.greenpeace.org\/static\/planet4-brasil-stateless\/2026\/03\/95d1b802-gp1suehr_medium-res-1200px-1-510x340.jpg 510w, https:\/\/www.greenpeace.org\/static\/planet4-brasil-stateless\/2026\/03\/95d1b802-gp1suehr_medium-res-1200px-1.jpg 1200w\" sizes=\"auto, (max-width: 1024px) 100vw, 1024px\" \/><\/a><\/figure>\n\n\n\n<h5 class=\"wp-block-heading has-text-align-center is-style-chevron\" style=\"font-size:1rem\"><a href=\"\/brasil\/informe-se\/amazonia\/biodiversidade\/\" data-type=\"URL\" data-id=\"\/brasil\/informe-se\/amazonia\/biodiversidade\">Biodiversidade<\/a><\/h5>\n<\/div>\n\n\n\n<div class=\"wp-block-column group-stretched-link is-layout-flow wp-block-column-is-layout-flow\">\n<figure class=\"wp-block-image aligncenter size-full is-resized force-no-lightbox force-no-caption is-style-rounded-90\"><a href=\"\/brasil\/informe-se\/oceanos\/\"><img loading=\"lazy\" decoding=\"async\" width=\"1200\" height=\"800\" src=\"https:\/\/www.greenpeace.org\/static\/planet4-brasil-stateless\/2026\/03\/71664dbd-gp0stsspc_medium-res-1200px-1.jpg\" alt=\"\" class=\"wp-image-63089\" style=\"aspect-ratio:1;width:90px;height:auto\" srcset=\"https:\/\/www.greenpeace.org\/static\/planet4-brasil-stateless\/2026\/03\/71664dbd-gp0stsspc_medium-res-1200px-1.jpg 1200w, https:\/\/www.greenpeace.org\/static\/planet4-brasil-stateless\/2026\/03\/71664dbd-gp0stsspc_medium-res-1200px-1-300x200.jpg 300w, https:\/\/www.greenpeace.org\/static\/planet4-brasil-stateless\/2026\/03\/71664dbd-gp0stsspc_medium-res-1200px-1-1024x683.jpg 1024w, https:\/\/www.greenpeace.org\/static\/planet4-brasil-stateless\/2026\/03\/71664dbd-gp0stsspc_medium-res-1200px-1-768x512.jpg 768w, https:\/\/www.greenpeace.org\/static\/planet4-brasil-stateless\/2026\/03\/71664dbd-gp0stsspc_medium-res-1200px-1-510x340.jpg 510w\" sizes=\"auto, (max-width: 1200px) 100vw, 1200px\" \/><\/a><\/figure>\n\n\n\n<h5 class=\"wp-block-heading has-text-align-center is-style-chevron\" style=\"font-size:1rem\"> <a href=\"\/brasil\/informe-se\/oceanos\/\" data-type=\"URL\">Oceanos<\/a><\/h5>\n<\/div>\n\n\n\n<div class=\"wp-block-column group-stretched-link is-layout-flow wp-block-column-is-layout-flow\">\n<figure class=\"wp-block-image aligncenter size-large is-resized force-no-lightbox force-no-caption is-style-rounded-90\"><a href=\"https:\/\/www.greenpeace.org\/brasil\/como-ajudar\/faca-parte-do-voluntariado\/\"><img loading=\"lazy\" decoding=\"async\" width=\"1024\" height=\"654\" src=\"https:\/\/www.greenpeace.org\/static\/planet4-brasil-stateless\/2026\/03\/9811a554-gp1t7qji_medium-res-1200px-1-1024x654.jpg\" alt=\"\" class=\"wp-image-63090\" style=\"width:90px;height:90px\" srcset=\"https:\/\/www.greenpeace.org\/static\/planet4-brasil-stateless\/2026\/03\/9811a554-gp1t7qji_medium-res-1200px-1-1024x654.jpg 1024w, https:\/\/www.greenpeace.org\/static\/planet4-brasil-stateless\/2026\/03\/9811a554-gp1t7qji_medium-res-1200px-1-300x192.jpg 300w, https:\/\/www.greenpeace.org\/static\/planet4-brasil-stateless\/2026\/03\/9811a554-gp1t7qji_medium-res-1200px-1-768x490.jpg 768w, https:\/\/www.greenpeace.org\/static\/planet4-brasil-stateless\/2026\/03\/9811a554-gp1t7qji_medium-res-1200px-1-510x326.jpg 510w, https:\/\/www.greenpeace.org\/static\/planet4-brasil-stateless\/2026\/03\/9811a554-gp1t7qji_medium-res-1200px-1.jpg 1200w\" sizes=\"auto, (max-width: 1024px) 100vw, 1024px\" \/><\/a><\/figure>\n\n\n\n<h5 class=\"wp-block-heading has-text-align-center is-style-chevron\" style=\"font-size:1rem\"><a href=\"https:\/\/www.greenpeace.org\/brasil\/como-ajudar\/faca-parte-do-voluntariado\/\" data-type=\"page\" data-id=\"37283\">Voluntariado<\/a><\/h5>\n<\/div>\n\n\n\n<div class=\"wp-block-column group-stretched-link is-layout-flow wp-block-column-is-layout-flow\">\n<figure class=\"wp-block-image aligncenter size-large is-resized force-no-lightbox force-no-caption is-style-rounded-90\"><a href=\"\/brasil\/quem-somos\/\"><img loading=\"lazy\" decoding=\"async\" width=\"1024\" height=\"683\" src=\"https:\/\/www.greenpeace.org\/static\/planet4-brasil-stateless\/2026\/03\/0a8596da-gp0su2lqj_medium-res-1200px-1-1024x683.jpg\" alt=\"\" class=\"wp-image-63091\" style=\"width:90px;height:90px\" srcset=\"https:\/\/www.greenpeace.org\/static\/planet4-brasil-stateless\/2026\/03\/0a8596da-gp0su2lqj_medium-res-1200px-1-1024x683.jpg 1024w, https:\/\/www.greenpeace.org\/static\/planet4-brasil-stateless\/2026\/03\/0a8596da-gp0su2lqj_medium-res-1200px-1-300x200.jpg 300w, https:\/\/www.greenpeace.org\/static\/planet4-brasil-stateless\/2026\/03\/0a8596da-gp0su2lqj_medium-res-1200px-1-768x512.jpg 768w, https:\/\/www.greenpeace.org\/static\/planet4-brasil-stateless\/2026\/03\/0a8596da-gp0su2lqj_medium-res-1200px-1-510x340.jpg 510w, https:\/\/www.greenpeace.org\/static\/planet4-brasil-stateless\/2026\/03\/0a8596da-gp0su2lqj_medium-res-1200px-1.jpg 1200w\" sizes=\"auto, (max-width: 1024px) 100vw, 1024px\" \/><\/a><\/figure>\n\n\n\n<h5 class=\"wp-block-heading has-text-align-center is-style-chevron\" style=\"font-size:1rem\"><a href=\"\/brasil\/quem-somos\/\">Quem somos<\/a><\/h5>\n<\/div>\n<\/div>\n\n<p><\/p>\n\n<style>\n.hidden { display: none; }\n<\/style>\n","protected":false},"excerpt":{"rendered":"<p>Somos uma organiza\u00e7\u00e3o sem fins lucrativos independente e apartid\u00e1ria que defende o meio ambiente. Dependemos exclusivamente de doa\u00e7\u00f5es de pessoas f\u00edsicas para financiar as nossas atividades. Pessoas que acreditam que com otimismo e determina\u00e7\u00e3o o meio ambiente pode e deve ser preservado. Ajude a fortalecer o nosso trabalho!<\/p>\n","protected":false},"author":102,"featured_media":57568,"parent":36943,"menu_order":0,"comment_status":"closed","ping_status":"closed","template":"","meta":{"ep_exclude_from_search":false,"p4_hide_page_title_checkbox":"on","p4_title":"","p4_subtitle":"","p4_description":"","background_image_id":"","background_image":"","p4_button_title":"","p4_button_link":"","p4_button_link_checkbox":"","p4_og_title":"","p4_og_description":"","p4_og_image":"","p4_og_image_id":"","p4_seo_canonical_url":"","p4_campaign_name":"not set","p4_local_project":"not set","p4_basket_name":"not set","p4_department":"","footnotes":""},"categories":[5],"tags":[],"class_list":["post-37133","page","type-page","status-publish","has-post-thumbnail","hentry","category-greenpeace"],"_links":{"self":[{"href":"https:\/\/www.greenpeace.org\/brasil\/wp-json\/wp\/v2\/pages\/37133","targetHints":{"allow":["GET"]}}],"collection":[{"href":"https:\/\/www.greenpeace.org\/brasil\/wp-json\/wp\/v2\/pages"}],"about":[{"href":"https:\/\/www.greenpeace.org\/brasil\/wp-json\/wp\/v2\/types\/page"}],"author":[{"embeddable":true,"href":"https:\/\/www.greenpeace.org\/brasil\/wp-json\/wp\/v2\/users\/102"}],"replies":[{"embeddable":true,"href":"https:\/\/www.greenpeace.org\/brasil\/wp-json\/wp\/v2\/comments?post=37133"}],"version-history":[{"count":20,"href":"https:\/\/www.greenpeace.org\/brasil\/wp-json\/wp\/v2\/pages\/37133\/revisions"}],"predecessor-version":[{"id":62362,"href":"https:\/\/www.greenpeace.org\/brasil\/wp-json\/wp\/v2\/pages\/37133\/revisions\/62362"}],"up":[{"embeddable":true,"href":"https:\/\/www.greenpeace.org\/brasil\/wp-json\/wp\/v2\/pages\/36943"}],"wp:featuredmedia":[{"embeddable":true,"href":"https:\/\/www.greenpeace.org\/brasil\/wp-json\/wp\/v2\/media\/57568"}],"wp:attachment":[{"href":"https:\/\/www.greenpeace.org\/brasil\/wp-json\/wp\/v2\/media?parent=37133"}],"wp:term":[{"taxonomy":"category","embeddable":true,"href":"https:\/\/www.greenpeace.org\/brasil\/wp-json\/wp\/v2\/categories?post=37133"},{"taxonomy":"post_tag","embeddable":true,"href":"https:\/\/www.greenpeace.org\/brasil\/wp-json\/wp\/v2\/tags?post=37133"}],"curies":[{"name":"wp","href":"https:\/\/api.w.org\/{rel}","templated":true}]}}