{"id":37161,"date":"2022-04-18T17:03:42","date_gmt":"2022-04-18T20:03:42","guid":{"rendered":"https:\/\/www-dev.greenpeace.org\/brasil\/?page_id=37161"},"modified":"2026-01-29T17:51:06","modified_gmt":"2026-01-29T20:51:06","slug":"como-nos-mantemos","status":"publish","type":"page","link":"https:\/\/www.greenpeace.org\/brasil\/como-nos-mantemos\/","title":{"rendered":"Como nos mantemos"},"content":{"rendered":"\n<style>\n            .donate-card {\n                width: 100vw;\n                display: none;\n                background-color: #fff;\n                margin-top: 60px;\n            }\n            #card-close {\n                margin-right: 5px;\n            }\n\n            @media (max-width: 767px) {\n                \/* Styles for mobile devices *\/\n                .donate-card {\n                    display: block;\n                    \/* Show the card on mobile devices *\/\n                }\n\n                #nav-mobile {\n                    \/* Hide the mobile menu by default *\/\n                    display: none;\n                }\n\n                #nav-mobile.show {\n                    display: flex;\n                    \/* Show the mobile menu when \"show\" class is added *\/\n                }\n            }\n\n            .donate-card-body {\n                display: flex;\n                justify-content: space-between;\n            }\n\n            .donate-card-text {\n                font-size: 16px;\n                margin: 0;\n                padding: 2em !important;\n                font-family: Roboto;\n                color: #000;\n            }\n\n            .donate-btn-group {\n                display: flex;\n                align-items: center;\n            }\n\n            .donate-btn {\n                margin-right: 10px;\n            }\n\n            .donate-close-button {\n                background-color: transparent;\n                border: none;\n                cursor: pointer;\n                font-size: 10px;\n               \/\/ margin-right: 15px;\n                padding-right: 0;\n              \/\/  margin-left: 10px;\n                padding-bottom: 85px;\n                color: #000;\n            }\n\n            #gpbr-mobile-donate-button-mvp {\n                min-width: 137px;\n            }\n            @media (max-width: 991px) {\n                .with-mobile-tabs~:not(.page-header)+.page-content {\n                    padding-top: 0px !important;\n                }\n\n                 .page-content.no-page-title {\n                    padding-top: 0px !important;\n                }\n            }\n            @media screen and (min-device-width: 360px) and (max-device-width: 740px) {\n                 .donate-card-text {\n                    padding: 1.1em;\n                 }\n \n                    \n       } \n        \n\n\n\n        <\/style>\n        <script>\n            document.addEventListener(\"DOMContentLoaded\", function () {\n                var closeButton = document.querySelector(\".donate-close-button\");\n                var donateCard = document.querySelector(\".donate-card\");\n                var navMobile = document.querySelector(\"#nav-mobile\");\n\n                closeButton.addEventListener(\"click\", function () {\n                    donateCard.style.display = \"none\"; \/\/ Hide the entire donate card\n                    navMobile.classList.add(\"show\"); \/\/ Show the mobile menu\n\n                    \/\/ Store the state in local storage\n                    localStorage.setItem(\"donateCardVisible\", \"false\");\n                });\n\n                \/\/ Retrieve the state from local storage\n                var donateCardVisible = localStorage.getItem(\"donateCardVisible\");\n                if (donateCardVisible === \"true\") {\n                    donateCard.style.display = \"block\"; \/\/ Show the donate card\n                }\n            });\n        <\/script>\n        <div class=\"donate-card alignfull\">\n            <div class=\"donate-card-body gpbr-remove-external-link\">\n                <div>\n                    <p class=\"donate-card-text\">O meio ambiente precisa de <b>voc\u00ea<\/b>.<\/p>\n                <\/div>\n                <div class=\"donate-btn-group\">\n                    <a href=\"https:\/\/doe.greenpeace.com.br\/a?cc=701Pm000018T4RYIA0&#038;entrypoint=botao_mobile_card\" target=\"_blank\" id=\"gpbr-mobile-donate-button-mvp\" data-ga-category=\"Donation Card\" data-ga-action=\"Donate\" data-ga-label=\"donate_mobile\" aria=\"bot\u00e3o para fazer doa\u00e7\u00e3o ao Greenpeace\" class=\"btn-donate btn\" rel=\"follow\">Doe agora<\/a>\n                    <a id=\"card-close\" class=\"donate-close-button\" data-ga-category=\"Donation Card\" data-ga-action=\"Close menu\" data-ga-label=\"donate_mobile\" aria-label=\"Fechar mensagem de doa\u00e7\u00e3o\">\u2715<\/a>\n                <\/div>\n            <\/div>\n        <\/div>\n\n<div class=\"wp-block-media-text alignfull has-media-on-the-right is-stacked-on-mobile gpbr-has-grey-background gpbr-mobile-centered-text-and-title force-no-lightbox\" style=\"grid-template-columns:auto 49%\"><div class=\"wp-block-media-text__content\">\n<div class=\"wp-block-columns is-layout-flex wp-container-core-columns-is-layout-9d6595d7 wp-block-columns-is-layout-flex\">\n<div class=\"wp-block-column mobile-hidden is-layout-flow wp-block-column-is-layout-flow\" style=\"flex-basis:100px\"><\/div>\n\n\n\n<div class=\"wp-block-column is-layout-flow wp-block-column-is-layout-flow\" style=\"flex-basis:80%\">\n<div style=\"height:35px\" aria-hidden=\"true\" class=\"wp-block-spacer\"><\/div>\n\n\n\n<h1 class=\"wp-block-heading has-text-align-right\">Como nos mantemos<\/h1>\n\n\n\n<p class=\"has-text-align-right\" style=\"font-size:19px\">Dependemos exclusivamente do apoio de pessoas f\u00edsicas para financiar nossas atividades. Em retribui\u00e7\u00e3o, trabalhamos incansavelmente para ganhar e manter a confian\u00e7a dos nossos doadores, aplicando os recursos arrecadados e processando as informa\u00e7\u00f5es compartilhadas conosco de forma cuidadosa e criteriosa.<\/p>\n\n\n\n<div style=\"height:18px\" aria-hidden=\"true\" class=\"wp-block-spacer\"><\/div>\n\n\n\n<div class=\"wp-block-buttons is-content-justification-right is-layout-flex wp-container-core-buttons-is-layout-765c4724 wp-block-buttons-is-layout-flex\">\n<div class=\"wp-block-button alignright is-style-cta\"><a class=\"wp-block-button__link wp-element-button\" href=\"https:\/\/doe.greenpeace.org.br\/?appeal=18288&amp;cc=701Pm000018T4RYIA0&amp;entrypoint=botao\" target=\"_blank\" rel=\"noreferrer noopener\">Doe agora<\/a><\/div>\n<\/div>\n<\/div>\n<\/div>\n<\/div><figure class=\"wp-block-media-text__media\"><img loading=\"lazy\" decoding=\"async\" width=\"1000\" height=\"667\" src=\"https:\/\/www.greenpeace.org\/static\/planet4-brasil-stateless\/2022\/05\/74c76e6a-gp0sts0o9_resized1000_p4.jpg\" alt=\"\" sizes=\"auto, (min-width: 601px) 49vw, 100vw\" srcset=\"https:\/\/www.greenpeace.org\/static\/planet4-brasil-stateless\/2022\/05\/74c76e6a-gp0sts0o9_resized1000_p4.jpg 1000w, https:\/\/www.greenpeace.org\/static\/planet4-brasil-stateless\/2022\/05\/74c76e6a-gp0sts0o9_resized1000_p4-300x200.jpg 300w, https:\/\/www.greenpeace.org\/static\/planet4-brasil-stateless\/2022\/05\/74c76e6a-gp0sts0o9_resized1000_p4-768x512.jpg 768w, https:\/\/www.greenpeace.org\/static\/planet4-brasil-stateless\/2022\/05\/74c76e6a-gp0sts0o9_resized1000_p4-510x340.jpg 510w\" class=\"wp-image-39938 size-full\"\/><\/figure><\/div>\n\n<div class=\"wp-block-columns is-layout-flex wp-container-core-columns-is-layout-9d6595d7 wp-block-columns-is-layout-flex\">\n<div class=\"wp-block-column is-layout-flow wp-block-column-is-layout-flow\"><\/div>\n<\/div>\n\n<div style=\"height:42px\" aria-hidden=\"true\" class=\"wp-block-spacer\"><\/div>\n\n<div class=\"wp-block-columns is-layout-flex wp-container-core-columns-is-layout-9d6595d7 wp-block-columns-is-layout-flex\">\n<div class=\"wp-block-column is-layout-flow wp-block-column-is-layout-flow\" style=\"flex-basis:5%\"><\/div>\n\n\n\n<div class=\"wp-block-column is-layout-flow wp-block-column-is-layout-flow\" style=\"flex-basis:80%\">\n<p>No Brasil e no mundo, o Greenpeace depende exclusivamente de doa\u00e7\u00f5es de pessoas f\u00edsicas. Como a maioria das organiza\u00e7\u00f5es n\u00e3o governamentais, arrecadamos recursos atrav\u00e9s de variados canais de comunica\u00e7\u00e3o. Nosso objetivo \u00e9 aprofundar o conhecimento sobre o Greenpeace para pessoas interessadas na causa ambientalista e, assim, engajar novos apoiadores. Partilhamos informa\u00e7\u00f5es sobre como estamos trabalhando para defender a natureza e como podem, juntos, proteger e defender o planeta.<\/p>\n<\/div>\n\n\n\n<div class=\"wp-block-column is-layout-flow wp-block-column-is-layout-flow\" style=\"flex-basis:5%\"><\/div>\n<\/div>\n\n<div class=\"wp-block-columns is-layout-flex wp-container-core-columns-is-layout-9d6595d7 wp-block-columns-is-layout-flex\">\n<div class=\"wp-block-column is-layout-flow wp-block-column-is-layout-flow\" style=\"flex-basis:5%\"><\/div>\n\n\n\n<div class=\"wp-block-column is-layout-flow wp-block-column-is-layout-flow\" style=\"flex-basis:80%\">\n<div class=\"wp-block-columns block has-white-color has-dark-green-800-background-color has-text-color has-background is-layout-flex wp-container-core-columns-is-layout-9d6595d7 wp-block-columns-is-layout-flex\">\n<div class=\"wp-block-column is-layout-flow wp-block-column-is-layout-flow\">\n<h3 class=\"wp-block-heading has-text-align-center has-white-color has-text-color has-link-color wp-elements-7860eb4a74e6195f7f5b809b9e78ed5c\">Acesse nossos relat\u00f3rios anuais<\/h3>\n\n\n\n<p class=\"has-text-align-center\">E veja em detalhes o que fazemos com os recursos que recebemos de pessoas como voc\u00ea<\/p>\n\n\n\n<div style=\"height:16px\" aria-hidden=\"true\" class=\"wp-block-spacer\"><\/div>\n\n\n\n<div class=\"wp-block-buttons is-content-justification-center is-layout-flex wp-container-core-buttons-is-layout-16018d1d wp-block-buttons-is-layout-flex\">\n<div class=\"wp-block-button transparent-button is-style-transparent\"><a class=\"wp-block-button__link wp-element-button\" href=\"\/brasil\/como-nos-mantemos\/relatorios-anuais\/\">Ver relat\u00f3rios anuais <span style=\"font-size: 1.4em;\">\u203a<\/span><\/a><\/div>\n<\/div>\n\n\n\n<div style=\"height:16px\" aria-hidden=\"true\" class=\"wp-block-spacer\"><\/div>\n<\/div>\n<\/div>\n<\/div>\n\n\n\n<div class=\"wp-block-column is-layout-flow wp-block-column-is-layout-flow\" style=\"flex-basis:5%\"><\/div>\n<\/div>\n\n<div class=\"wp-block-columns is-layout-flex wp-container-core-columns-is-layout-9d6595d7 wp-block-columns-is-layout-flex\">\n<div class=\"wp-block-column is-layout-flow wp-block-column-is-layout-flow\" style=\"flex-basis:5%\"><\/div>\n\n\n\n<div class=\"wp-block-column is-layout-flow wp-block-column-is-layout-flow\" style=\"flex-basis:80%\">\n<h2 class=\"wp-block-heading\">Perguntas e respostas<\/h2><br \/>\n\n\n\n<h3 class=\"wp-block-heading\">Por que o Greenpeace pede doa\u00e7\u00f5es?<\/h3>\n\n\n\n<p><p>Os pedidos de doa\u00e7\u00f5es nas ruas, em eventos, por telefone, canais digitais, mala direta ou televis\u00e3o s\u00e3o uma forma de gerar recursos e inspirar o p\u00fablico sobre nosso trabalho. Tamb\u00e9m oferece a oportunidade para as pessoas fazerem perguntas e aprenderem mais sobre os problemas que afetam o meio ambiente no Brasil. Isso \u00e9 vital para manter e aumentar nossas campanhas. Permanentemente monitoramos e avaliamos a efici\u00eancia de nossa arrecada\u00e7\u00e3o de recursos e nos adaptamos sempre que h\u00e1 necessidade.<\/p><br \/>\n\n\n\n<h3 class=\"wp-block-heading\">Quem arrecada fundos para o Greenpeace no Brasil?<\/h3>\n\n\n\n<p><p>Nossa arrecada\u00e7\u00e3o de recursos \u00e9 realizada por colaboradores contratados e treinados diretamente pelo Greenpeace Brasil. Estamos focados em garantir o melhor uso das doa\u00e7\u00f5es de nossos apoiadores ao mesmo tempo em que cuidamos para garantir as melhores pr\u00e1ticas trabalhistas para nossos colaboradores.<\/p><br \/><\/p>\n\n\n\n<h3 class=\"wp-block-heading\">Quem s\u00e3o os captadores que fazem arrecada\u00e7\u00e3o de doa\u00e7\u00f5es nas ruas, em eventos ou pelo telefone?<\/h3>\n\n\n\n<p><p>Nossas equipes de Di\u00e1logo Direto e de Relacionamento com os Apoiadores s\u00e3o formadas por colaboradores que v\u00e3o \u00e0s ruas do Brasil inteiro e entram em contato por telefone apenas com nossos apoiadores, explicando \u00e0 popula\u00e7\u00e3o o que fazemos, os objetivos de nossas campanhas e como \u00e9 poss\u00edvel contribuir para manter nossas atividades.<\/p>\n\n\n\n<p><p>As equipes de Di\u00e1logo Direto tamb\u00e9m participam de diversos eventos virtuais e presenciais. Nesses espa\u00e7os, temos a oportunidade de divulgar a miss\u00e3o do Greenpeace Brasil e apresentar nossas iniciativas de prote\u00e7\u00e3o ambiental a novos p\u00fablicos e espa\u00e7os de debate.<\/p><br \/><\/p>\n\n\n\n<h3 class=\"wp-block-heading\">O Greenpeace faz liga\u00e7\u00f5es para pessoas sem autoriza\u00e7\u00e3o pr\u00e9via?<\/h3>\n\n\n\n<p><p>N\u00e3o. S\u00f3 fazemos liga\u00e7\u00f5es para pessoas que, espontaneamente, nos forneceram dados e nos autorizaram a entrar em contato.<\/p><br \/><\/p>\n\n\n\n<h3 class=\"wp-block-heading\">Como saber se uma campanha de arrecada\u00e7\u00e3o de doa\u00e7\u00f5es por telefone \u00e9 verdadeira?<\/h3>\n\n\n\n<p><p>Nossos captadores s\u00f3 v\u00e3o telefonar se uma pessoa, espontaneamente, fornecer seu n\u00famero ao Greenpeace Brasil. Eles nunca entrar\u00e3o em contato atrav\u00e9s de um n\u00famero desconhecido. No in\u00edcio da conversa, eles ir\u00e3o se apresentar e dir\u00e3o o seu nome. Tamb\u00e9m v\u00e3o informar que est\u00e3o ligando em nome do Greenpeace. Se voc\u00ea n\u00e3o sentir seguran\u00e7a para fornecer seus dados por telefone, sempre poder\u00e1 entrar em contato com nosso Atendimento para obter maiores informa\u00e7\u00f5es. Envie um e-mail para <a href=\"mailto:relacionamento@greenpeace.org\">relacionamento@greenpeace.org<\/a> ou ligue gratuitamente para 0800 789 2510.<\/p><br \/><\/p>\n\n\n\n<h3 class=\"wp-block-heading\">O Greenpeace negocia dados de contato dos apoiadores?<\/h3>\n\n\n\n<p><p>Nunca compartilhamos dados de nossos apoiadores com outras organiza\u00e7\u00f5es, empresas ou institui\u00e7\u00f5es. Trabalhamos com empresas confi\u00e1veis para administrar algumas atividades, caso em que eles ter\u00e3o acesso a esses dados apenas para essa finalidade \u2013 por exemplo, aplicar nome e endere\u00e7o em uma correspond\u00eancia de boas-vindas.<\/p><br \/><\/p>\n\n\n\n<h3 class=\"wp-block-heading\">O que acontece se eu n\u00e3o quiser mais receber contatos?<\/h3>\n\n\n\n<p><p>Se voc\u00ea nos informar que n\u00e3o deseja receber mais nossos contatos, n\u00e3o entraremos em contato com voc\u00ea novamente.<\/p><br \/><\/p>\n\n\n\n<h3 class=\"wp-block-heading\">Como o Greenpeace lida com reclama\u00e7\u00f5es e cr\u00edticas?<\/h3>\n\n\n\n<p><p>O Greenpeace v\u00ea todas as reclama\u00e7\u00f5es sobre nossa arrecada\u00e7\u00e3o de recursos como uma oportunidade de aprender e melhorar para o futuro, bem como uma chance de corrigir as coisas para a pessoa que fez a reclama\u00e7\u00e3o.<\/p>\n\n\n\n<p><p>Uma reclama\u00e7\u00e3o sobre nossa arrecada\u00e7\u00e3o de recursos \u00e9 qualquer express\u00e3o de insatisfa\u00e7\u00e3o, justificada ou n\u00e3o, sobre qualquer aspecto das atividades de nossa arrecada\u00e7\u00e3o de recursos.<\/p>\n\n\n\n<p>N\u00f3s recebemos e avaliamos a natureza das reclama\u00e7\u00f5es, cr\u00edticas e quaisquer preocupa\u00e7\u00f5es informadas para estabelecer o pr\u00f3ximo curso de a\u00e7\u00e3o. Respondemos \u00e0s reclama\u00e7\u00f5es de forma respeitosa e oportuna. Garantimos que as reclama\u00e7\u00f5es sejam investigadas de forma completa e justa. Revisamos regularmente todas as li\u00e7\u00f5es a serem aprendidas com coment\u00e1rios e reclama\u00e7\u00f5es e usamos esse aprendizado para melhorar nosso trabalho. Garantimos que seus dados pessoais s\u00e3o mantidos em seguran\u00e7a de acordo com nossa <a href=\"\/brasil\/politica-de-privacidade\/\" data-type=\"URL\" data-id=\"\/brasil\/politica-de-privacidade\">Pol\u00edtica de Privacidade<\/a>.<\/p>\n<\/div>\n\n\n\n<div class=\"wp-block-column is-layout-flow wp-block-column-is-layout-flow\" style=\"flex-basis:5%\"><\/div>\n<\/div>\n\n<div style=\"height:46px\" aria-hidden=\"true\" class=\"wp-block-spacer\"><\/div>\n\n<div class=\"wp-block-columns gpbr-take-action-with-us-block is-layout-flex wp-container-core-columns-is-layout-9d6595d7 wp-block-columns-is-layout-flex\">\n<div class=\"wp-block-column is-layout-flow wp-block-column-is-layout-flow\">\n<figure class=\"wp-block-image size-full\"><a href=\"https:\/\/doe.greenpeace.com.br\/?cc=701Pm000018T4RYIA0&amp;entrypoint=botao_doe\" target=\"_blank\" rel=\"noopener\"><img loading=\"lazy\" decoding=\"async\" width=\"598\" height=\"373\" src=\"https:\/\/www.greenpeace.org\/static\/planet4-brasil-stateless\/2022\/05\/b890e35a-amazonia-covers.jpeg\" alt=\"\" class=\"wp-image-39475\" srcset=\"https:\/\/www.greenpeace.org\/static\/planet4-brasil-stateless\/2022\/05\/b890e35a-amazonia-covers.jpeg 598w, https:\/\/www.greenpeace.org\/static\/planet4-brasil-stateless\/2022\/05\/b890e35a-amazonia-covers-300x187.jpeg 300w, https:\/\/www.greenpeace.org\/static\/planet4-brasil-stateless\/2022\/05\/b890e35a-amazonia-covers-510x318.jpeg 510w\" sizes=\"auto, (max-width: 598px) 100vw, 598px\" \/><\/a><\/figure>\n\n\n\n<h3 class=\"wp-block-heading has-text-align-center is-style-chevron\"><a href=\"https:\/\/doe.greenpeace.com.br\/?cc=701Pm000018T4RYIA0&amp;entrypoint=botao_doe\" data-type=\"URL\" data-id=\"https:\/\/doe.greenpeace.org.br\/greenpeace\/p\" target=\"_blank\" rel=\"noreferrer noopener\">Doa\u00e7\u00f5es mensais<\/a><\/h3>\n<\/div>\n\n\n\n<div class=\"wp-block-column is-layout-flow wp-block-column-is-layout-flow\">\n<figure class=\"wp-block-image size-full\"><a href=\"https:\/\/doe.greenpeace.com.br\/?cc=701Pm000018T4RYIA0&amp;entrypoint=botao_doe\" target=\"_blank\" rel=\"noopener\"><img loading=\"lazy\" decoding=\"async\" width=\"598\" height=\"373\" src=\"https:\/\/www.greenpeace.org\/static\/planet4-brasil-stateless\/2022\/05\/438ab3ee-salve-a-amazonia-covers.webp\" alt=\"\" class=\"wp-image-39481\"\/><\/a><\/figure>\n\n\n\n<h3 class=\"wp-block-heading has-text-align-center is-style-chevron\"><a href=\"https:\/\/conexaoverde.greenpeace.org.br\/?utm_source=referral&amp;utm_medium=p4&amp;utm_campaign=voluntario&amp;utm_content=p4_btn_action\"><\/a><a href=\"https:\/\/doe.greenpeace.com.br\/?cc=701Pm000018T4RYIA0&amp;entrypoint=botao_doe\" data-type=\"URL\" data-id=\"https:\/\/doe.greenpeace.org.br\/greenpeace\/p\" target=\"_blank\" rel=\"noreferrer noopener\">Doa\u00e7\u00f5es \u00fanicas<\/a><\/h3>\n<\/div>\n\n\n\n<div class=\"wp-block-column is-layout-flow wp-block-column-is-layout-flow\">\n<figure class=\"wp-block-image size-full\"><a href=\"mailto:victor.debone@greenpeace.org\" target=\"_blank\" rel=\"noopener\"><img loading=\"lazy\" decoding=\"async\" width=\"598\" height=\"373\" src=\"https:\/\/www.greenpeace.org\/static\/planet4-brasil-stateless\/2022\/05\/d8ee541a-gp0sttssp_low_res-cropped_1610.webp\" alt=\"\" class=\"wp-image-39477\"\/><\/a><\/figure>\n\n\n\n<h3 class=\"wp-block-heading has-text-align-center is-style-chevron\"><a href=\"https:\/\/conexaoverde.greenpeace.org.br\/?utm_source=referral&amp;utm_medium=p4&amp;utm_campaign=voluntario&amp;utm_content=p4_btn_action\"><\/a><strong><a rel=\"noreferrer noopener\" href=\"https:\/\/www.obugio.org.br\/?utm_source=referral&amp;utm_medium=p4&amp;utm_campaign=voluntario&amp;utm_content=p4_btn_action\" target=\"_blank\"><\/a><\/strong><a rel=\"noreferrer noopener\" href=\"mailto:victor.debone@greenpeace.org\" data-type=\"mailto\" data-id=\"mailto:victor.debone@greenpeace.org\" target=\"_blank\">Grandes doa\u00e7\u00f5es<\/a><\/h3>\n<\/div>\n<\/div>\n\n<p><\/p>\n\n<div style=\"height:0px\" aria-hidden=\"true\" class=\"wp-block-spacer\"><\/div>\n\n<div class=\"wp-block-columns is-layout-flex wp-container-core-columns-is-layout-9d6595d7 wp-block-columns-is-layout-flex\">\n<div class=\"wp-block-column is-layout-flow wp-block-column-is-layout-flow\">\n<h2 class=\"wp-block-heading has-text-align-center\">Quer saber mais?<\/h2>\n<\/div>\n<\/div>\n\n<div class=\"wp-block-columns gpbr-link-black-color gpbr-topics-navigation-title is-layout-flex wp-container-core-columns-is-layout-9d6595d7 wp-block-columns-is-layout-flex\">\n<div class=\"wp-block-column gpbr-link-black-color is-layout-flow wp-block-column-is-layout-flow\"><\/div>\n\n\n\n<div class=\"wp-block-column is-layout-flow wp-block-column-is-layout-flow\">\n<figure class=\"wp-block-image aligncenter size-full is-resized force-no-lightbox\"><a href=\"\/brasil\/fale-conosco\/\"><img loading=\"lazy\" decoding=\"async\" width=\"533\" height=\"533\" src=\"https:\/\/www.greenpeace.org\/static\/planet4-brasil-stateless\/2022\/05\/cb6a2c80-gp0sts0o1_web_size-modified.webp\" alt=\"\" class=\"wp-image-39476\" style=\"width:153px;height:153px\"\/><\/a><\/figure>\n\n\n\n<h4 class=\"wp-block-heading has-text-align-center is-style-chevron\"><a rel=\"noreferrer noopener\" href=\"\/brasil\/fale-conosco\/\" data-type=\"URL\" data-id=\"\/brasil\/fale-conosco\/\" target=\"_blank\">Fale conosco<\/a><\/h4>\n<\/div>\n\n\n\n<div class=\"wp-block-column is-layout-flow wp-block-column-is-layout-flow\">\n<figure class=\"wp-block-image aligncenter size-full is-resized\"><a href=\"\/brasil\/como-nos-mantemos\/relatorios-anuais\/\"><img loading=\"lazy\" decoding=\"async\" width=\"300\" height=\"300\" src=\"https:\/\/www.greenpeace.org\/static\/planet4-brasil-stateless\/2022\/05\/3ae3f985-gp1sx0sx_web_size-modified-300x300-1.webp\" alt=\"\" class=\"wp-image-39480\" style=\"width:153px;height:153px\"\/><\/a><\/figure>\n\n\n\n<h4 class=\"wp-block-heading has-text-align-center is-style-chevron\"><a rel=\"noreferrer noopener\" href=\"\/brasil\/como-nos-mantemos\/transparencia\/\" target=\"_blank\">Relat\u00f3rios Anuais<\/a><\/h4>\n<\/div>\n\n\n\n<div class=\"wp-block-column is-layout-flow wp-block-column-is-layout-flow\">\n<figure class=\"wp-block-image aligncenter size-full is-resized\"><a href=\"\/brasil\/politica-de-privacidade\/\"><img loading=\"lazy\" decoding=\"async\" width=\"531\" height=\"531\" src=\"https:\/\/www.greenpeace.org\/static\/planet4-brasil-stateless\/2022\/05\/881b6cb3-gp0sttfcj_web_size-modified.webp\" alt=\"\" class=\"wp-image-39482\" style=\"width:153px;height:153px\"\/><\/a><\/figure>\n\n\n\n<h4 class=\"wp-block-heading has-text-align-center is-style-chevron\"><a rel=\"noreferrer noopener\" href=\"\/brasil\/politica-de-privacidade\/\" target=\"_blank\">Pol\u00edtica de Privacidade<\/a><\/h4>\n<\/div>\n\n\n\n<div class=\"wp-block-column gpbr-link-black-color is-layout-flow wp-block-column-is-layout-flow\"><\/div>\n<\/div>\n\n<div style=\"height:0px\" aria-hidden=\"true\" class=\"wp-block-spacer\"><\/div>\n\n<div style=\"height:10px\" aria-hidden=\"true\" class=\"wp-block-spacer\"><\/div>\n\n<div class=\"wp-block-columns is-layout-flex wp-container-core-columns-is-layout-9d6595d7 wp-block-columns-is-layout-flex\">\n<div class=\"wp-block-column is-layout-flow wp-block-column-is-layout-flow\"><\/div>\n<\/div>\n\n<div style=\"height:46px\" aria-hidden=\"true\" class=\"wp-block-spacer\"><\/div>\n\n<h3 class=\"wp-block-heading has-medium-font-size\">Saiba mais sobre outros assuntos<\/h3>\n\n<div class=\"wp-block-columns is-layout-flex wp-container-core-columns-is-layout-9d6595d7 wp-block-columns-is-layout-flex\">\n<div class=\"wp-block-column group-stretched-link is-layout-flow wp-block-column-is-layout-flow\">\n<figure class=\"wp-block-image aligncenter size-large is-resized force-no-lightbox force-no-caption is-style-rounded-90\"><a href=\"\/brasil\/informe-se\/amazonia\/\"><img loading=\"lazy\" decoding=\"async\" width=\"1024\" height=\"768\" src=\"https:\/\/www.greenpeace.org\/static\/planet4-brasil-stateless\/2026\/03\/f08a09e2-gp0su5luh_medium-res-1200px-1-1024x768.jpg\" alt=\"\" class=\"wp-image-63084\" style=\"width:90px;height:90px\" srcset=\"https:\/\/www.greenpeace.org\/static\/planet4-brasil-stateless\/2026\/03\/f08a09e2-gp0su5luh_medium-res-1200px-1-1024x768.jpg 1024w, https:\/\/www.greenpeace.org\/static\/planet4-brasil-stateless\/2026\/03\/f08a09e2-gp0su5luh_medium-res-1200px-1-300x225.jpg 300w, https:\/\/www.greenpeace.org\/static\/planet4-brasil-stateless\/2026\/03\/f08a09e2-gp0su5luh_medium-res-1200px-1-768x576.jpg 768w, https:\/\/www.greenpeace.org\/static\/planet4-brasil-stateless\/2026\/03\/f08a09e2-gp0su5luh_medium-res-1200px-1-453x340.jpg 453w, https:\/\/www.greenpeace.org\/static\/planet4-brasil-stateless\/2026\/03\/f08a09e2-gp0su5luh_medium-res-1200px-1.jpg 1200w\" sizes=\"auto, (max-width: 1024px) 100vw, 1024px\" \/><\/a><\/figure>\n\n\n\n<h5 class=\"wp-block-heading has-text-align-center is-style-chevron\" style=\"font-size:1rem\"><a href=\"\/brasil\/informe-se\/amazonia\/\">Amaz\u00f4nia<\/a><\/h5>\n<\/div>\n\n\n\n<div class=\"wp-block-column group-stretched-link is-layout-flow wp-block-column-is-layout-flow\">\n<figure class=\"wp-block-image aligncenter size-large is-resized force-no-lightbox force-no-caption is-style-rounded-90\"><a href=\"\/brasil\/informe-se\/justica-climatica\/\" target=\"_blank\" rel=\" noreferrer noopener\"><img loading=\"lazy\" decoding=\"async\" width=\"1024\" height=\"683\" src=\"https:\/\/www.greenpeace.org\/static\/planet4-brasil-stateless\/2026\/03\/0cd4d777-gp0stvjvw_medium-res-1200px-1-1024x683.jpg\" alt=\"\" class=\"wp-image-63086\" style=\"width:90px;height:90px\" srcset=\"https:\/\/www.greenpeace.org\/static\/planet4-brasil-stateless\/2026\/03\/0cd4d777-gp0stvjvw_medium-res-1200px-1-1024x683.jpg 1024w, https:\/\/www.greenpeace.org\/static\/planet4-brasil-stateless\/2026\/03\/0cd4d777-gp0stvjvw_medium-res-1200px-1-300x200.jpg 300w, https:\/\/www.greenpeace.org\/static\/planet4-brasil-stateless\/2026\/03\/0cd4d777-gp0stvjvw_medium-res-1200px-1-768x512.jpg 768w, https:\/\/www.greenpeace.org\/static\/planet4-brasil-stateless\/2026\/03\/0cd4d777-gp0stvjvw_medium-res-1200px-1-510x340.jpg 510w, https:\/\/www.greenpeace.org\/static\/planet4-brasil-stateless\/2026\/03\/0cd4d777-gp0stvjvw_medium-res-1200px-1.jpg 1200w\" sizes=\"auto, (max-width: 1024px) 100vw, 1024px\" \/><\/a><\/figure>\n\n\n\n<h5 class=\"wp-block-heading has-text-align-center is-style-chevron\" style=\"font-size:1rem\"><a href=\"\/brasil\/informe-se\/justica-climatica\/\" data-type=\"URL\" data-id=\"\/brasil\/informe-se\/justica-climatica\">Justi\u00e7a clim\u00e1tica<\/a><\/h5>\n<\/div>\n\n\n\n<div class=\"wp-block-column group-stretched-link is-layout-flow wp-block-column-is-layout-flow\">\n<figure class=\"wp-block-image aligncenter size-large is-resized force-no-lightbox force-no-caption is-style-rounded-90\"><a href=\"\/brasil\/informe-se\/amazonia\/povos-e-territorios\/\"><img loading=\"lazy\" decoding=\"async\" width=\"1024\" height=\"683\" src=\"https:\/\/www.greenpeace.org\/static\/planet4-brasil-stateless\/2026\/03\/02181ed6-gp0su7g2r_medium-res-1200px-1-1024x683.jpg\" alt=\"\" class=\"wp-image-63087\" style=\"width:90px;height:90px\" srcset=\"https:\/\/www.greenpeace.org\/static\/planet4-brasil-stateless\/2026\/03\/02181ed6-gp0su7g2r_medium-res-1200px-1-1024x683.jpg 1024w, https:\/\/www.greenpeace.org\/static\/planet4-brasil-stateless\/2026\/03\/02181ed6-gp0su7g2r_medium-res-1200px-1-300x200.jpg 300w, https:\/\/www.greenpeace.org\/static\/planet4-brasil-stateless\/2026\/03\/02181ed6-gp0su7g2r_medium-res-1200px-1-768x512.jpg 768w, https:\/\/www.greenpeace.org\/static\/planet4-brasil-stateless\/2026\/03\/02181ed6-gp0su7g2r_medium-res-1200px-1-510x340.jpg 510w, https:\/\/www.greenpeace.org\/static\/planet4-brasil-stateless\/2026\/03\/02181ed6-gp0su7g2r_medium-res-1200px-1.jpg 1200w\" sizes=\"auto, (max-width: 1024px) 100vw, 1024px\" \/><\/a><\/figure>\n\n\n\n<h5 class=\"wp-block-heading has-text-align-center is-style-chevron\" style=\"font-size:0.94rem\"><a href=\"\/brasil\/informe-se\/amazonia\/povos-e-territorios\/\" data-type=\"URL\" data-id=\"\/brasil\/informe-se\/amazonia\/povos-e-territorios\/\">Povos e territ\u00f3rios<\/a><\/h5>\n<\/div>\n\n\n\n<div class=\"wp-block-column group-stretched-link is-layout-flow wp-block-column-is-layout-flow\">\n<figure class=\"wp-block-image aligncenter size-large is-resized force-no-lightbox force-no-caption is-style-rounded-90\"><a href=\"\/brasil\/informe-se\/amazonia\/agroecologia\/\"><img decoding=\"async\" src=\"https:\/\/www.greenpeace.org\/static\/planet4-brasil-stateless\/2022\/05\/1ddae61e-agroecologia.webp\" alt=\"\" style=\"width:90px;height:90px\"\/><\/a><\/figure>\n\n\n\n<h5 class=\"wp-block-heading has-text-align-center is-style-chevron\" style=\"font-size:1rem\"><a href=\"\/brasil\/informe-se\/amazonia\/agroecologia\/\" data-type=\"URL\" data-id=\"\/brasil\/informe-se\/amazonia\/agroecologia\/\">Agroecologia<\/a><\/h5>\n<\/div>\n\n\n\n<div class=\"wp-block-column group-stretched-link is-layout-flow wp-block-column-is-layout-flow\">\n<figure class=\"wp-block-image aligncenter size-large is-resized force-no-lightbox force-no-caption is-style-rounded-90\"><a href=\"\/brasil\/informe-se\/amazonia\/biodiversidade\/\"><img loading=\"lazy\" decoding=\"async\" width=\"1024\" height=\"683\" src=\"https:\/\/www.greenpeace.org\/static\/planet4-brasil-stateless\/2026\/03\/95d1b802-gp1suehr_medium-res-1200px-1-1024x683.jpg\" alt=\"\" class=\"wp-image-63088\" style=\"width:90px;height:90px\" srcset=\"https:\/\/www.greenpeace.org\/static\/planet4-brasil-stateless\/2026\/03\/95d1b802-gp1suehr_medium-res-1200px-1-1024x683.jpg 1024w, https:\/\/www.greenpeace.org\/static\/planet4-brasil-stateless\/2026\/03\/95d1b802-gp1suehr_medium-res-1200px-1-300x200.jpg 300w, https:\/\/www.greenpeace.org\/static\/planet4-brasil-stateless\/2026\/03\/95d1b802-gp1suehr_medium-res-1200px-1-768x512.jpg 768w, https:\/\/www.greenpeace.org\/static\/planet4-brasil-stateless\/2026\/03\/95d1b802-gp1suehr_medium-res-1200px-1-510x340.jpg 510w, https:\/\/www.greenpeace.org\/static\/planet4-brasil-stateless\/2026\/03\/95d1b802-gp1suehr_medium-res-1200px-1.jpg 1200w\" sizes=\"auto, (max-width: 1024px) 100vw, 1024px\" \/><\/a><\/figure>\n\n\n\n<h5 class=\"wp-block-heading has-text-align-center is-style-chevron\" style=\"font-size:1rem\"><a href=\"\/brasil\/informe-se\/amazonia\/biodiversidade\/\" data-type=\"URL\" data-id=\"\/brasil\/informe-se\/amazonia\/biodiversidade\">Biodiversidade<\/a><\/h5>\n<\/div>\n\n\n\n<div class=\"wp-block-column group-stretched-link is-layout-flow wp-block-column-is-layout-flow\">\n<figure class=\"wp-block-image aligncenter size-full is-resized force-no-lightbox force-no-caption is-style-rounded-90\"><a href=\"\/brasil\/informe-se\/oceanos\/\"><img loading=\"lazy\" decoding=\"async\" width=\"1200\" height=\"800\" src=\"https:\/\/www.greenpeace.org\/static\/planet4-brasil-stateless\/2026\/03\/71664dbd-gp0stsspc_medium-res-1200px-1.jpg\" alt=\"\" class=\"wp-image-63089\" style=\"aspect-ratio:1;width:90px;height:auto\" srcset=\"https:\/\/www.greenpeace.org\/static\/planet4-brasil-stateless\/2026\/03\/71664dbd-gp0stsspc_medium-res-1200px-1.jpg 1200w, https:\/\/www.greenpeace.org\/static\/planet4-brasil-stateless\/2026\/03\/71664dbd-gp0stsspc_medium-res-1200px-1-300x200.jpg 300w, https:\/\/www.greenpeace.org\/static\/planet4-brasil-stateless\/2026\/03\/71664dbd-gp0stsspc_medium-res-1200px-1-1024x683.jpg 1024w, https:\/\/www.greenpeace.org\/static\/planet4-brasil-stateless\/2026\/03\/71664dbd-gp0stsspc_medium-res-1200px-1-768x512.jpg 768w, https:\/\/www.greenpeace.org\/static\/planet4-brasil-stateless\/2026\/03\/71664dbd-gp0stsspc_medium-res-1200px-1-510x340.jpg 510w\" sizes=\"auto, (max-width: 1200px) 100vw, 1200px\" \/><\/a><\/figure>\n\n\n\n<h5 class=\"wp-block-heading has-text-align-center is-style-chevron\" style=\"font-size:1rem\"> <a href=\"\/brasil\/informe-se\/oceanos\/\" data-type=\"URL\">Oceanos<\/a><\/h5>\n<\/div>\n\n\n\n<div class=\"wp-block-column group-stretched-link is-layout-flow wp-block-column-is-layout-flow\">\n<figure class=\"wp-block-image aligncenter size-large is-resized force-no-lightbox force-no-caption is-style-rounded-90\"><a href=\"https:\/\/www.greenpeace.org\/brasil\/como-ajudar\/faca-parte-do-voluntariado\/\"><img loading=\"lazy\" decoding=\"async\" width=\"1024\" height=\"654\" src=\"https:\/\/www.greenpeace.org\/static\/planet4-brasil-stateless\/2026\/03\/9811a554-gp1t7qji_medium-res-1200px-1-1024x654.jpg\" alt=\"\" class=\"wp-image-63090\" style=\"width:90px;height:90px\" srcset=\"https:\/\/www.greenpeace.org\/static\/planet4-brasil-stateless\/2026\/03\/9811a554-gp1t7qji_medium-res-1200px-1-1024x654.jpg 1024w, https:\/\/www.greenpeace.org\/static\/planet4-brasil-stateless\/2026\/03\/9811a554-gp1t7qji_medium-res-1200px-1-300x192.jpg 300w, https:\/\/www.greenpeace.org\/static\/planet4-brasil-stateless\/2026\/03\/9811a554-gp1t7qji_medium-res-1200px-1-768x490.jpg 768w, https:\/\/www.greenpeace.org\/static\/planet4-brasil-stateless\/2026\/03\/9811a554-gp1t7qji_medium-res-1200px-1-510x326.jpg 510w, https:\/\/www.greenpeace.org\/static\/planet4-brasil-stateless\/2026\/03\/9811a554-gp1t7qji_medium-res-1200px-1.jpg 1200w\" sizes=\"auto, (max-width: 1024px) 100vw, 1024px\" \/><\/a><\/figure>\n\n\n\n<h5 class=\"wp-block-heading has-text-align-center is-style-chevron\" style=\"font-size:1rem\"><a href=\"https:\/\/www.greenpeace.org\/brasil\/como-ajudar\/faca-parte-do-voluntariado\/\" data-type=\"page\" data-id=\"37283\">Voluntariado<\/a><\/h5>\n<\/div>\n\n\n\n<div class=\"wp-block-column group-stretched-link is-layout-flow wp-block-column-is-layout-flow\">\n<figure class=\"wp-block-image aligncenter size-large is-resized force-no-lightbox force-no-caption is-style-rounded-90\"><a href=\"\/brasil\/quem-somos\/\"><img loading=\"lazy\" decoding=\"async\" width=\"1024\" height=\"683\" src=\"https:\/\/www.greenpeace.org\/static\/planet4-brasil-stateless\/2026\/03\/0a8596da-gp0su2lqj_medium-res-1200px-1-1024x683.jpg\" alt=\"\" class=\"wp-image-63091\" style=\"width:90px;height:90px\" srcset=\"https:\/\/www.greenpeace.org\/static\/planet4-brasil-stateless\/2026\/03\/0a8596da-gp0su2lqj_medium-res-1200px-1-1024x683.jpg 1024w, https:\/\/www.greenpeace.org\/static\/planet4-brasil-stateless\/2026\/03\/0a8596da-gp0su2lqj_medium-res-1200px-1-300x200.jpg 300w, https:\/\/www.greenpeace.org\/static\/planet4-brasil-stateless\/2026\/03\/0a8596da-gp0su2lqj_medium-res-1200px-1-768x512.jpg 768w, https:\/\/www.greenpeace.org\/static\/planet4-brasil-stateless\/2026\/03\/0a8596da-gp0su2lqj_medium-res-1200px-1-510x340.jpg 510w, https:\/\/www.greenpeace.org\/static\/planet4-brasil-stateless\/2026\/03\/0a8596da-gp0su2lqj_medium-res-1200px-1.jpg 1200w\" sizes=\"auto, (max-width: 1024px) 100vw, 1024px\" \/><\/a><\/figure>\n\n\n\n<h5 class=\"wp-block-heading has-text-align-center is-style-chevron\" style=\"font-size:1rem\"><a href=\"\/brasil\/quem-somos\/\">Quem somos<\/a><\/h5>\n<\/div>\n<\/div>\n\n<p><\/p>\n\n<style type=\"text\/css\">\n\t.gpbr-latest-news-title-high-level {\n\tmargin-left: 1em;\n}\n.gpbr-latest-news-title-high-level {\n\tmargin-left: 4.3em;\n}\n\n\n.gpbr-support-a-cause-arrow-align\n{\n\twhite-space:no wrap;\n}\n.latest-news-query-loop img {\n\taspect-ratio: 16 \/ 9;\n}\nhtml a:hover {\n\ttext-decoration: none;\n}\n.gpbr-link-black-color a {\n\tcolor: #000000;\n}\n.gpbr-link-white-color .is-style-cta a {\n\tcolor:  #fff;\n}\n.gpbr-topics-navigation-title a {\n\tfont-size: 1em;\n}\n.gpbr-topics-navigation-title a:hover {\n\tcolor: #666;\n}\n.gpbr-topics-navigation-title img:hover {\n\topacity: 0.6;\n}\n.gpbr-has-grey-background {\n\tbackground-color: #f5f7f8 ;\n}\n.gpbr-padding-top-media-text {\n\tpadding-top: 2em;\n}\n.gpbr-topics-navigation-title h4 {\n\tfont-size: 1em;\n}\n\n.wp-block-button__link .dashicons {\n\tline-height: 2.3;\n}\na.external-link:after {\n\tcontent: none!important;\n}\n.pdf-link:after {\n\tcontent: none !important;\n}\n\n.gpbr-has-shadow-background {\n\tpadding: 1em;\nbox-shadow: rgba(0, 0, 0, 0.24) 0px 3px 8px;\n\tborder-radius: 5px;\n}\n.gpbr-how-to-help-shadow-block h3 {\n\tfont-size: 1.3em;\n}\n.gpbr-has-shadow-background   {\n\tpadding: 0px !important;\n}\n.gpbr-has-shadow-background p  {\n\tpadding-left: 1em;\n\tpadding-right: 1em;\n}\n.gpbr-has-shadow-background h3  {\n\tpadding-left: 1em;\n}\n.gpbr-has-shadow-background a  {\n\tmargin-bottom: 1em;\n\t\n}\n\n@media only screen and (min-width: 992px) {\n\t.latest-news-query-loop {\n\t\tmargin-left: 150px;\n\t\tmargin-right: 150px;\n\n\t}\n\t\t.gpbr-mobile-centered-text-and-title h1 {\n\t font-size: 3.5em;\n\t}\n\t.gpbr-latest-news-title-high-level {\n\t}\n\t.gpbr-high-level-view-all-news {\n\t\tpadding-right: 180px;\n\t\tmargin-top: 15px;\n\t}\n\t.gpbr-media-and-text-custom img {\n\tmax-width: 550px;\n\t}\n}\n.gpbr-take-action-with-us-block h3 {\n\tfont-size: 1.1em !important;\n}\n@media only screen and (max-width: 960px) and (min-width: 600px) {\n\n\n\t.gpbr-mobile-centered-text-and-title h1 {\n\ttext-align: center;\n\t\tfont-size: 3em;\n\t}\n\t.gpbr-mobile-centered-text-and-title h2 {\n\ttext-align: center !important;\n\t\tfont-size: 3em;\n\t}\n\t.gpbr-mobile-centered-text-and-title .has-text-align-right {\n\t\ttext-align: center !important;\n\t}\n\t.gpbr-mobile-centered-text-and-title p {\n\ttext-align: center;\n\t\tmargin: 0px;\n\t}\n\t.gpbr-mobile-centered-text-and-title .wp-block-columns\n\t{\n\t\tdisplay: block;\n\t}\n\t.mobile-hidden {\n\t\tdisplay: none;\n\t}\n\t.gpbr-news-and-history-featured-img {\n\twidth: 90% !important;\n}\n\t.gpbr-latest-news-title-high-level {\n\tmargin-left: 1em;\n}\n\t.gpbr-low-margin {\n\tmargin-top: 0px;\n}\n}\n\n@media (max-width:600px)  {\n\t.gpbr-mobile-centered-text-and-title h1 {\n\ttext-align: center;\n\n\t}\n\t.gpbr-mobile-centered-text-and-title p {\n\ttext-align: center;\n\t\tpadding: 10px;\n\t}\n\t.gpbr-mobile-centered-text-and-title a {\n\tmargin: 1em;\n\t\tfont-size: 1em !important;\n\t}\n\t.mobile-hidden {\n\t\tdisplay: none;\n\t}\n\t.gpbr-news-and-history-loop-query {\n\t\tmargin: 1em;\n\t}\n\t.gpbr-high-level-view-all-news {\n\t\ttext-align: center;\n\t}\n\t.gpbr-latest-news-podcast-title {\n\t\tmargin-left: 0px;\n\t\ttext-align: center;\n\t}\n\t.gpbr-low-margin {\n\tmargin-top: 0px;\n\t}\n}\n<\/style>\n","protected":false},"excerpt":{"rendered":"<p>Dependemos exclusivamente do apoio de pessoas f\u00edsicas para financiar nossas atividades. Em retribui\u00e7\u00e3o, trabalhamos incansavelmente para ganhar e manter a confian\u00e7a dos nossos doadores, aplicando os recursos arrecadados e processando as informa\u00e7\u00f5es compartilhadas conosco de forma cuidadosa e criteriosa.<\/p>\n","protected":false},"author":102,"featured_media":15384,"parent":0,"menu_order":0,"comment_status":"closed","ping_status":"closed","template":"","meta":{"ep_exclude_from_search":false,"p4_hide_page_title_checkbox":"on","p4_title":"","p4_subtitle":"","p4_description":"","background_image_id":"","background_image":"","p4_button_title":"","p4_button_link":"","p4_button_link_checkbox":"","p4_og_title":"","p4_og_description":"","p4_og_image":"","p4_og_image_id":"","p4_seo_canonical_url":"","p4_campaign_name":"not set","p4_local_project":"not set","p4_basket_name":"not set","p4_department":"","footnotes":""},"categories":[5],"tags":[],"class_list":["post-37161","page","type-page","status-publish","has-post-thumbnail","hentry","category-greenpeace"],"_links":{"self":[{"href":"https:\/\/www.greenpeace.org\/brasil\/wp-json\/wp\/v2\/pages\/37161","targetHints":{"allow":["GET"]}}],"collection":[{"href":"https:\/\/www.greenpeace.org\/brasil\/wp-json\/wp\/v2\/pages"}],"about":[{"href":"https:\/\/www.greenpeace.org\/brasil\/wp-json\/wp\/v2\/types\/page"}],"author":[{"embeddable":true,"href":"https:\/\/www.greenpeace.org\/brasil\/wp-json\/wp\/v2\/users\/102"}],"replies":[{"embeddable":true,"href":"https:\/\/www.greenpeace.org\/brasil\/wp-json\/wp\/v2\/comments?post=37161"}],"version-history":[{"count":20,"href":"https:\/\/www.greenpeace.org\/brasil\/wp-json\/wp\/v2\/pages\/37161\/revisions"}],"predecessor-version":[{"id":62365,"href":"https:\/\/www.greenpeace.org\/brasil\/wp-json\/wp\/v2\/pages\/37161\/revisions\/62365"}],"wp:featuredmedia":[{"embeddable":true,"href":"https:\/\/www.greenpeace.org\/brasil\/wp-json\/wp\/v2\/media\/15384"}],"wp:attachment":[{"href":"https:\/\/www.greenpeace.org\/brasil\/wp-json\/wp\/v2\/media?parent=37161"}],"wp:term":[{"taxonomy":"category","embeddable":true,"href":"https:\/\/www.greenpeace.org\/brasil\/wp-json\/wp\/v2\/categories?post=37161"},{"taxonomy":"post_tag","embeddable":true,"href":"https:\/\/www.greenpeace.org\/brasil\/wp-json\/wp\/v2\/tags?post=37161"}],"curies":[{"name":"wp","href":"https:\/\/api.w.org\/{rel}","templated":true}]}}