{"id":37772,"date":"2022-04-19T19:24:34","date_gmt":"2022-04-19T22:24:34","guid":{"rendered":"https:\/\/www-dev.greenpeace.org\/brasil\/?page_id=37772"},"modified":"2026-08-31T16:15:05","modified_gmt":"2026-08-31T19:15:05","slug":"home","status":"publish","type":"page","link":"https:\/\/www.greenpeace.org\/brasil\/","title":{"rendered":"Home"},"content":{"rendered":"\n<div data-hydrate=\"planet4-blocks\/carousel-header\" data-attributes=\"{&quot;carousel_autoplay&quot;:true,&quot;slides&quot;:[{&quot;image&quot;:66408,&quot;focal_points&quot;:{&quot;x&quot;:0.5,&quot;y&quot;:0.5},&quot;header&quot;:&quot;Greenpeace denuncia lavagem de ouro em terra ind\u00edgena Munduruku, no Par\u00e1&quot;,&quot;description&quot;:&quot;Com o seu apoio, continuaremos o nosso trabalho de pesquisa e den\u00fancia!&quot;,&quot;link_text&quot;:&quot;Doe agora&quot;,&quot;link_url&quot;:&quot;https:\/\/doe.greenpeace.org.br\/a?cc=701Pm000018T4RYIA0&amp;entrypoint=p4_banner&quot;,&quot;link_url_new_tab&quot;:true,&quot;image_url&quot;:&quot;https:\/\/www.greenpeace.org\/static\/planet4-brasil-stateless\/2026\/08\/f5fec2a1-p4_banner_ouro-1024x683.jpg&quot;,&quot;image_srcset&quot;:&quot;https:\/\/www.greenpeace.org\/static\/planet4-brasil-stateless\/2026\/08\/f5fec2a1-p4_banner_ouro-300x200.jpg 300w,https:\/\/www.greenpeace.org\/static\/planet4-brasil-stateless\/2026\/08\/f5fec2a1-p4_banner_ouro-1024x683.jpg 1024w,https:\/\/www.greenpeace.org\/static\/planet4-brasil-stateless\/2026\/08\/f5fec2a1-p4_banner_ouro-150x150.jpg 150w,https:\/\/www.greenpeace.org\/static\/planet4-brasil-stateless\/2026\/08\/f5fec2a1-p4_banner_ouro-768x512.jpg 768w,https:\/\/www.greenpeace.org\/static\/planet4-brasil-stateless\/2026\/08\/f5fec2a1-p4_banner_ouro-510x340.jpg 510w&quot;,&quot;image_alt&quot;:&quot;&quot;},{&quot;image&quot;:66287,&quot;focal_points&quot;:{&quot;x&quot;:0.57,&quot;y&quot;:0.65},&quot;header&quot;:&quot;Sabesp, quem economiza merece desconto na conta de \u00e1gua!&quot;,&quot;subheader&quot;:&quot;&quot;,&quot;description&quot;:&quot;Para n\u00e3o faltar \u00e1gua, exija o desconto na conta de quem economiza. Precisamos de 10 mil assinaturas!&quot;,&quot;link_text&quot;:&quot;Quero desconto&quot;,&quot;link_url&quot;:&quot;https:\/\/www.greenpeace.org\/brasil\/apoie\/contra-falta-dagua\/?entrypoint=p4_banner&quot;,&quot;link_url_new_tab&quot;:false,&quot;image_url&quot;:&quot;https:\/\/www.greenpeace.org\/static\/planet4-brasil-stateless\/2026\/08\/a3f938b6-torneirinha-\u00a9-teia-documenta-greenpeace-2-1024x683.jpg&quot;,&quot;image_srcset&quot;:&quot;https:\/\/www.greenpeace.org\/static\/planet4-brasil-stateless\/2026\/08\/a3f938b6-torneirinha-\u00a9-teia-documenta-greenpeace-2-300x200.jpg 300w,https:\/\/www.greenpeace.org\/static\/planet4-brasil-stateless\/2026\/08\/a3f938b6-torneirinha-\u00a9-teia-documenta-greenpeace-2-1024x683.jpg 1024w,https:\/\/www.greenpeace.org\/static\/planet4-brasil-stateless\/2026\/08\/a3f938b6-torneirinha-\u00a9-teia-documenta-greenpeace-2-150x150.jpg 150w,https:\/\/www.greenpeace.org\/static\/planet4-brasil-stateless\/2026\/08\/a3f938b6-torneirinha-\u00a9-teia-documenta-greenpeace-2-768x512.jpg 768w,https:\/\/www.greenpeace.org\/static\/planet4-brasil-stateless\/2026\/08\/a3f938b6-torneirinha-\u00a9-teia-documenta-greenpeace-2-1536x1025.jpg 1536w,https:\/\/www.greenpeace.org\/static\/planet4-brasil-stateless\/2026\/08\/a3f938b6-torneirinha-\u00a9-teia-documenta-greenpeace-2-510x340.jpg 510w&quot;,&quot;image_alt&quot;:&quot;&quot;},{&quot;image&quot;:66014,&quot;focal_points&quot;:{&quot;x&quot;:0.55,&quot;y&quot;:0.64},&quot;header&quot;:&quot;Desembaralho do Senado&quot;,&quot;subheader&quot;:&quot;&quot;,&quot;description&quot;:&quot;Tudo o que os senadores decidem chega \u00e0 sua casa: impactam seu bolso, sua sa\u00fade e o futuro da sua fam\u00edlia e do planeta. #VotaQueVale&quot;,&quot;link_text&quot;:&quot;Saiba mais&quot;,&quot;link_url&quot;:&quot;https:\/\/desembaralhaovoto.org.br\/?utm_source=p4_banner&amp;utm_medium=organic&amp;utm_campaign=eleicoes&amp;utm_content=botao&amp;utm_term=assinar&quot;,&quot;link_url_new_tab&quot;:true,&quot;image_url&quot;:&quot;https:\/\/www.greenpeace.org\/static\/planet4-brasil-stateless\/2026\/08\/a6df6d1d-arte-desembaralho__recuded-1024x683.jpg&quot;,&quot;image_srcset&quot;:&quot;https:\/\/www.greenpeace.org\/static\/planet4-brasil-stateless\/2026\/08\/a6df6d1d-arte-desembaralho__recuded-150x150.jpg 150w,https:\/\/www.greenpeace.org\/static\/planet4-brasil-stateless\/2026\/08\/a6df6d1d-arte-desembaralho__recuded-300x200.jpg 300w,https:\/\/www.greenpeace.org\/static\/planet4-brasil-stateless\/2026\/08\/a6df6d1d-arte-desembaralho__recuded-1024x683.jpg 1024w,https:\/\/www.greenpeace.org\/static\/planet4-brasil-stateless\/2026\/08\/a6df6d1d-arte-desembaralho__recuded.jpg 1400w&quot;},{&quot;image&quot;:66223,&quot;focal_points&quot;:{&quot;x&quot;:0.49,&quot;y&quot;:0.49},&quot;header&quot;:&quot;Conhe\u00e7a a cole\u00e7\u00e3o exclusiva \u00c1rvores Gigantes da Lojinha!&quot;,&quot;subheader&quot;:&quot;&quot;,&quot;description&quot;:&quot;Sua contribui\u00e7\u00e3o fortalece a luta contra o garimpo na Amaz\u00f4nia!&quot;,&quot;link_text&quot;:&quot;Apoie agora&quot;,&quot;link_url&quot;:&quot;https:\/\/loja.greenpeace.org.br\/loja\/arvores-gigantes\/?utm_source=p4_banner&amp;utm_medium=organic&amp;utm_campaign=institucional&amp;utm_content=cta_banner&amp;utm_term=lojinha&quot;,&quot;link_url_new_tab&quot;:true,&quot;image_url&quot;:&quot;https:\/\/www.greenpeace.org\/static\/planet4-brasil-stateless\/2026\/08\/28b2c0cd-banner-p4-1920x1440px_novo_reduced-1821x1366.jpg&quot;,&quot;image_srcset&quot;:&quot;https:\/\/www.greenpeace.org\/static\/planet4-brasil-stateless\/2026\/08\/28b2c0cd-banner-p4-1920x1440px_novo_reduced-300x225.jpg 300w,https:\/\/www.greenpeace.org\/static\/planet4-brasil-stateless\/2026\/08\/28b2c0cd-banner-p4-1920x1440px_novo_reduced-1024x768.jpg 1024w,https:\/\/www.greenpeace.org\/static\/planet4-brasil-stateless\/2026\/08\/28b2c0cd-banner-p4-1920x1440px_novo_reduced-150x150.jpg 150w,https:\/\/www.greenpeace.org\/static\/planet4-brasil-stateless\/2026\/08\/28b2c0cd-banner-p4-1920x1440px_novo_reduced-768x576.jpg 768w,https:\/\/www.greenpeace.org\/static\/planet4-brasil-stateless\/2026\/08\/28b2c0cd-banner-p4-1920x1440px_novo_reduced-1536x1152.jpg 1536w,https:\/\/www.greenpeace.org\/static\/planet4-brasil-stateless\/2026\/08\/28b2c0cd-banner-p4-1920x1440px_novo_reduced-1821x1366.jpg 1821w,https:\/\/www.greenpeace.org\/static\/planet4-brasil-stateless\/2026\/08\/28b2c0cd-banner-p4-1920x1440px_novo_reduced-453x340.jpg 453w&quot;,&quot;image_alt&quot;:&quot;desenho da cole\u00e7\u00e3o Gigantes do Brasil (ecobag, camiseta e caneca) estampado com ilustra\u00e7\u00e3o de \u00e1rvore gigante, sobre fundo verde com selo \\&quot;Edi\u00e7\u00e3o Limitada\\&quot;.&quot;}],&quot;currentImageIndex&quot;:0}\"><section class=\"block block-header alignfull carousel-header \" aria-label=\"Greenpeace highlights\" aria-roledescription=\"carousel\"><div class=\"carousel-indicators-wrapper\"><div class=\"container\"><button aria-label=\"Autoplay\" class=\"carousel-autoplay-control stop\" aria-pressed=\"true\"><\/button><div class=\"visually-hidden\" aria-live=\"polite\">Slide resumed<\/div><ol class=\"carousel-indicators\" tabindex=\"-1\"><li class=\"active\"><button tabindex=\"0\" aria-label=\"Go to Greenpeace denuncia lavagem de ouro em terra ind\u00edgena Munduruku, no Par\u00e1\"><\/button><\/li><li><button tabindex=\"0\" aria-label=\"Go to Sabesp, quem economiza merece desconto na conta de \u00e1gua!\"><\/button><\/li><li><button tabindex=\"0\" aria-label=\"Go to Desembaralho do Senado\"><\/button><\/li><li><button tabindex=\"0\" aria-label=\"Go to Conhe\u00e7a a cole\u00e7\u00e3o exclusiva \u00c1rvores Gigantes da Lojinha!\"><\/button><\/li><\/ol><\/div><\/div><nav aria-label=\"Greenpeace highlights carousel controls\"><button class=\"carousel-control-prev\" aria-label=\"Go to previous slide Conhe\u00e7a a cole\u00e7\u00e3o exclusiva \u00c1rvores Gigantes da Lojinha!\"><span class=\"carousel-control-prev-icon\" aria-hidden=\"true\"><i><\/i><\/span><span class=\"visually-hidden\">Previous<\/span><\/button><button class=\"carousel-control-next\" aria-label=\"Go to next slide Sabesp, quem economiza merece desconto na conta de \u00e1gua!\"><span class=\"carousel-control-next-icon\" aria-hidden=\"true\"><i><\/i><\/span><span class=\"visually-hidden\">Next<\/span><\/button><\/nav><div class=\"carousel-wrapper-header\"><ul class=\"carousel-inner\" role=\"listbox\"><li class=\"carousel-item active\" tabindex=\"0\" role=\"tabpanel\"><div class=\"carousel-item-mask\"><div class=\"background-holder\"><img decoding=\"async\" src=\"https:\/\/www.greenpeace.org\/static\/planet4-brasil-stateless\/2026\/08\/f5fec2a1-p4_banner_ouro-1024x683.jpg\" style=\"object-position:50% 50%\" srcSet=\"https:\/\/www.greenpeace.org\/static\/planet4-brasil-stateless\/2026\/08\/f5fec2a1-p4_banner_ouro-300x200.jpg 300w,https:\/\/www.greenpeace.org\/static\/planet4-brasil-stateless\/2026\/08\/f5fec2a1-p4_banner_ouro-1024x683.jpg 1024w,https:\/\/www.greenpeace.org\/static\/planet4-brasil-stateless\/2026\/08\/f5fec2a1-p4_banner_ouro-150x150.jpg 150w,https:\/\/www.greenpeace.org\/static\/planet4-brasil-stateless\/2026\/08\/f5fec2a1-p4_banner_ouro-768x512.jpg 768w,https:\/\/www.greenpeace.org\/static\/planet4-brasil-stateless\/2026\/08\/f5fec2a1-p4_banner_ouro-510x340.jpg 510w\" alt=\"\"\/><\/div><div class=\"carousel-caption\"><div class=\"caption-overlay\"><\/div><div class=\"container main-header\"><div class=\"carousel-captions-wrapper\"><h2 tabindex=\"0\">Greenpeace denuncia lavagem de ouro em terra ind\u00edgena Munduruku, no Par\u00e1<\/h2><p>Com o seu apoio, continuaremos o nosso trabalho de pesquisa e den\u00fancia!<\/p><\/div><div class=\"col-xs-12 col-sm-8 col-md-4 action-button\"><a href=\"https:\/\/doe.greenpeace.org.br\/a?cc=701Pm000018T4RYIA0&amp;entrypoint=p4_banner\" class=\"btn btn-primary\" data-ga-category=\"Carousel Header\" data-ga-action=\"Call to Action\" rel=\"noreferrer noopener\" target=\"_blank\" tabindex=\"0\"><span>Doe agora<\/span><\/a><\/div><\/div><\/div><\/div><\/li><li class=\"carousel-item \" tabindex=\"-1\" aria-hidden=\"true\" inert=\"true\" role=\"tabpanel\"><div class=\"carousel-item-mask\"><div class=\"background-holder\"><img decoding=\"async\" src=\"https:\/\/www.greenpeace.org\/static\/planet4-brasil-stateless\/2026\/08\/a3f938b6-torneirinha-\u00a9-teia-documenta-greenpeace-2-1024x683.jpg\" style=\"object-position:56.99999999999999% 65%\" srcSet=\"https:\/\/www.greenpeace.org\/static\/planet4-brasil-stateless\/2026\/08\/a3f938b6-torneirinha-\u00a9-teia-documenta-greenpeace-2-300x200.jpg 300w,https:\/\/www.greenpeace.org\/static\/planet4-brasil-stateless\/2026\/08\/a3f938b6-torneirinha-\u00a9-teia-documenta-greenpeace-2-1024x683.jpg 1024w,https:\/\/www.greenpeace.org\/static\/planet4-brasil-stateless\/2026\/08\/a3f938b6-torneirinha-\u00a9-teia-documenta-greenpeace-2-150x150.jpg 150w,https:\/\/www.greenpeace.org\/static\/planet4-brasil-stateless\/2026\/08\/a3f938b6-torneirinha-\u00a9-teia-documenta-greenpeace-2-768x512.jpg 768w,https:\/\/www.greenpeace.org\/static\/planet4-brasil-stateless\/2026\/08\/a3f938b6-torneirinha-\u00a9-teia-documenta-greenpeace-2-1536x1025.jpg 1536w,https:\/\/www.greenpeace.org\/static\/planet4-brasil-stateless\/2026\/08\/a3f938b6-torneirinha-\u00a9-teia-documenta-greenpeace-2-510x340.jpg 510w\" alt=\"\"\/><\/div><div class=\"carousel-caption\"><div class=\"caption-overlay\"><\/div><div class=\"container main-header\"><div class=\"carousel-captions-wrapper\"><h2 tabindex=\"-1\">Sabesp, quem economiza merece desconto na conta de \u00e1gua!<\/h2><p>Para n\u00e3o faltar \u00e1gua, exija o desconto na conta de quem economiza. Precisamos de 10 mil assinaturas!<\/p><\/div><div class=\"col-xs-12 col-sm-8 col-md-4 action-button\"><a href=\"https:\/\/www.greenpeace.org\/brasil\/apoie\/contra-falta-dagua\/?entrypoint=p4_banner\" class=\"btn btn-primary\" data-ga-category=\"Carousel Header\" data-ga-action=\"Call to Action\" tabindex=\"-1\"><span>Quero desconto<\/span><\/a><\/div><\/div><\/div><\/div><\/li><li class=\"carousel-item \" tabindex=\"-1\" aria-hidden=\"true\" inert=\"true\" role=\"tabpanel\"><div class=\"carousel-item-mask\"><div class=\"background-holder\"><img decoding=\"async\" src=\"https:\/\/www.greenpeace.org\/static\/planet4-brasil-stateless\/2026\/08\/a6df6d1d-arte-desembaralho__recuded-1024x683.jpg\" style=\"object-position:55.00000000000001% 64%\" srcSet=\"https:\/\/www.greenpeace.org\/static\/planet4-brasil-stateless\/2026\/08\/a6df6d1d-arte-desembaralho__recuded-150x150.jpg 150w,https:\/\/www.greenpeace.org\/static\/planet4-brasil-stateless\/2026\/08\/a6df6d1d-arte-desembaralho__recuded-300x200.jpg 300w,https:\/\/www.greenpeace.org\/static\/planet4-brasil-stateless\/2026\/08\/a6df6d1d-arte-desembaralho__recuded-1024x683.jpg 1024w,https:\/\/www.greenpeace.org\/static\/planet4-brasil-stateless\/2026\/08\/a6df6d1d-arte-desembaralho__recuded.jpg 1400w\"\/><\/div><div class=\"carousel-caption\"><div class=\"caption-overlay\"><\/div><div class=\"container main-header\"><div class=\"carousel-captions-wrapper\"><h2 tabindex=\"-1\">Desembaralho do Senado<\/h2><p>Tudo o que os senadores decidem chega \u00e0 sua casa: impactam seu bolso, sua sa\u00fade e o futuro da sua fam\u00edlia e do planeta. #VotaQueVale<\/p><\/div><div class=\"col-xs-12 col-sm-8 col-md-4 action-button\"><a href=\"https:\/\/desembaralhaovoto.org.br\/?utm_source=p4_banner&amp;utm_medium=organic&amp;utm_campaign=eleicoes&amp;utm_content=botao&amp;utm_term=assinar\" class=\"btn btn-primary\" data-ga-category=\"Carousel Header\" data-ga-action=\"Call to Action\" rel=\"noreferrer noopener\" target=\"_blank\" tabindex=\"-1\"><span>Saiba mais<\/span><\/a><\/div><\/div><\/div><\/div><\/li><li class=\"carousel-item \" tabindex=\"-1\" aria-hidden=\"true\" inert=\"true\" role=\"tabpanel\"><div class=\"carousel-item-mask\"><div class=\"background-holder\"><img decoding=\"async\" src=\"https:\/\/www.greenpeace.org\/static\/planet4-brasil-stateless\/2026\/08\/28b2c0cd-banner-p4-1920x1440px_novo_reduced-1821x1366.jpg\" style=\"object-position:49% 49%\" srcSet=\"https:\/\/www.greenpeace.org\/static\/planet4-brasil-stateless\/2026\/08\/28b2c0cd-banner-p4-1920x1440px_novo_reduced-300x225.jpg 300w,https:\/\/www.greenpeace.org\/static\/planet4-brasil-stateless\/2026\/08\/28b2c0cd-banner-p4-1920x1440px_novo_reduced-1024x768.jpg 1024w,https:\/\/www.greenpeace.org\/static\/planet4-brasil-stateless\/2026\/08\/28b2c0cd-banner-p4-1920x1440px_novo_reduced-150x150.jpg 150w,https:\/\/www.greenpeace.org\/static\/planet4-brasil-stateless\/2026\/08\/28b2c0cd-banner-p4-1920x1440px_novo_reduced-768x576.jpg 768w,https:\/\/www.greenpeace.org\/static\/planet4-brasil-stateless\/2026\/08\/28b2c0cd-banner-p4-1920x1440px_novo_reduced-1536x1152.jpg 1536w,https:\/\/www.greenpeace.org\/static\/planet4-brasil-stateless\/2026\/08\/28b2c0cd-banner-p4-1920x1440px_novo_reduced-1821x1366.jpg 1821w,https:\/\/www.greenpeace.org\/static\/planet4-brasil-stateless\/2026\/08\/28b2c0cd-banner-p4-1920x1440px_novo_reduced-453x340.jpg 453w\" alt=\"desenho da cole\u00e7\u00e3o Gigantes do Brasil (ecobag, camiseta e caneca) estampado com ilustra\u00e7\u00e3o de \u00e1rvore gigante, sobre fundo verde com selo &quot;Edi\u00e7\u00e3o Limitada&quot;.\"\/><\/div><div class=\"carousel-caption\"><div class=\"caption-overlay\"><\/div><div class=\"container main-header\"><div class=\"carousel-captions-wrapper\"><h2 tabindex=\"-1\">Conhe\u00e7a a cole\u00e7\u00e3o exclusiva \u00c1rvores Gigantes da Lojinha!<\/h2><p>Sua contribui\u00e7\u00e3o fortalece a luta contra o garimpo na Amaz\u00f4nia!<\/p><\/div><div class=\"col-xs-12 col-sm-8 col-md-4 action-button\"><a href=\"https:\/\/loja.greenpeace.org.br\/loja\/arvores-gigantes\/?utm_source=p4_banner&amp;utm_medium=organic&amp;utm_campaign=institucional&amp;utm_content=cta_banner&amp;utm_term=lojinha\" class=\"btn btn-primary\" data-ga-category=\"Carousel Header\" data-ga-action=\"Call to Action\" rel=\"noreferrer noopener\" target=\"_blank\" tabindex=\"-1\"><span>Apoie agora<\/span><\/a><\/div><\/div><\/div><\/div><\/li><\/ul><\/div><\/section><\/div>\n\n<div class=\"wp-block-query posts-list p4-query-loop is-custom-layout-carousel is-layout-flex wp-block-query-is-layout-flex\">\n<div class=\"wp-block-group is-content-justification-space-between is-layout-flex wp-container-core-group-is-layout-cfe5ce44 wp-block-group-is-layout-flex\">\n<h2 class=\"wp-block-heading\">\u00daltimas not\u00edcias<\/h2>\n\n\n<li class=\"wp-block-navigation-item see-all-link wp-block-navigation-link\"><a class=\"wp-block-navigation-item__content\"  href=\"https:\/\/www.greenpeace.org\/brasil\/noticias-e-historias\/\"><span data-ga-category=\"Posts List\" data-ga-action=\"See More Link\" data-ga-label=\"n\/a\" class=\"wp-block-navigation-item__label\">Ler todas as not\u00edcias<\/span><\/a><\/li><\/div>\n\n\n\n<p class=\"wp-block-paragraph\" style=\"margin-top:24px;margin-bottom:32px\"><\/p>\n\n\n\n\n<ul class=\"wp-block-post-template is-layout-flow wp-block-post-template-is-layout-flow\"><li class=\"wp-block-post post-66666 post type-post status-publish format-standard has-post-thumbnail hentry category-amazonia tag-florestas tag-greenpeace p4-page-type-blog\">\n\n<div class=\"wp-block-columns is-layout-flex wp-container-core-columns-is-layout-8f761849 wp-block-columns-is-layout-flex\"><figure class=\"wp-block-post-featured-image\"><a href=\"https:\/\/www.greenpeace.org\/brasil\/blog\/colecao-gigantes-do-brasil-como-a-arte-e-a-moda-apoiam-a-preservacao-da-amazonia\/\" target=\"_self\"  ><img loading=\"lazy\" decoding=\"async\" data-ga-category=\"Posts List\" data-ga-action=\"Image\" data-ga-label=\"n\/a\" width=\"2560\" height=\"1706\" src=\"https:\/\/www.greenpeace.org\/static\/planet4-brasil-stateless\/2026\/09\/ef7f8caa-greenpeace-brasil-gigantes-do-brasil.-by-grazielle-salgado-@eyes.grazi-07-1-1-scaled.jpg\" class=\"attachment-post-thumbnail size-post-thumbnail wp-post-image wp-stateless-item\" alt=\"Cole\u00e7\u00e3o Gigantes do Brasil: como a arte e a moda apoiam a preserva\u00e7\u00e3o da Amaz\u00f4nia\" style=\"object-fit:cover;\" srcset=\"https:\/\/www.greenpeace.org\/static\/planet4-brasil-stateless\/2026\/09\/ef7f8caa-greenpeace-brasil-gigantes-do-brasil.-by-grazielle-salgado-@eyes.grazi-07-1-1-scaled.jpg 2560w, https:\/\/www.greenpeace.org\/static\/planet4-brasil-stateless\/2026\/09\/ef7f8caa-greenpeace-brasil-gigantes-do-brasil.-by-grazielle-salgado-@eyes.grazi-07-1-1-300x200.jpg 300w, https:\/\/www.greenpeace.org\/static\/planet4-brasil-stateless\/2026\/09\/ef7f8caa-greenpeace-brasil-gigantes-do-brasil.-by-grazielle-salgado-@eyes.grazi-07-1-1-1024x682.jpg 1024w, https:\/\/www.greenpeace.org\/static\/planet4-brasil-stateless\/2026\/09\/ef7f8caa-greenpeace-brasil-gigantes-do-brasil.-by-grazielle-salgado-@eyes.grazi-07-1-1-768x512.jpg 768w, https:\/\/www.greenpeace.org\/static\/planet4-brasil-stateless\/2026\/09\/ef7f8caa-greenpeace-brasil-gigantes-do-brasil.-by-grazielle-salgado-@eyes.grazi-07-1-1-1536x1024.jpg 1536w, https:\/\/www.greenpeace.org\/static\/planet4-brasil-stateless\/2026\/09\/ef7f8caa-greenpeace-brasil-gigantes-do-brasil.-by-grazielle-salgado-@eyes.grazi-07-1-1-2048x1366.jpg 2048w, https:\/\/www.greenpeace.org\/static\/planet4-brasil-stateless\/2026\/09\/ef7f8caa-greenpeace-brasil-gigantes-do-brasil.-by-grazielle-salgado-@eyes.grazi-07-1-1-510x340.jpg 510w\" sizes=\"auto, (max-width: 2560px) 100vw, 2560px\" data-image-size=\"post-thumbnail\" data-stateless-media-bucket=\"planet4-brasil-stateless\" data-stateless-media-name=\"2026\/09\/ef7f8caa-greenpeace-brasil-gigantes-do-brasil.-by-grazielle-salgado-@eyes.grazi-07-1-1-scaled.jpg\" \/><\/a><\/figure>\n\n\n<div class=\"wp-block-group is-layout-flow wp-block-group-is-layout-flow\">\n<div class=\"wp-block-group is-layout-flex wp-block-group-is-layout-flex\"><div class=\"wp-block-post-terms\"><a data-ga-category=\"Posts List\" data-ga-action=\"Post Type Tag\" data-ga-label=\"n\/a\" href=\"https:\/\/www.greenpeace.org\/brasil\/categoria\/amazonia\/\">Amaz\u00f4nia<\/a><\/div>\n\n<div class=\"taxonomy-post_tag wp-block-post-terms\"><a data-ga-category=\"Posts List\" data-ga-action=\"Navigation Tag\" data-ga-label=\"n\/a\" href=\"https:\/\/www.greenpeace.org\/brasil\/tag\/florestas\/\" rel=\"tag\">Florestas<\/a><span class=\"wp-block-post-terms__separator\"> <\/span><a data-ga-category=\"Posts List\" data-ga-action=\"Navigation Tag\" data-ga-label=\"n\/a\" href=\"https:\/\/www.greenpeace.org\/brasil\/tag\/greenpeace\/\" rel=\"tag\">Greenpeace<\/a><\/div><\/div>\n\n\n<h3 class=\"wp-block-post-title\"><a data-ga-category=\"Posts List\" data-ga-action=\"Title\" data-ga-label=\"n\/a\" href=\"https:\/\/www.greenpeace.org\/brasil\/blog\/colecao-gigantes-do-brasil-como-a-arte-e-a-moda-apoiam-a-preservacao-da-amazonia\/\" target=\"_self\" >Cole\u00e7\u00e3o Gigantes do Brasil: como a arte e a moda apoiam a preserva\u00e7\u00e3o da Amaz\u00f4nia<\/a><\/h3>\n\n<div class=\"wp-block-post-excerpt\"><p class=\"wp-block-post-excerpt__excerpt\">Conhe\u00e7a a cole\u00e7\u00e3o \u201cGigantes do Brasil\u201d com estampa do artista amazonense Andr\u00e9 Hulk e pe\u00e7as exclusivas que apoiam diretamente as a\u00e7\u00f5es de defesa da floresta amaz\u00f4nica.<\/p><p class=\"wp-block-post-excerpt__more-text\"><a class=\"wp-block-post-excerpt__more-link\" href=\"https:\/\/www.greenpeace.org\/brasil\/blog\/colecao-gigantes-do-brasil-como-a-arte-e-a-moda-apoiam-a-preservacao-da-amazonia\/\">Saiba mais<\/a><\/p><\/div>\n\n\n<div class=\"wp-block-group posts-list-meta is-layout-flow wp-block-group-is-layout-flow\"><span class='article-list-item-author'>Greenpeace Brasil<\/span>\n\n<div class=\"wp-block-post-date\"><time datetime=\"2026-09-03T12:20:58-03:00\">3 de setembro de 2026<\/time><\/div><\/div>\n\n\n\n<div style=\"height:30px\" aria-hidden=\"true\" class=\"wp-block-spacer\"><\/div>\n<\/div>\n<\/div>\n\n<\/li><li class=\"wp-block-post post-66657 post type-post status-publish format-standard has-post-thumbnail hentry category-amazonia category-eventos-extremos category-justica-climatica category-oceanos tag-clima tag-florestas tag-oceanos tag-justica-climatica tag-adaptacao-climatica p4-page-type-blog\">\n\n<div class=\"wp-block-columns is-layout-flex wp-container-core-columns-is-layout-8f761849 wp-block-columns-is-layout-flex\"><figure class=\"wp-block-post-featured-image\"><a href=\"https:\/\/www.greenpeace.org\/brasil\/blog\/aquecimento-global-o-que-e-ciclo-da-natureza-e-o-que-e-crise-climatica\/\" target=\"_self\"  ><img loading=\"lazy\" decoding=\"async\" data-ga-category=\"Posts List\" data-ga-action=\"Image\" data-ga-label=\"n\/a\" width=\"1200\" height=\"800\" src=\"https:\/\/www.greenpeace.org\/static\/planet4-brasil-stateless\/2026\/09\/27ce0315-gp1szfu1.jpg\" class=\"attachment-post-thumbnail size-post-thumbnail wp-post-image wp-stateless-item\" alt=\"Aquecimento global: o que \u00e9 ciclo da natureza e o que \u00e9 crise clim\u00e1tica?\" style=\"object-fit:cover;\" srcset=\"https:\/\/www.greenpeace.org\/static\/planet4-brasil-stateless\/2026\/09\/27ce0315-gp1szfu1.jpg 1200w, https:\/\/www.greenpeace.org\/static\/planet4-brasil-stateless\/2026\/09\/27ce0315-gp1szfu1-300x200.jpg 300w, https:\/\/www.greenpeace.org\/static\/planet4-brasil-stateless\/2026\/09\/27ce0315-gp1szfu1-1024x683.jpg 1024w, https:\/\/www.greenpeace.org\/static\/planet4-brasil-stateless\/2026\/09\/27ce0315-gp1szfu1-768x512.jpg 768w, https:\/\/www.greenpeace.org\/static\/planet4-brasil-stateless\/2026\/09\/27ce0315-gp1szfu1-510x340.jpg 510w\" sizes=\"auto, (max-width: 1200px) 100vw, 1200px\" data-image-size=\"post-thumbnail\" data-stateless-media-bucket=\"planet4-brasil-stateless\" data-stateless-media-name=\"2026\/09\/27ce0315-gp1szfu1.jpg\" \/><\/a><\/figure>\n\n\n<div class=\"wp-block-group is-layout-flow wp-block-group-is-layout-flow\">\n<div class=\"wp-block-group is-layout-flex wp-block-group-is-layout-flex\"><div class=\"wp-block-post-terms\"><a data-ga-category=\"Posts List\" data-ga-action=\"Post Type Tag\" data-ga-label=\"n\/a\" href=\"https:\/\/www.greenpeace.org\/brasil\/categoria\/amazonia\/\">Amaz\u00f4nia<\/a><\/div>\n\n<div class=\"taxonomy-post_tag wp-block-post-terms\"><a data-ga-category=\"Posts List\" data-ga-action=\"Navigation Tag\" data-ga-label=\"n\/a\" href=\"https:\/\/www.greenpeace.org\/brasil\/tag\/clima\/\" rel=\"tag\">Clima<\/a><span class=\"wp-block-post-terms__separator\"> <\/span><a data-ga-category=\"Posts List\" data-ga-action=\"Navigation Tag\" data-ga-label=\"n\/a\" href=\"https:\/\/www.greenpeace.org\/brasil\/tag\/florestas\/\" rel=\"tag\">Florestas<\/a><span class=\"wp-block-post-terms__separator\"> <\/span><a data-ga-category=\"Posts List\" data-ga-action=\"Navigation Tag\" data-ga-label=\"n\/a\" href=\"https:\/\/www.greenpeace.org\/brasil\/tag\/oceanos\/\" rel=\"tag\">Oceanos<\/a><span class=\"wp-block-post-terms__separator\"> <\/span><a data-ga-category=\"Posts List\" data-ga-action=\"Navigation Tag\" data-ga-label=\"n\/a\" href=\"https:\/\/www.greenpeace.org\/brasil\/tag\/justica-climatica\/\" rel=\"tag\">Justi\u00e7a Clim\u00e1tica<\/a><span class=\"wp-block-post-terms__separator\"> <\/span><a data-ga-category=\"Posts List\" data-ga-action=\"Navigation Tag\" data-ga-label=\"n\/a\" href=\"https:\/\/www.greenpeace.org\/brasil\/tag\/adaptacao-climatica\/\" rel=\"tag\">Adapta\u00e7\u00e3o Clim\u00e1tica<\/a><\/div><\/div>\n\n\n<h3 class=\"wp-block-post-title\"><a data-ga-category=\"Posts List\" data-ga-action=\"Title\" data-ga-label=\"n\/a\" href=\"https:\/\/www.greenpeace.org\/brasil\/blog\/aquecimento-global-o-que-e-ciclo-da-natureza-e-o-que-e-crise-climatica\/\" target=\"_self\" >Aquecimento global: o que \u00e9 ciclo da natureza e o que \u00e9 crise clim\u00e1tica?<\/a><\/h3>\n\n<div class=\"wp-block-post-excerpt\"><p class=\"wp-block-post-excerpt__excerpt\">Entenda a diferen\u00e7a entre fen\u00f4menos c\u00edclicos e crise clim\u00e1tica impulsionada por combust\u00edveis f\u00f3sseis e desmatamento, e por que eventos extremos n\u00e3o s\u00e3o naturais.<\/p><p class=\"wp-block-post-excerpt__more-text\"><a class=\"wp-block-post-excerpt__more-link\" href=\"https:\/\/www.greenpeace.org\/brasil\/blog\/aquecimento-global-o-que-e-ciclo-da-natureza-e-o-que-e-crise-climatica\/\">Saiba mais<\/a><\/p><\/div>\n\n\n<div class=\"wp-block-group posts-list-meta is-layout-flow wp-block-group-is-layout-flow\"><span class='article-list-item-author'><a data-ga-category=\"Posts List\" data-ga-action=\"Author\" data-ga-label=\"n\/a\" href='https:\/\/www.greenpeace.org\/brasil\/author\/andcruz\/'>Andressa Santa Cruz<\/a><\/span>\n\n<div class=\"wp-block-post-date\"><time datetime=\"2026-09-02T17:39:45-03:00\">2 de setembro de 2026<\/time><\/div><\/div>\n\n\n\n<div style=\"height:30px\" aria-hidden=\"true\" class=\"wp-block-spacer\"><\/div>\n<\/div>\n<\/div>\n\n<\/li><li class=\"wp-block-post post-66557 post type-post status-publish format-standard has-post-thumbnail hentry category-amazonia tag-mobilizacao tag-desmatamento p4-page-type-blog\">\n\n<div class=\"wp-block-columns is-layout-flex wp-container-core-columns-is-layout-8f761849 wp-block-columns-is-layout-flex\"><figure class=\"wp-block-post-featured-image\"><a href=\"https:\/\/www.greenpeace.org\/brasil\/blog\/adesivaco-produtos-que-contem-soja-podem-conter-desmatamento\/\" target=\"_self\"  ><img loading=\"lazy\" decoding=\"async\" data-ga-category=\"Posts List\" data-ga-action=\"Image\" data-ga-label=\"n\/a\" width=\"1500\" height=\"1125\" src=\"https:\/\/www.greenpeace.org\/static\/planet4-brasil-stateless\/2026\/08\/ae7afcbd-img_20260826_162549_3.jpg\" class=\"attachment-post-thumbnail size-post-thumbnail wp-post-image wp-stateless-item\" alt=\"Qual a rela\u00e7\u00e3o dos produtos que cont\u00e9m soja com o desmatamento na Amaz\u00f4nia?\" style=\"object-fit:cover;\" srcset=\"https:\/\/www.greenpeace.org\/static\/planet4-brasil-stateless\/2026\/08\/ae7afcbd-img_20260826_162549_3.jpg 1500w, https:\/\/www.greenpeace.org\/static\/planet4-brasil-stateless\/2026\/08\/ae7afcbd-img_20260826_162549_3-300x225.jpg 300w, https:\/\/www.greenpeace.org\/static\/planet4-brasil-stateless\/2026\/08\/ae7afcbd-img_20260826_162549_3-1024x768.jpg 1024w, https:\/\/www.greenpeace.org\/static\/planet4-brasil-stateless\/2026\/08\/ae7afcbd-img_20260826_162549_3-768x576.jpg 768w, https:\/\/www.greenpeace.org\/static\/planet4-brasil-stateless\/2026\/08\/ae7afcbd-img_20260826_162549_3-453x340.jpg 453w\" sizes=\"auto, (max-width: 1500px) 100vw, 1500px\" data-image-size=\"post-thumbnail\" data-stateless-media-bucket=\"planet4-brasil-stateless\" data-stateless-media-name=\"2026\/08\/ae7afcbd-img_20260826_162549_3.jpg\" \/><\/a><\/figure>\n\n\n<div class=\"wp-block-group is-layout-flow wp-block-group-is-layout-flow\">\n<div class=\"wp-block-group is-layout-flex wp-block-group-is-layout-flex\"><div class=\"wp-block-post-terms\"><a data-ga-category=\"Posts List\" data-ga-action=\"Post Type Tag\" data-ga-label=\"n\/a\" href=\"https:\/\/www.greenpeace.org\/brasil\/categoria\/amazonia\/\">Amaz\u00f4nia<\/a><\/div>\n\n<div class=\"taxonomy-post_tag wp-block-post-terms\"><a data-ga-category=\"Posts List\" data-ga-action=\"Navigation Tag\" data-ga-label=\"n\/a\" href=\"https:\/\/www.greenpeace.org\/brasil\/tag\/mobilizacao\/\" rel=\"tag\">Mobiliza\u00e7\u00e3o<\/a><span class=\"wp-block-post-terms__separator\"> <\/span><a data-ga-category=\"Posts List\" data-ga-action=\"Navigation Tag\" data-ga-label=\"n\/a\" href=\"https:\/\/www.greenpeace.org\/brasil\/tag\/desmatamento\/\" rel=\"tag\">Desmatamento<\/a><\/div><\/div>\n\n\n<h3 class=\"wp-block-post-title\"><a data-ga-category=\"Posts List\" data-ga-action=\"Title\" data-ga-label=\"n\/a\" href=\"https:\/\/www.greenpeace.org\/brasil\/blog\/adesivaco-produtos-que-contem-soja-podem-conter-desmatamento\/\" target=\"_self\" >Qual a rela\u00e7\u00e3o dos produtos que cont\u00e9m soja com o desmatamento na Amaz\u00f4nia?<\/a><\/h3>\n\n<div class=\"wp-block-post-excerpt\"><p class=\"wp-block-post-excerpt__excerpt\">Uma a\u00e7\u00e3o do Greenpeace Brasil revelou onde a soja se esconde no seu carrinho de compras, e porque ela pode vir de \u00e1rea desmatada na Amaz\u00f4nia. Entenda porque as empresas&hellip;<\/p><p class=\"wp-block-post-excerpt__more-text\"><a class=\"wp-block-post-excerpt__more-link\" href=\"https:\/\/www.greenpeace.org\/brasil\/blog\/adesivaco-produtos-que-contem-soja-podem-conter-desmatamento\/\">Saiba mais<\/a><\/p><\/div>\n\n\n<div class=\"wp-block-group posts-list-meta is-layout-flow wp-block-group-is-layout-flow\"><span class='article-list-item-author'><a data-ga-category=\"Posts List\" data-ga-action=\"Author\" data-ga-label=\"n\/a\" href='https:\/\/www.greenpeace.org\/brasil\/author\/caroline-haddad\/'>Caroline Haddad<\/a><\/span>\n\n<div class=\"wp-block-post-date\"><time datetime=\"2026-08-31T18:59:17-03:00\">31 de agosto de 2026<\/time><\/div><\/div>\n\n\n\n<div style=\"height:30px\" aria-hidden=\"true\" class=\"wp-block-spacer\"><\/div>\n<\/div>\n<\/div>\n\n<\/li><li class=\"wp-block-post post-66500 post type-post status-publish format-standard has-post-thumbnail hentry category-greenpeace tag-greenpeace p4-page-type-blog\">\n\n<div class=\"wp-block-columns is-layout-flex wp-container-core-columns-is-layout-8f761849 wp-block-columns-is-layout-flex\"><figure class=\"wp-block-post-featured-image\"><a href=\"https:\/\/www.greenpeace.org\/brasil\/blog\/dia-internacional-contra-os-testes-nucleares-a-luta-que-deu-origem-ao-greenpeace\/\" target=\"_self\"  ><img loading=\"lazy\" decoding=\"async\" data-ga-category=\"Posts List\" data-ga-action=\"Image\" data-ga-label=\"n\/a\" width=\"2500\" height=\"1667\" src=\"https:\/\/www.greenpeace.org\/static\/planet4-brasil-stateless\/2026\/08\/6eadad94-gp0s5d_pressmedia-2500px.jpg\" class=\"attachment-post-thumbnail size-post-thumbnail wp-post-image wp-stateless-item\" alt=\"Dia Internacional Contra os Testes Nucleares: a luta que deu origem ao Greenpeace\" style=\"object-fit:cover;\" srcset=\"https:\/\/www.greenpeace.org\/static\/planet4-brasil-stateless\/2026\/08\/6eadad94-gp0s5d_pressmedia-2500px.jpg 2500w, https:\/\/www.greenpeace.org\/static\/planet4-brasil-stateless\/2026\/08\/6eadad94-gp0s5d_pressmedia-2500px-300x200.jpg 300w, https:\/\/www.greenpeace.org\/static\/planet4-brasil-stateless\/2026\/08\/6eadad94-gp0s5d_pressmedia-2500px-1024x683.jpg 1024w, https:\/\/www.greenpeace.org\/static\/planet4-brasil-stateless\/2026\/08\/6eadad94-gp0s5d_pressmedia-2500px-768x512.jpg 768w, https:\/\/www.greenpeace.org\/static\/planet4-brasil-stateless\/2026\/08\/6eadad94-gp0s5d_pressmedia-2500px-1536x1024.jpg 1536w, https:\/\/www.greenpeace.org\/static\/planet4-brasil-stateless\/2026\/08\/6eadad94-gp0s5d_pressmedia-2500px-2048x1366.jpg 2048w, https:\/\/www.greenpeace.org\/static\/planet4-brasil-stateless\/2026\/08\/6eadad94-gp0s5d_pressmedia-2500px-510x340.jpg 510w\" sizes=\"auto, (max-width: 2500px) 100vw, 2500px\" data-image-size=\"post-thumbnail\" data-stateless-media-bucket=\"planet4-brasil-stateless\" data-stateless-media-name=\"2026\/08\/6eadad94-gp0s5d_pressmedia-2500px.jpg\" \/><\/a><\/figure>\n\n\n<div class=\"wp-block-group is-layout-flow wp-block-group-is-layout-flow\">\n<div class=\"wp-block-group is-layout-flex wp-block-group-is-layout-flex\"><div class=\"wp-block-post-terms\"><a data-ga-category=\"Posts List\" data-ga-action=\"Post Type Tag\" data-ga-label=\"n\/a\" href=\"https:\/\/www.greenpeace.org\/brasil\/categoria\/greenpeace\/\">Greenpeace<\/a><\/div>\n\n<div class=\"taxonomy-post_tag wp-block-post-terms\"><a data-ga-category=\"Posts List\" data-ga-action=\"Navigation Tag\" data-ga-label=\"n\/a\" href=\"https:\/\/www.greenpeace.org\/brasil\/tag\/greenpeace\/\" rel=\"tag\">Greenpeace<\/a><\/div><\/div>\n\n\n<h3 class=\"wp-block-post-title\"><a data-ga-category=\"Posts List\" data-ga-action=\"Title\" data-ga-label=\"n\/a\" href=\"https:\/\/www.greenpeace.org\/brasil\/blog\/dia-internacional-contra-os-testes-nucleares-a-luta-que-deu-origem-ao-greenpeace\/\" target=\"_self\" >Dia Internacional Contra os Testes Nucleares: a luta que deu origem ao Greenpeace<\/a><\/h3>\n\n<div class=\"wp-block-post-excerpt\"><p class=\"wp-block-post-excerpt__excerpt\">Neste 29 de agosto, lembramos os impactos devastadores das explos\u00f5es nucleares.<\/p><p class=\"wp-block-post-excerpt__more-text\"><a class=\"wp-block-post-excerpt__more-link\" href=\"https:\/\/www.greenpeace.org\/brasil\/blog\/dia-internacional-contra-os-testes-nucleares-a-luta-que-deu-origem-ao-greenpeace\/\">Saiba mais<\/a><\/p><\/div>\n\n\n<div class=\"wp-block-group posts-list-meta is-layout-flow wp-block-group-is-layout-flow\"><span class='article-list-item-author'><a data-ga-category=\"Posts List\" data-ga-action=\"Author\" data-ga-label=\"n\/a\" href='https:\/\/www.greenpeace.org\/brasil\/author\/bcaire\/'>Bruna Caire<\/a><\/span>\n\n<div class=\"wp-block-post-date\"><time datetime=\"2026-08-29T10:55:00-03:00\">29 de agosto de 2026<\/time><\/div><\/div>\n\n\n\n<div style=\"height:30px\" aria-hidden=\"true\" class=\"wp-block-spacer\"><\/div>\n<\/div>\n<\/div>\n\n<\/li><li class=\"wp-block-post post-66515 post type-post status-publish format-standard has-post-thumbnail hentry category-oceanos category-povos-e-territorios category-proteja-a-natureza tag-oceanos tag-povos-e-territorios p4-page-type-blog\">\n\n<div class=\"wp-block-columns is-layout-flex wp-container-core-columns-is-layout-8f761849 wp-block-columns-is-layout-flex\"><figure class=\"wp-block-post-featured-image\"><a href=\"https:\/\/www.greenpeace.org\/brasil\/blog\/sete-anos-do-derramamento-de-oleo-no-nordeste-comunidades-pesqueiras-ainda-vivem-com-as-consequencias\/\" target=\"_self\"  ><img loading=\"lazy\" decoding=\"async\" data-ga-category=\"Posts List\" data-ga-action=\"Image\" data-ga-label=\"n\/a\" width=\"2500\" height=\"1667\" src=\"https:\/\/www.greenpeace.org\/static\/planet4-brasil-stateless\/2026\/08\/dfd52d60-gp0stu9ko_pressmedia-2500px-1.jpg\" class=\"attachment-post-thumbnail size-post-thumbnail wp-post-image wp-stateless-item\" alt=\"Sete anos do derramamento de \u00f3leo no Nordeste, comunidades pesqueiras ainda vivem com as consequ\u00eancias\" style=\"object-fit:cover;\" srcset=\"https:\/\/www.greenpeace.org\/static\/planet4-brasil-stateless\/2026\/08\/dfd52d60-gp0stu9ko_pressmedia-2500px-1.jpg 2500w, https:\/\/www.greenpeace.org\/static\/planet4-brasil-stateless\/2026\/08\/dfd52d60-gp0stu9ko_pressmedia-2500px-1-300x200.jpg 300w, https:\/\/www.greenpeace.org\/static\/planet4-brasil-stateless\/2026\/08\/dfd52d60-gp0stu9ko_pressmedia-2500px-1-1024x683.jpg 1024w, https:\/\/www.greenpeace.org\/static\/planet4-brasil-stateless\/2026\/08\/dfd52d60-gp0stu9ko_pressmedia-2500px-1-768x512.jpg 768w, https:\/\/www.greenpeace.org\/static\/planet4-brasil-stateless\/2026\/08\/dfd52d60-gp0stu9ko_pressmedia-2500px-1-1536x1024.jpg 1536w, https:\/\/www.greenpeace.org\/static\/planet4-brasil-stateless\/2026\/08\/dfd52d60-gp0stu9ko_pressmedia-2500px-1-2048x1366.jpg 2048w, https:\/\/www.greenpeace.org\/static\/planet4-brasil-stateless\/2026\/08\/dfd52d60-gp0stu9ko_pressmedia-2500px-1-510x340.jpg 510w\" sizes=\"auto, (max-width: 2500px) 100vw, 2500px\" data-image-size=\"post-thumbnail\" data-stateless-media-bucket=\"planet4-brasil-stateless\" data-stateless-media-name=\"2026\/08\/dfd52d60-gp0stu9ko_pressmedia-2500px-1.jpg\" \/><\/a><\/figure>\n\n\n<div class=\"wp-block-group is-layout-flow wp-block-group-is-layout-flow\">\n<div class=\"wp-block-group is-layout-flex wp-block-group-is-layout-flex\"><div class=\"wp-block-post-terms\"><a data-ga-category=\"Posts List\" data-ga-action=\"Post Type Tag\" data-ga-label=\"n\/a\" href=\"https:\/\/www.greenpeace.org\/brasil\/categoria\/oceanos\/\">Oceanos<\/a><\/div>\n\n<div class=\"taxonomy-post_tag wp-block-post-terms\"><a data-ga-category=\"Posts List\" data-ga-action=\"Navigation Tag\" data-ga-label=\"n\/a\" href=\"https:\/\/www.greenpeace.org\/brasil\/tag\/oceanos\/\" rel=\"tag\">Oceanos<\/a><span class=\"wp-block-post-terms__separator\"> <\/span><a data-ga-category=\"Posts List\" data-ga-action=\"Navigation Tag\" data-ga-label=\"n\/a\" href=\"https:\/\/www.greenpeace.org\/brasil\/tag\/povos-e-territorios\/\" rel=\"tag\">Povos e Territ\u00f3rios<\/a><\/div><\/div>\n\n\n<h3 class=\"wp-block-post-title\"><a data-ga-category=\"Posts List\" data-ga-action=\"Title\" data-ga-label=\"n\/a\" href=\"https:\/\/www.greenpeace.org\/brasil\/blog\/sete-anos-do-derramamento-de-oleo-no-nordeste-comunidades-pesqueiras-ainda-vivem-com-as-consequencias\/\" target=\"_self\" >Sete anos do derramamento de \u00f3leo no Nordeste, comunidades pesqueiras ainda vivem com as consequ\u00eancias<\/a><\/h3>\n\n<div class=\"wp-block-post-excerpt\"><p class=\"wp-block-post-excerpt__excerpt\">Ap\u00f3s o maior desastre ambiental no litoral brasileiro, pescadores e marisqueiras ainda enfrentam impactos que afetam o trabalho, a renda e seus territ\u00f3rios.<\/p><p class=\"wp-block-post-excerpt__more-text\"><a class=\"wp-block-post-excerpt__more-link\" href=\"https:\/\/www.greenpeace.org\/brasil\/blog\/sete-anos-do-derramamento-de-oleo-no-nordeste-comunidades-pesqueiras-ainda-vivem-com-as-consequencias\/\">Saiba mais<\/a><\/p><\/div>\n\n\n<div class=\"wp-block-group posts-list-meta is-layout-flow wp-block-group-is-layout-flow\"><span class='article-list-item-author'><a data-ga-category=\"Posts List\" data-ga-action=\"Author\" data-ga-label=\"n\/a\" href='https:\/\/www.greenpeace.org\/brasil\/author\/taisterra\/'>Tais Terra<\/a><\/span>\n\n<div class=\"wp-block-post-date\"><time datetime=\"2026-08-29T08:00:00-03:00\">29 de agosto de 2026<\/time><\/div><\/div>\n\n\n\n<div style=\"height:30px\" aria-hidden=\"true\" class=\"wp-block-spacer\"><\/div>\n<\/div>\n<\/div>\n\n<\/li><li class=\"wp-block-post post-66476 post type-post status-publish format-standard has-post-thumbnail hentry category-ativismo p4-page-type-blog\">\n\n<div class=\"wp-block-columns is-layout-flex wp-container-core-columns-is-layout-8f761849 wp-block-columns-is-layout-flex\"><figure class=\"wp-block-post-featured-image\"><a href=\"https:\/\/www.greenpeace.org\/brasil\/blog\/falta-de-agua-5-motivos-para-se-preocupar-e-cobrar-solucoes\/\" target=\"_self\"  ><img loading=\"lazy\" decoding=\"async\" data-ga-category=\"Posts List\" data-ga-action=\"Image\" data-ga-label=\"n\/a\" width=\"890\" height=\"588\" src=\"https:\/\/www.greenpeace.org\/static\/planet4-brasil-stateless\/2026\/08\/f1d398c6-gp0stp1pg-e1787694761840.jpg\" class=\"attachment-post-thumbnail size-post-thumbnail wp-post-image wp-stateless-item\" alt=\"Falta de \u00e1gua: 5 motivos para se preocupar e cobrar solu\u00e7\u00f5es\" style=\"object-fit:cover;\" srcset=\"https:\/\/www.greenpeace.org\/static\/planet4-brasil-stateless\/2026\/08\/f1d398c6-gp0stp1pg-e1787694761840.jpg 890w, https:\/\/www.greenpeace.org\/static\/planet4-brasil-stateless\/2026\/08\/f1d398c6-gp0stp1pg-e1787694761840-300x198.jpg 300w, https:\/\/www.greenpeace.org\/static\/planet4-brasil-stateless\/2026\/08\/f1d398c6-gp0stp1pg-e1787694761840-768x507.jpg 768w, https:\/\/www.greenpeace.org\/static\/planet4-brasil-stateless\/2026\/08\/f1d398c6-gp0stp1pg-e1787694761840-510x337.jpg 510w\" sizes=\"auto, (max-width: 890px) 100vw, 890px\" data-image-size=\"post-thumbnail\" data-stateless-media-bucket=\"planet4-brasil-stateless\" data-stateless-media-name=\"2026\/08\/f1d398c6-gp0stp1pg-e1787694761840.jpg\" \/><\/a><\/figure>\n\n\n<div class=\"wp-block-group is-layout-flow wp-block-group-is-layout-flow\">\n<div class=\"wp-block-group is-layout-flex wp-block-group-is-layout-flex\"><div class=\"wp-block-post-terms\"><a data-ga-category=\"Posts List\" data-ga-action=\"Post Type Tag\" data-ga-label=\"n\/a\" href=\"https:\/\/www.greenpeace.org\/brasil\/categoria\/greenpeace\/ativismo\/\">Inspire Ativismo<\/a><\/div>\n\n<\/div>\n\n\n<h3 class=\"wp-block-post-title\"><a data-ga-category=\"Posts List\" data-ga-action=\"Title\" data-ga-label=\"n\/a\" href=\"https:\/\/www.greenpeace.org\/brasil\/blog\/falta-de-agua-5-motivos-para-se-preocupar-e-cobrar-solucoes\/\" target=\"_self\" >Falta de \u00e1gua: 5 motivos para se preocupar e cobrar solu\u00e7\u00f5es<\/a><\/h3>\n\n<div class=\"wp-block-post-excerpt\"><p class=\"wp-block-post-excerpt__excerpt\">Entenda o que causa a falta d&#8217;\u00e1gua, como evitar a crise h\u00eddrica e por que medidas como desconto na conta, prote\u00e7\u00e3o dos mananciais e justi\u00e7a tarif\u00e1ria funcionam.\u00a0<\/p><p class=\"wp-block-post-excerpt__more-text\"><a class=\"wp-block-post-excerpt__more-link\" href=\"https:\/\/www.greenpeace.org\/brasil\/blog\/falta-de-agua-5-motivos-para-se-preocupar-e-cobrar-solucoes\/\">Saiba mais<\/a><\/p><\/div>\n\n\n<div class=\"wp-block-group posts-list-meta is-layout-flow wp-block-group-is-layout-flow\"><span class='article-list-item-author'><a data-ga-category=\"Posts List\" data-ga-action=\"Author\" data-ga-label=\"n\/a\" href='https:\/\/www.greenpeace.org\/brasil\/author\/andcruz\/'>Andressa Santa Cruz<\/a><\/span>\n\n<div class=\"wp-block-post-date\"><time datetime=\"2026-08-25T18:44:20-03:00\">25 de agosto de 2026<\/time><\/div><\/div>\n\n\n\n<div style=\"height:30px\" aria-hidden=\"true\" class=\"wp-block-spacer\"><\/div>\n<\/div>\n<\/div>\n\n<\/li><li class=\"wp-block-post post-66456 post type-post status-publish format-standard has-post-thumbnail hentry category-ativismo tag-greenpeace p4-page-type-blog\">\n\n<div class=\"wp-block-columns is-layout-flex wp-container-core-columns-is-layout-8f761849 wp-block-columns-is-layout-flex\"><figure class=\"wp-block-post-featured-image\"><a href=\"https:\/\/www.greenpeace.org\/brasil\/blog\/como-o-voluntariado-transformou-a-carreira-de-ana-clis-no-greenpeace\/\" target=\"_self\"  ><img loading=\"lazy\" decoding=\"async\" data-ga-category=\"Posts List\" data-ga-action=\"Image\" data-ga-label=\"n\/a\" width=\"2560\" height=\"1706\" src=\"https:\/\/www.greenpeace.org\/static\/planet4-brasil-stateless\/2026\/08\/591fb7c6-e9a7338-scaled.jpg\" class=\"attachment-post-thumbnail size-post-thumbnail wp-post-image wp-stateless-item\" alt=\"Como o voluntariado transformou a carreira de Ana Clis no Greenpeace\" style=\"object-fit:cover;\" srcset=\"https:\/\/www.greenpeace.org\/static\/planet4-brasil-stateless\/2026\/08\/591fb7c6-e9a7338-scaled.jpg 2560w, https:\/\/www.greenpeace.org\/static\/planet4-brasil-stateless\/2026\/08\/591fb7c6-e9a7338-300x200.jpg 300w, https:\/\/www.greenpeace.org\/static\/planet4-brasil-stateless\/2026\/08\/591fb7c6-e9a7338-1024x683.jpg 1024w, https:\/\/www.greenpeace.org\/static\/planet4-brasil-stateless\/2026\/08\/591fb7c6-e9a7338-768x512.jpg 768w, https:\/\/www.greenpeace.org\/static\/planet4-brasil-stateless\/2026\/08\/591fb7c6-e9a7338-1536x1024.jpg 1536w, https:\/\/www.greenpeace.org\/static\/planet4-brasil-stateless\/2026\/08\/591fb7c6-e9a7338-2048x1366.jpg 2048w, https:\/\/www.greenpeace.org\/static\/planet4-brasil-stateless\/2026\/08\/591fb7c6-e9a7338-510x340.jpg 510w\" sizes=\"auto, (max-width: 2560px) 100vw, 2560px\" data-image-size=\"post-thumbnail\" data-stateless-media-bucket=\"planet4-brasil-stateless\" data-stateless-media-name=\"2026\/08\/591fb7c6-e9a7338-scaled.jpg\" \/><\/a><\/figure>\n\n\n<div class=\"wp-block-group is-layout-flow wp-block-group-is-layout-flow\">\n<div class=\"wp-block-group is-layout-flex wp-block-group-is-layout-flex\"><div class=\"wp-block-post-terms\"><a data-ga-category=\"Posts List\" data-ga-action=\"Post Type Tag\" data-ga-label=\"n\/a\" href=\"https:\/\/www.greenpeace.org\/brasil\/categoria\/greenpeace\/ativismo\/\">Inspire Ativismo<\/a><\/div>\n\n<div class=\"taxonomy-post_tag wp-block-post-terms\"><a data-ga-category=\"Posts List\" data-ga-action=\"Navigation Tag\" data-ga-label=\"n\/a\" href=\"https:\/\/www.greenpeace.org\/brasil\/tag\/greenpeace\/\" rel=\"tag\">Greenpeace<\/a><\/div><\/div>\n\n\n<h3 class=\"wp-block-post-title\"><a data-ga-category=\"Posts List\" data-ga-action=\"Title\" data-ga-label=\"n\/a\" href=\"https:\/\/www.greenpeace.org\/brasil\/blog\/como-o-voluntariado-transformou-a-carreira-de-ana-clis-no-greenpeace\/\" target=\"_self\" >Como o voluntariado transformou a carreira de Ana Clis no Greenpeace<\/a><\/h3>\n\n<div class=\"wp-block-post-excerpt\"><p class=\"wp-block-post-excerpt__excerpt\">Conhe\u00e7a a hist\u00f3ria de Ana Clis Ferreira, ativista do Greenpeace Brasil que conecta o movimento ambientalista \u00e0s periferias e territ\u00f3rios ind\u00edgenas urbanos.<\/p><p class=\"wp-block-post-excerpt__more-text\"><a class=\"wp-block-post-excerpt__more-link\" href=\"https:\/\/www.greenpeace.org\/brasil\/blog\/como-o-voluntariado-transformou-a-carreira-de-ana-clis-no-greenpeace\/\">Saiba mais<\/a><\/p><\/div>\n\n\n<div class=\"wp-block-group posts-list-meta is-layout-flow wp-block-group-is-layout-flow\"><span class='article-list-item-author'><a data-ga-category=\"Posts List\" data-ga-action=\"Author\" data-ga-label=\"n\/a\" href='https:\/\/www.greenpeace.org\/brasil\/author\/gpbrasil\/'>Greenpeace Brasil<\/a><\/span>\n\n<div class=\"wp-block-post-date\"><time datetime=\"2026-08-22T11:00:00-03:00\">22 de agosto de 2026<\/time><\/div><\/div>\n\n\n\n<div style=\"height:30px\" aria-hidden=\"true\" class=\"wp-block-spacer\"><\/div>\n<\/div>\n<\/div>\n\n<\/li><li class=\"wp-block-post post-66447 post type-post status-publish format-standard has-post-thumbnail hentry category-greenpeace tag-institucional p4-page-type-blog\">\n\n<div class=\"wp-block-columns is-layout-flex wp-container-core-columns-is-layout-8f761849 wp-block-columns-is-layout-flex\"><figure class=\"wp-block-post-featured-image\"><a href=\"https:\/\/www.greenpeace.org\/brasil\/blog\/eleicoes-2026-por-que-o-seu-voto-para-o-senado-importa\/\" target=\"_self\"  ><img loading=\"lazy\" decoding=\"async\" data-ga-category=\"Posts List\" data-ga-action=\"Image\" data-ga-label=\"n\/a\" width=\"1080\" height=\"845\" src=\"https:\/\/www.greenpeace.org\/static\/planet4-brasil-stateless\/2026\/08\/48beb04e-desembaralho-1.png\" class=\"attachment-post-thumbnail size-post-thumbnail wp-post-image wp-stateless-item\" alt=\"Elei\u00e7\u00f5es 2026: por que o seu voto para o Senado importa?\" style=\"object-fit:cover;\" srcset=\"https:\/\/www.greenpeace.org\/static\/planet4-brasil-stateless\/2026\/08\/48beb04e-desembaralho-1.png 1080w, https:\/\/www.greenpeace.org\/static\/planet4-brasil-stateless\/2026\/08\/48beb04e-desembaralho-1-300x235.png 300w, https:\/\/www.greenpeace.org\/static\/planet4-brasil-stateless\/2026\/08\/48beb04e-desembaralho-1-1024x801.png 1024w, https:\/\/www.greenpeace.org\/static\/planet4-brasil-stateless\/2026\/08\/48beb04e-desembaralho-1-768x601.png 768w, https:\/\/www.greenpeace.org\/static\/planet4-brasil-stateless\/2026\/08\/48beb04e-desembaralho-1-435x340.png 435w\" sizes=\"auto, (max-width: 1080px) 100vw, 1080px\" data-image-size=\"post-thumbnail\" data-stateless-media-bucket=\"planet4-brasil-stateless\" data-stateless-media-name=\"2026\/08\/48beb04e-desembaralho-1.png\" \/><\/a><\/figure>\n\n\n<div class=\"wp-block-group is-layout-flow wp-block-group-is-layout-flow\">\n<div class=\"wp-block-group is-layout-flex wp-block-group-is-layout-flex\"><div class=\"wp-block-post-terms\"><a data-ga-category=\"Posts List\" data-ga-action=\"Post Type Tag\" data-ga-label=\"n\/a\" href=\"https:\/\/www.greenpeace.org\/brasil\/categoria\/greenpeace\/\">Greenpeace<\/a><\/div>\n\n<div class=\"taxonomy-post_tag wp-block-post-terms\"><a data-ga-category=\"Posts List\" data-ga-action=\"Navigation Tag\" data-ga-label=\"n\/a\" href=\"https:\/\/www.greenpeace.org\/brasil\/tag\/institucional\/\" rel=\"tag\">Institucional<\/a><\/div><\/div>\n\n\n<h3 class=\"wp-block-post-title\"><a data-ga-category=\"Posts List\" data-ga-action=\"Title\" data-ga-label=\"n\/a\" href=\"https:\/\/www.greenpeace.org\/brasil\/blog\/eleicoes-2026-por-que-o-seu-voto-para-o-senado-importa\/\" target=\"_self\" >Elei\u00e7\u00f5es 2026: por que o seu voto para o Senado importa?<\/a><\/h3>\n\n<div class=\"wp-block-post-excerpt\"><p class=\"wp-block-post-excerpt__excerpt\">Conhe\u00e7a o Desembaralho do Senado, uma iniciativa do Greenpeace Brasil para informar sobre a import\u00e2ncia do voto.<\/p><p class=\"wp-block-post-excerpt__more-text\"><a class=\"wp-block-post-excerpt__more-link\" href=\"https:\/\/www.greenpeace.org\/brasil\/blog\/eleicoes-2026-por-que-o-seu-voto-para-o-senado-importa\/\">Saiba mais<\/a><\/p><\/div>\n\n\n<div class=\"wp-block-group posts-list-meta is-layout-flow wp-block-group-is-layout-flow\"><span class='article-list-item-author'><a data-ga-category=\"Posts List\" data-ga-action=\"Author\" data-ga-label=\"n\/a\" href='https:\/\/www.greenpeace.org\/brasil\/author\/gpbrasil\/'>Greenpeace Brasil<\/a><\/span>\n\n<div class=\"wp-block-post-date\"><time datetime=\"2026-08-21T09:20:34-03:00\">21 de agosto de 2026<\/time><\/div><\/div>\n\n\n\n<div style=\"height:30px\" aria-hidden=\"true\" class=\"wp-block-spacer\"><\/div>\n<\/div>\n<\/div>\n\n<\/li><li class=\"wp-block-post post-66400 post type-post status-publish format-standard has-post-thumbnail hentry category-amazonia category-greenpeace tag-greenpeace tag-florestas tag-desmatamento p4-page-type-blog\">\n\n<div class=\"wp-block-columns is-layout-flex wp-container-core-columns-is-layout-8f761849 wp-block-columns-is-layout-flex\"><figure class=\"wp-block-post-featured-image\"><a href=\"https:\/\/www.greenpeace.org\/brasil\/blog\/stf-moratoria-da-soja-constitucional\/\" target=\"_self\"  ><img loading=\"lazy\" decoding=\"async\" data-ga-category=\"Posts List\" data-ga-action=\"Image\" data-ga-label=\"n\/a\" width=\"800\" height=\"533\" src=\"https:\/\/www.greenpeace.org\/static\/planet4-brasil-stateless\/2026\/07\/690360f2-gp01e3l_low-res-800px.jpg\" class=\"attachment-post-thumbnail size-post-thumbnail wp-post-image wp-stateless-item\" alt=\"STF declara Morat\u00f3ria da Soja constitucional, mas valida lei que favorece o desmatamento\" style=\"object-fit:cover;\" srcset=\"https:\/\/www.greenpeace.org\/static\/planet4-brasil-stateless\/2026\/07\/690360f2-gp01e3l_low-res-800px.jpg 800w, https:\/\/www.greenpeace.org\/static\/planet4-brasil-stateless\/2026\/07\/690360f2-gp01e3l_low-res-800px-300x200.jpg 300w, https:\/\/www.greenpeace.org\/static\/planet4-brasil-stateless\/2026\/07\/690360f2-gp01e3l_low-res-800px-768x512.jpg 768w, https:\/\/www.greenpeace.org\/static\/planet4-brasil-stateless\/2026\/07\/690360f2-gp01e3l_low-res-800px-510x340.jpg 510w\" sizes=\"auto, (max-width: 800px) 100vw, 800px\" data-image-size=\"post-thumbnail\" data-stateless-media-bucket=\"planet4-brasil-stateless\" data-stateless-media-name=\"2026\/07\/690360f2-gp01e3l_low-res-800px.jpg\" \/><\/a><\/figure>\n\n\n<div class=\"wp-block-group is-layout-flow wp-block-group-is-layout-flow\">\n<div class=\"wp-block-group is-layout-flex wp-block-group-is-layout-flex\"><div class=\"wp-block-post-terms\"><a data-ga-category=\"Posts List\" data-ga-action=\"Post Type Tag\" data-ga-label=\"n\/a\" href=\"https:\/\/www.greenpeace.org\/brasil\/categoria\/amazonia\/\">Amaz\u00f4nia<\/a><\/div>\n\n<div class=\"taxonomy-post_tag wp-block-post-terms\"><a data-ga-category=\"Posts List\" data-ga-action=\"Navigation Tag\" data-ga-label=\"n\/a\" href=\"https:\/\/www.greenpeace.org\/brasil\/tag\/greenpeace\/\" rel=\"tag\">Greenpeace<\/a><span class=\"wp-block-post-terms__separator\"> <\/span><a data-ga-category=\"Posts List\" data-ga-action=\"Navigation Tag\" data-ga-label=\"n\/a\" href=\"https:\/\/www.greenpeace.org\/brasil\/tag\/florestas\/\" rel=\"tag\">Florestas<\/a><span class=\"wp-block-post-terms__separator\"> <\/span><a data-ga-category=\"Posts List\" data-ga-action=\"Navigation Tag\" data-ga-label=\"n\/a\" href=\"https:\/\/www.greenpeace.org\/brasil\/tag\/desmatamento\/\" rel=\"tag\">Desmatamento<\/a><\/div><\/div>\n\n\n<h3 class=\"wp-block-post-title\"><a data-ga-category=\"Posts List\" data-ga-action=\"Title\" data-ga-label=\"n\/a\" href=\"https:\/\/www.greenpeace.org\/brasil\/blog\/stf-moratoria-da-soja-constitucional\/\" target=\"_self\" >STF declara Morat\u00f3ria da Soja constitucional, mas valida lei que favorece o desmatamento<\/a><\/h3>\n\n<div class=\"wp-block-post-excerpt\"><p class=\"wp-block-post-excerpt__excerpt\">O STF disse \u201csim\u201d \u00e0 Morat\u00f3ria da Soja e \u201csim\u201d a quem trabalhou para destru\u00ed-la. Entenda a decis\u00e3o e o risco para a Amaz\u00f4nia.<\/p><p class=\"wp-block-post-excerpt__more-text\"><a class=\"wp-block-post-excerpt__more-link\" href=\"https:\/\/www.greenpeace.org\/brasil\/blog\/stf-moratoria-da-soja-constitucional\/\">Saiba mais<\/a><\/p><\/div>\n\n\n<div class=\"wp-block-group posts-list-meta is-layout-flow wp-block-group-is-layout-flow\"><span class='article-list-item-author'><a data-ga-category=\"Posts List\" data-ga-action=\"Author\" data-ga-label=\"n\/a\" href='https:\/\/www.greenpeace.org\/brasil\/author\/gpbrasil\/'>Greenpeace Brasil<\/a><\/span>\n\n<div class=\"wp-block-post-date\"><time datetime=\"2026-08-18T13:12:46-03:00\">18 de agosto de 2026<\/time><\/div><\/div>\n\n\n\n<div style=\"height:30px\" aria-hidden=\"true\" class=\"wp-block-spacer\"><\/div>\n<\/div>\n<\/div>\n\n<\/li><li class=\"wp-block-post post-66265 post type-post status-publish format-standard has-post-thumbnail hentry category-biodiversidade category-oceanos tag-oceanos tag-mineracao p4-page-type-blog\">\n\n<div class=\"wp-block-columns is-layout-flex wp-container-core-columns-is-layout-8f761849 wp-block-columns-is-layout-flex\"><figure class=\"wp-block-post-featured-image\"><a href=\"https:\/\/www.greenpeace.org\/brasil\/blog\/apoio-global-a-moratoria-da-mineracao-em-aguas-profundas-cresce\/\" target=\"_self\"  ><img loading=\"lazy\" decoding=\"async\" data-ga-category=\"Posts List\" data-ga-action=\"Image\" data-ga-label=\"n\/a\" width=\"1600\" height=\"1067\" src=\"https:\/\/www.greenpeace.org\/static\/planet4-brasil-stateless\/2026\/08\/44592f2b-dsm_3-edited.jpg\" class=\"attachment-post-thumbnail size-post-thumbnail wp-post-image wp-stateless-item\" alt=\"Apoio global \u00e0 morat\u00f3ria da minera\u00e7\u00e3o em \u00e1guas profundas cresce\" style=\"object-fit:cover;\" srcset=\"https:\/\/www.greenpeace.org\/static\/planet4-brasil-stateless\/2026\/08\/44592f2b-dsm_3-edited.jpg 1600w, https:\/\/www.greenpeace.org\/static\/planet4-brasil-stateless\/2026\/08\/44592f2b-dsm_3-edited-300x200.jpg 300w, https:\/\/www.greenpeace.org\/static\/planet4-brasil-stateless\/2026\/08\/44592f2b-dsm_3-edited-1024x683.jpg 1024w, https:\/\/www.greenpeace.org\/static\/planet4-brasil-stateless\/2026\/08\/44592f2b-dsm_3-edited-768x512.jpg 768w, https:\/\/www.greenpeace.org\/static\/planet4-brasil-stateless\/2026\/08\/44592f2b-dsm_3-edited-1536x1024.jpg 1536w, https:\/\/www.greenpeace.org\/static\/planet4-brasil-stateless\/2026\/08\/44592f2b-dsm_3-edited-510x340.jpg 510w\" sizes=\"auto, (max-width: 1600px) 100vw, 1600px\" data-image-size=\"post-thumbnail\" data-stateless-media-bucket=\"planet4-brasil-stateless\" data-stateless-media-name=\"2026\/08\/44592f2b-dsm_3-edited.jpg\" \/><\/a><\/figure>\n\n\n<div class=\"wp-block-group is-layout-flow wp-block-group-is-layout-flow\">\n<div class=\"wp-block-group is-layout-flex wp-block-group-is-layout-flex\"><div class=\"wp-block-post-terms\"><a data-ga-category=\"Posts List\" data-ga-action=\"Post Type Tag\" data-ga-label=\"n\/a\" href=\"https:\/\/www.greenpeace.org\/brasil\/categoria\/amazonia\/biodiversidade\/\">Biodiversidade<\/a><\/div>\n\n<div class=\"taxonomy-post_tag wp-block-post-terms\"><a data-ga-category=\"Posts List\" data-ga-action=\"Navigation Tag\" data-ga-label=\"n\/a\" href=\"https:\/\/www.greenpeace.org\/brasil\/tag\/oceanos\/\" rel=\"tag\">Oceanos<\/a><span class=\"wp-block-post-terms__separator\"> <\/span><a data-ga-category=\"Posts List\" data-ga-action=\"Navigation Tag\" data-ga-label=\"n\/a\" href=\"https:\/\/www.greenpeace.org\/brasil\/tag\/mineracao\/\" rel=\"tag\">Minera\u00e7\u00e3o<\/a><\/div><\/div>\n\n\n<h3 class=\"wp-block-post-title\"><a data-ga-category=\"Posts List\" data-ga-action=\"Title\" data-ga-label=\"n\/a\" href=\"https:\/\/www.greenpeace.org\/brasil\/blog\/apoio-global-a-moratoria-da-mineracao-em-aguas-profundas-cresce\/\" target=\"_self\" >Apoio global \u00e0 morat\u00f3ria da minera\u00e7\u00e3o em \u00e1guas profundas cresce<\/a><\/h3>\n\n<div class=\"wp-block-post-excerpt\"><p class=\"wp-block-post-excerpt__excerpt\">Com 46 pa\u00edses defendendo um caminho de precau\u00e7\u00e3o, cresce a press\u00e3o internacional para impedir o in\u00edcio da minera\u00e7\u00e3o em \u00e1guas profundas.<\/p><p class=\"wp-block-post-excerpt__more-text\"><a class=\"wp-block-post-excerpt__more-link\" href=\"https:\/\/www.greenpeace.org\/brasil\/blog\/apoio-global-a-moratoria-da-mineracao-em-aguas-profundas-cresce\/\">Saiba mais<\/a><\/p><\/div>\n\n\n<div class=\"wp-block-group posts-list-meta is-layout-flow wp-block-group-is-layout-flow\"><span class='article-list-item-author'><a data-ga-category=\"Posts List\" data-ga-action=\"Author\" data-ga-label=\"n\/a\" href='https:\/\/www.greenpeace.org\/brasil\/author\/taisterra\/'>Tais Terra<\/a><\/span>\n\n<div class=\"wp-block-post-date\"><time datetime=\"2026-08-13T15:37:29-03:00\">13 de agosto de 2026<\/time><\/div><\/div>\n\n\n\n<div style=\"height:30px\" aria-hidden=\"true\" class=\"wp-block-spacer\"><\/div>\n<\/div>\n<\/div>\n\n<\/li><li class=\"wp-block-post post-66155 post type-post status-publish format-standard has-post-thumbnail hentry category-ativismo p4-page-type-blog\">\n\n<div class=\"wp-block-columns is-layout-flex wp-container-core-columns-is-layout-8f761849 wp-block-columns-is-layout-flex\"><figure class=\"wp-block-post-featured-image\"><a href=\"https:\/\/www.greenpeace.org\/brasil\/blog\/conta-de-agua-da-sabesp-pressione-para-garantir-seu-desconto\/\" target=\"_self\"  ><img loading=\"lazy\" decoding=\"async\" data-ga-category=\"Posts List\" data-ga-action=\"Image\" data-ga-label=\"n\/a\" width=\"1067\" height=\"800\" src=\"https:\/\/www.greenpeace.org\/static\/planet4-brasil-stateless\/2026\/08\/aaf6fcfd-header_v2-p4.png\" class=\"attachment-post-thumbnail size-post-thumbnail wp-post-image wp-stateless-item\" alt=\"Conta de \u00e1gua da Sabesp: pressione para garantir seu desconto\" style=\"object-fit:cover;\" srcset=\"https:\/\/www.greenpeace.org\/static\/planet4-brasil-stateless\/2026\/08\/aaf6fcfd-header_v2-p4.png 1067w, https:\/\/www.greenpeace.org\/static\/planet4-brasil-stateless\/2026\/08\/aaf6fcfd-header_v2-p4-300x225.png 300w, https:\/\/www.greenpeace.org\/static\/planet4-brasil-stateless\/2026\/08\/aaf6fcfd-header_v2-p4-1024x768.png 1024w, https:\/\/www.greenpeace.org\/static\/planet4-brasil-stateless\/2026\/08\/aaf6fcfd-header_v2-p4-768x576.png 768w, https:\/\/www.greenpeace.org\/static\/planet4-brasil-stateless\/2026\/08\/aaf6fcfd-header_v2-p4-453x340.png 453w\" sizes=\"auto, (max-width: 1067px) 100vw, 1067px\" data-image-size=\"post-thumbnail\" data-stateless-media-bucket=\"planet4-brasil-stateless\" data-stateless-media-name=\"2026\/08\/aaf6fcfd-header_v2-p4.png\" \/><\/a><\/figure>\n\n\n<div class=\"wp-block-group is-layout-flow wp-block-group-is-layout-flow\">\n<div class=\"wp-block-group is-layout-flex wp-block-group-is-layout-flex\"><div class=\"wp-block-post-terms\"><a data-ga-category=\"Posts List\" data-ga-action=\"Post Type Tag\" data-ga-label=\"n\/a\" href=\"https:\/\/www.greenpeace.org\/brasil\/categoria\/greenpeace\/ativismo\/\">Inspire Ativismo<\/a><\/div>\n\n<\/div>\n\n\n<h3 class=\"wp-block-post-title\"><a data-ga-category=\"Posts List\" data-ga-action=\"Title\" data-ga-label=\"n\/a\" href=\"https:\/\/www.greenpeace.org\/brasil\/blog\/conta-de-agua-da-sabesp-pressione-para-garantir-seu-desconto\/\" target=\"_self\" >Conta de \u00e1gua da Sabesp: pressione para garantir seu desconto<\/a><\/h3>\n\n<div class=\"wp-block-post-excerpt\"><p class=\"wp-block-post-excerpt__excerpt\">Para evitar a falta de \u00e1gua, quem economiza merece um desconto na tarifa. A medida j\u00e1 funcionou em S\u00e3o Paulo e ajuda a proteger os mananciais em situa\u00e7\u00f5es de crise.<\/p><p class=\"wp-block-post-excerpt__more-text\"><a class=\"wp-block-post-excerpt__more-link\" href=\"https:\/\/www.greenpeace.org\/brasil\/blog\/conta-de-agua-da-sabesp-pressione-para-garantir-seu-desconto\/\">Saiba mais<\/a><\/p><\/div>\n\n\n<div class=\"wp-block-group posts-list-meta is-layout-flow wp-block-group-is-layout-flow\"><span class='article-list-item-author'><a data-ga-category=\"Posts List\" data-ga-action=\"Author\" data-ga-label=\"n\/a\" href='https:\/\/www.greenpeace.org\/brasil\/author\/gpbrasil\/'>Greenpeace Brasil<\/a><\/span>\n\n<div class=\"wp-block-post-date\"><time datetime=\"2026-08-10T05:00:00-03:00\">10 de agosto de 2026<\/time><\/div><\/div>\n\n\n\n<div style=\"height:30px\" aria-hidden=\"true\" class=\"wp-block-spacer\"><\/div>\n<\/div>\n<\/div>\n\n<\/li><li class=\"wp-block-post post-66162 post type-post status-publish format-standard has-post-thumbnail hentry category-amazonia category-biodiversidade tag-florestas tag-desmatamento p4-page-type-blog\">\n\n<div class=\"wp-block-columns is-layout-flex wp-container-core-columns-is-layout-8f761849 wp-block-columns-is-layout-flex\"><figure class=\"wp-block-post-featured-image\"><a href=\"https:\/\/www.greenpeace.org\/brasil\/blog\/um-marco-historico-para-o-desmatamento-zero-no-brasil\/\" target=\"_self\"  ><img loading=\"lazy\" decoding=\"async\" data-ga-category=\"Posts List\" data-ga-action=\"Image\" data-ga-label=\"n\/a\" width=\"784\" height=\"1176\" src=\"https:\/\/www.greenpeace.org\/static\/planet4-brasil-stateless\/2026\/08\/02d0b0be-gp0stxhg2-edited.jpg\" class=\"attachment-post-thumbnail size-post-thumbnail wp-post-image wp-stateless-item\" alt=\"Um marco hist\u00f3rico para o Desmatamento Zero no Brasil\" style=\"object-fit:cover;\" srcset=\"https:\/\/www.greenpeace.org\/static\/planet4-brasil-stateless\/2026\/08\/02d0b0be-gp0stxhg2-edited.jpg 784w, https:\/\/www.greenpeace.org\/static\/planet4-brasil-stateless\/2026\/08\/02d0b0be-gp0stxhg2-edited-200x300.jpg 200w, https:\/\/www.greenpeace.org\/static\/planet4-brasil-stateless\/2026\/08\/02d0b0be-gp0stxhg2-edited-683x1024.jpg 683w, https:\/\/www.greenpeace.org\/static\/planet4-brasil-stateless\/2026\/08\/02d0b0be-gp0stxhg2-edited-768x1152.jpg 768w, https:\/\/www.greenpeace.org\/static\/planet4-brasil-stateless\/2026\/08\/02d0b0be-gp0stxhg2-edited-227x340.jpg 227w\" sizes=\"auto, (max-width: 784px) 100vw, 784px\" data-image-size=\"post-thumbnail\" data-stateless-media-bucket=\"planet4-brasil-stateless\" data-stateless-media-name=\"2026\/08\/02d0b0be-gp0stxhg2-edited.jpg\" \/><\/a><\/figure>\n\n\n<div class=\"wp-block-group is-layout-flow wp-block-group-is-layout-flow\">\n<div class=\"wp-block-group is-layout-flex wp-block-group-is-layout-flex\"><div class=\"wp-block-post-terms\"><a data-ga-category=\"Posts List\" data-ga-action=\"Post Type Tag\" data-ga-label=\"n\/a\" href=\"https:\/\/www.greenpeace.org\/brasil\/categoria\/amazonia\/\">Amaz\u00f4nia<\/a><\/div>\n\n<div class=\"taxonomy-post_tag wp-block-post-terms\"><a data-ga-category=\"Posts List\" data-ga-action=\"Navigation Tag\" data-ga-label=\"n\/a\" href=\"https:\/\/www.greenpeace.org\/brasil\/tag\/florestas\/\" rel=\"tag\">Florestas<\/a><span class=\"wp-block-post-terms__separator\"> <\/span><a data-ga-category=\"Posts List\" data-ga-action=\"Navigation Tag\" data-ga-label=\"n\/a\" href=\"https:\/\/www.greenpeace.org\/brasil\/tag\/desmatamento\/\" rel=\"tag\">Desmatamento<\/a><\/div><\/div>\n\n\n<h3 class=\"wp-block-post-title\"><a data-ga-category=\"Posts List\" data-ga-action=\"Title\" data-ga-label=\"n\/a\" href=\"https:\/\/www.greenpeace.org\/brasil\/blog\/um-marco-historico-para-o-desmatamento-zero-no-brasil\/\" target=\"_self\" >Um marco hist\u00f3rico para o Desmatamento Zero no Brasil<\/a><\/h3>\n\n<div class=\"wp-block-post-excerpt\"><p class=\"wp-block-post-excerpt__excerpt\">Alertas de desmatamento entre agosto de 2025 e julho de 2026 atingiram o menor n\u00famero para o per\u00edodo de 12 meses desde o in\u00edcio da s\u00e9rie hist\u00f3rica no bioma Amaz\u00f4nia.<\/p><p class=\"wp-block-post-excerpt__more-text\"><a class=\"wp-block-post-excerpt__more-link\" href=\"https:\/\/www.greenpeace.org\/brasil\/blog\/um-marco-historico-para-o-desmatamento-zero-no-brasil\/\">Saiba mais<\/a><\/p><\/div>\n\n\n<div class=\"wp-block-group posts-list-meta is-layout-flow wp-block-group-is-layout-flow\"><span class='article-list-item-author'><a data-ga-category=\"Posts List\" data-ga-action=\"Author\" data-ga-label=\"n\/a\" href='https:\/\/www.greenpeace.org\/brasil\/author\/anaclis\/'>Ana Clis Ferreira<\/a><\/span>\n\n<div class=\"wp-block-post-date\"><time datetime=\"2026-08-07T16:45:50-03:00\">7 de agosto de 2026<\/time><\/div><\/div>\n\n\n\n<div style=\"height:30px\" aria-hidden=\"true\" class=\"wp-block-spacer\"><\/div>\n<\/div>\n<\/div>\n\n<\/li><\/ul>\n\n\n<div class=\"wp-block-buttons carousel-controls is-horizontal is-content-justification-space-between is-nowrap is-layout-flex wp-container-core-buttons-is-layout-358af4b1 wp-block-buttons-is-layout-flex\">\n<div class=\"wp-block-button carousel-control-prev\"><button type=\"button\" class=\"wp-block-button__link wp-element-button\">Previous Carousel Slide<\/button><\/div>\n\n\n\n<div class=\"wp-block-button carousel-control-next\"><button type=\"button\" class=\"wp-block-button__link wp-element-button\">Next Carousel Slide<\/button><\/div>\n<\/div>\n\n\n<li class=\"wp-block-navigation-item see-all-link wp-block-navigation-link\"><a class=\"wp-block-navigation-item__content\"  href=\"https:\/\/www.greenpeace.org\/brasil\/noticias-e-historias\/\"><span data-ga-category=\"Posts List\" data-ga-action=\"See More Link\" data-ga-label=\"n\/a\" class=\"wp-block-navigation-item__label\">Ler todas as not\u00edcias<\/span><\/a><\/li><\/div>\n\n<div class=\"wp-block-group is-layout-flow wp-block-group-is-layout-flow\">\n<div class=\"wp-block-group container is-layout-flow wp-block-group-is-layout-flow\">\n<div style=\"height:76px\" aria-hidden=\"true\" class=\"wp-block-spacer\"><\/div>\n\n\n\n<h1 class=\"wp-block-heading has-text-align-center has-grey-900-color has-text-color has-large-font-size\">Estamos lutando para proteger o meio ambiente<\/h1>\n\n\n\n<p class=\"has-text-align-center gpbr-has-roboto-font wp-block-paragraph\">Fazemos isso por meio de nossas campanhas:<br><\/p>\n\n\n\n<div class=\"wp-block-group force-no-lightbox is-layout-constrained wp-container-core-group-is-layout-3fe47626 wp-block-group-is-layout-constrained\">\n<div class=\"wp-block-columns issues-columns is-layout-flex wp-container-core-columns-is-layout-8f761849 wp-block-columns-is-layout-flex\">\n<div class=\"wp-block-column has-white-background-color has-background is-layout-flow wp-block-column-is-layout-flow\" style=\"flex-basis:25%\">\n<div class=\"wp-block-group is-layout-constrained wp-container-core-group-is-layout-3ca6445c wp-block-group-is-layout-constrained\">\n<div style=\"height:16px\" aria-hidden=\"true\" class=\"wp-block-spacer\"><\/div>\n\n\n\n<div class=\"wp-block-media-text alignwide is-vertically-aligned-center force-no-lightbox\" style=\"grid-template-columns:46% auto\"><figure class=\"wp-block-media-text__media\"><img loading=\"lazy\" decoding=\"async\" width=\"1024\" height=\"1024\" src=\"https:\/\/www.greenpeace.org\/static\/planet4-brasil-stateless\/2026\/08\/b31c0b4e-home_amazonia-1_verde@2048_icon-1024x1024.png\" alt=\"\" sizes=\"auto, (min-width: 1600px) calc((1320px - 24px) \/ 2.1739),(min-width: 1200px) calc((1140px - 24px) \/ 2.1739),(min-width: 992px) calc((960px - 24px) \/ 2.1739),(min-width: 768px) calc((720px - 24px) \/ 2.1739),(min-width: 601px) calc((540px - 24px) \/ 2.1739),(min-width: 577px) calc((540px - 24px) \/ 2.1739), calc((100vw - 24px) * 46 \/ 100)\" srcset=\"https:\/\/www.greenpeace.org\/static\/planet4-brasil-stateless\/2026\/08\/b31c0b4e-home_amazonia-1_verde@2048_icon.png 2048w, https:\/\/www.greenpeace.org\/static\/planet4-brasil-stateless\/2026\/08\/b31c0b4e-home_amazonia-1_verde@2048_icon-300x300.png 300w, https:\/\/www.greenpeace.org\/static\/planet4-brasil-stateless\/2026\/08\/b31c0b4e-home_amazonia-1_verde@2048_icon-1024x1024.png 1024w, https:\/\/www.greenpeace.org\/static\/planet4-brasil-stateless\/2026\/08\/b31c0b4e-home_amazonia-1_verde@2048_icon-150x150.png 150w, https:\/\/www.greenpeace.org\/static\/planet4-brasil-stateless\/2026\/08\/b31c0b4e-home_amazonia-1_verde@2048_icon-768x768.png 768w, https:\/\/www.greenpeace.org\/static\/planet4-brasil-stateless\/2026\/08\/b31c0b4e-home_amazonia-1_verde@2048_icon-1536x1536.png 1536w, https:\/\/www.greenpeace.org\/static\/planet4-brasil-stateless\/2026\/08\/b31c0b4e-home_amazonia-1_verde@2048_icon-1366x1366.png 1366w, https:\/\/www.greenpeace.org\/static\/planet4-brasil-stateless\/2026\/08\/b31c0b4e-home_amazonia-1_verde@2048_icon-340x340.png 340w\" class=\"wp-image-66301 size-thumbnail\"\/><\/figure><div class=\"wp-block-media-text__content\">\n<p class=\"has-text-align-left wp-block-paragraph\" style=\"font-size:1rem;font-style:normal;font-weight:600\"><a href=\"https:\/\/www.greenpeace.org\/brasil\/informe-se\/amazonia\/\">Amaz\u00f4nia<\/a><\/p>\n<\/div><\/div>\n\n\n\n<div style=\"height:16px\" aria-hidden=\"true\" class=\"wp-block-spacer\"><\/div>\n<\/div>\n<\/div>\n\n\n\n<div class=\"wp-block-column has-white-background-color has-background is-layout-flow wp-block-column-is-layout-flow\" style=\"flex-basis:25%\">\n<div class=\"wp-block-group is-layout-constrained wp-container-core-group-is-layout-3ca6445c wp-block-group-is-layout-constrained\">\n<div style=\"height:16px\" aria-hidden=\"true\" class=\"wp-block-spacer\"><\/div>\n\n\n\n<div class=\"wp-block-media-text alignwide is-vertically-aligned-center force-no-lightbox\"><figure class=\"wp-block-media-text__media\"><img loading=\"lazy\" decoding=\"async\" width=\"1024\" height=\"1024\" src=\"https:\/\/www.greenpeace.org\/static\/planet4-brasil-stateless\/2026\/08\/67103219-home_povos-e-territorios_verde@2048_icon-1024x1024.png\" alt=\"\" sizes=\"auto, (min-width: 1600px) calc((1320px - 24px) \/ 2),(min-width: 1200px) calc((1140px - 24px) \/ 2),(min-width: 992px) calc((960px - 24px) \/ 2),(min-width: 768px) calc((720px - 24px) \/ 2),(min-width: 601px) calc((540px - 24px) \/ 2),(min-width: 577px) calc((540px - 24px) \/ 2), calc((100vw - 24px) * 50 \/ 100)\" srcset=\"https:\/\/www.greenpeace.org\/static\/planet4-brasil-stateless\/2026\/08\/67103219-home_povos-e-territorios_verde@2048_icon.png 2048w, https:\/\/www.greenpeace.org\/static\/planet4-brasil-stateless\/2026\/08\/67103219-home_povos-e-territorios_verde@2048_icon-300x300.png 300w, https:\/\/www.greenpeace.org\/static\/planet4-brasil-stateless\/2026\/08\/67103219-home_povos-e-territorios_verde@2048_icon-1024x1024.png 1024w, https:\/\/www.greenpeace.org\/static\/planet4-brasil-stateless\/2026\/08\/67103219-home_povos-e-territorios_verde@2048_icon-150x150.png 150w, https:\/\/www.greenpeace.org\/static\/planet4-brasil-stateless\/2026\/08\/67103219-home_povos-e-territorios_verde@2048_icon-768x768.png 768w, https:\/\/www.greenpeace.org\/static\/planet4-brasil-stateless\/2026\/08\/67103219-home_povos-e-territorios_verde@2048_icon-1536x1536.png 1536w, https:\/\/www.greenpeace.org\/static\/planet4-brasil-stateless\/2026\/08\/67103219-home_povos-e-territorios_verde@2048_icon-1366x1366.png 1366w, https:\/\/www.greenpeace.org\/static\/planet4-brasil-stateless\/2026\/08\/67103219-home_povos-e-territorios_verde@2048_icon-340x340.png 340w\" class=\"wp-image-66302 size-thumbnail\"\/><\/figure><div class=\"wp-block-media-text__content\">\n<p class=\"has-text-align-left wp-block-paragraph\" style=\"font-size:1rem;font-style:normal;font-weight:600\"><a href=\"https:\/\/www.greenpeace.org\/brasil\/informe-se\/amazonia\/povos-e-territorios\/\">Povos e territ\u00f3rios<\/a><\/p>\n<\/div><\/div>\n\n\n\n<div style=\"height:16px\" aria-hidden=\"true\" class=\"wp-block-spacer\"><\/div>\n<\/div>\n<\/div>\n\n\n\n<div class=\"wp-block-column has-white-background-color has-background is-layout-flow wp-block-column-is-layout-flow\" style=\"flex-basis:25%\">\n<div class=\"wp-block-group is-layout-constrained wp-container-core-group-is-layout-3ca6445c wp-block-group-is-layout-constrained\">\n<div style=\"height:16px\" aria-hidden=\"true\" class=\"wp-block-spacer\"><\/div>\n\n\n\n<div class=\"wp-block-media-text alignwide force-no-lightbox\" style=\"grid-template-columns:45% auto\"><figure class=\"wp-block-media-text__media\"><img loading=\"lazy\" decoding=\"async\" width=\"1024\" height=\"1024\" src=\"https:\/\/www.greenpeace.org\/static\/planet4-brasil-stateless\/2026\/08\/7cbe9aa0-home_justica-climatica-7_verde@2048_icon-1024x1024.png\" alt=\"\" sizes=\"auto, (min-width: 1600px) calc((1320px - 24px) \/ 2.2222),(min-width: 1200px) calc((1140px - 24px) \/ 2.2222),(min-width: 992px) calc((960px - 24px) \/ 2.2222),(min-width: 768px) calc((720px - 24px) \/ 2.2222),(min-width: 601px) calc((540px - 24px) \/ 2.2222),(min-width: 577px) calc((540px - 24px) \/ 2.2222), calc((100vw - 24px) * 45 \/ 100)\" srcset=\"https:\/\/www.greenpeace.org\/static\/planet4-brasil-stateless\/2026\/08\/7cbe9aa0-home_justica-climatica-7_verde@2048_icon.png 2048w, https:\/\/www.greenpeace.org\/static\/planet4-brasil-stateless\/2026\/08\/7cbe9aa0-home_justica-climatica-7_verde@2048_icon-300x300.png 300w, https:\/\/www.greenpeace.org\/static\/planet4-brasil-stateless\/2026\/08\/7cbe9aa0-home_justica-climatica-7_verde@2048_icon-1024x1024.png 1024w, https:\/\/www.greenpeace.org\/static\/planet4-brasil-stateless\/2026\/08\/7cbe9aa0-home_justica-climatica-7_verde@2048_icon-150x150.png 150w, https:\/\/www.greenpeace.org\/static\/planet4-brasil-stateless\/2026\/08\/7cbe9aa0-home_justica-climatica-7_verde@2048_icon-768x768.png 768w, https:\/\/www.greenpeace.org\/static\/planet4-brasil-stateless\/2026\/08\/7cbe9aa0-home_justica-climatica-7_verde@2048_icon-1536x1536.png 1536w, https:\/\/www.greenpeace.org\/static\/planet4-brasil-stateless\/2026\/08\/7cbe9aa0-home_justica-climatica-7_verde@2048_icon-1366x1366.png 1366w, https:\/\/www.greenpeace.org\/static\/planet4-brasil-stateless\/2026\/08\/7cbe9aa0-home_justica-climatica-7_verde@2048_icon-340x340.png 340w\" class=\"wp-image-66303 size-thumbnail\"\/><\/figure><div class=\"wp-block-media-text__content\">\n<p class=\"has-text-align-left wp-block-paragraph\" style=\"font-size:1rem;font-style:normal;font-weight:600\"><a href=\"https:\/\/www.greenpeace.org\/brasil\/informe-se\/justica-climatica\/\">Justi\u00e7a clim\u00e1tica<\/a><\/p>\n<\/div><\/div>\n\n\n\n<div style=\"height:16px\" aria-hidden=\"true\" class=\"wp-block-spacer\"><\/div>\n<\/div>\n<\/div>\n\n\n\n<div class=\"wp-block-column has-white-background-color has-background is-layout-flow wp-block-column-is-layout-flow\" style=\"flex-basis:25%\">\n<div class=\"wp-block-group is-layout-constrained wp-container-core-group-is-layout-3ca6445c wp-block-group-is-layout-constrained\">\n<div style=\"height:16px\" aria-hidden=\"true\" class=\"wp-block-spacer\"><\/div>\n\n\n\n<div class=\"wp-block-media-text alignwide force-no-lightbox\" style=\"grid-template-columns:48% auto\"><figure class=\"wp-block-media-text__media\"><img loading=\"lazy\" decoding=\"async\" width=\"1024\" height=\"1024\" src=\"https:\/\/www.greenpeace.org\/static\/planet4-brasil-stateless\/2026\/08\/98633d3f-home_oceanos_verde@2048_icon-1024x1024.png\" alt=\"\" sizes=\"auto, (min-width: 1600px) calc((1320px - 24px) \/ 2.0833),(min-width: 1200px) calc((1140px - 24px) \/ 2.0833),(min-width: 992px) calc((960px - 24px) \/ 2.0833),(min-width: 768px) calc((720px - 24px) \/ 2.0833),(min-width: 601px) calc((540px - 24px) \/ 2.0833),(min-width: 577px) calc((540px - 24px) \/ 2.0833), calc((100vw - 24px) * 48 \/ 100)\" srcset=\"https:\/\/www.greenpeace.org\/static\/planet4-brasil-stateless\/2026\/08\/98633d3f-home_oceanos_verde@2048_icon.png 2048w, https:\/\/www.greenpeace.org\/static\/planet4-brasil-stateless\/2026\/08\/98633d3f-home_oceanos_verde@2048_icon-300x300.png 300w, https:\/\/www.greenpeace.org\/static\/planet4-brasil-stateless\/2026\/08\/98633d3f-home_oceanos_verde@2048_icon-1024x1024.png 1024w, https:\/\/www.greenpeace.org\/static\/planet4-brasil-stateless\/2026\/08\/98633d3f-home_oceanos_verde@2048_icon-150x150.png 150w, https:\/\/www.greenpeace.org\/static\/planet4-brasil-stateless\/2026\/08\/98633d3f-home_oceanos_verde@2048_icon-768x768.png 768w, https:\/\/www.greenpeace.org\/static\/planet4-brasil-stateless\/2026\/08\/98633d3f-home_oceanos_verde@2048_icon-1536x1536.png 1536w, https:\/\/www.greenpeace.org\/static\/planet4-brasil-stateless\/2026\/08\/98633d3f-home_oceanos_verde@2048_icon-1366x1366.png 1366w, https:\/\/www.greenpeace.org\/static\/planet4-brasil-stateless\/2026\/08\/98633d3f-home_oceanos_verde@2048_icon-340x340.png 340w\" class=\"wp-image-66304 size-thumbnail\"\/><\/figure><div class=\"wp-block-media-text__content\">\n<p class=\"has-text-align-left wp-block-paragraph\" style=\"font-size:1rem;font-style:normal;font-weight:600\"><a href=\"https:\/\/www.greenpeace.org\/brasil\/informe-se\/oceanos\/\">Oceanos<\/a><\/p>\n<\/div><\/div>\n\n\n\n<div style=\"height:16px\" aria-hidden=\"true\" class=\"wp-block-spacer\"><\/div>\n<\/div>\n<\/div>\n<\/div>\n<\/div>\n<\/div>\n<\/div>\n\n<h2 class=\"wp-block-heading\">Apoie nossa causa<\/h2>\n\n<div class=\"wp-block-columns gpbr-how-to-help-shadow-block gpbr-link-black-color is-layout-flex wp-container-core-columns-is-layout-8f761849 wp-block-columns-is-layout-flex\">\n<div class=\"wp-block-column gpbr-has-shadow-background is-layout-flow wp-block-column-is-layout-flow\">\n<figure class=\"wp-block-image size-large\"><a href=\"https:\/\/www.greenpeace.org\/brasil\/apoie\/amazonia-livre-de-garimpo\/?entrypoint=bloco_apoie\"><img loading=\"lazy\" decoding=\"async\" width=\"1024\" height=\"683\" title=\"GP0SU53TJ - \u00a9 Lucas Landau  Greenpeace\" src=\"https:\/\/www.greenpeace.org\/static\/planet4-brasil-stateless\/2026\/06\/21e9bcae-gp0su53tj-\u00a9-lucas-landau-greenpeace-1024x683.jpg\" alt=\"\" class=\"wp-image-64107\" srcset=\"https:\/\/www.greenpeace.org\/static\/planet4-brasil-stateless\/2026\/06\/21e9bcae-gp0su53tj-\u00a9-lucas-landau-greenpeace-1024x683.jpg 1024w, https:\/\/www.greenpeace.org\/static\/planet4-brasil-stateless\/2026\/06\/21e9bcae-gp0su53tj-\u00a9-lucas-landau-greenpeace-300x200.jpg 300w, https:\/\/www.greenpeace.org\/static\/planet4-brasil-stateless\/2026\/06\/21e9bcae-gp0su53tj-\u00a9-lucas-landau-greenpeace-768x512.jpg 768w, https:\/\/www.greenpeace.org\/static\/planet4-brasil-stateless\/2026\/06\/21e9bcae-gp0su53tj-\u00a9-lucas-landau-greenpeace-510x340.jpg 510w, https:\/\/www.greenpeace.org\/static\/planet4-brasil-stateless\/2026\/06\/21e9bcae-gp0su53tj-\u00a9-lucas-landau-greenpeace.jpg 1400w\" sizes=\"auto, (max-width: 1024px) 100vw, 1024px\" \/><\/a><\/figure>\n\n\n\n<h3 class=\"wp-block-heading\"><a href=\"https:\/\/www.greenpeace.org\/brasil\/apoie\/amazonia-livre-de-garimpo\/?entrypoint=bloco_apoie\" data-type=\"URL\" data-id=\"https:\/\/www.greenpeace.org\/brasil\/apoie\/petroleo-na-amazonia-nao\">Amaz\u00f4nia Livre de Garimpo<\/a><\/h3>\n\n\n\n<p class=\"wp-block-paragraph\" style=\"font-size:16px\"><a href=\"https:\/\/www.greenpeace.org\/brasil\/apoie\/amazonia-livre-de-garimpo\/?entrypoint=bloco_apoie\">O garimpo avan\u00e7a pela Amaz\u00f4nia contaminando rios, destruindo a floresta e amea\u00e7ando comunidades ind\u00edgenas com viol\u00eancia, doen\u00e7as e perda de seus territ\u00f3rios. Pressione as autoridades por uma Amaz\u00f4nia livre de garimpo!<\/a><\/p>\n\n\n\n<div class=\"wp-block-buttons is-content-justification-center is-layout-flex wp-container-core-buttons-is-layout-fe48e5de wp-block-buttons-is-layout-flex\">\n<div class=\"wp-block-button has-custom-width wp-block-button__width-75 is-style-cta gpbr-fix-top-margin\"><a class=\"wp-block-button__link has-small-font-size has-custom-font-size wp-element-button\" href=\"https:\/\/www.greenpeace.org\/brasil\/apoie\/amazonia-livre-de-garimpo\/?entrypoint=bloco_apoie\">Assine a peti\u00e7\u00e3o<\/a><\/div>\n<\/div>\n<\/div>\n\n\n\n<div class=\"wp-block-column gpbr-has-shadow-background is-layout-flow wp-block-column-is-layout-flow\">\n<figure class=\"wp-block-image size-large\"><a href=\"https:\/\/www.greenpeace.org\/brasil\/apoie\/crise-ambiental-climatica\/?entrypoint=bloco_apoie\"><img loading=\"lazy\" decoding=\"async\" width=\"1024\" height=\"683\" title=\"GP0SU0PPT_PressMedia_cprt_reduced\" src=\"https:\/\/www.greenpeace.org\/static\/planet4-brasil-stateless\/2025\/01\/9d983707-gp0su0ppt_pressmedia_cprt_reduced-1024x683.jpg\" alt=\"A imagem mostra uma \u00e1rea alagada no bairro Rio Branco, em Canoas, Rio Grande do Sul, afetada por uma grave enchente ocorrida em 2024. A \u00e1gua cobre completamente a casa, mostrando somente um peda\u00e7o do telhado e do topo das moradias. No telhado vis\u00edvel, h\u00e1 objetos espalhados, incluindo um saco preto e destro\u00e7os. A imagem \u00e9 creditada a Tuane Fernandes.\" class=\"wp-image-56070\" style=\"object-fit:cover\" srcset=\"https:\/\/www.greenpeace.org\/static\/planet4-brasil-stateless\/2025\/01\/9d983707-gp0su0ppt_pressmedia_cprt_reduced-1024x683.jpg 1024w, https:\/\/www.greenpeace.org\/static\/planet4-brasil-stateless\/2025\/01\/9d983707-gp0su0ppt_pressmedia_cprt_reduced-300x200.jpg 300w, https:\/\/www.greenpeace.org\/static\/planet4-brasil-stateless\/2025\/01\/9d983707-gp0su0ppt_pressmedia_cprt_reduced-768x512.jpg 768w, https:\/\/www.greenpeace.org\/static\/planet4-brasil-stateless\/2025\/01\/9d983707-gp0su0ppt_pressmedia_cprt_reduced-510x340.jpg 510w, https:\/\/www.greenpeace.org\/static\/planet4-brasil-stateless\/2025\/01\/9d983707-gp0su0ppt_pressmedia_cprt_reduced.jpg 1400w\" sizes=\"auto, (max-width: 1024px) 100vw, 1024px\" \/><\/a><\/figure>\n\n\n\n<h3 class=\"wp-block-heading\"><a href=\"https:\/\/www.greenpeace.org\/brasil\/apoie\/crise-ambiental-climatica\/?entrypoint=bloco_apoie\" data-type=\"link\" data-id=\"https:\/\/www.greenpeace.org\/brasil\/apoie\/crise-ambiental-climatica\/?entrypoint=bloco_apoie\">Adapta\u00e7\u00e3o Clim\u00e1tica urgente: proteja vidas agora<\/a><\/h3>\n\n\n\n<p class=\"wp-block-paragraph\" style=\"font-size:16px\"><a href=\"https:\/\/www.greenpeace.org\/brasil\/apoie\/crise-ambiental-climatica\/?entrypoint=bloco_apoie\">Enfrentamos uma crise socioambiental sem precedentes que coloca a vida como a conhecemos hoje em risco. \u00c9 preciso que o poder p\u00fablico aja agora, e com a intensidade que a situa\u00e7\u00e3o pede, para proteger nossa sa\u00fade, a biodiversidade, o clima e o amanh\u00e3.<\/a><\/p>\n\n\n\n<div class=\"wp-block-buttons is-content-justification-center is-layout-flex wp-container-core-buttons-is-layout-fe48e5de wp-block-buttons-is-layout-flex\">\n<div class=\"wp-block-button has-custom-width wp-block-button__width-75 is-style-cta gpbr-fix-top-margin\"><a class=\"wp-block-button__link has-small-font-size has-custom-font-size wp-element-button\" href=\"https:\/\/www.greenpeace.org\/brasil\/apoie\/crise-ambiental-climatica\/?entrypoint=bloco_apoie\">Assine<\/a><\/div>\n<\/div>\n<\/div>\n\n\n\n<div class=\"wp-block-column gpbr-has-shadow-background is-layout-flow wp-block-column-is-layout-flow\">\n<figure class=\"wp-block-image size-large\"><a href=\"https:\/\/www.greenpeace.org\/brasil\/apoie\/contra-falta-dagua\/?entrypoint=p4_bloco_apoie\"><img loading=\"lazy\" decoding=\"async\" width=\"1024\" height=\"683\" title=\"torneirinha - \u00a9 Teia Documenta Greenpeace (1)\" src=\"https:\/\/www.greenpeace.org\/static\/planet4-brasil-stateless\/2026\/08\/68ded1ee-torneirinha-\u00a9-teia-documenta-greenpeace-1-1024x683.jpg\" alt=\"\" class=\"wp-image-66285\" style=\"aspect-ratio:3\/2;object-fit:cover\" srcset=\"https:\/\/www.greenpeace.org\/static\/planet4-brasil-stateless\/2026\/08\/68ded1ee-torneirinha-\u00a9-teia-documenta-greenpeace-1-1024x683.jpg 1024w, https:\/\/www.greenpeace.org\/static\/planet4-brasil-stateless\/2026\/08\/68ded1ee-torneirinha-\u00a9-teia-documenta-greenpeace-1-300x200.jpg 300w, https:\/\/www.greenpeace.org\/static\/planet4-brasil-stateless\/2026\/08\/68ded1ee-torneirinha-\u00a9-teia-documenta-greenpeace-1-768x512.jpg 768w, https:\/\/www.greenpeace.org\/static\/planet4-brasil-stateless\/2026\/08\/68ded1ee-torneirinha-\u00a9-teia-documenta-greenpeace-1-510x340.jpg 510w, https:\/\/www.greenpeace.org\/static\/planet4-brasil-stateless\/2026\/08\/68ded1ee-torneirinha-\u00a9-teia-documenta-greenpeace-1.jpg 1400w\" sizes=\"auto, (max-width: 1024px) 100vw, 1024px\" \/><\/a><\/figure>\n\n\n\n<h3 class=\"wp-block-heading\"><a href=\"https:\/\/www.greenpeace.org\/brasil\/apoie\/contra-falta-dagua\/?entrypoint=p4_bloco_apoie\">Sabesp, quem economiza merece desconto na conta de \u00e1gua!<\/a><\/h3>\n\n\n\n<p class=\"wp-block-paragraph\" style=\"font-size:16px\"><a href=\"https:\/\/www.greenpeace.org\/brasil\/apoie\/contra-falta-dagua\/?entrypoint=p4_bloco_apoie\">Para n\u00e3o faltar \u00e1gua, exija o desconto na conta de quem economiza. Precisamos de 10 mil assinaturas!<\/a><\/p>\n\n\n\n<div class=\"wp-block-buttons is-content-justification-center is-layout-flex wp-container-core-buttons-is-layout-fe48e5de wp-block-buttons-is-layout-flex\">\n<div class=\"wp-block-button has-custom-width wp-block-button__width-75 is-style-cta gpbr-fix-top-margin\"><a class=\"wp-block-button__link has-small-font-size has-custom-font-size wp-element-button\" href=\"https:\/\/www.greenpeace.org\/brasil\/apoie\/contra-falta-dagua\/?entrypoint=p4_bloco_apoie\">Quero desconto<\/a><\/div>\n<\/div>\n<\/div>\n<\/div>\n\n<div style=\"height:40px\" aria-hidden=\"true\" class=\"wp-block-spacer\"><\/div>\n\n<div class=\"wp-block-media-text alignwide is-stacked-on-mobile gpbr-not-clickable-image gpbr-mobile-centered-text-and-title force-no-lightbox\" style=\"grid-template-columns:51% auto\"><figure class=\"wp-block-media-text__media\"><img loading=\"lazy\" decoding=\"async\" width=\"1024\" height=\"683\" src=\"https:\/\/www.greenpeace.org\/static\/planet4-brasil-stateless\/2026\/04\/f611060e-gp0su5lv8-\u00a9-nilmar-lage-greenpeace-1024x683.jpg\" alt=\"\" sizes=\"auto, (min-width: 1600px) calc((1320px - 24px) \/ 1.9608),(min-width: 1200px) calc((1140px - 24px) \/ 1.9608),(min-width: 992px) calc((960px - 24px) \/ 1.9608),(min-width: 768px) calc((720px - 24px) \/ 1.9608),(min-width: 601px) calc((540px - 24px) \/ 1.9608),(min-width: 577px) calc((540px - 24px) \/ 1), calc(100vw - 24px)\" srcset=\"https:\/\/www.greenpeace.org\/static\/planet4-brasil-stateless\/2026\/04\/f611060e-gp0su5lv8-\u00a9-nilmar-lage-greenpeace.jpg 1400w, https:\/\/www.greenpeace.org\/static\/planet4-brasil-stateless\/2026\/04\/f611060e-gp0su5lv8-\u00a9-nilmar-lage-greenpeace-300x200.jpg 300w, https:\/\/www.greenpeace.org\/static\/planet4-brasil-stateless\/2026\/04\/f611060e-gp0su5lv8-\u00a9-nilmar-lage-greenpeace-1024x683.jpg 1024w, https:\/\/www.greenpeace.org\/static\/planet4-brasil-stateless\/2026\/04\/f611060e-gp0su5lv8-\u00a9-nilmar-lage-greenpeace-768x512.jpg 768w, https:\/\/www.greenpeace.org\/static\/planet4-brasil-stateless\/2026\/04\/f611060e-gp0su5lv8-\u00a9-nilmar-lage-greenpeace-510x340.jpg 510w\" class=\"wp-image-63299 size-full\"\/><\/figure><div class=\"wp-block-media-text__content\">\n<h2 class=\"wp-block-heading\">Podemos mudar o mundo<\/h2>\n\n\n\n<p class=\"wp-block-paragraph\" style=\"font-size:19px\">Se voc\u00ea quer defender o planeta e se somar \u00e0s pessoas que atuam para proteger o meio ambiente, aqui \u00e9 o seu lugar! N\u00f3s acreditamos que um mundo mais verde, pac\u00edfico e justo para todas as formas de vida \u00e9 poss\u00edvel, e n\u00e3o poupamos esfor\u00e7os para alcan\u00e7\u00e1-lo. Temos d\u00e9cadas de ativismo que muito nos ensinou e que nos mostra que ainda temos muito o que fazer.<\/p>\n\n\n\n<div style=\"height:10px\" aria-hidden=\"true\" class=\"wp-block-spacer\"><\/div>\n\n\n\n<div class=\"wp-block-buttons is-layout-flex wp-block-buttons-is-layout-flex\">\n<div class=\"wp-block-button\"><a class=\"wp-block-button__link wp-element-button\" href=\"https:\/\/www.greenpeace.org\/brasil\/quem-somos\/\">Saiba quem somos<\/a><\/div>\n<\/div>\n<\/div><\/div>\n\n<div style=\"height:40px\" aria-hidden=\"true\" class=\"wp-block-spacer\"><\/div>\n\n<div class=\"wp-block-media-text alignwide has-media-on-the-right is-stacked-on-mobile gpbr-not-clickable-image gpbr-mobile-centered-text-and-title force-no-lightbox\"><div class=\"wp-block-media-text__content\">\n<h2 class=\"wp-block-heading\">Junte-se a n\u00f3s!<\/h2>\n\n\n\n<p class=\"wp-block-paragraph\" style=\"font-size:19px\">Atuamos de maneira independente, ou seja, recebemos doa\u00e7\u00f5es apenas de pessoas f\u00edsicas. Al\u00e9m de promover a conscientiza\u00e7\u00e3o ambiental, fortalecemos a mobiliza\u00e7\u00e3o e articula\u00e7\u00e3o pol\u00edtica na \u00e1rea socioambiental. Seja nas ruas ou nas redes, denunciamos crimes ambientais e confrontamos governos, empresas e projetos que amea\u00e7am a Amaz\u00f4nia e outros ecossistemas. Nosso partido \u00e9 a floresta!<\/p>\n\n\n\n<div style=\"height:10px\" aria-hidden=\"true\" class=\"wp-block-spacer\"><\/div>\n\n\n\n<div class=\"wp-block-buttons is-layout-flex wp-block-buttons-is-layout-flex\">\n<div class=\"wp-block-button\"><a class=\"wp-block-button__link wp-element-button\" href=\"https:\/\/www.greenpeace.org\/brasil\/como-ajudar\/apoie-uma-causa\/\">Saiba como ajudar<\/a><\/div>\n<\/div>\n<\/div><figure class=\"wp-block-media-text__media\"><img loading=\"lazy\" decoding=\"async\" width=\"1024\" height=\"683\" src=\"https:\/\/www.greenpeace.org\/static\/planet4-brasil-stateless\/2026\/04\/f2e61d7c-gp0su5rk1-\u00a9-tuane-fernandes-greenpeace-1024x683.jpg\" alt=\"\" sizes=\"auto, (min-width: 1600px) calc((1320px - 24px) \/ 2),(min-width: 1200px) calc((1140px - 24px) \/ 2),(min-width: 992px) calc((960px - 24px) \/ 2),(min-width: 768px) calc((720px - 24px) \/ 2),(min-width: 601px) calc((540px - 24px) \/ 2),(min-width: 577px) calc((540px - 24px) \/ 1), calc(100vw - 24px)\" srcset=\"https:\/\/www.greenpeace.org\/static\/planet4-brasil-stateless\/2026\/04\/f2e61d7c-gp0su5rk1-\u00a9-tuane-fernandes-greenpeace.jpg 1400w, https:\/\/www.greenpeace.org\/static\/planet4-brasil-stateless\/2026\/04\/f2e61d7c-gp0su5rk1-\u00a9-tuane-fernandes-greenpeace-300x200.jpg 300w, https:\/\/www.greenpeace.org\/static\/planet4-brasil-stateless\/2026\/04\/f2e61d7c-gp0su5rk1-\u00a9-tuane-fernandes-greenpeace-1024x683.jpg 1024w, https:\/\/www.greenpeace.org\/static\/planet4-brasil-stateless\/2026\/04\/f2e61d7c-gp0su5rk1-\u00a9-tuane-fernandes-greenpeace-768x512.jpg 768w, https:\/\/www.greenpeace.org\/static\/planet4-brasil-stateless\/2026\/04\/f2e61d7c-gp0su5rk1-\u00a9-tuane-fernandes-greenpeace-510x340.jpg 510w\" class=\"wp-image-63300 size-full\"\/><\/figure><\/div>\n\n<div style=\"height:60px\" aria-hidden=\"true\" class=\"wp-block-spacer\"><\/div>\n\n<div class=\"wp-block-query posts-list p4-query-loop is-custom-layout-carousel is-layout-flex wp-block-query-is-layout-flex\">\n<div class=\"wp-block-group is-content-justification-space-between is-layout-flex wp-container-core-group-is-layout-cfe5ce44 wp-block-group-is-layout-flex\">\n<h2 class=\"wp-block-heading\">Press releases<\/h2>\n\n\n<li class=\"wp-block-navigation-item see-all-link wp-block-navigation-link\"><a class=\"wp-block-navigation-item__content\"  href=\"\/brasil\/imprensa\"><span data-ga-category=\"Posts List\" data-ga-action=\"See More Link\" data-ga-label=\"n\/a\" class=\"wp-block-navigation-item__label\">Acessar todos<\/span><\/a><\/li><\/div>\n\n\n\n<p class=\"wp-block-paragraph\" style=\"margin-top:24px;margin-bottom:32px\"><\/p>\n\n\n\n\n<ul class=\"wp-block-post-template is-layout-flow wp-block-post-template-is-layout-flow\"><li class=\"wp-block-post post-66660 post type-post status-publish format-standard has-post-thumbnail hentry category-oceanos tag-energia tag-oceanos tag-imprensa p4-page-type-imprensa\">\n\n<div class=\"wp-block-columns is-layout-flex wp-container-core-columns-is-layout-8f761849 wp-block-columns-is-layout-flex\"><figure class=\"wp-block-post-featured-image\"><a href=\"https:\/\/www.greenpeace.org\/brasil\/imprensa\/pl-dos-minerais-criticos-e-aprovado-sem-salvaguardas-ambientais-alerta-greenpeace-brasil\/\" target=\"_self\"  ><img loading=\"lazy\" decoding=\"async\" data-ga-category=\"Posts List\" data-ga-action=\"Image\" data-ga-label=\"n\/a\" width=\"800\" height=\"533\" src=\"https:\/\/www.greenpeace.org\/static\/planet4-brasil-stateless\/2026\/09\/25dc7ee1-image.jpeg\" class=\"attachment-post-thumbnail size-post-thumbnail wp-post-image wp-stateless-item\" alt=\"PL dos Minerais Cr\u00edticos \u00e9 aprovado sem salvaguardas ambientais, alerta Greenpeace Brasil\" style=\"object-fit:cover;\" srcset=\"https:\/\/www.greenpeace.org\/static\/planet4-brasil-stateless\/2026\/09\/25dc7ee1-image.jpeg 800w, https:\/\/www.greenpeace.org\/static\/planet4-brasil-stateless\/2026\/09\/25dc7ee1-image-300x200.jpeg 300w, https:\/\/www.greenpeace.org\/static\/planet4-brasil-stateless\/2026\/09\/25dc7ee1-image-768x512.jpeg 768w, https:\/\/www.greenpeace.org\/static\/planet4-brasil-stateless\/2026\/09\/25dc7ee1-image-510x340.jpeg 510w\" sizes=\"auto, (max-width: 800px) 100vw, 800px\" data-image-size=\"post-thumbnail\" data-stateless-media-bucket=\"planet4-brasil-stateless\" data-stateless-media-name=\"2026\/09\/25dc7ee1-image.jpeg\" \/><\/a><\/figure>\n\n\n<div class=\"wp-block-group is-layout-flow wp-block-group-is-layout-flow\">\n<div class=\"wp-block-group is-layout-flex wp-block-group-is-layout-flex\"><div class=\"wp-block-post-terms\"><a data-ga-category=\"Posts List\" data-ga-action=\"Post Type Tag\" data-ga-label=\"n\/a\" href=\"https:\/\/www.greenpeace.org\/brasil\/categoria\/oceanos\/\">Oceanos<\/a><\/div>\n\n<div class=\"taxonomy-post_tag wp-block-post-terms\"><a data-ga-category=\"Posts List\" data-ga-action=\"Navigation Tag\" data-ga-label=\"n\/a\" href=\"https:\/\/www.greenpeace.org\/brasil\/tag\/energia\/\" rel=\"tag\">Energia<\/a><span class=\"wp-block-post-terms__separator\"> <\/span><a data-ga-category=\"Posts List\" data-ga-action=\"Navigation Tag\" data-ga-label=\"n\/a\" href=\"https:\/\/www.greenpeace.org\/brasil\/tag\/oceanos\/\" rel=\"tag\">Oceanos<\/a><span class=\"wp-block-post-terms__separator\"> <\/span><a data-ga-category=\"Posts List\" data-ga-action=\"Navigation Tag\" data-ga-label=\"n\/a\" href=\"https:\/\/www.greenpeace.org\/brasil\/tag\/imprensa\/\" rel=\"tag\">Imprensa<\/a><\/div><\/div>\n\n\n<h3 class=\"wp-block-post-title\"><a data-ga-category=\"Posts List\" data-ga-action=\"Title\" data-ga-label=\"n\/a\" href=\"https:\/\/www.greenpeace.org\/brasil\/imprensa\/pl-dos-minerais-criticos-e-aprovado-sem-salvaguardas-ambientais-alerta-greenpeace-brasil\/\" target=\"_self\" >PL dos Minerais Cr\u00edticos \u00e9 aprovado sem salvaguardas ambientais, alerta Greenpeace Brasil<\/a><\/h3>\n\n<div class=\"wp-block-post-excerpt\"><p class=\"wp-block-post-excerpt__excerpt\">PL 2.780\/2024 n\u00e3o aposta em caminhos para reduzir a necessidade de minerar e est\u00e1 centrado na abertura de novas fronteiras extrativas, que pode incluir oceano profundo e terras ind\u00edgenas, sem&hellip;<\/p><p class=\"wp-block-post-excerpt__more-text\"><a class=\"wp-block-post-excerpt__more-link\" href=\"https:\/\/www.greenpeace.org\/brasil\/imprensa\/pl-dos-minerais-criticos-e-aprovado-sem-salvaguardas-ambientais-alerta-greenpeace-brasil\/\">Continuar lendo<\/a><\/p><\/div>\n\n\n<div class=\"wp-block-group posts-list-meta is-layout-flow wp-block-group-is-layout-flow\"><span class='article-list-item-author'><a data-ga-category=\"Posts List\" data-ga-action=\"Author\" data-ga-label=\"n\/a\" href='https:\/\/www.greenpeace.org\/brasil\/author\/laismodelli\/'>La\u00eds Modelli<\/a><\/span>\n\n<div class=\"wp-block-post-date\"><time datetime=\"2026-09-02T18:35:50-03:00\">2 de setembro de 2026<\/time><\/div><\/div>\n<\/div>\n<\/div>\n\n<\/li><li class=\"wp-block-post post-66610 post type-post status-publish format-standard has-post-thumbnail hentry category-justica-climatica tag-clima tag-imprensa tag-cop p4-page-type-imprensa\">\n\n<div class=\"wp-block-columns is-layout-flex wp-container-core-columns-is-layout-8f761849 wp-block-columns-is-layout-flex\"><figure class=\"wp-block-post-featured-image\"><a href=\"https:\/\/www.greenpeace.org\/brasil\/imprensa\/acabar-com-os-combustiveis-fosseis-e-zerar-desmatamento-e-chave-para-mundo-voltar-a-15oc-que-devera-ser-ultrapassada-nos-proximos\/\" target=\"_self\"  ><img loading=\"lazy\" decoding=\"async\" data-ga-category=\"Posts List\" data-ga-action=\"Image\" data-ga-label=\"n\/a\" width=\"1200\" height=\"800\" src=\"https:\/\/www.greenpeace.org\/static\/planet4-brasil-stateless\/2026\/02\/2b9787c7-gp0su0opn.jpg\" class=\"attachment-post-thumbnail size-post-thumbnail wp-post-image wp-stateless-item\" alt=\"Acabar com os combust\u00edveis f\u00f3sseis e zerar desmatamento \u00e9 chave para mundo voltar a 1,5\u00baC\" style=\"object-fit:cover;\" srcset=\"https:\/\/www.greenpeace.org\/static\/planet4-brasil-stateless\/2026\/02\/2b9787c7-gp0su0opn.jpg 1200w, https:\/\/www.greenpeace.org\/static\/planet4-brasil-stateless\/2026\/02\/2b9787c7-gp0su0opn-300x200.jpg 300w, https:\/\/www.greenpeace.org\/static\/planet4-brasil-stateless\/2026\/02\/2b9787c7-gp0su0opn-1024x683.jpg 1024w, https:\/\/www.greenpeace.org\/static\/planet4-brasil-stateless\/2026\/02\/2b9787c7-gp0su0opn-768x512.jpg 768w, https:\/\/www.greenpeace.org\/static\/planet4-brasil-stateless\/2026\/02\/2b9787c7-gp0su0opn-510x340.jpg 510w\" sizes=\"auto, (max-width: 1200px) 100vw, 1200px\" data-image-size=\"post-thumbnail\" data-stateless-media-bucket=\"planet4-brasil-stateless\" data-stateless-media-name=\"2026\/02\/2b9787c7-gp0su0opn.jpg\" \/><\/a><\/figure>\n\n\n<div class=\"wp-block-group is-layout-flow wp-block-group-is-layout-flow\">\n<div class=\"wp-block-group is-layout-flex wp-block-group-is-layout-flex\"><div class=\"wp-block-post-terms\"><a data-ga-category=\"Posts List\" data-ga-action=\"Post Type Tag\" data-ga-label=\"n\/a\" href=\"https:\/\/www.greenpeace.org\/brasil\/categoria\/justica-climatica\/\">Justi\u00e7a clim\u00e1tica<\/a><\/div>\n\n<div class=\"taxonomy-post_tag wp-block-post-terms\"><a data-ga-category=\"Posts List\" data-ga-action=\"Navigation Tag\" data-ga-label=\"n\/a\" href=\"https:\/\/www.greenpeace.org\/brasil\/tag\/clima\/\" rel=\"tag\">Clima<\/a><span class=\"wp-block-post-terms__separator\"> <\/span><a data-ga-category=\"Posts List\" data-ga-action=\"Navigation Tag\" data-ga-label=\"n\/a\" href=\"https:\/\/www.greenpeace.org\/brasil\/tag\/imprensa\/\" rel=\"tag\">Imprensa<\/a><span class=\"wp-block-post-terms__separator\"> <\/span><a data-ga-category=\"Posts List\" data-ga-action=\"Navigation Tag\" data-ga-label=\"n\/a\" href=\"https:\/\/www.greenpeace.org\/brasil\/tag\/cop\/\" rel=\"tag\">COP<\/a><\/div><\/div>\n\n\n<h3 class=\"wp-block-post-title\"><a data-ga-category=\"Posts List\" data-ga-action=\"Title\" data-ga-label=\"n\/a\" href=\"https:\/\/www.greenpeace.org\/brasil\/imprensa\/acabar-com-os-combustiveis-fosseis-e-zerar-desmatamento-e-chave-para-mundo-voltar-a-15oc-que-devera-ser-ultrapassada-nos-proximos\/\" target=\"_self\" >Acabar com os combust\u00edveis f\u00f3sseis e zerar desmatamento \u00e9 chave para mundo voltar a 1,5\u00baC<\/a><\/h3>\n\n<div class=\"wp-block-post-excerpt\"><p class=\"wp-block-post-excerpt__excerpt\">Alerta do Programa das Na\u00e7\u00f5es Unidas para o Meio Ambiente (PNUMA) sobre aumento da temperatura global \u00e9 preocupante, mas os governos ainda podem agir para evitar o pior.&nbsp;<\/p><p class=\"wp-block-post-excerpt__more-text\"><a class=\"wp-block-post-excerpt__more-link\" href=\"https:\/\/www.greenpeace.org\/brasil\/imprensa\/acabar-com-os-combustiveis-fosseis-e-zerar-desmatamento-e-chave-para-mundo-voltar-a-15oc-que-devera-ser-ultrapassada-nos-proximos\/\">Continuar lendo<\/a><\/p><\/div>\n\n\n<div class=\"wp-block-group posts-list-meta is-layout-flow wp-block-group-is-layout-flow\"><span class='article-list-item-author'><a data-ga-category=\"Posts List\" data-ga-action=\"Author\" data-ga-label=\"n\/a\" href='https:\/\/www.greenpeace.org\/brasil\/author\/laismodelli\/'>La\u00eds Modelli<\/a><\/span>\n\n<div class=\"wp-block-post-date\"><time datetime=\"2026-09-02T10:36:05-03:00\">2 de setembro de 2026<\/time><\/div><\/div>\n<\/div>\n<\/div>\n\n<\/li><li class=\"wp-block-post post-66372 post type-post status-publish format-standard has-post-thumbnail hentry category-povos-e-territorios tag-povos-e-territorios tag-garimpo p4-page-type-imprensa\">\n\n<div class=\"wp-block-columns is-layout-flex wp-container-core-columns-is-layout-8f761849 wp-block-columns-is-layout-flex\"><figure class=\"wp-block-post-featured-image\"><a href=\"https:\/\/www.greenpeace.org\/brasil\/imprensa\/greenpeace-brasil-identifica-mais-uma-permissao-de-lavra-garimpeira-usada-para-lavar-ouro-extraido-ilegalmente-na-amazonia\/\" target=\"_self\"  ><img loading=\"lazy\" decoding=\"async\" data-ga-category=\"Posts List\" data-ga-action=\"Image\" data-ga-label=\"n\/a\" width=\"1181\" height=\"787\" src=\"https:\/\/www.greenpeace.org\/static\/planet4-brasil-stateless\/2026\/08\/9500e568-r_bk9190.jpg\" class=\"attachment-post-thumbnail size-post-thumbnail wp-post-image wp-stateless-item\" alt=\"Greenpeace Brasil identifica mais uma Permiss\u00e3o de Lavra Garimpeira usada para \u201clavar\u201d ouro extra\u00eddo ilegalmente na Amaz\u00f4nia\" style=\"object-fit:cover;\" srcset=\"https:\/\/www.greenpeace.org\/static\/planet4-brasil-stateless\/2026\/08\/9500e568-r_bk9190.jpg 1181w, https:\/\/www.greenpeace.org\/static\/planet4-brasil-stateless\/2026\/08\/9500e568-r_bk9190-300x200.jpg 300w, https:\/\/www.greenpeace.org\/static\/planet4-brasil-stateless\/2026\/08\/9500e568-r_bk9190-1024x682.jpg 1024w, https:\/\/www.greenpeace.org\/static\/planet4-brasil-stateless\/2026\/08\/9500e568-r_bk9190-768x512.jpg 768w, https:\/\/www.greenpeace.org\/static\/planet4-brasil-stateless\/2026\/08\/9500e568-r_bk9190-510x340.jpg 510w\" sizes=\"auto, (max-width: 1181px) 100vw, 1181px\" data-image-size=\"post-thumbnail\" data-stateless-media-bucket=\"planet4-brasil-stateless\" data-stateless-media-name=\"2026\/08\/9500e568-r_bk9190.jpg\" \/><\/a><\/figure>\n\n\n<div class=\"wp-block-group is-layout-flow wp-block-group-is-layout-flow\">\n<div class=\"wp-block-group is-layout-flex wp-block-group-is-layout-flex\"><div class=\"wp-block-post-terms\"><a data-ga-category=\"Posts List\" data-ga-action=\"Post Type Tag\" data-ga-label=\"n\/a\" href=\"https:\/\/www.greenpeace.org\/brasil\/categoria\/amazonia\/povos-e-territorios\/\">Povos e territ\u00f3rios<\/a><\/div>\n\n<div class=\"taxonomy-post_tag wp-block-post-terms\"><a data-ga-category=\"Posts List\" data-ga-action=\"Navigation Tag\" data-ga-label=\"n\/a\" href=\"https:\/\/www.greenpeace.org\/brasil\/tag\/povos-e-territorios\/\" rel=\"tag\">Povos e Territ\u00f3rios<\/a><span class=\"wp-block-post-terms__separator\"> <\/span><a data-ga-category=\"Posts List\" data-ga-action=\"Navigation Tag\" data-ga-label=\"n\/a\" href=\"https:\/\/www.greenpeace.org\/brasil\/tag\/garimpo\/\" rel=\"tag\">Garimpo<\/a><\/div><\/div>\n\n\n<h3 class=\"wp-block-post-title\"><a data-ga-category=\"Posts List\" data-ga-action=\"Title\" data-ga-label=\"n\/a\" href=\"https:\/\/www.greenpeace.org\/brasil\/imprensa\/greenpeace-brasil-identifica-mais-uma-permissao-de-lavra-garimpeira-usada-para-lavar-ouro-extraido-ilegalmente-na-amazonia\/\" target=\"_self\" >Greenpeace Brasil identifica mais uma Permiss\u00e3o de Lavra Garimpeira usada para \u201clavar\u201d ouro extra\u00eddo ilegalmente na Amaz\u00f4nia<\/a><\/h3>\n\n<div class=\"wp-block-post-excerpt\"><p class=\"wp-block-post-excerpt__excerpt\">PLG, pertencente \u00e0 Cooperativa dos Garimpeiros da Amaz\u00f4nia (Coogam), declarou a retirada de 4,5 kg de ouro da \u00e1rea<\/p><p class=\"wp-block-post-excerpt__more-text\"><a class=\"wp-block-post-excerpt__more-link\" href=\"https:\/\/www.greenpeace.org\/brasil\/imprensa\/greenpeace-brasil-identifica-mais-uma-permissao-de-lavra-garimpeira-usada-para-lavar-ouro-extraido-ilegalmente-na-amazonia\/\">Continuar lendo<\/a><\/p><\/div>\n\n\n<div class=\"wp-block-group posts-list-meta is-layout-flow wp-block-group-is-layout-flow\"><span class='article-list-item-author'><a data-ga-category=\"Posts List\" data-ga-action=\"Author\" data-ga-label=\"n\/a\" href='https:\/\/www.greenpeace.org\/brasil\/author\/gpbrasil\/'>Greenpeace Brasil<\/a><\/span>\n\n<div class=\"wp-block-post-date\"><time datetime=\"2026-08-17T19:35:28-03:00\">17 de agosto de 2026<\/time><\/div><\/div>\n<\/div>\n<\/div>\n\n<\/li><li class=\"wp-block-post post-66257 post type-post status-publish format-standard has-post-thumbnail hentry category-amazonia category-greenpeace tag-greenpeace tag-desmatamento p4-page-type-imprensa\">\n\n<div class=\"wp-block-columns is-layout-flex wp-container-core-columns-is-layout-8f761849 wp-block-columns-is-layout-flex\"><figure class=\"wp-block-post-featured-image\"><a href=\"https:\/\/www.greenpeace.org\/brasil\/imprensa\/stf-declara-moratoria-da-soja-constitucional\/\" target=\"_self\"  ><img loading=\"lazy\" decoding=\"async\" data-ga-category=\"Posts List\" data-ga-action=\"Image\" data-ga-label=\"n\/a\" width=\"1200\" height=\"800\" src=\"https:\/\/www.greenpeace.org\/static\/planet4-brasil-stateless\/2024\/12\/af76384b-gp0stpt7l_medium-res-1200px.jpg\" class=\"attachment-post-thumbnail size-post-thumbnail wp-post-image wp-stateless-item\" alt=\"STF declara Morat\u00f3ria da Soja constitucional\" style=\"object-fit:cover;\" srcset=\"https:\/\/www.greenpeace.org\/static\/planet4-brasil-stateless\/2024\/12\/af76384b-gp0stpt7l_medium-res-1200px.jpg 1200w, https:\/\/www.greenpeace.org\/static\/planet4-brasil-stateless\/2024\/12\/af76384b-gp0stpt7l_medium-res-1200px-300x200.jpg 300w, https:\/\/www.greenpeace.org\/static\/planet4-brasil-stateless\/2024\/12\/af76384b-gp0stpt7l_medium-res-1200px-1024x683.jpg 1024w, https:\/\/www.greenpeace.org\/static\/planet4-brasil-stateless\/2024\/12\/af76384b-gp0stpt7l_medium-res-1200px-768x512.jpg 768w, https:\/\/www.greenpeace.org\/static\/planet4-brasil-stateless\/2024\/12\/af76384b-gp0stpt7l_medium-res-1200px-510x340.jpg 510w\" sizes=\"auto, (max-width: 1200px) 100vw, 1200px\" data-image-size=\"post-thumbnail\" data-stateless-media-bucket=\"planet4-brasil-stateless\" data-stateless-media-name=\"2024\/12\/af76384b-gp0stpt7l_medium-res-1200px.jpg\" \/><\/a><\/figure>\n\n\n<div class=\"wp-block-group is-layout-flow wp-block-group-is-layout-flow\">\n<div class=\"wp-block-group is-layout-flex wp-block-group-is-layout-flex\"><div class=\"wp-block-post-terms\"><a data-ga-category=\"Posts List\" data-ga-action=\"Post Type Tag\" data-ga-label=\"n\/a\" href=\"https:\/\/www.greenpeace.org\/brasil\/categoria\/amazonia\/\">Amaz\u00f4nia<\/a><\/div>\n\n<div class=\"taxonomy-post_tag wp-block-post-terms\"><a data-ga-category=\"Posts List\" data-ga-action=\"Navigation Tag\" data-ga-label=\"n\/a\" href=\"https:\/\/www.greenpeace.org\/brasil\/tag\/greenpeace\/\" rel=\"tag\">Greenpeace<\/a><span class=\"wp-block-post-terms__separator\"> <\/span><a data-ga-category=\"Posts List\" data-ga-action=\"Navigation Tag\" data-ga-label=\"n\/a\" href=\"https:\/\/www.greenpeace.org\/brasil\/tag\/desmatamento\/\" rel=\"tag\">Desmatamento<\/a><\/div><\/div>\n\n\n<h3 class=\"wp-block-post-title\"><a data-ga-category=\"Posts List\" data-ga-action=\"Title\" data-ga-label=\"n\/a\" href=\"https:\/\/www.greenpeace.org\/brasil\/imprensa\/stf-declara-moratoria-da-soja-constitucional\/\" target=\"_self\" >STF declara Morat\u00f3ria da Soja constitucional<\/a><\/h3>\n\n<div class=\"wp-block-post-excerpt\"><p class=\"wp-block-post-excerpt__excerpt\">Por\u00e9m, Corte tamb\u00e9m declarou que leis estaduais do MT e RO que retiram benef\u00edcios fiscais de empresas com compromissos ambientais mais rigorosos s\u00e3o constitucionais;&nbsp;<\/p><p class=\"wp-block-post-excerpt__more-text\"><a class=\"wp-block-post-excerpt__more-link\" href=\"https:\/\/www.greenpeace.org\/brasil\/imprensa\/stf-declara-moratoria-da-soja-constitucional\/\">Continuar lendo<\/a><\/p><\/div>\n\n\n<div class=\"wp-block-group posts-list-meta is-layout-flow wp-block-group-is-layout-flow\"><span class='article-list-item-author'><a data-ga-category=\"Posts List\" data-ga-action=\"Author\" data-ga-label=\"n\/a\" href='https:\/\/www.greenpeace.org\/brasil\/author\/gpbrasil\/'>Greenpeace Brasil<\/a><\/span>\n\n<div class=\"wp-block-post-date\"><time datetime=\"2026-08-12T18:55:13-03:00\">12 de agosto de 2026<\/time><\/div><\/div>\n<\/div>\n<\/div>\n\n<\/li><li class=\"wp-block-post post-66028 post type-post status-publish format-standard has-post-thumbnail hentry category-greenpeace category-transforme-a-sociedade tag-greenpeace tag-cidades tag-mobilizacao p4-page-type-imprensa\">\n\n<div class=\"wp-block-columns is-layout-flex wp-container-core-columns-is-layout-8f761849 wp-block-columns-is-layout-flex\"><figure class=\"wp-block-post-featured-image\"><a href=\"https:\/\/www.greenpeace.org\/brasil\/imprensa\/greenpeace-brasil-reforca-a-importancia-do-voto-com-o-desembaralho-do-senado\/\" target=\"_self\"  ><img loading=\"lazy\" decoding=\"async\" data-ga-category=\"Posts List\" data-ga-action=\"Image\" data-ga-label=\"n\/a\" width=\"2560\" height=\"1451\" src=\"https:\/\/www.greenpeace.org\/static\/planet4-brasil-stateless\/2026\/08\/1232e5ff-alta-scaled.png\" class=\"attachment-post-thumbnail size-post-thumbnail wp-post-image wp-stateless-item\" alt=\"Greenpeace Brasil refor\u00e7a a import\u00e2ncia do voto com o \u201cDesembaralho do Senado\u201d\" style=\"object-fit:cover;\" srcset=\"https:\/\/www.greenpeace.org\/static\/planet4-brasil-stateless\/2026\/08\/1232e5ff-alta-scaled.png 2560w, https:\/\/www.greenpeace.org\/static\/planet4-brasil-stateless\/2026\/08\/1232e5ff-alta-300x170.png 300w, https:\/\/www.greenpeace.org\/static\/planet4-brasil-stateless\/2026\/08\/1232e5ff-alta-1024x580.png 1024w, https:\/\/www.greenpeace.org\/static\/planet4-brasil-stateless\/2026\/08\/1232e5ff-alta-768x435.png 768w, https:\/\/www.greenpeace.org\/static\/planet4-brasil-stateless\/2026\/08\/1232e5ff-alta-1536x871.png 1536w, https:\/\/www.greenpeace.org\/static\/planet4-brasil-stateless\/2026\/08\/1232e5ff-alta-2048x1161.png 2048w, https:\/\/www.greenpeace.org\/static\/planet4-brasil-stateless\/2026\/08\/1232e5ff-alta-510x289.png 510w\" sizes=\"auto, (max-width: 2560px) 100vw, 2560px\" data-image-size=\"post-thumbnail\" data-stateless-media-bucket=\"planet4-brasil-stateless\" data-stateless-media-name=\"2026\/08\/1232e5ff-alta-scaled.png\" \/><\/a><\/figure>\n\n\n<div class=\"wp-block-group is-layout-flow wp-block-group-is-layout-flow\">\n<div class=\"wp-block-group is-layout-flex wp-block-group-is-layout-flex\"><div class=\"wp-block-post-terms\"><a data-ga-category=\"Posts List\" data-ga-action=\"Post Type Tag\" data-ga-label=\"n\/a\" href=\"https:\/\/www.greenpeace.org\/brasil\/categoria\/greenpeace\/\">Greenpeace<\/a><\/div>\n\n<div class=\"taxonomy-post_tag wp-block-post-terms\"><a data-ga-category=\"Posts List\" data-ga-action=\"Navigation Tag\" data-ga-label=\"n\/a\" href=\"https:\/\/www.greenpeace.org\/brasil\/tag\/greenpeace\/\" rel=\"tag\">Greenpeace<\/a><span class=\"wp-block-post-terms__separator\"> <\/span><a data-ga-category=\"Posts List\" data-ga-action=\"Navigation Tag\" data-ga-label=\"n\/a\" href=\"https:\/\/www.greenpeace.org\/brasil\/tag\/cidades\/\" rel=\"tag\">Cidades<\/a><span class=\"wp-block-post-terms__separator\"> <\/span><a data-ga-category=\"Posts List\" data-ga-action=\"Navigation Tag\" data-ga-label=\"n\/a\" href=\"https:\/\/www.greenpeace.org\/brasil\/tag\/mobilizacao\/\" rel=\"tag\">Mobiliza\u00e7\u00e3o<\/a><\/div><\/div>\n\n\n<h3 class=\"wp-block-post-title\"><a data-ga-category=\"Posts List\" data-ga-action=\"Title\" data-ga-label=\"n\/a\" href=\"https:\/\/www.greenpeace.org\/brasil\/imprensa\/greenpeace-brasil-reforca-a-importancia-do-voto-com-o-desembaralho-do-senado\/\" target=\"_self\" >Greenpeace Brasil refor\u00e7a a import\u00e2ncia do voto com o \u201cDesembaralho do Senado\u201d<\/a><\/h3>\n\n<div class=\"wp-block-post-excerpt\"><p class=\"wp-block-post-excerpt__excerpt\">Ferramenta faz parte da campanha #votaquevale e apresenta de forma did\u00e1tica a import\u00e2ncia da Casa na composi\u00e7\u00e3o da pol\u00edtica brasileira.<\/p><p class=\"wp-block-post-excerpt__more-text\"><a class=\"wp-block-post-excerpt__more-link\" href=\"https:\/\/www.greenpeace.org\/brasil\/imprensa\/greenpeace-brasil-reforca-a-importancia-do-voto-com-o-desembaralho-do-senado\/\">Continuar lendo<\/a><\/p><\/div>\n\n\n<div class=\"wp-block-group posts-list-meta is-layout-flow wp-block-group-is-layout-flow\"><span class='article-list-item-author'><a data-ga-category=\"Posts List\" data-ga-action=\"Author\" data-ga-label=\"n\/a\" href='https:\/\/www.greenpeace.org\/brasil\/author\/gpbrasil\/'>Greenpeace Brasil<\/a><\/span>\n\n<div class=\"wp-block-post-date\"><time datetime=\"2026-08-05T11:45:13-03:00\">5 de agosto de 2026<\/time><\/div><\/div>\n<\/div>\n<\/div>\n\n<\/li><li class=\"wp-block-post post-65789 post type-post status-publish format-standard has-post-thumbnail hentry category-eventos-extremos category-justica-climatica tag-clima tag-cidades tag-justica-climatica tag-adaptacao-climatica p4-page-type-imprensa\">\n\n<div class=\"wp-block-columns is-layout-flex wp-container-core-columns-is-layout-8f761849 wp-block-columns-is-layout-flex\"><figure class=\"wp-block-post-featured-image\"><a href=\"https:\/\/www.greenpeace.org\/brasil\/imprensa\/rio-grande-do-sul-volta-a-enfrentar-chuvas-extremas-sem-adaptacao-necessaria-lamenta-greenpeace-brasil\/\" target=\"_self\"  ><img loading=\"lazy\" decoding=\"async\" data-ga-category=\"Posts List\" data-ga-action=\"Image\" data-ga-label=\"n\/a\" width=\"1200\" height=\"800\" src=\"https:\/\/www.greenpeace.org\/static\/planet4-brasil-stateless\/2026\/07\/87c83eee-gp0su0o6y.jpg\" class=\"attachment-post-thumbnail size-post-thumbnail wp-post-image wp-stateless-item\" alt=\"Rio Grande do Sul volta a enfrentar chuvas extremas sem adapta\u00e7\u00e3o necess\u00e1ria, lamenta Greenpeace Brasil\" style=\"object-fit:cover;\" srcset=\"https:\/\/www.greenpeace.org\/static\/planet4-brasil-stateless\/2026\/07\/87c83eee-gp0su0o6y.jpg 1200w, https:\/\/www.greenpeace.org\/static\/planet4-brasil-stateless\/2026\/07\/87c83eee-gp0su0o6y-300x200.jpg 300w, https:\/\/www.greenpeace.org\/static\/planet4-brasil-stateless\/2026\/07\/87c83eee-gp0su0o6y-1024x683.jpg 1024w, https:\/\/www.greenpeace.org\/static\/planet4-brasil-stateless\/2026\/07\/87c83eee-gp0su0o6y-768x512.jpg 768w, https:\/\/www.greenpeace.org\/static\/planet4-brasil-stateless\/2026\/07\/87c83eee-gp0su0o6y-510x340.jpg 510w\" sizes=\"auto, (max-width: 1200px) 100vw, 1200px\" data-image-size=\"post-thumbnail\" data-stateless-media-bucket=\"planet4-brasil-stateless\" data-stateless-media-name=\"2026\/07\/87c83eee-gp0su0o6y.jpg\" \/><\/a><\/figure>\n\n\n<div class=\"wp-block-group is-layout-flow wp-block-group-is-layout-flow\">\n<div class=\"wp-block-group is-layout-flex wp-block-group-is-layout-flex\"><div class=\"wp-block-post-terms\"><a data-ga-category=\"Posts List\" data-ga-action=\"Post Type Tag\" data-ga-label=\"n\/a\" href=\"https:\/\/www.greenpeace.org\/brasil\/categoria\/justica-climatica\/eventos-extremos\/\">Eventos extremos<\/a><\/div>\n\n<div class=\"taxonomy-post_tag wp-block-post-terms\"><a data-ga-category=\"Posts List\" data-ga-action=\"Navigation Tag\" data-ga-label=\"n\/a\" href=\"https:\/\/www.greenpeace.org\/brasil\/tag\/clima\/\" rel=\"tag\">Clima<\/a><span class=\"wp-block-post-terms__separator\"> <\/span><a data-ga-category=\"Posts List\" data-ga-action=\"Navigation Tag\" data-ga-label=\"n\/a\" href=\"https:\/\/www.greenpeace.org\/brasil\/tag\/cidades\/\" rel=\"tag\">Cidades<\/a><span class=\"wp-block-post-terms__separator\"> <\/span><a data-ga-category=\"Posts List\" data-ga-action=\"Navigation Tag\" data-ga-label=\"n\/a\" href=\"https:\/\/www.greenpeace.org\/brasil\/tag\/justica-climatica\/\" rel=\"tag\">Justi\u00e7a Clim\u00e1tica<\/a><span class=\"wp-block-post-terms__separator\"> <\/span><a data-ga-category=\"Posts List\" data-ga-action=\"Navigation Tag\" data-ga-label=\"n\/a\" href=\"https:\/\/www.greenpeace.org\/brasil\/tag\/adaptacao-climatica\/\" rel=\"tag\">Adapta\u00e7\u00e3o Clim\u00e1tica<\/a><\/div><\/div>\n\n\n<h3 class=\"wp-block-post-title\"><a data-ga-category=\"Posts List\" data-ga-action=\"Title\" data-ga-label=\"n\/a\" href=\"https:\/\/www.greenpeace.org\/brasil\/imprensa\/rio-grande-do-sul-volta-a-enfrentar-chuvas-extremas-sem-adaptacao-necessaria-lamenta-greenpeace-brasil\/\" target=\"_self\" >Rio Grande do Sul volta a enfrentar chuvas extremas sem adapta\u00e7\u00e3o necess\u00e1ria, lamenta Greenpeace Brasil<\/a><\/h3>\n\n<div class=\"wp-block-post-excerpt\"><p class=\"wp-block-post-excerpt__excerpt\">A\u00e7\u00f5es de adapta\u00e7\u00e3o clim\u00e1tica justa e inclusiva nos munic\u00edpios ga\u00fachos s\u00e3o urgentes.<\/p><p class=\"wp-block-post-excerpt__more-text\"><a class=\"wp-block-post-excerpt__more-link\" href=\"https:\/\/www.greenpeace.org\/brasil\/imprensa\/rio-grande-do-sul-volta-a-enfrentar-chuvas-extremas-sem-adaptacao-necessaria-lamenta-greenpeace-brasil\/\">Continuar lendo<\/a><\/p><\/div>\n\n\n<div class=\"wp-block-group posts-list-meta is-layout-flow wp-block-group-is-layout-flow\"><span class='article-list-item-author'><a data-ga-category=\"Posts List\" data-ga-action=\"Author\" data-ga-label=\"n\/a\" href='https:\/\/www.greenpeace.org\/brasil\/author\/laismodelli\/'>La\u00eds Modelli<\/a><\/span>\n\n<div class=\"wp-block-post-date\"><time datetime=\"2026-07-20T18:09:39-03:00\">20 de julho de 2026<\/time><\/div><\/div>\n<\/div>\n<\/div>\n\n<\/li><li class=\"wp-block-post post-65692 post type-post status-publish format-standard has-post-thumbnail hentry category-oceanos tag-oceanos tag-mineracao p4-page-type-imprensa\">\n\n<div class=\"wp-block-columns is-layout-flex wp-container-core-columns-is-layout-8f761849 wp-block-columns-is-layout-flex\"><figure class=\"wp-block-post-featured-image\"><a href=\"https:\/\/www.greenpeace.org\/brasil\/imprensa\/greenpeace-brasil-lanca-nota-tecnica-em-defesa-dos-oceanos-durante-reuniao-do-isa\/\" target=\"_self\"  ><img loading=\"lazy\" decoding=\"async\" data-ga-category=\"Posts List\" data-ga-action=\"Image\" data-ga-label=\"n\/a\" width=\"1200\" height=\"900\" src=\"https:\/\/www.greenpeace.org\/static\/planet4-brasil-stateless\/2026\/07\/f2c34978-gp0stwldu.jpg\" class=\"attachment-post-thumbnail size-post-thumbnail wp-post-image wp-stateless-item\" alt=\"Greenpeace Brasil lan\u00e7a nota t\u00e9cnica em defesa dos oceanos durante reuni\u00e3o do ISA\" style=\"object-fit:cover;\" srcset=\"https:\/\/www.greenpeace.org\/static\/planet4-brasil-stateless\/2026\/07\/f2c34978-gp0stwldu.jpg 1200w, https:\/\/www.greenpeace.org\/static\/planet4-brasil-stateless\/2026\/07\/f2c34978-gp0stwldu-300x225.jpg 300w, https:\/\/www.greenpeace.org\/static\/planet4-brasil-stateless\/2026\/07\/f2c34978-gp0stwldu-1024x768.jpg 1024w, https:\/\/www.greenpeace.org\/static\/planet4-brasil-stateless\/2026\/07\/f2c34978-gp0stwldu-768x576.jpg 768w, https:\/\/www.greenpeace.org\/static\/planet4-brasil-stateless\/2026\/07\/f2c34978-gp0stwldu-453x340.jpg 453w\" sizes=\"auto, (max-width: 1200px) 100vw, 1200px\" data-image-size=\"post-thumbnail\" data-stateless-media-bucket=\"planet4-brasil-stateless\" data-stateless-media-name=\"2026\/07\/f2c34978-gp0stwldu.jpg\" \/><\/a><\/figure>\n\n\n<div class=\"wp-block-group is-layout-flow wp-block-group-is-layout-flow\">\n<div class=\"wp-block-group is-layout-flex wp-block-group-is-layout-flex\"><div class=\"wp-block-post-terms\"><a data-ga-category=\"Posts List\" data-ga-action=\"Post Type Tag\" data-ga-label=\"n\/a\" href=\"https:\/\/www.greenpeace.org\/brasil\/categoria\/oceanos\/\">Oceanos<\/a><\/div>\n\n<div class=\"taxonomy-post_tag wp-block-post-terms\"><a data-ga-category=\"Posts List\" data-ga-action=\"Navigation Tag\" data-ga-label=\"n\/a\" href=\"https:\/\/www.greenpeace.org\/brasil\/tag\/oceanos\/\" rel=\"tag\">Oceanos<\/a><span class=\"wp-block-post-terms__separator\"> <\/span><a data-ga-category=\"Posts List\" data-ga-action=\"Navigation Tag\" data-ga-label=\"n\/a\" href=\"https:\/\/www.greenpeace.org\/brasil\/tag\/mineracao\/\" rel=\"tag\">Minera\u00e7\u00e3o<\/a><\/div><\/div>\n\n\n<h3 class=\"wp-block-post-title\"><a data-ga-category=\"Posts List\" data-ga-action=\"Title\" data-ga-label=\"n\/a\" href=\"https:\/\/www.greenpeace.org\/brasil\/imprensa\/greenpeace-brasil-lanca-nota-tecnica-em-defesa-dos-oceanos-durante-reuniao-do-isa\/\" target=\"_self\" >Greenpeace Brasil lan\u00e7a nota t\u00e9cnica em defesa dos oceanos durante reuni\u00e3o do ISA<\/a><\/h3>\n\n<div class=\"wp-block-post-excerpt\"><p class=\"wp-block-post-excerpt__excerpt\">Organiza\u00e7\u00e3o defende morat\u00f3ria \u00e0 minera\u00e7\u00e3o em \u00e1guas profundas&nbsp;<\/p><p class=\"wp-block-post-excerpt__more-text\"><a class=\"wp-block-post-excerpt__more-link\" href=\"https:\/\/www.greenpeace.org\/brasil\/imprensa\/greenpeace-brasil-lanca-nota-tecnica-em-defesa-dos-oceanos-durante-reuniao-do-isa\/\">Continuar lendo<\/a><\/p><\/div>\n\n\n<div class=\"wp-block-group posts-list-meta is-layout-flow wp-block-group-is-layout-flow\"><span class='article-list-item-author'><a data-ga-category=\"Posts List\" data-ga-action=\"Author\" data-ga-label=\"n\/a\" href='https:\/\/www.greenpeace.org\/brasil\/author\/vini\/'>Vinicius Oliveira<\/a><\/span>\n\n<div class=\"wp-block-post-date\"><time datetime=\"2026-07-13T18:08:50-03:00\">13 de julho de 2026<\/time><\/div><\/div>\n<\/div>\n<\/div>\n\n<\/li><li class=\"wp-block-post post-64319 post type-post status-publish format-standard has-post-thumbnail hentry category-amazonia tag-desmatamento p4-page-type-imprensa\">\n\n<div class=\"wp-block-columns is-layout-flex wp-container-core-columns-is-layout-8f761849 wp-block-columns-is-layout-flex\"><figure class=\"wp-block-post-featured-image\"><a href=\"https:\/\/www.greenpeace.org\/brasil\/imprensa\/dia-mundial-das-florestas-tropicais-e-urgente-zerar-o-desmatamento-e-a-degradacao-global-para-conter-a-crise-do-clima-alerta-greenpeace-brasil\/\" target=\"_self\"  ><img loading=\"lazy\" decoding=\"async\" data-ga-category=\"Posts List\" data-ga-action=\"Image\" data-ga-label=\"n\/a\" width=\"1200\" height=\"900\" src=\"https:\/\/www.greenpeace.org\/static\/planet4-brasil-stateless\/2026\/06\/cff60c28-gp0su5luv_medium-res-1200px.jpg\" class=\"attachment-post-thumbnail size-post-thumbnail wp-post-image wp-stateless-item\" alt=\"Dia Mundial das Florestas Tropicais: \u00e9 urgente zerar o desmatamento e a degrada\u00e7\u00e3o global para conter a crise do clima\" style=\"object-fit:cover;\" srcset=\"https:\/\/www.greenpeace.org\/static\/planet4-brasil-stateless\/2026\/06\/cff60c28-gp0su5luv_medium-res-1200px.jpg 1200w, https:\/\/www.greenpeace.org\/static\/planet4-brasil-stateless\/2026\/06\/cff60c28-gp0su5luv_medium-res-1200px-300x225.jpg 300w, https:\/\/www.greenpeace.org\/static\/planet4-brasil-stateless\/2026\/06\/cff60c28-gp0su5luv_medium-res-1200px-1024x768.jpg 1024w, https:\/\/www.greenpeace.org\/static\/planet4-brasil-stateless\/2026\/06\/cff60c28-gp0su5luv_medium-res-1200px-768x576.jpg 768w, https:\/\/www.greenpeace.org\/static\/planet4-brasil-stateless\/2026\/06\/cff60c28-gp0su5luv_medium-res-1200px-453x340.jpg 453w\" sizes=\"auto, (max-width: 1200px) 100vw, 1200px\" data-image-size=\"post-thumbnail\" data-stateless-media-bucket=\"planet4-brasil-stateless\" data-stateless-media-name=\"2026\/06\/cff60c28-gp0su5luv_medium-res-1200px.jpg\" \/><\/a><\/figure>\n\n\n<div class=\"wp-block-group is-layout-flow wp-block-group-is-layout-flow\">\n<div class=\"wp-block-group is-layout-flex wp-block-group-is-layout-flex\"><div class=\"wp-block-post-terms\"><a data-ga-category=\"Posts List\" data-ga-action=\"Post Type Tag\" data-ga-label=\"n\/a\" href=\"https:\/\/www.greenpeace.org\/brasil\/categoria\/amazonia\/\">Amaz\u00f4nia<\/a><\/div>\n\n<div class=\"taxonomy-post_tag wp-block-post-terms\"><a data-ga-category=\"Posts List\" data-ga-action=\"Navigation Tag\" data-ga-label=\"n\/a\" href=\"https:\/\/www.greenpeace.org\/brasil\/tag\/desmatamento\/\" rel=\"tag\">Desmatamento<\/a><\/div><\/div>\n\n\n<h3 class=\"wp-block-post-title\"><a data-ga-category=\"Posts List\" data-ga-action=\"Title\" data-ga-label=\"n\/a\" href=\"https:\/\/www.greenpeace.org\/brasil\/imprensa\/dia-mundial-das-florestas-tropicais-e-urgente-zerar-o-desmatamento-e-a-degradacao-global-para-conter-a-crise-do-clima-alerta-greenpeace-brasil\/\" target=\"_self\" >Dia Mundial das Florestas Tropicais: \u00e9 urgente zerar o desmatamento e a degrada\u00e7\u00e3o global para conter a crise do clima<\/a><\/h3>\n\n<div class=\"wp-block-post-excerpt\"><p class=\"wp-block-post-excerpt__excerpt\">Proteger e restaurar as florestas tropicais \u00e9 fundamental para enfrentar as crises da biodiversidade e do clima.<\/p><p class=\"wp-block-post-excerpt__more-text\"><a class=\"wp-block-post-excerpt__more-link\" href=\"https:\/\/www.greenpeace.org\/brasil\/imprensa\/dia-mundial-das-florestas-tropicais-e-urgente-zerar-o-desmatamento-e-a-degradacao-global-para-conter-a-crise-do-clima-alerta-greenpeace-brasil\/\">Continuar lendo<\/a><\/p><\/div>\n\n\n<div class=\"wp-block-group posts-list-meta is-layout-flow wp-block-group-is-layout-flow\"><span class='article-list-item-author'><a data-ga-category=\"Posts List\" data-ga-action=\"Author\" data-ga-label=\"n\/a\" href='https:\/\/www.greenpeace.org\/brasil\/author\/vini\/'>Vinicius Oliveira<\/a><\/span>\n\n<div class=\"wp-block-post-date\"><time datetime=\"2026-06-19T15:14:58-03:00\">19 de junho de 2026<\/time><\/div><\/div>\n<\/div>\n<\/div>\n\n<\/li><\/ul>\n\n\n<div class=\"wp-block-buttons carousel-controls is-horizontal is-content-justification-space-between is-nowrap is-layout-flex wp-container-core-buttons-is-layout-358af4b1 wp-block-buttons-is-layout-flex\">\n<div class=\"wp-block-button carousel-control-prev\"><button type=\"button\" class=\"wp-block-button__link wp-element-button\">Previous Carousel Slide<\/button><\/div>\n\n\n\n<div class=\"wp-block-button carousel-control-next\"><button type=\"button\" class=\"wp-block-button__link wp-element-button\">Next Carousel Slide<\/button><\/div>\n<\/div>\n\n\n<li class=\"wp-block-navigation-item see-all-link wp-block-navigation-link\"><a class=\"wp-block-navigation-item__content\"  href=\"https:\/\/www.greenpeace.org\/brasil\/noticias-e-historias\/\"><span data-ga-category=\"Posts List\" data-ga-action=\"See More Link\" data-ga-label=\"n\/a\" class=\"wp-block-navigation-item__label\">Acessar todos<\/span><\/a><\/li><\/div>\n\n<h2 class=\"wp-block-heading\">Explore os t\u00f3picos<\/h2>\n\n<div class=\"wp-block-columns gpbr-link-black-color gpbr-topics-navigation-title is-layout-flex wp-container-core-columns-is-layout-8f761849 wp-block-columns-is-layout-flex\">\n<div class=\"wp-block-column is-layout-flow wp-block-column-is-layout-flow\" style=\"flex-basis:30px\"><\/div>\n\n\n\n<div class=\"wp-block-column is-layout-flow wp-block-column-is-layout-flow\">\n<figure class=\"wp-block-image aligncenter size-full is-resized is-style-rounded-90\"><a href=\"\/brasil\/informe-se\/amazonia\/?utm_source=p4_explore\"><img loading=\"lazy\" decoding=\"async\" width=\"300\" height=\"300\" title=\"amazonia_icon\" src=\"https:\/\/www.greenpeace.org\/static\/planet4-brasil-stateless\/2022\/05\/7081844f-amazonia_icon.jpg\" alt=\"\" class=\"wp-image-39912\" srcset=\"https:\/\/www.greenpeace.org\/static\/planet4-brasil-stateless\/2022\/05\/7081844f-amazonia_icon.jpg 300w, https:\/\/www.greenpeace.org\/static\/planet4-brasil-stateless\/2022\/05\/7081844f-amazonia_icon-150x150.jpg 150w\" sizes=\"auto, (max-width: 300px) 100vw, 300px\" \/><\/a><\/figure>\n\n\n\n<h4 class=\"wp-block-heading has-text-align-center\"><a href=\"\/brasil\/informe-se\/amazonia\/?utm_source=p4_explore\" data-type=\"URL\" data-id=\"\/brasil\/informe-se\/amazonia\">Amaz\u00f4nia<\/a><\/h4>\n<\/div>\n\n\n\n<div class=\"wp-block-column is-layout-flow wp-block-column-is-layout-flow\">\n<figure class=\"wp-block-image aligncenter size-full is-resized is-style-rounded-90\"><a href=\"\/brasil\/informe-se\/justica-climatica\/?utm_source=p4_explore\"><img loading=\"lazy\" decoding=\"async\" width=\"1400\" height=\"934\" title=\"GP0SU2MUZ_PressMedia_cprt_reduced\" src=\"https:\/\/www.greenpeace.org\/static\/planet4-brasil-stateless\/2025\/05\/6df27306-gp0su2muz_pressmedia_cprt_reduced.jpg\" alt=\"\" class=\"wp-image-57409\" style=\"aspect-ratio:1;object-fit:cover\" srcset=\"https:\/\/www.greenpeace.org\/static\/planet4-brasil-stateless\/2025\/05\/6df27306-gp0su2muz_pressmedia_cprt_reduced.jpg 1400w, https:\/\/www.greenpeace.org\/static\/planet4-brasil-stateless\/2025\/05\/6df27306-gp0su2muz_pressmedia_cprt_reduced-300x200.jpg 300w, https:\/\/www.greenpeace.org\/static\/planet4-brasil-stateless\/2025\/05\/6df27306-gp0su2muz_pressmedia_cprt_reduced-1024x683.jpg 1024w, https:\/\/www.greenpeace.org\/static\/planet4-brasil-stateless\/2025\/05\/6df27306-gp0su2muz_pressmedia_cprt_reduced-768x512.jpg 768w, https:\/\/www.greenpeace.org\/static\/planet4-brasil-stateless\/2025\/05\/6df27306-gp0su2muz_pressmedia_cprt_reduced-510x340.jpg 510w\" sizes=\"auto, (max-width: 1400px) 100vw, 1400px\" \/><\/a><\/figure>\n\n\n\n<h4 class=\"wp-block-heading has-text-align-center\"><a href=\"\/brasil\/informe-se\/justica-climatica\/?utm_source=p4_explore\" data-type=\"URL\" data-id=\"\/brasil\/informe-se\/justica-climatica\">Justi\u00e7a clim\u00e1tica<\/a><\/h4>\n<\/div>\n\n\n\n<div class=\"wp-block-column is-layout-flow wp-block-column-is-layout-flow\">\n<figure class=\"wp-block-image aligncenter size-full is-resized is-style-rounded-90\"><a href=\"\/brasil\/informe-se\/amazonia\/povos-e-territorios\/?utm_source=p4_explore\"><img loading=\"lazy\" decoding=\"async\" width=\"2500\" height=\"1667\" title=\"GP0SU52D8_PressMedia (2500px)\" src=\"https:\/\/www.greenpeace.org\/static\/planet4-brasil-stateless\/2025\/08\/3c9dde15-gp0su52d8_pressmedia-2500px.jpg\" alt=\"\" class=\"wp-image-59419\" srcset=\"https:\/\/www.greenpeace.org\/static\/planet4-brasil-stateless\/2025\/08\/3c9dde15-gp0su52d8_pressmedia-2500px.jpg 2500w, https:\/\/www.greenpeace.org\/static\/planet4-brasil-stateless\/2025\/08\/3c9dde15-gp0su52d8_pressmedia-2500px-300x200.jpg 300w, https:\/\/www.greenpeace.org\/static\/planet4-brasil-stateless\/2025\/08\/3c9dde15-gp0su52d8_pressmedia-2500px-1024x683.jpg 1024w, https:\/\/www.greenpeace.org\/static\/planet4-brasil-stateless\/2025\/08\/3c9dde15-gp0su52d8_pressmedia-2500px-768x512.jpg 768w, https:\/\/www.greenpeace.org\/static\/planet4-brasil-stateless\/2025\/08\/3c9dde15-gp0su52d8_pressmedia-2500px-1536x1024.jpg 1536w, https:\/\/www.greenpeace.org\/static\/planet4-brasil-stateless\/2025\/08\/3c9dde15-gp0su52d8_pressmedia-2500px-2048x1366.jpg 2048w, https:\/\/www.greenpeace.org\/static\/planet4-brasil-stateless\/2025\/08\/3c9dde15-gp0su52d8_pressmedia-2500px-510x340.jpg 510w\" sizes=\"auto, (max-width: 2500px) 100vw, 2500px\" \/><\/a><\/figure>\n\n\n\n<h4 class=\"wp-block-heading has-text-align-center\"><a href=\"\/brasil\/informe-se\/amazonia\/povos-e-territorios\/?utm_source=p4_explore\" data-type=\"URL\" data-id=\"\/brasil\/informe-se\/amazonia\/povos-e-territorios\/\">Povos e territ\u00f3rios<\/a><\/h4>\n<\/div>\n\n\n\n<div class=\"wp-block-column is-layout-flow wp-block-column-is-layout-flow\">\n<figure class=\"wp-block-image aligncenter size-full is-resized is-style-rounded-90\"><a href=\"\/brasil\/informe-se\/oceanos\/?utm_source=p4_explore\"><img loading=\"lazy\" decoding=\"async\" width=\"1400\" height=\"934\" title=\"GP0SU259X_PressMedia_cprt_reduced\" src=\"https:\/\/www.greenpeace.org\/static\/planet4-brasil-stateless\/2025\/05\/131fb8a1-gp0su259x_pressmedia_cprt_reduced.jpg\" alt=\"\" class=\"wp-image-57410\" srcset=\"https:\/\/www.greenpeace.org\/static\/planet4-brasil-stateless\/2025\/05\/131fb8a1-gp0su259x_pressmedia_cprt_reduced.jpg 1400w, https:\/\/www.greenpeace.org\/static\/planet4-brasil-stateless\/2025\/05\/131fb8a1-gp0su259x_pressmedia_cprt_reduced-300x200.jpg 300w, https:\/\/www.greenpeace.org\/static\/planet4-brasil-stateless\/2025\/05\/131fb8a1-gp0su259x_pressmedia_cprt_reduced-1024x683.jpg 1024w, https:\/\/www.greenpeace.org\/static\/planet4-brasil-stateless\/2025\/05\/131fb8a1-gp0su259x_pressmedia_cprt_reduced-768x512.jpg 768w, https:\/\/www.greenpeace.org\/static\/planet4-brasil-stateless\/2025\/05\/131fb8a1-gp0su259x_pressmedia_cprt_reduced-510x340.jpg 510w\" sizes=\"auto, (max-width: 1400px) 100vw, 1400px\" \/><\/a><\/figure>\n\n\n\n<h4 class=\"wp-block-heading has-text-align-center\"><a href=\"\/brasil\/informe-se\/oceanos\/?utm_source=p4_explore\" data-type=\"URL\">Oceanos<\/a><\/h4>\n<\/div>\n\n\n\n<div class=\"wp-block-column is-layout-flow wp-block-column-is-layout-flow\" style=\"flex-basis:30px\"><\/div>\n<\/div>\n\n<h2 class=\"wp-block-heading\">Ajude a construir um futuro melhor<\/h2>\n\n<div class=\"wp-block-columns gpbr-how-to-help-shadow-block gpbr-remove-external-link is-layout-flex wp-container-core-columns-is-layout-8f761849 wp-block-columns-is-layout-flex\">\n<div class=\"wp-block-column gpbr-has-shadow-background is-layout-flow wp-block-column-is-layout-flow\">\n<figure class=\"wp-block-image size-full\"><img loading=\"lazy\" decoding=\"async\" width=\"1400\" height=\"934\" title=\"GP1T3H3C - Bruno Kelly Greenpeace\" src=\"https:\/\/www.greenpeace.org\/static\/planet4-brasil-stateless\/2026\/01\/3c47508d-gp1t3h3c-bruno-kelly-greenpeace.jpg\" alt=\"\" class=\"wp-image-62305\" srcset=\"https:\/\/www.greenpeace.org\/static\/planet4-brasil-stateless\/2026\/01\/3c47508d-gp1t3h3c-bruno-kelly-greenpeace.jpg 1400w, https:\/\/www.greenpeace.org\/static\/planet4-brasil-stateless\/2026\/01\/3c47508d-gp1t3h3c-bruno-kelly-greenpeace-300x200.jpg 300w, https:\/\/www.greenpeace.org\/static\/planet4-brasil-stateless\/2026\/01\/3c47508d-gp1t3h3c-bruno-kelly-greenpeace-1024x683.jpg 1024w, https:\/\/www.greenpeace.org\/static\/planet4-brasil-stateless\/2026\/01\/3c47508d-gp1t3h3c-bruno-kelly-greenpeace-768x512.jpg 768w, https:\/\/www.greenpeace.org\/static\/planet4-brasil-stateless\/2026\/01\/3c47508d-gp1t3h3c-bruno-kelly-greenpeace-510x340.jpg 510w\" sizes=\"auto, (max-width: 1400px) 100vw, 1400px\" \/><\/figure>\n\n\n\n<h3 class=\"wp-block-heading\"><a href=\"https:\/\/doe.greenpeace.org.br\/?appeal=18288&amp;cc=701Pm000018T4RYIA0&amp;entrypoint=botao_home\" data-type=\"URL\" data-id=\"https:\/\/doe.greenpeace.org.br\/doar\/p?appeal=18288&amp;entrypoint=botao_home\" target=\"_blank\" rel=\"noreferrer noopener\">Fa\u00e7a uma doa\u00e7\u00e3o<\/a><\/h3>\n\n\n\n<p class=\"wp-block-paragraph\" style=\"font-size:16px\"><a href=\"https:\/\/doe.greenpeace.org.br\/a?appeal=18288&amp;cc=701Pm000018T4RYIA0&amp;entrypoint=botao_home\" data-type=\"link\" data-id=\"https:\/\/doe.greenpeace.org.br\/a?appeal=18288&amp;cc=701Pm000018T4RYIA0&amp;entrypoint=botao_home\" target=\"_blank\" rel=\"noreferrer noopener\">Ao doar, voc\u00ea fortalece o nosso trabalho e a luta em defesa das florestas e de seus povos.<\/a><\/p>\n\n\n\n<div class=\"wp-block-buttons is-content-justification-center is-layout-flex wp-container-core-buttons-is-layout-fe48e5de wp-block-buttons-is-layout-flex\">\n<div class=\"wp-block-button has-custom-width wp-block-button__width-50 is-style-cta\"><a class=\"wp-block-button__link has-small-font-size has-custom-font-size wp-element-button\" href=\"https:\/\/doe.greenpeace.org.br\/a?appeal=18288&amp;cc=701Pm000018T4RYIA0&amp;entrypoint=botao_home\" target=\"_blank\" rel=\"noreferrer noopener\">Doe agora<\/a><\/div>\n<\/div>\n<\/div>\n\n\n\n<div class=\"wp-block-column gpbr-has-shadow-background is-layout-flow wp-block-column-is-layout-flow\">\n<figure class=\"wp-block-image size-full\"><a href=\"https:\/\/www.greenpeace.org\/brasil\/como-ajudar\/faca-parte-do-voluntariado\/\"><img loading=\"lazy\" decoding=\"async\" width=\"800\" height=\"533\" title=\"0434fbef-gp0sts0mq_web_size\" src=\"https:\/\/www.greenpeace.org\/static\/planet4-brasil-stateless\/2022\/05\/0434fbef-gp0sts0mq_web_size.webp\" alt=\"\" class=\"wp-image-39370\"\/><\/a><\/figure>\n\n\n\n<h3 class=\"wp-block-heading\"><a href=\"https:\/\/www.greenpeace.org\/brasil\/como-ajudar\/faca-parte-do-voluntariado\/\">Fa\u00e7a parte do voluntariado<\/a><\/h3>\n\n\n\n<p class=\"wp-block-paragraph\" style=\"font-size:16px\"><a href=\"https:\/\/www.greenpeace.org\/brasil\/como-ajudar\/faca-parte-do-voluntariado\/\">O voluntariado do Greenpeace Brasil \u00e9 uma rede diversa e ampla de mobiliza\u00e7\u00e3o pelo planeta e seus ecossistemas. Voc\u00ea pode se juntar ao nosso programa de voluntariado online, ou a um dos 20 grupos locais de voluntariado espalhados pelo Brasil.<\/a><\/p>\n\n\n\n<div class=\"wp-block-buttons is-content-justification-center is-layout-flex wp-container-core-buttons-is-layout-fe48e5de wp-block-buttons-is-layout-flex\">\n<div class=\"wp-block-button has-custom-width wp-block-button__width-50 is-style-cta\"><a class=\"wp-block-button__link has-small-font-size has-custom-font-size wp-element-button\" href=\"https:\/\/www.greenpeace.org\/brasil\/como-ajudar\/faca-parte-do-voluntariado\/\">Fa\u00e7a parte<\/a><\/div>\n<\/div>\n<\/div>\n\n\n\n<div class=\"wp-block-column gpbr-has-shadow-background is-layout-flow wp-block-column-is-layout-flow\">\n<figure class=\"wp-block-image size-full\"><a href=\"https:\/\/www.whatsapp.com\/channel\/0029VaBPpFN6RGJNFdUUJ01q\" target=\"_blank\" rel=\"noreferrer noopener\"><img loading=\"lazy\" decoding=\"async\" width=\"800\" height=\"533\" title=\"3d9939ca-gp1suhwt_web_size\" src=\"https:\/\/www.greenpeace.org\/static\/planet4-brasil-stateless\/2022\/05\/3d9939ca-gp1suhwt_web_size.jpeg\" alt=\"\" class=\"wp-image-39367\" srcset=\"https:\/\/www.greenpeace.org\/static\/planet4-brasil-stateless\/2022\/05\/3d9939ca-gp1suhwt_web_size.jpeg 800w, https:\/\/www.greenpeace.org\/static\/planet4-brasil-stateless\/2022\/05\/3d9939ca-gp1suhwt_web_size-300x200.jpeg 300w, https:\/\/www.greenpeace.org\/static\/planet4-brasil-stateless\/2022\/05\/3d9939ca-gp1suhwt_web_size-768x512.jpeg 768w, https:\/\/www.greenpeace.org\/static\/planet4-brasil-stateless\/2022\/05\/3d9939ca-gp1suhwt_web_size-510x340.jpeg 510w\" sizes=\"auto, (max-width: 800px) 100vw, 800px\" \/><\/a><\/figure>\n\n\n\n<h3 class=\"wp-block-heading\"><a href=\"https:\/\/www.whatsapp.com\/channel\/0029VaBPpFN6RGJNFdUUJ01q\" target=\"_blank\" rel=\"noreferrer noopener\">Siga nosso canal no Whatsapp<\/a><\/h3>\n\n\n\n<p class=\"wp-block-paragraph\" style=\"font-size:16px\"><a href=\"https:\/\/www.whatsapp.com\/channel\/0029VaBPpFN6RGJNFdUUJ01q\" target=\"_blank\" rel=\"noreferrer noopener\">Quer acompanhar de perto a luta pela defesa do meio ambiente? Entre no nosso canal do WhatsApp e receba not\u00edcias, atualiza\u00e7\u00f5es e alertas sobre campanhas, mobiliza\u00e7\u00f5es e temas urgentes para o planeta.<\/a><\/p>\n\n\n\n<div class=\"wp-block-buttons is-content-justification-center is-layout-flex wp-container-core-buttons-is-layout-fe48e5de wp-block-buttons-is-layout-flex\">\n<div class=\"wp-block-button has-custom-width wp-block-button__width-50 is-style-cta\"><a class=\"wp-block-button__link has-small-font-size has-custom-font-size wp-element-button\" href=\"https:\/\/www.whatsapp.com\/channel\/0029VaBPpFN6RGJNFdUUJ01q\" target=\"_blank\" rel=\"noreferrer noopener\">Acesse o canal<\/a><\/div>\n<\/div>\n<\/div>\n<\/div>\n\n<div style=\"height:30px\" aria-hidden=\"true\" class=\"wp-block-spacer\"><\/div>\n\n<style data-wp-block-html=\"css\">\n.wp-block-post-template { \n      padding-bottom: 40px !important;\n}\n\n.wp-block-post::marker {\n  display: none !important;\n}\n<\/style>\n\n<div style=\"height:42px\" aria-hidden=\"true\" class=\"wp-block-spacer\"><\/div>\n\n<p class=\"wp-block-paragraph\"><\/p>\n","protected":false},"excerpt":{"rendered":"<p>Estamos lutando para proteger o meio ambiente. Para isso, precisamos de voc\u00ea! Entenda as quest\u00f5es urgentes, saiba o que o Greenpeace Brasil faz, se envolva com nossas campanhas e fa\u00e7a parte do voluntariado.<\/p>\n","protected":false},"author":102,"featured_media":38860,"parent":0,"menu_order":0,"comment_status":"closed","ping_status":"closed","template":"","meta":{"ep_exclude_from_search":false,"p4_hide_page_title_checkbox":"on","p4_title":"","p4_subtitle":"","p4_description":"","background_image_id":"","background_image":"","p4_button_title":"","p4_button_link":"","p4_button_link_checkbox":"","p4_og_title":"","p4_og_description":"","p4_og_image":"","p4_og_image_id":"","p4_seo_canonical_url":"","p4_campaign_name":"not set","p4_local_project":"not set","p4_basket_name":"not set","p4_department":"","footnotes":""},"categories":[5],"tags":[],"class_list":["post-37772","page","type-page","status-publish","has-post-thumbnail","hentry","category-greenpeace"],"_links":{"self":[{"href":"https:\/\/www.greenpeace.org\/brasil\/wp-json\/wp\/v2\/pages\/37772","targetHints":{"allow":["GET"]}}],"collection":[{"href":"https:\/\/www.greenpeace.org\/brasil\/wp-json\/wp\/v2\/pages"}],"about":[{"href":"https:\/\/www.greenpeace.org\/brasil\/wp-json\/wp\/v2\/types\/page"}],"author":[{"embeddable":true,"href":"https:\/\/www.greenpeace.org\/brasil\/wp-json\/wp\/v2\/users\/102"}],"replies":[{"embeddable":true,"href":"https:\/\/www.greenpeace.org\/brasil\/wp-json\/wp\/v2\/comments?post=37772"}],"version-history":[{"count":20,"href":"https:\/\/www.greenpeace.org\/brasil\/wp-json\/wp\/v2\/pages\/37772\/revisions"}],"predecessor-version":[{"id":66584,"href":"https:\/\/www.greenpeace.org\/brasil\/wp-json\/wp\/v2\/pages\/37772\/revisions\/66584"}],"wp:featuredmedia":[{"embeddable":true,"href":"https:\/\/www.greenpeace.org\/brasil\/wp-json\/wp\/v2\/media\/38860"}],"wp:attachment":[{"href":"https:\/\/www.greenpeace.org\/brasil\/wp-json\/wp\/v2\/media?parent=37772"}],"wp:term":[{"taxonomy":"category","embeddable":true,"href":"https:\/\/www.greenpeace.org\/brasil\/wp-json\/wp\/v2\/categories?post=37772"},{"taxonomy":"post_tag","embeddable":true,"href":"https:\/\/www.greenpeace.org\/brasil\/wp-json\/wp\/v2\/tags?post=37772"}],"curies":[{"name":"wp","href":"https:\/\/api.w.org\/{rel}","templated":true}]}}