{"id":41827,"date":"2022-08-01T17:35:47","date_gmt":"2022-08-01T20:35:47","guid":{"rendered":"https:\/\/www.greenpeace.org\/brasil\/?page_id=41827"},"modified":"2026-08-14T17:42:16","modified_gmt":"2026-08-14T20:42:16","slug":"queimadas","status":"publish","type":"page","link":"https:\/\/www.greenpeace.org\/brasil\/informe-se\/amazonia\/queimadas\/","title":{"rendered":"Queimadas no Brasil"},"content":{"rendered":"\n<div class=\"wp-block-media-text alignfull is-stacked-on-mobile gpbr-has-grey-background gpbr-mobile-centered-text-and-title force-no-lightbox\"><figure class=\"wp-block-media-text__media\"><img loading=\"lazy\" decoding=\"async\" width=\"1024\" height=\"684\" src=\"https:\/\/www.greenpeace.org\/static\/planet4-brasil-stateless\/2022\/08\/95db0fc1-gp1svods_cprght_reduced-1024x684.jpeg\" alt=\"Inc\u00eandio de enormes propor\u00e7\u00f5es atingindo a floresta amaz\u00f4nica com muitas \u00e1rvores queimando\" sizes=\"auto, (min-width: 601px) 50vw, 100vw\" srcset=\"https:\/\/www.greenpeace.org\/static\/planet4-brasil-stateless\/2022\/08\/95db0fc1-gp1svods_cprght_reduced.jpeg 1450w, https:\/\/www.greenpeace.org\/static\/planet4-brasil-stateless\/2022\/08\/95db0fc1-gp1svods_cprght_reduced-300x200.jpeg 300w, https:\/\/www.greenpeace.org\/static\/planet4-brasil-stateless\/2022\/08\/95db0fc1-gp1svods_cprght_reduced-1024x684.jpeg 1024w, https:\/\/www.greenpeace.org\/static\/planet4-brasil-stateless\/2022\/08\/95db0fc1-gp1svods_cprght_reduced-768x513.jpeg 768w, https:\/\/www.greenpeace.org\/static\/planet4-brasil-stateless\/2022\/08\/95db0fc1-gp1svods_cprght_reduced-510x340.jpeg 510w\" class=\"wp-image-41838 size-full\"\/><\/figure><div class=\"wp-block-media-text__content\">\n<div class=\"wp-block-columns is-layout-flex wp-container-core-columns-is-layout-8f761849 wp-block-columns-is-layout-flex\">\n<div class=\"wp-block-column is-layout-flow wp-block-column-is-layout-flow\" style=\"flex-basis:90%\">\n<div style=\"height:35px\" aria-hidden=\"true\" class=\"wp-block-spacer\"><\/div>\n\n\n\n<h1 class=\"wp-block-heading has-text-align-left\">Queimadas no Brasil<\/h1>\n\n\n\n<p class=\"has-text-align-left wp-block-paragraph\" style=\"font-size:19px\">As queimadas que atingem a Amaz\u00f4nia, Cerrado e Pantanal e enchem o c\u00e9u do pa\u00eds de fuma\u00e7a s\u00e3o causadas pela a\u00e7\u00e3o humana, para renova\u00e7\u00e3o de pasto ou para o avan\u00e7o do desmatamento. A impunidade e o dinheiro que segue fluindo para os setores que desmatam contribuem para que este problema continue.<\/p>\n\n\n\n<div style=\"height:18px\" aria-hidden=\"true\" class=\"wp-block-spacer\"><\/div>\n\n\n\n<div class=\"wp-block-buttons is-content-justification-left is-layout-flex wp-container-core-buttons-is-layout-63375db1 wp-block-buttons-is-layout-flex\">\n<div class=\"wp-block-button has-custom-width wp-block-button__width-75 is-style-cta button-middle-align\"><a class=\"wp-block-button__link wp-element-button\" href=\"\/brasil\/apoie\/crise-ambiental-climatica\"><strong>Aja para mudar isso, assine agora!<\/strong><\/a><\/div>\n<\/div>\n<\/div>\n<\/div>\n<\/div><\/div>\n\n<div style=\"height:42px\" aria-hidden=\"true\" class=\"wp-block-spacer\"><\/div>\n\n<div class=\"wp-block-columns block gpbr-has-roboto-font is-layout-flex wp-container-core-columns-is-layout-8f761849 wp-block-columns-is-layout-flex\">\n<div class=\"wp-block-column is-layout-flow wp-block-column-is-layout-flow\">\n<figure class=\"wp-block-image aligncenter size-full is-resized mb-0 force-no-lightbox\"><img loading=\"lazy\" decoding=\"async\" width=\"2048\" height=\"2048\" title=\"Queimadas_Ha atingidos fogo 58_verde@2048_icon\" src=\"https:\/\/www.greenpeace.org\/static\/planet4-brasil-stateless\/2026\/08\/9509f8d0-queimadas_ha-atingidos-fogo-58_verde@2048_icon.png\" alt=\"\" class=\"wp-image-66341\" style=\"width:150px\" srcset=\"https:\/\/www.greenpeace.org\/static\/planet4-brasil-stateless\/2026\/08\/9509f8d0-queimadas_ha-atingidos-fogo-58_verde@2048_icon.png 2048w, https:\/\/www.greenpeace.org\/static\/planet4-brasil-stateless\/2026\/08\/9509f8d0-queimadas_ha-atingidos-fogo-58_verde@2048_icon-300x300.png 300w, https:\/\/www.greenpeace.org\/static\/planet4-brasil-stateless\/2026\/08\/9509f8d0-queimadas_ha-atingidos-fogo-58_verde@2048_icon-1024x1024.png 1024w, https:\/\/www.greenpeace.org\/static\/planet4-brasil-stateless\/2026\/08\/9509f8d0-queimadas_ha-atingidos-fogo-58_verde@2048_icon-150x150.png 150w, https:\/\/www.greenpeace.org\/static\/planet4-brasil-stateless\/2026\/08\/9509f8d0-queimadas_ha-atingidos-fogo-58_verde@2048_icon-768x768.png 768w, https:\/\/www.greenpeace.org\/static\/planet4-brasil-stateless\/2026\/08\/9509f8d0-queimadas_ha-atingidos-fogo-58_verde@2048_icon-1536x1536.png 1536w, https:\/\/www.greenpeace.org\/static\/planet4-brasil-stateless\/2026\/08\/9509f8d0-queimadas_ha-atingidos-fogo-58_verde@2048_icon-1366x1366.png 1366w, https:\/\/www.greenpeace.org\/static\/planet4-brasil-stateless\/2026\/08\/9509f8d0-queimadas_ha-atingidos-fogo-58_verde@2048_icon-340x340.png 340w\" sizes=\"auto, (max-width: 2048px) 100vw, 2048px\" \/><\/figure>\n\n\n\n<div style=\"height:5px\" aria-hidden=\"true\" class=\"wp-block-spacer\"><\/div>\n\n\n\n<h3 class=\"wp-block-heading has-text-align-center mb-0\" style=\"font-size:2rem\">2,5 milh\u00f5es <\/h3>\n\n\n\n<p class=\"has-text-align-center wp-block-paragraph\" style=\"font-size:18px\">de hectares de vegeta\u00e7\u00e3o nativa do Pantanal foram queimados de 1\u00aa de janeiro a 31 de agosto de 2024<\/p>\n\n\n\n<p class=\"has-text-align-center gpbr-has-roboto-font has-grey-600-color has-text-color has-small-font-size wp-block-paragraph\"><strong>Fonte: LASA\/UFRJ<\/strong><br><\/p>\n\n\n\n<div style=\"height:16px\" aria-hidden=\"true\" class=\"wp-block-spacer\"><\/div>\n<\/div>\n\n\n\n<div class=\"wp-block-column is-layout-flow wp-block-column-is-layout-flow\">\n<figure class=\"wp-block-image aligncenter size-full is-resized mb-0 force-no-lightbox\"><img loading=\"lazy\" decoding=\"async\" width=\"2048\" height=\"2048\" title=\"Queimadas_Areas queimadas_verde@2048_icon\" src=\"https:\/\/www.greenpeace.org\/static\/planet4-brasil-stateless\/2026\/08\/196a9d00-queimadas_areas-queimadas_verde@2048_icon.png\" alt=\"\" class=\"wp-image-66343\" style=\"width:140px\" srcset=\"https:\/\/www.greenpeace.org\/static\/planet4-brasil-stateless\/2026\/08\/196a9d00-queimadas_areas-queimadas_verde@2048_icon.png 2048w, https:\/\/www.greenpeace.org\/static\/planet4-brasil-stateless\/2026\/08\/196a9d00-queimadas_areas-queimadas_verde@2048_icon-300x300.png 300w, https:\/\/www.greenpeace.org\/static\/planet4-brasil-stateless\/2026\/08\/196a9d00-queimadas_areas-queimadas_verde@2048_icon-1024x1024.png 1024w, https:\/\/www.greenpeace.org\/static\/planet4-brasil-stateless\/2026\/08\/196a9d00-queimadas_areas-queimadas_verde@2048_icon-150x150.png 150w, https:\/\/www.greenpeace.org\/static\/planet4-brasil-stateless\/2026\/08\/196a9d00-queimadas_areas-queimadas_verde@2048_icon-768x768.png 768w, https:\/\/www.greenpeace.org\/static\/planet4-brasil-stateless\/2026\/08\/196a9d00-queimadas_areas-queimadas_verde@2048_icon-1536x1536.png 1536w, https:\/\/www.greenpeace.org\/static\/planet4-brasil-stateless\/2026\/08\/196a9d00-queimadas_areas-queimadas_verde@2048_icon-1366x1366.png 1366w, https:\/\/www.greenpeace.org\/static\/planet4-brasil-stateless\/2026\/08\/196a9d00-queimadas_areas-queimadas_verde@2048_icon-340x340.png 340w\" sizes=\"auto, (max-width: 2048px) 100vw, 2048px\" \/><\/figure>\n\n\n\n<div style=\"height:11px\" aria-hidden=\"true\" class=\"wp-block-spacer\"><\/div>\n\n\n\n<h3 class=\"wp-block-heading has-text-align-center mb-0\" style=\"font-size:2rem\">63.189 focos de fogo<\/h3>\n\n\n\n<p class=\"has-text-align-center wp-block-paragraph\" style=\"font-size:18px\">foram registrados na Amaz\u00f4nia, de 1 de janeiro a 31 de agosto de 2024.<\/p>\n\n\n\n<p class=\"has-text-align-center gpbr-has-roboto-font has-grey-600-color has-text-color has-small-font-size wp-block-paragraph\"><br><strong>Fonte: INPE<\/strong><\/p>\n<\/div>\n\n\n\n<div class=\"wp-block-column is-layout-flow wp-block-column-is-layout-flow\">\n<figure class=\"wp-block-image aligncenter size-full is-resized mb-0 force-no-lightbox\"><img loading=\"lazy\" decoding=\"async\" width=\"2048\" height=\"2048\" title=\"Queimadas_Focos 64_verde@2048_icon\" src=\"https:\/\/www.greenpeace.org\/static\/planet4-brasil-stateless\/2026\/08\/be0706a0-queimadas_focos-64_verde@2048_icon.png\" alt=\"\" class=\"wp-image-66344\" style=\"width:140px\" srcset=\"https:\/\/www.greenpeace.org\/static\/planet4-brasil-stateless\/2026\/08\/be0706a0-queimadas_focos-64_verde@2048_icon.png 2048w, https:\/\/www.greenpeace.org\/static\/planet4-brasil-stateless\/2026\/08\/be0706a0-queimadas_focos-64_verde@2048_icon-300x300.png 300w, https:\/\/www.greenpeace.org\/static\/planet4-brasil-stateless\/2026\/08\/be0706a0-queimadas_focos-64_verde@2048_icon-1024x1024.png 1024w, https:\/\/www.greenpeace.org\/static\/planet4-brasil-stateless\/2026\/08\/be0706a0-queimadas_focos-64_verde@2048_icon-150x150.png 150w, https:\/\/www.greenpeace.org\/static\/planet4-brasil-stateless\/2026\/08\/be0706a0-queimadas_focos-64_verde@2048_icon-768x768.png 768w, https:\/\/www.greenpeace.org\/static\/planet4-brasil-stateless\/2026\/08\/be0706a0-queimadas_focos-64_verde@2048_icon-1536x1536.png 1536w, https:\/\/www.greenpeace.org\/static\/planet4-brasil-stateless\/2026\/08\/be0706a0-queimadas_focos-64_verde@2048_icon-1366x1366.png 1366w, https:\/\/www.greenpeace.org\/static\/planet4-brasil-stateless\/2026\/08\/be0706a0-queimadas_focos-64_verde@2048_icon-340x340.png 340w\" sizes=\"auto, (max-width: 2048px) 100vw, 2048px\" \/><\/figure>\n\n\n\n<div style=\"height:11px\" aria-hidden=\"true\" class=\"wp-block-spacer\"><\/div>\n\n\n\n<h3 class=\"wp-block-heading has-text-align-center mb-0\" style=\"font-size:2rem\">90%<\/h3>\n\n\n\n<p class=\"has-text-align-center wp-block-paragraph\" style=\"font-size:18px\">das \u00e1reas desmatadas na Amaz\u00f4nia de 1985 a 2023 foram ocupadas pela agropecu\u00e1ria.<\/p>\n\n\n\n<p class=\"has-text-align-center gpbr-has-roboto-font has-grey-600-color has-text-color has-small-font-size wp-block-paragraph\"><strong>Fonte: MapBiomas<\/strong><br><\/p>\n\n\n\n<div style=\"height:16px\" aria-hidden=\"true\" class=\"wp-block-spacer\"><\/div>\n<\/div>\n<\/div>\n\n<div style=\"height:46px\" aria-hidden=\"true\" class=\"wp-block-spacer\"><\/div>\n\n<div class=\"wp-block-media-text alignfull is-stacked-on-mobile gpbr-has-grey-background force-no-lightbox\"><figure class=\"wp-block-media-text__media\"><img loading=\"lazy\" decoding=\"async\" width=\"1024\" height=\"684\" src=\"https:\/\/www.greenpeace.org\/static\/planet4-brasil-stateless\/2022\/08\/7df563a0-gp1symn9_cprght_reduced-1024x684.jpeg\" alt=\"Vista a\u00e9rea de uma \u00e1rea da Amaz\u00f4nia em chamadas com uma grande cortina de fuma\u00e7a\" sizes=\"auto, (min-width: 601px) 50vw, 100vw\" srcset=\"https:\/\/www.greenpeace.org\/static\/planet4-brasil-stateless\/2022\/08\/7df563a0-gp1symn9_cprght_reduced.jpeg 1300w, https:\/\/www.greenpeace.org\/static\/planet4-brasil-stateless\/2022\/08\/7df563a0-gp1symn9_cprght_reduced-300x200.jpeg 300w, https:\/\/www.greenpeace.org\/static\/planet4-brasil-stateless\/2022\/08\/7df563a0-gp1symn9_cprght_reduced-1024x684.jpeg 1024w, https:\/\/www.greenpeace.org\/static\/planet4-brasil-stateless\/2022\/08\/7df563a0-gp1symn9_cprght_reduced-768x513.jpeg 768w, https:\/\/www.greenpeace.org\/static\/planet4-brasil-stateless\/2022\/08\/7df563a0-gp1symn9_cprght_reduced-510x340.jpeg 510w\" class=\"wp-image-41966 size-full\"\/><\/figure><div class=\"wp-block-media-text__content\">\n<div class=\"wp-block-columns is-layout-flex wp-container-core-columns-is-layout-8f761849 wp-block-columns-is-layout-flex\">\n<div class=\"wp-block-column is-layout-flow wp-block-column-is-layout-flow\" style=\"flex-basis:130%\">\n<h2 class=\"wp-block-heading\">Qual o motivo das queimadas na Amaz\u00f4nia?<\/h2>\n\n\n\n<p class=\"gpbr-text-align-left wp-block-paragraph\" style=\"font-size:16px\">Na Amaz\u00f4nia, os inc\u00eandios n\u00e3o s\u00e3o naturais. As florestas tropicais intactas normalmente n\u00e3o queimam, pois s\u00e3o muito \u00famidas. As queimadas na Amaz\u00f4nia s\u00e3o quase sempre causadas pelo ser humano, por atos como o <a href=\"https:\/\/www.greenpeace.org\/brasil\/blog\/garimpo-ilegal-quais-sao-os-impactos-e-prejuizos-deste-crime\/\">garimpo ilegal,<\/a> nas diferentes etapas do <a href=\"https:\/\/www.greenpeace.org\/brasil\/blog\/desmatamento-da-amazonia-tem-queda-de-22-em-2023\/\">desmatamento<\/a>, seja para limpar a terra da vegeta\u00e7\u00e3o depois que grandes \u00e1rvores foram derrubadas ou para enfraquecer a floresta.<\/p>\n<\/div>\n\n\n\n<div class=\"wp-block-column mobile-hidden is-layout-flow wp-block-column-is-layout-flow\" style=\"flex-basis:60px\"><\/div>\n<\/div>\n<\/div><\/div>\n\n<div class=\"wp-block-media-text alignfull has-media-on-the-right is-stacked-on-mobile gpbr-has-grey-background gpbr-padding-top-media-text force-no-lightbox\"><div class=\"wp-block-media-text__content\">\n<div class=\"wp-block-columns gpbr-mobile-centered-text-and-title is-layout-flex wp-container-core-columns-is-layout-8f761849 wp-block-columns-is-layout-flex\">\n<div class=\"wp-block-column gpbr-media-text-grey-background is-layout-flow wp-block-column-is-layout-flow\" style=\"flex-basis:60px\"><\/div>\n\n\n\n<div class=\"wp-block-column is-layout-flow wp-block-column-is-layout-flow\" style=\"flex-basis:130%\">\n<h2 class=\"wp-block-heading\">O que o Greenpeace est\u00e1 fazendo?<\/h2>\n\n\n\n<p class=\"gpbr-text-align-left wp-block-paragraph\" style=\"font-size:18px\">Com o apoio de nossos doadores, todos os anos realizamos sobrevoos de monitoramento e valida\u00e7\u00e3o de dados na regi\u00e3o amaz\u00f4nica. Esse trabalho ajuda a documentar as queimadas e os impactos da destrui\u00e7\u00e3o da Amaz\u00f4nia. Juntamente com isso, realizamos investiga\u00e7\u00f5es, <a href=\"https:\/\/www.greenpeace.org\/brasil\/faca-uma-denuncia-ambiental\/\">den\u00fancias<\/a> e a\u00e7\u00f5es n\u00e3o violentas pela prote\u00e7\u00e3o da floresta.<\/p>\n<\/div>\n<\/div>\n<\/div><figure class=\"wp-block-media-text__media\"><img loading=\"lazy\" decoding=\"async\" width=\"1024\" height=\"683\" src=\"https:\/\/www.greenpeace.org\/static\/planet4-brasil-stateless\/2022\/08\/29dce7f1-gp1su5a8_cprght_reduced-1024x683.jpeg\" alt=\"Vista a\u00e9rea de campos com muita fuma\u00e7a\" sizes=\"auto, (min-width: 601px) 50vw, 100vw\" srcset=\"https:\/\/www.greenpeace.org\/static\/planet4-brasil-stateless\/2022\/08\/29dce7f1-gp1su5a8_cprght_reduced.jpeg 1500w, https:\/\/www.greenpeace.org\/static\/planet4-brasil-stateless\/2022\/08\/29dce7f1-gp1su5a8_cprght_reduced-300x200.jpeg 300w, https:\/\/www.greenpeace.org\/static\/planet4-brasil-stateless\/2022\/08\/29dce7f1-gp1su5a8_cprght_reduced-1024x683.jpeg 1024w, https:\/\/www.greenpeace.org\/static\/planet4-brasil-stateless\/2022\/08\/29dce7f1-gp1su5a8_cprght_reduced-768x513.jpeg 768w, https:\/\/www.greenpeace.org\/static\/planet4-brasil-stateless\/2022\/08\/29dce7f1-gp1su5a8_cprght_reduced-510x340.jpeg 510w\" class=\"wp-image-41842 size-full\"\/><\/figure><\/div>\n\n<div style=\"height:18px\" aria-hidden=\"true\" class=\"wp-block-spacer\"><\/div>\n\n<div style=\"height:35px\" aria-hidden=\"true\" class=\"wp-block-spacer\"><\/div>\n\n<div style=\"height:0px\" aria-hidden=\"true\" class=\"wp-block-spacer\"><\/div>\n\n<h2 class=\"wp-block-heading\">Como voc\u00ea pode ajudar<\/h2>\n\n<div style=\"height:27px\" aria-hidden=\"true\" class=\"wp-block-spacer\"><\/div>\n\n<div class=\"wp-block-columns gpbr-how-to-help-shadow-block is-layout-flex wp-container-core-columns-is-layout-8f761849 wp-block-columns-is-layout-flex\">\n<div class=\"wp-block-column gpbr-has-shadow-background gpbr-link-black-color is-layout-flow wp-block-column-is-layout-flow\">\n<figure class=\"wp-block-image size-large\"><a href=\"https:\/\/www.greenpeace.org\/brasil\/apoie\/relatorio-bancando-a-extincao\/\"><img decoding=\"async\" src=\"https:\/\/www.greenpeace.org\/static\/planet4-brasil-stateless\/2024\/04\/8fa87bbd-gp0stx90d_cprt_reduced.jpeg\" alt=\"\"\/><\/a><\/figure>\n\n\n\n<h3 class=\"wp-block-heading\"><a href=\"https:\/\/www.greenpeace.org\/brasil\/apoie\/relatorio-bancando-a-extincao\/\">Parem de financiar nossa extin\u00e7\u00e3o!<\/a><\/h3>\n\n\n\n<p class=\"wp-block-paragraph\" style=\"font-size:16px\"><a href=\"https:\/\/www.greenpeace.org\/brasil\/apoie\/relatorio-bancando-a-extincao\/\">Precisamos pressionar os bancos para que parem de conceder cr\u00e9dito para quem destr\u00f3i a natureza e nosso futuro.<\/a><\/p>\n\n\n\n<div class=\"wp-block-buttons is-content-justification-center is-layout-flex wp-container-core-buttons-is-layout-fe48e5de wp-block-buttons-is-layout-flex\">\n<div class=\"wp-block-button has-custom-width wp-block-button__width-75 is-style-cta gpbr-fix-top-margin\"><a class=\"wp-block-button__link has-small-font-size has-custom-font-size wp-element-button\" href=\"https:\/\/www.greenpeace.org\/brasil\/apoie\/relatorio-bancando-a-extincao\/\">Pressione<\/a><\/div>\n<\/div>\n<\/div>\n\n\n\n<div class=\"wp-block-column gpbr-has-shadow-background gpbr-link-black-color is-layout-flow wp-block-column-is-layout-flow\">\n<figure class=\"wp-block-image size-large\"><a href=\"https:\/\/doe.greenpeace.org.br\/?cc=701Pm000018T4RYIA0&amp;entrypoint=botao_doe\" target=\"_blank\" rel=\"noreferrer noopener\"><img loading=\"lazy\" decoding=\"async\" width=\"1024\" height=\"683\" title=\"COP21: Climate March in S\u00e3o PauloCOP21: Mobiliza\u00e7\u00e3o Mundial pelo Clima em S\u00e3o Paulo\" src=\"https:\/\/www.greenpeace.org\/static\/planet4-brasil-stateless\/2022\/06\/0513e78a-gp0stpgnv_medium_res_with_credit_line-1024x683.jpeg\" alt=\"\" class=\"wp-image-40504\" srcset=\"https:\/\/www.greenpeace.org\/static\/planet4-brasil-stateless\/2022\/06\/0513e78a-gp0stpgnv_medium_res_with_credit_line-1024x683.jpeg 1024w, https:\/\/www.greenpeace.org\/static\/planet4-brasil-stateless\/2022\/06\/0513e78a-gp0stpgnv_medium_res_with_credit_line-300x200.jpeg 300w, https:\/\/www.greenpeace.org\/static\/planet4-brasil-stateless\/2022\/06\/0513e78a-gp0stpgnv_medium_res_with_credit_line-768x512.jpeg 768w, https:\/\/www.greenpeace.org\/static\/planet4-brasil-stateless\/2022\/06\/0513e78a-gp0stpgnv_medium_res_with_credit_line-510x340.jpeg 510w, https:\/\/www.greenpeace.org\/static\/planet4-brasil-stateless\/2022\/06\/0513e78a-gp0stpgnv_medium_res_with_credit_line.jpeg 1200w\" sizes=\"auto, (max-width: 1024px) 100vw, 1024px\" \/><\/a><\/figure>\n\n\n\n<h3 class=\"wp-block-heading\"><a href=\"https:\/\/doe.greenpeace.org.br\/?cc=701Pm000018T4RYIA0&amp;entrypoint=botao_doe\" target=\"_blank\" rel=\"noreferrer noopener\">Ajude a proteger o meio ambiente<\/a><\/h3>\n\n\n\n<p class=\"wp-block-paragraph\" style=\"font-size:16px\"><a href=\"https:\/\/doe.greenpeace.org.br\/?cc=701Pm000018T4RYIA0&amp;entrypoint=botao_doe\" data-type=\"link\" data-id=\"https:\/\/doe.greenpeace.org.br\/doar\/p\" target=\"_blank\" rel=\"noreferrer noopener\">Conhe\u00e7a o trabalho do Greenpeace Brasil para prote\u00e7\u00e3o do meio ambiente.<\/a><\/p>\n\n\n\n<div class=\"wp-block-buttons is-content-justification-center is-layout-flex wp-container-core-buttons-is-layout-fe48e5de wp-block-buttons-is-layout-flex\">\n<div class=\"wp-block-button has-custom-width wp-block-button__width-75 is-style-cta gpbr-fix-top-margin\"><a class=\"wp-block-button__link has-small-font-size has-custom-font-size wp-element-button\" href=\"https:\/\/doe.greenpeace.org.br\/?cc=701Pm000018T4RYIA0&amp;entrypoint=botao_doe\" target=\"_blank\" rel=\"noreferrer noopener\">Doe agora<\/a><\/div>\n<\/div>\n<\/div>\n\n\n\n<div class=\"wp-block-column gpbr-has-shadow-background gpbr-link-black-color is-layout-flow wp-block-column-is-layout-flow\">\n<figure class=\"wp-block-image size-large\"><a href=\"https:\/\/www.greenpeace.org\/brasil\/apoie\/amazonia-livre-de-garimpo\/\"><img loading=\"lazy\" decoding=\"async\" width=\"1024\" height=\"684\" title=\"GP1SV88M_PressMedia_cprt_reduced\" src=\"https:\/\/www.greenpeace.org\/static\/planet4-brasil-stateless\/2023\/02\/0b18c28e-gp1sv88m_pressmedia_cprt_reduced-1024x684.jpeg\" alt=\"Foto de um sobrevoo de uma \u00e1rea desmatada e degradada da Amaz\u00f4nia com tendas. A terra est\u00e1 molhada e o cen\u00e1rio \u00e9 de destrui\u00e7\u00e3o, com morros desabados.\" class=\"wp-image-44886\" srcset=\"https:\/\/www.greenpeace.org\/static\/planet4-brasil-stateless\/2023\/02\/0b18c28e-gp1sv88m_pressmedia_cprt_reduced-1024x684.jpeg 1024w, https:\/\/www.greenpeace.org\/static\/planet4-brasil-stateless\/2023\/02\/0b18c28e-gp1sv88m_pressmedia_cprt_reduced-300x200.jpeg 300w, https:\/\/www.greenpeace.org\/static\/planet4-brasil-stateless\/2023\/02\/0b18c28e-gp1sv88m_pressmedia_cprt_reduced-768x513.jpeg 768w, https:\/\/www.greenpeace.org\/static\/planet4-brasil-stateless\/2023\/02\/0b18c28e-gp1sv88m_pressmedia_cprt_reduced-510x340.jpeg 510w, https:\/\/www.greenpeace.org\/static\/planet4-brasil-stateless\/2023\/02\/0b18c28e-gp1sv88m_pressmedia_cprt_reduced.jpeg 1400w\" sizes=\"auto, (max-width: 1024px) 100vw, 1024px\" \/><\/a><\/figure>\n\n\n\n<h3 class=\"wp-block-heading\"><a href=\"https:\/\/www.greenpeace.org\/brasil\/apoie\/amazonia-livre-de-garimpo\/\">Amaz\u00f4nia livre do garimpo<\/a><\/h3>\n\n\n\n<p class=\"wp-block-paragraph\" style=\"font-size:16px\">\u00c9 urgente esvaziar os garimpos que est\u00e3o em terras ind\u00edgenas de toda a Amaz\u00f4nia!<\/p>\n\n\n\n<div class=\"wp-block-buttons is-content-justification-center is-layout-flex wp-container-core-buttons-is-layout-fe48e5de wp-block-buttons-is-layout-flex\">\n<div class=\"wp-block-button has-custom-width wp-block-button__width-75 is-style-cta gpbr-fix-top-margin\"><a class=\"wp-block-button__link has-small-font-size has-custom-font-size wp-element-button\" href=\"https:\/\/www.greenpeace.org\/brasil\/apoie\/amazonia-livre-de-garimpo\/\">Assine a peti\u00e7\u00e3o<\/a><\/div>\n<\/div>\n<\/div>\n<\/div>\n\n<div style=\"height:42px\" aria-hidden=\"true\" class=\"wp-block-spacer\"><\/div>\n\n<div class=\"wp-block-columns is-layout-flex wp-container-core-columns-is-layout-8f761849 wp-block-columns-is-layout-flex\">\n<div class=\"wp-block-column is-vertically-aligned-bottom is-layout-flow wp-block-column-is-layout-flow\">\n<h2 class=\"wp-block-heading has-text-align-left\">\u00daltimas not\u00edcias<\/h2>\n<\/div>\n\n\n\n<div class=\"wp-block-column is-layout-flow wp-block-column-is-layout-flow\">\n<h3 class=\"wp-block-heading has-text-align-right gpbr-has-roboto-font gpbr-view-all-news is-style-chevron\"><a href=\"\/brasil\/category\/amazonia\">Ler todas as not\u00edcias  <\/a><\/h3>\n<\/div>\n<\/div>\n\n<div class=\"wp-block-query gpbr-link-black-color latest-news-query-loop is-layout-flow wp-block-query-is-layout-flow\"><ul class=\"columns-4 wp-block-post-template is-layout-grid wp-container-core-post-template-is-layout-85a54dc3 wp-block-post-template-is-layout-grid\"><li class=\"wp-block-post post-66557 post type-post status-publish format-standard has-post-thumbnail hentry category-amazonia tag-mobilizacao tag-desmatamento p4-page-type-blog\">\n<figure class=\"wp-block-post-featured-image\"><a href=\"https:\/\/www.greenpeace.org\/brasil\/blog\/adesivaco-produtos-que-contem-soja-podem-conter-desmatamento\/\" target=\"_self\"  ><img loading=\"lazy\" decoding=\"async\" width=\"1500\" height=\"1125\" src=\"https:\/\/www.greenpeace.org\/static\/planet4-brasil-stateless\/2026\/08\/ae7afcbd-img_20260826_162549_3.jpg\" class=\"attachment-post-thumbnail size-post-thumbnail wp-post-image wp-stateless-item\" alt=\"Qual a rela\u00e7\u00e3o dos produtos que cont\u00e9m soja com o desmatamento na Amaz\u00f4nia?\" style=\"object-fit:cover;\" srcset=\"https:\/\/www.greenpeace.org\/static\/planet4-brasil-stateless\/2026\/08\/ae7afcbd-img_20260826_162549_3.jpg 1500w, https:\/\/www.greenpeace.org\/static\/planet4-brasil-stateless\/2026\/08\/ae7afcbd-img_20260826_162549_3-300x225.jpg 300w, https:\/\/www.greenpeace.org\/static\/planet4-brasil-stateless\/2026\/08\/ae7afcbd-img_20260826_162549_3-1024x768.jpg 1024w, https:\/\/www.greenpeace.org\/static\/planet4-brasil-stateless\/2026\/08\/ae7afcbd-img_20260826_162549_3-768x576.jpg 768w, https:\/\/www.greenpeace.org\/static\/planet4-brasil-stateless\/2026\/08\/ae7afcbd-img_20260826_162549_3-453x340.jpg 453w\" sizes=\"auto, (max-width: 1500px) 100vw, 1500px\" data-image-size=\"post-thumbnail\" data-stateless-media-bucket=\"planet4-brasil-stateless\" data-stateless-media-name=\"2026\/08\/ae7afcbd-img_20260826_162549_3.jpg\" \/><\/a><\/figure>\n\n<h4 class=\"wp-block-post-title has-text-color has-grey-80-color\"><a href=\"https:\/\/www.greenpeace.org\/brasil\/blog\/adesivaco-produtos-que-contem-soja-podem-conter-desmatamento\/\" target=\"_self\" >Qual a rela\u00e7\u00e3o dos produtos que cont\u00e9m soja com o desmatamento na Amaz\u00f4nia?<\/a><\/h4>\n\n<div class=\"wp-block-post-excerpt\"><p class=\"wp-block-post-excerpt__excerpt\">Uma a\u00e7\u00e3o do Greenpeace Brasil revelou onde a soja se esconde no seu carrinho de compras, e porque ela pode vir de \u00e1rea desmatada na Amaz\u00f4nia. Entenda porque as empresas&hellip; <\/p><\/div>\n<\/li><li class=\"wp-block-post post-66400 post type-post status-publish format-standard has-post-thumbnail hentry category-amazonia category-greenpeace tag-greenpeace tag-florestas tag-desmatamento p4-page-type-blog\">\n<figure class=\"wp-block-post-featured-image\"><a href=\"https:\/\/www.greenpeace.org\/brasil\/blog\/stf-moratoria-da-soja-constitucional\/\" target=\"_self\"  ><img loading=\"lazy\" decoding=\"async\" width=\"800\" height=\"533\" src=\"https:\/\/www.greenpeace.org\/static\/planet4-brasil-stateless\/2026\/07\/690360f2-gp01e3l_low-res-800px.jpg\" class=\"attachment-post-thumbnail size-post-thumbnail wp-post-image wp-stateless-item\" alt=\"STF declara Morat\u00f3ria da Soja constitucional, mas valida lei que favorece o desmatamento\" style=\"object-fit:cover;\" srcset=\"https:\/\/www.greenpeace.org\/static\/planet4-brasil-stateless\/2026\/07\/690360f2-gp01e3l_low-res-800px.jpg 800w, https:\/\/www.greenpeace.org\/static\/planet4-brasil-stateless\/2026\/07\/690360f2-gp01e3l_low-res-800px-300x200.jpg 300w, https:\/\/www.greenpeace.org\/static\/planet4-brasil-stateless\/2026\/07\/690360f2-gp01e3l_low-res-800px-768x512.jpg 768w, https:\/\/www.greenpeace.org\/static\/planet4-brasil-stateless\/2026\/07\/690360f2-gp01e3l_low-res-800px-510x340.jpg 510w\" sizes=\"auto, (max-width: 800px) 100vw, 800px\" data-image-size=\"post-thumbnail\" data-stateless-media-bucket=\"planet4-brasil-stateless\" data-stateless-media-name=\"2026\/07\/690360f2-gp01e3l_low-res-800px.jpg\" \/><\/a><\/figure>\n\n<h4 class=\"wp-block-post-title has-text-color has-grey-80-color\"><a href=\"https:\/\/www.greenpeace.org\/brasil\/blog\/stf-moratoria-da-soja-constitucional\/\" target=\"_self\" >STF declara Morat\u00f3ria da Soja constitucional, mas valida lei que favorece o desmatamento<\/a><\/h4>\n\n<div class=\"wp-block-post-excerpt\"><p class=\"wp-block-post-excerpt__excerpt\">O STF disse \u201csim\u201d \u00e0 Morat\u00f3ria da Soja e \u201csim\u201d a quem trabalhou para destru\u00ed-la. Entenda a decis\u00e3o e o risco para a Amaz\u00f4nia. <\/p><\/div>\n<\/li><li class=\"wp-block-post post-66257 post type-post status-publish format-standard has-post-thumbnail hentry category-amazonia category-greenpeace tag-greenpeace tag-desmatamento p4-page-type-imprensa\">\n<figure class=\"wp-block-post-featured-image\"><a href=\"https:\/\/www.greenpeace.org\/brasil\/imprensa\/stf-declara-moratoria-da-soja-constitucional\/\" target=\"_self\"  ><img loading=\"lazy\" decoding=\"async\" width=\"1200\" height=\"800\" src=\"https:\/\/www.greenpeace.org\/static\/planet4-brasil-stateless\/2024\/12\/af76384b-gp0stpt7l_medium-res-1200px.jpg\" class=\"attachment-post-thumbnail size-post-thumbnail wp-post-image wp-stateless-item\" alt=\"STF declara Morat\u00f3ria da Soja constitucional\" style=\"object-fit:cover;\" srcset=\"https:\/\/www.greenpeace.org\/static\/planet4-brasil-stateless\/2024\/12\/af76384b-gp0stpt7l_medium-res-1200px.jpg 1200w, https:\/\/www.greenpeace.org\/static\/planet4-brasil-stateless\/2024\/12\/af76384b-gp0stpt7l_medium-res-1200px-300x200.jpg 300w, https:\/\/www.greenpeace.org\/static\/planet4-brasil-stateless\/2024\/12\/af76384b-gp0stpt7l_medium-res-1200px-1024x683.jpg 1024w, https:\/\/www.greenpeace.org\/static\/planet4-brasil-stateless\/2024\/12\/af76384b-gp0stpt7l_medium-res-1200px-768x512.jpg 768w, https:\/\/www.greenpeace.org\/static\/planet4-brasil-stateless\/2024\/12\/af76384b-gp0stpt7l_medium-res-1200px-510x340.jpg 510w\" sizes=\"auto, (max-width: 1200px) 100vw, 1200px\" data-image-size=\"post-thumbnail\" data-stateless-media-bucket=\"planet4-brasil-stateless\" data-stateless-media-name=\"2024\/12\/af76384b-gp0stpt7l_medium-res-1200px.jpg\" \/><\/a><\/figure>\n\n<h4 class=\"wp-block-post-title has-text-color has-grey-80-color\"><a href=\"https:\/\/www.greenpeace.org\/brasil\/imprensa\/stf-declara-moratoria-da-soja-constitucional\/\" target=\"_self\" >STF declara Morat\u00f3ria da Soja constitucional<\/a><\/h4>\n\n<div class=\"wp-block-post-excerpt\"><p class=\"wp-block-post-excerpt__excerpt\">Por\u00e9m, Corte tamb\u00e9m declarou que leis estaduais do MT e RO que retiram benef\u00edcios fiscais de empresas com compromissos ambientais mais rigorosos s\u00e3o constitucionais;&nbsp; <\/p><\/div>\n<\/li><li class=\"wp-block-post post-66162 post type-post status-publish format-standard has-post-thumbnail hentry category-amazonia category-biodiversidade tag-florestas tag-desmatamento p4-page-type-blog\">\n<figure class=\"wp-block-post-featured-image\"><a href=\"https:\/\/www.greenpeace.org\/brasil\/blog\/um-marco-historico-para-o-desmatamento-zero-no-brasil\/\" target=\"_self\"  ><img loading=\"lazy\" decoding=\"async\" width=\"784\" height=\"1176\" src=\"https:\/\/www.greenpeace.org\/static\/planet4-brasil-stateless\/2026\/08\/02d0b0be-gp0stxhg2-edited.jpg\" class=\"attachment-post-thumbnail size-post-thumbnail wp-post-image wp-stateless-item\" alt=\"Um marco hist\u00f3rico para o Desmatamento Zero no Brasil\" style=\"object-fit:cover;\" srcset=\"https:\/\/www.greenpeace.org\/static\/planet4-brasil-stateless\/2026\/08\/02d0b0be-gp0stxhg2-edited.jpg 784w, https:\/\/www.greenpeace.org\/static\/planet4-brasil-stateless\/2026\/08\/02d0b0be-gp0stxhg2-edited-200x300.jpg 200w, https:\/\/www.greenpeace.org\/static\/planet4-brasil-stateless\/2026\/08\/02d0b0be-gp0stxhg2-edited-683x1024.jpg 683w, https:\/\/www.greenpeace.org\/static\/planet4-brasil-stateless\/2026\/08\/02d0b0be-gp0stxhg2-edited-768x1152.jpg 768w, https:\/\/www.greenpeace.org\/static\/planet4-brasil-stateless\/2026\/08\/02d0b0be-gp0stxhg2-edited-227x340.jpg 227w\" sizes=\"auto, (max-width: 784px) 100vw, 784px\" data-image-size=\"post-thumbnail\" data-stateless-media-bucket=\"planet4-brasil-stateless\" data-stateless-media-name=\"2026\/08\/02d0b0be-gp0stxhg2-edited.jpg\" \/><\/a><\/figure>\n\n<h4 class=\"wp-block-post-title has-text-color has-grey-80-color\"><a href=\"https:\/\/www.greenpeace.org\/brasil\/blog\/um-marco-historico-para-o-desmatamento-zero-no-brasil\/\" target=\"_self\" >Um marco hist\u00f3rico para o Desmatamento Zero no Brasil<\/a><\/h4>\n\n<div class=\"wp-block-post-excerpt\"><p class=\"wp-block-post-excerpt__excerpt\">Alertas de desmatamento entre agosto de 2025 e julho de 2026 atingiram o menor n\u00famero para o per\u00edodo de 12 meses desde o in\u00edcio da s\u00e9rie hist\u00f3rica no bioma Amaz\u00f4nia. <\/p><\/div>\n<\/li><\/ul><\/div>\n\n<div class=\"wp-block-columns is-layout-flex wp-container-core-columns-is-layout-8f761849 wp-block-columns-is-layout-flex\">\n<div class=\"wp-block-column is-layout-flow wp-block-column-is-layout-flow\"><div data-render=\"planet4-blocks\/happypoint\" data-attributes=\"{&quot;attributes&quot;:{&quot;override_default_content&quot;:true,&quot;local_content_provider&quot;:&quot;iframe_url&quot;,&quot;opacity&quot;:30}}\"><\/div><\/div>\n<\/div>\n\n<div style=\"height:46px\" aria-hidden=\"true\" class=\"wp-block-spacer\"><\/div>\n\n<h3 class=\"wp-block-heading has-medium-font-size\">Saiba mais sobre outros assuntos<\/h3>\n\n<div class=\"wp-block-columns is-layout-flex wp-container-core-columns-is-layout-8f761849 wp-block-columns-is-layout-flex\">\n<div class=\"wp-block-column group-stretched-link is-layout-flow wp-block-column-is-layout-flow\">\n<figure class=\"wp-block-image aligncenter size-large is-resized force-no-lightbox force-no-caption is-style-rounded-90\"><a href=\"\/brasil\/informe-se\/amazonia\/\"><img loading=\"lazy\" decoding=\"async\" width=\"1024\" height=\"768\" title=\"GP0SU5LUH_Medium res (1200px) (1)\" src=\"https:\/\/www.greenpeace.org\/static\/planet4-brasil-stateless\/2026\/03\/f08a09e2-gp0su5luh_medium-res-1200px-1-1024x768.jpg\" alt=\"\" class=\"wp-image-63084\" style=\"width:90px;height:90px\" srcset=\"https:\/\/www.greenpeace.org\/static\/planet4-brasil-stateless\/2026\/03\/f08a09e2-gp0su5luh_medium-res-1200px-1-1024x768.jpg 1024w, https:\/\/www.greenpeace.org\/static\/planet4-brasil-stateless\/2026\/03\/f08a09e2-gp0su5luh_medium-res-1200px-1-300x225.jpg 300w, https:\/\/www.greenpeace.org\/static\/planet4-brasil-stateless\/2026\/03\/f08a09e2-gp0su5luh_medium-res-1200px-1-768x576.jpg 768w, https:\/\/www.greenpeace.org\/static\/planet4-brasil-stateless\/2026\/03\/f08a09e2-gp0su5luh_medium-res-1200px-1-453x340.jpg 453w, https:\/\/www.greenpeace.org\/static\/planet4-brasil-stateless\/2026\/03\/f08a09e2-gp0su5luh_medium-res-1200px-1.jpg 1200w\" sizes=\"auto, (max-width: 1024px) 100vw, 1024px\" \/><\/a><\/figure>\n\n\n\n<h5 class=\"wp-block-heading has-text-align-center is-style-chevron\" style=\"font-size:1rem\"><a href=\"\/brasil\/informe-se\/amazonia\/\">Amaz\u00f4nia<\/a><\/h5>\n<\/div>\n\n\n\n<div class=\"wp-block-column group-stretched-link is-layout-flow wp-block-column-is-layout-flow\">\n<figure class=\"wp-block-image aligncenter size-large is-resized force-no-lightbox force-no-caption is-style-rounded-90\"><a href=\"\/brasil\/informe-se\/justica-climatica\/\" target=\"_blank\" rel=\" noreferrer noopener\"><img loading=\"lazy\" decoding=\"async\" width=\"1024\" height=\"683\" title=\"GP0STVJVW_Medium res (1200px) (1)\" src=\"https:\/\/www.greenpeace.org\/static\/planet4-brasil-stateless\/2026\/03\/0cd4d777-gp0stvjvw_medium-res-1200px-1-1024x683.jpg\" alt=\"\" class=\"wp-image-63086\" style=\"width:90px;height:90px\" srcset=\"https:\/\/www.greenpeace.org\/static\/planet4-brasil-stateless\/2026\/03\/0cd4d777-gp0stvjvw_medium-res-1200px-1-1024x683.jpg 1024w, https:\/\/www.greenpeace.org\/static\/planet4-brasil-stateless\/2026\/03\/0cd4d777-gp0stvjvw_medium-res-1200px-1-300x200.jpg 300w, https:\/\/www.greenpeace.org\/static\/planet4-brasil-stateless\/2026\/03\/0cd4d777-gp0stvjvw_medium-res-1200px-1-768x512.jpg 768w, https:\/\/www.greenpeace.org\/static\/planet4-brasil-stateless\/2026\/03\/0cd4d777-gp0stvjvw_medium-res-1200px-1-510x340.jpg 510w, https:\/\/www.greenpeace.org\/static\/planet4-brasil-stateless\/2026\/03\/0cd4d777-gp0stvjvw_medium-res-1200px-1.jpg 1200w\" sizes=\"auto, (max-width: 1024px) 100vw, 1024px\" \/><\/a><\/figure>\n\n\n\n<h5 class=\"wp-block-heading has-text-align-center is-style-chevron\" style=\"font-size:1rem\"><a href=\"\/brasil\/informe-se\/justica-climatica\/\" data-type=\"URL\" data-id=\"\/brasil\/informe-se\/justica-climatica\">Justi\u00e7a clim\u00e1tica<\/a><\/h5>\n<\/div>\n\n\n\n<div class=\"wp-block-column group-stretched-link is-layout-flow wp-block-column-is-layout-flow\">\n<figure class=\"wp-block-image aligncenter size-large is-resized force-no-lightbox force-no-caption is-style-rounded-90\"><a href=\"\/brasil\/informe-se\/amazonia\/povos-e-territorios\/\"><img loading=\"lazy\" decoding=\"async\" width=\"1024\" height=\"683\" title=\"GP0SU7G2R_Medium res (1200px) (1)\" src=\"https:\/\/www.greenpeace.org\/static\/planet4-brasil-stateless\/2026\/03\/02181ed6-gp0su7g2r_medium-res-1200px-1-1024x683.jpg\" alt=\"\" class=\"wp-image-63087\" style=\"width:90px;height:90px\" srcset=\"https:\/\/www.greenpeace.org\/static\/planet4-brasil-stateless\/2026\/03\/02181ed6-gp0su7g2r_medium-res-1200px-1-1024x683.jpg 1024w, https:\/\/www.greenpeace.org\/static\/planet4-brasil-stateless\/2026\/03\/02181ed6-gp0su7g2r_medium-res-1200px-1-300x200.jpg 300w, https:\/\/www.greenpeace.org\/static\/planet4-brasil-stateless\/2026\/03\/02181ed6-gp0su7g2r_medium-res-1200px-1-768x512.jpg 768w, https:\/\/www.greenpeace.org\/static\/planet4-brasil-stateless\/2026\/03\/02181ed6-gp0su7g2r_medium-res-1200px-1-510x340.jpg 510w, https:\/\/www.greenpeace.org\/static\/planet4-brasil-stateless\/2026\/03\/02181ed6-gp0su7g2r_medium-res-1200px-1.jpg 1200w\" sizes=\"auto, (max-width: 1024px) 100vw, 1024px\" \/><\/a><\/figure>\n\n\n\n<h5 class=\"wp-block-heading has-text-align-center is-style-chevron\" style=\"font-size:0.94rem\"><a href=\"\/brasil\/informe-se\/amazonia\/povos-e-territorios\/\" data-type=\"URL\" data-id=\"\/brasil\/informe-se\/amazonia\/povos-e-territorios\/\">Povos e territ\u00f3rios<\/a><\/h5>\n<\/div>\n\n\n\n<div class=\"wp-block-column group-stretched-link is-layout-flow wp-block-column-is-layout-flow\">\n<figure class=\"wp-block-image aligncenter size-large is-resized force-no-lightbox force-no-caption is-style-rounded-90\"><a href=\"\/brasil\/informe-se\/amazonia\/agroecologia\/\"><img decoding=\"async\" src=\"https:\/\/www.greenpeace.org\/static\/planet4-brasil-stateless\/2022\/05\/1ddae61e-agroecologia.webp\" alt=\"\" style=\"width:90px;height:90px\"\/><\/a><\/figure>\n\n\n\n<h5 class=\"wp-block-heading has-text-align-center is-style-chevron\" style=\"font-size:1rem\"><a href=\"\/brasil\/informe-se\/amazonia\/agroecologia\/\" data-type=\"URL\" data-id=\"\/brasil\/informe-se\/amazonia\/agroecologia\/\">Agroecologia<\/a><\/h5>\n<\/div>\n\n\n\n<div class=\"wp-block-column group-stretched-link is-layout-flow wp-block-column-is-layout-flow\">\n<figure class=\"wp-block-image aligncenter size-large is-resized force-no-lightbox force-no-caption is-style-rounded-90\"><a href=\"\/brasil\/informe-se\/amazonia\/biodiversidade\/\"><img loading=\"lazy\" decoding=\"async\" width=\"1024\" height=\"683\" title=\"GP1SUEHR_Medium res (1200px) (1)\" src=\"https:\/\/www.greenpeace.org\/static\/planet4-brasil-stateless\/2026\/03\/95d1b802-gp1suehr_medium-res-1200px-1-1024x683.jpg\" alt=\"\" class=\"wp-image-63088\" style=\"width:90px;height:90px\" srcset=\"https:\/\/www.greenpeace.org\/static\/planet4-brasil-stateless\/2026\/03\/95d1b802-gp1suehr_medium-res-1200px-1-1024x683.jpg 1024w, https:\/\/www.greenpeace.org\/static\/planet4-brasil-stateless\/2026\/03\/95d1b802-gp1suehr_medium-res-1200px-1-300x200.jpg 300w, https:\/\/www.greenpeace.org\/static\/planet4-brasil-stateless\/2026\/03\/95d1b802-gp1suehr_medium-res-1200px-1-768x512.jpg 768w, https:\/\/www.greenpeace.org\/static\/planet4-brasil-stateless\/2026\/03\/95d1b802-gp1suehr_medium-res-1200px-1-510x340.jpg 510w, https:\/\/www.greenpeace.org\/static\/planet4-brasil-stateless\/2026\/03\/95d1b802-gp1suehr_medium-res-1200px-1.jpg 1200w\" sizes=\"auto, (max-width: 1024px) 100vw, 1024px\" \/><\/a><\/figure>\n\n\n\n<h5 class=\"wp-block-heading has-text-align-center is-style-chevron\" style=\"font-size:1rem\"><a href=\"\/brasil\/informe-se\/amazonia\/biodiversidade\/\" data-type=\"URL\" data-id=\"\/brasil\/informe-se\/amazonia\/biodiversidade\">Biodiversidade<\/a><\/h5>\n<\/div>\n\n\n\n<div class=\"wp-block-column group-stretched-link is-layout-flow wp-block-column-is-layout-flow\">\n<figure class=\"wp-block-image aligncenter size-full is-resized force-no-lightbox force-no-caption is-style-rounded-90\"><a href=\"\/brasil\/informe-se\/oceanos\/\"><img loading=\"lazy\" decoding=\"async\" width=\"1200\" height=\"800\" title=\"GP0STSSPC_Medium res (1200px) (1)\" src=\"https:\/\/www.greenpeace.org\/static\/planet4-brasil-stateless\/2026\/03\/71664dbd-gp0stsspc_medium-res-1200px-1.jpg\" alt=\"\" class=\"wp-image-63089\" style=\"aspect-ratio:1;width:90px;height:auto\" srcset=\"https:\/\/www.greenpeace.org\/static\/planet4-brasil-stateless\/2026\/03\/71664dbd-gp0stsspc_medium-res-1200px-1.jpg 1200w, https:\/\/www.greenpeace.org\/static\/planet4-brasil-stateless\/2026\/03\/71664dbd-gp0stsspc_medium-res-1200px-1-300x200.jpg 300w, https:\/\/www.greenpeace.org\/static\/planet4-brasil-stateless\/2026\/03\/71664dbd-gp0stsspc_medium-res-1200px-1-1024x683.jpg 1024w, https:\/\/www.greenpeace.org\/static\/planet4-brasil-stateless\/2026\/03\/71664dbd-gp0stsspc_medium-res-1200px-1-768x512.jpg 768w, https:\/\/www.greenpeace.org\/static\/planet4-brasil-stateless\/2026\/03\/71664dbd-gp0stsspc_medium-res-1200px-1-510x340.jpg 510w\" sizes=\"auto, (max-width: 1200px) 100vw, 1200px\" \/><\/a><\/figure>\n\n\n\n<h5 class=\"wp-block-heading has-text-align-center is-style-chevron\" style=\"font-size:1rem\"> <a href=\"\/brasil\/informe-se\/oceanos\/\" data-type=\"URL\">Oceanos<\/a><\/h5>\n<\/div>\n\n\n\n<div class=\"wp-block-column group-stretched-link is-layout-flow wp-block-column-is-layout-flow\">\n<figure class=\"wp-block-image aligncenter size-large is-resized force-no-lightbox force-no-caption is-style-rounded-90\"><a href=\"https:\/\/www.greenpeace.org\/brasil\/como-ajudar\/faca-parte-do-voluntariado\/\"><img loading=\"lazy\" decoding=\"async\" width=\"1024\" height=\"654\" title=\"GP1T7QJI_Medium res (1200px) (1)\" src=\"https:\/\/www.greenpeace.org\/static\/planet4-brasil-stateless\/2026\/03\/9811a554-gp1t7qji_medium-res-1200px-1-1024x654.jpg\" alt=\"\" class=\"wp-image-63090\" style=\"width:90px;height:90px\" srcset=\"https:\/\/www.greenpeace.org\/static\/planet4-brasil-stateless\/2026\/03\/9811a554-gp1t7qji_medium-res-1200px-1-1024x654.jpg 1024w, https:\/\/www.greenpeace.org\/static\/planet4-brasil-stateless\/2026\/03\/9811a554-gp1t7qji_medium-res-1200px-1-300x192.jpg 300w, https:\/\/www.greenpeace.org\/static\/planet4-brasil-stateless\/2026\/03\/9811a554-gp1t7qji_medium-res-1200px-1-768x490.jpg 768w, https:\/\/www.greenpeace.org\/static\/planet4-brasil-stateless\/2026\/03\/9811a554-gp1t7qji_medium-res-1200px-1-510x326.jpg 510w, https:\/\/www.greenpeace.org\/static\/planet4-brasil-stateless\/2026\/03\/9811a554-gp1t7qji_medium-res-1200px-1.jpg 1200w\" sizes=\"auto, (max-width: 1024px) 100vw, 1024px\" \/><\/a><\/figure>\n\n\n\n<h5 class=\"wp-block-heading has-text-align-center is-style-chevron\" style=\"font-size:1rem\"><a href=\"https:\/\/www.greenpeace.org\/brasil\/como-ajudar\/faca-parte-do-voluntariado\/\" data-type=\"page\" data-id=\"37283\">Voluntariado<\/a><\/h5>\n<\/div>\n\n\n\n<div class=\"wp-block-column group-stretched-link is-layout-flow wp-block-column-is-layout-flow\">\n<figure class=\"wp-block-image aligncenter size-large is-resized force-no-lightbox force-no-caption is-style-rounded-90\"><a href=\"\/brasil\/quem-somos\/\"><img loading=\"lazy\" decoding=\"async\" width=\"1024\" height=\"683\" title=\"GP0SU2LQJ_Medium res (1200px) (1)\" src=\"https:\/\/www.greenpeace.org\/static\/planet4-brasil-stateless\/2026\/03\/0a8596da-gp0su2lqj_medium-res-1200px-1-1024x683.jpg\" alt=\"\" class=\"wp-image-63091\" style=\"width:90px;height:90px\" srcset=\"https:\/\/www.greenpeace.org\/static\/planet4-brasil-stateless\/2026\/03\/0a8596da-gp0su2lqj_medium-res-1200px-1-1024x683.jpg 1024w, https:\/\/www.greenpeace.org\/static\/planet4-brasil-stateless\/2026\/03\/0a8596da-gp0su2lqj_medium-res-1200px-1-300x200.jpg 300w, https:\/\/www.greenpeace.org\/static\/planet4-brasil-stateless\/2026\/03\/0a8596da-gp0su2lqj_medium-res-1200px-1-768x512.jpg 768w, https:\/\/www.greenpeace.org\/static\/planet4-brasil-stateless\/2026\/03\/0a8596da-gp0su2lqj_medium-res-1200px-1-510x340.jpg 510w, https:\/\/www.greenpeace.org\/static\/planet4-brasil-stateless\/2026\/03\/0a8596da-gp0su2lqj_medium-res-1200px-1.jpg 1200w\" sizes=\"auto, (max-width: 1024px) 100vw, 1024px\" \/><\/a><\/figure>\n\n\n\n<h5 class=\"wp-block-heading has-text-align-center is-style-chevron\" style=\"font-size:1rem\"><a href=\"\/brasil\/quem-somos\/\">Quem somos<\/a><\/h5>\n<\/div>\n<\/div>\n\n<style type=\"text\/css\">\n.gpbr-text-align-left {\n    text-align: left !important;\n}\n\n.gpbr-fix-top-margin {\n    margin-top: 30px !important;\n}\n\n@media only screen and (min-width: 992px) {\n  .latest-news-query-loop {\n    margin-left: 0px;\n    margin-right: 0px;\n  }\n}\n\n@media only screen and (max-width: 600px) {\n    .button-middle-align {\n        margin: auto !important;\n    }\n}\n\n<\/style>\n","protected":false},"excerpt":{"rendered":"<p>Saiba mais sobre as queimadas na Amaz\u00f4nia e seu impacto devastador. Veja as causas e consequ\u00eancias. Junte-se ao Greenpeace na defesa da Amaz\u00f4nia!<\/p>\n","protected":false},"author":102,"featured_media":41838,"parent":57361,"menu_order":0,"comment_status":"closed","ping_status":"closed","template":"","meta":{"ep_exclude_from_search":false,"p4_hide_page_title_checkbox":"on","p4_title":"","p4_subtitle":"","p4_description":"","background_image_id":"","background_image":"","p4_button_title":"","p4_button_link":"","p4_button_link_checkbox":"","p4_og_title":"Queimadas na Amaz\u00f4nia: veja as causas","p4_og_description":"Saiba mais sobre as queimadas na Amaz\u00f4nia e seu impacto devastador. Veja as causas e consequ\u00eancias. Junte-se ao Greenpeace na defesa da Amaz\u00f4nia!","p4_og_image":"","p4_og_image_id":"","p4_seo_canonical_url":"","p4_campaign_name":"not set","p4_local_project":"not set","p4_basket_name":"not set","p4_department":"","footnotes":""},"categories":[49],"tags":[],"class_list":["post-41827","page","type-page","status-publish","has-post-thumbnail","hentry","category-amazonia"],"_links":{"self":[{"href":"https:\/\/www.greenpeace.org\/brasil\/wp-json\/wp\/v2\/pages\/41827","targetHints":{"allow":["GET"]}}],"collection":[{"href":"https:\/\/www.greenpeace.org\/brasil\/wp-json\/wp\/v2\/pages"}],"about":[{"href":"https:\/\/www.greenpeace.org\/brasil\/wp-json\/wp\/v2\/types\/page"}],"author":[{"embeddable":true,"href":"https:\/\/www.greenpeace.org\/brasil\/wp-json\/wp\/v2\/users\/102"}],"replies":[{"embeddable":true,"href":"https:\/\/www.greenpeace.org\/brasil\/wp-json\/wp\/v2\/comments?post=41827"}],"version-history":[{"count":19,"href":"https:\/\/www.greenpeace.org\/brasil\/wp-json\/wp\/v2\/pages\/41827\/revisions"}],"predecessor-version":[{"id":66347,"href":"https:\/\/www.greenpeace.org\/brasil\/wp-json\/wp\/v2\/pages\/41827\/revisions\/66347"}],"up":[{"embeddable":true,"href":"https:\/\/www.greenpeace.org\/brasil\/wp-json\/wp\/v2\/pages\/57361"}],"wp:featuredmedia":[{"embeddable":true,"href":"https:\/\/www.greenpeace.org\/brasil\/wp-json\/wp\/v2\/media\/41838"}],"wp:attachment":[{"href":"https:\/\/www.greenpeace.org\/brasil\/wp-json\/wp\/v2\/media?parent=41827"}],"wp:term":[{"taxonomy":"category","embeddable":true,"href":"https:\/\/www.greenpeace.org\/brasil\/wp-json\/wp\/v2\/categories?post=41827"},{"taxonomy":"post_tag","embeddable":true,"href":"https:\/\/www.greenpeace.org\/brasil\/wp-json\/wp\/v2\/tags?post=41827"}],"curies":[{"name":"wp","href":"https:\/\/api.w.org\/{rel}","templated":true}]}}