{"id":47695,"date":"2023-08-15T12:11:39","date_gmt":"2023-08-15T15:11:39","guid":{"rendered":"https:\/\/www-dev.greenpeace.org\/brasil\/?page_id=47695"},"modified":"2024-01-08T14:30:39","modified_gmt":"2024-01-08T17:30:39","slug":"greenpeace-na-midia","status":"publish","type":"page","link":"https:\/\/www.greenpeace.org\/brasil\/relatorio-anual-2022\/greenpeace-na-midia\/","title":{"rendered":"Relat\u00f3rio anual 2022: Greenpeace na m\u00eddia"},"content":{"rendered":"\n<div class=\"wp-block-media-text alignfull has-media-on-the-right is-stacked-on-mobile is-style-default force-no-lightbox has-white-color has-dark-green-800-background-color has-text-color has-background\"><div class=\"wp-block-media-text__content\">\n<h1 class=\"wp-block-heading has-white-color has-text-color\" style=\"font-size:50px\">Greenpeace na m\u00eddia<\/h1>\n<\/div><figure class=\"wp-block-media-text__media\"><img decoding=\"async\" src=\"https:\/\/www.greenpeace.org\/static\/planet4-brasil-stateless-develop\/2023\/08\/dfef6799-imagens-site-ra2022-creditos26-1024x768.jpg\" alt=\"\" sizes=\"(min-width: 601px) 50vw, 100vw\" srcset=\"\" class=\"wp-image-47887 size-full\"\/><\/figure><\/div>\n\n<h2 class=\"wp-block-heading\"><strong>Imprensa<\/strong><\/h2>\n\n<p>Em 2022, a equipe de imprensa do Greenpeace Brasil trabalhou para que a mensagem da organiza\u00e7\u00e3o chegasse de norte a sul do pa\u00eds e ao redor do mundo. Somente na imprensa nacional foram publicadas 6.105 mat\u00e9rias citando a organiza\u00e7\u00e3o, enquanto os porta-vozes do Greenpeace Brasil concederam 322 entrevistas.&nbsp;<\/p>\n\n<p>J\u00e1 na imprensa internacional, tivemos 1.380 mat\u00e9rias citando a organiza\u00e7\u00e3o e 54 entrevistas dos nossos porta-vozes. Um total de 7.485 mat\u00e9rias e 376 entrevistas em 2022.<\/p>\n\n<div style=\"min-height:224px\"><script type=\"text\/javascript\" defer src=\"https:\/\/datawrapper.dwcdn.net\/ZEGk9\/embed.js?v=1\" charset=\"utf-8\"><\/script><noscript><img decoding=\"async\" src=\"https:\/\/datawrapper.dwcdn.net\/ZEGk9\/full.png\" alt=\"\" \/><\/noscript><\/div>\n\n<p>Para al\u00e9m do \u00e2mbito nacional, a atua\u00e7\u00e3o do Greenpeace Brasil teve impacto na imprensa regional, com cita\u00e7\u00f5es e mat\u00e9rias nas r\u00e1dios locais e jornais das regi\u00f5es Norte e Nordeste. Publicamos artigos em grandes ve\u00edculos do pa\u00eds e levamos para a televis\u00e3o o que acontecia na regi\u00e3o conhecida como a nova fronteira do desmatamento: a Amacro &#8211; acr\u00f4nimo formado pelas iniciais Amazonas, Acre e Rond\u00f4nia.<\/p>\n\n<p>No ano eleitoral, o Greenpeace Brasil pautou o tema meio ambiente e exp\u00f4s a urg\u00eancia do fim do desmatamento e das queimadas na Amaz\u00f4nia. Al\u00e9m disso, a organiza\u00e7\u00e3o teve uma atua\u00e7\u00e3o relevante em pautar a imprensa durante o per\u00edodo de entrevistas com os presidenci\u00e1veis, incidindo para que o tema do meio ambiente fosse debatido.&nbsp;<\/p>\n\n<p>Ainda no campo pol\u00edtico, a atua\u00e7\u00e3o do Greenpeace na imprensa, juntamente com outras organiza\u00e7\u00f5es, foi essencial para barrar a aprova\u00e7\u00e3o do Pacote do Veneno no Congresso e no Senado em 2022.&nbsp;<\/p>\n\n<p>No contexto clim\u00e1tico, o Greenpeace Brasil esteve em Petr\u00f3polis (RJ), cidade atingida drasticamente com os eventos extremos, acirrados pela crise clim\u00e1tica que assola o pa\u00eds. Tamb\u00e9m organizou um sobrevoo na regi\u00e3o de Porto Velho, com a participa\u00e7\u00e3o do ve\u00edculo perif\u00e9rico Ag\u00eancia Mural, mostrando como as queimadas no norte do pa\u00eds resultam nos eventos extremos que atingem as principais periferias da regi\u00e3o Sudeste.<\/p>\n\n<p>Por fim, a organiza\u00e7\u00e3o esteve presente na COP27, no Egito, com 165 mat\u00e9rias citando a participa\u00e7\u00e3o do Greenpeace Brasil na confer\u00eancia clim\u00e1tica, al\u00e9m de 35 entrevistas concedidas pelos nossos porta-vozes.<\/p>\n\n<p>A expedi\u00e7\u00e3o \u201cAmaz\u00f4nia que Precisamos\u201d levou para as cidades de Manicor\u00e9 e Tumbira ve\u00edculos como Amaz\u00f4nia Real, BBC Brasil, e ve\u00edculos internacionais com ZDF (Alemanha), AFP (Fran\u00e7a) e Deutsche Welle (Alemanha), visando noticiar a import\u00e2ncia da floresta em p\u00e9, um dos principais pilares de atua\u00e7\u00e3o do Greenpeace Brasil enquanto organiza\u00e7\u00e3o da sociedade civil.<\/p>\n\n<div style=\"height:50px\" aria-hidden=\"true\" class=\"wp-block-spacer\"><\/div>\n\n<div style=\"min-height:538px\"><script type=\"text\/javascript\" defer src=\"https:\/\/datawrapper.dwcdn.net\/gX8QG\/embed.js?v=1\" charset=\"utf-8\"><\/script><noscript><img decoding=\"async\" src=\"https:\/\/datawrapper.dwcdn.net\/gX8QG\/full.png\" alt=\"\" \/><\/noscript><\/div>\n\n<div style=\"height:50px\" aria-hidden=\"true\" class=\"wp-block-spacer\"><\/div>\n\n<div class=\"wp-block-media-text alignwide is-stacked-on-mobile force-no-lightbox\" style=\"grid-template-columns:30% auto\"><figure class=\"wp-block-media-text__media\"><img decoding=\"async\" src=\"https:\/\/www.greenpeace.org\/static\/planet4-brasil-stateless-develop\/2023\/08\/f92ed83a-ilustracoes-site-07-1024x845.png\" alt=\"\" sizes=\"(min-width: 1600px) calc((1320px - 24px) \/ 3.3333),(min-width: 1200px) calc((1140px - 24px) \/ 3.3333),(min-width: 992px) calc((960px - 24px) \/ 3.3333),(min-width: 768px) calc((720px - 24px) \/ 3.3333),(min-width: 601px) calc((540px - 24px) \/ 3.3333),(min-width: 577px) calc((540px - 24px) \/ 1), calc(100vw - 24px)\" srcset=\"\" class=\"wp-image-47758 size-full\"\/><\/figure><div class=\"wp-block-media-text__content\">\n<blockquote class=\"wp-block-quote has-medium-font-size is-layout-flow wp-block-quote-is-layout-flow\">\n<p class=\"has-medium-font-size\">\u201cCada entrevista concedida, cada artigo publicado e cada not\u00edcia veiculada na imprensa ao longo de 2022 contribu\u00edram para ecoar a import\u00e2ncia da prote\u00e7\u00e3o do meio ambiente no Brasil e no mundo. Esses resultados transcendem m\u00e9tricas de visibilidade: mais do que isso, eles representam a for\u00e7a e o potencial da nossa luta por um mundo mais verde, justo, pac\u00edfico e democr\u00e1tico para todas as pessoas.\u201d<\/p>\n<cite>Giovana Bianchi, coordenadora de Imprensa e Influenciadores<\/cite><\/blockquote>\n<\/div><\/div>\n\n<h2 class=\"wp-block-heading\">Influenciadores<\/h2>\n\n<p>Influenciadores e criadores de conte\u00fado digital continuaram sendo grandes aliados do Greenpeace Brasil em 2022. Realizamos 142 parcerias, pautando temas relacionados \u00e0 alimenta\u00e7\u00e3o saud\u00e1vel, \u00e0 prote\u00e7\u00e3o da Amaz\u00f4nia, aos direitos ind\u00edgenas e \u00e0 justi\u00e7a clim\u00e1tica.<\/p>\n\n<p>No total, foram 568 <em>posts<\/em> publicados.<\/p>\n\n<p>Somando todas as redes sociais, ultrapassamos 18 milh\u00f5es visualiza\u00e7\u00f5es, mais de 1,5 milh\u00f5es de curtidas em conte\u00fados org\u00e2nicos, mais de 57 mil coment\u00e1rios e mais de 213 mil compartilhamentos org\u00e2nicos.<\/p>\n\n<div style=\"min-height:864px\"><script type=\"text\/javascript\" defer src=\"https:\/\/datawrapper.dwcdn.net\/y6xRD\/embed.js?v=3\" charset=\"utf-8\"><\/script><noscript><img decoding=\"async\" src=\"https:\/\/datawrapper.dwcdn.net\/y6xRD\/full.png\" alt=\"\" \/><\/noscript><\/div>\n\n<div class=\"wp-block-group container is-layout-flow wp-block-group-is-layout-flow\">\n<div style=\"height:24px\" aria-hidden=\"true\" class=\"wp-block-spacer\"><\/div>\n\n\n\n<h3 class=\"wp-block-heading has-text-align-center\" style=\"margin-top:var(--wp--preset--spacing--80)\">Nossas campanhas em 2022<\/h3>\n<\/div>\n\n<div class=\"wp-block-columns is-layout-flex wp-container-core-columns-is-layout-9d6595d7 wp-block-columns-is-layout-flex\">\n<div class=\"wp-block-column is-layout-flow wp-block-column-is-layout-flow\">\n<div class=\"wp-block-group group-stretched-link is-layout-flow wp-block-group-is-layout-flow\">\n<figure class=\"wp-block-image aligncenter size-full is-resized force-no-lightbox force-no-caption is-style-rounded-180\"><img loading=\"lazy\" decoding=\"async\" width=\"207\" height=\"207\" src=\"https:\/\/www.greenpeace.org\/static\/planet4-brasil-stateless\/2023\/11\/44eb9a90-gp1sxnse_web_size_reduced.png\" title=\"Fotografia de \u00e1rvores tirada do ch\u00e3o; \u00e1rvores entre focos de luz solar\" alt=\"Fotografia de \u00e1rvores tirada do ch\u00e3o; \u00e1rvores entre focos de luz solar\" class=\"wp-image-50060\" style=\"width:180px;height:180px\" srcset=\"https:\/\/www.greenpeace.org\/static\/planet4-brasil-stateless\/2023\/11\/44eb9a90-gp1sxnse_web_size_reduced.png 207w, https:\/\/www.greenpeace.org\/static\/planet4-brasil-stateless\/2023\/11\/44eb9a90-gp1sxnse_web_size_reduced-150x150.png 150w\" sizes=\"auto, (max-width: 207px) 100vw, 207px\" \/><figcaption class=\"wp-element-caption\">Forest near the Manicor\u00e9 River, in the southern Amazonas state, in the Amazon, Brazil. People from the communities near the Manicor\u00e9 River are fighting for their land rights to be acknowledged and their forest protected.<\/figcaption><\/figure>\n\n\n\n<h5 class=\"wp-block-heading has-text-align-center is-style-chevron\" style=\"font-size:1rem\"><a href=\"\/brasil\/relatorio-anual-2022\/amazonia-e-biodiversidade\/\" data-type=\"page\" data-id=\"47481\">Amaz\u00f4nia e Biodiversidade<\/a><\/h5>\n\n\n\n<div style=\"height:16px\" aria-hidden=\"true\" class=\"wp-block-spacer\"><\/div>\n<\/div>\n<\/div>\n\n\n\n<div class=\"wp-block-column is-layout-flow wp-block-column-is-layout-flow\">\n<div class=\"wp-block-group group-stretched-link is-layout-flow wp-block-group-is-layout-flow\">\n<figure class=\"wp-block-image aligncenter size-full is-resized force-no-lightbox force-no-caption is-style-rounded-180\"><img loading=\"lazy\" decoding=\"async\" width=\"207\" height=\"207\" src=\"https:\/\/www.greenpeace.org\/static\/planet4-brasil-stateless\/2023\/11\/f15bc900-gp1sxb2j_web_size_reduced.png\" title=\"Foto de uma mulher ind\u00edgena com a m\u00e3o levantada em uma a\u00e7\u00e3o direta n\u00e3o violenta contra o garimpo. Ao fundo temos representa\u00e7\u00f5es de barras de ouro marcadas pelo sangue dos povos origin\u00e1rios.\" alt=\"Foto de uma mulher ind\u00edgena com a m\u00e3o levantada em uma a\u00e7\u00e3o direta n\u00e3o violenta contra o garimpo. Ao fundo temos representa\u00e7\u00f5es de barras de ouro marcadas pelo sangue dos povos origin\u00e1rios.\" class=\"wp-image-50059\" style=\"width:180px;height:180px\" srcset=\"https:\/\/www.greenpeace.org\/static\/planet4-brasil-stateless\/2023\/11\/f15bc900-gp1sxb2j_web_size_reduced.png 207w, https:\/\/www.greenpeace.org\/static\/planet4-brasil-stateless\/2023\/11\/f15bc900-gp1sxb2j_web_size_reduced-150x150.png 150w\" sizes=\"auto, (max-width: 207px) 100vw, 207px\" \/><figcaption class=\"wp-element-caption\">Indigenous leaderships and activists protested in Bras\u00edlia against the Bill 191, that aims to legalize illegal mining in indigenous lands, by marching to ministries buildings full of mud and fake blood, representing the death toll, violence and suffering caused by illegal mining. In front of the Ministry of Mines and Energy, gold bars with the word &#8220;crime&#8221; on them were placed, alongside a giant banner created by the artist Ibraim Nascimento with the aid of Indigenous People from the camp.\n\nThe Free Land Camp is the current home for over 6 thousand Indigenous People from 175 different ethnicities. This is the first camp held in person in two years, due to the Covid-19 pandemic. Held since 2004, the camp demands that Indigenous Lands be demarcated, in addition to the defence of life against the destruction agenda promoted by the Bolsonaro government.<\/figcaption><\/figure>\n\n\n\n<h5 class=\"wp-block-heading has-text-align-center is-style-chevron\" style=\"font-size:1rem\"><a href=\"\/brasil\/relatorio-anual-2022\/povos-indigenas\/\">Povos Ind\u00edgenas<\/a><\/h5>\n\n\n\n<div style=\"height:16px\" aria-hidden=\"true\" class=\"wp-block-spacer\"><\/div>\n<\/div>\n<\/div>\n\n\n\n<div class=\"wp-block-column is-layout-flow wp-block-column-is-layout-flow\">\n<div class=\"wp-block-group group-stretched-link is-layout-flow wp-block-group-is-layout-flow\">\n<figure class=\"wp-block-image aligncenter size-full is-resized force-no-lightbox force-no-caption is-style-rounded-180\"><img loading=\"lazy\" decoding=\"async\" width=\"207\" height=\"207\" src=\"https:\/\/www.greenpeace.org\/static\/planet4-brasil-stateless\/2023\/11\/168171cd-gp1swxmc_web_size_reduced.png\" title=\"Imagem a\u00e9rea de um deslizamento de terra em Petr\u00f3polis, na regi\u00e3o serrana do Rio de Janeiro; Fortes chuvas destru\u00edram casas e afetaram popula\u00e7\u00f5es que j\u00e1 vivem em situa\u00e7\u00e3o de vulnerabilidade.\" alt=\"Imagem a\u00e9rea de um deslizamento de terra em Petr\u00f3polis, na regi\u00e3o serrana do Rio de Janeiro; Fortes chuvas destru\u00edram casas e afetaram popula\u00e7\u00f5es que j\u00e1 vivem em situa\u00e7\u00e3o de vulnerabilidade.\" class=\"wp-image-50063\" style=\"width:180px;height:180px\" srcset=\"https:\/\/www.greenpeace.org\/static\/planet4-brasil-stateless\/2023\/11\/168171cd-gp1swxmc_web_size_reduced.png 207w, https:\/\/www.greenpeace.org\/static\/planet4-brasil-stateless\/2023\/11\/168171cd-gp1swxmc_web_size_reduced-150x150.png 150w\" sizes=\"auto, (max-width: 207px) 100vw, 207px\" \/><figcaption class=\"wp-element-caption\">On February 15th, Petr\u00f3polis, located in the mountains north of Rio de Janeiro, faced its biggest storm since 1932, according to the National Center for Monitoring Natural Disasters (Cemaden) and the National Institute of Meteorology (Inmet). The intense rainfall caused landslides and took the life of over a hundred people, displacing thousands. Petr\u00f3polis is another victim of governmental neglect when facing Climate Crisis, which intensifies extreme events like this.\nBrazilian states must decrete Climate Emergency and set adaptation plans in motion to avoid an even more hostile future, specially to the people most impacted by extreme events.<\/figcaption><\/figure>\n\n\n\n<h5 class=\"wp-block-heading has-text-align-center is-style-chevron\" style=\"font-size:1rem\"><a href=\"\/brasil\/relatorio-anual-2022\/justica-climatica\/\" data-type=\"page\" data-id=\"47613\">Justi\u00e7a Clim\u00e1tica<\/a><\/h5>\n\n\n\n<div style=\"height:16px\" aria-hidden=\"true\" class=\"wp-block-spacer\"><\/div>\n<\/div>\n<\/div>\n\n\n\n<div class=\"wp-block-column is-layout-flow wp-block-column-is-layout-flow\">\n<div class=\"wp-block-group group-stretched-link is-layout-flow wp-block-group-is-layout-flow\">\n<figure class=\"wp-block-image aligncenter size-full is-resized force-no-lightbox force-no-caption is-style-rounded-180\"><a href=\"\/brasil\/relatorio-anual-2022\/agricultura-e-alimentacao\/\"><img loading=\"lazy\" decoding=\"async\" width=\"1000\" height=\"667\" src=\"https:\/\/www.greenpeace.org\/static\/planet4-brasil-stateless\/2022\/05\/cdbb24b8-gp1swwjv_resized1000_p4.jpg\" title=\"Imagem de dois ativistas do Greenpeace no Congresso Nacional vestidos com macac\u00f5es amarelos, simulando roupas de prote\u00e7\u00e3o, segurando um banner denunciando a amea\u00e7a do Pacote do Veneno\" alt=\"\" class=\"wp-image-39830\" style=\"width:180px;height:180px\" srcset=\"https:\/\/www.greenpeace.org\/static\/planet4-brasil-stateless\/2022\/05\/cdbb24b8-gp1swwjv_resized1000_p4.jpg 1000w, https:\/\/www.greenpeace.org\/static\/planet4-brasil-stateless\/2022\/05\/cdbb24b8-gp1swwjv_resized1000_p4-300x200.jpg 300w, https:\/\/www.greenpeace.org\/static\/planet4-brasil-stateless\/2022\/05\/cdbb24b8-gp1swwjv_resized1000_p4-768x512.jpg 768w, https:\/\/www.greenpeace.org\/static\/planet4-brasil-stateless\/2022\/05\/cdbb24b8-gp1swwjv_resized1000_p4-510x340.jpg 510w\" sizes=\"auto, (max-width: 1000px) 100vw, 1000px\" \/><\/a><\/figure>\n\n\n\n<h5 class=\"wp-block-heading has-text-align-center is-style-chevron\" style=\"font-size:1rem\"><a href=\"\/brasil\/relatorio-anual-2022\/agricultura-e-alimentacao\/\" data-type=\"page\" data-id=\"47620\">Agricultura e Alimenta\u00e7\u00e3o<\/a><\/h5>\n\n\n\n<div style=\"height:16px\" aria-hidden=\"true\" class=\"wp-block-spacer\"><\/div>\n<\/div>\n<\/div>\n\n\n\n<div class=\"wp-block-column is-layout-flow wp-block-column-is-layout-flow\">\n<div class=\"wp-block-group group-stretched-link is-layout-flow wp-block-group-is-layout-flow\">\n<figure class=\"wp-block-image aligncenter size-full is-resized force-no-lightbox force-no-caption is-style-rounded-180\"><a href=\"\/brasil\/relatorio-anual-2022\/politicas-publicas\/\"><img loading=\"lazy\" decoding=\"async\" width=\"1000\" height=\"667\" src=\"https:\/\/www.greenpeace.org\/static\/planet4-brasil-stateless\/2022\/05\/7a5ff15e-gp1sx0sx_resize1000_p4.jpg\" title=\"Imagem de uma jovem de cabelos castanhos e \u00f3culos escuros participa do Ato Pela Terra, em Bras\u00edlia. Ela tem o punho direito erguido e, na outra m\u00e3o, segura uma placa verde com a mensagem &quot;Licenciamento ambiental fica&quot;\" alt=\"\" class=\"wp-image-39782\" style=\"width:180px;height:180px\" srcset=\"https:\/\/www.greenpeace.org\/static\/planet4-brasil-stateless\/2022\/05\/7a5ff15e-gp1sx0sx_resize1000_p4.jpg 1000w, https:\/\/www.greenpeace.org\/static\/planet4-brasil-stateless\/2022\/05\/7a5ff15e-gp1sx0sx_resize1000_p4-300x200.jpg 300w, https:\/\/www.greenpeace.org\/static\/planet4-brasil-stateless\/2022\/05\/7a5ff15e-gp1sx0sx_resize1000_p4-768x512.jpg 768w, https:\/\/www.greenpeace.org\/static\/planet4-brasil-stateless\/2022\/05\/7a5ff15e-gp1sx0sx_resize1000_p4-510x340.jpg 510w\" sizes=\"auto, (max-width: 1000px) 100vw, 1000px\" \/><\/a><\/figure>\n\n\n\n<h5 class=\"wp-block-heading has-text-align-center is-style-chevron\" style=\"font-size:1rem\"><a href=\"\/brasil\/relatorio-anual-2022\/politicas-publicas\/\" data-type=\"page\" data-id=\"47627\">Pol\u00edticas P\u00fablicas<\/a><\/h5>\n\n\n\n<div style=\"height:16px\" aria-hidden=\"true\" class=\"wp-block-spacer\"><\/div>\n<\/div>\n<\/div>\n<\/div>\n\n<div class=\"wp-block-buttons is-content-justification-center is-layout-flex wp-container-core-buttons-is-layout-16018d1d wp-block-buttons-is-layout-flex\">\n<div class=\"wp-block-button has-custom-width wp-block-button__width-100 has-custom-font-size is-style-secondary\" style=\"font-size:18px\"><a class=\"wp-block-button__link wp-element-button\" href=\"\/brasil\/relatorio-anual-2022\/\">\u2039 Voltar \u00e0 p\u00e1gina inicial do Relat\u00f3rio Anual 2022<\/a><\/div>\n<\/div>\n\n<div style=\"height:30px\" aria-hidden=\"true\" class=\"wp-block-spacer\"><\/div>\n\n\n<div class=\"wp-block-group alignfull block has-grey-100-background-color has-background is-layout-flow wp-block-group-is-layout-flow\"><\/div>\n\n","protected":false},"excerpt":{"rendered":"<p>Greenpeace na m\u00eddia Imprensa Em 2022, a equipe de imprensa do Greenpeace Brasil trabalhou para que a mensagem da organiza\u00e7\u00e3o chegasse de norte a sul do pa\u00eds e ao redor do mundo. Somente na imprensa nacional foram publicadas 6.105 mat\u00e9rias citando a organiza\u00e7\u00e3o, enquanto os porta-vozes do Greenpeace Brasil concederam 322 entrevistas.&nbsp; J\u00e1 na imprensa [&hellip;]<\/p>\n","protected":false},"author":102,"featured_media":47871,"parent":48731,"menu_order":0,"comment_status":"closed","ping_status":"closed","template":"","meta":{"ep_exclude_from_search":false,"p4_hide_page_title_checkbox":"on","p4_title":"","p4_subtitle":"","p4_description":"","background_image_id":"","background_image":"","p4_button_title":"","p4_button_link":"","p4_button_link_checkbox":"","p4_og_title":"","p4_og_description":"","p4_og_image":"","p4_og_image_id":"","p4_seo_canonical_url":"","p4_campaign_name":"","p4_local_project":"","p4_basket_name":"","p4_department":"","footnotes":""},"categories":[5],"tags":[65],"class_list":["post-47695","page","type-page","status-publish","has-post-thumbnail","hentry","category-greenpeace","tag-relatorio-anual-2022"],"_links":{"self":[{"href":"https:\/\/www.greenpeace.org\/brasil\/wp-json\/wp\/v2\/pages\/47695","targetHints":{"allow":["GET"]}}],"collection":[{"href":"https:\/\/www.greenpeace.org\/brasil\/wp-json\/wp\/v2\/pages"}],"about":[{"href":"https:\/\/www.greenpeace.org\/brasil\/wp-json\/wp\/v2\/types\/page"}],"author":[{"embeddable":true,"href":"https:\/\/www.greenpeace.org\/brasil\/wp-json\/wp\/v2\/users\/102"}],"replies":[{"embeddable":true,"href":"https:\/\/www.greenpeace.org\/brasil\/wp-json\/wp\/v2\/comments?post=47695"}],"version-history":[{"count":4,"href":"https:\/\/www.greenpeace.org\/brasil\/wp-json\/wp\/v2\/pages\/47695\/revisions"}],"predecessor-version":[{"id":50987,"href":"https:\/\/www.greenpeace.org\/brasil\/wp-json\/wp\/v2\/pages\/47695\/revisions\/50987"}],"up":[{"embeddable":true,"href":"https:\/\/www.greenpeace.org\/brasil\/wp-json\/wp\/v2\/pages\/48731"}],"wp:featuredmedia":[{"embeddable":true,"href":"https:\/\/www.greenpeace.org\/brasil\/wp-json\/"}],"wp:attachment":[{"href":"https:\/\/www.greenpeace.org\/brasil\/wp-json\/wp\/v2\/media?parent=47695"}],"wp:term":[{"taxonomy":"category","embeddable":true,"href":"https:\/\/www.greenpeace.org\/brasil\/wp-json\/wp\/v2\/categories?post=47695"},{"taxonomy":"post_tag","embeddable":true,"href":"https:\/\/www.greenpeace.org\/brasil\/wp-json\/wp\/v2\/tags?post=47695"}],"curies":[{"name":"wp","href":"https:\/\/api.w.org\/{rel}","templated":true}]}}