{"id":48727,"date":"2023-08-10T12:34:48","date_gmt":"2023-08-10T15:34:48","guid":{"rendered":"https:\/\/www-dev.greenpeace.org\/brasil\/?page_id=47613"},"modified":"2023-11-09T15:40:12","modified_gmt":"2023-11-09T18:40:12","slug":"justica-climatica","status":"publish","type":"page","link":"https:\/\/www.greenpeace.org\/brasil\/relatorio-anual-2022\/justica-climatica\/","title":{"rendered":"Relat\u00f3rio anual 2022: Justi\u00e7a Clim\u00e1tica"},"content":{"rendered":"\n<div class=\"wp-block-media-text alignfull has-media-on-the-right is-stacked-on-mobile force-no-lightbox is-style-default has-dark-green-800-background-color has-background\"><div class=\"wp-block-media-text__content\">\n<h1 class=\"wp-block-heading has-white-color has-text-color\">Justi\u00e7a Clim\u00e1tica<\/h1>\n<\/div><figure class=\"wp-block-media-text__media\"><img decoding=\"async\" src=\"https:\/\/www.greenpeace.org\/static\/planet4-brasil-stateless-develop\/2023\/08\/85dd7d20-imagens-site-ra2022-creditos12-1024x768.jpg\" alt=\"\" sizes=\"(min-width: 601px) 50vw, 100vw\" srcset=\"\" class=\"wp-image-47883 size-full\"\/><\/figure><\/div>\n\n<h2 class=\"wp-block-heading\" style=\"margin-top:var(--wp--preset--spacing--60)\">A luta para conter a crise clim\u00e1tica<\/h2>\n\n<div class=\"wp-block-media-text alignwide is-stacked-on-mobile force-no-lightbox\"><figure class=\"wp-block-media-text__media\"><img loading=\"lazy\" decoding=\"async\" width=\"1024\" height=\"575\" src=\"https:\/\/www.greenpeace.org\/static\/planet4-brasil-stateless-develop\/2023\/08\/48dff87b-gp1swxm8-1024x575.jpg\" alt=\"Storm Causes Landslides and Takes Hundreds of Lives in Petr\u00f3polis, Brazil. \u00a9 Thomas Mendel \/ Greenpeace\" sizes=\"auto, (min-width: 1600px) calc((1320px - 24px) \/ 2),(min-width: 1200px) calc((1140px - 24px) \/ 2),(min-width: 992px) calc((960px - 24px) \/ 2),(min-width: 768px) calc((720px - 24px) \/ 2),(min-width: 601px) calc((540px - 24px) \/ 2),(min-width: 577px) calc((540px - 24px) \/ 1), calc(100vw - 24px)\" srcset=\"https:\/\/www.greenpeace.org\/static\/planet4-brasil-stateless\/2023\/08\/48dff87b-gp1swxm8.jpg 1200w, https:\/\/www.greenpeace.org\/static\/planet4-brasil-stateless\/2023\/08\/48dff87b-gp1swxm8-300x169.jpg 300w, https:\/\/www.greenpeace.org\/static\/planet4-brasil-stateless\/2023\/08\/48dff87b-gp1swxm8-1024x575.jpg 1024w, https:\/\/www.greenpeace.org\/static\/planet4-brasil-stateless\/2023\/08\/48dff87b-gp1swxm8-768x431.jpg 768w, https:\/\/www.greenpeace.org\/static\/planet4-brasil-stateless\/2023\/08\/48dff87b-gp1swxm8-510x286.jpg 510w\" class=\"wp-image-47616 size-full\"\/><\/figure><div class=\"wp-block-media-text__content\">\n<p>Em 2022, a bomba-rel\u00f3gio do clima foi mais uma vez acionada. Infelizmente, vimos as consequ\u00eancias da crise clim\u00e1tica reca\u00edrem sobre as pessoas em diferentes regi\u00f5es brasileiras e <a href=\"https:\/\/www.greenpeace.org\/brasil\/blog\/quem-mais-sofre-as-consequencias-da-crise-do-clima-nas-cidades\/\">de forma desigual<\/a>. Como costumamos fazer h\u00e1 tempos, <a href=\"https:\/\/www.greenpeace.org\/brasil\/blog\/relatorio-ipcc-a-crise-do-clima-ja-apresenta-consequencias-irreversiveis\/\">acompanhamos de perto os alertas da ci\u00eancia<\/a>, <a href=\"https:\/\/www.greenpeace.org\/brasil\/blog\/um-mes-da-tragedia-em-petropolis-acao-homenageia-as-vitimas-e-cobra-medidas-do-estado-para-evitar-novas-catastrofes\/\">ecoamos as vozes dos mais impactados,<\/a> reunimos mentes e cora\u00e7\u00f5es na luta por a\u00e7\u00e3o e pressionamos o poder p\u00fablico.&nbsp;<\/p>\n<\/div><\/div>\n\n<p>Em 2022, a bomba-rel\u00f3gio do clima foi mais uma vez acionada. Infelizmente, vimos as consequ\u00eancias da crise clim\u00e1tica reca\u00edrem sobre as pessoas em diferentes regi\u00f5es brasileiras e <a href=\"https:\/\/www.greenpeace.org\/brasil\/blog\/quem-mais-sofre-as-consequencias-da-crise-do-clima-nas-cidades\/\">de forma desigual<\/a>. Como costumamos fazer h\u00e1 tempos, <a href=\"https:\/\/www.greenpeace.org\/brasil\/blog\/relatorio-ipcc-a-crise-do-clima-ja-apresenta-consequencias-irreversiveis\/\">acompanhamos de perto os alertas da ci\u00eancia<\/a>, <a href=\"https:\/\/www.greenpeace.org\/brasil\/blog\/um-mes-da-tragedia-em-petropolis-acao-homenageia-as-vitimas-e-cobra-medidas-do-estado-para-evitar-novas-catastrofes\/\">ecoamos as vozes dos mais impactados,<\/a> reunimos mentes e cora\u00e7\u00f5es na luta por a\u00e7\u00e3o e pressionamos o poder p\u00fablico.&nbsp;<\/p>\n\n<p>O Painel Intergovernamental do Clima da ONU (IPCC), que re\u00fane o conhecimento cient\u00edfico produzido sobre o aquecimento global, alertou:<a href=\"https:\/\/www.greenpeace.org\/brasil\/blog\/relatorio-ipcc-a-crise-do-clima-ja-apresenta-consequencias-irreversiveis\/\"> a crise do clima j\u00e1 apresenta consequ\u00eancias irrevers\u00edveis<\/a>. E as popula\u00e7\u00f5es vulnerabilizadas historicamente pagam o pre\u00e7o mais alto pelo despreparo do pa\u00eds frente a essa realidade.&nbsp;<\/p>\n\n<p>O Greenpeace Brasil vem lutando pelo reconhecimento da justi\u00e7a clim\u00e1tica como uma pauta que caminha de m\u00e3os dadas com o enfrentamento das desigualdades. Levamos essa mensagem para a<a href=\"https:\/\/www.greenpeace.org\/brasil\/blog\/o-fim-da-cop27-e-uma-vitoria-para-a-justica-climatica\/\"> COP27,<\/a> a Confer\u00eancia do Clima da ONU, em Sharm El-Sheikh, no Egito, onde, junto com outras organiza\u00e7\u00f5es e representantes da sociedade civil, demos alguns cart\u00f5es vermelhos para os tomadores de decis\u00e3o.&nbsp;<\/p>\n\n<p>No entanto, alguns gols tamb\u00e9m foram marcados na Confer\u00eancia. Entre eles, a cria\u00e7\u00e3o de um fundo para perdas e danos aos pa\u00edses que mais sofrem com os efeitos da crise clim\u00e1tica. Essa \u00e9 uma forma de pa\u00edses desenvolvidos compensarem e repararem os pa\u00edses em desenvolvimento pelas consequ\u00eancias desastrosas das mudan\u00e7as no clima.<\/p>\n\n<div class=\"wp-block-media-text alignwide is-stacked-on-mobile force-no-lightbox\"><figure class=\"wp-block-media-text__media\"><img loading=\"lazy\" decoding=\"async\" width=\"768\" height=\"512\" src=\"https:\/\/www.greenpeace.org\/static\/planet4-brasil-stateless\/2023\/08\/2ab06112-gp1t3h3a-768x512-1.jpg\" alt=\"\" sizes=\"auto, (min-width: 1600px) calc((1320px - 24px) \/ 2),(min-width: 1200px) calc((1140px - 24px) \/ 2),(min-width: 992px) calc((960px - 24px) \/ 2),(min-width: 768px) calc((720px - 24px) \/ 2),(min-width: 601px) calc((540px - 24px) \/ 2),(min-width: 577px) calc((540px - 24px) \/ 1), calc(100vw - 24px)\" srcset=\"https:\/\/www.greenpeace.org\/static\/planet4-brasil-stateless\/2023\/08\/2ab06112-gp1t3h3a-768x512-1.jpg 768w, https:\/\/www.greenpeace.org\/static\/planet4-brasil-stateless\/2023\/08\/2ab06112-gp1t3h3a-768x512-1-300x200.jpg 300w, https:\/\/www.greenpeace.org\/static\/planet4-brasil-stateless\/2023\/08\/2ab06112-gp1t3h3a-768x512-1-510x340.jpg 510w\" class=\"wp-image-48783 size-full\"\/><\/figure><div class=\"wp-block-media-text__content\">\n<p>Para que essas conex\u00f5es fizessem sentido tamb\u00e9m no Brasil, especialmente para quem vive na pele as piores consequ\u00eancias do aumento dos eventos extremos, <a href=\"https:\/\/www.greenpeace.org\/brasil\/blog\/destruicao-da-floresta-da-amazonia-as-periferias-uma-questao-de-justica-climatica\/\">sobrevoamos a Amaz\u00f4nia com jovens volunt\u00e1rios do Greenpeace<\/a>, ativistas que se dedicam a levar a pauta para seus territ\u00f3rios, em diferentes regi\u00f5es do Brasil. Afinal, o que acontece na Amaz\u00f4nia n\u00e3o fica s\u00f3 na Amaz\u00f4nia.<\/p>\n<\/div><\/div>\n\n<p>O desmatamento da maior floresta tropical do mundo \u00e9 a principal fonte de emiss\u00e3o de gases de efeito estufa do Brasil, intensificando o aquecimento global, e est\u00e1 custando caro, muito caro, para <a href=\"https:\/\/www.greenpeace.org\/brasil\/blog\/lider-indigena-fala-sobre-a-luta-dos-pataxo-frente-as-fortes-chuvas-na-bahia\/\">ind\u00edgenas<\/a>, ribeirinhos, pessoas negras, de baixa renda e que habitam <a href=\"https:\/\/www.greenpeace.org\/brasil\/blog\/quem-mais-sofre-as-consequencias-da-crise-do-clima-nas-cidades\/\">regi\u00f5es perif\u00e9ricas<\/a> &#8211; em especial m\u00e3es chefes de fam\u00edlia.<\/p>\n\n<p>O Brasil tornou-se o pa\u00eds das Am\u00e9ricas com o maior n\u00famero de deslocamentos for\u00e7ados por eventos extremos de chuvas, em 2022, segundo o relat\u00f3rio anual do Centro de Monitoramento de Deslocamento Interno (IDMC). Os dois eventos que mais levaram pessoas a terem de deixar suas casas foram, respectivamente,<a href=\"https:\/\/www.greenpeace.org\/brasil\/blog\/tragedia-em-pernambuco-abandono-e-crise-climatica\/\"> as fortes chuvas em Pernambuco<\/a>, em maio, com mais de 131 mil movimentos, e <a href=\"https:\/\/www.greenpeace.org\/brasil\/blog\/o-medo-e-a-indignacao-permanecem-relata-atingida-por-chuvas-em-mg\/\">fen\u00f4meno semelhante em Minas Gerais<\/a>, em janeiro, com 107 mil.&nbsp;<\/p>\n\n<div class=\"wp-block-media-text alignwide is-stacked-on-mobile force-no-lightbox\"><figure class=\"wp-block-media-text__media\"><img loading=\"lazy\" decoding=\"async\" width=\"768\" height=\"576\" src=\"https:\/\/www.greenpeace.org\/static\/planet4-brasil-stateless\/2023\/08\/a5098098-imagens-site-ra2022-creditos16-768x576-1.jpg\" alt=\"\" sizes=\"auto, (min-width: 1600px) calc((1320px - 24px) \/ 2),(min-width: 1200px) calc((1140px - 24px) \/ 2),(min-width: 992px) calc((960px - 24px) \/ 2),(min-width: 768px) calc((720px - 24px) \/ 2),(min-width: 601px) calc((540px - 24px) \/ 2),(min-width: 577px) calc((540px - 24px) \/ 1), calc(100vw - 24px)\" srcset=\"https:\/\/www.greenpeace.org\/static\/planet4-brasil-stateless\/2023\/08\/a5098098-imagens-site-ra2022-creditos16-768x576-1.jpg 768w, https:\/\/www.greenpeace.org\/static\/planet4-brasil-stateless\/2023\/08\/a5098098-imagens-site-ra2022-creditos16-768x576-1-300x225.jpg 300w, https:\/\/www.greenpeace.org\/static\/planet4-brasil-stateless\/2023\/08\/a5098098-imagens-site-ra2022-creditos16-768x576-1-453x340.jpg 453w\" class=\"wp-image-48784 size-full\"\/><\/figure><div class=\"wp-block-media-text__content\">\n<p>N\u00e3o podemos deixar de lembrar de outros desastres, como os que ocorreram em <a href=\"https:\/\/www.greenpeace.org\/brasil\/blog\/um-mes-da-tragedia-em-petropolis-acao-homenageia-as-vitimas-e-cobra-medidas-do-estado-para-evitar-novas-catastrofes\/\">Petr\u00f3polis<\/a>, na regi\u00e3o serrana do <a href=\"https:\/\/www.greenpeace.org\/brasil\/blog\/chuvas-no-rio-de-janeiro-nao-ha-nada-de-normal-no-que-esta-acontecendo\/\">Rio de Janeiro<\/a>, e na<a href=\"https:\/\/www.greenpeace.org\/brasil\/blog\/lider-indigena-fala-sobre-a-luta-dos-pataxo-frente-as-fortes-chuvas-na-bahia\/\"> Bahia<\/a>. Um m\u00eas ap\u00f3s as fortes chuvas que ca\u00edram em Petr\u00f3polis, realizamos uma a\u00e7\u00e3o no Pal\u00e1cio Guanabara para homenagear as 233 v\u00edtimas fatais da trag\u00e9dia e cobrar medidas do Estado para evitar novas cat\u00e1strofes. <\/p>\n<\/div><\/div>\n\n<p>Frente \u00e0 irreversibilidade das consequ\u00eancias da crise clim\u00e1tica em 2022 e enquanto for necess\u00e1rio, defenderemos o enfrentamento da desigualdade dos impactos da crise clim\u00e1tica e a <a href=\"https:\/\/www.greenpeace.org\/brasil\/blog\/o-que-e-um-plano-de-adaptacao-climatica\/\">adapta\u00e7\u00e3o<\/a>. Afinal, implementar<a href=\"https:\/\/www.greenpeace.org\/brasil\/podcast\/as-arvores-somos-nozes-58-como-adaptar-as-cidades-para-a-crise-climatica\/\"> planos de adapta\u00e7\u00e3o<\/a> \u00e9 o caminho para que as consequ\u00eancias dos eventos extremos sejam minimizadas, e \u00e9 inegoci\u00e1vel que eles sejam elaborados e colocados em pr\u00e1tica com participa\u00e7\u00e3o popular, especialmente com quem tem sido mais impactado.<\/p>\n\n<div class=\"wp-block-media-text alignwide has-media-on-the-right is-stacked-on-mobile force-no-lightbox has-beige-100-background-color has-background\"><div class=\"wp-block-media-text__content\">\n<blockquote class=\"wp-block-quote has-medium-font-size is-layout-flow wp-block-quote-is-layout-flow\">\n<p class=\"has-medium-font-size\">\u201cImplementar planos de adapta\u00e7\u00e3o nos estados \u00e9 o caminho para que as consequ\u00eancias dos eventos extremos sejam minimizadas.\u201d<\/p>\n<cite>Rodrigo Jesus, porta-voz da campanha de Clima e Justi\u00e7a<\/cite><\/blockquote>\n<\/div><figure class=\"wp-block-media-text__media\"><img loading=\"lazy\" decoding=\"async\" width=\"768\" height=\"398\" src=\"https:\/\/www.greenpeace.org\/static\/planet4-brasil-stateless\/2023\/08\/33fda5ae-ilustracoes-site-09-768x398-1.png\" alt=\"\" sizes=\"auto, (min-width: 1600px) calc((1320px - 24px) \/ 2),(min-width: 1200px) calc((1140px - 24px) \/ 2),(min-width: 992px) calc((960px - 24px) \/ 2),(min-width: 768px) calc((720px - 24px) \/ 2),(min-width: 601px) calc((540px - 24px) \/ 2),(min-width: 577px) calc((540px - 24px) \/ 1), calc(100vw - 24px)\" srcset=\"https:\/\/www.greenpeace.org\/static\/planet4-brasil-stateless\/2023\/08\/33fda5ae-ilustracoes-site-09-768x398-1.png 768w, https:\/\/www.greenpeace.org\/static\/planet4-brasil-stateless\/2023\/08\/33fda5ae-ilustracoes-site-09-768x398-1-300x155.png 300w, https:\/\/www.greenpeace.org\/static\/planet4-brasil-stateless\/2023\/08\/33fda5ae-ilustracoes-site-09-768x398-1-510x264.png 510w\" class=\"wp-image-48785 size-full\"\/><\/figure><\/div>\n\n<div class=\"wp-block-group container is-layout-flow wp-block-group-is-layout-flow\">\n<div style=\"height:24px\" aria-hidden=\"true\" class=\"wp-block-spacer\"><\/div>\n\n\n\n<h3 class=\"wp-block-heading has-text-align-center\" style=\"margin-top:var(--wp--preset--spacing--80)\">Nossas campanhas em 2022<\/h3>\n<\/div>\n\n<div class=\"wp-block-columns is-layout-flex wp-container-core-columns-is-layout-9d6595d7 wp-block-columns-is-layout-flex\">\n<div class=\"wp-block-column is-layout-flow wp-block-column-is-layout-flow\">\n<div class=\"wp-block-group group-stretched-link is-layout-flow wp-block-group-is-layout-flow\">\n<figure class=\"wp-block-image aligncenter size-full is-resized force-no-lightbox force-no-caption is-style-rounded-180\"><img loading=\"lazy\" decoding=\"async\" width=\"207\" height=\"207\" src=\"https:\/\/www.greenpeace.org\/static\/planet4-brasil-stateless\/2023\/11\/44eb9a90-gp1sxnse_web_size_reduced.png\" title=\"Fotografia de \u00e1rvores tirada do ch\u00e3o; \u00e1rvores entre focos de luz solar\" alt=\"Fotografia de \u00e1rvores tirada do ch\u00e3o; \u00e1rvores entre focos de luz solar\" class=\"wp-image-50060\" style=\"width:180px;height:180px\" srcset=\"https:\/\/www.greenpeace.org\/static\/planet4-brasil-stateless\/2023\/11\/44eb9a90-gp1sxnse_web_size_reduced.png 207w, https:\/\/www.greenpeace.org\/static\/planet4-brasil-stateless\/2023\/11\/44eb9a90-gp1sxnse_web_size_reduced-150x150.png 150w\" sizes=\"auto, (max-width: 207px) 100vw, 207px\" \/><figcaption class=\"wp-element-caption\">Forest near the Manicor\u00e9 River, in the southern Amazonas state, in the Amazon, Brazil. People from the communities near the Manicor\u00e9 River are fighting for their land rights to be acknowledged and their forest protected.<\/figcaption><\/figure>\n\n\n\n<h5 class=\"wp-block-heading has-text-align-center is-style-chevron\" style=\"font-size:1rem\"><a href=\"\/brasil\/relatorio-anual-2022\/amazonia-e-biodiversidade\/\" data-type=\"page\" data-id=\"47481\">Amaz\u00f4nia e Biodiversidade<\/a><\/h5>\n\n\n\n<div style=\"height:16px\" aria-hidden=\"true\" class=\"wp-block-spacer\"><\/div>\n<\/div>\n<\/div>\n\n\n\n<div class=\"wp-block-column is-layout-flow wp-block-column-is-layout-flow\">\n<div class=\"wp-block-group group-stretched-link is-layout-flow wp-block-group-is-layout-flow\">\n<figure class=\"wp-block-image aligncenter size-full is-resized force-no-lightbox force-no-caption is-style-rounded-180\"><img loading=\"lazy\" decoding=\"async\" width=\"207\" height=\"207\" src=\"https:\/\/www.greenpeace.org\/static\/planet4-brasil-stateless\/2023\/11\/f15bc900-gp1sxb2j_web_size_reduced.png\" title=\"Foto de uma mulher ind\u00edgena com a m\u00e3o levantada em uma a\u00e7\u00e3o direta n\u00e3o violenta contra o garimpo. Ao fundo temos representa\u00e7\u00f5es de barras de ouro marcadas pelo sangue dos povos origin\u00e1rios.\" alt=\"Foto de uma mulher ind\u00edgena com a m\u00e3o levantada em uma a\u00e7\u00e3o direta n\u00e3o violenta contra o garimpo. Ao fundo temos representa\u00e7\u00f5es de barras de ouro marcadas pelo sangue dos povos origin\u00e1rios.\" class=\"wp-image-50059\" style=\"width:180px;height:180px\" srcset=\"https:\/\/www.greenpeace.org\/static\/planet4-brasil-stateless\/2023\/11\/f15bc900-gp1sxb2j_web_size_reduced.png 207w, https:\/\/www.greenpeace.org\/static\/planet4-brasil-stateless\/2023\/11\/f15bc900-gp1sxb2j_web_size_reduced-150x150.png 150w\" sizes=\"auto, (max-width: 207px) 100vw, 207px\" \/><figcaption class=\"wp-element-caption\">Indigenous leaderships and activists protested in Bras\u00edlia against the Bill 191, that aims to legalize illegal mining in indigenous lands, by marching to ministries buildings full of mud and fake blood, representing the death toll, violence and suffering caused by illegal mining. In front of the Ministry of Mines and Energy, gold bars with the word &#8220;crime&#8221; on them were placed, alongside a giant banner created by the artist Ibraim Nascimento with the aid of Indigenous People from the camp.\n\nThe Free Land Camp is the current home for over 6 thousand Indigenous People from 175 different ethnicities. This is the first camp held in person in two years, due to the Covid-19 pandemic. Held since 2004, the camp demands that Indigenous Lands be demarcated, in addition to the defence of life against the destruction agenda promoted by the Bolsonaro government.<\/figcaption><\/figure>\n\n\n\n<h5 class=\"wp-block-heading has-text-align-center is-style-chevron\" style=\"font-size:1rem\"><a href=\"\/brasil\/relatorio-anual-2022\/povos-indigenas\/\">Povos Ind\u00edgenas<\/a><\/h5>\n\n\n\n<div style=\"height:16px\" aria-hidden=\"true\" class=\"wp-block-spacer\"><\/div>\n<\/div>\n<\/div>\n\n\n\n<div class=\"wp-block-column is-layout-flow wp-block-column-is-layout-flow\">\n<div class=\"wp-block-group group-stretched-link is-layout-flow wp-block-group-is-layout-flow\">\n<figure class=\"wp-block-image aligncenter size-full is-resized force-no-lightbox force-no-caption is-style-rounded-180\"><img loading=\"lazy\" decoding=\"async\" width=\"207\" height=\"207\" src=\"https:\/\/www.greenpeace.org\/static\/planet4-brasil-stateless\/2023\/11\/168171cd-gp1swxmc_web_size_reduced.png\" title=\"Imagem a\u00e9rea de um deslizamento de terra em Petr\u00f3polis, na regi\u00e3o serrana do Rio de Janeiro; Fortes chuvas destru\u00edram casas e afetaram popula\u00e7\u00f5es que j\u00e1 vivem em situa\u00e7\u00e3o de vulnerabilidade.\" alt=\"Imagem a\u00e9rea de um deslizamento de terra em Petr\u00f3polis, na regi\u00e3o serrana do Rio de Janeiro; Fortes chuvas destru\u00edram casas e afetaram popula\u00e7\u00f5es que j\u00e1 vivem em situa\u00e7\u00e3o de vulnerabilidade.\" class=\"wp-image-50063\" style=\"width:180px;height:180px\" srcset=\"https:\/\/www.greenpeace.org\/static\/planet4-brasil-stateless\/2023\/11\/168171cd-gp1swxmc_web_size_reduced.png 207w, https:\/\/www.greenpeace.org\/static\/planet4-brasil-stateless\/2023\/11\/168171cd-gp1swxmc_web_size_reduced-150x150.png 150w\" sizes=\"auto, (max-width: 207px) 100vw, 207px\" \/><figcaption class=\"wp-element-caption\">On February 15th, Petr\u00f3polis, located in the mountains north of Rio de Janeiro, faced its biggest storm since 1932, according to the National Center for Monitoring Natural Disasters (Cemaden) and the National Institute of Meteorology (Inmet). The intense rainfall caused landslides and took the life of over a hundred people, displacing thousands. Petr\u00f3polis is another victim of governmental neglect when facing Climate Crisis, which intensifies extreme events like this.\nBrazilian states must decrete Climate Emergency and set adaptation plans in motion to avoid an even more hostile future, specially to the people most impacted by extreme events.<\/figcaption><\/figure>\n\n\n\n<h5 class=\"wp-block-heading has-text-align-center is-style-chevron\" style=\"font-size:1rem\"><a href=\"\/brasil\/relatorio-anual-2022\/justica-climatica\/\" data-type=\"page\" data-id=\"47613\">Justi\u00e7a Clim\u00e1tica<\/a><\/h5>\n\n\n\n<div style=\"height:16px\" aria-hidden=\"true\" class=\"wp-block-spacer\"><\/div>\n<\/div>\n<\/div>\n\n\n\n<div class=\"wp-block-column is-layout-flow wp-block-column-is-layout-flow\">\n<div class=\"wp-block-group group-stretched-link is-layout-flow wp-block-group-is-layout-flow\">\n<figure class=\"wp-block-image aligncenter size-full is-resized force-no-lightbox force-no-caption is-style-rounded-180\"><a href=\"\/brasil\/relatorio-anual-2022\/agricultura-e-alimentacao\/\"><img loading=\"lazy\" decoding=\"async\" width=\"1000\" height=\"667\" src=\"https:\/\/www.greenpeace.org\/static\/planet4-brasil-stateless\/2022\/05\/cdbb24b8-gp1swwjv_resized1000_p4.jpg\" title=\"Imagem de dois ativistas do Greenpeace no Congresso Nacional vestidos com macac\u00f5es amarelos, simulando roupas de prote\u00e7\u00e3o, segurando um banner denunciando a amea\u00e7a do Pacote do Veneno\" alt=\"\" class=\"wp-image-39830\" style=\"width:180px;height:180px\" srcset=\"https:\/\/www.greenpeace.org\/static\/planet4-brasil-stateless\/2022\/05\/cdbb24b8-gp1swwjv_resized1000_p4.jpg 1000w, https:\/\/www.greenpeace.org\/static\/planet4-brasil-stateless\/2022\/05\/cdbb24b8-gp1swwjv_resized1000_p4-300x200.jpg 300w, https:\/\/www.greenpeace.org\/static\/planet4-brasil-stateless\/2022\/05\/cdbb24b8-gp1swwjv_resized1000_p4-768x512.jpg 768w, https:\/\/www.greenpeace.org\/static\/planet4-brasil-stateless\/2022\/05\/cdbb24b8-gp1swwjv_resized1000_p4-510x340.jpg 510w\" sizes=\"auto, (max-width: 1000px) 100vw, 1000px\" \/><\/a><\/figure>\n\n\n\n<h5 class=\"wp-block-heading has-text-align-center is-style-chevron\" style=\"font-size:1rem\"><a href=\"\/brasil\/relatorio-anual-2022\/agricultura-e-alimentacao\/\" data-type=\"page\" data-id=\"47620\">Agricultura e Alimenta\u00e7\u00e3o<\/a><\/h5>\n\n\n\n<div style=\"height:16px\" aria-hidden=\"true\" class=\"wp-block-spacer\"><\/div>\n<\/div>\n<\/div>\n\n\n\n<div class=\"wp-block-column is-layout-flow wp-block-column-is-layout-flow\">\n<div class=\"wp-block-group group-stretched-link is-layout-flow wp-block-group-is-layout-flow\">\n<figure class=\"wp-block-image aligncenter size-full is-resized force-no-lightbox force-no-caption is-style-rounded-180\"><a href=\"\/brasil\/relatorio-anual-2022\/politicas-publicas\/\"><img loading=\"lazy\" decoding=\"async\" width=\"1000\" height=\"667\" src=\"https:\/\/www.greenpeace.org\/static\/planet4-brasil-stateless\/2022\/05\/7a5ff15e-gp1sx0sx_resize1000_p4.jpg\" title=\"Imagem de uma jovem de cabelos castanhos e \u00f3culos escuros participa do Ato Pela Terra, em Bras\u00edlia. Ela tem o punho direito erguido e, na outra m\u00e3o, segura uma placa verde com a mensagem &quot;Licenciamento ambiental fica&quot;\" alt=\"\" class=\"wp-image-39782\" style=\"width:180px;height:180px\" srcset=\"https:\/\/www.greenpeace.org\/static\/planet4-brasil-stateless\/2022\/05\/7a5ff15e-gp1sx0sx_resize1000_p4.jpg 1000w, https:\/\/www.greenpeace.org\/static\/planet4-brasil-stateless\/2022\/05\/7a5ff15e-gp1sx0sx_resize1000_p4-300x200.jpg 300w, https:\/\/www.greenpeace.org\/static\/planet4-brasil-stateless\/2022\/05\/7a5ff15e-gp1sx0sx_resize1000_p4-768x512.jpg 768w, https:\/\/www.greenpeace.org\/static\/planet4-brasil-stateless\/2022\/05\/7a5ff15e-gp1sx0sx_resize1000_p4-510x340.jpg 510w\" sizes=\"auto, (max-width: 1000px) 100vw, 1000px\" \/><\/a><\/figure>\n\n\n\n<h5 class=\"wp-block-heading has-text-align-center is-style-chevron\" style=\"font-size:1rem\"><a href=\"\/brasil\/relatorio-anual-2022\/politicas-publicas\/\" data-type=\"page\" data-id=\"47627\">Pol\u00edticas P\u00fablicas<\/a><\/h5>\n\n\n\n<div style=\"height:16px\" aria-hidden=\"true\" class=\"wp-block-spacer\"><\/div>\n<\/div>\n<\/div>\n<\/div>\n\n<div class=\"wp-block-buttons is-content-justification-center is-layout-flex wp-container-core-buttons-is-layout-16018d1d wp-block-buttons-is-layout-flex\">\n<div class=\"wp-block-button has-custom-width wp-block-button__width-100 has-custom-font-size is-style-secondary\" style=\"font-size:18px\"><a class=\"wp-block-button__link wp-element-button\" href=\"\/brasil\/relatorio-anual-2022\/\">\u2039 Voltar \u00e0 p\u00e1gina inicial do Relat\u00f3rio Anual 2022<\/a><\/div>\n<\/div>\n\n<div style=\"height:30px\" aria-hidden=\"true\" class=\"wp-block-spacer\"><\/div>\n","protected":false},"excerpt":{"rendered":"<p>Justi\u00e7a Clim\u00e1tica A luta para conter a crise clim\u00e1tica Em 2022, a bomba-rel\u00f3gio do clima foi mais uma vez acionada. Infelizmente, vimos as consequ\u00eancias da crise clim\u00e1tica reca\u00edrem sobre as pessoas em diferentes regi\u00f5es brasileiras e de forma desigual. Como costumamos fazer h\u00e1 tempos, acompanhamos de perto os alertas da ci\u00eancia, ecoamos as vozes dos [&hellip;]<\/p>\n","protected":false},"author":102,"featured_media":48717,"parent":48731,"menu_order":0,"comment_status":"closed","ping_status":"closed","template":"","meta":{"ep_exclude_from_search":false,"p4_hide_page_title_checkbox":"on","p4_title":"","p4_subtitle":"","p4_description":"","background_image_id":"","background_image":"","p4_button_title":"","p4_button_link":"","p4_button_link_checkbox":"","p4_og_title":"","p4_og_description":"","p4_og_image":"","p4_og_image_id":"","p4_seo_canonical_url":"","p4_campaign_name":"","p4_local_project":"","p4_basket_name":"","p4_department":"","footnotes":""},"categories":[5],"tags":[65,66],"class_list":["post-48727","page","type-page","status-publish","has-post-thumbnail","hentry","category-greenpeace","tag-relatorio-anual-2022","tag-campanhas-2022"],"_links":{"self":[{"href":"https:\/\/www.greenpeace.org\/brasil\/wp-json\/wp\/v2\/pages\/48727","targetHints":{"allow":["GET"]}}],"collection":[{"href":"https:\/\/www.greenpeace.org\/brasil\/wp-json\/wp\/v2\/pages"}],"about":[{"href":"https:\/\/www.greenpeace.org\/brasil\/wp-json\/wp\/v2\/types\/page"}],"author":[{"embeddable":true,"href":"https:\/\/www.greenpeace.org\/brasil\/wp-json\/wp\/v2\/users\/102"}],"replies":[{"embeddable":true,"href":"https:\/\/www.greenpeace.org\/brasil\/wp-json\/wp\/v2\/comments?post=48727"}],"version-history":[{"count":4,"href":"https:\/\/www.greenpeace.org\/brasil\/wp-json\/wp\/v2\/pages\/48727\/revisions"}],"predecessor-version":[{"id":50091,"href":"https:\/\/www.greenpeace.org\/brasil\/wp-json\/wp\/v2\/pages\/48727\/revisions\/50091"}],"up":[{"embeddable":true,"href":"https:\/\/www.greenpeace.org\/brasil\/wp-json\/wp\/v2\/pages\/48731"}],"wp:featuredmedia":[{"embeddable":true,"href":"https:\/\/www.greenpeace.org\/brasil\/wp-json\/wp\/v2\/media\/48717"}],"wp:attachment":[{"href":"https:\/\/www.greenpeace.org\/brasil\/wp-json\/wp\/v2\/media?parent=48727"}],"wp:term":[{"taxonomy":"category","embeddable":true,"href":"https:\/\/www.greenpeace.org\/brasil\/wp-json\/wp\/v2\/categories?post=48727"},{"taxonomy":"post_tag","embeddable":true,"href":"https:\/\/www.greenpeace.org\/brasil\/wp-json\/wp\/v2\/tags?post=48727"}],"curies":[{"name":"wp","href":"https:\/\/api.w.org\/{rel}","templated":true}]}}