{"id":48740,"date":"2023-08-08T13:48:03","date_gmt":"2023-08-08T16:48:03","guid":{"rendered":"https:\/\/www-dev.greenpeace.org\/brasil\/?page_id=47568"},"modified":"2023-11-09T14:48:44","modified_gmt":"2023-11-09T17:48:44","slug":"institucional","status":"publish","type":"page","link":"https:\/\/www.greenpeace.org\/brasil\/relatorio-anual-2022\/institucional\/","title":{"rendered":"Relat\u00f3rio anual 2022: Institucional"},"content":{"rendered":"\n<div class=\"wp-block-media-text alignfull has-media-on-the-right is-stacked-on-mobile is-style-default force-no-lightbox has-beige-100-color has-dark-green-800-background-color has-text-color has-background\"><div class=\"wp-block-media-text__content\">\n<h1 class=\"wp-block-heading has-white-color has-text-color\">Institucional<\/h1>\n\n\n\n<h3 class=\"wp-block-heading has-white-color has-text-color\" style=\"margin-top:var(--wp--preset--spacing--40)\">30 anos de Greenpeace Brasil<\/h3>\n<\/div><figure class=\"wp-block-media-text__media\"><img loading=\"lazy\" decoding=\"async\" width=\"1024\" height=\"768\" src=\"https:\/\/www.greenpeace.org\/static\/planet4-brasil-stateless\/2023\/08\/eed1da96-imagens-site-ra2022-creditos-1536x1152-1-1024x768.jpg\" alt=\"\" sizes=\"auto, (min-width: 601px) 50vw, 100vw\" srcset=\"https:\/\/www.greenpeace.org\/static\/planet4-brasil-stateless\/2023\/08\/eed1da96-imagens-site-ra2022-creditos-1536x1152-1.jpg 1536w, https:\/\/www.greenpeace.org\/static\/planet4-brasil-stateless\/2023\/08\/eed1da96-imagens-site-ra2022-creditos-1536x1152-1-300x225.jpg 300w, https:\/\/www.greenpeace.org\/static\/planet4-brasil-stateless\/2023\/08\/eed1da96-imagens-site-ra2022-creditos-1536x1152-1-1024x768.jpg 1024w, https:\/\/www.greenpeace.org\/static\/planet4-brasil-stateless\/2023\/08\/eed1da96-imagens-site-ra2022-creditos-1536x1152-1-768x576.jpg 768w, https:\/\/www.greenpeace.org\/static\/planet4-brasil-stateless\/2023\/08\/eed1da96-imagens-site-ra2022-creditos-1536x1152-1-453x340.jpg 453w\" class=\"wp-image-48773 size-full\"\/><\/figure><\/div>\n\n<div style=\"height:50px\" aria-hidden=\"true\" class=\"wp-block-spacer\"><\/div>\n\n<p>Transformar \u00e9 uma escolha. Uma escolha que n\u00f3s, do Greenpeace Brasil, fazemos todos os dias desde 26 de abril de 1992, quando nossos primeiros ativistas protestaram contra a energia nuclear no p\u00e1tio da Usina de Angra dos Reis, no Rio de Janeiro, em homenagem \u00e0s v\u00edtimas do acidente nuclear de Chernobyl.<\/p>\n\n<p>Trinta anos depois, aquele pequeno grupo se transformou em milhares de ativistas, volunt\u00e1rios, doadores e especialistas que confiam tempo, talentos, recursos e usam suas vozes para que tenhamos a for\u00e7a e a autonomia necess\u00e1rias para defender o meio ambiente, sem medo de confrontar ou denunciar poderosos.<\/p>\n\n<p>Em 2022, \u201ctrintamos\u201d celebrando cada momento dessa hist\u00f3ria. Confira algumas das nossas principais a\u00e7\u00f5es para comemorar este marco.<\/p>\n\n<h2 class=\"wp-block-heading\" style=\"margin-top:var(--wp--preset--spacing--60)\">Novo site e p\u00e1gina especial<\/h2>\n\n<p>Na data do nosso anivers\u00e1rio, demos uma cara nova para nosso site oficial: <a href=\"https:\/\/www.greenpeace.org\/brasil\/\">greenpeace.org.br<\/a>. A <a href=\"https:\/\/www.greenpeace.org\/brasil\/blog\/greenpeace-brasil-comemora-30-anos-com-novo-site-no-ar\/\">vers\u00e3o atualizada<\/a> valoriza a experi\u00eancia do usu\u00e1rio, apresenta um novo menu de navega\u00e7\u00e3o, entre outras novidades que deixaram o site mais leve e interativo.<\/p>\n\n<p>Sendo a informa\u00e7\u00e3o e a conscientiza\u00e7\u00e3o pe\u00e7as-chave na defesa do meio ambiente, n\u00e3o h\u00e1 nada melhor do que iniciar este novo ciclo aprimorando a comunica\u00e7\u00e3o com todas as pessoas que j\u00e1 se dedicam \u00e0 prote\u00e7\u00e3o do planeta e, especialmente, com aquelas que desejam se juntar \u00e0 luta ambiental.<\/p>\n\n<p>N\u00f3s tamb\u00e9m criamos uma p\u00e1gina especial reunindo mais detalhes do in\u00edcio das atividades do Greenpeace Brasil e uma galeria com fotos emblem\u00e1ticas da nossa trajet\u00f3ria.&nbsp;<\/p>\n\n<div class=\"wp-block-buttons is-content-justification-center is-layout-flex wp-container-core-buttons-is-layout-16018d1d wp-block-buttons-is-layout-flex\">\n<div class=\"wp-block-button\"><a class=\"wp-block-button__link has-white-color has-dark-green-800-background-color has-text-color has-background wp-element-button\" href=\"https:\/\/www.greenpeace.org\/brasil\/30-anos-de-greenpeace-brasil\/\">Confira!<\/a><\/div>\n<\/div>\n\n<h2 class=\"wp-block-heading\" style=\"margin-top:var(--wp--preset--spacing--60)\">Projeto Mem\u00f3rias<\/h2>\n\n<div class=\"wp-block-columns are-vertically-aligned-center is-layout-flex wp-container-core-columns-is-layout-9d6595d7 wp-block-columns-is-layout-flex\">\n<div class=\"wp-block-column is-vertically-aligned-center is-layout-flow wp-block-column-is-layout-flow\">\n<p>No nosso anivers\u00e1rio de 30 anos, tamb\u00e9m prestamos homenagem \u00e0s pessoas que tornaram e continuam tornando tudo o que fazemos poss\u00edvel. Por meio do <a href=\"https:\/\/www.youtube.com\/playlist?list=PLgypAGt9KjpA77jrbtP3WUjGgizPemsNa\" target=\"_blank\" rel=\"noreferrer noopener\">projeto Mem\u00f3rias<\/a>, uma s\u00e9rie de v\u00eddeos com ativistas, destacamos algumas delas, que representam tantas outras. S\u00e3o elas as respons\u00e1veis pelo que o Greenpeace Brasil foi, pelo que \u00e9 hoje e pelo que ainda ser\u00e1.<\/p>\n\n\n\n<p><a href=\"https:\/\/www.greenpeace.org\/brasil\/blog\/greenpeace-brasil-30-anos-memorias-de-paulo-adario\/\">Paulo Adario<\/a>, ambientalista, ativista e refer\u00eancia internacional quando o assunto \u00e9 a Amaz\u00f4nia, participou da funda\u00e7\u00e3o da nossa organiza\u00e7\u00e3o e compartilhou algumas de suas hist\u00f3rias conosco.<\/p>\n\n\n\n<p>Ana Toni, ex-presidente do conselho do Greenpeace Brasil e especialista em Clima, juntamente com os volunt\u00e1rios e ativistas Fl\u00e1vio Carneiro, Mariana Oliveira e Ant\u00f4nio Padilha, tamb\u00e9m foram destaque na s\u00e9rie.<\/p>\n<\/div>\n\n\n\n<div class=\"wp-block-column is-vertically-aligned-center is-layout-flow wp-block-column-is-layout-flow\">\n<figure class=\"wp-block-embed is-type-video is-provider-youtube wp-block-embed-youtube wp-embed-aspect-16-9 wp-has-aspect-ratio\"><div class=\"wp-block-embed__wrapper\">\n<lite-youtube style=\"background-image: url('https:\/\/i.ytimg.com\/vi\/ro292z2sVAU\/hqdefault.jpg');\" videoid=\"ro292z2sVAU\" params=\"rel=0\"><\/lite-youtube>\n<\/div><\/figure>\n\n\n\n<div class=\"wp-block-buttons is-content-justification-center is-layout-flex wp-container-core-buttons-is-layout-16018d1d wp-block-buttons-is-layout-flex\">\n<div class=\"wp-block-button\"><a class=\"wp-block-button__link has-white-color has-dark-green-800-background-color has-text-color has-background has-text-align-center wp-element-button\" href=\"https:\/\/www.youtube.com\/playlist?list=PLgypAGt9KjpA77jrbtP3WUjGgizPemsNa\">Assistir todas as entrevistas do projeto Mem\u00f3rias<\/a><\/div>\n<\/div>\n<\/div>\n<\/div>\n\n<h2 class=\"wp-block-heading\" style=\"margin-top:var(--wp--preset--spacing--60)\">Independ\u00eancia pol\u00edtica e financeira<\/h2>\n\n<div class=\"wp-block-media-text alignwide is-stacked-on-mobile is-vertically-aligned-center force-no-lightbox\"><figure class=\"wp-block-media-text__media\"><img decoding=\"async\" src=\"https:\/\/www.greenpeace.org\/static\/planet4-brasil-stateless-develop\/2023\/08\/4d85a319-imagens-site-ra2022-creditos31-1024x768.jpg\" alt=\"\u201cAmazon We Need\u201d Expedition in the Amazon in Brazil - Moritz Jahn. \u00a9 Nilmar Lage \/ Greenpeace\" sizes=\"(min-width: 1600px) calc((1320px - 24px) \/ 2),(min-width: 1200px) calc((1140px - 24px) \/ 2),(min-width: 992px) calc((960px - 24px) \/ 2),(min-width: 768px) calc((720px - 24px) \/ 2),(min-width: 601px) calc((540px - 24px) \/ 2),(min-width: 577px) calc((540px - 24px) \/ 1), calc(100vw - 24px)\" srcset=\"\" class=\"wp-image-47811 size-full\"\/><\/figure><div class=\"wp-block-media-text__content\">\n<p>As solu\u00e7\u00f5es para pararmos a destrui\u00e7\u00e3o do planeta existem: preservar a floresta, respeitar os direitos dos povos ind\u00edgenas e frear qualquer projeto que privilegie o lucro em detrimento dos ecossistemas.<\/p>\n\n\n\n<p>Esses s\u00e3o os pilares que sempre direcionaram nossa atua\u00e7\u00e3o, pautada pela independ\u00eancia pol\u00edtica e financeira. E foi a partir dela que nos tornamos refer\u00eancia em ativismo ambiental nos \u00faltimos 30 anos.<\/p>\n\n\n\n<p>Algumas personalidades juntaram-se a n\u00f3s em 2022 para celebrar nosso anivers\u00e1rio e amplificar o chamado por um mundo mais verde e justo.<\/p>\n\n\n\n<div class=\"wp-block-buttons is-layout-flex wp-block-buttons-is-layout-flex\">\n<div class=\"wp-block-button\"><a class=\"wp-block-button__link wp-element-button\" href=\"https:\/\/www.youtube.com\/watch?v=1mUDOMCpAFI\" target=\"_blank\" rel=\"noreferrer noopener\">Confira aqui!<\/a><\/div>\n<\/div>\n<\/div><\/div>\n\n<div style=\"height:100px\" aria-hidden=\"true\" class=\"wp-block-spacer\"><\/div>\n\n<div class=\"wp-block-media-text alignwide has-media-on-the-right is-stacked-on-mobile force-no-lightbox has-dark-green-800-background-color has-background\" style=\"grid-template-columns:auto 30%\"><div class=\"wp-block-media-text__content\">\n<h2 class=\"wp-block-heading has-white-color has-text-color\" style=\"margin-top:var(--wp--preset--spacing--50)\">Elei\u00e7\u00f5es 2022: Sem democracia n\u00e3o h\u00e1 luta socioambiental<\/h2>\n\n\n\n<p class=\"has-white-color has-text-color\">As Elei\u00e7\u00f5es 2022 foram important\u00edssimas para o presente e para o futuro do Brasil. Diante de<strong> <\/strong>amea\u00e7as \u00e0 democracia, n\u00f3s nos unimos a diversas organiza\u00e7\u00f5es em defesa do sistema eleitoral e discutimos qual o melhor projeto para o pa\u00eds, incidindo no debate p\u00fablico para um real comprometimento das candidaturas com a agenda socioambiental.<\/p>\n\n\n\n<div class=\"wp-block-buttons is-layout-flex wp-block-buttons-is-layout-flex\">\n<div class=\"wp-block-button is-style-transparent\"><a class=\"wp-block-button__link wp-element-button\" href=\"https:\/\/www.greenpeace.org\/brasil\/publicacoes\/propostas-para-a-agenda-socioambiental\/\">Confira nossas demandas<\/a><\/div>\n<\/div>\n<\/div><figure class=\"wp-block-media-text__media\"><img loading=\"lazy\" decoding=\"async\" width=\"381\" height=\"500\" src=\"https:\/\/www.greenpeace.org\/static\/planet4-brasil-stateless-develop\/2023\/08\/aff33663-eleicoes2022_ilustra.png\" alt=\"\" sizes=\"auto, (min-width: 1600px) calc((1320px - 24px) \/ 3.3333),(min-width: 1200px) calc((1140px - 24px) \/ 3.3333),(min-width: 992px) calc((960px - 24px) \/ 3.3333),(min-width: 768px) calc((720px - 24px) \/ 3.3333),(min-width: 601px) calc((540px - 24px) \/ 3.3333),(min-width: 577px) calc((540px - 24px) \/ 1), calc(100vw - 24px)\" srcset=\"https:\/\/www.greenpeace.org\/static\/planet4-brasil-stateless\/2023\/08\/aff33663-eleicoes2022_ilustra.png 381w, https:\/\/www.greenpeace.org\/static\/planet4-brasil-stateless\/2023\/08\/aff33663-eleicoes2022_ilustra-229x300.png 229w, https:\/\/www.greenpeace.org\/static\/planet4-brasil-stateless\/2023\/08\/aff33663-eleicoes2022_ilustra-259x340.png 259w\" class=\"wp-image-47597 size-full\"\/><\/figure><\/div>\n\n<p class=\"has-grey-900-color has-text-color\">S\u00e3o muitos os desafios colocados para a popula\u00e7\u00e3o e para o meio ambiente e, para somar na constru\u00e7\u00e3o de um futuro mais verde, digno e justo, apresentamos seis propostas necess\u00e1rias para a reconstru\u00e7\u00e3o do Brasil. Afinal, sem um meio ambiente saud\u00e1vel, n\u00e3o h\u00e1 solu\u00e7\u00e3o para a fome, a infla\u00e7\u00e3o e os demais problemas que batem \u00e0 porta das fam\u00edlias brasileiras. <\/p>\n\n<p>Ao longo de todo o pleito eleitoral, tamb\u00e9m mostramos a import\u00e2ncia de priorizar as urg\u00eancias de quem est\u00e1 em situa\u00e7\u00e3o de vulnerabilidade, mas sem alimentar o discurso vigente que contrap\u00f5e a economia e a prote\u00e7\u00e3o ambiental.<\/p>\n\n<p>Acompanhamos e repercutimos os debates eleitorais presidenciais em nossas redes e, por meio da <strong>#BotaOFogoNoDebate<\/strong>, nos mobilizamos para que as queimadas criminosas na Amaz\u00f4nia fossem colocadas em discuss\u00e3o e que fossem apresentadas as propostas das candidaturas para combater o desmatamento.<\/p>\n\n<div class=\"wp-block-columns is-layout-flex wp-container-core-columns-is-layout-9d6595d7 wp-block-columns-is-layout-flex\">\n<div class=\"wp-block-column is-layout-flow wp-block-column-is-layout-flow\">\n<figure class=\"wp-block-embed is-type-video is-provider-youtube wp-block-embed-youtube wp-embed-aspect-16-9 wp-has-aspect-ratio\"><div class=\"wp-block-embed__wrapper\">\n<lite-youtube style=\"background-image: url('https:\/\/i.ytimg.com\/vi\/NRvgwi-OYDo\/hqdefault.jpg');\" videoid=\"NRvgwi-OYDo\" params=\"rel=0\"><\/lite-youtube>\n<\/div><\/figure>\n<\/div>\n\n\n\n<div class=\"wp-block-column is-vertically-aligned-center is-layout-flow wp-block-column-is-layout-flow\">\n<h4 class=\"wp-block-heading\">Radar Greenpeace<\/h4>\n\n\n\n<p>Tamb\u00e9m produzimos o <a href=\"https:\/\/youtube.com\/playlist?list=PLgypAGt9KjpAyDIR0LyS8DXXH_qDXAnkG\" target=\"_blank\" rel=\"noreferrer noopener\">Radar Greenpeace<\/a>, uma s\u00e9rie de v\u00eddeos sobre temas de interesses dos eleitores, mostrando como o meio ambiente est\u00e1 interligado com pautas socioecon\u00f4micas.<\/p>\n<\/div>\n<\/div>\n\n<h3 class=\"wp-block-heading\">Posicionamento<\/h3>\n\n<p>Como organiza\u00e7\u00e3o da sociedade civil brasileira que trabalha na agenda socioambiental, atuamos durante o per\u00edodo eleitoral de 2022 com bastante preocupa\u00e7\u00e3o.&nbsp;<\/p>\n\n<p>Depois de quatro anos de um mandato negacionista e anti-ambiental, com a promo\u00e7\u00e3o de um desmonte das pol\u00edticas que teve consequ\u00eancias nefastas (como a explos\u00e3o do desmatamento, da ilegalidade e da viol\u00eancia contra ativistas ambientais e povos ind\u00edgenas), <a href=\"https:\/\/www.greenpeace.org\/brasil\/imprensa\/o-voto-e-pelo-futuro-do-brasil\/\">manifestamos reiteradamente a necessidade de mudar de curso<\/a>.<\/p>\n\n<p>Podemos dizer com orgulho que, desde a funda\u00e7\u00e3o do Greenpeace no Brasil h\u00e1 30 anos, nos mantivemos independentes e a favor da democracia nos mandatos de todos os presidentes eleitos e <a href=\"https:\/\/www.greenpeace.org\/brasil\/imprensa\/e-hora-de-reconstruir-o-brasil\/\">continuaremos atuando da mesma maneira<\/a>: observando e denunciando amea\u00e7as de retrocessos e pressionando governos e empresas em favor de a\u00e7\u00f5es ambientais e clim\u00e1ticas ambiciosas e justas.<\/p>\n\n<div class=\"wp-block-media-text alignwide is-stacked-on-mobile force-no-lightbox\" style=\"grid-template-columns:35% auto\"><figure class=\"wp-block-media-text__media\"><img loading=\"lazy\" decoding=\"async\" width=\"512\" height=\"512\" src=\"https:\/\/www.greenpeace.org\/static\/planet4-brasil-stateless-develop\/2023\/08\/486646c9-gp_votosemvacilo.png\" alt=\"\" sizes=\"auto, (min-width: 1600px) calc((1320px - 24px) \/ 2.8571),(min-width: 1200px) calc((1140px - 24px) \/ 2.8571),(min-width: 992px) calc((960px - 24px) \/ 2.8571),(min-width: 768px) calc((720px - 24px) \/ 2.8571),(min-width: 601px) calc((540px - 24px) \/ 2.8571),(min-width: 577px) calc((540px - 24px) \/ 1), calc(100vw - 24px)\" srcset=\"https:\/\/www.greenpeace.org\/static\/planet4-brasil-stateless\/2023\/08\/486646c9-gp_votosemvacilo.png 512w, https:\/\/www.greenpeace.org\/static\/planet4-brasil-stateless\/2023\/08\/486646c9-gp_votosemvacilo-300x300.png 300w, https:\/\/www.greenpeace.org\/static\/planet4-brasil-stateless\/2023\/08\/486646c9-gp_votosemvacilo-150x150.png 150w, https:\/\/www.greenpeace.org\/static\/planet4-brasil-stateless\/2023\/08\/486646c9-gp_votosemvacilo-340x340.png 340w\" class=\"wp-image-47598 size-full\"\/><\/figure><div class=\"wp-block-media-text__content\">\n<h3 class=\"wp-block-heading\">Voto Sem Vacilo&nbsp;<\/h3>\n\n\n\n<p>O di\u00e1logo e a conscientiza\u00e7\u00e3o da juventude sobre a import\u00e2ncia de votar considerando a Amaz\u00f4nia e o clima foram nossas prioridades durante as elei\u00e7\u00f5es majorit\u00e1rias de 2022.<\/p>\n\n\n\n<p>Para concretizar esse processo, lan\u00e7amos o <a href=\"https:\/\/votosemvacilo.org.br\/\" target=\"_blank\" rel=\"noreferrer noopener\">Voto Sem Vacilo<\/a>, um guia para enverdecer as elei\u00e7\u00f5es. A iniciativa trouxe dicas e informou eleitores e eleitoras sobre a pot\u00eancia do voto, mostrando a import\u00e2ncia de escolhermos candidaturas realmente comprometidas com a pauta socioambiental.<\/p>\n<\/div><\/div>\n\n<div class=\"wp-block-media-text alignwide has-media-on-the-right is-stacked-on-mobile force-no-lightbox\"><div class=\"wp-block-media-text__content\">\n<p>Focamos na juventude como audi\u00eancia priorit\u00e1ria dessa a\u00e7\u00e3o reconhecendo o papel fundamental que essa gera\u00e7\u00e3o tem tido e ter\u00e1 nos pr\u00f3ximos anos no que se relaciona debate ambiental em n\u00edvel internacional.&nbsp;<\/p>\n\n\n\n<p>O guia tamb\u00e9m trouxe orienta\u00e7\u00f5es sobre como avaliar melhor as propostas, demonstrando como a prote\u00e7\u00e3o do meio ambiente, incluindo a defesa da Amaz\u00f4nia, \u00e9 um dos principais caminhos para conseguirmos enfrentar essas m\u00faltiplas crises que nos atingem.<\/p>\n<\/div><figure class=\"wp-block-media-text__media\"><img decoding=\"async\" src=\"https:\/\/www.greenpeace.org\/static\/planet4-brasil-stateless-develop\/2023\/08\/c23e2fb7-gp_votosemvacilo_garota-1024x727.png\" alt=\"\" sizes=\"(min-width: 1600px) calc((1320px - 24px) \/ 2),(min-width: 1200px) calc((1140px - 24px) \/ 2),(min-width: 992px) calc((960px - 24px) \/ 2),(min-width: 768px) calc((720px - 24px) \/ 2),(min-width: 601px) calc((540px - 24px) \/ 2),(min-width: 577px) calc((540px - 24px) \/ 1), calc(100vw - 24px)\" srcset=\"\" class=\"wp-image-47599 size-full\"\/><\/figure><\/div>\n\n<div class=\"wp-block-columns is-layout-flex wp-container-core-columns-is-layout-9d6595d7 wp-block-columns-is-layout-flex\">\n<div class=\"wp-block-column is-layout-flow wp-block-column-is-layout-flow\">\n<figure class=\"wp-block-embed is-type-video is-provider-youtube wp-block-embed-youtube wp-embed-aspect-16-9 wp-has-aspect-ratio\"><div class=\"wp-block-embed__wrapper\">\n<lite-youtube style=\"background-image: url('https:\/\/i.ytimg.com\/vi\/fMOoRcOuGsU\/hqdefault.jpg');\" videoid=\"fMOoRcOuGsU\" params=\"rel=0\"><\/lite-youtube>\n<\/div><\/figure>\n<\/div>\n\n\n\n<div class=\"wp-block-column is-vertically-aligned-center is-layout-flow wp-block-column-is-layout-flow\">\n<p>O guia obteve mais de 15 mil acessos. Considerando as publica\u00e7\u00f5es nas redes sociais que repercutiram o conte\u00fado informado pelo documento, alcan\u00e7amos dezenas de milhares de pessoas. Para impulsionar ainda mais essa campanha de conscientiza\u00e7\u00e3o, contamos com uma parceria especial com o canal humor\u00edstico Porta dos Fundos.<\/p>\n\n\n\n<p>Somando as visualiza\u00e7\u00f5es do Youtube e do Instagram, onde o v\u00eddeo tamb\u00e9m foi divulgado por meio de uma publica\u00e7\u00e3o colaborativa entre Greenpeace Brasil e Porta dos Fundos, chegamos a 1,2 milh\u00e3o de reprodu\u00e7\u00f5es. Cerca de 60% do p\u00fablico alcan\u00e7ado foram jovens de 18 a 34 anos.<\/p>\n<\/div>\n<\/div>\n\n<div class=\"wp-block-media-text alignwide has-media-on-the-right is-stacked-on-mobile force-no-lightbox has-beige-100-background-color has-background\"><div class=\"wp-block-media-text__content\">\n<blockquote class=\"wp-block-quote has-medium-font-size is-layout-flow wp-block-quote-is-layout-flow\">\n<p class=\"has-medium-font-size\">\u201cAs juventudes de hoje j\u00e1 entenderam que a mudan\u00e7a para frear a crise clim\u00e1tica precisa ocorrer agora, e n\u00e3o daqui a 50 anos. Por isso, passamos informa\u00e7\u00f5es confi\u00e1veis para que tivessem ferramentas pr\u00e1ticas para o voto consciente, que nada mais \u00e9 do que a escolha de representantes que defendam a vida, a democracia e o meio ambiente. O que est\u00e1 em jogo \u00e9 o nosso futuro.\u201d<\/p>\n<cite>Mariana Mota, coordenadora de Pol\u00edticas P\u00fablicas do Greenpeace Brasil.<\/cite><\/blockquote>\n<\/div><figure class=\"wp-block-media-text__media\"><img loading=\"lazy\" decoding=\"async\" width=\"768\" height=\"684\" src=\"https:\/\/www.greenpeace.org\/static\/planet4-brasil-stateless\/2023\/08\/be63e9ac-ilustra_voto-sem-vacilo-768x684_reduced.png\" alt=\"\" sizes=\"auto, (min-width: 1600px) calc((1320px - 24px) \/ 2),(min-width: 1200px) calc((1140px - 24px) \/ 2),(min-width: 992px) calc((960px - 24px) \/ 2),(min-width: 768px) calc((720px - 24px) \/ 2),(min-width: 601px) calc((540px - 24px) \/ 2),(min-width: 577px) calc((540px - 24px) \/ 1), calc(100vw - 24px)\" srcset=\"https:\/\/www.greenpeace.org\/static\/planet4-brasil-stateless\/2023\/08\/be63e9ac-ilustra_voto-sem-vacilo-768x684_reduced.png 768w, https:\/\/www.greenpeace.org\/static\/planet4-brasil-stateless\/2023\/08\/be63e9ac-ilustra_voto-sem-vacilo-768x684_reduced-300x267.png 300w, https:\/\/www.greenpeace.org\/static\/planet4-brasil-stateless\/2023\/08\/be63e9ac-ilustra_voto-sem-vacilo-768x684_reduced-382x340.png 382w\" class=\"wp-image-48779 size-full\"\/><\/figure><\/div>\n\n<div class=\"wp-block-group container is-layout-flow wp-block-group-is-layout-flow\">\n<div style=\"height:24px\" aria-hidden=\"true\" class=\"wp-block-spacer\"><\/div>\n\n\n\n<h3 class=\"wp-block-heading has-text-align-center\" style=\"margin-top:var(--wp--preset--spacing--80)\">Nossas campanhas em 2022<\/h3>\n<\/div>\n\n<div class=\"wp-block-columns is-layout-flex wp-container-core-columns-is-layout-9d6595d7 wp-block-columns-is-layout-flex\">\n<div class=\"wp-block-column is-layout-flow wp-block-column-is-layout-flow\">\n<div class=\"wp-block-group group-stretched-link is-layout-flow wp-block-group-is-layout-flow\">\n<figure class=\"wp-block-image aligncenter size-full is-resized force-no-lightbox force-no-caption is-style-rounded-180\"><img loading=\"lazy\" decoding=\"async\" width=\"207\" height=\"207\" src=\"https:\/\/www.greenpeace.org\/static\/planet4-brasil-stateless\/2023\/11\/44eb9a90-gp1sxnse_web_size_reduced.png\" title=\"Fotografia de \u00e1rvores tirada do ch\u00e3o; \u00e1rvores entre focos de luz solar\" alt=\"Fotografia de \u00e1rvores tirada do ch\u00e3o; \u00e1rvores entre focos de luz solar\" class=\"wp-image-50060\" style=\"width:180px;height:180px\" srcset=\"https:\/\/www.greenpeace.org\/static\/planet4-brasil-stateless\/2023\/11\/44eb9a90-gp1sxnse_web_size_reduced.png 207w, https:\/\/www.greenpeace.org\/static\/planet4-brasil-stateless\/2023\/11\/44eb9a90-gp1sxnse_web_size_reduced-150x150.png 150w\" sizes=\"auto, (max-width: 207px) 100vw, 207px\" \/><figcaption class=\"wp-element-caption\">Forest near the Manicor\u00e9 River, in the southern Amazonas state, in the Amazon, Brazil. People from the communities near the Manicor\u00e9 River are fighting for their land rights to be acknowledged and their forest protected.<\/figcaption><\/figure>\n\n\n\n<h5 class=\"wp-block-heading has-text-align-center is-style-chevron\" style=\"font-size:1rem\"><a href=\"\/brasil\/relatorio-anual-2022\/amazonia-e-biodiversidade\/\" data-type=\"page\" data-id=\"47481\">Amaz\u00f4nia e Biodiversidade<\/a><\/h5>\n\n\n\n<div style=\"height:16px\" aria-hidden=\"true\" class=\"wp-block-spacer\"><\/div>\n<\/div>\n<\/div>\n\n\n\n<div class=\"wp-block-column is-layout-flow wp-block-column-is-layout-flow\">\n<div class=\"wp-block-group group-stretched-link is-layout-flow wp-block-group-is-layout-flow\">\n<figure class=\"wp-block-image aligncenter size-full is-resized force-no-lightbox force-no-caption is-style-rounded-180\"><img loading=\"lazy\" decoding=\"async\" width=\"207\" height=\"207\" src=\"https:\/\/www.greenpeace.org\/static\/planet4-brasil-stateless\/2023\/11\/f15bc900-gp1sxb2j_web_size_reduced.png\" title=\"Foto de uma mulher ind\u00edgena com a m\u00e3o levantada em uma a\u00e7\u00e3o direta n\u00e3o violenta contra o garimpo. Ao fundo temos representa\u00e7\u00f5es de barras de ouro marcadas pelo sangue dos povos origin\u00e1rios.\" alt=\"Foto de uma mulher ind\u00edgena com a m\u00e3o levantada em uma a\u00e7\u00e3o direta n\u00e3o violenta contra o garimpo. Ao fundo temos representa\u00e7\u00f5es de barras de ouro marcadas pelo sangue dos povos origin\u00e1rios.\" class=\"wp-image-50059\" style=\"width:180px;height:180px\" srcset=\"https:\/\/www.greenpeace.org\/static\/planet4-brasil-stateless\/2023\/11\/f15bc900-gp1sxb2j_web_size_reduced.png 207w, https:\/\/www.greenpeace.org\/static\/planet4-brasil-stateless\/2023\/11\/f15bc900-gp1sxb2j_web_size_reduced-150x150.png 150w\" sizes=\"auto, (max-width: 207px) 100vw, 207px\" \/><figcaption class=\"wp-element-caption\">Indigenous leaderships and activists protested in Bras\u00edlia against the Bill 191, that aims to legalize illegal mining in indigenous lands, by marching to ministries buildings full of mud and fake blood, representing the death toll, violence and suffering caused by illegal mining. In front of the Ministry of Mines and Energy, gold bars with the word &#8220;crime&#8221; on them were placed, alongside a giant banner created by the artist Ibraim Nascimento with the aid of Indigenous People from the camp.\n\nThe Free Land Camp is the current home for over 6 thousand Indigenous People from 175 different ethnicities. This is the first camp held in person in two years, due to the Covid-19 pandemic. Held since 2004, the camp demands that Indigenous Lands be demarcated, in addition to the defence of life against the destruction agenda promoted by the Bolsonaro government.<\/figcaption><\/figure>\n\n\n\n<h5 class=\"wp-block-heading has-text-align-center is-style-chevron\" style=\"font-size:1rem\"><a href=\"\/brasil\/relatorio-anual-2022\/povos-indigenas\/\">Povos Ind\u00edgenas<\/a><\/h5>\n\n\n\n<div style=\"height:16px\" aria-hidden=\"true\" class=\"wp-block-spacer\"><\/div>\n<\/div>\n<\/div>\n\n\n\n<div class=\"wp-block-column is-layout-flow wp-block-column-is-layout-flow\">\n<div class=\"wp-block-group group-stretched-link is-layout-flow wp-block-group-is-layout-flow\">\n<figure class=\"wp-block-image aligncenter size-full is-resized force-no-lightbox force-no-caption is-style-rounded-180\"><img loading=\"lazy\" decoding=\"async\" width=\"207\" height=\"207\" src=\"https:\/\/www.greenpeace.org\/static\/planet4-brasil-stateless\/2023\/11\/168171cd-gp1swxmc_web_size_reduced.png\" title=\"Imagem a\u00e9rea de um deslizamento de terra em Petr\u00f3polis, na regi\u00e3o serrana do Rio de Janeiro; Fortes chuvas destru\u00edram casas e afetaram popula\u00e7\u00f5es que j\u00e1 vivem em situa\u00e7\u00e3o de vulnerabilidade.\" alt=\"Imagem a\u00e9rea de um deslizamento de terra em Petr\u00f3polis, na regi\u00e3o serrana do Rio de Janeiro; Fortes chuvas destru\u00edram casas e afetaram popula\u00e7\u00f5es que j\u00e1 vivem em situa\u00e7\u00e3o de vulnerabilidade.\" class=\"wp-image-50063\" style=\"width:180px;height:180px\" srcset=\"https:\/\/www.greenpeace.org\/static\/planet4-brasil-stateless\/2023\/11\/168171cd-gp1swxmc_web_size_reduced.png 207w, https:\/\/www.greenpeace.org\/static\/planet4-brasil-stateless\/2023\/11\/168171cd-gp1swxmc_web_size_reduced-150x150.png 150w\" sizes=\"auto, (max-width: 207px) 100vw, 207px\" \/><figcaption class=\"wp-element-caption\">On February 15th, Petr\u00f3polis, located in the mountains north of Rio de Janeiro, faced its biggest storm since 1932, according to the National Center for Monitoring Natural Disasters (Cemaden) and the National Institute of Meteorology (Inmet). The intense rainfall caused landslides and took the life of over a hundred people, displacing thousands. Petr\u00f3polis is another victim of governmental neglect when facing Climate Crisis, which intensifies extreme events like this.\nBrazilian states must decrete Climate Emergency and set adaptation plans in motion to avoid an even more hostile future, specially to the people most impacted by extreme events.<\/figcaption><\/figure>\n\n\n\n<h5 class=\"wp-block-heading has-text-align-center is-style-chevron\" style=\"font-size:1rem\"><a href=\"\/brasil\/relatorio-anual-2022\/justica-climatica\/\" data-type=\"page\" data-id=\"47613\">Justi\u00e7a Clim\u00e1tica<\/a><\/h5>\n\n\n\n<div style=\"height:16px\" aria-hidden=\"true\" class=\"wp-block-spacer\"><\/div>\n<\/div>\n<\/div>\n\n\n\n<div class=\"wp-block-column is-layout-flow wp-block-column-is-layout-flow\">\n<div class=\"wp-block-group group-stretched-link is-layout-flow wp-block-group-is-layout-flow\">\n<figure class=\"wp-block-image aligncenter size-full is-resized force-no-lightbox force-no-caption is-style-rounded-180\"><a href=\"\/brasil\/relatorio-anual-2022\/agricultura-e-alimentacao\/\"><img loading=\"lazy\" decoding=\"async\" width=\"1000\" height=\"667\" src=\"https:\/\/www.greenpeace.org\/static\/planet4-brasil-stateless\/2022\/05\/cdbb24b8-gp1swwjv_resized1000_p4.jpg\" title=\"Imagem de dois ativistas do Greenpeace no Congresso Nacional vestidos com macac\u00f5es amarelos, simulando roupas de prote\u00e7\u00e3o, segurando um banner denunciando a amea\u00e7a do Pacote do Veneno\" alt=\"\" class=\"wp-image-39830\" style=\"width:180px;height:180px\" srcset=\"https:\/\/www.greenpeace.org\/static\/planet4-brasil-stateless\/2022\/05\/cdbb24b8-gp1swwjv_resized1000_p4.jpg 1000w, https:\/\/www.greenpeace.org\/static\/planet4-brasil-stateless\/2022\/05\/cdbb24b8-gp1swwjv_resized1000_p4-300x200.jpg 300w, https:\/\/www.greenpeace.org\/static\/planet4-brasil-stateless\/2022\/05\/cdbb24b8-gp1swwjv_resized1000_p4-768x512.jpg 768w, https:\/\/www.greenpeace.org\/static\/planet4-brasil-stateless\/2022\/05\/cdbb24b8-gp1swwjv_resized1000_p4-510x340.jpg 510w\" sizes=\"auto, (max-width: 1000px) 100vw, 1000px\" \/><\/a><\/figure>\n\n\n\n<h5 class=\"wp-block-heading has-text-align-center is-style-chevron\" style=\"font-size:1rem\"><a href=\"\/brasil\/relatorio-anual-2022\/agricultura-e-alimentacao\/\" data-type=\"page\" data-id=\"47620\">Agricultura e Alimenta\u00e7\u00e3o<\/a><\/h5>\n\n\n\n<div style=\"height:16px\" aria-hidden=\"true\" class=\"wp-block-spacer\"><\/div>\n<\/div>\n<\/div>\n\n\n\n<div class=\"wp-block-column is-layout-flow wp-block-column-is-layout-flow\">\n<div class=\"wp-block-group group-stretched-link is-layout-flow wp-block-group-is-layout-flow\">\n<figure class=\"wp-block-image aligncenter size-full is-resized force-no-lightbox force-no-caption is-style-rounded-180\"><a href=\"\/brasil\/relatorio-anual-2022\/politicas-publicas\/\"><img loading=\"lazy\" decoding=\"async\" width=\"1000\" height=\"667\" src=\"https:\/\/www.greenpeace.org\/static\/planet4-brasil-stateless\/2022\/05\/7a5ff15e-gp1sx0sx_resize1000_p4.jpg\" title=\"Imagem de uma jovem de cabelos castanhos e \u00f3culos escuros participa do Ato Pela Terra, em Bras\u00edlia. Ela tem o punho direito erguido e, na outra m\u00e3o, segura uma placa verde com a mensagem &quot;Licenciamento ambiental fica&quot;\" alt=\"\" class=\"wp-image-39782\" style=\"width:180px;height:180px\" srcset=\"https:\/\/www.greenpeace.org\/static\/planet4-brasil-stateless\/2022\/05\/7a5ff15e-gp1sx0sx_resize1000_p4.jpg 1000w, https:\/\/www.greenpeace.org\/static\/planet4-brasil-stateless\/2022\/05\/7a5ff15e-gp1sx0sx_resize1000_p4-300x200.jpg 300w, https:\/\/www.greenpeace.org\/static\/planet4-brasil-stateless\/2022\/05\/7a5ff15e-gp1sx0sx_resize1000_p4-768x512.jpg 768w, https:\/\/www.greenpeace.org\/static\/planet4-brasil-stateless\/2022\/05\/7a5ff15e-gp1sx0sx_resize1000_p4-510x340.jpg 510w\" sizes=\"auto, (max-width: 1000px) 100vw, 1000px\" \/><\/a><\/figure>\n\n\n\n<h5 class=\"wp-block-heading has-text-align-center is-style-chevron\" style=\"font-size:1rem\"><a href=\"\/brasil\/relatorio-anual-2022\/politicas-publicas\/\" data-type=\"page\" data-id=\"47627\">Pol\u00edticas P\u00fablicas<\/a><\/h5>\n\n\n\n<div style=\"height:16px\" aria-hidden=\"true\" class=\"wp-block-spacer\"><\/div>\n<\/div>\n<\/div>\n<\/div>\n\n<div class=\"wp-block-buttons is-content-justification-center is-layout-flex wp-container-core-buttons-is-layout-16018d1d wp-block-buttons-is-layout-flex\">\n<div class=\"wp-block-button has-custom-width wp-block-button__width-100 has-custom-font-size is-style-secondary\" style=\"font-size:18px\"><a class=\"wp-block-button__link wp-element-button\" href=\"\/brasil\/relatorio-anual-2022\/\">\u2039 Voltar \u00e0 p\u00e1gina inicial do Relat\u00f3rio Anual 2022<\/a><\/div>\n<\/div>\n\n<div style=\"height:30px\" aria-hidden=\"true\" class=\"wp-block-spacer\"><\/div>\n\n\n<div class=\"wp-block-group alignfull block has-grey-100-background-color has-background is-layout-flow wp-block-group-is-layout-flow\"><\/div>\n\n","protected":false},"excerpt":{"rendered":"<p>\u201cTrintamos\u201d comemorando cada momento e conquista da nossa hist\u00f3ria. E, claro, queremos celebrar esse marco com voc\u00ea.<\/p>\n","protected":false},"author":102,"featured_media":48962,"parent":48731,"menu_order":0,"comment_status":"closed","ping_status":"closed","template":"","meta":{"ep_exclude_from_search":false,"p4_hide_page_title_checkbox":"on","p4_title":"","p4_subtitle":"","p4_description":"","background_image_id":"","background_image":"","p4_button_title":"","p4_button_link":"","p4_button_link_checkbox":"","p4_og_title":"","p4_og_description":"","p4_og_image":"","p4_og_image_id":"","p4_seo_canonical_url":"","p4_campaign_name":"","p4_local_project":"","p4_basket_name":"","p4_department":"","footnotes":""},"categories":[5],"tags":[65],"class_list":["post-48740","page","type-page","status-publish","has-post-thumbnail","hentry","category-greenpeace","tag-relatorio-anual-2022"],"_links":{"self":[{"href":"https:\/\/www.greenpeace.org\/brasil\/wp-json\/wp\/v2\/pages\/48740","targetHints":{"allow":["GET"]}}],"collection":[{"href":"https:\/\/www.greenpeace.org\/brasil\/wp-json\/wp\/v2\/pages"}],"about":[{"href":"https:\/\/www.greenpeace.org\/brasil\/wp-json\/wp\/v2\/types\/page"}],"author":[{"embeddable":true,"href":"https:\/\/www.greenpeace.org\/brasil\/wp-json\/wp\/v2\/users\/102"}],"replies":[{"embeddable":true,"href":"https:\/\/www.greenpeace.org\/brasil\/wp-json\/wp\/v2\/comments?post=48740"}],"version-history":[{"count":10,"href":"https:\/\/www.greenpeace.org\/brasil\/wp-json\/wp\/v2\/pages\/48740\/revisions"}],"predecessor-version":[{"id":50078,"href":"https:\/\/www.greenpeace.org\/brasil\/wp-json\/wp\/v2\/pages\/48740\/revisions\/50078"}],"up":[{"embeddable":true,"href":"https:\/\/www.greenpeace.org\/brasil\/wp-json\/wp\/v2\/pages\/48731"}],"wp:featuredmedia":[{"embeddable":true,"href":"https:\/\/www.greenpeace.org\/brasil\/wp-json\/wp\/v2\/media\/48962"}],"wp:attachment":[{"href":"https:\/\/www.greenpeace.org\/brasil\/wp-json\/wp\/v2\/media?parent=48740"}],"wp:term":[{"taxonomy":"category","embeddable":true,"href":"https:\/\/www.greenpeace.org\/brasil\/wp-json\/wp\/v2\/categories?post=48740"},{"taxonomy":"post_tag","embeddable":true,"href":"https:\/\/www.greenpeace.org\/brasil\/wp-json\/wp\/v2\/tags?post=48740"}],"curies":[{"name":"wp","href":"https:\/\/api.w.org\/{rel}","templated":true}]}}