{"id":48750,"date":"2023-08-15T16:49:19","date_gmt":"2023-08-15T19:49:19","guid":{"rendered":"https:\/\/www-dev.greenpeace.org\/brasil\/?page_id=47721"},"modified":"2023-11-09T16:05:17","modified_gmt":"2023-11-09T19:05:17","slug":"arrecadacao-de-recursos","status":"publish","type":"page","link":"https:\/\/www.greenpeace.org\/brasil\/relatorio-anual-2022\/arrecadacao-de-recursos\/","title":{"rendered":"Relat\u00f3rio anual 2022: Arrecada\u00e7\u00e3o de Recursos"},"content":{"rendered":"\n<div class=\"wp-block-media-text alignfull has-media-on-the-right is-stacked-on-mobile is-style-default force-no-lightbox has-white-color has-dark-green-800-background-color has-text-color has-background\"><div class=\"wp-block-media-text__content\">\n<h1 class=\"wp-block-heading has-white-color has-text-color\">Arrecada\u00e7\u00e3o de Recursos<\/h1>\n\n\n\n<p>O Greenpeace Brasil \u00e9 uma organiza\u00e7\u00e3o ativista sem fins lucrativos que atua em defesa do meio ambiente de forma independente, expondo por meio de a\u00e7\u00f5es pac\u00edficas e criativas os problemas ambientais e desenvolvendo solu\u00e7\u00f5es para a constru\u00e7\u00e3o de um futuro verde, digno e justo.<\/p>\n<\/div><figure class=\"wp-block-media-text__media\"><img decoding=\"async\" src=\"https:\/\/www.greenpeace.org\/static\/planet4-brasil-stateless-develop\/2023\/08\/e9e38e8c-imagens-site-ra2022-creditos3-1024x768.jpg\" alt=\"\" sizes=\"(min-width: 601px) 50vw, 100vw\" srcset=\"\" class=\"wp-image-47901 size-full\"\/><\/figure><\/div>\n\n<h2 class=\"wp-block-heading\" style=\"margin-top:var(--wp--preset--spacing--60)\"><strong>Independ\u00eancia pol\u00edtica e financeira<\/strong><\/h2>\n\n<p>\u00c9 importante frisar que dependemos exclusivamente de recursos de pessoas f\u00edsicas ou funda\u00e7\u00f5es familiares e privadas. N\u00e3o recebemos recursos de empresas, governos ou partidos pol\u00edticos.&nbsp;<\/p>\n\n<p>Essa \u00e9 uma pol\u00edtica global do <a href=\"https:\/\/www.greenpeace.org\/brasil\/blog\/greenpeace-50-anos-uma-historia-que-comecou-com-as-mulheres\/\">Greenpeace desde a sua funda\u00e7\u00e3o,<\/a> em 1971, no Canad\u00e1, e que garante a independ\u00eancia para elevar a voz contra aqueles que agridem o meio ambiente.<\/p>\n\n<p>\u00c9 o que tamb\u00e9m fazemos no Brasil desde 1992, quando come\u00e7amos a denunciar crimes ambientais e confrontar governos, empresas e projetos que amea\u00e7am a biodiversidade brasileira e o clima global.<\/p>\n\n<h2 class=\"wp-block-heading\">Doa\u00e7\u00f5es<\/h2>\n\n<p>Todos os meses, milhares de brasileiras e brasileiros se somam ao Greenpeace Brasil para fazer a diferen\u00e7a por um mundo mais verde! Enquanto muitos fazem doa\u00e7\u00f5es mensais, outros preferem doa\u00e7\u00f5es pontuais.&nbsp;<\/p>\n\n<p>Em 2022, quase 26 mil pessoas se juntaram a n\u00f3s como novos doadores. Ao todo, 57 mil colaboradores ativos nos apoiaram no pa\u00eds e acompanharam nosso trabalho, recebendo atualiza\u00e7\u00f5es e informes constantes sobre nossas campanhas.<\/p>\n\n<p>Por meio de recursos nacionais e internacionais, todos integralmente oriundos de doa\u00e7\u00f5es de pessoas f\u00edsicas ou de funda\u00e7\u00f5es privadas e familiares, a organiza\u00e7\u00e3o obteve o valor total de R$ 61,9 milh\u00f5es para financiar projetos com foco na prote\u00e7\u00e3o ambiental e na estrutura da organiza\u00e7\u00e3o, conforme descrito no cap\u00edtulo <a href=\"https:\/\/www.greenpeace.org\/brasil\/relatorio-anual-2022\/transparencia-financeira\/\" data-type=\"page\" data-id=\"47704\">Transpar\u00eancia<\/a> deste relat\u00f3rio.<\/p>\n\n<h2 class=\"wp-block-heading\"><strong>Origem dos nossos recursos<\/strong><\/h2>\n\n<p>Em 2022, nossa arrecada\u00e7\u00e3o de recursos no Brasil alcan\u00e7ou o total de R$ 19.920.000. A maior parte desta receita &#8211; 91.1% &#8211; foi proveniente de doa\u00e7\u00f5es de pessoas f\u00edsicas e 8,9% se referem a doa\u00e7\u00f5es de alto valor de funda\u00e7\u00f5es privadas e familiares.<\/p>\n\n<div style=\"height:50px\" aria-hidden=\"true\" class=\"wp-block-spacer\"><\/div>\n\n<div style=\"min-height:409px\"><script type=\"text\/javascript\" defer src=\"https:\/\/datawrapper.dwcdn.net\/IrP0v\/embed.js?v=1\" charset=\"utf-8\"><\/script><noscript><img decoding=\"async\" src=\"https:\/\/datawrapper.dwcdn.net\/IrP0v\/full.png\" alt=\"\" \/><\/noscript><\/div>\n\n<div style=\"height:50px\" aria-hidden=\"true\" class=\"wp-block-spacer\"><\/div>\n\n<h3 class=\"wp-block-heading\">Al\u00f4, Greenpeace<\/h3>\n\n<p>Atrav\u00e9s de nossos Agentes de Relacionamento com Apoiadores, estabelecemos contato por telefone com milhares de pessoas que fizeram parte de nossos abaixo-assinados e manifestos ao longo de 2022.&nbsp;<\/p>\n\n<p>Durante as conversas, abordamos as quest\u00f5es ambientais centrais do nosso trabalho e tamb\u00e9m solicitamos apoio adicional por meio de doa\u00e7\u00f5es \u00e0 organiza\u00e7\u00e3o.&nbsp;<\/p>\n\n<p>Agradecemos a resposta positiva de cerca de 10 mil pessoas, que prontamente se tornaram doadores mensais do Greenpeace Brasil. Essa generosa contribui\u00e7\u00e3o fortalece nossa miss\u00e3o e nos permite continuar lutando por um futuro sustent\u00e1vel.<\/p>\n\n<h3 class=\"wp-block-heading\">Doa\u00e7\u00e3o em um clique<\/h3>\n\n<p>Agimos todos os dias para conscientizar cada vez mais pessoas sobre a import\u00e2ncia da causa socioambiental. Em 2022, seguimos impulsionando nossos canais digitais.&nbsp;<\/p>\n\n<p>Com uma experi\u00eancia simples, r\u00e1pida e segura, 4.588 pessoas acessaram <a href=\"https:\/\/doe.greenpeace.org.br\/doar\/p?appeal=18757&amp;entrypoint=RA2023\" target=\"_blank\" rel=\"noreferrer noopener\">nosso site para se tornarem nossos doadores<\/a>. Entre elas, 1.306 optaram por nos apoiar mensalmente, enquanto as outras 3.282 realizaram doa\u00e7\u00f5es pontuais.&nbsp;<\/p>\n\n<h3 class=\"wp-block-heading\">Di\u00e1logo Direto<\/h3>\n\n<p>As equipes de Di\u00e1logo Direto do Greenpeace Brasil s\u00e3o compostas por ativistas que, diariamente, procuram esclarecer e engajar a popula\u00e7\u00e3o sobre quest\u00f5es ambientais, conversando com pessoas nas ruas e em diferentes eventos.&nbsp;<\/p>\n\n<p>Nossos captadores dialogam e buscam o apoio daqueles que desejam compreender melhor nosso trabalho e as necessidades de prote\u00e7\u00e3o ambiental no pa\u00eds. Como resultado, em 2022, 17.856 indiv\u00edduos decidiram apoiar nossa miss\u00e3o por meio de doa\u00e7\u00f5es mensais.<\/p>\n\n<h3 class=\"wp-block-heading\">Campanhas especiais de arrecada\u00e7\u00e3o<\/h3>\n\n<p>Em 2022, realizamos duas campanhas de financiamento coletivo com \u00f3timos resultados e forte participa\u00e7\u00e3o de nossos apoiadores.<\/p>\n\n<div class=\"wp-block-media-text alignwide is-stacked-on-mobile force-no-lightbox\"><figure class=\"wp-block-media-text__media\"><img decoding=\"async\" src=\"https:\/\/www.greenpeace.org\/static\/planet4-brasil-stateless-develop\/2023\/08\/912d11a5-imagens-site-ra2022-creditos10-1024x768.jpg\" alt=\"\" sizes=\"(min-width: 1600px) calc((1320px - 24px) \/ 2),(min-width: 1200px) calc((1140px - 24px) \/ 2),(min-width: 992px) calc((960px - 24px) \/ 2),(min-width: 768px) calc((720px - 24px) \/ 2),(min-width: 601px) calc((540px - 24px) \/ 2),(min-width: 577px) calc((540px - 24px) \/ 1), calc(100vw - 24px)\" srcset=\"\" class=\"wp-image-47900 size-full\"\/><\/figure><div class=\"wp-block-media-text__content\">\n<p>A primeira foi a campanha \u201cAmaz\u00f4nia \u2013 Quem Ama Age\u201d, lan\u00e7ada em julho, com foco na conscientiza\u00e7\u00e3o sobre a import\u00e2ncia das florestas para conter as mudan\u00e7as clim\u00e1ticas. Como recompensa, os doadores receberam camisetas exclusivas. Essa campanha teve uma resposta surpreendente, com 2.099 doa\u00e7\u00f5es e uma arrecada\u00e7\u00e3o total de R$ 235 mil.<\/p>\n\n\n\n<p>Esse \u00e9 um exemplo extremamente relevante do quanto a participa\u00e7\u00e3o e uni\u00e3o das pessoas pode alcan\u00e7ar. \u00c9 essa uni\u00e3o que permite que o Greenpeace siga na luta para proteger a maior floresta tropical do mundo e todos que vivem nela.<\/p>\n<\/div><\/div>\n\n<div class=\"wp-block-media-text alignwide has-media-on-the-right is-stacked-on-mobile force-no-lightbox\"><div class=\"wp-block-media-text__content\">\n<p>Com arrecada\u00e7\u00e3o total de R$ 103 mil, nossa segunda campanha de financiamento coletivo ofereceu o calend\u00e1rio <em>\u201c<a href=\"https:\/\/www.greenpeace.org\/brasil\/blog\/brasil-unido-pela-natureza-garanta-seu-calendario-2023\/\">Greenpeace 2023 \u2013 Brasil Unido pela Natureza<\/a>\u201d<\/em> como recompensa.&nbsp;<\/p>\n\n\n\n<p>Realizada em dezembro, a campanha trouxe inspira\u00e7\u00e3o para nos fortalecermos em dire\u00e7\u00e3o a uma transforma\u00e7\u00e3o coletiva, assim como fomentou nossa esperan\u00e7a ativista: ap\u00f3s anos de recordes de desmatamento e retrocessos em quest\u00f5es socioambientais, o Brasil vivia um momento decisivo e 1.591 pessoas doaram para apoiar as atividades do Greenpeace Brasil.<\/p>\n<\/div><figure class=\"wp-block-media-text__media\"><img decoding=\"async\" src=\"https:\/\/www.greenpeace.org\/static\/planet4-brasil-stateless-develop\/2023\/08\/e0bea24e-imagens-site-ra2022-creditos2-1024x768.jpg\" alt=\"\" sizes=\"(min-width: 1600px) calc((1320px - 24px) \/ 2),(min-width: 1200px) calc((1140px - 24px) \/ 2),(min-width: 992px) calc((960px - 24px) \/ 2),(min-width: 768px) calc((720px - 24px) \/ 2),(min-width: 601px) calc((540px - 24px) \/ 2),(min-width: 577px) calc((540px - 24px) \/ 1), calc(100vw - 24px)\" srcset=\"\" class=\"wp-image-47899 size-full\"\/><\/figure><\/div>\n\n<p>A arrecada\u00e7\u00e3o total de mais de R$ 338 mil destas duas campanhas apoiou a continuidade de nossas a\u00e7\u00f5es em defesa do meio ambiente, da Amaz\u00f4nia e da vida. Agradecemos imensamente aos doadores e apoiadores que tornaram poss\u00edvel esse impacto significativo na constru\u00e7\u00e3o de um futuro mais verde e justo.<\/p>\n\n<div class=\"wp-block-group container is-layout-flow wp-block-group-is-layout-flow\">\n<div style=\"height:24px\" aria-hidden=\"true\" class=\"wp-block-spacer\"><\/div>\n\n\n\n<h3 class=\"wp-block-heading has-text-align-center\" style=\"margin-top:var(--wp--preset--spacing--80)\">Nossas campanhas em 2022<\/h3>\n<\/div>\n\n<div class=\"wp-block-columns is-layout-flex wp-container-core-columns-is-layout-9d6595d7 wp-block-columns-is-layout-flex\">\n<div class=\"wp-block-column is-layout-flow wp-block-column-is-layout-flow\">\n<div class=\"wp-block-group group-stretched-link is-layout-flow wp-block-group-is-layout-flow\">\n<figure class=\"wp-block-image aligncenter size-full is-resized force-no-lightbox force-no-caption is-style-rounded-180\"><img loading=\"lazy\" decoding=\"async\" width=\"207\" height=\"207\" src=\"https:\/\/www.greenpeace.org\/static\/planet4-brasil-stateless\/2023\/11\/44eb9a90-gp1sxnse_web_size_reduced.png\" title=\"Fotografia de \u00e1rvores tirada do ch\u00e3o; \u00e1rvores entre focos de luz solar\" alt=\"Fotografia de \u00e1rvores tirada do ch\u00e3o; \u00e1rvores entre focos de luz solar\" class=\"wp-image-50060\" style=\"width:180px;height:180px\" srcset=\"https:\/\/www.greenpeace.org\/static\/planet4-brasil-stateless\/2023\/11\/44eb9a90-gp1sxnse_web_size_reduced.png 207w, https:\/\/www.greenpeace.org\/static\/planet4-brasil-stateless\/2023\/11\/44eb9a90-gp1sxnse_web_size_reduced-150x150.png 150w\" sizes=\"auto, (max-width: 207px) 100vw, 207px\" \/><figcaption class=\"wp-element-caption\">Forest near the Manicor\u00e9 River, in the southern Amazonas state, in the Amazon, Brazil. People from the communities near the Manicor\u00e9 River are fighting for their land rights to be acknowledged and their forest protected.<\/figcaption><\/figure>\n\n\n\n<h5 class=\"wp-block-heading has-text-align-center is-style-chevron\" style=\"font-size:1rem\"><a href=\"\/brasil\/relatorio-anual-2022\/amazonia-e-biodiversidade\/\" data-type=\"page\" data-id=\"47481\">Amaz\u00f4nia e Biodiversidade<\/a><\/h5>\n\n\n\n<div style=\"height:16px\" aria-hidden=\"true\" class=\"wp-block-spacer\"><\/div>\n<\/div>\n<\/div>\n\n\n\n<div class=\"wp-block-column is-layout-flow wp-block-column-is-layout-flow\">\n<div class=\"wp-block-group group-stretched-link is-layout-flow wp-block-group-is-layout-flow\">\n<figure class=\"wp-block-image aligncenter size-full is-resized force-no-lightbox force-no-caption is-style-rounded-180\"><img loading=\"lazy\" decoding=\"async\" width=\"207\" height=\"207\" src=\"https:\/\/www.greenpeace.org\/static\/planet4-brasil-stateless\/2023\/11\/f15bc900-gp1sxb2j_web_size_reduced.png\" title=\"Foto de uma mulher ind\u00edgena com a m\u00e3o levantada em uma a\u00e7\u00e3o direta n\u00e3o violenta contra o garimpo. Ao fundo temos representa\u00e7\u00f5es de barras de ouro marcadas pelo sangue dos povos origin\u00e1rios.\" alt=\"Foto de uma mulher ind\u00edgena com a m\u00e3o levantada em uma a\u00e7\u00e3o direta n\u00e3o violenta contra o garimpo. Ao fundo temos representa\u00e7\u00f5es de barras de ouro marcadas pelo sangue dos povos origin\u00e1rios.\" class=\"wp-image-50059\" style=\"width:180px;height:180px\" srcset=\"https:\/\/www.greenpeace.org\/static\/planet4-brasil-stateless\/2023\/11\/f15bc900-gp1sxb2j_web_size_reduced.png 207w, https:\/\/www.greenpeace.org\/static\/planet4-brasil-stateless\/2023\/11\/f15bc900-gp1sxb2j_web_size_reduced-150x150.png 150w\" sizes=\"auto, (max-width: 207px) 100vw, 207px\" \/><figcaption class=\"wp-element-caption\">Indigenous leaderships and activists protested in Bras\u00edlia against the Bill 191, that aims to legalize illegal mining in indigenous lands, by marching to ministries buildings full of mud and fake blood, representing the death toll, violence and suffering caused by illegal mining. In front of the Ministry of Mines and Energy, gold bars with the word &#8220;crime&#8221; on them were placed, alongside a giant banner created by the artist Ibraim Nascimento with the aid of Indigenous People from the camp.\n\nThe Free Land Camp is the current home for over 6 thousand Indigenous People from 175 different ethnicities. This is the first camp held in person in two years, due to the Covid-19 pandemic. Held since 2004, the camp demands that Indigenous Lands be demarcated, in addition to the defence of life against the destruction agenda promoted by the Bolsonaro government.<\/figcaption><\/figure>\n\n\n\n<h5 class=\"wp-block-heading has-text-align-center is-style-chevron\" style=\"font-size:1rem\"><a href=\"\/brasil\/relatorio-anual-2022\/povos-indigenas\/\">Povos Ind\u00edgenas<\/a><\/h5>\n\n\n\n<div style=\"height:16px\" aria-hidden=\"true\" class=\"wp-block-spacer\"><\/div>\n<\/div>\n<\/div>\n\n\n\n<div class=\"wp-block-column is-layout-flow wp-block-column-is-layout-flow\">\n<div class=\"wp-block-group group-stretched-link is-layout-flow wp-block-group-is-layout-flow\">\n<figure class=\"wp-block-image aligncenter size-full is-resized force-no-lightbox force-no-caption is-style-rounded-180\"><img loading=\"lazy\" decoding=\"async\" width=\"207\" height=\"207\" src=\"https:\/\/www.greenpeace.org\/static\/planet4-brasil-stateless\/2023\/11\/168171cd-gp1swxmc_web_size_reduced.png\" title=\"Imagem a\u00e9rea de um deslizamento de terra em Petr\u00f3polis, na regi\u00e3o serrana do Rio de Janeiro; Fortes chuvas destru\u00edram casas e afetaram popula\u00e7\u00f5es que j\u00e1 vivem em situa\u00e7\u00e3o de vulnerabilidade.\" alt=\"Imagem a\u00e9rea de um deslizamento de terra em Petr\u00f3polis, na regi\u00e3o serrana do Rio de Janeiro; Fortes chuvas destru\u00edram casas e afetaram popula\u00e7\u00f5es que j\u00e1 vivem em situa\u00e7\u00e3o de vulnerabilidade.\" class=\"wp-image-50063\" style=\"width:180px;height:180px\" srcset=\"https:\/\/www.greenpeace.org\/static\/planet4-brasil-stateless\/2023\/11\/168171cd-gp1swxmc_web_size_reduced.png 207w, https:\/\/www.greenpeace.org\/static\/planet4-brasil-stateless\/2023\/11\/168171cd-gp1swxmc_web_size_reduced-150x150.png 150w\" sizes=\"auto, (max-width: 207px) 100vw, 207px\" \/><figcaption class=\"wp-element-caption\">On February 15th, Petr\u00f3polis, located in the mountains north of Rio de Janeiro, faced its biggest storm since 1932, according to the National Center for Monitoring Natural Disasters (Cemaden) and the National Institute of Meteorology (Inmet). The intense rainfall caused landslides and took the life of over a hundred people, displacing thousands. Petr\u00f3polis is another victim of governmental neglect when facing Climate Crisis, which intensifies extreme events like this.\nBrazilian states must decrete Climate Emergency and set adaptation plans in motion to avoid an even more hostile future, specially to the people most impacted by extreme events.<\/figcaption><\/figure>\n\n\n\n<h5 class=\"wp-block-heading has-text-align-center is-style-chevron\" style=\"font-size:1rem\"><a href=\"\/brasil\/relatorio-anual-2022\/justica-climatica\/\" data-type=\"page\" data-id=\"47613\">Justi\u00e7a Clim\u00e1tica<\/a><\/h5>\n\n\n\n<div style=\"height:16px\" aria-hidden=\"true\" class=\"wp-block-spacer\"><\/div>\n<\/div>\n<\/div>\n\n\n\n<div class=\"wp-block-column is-layout-flow wp-block-column-is-layout-flow\">\n<div class=\"wp-block-group group-stretched-link is-layout-flow wp-block-group-is-layout-flow\">\n<figure class=\"wp-block-image aligncenter size-full is-resized force-no-lightbox force-no-caption is-style-rounded-180\"><a href=\"\/brasil\/relatorio-anual-2022\/agricultura-e-alimentacao\/\"><img loading=\"lazy\" decoding=\"async\" width=\"1000\" height=\"667\" src=\"https:\/\/www.greenpeace.org\/static\/planet4-brasil-stateless\/2022\/05\/cdbb24b8-gp1swwjv_resized1000_p4.jpg\" title=\"Imagem de dois ativistas do Greenpeace no Congresso Nacional vestidos com macac\u00f5es amarelos, simulando roupas de prote\u00e7\u00e3o, segurando um banner denunciando a amea\u00e7a do Pacote do Veneno\" alt=\"\" class=\"wp-image-39830\" style=\"width:180px;height:180px\" srcset=\"https:\/\/www.greenpeace.org\/static\/planet4-brasil-stateless\/2022\/05\/cdbb24b8-gp1swwjv_resized1000_p4.jpg 1000w, https:\/\/www.greenpeace.org\/static\/planet4-brasil-stateless\/2022\/05\/cdbb24b8-gp1swwjv_resized1000_p4-300x200.jpg 300w, https:\/\/www.greenpeace.org\/static\/planet4-brasil-stateless\/2022\/05\/cdbb24b8-gp1swwjv_resized1000_p4-768x512.jpg 768w, https:\/\/www.greenpeace.org\/static\/planet4-brasil-stateless\/2022\/05\/cdbb24b8-gp1swwjv_resized1000_p4-510x340.jpg 510w\" sizes=\"auto, (max-width: 1000px) 100vw, 1000px\" \/><\/a><\/figure>\n\n\n\n<h5 class=\"wp-block-heading has-text-align-center is-style-chevron\" style=\"font-size:1rem\"><a href=\"\/brasil\/relatorio-anual-2022\/agricultura-e-alimentacao\/\" data-type=\"page\" data-id=\"47620\">Agricultura e Alimenta\u00e7\u00e3o<\/a><\/h5>\n\n\n\n<div style=\"height:16px\" aria-hidden=\"true\" class=\"wp-block-spacer\"><\/div>\n<\/div>\n<\/div>\n\n\n\n<div class=\"wp-block-column is-layout-flow wp-block-column-is-layout-flow\">\n<div class=\"wp-block-group group-stretched-link is-layout-flow wp-block-group-is-layout-flow\">\n<figure class=\"wp-block-image aligncenter size-full is-resized force-no-lightbox force-no-caption is-style-rounded-180\"><a href=\"\/brasil\/relatorio-anual-2022\/politicas-publicas\/\"><img loading=\"lazy\" decoding=\"async\" width=\"1000\" height=\"667\" src=\"https:\/\/www.greenpeace.org\/static\/planet4-brasil-stateless\/2022\/05\/7a5ff15e-gp1sx0sx_resize1000_p4.jpg\" title=\"Imagem de uma jovem de cabelos castanhos e \u00f3culos escuros participa do Ato Pela Terra, em Bras\u00edlia. Ela tem o punho direito erguido e, na outra m\u00e3o, segura uma placa verde com a mensagem &quot;Licenciamento ambiental fica&quot;\" alt=\"\" class=\"wp-image-39782\" style=\"width:180px;height:180px\" srcset=\"https:\/\/www.greenpeace.org\/static\/planet4-brasil-stateless\/2022\/05\/7a5ff15e-gp1sx0sx_resize1000_p4.jpg 1000w, https:\/\/www.greenpeace.org\/static\/planet4-brasil-stateless\/2022\/05\/7a5ff15e-gp1sx0sx_resize1000_p4-300x200.jpg 300w, https:\/\/www.greenpeace.org\/static\/planet4-brasil-stateless\/2022\/05\/7a5ff15e-gp1sx0sx_resize1000_p4-768x512.jpg 768w, https:\/\/www.greenpeace.org\/static\/planet4-brasil-stateless\/2022\/05\/7a5ff15e-gp1sx0sx_resize1000_p4-510x340.jpg 510w\" sizes=\"auto, (max-width: 1000px) 100vw, 1000px\" \/><\/a><\/figure>\n\n\n\n<h5 class=\"wp-block-heading has-text-align-center is-style-chevron\" style=\"font-size:1rem\"><a href=\"\/brasil\/relatorio-anual-2022\/politicas-publicas\/\" data-type=\"page\" data-id=\"47627\">Pol\u00edticas P\u00fablicas<\/a><\/h5>\n\n\n\n<div style=\"height:16px\" aria-hidden=\"true\" class=\"wp-block-spacer\"><\/div>\n<\/div>\n<\/div>\n<\/div>\n\n<div class=\"wp-block-buttons is-content-justification-center is-layout-flex wp-container-core-buttons-is-layout-16018d1d wp-block-buttons-is-layout-flex\">\n<div class=\"wp-block-button has-custom-width wp-block-button__width-100 has-custom-font-size is-style-secondary\" style=\"font-size:18px\"><a class=\"wp-block-button__link wp-element-button\" href=\"\/brasil\/relatorio-anual-2022\/\">\u2039 Voltar \u00e0 p\u00e1gina inicial do Relat\u00f3rio Anual 2022<\/a><\/div>\n<\/div>\n\n<div style=\"height:30px\" aria-hidden=\"true\" class=\"wp-block-spacer\"><\/div>\n\n\n<div class=\"wp-block-group alignfull block has-grey-100-background-color has-background is-layout-flow wp-block-group-is-layout-flow\"><\/div>\n\n","protected":false},"excerpt":{"rendered":"<p>Arrecada\u00e7\u00e3o de Recursos O Greenpeace Brasil \u00e9 uma organiza\u00e7\u00e3o ativista sem fins lucrativos que atua em defesa do meio ambiente de forma independente, expondo por meio de a\u00e7\u00f5es pac\u00edficas e criativas os problemas ambientais e desenvolvendo solu\u00e7\u00f5es para a constru\u00e7\u00e3o de um futuro verde, digno e justo. Independ\u00eancia pol\u00edtica e financeira \u00c9 importante frisar que [&hellip;]<\/p>\n","protected":false},"author":102,"featured_media":47872,"parent":48731,"menu_order":0,"comment_status":"closed","ping_status":"closed","template":"","meta":{"ep_exclude_from_search":false,"p4_hide_page_title_checkbox":"on","p4_title":"","p4_subtitle":"","p4_description":"","background_image_id":"","background_image":"","p4_button_title":"","p4_button_link":"","p4_button_link_checkbox":"","p4_og_title":"","p4_og_description":"","p4_og_image":"","p4_og_image_id":"","p4_seo_canonical_url":"","p4_campaign_name":"","p4_local_project":"","p4_basket_name":"","p4_department":"","footnotes":""},"categories":[5],"tags":[65],"class_list":["post-48750","page","type-page","status-publish","has-post-thumbnail","hentry","category-greenpeace","tag-relatorio-anual-2022"],"_links":{"self":[{"href":"https:\/\/www.greenpeace.org\/brasil\/wp-json\/wp\/v2\/pages\/48750","targetHints":{"allow":["GET"]}}],"collection":[{"href":"https:\/\/www.greenpeace.org\/brasil\/wp-json\/wp\/v2\/pages"}],"about":[{"href":"https:\/\/www.greenpeace.org\/brasil\/wp-json\/wp\/v2\/types\/page"}],"author":[{"embeddable":true,"href":"https:\/\/www.greenpeace.org\/brasil\/wp-json\/wp\/v2\/users\/102"}],"replies":[{"embeddable":true,"href":"https:\/\/www.greenpeace.org\/brasil\/wp-json\/wp\/v2\/comments?post=48750"}],"version-history":[{"count":4,"href":"https:\/\/www.greenpeace.org\/brasil\/wp-json\/wp\/v2\/pages\/48750\/revisions"}],"predecessor-version":[{"id":50106,"href":"https:\/\/www.greenpeace.org\/brasil\/wp-json\/wp\/v2\/pages\/48750\/revisions\/50106"}],"up":[{"embeddable":true,"href":"https:\/\/www.greenpeace.org\/brasil\/wp-json\/wp\/v2\/pages\/48731"}],"wp:featuredmedia":[{"embeddable":true,"href":"https:\/\/www.greenpeace.org\/brasil\/wp-json\/"}],"wp:attachment":[{"href":"https:\/\/www.greenpeace.org\/brasil\/wp-json\/wp\/v2\/media?parent=48750"}],"wp:term":[{"taxonomy":"category","embeddable":true,"href":"https:\/\/www.greenpeace.org\/brasil\/wp-json\/wp\/v2\/categories?post=48750"},{"taxonomy":"post_tag","embeddable":true,"href":"https:\/\/www.greenpeace.org\/brasil\/wp-json\/wp\/v2\/tags?post=48750"}],"curies":[{"name":"wp","href":"https:\/\/api.w.org\/{rel}","templated":true}]}}