{"id":48752,"date":"2023-08-15T17:01:03","date_gmt":"2023-08-15T20:01:03","guid":{"rendered":"https:\/\/www-dev.greenpeace.org\/brasil\/?page_id=47725"},"modified":"2023-11-09T16:06:27","modified_gmt":"2023-11-09T19:06:27","slug":"organizacional","status":"publish","type":"page","link":"https:\/\/www.greenpeace.org\/brasil\/relatorio-anual-2022\/organizacional\/","title":{"rendered":"Relat\u00f3rio anual 2022: Organizacional e Governan\u00e7a"},"content":{"rendered":"\n<div class=\"wp-block-media-text alignfull has-media-on-the-right is-stacked-on-mobile is-style-default force-no-lightbox has-white-color has-dark-green-800-background-color has-text-color has-background\"><div class=\"wp-block-media-text__content\">\n<h1 class=\"wp-block-heading has-white-color has-text-color\">Organizacional<\/h1>\n\n\n\n<h3 class=\"wp-block-heading has-white-color has-text-color\">Somos Greenpeace Brasil<\/h3>\n\n\n\n<p>Contamos com cerca de 200 funcion\u00e1rios, sendo 85 pessoas atuando na \u00e1rea de capta\u00e7\u00e3o de recursos, 4 aprendizes e 4 pessoas ocupando vagas de est\u00e1gio. O restante da equipe, de perfil variado e diversas forma\u00e7\u00f5es, atua em regime h\u00edbrido em nossos dois escrit\u00f3rios &#8211; S\u00e3o Paulo e Manaus.<\/p>\n<\/div><figure class=\"wp-block-media-text__media\"><img loading=\"lazy\" decoding=\"async\" width=\"1024\" height=\"768\" src=\"https:\/\/www.greenpeace.org\/static\/planet4-brasil-stateless\/2023\/08\/1ee6909b-imagens-site-ra2022-creditos43-1536x1152-1-1024x768.jpg\" alt=\"Fotografia retrata coletivo de pessoas em um espa\u00e7o com cadeiras. Elas est\u00e3o com os bra\u00e7os levantados e sorrindo. Imagem feita durante confraterniza\u00e7\u00e3o de fim de ano do Greenpeace Brasil em 2022.\" sizes=\"auto, (min-width: 601px) 50vw, 100vw\" srcset=\"https:\/\/www.greenpeace.org\/static\/planet4-brasil-stateless\/2023\/08\/1ee6909b-imagens-site-ra2022-creditos43-1536x1152-1.jpg 1536w, https:\/\/www.greenpeace.org\/static\/planet4-brasil-stateless\/2023\/08\/1ee6909b-imagens-site-ra2022-creditos43-1536x1152-1-300x225.jpg 300w, https:\/\/www.greenpeace.org\/static\/planet4-brasil-stateless\/2023\/08\/1ee6909b-imagens-site-ra2022-creditos43-1536x1152-1-1024x768.jpg 1024w, https:\/\/www.greenpeace.org\/static\/planet4-brasil-stateless\/2023\/08\/1ee6909b-imagens-site-ra2022-creditos43-1536x1152-1-768x576.jpg 768w, https:\/\/www.greenpeace.org\/static\/planet4-brasil-stateless\/2023\/08\/1ee6909b-imagens-site-ra2022-creditos43-1536x1152-1-453x340.jpg 453w\" class=\"wp-image-48775 size-full\"\/><\/figure><\/div>\n\n<h2 class=\"wp-block-heading\" style=\"margin-top:var(--wp--preset--spacing--60)\">Cuidar do planeta sem descuidar dos nossos colaboradores<\/h2>\n\n<p>Pensando em proporcionar um ambiente de trabalho mais acolhedor e inclusivo, a equipe de Pessoas e Cultura come\u00e7ou o ano de 2022 revisando suas pol\u00edticas internas, buscando torn\u00e1-las mais acess\u00edveis e adaptadas \u00e0 realidade cotidiana de nossos funcion\u00e1rios.&nbsp;<\/p>\n\n<p>Al\u00e9m disso, para melhor atender nossas equipes que atuam em Manaus, direcionamos uma profissional de Pessoas e Cultura para as demandas espec\u00edficas deste escrit\u00f3rio, visando estreitar ainda mais a rela\u00e7\u00e3o com nossos funcion\u00e1rios e entender suas necessidades espec\u00edficas para que possamos oferecer o suporte necess\u00e1rio e contribuir para um ambiente de trabalho mais saud\u00e1vel e produtivo.&nbsp;<\/p>\n\n<p>Com o objetivo de promover um ambiente mais justo, respeitoso e inclusivo, continuamos a realizar encontros coletivos quinzenais \u00e0s quartas-feiras, valorizando a diversidade e buscando fortalecer nossos valores. Temas de grande import\u00e2ncia foram abordados ao longo de 2022, em especial aqueles que nos ajudam a, individual e coletivamente, refletir sobre racismo, inclus\u00e3o, diversidade e acessibilidade.&nbsp;<\/p>\n\n<p>Al\u00e9m disso, seguimos com nosso encontro semanal chamado \u201cTodes Juntes\u201d, um espa\u00e7o coletivo para manter nossos funcion\u00e1rios atualizados sobre as atividades das diversas equipes que comp\u00f5em o Greenpeace Brasil. Nesse encontro, conseguimos fortalecer ainda mais nossa cultura de colabora\u00e7\u00e3o e trabalho em equipe, al\u00e9m de nos sentirmos mais conectados e engajados com os objetivos da organiza\u00e7\u00e3o como um todo.&nbsp;<\/p>\n\n<p>Para celebrarmos um ano de muitos desafios superados e planejar o per\u00edodo seguinte, em dezembro de 2022 realizamos o primeiro encontro presencial de toda a equipe depois da pandemia, seguindo os protocolos de higiene contra a Covid-19 e com a realiza\u00e7\u00e3o de testagem pr\u00e9via.<\/p>\n\n<h2 class=\"wp-block-heading\"><strong>Integridade e Diversidade<\/strong><\/h2>\n\n<p>Em 2022, concretizamos a pol\u00edtica de Integridade e Diversidade, com uma lideran\u00e7a focada para a \u00e1rea, que cuida do Sistema de Integridade (o nosso canal interno de escuta e recep\u00e7\u00e3o de queixas e den\u00fancias) e da efetiva\u00e7\u00e3o dos princ\u00edpios Jedis (sigla para Justi\u00e7a, Equidade, Diversidade, Inclus\u00e3o e Seguran\u00e7a) na nossa conviv\u00eancia di\u00e1ria.&nbsp;<\/p>\n\n<p>O ano foi marcado pela conscientiza\u00e7\u00e3o interna dessa nova frente, a qual \u00e9 transversal a todas as diretorias, equipes e projetos do Greenpeace Brasil. Entre os trabalhos estabelecidos com outros departamento, tivemos, por exemplo, um m\u00f3dulo espec\u00edfico sobre Integridade e princ\u00edpios Jedis incorporado ao Treinamento de A\u00e7\u00e3o Direta N\u00e3o Violenta (ou NVDA na sigla em ingl\u00eas), com o intuito de renovar a forma como planejamos e executamos esse tipo de atividade t\u00e3o simb\u00f3lica e importante para a organiza\u00e7\u00e3o. Esse treinamento, assim como muitos outros, voltaram a ser feitos no formato presencial em nossos escrit\u00f3rios, seguindo as recomenda\u00e7\u00f5es das autoridades p\u00fablicas sanit\u00e1rias.&nbsp;<\/p>\n\n<p>A \u00e1rea tamb\u00e9m atuou ao lado do departamento de Pessoas &amp; Cultura e Comunica\u00e7\u00e3o Interna para divulgar duas s\u00e9ries de comunicados internos, voltadas para amplia\u00e7\u00e3o do conhecimento e conscientiza\u00e7\u00e3o, intituladas \u201cas mulheres que fizeram hist\u00f3ria\u201d e \u201ca hist\u00f3rica comunidade LGBTQIAP+\u201d.&nbsp;<\/p>\n\n<p>As mensagens foram enviadas para toda a equipe nos meses de mar\u00e7o e junho, respectivamente, com o objetivo de contar breves hist\u00f3rias sobre pessoas que fizeram ou fazem parte dessas comunidades e impactaram positivamente o mundo com seu ativismo, exist\u00eancia, conhecimentos e afetos.&nbsp;<\/p>\n\n<div class=\"wp-block-media-text alignwide is-stacked-on-mobile force-no-lightbox\"><figure class=\"wp-block-media-text__media\"><img decoding=\"async\" src=\"https:\/\/www.greenpeace.org\/static\/planet4-brasil-stateless-develop\/2023\/08\/6a3b9329-imagens-site-ra2022-creditos44-1024x768.jpg\" alt=\"\" sizes=\"(min-width: 1600px) calc((1320px - 24px) \/ 2),(min-width: 1200px) calc((1140px - 24px) \/ 2),(min-width: 992px) calc((960px - 24px) \/ 2),(min-width: 768px) calc((720px - 24px) \/ 2),(min-width: 601px) calc((540px - 24px) \/ 2),(min-width: 577px) calc((540px - 24px) \/ 1), calc(100vw - 24px)\" srcset=\"\" class=\"wp-image-47915 size-full\"\/><\/figure><div class=\"wp-block-media-text__content\">\n<p>Ainda no m\u00eas de junho, quando acontece o Dia Internacional do Orgulho LGBTQIAP+, 28\/06, fizemos duas a\u00e7\u00f5es espec\u00edficas para conectar essa luta com os objetivos de nossa organiza\u00e7\u00e3o: afinal, n\u00e3o podemos imaginar e construir um mundo mais verde, justo e pac\u00edfico se n\u00e3o falamos de justi\u00e7a social. E justi\u00e7a social passa pelo respeito, escuta e inclus\u00e3o dessa comunidade e de qualquer outra historicamente exclu\u00edda e minorizada.&nbsp;<\/p>\n\n\n\n<p>Participamos da Parada LGBT de S\u00e3o Paulo pela primeira vez, uma das maiores do mundo, e trouxemos um psic\u00f3logo LGBT+ para falar e refletir com nosso p\u00fablico interno a respeito dos desafios cotidianos que essa popula\u00e7\u00e3o enfrenta, principalmente no que diz respeito ao mercado de trabalho.&nbsp;<\/p>\n<\/div><\/div>\n\n<p>J\u00e1 no segundo semestre, realizamos o planejamento de uma jornada mais robusta sobre os princ\u00edpios Jedis e sua concretiza\u00e7\u00e3o dentro da organiza\u00e7\u00e3o. Dessa forma, decidimos focar na discuss\u00e3o \u00e9tnico-racial como fio condutor do que ser\u00e1 um trabalho de m\u00e9dio e longo prazo a partir de 2023, em que outras interseccionalidades tamb\u00e9m ser\u00e3o incorporadas. Nosso objetivo \u00e9 sempre refletir sobre o papel estrat\u00e9gico que o Greenpeace Brasil tem na constru\u00e7\u00e3o de uma sociedade mais justa, inclusiva e equitativa, que diz sim \u00e0 igualdade racial, de g\u00eanero e de classe.<\/p>\n\n<h2 class=\"wp-block-heading\"><strong>Acessibilidade<\/strong><\/h2>\n\n<p>Como destaque na frente de Diversidade, Inclus\u00e3o e Equidade, demos in\u00edcio a uma jornada de transforma\u00e7\u00e3o cultural com foco no digital, para tornar nossa atua\u00e7\u00e3o on-line ainda mais acess\u00edvel.<\/p>\n\n<p>Convidamos uma consultoria externa para nos ajudar a entender como estamos em termos de acessibilidade digital e quais s\u00e3o nossas oportunidades de aprimoramento, para assim garantir a inclus\u00e3o de todas as pessoas, levando em considera\u00e7\u00e3o as necessidades espec\u00edficas das pessoas cegas ou com baixa vis\u00e3o, pessoas neurodiversas, e qualquer outra que precise de um software para acessar a internet.<\/p>\n\n<div class=\"wp-block-media-text alignwide has-media-on-the-right is-stacked-on-mobile force-no-lightbox has-beige-100-background-color has-background\" style=\"grid-template-columns:auto 30%\"><div class=\"wp-block-media-text__content\">\n<blockquote class=\"wp-block-quote has-medium-font-size is-layout-flow wp-block-quote-is-layout-flow\">\n<p class=\"has-medium-font-size\">&#8220;Em 2021, plantamos e cultivamos sementes para termos uma organiza\u00e7\u00e3o com mais diversidade e representatividade. E em 2022 colhemos alguns frutos que s\u00e3o apenas os primeiros desse processo ativo de constru\u00e7\u00e3o de um mundo melhor e mais igualit\u00e1rio.&#8221;<\/p>\n<cite>Pablo Nava, l\u00edder de Integridade e Diversidade<\/cite><\/blockquote>\n<\/div><figure class=\"wp-block-media-text__media\"><img loading=\"lazy\" decoding=\"async\" width=\"768\" height=\"823\" src=\"https:\/\/www.greenpeace.org\/static\/planet4-brasil-stateless\/2023\/08\/2b7816ae-ilustracoes-site-17-768x823-1.png\" alt=\"\" sizes=\"auto, (min-width: 1600px) calc((1320px - 24px) \/ 3.3333),(min-width: 1200px) calc((1140px - 24px) \/ 3.3333),(min-width: 992px) calc((960px - 24px) \/ 3.3333),(min-width: 768px) calc((720px - 24px) \/ 3.3333),(min-width: 601px) calc((540px - 24px) \/ 3.3333),(min-width: 577px) calc((540px - 24px) \/ 1), calc(100vw - 24px)\" srcset=\"https:\/\/www.greenpeace.org\/static\/planet4-brasil-stateless\/2023\/08\/2b7816ae-ilustracoes-site-17-768x823-1.png 768w, https:\/\/www.greenpeace.org\/static\/planet4-brasil-stateless\/2023\/08\/2b7816ae-ilustracoes-site-17-768x823-1-280x300.png 280w, https:\/\/www.greenpeace.org\/static\/planet4-brasil-stateless\/2023\/08\/2b7816ae-ilustracoes-site-17-768x823-1-317x340.png 317w\" class=\"wp-image-48764 size-full\"\/><\/figure><\/div>\n\n<h2 class=\"wp-block-heading\"><strong>Respeito e diversidade<\/strong><\/h2>\n\n<p>Em 2022 tamb\u00e9m buscamos incorporar um canal de den\u00fancias externo para trazer mais credibilidade e seguran\u00e7a \u00e0s nossas pessoas, caso elas precisem formalizar algum relato a respeito de comportamentos que est\u00e3o fora do nosso C\u00f3digo de Conduta. Esperamos implementar essa nova ferramenta em 2023. Em paralelo, fizemos uma campanha interna divulgando o conte\u00fado do C\u00f3digo de Conduta, com o intuito de aproximar nossas pessoas desse documento-chave, assim como identificar oportunidades para sua atualiza\u00e7\u00e3o.<\/p>\n\n<div class=\"wp-block-media-text alignwide is-stacked-on-mobile force-no-lightbox\"><figure class=\"wp-block-media-text__media\"><img decoding=\"async\" src=\"https:\/\/www.greenpeace.org\/static\/planet4-brasil-stateless-develop\/2023\/08\/a411c3db-imagens-site-ra2022-creditos4-1024x768.jpg\" alt=\"\" sizes=\"(min-width: 1600px) calc((1320px - 24px) \/ 2),(min-width: 1200px) calc((1140px - 24px) \/ 2),(min-width: 992px) calc((960px - 24px) \/ 2),(min-width: 768px) calc((720px - 24px) \/ 2),(min-width: 601px) calc((540px - 24px) \/ 2),(min-width: 577px) calc((540px - 24px) \/ 1), calc(100vw - 24px)\" srcset=\"\" class=\"wp-image-47913 size-full\"\/><\/figure><div class=\"wp-block-media-text__content\">\n<p>Em nome da diversidade, em 2022 tamb\u00e9m lan\u00e7amos as primeiras vagas afirmativas do Greenpeace Brasil. Sabemos que precisamos catalisar as mudan\u00e7as que queremos e estamos cientes das desigualdades e din\u00e2micas sociais que podem afastar algumas pessoas de se candidatar nos nossos processos seletivos.<\/p>\n<\/div><\/div>\n\n<p>Essa abordagem de recrutamento continuar\u00e1 sendo aplicada nos pr\u00f3ximos anos, at\u00e9 alcan\u00e7armos \u00edndices demogr\u00e1ficos internos semelhantes aos da sociedade brasileira. As vagas de 2022 compreenderam diferentes n\u00edveis estrat\u00e9gicos: desde pessoas diretoras, que comp\u00f5em nosso grupo de lideran\u00e7as, at\u00e9 pessoas que est\u00e3o iniciando agora em nossas campanhas e que ser\u00e3o a nova gera\u00e7\u00e3o de porta-vozes dos nossos projetos program\u00e1ticos.<\/p>\n\n<p>\u00c9 importante ressaltar que as primeiras vagas afirmativas s\u00e3o resultados de um trabalho que vem sendo constru\u00eddo desde 2018, quando come\u00e7aram os esfor\u00e7os para entender quem somos e como podemos tornar a organiza\u00e7\u00e3o um ambiente mais diverso, representativo e democr\u00e1tico.<\/p>\n\n<div class=\"wp-block-media-text alignfull has-media-on-the-right is-stacked-on-mobile is-style-default force-no-lightbox has-white-color has-dark-green-800-background-color has-text-color has-background\"><div class=\"wp-block-media-text__content\">\n<h1 class=\"wp-block-heading\">Governan\u00e7a<\/h1>\n\n\n\n<p>O Greenpeace Brasil \u00e9 uma organiza\u00e7\u00e3o da sociedade civil sem fins lucrativos, brasileira, que possui estruturas de governan\u00e7a respons\u00e1veis por estabelecer diretrizes e pol\u00edticas institucionais em respeito \u00e0 Constitui\u00e7\u00e3o Brasileira e em sintonia com o Greenpeace Internacional. Monitora o desempenho das atividades no pa\u00eds, zela pelos princ\u00edpios e objetivos da organiza\u00e7\u00e3o e fiscaliza a correta aplica\u00e7\u00e3o dos recursos, com integridade e transpar\u00eancia.<\/p>\n<\/div><figure class=\"wp-block-media-text__media\"><img decoding=\"async\" src=\"https:\/\/www.greenpeace.org\/static\/planet4-brasil-stateless-develop\/2023\/08\/07467526-imagens-site-ra2022-creditos25-1024x768.jpg\" alt=\"\" sizes=\"(min-width: 601px) 50vw, 100vw\" srcset=\"\" class=\"wp-image-47914 size-full\"\/><\/figure><\/div>\n\n<h2 class=\"wp-block-heading\" style=\"margin-top:var(--wp--preset--spacing--60)\"><strong>Assembleia Geral<\/strong><\/h2>\n\n<p>\u00c9 o \u00f3rg\u00e3o soberano da organiza\u00e7\u00e3o. Ela se re\u00fane ordinariamente no primeiro semestre at\u00e9 o m\u00eas de abril de cada ano para aprova\u00e7\u00e3o de contas. Compete \u00e0 Assembleia Geral: aprovar as contas do Greenpeace Brasil; decidir sobre sua pol\u00edtica e a forma de atua\u00e7\u00e3o; eleger, dentre os associados efetivos, aqueles que ocupar\u00e3o os cargos do Conselho Diretor e do Conselho Fiscal.<\/p>\n\n<h2 class=\"wp-block-heading\"><strong>Conselho Fiscal<\/strong><\/h2>\n\n<p>O Conselho Fiscal \u00e9 respons\u00e1vel pela fiscaliza\u00e7\u00e3o, direta e indireta, das atividades do Greenpeace Brasil.<\/p>\n\n<p>Compete ao Conselho Fiscal: fiscalizar os atos dos administradores e verificar o cumprimento dos seus deveres legais e estatut\u00e1rios; opinar sobre o relat\u00f3rio anual da administra\u00e7\u00e3o, fazendo constar do seu parecer as informa\u00e7\u00f5es complementares que julgar necess\u00e1rias ou \u00fateis \u00e0 delibera\u00e7\u00e3o da Assembleia Geral; denunciar aos \u00f3rg\u00e3os de administra\u00e7\u00e3o e, se estes n\u00e3o tomarem as provid\u00eancias necess\u00e1rias para a prote\u00e7\u00e3o dos interesses da organiza\u00e7\u00e3o \u00e0 Assembleia Geral, os erros, fraudes ou crimes que descobrirem, e sugerir provid\u00eancias \u00fateis; analisar o balancete e demais demonstra\u00e7\u00f5es financeiras elaboradas periodicamente pela organiza\u00e7\u00e3o; e examinar as demonstra\u00e7\u00f5es financeiras do exerc\u00edcio social e sobre elas opinar.<\/p>\n\n<h2 class=\"wp-block-heading\"><strong>Conselho Diretor<\/strong><\/h2>\n\n<p>O Conselho Diretor \u00e9 eleito pela Assembleia Geral.<\/p>\n\n<p>Compete a este \u00f3rg\u00e3o: a dire\u00e7\u00e3o estrat\u00e9gica da organiza\u00e7\u00e3o; assegurar a observ\u00e2ncia \u00e0 legisla\u00e7\u00e3o e seu estatuto; contratar e demitir o secret\u00e1rio executivo; monitorar o desempenho do secret\u00e1rio executivo no estabelecimento das prioridades e no cumprimento dos objetivos estabelecidos; apreciar o or\u00e7amento e o plano de trabalho anual e qualquer modifica\u00e7\u00e3o neste no decorrer do exerc\u00edcio fiscal; assegurar a observ\u00e2ncia aos regulamentos, diretrizes e prioridades internacionais pertinentes ao Greenpeace; criar comiss\u00f5es e nomear seus membros, fixando-lhes regimento e atribui\u00e7\u00f5es, observadas as disposi\u00e7\u00f5es do Estatuto da Organiza\u00e7\u00e3o; e aprovar a admiss\u00e3o de novos associados efetivos.<\/p>\n\n<h2 class=\"wp-block-heading\"><strong>Secretaria Executiva<\/strong><\/h2>\n\n<p>\u00d3rg\u00e3o executivo e administrativo do Greenpeace Brasil, formado pelo secret\u00e1rio executivo e membros da sua equipe. Compete ao secret\u00e1rio executivo: assegurar a implementa\u00e7\u00e3o das decis\u00f5es do Conselho Diretor; coordenar as atividades da organiza\u00e7\u00e3o; supervisionar e executar as fun\u00e7\u00f5es administrativas, financeiras, or\u00e7ament\u00e1rias e de planejamento; contratar e demitir membros da equipe; e exercer outras fun\u00e7\u00f5es atribu\u00eddas pelo Conselho Diretor.<\/p>\n\n<div class=\"wp-block-group container is-layout-flow wp-block-group-is-layout-flow\">\n<div style=\"height:24px\" aria-hidden=\"true\" class=\"wp-block-spacer\"><\/div>\n\n\n\n<h3 class=\"wp-block-heading has-text-align-center\" style=\"margin-top:var(--wp--preset--spacing--80)\">Nossas campanhas em 2022<\/h3>\n<\/div>\n\n<div class=\"wp-block-columns is-layout-flex wp-container-core-columns-is-layout-9d6595d7 wp-block-columns-is-layout-flex\">\n<div class=\"wp-block-column is-layout-flow wp-block-column-is-layout-flow\">\n<div class=\"wp-block-group group-stretched-link is-layout-flow wp-block-group-is-layout-flow\">\n<figure class=\"wp-block-image aligncenter size-full is-resized force-no-lightbox force-no-caption is-style-rounded-180\"><img loading=\"lazy\" decoding=\"async\" width=\"207\" height=\"207\" src=\"https:\/\/www.greenpeace.org\/static\/planet4-brasil-stateless\/2023\/11\/44eb9a90-gp1sxnse_web_size_reduced.png\" title=\"Fotografia de \u00e1rvores tirada do ch\u00e3o; \u00e1rvores entre focos de luz solar\" alt=\"Fotografia de \u00e1rvores tirada do ch\u00e3o; \u00e1rvores entre focos de luz solar\" class=\"wp-image-50060\" style=\"width:180px;height:180px\" srcset=\"https:\/\/www.greenpeace.org\/static\/planet4-brasil-stateless\/2023\/11\/44eb9a90-gp1sxnse_web_size_reduced.png 207w, https:\/\/www.greenpeace.org\/static\/planet4-brasil-stateless\/2023\/11\/44eb9a90-gp1sxnse_web_size_reduced-150x150.png 150w\" sizes=\"auto, (max-width: 207px) 100vw, 207px\" \/><figcaption class=\"wp-element-caption\">Forest near the Manicor\u00e9 River, in the southern Amazonas state, in the Amazon, Brazil. People from the communities near the Manicor\u00e9 River are fighting for their land rights to be acknowledged and their forest protected.<\/figcaption><\/figure>\n\n\n\n<h5 class=\"wp-block-heading has-text-align-center is-style-chevron\" style=\"font-size:1rem\"><a href=\"\/brasil\/relatorio-anual-2022\/amazonia-e-biodiversidade\/\" data-type=\"page\" data-id=\"47481\">Amaz\u00f4nia e Biodiversidade<\/a><\/h5>\n\n\n\n<div style=\"height:16px\" aria-hidden=\"true\" class=\"wp-block-spacer\"><\/div>\n<\/div>\n<\/div>\n\n\n\n<div class=\"wp-block-column is-layout-flow wp-block-column-is-layout-flow\">\n<div class=\"wp-block-group group-stretched-link is-layout-flow wp-block-group-is-layout-flow\">\n<figure class=\"wp-block-image aligncenter size-full is-resized force-no-lightbox force-no-caption is-style-rounded-180\"><img loading=\"lazy\" decoding=\"async\" width=\"207\" height=\"207\" src=\"https:\/\/www.greenpeace.org\/static\/planet4-brasil-stateless\/2023\/11\/f15bc900-gp1sxb2j_web_size_reduced.png\" title=\"Foto de uma mulher ind\u00edgena com a m\u00e3o levantada em uma a\u00e7\u00e3o direta n\u00e3o violenta contra o garimpo. Ao fundo temos representa\u00e7\u00f5es de barras de ouro marcadas pelo sangue dos povos origin\u00e1rios.\" alt=\"Foto de uma mulher ind\u00edgena com a m\u00e3o levantada em uma a\u00e7\u00e3o direta n\u00e3o violenta contra o garimpo. Ao fundo temos representa\u00e7\u00f5es de barras de ouro marcadas pelo sangue dos povos origin\u00e1rios.\" class=\"wp-image-50059\" style=\"width:180px;height:180px\" srcset=\"https:\/\/www.greenpeace.org\/static\/planet4-brasil-stateless\/2023\/11\/f15bc900-gp1sxb2j_web_size_reduced.png 207w, https:\/\/www.greenpeace.org\/static\/planet4-brasil-stateless\/2023\/11\/f15bc900-gp1sxb2j_web_size_reduced-150x150.png 150w\" sizes=\"auto, (max-width: 207px) 100vw, 207px\" \/><figcaption class=\"wp-element-caption\">Indigenous leaderships and activists protested in Bras\u00edlia against the Bill 191, that aims to legalize illegal mining in indigenous lands, by marching to ministries buildings full of mud and fake blood, representing the death toll, violence and suffering caused by illegal mining. In front of the Ministry of Mines and Energy, gold bars with the word &#8220;crime&#8221; on them were placed, alongside a giant banner created by the artist Ibraim Nascimento with the aid of Indigenous People from the camp.\n\nThe Free Land Camp is the current home for over 6 thousand Indigenous People from 175 different ethnicities. This is the first camp held in person in two years, due to the Covid-19 pandemic. Held since 2004, the camp demands that Indigenous Lands be demarcated, in addition to the defence of life against the destruction agenda promoted by the Bolsonaro government.<\/figcaption><\/figure>\n\n\n\n<h5 class=\"wp-block-heading has-text-align-center is-style-chevron\" style=\"font-size:1rem\"><a href=\"\/brasil\/relatorio-anual-2022\/povos-indigenas\/\">Povos Ind\u00edgenas<\/a><\/h5>\n\n\n\n<div style=\"height:16px\" aria-hidden=\"true\" class=\"wp-block-spacer\"><\/div>\n<\/div>\n<\/div>\n\n\n\n<div class=\"wp-block-column is-layout-flow wp-block-column-is-layout-flow\">\n<div class=\"wp-block-group group-stretched-link is-layout-flow wp-block-group-is-layout-flow\">\n<figure class=\"wp-block-image aligncenter size-full is-resized force-no-lightbox force-no-caption is-style-rounded-180\"><img loading=\"lazy\" decoding=\"async\" width=\"207\" height=\"207\" src=\"https:\/\/www.greenpeace.org\/static\/planet4-brasil-stateless\/2023\/11\/168171cd-gp1swxmc_web_size_reduced.png\" title=\"Imagem a\u00e9rea de um deslizamento de terra em Petr\u00f3polis, na regi\u00e3o serrana do Rio de Janeiro; Fortes chuvas destru\u00edram casas e afetaram popula\u00e7\u00f5es que j\u00e1 vivem em situa\u00e7\u00e3o de vulnerabilidade.\" alt=\"Imagem a\u00e9rea de um deslizamento de terra em Petr\u00f3polis, na regi\u00e3o serrana do Rio de Janeiro; Fortes chuvas destru\u00edram casas e afetaram popula\u00e7\u00f5es que j\u00e1 vivem em situa\u00e7\u00e3o de vulnerabilidade.\" class=\"wp-image-50063\" style=\"width:180px;height:180px\" srcset=\"https:\/\/www.greenpeace.org\/static\/planet4-brasil-stateless\/2023\/11\/168171cd-gp1swxmc_web_size_reduced.png 207w, https:\/\/www.greenpeace.org\/static\/planet4-brasil-stateless\/2023\/11\/168171cd-gp1swxmc_web_size_reduced-150x150.png 150w\" sizes=\"auto, (max-width: 207px) 100vw, 207px\" \/><figcaption class=\"wp-element-caption\">On February 15th, Petr\u00f3polis, located in the mountains north of Rio de Janeiro, faced its biggest storm since 1932, according to the National Center for Monitoring Natural Disasters (Cemaden) and the National Institute of Meteorology (Inmet). The intense rainfall caused landslides and took the life of over a hundred people, displacing thousands. Petr\u00f3polis is another victim of governmental neglect when facing Climate Crisis, which intensifies extreme events like this.\nBrazilian states must decrete Climate Emergency and set adaptation plans in motion to avoid an even more hostile future, specially to the people most impacted by extreme events.<\/figcaption><\/figure>\n\n\n\n<h5 class=\"wp-block-heading has-text-align-center is-style-chevron\" style=\"font-size:1rem\"><a href=\"\/brasil\/relatorio-anual-2022\/justica-climatica\/\" data-type=\"page\" data-id=\"47613\">Justi\u00e7a Clim\u00e1tica<\/a><\/h5>\n\n\n\n<div style=\"height:16px\" aria-hidden=\"true\" class=\"wp-block-spacer\"><\/div>\n<\/div>\n<\/div>\n\n\n\n<div class=\"wp-block-column is-layout-flow wp-block-column-is-layout-flow\">\n<div class=\"wp-block-group group-stretched-link is-layout-flow wp-block-group-is-layout-flow\">\n<figure class=\"wp-block-image aligncenter size-full is-resized force-no-lightbox force-no-caption is-style-rounded-180\"><a href=\"\/brasil\/relatorio-anual-2022\/agricultura-e-alimentacao\/\"><img loading=\"lazy\" decoding=\"async\" width=\"1000\" height=\"667\" src=\"https:\/\/www.greenpeace.org\/static\/planet4-brasil-stateless\/2022\/05\/cdbb24b8-gp1swwjv_resized1000_p4.jpg\" title=\"Imagem de dois ativistas do Greenpeace no Congresso Nacional vestidos com macac\u00f5es amarelos, simulando roupas de prote\u00e7\u00e3o, segurando um banner denunciando a amea\u00e7a do Pacote do Veneno\" alt=\"\" class=\"wp-image-39830\" style=\"width:180px;height:180px\" srcset=\"https:\/\/www.greenpeace.org\/static\/planet4-brasil-stateless\/2022\/05\/cdbb24b8-gp1swwjv_resized1000_p4.jpg 1000w, https:\/\/www.greenpeace.org\/static\/planet4-brasil-stateless\/2022\/05\/cdbb24b8-gp1swwjv_resized1000_p4-300x200.jpg 300w, https:\/\/www.greenpeace.org\/static\/planet4-brasil-stateless\/2022\/05\/cdbb24b8-gp1swwjv_resized1000_p4-768x512.jpg 768w, https:\/\/www.greenpeace.org\/static\/planet4-brasil-stateless\/2022\/05\/cdbb24b8-gp1swwjv_resized1000_p4-510x340.jpg 510w\" sizes=\"auto, (max-width: 1000px) 100vw, 1000px\" \/><\/a><\/figure>\n\n\n\n<h5 class=\"wp-block-heading has-text-align-center is-style-chevron\" style=\"font-size:1rem\"><a href=\"\/brasil\/relatorio-anual-2022\/agricultura-e-alimentacao\/\" data-type=\"page\" data-id=\"47620\">Agricultura e Alimenta\u00e7\u00e3o<\/a><\/h5>\n\n\n\n<div style=\"height:16px\" aria-hidden=\"true\" class=\"wp-block-spacer\"><\/div>\n<\/div>\n<\/div>\n\n\n\n<div class=\"wp-block-column is-layout-flow wp-block-column-is-layout-flow\">\n<div class=\"wp-block-group group-stretched-link is-layout-flow wp-block-group-is-layout-flow\">\n<figure class=\"wp-block-image aligncenter size-full is-resized force-no-lightbox force-no-caption is-style-rounded-180\"><a href=\"\/brasil\/relatorio-anual-2022\/politicas-publicas\/\"><img loading=\"lazy\" decoding=\"async\" width=\"1000\" height=\"667\" src=\"https:\/\/www.greenpeace.org\/static\/planet4-brasil-stateless\/2022\/05\/7a5ff15e-gp1sx0sx_resize1000_p4.jpg\" title=\"Imagem de uma jovem de cabelos castanhos e \u00f3culos escuros participa do Ato Pela Terra, em Bras\u00edlia. Ela tem o punho direito erguido e, na outra m\u00e3o, segura uma placa verde com a mensagem &quot;Licenciamento ambiental fica&quot;\" alt=\"\" class=\"wp-image-39782\" style=\"width:180px;height:180px\" srcset=\"https:\/\/www.greenpeace.org\/static\/planet4-brasil-stateless\/2022\/05\/7a5ff15e-gp1sx0sx_resize1000_p4.jpg 1000w, https:\/\/www.greenpeace.org\/static\/planet4-brasil-stateless\/2022\/05\/7a5ff15e-gp1sx0sx_resize1000_p4-300x200.jpg 300w, https:\/\/www.greenpeace.org\/static\/planet4-brasil-stateless\/2022\/05\/7a5ff15e-gp1sx0sx_resize1000_p4-768x512.jpg 768w, https:\/\/www.greenpeace.org\/static\/planet4-brasil-stateless\/2022\/05\/7a5ff15e-gp1sx0sx_resize1000_p4-510x340.jpg 510w\" sizes=\"auto, (max-width: 1000px) 100vw, 1000px\" \/><\/a><\/figure>\n\n\n\n<h5 class=\"wp-block-heading has-text-align-center is-style-chevron\" style=\"font-size:1rem\"><a href=\"\/brasil\/relatorio-anual-2022\/politicas-publicas\/\" data-type=\"page\" data-id=\"47627\">Pol\u00edticas P\u00fablicas<\/a><\/h5>\n\n\n\n<div style=\"height:16px\" aria-hidden=\"true\" class=\"wp-block-spacer\"><\/div>\n<\/div>\n<\/div>\n<\/div>\n\n<div class=\"wp-block-buttons is-content-justification-center is-layout-flex wp-container-core-buttons-is-layout-16018d1d wp-block-buttons-is-layout-flex\">\n<div class=\"wp-block-button has-custom-width wp-block-button__width-100 has-custom-font-size is-style-secondary\" style=\"font-size:18px\"><a class=\"wp-block-button__link wp-element-button\" href=\"\/brasil\/relatorio-anual-2022\/\">\u2039 Voltar \u00e0 p\u00e1gina inicial do Relat\u00f3rio Anual 2022<\/a><\/div>\n<\/div>\n\n<div style=\"height:30px\" aria-hidden=\"true\" class=\"wp-block-spacer\"><\/div>\n\n\n<div class=\"wp-block-group alignfull block has-grey-100-background-color has-background is-layout-flow wp-block-group-is-layout-flow\"><\/div>\n\n","protected":false},"excerpt":{"rendered":"<p>Organizacional Somos Greenpeace Brasil Contamos com cerca de 200 funcion\u00e1rios, sendo 85 pessoas atuando na \u00e1rea de capta\u00e7\u00e3o de recursos, 4 aprendizes e 4 pessoas ocupando vagas de est\u00e1gio. O restante da equipe, de perfil variado e diversas forma\u00e7\u00f5es, atua em regime h\u00edbrido em nossos dois escrit\u00f3rios &#8211; S\u00e3o Paulo e Manaus. Cuidar do planeta [&hellip;]<\/p>\n","protected":false},"author":102,"featured_media":47862,"parent":48731,"menu_order":0,"comment_status":"closed","ping_status":"closed","template":"","meta":{"ep_exclude_from_search":false,"p4_hide_page_title_checkbox":"on","p4_title":"","p4_subtitle":"","p4_description":"","background_image_id":"","background_image":"","p4_button_title":"","p4_button_link":"","p4_button_link_checkbox":"","p4_og_title":"","p4_og_description":"","p4_og_image":"","p4_og_image_id":"","p4_seo_canonical_url":"","p4_campaign_name":"","p4_local_project":"","p4_basket_name":"","p4_department":"","footnotes":""},"categories":[5],"tags":[65],"class_list":["post-48752","page","type-page","status-publish","has-post-thumbnail","hentry","category-greenpeace","tag-relatorio-anual-2022"],"_links":{"self":[{"href":"https:\/\/www.greenpeace.org\/brasil\/wp-json\/wp\/v2\/pages\/48752","targetHints":{"allow":["GET"]}}],"collection":[{"href":"https:\/\/www.greenpeace.org\/brasil\/wp-json\/wp\/v2\/pages"}],"about":[{"href":"https:\/\/www.greenpeace.org\/brasil\/wp-json\/wp\/v2\/types\/page"}],"author":[{"embeddable":true,"href":"https:\/\/www.greenpeace.org\/brasil\/wp-json\/wp\/v2\/users\/102"}],"replies":[{"embeddable":true,"href":"https:\/\/www.greenpeace.org\/brasil\/wp-json\/wp\/v2\/comments?post=48752"}],"version-history":[{"count":8,"href":"https:\/\/www.greenpeace.org\/brasil\/wp-json\/wp\/v2\/pages\/48752\/revisions"}],"predecessor-version":[{"id":50108,"href":"https:\/\/www.greenpeace.org\/brasil\/wp-json\/wp\/v2\/pages\/48752\/revisions\/50108"}],"up":[{"embeddable":true,"href":"https:\/\/www.greenpeace.org\/brasil\/wp-json\/wp\/v2\/pages\/48731"}],"wp:featuredmedia":[{"embeddable":true,"href":"https:\/\/www.greenpeace.org\/brasil\/wp-json\/"}],"wp:attachment":[{"href":"https:\/\/www.greenpeace.org\/brasil\/wp-json\/wp\/v2\/media?parent=48752"}],"wp:term":[{"taxonomy":"category","embeddable":true,"href":"https:\/\/www.greenpeace.org\/brasil\/wp-json\/wp\/v2\/categories?post=48752"},{"taxonomy":"post_tag","embeddable":true,"href":"https:\/\/www.greenpeace.org\/brasil\/wp-json\/wp\/v2\/tags?post=48752"}],"curies":[{"name":"wp","href":"https:\/\/api.w.org\/{rel}","templated":true}]}}