{"id":8083,"date":"2019-04-12T16:32:52","date_gmt":"2019-04-12T19:32:52","guid":{"rendered":"https:\/\/www.greenpeace.org\/brasil\/?page_id=8083"},"modified":"2025-11-13T05:49:47","modified_gmt":"2025-11-13T08:49:47","slug":"o-crime-da-vale-em-brumadinho","status":"publish","type":"page","link":"https:\/\/www.greenpeace.org\/brasil\/o-crime-da-vale-em-brumadinho\/","title":{"rendered":"O crime da Vale em Brumadinho"},"content":{"rendered":"\n\n<div class=\"wp-block-group alignfull is-layout-flow wp-block-group-is-layout-flow\">\n<div class=\"wp-block-group container is-layout-flow wp-block-group-is-layout-flow\">\n<div class=\"wp-block-media-text alignfull has-media-on-the-right is-stacked-on-mobile is-pattern-p4-page-header is-style-parallax\"><div class=\"wp-block-media-text__content\">\n<div class=\"wp-block-group is-layout-flow wp-block-group-is-layout-flow\">\n<h1 class=\"wp-block-heading has-white-background-color has-background\">\n                            O crime da Vale em Brumadinho\n                        <\/h1>\n<\/div>\n<\/div><figure class=\"wp-block-media-text__media\"><img loading=\"lazy\" decoding=\"async\" width=\"1500\" height=\"970\" src=\"https:\/\/www.greenpeace.org\/static\/planet4-brasil-stateless\/2019\/04\/92a0e5de-fundo.jpg\" alt=\"\" sizes=\"auto, (min-width: 601px) 50vw, 100vw\" srcset=\"https:\/\/www.greenpeace.org\/static\/planet4-brasil-stateless\/2019\/04\/92a0e5de-fundo.jpg 1500w, https:\/\/www.greenpeace.org\/static\/planet4-brasil-stateless\/2019\/04\/92a0e5de-fundo-300x194.jpg 300w, https:\/\/www.greenpeace.org\/static\/planet4-brasil-stateless\/2019\/04\/92a0e5de-fundo-768x497.jpg 768w, https:\/\/www.greenpeace.org\/static\/planet4-brasil-stateless\/2019\/04\/92a0e5de-fundo-1024x662.jpg 1024w, https:\/\/www.greenpeace.org\/static\/planet4-brasil-stateless\/2019\/04\/92a0e5de-fundo-510x330.jpg 510w\" class=\"wp-image-8280 size-full\"\/><\/figure><\/div>\n<\/div>\n<\/div>\n\n\n<style>@import url(\"https:\/\/greenpeace.org.br\/assets\/bxslider\/jquery.bxslider.css\"); @media (min-width: 768px) { p#intro { width:60%; } .page-header { padding-bottom: 40px; } .wp-image-8127 { margin-top:-4rem; } .carousel-wrap { } } .carousel-wrap .carousel-item img { height: auto !important; } iframe div.jx-slider { color:#bc926d; } body.brown-bg { background: #ece1e1; } .brown-bg .page-header-background::after { background:none; } #impactos .columns-block.block-style-no_image h3 { font-size: 1.8rem; } #impactos .columns-block.block-style-no_image p { font-size: 1rem; width: 90%; } #impactos .columns-block.block-style-no_image p b { font-size: 1.4rem; } #impactos .col-md-6.col-lg.column-wrap img { margin-bottom:2rem; } .columns-block { margin-bottom: 0; } #mensagens h3 { display:none; } #mensagens .columns-block.block-style-no_image .column-wrap { padding-bottom: 10px; margin-bottom:10px; } #mensagens { margin-bottom:50px; }  #mensagens h2 { font-size:2.25rem; } div.page-template img { max-width: none; } .slider-instagram div.slide-insta { width:auto !important; margin-right: 1rem; }  .juxtapose { width:100% !mportant; height:832px !important; } <\/style>\n\n<script src=\"https:\/\/ajax.googleapis.com\/ajax\/libs\/jquery\/3.1.1\/jquery.min.js\"><\/script><script src=\"https:\/\/greenpeace.org.br\/assets\/bxslider\/jquery.bxslider.min.js\"><\/script><script type=\"text\/javascript\" src=\"https:\/\/greenpeace.org.br\/assets\/js\/jquery.fitvids.js\"><\/script><script type=\"text\/javascript\" src=\"https:\/\/greenpeace.org.br\/assets\/js\/jquery.colorbox.js\"><\/script><script type=\"text\/javascript\">jQuery(function($){ $(document).ready(function(){ $(\".inline\").colorbox({inline:true, width:\"80%\", height:\"90%\" }); }); }); $(document).ready(function(){ $('.slider').bxSlider({ infiniteLoop: false, hideControlOnEnd: true, pager: false, video: true }); });<\/script>\n<p id=\"intro\">No dia 25 de janeiro de 2019, a barragem C\u00f3rrego do Feij\u00e3o, em Brumadinho (MG), se rompeu, soterrando com 13 milh\u00f5es de metros c\u00fabicos de lama t\u00f3xica tudo o que encontrava pelo caminho: pessoas, animais, florestas, casas\u2026 Casos como este, que podem se tornar mais frequentes com a flexibiliza\u00e7\u00e3o do licenciamento ambiental, n\u00e3o podem ser considerados acidentes, mas crimes socioambientais oriundos da gan\u00e2ncia e da neglig\u00eancia. Em apenas tr\u00eas anos, a Vale foi respons\u00e1vel pelas duas maiores trag\u00e9dias socioambientais do Brasil: Mariana e Brumadinho. Milhares de pessoas perderam seus familiares, seus lares e seu modo de vida. Basta de crimes como esses!<\/p>\n\n<svg viewBox=\"0 0 1114 1960\" class=\"wp-image-8127\"><image width=\"1114\" height=\"1960\" xlink:href=\"https:\/\/www.greenpeace.org\/static\/planet4-brasil-stateless\/2019\/04\/cb5a6042-mapa_brumadinho.png\" class=\"wp-image-8127\"><\/image><a xlink:href=\"#mapapt1\" href=\"#mapapt1\" class=\"inline\"><circle cx=\"747\" cy=\"1596\" r=\"16\" opacity=\"0\"><\/circle><\/a><a xlink:href=\"#mapapt2\" href=\"#mapapt2\" class=\"inline\"><circle cx=\"640\" cy=\"1838\" r=\"16\" opacity=\"0\"><\/circle><\/a><a xlink:href=\"#mapapt3\" href=\"#mapapt3\" class=\"inline\"><circle cx=\"935\" cy=\"1237\" r=\"16\" opacity=\"0\"><\/circle><\/a><a xlink:href=\"#mapapt4\" href=\"#mapapt4\" class=\"inline\"><circle cx=\"780\" cy=\"1661\" r=\"16\" opacity=\"0\"><\/circle><\/a><a xlink:href=\"#mapapt5\" href=\"#mapapt5\" class=\"inline\"><circle cx=\"642\" cy=\"1699\" r=\"16\" opacity=\"0\"><\/circle><\/a><a xlink:href=\"#mapapt6\" \"#mapapt6\"=\"\" class=\"inline\"><circle cx=\"745\" cy=\"1649\" r=\"16\" opacity=\"0\"><\/circle><\/a><a xlink:href=\"#mapapt7\" href=\"#mapapt7\" class=\"inline\"><circle cx=\"949\" cy=\"1543\" r=\"16\" opacity=\"0\"><\/circle><\/a> <a xlink:href=\"#mapapt8\" href=\"#mapapt8\" class=\"inline\"><circle cx=\"794\" cy=\"1233\" r=\"16\" opacity=\"0\"><\/circle><\/a><a xlink:href=\"#mapapt9\" href=\"#mapapt9\" class=\"inline\"><circle cx=\"828\" cy=\"1262\" r=\"16\" opacity=\"0\"><\/circle><\/a><a xlink:href=\"#mapapt10\" href=\"#mapapt10\" class=\"inline\"><circle cx=\"843\" cy=\"1233\" r=\"16\" opacity=\"0\"><\/circle><\/a><a xlink:href=\"#mapapt11\" href=\"#mapapt11\" class=\"inline\"><circle cx=\"994\" cy=\"1172\" r=\"16\" opacity=\"0\"><\/circle><\/a><a xlink:href=\"#mapapt12\" href=\"#mapapt12\" class=\"inline\"><circle cx=\"482\" cy=\"575\" r=\"16\" opacity=\"0\"><\/circle><\/a><\/svg>\n\n<h3 class=\"wp-block-heading\">Antes e Depois<\/h3>\n\n<p>Arraste as setas no meio da imagem para visualizar as imagens a\u00e9reas da regi\u00e3o<\/p>\n\n<iframe loading=\"lazy\" class=\"juxtapose\" src=\"https:\/\/cdn.knightlab.com\/libs\/juxtapose\/latest\/embed\/index.html?uid=ac35f50a-5b05-11e9-8106-0edaf8f81e27\" width=\"100%\" height=\"832\" frameborder=\"0\"><\/iframe>\n\n<div id=\"impactos\"><\/div>\n<div data-render=\"planet4-blocks\/columns\" data-attributes=\"{&quot;attributes&quot;:{&quot;columns_block_style&quot;:&quot;icons&quot;,&quot;columns_title&quot;:&quot;Impactos&quot;,&quot;columns&quot;:[{&quot;title&quot;:&quot;    &quot;,&quot;description&quot;:&quot;   &quot;,&quot;cta_text&quot;:&quot;  &quot;},{&quot;description&quot;:&quot;Nos mais de 300 km do Rio Paraopeba analisados pela SOS Mata Atl\\u00e2ntica (desde a regi\\u00e3o de C\\u00f3rrego do Feij\\u00e3o at\\u00e9 o reservat\\u00f3rio de Retiro Baixo, em Felixl\\u00e2ndia), &lt;strong&gt;a \\u00e1gua estava impr\\u00f3pria, sem condi\\u00e7\\u00f5es de uso&lt;\\\/strong&gt;. A organiza\\u00e7\\u00e3o tamb\\u00e9m verificou que os rejeitos contaminaram at\\u00e9 o Rio S\\u00e3o Francisco, um dos mais importantes do Brasil&quot;,&quot;title&quot;:&quot;\\u00c1gua&quot;,&quot;attachment&quot;:&quot;https:\\\/\\\/www.greenpeace.org\\\/static\\\/planet4-brasil-stateless\\\/2019\\\/04\\\/5a1e13a4-brumadinho-ico-agua-150x150.png&quot;,&quot;attachment_srcset&quot;:false},{&quot;description&quot;:&quot;Segundo dados do Instituto Brasileiro do Meio Ambiente e dos Recursos Naturais Renov\\u00e1veis (Ibama), houve uma &lt;strong&gt;perda de 138 hectares de florestas nativas&lt;\\\/strong&gt;, o equivalente a &lt;strong&gt;153 campos de futebolu&lt;\\\/strong&gt;&quot;,&quot;title&quot;:&quot;Floresta&quot;,&quot;attachment&quot;:&quot;https:\\\/\\\/www.greenpeace.org\\\/static\\\/planet4-brasil-stateless\\\/2019\\\/04\\\/9546c66f-brumadinho-ico-florestas-150x150.png&quot;,&quot;attachment_srcset&quot;:false}],&quot;className&quot;:&quot;is-style-icons&quot;}}\"><\/div><div data-render=\"planet4-blocks\/columns\" data-attributes=\"{&quot;attributes&quot;:{&quot;columns_block_style&quot;:&quot;icons&quot;,&quot;columns&quot;:[{&quot;title&quot;:&quot;     &quot;,&quot;description&quot;:&quot;      &quot;},{&quot;attachment&quot;:&quot;https:\\\/\\\/www.greenpeace.org\\\/static\\\/planet4-brasil-stateless\\\/2019\\\/04\\\/3a2f86d6-brumadinho-ico-cidades-150x150.png&quot;,&quot;description&quot;:&quot;Ao menos &lt;strong&gt;17 munic\\u00edpios&lt;\\\/strong&gt; no entorno do Rio Paraopeba foram afetados, atingindo cerca de &lt;strong&gt;600 mil pessoas&lt;\\\/strong&gt;&quot;,&quot;title&quot;:&quot;Cidades&quot;,&quot;attachment_srcset&quot;:false},{&quot;description&quot;:&quot;Mais de &lt;strong&gt;250 v\\u00edtimas fatais&lt;\\\/strong&gt;, entre pessoas identificadas e desaparecidas, e um sem-n\\u00famero de animais&quot;,&quot;title&quot;:&quot;V\\u00edtimas&quot;,&quot;attachment&quot;:&quot;https:\\\/\\\/www.greenpeace.org\\\/static\\\/planet4-brasil-stateless\\\/2019\\\/04\\\/08b65155-brumadinho-ico-vitimas-150x150.png&quot;,&quot;attachment_srcset&quot;:false}],&quot;className&quot;:&quot;is-style-icons&quot;}}\"><\/div><p>&nbsp;<\/p>\n<p>&nbsp;<\/p>\n<h3 style=\"color: #009900;\">Greenpeace em Brumadinho<\/h3>\n<p>&nbsp;<\/p>\n\n<h3 class=\"wp-block-heading\">V\u00eddeos<\/h3>\n\n<div class=\"slider\">\n<div><iframe loading=\"lazy\" src=\"https:\/\/www.youtube.com\/embed\/lfOLXQ5nfYY\" allowfullscreen=\"allowfullscreen\" width=\"560\" height=\"315\" frameborder=\"0\"><\/iframe><\/div>\n<div><iframe loading=\"lazy\" src=\"https:\/\/www.youtube.com\/embed\/1iAZ5lwuERQ\" allowfullscreen=\"allowfullscreen\" width=\"560\" height=\"315\" frameborder=\"0\"><\/iframe><\/div>\n<div><iframe loading=\"lazy\" src=\"https:\/\/www.youtube.com\/embed\/l1c3Az1M4x8\" allowfullscreen=\"allowfullscreen\" width=\"560\" height=\"315\" frameborder=\"0\"><\/iframe><\/div>\n<div><iframe loading=\"lazy\" src=\"https:\/\/www.youtube.com\/embed\/Rh3eH9JKBAk\" allowfullscreen=\"allowfullscreen\" width=\"560\" height=\"315\" frameborder=\"0\"><\/iframe><\/div>\n<div><iframe loading=\"lazy\" src=\"https:\/\/www.youtube.com\/embed\/EdWwtoHffHM\" allowfullscreen=\"allowfullscreen\" width=\"560\" height=\"315\" frameborder=\"0\"><\/iframe><\/div>\n<\/div>\n\n<div class=\"wp-block-query posts-list p4-query-loop is-custom-layout-list is-layout-flow wp-block-query-is-layout-flow\">\n<div class=\"wp-block-group is-content-justification-space-between is-layout-flex wp-container-core-group-is-layout-3d213aab wp-block-group-is-layout-flex\">\n<h2 class=\"wp-block-heading\">Artigos<\/h2>\n\n\n<li class=\" wp-block-navigation-item see-all-link wp-block-navigation-link\"><a class=\"wp-block-navigation-item__content\"  href=\"http:\/\/www.greenpeace.org\/brasil\/noticias-e-historias\/\"><span class=\"wp-block-navigation-item__label\">See all stories<\/span><\/a><\/li><\/div>\n\n\n\n<p style=\"margin-top:24px;margin-bottom:36px\"><\/p>\n\n\n\n\n<ul class=\"wp-block-post-template is-layout-flow wp-block-post-template-is-layout-flow\"><li class=\"wp-block-post post-7984 post type-post status-publish format-standard has-post-thumbnail hentry category-transforme-a-sociedade tag-resista tag-mobilizacao p4-page-type-blog\">\n\n<div class=\"wp-block-columns is-layout-flex wp-container-core-columns-is-layout-9d6595d7 wp-block-columns-is-layout-flex\"><figure class=\"wp-block-post-featured-image\"><a href=\"https:\/\/www.greenpeace.org\/brasil\/blog\/credibilidade-jogada-na-lama\/\" target=\"_self\"  ><img loading=\"lazy\" decoding=\"async\" width=\"800\" height=\"600\" src=\"https:\/\/www.greenpeace.org\/static\/planet4-brasil-stateless\/2019\/03\/629b0369-gp0stszdb_web_size.jpg\" class=\"attachment-post-thumbnail size-post-thumbnail wp-post-image wp-stateless-item\" alt=\"Credibilidade jogada na lama\" style=\"object-fit:cover;\" srcset=\"https:\/\/www.greenpeace.org\/static\/planet4-brasil-stateless\/2019\/03\/629b0369-gp0stszdb_web_size.jpg 800w, https:\/\/www.greenpeace.org\/static\/planet4-brasil-stateless\/2019\/03\/629b0369-gp0stszdb_web_size-300x225.jpg 300w, https:\/\/www.greenpeace.org\/static\/planet4-brasil-stateless\/2019\/03\/629b0369-gp0stszdb_web_size-768x576.jpg 768w, https:\/\/www.greenpeace.org\/static\/planet4-brasil-stateless\/2019\/03\/629b0369-gp0stszdb_web_size-453x340.jpg 453w\" sizes=\"auto, (max-width: 800px) 100vw, 800px\" data-image-size=\"post-thumbnail\" data-stateless-media-bucket=\"planet4-brasil-stateless\" data-stateless-media-name=\"2019\/03\/629b0369-gp0stszdb_web_size.jpg\" \/><\/a><\/figure>\n\n\n<div class=\"wp-block-group is-layout-flow wp-block-group-is-layout-flow\">\n<div class=\"wp-block-group is-layout-flex wp-block-group-is-layout-flex\"><div class=\"wp-block-post-terms\"><a href=\"https:\/\/www.greenpeace.org\/brasil\/categoria\/greenpeace\/transforme-a-sociedade\/\">Transforme a Sociedade<\/a><\/div>\n\n<div class=\"taxonomy-post_tag wp-block-post-terms\"><a href=\"https:\/\/www.greenpeace.org\/brasil\/tag\/resista\/\" rel=\"tag\">Resista<\/a><span class=\"wp-block-post-terms__separator\"> <\/span><a href=\"https:\/\/www.greenpeace.org\/brasil\/tag\/mobilizacao\/\" rel=\"tag\">Mobiliza\u00e7\u00e3o<\/a><\/div><\/div>\n\n\n<h3 class=\"wp-block-post-title\"><a href=\"https:\/\/www.greenpeace.org\/brasil\/blog\/credibilidade-jogada-na-lama\/\" target=\"_self\" >Credibilidade jogada na lama<\/a><\/h3>\n\n<div class=\"wp-block-post-excerpt\"><p class=\"wp-block-post-excerpt__excerpt\">Falta de transpar\u00eancia no licenciamento e fiscaliza\u00e7\u00e3o de barragens faz aumentar medo de pessoas que vivem pr\u00f3ximas a empreendimentos miner\u00e1rios como o de Brumadinho <\/p><\/div>\n\n\n<div class=\"wp-block-group posts-list-meta is-layout-flow wp-block-group-is-layout-flow\"><span class='article-list-item-author'><a href='https:\/\/www.greenpeace.org\/brasil\/author\/mcampos\/'>Mariana Campos<\/a><\/span>\n\n<div class=\"wp-block-post-date\"><time datetime=\"2019-03-25T14:48:32-03:00\">25 de mar\u00e7o de 2019<\/time><\/div><\/div>\n<\/div>\n<\/div>\n\n<\/li><li class=\"wp-block-post post-7771 post type-post status-publish format-standard has-post-thumbnail hentry category-proteja-a-natureza tag-resista p4-page-type-blog\">\n\n<div class=\"wp-block-columns is-layout-flex wp-container-core-columns-is-layout-9d6595d7 wp-block-columns-is-layout-flex\"><figure class=\"wp-block-post-featured-image\"><a href=\"https:\/\/www.greenpeace.org\/brasil\/blog\/da-tragedia-de-mariana-para-brumadinho\/\" target=\"_self\"  ><img loading=\"lazy\" decoding=\"async\" width=\"1920\" height=\"1080\" src=\"https:\/\/www.greenpeace.org\/static\/planet4-brasil-stateless\/2019\/02\/5d668065-regiane-soares-rosa.jpg\" class=\"attachment-post-thumbnail size-post-thumbnail wp-post-image wp-stateless-item\" alt=\"Da trag\u00e9dia de Mariana para Brumadinho\" style=\"object-fit:cover;\" srcset=\"https:\/\/www.greenpeace.org\/static\/planet4-brasil-stateless\/2019\/02\/5d668065-regiane-soares-rosa.jpg 1920w, https:\/\/www.greenpeace.org\/static\/planet4-brasil-stateless\/2019\/02\/5d668065-regiane-soares-rosa-300x169.jpg 300w, https:\/\/www.greenpeace.org\/static\/planet4-brasil-stateless\/2019\/02\/5d668065-regiane-soares-rosa-768x432.jpg 768w, https:\/\/www.greenpeace.org\/static\/planet4-brasil-stateless\/2019\/02\/5d668065-regiane-soares-rosa-1024x576.jpg 1024w, https:\/\/www.greenpeace.org\/static\/planet4-brasil-stateless\/2019\/02\/5d668065-regiane-soares-rosa-510x287.jpg 510w\" sizes=\"auto, (max-width: 1920px) 100vw, 1920px\" data-image-size=\"post-thumbnail\" data-stateless-media-bucket=\"planet4-brasil-stateless\" data-stateless-media-name=\"2019\/02\/5d668065-regiane-soares-rosa.jpg\" \/><\/a><\/figure>\n\n\n<div class=\"wp-block-group is-layout-flow wp-block-group-is-layout-flow\">\n<div class=\"wp-block-group is-layout-flex wp-block-group-is-layout-flex\"><div class=\"wp-block-post-terms\"><a href=\"https:\/\/www.greenpeace.org\/brasil\/categoria\/greenpeace\/proteja-a-natureza\/\">Proteja a Natureza<\/a><\/div>\n\n<div class=\"taxonomy-post_tag wp-block-post-terms\"><a href=\"https:\/\/www.greenpeace.org\/brasil\/tag\/resista\/\" rel=\"tag\">Resista<\/a><\/div><\/div>\n\n\n<h3 class=\"wp-block-post-title\"><a href=\"https:\/\/www.greenpeace.org\/brasil\/blog\/da-tragedia-de-mariana-para-brumadinho\/\" target=\"_self\" >Da trag\u00e9dia de Mariana para Brumadinho<\/a><\/h3>\n\n<div class=\"wp-block-post-excerpt\"><p class=\"wp-block-post-excerpt__excerpt\">Regiane Soares \u00e9 pescadora e foi impactada pelo rompimento da barragem em Mariana. Agora, ela est\u00e1 em Brumadinho ajudando as pessoas ali a lutarem e conseguirem seus direitos frente \u00e0 Vale <\/p><\/div>\n\n\n<div class=\"wp-block-group posts-list-meta is-layout-flow wp-block-group-is-layout-flow\"><span class='article-list-item-author'><a href='https:\/\/www.greenpeace.org\/brasil\/author\/therrero\/'>Tha\u00eds Herrero<\/a><\/span>\n\n<div class=\"wp-block-post-date\"><time datetime=\"2019-02-28T18:42:44-03:00\">28 de fevereiro de 2019<\/time><\/div><\/div>\n<\/div>\n<\/div>\n\n<\/li><li class=\"wp-block-post post-7730 post type-post status-publish format-standard has-post-thumbnail hentry category-transforme-a-sociedade tag-mobilizacao tag-biodiversidade p4-page-type-blog\">\n\n<div class=\"wp-block-columns is-layout-flex wp-container-core-columns-is-layout-9d6595d7 wp-block-columns-is-layout-flex\"><figure class=\"wp-block-post-featured-image\"><a href=\"https:\/\/www.greenpeace.org\/brasil\/blog\/quanto-vale-a-palavra-da-vale\/\" target=\"_self\"  ><img loading=\"lazy\" decoding=\"async\" width=\"800\" height=\"534\" src=\"https:\/\/www.greenpeace.org\/static\/planet4-brasil-stateless\/2019\/02\/053960f4-gp0stszjd_web_size.jpg\" class=\"attachment-post-thumbnail size-post-thumbnail wp-post-image wp-stateless-item\" alt=\"Quanto vale a palavra da Vale?\" style=\"object-fit:cover;\" srcset=\"https:\/\/www.greenpeace.org\/static\/planet4-brasil-stateless\/2019\/02\/053960f4-gp0stszjd_web_size.jpg 800w, https:\/\/www.greenpeace.org\/static\/planet4-brasil-stateless\/2019\/02\/053960f4-gp0stszjd_web_size-300x200.jpg 300w, https:\/\/www.greenpeace.org\/static\/planet4-brasil-stateless\/2019\/02\/053960f4-gp0stszjd_web_size-768x513.jpg 768w, https:\/\/www.greenpeace.org\/static\/planet4-brasil-stateless\/2019\/02\/053960f4-gp0stszjd_web_size-510x340.jpg 510w\" sizes=\"auto, (max-width: 800px) 100vw, 800px\" data-image-size=\"post-thumbnail\" data-stateless-media-bucket=\"planet4-brasil-stateless\" data-stateless-media-name=\"2019\/02\/053960f4-gp0stszjd_web_size.jpg\" \/><\/a><\/figure>\n\n\n<div class=\"wp-block-group is-layout-flow wp-block-group-is-layout-flow\">\n<div class=\"wp-block-group is-layout-flex wp-block-group-is-layout-flex\"><div class=\"wp-block-post-terms\"><a href=\"https:\/\/www.greenpeace.org\/brasil\/categoria\/greenpeace\/transforme-a-sociedade\/\">Transforme a Sociedade<\/a><\/div>\n\n<div class=\"taxonomy-post_tag wp-block-post-terms\"><a href=\"https:\/\/www.greenpeace.org\/brasil\/tag\/mobilizacao\/\" rel=\"tag\">Mobiliza\u00e7\u00e3o<\/a><span class=\"wp-block-post-terms__separator\"> <\/span><a href=\"https:\/\/www.greenpeace.org\/brasil\/tag\/biodiversidade\/\" rel=\"tag\">Biodiversidade<\/a><\/div><\/div>\n\n\n<h3 class=\"wp-block-post-title\"><a href=\"https:\/\/www.greenpeace.org\/brasil\/blog\/quanto-vale-a-palavra-da-vale\/\" target=\"_self\" >Quanto vale a palavra da Vale?<\/a><\/h3>\n\n<div class=\"wp-block-post-excerpt\"><p class=\"wp-block-post-excerpt__excerpt\">Mineradora afirma que respeito \u00e0 vida \u00e9 seu principal valor, mas, com centenas de mortos em Brumadinho, vemos que a realidade \u00e9 outra <\/p><\/div>\n\n\n<div class=\"wp-block-group posts-list-meta is-layout-flow wp-block-group-is-layout-flow\"><span class='article-list-item-author'>Greenpeace Brasil<\/span>\n\n<div class=\"wp-block-post-date\"><time datetime=\"2019-02-25T17:22:38-03:00\">25 de fevereiro de 2019<\/time><\/div><\/div>\n<\/div>\n<\/div>\n\n<\/li><li class=\"wp-block-post post-7635 post type-post status-publish format-standard has-post-thumbnail hentry category-transforme-a-sociedade tag-resista p4-page-type-blog\">\n\n<div class=\"wp-block-columns is-layout-flex wp-container-core-columns-is-layout-9d6595d7 wp-block-columns-is-layout-flex\"><figure class=\"wp-block-post-featured-image\"><a href=\"https:\/\/www.greenpeace.org\/brasil\/blog\/quantas-vidas-valem-as-acoes-da-vale\/\" target=\"_self\"  ><img loading=\"lazy\" decoding=\"async\" width=\"1200\" height=\"801\" src=\"https:\/\/www.greenpeace.org\/static\/planet4-brasil-stateless\/2019\/02\/6ec340b0-gp0stszjk.jpg\" class=\"attachment-post-thumbnail size-post-thumbnail wp-post-image wp-stateless-item\" alt=\"Quantas vidas valem as a\u00e7\u00f5es da Vale?\" style=\"object-fit:cover;\" srcset=\"https:\/\/www.greenpeace.org\/static\/planet4-brasil-stateless\/2019\/02\/6ec340b0-gp0stszjk.jpg 1200w, https:\/\/www.greenpeace.org\/static\/planet4-brasil-stateless\/2019\/02\/6ec340b0-gp0stszjk-300x200.jpg 300w, https:\/\/www.greenpeace.org\/static\/planet4-brasil-stateless\/2019\/02\/6ec340b0-gp0stszjk-768x513.jpg 768w, https:\/\/www.greenpeace.org\/static\/planet4-brasil-stateless\/2019\/02\/6ec340b0-gp0stszjk-1024x684.jpg 1024w, https:\/\/www.greenpeace.org\/static\/planet4-brasil-stateless\/2019\/02\/6ec340b0-gp0stszjk-510x340.jpg 510w\" sizes=\"auto, (max-width: 1200px) 100vw, 1200px\" data-image-size=\"post-thumbnail\" data-stateless-media-bucket=\"planet4-brasil-stateless\" data-stateless-media-name=\"2019\/02\/6ec340b0-gp0stszjk.jpg\" \/><\/a><\/figure>\n\n\n<div class=\"wp-block-group is-layout-flow wp-block-group-is-layout-flow\">\n<div class=\"wp-block-group is-layout-flex wp-block-group-is-layout-flex\"><div class=\"wp-block-post-terms\"><a href=\"https:\/\/www.greenpeace.org\/brasil\/categoria\/greenpeace\/transforme-a-sociedade\/\">Transforme a Sociedade<\/a><\/div>\n\n<div class=\"taxonomy-post_tag wp-block-post-terms\"><a href=\"https:\/\/www.greenpeace.org\/brasil\/tag\/resista\/\" rel=\"tag\">Resista<\/a><\/div><\/div>\n\n\n<h3 class=\"wp-block-post-title\"><a href=\"https:\/\/www.greenpeace.org\/brasil\/blog\/quantas-vidas-valem-as-acoes-da-vale\/\" target=\"_self\" >Quantas vidas valem as a\u00e7\u00f5es da Vale?<\/a><\/h3>\n\n<div class=\"wp-block-post-excerpt\"><p class=\"wp-block-post-excerpt__excerpt\">Carolina de Moura Campos \u00e9 ambientalista e comprou a\u00e7\u00f5es da Vale para poder levar a voz da sociedade civil para dentro de uma das maiores empresas do Brasil. <\/p><\/div>\n\n\n<div class=\"wp-block-group posts-list-meta is-layout-flow wp-block-group-is-layout-flow\"><span class='article-list-item-author'><a href='https:\/\/www.greenpeace.org\/brasil\/author\/therrero\/'>Tha\u00eds Herrero<\/a><\/span>\n\n<div class=\"wp-block-post-date\"><time datetime=\"2019-02-19T16:35:41-03:00\">19 de fevereiro de 2019<\/time><\/div><\/div>\n<\/div>\n<\/div>\n\n<\/li><li class=\"wp-block-post post-7597 post type-post status-publish format-standard has-post-thumbnail hentry category-proteja-a-natureza tag-florestas tag-biodiversidade p4-page-type-blog\">\n\n<div class=\"wp-block-columns is-layout-flex wp-container-core-columns-is-layout-9d6595d7 wp-block-columns-is-layout-flex\"><figure class=\"wp-block-post-featured-image\"><a href=\"https:\/\/www.greenpeace.org\/brasil\/blog\/cade-a-floresta-que-estava-aqui-a-lama-da-vale-engoliu\/\" target=\"_self\"  ><img loading=\"lazy\" decoding=\"async\" width=\"800\" height=\"533\" src=\"https:\/\/www.greenpeace.org\/static\/planet4-brasil-stateless\/2019\/02\/ed583335-gp0stsyjq_web_size.jpg\" class=\"attachment-post-thumbnail size-post-thumbnail wp-post-image wp-stateless-item\" alt=\"Cad\u00ea a floresta que estava aqui? A lama da Vale engoliu\" style=\"object-fit:cover;\" srcset=\"https:\/\/www.greenpeace.org\/static\/planet4-brasil-stateless\/2019\/02\/ed583335-gp0stsyjq_web_size.jpg 800w, https:\/\/www.greenpeace.org\/static\/planet4-brasil-stateless\/2019\/02\/ed583335-gp0stsyjq_web_size-300x200.jpg 300w, https:\/\/www.greenpeace.org\/static\/planet4-brasil-stateless\/2019\/02\/ed583335-gp0stsyjq_web_size-768x512.jpg 768w, https:\/\/www.greenpeace.org\/static\/planet4-brasil-stateless\/2019\/02\/ed583335-gp0stsyjq_web_size-510x340.jpg 510w\" sizes=\"auto, (max-width: 800px) 100vw, 800px\" data-image-size=\"post-thumbnail\" data-stateless-media-bucket=\"planet4-brasil-stateless\" data-stateless-media-name=\"2019\/02\/ed583335-gp0stsyjq_web_size.jpg\" \/><\/a><\/figure>\n\n\n<div class=\"wp-block-group is-layout-flow wp-block-group-is-layout-flow\">\n<div class=\"wp-block-group is-layout-flex wp-block-group-is-layout-flex\"><div class=\"wp-block-post-terms\"><a href=\"https:\/\/www.greenpeace.org\/brasil\/categoria\/greenpeace\/proteja-a-natureza\/\">Proteja a Natureza<\/a><\/div>\n\n<div class=\"taxonomy-post_tag wp-block-post-terms\"><a href=\"https:\/\/www.greenpeace.org\/brasil\/tag\/florestas\/\" rel=\"tag\">Florestas<\/a><span class=\"wp-block-post-terms__separator\"> <\/span><a href=\"https:\/\/www.greenpeace.org\/brasil\/tag\/biodiversidade\/\" rel=\"tag\">Biodiversidade<\/a><\/div><\/div>\n\n\n<h3 class=\"wp-block-post-title\"><a href=\"https:\/\/www.greenpeace.org\/brasil\/blog\/cade-a-floresta-que-estava-aqui-a-lama-da-vale-engoliu\/\" target=\"_self\" >Cad\u00ea a floresta que estava aqui? A lama da Vale engoliu<\/a><\/h3>\n\n<div class=\"wp-block-post-excerpt\"><p class=\"wp-block-post-excerpt__excerpt\">Recupera\u00e7\u00e3o da natureza de Brumadinho e arredores pode levar centenas de anos, afirma pesquisadora <\/p><\/div>\n\n\n<div class=\"wp-block-group posts-list-meta is-layout-flow wp-block-group-is-layout-flow\"><span class='article-list-item-author'><a href='https:\/\/www.greenpeace.org\/brasil\/author\/mcampos\/'>Mariana Campos<\/a><\/span>\n\n<div class=\"wp-block-post-date\"><time datetime=\"2019-02-15T11:57:23-03:00\">15 de fevereiro de 2019<\/time><\/div><\/div>\n<\/div>\n<\/div>\n\n<\/li><li class=\"wp-block-post post-7532 post type-post status-publish format-standard has-post-thumbnail hentry category-transforme-a-sociedade tag-resista tag-biodiversidade p4-page-type-blog\">\n\n<div class=\"wp-block-columns is-layout-flex wp-container-core-columns-is-layout-9d6595d7 wp-block-columns-is-layout-flex\"><figure class=\"wp-block-post-featured-image\"><a href=\"https:\/\/www.greenpeace.org\/brasil\/blog\/ongs-internacionais-pedem-a-onu-que-exclua-vale-do-pacto-global\/\" target=\"_self\"  ><img loading=\"lazy\" decoding=\"async\" width=\"1200\" height=\"674\" src=\"https:\/\/www.greenpeace.org\/static\/planet4-brasil-stateless\/2019\/01\/78ef8033-gp0stsy88_medium_res.jpg\" class=\"attachment-post-thumbnail size-post-thumbnail wp-post-image wp-stateless-item\" alt=\"ONGs internacionais pedem \u00e0 ONU que exclua Vale do Pacto Global\" style=\"object-fit:cover;\" srcset=\"https:\/\/www.greenpeace.org\/static\/planet4-brasil-stateless\/2019\/01\/78ef8033-gp0stsy88_medium_res.jpg 1200w, https:\/\/www.greenpeace.org\/static\/planet4-brasil-stateless\/2019\/01\/78ef8033-gp0stsy88_medium_res-300x169.jpg 300w, https:\/\/www.greenpeace.org\/static\/planet4-brasil-stateless\/2019\/01\/78ef8033-gp0stsy88_medium_res-768x431.jpg 768w, https:\/\/www.greenpeace.org\/static\/planet4-brasil-stateless\/2019\/01\/78ef8033-gp0stsy88_medium_res-1024x575.jpg 1024w, https:\/\/www.greenpeace.org\/static\/planet4-brasil-stateless\/2019\/01\/78ef8033-gp0stsy88_medium_res-510x286.jpg 510w\" sizes=\"auto, (max-width: 1200px) 100vw, 1200px\" data-image-size=\"post-thumbnail\" data-stateless-media-bucket=\"planet4-brasil-stateless\" data-stateless-media-name=\"2019\/01\/78ef8033-gp0stsy88_medium_res.jpg\" \/><\/a><\/figure>\n\n\n<div class=\"wp-block-group is-layout-flow wp-block-group-is-layout-flow\">\n<div class=\"wp-block-group is-layout-flex wp-block-group-is-layout-flex\"><div class=\"wp-block-post-terms\"><a href=\"https:\/\/www.greenpeace.org\/brasil\/categoria\/greenpeace\/transforme-a-sociedade\/\">Transforme a Sociedade<\/a><\/div>\n\n<div class=\"taxonomy-post_tag wp-block-post-terms\"><a href=\"https:\/\/www.greenpeace.org\/brasil\/tag\/resista\/\" rel=\"tag\">Resista<\/a><span class=\"wp-block-post-terms__separator\"> <\/span><a href=\"https:\/\/www.greenpeace.org\/brasil\/tag\/biodiversidade\/\" rel=\"tag\">Biodiversidade<\/a><\/div><\/div>\n\n\n<h3 class=\"wp-block-post-title\"><a href=\"https:\/\/www.greenpeace.org\/brasil\/blog\/ongs-internacionais-pedem-a-onu-que-exclua-vale-do-pacto-global\/\" target=\"_self\" >ONGs internacionais pedem \u00e0 ONU que exclua Vale do Pacto Global<\/a><\/h3>\n\n<div class=\"wp-block-post-excerpt\"><p class=\"wp-block-post-excerpt__excerpt\">Em carta enviada \u00e0 ONU, entidades denunciam que rompimento da barragem em Brumadinho \u00e9 uma \u201cs\u00e9ria viola\u00e7\u00e3o de direitos humanos\u201d com \u201cgraves danos ambientais\u201d <\/p><\/div>\n\n\n<div class=\"wp-block-group posts-list-meta is-layout-flow wp-block-group-is-layout-flow\"><span class='article-list-item-author'>Greenpeace Brasil<\/span>\n\n<div class=\"wp-block-post-date\"><time datetime=\"2019-02-12T18:27:11-03:00\">12 de fevereiro de 2019<\/time><\/div><\/div>\n<\/div>\n<\/div>\n\n<\/li><\/ul>\n\n\n<div class=\"wp-block-buttons carousel-controls is-horizontal is-content-justification-space-between is-nowrap is-layout-flex wp-container-core-buttons-is-layout-044bd602 wp-block-buttons-is-layout-flex\">\n<div class=\"wp-block-button carousel-control-prev\"><button type=\"button\" class=\"wp-block-button__link wp-element-button\">Anterior<\/button><\/div>\n\n\n\n<div class=\"wp-block-button carousel-control-next\"><button type=\"button\" class=\"wp-block-button__link wp-element-button\">Seguinte<\/button><\/div>\n<\/div>\n\n\n<li class=\" wp-block-navigation-item see-all-link wp-block-navigation-link\"><a class=\"wp-block-navigation-item__content\"  href=\"http:\/\/www.greenpeace.org\/brasil\/noticias-e-historias\/\"><span class=\"wp-block-navigation-item__label\">See all stories<\/span><\/a><\/li><\/div>\n<div id=\"mensagens\"><\/div>\n<div data-render=\"planet4-blocks\/columns\" data-attributes=\"{&quot;attributes&quot;:{&quot;columns_title&quot;:&quot;Mensagens de solidariedade de nossos seguidores&quot;,&quot;columns&quot;:[{&quot;title&quot;:&quot;   &quot;,&quot;description&quot;:&quot;&lt;em&gt;\\&quot;N\\u00e3o h\\u00e1 como n\\u00e3o se indignar com o descaso com que o mundo dos grandes neg\\u00f3cios reserva \\u00e0 vida humana, al\\u00e9m da vegetal e animal. Quantas vidas mais precisar\\u00e3o ser ceifadas, para que retornemos a padr\\u00f5es civilizacionais aceit\\u00e1veis?\\&quot;&lt;\\\/em&gt; Idevaldo da Silva Bodi\\u00e3o&quot;,&quot;link_new_tab&quot;:false},{&quot;title&quot;:&quot;   &quot;,&quot;description&quot;:&quot;&lt;em&gt;\\&quot;O Brasil chorou pelas vidas perdidas em Brumadinho,uma trag\\u00e9dia q poderia ser evitada.Estamos orando por vcs tds os dias,saibam q n\\u00e3o est\\u00e3o sozinhos..Vida vale mais q qualquer min\\u00e9rio!!\\&quot;&lt;\\\/em&gt; Katia Marques&quot;,&quot;link_new_tab&quot;:false},{&quot;title&quot;:&quot;  &quot;,&quot;description&quot;:&quot;&lt;em&gt;\\&quot;Apesar de ter acontecido v\\u00e1rias trag\\u00e9dias neste meu pa\\u00eds, esta em Brumadinho me abalou profundamente pela forma brutal como aconteceu.Foi um avalanche de lama, e aterrorizante para as pessoas e os animais que se encontravam afogadas na lama.\\&quot;&lt;\\\/em&gt; Normelia Silveirau&quot;,&quot;link_new_tab&quot;:false}],&quot;className&quot;:&quot;is-style-no_image&quot;,&quot;columns_block_style&quot;:&quot;no_image&quot;}}\"><\/div><div data-render=\"planet4-blocks\/columns\" data-attributes=\"{&quot;attributes&quot;:{&quot;columns&quot;:[{&quot;title&quot;:&quot;    &quot;,&quot;description&quot;:&quot;&lt;em&gt;\\&quot;For\\u00e7a! Voc\\u00eas n\\u00e3o est\\u00e3o s\\u00f3s\\u2764\\&quot;&lt;\\\/em&gt; Marilia Emilia Coelhou&quot;,&quot;link_new_tab&quot;:false},{&quot;title&quot;:&quot;  &quot;,&quot;description&quot;:&quot;&lt;em&gt;\\&quot;N\\u00e3o aceitamos mais o lucro se sobrepondo \\u00e0 vidas e todo o meio ambiente!\\&quot;&lt;\\\/em&gt; Patr\\u00edcia de Assisu&quot;,&quot;link_new_tab&quot;:false},{&quot;title&quot;:&quot;  &quot;,&quot;description&quot;:&quot;&lt;em&gt;\\&quot;N\\u00e3o foi acidente, foi crime! Esse crime precisa ser cobrado. #Justi\\u00e7aParaBrumadinhou\\&quot;&lt;\\\/em&gt; Edenaldo Jos\\u00e9 Teixeirau&quot;,&quot;link_new_tab&quot;:false}],&quot;className&quot;:&quot;is-style-no_image&quot;,&quot;columns_block_style&quot;:&quot;no_image&quot;}}\"><\/div>\n&nbsp;<br><br><br>\n<div style=\"display: block; height: 0px; overflow: hidden;\">\n<style> .sliders { background: #623f2b; padding: 1rem 2rem; font-family: Roboto; height: 30rem; overflow:hidden; } .sliders h2 { color:#FFF; } .sliders .texto { color:#FFF; font-size: 1.2rem; display:inline-block; width:42%; margin-right:2rem; margin-left:1rem; float: right; } .sliders .credito { font-size: 0.8rem; display:block; color:#CCC; margin-left: 50px; } .img-container { width: 45%; margin-left: 50px; display:inline-block !important; height:20rem !important; text-align: center; overflow:hidden; } .bx-wrapper {  } .sliders a.btn-leia-mais { background: #463023; color: #FFF; text-transform: uppercase; font-size: 0.9rem; font-weight: bold; padding: 0.3rem 0.6rem; float: right; border: 1px solid #463023; text-decoration: none; position: absolute; margin: -4rem 50px 0 50%; } .sliders a.btn-leia-mais:hover { border: 1px solid #FFF; } #cboxContent { background:none; } #cboxClose { display:none; } @media (max-width: 767px) { .sliders { height:auto; overflow: auto; max-height:100%; } .img-container { width:100%; margin-left: 0; } .sliders .texto { width:90%; font-size: 1rem; margin-right:10%; margin-left:0; }  .sliders .credito { margin-left:0.2rem; margin-top:-6%; text-shadow: 1px 1px 3px #000; } .sliders a.btn-leia-mais { margin:0; bottom:10%; right:10%; } }<\/style>\n<div id=\"mapapt1\" class=\"sliders\">\n<h2>Barragem de C\u00f3rrego do Feij\u00e3o<\/h2>\n<div class=\"slider\">\n<div>\n<div class=\"img-container\"><img decoding=\"async\" src=\"https:\/\/www.greenpeace.org\/static\/planet4-brasil-stateless\/2019\/01\/78ef8033-gp0stsy88_medium_res.jpg\"><\/div>\n<div class=\"texto\">Quase 13 milh\u00f5es de m\u00b3 de lama t\u00f3xica, com rejeitos de min\u00e9rio, avan\u00e7aram para a comunidade de C\u00f3rrego do Feij\u00e3o, em Brumadinho, destruindo casas, vegeta\u00e7\u00e3o e at\u00e9 uma ponte na estrada. A lama se espalhou, atravessou o Rio Paraopeba e chegou ao Rio S\u00e3o Francisco.<\/div>\n<div class=\"credito\">\u00a9 Fernanda Ligabue \/ Greenpeace<\/div>\n<\/div>\n<div>\n<div class=\"img-container\"><img decoding=\"async\" src=\"https:\/\/www.greenpeace.org\/static\/planet4-brasil-stateless\/2019\/04\/abda48f8-gp0stsy8g.jpg\"><\/div>\n<div class=\"texto\">C\u00f3rrego do Feij\u00e3o fica a apenas tr\u00eas quil\u00f4metros da barragem da Vale e cerca de 500 pessoas moravam ali. A lama t\u00f3xica chegou na comunidade minutos depois da barragem romper. As pessoas tiveram que deixar suas casas \u00e0s pressas e muitas perderam tudo o que tinham.<\/div>\n<div class=\"credito\">\u00a9 Fernanda Ligabue \/ Greenpeace<\/div>\n<\/div>\n<div>\n<div class=\"img-container\"><img decoding=\"async\" src=\"https:\/\/www.greenpeace.org\/static\/planet4-brasil-stateless\/2019\/04\/4745909d-gp0stszxd.jpg\"><\/div>\n<div class=\"texto\">Mais de 300 pessoas morreram engolidas pela lama t\u00f3xica. A maioria era de funcion\u00e1rios da Vale que trabalhavam ou almo\u00e7avam na hora do rompimento. O refeit\u00f3rio da empresa ficava abaixo da barragem e o alarme de emerg\u00eancia n\u00e3o tocou. Por isso, n\u00e3o houve tempo para que muitas dessas pessoas fugissem.<\/div>\n<div class=\"credito\">\u00a9 Christian Braga \/ Greenpeace<\/div>\n<\/div>\n<div>\n<div class=\"img-container\"><img decoding=\"async\" src=\"https:\/\/www.greenpeace.org\/static\/planet4-brasil-stateless\/2019\/04\/5078149f-gp0stsz4b.jpg\"><\/div>\n<div class=\"texto\">O trabalho incans\u00e1vel do Corpo de Bombeiros foi crucial para encontrar e identificar as v\u00edtimas. Mesmo com sal\u00e1rios atrasados, eles arriscaram a pr\u00f3pria vida na lama t\u00f3xica, em uma opera\u00e7\u00e3o sem data para acabar.<\/div>\n<div class=\"credito\">\u00a9 Nilmar Lage \/ Greenpeace<\/div>\n<\/div>\n<\/div>\n<p><a class=\"btn-leia-mais\" href=\"https:\/\/www.greenpeace.org\/brasil\/blog\/vale-faz-nova-vitima-brumadinho\/\" target=\"_blank\" rel=\"noopener noreferrer\">Saiba+<\/a><\/p>\n<\/div>\n<div id=\"mapapt2\" class=\"sliders\">\n<h2>Brumadinho<\/h2>\n<div class=\"slider\">\n<div>\n<div class=\"img-container\"><img decoding=\"async\" src=\"https:\/\/www.greenpeace.org\/static\/planet4-brasil-stateless\/2019\/04\/6d5813a4-gp0stsziy.jpg\"><\/div>\n<div class=\"texto\">Uma cidade inteira chorando. Diante de tantas v\u00edtimas da trag\u00e9dia, a frase &#8220;Brumadinho acabou&#8221; foi ouvida muitas vezes pela equipe do Greenpeace, quando est\u00e1vamos no munic\u00edpio.<\/div>\n<div class=\"credito\">\u00a9 Christian Braga \/ Greenpeace<\/div>\n<\/div>\n<div>\n<div class=\"img-container\"><img decoding=\"async\" src=\"https:\/\/www.greenpeace.org\/static\/planet4-brasil-stateless\/2019\/04\/22c75f5d-gp0stszjc.jpg\"><\/div>\n<div class=\"texto\">Todo mundo em Brumadinho conhece algu\u00e9m que morreu v\u00edtima de mais esse crime da Vale. Uma semana depois da trag\u00e9dia, uma vig\u00edlia reuniu os moradores da cidade para homenagear os mortos e desaparecidos.<\/div>\n<div class=\"credito\">\u00a9 Christian Braga \/ Greenpeace<\/div>\n<\/div>\n<div>\n<div class=\"img-container\"><img decoding=\"async\" src=\"https:\/\/www.greenpeace.org\/static\/planet4-brasil-stateless\/2019\/04\/78ab6516-gp0stszj4.jpg\"><\/div>\n<div class=\"texto\">\u00c9 grande o sentimento de revolta entre a popula\u00e7\u00e3o de Brumadinho \u2013 e de todo o Brasil. A indigna\u00e7\u00e3o aumentou ainda mais conforme as not\u00edcias mostraram que a Vale sabia do risco de rompimento da barragem, mas n\u00e3o tomou nenhuma provid\u00eancia.<\/div>\n<div class=\"credito\">\u00a9 Christian Braga \/ Greenpeace<\/div>\n<\/div>\n<div>\n<div class=\"img-container\"><img decoding=\"async\" src=\"https:\/\/www.greenpeace.org\/static\/planet4-brasil-stateless\/2019\/02\/6ec340b0-gp0stszjk.jpg\"><\/div>\n<div class=\"texto\">O rompimento da barragem em Brumadinho \u00e9 um crime que poderia ter sido evitado, se a Vale n\u00e3o enxergasse apenas o lucro e tivesse respeito por quem depende dela economicamente. A empresa atua no munic\u00edpio h\u00e1 30 anos e emprega direta e indiretamente milhares de pessoas.<\/div>\n<div class=\"credito\">\u00a9 Christian Braga \/ Greenpeace<\/div>\n<\/div>\n<\/div>\n<p><a class=\"btn-leia-mais\" href=\"https:\/\/www.greenpeace.org\/brasil\/podcast\/as-arvores-somos-nozes-09-brumadinho-relatos-de-um-crime\/\" target=\"_blank\" rel=\"noopener noreferrer\">Saiba+<\/a><\/p>\n<\/div>\n<div id=\"mapapt3\" class=\"sliders\">\n<h2>Parque Estadual da Serra do Rola-Mo\u00e7a<\/h2>\n<div class=\"slider\">\n<div>\n<div class=\"img-container\"><img decoding=\"async\" src=\"https:\/\/www.greenpeace.org\/static\/planet4-brasil-stateless\/2019\/01\/bf829302-gp0stsyjq_medium_res.jpg\"><\/div>\n<div class=\"texto\">A fauna e a flora de Brumadinho tamb\u00e9m sofreram grandes impactos. A regi\u00e3o contava com uma biodiversidade riqu\u00edssima e as \u00e1reas pr\u00f3ximas da barragem da Vale atuavam como ber\u00e7\u00e1rio para muitas esp\u00e9cies. Agora, essa pequena bacia hidrogr\u00e1fica est\u00e1 praticamente morta<\/div>\n<div class=\"credito\">\u00a9 Nilmar Lage \/ Greenpeace<\/div>\n<\/div>\n<div>\n<div class=\"img-container\"><img decoding=\"async\" src=\"https:\/\/www.greenpeace.org\/static\/planet4-brasil-stateless\/2019\/04\/3ef44475-gp0stszib.jpg\"><\/div>\n<div class=\"texto\">Por ser uma \u00e1rea de transi\u00e7\u00e3o entre Mata Atl\u00e2ntica e Cerrado, a import\u00e2ncia ecol\u00f3gica deste lugar \u00e9 enorme, porque abriga esp\u00e9cies animais e vegetais de ambos os biomas \u2014 muitas, inclusive, amea\u00e7adas de extin\u00e7\u00e3o, como o lobo-guar\u00e1.<\/div>\n<div class=\"credito\">\u00a9 Christian Braga \/ Greenpeace<\/div>\n<\/div>\n<div>\n<div class=\"img-container\"><img decoding=\"async\" src=\"https:\/\/www.greenpeace.org\/static\/planet4-brasil-stateless\/2019\/02\/1d7a25e5-gp0stsy7f_web_size.jpg\"><\/div>\n<div class=\"texto\">Uma \u00e1rea de 270 hectares, o equivalente a 300 campos de futebol, foi coberta pela lama t\u00f3xica, sendo que quase metade (138 hectares) era de floresta. A pesquisadora da UFOP Yasmine Antonini diz que a recupera\u00e7\u00e3o da natureza de Brumadinho pode levar centenas de anos.<\/div>\n<div class=\"credito\">\u00a9 Nilmar Lage \/ Greenpeace<\/div>\n<\/div>\n<div>\n<div class=\"img-container\"><img decoding=\"async\" src=\"https:\/\/www.greenpeace.org\/static\/planet4-brasil-stateless\/2019\/01\/49354c67-gp0stsy6z.jpg\"><\/div>\n<div class=\"texto\">A perda de animais dom\u00e9sticos e de cria\u00e7\u00e3o, como vacas, cachorros e gatos, tamb\u00e9m \u00e9 incalcul\u00e1vel. Esta \u00e9 uma das vacas que ficaram atoladas na lama da Vale, na comunidade de C\u00f3rrego do Feij\u00e3o, e que acabou sendo sacrificada.<\/div>\n<div class=\"credito\">\u00a9 Nilmar Lage \/ Greenpeace<\/div>\n<\/div>\n<\/div>\n<p><a class=\"btn-leia-mais\" href=\"https:\/\/www.greenpeace.org\/brasil\/blog\/cade-a-floresta-que-estava-aqui-a-lama-da-vale-engoliu\/\" target=\"_blank\" rel=\"noopener noreferrer\">Saiba+<\/a><\/p>\n<\/div>\n<div id=\"mapapt4\" class=\"sliders\">\n<h2>Comunidade C\u00f3rrego do Feij\u00e3o<\/h2>\n<div class=\"slider\">\n<div>\n<div class=\"img-container\"><img decoding=\"async\" src=\"https:\/\/www.greenpeace.org\/static\/planet4-brasil-stateless\/2019\/04\/68c76aa5-gp0stsybo.jpg\"><\/div>\n<div class=\"texto\">Quase dois mil bombeiros trabalharam nas buscas \u00e0s v\u00edtimas, acessando as \u00e1reas atingidas pelos rejeitos por trilha na mata ou por helic\u00f3ptero. A opera\u00e7\u00e3o j\u00e1 foi considerada a maior do tipo na hist\u00f3ria de Minas Gerais.<\/div>\n<div class=\"credito\">\u00a9 Nilmar Lage \/ Greenpeace<\/div>\n<\/div>\n<div>\n<div class=\"img-container\"><img decoding=\"async\" src=\"https:\/\/www.greenpeace.org\/static\/planet4-brasil-stateless\/2019\/04\/187cc020-gp0stsy7s.jpg\"><\/div>\n<div class=\"texto\">Arrastando-se na lama, os bombeiros passaram dias em contato com material t\u00f3xico contendo altas concentra\u00e7\u00f5es de ferro, am\u00f4nia e s\u00edlica, usados no processo de separa\u00e7\u00e3o do min\u00e9rio bruto. Alguns bombeiros apresentaram excesso de metais pesados no sangue.<\/div>\n<div class=\"credito\">\u00a9 Nilmar Lage \/ Greenpeace<\/div>\n<\/div>\n<div>\n<div class=\"img-container\"><img decoding=\"async\" src=\"https:\/\/www.greenpeace.org\/static\/planet4-brasil-stateless\/2019\/04\/4f6f5127-gp0stsybl.jpg\"><\/div>\n<div class=\"texto\">Tyara Fonseca, funcion\u00e1ria da Vale, ficou em estado de choque quando chegou ao local da trag\u00e9dia para atuar como bombeira volunt\u00e1ria no resgate das v\u00edtimas. Ela n\u00e3o acreditava no que haviam se transformado as instala\u00e7\u00f5es da mineradora: \u201cEu n\u00e3o via nada, s\u00f3 lama, lama, lama\u201d.<\/div>\n<div class=\"credito\">\u00a9 Nilmar Lage \/ Greenpeace<\/div>\n<\/div>\n<div>\n<div class=\"img-container\"><img decoding=\"async\" src=\"https:\/\/www.greenpeace.org\/static\/planet4-brasil-stateless\/2019\/04\/8c982cde-gp0stsy7r.jpg\"><\/div>\n<div class=\"texto\">Uma grande mobiliza\u00e7\u00e3o tomou conta de Brumadinho, com volunt\u00e1rios chegando de diferentes lugares para ajudar os atingidos com apoio e doa\u00e7\u00f5es. Para alguns, era dif\u00edcil conter a emo\u00e7\u00e3o ao acessarem a \u00e1rea impactada.<\/div>\n<div class=\"credito\">\u00a9 Nilmar Lage \/ Greenpeace<\/div>\n<\/div>\n<\/div>\n<p><a class=\"btn-leia-mais\" href=\"https:\/\/www.greenpeace.org\/brasil\/blog\/brumadinho-chora-e-se-ajuda\/\" target=\"_blank\" rel=\"noopener noreferrer\">Saiba+<\/a><\/p>\n<\/div>\n<div id=\"mapapt5\" class=\"sliders\">\n<h2>Comunidade Parque da Cachoeira<\/h2>\n<div class=\"slider\">\n<div>\n<div class=\"img-container\"><img decoding=\"async\" src=\"https:\/\/www.greenpeace.org\/static\/planet4-brasil-stateless\/2019\/04\/94adb0ff-gp0stszip.jpg\"><\/div>\n<div class=\"texto\">A at\u00e9 ent\u00e3o pacata comunidade Parque da Cachoeira, a cerca de nove quil\u00f4metros da barragem, tamb\u00e9m foi impactada pelos rejeitos, mas ali as pessoas tiveram tempo de fugir, evitando uma trag\u00e9dia ainda maior.<\/div>\n<div class=\"credito\">\u00a9 Christian Braga \/ Greenpeace<\/div>\n<\/div>\n<div>\n<div class=\"img-container\"><img decoding=\"async\" src=\"https:\/\/www.greenpeace.org\/static\/planet4-brasil-stateless\/2019\/04\/8919a0ba-gp0stsziv.jpg\"><\/div>\n<div class=\"texto\">Cerca de 50 casas foram atingidas, al\u00e9m de planta\u00e7\u00f5es e ch\u00e1caras que viraram um mar de lama. A Vale sabia que, em caso de rompimento da barragem, Parque da Cachoeira seria seriamente impactada.<\/div>\n<div class=\"credito\">\u00a9 Christian Braga \/ Greenpeace<\/div>\n<\/div>\n<div>\n<div class=\"img-container\"><img decoding=\"async\" src=\"https:\/\/www.greenpeace.org\/static\/planet4-brasil-stateless\/2019\/04\/455f8c38-gp0stszik.jpg\"><\/div>\n<div class=\"texto\">Al\u00e9m de ter varrido casas, a lama chegou at\u00e9 um c\u00f3rrego e po\u00e7os artesianos que abasteciam a comunidade. A popula\u00e7\u00e3o, sem \u00e1gua na torneira, ficou dependente de doa\u00e7\u00f5es de \u00e1gua mineral feitas pela Vale por muito tempo.<\/div>\n<div class=\"credito\">\u00a9 Christian Braga \/ Greenpeace<\/div>\n<\/div>\n<div>\n<div class=\"img-container\"><img decoding=\"async\" src=\"https:\/\/www.greenpeace.org\/static\/planet4-brasil-stateless\/2019\/04\/7b48e0c3-gp0stsyb1.jpg\"><\/div>\n<div class=\"texto\">&#8220;Dois dias ap\u00f3s o rompimento da barragem da Vale, Parque da Cachoeira viveu mais um momento de tens\u00e3o: devido ao risco de outra barragem se romper, os moradores que haviam ficado no local tiveram que ser retirados \u00e0s pressas.&#8221;<\/div>\n<div class=\"credito\">\u00a9 Nilmar Lage \/ Greenpeace<\/div>\n<\/div>\n<\/div>\n<p><a class=\"btn-leia-mais\" href=\"https:\/\/www.greenpeace.org\/brasil\/blog\/brumadinho-chora-e-se-ajuda\/\" target=\"_blank\" rel=\"noopener noreferrer\">Saiba+<\/a><\/p>\n<\/div>\n<div id=\"mapapt6\" class=\"sliders\">\n<h2>Centro Administrativo da Vale<\/h2>\n<div class=\"slider\">\n<div>\n<div class=\"img-container\"><img decoding=\"async\" src=\"https:\/\/www.greenpeace.org\/static\/planet4-brasil-stateless\/2019\/04\/3f32a745-gp0stsy7z.jpg\"><\/div>\n<div class=\"texto\">Poucos segundos depois da barragem romper, a lama atingiu o centro administrativo da Vale e uma ferrovia, levando pessoas e carros. O alarme de emerg\u00eancia que n\u00e3o tocou poderia ter evitado muitas mortes.<\/div>\n<div class=\"credito\">\u00a9 Fernanda Ligabue \/ Greenpeace<\/div>\n<\/div>\n<div>\n<div class=\"img-container\"><img decoding=\"async\" src=\"https:\/\/www.greenpeace.org\/static\/planet4-brasil-stateless\/2019\/04\/0f517823-gp0stsz49.jpg\"><\/div>\n<div class=\"texto\">A oficina e o refeit\u00f3rio da Vale ficavam numa \u00e1rea abaixo da barragem. Centenas de pessoas trabalhavam ou almo\u00e7avam no momento do rompimento. Essa localiza\u00e7\u00e3o arriscada s\u00f3 prova a neglig\u00eancia da Vale com a seguran\u00e7a dos trabalhadores e da popula\u00e7\u00e3o local.<\/div>\n<div class=\"credito\">\u00a9 Nilmar Lage \/ Greenpeace<\/div>\n<\/div>\n<div>\n<div class=\"img-container\"><img decoding=\"async\" src=\"https:\/\/www.greenpeace.org\/static\/planet4-brasil-stateless\/2019\/04\/10db5a66-gp0stsymm.jpg\"><\/div>\n<div class=\"texto\">A Articula\u00e7\u00e3o Internacional dos Atingidos pela Vale re\u00fane pessoas que tentam responsabilizar a empresa por trag\u00e9dias como a de Brumadinho e Mariana. Algumas delas at\u00e9 compraram a\u00e7\u00f5es para ter poder de voto dentro da empresa.<\/div>\n<div class=\"credito\">\u00a9 Nilmar Lage \/ Greenpeace<\/div>\n<\/div>\n<div>\n<div class=\"img-container\"><img decoding=\"async\" src=\"https:\/\/www.greenpeace.org\/static\/planet4-brasil-stateless\/2019\/02\/8c5bc6a9-gp0stszxf.jpg\"><\/div>\n<div class=\"texto\">Carolina Campos \u00e9 uma dessas acionistas. Meses antes da trag\u00e9dia em Brumadinho, ela se op\u00f4s \u00e0 continua\u00e7\u00e3o das atividades na Mina C\u00f3rrego do Feij\u00e3o e alertou a Vale sobre os riscos. \u201cUm massacre coletivo dessa magnitude n\u00e3o pode ficar impune, n\u00e3o. J\u00e1 basta toda a impunidade de Mariana\u201d, diz.<\/div>\n<div class=\"credito\">\u00a9 Christian Braga \/ Greenpeace<\/div>\n<\/div>\n<\/div>\n<p><a class=\"btn-leia-mais\" href=\"https:\/\/www.greenpeace.org\/brasil\/blog\/quantas-vidas-valem-as-acoes-da-vale\/\" target=\"_blank\" rel=\"noopener noreferrer\">Saiba+<\/a><\/p>\n<\/div>\n<div id=\"mapapt7\" class=\"sliders\">\n<h2>Comunidade Casa Branca<\/h2>\n<div class=\"slider\">\n<div>\n<div class=\"img-container\"><img decoding=\"async\" src=\"https:\/\/www.greenpeace.org\/static\/planet4-brasil-stateless\/2019\/04\/2aed1e10-gp0stszdc.jpg\"><\/div>\n<div class=\"texto\">Como confiar que outras barragens n\u00e3o v\u00e3o tirar vidas? A mineradora MGB vem tentando reativar a Mina Casa Branca, tamb\u00e9m em Brumadinho. Se as barragens dessa mina romperem, Casa Branca, a comunidade que mais recebe turistas na regi\u00e3o, ser\u00e1 totalmente destru\u00edda.<\/div>\n<div class=\"credito\">\u00a9 Nilmar Lage \/ Greenpeace<\/div>\n<\/div>\n<div>\n<div class=\"img-container\"><img decoding=\"async\" src=\"https:\/\/www.greenpeace.org\/static\/planet4-brasil-stateless\/2019\/03\/b051a24b-gp0stszdq_web_size.jpg\"><\/div>\n<div class=\"texto\">Wander Alves, comerciante e morador de Casa Branca, est\u00e1 receoso: \u201cMeu medo \u00e9 de ser atingido tamb\u00e9m, pego de surpresa. Assim como pegaram gente almo\u00e7ando em C\u00f3rrego do Feij\u00e3o, pode pegar pessoas se divertindo, turistas dentro do meu estabelecimento\u201d.<\/div>\n<div class=\"credito\">\u00a9 Nilmar Lage \/ Greenpeace<\/div>\n<\/div>\n<div>\n<div class=\"img-container\"><img decoding=\"async\" src=\"https:\/\/www.greenpeace.org\/static\/planet4-brasil-stateless\/2019\/04\/f9f29c57-gp0stszde.jpg\"><\/div>\n<div class=\"texto\">&#8220;A trag\u00e9dia em Brumadinho mostra que a forma como as barragens de minera\u00e7\u00e3o v\u00eam sendo licenciadas e fiscalizadas no Brasil \u00e9 equivocada, o que aumenta a desconfian\u00e7a e o medo das popula\u00e7\u00f5es que vivem pr\u00f3ximas a esses empreendimentos.&#8221;<\/div>\n<div class=\"credito\">\u00a9 Nilmar Lage \/ Greenpeace<\/div>\n<\/div>\n<div>\n<div class=\"img-container\"><img decoding=\"async\" src=\"https:\/\/www.greenpeace.org\/static\/planet4-brasil-stateless\/2019\/04\/501f4a8d-gp0stszdo.jpg\"><\/div>\n<div class=\"texto\">A professora Vera Baumfeld tem participado das discuss\u00f5es sobre licenciamento e fiscaliza\u00e7\u00e3o de barragens em Minas Gerais e atesta: h\u00e1 um acordo de cavalheiros entre os pol\u00edticos locais e as mineradoras, \u201cA tristeza \u00e9 saber que a gente pode estar prestes a enfrentar tudo isso de novo\u201d, diz.<\/div>\n<div class=\"credito\">\u00a9 Nilmar Lage \/ Greenpeace<\/div>\n<\/div>\n<\/div>\n<p><a class=\"btn-leia-mais\" href=\"https:\/\/www.greenpeace.org\/brasil\/blog\/credibilidade-jogada-na-lama\/\" target=\"_blank\" rel=\"noopener noreferrer\">Saiba+<\/a><\/p>\n<\/div>\n<div id=\"mapapt8\" class=\"sliders\">\n<h2>S\u00e3o Joaquim de Bicas<\/h2>\n<div class=\"slider\">\n<div>\n<div class=\"img-container\"><img decoding=\"async\" src=\"https:\/\/www.greenpeace.org\/static\/planet4-brasil-stateless\/2019\/04\/1e629382-gp0stszmv.jpg\"><\/div>\n<div class=\"texto\">O Rio Paraopeba foi uma das v\u00edtimas da lama t\u00f3xica da Vale, que trouxe altas concentra\u00e7\u00f5es de metais e aumentou em mais de cem vezes a turbidez da \u00e1gua. Nessas condi\u00e7\u00f5es, a \u00e1gua se torna inutiliz\u00e1vel e nenhuma forma de vida consegue sobreviver.<\/div>\n<div class=\"credito\">\u00a9 Christian Braga \/ Greenpeace<\/div>\n<\/div>\n<div>\n<div class=\"img-container\"><img decoding=\"async\" src=\"https:\/\/www.greenpeace.org\/static\/planet4-brasil-stateless\/2019\/02\/9416e149-gp0stszn0_medium_res_with_credit_line.jpg\"><\/div>\n<div class=\"texto\">Apenas uma semana depois do rompimento da barragem, an\u00e1lises mostravam que cerca de 40 quil\u00f4metros do Rio Paraopeba estavam mortos. Hoje, sabe-se que a contamina\u00e7\u00e3o chegou at\u00e9 o Rio S\u00e3o Francisco.<\/div>\n<div class=\"credito\">\u00a9 Christian Braga \/ Greenpeace<\/div>\n<\/div>\n<div>\n<div class=\"img-container\"><img decoding=\"async\" src=\"https:\/\/www.greenpeace.org\/static\/planet4-brasil-stateless\/2019\/04\/c1583807-gp0stszn1.jpg\"><\/div>\n<div class=\"texto\">A contamina\u00e7\u00e3o do Paraopeba impediu que a popula\u00e7\u00e3o continuasse a aproveitar o rio para lazer e pesca. Dias depois da trag\u00e9dia, a prefeitura do munic\u00edpio de Par\u00e1 de Minas interrompeu a capta\u00e7\u00e3o da \u00e1gua do rio, que abastece a popula\u00e7\u00e3o.<\/div>\n<div class=\"credito\">\u00a9 Christian Braga \/ Greenpeace<\/div>\n<\/div>\n<div>\n<div class=\"img-container\"><img decoding=\"async\" src=\"https:\/\/www.greenpeace.org\/static\/planet4-brasil-stateless\/2019\/04\/d092a88c-gp0stszmx.jpg\"><\/div>\n<div class=\"texto\">Lu\u00eds, morador de Brumadinho, observa o rio contaminado. Ele diz que aquilo \u00e9 triste demais. \u201cN\u00e3o d\u00e1 nem pra explicar, porque esse rio nunca teve essa cor. A gente via peixe nadando aqui. Agora acabou\u201d.<\/div>\n<div class=\"credito\">\u00a9 Christian Braga \/ Greenpeace<\/div>\n<\/div>\n<\/div>\n<p><a class=\"btn-leia-mais\" href=\"https:\/\/www.greenpeace.org\/brasil\/blog\/a-extensao-da-morte-do-rio-paraopeba\/\" target=\"_blank\" rel=\"noopener noreferrer\">Saiba+<\/a><\/p>\n<\/div>\n<div id=\"mapapt9\" class=\"sliders\">\n<h2>Aldeia Na\u00f4 Xoh\u00e3<\/h2>\n<div class=\"slider\">\n<div>\n<div class=\"img-container\"><img decoding=\"async\" src=\"https:\/\/www.greenpeace.org\/static\/planet4-brasil-stateless\/2019\/04\/740544f6-gp0stsyk1.jpg\"><\/div>\n<div class=\"texto\">O povo ind\u00edgena Patax\u00f3 H\u00e3-h\u00e3-h\u00e3e tamb\u00e9m foi impactado pela Vale. O trecho do Rio Paraopeba que passa ao lado da aldeia Na\u00f4 Xoh\u00e3, a 22 quil\u00f4metros da barragem, foi contaminado pelos rejeitos e por isso os ind\u00edgenas n\u00e3o podem mais us\u00e1-lo para pescar e tomar banho.<\/div>\n<div class=\"credito\">\u00a9 Nilmar Lage \/ Greenpeace<\/div>\n<\/div>\n<div>\n<div class=\"img-container\"><img decoding=\"async\" src=\"https:\/\/www.greenpeace.org\/static\/planet4-brasil-stateless\/2019\/01\/cb23ed7a-gp0stsyjy_medium_res.jpg\"><\/div>\n<div class=\"texto\">A vice-cacique Werrymery H\u00e3-h\u00e3-h\u00e3e mostra garrafas com amostras da \u00e1gua do rio. Uma coletada antes da lama t\u00f3xica chegar \u00e0 aldeia, e a outra quando os rejeitos atingiram esse ponto do rio. \u201cA terra est\u00e1 vomitando, ent\u00e3o ela n\u00e3o est\u00e1 bem. Tudo que destr\u00f3i a natureza destr\u00f3i a si mesmo\u201d, disse.<\/div>\n<div class=\"credito\">\u00a9 Nilmar Lage \/ Greenpeace<\/div>\n<\/div>\n<div>\n<div class=\"img-container\"><img decoding=\"async\" src=\"https:\/\/www.greenpeace.org\/static\/planet4-brasil-stateless\/2019\/01\/178cdad3-gp0stsyjv_medium_res.jpg\"><\/div>\n<div class=\"texto\">O cacique H\u00e1y\u00f4 H\u00e3-h\u00e3-h\u00e3e v\u00ea com preocupa\u00e7\u00e3o a proposta de permitir minera\u00e7\u00e3o em Terras Ind\u00edgenas, especialmente quando fica clara a falta de transpar\u00eancia das mineradoras. \u201cTemos que ter respeito \u00e0 natureza e dizer \u2018n\u00e3o\u2019 \u00e0 mineradora\u201d, diz.<\/div>\n<div class=\"credito\">\u00a9 Nilmar Lage \/ Greenpeace<\/div>\n<\/div>\n<div>\n<div class=\"img-container\"><img decoding=\"async\" src=\"https:\/\/www.greenpeace.org\/static\/planet4-brasil-stateless\/2019\/01\/3fd45e31-gp0stsyjk_medium_res.jpg\"><\/div>\n<div class=\"texto\">Ant\u00f4nia Remunganha \u00e9 a anci\u00e3 da aldeia e lamentava os \u00faltimos acontecimentos: \u201cIsso foi uma trag\u00e9dia muito dolorosa. S\u00f3 o tanto de gente que morreu, os peixinhos que a gente pegava pra comer\u2026 Hoje ningu\u00e9m pode pegar um peixe pra comer. O rio virou uma lama. O que ser\u00e1 de n\u00f3s?\u201d<\/div>\n<div class=\"credito\">\u00a9 Nilmar Lage \/ Greenpeace<\/div>\n<\/div>\n<\/div>\n<p><a class=\"btn-leia-mais\" href=\"https:\/\/www.greenpeace.org\/brasil\/blog\/a-terra-esta-vomitando\/\" target=\"_blank\" rel=\"noopener noreferrer\">Saiba+<\/a><\/p>\n<\/div>\n<div id=\"mapapt10\" class=\"sliders\">\n<h2>M\u00e1rio Campos<\/h2>\n<div class=\"slider\">\n<div>\n<div class=\"img-container\"><img decoding=\"async\" src=\"https:\/\/www.greenpeace.org\/static\/planet4-brasil-stateless\/2019\/02\/4301c64f-gp0stszxr_medium_res_with_credit_line.jpg\"><\/div>\n<div class=\"texto\">Muitos pequenos agricultores, como Alexandre Gon\u00e7alves, tinham o rio Paraopeba como fonte para irrigar suas hortas, que precisam de \u00e1gua o dia todo. Com o rio contaminado pela lama, eles tiveram a produ\u00e7\u00e3o altamente impactada.<\/div>\n<div class=\"credito\">\u00a9 Christian Braga \/ Greenpeace<\/div>\n<\/div>\n<div>\n<div class=\"img-container\"><img decoding=\"async\" src=\"https:\/\/www.greenpeace.org\/static\/planet4-brasil-stateless\/2019\/04\/6231eae2-gp0stszxw.jpg\"><\/div>\n<div class=\"texto\">Em M\u00e1rio Campos, h\u00e1 diversas planta\u00e7\u00f5es de alface, agri\u00e3o, rabanete, mostarda e br\u00f3colis. Boa parte delas alimenta a regi\u00e3o metropolitana de Belo Horizonte, mas, dias ap\u00f3s a trag\u00e9dia, a demanda por legumes e hortali\u00e7as diminuiu. Muitos compradores estavam com medo dos alimentos estarem contaminados.<\/div>\n<div class=\"credito\">\u00a9 Christian Braga \/ Greenpeace<\/div>\n<\/div>\n<div>\n<div class=\"img-container\"><img decoding=\"async\" src=\"https:\/\/www.greenpeace.org\/static\/planet4-brasil-stateless\/2019\/02\/76eae304-gp0stszxo_medium_res_with_credit_line.jpg\"><\/div>\n<div class=\"texto\">F\u00e1bio Adelardo \u00e9 um dos agricultores prejudicados pela impossibilidade de usar a \u00e1gua do rio. Uma semana depois do rompimento da barragem, ele demitiu tr\u00eas funcion\u00e1rios, pois sabia que venderia muito menos de suas hortali\u00e7as e legumes nos pr\u00f3ximos meses. &#8220;Sem o rio, n\u00e3o d\u00e1 para produzir&#8221;, diz.<\/div>\n<div class=\"credito\">\u00a9 Christian Braga \/ Greenpeace<\/div>\n<\/div>\n<div>\n<div class=\"img-container\"><img decoding=\"async\" src=\"https:\/\/www.greenpeace.org\/static\/planet4-brasil-stateless\/2019\/02\/e0cc5334-gp0stszy0_medium_res_with_credit_line.jpg\"><\/div>\n<div class=\"texto\">Desde que o rio em frente \u00e0 casa de Geraldo de Oliveira ficou cor de tijolo, ele a coleta em garrafas pl\u00e1sticas, esperando o dia em que ela estar\u00e1 limpa de novo. Quando isso acontecer, ele vai religar a bomba que traz a \u00e1gua do rio para regar sua pequena horta de salsinha e coentro.<\/div>\n<div class=\"credito\">\u00a9 Christian Braga \/ Greenpeace<\/div>\n<\/div>\n<\/div>\n<p><a class=\"btn-leia-mais\" href=\"https:\/\/www.greenpeace.org\/brasil\/blog\/agricultura-familiar-seca-diante-de-um-rio-paraopeba-morto\/\" target=\"_blank\" rel=\"noopener noreferrer\">Saiba+<\/a><\/p>\n<\/div>\n<div id=\"mapapt11\" class=\"sliders\">\n<h2>Belo Horizonte<\/h2>\n<div class=\"slider\">\n<div>\n<div class=\"img-container\"><img decoding=\"async\" src=\"https:\/\/www.greenpeace.org\/static\/planet4-brasil-stateless\/2019\/04\/4dc46517-gp0stsze3.jpg\"><\/div>\n<div class=\"texto\">Um ato tomou conta de ruas em Belo Horizonte seis dias ap\u00f3s o rompimento da barragem. Pessoas protestavam e exigiam que a Vale seja devidamente responsabilizada por mais esse crime.<\/div>\n<div class=\"credito\">\u00a9 Nilmar Lage \/ Greenpeace<\/div>\n<\/div>\n<div>\n<div class=\"img-container\"><img decoding=\"async\" src=\"https:\/\/www.greenpeace.org\/static\/planet4-brasil-stateless\/2019\/04\/47ea3445-gp0stsze8.jpg\"><\/div>\n<div class=\"texto\">A barragem de C\u00f3rrego do Feij\u00e3o teve sua categoria rebaixada para &#8220;de baixo risco&#8221; como uma forma de acelerar e facilitar seu licenciamento. O rompimento \u00e9 criminoso e \u00e9 mais um epis\u00f3dio decorrente do modelo predat\u00f3rio de minera\u00e7\u00e3o adotado pelo Estado brasileiro em coniv\u00eancia com as empresas que atuam no setor.<\/div>\n<div class=\"credito\">\u00a9 Nilmar Lage \/ Greenpeace<\/div>\n<\/div>\n<div>\n<div class=\"img-container\"><img decoding=\"async\" src=\"https:\/\/www.greenpeace.org\/static\/planet4-brasil-stateless\/2019\/04\/9549cf5d-gp0stszdy.jpg\"><\/div>\n<div class=\"texto\">A Vale \u00e9 a companhia privada que mais possui barragens no Brasil. S\u00e3o 175 no total, sendo 167 de conten\u00e7\u00e3o de rejeitos de minera\u00e7\u00e3o, como a de C\u00f3rrego do Feij\u00e3o. Tanto o Minist\u00e9rio P\u00fablico quanto a Ag\u00eancia Nacional de \u00c1guas v\u00eam relatando que cerca de um ter\u00e7o das barragens da Vale est\u00e3o em situa\u00e7\u00e3o de alto risco de colapso.<\/div>\n<div class=\"credito\">\u00a9 Nilmar Lage \/ Greenpeace<\/div>\n<\/div>\n<div>\n<div class=\"img-container\"><img decoding=\"async\" src=\"https:\/\/www.greenpeace.org\/static\/planet4-brasil-stateless\/2019\/04\/552a325e-gp0stszea.jpg\"><\/div>\n<div class=\"texto\">Com os crimes em Mariana e em Brumadinho, a Vale \u00e9 respons\u00e1vel pela morte de mais de 320 pessoas. A empresa j\u00e1 \u00e9 considerada uma das mineradoras que mais mataram no mundo.<\/div>\n<div class=\"credito\">\u00a9 Nilmar Lage \/ Greenpeace<\/div>\n<\/div>\n<\/div>\n<p><a class=\"btn-leia-mais\" href=\"https:\/\/twitter.com\/GreenpeaceBR\/status\/1091063971346567168\" target=\"_blank\" rel=\"noopener noreferrer\">Saiba+<\/a><\/p>\n<\/div>\n<div id=\"mapapt12\" class=\"sliders\">\n<h2>Usina Hidrel\u00e9trica Retiro Baixo<\/h2>\n<div class=\"slider\">\n<div>\n<div class=\"img-container\"><img decoding=\"async\" src=\"https:\/\/www.greenpeace.org\/static\/planet4-brasil-stateless\/2019\/04\/13aa9b14-gp0stszmq.jpg\"><\/div>\n<div class=\"texto\">A equipe do Greenpeace esteve no Rio Paraopeba, na altura do munic\u00edpio de Pomp\u00e9u, quando a lama da Vale ainda n\u00e3o havia alcan\u00e7ado a regi\u00e3o, o que aconteceu cerca de duas semanas ap\u00f3s o rompimento da barragem.<\/div>\n<div class=\"credito\">\u00a9 Christian Braga \/ Greenpeace<\/div>\n<\/div>\n<div>\n<div class=\"img-container\"><img decoding=\"async\" src=\"https:\/\/www.greenpeace.org\/static\/planet4-brasil-stateless\/2019\/04\/c8514c8f-gp0stszmn.jpg\"><\/div>\n<div class=\"texto\">Esta \u00e9 a Usina Hidrel\u00e9trica de Retiro Baixo, entre os munic\u00edpios de Pomp\u00e9u e Curvelo. Com o risco de contamina\u00e7\u00e3o, as turbinas foram desligadas para evitar que os rejeitos comprometessem seu funcionamento. A lama chegou ao reservat\u00f3rio 16 dias depois do rompimento.<\/div>\n<div class=\"credito\">\u00a9 Christian Braga \/ Greenpeace<\/div>\n<\/div>\n<div>\n<div class=\"img-container\"><img decoding=\"async\" src=\"https:\/\/www.greenpeace.org\/static\/planet4-brasil-stateless\/2019\/04\/1fc84a3e-gp0stszmj.jpg\"><\/div>\n<div class=\"texto\">Ap\u00f3s alcan\u00e7ar a usina, a \u00e1gua contaminada seguiu o curso do Rio Paraopeba e atingiu o Rio S\u00e3o Francisco. Segundo an\u00e1lises da SOS Mata Atl\u00e2ntica, as concentra\u00e7\u00f5es de ferro, mangan\u00eas, cromo e cobre estavam acima dos limites m\u00e1ximos permitidos na legisla\u00e7\u00e3o, tornando a \u00e1gua impr\u00f3pria para uso da popula\u00e7\u00e3o.<\/div>\n<div class=\"credito\">\u00a9 Christian Braga \/ Greenpeace<\/div>\n<\/div>\n<div>\n<div class=\"img-container\"><img decoding=\"async\" src=\"https:\/\/www.greenpeace.org\/static\/planet4-brasil-stateless\/2019\/04\/8085d1a9-gp0stszmm.jpg\"><\/div>\n<div class=\"texto\">Em carta enviada \u00e0 Organiza\u00e7\u00e3o das Na\u00e7\u00f5es Unidas (ONU), o Greenpeace e outras entidades denunciam que o rompimento da barragem em Brumadinho \u00e9 uma \u201cs\u00e9ria viola\u00e7\u00e3o de direitos humanos\u201d com \u201cgraves danos ambientais\u201d e pedem a exclus\u00e3o da Vale do Pacto Global, maior rede de responsabilidade social corporativa do mundo.<\/div>\n<div class=\"credito\">\u00a9 Christian Braga \/ Greenpeace<\/div>\n<\/div>\n<\/div>\n<p><a class=\"btn-leia-mais\" href=\"https:\/\/www.greenpeace.org\/brasil\/blog\/ongs-internacionais-pedem-a-onu-que-exclua-vale-do-pacto-global\/\" target=\"_blank\" rel=\"noopener noreferrer\">Saiba+<\/a><\/p>\n<\/div>\n<\/div>\n","protected":false},"excerpt":{"rendered":"<p>No dia 25 de janeiro de 2019, a barragem C\u00f3rrego do Feij\u00e3o, em Brumadinho (MG), se rompeu, soterrando com 13 milh\u00f5es de metros c\u00fabicos de lama t\u00f3xica tudo o que encontrava pelo caminho: pessoas, animais, florestas, casas\u2026 Casos como este, que podem se tornar mais frequentes com a flexibiliza\u00e7\u00e3o do licenciamento ambiental, n\u00e3o podem ser [&hellip;]<\/p>\n","protected":false},"author":44,"featured_media":8280,"parent":0,"menu_order":0,"comment_status":"closed","ping_status":"closed","template":"","meta":{"ep_exclude_from_search":false,"p4_hide_page_title_checkbox":"on","p4_title":"","p4_subtitle":"","p4_description":"","background_image_id":"","background_image":"","p4_button_title":"","p4_button_link":"","p4_button_link_checkbox":"","p4_og_title":"","p4_og_description":"","p4_og_image":"","p4_og_image_id":"","p4_seo_canonical_url":"","p4_campaign_name":"not set","p4_local_project":"not set","p4_basket_name":"not set","p4_department":"","footnotes":""},"categories":[5],"tags":[8,13],"class_list":["post-8083","page","type-page","status-publish","has-post-thumbnail","hentry","category-greenpeace","tag-resista","tag-greenpeace"],"_links":{"self":[{"href":"https:\/\/www.greenpeace.org\/brasil\/wp-json\/wp\/v2\/pages\/8083","targetHints":{"allow":["GET"]}}],"collection":[{"href":"https:\/\/www.greenpeace.org\/brasil\/wp-json\/wp\/v2\/pages"}],"about":[{"href":"https:\/\/www.greenpeace.org\/brasil\/wp-json\/wp\/v2\/types\/page"}],"author":[{"embeddable":true,"href":"https:\/\/www.greenpeace.org\/brasil\/wp-json\/wp\/v2\/users\/44"}],"replies":[{"embeddable":true,"href":"https:\/\/www.greenpeace.org\/brasil\/wp-json\/wp\/v2\/comments?post=8083"}],"version-history":[{"count":20,"href":"https:\/\/www.greenpeace.org\/brasil\/wp-json\/wp\/v2\/pages\/8083\/revisions"}],"predecessor-version":[{"id":61111,"href":"https:\/\/www.greenpeace.org\/brasil\/wp-json\/wp\/v2\/pages\/8083\/revisions\/61111"}],"wp:featuredmedia":[{"embeddable":true,"href":"https:\/\/www.greenpeace.org\/brasil\/wp-json\/wp\/v2\/media\/8280"}],"wp:attachment":[{"href":"https:\/\/www.greenpeace.org\/brasil\/wp-json\/wp\/v2\/media?parent=8083"}],"wp:term":[{"taxonomy":"category","embeddable":true,"href":"https:\/\/www.greenpeace.org\/brasil\/wp-json\/wp\/v2\/categories?post=8083"},{"taxonomy":"post_tag","embeddable":true,"href":"https:\/\/www.greenpeace.org\/brasil\/wp-json\/wp\/v2\/tags?post=8083"}],"curies":[{"name":"wp","href":"https:\/\/api.w.org\/{rel}","templated":true}]}}