{"id":39009,"date":"2020-06-17T01:13:40","date_gmt":"2020-06-17T05:13:40","guid":{"rendered":"https:\/\/www.greenpeace.org\/canada\/?page_id=39009"},"modified":"2024-07-31T16:23:03","modified_gmt":"2024-07-31T20:23:03","slug":"cafe-zero-dechet-votre-guide-pratique-pour-une-transition-reussie","status":"publish","type":"page","link":"https:\/\/www.greenpeace.org\/canada\/fr\/agir\/cafe-zero-dechet-votre-guide-pratique-pour-une-transition-reussie\/","title":{"rendered":"CAF\u00c9 Z\u00c9RO D\u00c9CHET : VOTRE GUIDE PRATIQUE POUR UNE TRANSITION R\u00c9USSIE!"},"content":{"rendered":"\n<div class=\"wp-block-group is-vertical is-layout-flex wp-container-core-group-is-layout-8cf370e7 wp-block-group-is-layout-flex\"><\/div>\n\n<h2 class=\"wp-block-heading\"><strong>POURQUOI UN CAF\u00c9 Z\u00c9RO D\u00c9CHET?<\/strong><\/h2>\n\n<style type=\"text\/css\">\n  .wp-block-button__link {\n    color: var(--btn-secondary-color, #074365) !important;\n  }\n  .wp-block-button__link:hover {\n    color: white !important;\n  }\n<\/style>\n\n<p>Avant tout, MERCI de consulter notre guide pratique pour une transition r\u00e9ussie vers un caf\u00e9 z\u00e9ro d\u00e9chet! Si vous \u00eates ici, c&rsquo;est que l&rsquo;int\u00e9r\u00eat pour des pratiques \u00e9coresponsables est bien pr\u00e9sent.<\/p>\n\n<p>L\u2019id\u00e9e de ce guide nous est venue en constatant la quantit\u00e9 de gobelets, tasses, pailles, couvercles et autres d\u00e9chets que nous voyons dans nos rues chaque jour. Ces articles jetables contenant du plastique sont partout dans nos vies et leurs cons\u00e9quences sur l\u2019environnement sont d\u00e9sastreuses.<\/p>\n\n<h4 class=\"wp-block-heading\"><strong>La bonne nouvelle, c\u2019est qu\u2019ensemble nous pouvons changer les choses et nous pouvons m\u00eame aller plus loin!<\/strong><\/h4>\n\n<p>Comme vous, nous croyons qu&rsquo;un mode de consommation moins g\u00e9n\u00e9rateur de d\u00e9chets est possible, d\u00e9sirable et r\u00e9alisable. Pour r\u00e9duire notre empreinte sur l\u2019environnement, il nous faut agir \u00e0 la source en misant sur le r\u00e9utilisable ainsi que sur une meilleure valorisation des ressources disponibles, de nos aliments et aussi de nos d\u00e9chets.<\/p>\n\n<p>Bien s\u00fbr, \u00e0 l\u2019\u00e8re du jetable, la t\u00e2che peut sembler immense. C\u2019est la raison pour laquelle les membres du Groupe local de  Greenpeace \u00e0 Montr\u00e9al sont all\u00e9\u00b7es \u00e0 la rencontre de cinq propri\u00e9taires de caf\u00e9s z\u00e9ro d\u00e9chet montr\u00e9alais qui nous ont donn\u00e9 leurs trucs et astuces pour entamer la transition. Vous allez voir, non seulement l&rsquo;objectif n\u2019est pas inatteignable, mais en plus \u00e7a vaut le \u00ab\u00a0co\u00fbt\u00a0\u00bb!<\/p>\n\n<div class=\"wp-block-buttons is-content-justification-center is-layout-flex wp-container-core-buttons-is-layout-16018d1d wp-block-buttons-is-layout-flex\">\n<div class=\"wp-block-button\"><a class=\"wp-block-button__link wp-element-button\" href=\"https:\/\/www.youtube.com\/playlist?list=PLSsMu1pCwi1XYxt51AtsBmEGv1a6K_x_f\" target=\"_blank\" rel=\"noreferrer noopener\">RETROUVEZ TOUTES NOS ENTREVUES EN VIDEO<\/a><\/div>\n<\/div>\n<div data-render=\"planet4-blocks\/columns\" data-attributes=\"{&quot;attributes&quot;:{&quot;columns_block_style&quot;:&quot;image&quot;,&quot;columns_title&quot;:&quot;LES \\u00c9TAPES POUR ENTAMER VOTRE TRANSITION&quot;,&quot;columns_description&quot;:&quot;Avant de commencer, la premi\\u00e8re question \\u00e0 vous poser est de savoir ce qui vous motive \\u00e0 d\\u00e9marrer cette transition. Cela peut-\\u00eatre par conscience \\u00e9cologique, pour r\\u00e9duire vos factures, pour l\\u2019image de votre caf\\u00e9... Toutes les raisons sont bonnes! Et elles vous aideront \\u00e0 garder le cap dans votre d\\u00e9marche de transition. \\n\\nBien s\\u00fbr, l\\u2019id\\u00e9e n\\u2019est pas de faire du z\\u00e9ro d\\u00e9chet \\u00e0 100%, mais bien de r\\u00e9duire l\\u00e0 o\\u00f9 c\\u2019est possible. \\u00c0 travers ces quelques \\u00e9tapes, vous arriverez \\u00e0 prioriser vos domaines d\\u2019actions et \\u00e0 trouver les moyens de les mettre en \\u0153uvre. &quot;,&quot;columns&quot;:[{&quot;title&quot;:&quot;\\u00c9TAPE 1 : R\\u00c9DUIRE VOTRE EMPREINTE PLASTIQUE&quot;,&quot;description&quot;:&quot;Les Canadien\\u00b7nes raffolent du caf\\u00e9. Qu\\u2019il soit pris pour emporter ou fait \\u00e0 la maison, le caf\\u00e9 est une habitude bien ancr\\u00e9e dans notre quotidien. Une habitude qui a un co\\u00fbt pour l\\u2019environnement. Mais les solutions existent!&quot;,&quot;attachment&quot;:&quot;https:\\\/\\\/www.greenpeace.org\\\/static\\\/planet4-canada-stateless\\\/2020\\\/03\\\/26b27a4f-gp0stu5r6_web_size_with_credit_line-510x340.jpg&quot;,&quot;cta_link&quot;:&quot;https:\\\/\\\/www.greenpeace.org\\\/canada\\\/fr\\\/etape-1-reduire-son-empreinte-plastique\\\/&quot;,&quot;cta_text&quot;:&quot;EN SAVOIR PLUS&quot;,&quot;link_new_tab&quot;:true,&quot;attachment_srcset&quot;:&quot;https:\\\/\\\/www.greenpeace.org\\\/static\\\/planet4-canada-stateless\\\/2020\\\/03\\\/26b27a4f-gp0stu5r6_web_size_with_credit_line-510x340.jpg 510w, https:\\\/\\\/www.greenpeace.org\\\/static\\\/planet4-canada-stateless\\\/2020\\\/03\\\/26b27a4f-gp0stu5r6_web_size_with_credit_line-300x200.jpg 300w, https:\\\/\\\/www.greenpeace.org\\\/static\\\/planet4-canada-stateless\\\/2020\\\/03\\\/26b27a4f-gp0stu5r6_web_size_with_credit_line-768x512.jpg 768w, https:\\\/\\\/www.greenpeace.org\\\/static\\\/planet4-canada-stateless\\\/2020\\\/03\\\/26b27a4f-gp0stu5r6_web_size_with_credit_line.jpg 800w&quot;},{&quot;title&quot;:&quot;\\u00c9TAPE 2 : R\\u00c9DUIRE LE GASPILLAGE ALIMENTAIRE&quot;,&quot;description&quot;:&quot;L\\u2019impact sur le climat du gaspillage alimentaire et de l&#039;enfouissement des r\\u00e9sidus alimentaires n\\u2019est pas n\\u00e9gligeable. Pour agir directement sur une des causes de la crise climatique tout en appuyant l\\u2019\\u00e9conomie locale, c&#039;est par ici!\\n&quot;,&quot;attachment&quot;:&quot;https:\\\/\\\/www.greenpeace.org\\\/static\\\/planet4-canada-stateless\\\/2020\\\/06\\\/f3b6d7a3-organic-food_bbcgoodfood-510x255.jpg&quot;,&quot;cta_link&quot;:&quot;https:\\\/\\\/www.greenpeace.org\\\/canada\\\/fr\\\/etape-2-reduire-le-gaspillage-alimentaire\\\/&quot;,&quot;cta_text&quot;:&quot;EN SAVOIR PLUS&quot;,&quot;link_new_tab&quot;:true,&quot;attachment_srcset&quot;:&quot;https:\\\/\\\/www.greenpeace.org\\\/static\\\/planet4-canada-stateless\\\/2020\\\/06\\\/f3b6d7a3-organic-food_bbcgoodfood-510x255.jpg 510w, https:\\\/\\\/www.greenpeace.org\\\/static\\\/planet4-canada-stateless\\\/2020\\\/06\\\/f3b6d7a3-organic-food_bbcgoodfood-300x150.jpg 300w, https:\\\/\\\/www.greenpeace.org\\\/static\\\/planet4-canada-stateless\\\/2020\\\/06\\\/f3b6d7a3-organic-food_bbcgoodfood.jpg 700w&quot;},{&quot;title&quot;:&quot;\\u00c9TAPE 3 : OPTER POUR LA R\\u00c9PARABILIT\\u00c9 ET LE SECONDE MAIN&quot;,&quot;description&quot;:&quot;La r\\u00e9parabilit\\u00e9 des objets figure parmi les premiers crit\\u00e8res de choix lors de l&#039;achat de nouveaux appareils ou d&#039;appareils d&#039;occasion. D&#039;autres part, le seconde main peut vous faire r\\u00e9aliser beaucoup d&#039;\\u00e9conomies sur l&#039;achat de mat\\u00e9riel et d&#039;\\u00e9quipement. &quot;,&quot;attachment&quot;:&quot;https:\\\/\\\/www.greenpeace.org\\\/static\\\/planet4-canada-stateless\\\/2020\\\/06\\\/33f80771-gp0stq3gt_medium_res-510x340.jpg&quot;,&quot;cta_link&quot;:&quot;https:\\\/\\\/www.greenpeace.org\\\/canada\\\/fr\\\/etape-3-opter-pour-la-reparabilite-et-le-seconde-main\\\/&quot;,&quot;cta_text&quot;:&quot;EN SAVOIR PLUS&quot;,&quot;link_new_tab&quot;:true,&quot;attachment_srcset&quot;:&quot;https:\\\/\\\/www.greenpeace.org\\\/static\\\/planet4-canada-stateless\\\/2020\\\/06\\\/33f80771-gp0stq3gt_medium_res-510x340.jpg 510w, https:\\\/\\\/www.greenpeace.org\\\/static\\\/planet4-canada-stateless\\\/2020\\\/06\\\/33f80771-gp0stq3gt_medium_res-300x200.jpg 300w, https:\\\/\\\/www.greenpeace.org\\\/static\\\/planet4-canada-stateless\\\/2020\\\/06\\\/33f80771-gp0stq3gt_medium_res-1024x683.jpg 1024w, https:\\\/\\\/www.greenpeace.org\\\/static\\\/planet4-canada-stateless\\\/2020\\\/06\\\/33f80771-gp0stq3gt_medium_res-768x512.jpg 768w, https:\\\/\\\/www.greenpeace.org\\\/static\\\/planet4-canada-stateless\\\/2020\\\/06\\\/33f80771-gp0stq3gt_medium_res.jpg 1200w&quot;}],&quot;className&quot;:&quot;is-style-image&quot;}}\"><\/div><div data-render=\"planet4-blocks\/columns\" data-attributes=\"{&quot;attributes&quot;:{&quot;columns_block_style&quot;:&quot;image&quot;,&quot;columns&quot;:[{&quot;title&quot;:&quot; \\u00c9TAPE 4 : METTRE EN PLACE UN PLAN D&#039;ACTION&quot;,&quot;description&quot;:&quot;Une transition r\\u00e9ussie est un processus d\\u2019am\\u00e9lioration continu qui n\\u00e9cessite la mise en place d\\u2019outils de suivi. Vous pourrez ainsi \\u00e9valuer le travail accompli.&quot;,&quot;attachment&quot;:&quot;https:\\\/\\\/www.greenpeace.org\\\/static\\\/planet4-canada-stateless\\\/2020\\\/07\\\/f345a02c-gp0stubwy_medium_res-1-510x340.jpg&quot;,&quot;cta_link&quot;:&quot;https:\\\/\\\/www.greenpeace.org\\\/canada\\\/fr\\\/etape-4-mettre-en-place-un-plan-daction\\\/&quot;,&quot;cta_text&quot;:&quot;EN SAVOIR PLUS&quot;,&quot;link_new_tab&quot;:true,&quot;attachment_srcset&quot;:&quot;https:\\\/\\\/www.greenpeace.org\\\/static\\\/planet4-canada-stateless\\\/2020\\\/07\\\/f345a02c-gp0stubwy_medium_res-1-510x340.jpg 510w, https:\\\/\\\/www.greenpeace.org\\\/static\\\/planet4-canada-stateless\\\/2020\\\/07\\\/f345a02c-gp0stubwy_medium_res-1-300x200.jpg 300w, https:\\\/\\\/www.greenpeace.org\\\/static\\\/planet4-canada-stateless\\\/2020\\\/07\\\/f345a02c-gp0stubwy_medium_res-1-1024x684.jpg 1024w, https:\\\/\\\/www.greenpeace.org\\\/static\\\/planet4-canada-stateless\\\/2020\\\/07\\\/f345a02c-gp0stubwy_medium_res-1-768x513.jpg 768w, https:\\\/\\\/www.greenpeace.org\\\/static\\\/planet4-canada-stateless\\\/2020\\\/07\\\/f345a02c-gp0stubwy_medium_res-1.jpg 1200w&quot;},{&quot;title&quot;:&quot;\\u00c9TAPE 5 : C\\u00c9L\\u00c9BRER VOTRE INITIATIVE&quot;,&quot;description&quot;:&quot;Votre transition ne doit pas se faire dans le silence. Informez votre communaut\\u00e9 de vos r\\u00e9alisations!\\n&quot;,&quot;attachment&quot;:&quot;https:\\\/\\\/www.greenpeace.org\\\/static\\\/planet4-canada-stateless\\\/2020\\\/07\\\/b7a75c80-gp0stu5r7_medium_res_with_credit_line-510x340.jpg&quot;,&quot;cta_link&quot;:&quot;https:\\\/\\\/www.greenpeace.org\\\/canada\\\/fr\\\/etape-5-celebrer-votre-initiative\\\/&quot;,&quot;cta_text&quot;:&quot;EN SAVOIR PLUS&quot;,&quot;link_new_tab&quot;:true,&quot;attachment_srcset&quot;:&quot;https:\\\/\\\/www.greenpeace.org\\\/static\\\/planet4-canada-stateless\\\/2020\\\/07\\\/b7a75c80-gp0stu5r7_medium_res_with_credit_line-510x340.jpg 510w, https:\\\/\\\/www.greenpeace.org\\\/static\\\/planet4-canada-stateless\\\/2020\\\/07\\\/b7a75c80-gp0stu5r7_medium_res_with_credit_line-300x200.jpg 300w, https:\\\/\\\/www.greenpeace.org\\\/static\\\/planet4-canada-stateless\\\/2020\\\/07\\\/b7a75c80-gp0stu5r7_medium_res_with_credit_line-1024x683.jpg 1024w, https:\\\/\\\/www.greenpeace.org\\\/static\\\/planet4-canada-stateless\\\/2020\\\/07\\\/b7a75c80-gp0stu5r7_medium_res_with_credit_line-768x512.jpg 768w, https:\\\/\\\/www.greenpeace.org\\\/static\\\/planet4-canada-stateless\\\/2020\\\/07\\\/b7a75c80-gp0stu5r7_medium_res_with_credit_line.jpg 1200w&quot;},{&quot;title&quot;:&quot;\\u00c9TAPE 6 : POUR ALLER PLUS LOIN&quot;,&quot;description&quot;:&quot;Voici d\\u2019autres solutions concr\\u00e8tes \\u00e0 mettre en place pour limiter votre empreinte et poursuivre votre transition vers un caf\\u00e9 \\u00e9coresponsable et z\\u00e9ro-d\\u00e9chet.&quot;,&quot;attachment&quot;:&quot;https:\\\/\\\/www.greenpeace.org\\\/static\\\/planet4-canada-stateless\\\/2020\\\/06\\\/b1025586-gp0stuan0_medium_res-510x340.jpg&quot;,&quot;cta_link&quot;:&quot;https:\\\/\\\/www.greenpeace.org\\\/canada\\\/fr\\\/etape-6-pour-aller-plus-loin\\\/&quot;,&quot;cta_text&quot;:&quot;EN SAVOIR PLUS&quot;,&quot;link_new_tab&quot;:true,&quot;attachment_srcset&quot;:&quot;https:\\\/\\\/www.greenpeace.org\\\/static\\\/planet4-canada-stateless\\\/2020\\\/06\\\/b1025586-gp0stuan0_medium_res-510x340.jpg 510w, https:\\\/\\\/www.greenpeace.org\\\/static\\\/planet4-canada-stateless\\\/2020\\\/06\\\/b1025586-gp0stuan0_medium_res-300x200.jpg 300w, https:\\\/\\\/www.greenpeace.org\\\/static\\\/planet4-canada-stateless\\\/2020\\\/06\\\/b1025586-gp0stuan0_medium_res-1024x683.jpg 1024w, https:\\\/\\\/www.greenpeace.org\\\/static\\\/planet4-canada-stateless\\\/2020\\\/06\\\/b1025586-gp0stuan0_medium_res-768x512.jpg 768w, https:\\\/\\\/www.greenpeace.org\\\/static\\\/planet4-canada-stateless\\\/2020\\\/06\\\/b1025586-gp0stuan0_medium_res.jpg 1200w&quot;}],&quot;className&quot;:&quot;is-style-image&quot;}}\"><\/div>\n<h2 class=\"wp-block-heading\">N&rsquo;OUBLIEZ PAS DE NOUS FAIRE PART DE VOTRE EXP\u00c9RIENCE DE TRANSITION!<\/h2>\n\n<p>Vous verrez, les avantages d\u2019une transition vers le z\u00e9ro-d\u00e9chet sont multiples :<\/p>\n\n<ul class=\"wp-block-list\">\n<li><strong>R\u00e9duction des co\u00fbts :<\/strong> En utilisant des options r\u00e9utilisables, vous investissez sur l\u2019avenir! Cela sera rentable \u00e0 court terme, en \u00e9conomisant sur l\u2019achat des produits jetables.<\/li>\n\n\n\n<li><strong>Fid\u00e9lisation de la client\u00e8le :<\/strong> Effectuer un virage z\u00e9ro-d\u00e9chet peut devenir pour vous un atout marketing tr\u00e8s fort aupr\u00e8s de votre client\u00e8le. Non seulement elle vous diff\u00e9rencie de vos concurrents mais ajoute \u00e9galement de la valeur \u00e0 votre \u00e9tablissement.<\/li>\n\n\n\n<li><strong>Nouveaux partenariats inspirants :<\/strong> Vous pourrez b\u00e9n\u00e9ficier du support d\u2019une communaut\u00e9 grandissante \u00e0 travers le r\u00e9seau La vague, les artisans, producteurs et d\u00e9taillants locaux.<\/li>\n<\/ul>\n\n<p><strong>Nous serions ravi\u00b7es d\u2019en savoir plus sur votre d\u00e9marche, ce que vous comptez mettre en place, ce qui a march\u00e9 pour vous.<\/strong> N&rsquo;h\u00e9sitez pas non plus \u00e0 nous faire part de votre opinion sur ce guide qui se veut d\u00e8s le d\u00e9part un outil collaboratif. Cela nous permettra de partager des infos sur nos r\u00e9seaux et de motiver d\u2019autres caf\u00e9s \u00e0 suivre le mouvement!<\/p>\n\n<p>Pour nous contacter, vous pouvez nous \u00e9crire \u00e0 travers notre <a rel=\"noreferrer noopener\" href=\"https:\/\/www.facebook.com\/Greenpeace.Groupe.Montreal\" target=\"_blank\">page Facebook<\/a>.<\/p>\n\n<h2 class=\"wp-block-heading\">MERCI \u00c0 NOS PARTENAIRES<\/h2>\n\n<p class=\"has-medium-font-size\"><a href=\"https:\/\/www.la-vague.ca\/\" target=\"_blank\" rel=\"noreferrer noopener\">R\u00e9seau La Vague &#8211; La Tasse<\/a> \/ <a href=\"https:\/\/www.le5e.cafe\/\" target=\"_blank\" rel=\"noreferrer noopener\">Caf\u00e9 le 5\u00e8me<\/a> \/ <a href=\"http:\/\/perkocafe.com\/#accueil\" target=\"_blank\" rel=\"noreferrer noopener\">Caf\u00e9 Perko<\/a> \/ <a href=\"http:\/\/www.lagrainebrulee.com\/\" target=\"_blank\" rel=\"noreferrer noopener\">La Graine Brul\u00e9e<\/a> \/ <a href=\"https:\/\/www.lesfaiseurs.ca\/\" target=\"_blank\" rel=\"noreferrer noopener\">Les Faiseurs<\/a> \/ <a href=\"https:\/\/www.la-cale.com\/\" target=\"_blank\" rel=\"noreferrer noopener\">La Cale &#8211; pub z\u00e9ro d\u00e9chet<\/a><\/p>\n\n<figure class=\"wp-block-image size-large  caption-style-medium caption-alignment-center\"><img loading=\"lazy\" decoding=\"async\" width=\"1024\" height=\"554\" src=\"https:\/\/www.greenpeace.org\/static\/planet4-canada-stateless\/2020\/07\/c5f4bd4e-logo-glm-1024x554.jpg\" alt=\"\" class=\"wp-image-41012\" srcset=\"https:\/\/www.greenpeace.org\/static\/planet4-canada-stateless\/2020\/07\/c5f4bd4e-logo-glm-1024x554.jpg 1024w, https:\/\/www.greenpeace.org\/static\/planet4-canada-stateless\/2020\/07\/c5f4bd4e-logo-glm-300x162.jpg 300w, https:\/\/www.greenpeace.org\/static\/planet4-canada-stateless\/2020\/07\/c5f4bd4e-logo-glm-768x416.jpg 768w, https:\/\/www.greenpeace.org\/static\/planet4-canada-stateless\/2020\/07\/c5f4bd4e-logo-glm-1536x832.jpg 1536w, https:\/\/www.greenpeace.org\/static\/planet4-canada-stateless\/2020\/07\/c5f4bd4e-logo-glm-510x276.jpg 510w, https:\/\/www.greenpeace.org\/static\/planet4-canada-stateless\/2020\/07\/c5f4bd4e-logo-glm.jpg 1989w\" sizes=\"auto, (max-width: 1024px) 100vw, 1024px\" \/><\/figure>\n\n<p><\/p>\n","protected":false},"excerpt":{"rendered":"<p>POURQUOI UN CAF\u00c9 Z\u00c9RO D\u00c9CHET? Avant tout, MERCI de consulter notre guide pratique pour une transition r\u00e9ussie vers un caf\u00e9 z\u00e9ro d\u00e9chet! Si vous \u00eates ici, c&rsquo;est que l&rsquo;int\u00e9r\u00eat pour des pratiques \u00e9coresponsables est bien pr\u00e9sent. L\u2019id\u00e9e de ce guide nous est venue en constatant la quantit\u00e9 de gobelets, tasses, pailles, couvercles et autres d\u00e9chets [&hellip;]<\/p>\n","protected":false},"author":16,"featured_media":30076,"parent":2214,"menu_order":0,"comment_status":"closed","ping_status":"closed","template":"","meta":{"ep_exclude_from_search":false,"p4_hide_page_title_checkbox":"","p4_title":"","p4_subtitle":"","p4_description":"","background_image_id":"","background_image":"","p4_button_title":"","p4_button_link":"","p4_button_link_checkbox":"","p4_og_title":"","p4_og_description":"","p4_og_image":"","p4_og_image_id":"","p4_seo_canonical_url":"","p4_campaign_name":"not set","p4_local_project":"not set","p4_basket_name":"not set","p4_department":"","footnotes":""},"categories":[21],"tags":[38],"class_list":["post-39009","page","type-page","status-publish","has-post-thumbnail","hentry","category-vivre-de-facon-durable","tag-alimentation"],"_links":{"self":[{"href":"https:\/\/www.greenpeace.org\/canada\/fr\/wp-json\/wp\/v2\/pages\/39009","targetHints":{"allow":["GET"]}}],"collection":[{"href":"https:\/\/www.greenpeace.org\/canada\/fr\/wp-json\/wp\/v2\/pages"}],"about":[{"href":"https:\/\/www.greenpeace.org\/canada\/fr\/wp-json\/wp\/v2\/types\/page"}],"author":[{"embeddable":true,"href":"https:\/\/www.greenpeace.org\/canada\/fr\/wp-json\/wp\/v2\/users\/16"}],"replies":[{"embeddable":true,"href":"https:\/\/www.greenpeace.org\/canada\/fr\/wp-json\/wp\/v2\/comments?post=39009"}],"version-history":[{"count":20,"href":"https:\/\/www.greenpeace.org\/canada\/fr\/wp-json\/wp\/v2\/pages\/39009\/revisions"}],"predecessor-version":[{"id":66928,"href":"https:\/\/www.greenpeace.org\/canada\/fr\/wp-json\/wp\/v2\/pages\/39009\/revisions\/66928"}],"up":[{"embeddable":true,"href":"https:\/\/www.greenpeace.org\/canada\/fr\/wp-json\/wp\/v2\/pages\/2214"}],"wp:featuredmedia":[{"embeddable":true,"href":"https:\/\/www.greenpeace.org\/canada\/fr\/wp-json\/wp\/v2\/media\/30076"}],"wp:attachment":[{"href":"https:\/\/www.greenpeace.org\/canada\/fr\/wp-json\/wp\/v2\/media?parent=39009"}],"wp:term":[{"taxonomy":"category","embeddable":true,"href":"https:\/\/www.greenpeace.org\/canada\/fr\/wp-json\/wp\/v2\/categories?post=39009"},{"taxonomy":"post_tag","embeddable":true,"href":"https:\/\/www.greenpeace.org\/canada\/fr\/wp-json\/wp\/v2\/tags?post=39009"}],"curies":[{"name":"wp","href":"https:\/\/api.w.org\/{rel}","templated":true}]}}