{"id":52347,"date":"2024-03-20T11:04:55","date_gmt":"2024-03-20T15:04:55","guid":{"rendered":"https:\/\/www.greenpeace.org\/canada\/?page_id=52347"},"modified":"2026-01-15T14:06:58","modified_gmt":"2026-01-15T19:06:58","slug":"protegez-la-biodiversite","status":"publish","type":"page","link":"https:\/\/www.greenpeace.org\/canada\/fr\/agir\/protegez-la-biodiversite\/","title":{"rendered":"Dites au gouvernement canadien d\u2019adopter une loi solide sur la protection de la nature"},"content":{"rendered":"\n\n<div class=\"wp-block-group alignfull is-layout-flow wp-block-group-is-layout-flow\">\n<div class=\"wp-block-group container is-layout-flow wp-block-group-is-layout-flow\">\n<div class=\"wp-block-media-text alignfull has-media-on-the-right is-stacked-on-mobile is-pattern-p4-page-header is-style-parallax\"><div class=\"wp-block-media-text__content\">\n<div class=\"wp-block-group is-layout-flow wp-block-group-is-layout-flow\">\n<h1 class=\"wp-block-heading has-white-background-color has-background\">Dites au gouvernement d&rsquo;adopter une loi forte sur la protection de la nature<\/h1>\n<\/div>\n\n\n\n<p style=\"font-size:1.12rem\">Les lois actuelles au Canada permettent aux entreprises et \u00e0 leurs profits de passer avant les droits des peuples autochtones et l&rsquo;environnement. Nous avons besoin d&rsquo;une loi forte sur la nature et la biodiversit\u00e9, \u00e9labor\u00e9e avec les communaut\u00e9s autochtones.<\/p>\n\n\n\n<div class=\"wp-block-buttons is-layout-flex wp-block-buttons-is-layout-flex\">\n                            \n\n                        <\/div>\n                        <div class=\"wp-block-button is-style-cta\">\n                            <a class=\"wp-block-button__link wp-element-button\" href=\"https:\/\/act.greenpeace.ca\/fr-ca\/protegez-la-biodiversite\" target=\"\" rel=\"noreferrer noopener\">\n                                PASSEZ \u00c0 L\u2019ACTION\n                            <\/a>\n                        <\/div>\n<\/div><figure class=\"wp-block-media-text__media\"><img loading=\"lazy\" decoding=\"async\" width=\"2560\" height=\"1707\" src=\"https:\/\/www.greenpeace.org\/static\/planet4-canada-stateless\/2022\/03\/1a944331-gp0stslkv_high_res-scaled.jpg\" alt=\"\" sizes=\"auto, (min-width: 601px) 50vw, 100vw\" srcset=\"https:\/\/www.greenpeace.org\/static\/planet4-canada-stateless\/2022\/03\/1a944331-gp0stslkv_high_res-scaled.jpg 2560w, https:\/\/www.greenpeace.org\/static\/planet4-canada-stateless\/2022\/03\/1a944331-gp0stslkv_high_res-300x200.jpg 300w, https:\/\/www.greenpeace.org\/static\/planet4-canada-stateless\/2022\/03\/1a944331-gp0stslkv_high_res-1024x683.jpg 1024w, https:\/\/www.greenpeace.org\/static\/planet4-canada-stateless\/2022\/03\/1a944331-gp0stslkv_high_res-768x512.jpg 768w, https:\/\/www.greenpeace.org\/static\/planet4-canada-stateless\/2022\/03\/1a944331-gp0stslkv_high_res-1536x1024.jpg 1536w, https:\/\/www.greenpeace.org\/static\/planet4-canada-stateless\/2022\/03\/1a944331-gp0stslkv_high_res-2048x1366.jpg 2048w, https:\/\/www.greenpeace.org\/static\/planet4-canada-stateless\/2022\/03\/1a944331-gp0stslkv_high_res-510x340.jpg 510w\" class=\"wp-image-52350 size-full\"\/><\/figure><\/div>\n<\/div>\n<\/div>\n\n\n<div class=\"wp-block-columns is-layout-flex wp-container-core-columns-is-layout-9d6595d7 wp-block-columns-is-layout-flex\">\n<div class=\"wp-block-column is-layout-flow wp-block-column-is-layout-flow\">\n<h2 class=\"wp-block-heading\">Le probl\u00e8me<\/h2>\n\n\n\n<p>Depuis longtemps, le Canada consid\u00e8re la nature comme un <strong>ressource \u00e0 exploiter<\/strong> plut\u00f4t que comme une <strong>richesse \u00e0 prot\u00e9ger<\/strong>.&nbsp;<\/p>\n\n\n\n<p>Cette politique d&rsquo;extraction sans retenue d\u00e9vaste les <a rel=\"noreferrer noopener\" href=\"https:\/\/www.newswire.ca\/fr\/news-releases\/le-gouvernement-du-canada-agit-pour-lutter-contre-le-declin-du-saumon-quinnat-du-fleuve-fraser-829910483.html\" data-type=\"URL\" data-id=\"https:\/\/www.newswire.ca\/fr\/news-releases\/le-gouvernement-du-canada-agit-pour-lutter-contre-le-declin-du-saumon-quinnat-du-fleuve-fraser-829910483.html\" target=\"_blank\">populations de saumon<\/a>, d\u00e9truit les derni\u00e8res <a rel=\"noreferrer noopener\" href=\"https:\/\/www.greenpeace.org\/canada\/fr\/blog-des-volontaires\/47783\/les-forets-anciennes-de-la-colombie-britannique-continuent-detre-abattues-sous-la-gouvernance-du-premier-ministre-john-horgan\/\" data-type=\"URL\" data-id=\"https:\/\/www.greenpeace.org\/canada\/fr\/blog-des-volontaires\/47783\/les-forets-anciennes-de-la-colombie-britannique-continuent-detre-abattues-sous-la-gouvernance-du-premier-ministre-john-horgan\/\" target=\"_blank\">for\u00eats anciennes<\/a> de la Colombie-Britannique et augmente nos \u00e9missions annuelles de <a rel=\"noreferrer noopener\" href=\"https:\/\/isfort.uqo.ca\/peut-on-reduire-les-gaz-a-effet-de-serre-en-coupant-les-vieilles-forets-la-nest-pas-la-question\/\" data-type=\"URL\" data-id=\"https:\/\/isfort.uqo.ca\/peut-on-reduire-les-gaz-a-effet-de-serre-en-coupant-les-vieilles-forets-la-nest-pas-la-question\/\" target=\"_blank\">gaz \u00e0 effet de serre<\/a>.<\/p>\n\n\n\n<p>Mais consid\u00e9rer la nature comme une <strong>entit\u00e9 distincte<\/strong> qui peut \u00eatre continuellement <strong>pill\u00e9e pour le profit<\/strong> est une grave erreur. Les for\u00eats, les rivi\u00e8res et les oc\u00e9ans qui alimentent la biodiversit\u00e9 du Canada sont <strong>essentiels pour nous aussi<\/strong>. Ils filtrent l&rsquo;eau que nous buvons, \u00e9liminent le carbone de l&rsquo;air et nourrissent les pollinisateurs qui aident nos cultures agricoles \u00e0 pousser.<\/p>\n\n\n\n<p>Ces \u00e9cosyst\u00e8mes sont \u00e9galement le <strong>territoire des peuples autochtones<\/strong>, qui veillent \u00e0 leur sant\u00e9 depuis des temps imm\u00e9moriaux et qui sont trop souvent criminalis\u00e9s pour les avoir d\u00e9fendus. <strong>Le respect des droits des peuples autochtones et la protection de la biodiversit\u00e9 sont les deux faces d&rsquo;une m\u00eame m\u00e9daille<\/strong>.&nbsp;<\/p>\n\n\n\n<p>Entre-temps, le gouvernement f\u00e9d\u00e9ral n&rsquo;a <a rel=\"noreferrer noopener\" href=\"https:\/\/www.canada.ca\/fr\/environnement-changement-climatique\/services\/indicateurs-environnementaux\/aires-conservees.html\" data-type=\"URL\" data-id=\"https:\/\/www.canada.ca\/fr\/environnement-changement-climatique\/services\/indicateurs-environnementaux\/aires-conservees.html\" target=\"_blank\">pas respect\u00e9 son engagement<\/a> de prot\u00e9ger 17 % des terres et des eaux douces du Canada en vertu de la Convention sur la diversit\u00e9 biologique. De puissants lobbies industriels nient l&rsquo;existence d&rsquo;un probl\u00e8me afin de retarder l&rsquo;action. Et les rares politiques en mati\u00e8re de biodiversit\u00e9 qui existent au Canada sont un m\u00e9li-m\u00e9lo fragment\u00e9 de lois provinciales, f\u00e9d\u00e9rales et territoriales qui subit <a rel=\"noreferrer noopener\" href=\"https:\/\/www.facetsjournal.com\/doi\/10.1139\/facets-2020-0075\" data-type=\"URL\" data-id=\"https:\/\/www.facetsjournal.com\/doi\/10.1139\/facets-2020-0075\" target=\"_blank\">d&rsquo;interminables retards<\/a>.<\/p>\n\n\n\n<p>Ce contexte juridique signifie que les gouvernements <strong>priorisent syst\u00e9matiquement les grandes entreprises<\/strong> plut\u00f4t que les <strong>droits des peuples autochtones et un environnement sain<\/strong>, ce qui acc\u00e9l\u00e8re le changement climatique et la perte de biodiversit\u00e9 \u00e0 grande \u00e9chelle.<\/p>\n<\/div>\n\n\n\n<div class=\"wp-block-column is-layout-flow wp-block-column-is-layout-flow\">\n<h2 class=\"wp-block-heading\">La solution<\/h2>\n\n\n\n<p>Le Canada a besoin d&rsquo;une <strong>loi solide sur la nature et la biodiversit\u00e9<\/strong> qui <strong>prot\u00e8ge la nature<\/strong> partout au pays \u2013 des for\u00eats les plus imposantes aux brins d\u2019herbes marins les plus petits \u2013 car chaque \u00e9l\u00e9ment d&rsquo;un syst\u00e8me naturel contribue au <a rel=\"noreferrer noopener\" href=\"https:\/\/www.theguardian.com\/news\/2018\/mar\/12\/what-is-biodiversity-and-why-does-it-matter-to-us\" data-type=\"URL\" data-id=\"https:\/\/www.theguardian.com\/news\/2018\/mar\/12\/what-is-biodiversity-and-why-does-it-matter-to-us\" target=\"_blank\">bon fonctionnement de l\u2019ensemble<\/a>.<\/p>\n\n\n\n<p>Cette loi devrait \u00eatre \u00e9labor\u00e9e en <strong>partenariat \u00e9troit avec les peuples autochtones<\/strong>, dont les droits et les connaissances sont essentiels \u00e0 la r\u00e9g\u00e9n\u00e9ration et \u00e0 la protection des terres vol\u00e9es. Elle devrait <strong>soustraire le pouvoir accord\u00e9 aux grandes entreprises<\/strong> afin de le remettre aux communaut\u00e9s les plus durement touch\u00e9es par la d\u00e9gradation de l&rsquo;environnement. Et elle devrait <strong>\u00e9tablir des objectifs fermes<\/strong> en mati\u00e8re de protection de la biodiversit\u00e9, assortis de rapports annuels \u00e0 l&rsquo;intention du public, afin de garantir la <strong>transparence et la reddition de comptes<\/strong>.<\/p>\n\n\n\n<p>Enfin, si les objectifs et les rapports sont importants, la loi sur la protection de la biodiversit\u00e9 doit insuffler un changement de valeurs au sein de nos gouvernements afin de favoriser l&rsquo;int\u00e9gration de la crise \u00e9cologique, du savoir autochtone et du r\u00e9tablissement de notre lien avec la nature \u00e0 <strong>tous les niveaux du processus d\u00e9cisionnel<\/strong>.<\/p>\n\n\n\n<hr class=\"wp-block-separator has-alpha-channel-opacity\"\/>\n\n\n\n<p style=\"font-size:15px\"><em><strong>Remarque<\/strong> : En tant qu&rsquo;organisation environnementale fond\u00e9e par des personnes d&rsquo;ascendance coloniale, Greenpeace Canada s&rsquo;efforce d&rsquo;\u00e9tablir une meilleure relation avec la Terre, une relation qui met l&rsquo;accent sur les exp\u00e9riences, les connaissances et les voix des peuples autochtones, qui sont les d\u00e9tenteurs des droits inh\u00e9rents aux terres sur lesquelles nous travaillons. Nous reconnaissons les torts caus\u00e9s au nom de la protection de la faune et de la flore par les campagnes pass\u00e9es de Greenpeace \u2013<\/em> <em>en particulier nos campagnes malencontreuses contre la chasse aux phoques. Dans un esprit d&rsquo;humilit\u00e9, de respect et de gratitude, nous reconnaissons les nombreuses personnes autochtones qui nous ont fait part de leurs diverses perspectives au fil des ans. Nous avons la responsabilit\u00e9 d&rsquo;\u00e9couter attentivement et d&rsquo;agir intentionnellement, en travaillant en partenariat pour construire un monde v\u00e9ritablement ax\u00e9 sur la d\u00e9colonisation.<\/em><\/p>\n<\/div>\n<\/div>\n<div data-render=\"planet4-blocks\/columns\" data-attributes=\"{&quot;attributes&quot;:{&quot;columns_block_style&quot;:&quot;tasks&quot;,&quot;columns_title&quot;:&quot;Dites au gouvernement canadien d\\u2019adopter une loi solide sur la protection de la nature&quot;,&quot;columns&quot;:[{&quot;title&quot;:&quot;Soutenez une loi solide sur la protection de la nature&quot;,&quot;description&quot;:&quot;Dites au ministre de l&#039;Environnement, Steven Guilbeault, d&#039;adopter une loi f\\u00e9d\\u00e9rale qui respecte la souverainet\\u00e9 autochtone et fixe des cibles fermes de protection de la nature.&quot;,&quot;cta_text&quot;:&quot;Signer la p\\u00e9tition&quot;,&quot;cta_link&quot;:&quot;https:\\\/\\\/act.greenpeace.ca\\\/fr-ca\\\/protegez-la-biodiversite&quot;,&quot;link_new_tab&quot;:false},{&quot;title&quot;:&quot;Lisez notre rapport \\u00ab Prot\\u00e9ger la nature, prot\\u00e9ger la vie \\u00bb&quot;,&quot;description&quot;:&quot;Lisez notre rapport r\\u00e9clamant l&#039;adoption d&#039;une loi sur la nature et la biodiversit\\u00e9 qui\\u00a0&lt;strong&gt;d\\u00e9colonise la protection de la nature&lt;\\\/strong&gt;, met les\\u00a0&lt;strong&gt;int\\u00e9r\\u00eats de&lt;\\\/strong&gt;s\\u00a0&lt;strong&gt;communaut\\u00e9s devant ceux des industries&lt;\\\/strong&gt;\\u00a0et assure une\\u00a0&lt;strong&gt;reddition de compte&lt;\\\/strong&gt;\\u00a0afin que le gouvernement atteigne ses cibles.&quot;,&quot;cta_text&quot;:&quot;Lire le rapport&quot;,&quot;cta_link&quot;:&quot;https:\\\/\\\/www.greenpeace.org\\\/static\\\/planet4-canada-stateless\\\/2022\\\/06\\\/e0df35a4-greenpeace-rapport-proteger-la-nature-proteger-la-vie.pdf&quot;},{&quot;title&quot;:&quot;Faire un don \\u00e0 Greenpeace&quot;,&quot;description&quot;:&quot;Votre don rend possible notre travail pour prot\\u00e9ger la biodiversit\\u00e9 et tenir notre gouvernement responsable&quot;,&quot;cta_text&quot;:&quot;Faire un don&quot;,&quot;cta_link&quot;:&quot;https:\\\/\\\/www.greenpeace.org\\\/canada\\\/fr\\\/faites-un-don\\\/&quot;,&quot;link_new_tab&quot;:false}],&quot;className&quot;:&quot;is-style-tasks&quot;}}\"><\/div>\n<div class=\"wp-block-query posts-list p4-query-loop is-custom-layout-carousel is-layout-flex wp-block-query-is-layout-flex\">\n<div class=\"wp-block-group is-content-justification-space-between is-layout-flex wp-container-core-group-is-layout-3d213aab wp-block-group-is-layout-flex\">\n<h2 class=\"wp-block-heading\"><\/h2>\n\n\n<li class=\" wp-block-navigation-item see-all-link wp-block-navigation-link\"><a class=\"wp-block-navigation-item__content\"  href=\"http:\/\/www.greenpeace.org\/canada\/en\/news-stories\/?tag=biodiversity&#038;post-type=\"><span class=\"wp-block-navigation-item__label\">Voir toutes les publications<\/span><\/a><\/li><\/div>\n\n\n\n<p style=\"margin-top:24px;margin-bottom:36px\"><\/p>\n\n\n<div class=\"wp-block-query-no-results\">\n\n<p>No posts found.<\/p>\n\n<\/div>\n\n\n\n\n<div class=\"wp-block-buttons carousel-controls is-horizontal is-content-justification-space-between is-nowrap is-layout-flex wp-container-core-buttons-is-layout-044bd602 wp-block-buttons-is-layout-flex\">\n<div class=\"wp-block-button carousel-control-prev\"><button type=\"button\" class=\"wp-block-button__link wp-element-button\">Prev<\/button><\/div>\n\n\n\n<div class=\"wp-block-button carousel-control-next\"><button type=\"button\" class=\"wp-block-button__link wp-element-button\">Next<\/button><\/div>\n<\/div>\n\n\n<li class=\" wp-block-navigation-item see-all-link wp-block-navigation-link\"><a class=\"wp-block-navigation-item__content\"  href=\"http:\/\/www.greenpeace.org\/canada\/en\/news-stories\/?tag=biodiversity&#038;post-type=\"><span class=\"wp-block-navigation-item__label\">See all stories<\/span><\/a><\/li><\/div>\n","protected":false},"excerpt":{"rendered":"<p>Le ministre de l&rsquo;Environnement doit adopter une loi qui respecte les droits des peuples autochtones et pr\u00e9serve la biodiversit\u00e9.<\/p>\n","protected":false},"author":12,"featured_media":52350,"parent":2214,"menu_order":0,"comment_status":"closed","ping_status":"closed","template":"","meta":{"ep_exclude_from_search":false,"p4_hide_page_title_checkbox":"on","p4_title":"","p4_subtitle":"","p4_description":"","background_image_id":"","background_image":"","p4_button_title":"","p4_button_link":"","p4_button_link_checkbox":"","p4_og_title":"Dites au gouvernement canadien d\u2019adopter une loi solide sur la protection de la nature","p4_og_description":"Les lois actuelles au Canada permettent aux entreprises et \u00e0 leurs profits de passer avant les droits autochtones et l'environnement. Nous avons besoin d'une loi forte sur la nature et la biodiversit\u00e9, \u00e9labor\u00e9e avec les communaut\u00e9s autochtones.","p4_og_image":"","p4_og_image_id":"","p4_seo_canonical_url":"","p4_campaign_name":"not set","p4_local_project":"not set","p4_basket_name":"not set","p4_department":"","footnotes":""},"categories":[19],"tags":[41,43],"class_list":["post-52347","page","type-page","status-publish","has-post-thumbnail","hentry","category-nature-fr","tag-climat","tag-forets"],"_links":{"self":[{"href":"https:\/\/www.greenpeace.org\/canada\/fr\/wp-json\/wp\/v2\/pages\/52347","targetHints":{"allow":["GET"]}}],"collection":[{"href":"https:\/\/www.greenpeace.org\/canada\/fr\/wp-json\/wp\/v2\/pages"}],"about":[{"href":"https:\/\/www.greenpeace.org\/canada\/fr\/wp-json\/wp\/v2\/types\/page"}],"author":[{"embeddable":true,"href":"https:\/\/www.greenpeace.org\/canada\/fr\/wp-json\/wp\/v2\/users\/12"}],"replies":[{"embeddable":true,"href":"https:\/\/www.greenpeace.org\/canada\/fr\/wp-json\/wp\/v2\/comments?post=52347"}],"version-history":[{"count":20,"href":"https:\/\/www.greenpeace.org\/canada\/fr\/wp-json\/wp\/v2\/pages\/52347\/revisions"}],"predecessor-version":[{"id":73734,"href":"https:\/\/www.greenpeace.org\/canada\/fr\/wp-json\/wp\/v2\/pages\/52347\/revisions\/73734"}],"up":[{"embeddable":true,"href":"https:\/\/www.greenpeace.org\/canada\/fr\/wp-json\/wp\/v2\/pages\/2214"}],"wp:featuredmedia":[{"embeddable":true,"href":"https:\/\/www.greenpeace.org\/canada\/fr\/wp-json\/wp\/v2\/media\/52350"}],"wp:attachment":[{"href":"https:\/\/www.greenpeace.org\/canada\/fr\/wp-json\/wp\/v2\/media?parent=52347"}],"wp:term":[{"taxonomy":"category","embeddable":true,"href":"https:\/\/www.greenpeace.org\/canada\/fr\/wp-json\/wp\/v2\/categories?post=52347"},{"taxonomy":"post_tag","embeddable":true,"href":"https:\/\/www.greenpeace.org\/canada\/fr\/wp-json\/wp\/v2\/tags?post=52347"}],"curies":[{"name":"wp","href":"https:\/\/api.w.org\/{rel}","templated":true}]}}