{"id":58449,"date":"2024-03-20T11:03:00","date_gmt":"2024-03-20T15:03:00","guid":{"rendered":"https:\/\/www.greenpeace.org\/canada\/agir\/non-a-lexploitation-miniere-en-eaux-profondes\/"},"modified":"2026-03-23T16:07:01","modified_gmt":"2026-03-23T20:07:01","slug":"stop-a-l-exploitation-miniere-en-eaux-profondes","status":"publish","type":"page","link":"https:\/\/www.greenpeace.org\/canada\/fr\/agir\/stop-a-l-exploitation-miniere-en-eaux-profondes\/","title":{"rendered":"NON \u00e0 l\u2019exploitation mini\u00e8re en eaux profondes"},"content":{"rendered":"\n\n<div class=\"wp-block-group alignfull is-layout-flow wp-block-group-is-layout-flow\">\n<div class=\"wp-block-group container is-layout-flow wp-block-group-is-layout-flow\">\n<div class=\"wp-block-media-text alignfull has-media-on-the-right is-stacked-on-mobile is-pattern-p4-page-header is-style-parallax\"><div class=\"wp-block-media-text__content\">\n<div class=\"wp-block-group is-layout-flow wp-block-group-is-layout-flow\">\n<h1 class=\"wp-block-heading has-white-background-color has-background\">\n                            Mettons fin \u00e0 l&rsquo;exploitation mini\u00e8re en eaux profondes avant qu&rsquo;il ne soit trop tard\n                        <\/h1>\n<\/div>\n\n\n\n<p style=\"font-size:1.12rem\">Les grands fonds marins constituent un v\u00e9ritable tr\u00e9sor de biodiversit\u00e9, essentiels dans notre lutte contre les changements climatiques. L&rsquo;exploitation mini\u00e8re en eaux profondes est une menace imminente pour son \u00e9quilibre. Agissons pour les prot\u00e9ger.<\/p>\n\n\n\n<div class=\"wp-block-buttons is-layout-flex wp-block-buttons-is-layout-flex\">\n                            \n\n                        <\/div>\n                        <div class=\"wp-block-button is-style-cta\">\n                            <a class=\"wp-block-button__link wp-element-button\" href=\"https:\/\/act.greenpeace.ca\/fr-ca\/stop-a-l-exploitation-miniere-en-eaux-profondes?utm_campaign=oceans-deepseamining&#038;utm_source=GPCAweb&#038;utm_medium=web&#038;utm_term=fr-20230501-sign-link&#038;utm_content=deepseamining.actpage.headerbutton\" target=\"_blank\" rel=\"noreferrer noopener\">\n                                Rejoignez-nous\n                            <\/a>\n                        <\/div>\n<\/div><figure class=\"wp-block-media-text__media\"><img loading=\"lazy\" decoding=\"async\" width=\"1894\" height=\"1422\" src=\"https:\/\/www.greenpeace.org\/static\/planet4-canada-stateless\/2023\/05\/7091c58e-petition-background-image-1.jpg\" alt=\"\" sizes=\"auto, (min-width: 601px) 50vw, 100vw\" srcset=\"https:\/\/www.greenpeace.org\/static\/planet4-canada-stateless\/2023\/05\/7091c58e-petition-background-image-1.jpg 1894w, https:\/\/www.greenpeace.org\/static\/planet4-canada-stateless\/2023\/05\/7091c58e-petition-background-image-1-300x225.jpg 300w, https:\/\/www.greenpeace.org\/static\/planet4-canada-stateless\/2023\/05\/7091c58e-petition-background-image-1-1024x769.jpg 1024w, https:\/\/www.greenpeace.org\/static\/planet4-canada-stateless\/2023\/05\/7091c58e-petition-background-image-1-768x577.jpg 768w, https:\/\/www.greenpeace.org\/static\/planet4-canada-stateless\/2023\/05\/7091c58e-petition-background-image-1-1536x1153.jpg 1536w, https:\/\/www.greenpeace.org\/static\/planet4-canada-stateless\/2023\/05\/7091c58e-petition-background-image-1-1819x1366.jpg 1819w, https:\/\/www.greenpeace.org\/static\/planet4-canada-stateless\/2023\/05\/7091c58e-petition-background-image-1-453x340.jpg 453w\" class=\"wp-image-58437 size-full\"\/><\/figure><\/div>\n<\/div>\n<\/div>\n\n<div data-render=\"planet4-blocks\/columns\" data-attributes=\"{&quot;attributes&quot;:{&quot;columns&quot;:[{&quot;title&quot;:&quot;Le probl\\u00e8me&quot;,&quot;description&quot;:&quot;Les soci\\u00e9t\\u00e9s mini\\u00e8res cherchent \\u00e0 exploiter les grands fonds marins; \\u00e0 d\\u00e9truire un patrimoine commun exceptionnel pour en tirer profit. Elles comptent utiliser des machines gigantesques pour tailler, gruger et extraire des min\\u00e9raux du plancher oc\\u00e9anique.&lt;br&gt;&lt;br&gt;Mais la communaut\\u00e9 scientifique nous alerte sur les risques et les dommages graves, et potentiellement irr\\u00e9versibles, que pourrait causer cette exploitation sur les grands fonds et sur les esp\\u00e8ces qu\\u2019ils abritent. Elle pourrait perturber les processus naturels de stockage du carbone  et affecter le mode de vie et les moyens de subsistance des communaut\\u00e9s c\\u00f4ti\\u00e8res et des peuples du Pacifique.&lt;br&gt;&lt;br&gt;Les entreprises mini\\u00e8res, dont la soci\\u00e9t\\u00e9 canadienne The Metals Company, font actuellement pression sur les gouvernements afin d\\u2019obtenir le feu vert.\\u00a0&lt;br&gt;&lt;br&gt;En pleine crises du climat et de la biodiversit\\u00e9, un soutien des gouvernements \\u00e0 l\\u2019exploitation mini\\u00e8re en eaux profondes est la derni\\u00e8re chose dont nous ayons besoin.&lt;br&gt;&lt;br&gt;&quot;},{&quot;description&quot;:&quot;Imaginez que nous puissions remonter le temps, \\u00e0 l\\u2019aube de l\\u2019\\u00e8re p\\u00e9troli\\u00e8re, afin d\\u2019emp\\u00eacher le d\\u00e9ploiement des forages p\\u00e9troliers en mer. Cela nous aurait permis d\\u2019\\u00e9viter bien des catastrophes environnementales et climatiques. C\\u2019est exactement l\\u00e0 o\\u00f9 nous en sommes avec l\\u2019exploitation mini\\u00e8re en eaux profondes. &lt;strong&gt;Nous avons une opportunit\\u00e9 unique d\\u2019emp\\u00eacher une nouvelle industrie de causer des dommages dans les oc\\u00e9ans.&lt;br&gt;&lt;br&gt;&lt;\\\/strong&gt;C\\u2019est pourquoi Greenpeace s&#039;est mobilis\\u00e9e, partout dans le monde, pour exhorter les gouvernements \\u00e0 &lt;strong&gt;mettre les fonds marins hors d\\u2019atteinte de l\\u2019industrie mini\\u00e8re&lt;\\\/strong&gt;, pour toujours. Aidez-nous \\u00e0 amplifier ce message.&lt;br&gt;&lt;br&gt;Nous devons unir nos forces, comme nous l\\u2019avons fait pour obtenir le trait\\u00e9 mondial sur les oc\\u00e9ans, afin de prot\\u00e9ger ces \\u00e9cosyst\\u00e8mes particuli\\u00e8rement pr\\u00e9cieux. &lt;strong&gt;Il est temps pour le gouvernement canadien de prendre fermement position contre l\\u2019industrie mini\\u00e8re en eaux profondes avant qu\\u2019elle ne se d\\u00e9ploie.&lt;\\\/strong&gt;&quot;,&quot;title&quot;:&quot;La solution&quot;}],&quot;className&quot;:&quot;is-style-no_image&quot;,&quot;columns_block_style&quot;:&quot;no_image&quot;}}\"><\/div><div data-render=\"planet4-blocks\/columns\" data-attributes=\"{&quot;attributes&quot;:{&quot;columns_block_style&quot;:&quot;tasks&quot;,&quot;columns&quot;:[{&quot;title&quot;:&quot;Soutenez notre campagne&quot;,&quot;description&quot;:&quot;Joignez-vous \\u00e0 nous pour appeler le Canada \\u00e0 prendre la d\\u00e9cision qui s\\u2019impose concernant l\\u2019exploitation mini\\u00e8re en eaux profondes.&quot;,&quot;cta_text&quot;:&quot;Signez la P\\u00e9tition&quot;,&quot;cta_link&quot;:&quot;https:\\\/\\\/act.greenpeace.ca\\\/fr-ca\\\/stop-a-l-exploitation-miniere-en-eaux-profondes?utm_campaign=oceans-deepseaminingu0026utm_source=GPCAwebu0026utm_medium=webu0026utm_term=fr-20230501-sign-linku0026utm_content=deepseamining.actpage.takeactionsection&quot;,&quot;link_new_tab&quot;:true},{&quot;title&quot;:&quot;Informez-vous&quot;,&quot;description&quot;:&quot;Apprenez-en davantage sur les dangers de l\\u2019exploitation mini\\u00e8re en eaux profondes, ainsi que sur le mouvement mondial grandissant qui compte y mettre fin.&quot;,&quot;cta_text&quot;:&quot;Renseignez-vous davantage&quot;,&quot;cta_link&quot;:&quot;https:\\\/\\\/www.greenpeace.org\\\/canada\\\/fr\\\/histoires\\\/58223\\\/lexploitation-miniere-en-eaux-profondes-une-menace-pour-locean-pacifique-malgre-ladoption-recente-dun-traite-mondial-sur-les-oceans\\\/&quot;,&quot;link_new_tab&quot;:true},{&quot;title&quot;:&quot;Faites un don&quot;,&quot;description&quot;:&quot;Votre don contribuera \\u00e0 renforcer notre campagne pour emp\\u00eacher le d\\u00e9ploiement de l\\u2019exploitation mini\\u00e8re en eaux profondes avant qu\\u2019il ne soit trop tard.&quot;,&quot;cta_text&quot;:&quot;Contribuez&quot;,&quot;cta_link&quot;:&quot;https:\\\/\\\/www.greenpeace.org\\\/canada\\\/fr\\\/faites-un-don\\\/&quot;,&quot;link_new_tab&quot;:true}],&quot;className&quot;:&quot;is-style-tasks&quot;}}\"><\/div>\n<figure class=\"wp-block-embed is-type-video is-provider-youtube wp-block-embed-youtube wp-embed-aspect-16-9 wp-has-aspect-ratio\"><div class=\"wp-block-embed__wrapper\">\n<iframe loading=\"lazy\" title=\"Stop Deep Sea Mining\" width=\"500\" height=\"281\" src=\"https:\/\/www.youtube.com\/embed\/016BVNn_9h0?feature=oembed\" frameborder=\"0\" allow=\"accelerometer; autoplay; clipboard-write; encrypted-media; gyroscope; picture-in-picture; web-share\" referrerpolicy=\"strict-origin-when-cross-origin\" allowfullscreen><\/iframe>\n<\/div><\/figure>\n\n<p>Les nodules polym\u00e9talliques (parfois appel\u00e9s mangan\u00e8se), qui reposent sur les s\u00e9diments de la zone de fracture de Clipperton, dans l\u2019oc\u00e9an Pacifique, jouent un r\u00f4le tr\u00e8s important. Ils fournissent un habitat fait de substrat solide pour les esp\u00e8ces immobiles, telles que les coraux et les \u00e9ponges, qui \u00e0 leur tour abritent d\u2019autres esp\u00e8ces. Un exemple bien connu de ce type d\u2019associations hautement sp\u00e9cialis\u00e9es est celui du poulpe fant\u00f4me (surnomm\u00e9 \u00ab Casper \u00bb) : ce n\u2019est que r\u00e9cemment que les scientifiques ont d\u00e9couvert que les nodules servent de lieux de reproduction pour cette esp\u00e8ce, qui pond ses oeufs sur des \u00e9ponges ne poussant que dans ce milieu, probablement des ann\u00e9es avant que ceux-ci n\u2019\u00e9closent. Sans les nodules polym\u00e9talliques, ni ces \u00e9ponges ni les poulpes fant\u00f4mes ne pourraient survivre et se d\u00e9velopper dans cette zone de grands fonds.<br><br>La collecte des nodules, form\u00e9s durant des millions d\u2019ann\u00e9es, supprimera un habitat essentiel \u00e0 la faune des grands fonds de mani\u00e8re potentiellement permanente. Il est en effet peu probable que cet \u00e9cosyst\u00e8me se r\u00e9tablisse pleinement apr\u00e8s le passage de l\u2019industrie mini\u00e8re.<\/p>\n\n<div class=\"wp-block-query posts-list p4-query-loop is-custom-layout-carousel is-layout-flex wp-block-query-is-layout-flex\">\n<div class=\"wp-block-group is-content-justification-space-between is-layout-flex wp-container-core-group-is-layout-3d213aab wp-block-group-is-layout-flex\">\n<h2 class=\"wp-block-heading\"><\/h2>\n\n\n<li class=\" wp-block-navigation-item see-all-link wp-block-navigation-link\"><a class=\"wp-block-navigation-item__content\"  href=\"http:\/\/www.greenpeace.org\/canada\/en\/news-stories\/?tag=oceans&#038;post-type=\"><span class=\"wp-block-navigation-item__label\">See all stories<\/span><\/a><\/li><\/div>\n\n\n\n<p style=\"margin-top:24px;margin-bottom:36px\"><\/p>\n\n\n\n\n<ul class=\"wp-block-post-template is-layout-flow wp-block-post-template-is-layout-flow\"><li class=\"wp-block-post post-74416 post type-post status-publish format-standard has-post-thumbnail hentry category-egalite category-nature-fr category-notre-travail category-oceans-fr tag-oceans-fr tag-justice-raciale tag-education p4-page-type-histoire\">\n\n<div class=\"wp-block-columns is-layout-flex wp-container-core-columns-is-layout-9d6595d7 wp-block-columns-is-layout-flex\"><figure class=\"wp-block-post-featured-image\"><a href=\"https:\/\/www.greenpeace.org\/canada\/fr\/histoire\/74416\/jai-travaille-avec-des-survivant%c2%b7es-de-violence-fondee-sur-le-genre-le-lien-entre-les-femmes-le-pouvoir-et-lextractivisme-environnemental-est-irrefutable\/\" target=\"_self\"  ><img loading=\"lazy\" decoding=\"async\" width=\"1920\" height=\"1015\" src=\"https:\/\/www.greenpeace.org\/static\/planet4-canada-stateless\/2026\/03\/6e17220a-fr_iwd_ocean_blogpreview.jpg\" class=\"attachment-post-thumbnail size-post-thumbnail wp-post-image wp-stateless-item\" alt=\"J\u2019ai travaill\u00e9 avec des survivant\u00b7es de violence fond\u00e9e sur le genre. Le lien entre les femmes, le pouvoir et l\u2019extractivisme environnemental est irr\u00e9futable.\" style=\"object-fit:cover;\" srcset=\"https:\/\/www.greenpeace.org\/static\/planet4-canada-stateless\/2026\/03\/6e17220a-fr_iwd_ocean_blogpreview.jpg 1920w, https:\/\/www.greenpeace.org\/static\/planet4-canada-stateless\/2026\/03\/6e17220a-fr_iwd_ocean_blogpreview-300x159.jpg 300w, https:\/\/www.greenpeace.org\/static\/planet4-canada-stateless\/2026\/03\/6e17220a-fr_iwd_ocean_blogpreview-1024x541.jpg 1024w, https:\/\/www.greenpeace.org\/static\/planet4-canada-stateless\/2026\/03\/6e17220a-fr_iwd_ocean_blogpreview-768x406.jpg 768w, https:\/\/www.greenpeace.org\/static\/planet4-canada-stateless\/2026\/03\/6e17220a-fr_iwd_ocean_blogpreview-1536x812.jpg 1536w, https:\/\/www.greenpeace.org\/static\/planet4-canada-stateless\/2026\/03\/6e17220a-fr_iwd_ocean_blogpreview-510x270.jpg 510w\" sizes=\"auto, (max-width: 1920px) 100vw, 1920px\" data-image-size=\"post-thumbnail\" data-stateless-media-bucket=\"planet4-canada-stateless\" data-stateless-media-name=\"2026\/03\/6e17220a-fr_iwd_ocean_blogpreview.jpg\" \/><\/a><\/figure>\n\n\n<div class=\"wp-block-group is-layout-flow wp-block-group-is-layout-flow\">\n<div class=\"wp-block-group is-layout-flow wp-block-group-is-layout-flow\"><div class=\"wp-block-post-terms\"><a href=\"https:\/\/www.greenpeace.org\/canada\/fr\/category\/notre-travail\/egalite\/\">\u00c9galit\u00e9<\/a><\/div>\n\n<div class=\"taxonomy-post_tag wp-block-post-terms\"><a href=\"https:\/\/www.greenpeace.org\/canada\/fr\/tag\/oceans-fr\/\" rel=\"tag\">Oc\u00e9ans<\/a><span class=\"wp-block-post-terms__separator\"> <\/span><a href=\"https:\/\/www.greenpeace.org\/canada\/fr\/tag\/justice-raciale\/\" rel=\"tag\">Justice Raciale<\/a><span class=\"wp-block-post-terms__separator\"> <\/span><a href=\"https:\/\/www.greenpeace.org\/canada\/fr\/tag\/education\/\" rel=\"tag\">\u00c9ducation<\/a><\/div><\/div>\n\n\n<h3 class=\"wp-block-post-title\"><a href=\"https:\/\/www.greenpeace.org\/canada\/fr\/histoire\/74416\/jai-travaille-avec-des-survivant%c2%b7es-de-violence-fondee-sur-le-genre-le-lien-entre-les-femmes-le-pouvoir-et-lextractivisme-environnemental-est-irrefutable\/\" target=\"_self\" >J\u2019ai travaill\u00e9 avec des survivant\u00b7es de violence fond\u00e9e sur le genre. Le lien entre les femmes, le pouvoir et l\u2019extractivisme environnemental est irr\u00e9futable.<\/a><\/h3>\n\n<div class=\"wp-block-post-excerpt\"><p class=\"wp-block-post-excerpt__excerpt\">Il y a vingt ans, je travaillais de nuit \u00e0 la ligne d\u2019\u00e9coute du Toronto Rape Crisis Centre\/Multi-cultural Women Against Rape <\/p><\/div>\n\n\n<div class=\"wp-block-group posts-list-meta is-layout-flow wp-block-group-is-layout-flow\"><span class='article-list-item-author'>Sheila Sampath<\/span>\n\n<div class=\"wp-block-post-date\"><time datetime=\"2026-03-08T21:35:42-04:00\">8 mars, 2026<\/time><\/div><\/div>\n<\/div>\n<\/div>\n\n<\/li><li class=\"wp-block-post post-73724 post type-post status-publish format-standard has-post-thumbnail hentry category-nature-fr category-oceans-fr tag-oceans-fr tag-biodiversite p4-page-type-histoire\">\n\n<div class=\"wp-block-columns is-layout-flex wp-container-core-columns-is-layout-9d6595d7 wp-block-columns-is-layout-flex\"><figure class=\"wp-block-post-featured-image\"><a href=\"https:\/\/www.greenpeace.org\/canada\/fr\/histoire\/73724\/celebrer-les-oceans-dune-cote-a-lautre\/\" target=\"_self\"  ><img loading=\"lazy\" decoding=\"async\" width=\"1920\" height=\"1015\" src=\"https:\/\/www.greenpeace.org\/static\/planet4-canada-stateless\/2026\/01\/cdc26e3a-4.png\" class=\"attachment-post-thumbnail size-post-thumbnail wp-post-image wp-stateless-item\" alt=\"C\u00e9l\u00e9brer les oc\u00e9ans d\u2019une c\u00f4te \u00e0 l\u2019autre\" style=\"object-fit:cover;\" srcset=\"https:\/\/www.greenpeace.org\/static\/planet4-canada-stateless\/2026\/01\/cdc26e3a-4.png 1920w, https:\/\/www.greenpeace.org\/static\/planet4-canada-stateless\/2026\/01\/cdc26e3a-4-300x159.png 300w, https:\/\/www.greenpeace.org\/static\/planet4-canada-stateless\/2026\/01\/cdc26e3a-4-1024x541.png 1024w, https:\/\/www.greenpeace.org\/static\/planet4-canada-stateless\/2026\/01\/cdc26e3a-4-768x406.png 768w, https:\/\/www.greenpeace.org\/static\/planet4-canada-stateless\/2026\/01\/cdc26e3a-4-1536x812.png 1536w, https:\/\/www.greenpeace.org\/static\/planet4-canada-stateless\/2026\/01\/cdc26e3a-4-510x270.png 510w\" sizes=\"auto, (max-width: 1920px) 100vw, 1920px\" data-image-size=\"post-thumbnail\" data-stateless-media-bucket=\"planet4-canada-stateless\" data-stateless-media-name=\"2026\/01\/cdc26e3a-4.png\" \/><\/a><\/figure>\n\n\n<div class=\"wp-block-group is-layout-flow wp-block-group-is-layout-flow\">\n<div class=\"wp-block-group is-layout-flow wp-block-group-is-layout-flow\"><div class=\"wp-block-post-terms\"><a href=\"https:\/\/www.greenpeace.org\/canada\/fr\/category\/notre-travail\/nature-fr\/\">Nature<\/a><\/div>\n\n<div class=\"taxonomy-post_tag wp-block-post-terms\"><a href=\"https:\/\/www.greenpeace.org\/canada\/fr\/tag\/oceans-fr\/\" rel=\"tag\">Oc\u00e9ans<\/a><span class=\"wp-block-post-terms__separator\"> <\/span><a href=\"https:\/\/www.greenpeace.org\/canada\/fr\/tag\/biodiversite\/\" rel=\"tag\">Biodiversit\u00e9<\/a><\/div><\/div>\n\n\n<h3 class=\"wp-block-post-title\"><a href=\"https:\/\/www.greenpeace.org\/canada\/fr\/histoire\/73724\/celebrer-les-oceans-dune-cote-a-lautre\/\" target=\"_self\" >C\u00e9l\u00e9brer les oc\u00e9ans d\u2019une c\u00f4te \u00e0 l\u2019autre<\/a><\/h3>\n\n<div class=\"wp-block-post-excerpt\"><p class=\"wp-block-post-excerpt__excerpt\">Aujourd\u2019hui, nous c\u00e9l\u00e9brons l\u2019entr\u00e9e en vigueur du trait\u00e9 mondial sur les oc\u00e9ans en inaugurant deux murales sur les deux c\u00f4tes de l\u2019\u00eele de la Tortue. <\/p><\/div>\n\n\n<div class=\"wp-block-group posts-list-meta is-layout-flow wp-block-group-is-layout-flow\"><span class='article-list-item-author'><a href='https:\/\/www.greenpeace.org\/canada\/fr\/author\/svdbroek\/'>Sien Van den broeke<\/a><\/span>\n\n<div class=\"wp-block-post-date\"><time datetime=\"2026-01-17T08:00:00-05:00\">17 janvier, 2026<\/time><\/div><\/div>\n<\/div>\n<\/div>\n\n<\/li><li class=\"wp-block-post post-73177 post type-post status-publish format-standard has-post-thumbnail hentry category-nature-fr category-notre-travail category-oceans-fr tag-arctique tag-oceans-fr tag-victoires tag-biodiversite p4-page-type-histoire\">\n\n<div class=\"wp-block-columns is-layout-flex wp-container-core-columns-is-layout-9d6595d7 wp-block-columns-is-layout-flex\"><figure class=\"wp-block-post-featured-image\"><a href=\"https:\/\/www.greenpeace.org\/canada\/fr\/histoire\/73177\/double-victoire-suspension-de-projets-dexploitation-miniere-en-eaux-profondes-dans-larctique-et-le-pacifique\/\" target=\"_self\"  ><img loading=\"lazy\" decoding=\"async\" width=\"1200\" height=\"900\" src=\"https:\/\/www.greenpeace.org\/static\/planet4-canada-stateless\/2025\/12\/786a44ab-gp0su68zp.jpg\" class=\"attachment-post-thumbnail size-post-thumbnail wp-post-image wp-stateless-item\" alt=\"Double victoire : suspension de projets d\u2019exploitation mini\u00e8re en eaux profondes dans l\u2019Arctique et le Pacifique\" style=\"object-fit:cover;\" srcset=\"https:\/\/www.greenpeace.org\/static\/planet4-canada-stateless\/2025\/12\/786a44ab-gp0su68zp.jpg 1200w, https:\/\/www.greenpeace.org\/static\/planet4-canada-stateless\/2025\/12\/786a44ab-gp0su68zp-300x225.jpg 300w, https:\/\/www.greenpeace.org\/static\/planet4-canada-stateless\/2025\/12\/786a44ab-gp0su68zp-1024x768.jpg 1024w, https:\/\/www.greenpeace.org\/static\/planet4-canada-stateless\/2025\/12\/786a44ab-gp0su68zp-768x576.jpg 768w, https:\/\/www.greenpeace.org\/static\/planet4-canada-stateless\/2025\/12\/786a44ab-gp0su68zp-453x340.jpg 453w\" sizes=\"auto, (max-width: 1200px) 100vw, 1200px\" data-image-size=\"post-thumbnail\" data-stateless-media-bucket=\"planet4-canada-stateless\" data-stateless-media-name=\"2025\/12\/786a44ab-gp0su68zp.jpg\" \/><\/a><\/figure>\n\n\n<div class=\"wp-block-group is-layout-flow wp-block-group-is-layout-flow\">\n<div class=\"wp-block-group is-layout-flow wp-block-group-is-layout-flow\"><div class=\"wp-block-post-terms\"><a href=\"https:\/\/www.greenpeace.org\/canada\/fr\/category\/notre-travail\/nature-fr\/\">Nature<\/a><\/div>\n\n<div class=\"taxonomy-post_tag wp-block-post-terms\"><a href=\"https:\/\/www.greenpeace.org\/canada\/fr\/tag\/arctique\/\" rel=\"tag\">Arctique<\/a><span class=\"wp-block-post-terms__separator\"> <\/span><a href=\"https:\/\/www.greenpeace.org\/canada\/fr\/tag\/oceans-fr\/\" rel=\"tag\">Oc\u00e9ans<\/a><span class=\"wp-block-post-terms__separator\"> <\/span><a href=\"https:\/\/www.greenpeace.org\/canada\/fr\/tag\/victoires\/\" rel=\"tag\">Victoires<\/a><span class=\"wp-block-post-terms__separator\"> <\/span><a href=\"https:\/\/www.greenpeace.org\/canada\/fr\/tag\/biodiversite\/\" rel=\"tag\">Biodiversit\u00e9<\/a><\/div><\/div>\n\n\n<h3 class=\"wp-block-post-title\"><a href=\"https:\/\/www.greenpeace.org\/canada\/fr\/histoire\/73177\/double-victoire-suspension-de-projets-dexploitation-miniere-en-eaux-profondes-dans-larctique-et-le-pacifique\/\" target=\"_self\" >Double victoire : suspension de projets d\u2019exploitation mini\u00e8re en eaux profondes dans l\u2019Arctique et le Pacifique<\/a><\/h3>\n\n<div class=\"wp-block-post-excerpt\"><p class=\"wp-block-post-excerpt__excerpt\">Le temps des c\u00e9l\u00e9brations et de la r\u00e9jouissance est bien arriv\u00e9! La Norv\u00e8ge et les \u00celes Cook ont toutes deux annonc\u00e9 la suspension de leurs projets d\u2019exploitation mini\u00e8re en eaux&hellip; <\/p><\/div>\n\n\n<div class=\"wp-block-group posts-list-meta is-layout-flow wp-block-group-is-layout-flow\"><span class='article-list-item-author'><a href='https:\/\/www.greenpeace.org\/canada\/fr\/author\/svdbroek\/'>Sien Van den broeke<\/a><\/span>\n\n<div class=\"wp-block-post-date\"><time datetime=\"2025-12-09T11:45:15-05:00\">9 D\u00e9cembre, 2025<\/time><\/div><\/div>\n<\/div>\n<\/div>\n\n<\/li><li class=\"wp-block-post post-73165 post type-post status-publish format-standard has-post-thumbnail hentry category-climat category-oceans-fr tag-autochtones tag-climat tag-oceans-fr tag-petrole p4-page-type-histoire\">\n\n<div class=\"wp-block-columns is-layout-flex wp-container-core-columns-is-layout-9d6595d7 wp-block-columns-is-layout-flex\"><figure class=\"wp-block-post-featured-image\"><a href=\"https:\/\/www.greenpeace.org\/canada\/fr\/histoire\/73165\/ce-que-revele-le-plan-de-mark-carney-pour-construire-un-nouvel-oleoduc-entre-lalberta-et-la-colombie-britannique\/\" target=\"_self\"  ><img loading=\"lazy\" decoding=\"async\" width=\"1798\" height=\"1012\" src=\"https:\/\/www.greenpeace.org\/static\/planet4-canada-stateless\/2025\/12\/31bc6682-unistoten-camp-rcmp-raid-matriarchs-february-2020-899x506@2x.jpg\" class=\"attachment-post-thumbnail size-post-thumbnail wp-post-image wp-stateless-item\" alt=\"Ce que r\u00e9v\u00e8le le plan de Mark Carney pour construire un nouvel ol\u00e9oduc entre l\u2019Alberta et la Colombie-Britannique\" style=\"object-fit:cover;\" srcset=\"https:\/\/www.greenpeace.org\/static\/planet4-canada-stateless\/2025\/12\/31bc6682-unistoten-camp-rcmp-raid-matriarchs-february-2020-899x506@2x.jpg 1798w, https:\/\/www.greenpeace.org\/static\/planet4-canada-stateless\/2025\/12\/31bc6682-unistoten-camp-rcmp-raid-matriarchs-february-2020-899x506@2x-300x169.jpg 300w, https:\/\/www.greenpeace.org\/static\/planet4-canada-stateless\/2025\/12\/31bc6682-unistoten-camp-rcmp-raid-matriarchs-february-2020-899x506@2x-1024x576.jpg 1024w, https:\/\/www.greenpeace.org\/static\/planet4-canada-stateless\/2025\/12\/31bc6682-unistoten-camp-rcmp-raid-matriarchs-february-2020-899x506@2x-768x432.jpg 768w, https:\/\/www.greenpeace.org\/static\/planet4-canada-stateless\/2025\/12\/31bc6682-unistoten-camp-rcmp-raid-matriarchs-february-2020-899x506@2x-1536x865.jpg 1536w, https:\/\/www.greenpeace.org\/static\/planet4-canada-stateless\/2025\/12\/31bc6682-unistoten-camp-rcmp-raid-matriarchs-february-2020-899x506@2x-510x287.jpg 510w\" sizes=\"auto, (max-width: 1798px) 100vw, 1798px\" data-image-size=\"post-thumbnail\" data-stateless-media-bucket=\"planet4-canada-stateless\" data-stateless-media-name=\"2025\/12\/31bc6682-unistoten-camp-rcmp-raid-matriarchs-february-2020-899x506@2x.jpg\" \/><\/a><\/figure>\n\n\n<div class=\"wp-block-group is-layout-flow wp-block-group-is-layout-flow\">\n<div class=\"wp-block-group is-layout-flow wp-block-group-is-layout-flow\"><div class=\"wp-block-post-terms\"><a href=\"https:\/\/www.greenpeace.org\/canada\/fr\/category\/notre-travail\/climat\/\">Climat<\/a><\/div>\n\n<div class=\"taxonomy-post_tag wp-block-post-terms\"><a href=\"https:\/\/www.greenpeace.org\/canada\/fr\/tag\/autochtones\/\" rel=\"tag\">Autochtones<\/a><span class=\"wp-block-post-terms__separator\"> <\/span><a href=\"https:\/\/www.greenpeace.org\/canada\/fr\/tag\/climat\/\" rel=\"tag\">Climat<\/a><span class=\"wp-block-post-terms__separator\"> <\/span><a href=\"https:\/\/www.greenpeace.org\/canada\/fr\/tag\/oceans-fr\/\" rel=\"tag\">Oc\u00e9ans<\/a><span class=\"wp-block-post-terms__separator\"> <\/span><a href=\"https:\/\/www.greenpeace.org\/canada\/fr\/tag\/petrole\/\" rel=\"tag\">P\u00e9trole<\/a><\/div><\/div>\n\n\n<h3 class=\"wp-block-post-title\"><a href=\"https:\/\/www.greenpeace.org\/canada\/fr\/histoire\/73165\/ce-que-revele-le-plan-de-mark-carney-pour-construire-un-nouvel-oleoduc-entre-lalberta-et-la-colombie-britannique\/\" target=\"_self\" >Ce que r\u00e9v\u00e8le le plan de Mark Carney pour construire un nouvel ol\u00e9oduc entre l\u2019Alberta et la Colombie-Britannique<\/a><\/h3>\n\n<div class=\"wp-block-post-excerpt\"><p class=\"wp-block-post-excerpt__excerpt\">Dans ce qui constitue rupture nette des engagements f\u00e9d\u00e9raux en mati\u00e8re de climat et de respect des droits des peuples autochtones, le gouvernement Carney a sign\u00e9 un protocole <\/p><\/div>\n\n\n<div class=\"wp-block-group posts-list-meta is-layout-flow wp-block-group-is-layout-flow\"><span class='article-list-item-author'><a href='https:\/\/www.greenpeace.org\/canada\/fr\/author\/poumarou\/'>Patou Oumarou<\/a><\/span>\n\n<div class=\"wp-block-post-date\"><time datetime=\"2025-12-04T17:45:27-05:00\">4 D\u00e9cembre, 2025<\/time><\/div><\/div>\n<\/div>\n<\/div>\n\n<\/li><li class=\"wp-block-post post-73107 post type-post status-publish format-standard has-post-thumbnail hentry category-notre-travail category-oceans-fr tag-oceans-fr tag-victoires tag-biodiversite p4-page-type-histoire\">\n\n<div class=\"wp-block-columns is-layout-flex wp-container-core-columns-is-layout-9d6595d7 wp-block-columns-is-layout-flex\"><figure class=\"wp-block-post-featured-image\"><a href=\"https:\/\/www.greenpeace.org\/canada\/fr\/histoire\/73107\/victoire-pour-la-haute-mer-le-traite-mondial-sur-les-oceans-devient-realite\/\" target=\"_self\"  ><img loading=\"lazy\" decoding=\"async\" width=\"1200\" height=\"801\" src=\"https:\/\/www.greenpeace.org\/static\/planet4-canada-stateless\/2018\/11\/752c139e-gp0strkan.jpg\" class=\"attachment-post-thumbnail size-post-thumbnail wp-post-image wp-stateless-item\" alt=\"Victoire pour la haute mer\u00a0: le trait\u00e9 mondial sur les oc\u00e9ans devient r\u00e9alit\u00e9\" style=\"object-fit:cover;\" srcset=\"https:\/\/www.greenpeace.org\/static\/planet4-canada-stateless\/2018\/11\/752c139e-gp0strkan.jpg 1200w, https:\/\/www.greenpeace.org\/static\/planet4-canada-stateless\/2018\/11\/752c139e-gp0strkan-300x200.jpg 300w, https:\/\/www.greenpeace.org\/static\/planet4-canada-stateless\/2018\/11\/752c139e-gp0strkan-768x513.jpg 768w, https:\/\/www.greenpeace.org\/static\/planet4-canada-stateless\/2018\/11\/752c139e-gp0strkan-1024x684.jpg 1024w, https:\/\/www.greenpeace.org\/static\/planet4-canada-stateless\/2018\/11\/752c139e-gp0strkan-510x340.jpg 510w\" sizes=\"auto, (max-width: 1200px) 100vw, 1200px\" data-image-size=\"post-thumbnail\" data-stateless-media-bucket=\"planet4-canada-stateless\" data-stateless-media-name=\"2018\/11\/752c139e-gp0strkan.jpg\" \/><\/a><\/figure>\n\n\n<div class=\"wp-block-group is-layout-flow wp-block-group-is-layout-flow\">\n<div class=\"wp-block-group is-layout-flow wp-block-group-is-layout-flow\"><div class=\"wp-block-post-terms\"><a href=\"https:\/\/www.greenpeace.org\/canada\/fr\/category\/notre-travail\/\">Notre Travail<\/a><\/div>\n\n<div class=\"taxonomy-post_tag wp-block-post-terms\"><a href=\"https:\/\/www.greenpeace.org\/canada\/fr\/tag\/oceans-fr\/\" rel=\"tag\">Oc\u00e9ans<\/a><span class=\"wp-block-post-terms__separator\"> <\/span><a href=\"https:\/\/www.greenpeace.org\/canada\/fr\/tag\/victoires\/\" rel=\"tag\">Victoires<\/a><span class=\"wp-block-post-terms__separator\"> <\/span><a href=\"https:\/\/www.greenpeace.org\/canada\/fr\/tag\/biodiversite\/\" rel=\"tag\">Biodiversit\u00e9<\/a><\/div><\/div>\n\n\n<h3 class=\"wp-block-post-title\"><a href=\"https:\/\/www.greenpeace.org\/canada\/fr\/histoire\/73107\/victoire-pour-la-haute-mer-le-traite-mondial-sur-les-oceans-devient-realite\/\" target=\"_self\" >Victoire pour la haute mer\u00a0: le trait\u00e9 mondial sur les oc\u00e9ans devient r\u00e9alit\u00e9<\/a><\/h3>\n\n<div class=\"wp-block-post-excerpt\"><p class=\"wp-block-post-excerpt__excerpt\">Nous avons r\u00e9ussi! Plus de soixante gouvernements ont d\u00e9sormais ratifi\u00e9 le trait\u00e9 mondial sur les oc\u00e9ans, ce qui constitue une avanc\u00e9e majeure pour la protection de la vie marine. Bien&hellip; <\/p><\/div>\n\n\n<div class=\"wp-block-group posts-list-meta is-layout-flow wp-block-group-is-layout-flow\"><span class='article-list-item-author'><a href='https:\/\/www.greenpeace.org\/canada\/fr\/author\/svdbroek\/'>Sien Van den broeke<\/a><\/span>\n\n<div class=\"wp-block-post-date\"><time datetime=\"2025-10-01T10:22:44-04:00\">1 octobre, 2025<\/time><\/div><\/div>\n<\/div>\n<\/div>\n\n<\/li><li class=\"wp-block-post post-71416 post type-post status-publish format-standard has-post-thumbnail hentry category-leducation category-nature-fr category-oceans-fr tag-oceans-fr tag-biodiversite p4-page-type-histoire\">\n\n<div class=\"wp-block-columns is-layout-flex wp-container-core-columns-is-layout-9d6595d7 wp-block-columns-is-layout-flex\"><figure class=\"wp-block-post-featured-image\"><a href=\"https:\/\/www.greenpeace.org\/canada\/fr\/histoire\/71416\/cinq-choses-a-savoir-sur-the-metals-company-lentreprise-canadienne-qui-tente-de-se-lancer-dans-lexploitation-miniere-en-eaux-profondes\/\" target=\"_self\"  ><img loading=\"lazy\" decoding=\"async\" width=\"1200\" height=\"583\" src=\"https:\/\/www.greenpeace.org\/static\/planet4-canada-stateless\/2025\/07\/259b07e8-gp0su647n_medium-res-1200px.jpg\" class=\"attachment-post-thumbnail size-post-thumbnail wp-post-image wp-stateless-item\" alt=\"Cinq choses \u00e0 savoir sur The Metals Company, l\u2019entreprise canadienne qui tente de se lancer dans l\u2019exploitation mini\u00e8re en eaux profondes\" style=\"object-fit:cover;\" srcset=\"https:\/\/www.greenpeace.org\/static\/planet4-canada-stateless\/2025\/07\/259b07e8-gp0su647n_medium-res-1200px.jpg 1200w, https:\/\/www.greenpeace.org\/static\/planet4-canada-stateless\/2025\/07\/259b07e8-gp0su647n_medium-res-1200px-300x146.jpg 300w, https:\/\/www.greenpeace.org\/static\/planet4-canada-stateless\/2025\/07\/259b07e8-gp0su647n_medium-res-1200px-1024x497.jpg 1024w, https:\/\/www.greenpeace.org\/static\/planet4-canada-stateless\/2025\/07\/259b07e8-gp0su647n_medium-res-1200px-768x373.jpg 768w, https:\/\/www.greenpeace.org\/static\/planet4-canada-stateless\/2025\/07\/259b07e8-gp0su647n_medium-res-1200px-510x248.jpg 510w\" sizes=\"auto, (max-width: 1200px) 100vw, 1200px\" data-image-size=\"post-thumbnail\" data-stateless-media-bucket=\"planet4-canada-stateless\" data-stateless-media-name=\"2025\/07\/259b07e8-gp0su647n_medium-res-1200px.jpg\" \/><\/a><\/figure>\n\n\n<div class=\"wp-block-group is-layout-flow wp-block-group-is-layout-flow\">\n<div class=\"wp-block-group is-layout-flow wp-block-group-is-layout-flow\"><div class=\"wp-block-post-terms\"><a href=\"https:\/\/www.greenpeace.org\/canada\/fr\/category\/leducation\/\">L&#039;\u00e9ducation<\/a><\/div>\n\n<div class=\"taxonomy-post_tag wp-block-post-terms\"><a href=\"https:\/\/www.greenpeace.org\/canada\/fr\/tag\/oceans-fr\/\" rel=\"tag\">Oc\u00e9ans<\/a><span class=\"wp-block-post-terms__separator\"> <\/span><a href=\"https:\/\/www.greenpeace.org\/canada\/fr\/tag\/biodiversite\/\" rel=\"tag\">Biodiversit\u00e9<\/a><\/div><\/div>\n\n\n<h3 class=\"wp-block-post-title\"><a href=\"https:\/\/www.greenpeace.org\/canada\/fr\/histoire\/71416\/cinq-choses-a-savoir-sur-the-metals-company-lentreprise-canadienne-qui-tente-de-se-lancer-dans-lexploitation-miniere-en-eaux-profondes\/\" target=\"_self\" >Cinq choses \u00e0 savoir sur The Metals Company, l\u2019entreprise canadienne qui tente de se lancer dans l\u2019exploitation mini\u00e8re en eaux profondes<\/a><\/h3>\n\n<div class=\"wp-block-post-excerpt\"><p class=\"wp-block-post-excerpt__excerpt\">En quoi la mini\u00e8re The Metals Company (TMC), une entreprise relativement peu connue bas\u00e9e \u00e0 Vancouver et qui ne g\u00e9n\u00e8re m\u00eame pas de b\u00e9n\u00e9fices, constitue-t-elle une menace pour les oc\u00e9ans,&hellip; <\/p><\/div>\n\n\n<div class=\"wp-block-group posts-list-meta is-layout-flow wp-block-group-is-layout-flow\"><span class='article-list-item-author'><a href='https:\/\/www.greenpeace.org\/canada\/fr\/author\/ssane\/'>Salom\u00e9 San\u00e9<\/a><\/span>\n\n<div class=\"wp-block-post-date\"><time datetime=\"2025-07-14T13:09:23-04:00\">14 juillet, 2025<\/time><\/div><\/div>\n<\/div>\n<\/div>\n\n<\/li><li class=\"wp-block-post post-67503 post type-post status-publish format-standard has-post-thumbnail hentry category-egalite category-oceans-fr tag-navires tag-oceans-fr p4-page-type-histoire\">\n\n<div class=\"wp-block-columns is-layout-flex wp-container-core-columns-is-layout-9d6595d7 wp-block-columns-is-layout-flex\"><figure class=\"wp-block-post-featured-image\"><a href=\"https:\/\/www.greenpeace.org\/canada\/fr\/histoire\/67503\/lenquete-de-greenpeace-en-mer-revele-des-pratiques-de-peche-destructrices-dans-le-pacifique-nord\/\" target=\"_self\"  ><img loading=\"lazy\" decoding=\"async\" width=\"2560\" height=\"1706\" src=\"https:\/\/www.greenpeace.org\/static\/planet4-canada-stateless\/2024\/10\/eee327a2-gp0su22qk-scaled.jpg\" class=\"attachment-post-thumbnail size-post-thumbnail wp-post-image wp-stateless-item\" alt=\"L&rsquo;enqu\u00eate de Greenpeace en mer r\u00e9v\u00e8le des pratiques de p\u00eache destructrices dans le Pacifique Nord\" style=\"object-fit:cover;\" srcset=\"https:\/\/www.greenpeace.org\/static\/planet4-canada-stateless\/2024\/10\/eee327a2-gp0su22qk-scaled.jpg 2560w, https:\/\/www.greenpeace.org\/static\/planet4-canada-stateless\/2024\/10\/eee327a2-gp0su22qk-300x200.jpg 300w, https:\/\/www.greenpeace.org\/static\/planet4-canada-stateless\/2024\/10\/eee327a2-gp0su22qk-1024x683.jpg 1024w, https:\/\/www.greenpeace.org\/static\/planet4-canada-stateless\/2024\/10\/eee327a2-gp0su22qk-768x512.jpg 768w, https:\/\/www.greenpeace.org\/static\/planet4-canada-stateless\/2024\/10\/eee327a2-gp0su22qk-1536x1024.jpg 1536w, https:\/\/www.greenpeace.org\/static\/planet4-canada-stateless\/2024\/10\/eee327a2-gp0su22qk-2048x1366.jpg 2048w, https:\/\/www.greenpeace.org\/static\/planet4-canada-stateless\/2024\/10\/eee327a2-gp0su22qk-510x340.jpg 510w\" sizes=\"auto, (max-width: 2560px) 100vw, 2560px\" data-image-size=\"post-thumbnail\" data-stateless-media-bucket=\"planet4-canada-stateless\" data-stateless-media-name=\"2024\/10\/eee327a2-gp0su22qk-scaled.jpg\" \/><\/a><\/figure>\n\n\n<div class=\"wp-block-group is-layout-flow wp-block-group-is-layout-flow\">\n<div class=\"wp-block-group is-layout-flow wp-block-group-is-layout-flow\"><div class=\"wp-block-post-terms\"><a href=\"https:\/\/www.greenpeace.org\/canada\/fr\/category\/notre-travail\/egalite\/\">\u00c9galit\u00e9<\/a><\/div>\n\n<div class=\"taxonomy-post_tag wp-block-post-terms\"><a href=\"https:\/\/www.greenpeace.org\/canada\/fr\/tag\/navires\/\" rel=\"tag\">Navires<\/a><span class=\"wp-block-post-terms__separator\"> <\/span><a href=\"https:\/\/www.greenpeace.org\/canada\/fr\/tag\/oceans-fr\/\" rel=\"tag\">Oc\u00e9ans<\/a><\/div><\/div>\n\n\n<h3 class=\"wp-block-post-title\"><a href=\"https:\/\/www.greenpeace.org\/canada\/fr\/histoire\/67503\/lenquete-de-greenpeace-en-mer-revele-des-pratiques-de-peche-destructrices-dans-le-pacifique-nord\/\" target=\"_self\" >L&rsquo;enqu\u00eate de Greenpeace en mer r\u00e9v\u00e8le des pratiques de p\u00eache destructrices dans le Pacifique Nord<\/a><\/h3>\n\n<div class=\"wp-block-post-excerpt\"><p class=\"wp-block-post-excerpt__excerpt\">Nous venons de revenir au port apr\u00e8s cinq semaines d&rsquo;enqu\u00eate en haute mer, au cours desquelles nous avons d\u00e9couvert la pr\u00e9sence de pratiques de p\u00eache destructrices aux alentours des monts sous-marin de l\u2019Empereur, dans l&rsquo;oc\u00e9an Pacifique Nord. <\/p><\/div>\n\n\n<div class=\"wp-block-group posts-list-meta is-layout-flow wp-block-group-is-layout-flow\"><span class='article-list-item-author'><a href='https:\/\/www.greenpeace.org\/canada\/fr\/author\/shulse\/'>Stephanie Hulse<\/a><\/span>\n\n<div class=\"wp-block-post-date\"><time datetime=\"2024-10-03T15:53:13-04:00\">3 octobre, 2024<\/time><\/div><\/div>\n<\/div>\n<\/div>\n\n<\/li><li class=\"wp-block-post post-67250 post type-post status-publish format-standard has-post-thumbnail hentry category-oceans-fr tag-navires tag-oceans-fr tag-biodiversite p4-page-type-histoire\">\n\n<div class=\"wp-block-columns is-layout-flex wp-container-core-columns-is-layout-9d6595d7 wp-block-columns-is-layout-flex\"><figure class=\"wp-block-post-featured-image\"><a href=\"https:\/\/www.greenpeace.org\/canada\/fr\/histoire\/67250\/greenpeace-prend-la-mer-pour-mettre-un-frein-a-lexploitation-miniere-en-eaux-profondes\/\" target=\"_self\"  ><img loading=\"lazy\" decoding=\"async\" width=\"2560\" height=\"1706\" src=\"https:\/\/www.greenpeace.org\/static\/planet4-canada-stateless\/2024\/09\/7a73bf2d-gp0su1y0w-scaled.jpg\" class=\"attachment-post-thumbnail size-post-thumbnail wp-post-image wp-stateless-item\" alt=\"Greenpeace prend la mer pour mettre un frein \u00e0 l\u2019exploitation mini\u00e8re en eaux profondes\" style=\"object-fit:cover;\" srcset=\"https:\/\/www.greenpeace.org\/static\/planet4-canada-stateless\/2024\/09\/7a73bf2d-gp0su1y0w-scaled.jpg 2560w, https:\/\/www.greenpeace.org\/static\/planet4-canada-stateless\/2024\/09\/7a73bf2d-gp0su1y0w-300x200.jpg 300w, https:\/\/www.greenpeace.org\/static\/planet4-canada-stateless\/2024\/09\/7a73bf2d-gp0su1y0w-1024x682.jpg 1024w, https:\/\/www.greenpeace.org\/static\/planet4-canada-stateless\/2024\/09\/7a73bf2d-gp0su1y0w-768x512.jpg 768w, https:\/\/www.greenpeace.org\/static\/planet4-canada-stateless\/2024\/09\/7a73bf2d-gp0su1y0w-1536x1024.jpg 1536w, https:\/\/www.greenpeace.org\/static\/planet4-canada-stateless\/2024\/09\/7a73bf2d-gp0su1y0w-2048x1366.jpg 2048w, https:\/\/www.greenpeace.org\/static\/planet4-canada-stateless\/2024\/09\/7a73bf2d-gp0su1y0w-510x340.jpg 510w\" sizes=\"auto, (max-width: 2560px) 100vw, 2560px\" data-image-size=\"post-thumbnail\" data-stateless-media-bucket=\"planet4-canada-stateless\" data-stateless-media-name=\"2024\/09\/7a73bf2d-gp0su1y0w-scaled.jpg\" \/><\/a><\/figure>\n\n\n<div class=\"wp-block-group is-layout-flow wp-block-group-is-layout-flow\">\n<div class=\"wp-block-group is-layout-flow wp-block-group-is-layout-flow\"><div class=\"wp-block-post-terms\"><a href=\"https:\/\/www.greenpeace.org\/canada\/fr\/category\/notre-travail\/oceans-fr\/\">Oc\u00e9ans<\/a><\/div>\n\n<div class=\"taxonomy-post_tag wp-block-post-terms\"><a href=\"https:\/\/www.greenpeace.org\/canada\/fr\/tag\/navires\/\" rel=\"tag\">Navires<\/a><span class=\"wp-block-post-terms__separator\"> <\/span><a href=\"https:\/\/www.greenpeace.org\/canada\/fr\/tag\/oceans-fr\/\" rel=\"tag\">Oc\u00e9ans<\/a><span class=\"wp-block-post-terms__separator\"> <\/span><a href=\"https:\/\/www.greenpeace.org\/canada\/fr\/tag\/biodiversite\/\" rel=\"tag\">Biodiversit\u00e9<\/a><\/div><\/div>\n\n\n<h3 class=\"wp-block-post-title\"><a href=\"https:\/\/www.greenpeace.org\/canada\/fr\/histoire\/67250\/greenpeace-prend-la-mer-pour-mettre-un-frein-a-lexploitation-miniere-en-eaux-profondes\/\" target=\"_self\" >Greenpeace prend la mer pour mettre un frein \u00e0 l\u2019exploitation mini\u00e8re en eaux profondes<\/a><\/h3>\n\n<div class=\"wp-block-post-excerpt\"><p class=\"wp-block-post-excerpt__excerpt\">Si vous n\u2019\u00eates pas au courant, le gouvernement norv\u00e9gien pr\u00e9voit d\u2019ouvrir les eaux arctiques \u00e0 l\u2019exploitation mini\u00e8re en eaux profondes. Et le p\u00e9rim\u00e8tre envisag\u00e9, dans la mer de Norv\u00e8ge, est&hellip; <\/p><\/div>\n\n\n<div class=\"wp-block-group posts-list-meta is-layout-flow wp-block-group-is-layout-flow\"><span class='article-list-item-author'><a href='https:\/\/www.greenpeace.org\/canada\/fr\/author\/shulse\/'>Stephanie Hulse<\/a><\/span>\n\n<div class=\"wp-block-post-date\"><time datetime=\"2024-09-05T17:00:05-04:00\">5 septembre, 2024<\/time><\/div><\/div>\n<\/div>\n<\/div>\n\n<\/li><li class=\"wp-block-post post-67350 post type-post status-publish format-standard has-post-thumbnail hentry category-oceans-fr tag-oceans-fr p4-page-type-histoire\">\n\n<div class=\"wp-block-columns is-layout-flex wp-container-core-columns-is-layout-9d6595d7 wp-block-columns-is-layout-flex\"><figure class=\"wp-block-post-featured-image\"><a href=\"https:\/\/www.greenpeace.org\/canada\/fr\/histoire\/67350\/3-especes-de-baleines-potentiellement-menacees-lexploitation-miniere\/\" target=\"_self\"  ><img loading=\"lazy\" decoding=\"async\" width=\"1200\" height=\"831\" src=\"https:\/\/www.greenpeace.org\/static\/planet4-canada-stateless\/2024\/08\/893df12f-gp1sxqfk.webp\" class=\"attachment-post-thumbnail size-post-thumbnail wp-post-image wp-stateless-item\" alt=\"3 esp\u00e8ces de baleines potentiellement menac\u00e9es par l&rsquo;exploitation mini\u00e8re en eaux profondes dans l&rsquo;Arctique\" style=\"object-fit:cover;\" srcset=\"https:\/\/www.greenpeace.org\/static\/planet4-canada-stateless\/2024\/08\/893df12f-gp1sxqfk.webp 1200w, https:\/\/www.greenpeace.org\/static\/planet4-canada-stateless\/2024\/08\/893df12f-gp1sxqfk-300x208.webp 300w, https:\/\/www.greenpeace.org\/static\/planet4-canada-stateless\/2024\/08\/893df12f-gp1sxqfk-1024x709.webp 1024w, https:\/\/www.greenpeace.org\/static\/planet4-canada-stateless\/2024\/08\/893df12f-gp1sxqfk-768x532.webp 768w, https:\/\/www.greenpeace.org\/static\/planet4-canada-stateless\/2024\/08\/893df12f-gp1sxqfk-491x340.webp 491w\" sizes=\"auto, (max-width: 1200px) 100vw, 1200px\" data-image-size=\"post-thumbnail\" data-stateless-media-bucket=\"planet4-canada-stateless\" data-stateless-media-name=\"2024\/08\/893df12f-gp1sxqfk.webp\" \/><\/a><\/figure>\n\n\n<div class=\"wp-block-group is-layout-flow wp-block-group-is-layout-flow\">\n<div class=\"wp-block-group is-layout-flow wp-block-group-is-layout-flow\"><div class=\"wp-block-post-terms\"><a href=\"https:\/\/www.greenpeace.org\/canada\/fr\/category\/notre-travail\/oceans-fr\/\">Oc\u00e9ans<\/a><\/div>\n\n<div class=\"taxonomy-post_tag wp-block-post-terms\"><a href=\"https:\/\/www.greenpeace.org\/canada\/fr\/tag\/oceans-fr\/\" rel=\"tag\">Oc\u00e9ans<\/a><\/div><\/div>\n\n\n<h3 class=\"wp-block-post-title\"><a href=\"https:\/\/www.greenpeace.org\/canada\/fr\/histoire\/67350\/3-especes-de-baleines-potentiellement-menacees-lexploitation-miniere\/\" target=\"_self\" >3 esp\u00e8ces de baleines potentiellement menac\u00e9es par l&rsquo;exploitation mini\u00e8re en eaux profondes dans l&rsquo;Arctique<\/a><\/h3>\n\n<div class=\"wp-block-post-excerpt\"><p class=\"wp-block-post-excerpt__excerpt\">Helena Pirhonen, Dr. Kirsten Young <\/p><\/div>\n\n\n<div class=\"wp-block-group posts-list-meta is-layout-flow wp-block-group-is-layout-flow\"><span class='article-list-item-author'><a href='https:\/\/www.greenpeace.org\/canada\/fr\/author\/lcolbeck\/'>L\u00e9anne Colbeck<\/a><\/span>\n\n<div class=\"wp-block-post-date\"><time datetime=\"2024-08-27T16:24:00-04:00\">27 ao\u00fbt, 2024<\/time><\/div><\/div>\n<\/div>\n<\/div>\n\n<\/li><li class=\"wp-block-post post-67344 post type-post status-publish format-standard has-post-thumbnail hentry category-oceans-fr tag-oceans-fr p4-page-type-histoire\">\n\n<div class=\"wp-block-columns is-layout-flex wp-container-core-columns-is-layout-9d6595d7 wp-block-columns-is-layout-flex\"><figure class=\"wp-block-post-featured-image\"><a href=\"https:\/\/www.greenpeace.org\/canada\/fr\/histoire\/67344\/monts-sous-marins-de-lempereur-des-oasis-de-vie-que-le-canada-peut-aider-a-proteger\/\" target=\"_self\"  ><img loading=\"lazy\" decoding=\"async\" width=\"1200\" height=\"800\" src=\"https:\/\/www.greenpeace.org\/static\/planet4-canada-stateless\/2024\/08\/207b18ef-gp0stxfz6.jpg\" class=\"attachment-post-thumbnail size-post-thumbnail wp-post-image wp-stateless-item\" alt=\"Monts sous-marins de l&#8217;empereur : des oasis de vie que le Canada peut aider \u00e0 prot\u00e9ger\" style=\"object-fit:cover;\" srcset=\"https:\/\/www.greenpeace.org\/static\/planet4-canada-stateless\/2024\/08\/207b18ef-gp0stxfz6.jpg 1200w, https:\/\/www.greenpeace.org\/static\/planet4-canada-stateless\/2024\/08\/207b18ef-gp0stxfz6-300x200.jpg 300w, https:\/\/www.greenpeace.org\/static\/planet4-canada-stateless\/2024\/08\/207b18ef-gp0stxfz6-1024x683.jpg 1024w, https:\/\/www.greenpeace.org\/static\/planet4-canada-stateless\/2024\/08\/207b18ef-gp0stxfz6-768x512.jpg 768w, https:\/\/www.greenpeace.org\/static\/planet4-canada-stateless\/2024\/08\/207b18ef-gp0stxfz6-510x340.jpg 510w\" sizes=\"auto, (max-width: 1200px) 100vw, 1200px\" data-image-size=\"post-thumbnail\" data-stateless-media-bucket=\"planet4-canada-stateless\" data-stateless-media-name=\"2024\/08\/207b18ef-gp0stxfz6.jpg\" \/><\/a><\/figure>\n\n\n<div class=\"wp-block-group is-layout-flow wp-block-group-is-layout-flow\">\n<div class=\"wp-block-group is-layout-flow wp-block-group-is-layout-flow\"><div class=\"wp-block-post-terms\"><a href=\"https:\/\/www.greenpeace.org\/canada\/fr\/category\/notre-travail\/oceans-fr\/\">Oc\u00e9ans<\/a><\/div>\n\n<div class=\"taxonomy-post_tag wp-block-post-terms\"><a href=\"https:\/\/www.greenpeace.org\/canada\/fr\/tag\/oceans-fr\/\" rel=\"tag\">Oc\u00e9ans<\/a><\/div><\/div>\n\n\n<h3 class=\"wp-block-post-title\"><a href=\"https:\/\/www.greenpeace.org\/canada\/fr\/histoire\/67344\/monts-sous-marins-de-lempereur-des-oasis-de-vie-que-le-canada-peut-aider-a-proteger\/\" target=\"_self\" >Monts sous-marins de l&#8217;empereur : des oasis de vie que le Canada peut aider \u00e0 prot\u00e9ger<\/a><\/h3>\n\n<div class=\"wp-block-post-excerpt\"><p class=\"wp-block-post-excerpt__excerpt\">Les monts sous-marins de l&rsquo;Empereur sont riches en biodiversit\u00e9, et la p\u00eache de fond continuera \u00e0 les d\u00e9vaster si les gouvernements ne mettent pas fin \u00e0 cette pratique destructrice. <\/p><\/div>\n\n\n<div class=\"wp-block-group posts-list-meta is-layout-flow wp-block-group-is-layout-flow\"><span class='article-list-item-author'>Jeanette Meyer, Sarah King<\/span>\n\n<div class=\"wp-block-post-date\"><time datetime=\"2024-08-27T15:26:00-04:00\">27 ao\u00fbt, 2024<\/time><\/div><\/div>\n<\/div>\n<\/div>\n\n<\/li><li class=\"wp-block-post post-66026 post type-post status-publish format-standard has-post-thumbnail hentry category-nature-fr tag-climat tag-oceans-fr tag-biodiversite p4-page-type-histoire\">\n\n<div class=\"wp-block-columns is-layout-flex wp-container-core-columns-is-layout-9d6595d7 wp-block-columns-is-layout-flex\"><figure class=\"wp-block-post-featured-image\"><a href=\"https:\/\/www.greenpeace.org\/canada\/fr\/histoire\/66026\/six-choses-que-vous-pouvez-faire-pour-locean-aujourdhui\/\" target=\"_self\"  ><img loading=\"lazy\" decoding=\"async\" width=\"800\" height=\"551\" src=\"https:\/\/www.greenpeace.org\/static\/planet4-canada-stateless\/2024\/06\/ece91f31-gp0stwkqx_low-res-800px.jpg\" class=\"attachment-post-thumbnail size-post-thumbnail wp-post-image wp-stateless-item\" alt=\"Six choses que vous pouvez faire pour l&rsquo;oc\u00e9an aujourd&rsquo;hui\" style=\"object-fit:cover;\" srcset=\"https:\/\/www.greenpeace.org\/static\/planet4-canada-stateless\/2024\/06\/ece91f31-gp0stwkqx_low-res-800px.jpg 800w, https:\/\/www.greenpeace.org\/static\/planet4-canada-stateless\/2024\/06\/ece91f31-gp0stwkqx_low-res-800px-300x207.jpg 300w, https:\/\/www.greenpeace.org\/static\/planet4-canada-stateless\/2024\/06\/ece91f31-gp0stwkqx_low-res-800px-768x529.jpg 768w, https:\/\/www.greenpeace.org\/static\/planet4-canada-stateless\/2024\/06\/ece91f31-gp0stwkqx_low-res-800px-494x340.jpg 494w\" sizes=\"auto, (max-width: 800px) 100vw, 800px\" data-image-size=\"post-thumbnail\" data-stateless-media-bucket=\"planet4-canada-stateless\" data-stateless-media-name=\"2024\/06\/ece91f31-gp0stwkqx_low-res-800px.jpg\" \/><\/a><\/figure>\n\n\n<div class=\"wp-block-group is-layout-flow wp-block-group-is-layout-flow\">\n<div class=\"wp-block-group is-layout-flow wp-block-group-is-layout-flow\"><div class=\"wp-block-post-terms\"><a href=\"https:\/\/www.greenpeace.org\/canada\/fr\/category\/notre-travail\/nature-fr\/\">Nature<\/a><\/div>\n\n<div class=\"taxonomy-post_tag wp-block-post-terms\"><a href=\"https:\/\/www.greenpeace.org\/canada\/fr\/tag\/climat\/\" rel=\"tag\">Climat<\/a><span class=\"wp-block-post-terms__separator\"> <\/span><a href=\"https:\/\/www.greenpeace.org\/canada\/fr\/tag\/oceans-fr\/\" rel=\"tag\">Oc\u00e9ans<\/a><span class=\"wp-block-post-terms__separator\"> <\/span><a href=\"https:\/\/www.greenpeace.org\/canada\/fr\/tag\/biodiversite\/\" rel=\"tag\">Biodiversit\u00e9<\/a><\/div><\/div>\n\n\n<h3 class=\"wp-block-post-title\"><a href=\"https:\/\/www.greenpeace.org\/canada\/fr\/histoire\/66026\/six-choses-que-vous-pouvez-faire-pour-locean-aujourdhui\/\" target=\"_self\" >Six choses que vous pouvez faire pour l&rsquo;oc\u00e9an aujourd&rsquo;hui<\/a><\/h3>\n\n<div class=\"wp-block-post-excerpt\"><p class=\"wp-block-post-excerpt__excerpt\">Qu&rsquo;il s&rsquo;agisse d&rsquo;exhorter les leaders de ce monde \u00e0 ratifier le Trait\u00e9 mondial sur les oc\u00e9ans ou d&rsquo;aider les communaut\u00e9s c\u00f4ti\u00e8res \u00e0 prot\u00e9ger leurs demeures et leurs moyens de subsistance, il existe de nombreuses fa\u00e7ons d&rsquo;agir en faveur des oc\u00e9ans. <\/p><\/div>\n\n\n<div class=\"wp-block-group posts-list-meta is-layout-flow wp-block-group-is-layout-flow\"><span class='article-list-item-author'><a href='https:\/\/www.greenpeace.org\/canada\/fr\/author\/sking\/'>Sarah King<\/a><\/span>\n\n<div class=\"wp-block-post-date\"><time datetime=\"2024-06-07T09:27:35-04:00\">7 juin, 2024<\/time><\/div><\/div>\n<\/div>\n<\/div>\n\n<\/li><li class=\"wp-block-post post-60497 post type-post status-publish format-standard hentry category-climat tag-oceans-fr tag-victoires tag-climat p4-page-type-histoire\">\n\n<div class=\"wp-block-columns is-layout-flex wp-container-core-columns-is-layout-9d6595d7 wp-block-columns-is-layout-flex\">\n\n\n<div class=\"wp-block-group is-layout-flow wp-block-group-is-layout-flow\">\n<div class=\"wp-block-group is-layout-flow wp-block-group-is-layout-flow\"><div class=\"wp-block-post-terms\"><a href=\"https:\/\/www.greenpeace.org\/canada\/fr\/category\/notre-travail\/climat\/\">Climat<\/a><\/div>\n\n<div class=\"taxonomy-post_tag wp-block-post-terms\"><a href=\"https:\/\/www.greenpeace.org\/canada\/fr\/tag\/oceans-fr\/\" rel=\"tag\">Oc\u00e9ans<\/a><span class=\"wp-block-post-terms__separator\"> <\/span><a href=\"https:\/\/www.greenpeace.org\/canada\/fr\/tag\/victoires\/\" rel=\"tag\">Victoires<\/a><span class=\"wp-block-post-terms__separator\"> <\/span><a href=\"https:\/\/www.greenpeace.org\/canada\/fr\/tag\/climat\/\" rel=\"tag\">Climat<\/a><\/div><\/div>\n\n\n<h3 class=\"wp-block-post-title\"><a href=\"https:\/\/www.greenpeace.org\/canada\/fr\/histoire\/60497\/une-bombe-a-retardement-flottante-comment-greenpeace-a-contribue-a-eviter-lune-des-pires-marees-noires-de-lhistoire\/\" target=\"_self\" >Une bombe \u00e0 retardement flottante \u2013 comment Greenpeace a contribu\u00e9 \u00e0 \u00e9viter l&rsquo;une des pires mar\u00e9es noires de l&rsquo;histoire<\/a><\/h3>\n\n<div class=\"wp-block-post-excerpt\"><p class=\"wp-block-post-excerpt__excerpt\">Depuis huit ans, une bombe \u00e0 retardement flotte au large de la c\u00f4te ouest du Y\u00e9men, sur la mer Rouge. <\/p><\/div>\n\n\n<div class=\"wp-block-group posts-list-meta is-layout-flow wp-block-group-is-layout-flow\"><span class='article-list-item-author'>Stephanie Hulse<\/span>\n\n<div class=\"wp-block-post-date\"><time datetime=\"2023-09-12T16:49:50-04:00\">12 septembre, 2023<\/time><\/div><\/div>\n<\/div>\n<\/div>\n\n<\/li><li class=\"wp-block-post post-60005 post type-post status-publish format-standard has-post-thumbnail hentry category-nature-fr tag-autochtones tag-climat tag-oceans-fr tag-biodiversite p4-page-type-histoire\">\n\n<div class=\"wp-block-columns is-layout-flex wp-container-core-columns-is-layout-9d6595d7 wp-block-columns-is-layout-flex\"><figure class=\"wp-block-post-featured-image\"><a href=\"https:\/\/www.greenpeace.org\/canada\/fr\/histoire\/60005\/ce-que-represente-le-soutien-du-canada-a-un-moratoire-sur-lexploitation-miniere-en-eaux-profondes\/\" target=\"_self\"  ><img loading=\"lazy\" decoding=\"async\" width=\"1200\" height=\"841\" src=\"https:\/\/www.greenpeace.org\/static\/planet4-canada-stateless\/2023\/07\/88951759-gp0stx3ua_medium_res_with_credit_line.jpg\" class=\"attachment-post-thumbnail size-post-thumbnail wp-post-image wp-stateless-item\" alt=\"Ce que repr\u00e9sente le soutien du Canada \u00e0 un moratoire sur l&rsquo;exploitation mini\u00e8re en eaux profondes\" style=\"object-fit:cover;\" srcset=\"https:\/\/www.greenpeace.org\/static\/planet4-canada-stateless\/2023\/07\/88951759-gp0stx3ua_medium_res_with_credit_line.jpg 1200w, https:\/\/www.greenpeace.org\/static\/planet4-canada-stateless\/2023\/07\/88951759-gp0stx3ua_medium_res_with_credit_line-300x210.jpg 300w, https:\/\/www.greenpeace.org\/static\/planet4-canada-stateless\/2023\/07\/88951759-gp0stx3ua_medium_res_with_credit_line-1024x718.jpg 1024w, https:\/\/www.greenpeace.org\/static\/planet4-canada-stateless\/2023\/07\/88951759-gp0stx3ua_medium_res_with_credit_line-768x538.jpg 768w, https:\/\/www.greenpeace.org\/static\/planet4-canada-stateless\/2023\/07\/88951759-gp0stx3ua_medium_res_with_credit_line-485x340.jpg 485w\" sizes=\"auto, (max-width: 1200px) 100vw, 1200px\" data-image-size=\"post-thumbnail\" data-stateless-media-bucket=\"planet4-canada-stateless\" data-stateless-media-name=\"2023\/07\/88951759-gp0stx3ua_medium_res_with_credit_line.jpg\" \/><\/a><\/figure>\n\n\n<div class=\"wp-block-group is-layout-flow wp-block-group-is-layout-flow\">\n<div class=\"wp-block-group is-layout-flow wp-block-group-is-layout-flow\"><div class=\"wp-block-post-terms\"><a href=\"https:\/\/www.greenpeace.org\/canada\/fr\/category\/notre-travail\/nature-fr\/\">Nature<\/a><\/div>\n\n<div class=\"taxonomy-post_tag wp-block-post-terms\"><a href=\"https:\/\/www.greenpeace.org\/canada\/fr\/tag\/autochtones\/\" rel=\"tag\">Autochtones<\/a><span class=\"wp-block-post-terms__separator\"> <\/span><a href=\"https:\/\/www.greenpeace.org\/canada\/fr\/tag\/climat\/\" rel=\"tag\">Climat<\/a><span class=\"wp-block-post-terms__separator\"> <\/span><a href=\"https:\/\/www.greenpeace.org\/canada\/fr\/tag\/oceans-fr\/\" rel=\"tag\">Oc\u00e9ans<\/a><span class=\"wp-block-post-terms__separator\"> <\/span><a href=\"https:\/\/www.greenpeace.org\/canada\/fr\/tag\/biodiversite\/\" rel=\"tag\">Biodiversit\u00e9<\/a><\/div><\/div>\n\n\n<h3 class=\"wp-block-post-title\"><a href=\"https:\/\/www.greenpeace.org\/canada\/fr\/histoire\/60005\/ce-que-represente-le-soutien-du-canada-a-un-moratoire-sur-lexploitation-miniere-en-eaux-profondes\/\" target=\"_self\" >Ce que repr\u00e9sente le soutien du Canada \u00e0 un moratoire sur l&rsquo;exploitation mini\u00e8re en eaux profondes<\/a><\/h3>\n\n<div class=\"wp-block-post-excerpt\"><p class=\"wp-block-post-excerpt__excerpt\">Le 10 juillet, les ministres Joly, Wilkinson et Murray ont annonc\u00e9 que le Canada \u00e9tait en faveur d&rsquo;un moratoire sur l&rsquo;exploitation mini\u00e8re en eaux profondes dans les eaux internationales. Bien que les oc\u00e9ans ne soient pas encore \u00e0 l&rsquo;abri de cette industrie, il s&rsquo;agit d&rsquo;un grand pas en avant. <\/p><\/div>\n\n\n<div class=\"wp-block-group posts-list-meta is-layout-flow wp-block-group-is-layout-flow\"><span class='article-list-item-author'><a href='https:\/\/www.greenpeace.org\/canada\/fr\/author\/sking\/'>Sarah King<\/a><\/span>\n\n<div class=\"wp-block-post-date\"><time datetime=\"2023-07-20T15:45:48-04:00\">20 juillet, 2023<\/time><\/div><\/div>\n<\/div>\n<\/div>\n\n<\/li><li class=\"wp-block-post post-59849 post type-post status-publish format-standard has-post-thumbnail hentry category-egalite category-nature-fr tag-autochtones tag-climat tag-oceans-fr tag-biodiversite p4-page-type-histoire\">\n\n<div class=\"wp-block-columns is-layout-flex wp-container-core-columns-is-layout-9d6595d7 wp-block-columns-is-layout-flex\"><figure class=\"wp-block-post-featured-image\"><a href=\"https:\/\/www.greenpeace.org\/canada\/fr\/histoire\/59849\/lexploitation-miniere-en-eaux-profondes-une-menace-concrete-que-nous-devons-arreter-maintenant\/\" target=\"_self\"  ><img loading=\"lazy\" decoding=\"async\" width=\"800\" height=\"534\" src=\"https:\/\/www.greenpeace.org\/static\/planet4-canada-stateless\/2023\/03\/bc7da191-gp0stvrgq_web_size_with_credit_line.jpg\" class=\"attachment-post-thumbnail size-post-thumbnail wp-post-image wp-stateless-item\" alt=\"L&rsquo;exploitation mini\u00e8re en eaux profondes : une menace concr\u00e8te que nous devons arr\u00eater maintenant\" style=\"object-fit:cover;\" srcset=\"https:\/\/www.greenpeace.org\/static\/planet4-canada-stateless\/2023\/03\/bc7da191-gp0stvrgq_web_size_with_credit_line.jpg 800w, https:\/\/www.greenpeace.org\/static\/planet4-canada-stateless\/2023\/03\/bc7da191-gp0stvrgq_web_size_with_credit_line-300x200.jpg 300w, https:\/\/www.greenpeace.org\/static\/planet4-canada-stateless\/2023\/03\/bc7da191-gp0stvrgq_web_size_with_credit_line-768x513.jpg 768w, https:\/\/www.greenpeace.org\/static\/planet4-canada-stateless\/2023\/03\/bc7da191-gp0stvrgq_web_size_with_credit_line-510x340.jpg 510w\" sizes=\"auto, (max-width: 800px) 100vw, 800px\" data-image-size=\"post-thumbnail\" data-stateless-media-bucket=\"planet4-canada-stateless\" data-stateless-media-name=\"2023\/03\/bc7da191-gp0stvrgq_web_size_with_credit_line.jpg\" \/><\/a><\/figure>\n\n\n<div class=\"wp-block-group is-layout-flow wp-block-group-is-layout-flow\">\n<div class=\"wp-block-group is-layout-flow wp-block-group-is-layout-flow\"><div class=\"wp-block-post-terms\"><a href=\"https:\/\/www.greenpeace.org\/canada\/fr\/category\/notre-travail\/egalite\/\">\u00c9galit\u00e9<\/a><\/div>\n\n<div class=\"taxonomy-post_tag wp-block-post-terms\"><a href=\"https:\/\/www.greenpeace.org\/canada\/fr\/tag\/autochtones\/\" rel=\"tag\">Autochtones<\/a><span class=\"wp-block-post-terms__separator\"> <\/span><a href=\"https:\/\/www.greenpeace.org\/canada\/fr\/tag\/climat\/\" rel=\"tag\">Climat<\/a><span class=\"wp-block-post-terms__separator\"> <\/span><a href=\"https:\/\/www.greenpeace.org\/canada\/fr\/tag\/oceans-fr\/\" rel=\"tag\">Oc\u00e9ans<\/a><span class=\"wp-block-post-terms__separator\"> <\/span><a href=\"https:\/\/www.greenpeace.org\/canada\/fr\/tag\/biodiversite\/\" rel=\"tag\">Biodiversit\u00e9<\/a><\/div><\/div>\n\n\n<h3 class=\"wp-block-post-title\"><a href=\"https:\/\/www.greenpeace.org\/canada\/fr\/histoire\/59849\/lexploitation-miniere-en-eaux-profondes-une-menace-concrete-que-nous-devons-arreter-maintenant\/\" target=\"_self\" >L&rsquo;exploitation mini\u00e8re en eaux profondes : une menace concr\u00e8te que nous devons arr\u00eater maintenant<\/a><\/h3>\n\n<div class=\"wp-block-post-excerpt\"><p class=\"wp-block-post-excerpt__excerpt\">L&rsquo;exploitation mini\u00e8re des eaux profondes mettrait en p\u00e9ril des \u00e9cosyst\u00e8mes marins fragiles qui ont mis des mill\u00e9naires \u00e0 se d\u00e9velopper et menacerait les moyens de subsistance et les traditions des habitant\u00b7es du Pacifique, ainsi que leur lien spirituel avec l&rsquo;oc\u00e9an. <\/p><\/div>\n\n\n<div class=\"wp-block-group posts-list-meta is-layout-flow wp-block-group-is-layout-flow\"><span class='article-list-item-author'><a href='https:\/\/www.greenpeace.org\/canada\/fr\/author\/gpcanada\/'>Greenpeace Canada<\/a><\/span>\n\n<div class=\"wp-block-post-date\"><time datetime=\"2023-07-07T08:45:00-04:00\">7 juillet, 2023<\/time><\/div><\/div>\n<\/div>\n<\/div>\n\n<\/li><li class=\"wp-block-post post-4282 post type-post status-publish format-standard has-post-thumbnail hentry category-vivre-de-facon-durable tag-oceans-fr tag-plastique tag-consommation p4-page-type-histoire\">\n\n<div class=\"wp-block-columns is-layout-flex wp-container-core-columns-is-layout-9d6595d7 wp-block-columns-is-layout-flex\"><figure class=\"wp-block-post-featured-image\"><a href=\"https:\/\/www.greenpeace.org\/canada\/fr\/histoire\/4282\/le-jour-ou-jai-pris-conscience-du-probleme-de-la-pollution-plastique\/\" target=\"_self\"  ><img loading=\"lazy\" decoding=\"async\" width=\"4000\" height=\"3000\" src=\"https:\/\/www.greenpeace.org\/static\/planet4-canada-stateless\/2018\/09\/e58e82c8-perfect_reef.jpg\" class=\"attachment-post-thumbnail size-post-thumbnail wp-post-image wp-stateless-item\" alt=\"Le jour o\u00f9 j\u2019ai pris conscience du probl\u00e8me de la pollution plastique\" style=\"object-fit:cover;\" srcset=\"https:\/\/www.greenpeace.org\/static\/planet4-canada-stateless\/2018\/09\/e58e82c8-perfect_reef.jpg 4000w, https:\/\/www.greenpeace.org\/static\/planet4-canada-stateless\/2018\/09\/e58e82c8-perfect_reef-300x225.jpg 300w, https:\/\/www.greenpeace.org\/static\/planet4-canada-stateless\/2018\/09\/e58e82c8-perfect_reef-768x576.jpg 768w, https:\/\/www.greenpeace.org\/static\/planet4-canada-stateless\/2018\/09\/e58e82c8-perfect_reef-1024x768.jpg 1024w, https:\/\/www.greenpeace.org\/static\/planet4-canada-stateless\/2018\/09\/e58e82c8-perfect_reef-1821x1366.jpg 1821w, https:\/\/www.greenpeace.org\/static\/planet4-canada-stateless\/2018\/09\/e58e82c8-perfect_reef-453x340.jpg 453w\" sizes=\"auto, (max-width: 4000px) 100vw, 4000px\" data-image-size=\"post-thumbnail\" data-stateless-media-bucket=\"planet4-canada-stateless\" data-stateless-media-name=\"2018\/09\/e58e82c8-perfect_reef.jpg\" \/><\/a><\/figure>\n\n\n<div class=\"wp-block-group is-layout-flow wp-block-group-is-layout-flow\">\n<div class=\"wp-block-group is-layout-flow wp-block-group-is-layout-flow\"><div class=\"wp-block-post-terms\"><a href=\"https:\/\/www.greenpeace.org\/canada\/fr\/category\/notre-travail\/vivre-de-facon-durable\/\">Vivre de fa\u00e7on durable<\/a><\/div>\n\n<div class=\"taxonomy-post_tag wp-block-post-terms\"><a href=\"https:\/\/www.greenpeace.org\/canada\/fr\/tag\/oceans-fr\/\" rel=\"tag\">Oc\u00e9ans<\/a><span class=\"wp-block-post-terms__separator\"> <\/span><a href=\"https:\/\/www.greenpeace.org\/canada\/fr\/tag\/oceans-fr\/\" rel=\"tag\">Oc\u00e9ans<\/a><span class=\"wp-block-post-terms__separator\"> <\/span><a href=\"https:\/\/www.greenpeace.org\/canada\/fr\/tag\/plastique\/\" rel=\"tag\">Plastique<\/a><span class=\"wp-block-post-terms__separator\"> <\/span><a href=\"https:\/\/www.greenpeace.org\/canada\/fr\/tag\/consommation\/\" rel=\"tag\">Consommation<\/a><\/div><\/div>\n\n\n<h3 class=\"wp-block-post-title\"><a href=\"https:\/\/www.greenpeace.org\/canada\/fr\/histoire\/4282\/le-jour-ou-jai-pris-conscience-du-probleme-de-la-pollution-plastique\/\" target=\"_self\" >Le jour o\u00f9 j\u2019ai pris conscience du probl\u00e8me de la pollution plastique<\/a><\/h3>\n\n<div class=\"wp-block-post-excerpt\"><p class=\"wp-block-post-excerpt__excerpt\">Il y a quelques ann\u00e9es, j\u2019ai eu le plaisir d\u2019enseigner la plong\u00e9e \u00e0 un jeune couple, sur l\u2019un de mes r\u00e9cifs pr\u00e9f\u00e9r\u00e9s en Tha\u00eflande. Les conditions m\u00e9t\u00e9orologiques \u00e9taient parfaites, les&hellip; <\/p><\/div>\n\n\n<div class=\"wp-block-group posts-list-meta is-layout-flow wp-block-group-is-layout-flow\"><span class='article-list-item-author'>Torben Lonne<\/span>\n\n<div class=\"wp-block-post-date\"><time datetime=\"2018-09-12T08:16:18-04:00\">12 septembre, 2018<\/time><\/div><\/div>\n<\/div>\n<\/div>\n\n<\/li><\/ul>\n\n\n<div class=\"wp-block-buttons carousel-controls is-horizontal is-content-justification-space-between is-nowrap is-layout-flex wp-container-core-buttons-is-layout-044bd602 wp-block-buttons-is-layout-flex\">\n<div class=\"wp-block-button carousel-control-prev\"><button type=\"button\" class=\"wp-block-button__link wp-element-button\">Prev<\/button><\/div>\n\n\n\n<div class=\"wp-block-button carousel-control-next\"><button type=\"button\" class=\"wp-block-button__link wp-element-button\">Next<\/button><\/div>\n<\/div>\n\n\n<li class=\" wp-block-navigation-item see-all-link wp-block-navigation-link\"><a class=\"wp-block-navigation-item__content\"  href=\"http:\/\/www.greenpeace.org\/canada\/en\/news-stories\/?tag=oceans&#038;post-type=\"><span class=\"wp-block-navigation-item__label\">See all stories<\/span><\/a><\/li><\/div>\n","protected":false},"excerpt":{"rendered":"<p>Nous demandons au Canada d\u2019emp\u00eacher le d\u00e9ploiement de l\u2019exploitation mini\u00e8re en eaux profondes avant qu\u2019il ne soit trop tard. Rejoignez le mouvement.<\/p>\n","protected":false},"author":12,"featured_media":58459,"parent":2214,"menu_order":0,"comment_status":"closed","ping_status":"closed","template":"","meta":{"ep_exclude_from_search":false,"p4_hide_page_title_checkbox":"on","p4_title":"","p4_subtitle":"","p4_description":"","background_image_id":"","background_image":"","p4_button_title":"","p4_button_link":"","p4_button_link_checkbox":"","p4_og_title":"STOP \u00e0 l\u2019exploitation mini\u00e8re en eaux profondes","p4_og_description":"Les grands fonds marins sont l\u2019un des plus vastes, des plus fragiles et des plus importants \u00e9cosyst\u00e8mes de la plan\u00e8te. Les gouvernements doivent emp\u00eacher le d\u00e9ploiement d\u2019une nouvelle industrie extractive destructrice et mettre les grands fonds marins hors d\u2019atteinte de l\u2019industrie mini\u00e8re.","p4_og_image":"","p4_og_image_id":"","p4_seo_canonical_url":"","p4_campaign_name":"","p4_local_project":"","p4_basket_name":"","p4_department":"","footnotes":""},"categories":[19],"tags":[41,46,83],"class_list":["post-58449","page","type-page","status-publish","has-post-thumbnail","hentry","category-nature-fr","tag-climat","tag-oceans-fr","tag-consommation"],"_links":{"self":[{"href":"https:\/\/www.greenpeace.org\/canada\/fr\/wp-json\/wp\/v2\/pages\/58449","targetHints":{"allow":["GET"]}}],"collection":[{"href":"https:\/\/www.greenpeace.org\/canada\/fr\/wp-json\/wp\/v2\/pages"}],"about":[{"href":"https:\/\/www.greenpeace.org\/canada\/fr\/wp-json\/wp\/v2\/types\/page"}],"author":[{"embeddable":true,"href":"https:\/\/www.greenpeace.org\/canada\/fr\/wp-json\/wp\/v2\/users\/12"}],"replies":[{"embeddable":true,"href":"https:\/\/www.greenpeace.org\/canada\/fr\/wp-json\/wp\/v2\/comments?post=58449"}],"version-history":[{"count":18,"href":"https:\/\/www.greenpeace.org\/canada\/fr\/wp-json\/wp\/v2\/pages\/58449\/revisions"}],"predecessor-version":[{"id":74573,"href":"https:\/\/www.greenpeace.org\/canada\/fr\/wp-json\/wp\/v2\/pages\/58449\/revisions\/74573"}],"up":[{"embeddable":true,"href":"https:\/\/www.greenpeace.org\/canada\/fr\/wp-json\/wp\/v2\/pages\/2214"}],"wp:featuredmedia":[{"embeddable":true,"href":"https:\/\/www.greenpeace.org\/canada\/fr\/wp-json\/wp\/v2\/media\/58459"}],"wp:attachment":[{"href":"https:\/\/www.greenpeace.org\/canada\/fr\/wp-json\/wp\/v2\/media?parent=58449"}],"wp:term":[{"taxonomy":"category","embeddable":true,"href":"https:\/\/www.greenpeace.org\/canada\/fr\/wp-json\/wp\/v2\/categories?post=58449"},{"taxonomy":"post_tag","embeddable":true,"href":"https:\/\/www.greenpeace.org\/canada\/fr\/wp-json\/wp\/v2\/tags?post=58449"}],"curies":[{"name":"wp","href":"https:\/\/api.w.org\/{rel}","templated":true}]}}