{"id":9392,"date":"2019-06-14T14:10:08","date_gmt":"2019-06-14T18:10:08","guid":{"rendered":"https:\/\/www.greenpeace.org\/canada\/agir\/help-create-plastic-free-supermarkets\/"},"modified":"2025-09-23T05:53:42","modified_gmt":"2025-09-23T09:53:42","slug":"help-create-plastic-free-supermarkets","status":"publish","type":"page","link":"https:\/\/www.greenpeace.org\/canada\/fr\/agir\/help-create-plastic-free-supermarkets\/","title":{"rendered":"Pour des supermarch\u00e9s sans plastique"},"content":{"rendered":"\n\n<div class=\"wp-block-group alignfull is-layout-flow wp-block-group-is-layout-flow\">\n<div class=\"wp-block-group container is-layout-flow wp-block-group-is-layout-flow\">\n<div class=\"wp-block-media-text alignfull has-media-on-the-right is-stacked-on-mobile is-pattern-p4-page-header is-style-parallax\"><div class=\"wp-block-media-text__content\">\n<div class=\"wp-block-group is-layout-flow wp-block-group-is-layout-flow\">\n<h1 class=\"wp-block-heading has-white-background-color has-background\">\n                            Pour des supermarch\u00e9s sans plastique\n                        <\/h1>\n<\/div>\n\n\n\n<p style=\"font-size:1.12rem\">Les supermarch\u00e9s sont responsables d&rsquo;une quantit\u00e9 importante de d\u00e9chets plastiques. Mais les grandes cha\u00eenes canadiennes n&rsquo;ont pris aucune mesure significative pour r\u00e9duire leur empreinte plastique. Dites aux supermarch\u00e9s de mettre fin au suremballage!<\/p>\n\n\n\n<div class=\"wp-block-buttons is-layout-flex wp-block-buttons-is-layout-flex\">\n                            \n\n                        <\/div>\n                        <div class=\"wp-block-button is-style-cta\">\n                            <a class=\"wp-block-button__link wp-element-button\" href=\"https:\/\/act.greenpeace.ca\/fr-ca\/supermarches-sans-plastique\" target=\"\" rel=\"noreferrer noopener\">\n                                Signez la p\u00e9tition\n                            <\/a>\n                        <\/div>\n<\/div><figure class=\"wp-block-media-text__media\"><img loading=\"lazy\" decoding=\"async\" width=\"1200\" height=\"800\" src=\"https:\/\/www.greenpeace.org\/static\/planet4-canada-stateless\/2019\/02\/6d15b293-gp0stscdo.jpg\" alt=\"\" sizes=\"auto, (min-width: 601px) 50vw, 100vw\" srcset=\"https:\/\/www.greenpeace.org\/static\/planet4-canada-stateless\/2019\/02\/6d15b293-gp0stscdo.jpg 1200w, https:\/\/www.greenpeace.org\/static\/planet4-canada-stateless\/2019\/02\/6d15b293-gp0stscdo-300x200.jpg 300w, https:\/\/www.greenpeace.org\/static\/planet4-canada-stateless\/2019\/02\/6d15b293-gp0stscdo-768x512.jpg 768w, https:\/\/www.greenpeace.org\/static\/planet4-canada-stateless\/2019\/02\/6d15b293-gp0stscdo-1024x683.jpg 1024w, https:\/\/www.greenpeace.org\/static\/planet4-canada-stateless\/2019\/02\/6d15b293-gp0stscdo-510x340.jpg 510w\" class=\"wp-image-7517 size-full\"\/><\/figure><\/div>\n<\/div>\n<\/div>\n\n<div data-render=\"planet4-blocks\/columns\" data-attributes=\"{&quot;attributes&quot;:{&quot;columns&quot;:[{&quot;title&quot;:&quot;Le probl\\u00e8me&quot;,&quot;description&quot;:&quot;Chaque ann\\u00e9e, le Canada g\\u00e9n\\u00e8re 3,25 millions de tonnes de d\\u00e9chets plastiques, soit l&#039;\\u00e9quivalent de plus de 140 000 camions \\u00e0 ordures! Or une grande partie de ces d\\u00e9chets provient de nos visites au supermarch\\u00e9. Il est devenu difficile voire impossible aujourd\\u2019hui d\\u2019\\u00e9viter le suremballage et les plastiques \\u00e0 usage unique lorsque nous faisons notre \\u00e9picerie. Et malgr\\u00e9 nos efforts de tri, le Canada ne recycle que 9% que nous mettons dans notre bac de r\\u00e9cup\\u00e9ration. Le reste est incin\\u00e9r\\u00e9 ou termine dans les sites d\\u2019enfouissement ou l\\u2019environnement, quand les d\\u00e9chets ne sont pas export\\u00e9s vers l\\u2019Asie. &quot;,&quot;link_new_tab&quot;:false},{&quot;title&quot;:&quot;La solution&quot;,&quot;description&quot;:&quot;Pour contrer la pollution plastique, il nous faut r\\u00e9gler le probl\\u00e8me \\u00e0 la source, en r\\u00e9duisant la quantit\\u00e9 d\\u2019emballages produits, vendus et distribu\\u00e9s. Sur ce point, les supermarch\\u00e9s ont un grand r\\u00f4le \\u00e0 jouer pour r\\u00e9duire leur empreinte plastique,... et la n\\u00f4tre! Ils pourraient par exemple s\\u2019inspirer des solutions mises de l\\u2019avant par la communaut\\u00e9 z\\u00e9ro d\\u00e9chet en favorisant la r\\u00e9utilisation des contenants, le vrac et la consigne, ainsi qu\\u2019en faisant pression sur leurs fournisseurs pour diminuer le suremballage.&quot;,&quot;link_new_tab&quot;:false}],&quot;className&quot;:&quot;is-style-no_image&quot;,&quot;columns_block_style&quot;:&quot;no_image&quot;}}\"><\/div><p>&nbsp;<\/p>\n<div data-render=\"planet4-blocks\/columns\" data-attributes=\"{&quot;attributes&quot;:{&quot;columns_block_style&quot;:&quot;tasks&quot;,&quot;columns_title&quot;:&quot;Ce que vous pouvez faire&quot;,&quot;columns&quot;:[{&quot;title&quot;:&quot;Demandez aux supermarch\\u00e9s d\\u2019abandonner les emballages plastiques jetables&quot;,&quot;description&quot;:&quot;En r\\u00e9duisant le suremballage, les supermarch\\u00e9s ont le pouvoir de diminuer drastiquement leur empreinte plastique\\u2026 et la n\\u00f4tre!&quot;,&quot;cta_link&quot;:&quot;https:\\\/\\\/act.greenpeace.ca\\\/fr-ca\\\/supermarches-sans-plastique&quot;,&quot;cta_text&quot;:&quot;Signer la p\\u00e9tition&quot;,&quot;link_new_tab&quot;:true},{&quot;title&quot;:&quot;&quot;,&quot;description&quot;:&quot;&quot;,&quot;cta_link&quot;:&quot;&quot;,&quot;cta_text&quot;:&quot;Envoyer un message&quot;,&quot;link_new_tab&quot;:true},{&quot;title&quot;:&quot;T\\u00e9l\\u00e9chargez notre trousse d\\u2019action&quot;,&quot;description&quot;:&quot;Il est possible d\\u2019influencer les supermarch\\u00e9s de plusieurs fa\\u00e7ons.rnVous trouverez dans cette trousse d\\u2019action des outils et des informations qui pourraient vous aider \\u00e0 influencer votre supermarch\\u00e9 local concernant le suremballage.&quot;,&quot;cta_link&quot;:&quot;https:\\\/\\\/www.greenpeace.org\\\/static\\\/planet4-canada-stateless\\\/2019\\\/06\\\/7b410c8a-ca_fr_ocean-plastic-action-3.pdf&quot;,&quot;cta_text&quot;:&quot;T\\u00e9l\\u00e9charger&quot;,&quot;link_new_tab&quot;:true},{&quot;title&quot;:&quot;Faites un don \\u00e0 Greenpeace&quot;,&quot;description&quot;:&quot;En faisant un don, vous participez \\u00e0 financer notre travail pour contrer la pollution plastique au Canada et partout dans le monde.&quot;,&quot;cta_link&quot;:&quot;https:\\\/\\\/www.greenpeace.org\\\/canada\\\/fr\\\/faites-un-don\\\/&quot;,&quot;cta_text&quot;:&quot;Contribuez&quot;,&quot;link_new_tab&quot;:true}],&quot;className&quot;:&quot;is-style-tasks&quot;}}\"><\/div><div data-hydrate=\"planet4-blocks\/gallery\" data-attributes=\"{&quot;attributes&quot;:{&quot;gallery_block_style&quot;:1,&quot;multiple_image&quot;:&quot;9362,9365,9367&quot;,&quot;gallery_block_focus_points&quot;:&quot;{u00229362u0022:u00220% 0%u0022,u00229365u0022:u00220% 0%u0022,u00229367u0022:u00220% 0%u0022}&quot;,&quot;gallery_block_title&quot;:&quot;&quot;,&quot;gallery_block_description&quot;:&quot;&quot;,&quot;image_data&quot;:[],&quot;images&quot;:[{&quot;image_src&quot;:&quot;https:\\\/\\\/www.greenpeace.org\\\/static\\\/planet4-canada-stateless\\\/2019\\\/06\\\/b2ef4464-gp0stsflk.jpg&quot;,&quot;image_srcset&quot;:&quot;https:\\\/\\\/www.greenpeace.org\\\/static\\\/planet4-canada-stateless\\\/2019\\\/06\\\/b2ef4464-gp0stsflk.jpg 1200w, https:\\\/\\\/www.greenpeace.org\\\/static\\\/planet4-canada-stateless\\\/2019\\\/06\\\/b2ef4464-gp0stsflk-300x210.jpg 300w, https:\\\/\\\/www.greenpeace.org\\\/static\\\/planet4-canada-stateless\\\/2019\\\/06\\\/b2ef4464-gp0stsflk-768x538.jpg 768w, https:\\\/\\\/www.greenpeace.org\\\/static\\\/planet4-canada-stateless\\\/2019\\\/06\\\/b2ef4464-gp0stsflk-1024x717.jpg 1024w, https:\\\/\\\/www.greenpeace.org\\\/static\\\/planet4-canada-stateless\\\/2019\\\/06\\\/b2ef4464-gp0stsflk-486x340.jpg 486w&quot;,&quot;image_sizes&quot;:false,&quot;alt_text&quot;:&quot;Launch of Shoppers Revolt in Supermarkets across UK. \\u00a9 John Cobb \\\/ Greenpeace&quot;,&quot;caption&quot;:&quot;Shoppers hand items of plastic back at the Tesco til in London. Greenpeace volunteers and shoppers hand items of single-use plastic packaging back at tills in over 60 supermarkets across the UK, with notes to store managers calling for action to reduce excessive throwaway packaging. Single-use plastic packaging is a major contributor to the plastic pollution that is having a devastating impact on our oceans, and UK supermarkets generate more than 800,000 tonnes of plastic packaging waste every year.&quot;,&quot;focus_image&quot;:&quot;&quot;,&quot;credits&quot;:&quot;\\u00a9 John Cobb \\\/ Greenpeace&quot;},{&quot;image_src&quot;:&quot;https:\\\/\\\/www.greenpeace.org\\\/static\\\/planet4-canada-stateless\\\/2019\\\/06\\\/bd2618e4-gp0stscdn.jpg&quot;,&quot;image_srcset&quot;:&quot;https:\\\/\\\/www.greenpeace.org\\\/static\\\/planet4-canada-stateless\\\/2019\\\/06\\\/bd2618e4-gp0stscdn.jpg 1200w, https:\\\/\\\/www.greenpeace.org\\\/static\\\/planet4-canada-stateless\\\/2019\\\/06\\\/bd2618e4-gp0stscdn-300x200.jpg 300w, https:\\\/\\\/www.greenpeace.org\\\/static\\\/planet4-canada-stateless\\\/2019\\\/06\\\/bd2618e4-gp0stscdn-768x512.jpg 768w, https:\\\/\\\/www.greenpeace.org\\\/static\\\/planet4-canada-stateless\\\/2019\\\/06\\\/bd2618e4-gp0stscdn-1024x683.jpg 1024w, https:\\\/\\\/www.greenpeace.org\\\/static\\\/planet4-canada-stateless\\\/2019\\\/06\\\/bd2618e4-gp0stscdn-510x340.jpg 510w&quot;,&quot;image_sizes&quot;:false,&quot;alt_text&quot;:&quot;Fruit and Vegetables Plastic Packaging. \\u00a9 Steve Morgan \\\/ Greenpeace&quot;,&quot;caption&quot;:&quot;Plastic packaging next to fruit and vegetables.&quot;,&quot;focus_image&quot;:&quot;&quot;,&quot;credits&quot;:&quot;\\u00a9 Steve Morgan \\\/ Greenpeace&quot;},{&quot;image_src&quot;:&quot;https:\\\/\\\/www.greenpeace.org\\\/static\\\/planet4-canada-stateless\\\/2019\\\/06\\\/e28ea1e8-gp0stskk6.jpg&quot;,&quot;image_srcset&quot;:&quot;https:\\\/\\\/www.greenpeace.org\\\/static\\\/planet4-canada-stateless\\\/2019\\\/06\\\/e28ea1e8-gp0stskk6.jpg 1200w, https:\\\/\\\/www.greenpeace.org\\\/static\\\/planet4-canada-stateless\\\/2019\\\/06\\\/e28ea1e8-gp0stskk6-300x225.jpg 300w, https:\\\/\\\/www.greenpeace.org\\\/static\\\/planet4-canada-stateless\\\/2019\\\/06\\\/e28ea1e8-gp0stskk6-768x576.jpg 768w, https:\\\/\\\/www.greenpeace.org\\\/static\\\/planet4-canada-stateless\\\/2019\\\/06\\\/e28ea1e8-gp0stskk6-1024x768.jpg 1024w, https:\\\/\\\/www.greenpeace.org\\\/static\\\/planet4-canada-stateless\\\/2019\\\/06\\\/e28ea1e8-gp0stskk6-453x340.jpg 453w&quot;,&quot;image_sizes&quot;:false,&quot;alt_text&quot;:&quot;Activists Return Plastics to Supermarkets in Mexico. Copyright unknown&quot;,&quot;caption&quot;:&quot;Greenpeace, Mexico Azul, Disruptive Option, Green Agency, Plastic Oceans, Zero waste Los Cabos and the \\n#Deplastif\\u00edcate alliance carried out the \\&quot;PlasticAttackMexico\\&quot; action by going to branches of different commercial chains to make their common purchases and then withdraw each product of the packaging or plastic container in which they are contained and return it to the stores with the message \\&quot;We want the product, not the plastic\\&quot;, in a call to the supply centers to join the construction of a future without plastics.&quot;,&quot;focus_image&quot;:&quot;&quot;,&quot;credits&quot;:&quot;\\u00a9 Copyright unknown&quot;}]}}\"><section class=\"block carousel-wrap \"><\/section><\/div><p>&nbsp;<\/p>\n\n    <div class=\"wp-block-query posts-list p4-query-loop is-custom-layout-carousel is-layout-flex wp-block-query-is-layout-flex\">\n        <div class=\"wp-block-group is-content-justification-space-between is-layout-flex wp-container-core-group-is-layout-3d213aab wp-block-group-is-layout-flex\"><h2 class=\"wp-block-heading\"><\/h2>\n        <li class=\" wp-block-navigation-item see-all-link wp-block-navigation-link\"><a class=\"wp-block-navigation-item__content\"  href=\"http:\/\/www.greenpeace.org\/canada\/en\/news-stories\/?tag=consumption&#038;post-type=\"><span class=\"wp-block-navigation-item__label\">See all stories<\/span><\/a><\/li>\n        \n        <\/div>\n        \n\n    <p style=\"margin-top: 24px; margin-bottom: 36px;\"><\/p>\n\n    \n\n    <ul class=\"wp-block-post-template is-layout-flow wp-block-post-template-is-layout-flow\"><li class=\"wp-block-post post-74574 post type-post status-publish format-standard has-post-thumbnail hentry category-plastiques category-vivre-de-facon-durable tag-alimentation tag-plastique tag-consommation p4-page-type-histoire\">\n            \n<div class=\"wp-block-columns is-layout-flex wp-container-core-columns-is-layout-9d6595d7 wp-block-columns-is-layout-flex\"><figure class=\"wp-block-post-featured-image\"><a href=\"https:\/\/www.greenpeace.org\/canada\/fr\/histoire\/74574\/cinq-facons-de-deplastifier-votre-chez-soi\/\" target=\"_self\"  ><img loading=\"lazy\" decoding=\"async\" width=\"1920\" height=\"1015\" src=\"https:\/\/www.greenpeace.org\/static\/planet4-canada-stateless\/2026\/03\/c70245bd-plastics-treaty-petition-meta-images-2025-1.jpg\" class=\"attachment-post-thumbnail size-post-thumbnail wp-post-image wp-stateless-item\" alt=\"Cinq fa\u00e7ons de d\u00e9plastifier votre chez-soi\" style=\"object-fit:cover;\" srcset=\"https:\/\/www.greenpeace.org\/static\/planet4-canada-stateless\/2026\/03\/c70245bd-plastics-treaty-petition-meta-images-2025-1.jpg 1920w, https:\/\/www.greenpeace.org\/static\/planet4-canada-stateless\/2026\/03\/c70245bd-plastics-treaty-petition-meta-images-2025-1-300x159.jpg 300w, https:\/\/www.greenpeace.org\/static\/planet4-canada-stateless\/2026\/03\/c70245bd-plastics-treaty-petition-meta-images-2025-1-1024x541.jpg 1024w, https:\/\/www.greenpeace.org\/static\/planet4-canada-stateless\/2026\/03\/c70245bd-plastics-treaty-petition-meta-images-2025-1-768x406.jpg 768w, https:\/\/www.greenpeace.org\/static\/planet4-canada-stateless\/2026\/03\/c70245bd-plastics-treaty-petition-meta-images-2025-1-1536x812.jpg 1536w, https:\/\/www.greenpeace.org\/static\/planet4-canada-stateless\/2026\/03\/c70245bd-plastics-treaty-petition-meta-images-2025-1-510x270.jpg 510w\" sizes=\"auto, (max-width: 1920px) 100vw, 1920px\" data-image-size=\"post-thumbnail\" data-stateless-media-bucket=\"planet4-canada-stateless\" data-stateless-media-name=\"2026\/03\/c70245bd-plastics-treaty-petition-meta-images-2025-1.jpg\" \/><\/a><\/figure>\n\n        <div class=\"wp-block-group is-layout-flow wp-block-group-is-layout-flow\">\n                <div class=\"wp-block-group is-layout-flow wp-block-group-is-layout-flow\"><div class=\"wp-block-post-terms\"><a href=\"https:\/\/www.greenpeace.org\/canada\/fr\/category\/notre-travail\/plastiques\/\">Plastiques<\/a><\/div>\n                <div class=\"taxonomy-post_tag wp-block-post-terms\"><a href=\"https:\/\/www.greenpeace.org\/canada\/fr\/tag\/alimentation\/\" rel=\"tag\">Alimentation<\/a><span class=\"wp-block-post-terms__separator\"> <\/span><a href=\"https:\/\/www.greenpeace.org\/canada\/fr\/tag\/plastique\/\" rel=\"tag\">Plastique<\/a><span class=\"wp-block-post-terms__separator\"> <\/span><a href=\"https:\/\/www.greenpeace.org\/canada\/fr\/tag\/consommation\/\" rel=\"tag\">Consommation<\/a><\/div>\n                \n                <\/div>\n                \n        <h3 class=\"wp-block-post-title\"><a href=\"https:\/\/www.greenpeace.org\/canada\/fr\/histoire\/74574\/cinq-facons-de-deplastifier-votre-chez-soi\/\" target=\"_self\" >Cinq fa\u00e7ons de d\u00e9plastifier votre chez-soi<\/a><\/h3>\n        <div class=\"wp-block-post-excerpt\"><p class=\"wp-block-post-excerpt__excerpt\">Plastic is everywhere \u2014 in the air we breathe, the water we drink, the food we eat and the clothes we wear. Microplastics have found their way to our blood&hellip; <\/p><\/div>\n        \n        <div class=\"wp-block-group posts-list-meta is-layout-flow wp-block-group-is-layout-flow\"><span class='article-list-item-author'><a href='https:\/\/www.greenpeace.org\/canada\/fr\/author\/svdbroek\/'>Sien Van den broeke<\/a><\/span>\n        <div class=\"wp-block-post-date\"><time datetime=\"2026-03-24T10:23:06-04:00\">24 mars, 2026<\/time><\/div>\n        \n        <\/div>\n        <\/div>\n        <\/div>\n\n            <\/li><li class=\"wp-block-post post-74462 post type-post status-publish format-standard has-post-thumbnail hentry category-climat category-nature-fr category-plastiques tag-actionspacifiques tag-climat tag-forets tag-soutenirgreenpeace tag-victoires tag-plastique p4-page-type-histoire\">\n            \n<div class=\"wp-block-columns is-layout-flex wp-container-core-columns-is-layout-9d6595d7 wp-block-columns-is-layout-flex\"><figure class=\"wp-block-post-featured-image\"><a href=\"https:\/\/www.greenpeace.org\/canada\/fr\/histoire\/74462\/votre-dose-mensuelle-de-bonnes-nouvelles\/\" target=\"_self\"  ><img loading=\"lazy\" decoding=\"async\" width=\"2560\" height=\"1707\" src=\"https:\/\/www.greenpeace.org\/static\/planet4-canada-stateless\/2026\/03\/ee0ee800-gp0sts28g-scaled.jpg\" class=\"attachment-post-thumbnail size-post-thumbnail wp-post-image wp-stateless-item\" alt=\"Votre dose mensuelle de bonnes nouvelles!\" style=\"object-fit:cover;\" srcset=\"https:\/\/www.greenpeace.org\/static\/planet4-canada-stateless\/2026\/03\/ee0ee800-gp0sts28g-scaled.jpg 2560w, https:\/\/www.greenpeace.org\/static\/planet4-canada-stateless\/2026\/03\/ee0ee800-gp0sts28g-300x200.jpg 300w, https:\/\/www.greenpeace.org\/static\/planet4-canada-stateless\/2026\/03\/ee0ee800-gp0sts28g-1024x683.jpg 1024w, https:\/\/www.greenpeace.org\/static\/planet4-canada-stateless\/2026\/03\/ee0ee800-gp0sts28g-768x512.jpg 768w, https:\/\/www.greenpeace.org\/static\/planet4-canada-stateless\/2026\/03\/ee0ee800-gp0sts28g-1536x1024.jpg 1536w, https:\/\/www.greenpeace.org\/static\/planet4-canada-stateless\/2026\/03\/ee0ee800-gp0sts28g-2048x1366.jpg 2048w, https:\/\/www.greenpeace.org\/static\/planet4-canada-stateless\/2026\/03\/ee0ee800-gp0sts28g-510x340.jpg 510w\" sizes=\"auto, (max-width: 2560px) 100vw, 2560px\" data-image-size=\"post-thumbnail\" data-stateless-media-bucket=\"planet4-canada-stateless\" data-stateless-media-name=\"2026\/03\/ee0ee800-gp0sts28g-scaled.jpg\" \/><\/a><\/figure>\n\n        <div class=\"wp-block-group is-layout-flow wp-block-group-is-layout-flow\">\n                <div class=\"wp-block-group is-layout-flow wp-block-group-is-layout-flow\"><div class=\"wp-block-post-terms\"><a href=\"https:\/\/www.greenpeace.org\/canada\/fr\/category\/notre-travail\/climat\/\">Climat<\/a><\/div>\n                <div class=\"taxonomy-post_tag wp-block-post-terms\"><a href=\"https:\/\/www.greenpeace.org\/canada\/fr\/tag\/actionspacifiques\/\" rel=\"tag\">ActionsPacifiques<\/a><span class=\"wp-block-post-terms__separator\"> <\/span><a href=\"https:\/\/www.greenpeace.org\/canada\/fr\/tag\/climat\/\" rel=\"tag\">Climat<\/a><span class=\"wp-block-post-terms__separator\"> <\/span><a href=\"https:\/\/www.greenpeace.org\/canada\/fr\/tag\/forets\/\" rel=\"tag\">For\u00eats<\/a><span class=\"wp-block-post-terms__separator\"> <\/span><a href=\"https:\/\/www.greenpeace.org\/canada\/fr\/tag\/soutenirgreenpeace\/\" rel=\"tag\">Soutenir Greenpeace<\/a><span class=\"wp-block-post-terms__separator\"> <\/span><a href=\"https:\/\/www.greenpeace.org\/canada\/fr\/tag\/victoires\/\" rel=\"tag\">Victoires<\/a><span class=\"wp-block-post-terms__separator\"> <\/span><a href=\"https:\/\/www.greenpeace.org\/canada\/fr\/tag\/plastique\/\" rel=\"tag\">Plastique<\/a><\/div>\n                \n                <\/div>\n                \n        <h3 class=\"wp-block-post-title\"><a href=\"https:\/\/www.greenpeace.org\/canada\/fr\/histoire\/74462\/votre-dose-mensuelle-de-bonnes-nouvelles\/\" target=\"_self\" >Votre dose mensuelle de bonnes nouvelles!<\/a><\/h3>\n        <div class=\"wp-block-post-excerpt\"><p class=\"wp-block-post-excerpt__excerpt\">Votre dose mensuelle de bonnes nouvelles! <\/p><\/div>\n        \n        <div class=\"wp-block-group posts-list-meta is-layout-flow wp-block-group-is-layout-flow\"><span class='article-list-item-author'><a href='https:\/\/www.greenpeace.org\/canada\/fr\/author\/mnallim\/'>Maria Nallim<\/a><\/span>\n        <div class=\"wp-block-post-date\"><time datetime=\"2026-03-12T10:32:42-04:00\">12 mars, 2026<\/time><\/div>\n        \n        <\/div>\n        <\/div>\n        <\/div>\n\n            <\/li><li class=\"wp-block-post post-72299 post type-post status-publish format-standard has-post-thumbnail hentry category-plastiques tag-petrole tag-plastique p4-page-type-histoire\">\n            \n<div class=\"wp-block-columns is-layout-flex wp-container-core-columns-is-layout-9d6595d7 wp-block-columns-is-layout-flex\"><figure class=\"wp-block-post-featured-image\"><a href=\"https:\/\/www.greenpeace.org\/canada\/fr\/histoire\/72299\/les-dernieres-negociations-pour-un-traite-sur-les-plastiques-etaient-decevantes-mais-tout-comme-plastique-greenpeace-nest-pas-prete-de-disparaitre\/\" target=\"_self\"  ><img loading=\"lazy\" decoding=\"async\" width=\"2560\" height=\"1707\" src=\"https:\/\/www.greenpeace.org\/static\/planet4-canada-stateless\/2025\/09\/dc5a3053-gp0su6gy0-scaled.jpg\" class=\"attachment-post-thumbnail size-post-thumbnail wp-post-image wp-stateless-item\" alt=\"Les derni\u00e8res n\u00e9gociations pour un trait\u00e9 sur les plastiques \u00e9taient d\u00e9cevantes mais, tout comme plastique, Greenpeace n\u2019est pas pr\u00eate de dispara\u00eetre\" style=\"object-fit:cover;\" srcset=\"https:\/\/www.greenpeace.org\/static\/planet4-canada-stateless\/2025\/09\/dc5a3053-gp0su6gy0-scaled.jpg 2560w, https:\/\/www.greenpeace.org\/static\/planet4-canada-stateless\/2025\/09\/dc5a3053-gp0su6gy0-300x200.jpg 300w, https:\/\/www.greenpeace.org\/static\/planet4-canada-stateless\/2025\/09\/dc5a3053-gp0su6gy0-1024x683.jpg 1024w, https:\/\/www.greenpeace.org\/static\/planet4-canada-stateless\/2025\/09\/dc5a3053-gp0su6gy0-768x512.jpg 768w, https:\/\/www.greenpeace.org\/static\/planet4-canada-stateless\/2025\/09\/dc5a3053-gp0su6gy0-1536x1024.jpg 1536w, https:\/\/www.greenpeace.org\/static\/planet4-canada-stateless\/2025\/09\/dc5a3053-gp0su6gy0-2048x1366.jpg 2048w, https:\/\/www.greenpeace.org\/static\/planet4-canada-stateless\/2025\/09\/dc5a3053-gp0su6gy0-510x340.jpg 510w\" sizes=\"auto, (max-width: 2560px) 100vw, 2560px\" data-image-size=\"post-thumbnail\" data-stateless-media-bucket=\"planet4-canada-stateless\" data-stateless-media-name=\"2025\/09\/dc5a3053-gp0su6gy0-scaled.jpg\" \/><\/a><\/figure>\n\n        <div class=\"wp-block-group is-layout-flow wp-block-group-is-layout-flow\">\n                <div class=\"wp-block-group is-layout-flow wp-block-group-is-layout-flow\"><div class=\"wp-block-post-terms\"><a href=\"https:\/\/www.greenpeace.org\/canada\/fr\/category\/notre-travail\/plastiques\/\">Plastiques<\/a><\/div>\n                <div class=\"taxonomy-post_tag wp-block-post-terms\"><a href=\"https:\/\/www.greenpeace.org\/canada\/fr\/tag\/petrole\/\" rel=\"tag\">P\u00e9trole<\/a><span class=\"wp-block-post-terms__separator\"> <\/span><a href=\"https:\/\/www.greenpeace.org\/canada\/fr\/tag\/plastique\/\" rel=\"tag\">Plastique<\/a><\/div>\n                \n                <\/div>\n                \n        <h3 class=\"wp-block-post-title\"><a href=\"https:\/\/www.greenpeace.org\/canada\/fr\/histoire\/72299\/les-dernieres-negociations-pour-un-traite-sur-les-plastiques-etaient-decevantes-mais-tout-comme-plastique-greenpeace-nest-pas-prete-de-disparaitre\/\" target=\"_self\" >Les derni\u00e8res n\u00e9gociations pour un trait\u00e9 sur les plastiques \u00e9taient d\u00e9cevantes mais, tout comme plastique, Greenpeace n\u2019est pas pr\u00eate de dispara\u00eetre<\/a><\/h3>\n        <div class=\"wp-block-post-excerpt\"><p class=\"wp-block-post-excerpt__excerpt\">Que faites-vous lorsqu\u2019un obstacle vous emp\u00eache d\u2019avancer? <\/p><\/div>\n        \n        <div class=\"wp-block-group posts-list-meta is-layout-flow wp-block-group-is-layout-flow\"><span class='article-list-item-author'><a href='https:\/\/www.greenpeace.org\/canada\/fr\/author\/shulse\/'>Stephanie Hulse<\/a><\/span>\n        <div class=\"wp-block-post-date\"><time datetime=\"2025-09-04T10:26:55-04:00\">4 septembre, 2025<\/time><\/div>\n        \n        <\/div>\n        <\/div>\n        <\/div>\n\n            <\/li><li class=\"wp-block-post post-72050 post type-post status-publish format-standard has-post-thumbnail hentry category-notre-travail category-plastiques tag-plastique p4-page-type-histoire\">\n            \n<div class=\"wp-block-columns is-layout-flex wp-container-core-columns-is-layout-9d6595d7 wp-block-columns-is-layout-flex\"><figure class=\"wp-block-post-featured-image\"><a href=\"https:\/\/www.greenpeace.org\/canada\/fr\/histoire\/72050\/cin-5-2-les-gouvernements-ont-encore-failli-tentative-conclure-traite-mondiale-sur-les-plastiques\/\" target=\"_self\"  ><img loading=\"lazy\" decoding=\"async\" width=\"1200\" height=\"800\" src=\"https:\/\/www.greenpeace.org\/static\/planet4-canada-stateless\/2025\/08\/88f9f218-gp0su6ett_medium-res-1200px.jpg\" class=\"attachment-post-thumbnail size-post-thumbnail wp-post-image wp-stateless-item\" alt=\"CIN-5.2\u00a0: Les gouvernements ont encore failli dans leur tentative de conclure un accord, mais la lutte pour un trait\u00e9 fort se poursuit\" style=\"object-fit:cover;\" srcset=\"https:\/\/www.greenpeace.org\/static\/planet4-canada-stateless\/2025\/08\/88f9f218-gp0su6ett_medium-res-1200px.jpg 1200w, https:\/\/www.greenpeace.org\/static\/planet4-canada-stateless\/2025\/08\/88f9f218-gp0su6ett_medium-res-1200px-300x200.jpg 300w, https:\/\/www.greenpeace.org\/static\/planet4-canada-stateless\/2025\/08\/88f9f218-gp0su6ett_medium-res-1200px-1024x683.jpg 1024w, https:\/\/www.greenpeace.org\/static\/planet4-canada-stateless\/2025\/08\/88f9f218-gp0su6ett_medium-res-1200px-768x512.jpg 768w, https:\/\/www.greenpeace.org\/static\/planet4-canada-stateless\/2025\/08\/88f9f218-gp0su6ett_medium-res-1200px-510x340.jpg 510w\" sizes=\"auto, (max-width: 1200px) 100vw, 1200px\" data-image-size=\"post-thumbnail\" data-stateless-media-bucket=\"planet4-canada-stateless\" data-stateless-media-name=\"2025\/08\/88f9f218-gp0su6ett_medium-res-1200px.jpg\" \/><\/a><\/figure>\n\n        <div class=\"wp-block-group is-layout-flow wp-block-group-is-layout-flow\">\n                <div class=\"wp-block-group is-layout-flow wp-block-group-is-layout-flow\"><div class=\"wp-block-post-terms\"><a href=\"https:\/\/www.greenpeace.org\/canada\/fr\/category\/notre-travail\/\">Notre Travail<\/a><\/div>\n                <div class=\"taxonomy-post_tag wp-block-post-terms\"><a href=\"https:\/\/www.greenpeace.org\/canada\/fr\/tag\/plastique\/\" rel=\"tag\">Plastique<\/a><\/div>\n                \n                <\/div>\n                \n        <h3 class=\"wp-block-post-title\"><a href=\"https:\/\/www.greenpeace.org\/canada\/fr\/histoire\/72050\/cin-5-2-les-gouvernements-ont-encore-failli-tentative-conclure-traite-mondiale-sur-les-plastiques\/\" target=\"_self\" >CIN-5.2\u00a0: Les gouvernements ont encore failli dans leur tentative de conclure un accord, mais la lutte pour un trait\u00e9 fort se poursuit<\/a><\/h3>\n        <div class=\"wp-block-post-excerpt\"><p class=\"wp-block-post-excerpt__excerpt\">Ce qui \u00e9tait cens\u00e9 \u00eatre le dernier cycle de n\u00e9gociations pour un trait\u00e9 mondial sur les plastiques (CIN-5.2) s\u2019est achev\u00e9 sans l\u2019accord historique esp\u00e9r\u00e9 pour endiguer la pollution plastique. Apr\u00e8s&hellip; <\/p><\/div>\n        \n        <div class=\"wp-block-group posts-list-meta is-layout-flow wp-block-group-is-layout-flow\"><span class='article-list-item-author'><a href='https:\/\/www.greenpeace.org\/canada\/fr\/author\/svdbroek\/'>Sien Van den broeke<\/a><\/span>\n        <div class=\"wp-block-post-date\"><time datetime=\"2025-08-18T15:34:37-04:00\">18 ao\u00fbt, 2025<\/time><\/div>\n        \n        <\/div>\n        <\/div>\n        <\/div>\n\n            <\/li><li class=\"wp-block-post post-71972 post type-post status-publish format-standard has-post-thumbnail hentry category-plastiques tag-plastique p4-page-type-histoire\">\n            \n<div class=\"wp-block-columns is-layout-flex wp-container-core-columns-is-layout-9d6595d7 wp-block-columns-is-layout-flex\"><figure class=\"wp-block-post-featured-image\"><a href=\"https:\/\/www.greenpeace.org\/canada\/fr\/histoire\/71972\/inspiring-action-through-art-ahead-of-global-plastics-treaty-talks\/\" target=\"_self\"  ><img loading=\"lazy\" decoding=\"async\" width=\"2560\" height=\"1707\" src=\"https:\/\/www.greenpeace.org\/static\/planet4-canada-stateless\/2025\/08\/49e643e9-global_plastics_treaty_activity_65-l1040754-scaled.jpg\" class=\"attachment-post-thumbnail size-post-thumbnail wp-post-image wp-stateless-item\" alt=\"CIN-5.2: Inspirer l\u2019action par l\u2019art \u00e0 l\u2019approche des n\u00e9gociations du trait\u00e9 mondial sur les plastiques\" style=\"object-fit:cover;\" srcset=\"https:\/\/www.greenpeace.org\/static\/planet4-canada-stateless\/2025\/08\/49e643e9-global_plastics_treaty_activity_65-l1040754-scaled.jpg 2560w, https:\/\/www.greenpeace.org\/static\/planet4-canada-stateless\/2025\/08\/49e643e9-global_plastics_treaty_activity_65-l1040754-300x200.jpg 300w, https:\/\/www.greenpeace.org\/static\/planet4-canada-stateless\/2025\/08\/49e643e9-global_plastics_treaty_activity_65-l1040754-1024x683.jpg 1024w, https:\/\/www.greenpeace.org\/static\/planet4-canada-stateless\/2025\/08\/49e643e9-global_plastics_treaty_activity_65-l1040754-768x512.jpg 768w, https:\/\/www.greenpeace.org\/static\/planet4-canada-stateless\/2025\/08\/49e643e9-global_plastics_treaty_activity_65-l1040754-1536x1024.jpg 1536w, https:\/\/www.greenpeace.org\/static\/planet4-canada-stateless\/2025\/08\/49e643e9-global_plastics_treaty_activity_65-l1040754-2048x1366.jpg 2048w, https:\/\/www.greenpeace.org\/static\/planet4-canada-stateless\/2025\/08\/49e643e9-global_plastics_treaty_activity_65-l1040754-510x340.jpg 510w\" sizes=\"auto, (max-width: 2560px) 100vw, 2560px\" data-image-size=\"post-thumbnail\" data-stateless-media-bucket=\"planet4-canada-stateless\" data-stateless-media-name=\"2025\/08\/49e643e9-global_plastics_treaty_activity_65-l1040754-scaled.jpg\" \/><\/a><\/figure>\n\n        <div class=\"wp-block-group is-layout-flow wp-block-group-is-layout-flow\">\n                <div class=\"wp-block-group is-layout-flow wp-block-group-is-layout-flow\"><div class=\"wp-block-post-terms\"><a href=\"https:\/\/www.greenpeace.org\/canada\/fr\/category\/notre-travail\/plastiques\/\">Plastiques<\/a><\/div>\n                <div class=\"taxonomy-post_tag wp-block-post-terms\"><a href=\"https:\/\/www.greenpeace.org\/canada\/fr\/tag\/plastique\/\" rel=\"tag\">Plastique<\/a><\/div>\n                \n                <\/div>\n                \n        <h3 class=\"wp-block-post-title\"><a href=\"https:\/\/www.greenpeace.org\/canada\/fr\/histoire\/71972\/inspiring-action-through-art-ahead-of-global-plastics-treaty-talks\/\" target=\"_self\" >CIN-5.2: Inspirer l\u2019action par l\u2019art \u00e0 l\u2019approche des n\u00e9gociations du trait\u00e9 mondial sur les plastiques<\/a><\/h3>\n        <div class=\"wp-block-post-excerpt\"><p class=\"wp-block-post-excerpt__excerpt\">Ahead of the Global Plastics Treaty talks in Geneva, Greenpeace is turning Toronto-Danforth into an open air art exhibition around the plastics crisis. <\/p><\/div>\n        \n        <div class=\"wp-block-group posts-list-meta is-layout-flow wp-block-group-is-layout-flow\"><span class='article-list-item-author'><a href='https:\/\/www.greenpeace.org\/canada\/fr\/author\/svdbroek\/'>Sien Van den broeke<\/a><\/span>\n        <div class=\"wp-block-post-date\"><time datetime=\"2025-08-03T09:35:41-04:00\">3 ao\u00fbt, 2025<\/time><\/div>\n        \n        <\/div>\n        <\/div>\n        <\/div>\n\n            <\/li><li class=\"wp-block-post post-71966 post type-post status-publish format-standard has-post-thumbnail hentry category-plastiques tag-plastique p4-page-type-histoire\">\n            \n<div class=\"wp-block-columns is-layout-flex wp-container-core-columns-is-layout-9d6595d7 wp-block-columns-is-layout-flex\"><figure class=\"wp-block-post-featured-image\"><a href=\"https:\/\/www.greenpeace.org\/canada\/fr\/histoire\/71966\/en-ce-mois-de-juillet-sans-plastique-finissons-en-avec-le-plastique-pour-de-bon\/\" target=\"_self\"  ><img loading=\"lazy\" decoding=\"async\" width=\"800\" height=\"578\" src=\"https:\/\/www.greenpeace.org\/static\/planet4-canada-stateless\/2025\/07\/7cea0412-gp0styakd_low-res-800px.jpg\" class=\"attachment-post-thumbnail size-post-thumbnail wp-post-image wp-stateless-item\" alt=\"En ce mois de juillet sans plastique, finissons-en avec le plastique pour de bon!\" style=\"object-fit:cover;\" srcset=\"https:\/\/www.greenpeace.org\/static\/planet4-canada-stateless\/2025\/07\/7cea0412-gp0styakd_low-res-800px.jpg 800w, https:\/\/www.greenpeace.org\/static\/planet4-canada-stateless\/2025\/07\/7cea0412-gp0styakd_low-res-800px-300x217.jpg 300w, https:\/\/www.greenpeace.org\/static\/planet4-canada-stateless\/2025\/07\/7cea0412-gp0styakd_low-res-800px-768x555.jpg 768w, https:\/\/www.greenpeace.org\/static\/planet4-canada-stateless\/2025\/07\/7cea0412-gp0styakd_low-res-800px-471x340.jpg 471w\" sizes=\"auto, (max-width: 800px) 100vw, 800px\" data-image-size=\"post-thumbnail\" data-stateless-media-bucket=\"planet4-canada-stateless\" data-stateless-media-name=\"2025\/07\/7cea0412-gp0styakd_low-res-800px.jpg\" \/><\/a><\/figure>\n\n        <div class=\"wp-block-group is-layout-flow wp-block-group-is-layout-flow\">\n                <div class=\"wp-block-group is-layout-flow wp-block-group-is-layout-flow\"><div class=\"wp-block-post-terms\"><a href=\"https:\/\/www.greenpeace.org\/canada\/fr\/category\/notre-travail\/plastiques\/\">Plastiques<\/a><\/div>\n                <div class=\"taxonomy-post_tag wp-block-post-terms\"><a href=\"https:\/\/www.greenpeace.org\/canada\/fr\/tag\/plastique\/\" rel=\"tag\">Plastique<\/a><\/div>\n                \n                <\/div>\n                \n        <h3 class=\"wp-block-post-title\"><a href=\"https:\/\/www.greenpeace.org\/canada\/fr\/histoire\/71966\/en-ce-mois-de-juillet-sans-plastique-finissons-en-avec-le-plastique-pour-de-bon\/\" target=\"_self\" >En ce mois de juillet sans plastique, finissons-en avec le plastique pour de bon!<\/a><\/h3>\n        <div class=\"wp-block-post-excerpt\"><p class=\"wp-block-post-excerpt__excerpt\">La saison des pique-niques est lanc\u00e9e, tout comme l\u2019\u00e9v\u00e9nement Juillet sans plastique! Partout dans le monde, les gens se mettent au d\u00e9fi d\u2019\u00e9viter un maximum de plastiques \u00e0 usage unique&hellip; <\/p><\/div>\n        \n        <div class=\"wp-block-group posts-list-meta is-layout-flow wp-block-group-is-layout-flow\"><span class='article-list-item-author'>Sien Van den broeke<\/span>\n        <div class=\"wp-block-post-date\"><time datetime=\"2025-07-24T13:00:00-04:00\">24 juillet, 2025<\/time><\/div>\n        \n        <\/div>\n        <\/div>\n        <\/div>\n\n            <\/li><li class=\"wp-block-post post-68893 post type-post status-publish format-standard has-post-thumbnail hentry category-plastiques tag-autochtones tag-plastique p4-page-type-histoire\">\n            \n<div class=\"wp-block-columns is-layout-flex wp-container-core-columns-is-layout-9d6595d7 wp-block-columns-is-layout-flex\"><figure class=\"wp-block-post-featured-image\"><a href=\"https:\/\/www.greenpeace.org\/canada\/fr\/histoire\/68893\/traite-mondial-sur-les-plastiques-cin-5-et-prochaines-etapes\/\" target=\"_self\"  ><img loading=\"lazy\" decoding=\"async\" width=\"800\" height=\"533\" src=\"https:\/\/www.greenpeace.org\/static\/planet4-canada-stateless\/2025\/02\/8d1c46a2-gp0su3jqq_low-res-with-credit-line-800px.jpg\" class=\"attachment-post-thumbnail size-post-thumbnail wp-post-image wp-stateless-item\" alt=\"Trait\u00e9 mondial sur les plastiques : que s&rsquo;est-il pass\u00e9 lors de la CIN-5 et quelles sont les prochaines \u00e9tapes?\" style=\"object-fit:cover;\" srcset=\"https:\/\/www.greenpeace.org\/static\/planet4-canada-stateless\/2025\/02\/8d1c46a2-gp0su3jqq_low-res-with-credit-line-800px.jpg 800w, https:\/\/www.greenpeace.org\/static\/planet4-canada-stateless\/2025\/02\/8d1c46a2-gp0su3jqq_low-res-with-credit-line-800px-300x200.jpg 300w, https:\/\/www.greenpeace.org\/static\/planet4-canada-stateless\/2025\/02\/8d1c46a2-gp0su3jqq_low-res-with-credit-line-800px-768x512.jpg 768w, https:\/\/www.greenpeace.org\/static\/planet4-canada-stateless\/2025\/02\/8d1c46a2-gp0su3jqq_low-res-with-credit-line-800px-510x340.jpg 510w\" sizes=\"auto, (max-width: 800px) 100vw, 800px\" data-image-size=\"post-thumbnail\" data-stateless-media-bucket=\"planet4-canada-stateless\" data-stateless-media-name=\"2025\/02\/8d1c46a2-gp0su3jqq_low-res-with-credit-line-800px.jpg\" \/><\/a><\/figure>\n\n        <div class=\"wp-block-group is-layout-flow wp-block-group-is-layout-flow\">\n                <div class=\"wp-block-group is-layout-flow wp-block-group-is-layout-flow\"><div class=\"wp-block-post-terms\"><a href=\"https:\/\/www.greenpeace.org\/canada\/fr\/category\/notre-travail\/plastiques\/\">Plastiques<\/a><\/div>\n                <div class=\"taxonomy-post_tag wp-block-post-terms\"><a href=\"https:\/\/www.greenpeace.org\/canada\/fr\/tag\/autochtones\/\" rel=\"tag\">Autochtones<\/a><span class=\"wp-block-post-terms__separator\"> <\/span><a href=\"https:\/\/www.greenpeace.org\/canada\/fr\/tag\/plastique\/\" rel=\"tag\">Plastique<\/a><\/div>\n                \n                <\/div>\n                \n        <h3 class=\"wp-block-post-title\"><a href=\"https:\/\/www.greenpeace.org\/canada\/fr\/histoire\/68893\/traite-mondial-sur-les-plastiques-cin-5-et-prochaines-etapes\/\" target=\"_self\" >Trait\u00e9 mondial sur les plastiques : que s&rsquo;est-il pass\u00e9 lors de la CIN-5 et quelles sont les prochaines \u00e9tapes?<\/a><\/h3>\n        <div class=\"wp-block-post-excerpt\"><p class=\"wp-block-post-excerpt__excerpt\">Le cinqui\u00e8me cycle de n\u00e9gociations en vue d&rsquo;un nouveau trait\u00e9 mondial visant \u00e0 mettre fin \u00e0 la pollution plastique (Comit\u00e9 intergouvernemental de n\u00e9gociation ou CIN-5) s&rsquo;est achev\u00e9 le 1er d\u00e9cembre&hellip; <\/p><\/div>\n        \n        <div class=\"wp-block-group posts-list-meta is-layout-flow wp-block-group-is-layout-flow\"><span class='article-list-item-author'>Sarah King, Sam Chetan-Welsh<\/span>\n        <div class=\"wp-block-post-date\"><time datetime=\"2025-03-07T14:57:23-05:00\">7 mars, 2025<\/time><\/div>\n        \n        <\/div>\n        <\/div>\n        <\/div>\n\n            <\/li><li class=\"wp-block-post post-67816 post type-post status-publish format-standard has-post-thumbnail hentry category-egalite category-plastiques tag-plastique tag-consommation tag-justice-raciale p4-page-type-histoire\">\n            \n<div class=\"wp-block-columns is-layout-flex wp-container-core-columns-is-layout-9d6595d7 wp-block-columns-is-layout-flex\"><figure class=\"wp-block-post-featured-image\"><a href=\"https:\/\/www.greenpeace.org\/canada\/fr\/histoire\/67816\/le-cout-de-la-commodite-pourquoi-labandon-du-plastique-est-un-enjeu-de-justice\/\" target=\"_self\"  ><img loading=\"lazy\" decoding=\"async\" width=\"800\" height=\"533\" src=\"https:\/\/www.greenpeace.org\/static\/planet4-canada-stateless\/2024\/11\/92aa9fd2-gp0su0cyf_low-res-800px.jpg\" class=\"attachment-post-thumbnail size-post-thumbnail wp-post-image wp-stateless-item\" alt=\"Le co\u00fbt de la commodit\u00e9 \u2013 pourquoi l&rsquo;abandon du plastique est un enjeu de justice\" style=\"object-fit:cover;\" srcset=\"https:\/\/www.greenpeace.org\/static\/planet4-canada-stateless\/2024\/11\/92aa9fd2-gp0su0cyf_low-res-800px.jpg 800w, https:\/\/www.greenpeace.org\/static\/planet4-canada-stateless\/2024\/11\/92aa9fd2-gp0su0cyf_low-res-800px-300x200.jpg 300w, https:\/\/www.greenpeace.org\/static\/planet4-canada-stateless\/2024\/11\/92aa9fd2-gp0su0cyf_low-res-800px-768x512.jpg 768w, https:\/\/www.greenpeace.org\/static\/planet4-canada-stateless\/2024\/11\/92aa9fd2-gp0su0cyf_low-res-800px-510x340.jpg 510w\" sizes=\"auto, (max-width: 800px) 100vw, 800px\" data-image-size=\"post-thumbnail\" data-stateless-media-bucket=\"planet4-canada-stateless\" data-stateless-media-name=\"2024\/11\/92aa9fd2-gp0su0cyf_low-res-800px.jpg\" \/><\/a><\/figure>\n\n        <div class=\"wp-block-group is-layout-flow wp-block-group-is-layout-flow\">\n                <div class=\"wp-block-group is-layout-flow wp-block-group-is-layout-flow\"><div class=\"wp-block-post-terms\"><a href=\"https:\/\/www.greenpeace.org\/canada\/fr\/category\/notre-travail\/egalite\/\">\u00c9galit\u00e9<\/a><\/div>\n                <div class=\"taxonomy-post_tag wp-block-post-terms\"><a href=\"https:\/\/www.greenpeace.org\/canada\/fr\/tag\/plastique\/\" rel=\"tag\">Plastique<\/a><span class=\"wp-block-post-terms__separator\"> <\/span><a href=\"https:\/\/www.greenpeace.org\/canada\/fr\/tag\/consommation\/\" rel=\"tag\">Consommation<\/a><span class=\"wp-block-post-terms__separator\"> <\/span><a href=\"https:\/\/www.greenpeace.org\/canada\/fr\/tag\/justice-raciale\/\" rel=\"tag\">Justice Raciale<\/a><\/div>\n                \n                <\/div>\n                \n        <h3 class=\"wp-block-post-title\"><a href=\"https:\/\/www.greenpeace.org\/canada\/fr\/histoire\/67816\/le-cout-de-la-commodite-pourquoi-labandon-du-plastique-est-un-enjeu-de-justice\/\" target=\"_self\" >Le co\u00fbt de la commodit\u00e9 \u2013 pourquoi l&rsquo;abandon du plastique est un enjeu de justice<\/a><\/h3>\n        <div class=\"wp-block-post-excerpt\"><p class=\"wp-block-post-excerpt__excerpt\">Les produits en plastique nous ont \u00e9t\u00e9 pr\u00e9sent\u00e9s comme des articles inoffensifs et pratiques. Sacs en plastique, contenants alimentaires, paquets de bonbons et emballages de toutes sortes, tous destin\u00e9s \u00e0&hellip; <\/p><\/div>\n        \n        <div class=\"wp-block-group posts-list-meta is-layout-flow wp-block-group-is-layout-flow\"><span class='article-list-item-author'><a href='https:\/\/www.greenpeace.org\/canada\/fr\/author\/fkhan\/'>Farrah Khan<\/a><\/span>\n        <div class=\"wp-block-post-date\"><time datetime=\"2024-11-28T16:17:00-05:00\">28 novembre, 2024<\/time><\/div>\n        \n        <\/div>\n        <\/div>\n        <\/div>\n\n            <\/li><li class=\"wp-block-post post-67662 post type-post status-publish format-standard has-post-thumbnail hentry category-plastiques tag-plastique tag-consommation p4-page-type-histoire\">\n            \n<div class=\"wp-block-columns is-layout-flex wp-container-core-columns-is-layout-9d6595d7 wp-block-columns-is-layout-flex\"><figure class=\"wp-block-post-featured-image\"><a href=\"https:\/\/www.greenpeace.org\/canada\/fr\/histoire\/67662\/quel-est-le-point-commun-entre-une-bombe-de-bain-de-la-creme-glacee-et-une-tasse-reutilisable\/\" target=\"_self\"  ><img loading=\"lazy\" decoding=\"async\" width=\"1200\" height=\"802\" src=\"https:\/\/www.greenpeace.org\/static\/planet4-canada-stateless\/2024\/11\/3bf1eda7-gp1sxgos-1.jpg\" class=\"attachment-post-thumbnail size-post-thumbnail wp-post-image wp-stateless-item\" alt=\"Quel est le point commun entre une bombe de bain, de la cr\u00e8me glac\u00e9e et une tasse r\u00e9utilisable?\" style=\"object-fit:cover;\" srcset=\"https:\/\/www.greenpeace.org\/static\/planet4-canada-stateless\/2024\/11\/3bf1eda7-gp1sxgos-1.jpg 1200w, https:\/\/www.greenpeace.org\/static\/planet4-canada-stateless\/2024\/11\/3bf1eda7-gp1sxgos-1-300x201.jpg 300w, https:\/\/www.greenpeace.org\/static\/planet4-canada-stateless\/2024\/11\/3bf1eda7-gp1sxgos-1-1024x684.jpg 1024w, https:\/\/www.greenpeace.org\/static\/planet4-canada-stateless\/2024\/11\/3bf1eda7-gp1sxgos-1-768x513.jpg 768w, https:\/\/www.greenpeace.org\/static\/planet4-canada-stateless\/2024\/11\/3bf1eda7-gp1sxgos-1-510x340.jpg 510w\" sizes=\"auto, (max-width: 1200px) 100vw, 1200px\" data-image-size=\"post-thumbnail\" data-stateless-media-bucket=\"planet4-canada-stateless\" data-stateless-media-name=\"2024\/11\/3bf1eda7-gp1sxgos-1.jpg\" \/><\/a><\/figure>\n\n        <div class=\"wp-block-group is-layout-flow wp-block-group-is-layout-flow\">\n                <div class=\"wp-block-group is-layout-flow wp-block-group-is-layout-flow\"><div class=\"wp-block-post-terms\"><a href=\"https:\/\/www.greenpeace.org\/canada\/fr\/category\/notre-travail\/plastiques\/\">Plastiques<\/a><\/div>\n                <div class=\"taxonomy-post_tag wp-block-post-terms\"><a href=\"https:\/\/www.greenpeace.org\/canada\/fr\/tag\/plastique\/\" rel=\"tag\">Plastique<\/a><span class=\"wp-block-post-terms__separator\"> <\/span><a href=\"https:\/\/www.greenpeace.org\/canada\/fr\/tag\/consommation\/\" rel=\"tag\">Consommation<\/a><\/div>\n                \n                <\/div>\n                \n        <h3 class=\"wp-block-post-title\"><a href=\"https:\/\/www.greenpeace.org\/canada\/fr\/histoire\/67662\/quel-est-le-point-commun-entre-une-bombe-de-bain-de-la-creme-glacee-et-une-tasse-reutilisable\/\" target=\"_self\" >Quel est le point commun entre une bombe de bain, de la cr\u00e8me glac\u00e9e et une tasse r\u00e9utilisable?<\/a><\/h3>\n        <div class=\"wp-block-post-excerpt\"><p class=\"wp-block-post-excerpt__excerpt\">Rendre votre vie plus agr\u00e9able? C\u2019est certain. Ajoutez \u00e0 cela le fait que les entreprises qui proposent ces produits viennent tout juste de s\u2019associer dans le cadre de l\u2019initiative Champions&hellip; <\/p><\/div>\n        \n        <div class=\"wp-block-group posts-list-meta is-layout-flow wp-block-group-is-layout-flow\"><span class='article-list-item-author'>Louise Edge, Sarah King<\/span>\n        <div class=\"wp-block-post-date\"><time datetime=\"2024-10-31T14:08:00-04:00\">31 octobre, 2024<\/time><\/div>\n        \n        <\/div>\n        <\/div>\n        <\/div>\n\n            <\/li><li class=\"wp-block-post post-67527 post type-post status-publish format-standard has-post-thumbnail hentry category-plastiques tag-plastique p4-page-type-histoire\">\n            \n<div class=\"wp-block-columns is-layout-flex wp-container-core-columns-is-layout-9d6595d7 wp-block-columns-is-layout-flex\"><figure class=\"wp-block-post-featured-image\"><a href=\"https:\/\/www.greenpeace.org\/canada\/fr\/histoire\/67527\/quel-est-le-lien-entre-les-bombes-de-bain-et-lonu-et-en-quoi-cela-est-il-interessant\/\" target=\"_self\"  ><img loading=\"lazy\" decoding=\"async\" width=\"2560\" height=\"1707\" src=\"https:\/\/www.greenpeace.org\/static\/planet4-canada-stateless\/2024\/10\/6fe485e5-bath-bomb-display-scaled.jpg\" class=\"attachment-post-thumbnail size-post-thumbnail wp-post-image wp-stateless-item\" alt=\"Quel est le lien entre les bombes de bain et l&rsquo;ONU, et en quoi cela est-il int\u00e9ressant?\" style=\"object-fit:cover;\" srcset=\"https:\/\/www.greenpeace.org\/static\/planet4-canada-stateless\/2024\/10\/6fe485e5-bath-bomb-display-scaled.jpg 2560w, https:\/\/www.greenpeace.org\/static\/planet4-canada-stateless\/2024\/10\/6fe485e5-bath-bomb-display-300x200.jpg 300w, https:\/\/www.greenpeace.org\/static\/planet4-canada-stateless\/2024\/10\/6fe485e5-bath-bomb-display-1024x683.jpg 1024w, https:\/\/www.greenpeace.org\/static\/planet4-canada-stateless\/2024\/10\/6fe485e5-bath-bomb-display-768x512.jpg 768w, https:\/\/www.greenpeace.org\/static\/planet4-canada-stateless\/2024\/10\/6fe485e5-bath-bomb-display-1536x1024.jpg 1536w, https:\/\/www.greenpeace.org\/static\/planet4-canada-stateless\/2024\/10\/6fe485e5-bath-bomb-display-2048x1366.jpg 2048w, https:\/\/www.greenpeace.org\/static\/planet4-canada-stateless\/2024\/10\/6fe485e5-bath-bomb-display-510x340.jpg 510w\" sizes=\"auto, (max-width: 2560px) 100vw, 2560px\" data-image-size=\"post-thumbnail\" data-stateless-media-bucket=\"planet4-canada-stateless\" data-stateless-media-name=\"2024\/10\/6fe485e5-bath-bomb-display-scaled.jpg\" \/><\/a><\/figure>\n\n        <div class=\"wp-block-group is-layout-flow wp-block-group-is-layout-flow\">\n                <div class=\"wp-block-group is-layout-flow wp-block-group-is-layout-flow\"><div class=\"wp-block-post-terms\"><a href=\"https:\/\/www.greenpeace.org\/canada\/fr\/category\/notre-travail\/plastiques\/\">Plastiques<\/a><\/div>\n                <div class=\"taxonomy-post_tag wp-block-post-terms\"><a href=\"https:\/\/www.greenpeace.org\/canada\/fr\/tag\/plastique\/\" rel=\"tag\">Plastique<\/a><\/div>\n                \n                <\/div>\n                \n        <h3 class=\"wp-block-post-title\"><a href=\"https:\/\/www.greenpeace.org\/canada\/fr\/histoire\/67527\/quel-est-le-lien-entre-les-bombes-de-bain-et-lonu-et-en-quoi-cela-est-il-interessant\/\" target=\"_self\" >Quel est le lien entre les bombes de bain et l&rsquo;ONU, et en quoi cela est-il int\u00e9ressant?<\/a><\/h3>\n        <div class=\"wp-block-post-excerpt\"><p class=\"wp-block-post-excerpt__excerpt\">Vous avez peut-\u00eatre entendu dire qu&rsquo;un trait\u00e9 mondial sur les plastiques est en voie de n\u00e9gociation aux Nations Unies. Quel est donc le rapport entre le d\u00e9taillant de cosm\u00e9tiques Lush&hellip; <\/p><\/div>\n        \n        <div class=\"wp-block-group posts-list-meta is-layout-flow wp-block-group-is-layout-flow\"><span class='article-list-item-author'>Sybil Bullock<\/span>\n        <div class=\"wp-block-post-date\"><time datetime=\"2024-10-04T14:05:00-04:00\">4 octobre, 2024<\/time><\/div>\n        \n        <\/div>\n        <\/div>\n        <\/div>\n\n            <\/li><li class=\"wp-block-post post-66637 post type-post status-publish format-standard has-post-thumbnail hentry category-plastiques category-vivre-de-facon-durable tag-alimentation tag-sante tag-plastique tag-consommation p4-page-type-histoire\">\n            \n<div class=\"wp-block-columns is-layout-flex wp-container-core-columns-is-layout-9d6595d7 wp-block-columns-is-layout-flex\"><figure class=\"wp-block-post-featured-image\"><a href=\"https:\/\/www.greenpeace.org\/canada\/fr\/histoire\/66637\/lindustrie-na-qua-bien-se-tenir-en-ce-mois-de-juillet-sans-plastique\/\" target=\"_self\"  ><img loading=\"lazy\" decoding=\"async\" width=\"800\" height=\"533\" src=\"https:\/\/www.greenpeace.org\/static\/planet4-canada-stateless\/2024\/07\/606217a3-gp0stu71u_low-res-800px.jpg\" class=\"attachment-post-thumbnail size-post-thumbnail wp-post-image wp-stateless-item\" alt=\"L&rsquo;industrie n&rsquo;a qu&rsquo;\u00e0 bien se tenir en ce mois de juillet sans plastique!\" style=\"object-fit:cover;\" srcset=\"https:\/\/www.greenpeace.org\/static\/planet4-canada-stateless\/2024\/07\/606217a3-gp0stu71u_low-res-800px.jpg 800w, https:\/\/www.greenpeace.org\/static\/planet4-canada-stateless\/2024\/07\/606217a3-gp0stu71u_low-res-800px-300x200.jpg 300w, https:\/\/www.greenpeace.org\/static\/planet4-canada-stateless\/2024\/07\/606217a3-gp0stu71u_low-res-800px-768x512.jpg 768w, https:\/\/www.greenpeace.org\/static\/planet4-canada-stateless\/2024\/07\/606217a3-gp0stu71u_low-res-800px-510x340.jpg 510w\" sizes=\"auto, (max-width: 800px) 100vw, 800px\" data-image-size=\"post-thumbnail\" data-stateless-media-bucket=\"planet4-canada-stateless\" data-stateless-media-name=\"2024\/07\/606217a3-gp0stu71u_low-res-800px.jpg\" \/><\/a><\/figure>\n\n        <div class=\"wp-block-group is-layout-flow wp-block-group-is-layout-flow\">\n                <div class=\"wp-block-group is-layout-flow wp-block-group-is-layout-flow\"><div class=\"wp-block-post-terms\"><a href=\"https:\/\/www.greenpeace.org\/canada\/fr\/category\/notre-travail\/plastiques\/\">Plastiques<\/a><\/div>\n                <div class=\"taxonomy-post_tag wp-block-post-terms\"><a href=\"https:\/\/www.greenpeace.org\/canada\/fr\/tag\/alimentation\/\" rel=\"tag\">Alimentation<\/a><span class=\"wp-block-post-terms__separator\"> <\/span><a href=\"https:\/\/www.greenpeace.org\/canada\/fr\/tag\/sante\/\" rel=\"tag\">Sant\u00e9<\/a><span class=\"wp-block-post-terms__separator\"> <\/span><a href=\"https:\/\/www.greenpeace.org\/canada\/fr\/tag\/plastique\/\" rel=\"tag\">Plastique<\/a><span class=\"wp-block-post-terms__separator\"> <\/span><a href=\"https:\/\/www.greenpeace.org\/canada\/fr\/tag\/consommation\/\" rel=\"tag\">Consommation<\/a><\/div>\n                \n                <\/div>\n                \n        <h3 class=\"wp-block-post-title\"><a href=\"https:\/\/www.greenpeace.org\/canada\/fr\/histoire\/66637\/lindustrie-na-qua-bien-se-tenir-en-ce-mois-de-juillet-sans-plastique\/\" target=\"_self\" >L&rsquo;industrie n&rsquo;a qu&rsquo;\u00e0 bien se tenir en ce mois de juillet sans plastique!<\/a><\/h3>\n        <div class=\"wp-block-post-excerpt\"><p class=\"wp-block-post-excerpt__excerpt\">L&rsquo;\u00e9v\u00e9nement Juillet sans plastique est en cours, et c&rsquo;est l&rsquo;occasion r\u00eav\u00e9e de passer en revue les principales mesures que vous pouvez prendre pour acc\u00e9l\u00e9rer la transition vers un avenir sans plastique. <\/p><\/div>\n        \n        <div class=\"wp-block-group posts-list-meta is-layout-flow wp-block-group-is-layout-flow\"><span class='article-list-item-author'><a href='https:\/\/www.greenpeace.org\/canada\/fr\/author\/sking\/'>Sarah King<\/a><\/span>\n        <div class=\"wp-block-post-date\"><time datetime=\"2024-07-18T09:01:23-04:00\">18 juillet, 2024<\/time><\/div>\n        \n        <\/div>\n        <\/div>\n        <\/div>\n\n            <\/li><li class=\"wp-block-post post-66318 post type-post status-publish format-standard has-post-thumbnail hentry category-vivre-de-facon-durable tag-plastique p4-page-type-histoire\">\n            \n<div class=\"wp-block-columns is-layout-flex wp-container-core-columns-is-layout-9d6595d7 wp-block-columns-is-layout-flex\"><figure class=\"wp-block-post-featured-image\"><a href=\"https:\/\/www.greenpeace.org\/canada\/fr\/histoire\/66318\/la-lutte-juridique-de-taille-impliquant-lindustrie-du-plastique\/\" target=\"_self\"  ><img loading=\"lazy\" decoding=\"async\" width=\"1157\" height=\"550\" src=\"https:\/\/www.greenpeace.org\/static\/planet4-canada-stateless\/2024\/05\/e43fd13c-plastic-blog-header.png\" class=\"attachment-post-thumbnail size-post-thumbnail wp-post-image wp-stateless-item\" alt=\"La lutte juridique de taille impliquant l\u2019industrie du plastique\" style=\"object-fit:cover;\" srcset=\"https:\/\/www.greenpeace.org\/static\/planet4-canada-stateless\/2024\/05\/e43fd13c-plastic-blog-header.png 1157w, https:\/\/www.greenpeace.org\/static\/planet4-canada-stateless\/2024\/05\/e43fd13c-plastic-blog-header-300x143.png 300w, https:\/\/www.greenpeace.org\/static\/planet4-canada-stateless\/2024\/05\/e43fd13c-plastic-blog-header-1024x487.png 1024w, https:\/\/www.greenpeace.org\/static\/planet4-canada-stateless\/2024\/05\/e43fd13c-plastic-blog-header-768x365.png 768w, https:\/\/www.greenpeace.org\/static\/planet4-canada-stateless\/2024\/05\/e43fd13c-plastic-blog-header-510x242.png 510w\" sizes=\"auto, (max-width: 1157px) 100vw, 1157px\" data-image-size=\"post-thumbnail\" data-stateless-media-bucket=\"planet4-canada-stateless\" data-stateless-media-name=\"2024\/05\/e43fd13c-plastic-blog-header.png\" \/><\/a><\/figure>\n\n        <div class=\"wp-block-group is-layout-flow wp-block-group-is-layout-flow\">\n                <div class=\"wp-block-group is-layout-flow wp-block-group-is-layout-flow\"><div class=\"wp-block-post-terms\"><a href=\"https:\/\/www.greenpeace.org\/canada\/fr\/category\/notre-travail\/vivre-de-facon-durable\/\">Vivre de fa\u00e7on durable<\/a><\/div>\n                <div class=\"taxonomy-post_tag wp-block-post-terms\"><a href=\"https:\/\/www.greenpeace.org\/canada\/fr\/tag\/plastique\/\" rel=\"tag\">Plastique<\/a><\/div>\n                \n                <\/div>\n                \n        <h3 class=\"wp-block-post-title\"><a href=\"https:\/\/www.greenpeace.org\/canada\/fr\/histoire\/66318\/la-lutte-juridique-de-taille-impliquant-lindustrie-du-plastique\/\" target=\"_self\" >La lutte juridique de taille impliquant l\u2019industrie du plastique<\/a><\/h3>\n        <div class=\"wp-block-post-excerpt\"><p class=\"wp-block-post-excerpt__excerpt\">Nos oc\u00e9ans sont envahis par la pollution plastique, les produits chimiques servant \u00e0 fabriquer les plastiques sont li\u00e9s \u00e0 de graves probl\u00e8mes de sant\u00e9 tels que l\u2019apparition de troubles reproductifs&hellip; <\/p><\/div>\n        \n        <div class=\"wp-block-group posts-list-meta is-layout-flow wp-block-group-is-layout-flow\"><span class='article-list-item-author'><a href='https:\/\/www.greenpeace.org\/canada\/fr\/author\/pvittal\/'>Priyanka Vittal<\/a><\/span>\n        <div class=\"wp-block-post-date\"><time datetime=\"2024-06-26T15:53:05-04:00\">26 juin, 2024<\/time><\/div>\n        \n        <\/div>\n        <\/div>\n        <\/div>\n\n            <\/li><li class=\"wp-block-post post-65326 post type-post status-publish format-standard has-post-thumbnail hentry category-vivre-de-facon-durable tag-plastique p4-page-type-histoire\">\n            \n<div class=\"wp-block-columns is-layout-flex wp-container-core-columns-is-layout-9d6595d7 wp-block-columns-is-layout-flex\"><figure class=\"wp-block-post-featured-image\"><a href=\"https:\/\/www.greenpeace.org\/canada\/fr\/histoire\/65326\/%f0%9f%9a%a8-en-direct-depuis-les-negociations-cin-4-les-gens-ou-le-plastique\/\" target=\"_self\"  ><img loading=\"lazy\" decoding=\"async\" width=\"1920\" height=\"1015\" src=\"https:\/\/www.greenpeace.org\/static\/planet4-canada-stateless\/2024\/04\/ca90abf9-live.png\" class=\"attachment-post-thumbnail size-post-thumbnail wp-post-image wp-stateless-item\" alt=\"?\u00a0En direct depuis les n\u00e9gociations CIN-4 : les gens ou le plastique\" style=\"object-fit:cover;\" srcset=\"https:\/\/www.greenpeace.org\/static\/planet4-canada-stateless\/2024\/04\/ca90abf9-live.png 1920w, https:\/\/www.greenpeace.org\/static\/planet4-canada-stateless\/2024\/04\/ca90abf9-live-300x159.png 300w, https:\/\/www.greenpeace.org\/static\/planet4-canada-stateless\/2024\/04\/ca90abf9-live-1024x541.png 1024w, https:\/\/www.greenpeace.org\/static\/planet4-canada-stateless\/2024\/04\/ca90abf9-live-768x406.png 768w, https:\/\/www.greenpeace.org\/static\/planet4-canada-stateless\/2024\/04\/ca90abf9-live-1536x812.png 1536w, https:\/\/www.greenpeace.org\/static\/planet4-canada-stateless\/2024\/04\/ca90abf9-live-510x270.png 510w\" sizes=\"auto, (max-width: 1920px) 100vw, 1920px\" data-image-size=\"post-thumbnail\" data-stateless-media-bucket=\"planet4-canada-stateless\" data-stateless-media-name=\"2024\/04\/ca90abf9-live.png\" \/><\/a><\/figure>\n\n        <div class=\"wp-block-group is-layout-flow wp-block-group-is-layout-flow\">\n                <div class=\"wp-block-group is-layout-flow wp-block-group-is-layout-flow\"><div class=\"wp-block-post-terms\"><a href=\"https:\/\/www.greenpeace.org\/canada\/fr\/category\/notre-travail\/vivre-de-facon-durable\/\">Vivre de fa\u00e7on durable<\/a><\/div>\n                <div class=\"taxonomy-post_tag wp-block-post-terms\"><a href=\"https:\/\/www.greenpeace.org\/canada\/fr\/tag\/plastique\/\" rel=\"tag\">Plastique<\/a><\/div>\n                \n                <\/div>\n                \n        <h3 class=\"wp-block-post-title\"><a href=\"https:\/\/www.greenpeace.org\/canada\/fr\/histoire\/65326\/%f0%9f%9a%a8-en-direct-depuis-les-negociations-cin-4-les-gens-ou-le-plastique\/\" target=\"_self\" >?\u00a0En direct depuis les n\u00e9gociations CIN-4 : les gens ou le plastique<\/a><\/h3>\n        <div class=\"wp-block-post-excerpt\"><p class=\"wp-block-post-excerpt__excerpt\">Les n\u00e9gociations CIN-4 comme si vous y \u00e9tiez! Suivez nos mises \u00e0 jour, obtenez des informations et des \u00e9clairages sur les coulisses des n\u00e9gociations. Cet article vous permettra de vivre une semaine pleine d&rsquo;actions. \u2935\ufe0f <\/p><\/div>\n        \n        <div class=\"wp-block-group posts-list-meta is-layout-flow wp-block-group-is-layout-flow\"><span class='article-list-item-author'><a href='https:\/\/www.greenpeace.org\/canada\/fr\/author\/lcolbeck\/'>L\u00e9anne Colbeck<\/a><\/span>\n        <div class=\"wp-block-post-date\"><time datetime=\"2024-04-25T07:35:20-04:00\">25 avril, 2024<\/time><\/div>\n        \n        <\/div>\n        <\/div>\n        <\/div>\n\n            <\/li><li class=\"wp-block-post post-65201 post type-post status-publish format-standard has-post-thumbnail hentry category-vivre-de-facon-durable tag-plastique p4-page-type-histoire\">\n            \n<div class=\"wp-block-columns is-layout-flex wp-container-core-columns-is-layout-9d6595d7 wp-block-columns-is-layout-flex\"><figure class=\"wp-block-post-featured-image\"><a href=\"https:\/\/www.greenpeace.org\/canada\/fr\/histoire\/65201\/inc4-le-canada-doit-remettre-les-negociations-du-traite-mondial-sur-les-plastiques-sur-les-rails\/\" target=\"_self\"  ><img loading=\"lazy\" decoding=\"async\" width=\"800\" height=\"533\" src=\"https:\/\/www.greenpeace.org\/static\/planet4-canada-stateless\/2024\/04\/b2780cf8-gp0sty5hj_low-res-800px.jpg\" class=\"attachment-post-thumbnail size-post-thumbnail wp-post-image wp-stateless-item\" alt=\"INC4 : Le Canada doit remettre les n\u00e9gociations du trait\u00e9 mondial sur les plastiques sur les rails\" style=\"object-fit:cover;\" srcset=\"https:\/\/www.greenpeace.org\/static\/planet4-canada-stateless\/2024\/04\/b2780cf8-gp0sty5hj_low-res-800px.jpg 800w, https:\/\/www.greenpeace.org\/static\/planet4-canada-stateless\/2024\/04\/b2780cf8-gp0sty5hj_low-res-800px-300x200.jpg 300w, https:\/\/www.greenpeace.org\/static\/planet4-canada-stateless\/2024\/04\/b2780cf8-gp0sty5hj_low-res-800px-768x512.jpg 768w, https:\/\/www.greenpeace.org\/static\/planet4-canada-stateless\/2024\/04\/b2780cf8-gp0sty5hj_low-res-800px-510x340.jpg 510w\" sizes=\"auto, (max-width: 800px) 100vw, 800px\" data-image-size=\"post-thumbnail\" data-stateless-media-bucket=\"planet4-canada-stateless\" data-stateless-media-name=\"2024\/04\/b2780cf8-gp0sty5hj_low-res-800px.jpg\" \/><\/a><\/figure>\n\n        <div class=\"wp-block-group is-layout-flow wp-block-group-is-layout-flow\">\n                <div class=\"wp-block-group is-layout-flow wp-block-group-is-layout-flow\"><div class=\"wp-block-post-terms\"><a href=\"https:\/\/www.greenpeace.org\/canada\/fr\/category\/notre-travail\/vivre-de-facon-durable\/\">Vivre de fa\u00e7on durable<\/a><\/div>\n                <div class=\"taxonomy-post_tag wp-block-post-terms\"><a href=\"https:\/\/www.greenpeace.org\/canada\/fr\/tag\/plastique\/\" rel=\"tag\">Plastique<\/a><\/div>\n                \n                <\/div>\n                \n        <h3 class=\"wp-block-post-title\"><a href=\"https:\/\/www.greenpeace.org\/canada\/fr\/histoire\/65201\/inc4-le-canada-doit-remettre-les-negociations-du-traite-mondial-sur-les-plastiques-sur-les-rails\/\" target=\"_self\" >INC4 : Le Canada doit remettre les n\u00e9gociations du trait\u00e9 mondial sur les plastiques sur les rails<\/a><\/h3>\n        <div class=\"wp-block-post-excerpt\"><p class=\"wp-block-post-excerpt__excerpt\">\u00c0 la fin avril 2024, les repr\u00e9sentant\u00b7es de plus de 170 gouvernements se r\u00e9uniront \u00e0 Ottawa, au Canada, pour n\u00e9gocier un trait\u00e9 mondial des Nations unies sur les plastiques &#8211; une occasion unique de commencer \u00e0 r\u00e9soudre la crise de la pollution plastique. <\/p><\/div>\n        \n        <div class=\"wp-block-group posts-list-meta is-layout-flow wp-block-group-is-layout-flow\"><span class='article-list-item-author'>Sarah King, Graham Forbes<\/span>\n        <div class=\"wp-block-post-date\"><time datetime=\"2024-04-18T10:00:00-04:00\">18 avril, 2024<\/time><\/div>\n        \n        <\/div>\n        <\/div>\n        <\/div>\n\n            <\/li><li class=\"wp-block-post post-64518 post type-post status-publish format-standard has-post-thumbnail hentry category-vivre-de-facon-durable tag-plastique p4-page-type-histoire\">\n            \n<div class=\"wp-block-columns is-layout-flex wp-container-core-columns-is-layout-9d6595d7 wp-block-columns-is-layout-flex\"><figure class=\"wp-block-post-featured-image\"><a href=\"https:\/\/www.greenpeace.org\/canada\/fr\/histoire\/64518\/nouveau-sondage-les-populations-sont-unanimes-traite-mondial-plastiques\/\" target=\"_self\"  ><img loading=\"lazy\" decoding=\"async\" width=\"800\" height=\"534\" src=\"https:\/\/www.greenpeace.org\/static\/planet4-canada-stateless\/2024\/04\/394a4eff-gp1svkrc_low_res.jpg\" class=\"attachment-post-thumbnail size-post-thumbnail wp-post-image wp-stateless-item\" alt=\"Nouveau sondage: les populations sont unanimes, le trait\u00e9 mondial sur les plastiques doit r\u00e9duire la production de plastique\" style=\"object-fit:cover;\" srcset=\"https:\/\/www.greenpeace.org\/static\/planet4-canada-stateless\/2024\/04\/394a4eff-gp1svkrc_low_res.jpg 800w, https:\/\/www.greenpeace.org\/static\/planet4-canada-stateless\/2024\/04\/394a4eff-gp1svkrc_low_res-300x200.jpg 300w, https:\/\/www.greenpeace.org\/static\/planet4-canada-stateless\/2024\/04\/394a4eff-gp1svkrc_low_res-768x513.jpg 768w, https:\/\/www.greenpeace.org\/static\/planet4-canada-stateless\/2024\/04\/394a4eff-gp1svkrc_low_res-510x340.jpg 510w\" sizes=\"auto, (max-width: 800px) 100vw, 800px\" data-image-size=\"post-thumbnail\" data-stateless-media-bucket=\"planet4-canada-stateless\" data-stateless-media-name=\"2024\/04\/394a4eff-gp1svkrc_low_res.jpg\" \/><\/a><\/figure>\n\n        <div class=\"wp-block-group is-layout-flow wp-block-group-is-layout-flow\">\n                <div class=\"wp-block-group is-layout-flow wp-block-group-is-layout-flow\"><div class=\"wp-block-post-terms\"><a href=\"https:\/\/www.greenpeace.org\/canada\/fr\/category\/notre-travail\/vivre-de-facon-durable\/\">Vivre de fa\u00e7on durable<\/a><\/div>\n                <div class=\"taxonomy-post_tag wp-block-post-terms\"><a href=\"https:\/\/www.greenpeace.org\/canada\/fr\/tag\/plastique\/\" rel=\"tag\">Plastique<\/a><\/div>\n                \n                <\/div>\n                \n        <h3 class=\"wp-block-post-title\"><a href=\"https:\/\/www.greenpeace.org\/canada\/fr\/histoire\/64518\/nouveau-sondage-les-populations-sont-unanimes-traite-mondial-plastiques\/\" target=\"_self\" >Nouveau sondage: les populations sont unanimes, le trait\u00e9 mondial sur les plastiques doit r\u00e9duire la production de plastique<\/a><\/h3>\n        <div class=\"wp-block-post-excerpt\"><p class=\"wp-block-post-excerpt__excerpt\">Have you ever seen a referendum that 80% of people would support? Such an event is rare, although not unprecedented. This is a remarkable result, which demonstrates broad support for&hellip; <\/p><\/div>\n        \n        <div class=\"wp-block-group posts-list-meta is-layout-flow wp-block-group-is-layout-flow\"><span class='article-list-item-author'>Angelica Pago, L\u00e9anne Colbeck<\/span>\n        <div class=\"wp-block-post-date\"><time datetime=\"2024-04-04T08:00:00-04:00\">4 avril, 2024<\/time><\/div>\n        \n        <\/div>\n        <\/div>\n        <\/div>\n\n            <\/li><li class=\"wp-block-post post-61625 post type-post status-publish format-standard has-post-thumbnail hentry category-vivre-de-facon-durable tag-plastique tag-consommation p4-page-type-histoire\">\n            \n<div class=\"wp-block-columns is-layout-flex wp-container-core-columns-is-layout-9d6595d7 wp-block-columns-is-layout-flex\"><figure class=\"wp-block-post-featured-image\"><a href=\"https:\/\/www.greenpeace.org\/canada\/fr\/histoire\/61625\/reduire-ses-dechets-de-fetes-50-astuces-pour-une-fin-dannee-ecologique\/\" target=\"_self\"  ><img loading=\"lazy\" decoding=\"async\" width=\"1200\" height=\"630\" src=\"https:\/\/www.greenpeace.org\/static\/planet4-canada-stateless\/2023\/11\/257ae3cb-3.jpg\" class=\"attachment-post-thumbnail size-post-thumbnail wp-post-image wp-stateless-item\" alt=\"R\u00e9duire ses d\u00e9chets de f\u00eates : 50+ astuces pour une fin d&rsquo;ann\u00e9e \u00e9cologique\" style=\"object-fit:cover;\" srcset=\"https:\/\/www.greenpeace.org\/static\/planet4-canada-stateless\/2023\/11\/257ae3cb-3.jpg 1200w, https:\/\/www.greenpeace.org\/static\/planet4-canada-stateless\/2023\/11\/257ae3cb-3-300x158.jpg 300w, https:\/\/www.greenpeace.org\/static\/planet4-canada-stateless\/2023\/11\/257ae3cb-3-1024x538.jpg 1024w, https:\/\/www.greenpeace.org\/static\/planet4-canada-stateless\/2023\/11\/257ae3cb-3-768x403.jpg 768w, https:\/\/www.greenpeace.org\/static\/planet4-canada-stateless\/2023\/11\/257ae3cb-3-510x268.jpg 510w\" sizes=\"auto, (max-width: 1200px) 100vw, 1200px\" data-image-size=\"post-thumbnail\" data-stateless-media-bucket=\"planet4-canada-stateless\" data-stateless-media-name=\"2023\/11\/257ae3cb-3.jpg\" \/><\/a><\/figure>\n\n        <div class=\"wp-block-group is-layout-flow wp-block-group-is-layout-flow\">\n                <div class=\"wp-block-group is-layout-flow wp-block-group-is-layout-flow\"><div class=\"wp-block-post-terms\"><a href=\"https:\/\/www.greenpeace.org\/canada\/fr\/category\/notre-travail\/vivre-de-facon-durable\/\">Vivre de fa\u00e7on durable<\/a><\/div>\n                <div class=\"taxonomy-post_tag wp-block-post-terms\"><a href=\"https:\/\/www.greenpeace.org\/canada\/fr\/tag\/plastique\/\" rel=\"tag\">Plastique<\/a><span class=\"wp-block-post-terms__separator\"> <\/span><a href=\"https:\/\/www.greenpeace.org\/canada\/fr\/tag\/consommation\/\" rel=\"tag\">Consommation<\/a><\/div>\n                \n                <\/div>\n                \n        <h3 class=\"wp-block-post-title\"><a href=\"https:\/\/www.greenpeace.org\/canada\/fr\/histoire\/61625\/reduire-ses-dechets-de-fetes-50-astuces-pour-une-fin-dannee-ecologique\/\" target=\"_self\" >R\u00e9duire ses d\u00e9chets de f\u00eates : 50+ astuces pour une fin d&rsquo;ann\u00e9e \u00e9cologique<\/a><\/h3>\n        <div class=\"wp-block-post-excerpt\"><p class=\"wp-block-post-excerpt__excerpt\">Le temps des f\u00eates est la p\u00e9riode de l&rsquo;ann\u00e9e o\u00f9 l&rsquo;on gaspille et l\u2019on jette le plus. Au lieu de gaspiller sans compter, redonnons aux f\u00eates leur saveur d\u2019antan en renouant avec un peu de simplicit\u00e9. D\u00e9couvrez le guide des f\u00eates sans gaspillage ci-dessous! <\/p><\/div>\n        \n        <div class=\"wp-block-group posts-list-meta is-layout-flow wp-block-group-is-layout-flow\"><span class='article-list-item-author'><a href='https:\/\/www.greenpeace.org\/canada\/fr\/author\/gpcanada\/'>Greenpeace Canada<\/a><\/span>\n        <div class=\"wp-block-post-date\"><time datetime=\"2023-11-22T10:28:06-05:00\">22 novembre, 2023<\/time><\/div>\n        \n        <\/div>\n        <\/div>\n        <\/div>\n\n            <\/li><li class=\"wp-block-post post-61480 post type-post status-publish format-standard has-post-thumbnail hentry category-nature-fr category-vivre-de-facon-durable tag-plastique p4-page-type-histoire\">\n            \n<div class=\"wp-block-columns is-layout-flex wp-container-core-columns-is-layout-9d6595d7 wp-block-columns-is-layout-flex\"><figure class=\"wp-block-post-featured-image\"><a href=\"https:\/\/www.greenpeace.org\/canada\/fr\/histoire\/61480\/la-conference-inc3-de-lonu-sacheve-sur-un-sentiment-de-frustration-alors-que-les-gouvernements-ont-permis-aux-pays-peu-ambitieux-de-faire-derailler-le-traite-mondial-sur-les-plastiques\/\" target=\"_self\"  ><img loading=\"lazy\" decoding=\"async\" width=\"800\" height=\"533\" src=\"https:\/\/www.greenpeace.org\/static\/planet4-canada-stateless\/2022\/12\/95ad2031-gp1t7ucg_web_size_with_credit_line.jpg\" class=\"attachment-post-thumbnail size-post-thumbnail wp-post-image wp-stateless-item\" alt=\"La conf\u00e9rence INC3 de l&rsquo;ONU s&rsquo;ach\u00e8ve sur un sentiment de frustration alors que les gouvernements ont permis aux pays peu ambitieux de faire d\u00e9railler le trait\u00e9 mondial sur les plastiques\" style=\"object-fit:cover;\" srcset=\"https:\/\/www.greenpeace.org\/static\/planet4-canada-stateless\/2022\/12\/95ad2031-gp1t7ucg_web_size_with_credit_line.jpg 800w, https:\/\/www.greenpeace.org\/static\/planet4-canada-stateless\/2022\/12\/95ad2031-gp1t7ucg_web_size_with_credit_line-300x200.jpg 300w, https:\/\/www.greenpeace.org\/static\/planet4-canada-stateless\/2022\/12\/95ad2031-gp1t7ucg_web_size_with_credit_line-768x512.jpg 768w, https:\/\/www.greenpeace.org\/static\/planet4-canada-stateless\/2022\/12\/95ad2031-gp1t7ucg_web_size_with_credit_line-510x340.jpg 510w\" sizes=\"auto, (max-width: 800px) 100vw, 800px\" data-image-size=\"post-thumbnail\" data-stateless-media-bucket=\"planet4-canada-stateless\" data-stateless-media-name=\"2022\/12\/95ad2031-gp1t7ucg_web_size_with_credit_line.jpg\" \/><\/a><\/figure>\n\n        <div class=\"wp-block-group is-layout-flow wp-block-group-is-layout-flow\">\n                <div class=\"wp-block-group is-layout-flow wp-block-group-is-layout-flow\"><div class=\"wp-block-post-terms\"><a href=\"https:\/\/www.greenpeace.org\/canada\/fr\/category\/notre-travail\/nature-fr\/\">Nature<\/a><\/div>\n                <div class=\"taxonomy-post_tag wp-block-post-terms\"><a href=\"https:\/\/www.greenpeace.org\/canada\/fr\/tag\/plastique\/\" rel=\"tag\">Plastique<\/a><\/div>\n                \n                <\/div>\n                \n        <h3 class=\"wp-block-post-title\"><a href=\"https:\/\/www.greenpeace.org\/canada\/fr\/histoire\/61480\/la-conference-inc3-de-lonu-sacheve-sur-un-sentiment-de-frustration-alors-que-les-gouvernements-ont-permis-aux-pays-peu-ambitieux-de-faire-derailler-le-traite-mondial-sur-les-plastiques\/\" target=\"_self\" >La conf\u00e9rence INC3 de l&rsquo;ONU s&rsquo;ach\u00e8ve sur un sentiment de frustration alors que les gouvernements ont permis aux pays peu ambitieux de faire d\u00e9railler le trait\u00e9 mondial sur les plastiques<\/a><\/h3>\n        <div class=\"wp-block-post-excerpt\"><p class=\"wp-block-post-excerpt__excerpt\">La troisi\u00e8me session du Comit\u00e9 international de n\u00e9gociations\u00a0 (INC3) pour un trait\u00e9 mondial sur les plastiques se termine sur une note d\u00e9cevante pour la lutte contre les crises du plastique et du climat. <\/p><\/div>\n        \n        <div class=\"wp-block-group posts-list-meta is-layout-flow wp-block-group-is-layout-flow\"><span class='article-list-item-author'><a href='https:\/\/www.greenpeace.org\/canada\/fr\/author\/brandon\/'>Brandon Wei<\/a><\/span>\n        <div class=\"wp-block-post-date\"><time datetime=\"2023-11-19T17:23:01-05:00\">19 novembre, 2023<\/time><\/div>\n        \n        <\/div>\n        <\/div>\n        <\/div>\n\n            <\/li><li class=\"wp-block-post post-61279 post type-post status-publish format-standard has-post-thumbnail hentry category-nature-fr category-vivre-de-facon-durable tag-plastique tag-consommation p4-page-type-histoire\">\n            \n<div class=\"wp-block-columns is-layout-flex wp-container-core-columns-is-layout-9d6595d7 wp-block-columns-is-layout-flex\"><figure class=\"wp-block-post-featured-image\"><a href=\"https:\/\/www.greenpeace.org\/canada\/fr\/histoire\/61279\/greenpeace-reclame-ladoption-dun-traite-mondial-sur-les-plastiques-ambitieux\/\" target=\"_self\"  ><img loading=\"lazy\" decoding=\"async\" width=\"800\" height=\"533\" src=\"https:\/\/www.greenpeace.org\/static\/planet4-canada-stateless\/2023\/11\/b2ee4941-gp0stwh0r_web_size_with_credit_line.jpg\" class=\"attachment-post-thumbnail size-post-thumbnail wp-post-image wp-stateless-item\" alt=\"Greenpeace r\u00e9clame l&rsquo;adoption d&rsquo;un trait\u00e9 mondial sur les plastiques ambitieux\" style=\"object-fit:cover;\" srcset=\"https:\/\/www.greenpeace.org\/static\/planet4-canada-stateless\/2023\/11\/b2ee4941-gp0stwh0r_web_size_with_credit_line.jpg 800w, https:\/\/www.greenpeace.org\/static\/planet4-canada-stateless\/2023\/11\/b2ee4941-gp0stwh0r_web_size_with_credit_line-300x200.jpg 300w, https:\/\/www.greenpeace.org\/static\/planet4-canada-stateless\/2023\/11\/b2ee4941-gp0stwh0r_web_size_with_credit_line-768x512.jpg 768w, https:\/\/www.greenpeace.org\/static\/planet4-canada-stateless\/2023\/11\/b2ee4941-gp0stwh0r_web_size_with_credit_line-510x340.jpg 510w\" sizes=\"auto, (max-width: 800px) 100vw, 800px\" data-image-size=\"post-thumbnail\" data-stateless-media-bucket=\"planet4-canada-stateless\" data-stateless-media-name=\"2023\/11\/b2ee4941-gp0stwh0r_web_size_with_credit_line.jpg\" \/><\/a><\/figure>\n\n        <div class=\"wp-block-group is-layout-flow wp-block-group-is-layout-flow\">\n                <div class=\"wp-block-group is-layout-flow wp-block-group-is-layout-flow\"><div class=\"wp-block-post-terms\"><a href=\"https:\/\/www.greenpeace.org\/canada\/fr\/category\/notre-travail\/nature-fr\/\">Nature<\/a><\/div>\n                <div class=\"taxonomy-post_tag wp-block-post-terms\"><a href=\"https:\/\/www.greenpeace.org\/canada\/fr\/tag\/plastique\/\" rel=\"tag\">Plastique<\/a><span class=\"wp-block-post-terms__separator\"> <\/span><a href=\"https:\/\/www.greenpeace.org\/canada\/fr\/tag\/consommation\/\" rel=\"tag\">Consommation<\/a><\/div>\n                \n                <\/div>\n                \n        <h3 class=\"wp-block-post-title\"><a href=\"https:\/\/www.greenpeace.org\/canada\/fr\/histoire\/61279\/greenpeace-reclame-ladoption-dun-traite-mondial-sur-les-plastiques-ambitieux\/\" target=\"_self\" >Greenpeace r\u00e9clame l&rsquo;adoption d&rsquo;un trait\u00e9 mondial sur les plastiques ambitieux<\/a><\/h3>\n        <div class=\"wp-block-post-excerpt\"><p class=\"wp-block-post-excerpt__excerpt\">Greenpeace International et l&rsquo;artiste et activiste Benjamin Von Wong ont d\u00e9voil\u00e9 une installation de 5 m\u00e8tres de haut appel\u00e9e #PerpetualPlastic Machine. <\/p><\/div>\n        \n        <div class=\"wp-block-group posts-list-meta is-layout-flow wp-block-group-is-layout-flow\"><span class='article-list-item-author'>Greenpeace International<\/span>\n        <div class=\"wp-block-post-date\"><time datetime=\"2023-11-07T12:01:33-05:00\">7 novembre, 2023<\/time><\/div>\n        \n        <\/div>\n        <\/div>\n        <\/div>\n\n            <\/li><li class=\"wp-block-post post-60108 post type-post status-publish format-standard has-post-thumbnail hentry category-vivre-de-facon-durable tag-climat tag-nucleaire tag-plastique tag-consommation p4-page-type-histoire\">\n            \n<div class=\"wp-block-columns is-layout-flex wp-container-core-columns-is-layout-9d6595d7 wp-block-columns-is-layout-flex\"><figure class=\"wp-block-post-featured-image\"><a href=\"https:\/\/www.greenpeace.org\/canada\/fr\/histoire\/60108\/barbie-vs-oppenheimer-deux-univers-diametralement-opposes-qui-nous-rappellent-les-menaces-du-nucleaire-et-du-plastique\/\" target=\"_self\"  ><img loading=\"lazy\" decoding=\"async\" width=\"2500\" height=\"3720\" src=\"https:\/\/www.greenpeace.org\/canada\/wp-content\/uploads\/2019\/06\/f5bf394b-gndtoolkit_p4background.png\" class=\"attachment-post-thumbnail size-post-thumbnail wp-post-image\" alt=\"Barbie vs. Oppenheimer : deux univers diam\u00e9tralement oppos\u00e9s qui nous rappellent\u00a0les menaces du nucl\u00e9aire et du plastique\" style=\"object-fit:cover;\" srcset=\"https:\/\/www.greenpeace.org\/canada\/wp-content\/uploads\/2019\/06\/f5bf394b-gndtoolkit_p4background.png 2500w, https:\/\/www.greenpeace.org\/canada\/wp-content\/uploads\/2019\/06\/f5bf394b-gndtoolkit_p4background.png 202w, https:\/\/www.greenpeace.org\/canada\/wp-content\/uploads\/2019\/06\/f5bf394b-gndtoolkit_p4background.png 768w, https:\/\/www.greenpeace.org\/canada\/wp-content\/uploads\/2019\/06\/f5bf394b-gndtoolkit_p4background.png 688w, https:\/\/www.greenpeace.org\/canada\/wp-content\/uploads\/2019\/06\/f5bf394b-gndtoolkit_p4background.png 918w, https:\/\/www.greenpeace.org\/canada\/wp-content\/uploads\/2019\/06\/f5bf394b-gndtoolkit_p4background.png 228w\" sizes=\"auto, (max-width: 2500px) 100vw, 2500px\" \/><\/a><\/figure>\n\n        <div class=\"wp-block-group is-layout-flow wp-block-group-is-layout-flow\">\n                <div class=\"wp-block-group is-layout-flow wp-block-group-is-layout-flow\"><div class=\"wp-block-post-terms\"><a href=\"https:\/\/www.greenpeace.org\/canada\/fr\/category\/notre-travail\/vivre-de-facon-durable\/\">Vivre de fa\u00e7on durable<\/a><\/div>\n                <div class=\"taxonomy-post_tag wp-block-post-terms\"><a href=\"https:\/\/www.greenpeace.org\/canada\/fr\/tag\/climat\/\" rel=\"tag\">Climat<\/a><span class=\"wp-block-post-terms__separator\"> <\/span><a href=\"https:\/\/www.greenpeace.org\/canada\/fr\/tag\/nucleaire\/\" rel=\"tag\">Nucl\u00e9aire<\/a><span class=\"wp-block-post-terms__separator\"> <\/span><a href=\"https:\/\/www.greenpeace.org\/canada\/fr\/tag\/plastique\/\" rel=\"tag\">Plastique<\/a><span class=\"wp-block-post-terms__separator\"> <\/span><a href=\"https:\/\/www.greenpeace.org\/canada\/fr\/tag\/consommation\/\" rel=\"tag\">Consommation<\/a><\/div>\n                \n                <\/div>\n                \n        <h3 class=\"wp-block-post-title\"><a href=\"https:\/\/www.greenpeace.org\/canada\/fr\/histoire\/60108\/barbie-vs-oppenheimer-deux-univers-diametralement-opposes-qui-nous-rappellent-les-menaces-du-nucleaire-et-du-plastique\/\" target=\"_self\" >Barbie vs. Oppenheimer : deux univers diam\u00e9tralement oppos\u00e9s qui nous rappellent\u00a0les menaces du nucl\u00e9aire et du plastique<\/a><\/h3>\n        <div class=\"wp-block-post-excerpt\"><p class=\"wp-block-post-excerpt__excerpt\">\u00ab&nbsp;Barbenheimer&nbsp;\u00bb est sans doute l\u2019\u00e9v\u00e9nement cin\u00e9matographique de l\u2019ann\u00e9e, avec les premi\u00e8res simultan\u00e9es de deux superproductions hollywoodiennes r\u00e9alis\u00e9es par deux r\u00e9alisateurs cultes : \u00e0 notre droite,&nbsp;Barbie&nbsp;de Greta Gerwig, une com\u00e9die rose&hellip; <\/p><\/div>\n        \n        <div class=\"wp-block-group posts-list-meta is-layout-flow wp-block-group-is-layout-flow\"><span class='article-list-item-author'>Greenpeace Belgique<\/span>\n        <div class=\"wp-block-post-date\"><time datetime=\"2023-07-31T11:33:56-04:00\">31 juillet, 2023<\/time><\/div>\n        \n        <\/div>\n        <\/div>\n        <\/div>\n\n            <\/li><li class=\"wp-block-post post-57572 post type-post status-publish format-standard has-post-thumbnail hentry tag-climat tag-solutionsenergetiques tag-consommation p4-page-type-histoire\">\n            \n<div class=\"wp-block-columns is-layout-flex wp-container-core-columns-is-layout-9d6595d7 wp-block-columns-is-layout-flex\"><figure class=\"wp-block-post-featured-image\"><a href=\"https:\/\/www.greenpeace.org\/canada\/fr\/histoire\/57572\/hydro-quebec-et-energir-rateront-leurs-cibles-de-reduction-des-ges\/\" target=\"_self\"  ><img loading=\"lazy\" decoding=\"async\" width=\"612\" height=\"408\" src=\"https:\/\/www.greenpeace.org\/static\/planet4-canada-stateless\/2023\/03\/acdf9a41-istockphoto-517898524-612x612-1.jpg\" class=\"attachment-post-thumbnail size-post-thumbnail wp-post-image wp-stateless-item\" alt=\"Hydro-Qu\u00e9bec et \u00c9nergir rateront leurs cibles de r\u00e9duction des GES\" style=\"object-fit:cover;\" srcset=\"https:\/\/www.greenpeace.org\/static\/planet4-canada-stateless\/2023\/03\/acdf9a41-istockphoto-517898524-612x612-1.jpg 612w, https:\/\/www.greenpeace.org\/static\/planet4-canada-stateless\/2023\/03\/acdf9a41-istockphoto-517898524-612x612-1-300x200.jpg 300w, https:\/\/www.greenpeace.org\/static\/planet4-canada-stateless\/2023\/03\/acdf9a41-istockphoto-517898524-612x612-1-510x340.jpg 510w\" sizes=\"auto, (max-width: 612px) 100vw, 612px\" data-image-size=\"post-thumbnail\" data-stateless-media-bucket=\"planet4-canada-stateless\" data-stateless-media-name=\"2023\/03\/acdf9a41-istockphoto-517898524-612x612-1.jpg\" \/><\/a><\/figure>\n\n        <div class=\"wp-block-group is-layout-flow wp-block-group-is-layout-flow\">\n                <div class=\"wp-block-group is-layout-flow wp-block-group-is-layout-flow\">\n                <div class=\"taxonomy-post_tag wp-block-post-terms\"><a href=\"https:\/\/www.greenpeace.org\/canada\/fr\/tag\/climat\/\" rel=\"tag\">Climat<\/a><span class=\"wp-block-post-terms__separator\"> <\/span><a href=\"https:\/\/www.greenpeace.org\/canada\/fr\/tag\/solutionsenergetiques\/\" rel=\"tag\">Solutions\u00c9nerg\u00e9tiques<\/a><span class=\"wp-block-post-terms__separator\"> <\/span><a href=\"https:\/\/www.greenpeace.org\/canada\/fr\/tag\/consommation\/\" rel=\"tag\">Consommation<\/a><\/div>\n                \n                <\/div>\n                \n        <h3 class=\"wp-block-post-title\"><a href=\"https:\/\/www.greenpeace.org\/canada\/fr\/histoire\/57572\/hydro-quebec-et-energir-rateront-leurs-cibles-de-reduction-des-ges\/\" target=\"_self\" ><strong>Hydro-Qu\u00e9bec et \u00c9nergir rateront leurs cibles de r\u00e9duction des GES<\/strong><\/a><\/h3>\n        <div class=\"wp-block-post-excerpt\"><p class=\"wp-block-post-excerpt__excerpt\">Alors qu\u2019Hydro-Qu\u00e9bec et \u00c9nergir ne cessent de vanter leur nouvelle entente bi\u00e9nergie gaz pour pour chauffer les b\u00e2timents, des calculs de la part des groupes environnementaux et syndicaux viennent jeter&hellip; <\/p><\/div>\n        \n        <div class=\"wp-block-group posts-list-meta is-layout-flow wp-block-group-is-layout-flow\"><span class='article-list-item-author'><a href='https:\/\/www.greenpeace.org\/canada\/fr\/author\/pbonin\/'>Patrick Bonin<\/a><\/span>\n        <div class=\"wp-block-post-date\"><time datetime=\"2023-03-07T08:00:00-05:00\">7 mars, 2023<\/time><\/div>\n        \n        <\/div>\n        <\/div>\n        <\/div>\n\n            <\/li><li class=\"wp-block-post post-45238 post type-post status-publish format-standard has-post-thumbnail hentry category-nature-fr category-notre-travail tag-sante tag-soutenirgreenpeace tag-plastique tag-consommation tag-climat p4-page-type-histoire\">\n            \n<div class=\"wp-block-columns is-layout-flex wp-container-core-columns-is-layout-9d6595d7 wp-block-columns-is-layout-flex\"><figure class=\"wp-block-post-featured-image\"><a href=\"https:\/\/www.greenpeace.org\/canada\/fr\/histoire\/45238\/guide-des-cadeaux-zero-dechet-ledition-covid-19\/\" target=\"_self\"  ><img loading=\"lazy\" decoding=\"async\" width=\"1067\" height=\"696\" src=\"https:\/\/www.greenpeace.org\/static\/planet4-canada-stateless\/efed5feb-lowwastegifts2.jpeg\" class=\"attachment-post-thumbnail size-post-thumbnail wp-post-image wp-stateless-item\" alt=\"Guide des cadeaux z\u00e9ro d\u00e9chet, l&rsquo;\u00e9dition COVID-19\" style=\"object-fit:cover;\" data-image-size=\"post-thumbnail\" data-stateless-media-bucket=\"planet4-canada-stateless\" data-stateless-media-name=\"efed5feb-lowwastegifts2.jpeg\" \/><\/a><\/figure>\n\n        <div class=\"wp-block-group is-layout-flow wp-block-group-is-layout-flow\">\n                <div class=\"wp-block-group is-layout-flow wp-block-group-is-layout-flow\"><div class=\"wp-block-post-terms\"><a href=\"https:\/\/www.greenpeace.org\/canada\/fr\/category\/notre-travail\/nature-fr\/\">Nature<\/a><\/div>\n                <div class=\"taxonomy-post_tag wp-block-post-terms\"><a href=\"https:\/\/www.greenpeace.org\/canada\/fr\/tag\/sante\/\" rel=\"tag\">Sant\u00e9<\/a><span class=\"wp-block-post-terms__separator\"> <\/span><a href=\"https:\/\/www.greenpeace.org\/canada\/fr\/tag\/soutenirgreenpeace\/\" rel=\"tag\">Soutenir Greenpeace<\/a><span class=\"wp-block-post-terms__separator\"> <\/span><a href=\"https:\/\/www.greenpeace.org\/canada\/fr\/tag\/plastique\/\" rel=\"tag\">Plastique<\/a><span class=\"wp-block-post-terms__separator\"> <\/span><a href=\"https:\/\/www.greenpeace.org\/canada\/fr\/tag\/consommation\/\" rel=\"tag\">Consommation<\/a><span class=\"wp-block-post-terms__separator\"> <\/span><a href=\"https:\/\/www.greenpeace.org\/canada\/fr\/tag\/climat\/\" rel=\"tag\">Climat<\/a><\/div>\n                \n                <\/div>\n                \n        <h3 class=\"wp-block-post-title\"><a href=\"https:\/\/www.greenpeace.org\/canada\/fr\/histoire\/45238\/guide-des-cadeaux-zero-dechet-ledition-covid-19\/\" target=\"_self\" >Guide des cadeaux z\u00e9ro d\u00e9chet, l&rsquo;\u00e9dition COVID-19<\/a><\/h3>\n        <div class=\"wp-block-post-excerpt\"><p class=\"wp-block-post-excerpt__excerpt\">Voici quelques id\u00e9es de cadeaux de f\u00eates \u00e9coresponsables pour ceux et celles d&rsquo;entre vous qui cherchent \u00e0 apporter un peu de joie \u00e0 leurs ami\u00b7e\u00b7s et \u00e0 leur famille, tout en r\u00e9duisant le gaspillage des f\u00eates pour prendre soin de la plan\u00e8te. <\/p><\/div>\n        \n        <div class=\"wp-block-group posts-list-meta is-layout-flow wp-block-group-is-layout-flow\"><span class='article-list-item-author'><a href='https:\/\/www.greenpeace.org\/canada\/fr\/author\/echarles\/'>itsahashtaglife<\/a><\/span>\n        <div class=\"wp-block-post-date\"><time datetime=\"2020-12-16T20:32:00-05:00\">16 D\u00e9cembre, 2020<\/time><\/div>\n        \n        <\/div>\n        <\/div>\n        <\/div>\n\n            <\/li><li class=\"wp-block-post post-45081 post type-post status-publish format-standard has-post-thumbnail hentry category-nature-fr category-notre-travail category-vivre-de-facon-durable tag-consommation p4-page-type-histoire\">\n            \n<div class=\"wp-block-columns is-layout-flex wp-container-core-columns-is-layout-9d6595d7 wp-block-columns-is-layout-flex\"><figure class=\"wp-block-post-featured-image\"><a href=\"https:\/\/www.greenpeace.org\/canada\/fr\/histoire\/45081\/rien-de-mieux-que-des-cadeaux-doccasion-pour-des-fetes-de-fin-dannee-durables\/\" target=\"_self\"  ><img loading=\"lazy\" decoding=\"async\" width=\"1200\" height=\"628\" src=\"https:\/\/www.greenpeace.org\/static\/planet4-canada-stateless\/511e847b-untitled-design-19.png\" class=\"attachment-post-thumbnail size-post-thumbnail wp-post-image wp-stateless-item\" alt=\"Rien de mieux que des cadeaux d\u2019occasion pour des f\u00eates de fin d\u2019ann\u00e9e durables\" style=\"object-fit:cover;\" data-image-size=\"post-thumbnail\" data-stateless-media-bucket=\"planet4-canada-stateless\" data-stateless-media-name=\"511e847b-untitled-design-19.png\" \/><\/a><\/figure>\n\n        <div class=\"wp-block-group is-layout-flow wp-block-group-is-layout-flow\">\n                <div class=\"wp-block-group is-layout-flow wp-block-group-is-layout-flow\"><div class=\"wp-block-post-terms\"><a href=\"https:\/\/www.greenpeace.org\/canada\/fr\/category\/notre-travail\/nature-fr\/\">Nature<\/a><\/div>\n                <div class=\"taxonomy-post_tag wp-block-post-terms\"><a href=\"https:\/\/www.greenpeace.org\/canada\/fr\/tag\/consommation\/\" rel=\"tag\">Consommation<\/a><\/div>\n                \n                <\/div>\n                \n        <h3 class=\"wp-block-post-title\"><a href=\"https:\/\/www.greenpeace.org\/canada\/fr\/histoire\/45081\/rien-de-mieux-que-des-cadeaux-doccasion-pour-des-fetes-de-fin-dannee-durables\/\" target=\"_self\" >Rien de mieux que des cadeaux d\u2019occasion pour des f\u00eates de fin d\u2019ann\u00e9e durables<\/a><\/h3>\n        <div class=\"wp-block-post-excerpt\"><p class=\"wp-block-post-excerpt__excerpt\">Nous ne transformerons pas du jour au lendemain notre \u00e9conomie lin\u00e9aire de gestion des d\u00e9chets en une boucle durable. Mais il y a d\u00e9j\u00e0 une chose que nous pouvons tous et toutes faire d\u00e8s maintenant pour changer la mentalit\u00e9 autour des objets: nous pouvons normaliser les cadeaux d&rsquo;occasion. <\/p><\/div>\n        \n        <div class=\"wp-block-group posts-list-meta is-layout-flow wp-block-group-is-layout-flow\"><span class='article-list-item-author'><a href='https:\/\/www.greenpeace.org\/canada\/fr\/author\/echarles\/'>itsahashtaglife<\/a><\/span>\n        <div class=\"wp-block-post-date\"><time datetime=\"2020-12-11T12:00:00-05:00\">11 D\u00e9cembre, 2020<\/time><\/div>\n        \n        <\/div>\n        <\/div>\n        <\/div>\n\n            <\/li><li class=\"wp-block-post post-30628 post type-post status-publish format-standard has-post-thumbnail hentry category-vivre-de-facon-durable tag-peacefulprotest tag-climat tag-petrole tag-solutionsenergetiques tag-consommation p4-page-type-histoire\">\n            \n<div class=\"wp-block-columns is-layout-flex wp-container-core-columns-is-layout-9d6595d7 wp-block-columns-is-layout-flex\"><figure class=\"wp-block-post-featured-image\"><a href=\"https:\/\/www.greenpeace.org\/canada\/fr\/histoire\/30628\/plan-de-relance-federal-post-coronavirus-les-entreprises-devraient-payer-pour-nettoyer-les-puits-orphelins\/\" target=\"_self\"  ><img loading=\"lazy\" decoding=\"async\" width=\"800\" height=\"533\" src=\"https:\/\/www.greenpeace.org\/static\/planet4-canada-stateless\/2020\/04\/f4b541ea-gp0stpxhv_web_size_with_credit_line.jpg\" class=\"attachment-post-thumbnail size-post-thumbnail wp-post-image wp-stateless-item\" alt=\"Plan de relance f\u00e9d\u00e9ral post-coronavirus: Les entreprises DEVRAIENT payer pour nettoyer les puits orphelins\" style=\"object-fit:cover;\" srcset=\"https:\/\/www.greenpeace.org\/static\/planet4-canada-stateless\/2020\/04\/f4b541ea-gp0stpxhv_web_size_with_credit_line.jpg 800w, https:\/\/www.greenpeace.org\/static\/planet4-canada-stateless\/2020\/04\/f4b541ea-gp0stpxhv_web_size_with_credit_line-300x200.jpg 300w, https:\/\/www.greenpeace.org\/static\/planet4-canada-stateless\/2020\/04\/f4b541ea-gp0stpxhv_web_size_with_credit_line-768x512.jpg 768w, https:\/\/www.greenpeace.org\/static\/planet4-canada-stateless\/2020\/04\/f4b541ea-gp0stpxhv_web_size_with_credit_line-510x340.jpg 510w\" sizes=\"auto, (max-width: 800px) 100vw, 800px\" data-image-size=\"post-thumbnail\" data-stateless-media-bucket=\"planet4-canada-stateless\" data-stateless-media-name=\"2020\/04\/f4b541ea-gp0stpxhv_web_size_with_credit_line.jpg\" \/><\/a><\/figure>\n\n        <div class=\"wp-block-group is-layout-flow wp-block-group-is-layout-flow\">\n                <div class=\"wp-block-group is-layout-flow wp-block-group-is-layout-flow\"><div class=\"wp-block-post-terms\"><a href=\"https:\/\/www.greenpeace.org\/canada\/fr\/category\/notre-travail\/vivre-de-facon-durable\/\">Vivre de fa\u00e7on durable<\/a><\/div>\n                <div class=\"taxonomy-post_tag wp-block-post-terms\"><a href=\"https:\/\/www.greenpeace.org\/canada\/en\/tag\/peacefulprotest\/\" rel=\"tag\">PeacefulProtest<\/a><span class=\"wp-block-post-terms__separator\"> <\/span><a href=\"https:\/\/www.greenpeace.org\/canada\/fr\/tag\/climat\/\" rel=\"tag\">Climat<\/a><span class=\"wp-block-post-terms__separator\"> <\/span><a href=\"https:\/\/www.greenpeace.org\/canada\/fr\/tag\/petrole\/\" rel=\"tag\">P\u00e9trole<\/a><span class=\"wp-block-post-terms__separator\"> <\/span><a href=\"https:\/\/www.greenpeace.org\/canada\/fr\/tag\/solutionsenergetiques\/\" rel=\"tag\">Solutions\u00c9nerg\u00e9tiques<\/a><span class=\"wp-block-post-terms__separator\"> <\/span><a href=\"https:\/\/www.greenpeace.org\/canada\/fr\/tag\/consommation\/\" rel=\"tag\">Consommation<\/a><\/div>\n                \n                <\/div>\n                \n        <h3 class=\"wp-block-post-title\"><a href=\"https:\/\/www.greenpeace.org\/canada\/fr\/histoire\/30628\/plan-de-relance-federal-post-coronavirus-les-entreprises-devraient-payer-pour-nettoyer-les-puits-orphelins\/\" target=\"_self\" >Plan de relance f\u00e9d\u00e9ral post-coronavirus: Les entreprises DEVRAIENT payer pour nettoyer les puits orphelins<\/a><\/h3>\n        <div class=\"wp-block-post-excerpt\"><p class=\"wp-block-post-excerpt__excerpt\">Bon, devrions-nous parler de l&rsquo;\u00e9l\u00e9phant dans la pi\u00e8ce? L&rsquo;annonce du Premier ministre le 17 mars dernier concernant le plan de relance de l\u2019industrie de l\u2019\u00e9nergie et les 1,7 milliard de&hellip; <\/p><\/div>\n        \n        <div class=\"wp-block-group posts-list-meta is-layout-flow wp-block-group-is-layout-flow\"><span class='article-list-item-author'><a href='https:\/\/www.greenpeace.org\/canada\/fr\/author\/marie-christine\/'>Marie-Christine Fiset<\/a><\/span>\n        <div class=\"wp-block-post-date\"><time datetime=\"2020-04-20T16:16:26-04:00\">20 avril, 2020<\/time><\/div>\n        \n        <\/div>\n        <\/div>\n        <\/div>\n\n            <\/li><li class=\"wp-block-post post-7438 post type-post status-publish format-standard has-post-thumbnail hentry category-vivre-de-facon-durable tag-plastique tag-consommation p4-page-type-histoire\">\n            \n<div class=\"wp-block-columns is-layout-flex wp-container-core-columns-is-layout-9d6595d7 wp-block-columns-is-layout-flex\"><figure class=\"wp-block-post-featured-image\"><a href=\"https:\/\/www.greenpeace.org\/canada\/fr\/histoire\/7438\/plutot-que-de-derrrouler-tim-hortons-devrait-se-relever-les-manches-pour-lutter-contre-la-pollution-plastique\/\" target=\"_self\"  ><img loading=\"lazy\" decoding=\"async\" width=\"3024\" height=\"4032\" src=\"https:\/\/www.greenpeace.org\/static\/planet4-canada-stateless\/2019\/02\/d09f3677-poubelle_timhortons.jpg\" class=\"attachment-post-thumbnail size-post-thumbnail wp-post-image wp-stateless-item\" alt=\"Plut\u00f4t que de \u00ab d\u00e9rrrouler \u00bb, Tim Hortons devrait se relever les manches pour lutter contre la pollution plastique\" style=\"object-fit:cover;\" srcset=\"https:\/\/www.greenpeace.org\/static\/planet4-canada-stateless\/2019\/02\/d09f3677-poubelle_timhortons.jpg 3024w, https:\/\/www.greenpeace.org\/static\/planet4-canada-stateless\/2019\/02\/d09f3677-poubelle_timhortons-225x300.jpg 225w, https:\/\/www.greenpeace.org\/static\/planet4-canada-stateless\/2019\/02\/d09f3677-poubelle_timhortons-768x1024.jpg 768w, https:\/\/www.greenpeace.org\/static\/planet4-canada-stateless\/2019\/02\/d09f3677-poubelle_timhortons-1025x1366.jpg 1025w, https:\/\/www.greenpeace.org\/static\/planet4-canada-stateless\/2019\/02\/d09f3677-poubelle_timhortons-255x340.jpg 255w\" sizes=\"auto, (max-width: 3024px) 100vw, 3024px\" data-image-size=\"post-thumbnail\" data-stateless-media-bucket=\"planet4-canada-stateless\" data-stateless-media-name=\"2019\/02\/d09f3677-poubelle_timhortons.jpg\" \/><\/a><\/figure>\n\n        <div class=\"wp-block-group is-layout-flow wp-block-group-is-layout-flow\">\n                <div class=\"wp-block-group is-layout-flow wp-block-group-is-layout-flow\"><div class=\"wp-block-post-terms\"><a href=\"https:\/\/www.greenpeace.org\/canada\/fr\/category\/notre-travail\/vivre-de-facon-durable\/\">Vivre de fa\u00e7on durable<\/a><\/div>\n                <div class=\"taxonomy-post_tag wp-block-post-terms\"><a href=\"https:\/\/www.greenpeace.org\/canada\/fr\/tag\/plastique\/\" rel=\"tag\">Plastique<\/a><span class=\"wp-block-post-terms__separator\"> <\/span><a href=\"https:\/\/www.greenpeace.org\/canada\/fr\/tag\/consommation\/\" rel=\"tag\">Consommation<\/a><\/div>\n                \n                <\/div>\n                \n        <h3 class=\"wp-block-post-title\"><a href=\"https:\/\/www.greenpeace.org\/canada\/fr\/histoire\/7438\/plutot-que-de-derrrouler-tim-hortons-devrait-se-relever-les-manches-pour-lutter-contre-la-pollution-plastique\/\" target=\"_self\" >Plut\u00f4t que de \u00ab d\u00e9rrrouler \u00bb, Tim Hortons devrait se relever les manches pour lutter contre la pollution plastique<\/a><\/h3>\n        <div class=\"wp-block-post-excerpt\"><p class=\"wp-block-post-excerpt__excerpt\">Comme chaque mois de f\u00e9vrier depuis 1986, c\u2019est le retour de D\u00e9rrroule le rebord pour gagner , le rendez-vous annuel des amateurs et amatrices de caf\u00e9 Tim Hortons \u00e0 travers&hellip; <\/p><\/div>\n        \n        <div class=\"wp-block-group posts-list-meta is-layout-flow wp-block-group-is-layout-flow\"><span class='article-list-item-author'><a href='https:\/\/www.greenpeace.org\/canada\/fr\/author\/sking\/'>Sarah King<\/a><\/span>\n        <div class=\"wp-block-post-date\"><time datetime=\"2019-02-09T15:59:14-05:00\">9 f\u00e9vrier, 2019<\/time><\/div>\n        \n        <\/div>\n        <\/div>\n        <\/div>\n\n            <\/li><li class=\"wp-block-post post-7188 post type-post status-publish format-standard has-post-thumbnail hentry category-vivre-de-facon-durable tag-plastique tag-consommation p4-page-type-histoire\">\n            \n<div class=\"wp-block-columns is-layout-flex wp-container-core-columns-is-layout-9d6595d7 wp-block-columns-is-layout-flex\"><figure class=\"wp-block-post-featured-image\"><a href=\"https:\/\/www.greenpeace.org\/canada\/fr\/histoire\/7188\/reaction-walmart-reagit-a-la-pression-publique-et-fait-un-premier-pas-en-matiere-de-pollution-plastique\/\" target=\"_self\"  ><img loading=\"lazy\" decoding=\"async\" width=\"800\" height=\"533\" src=\"https:\/\/www.greenpeace.org\/static\/planet4-canada-stateless\/2018\/11\/302c3c26-gp0stsm9d_web_size.jpg\" class=\"attachment-post-thumbnail size-post-thumbnail wp-post-image wp-stateless-item\" alt=\"R\u00c9ACTION: Walmart r\u00e9agit \u00e0 la pression publique et fait un premier pas en mati\u00e8re de pollution plastique\" style=\"object-fit:cover;\" srcset=\"https:\/\/www.greenpeace.org\/static\/planet4-canada-stateless\/2018\/11\/302c3c26-gp0stsm9d_web_size.jpg 800w, https:\/\/www.greenpeace.org\/static\/planet4-canada-stateless\/2018\/11\/302c3c26-gp0stsm9d_web_size-300x200.jpg 300w, https:\/\/www.greenpeace.org\/static\/planet4-canada-stateless\/2018\/11\/302c3c26-gp0stsm9d_web_size-768x512.jpg 768w, https:\/\/www.greenpeace.org\/static\/planet4-canada-stateless\/2018\/11\/302c3c26-gp0stsm9d_web_size-510x340.jpg 510w\" sizes=\"auto, (max-width: 800px) 100vw, 800px\" data-image-size=\"post-thumbnail\" data-stateless-media-bucket=\"planet4-canada-stateless\" data-stateless-media-name=\"2018\/11\/302c3c26-gp0stsm9d_web_size.jpg\" \/><\/a><\/figure>\n\n        <div class=\"wp-block-group is-layout-flow wp-block-group-is-layout-flow\">\n                <div class=\"wp-block-group is-layout-flow wp-block-group-is-layout-flow\"><div class=\"wp-block-post-terms\"><a href=\"https:\/\/www.greenpeace.org\/canada\/fr\/category\/notre-travail\/vivre-de-facon-durable\/\">Vivre de fa\u00e7on durable<\/a><\/div>\n                <div class=\"taxonomy-post_tag wp-block-post-terms\"><a href=\"https:\/\/www.greenpeace.org\/canada\/fr\/tag\/plastique\/\" rel=\"tag\">Plastique<\/a><span class=\"wp-block-post-terms__separator\"> <\/span><a href=\"https:\/\/www.greenpeace.org\/canada\/fr\/tag\/consommation\/\" rel=\"tag\">Consommation<\/a><\/div>\n                \n                <\/div>\n                \n        <h3 class=\"wp-block-post-title\"><a href=\"https:\/\/www.greenpeace.org\/canada\/fr\/histoire\/7188\/reaction-walmart-reagit-a-la-pression-publique-et-fait-un-premier-pas-en-matiere-de-pollution-plastique\/\" target=\"_self\" >R\u00c9ACTION: Walmart r\u00e9agit \u00e0 la pression publique et fait un premier pas en mati\u00e8re de pollution plastique<\/a><\/h3>\n        <div class=\"wp-block-post-excerpt\"><p class=\"wp-block-post-excerpt__excerpt\">(MONTR\u00c9AL) &#8211; En r\u00e9action \u00e0 la nouvelle annonc\u00e9e ce matin que Walmart compte prendre diff\u00e9rentes mesures pour r\u00e9duire la quantit\u00e9 de d\u00e9chets de plastique dans ses magasins, la porte-parole \u00a0de&hellip; <\/p><\/div>\n        \n        <div class=\"wp-block-group posts-list-meta is-layout-flow wp-block-group-is-layout-flow\"><span class='article-list-item-author'><a href='https:\/\/www.greenpeace.org\/canada\/fr\/author\/pduchast\/'>Philippa Duchastel de Montrouge<\/a><\/span>\n        <div class=\"wp-block-post-date\"><time datetime=\"2019-01-23T13:52:24-05:00\">23 janvier, 2019<\/time><\/div>\n        \n        <\/div>\n        <\/div>\n        <\/div>\n\n            <\/li><li class=\"wp-block-post post-6126 post type-post status-publish format-standard has-post-thumbnail hentry category-vivre-de-facon-durable tag-plastique tag-consommation p4-page-type-histoire\">\n            \n<div class=\"wp-block-columns is-layout-flex wp-container-core-columns-is-layout-9d6595d7 wp-block-columns-is-layout-flex\"><figure class=\"wp-block-post-featured-image\"><a href=\"https:\/\/www.greenpeace.org\/canada\/fr\/histoire\/6126\/si-leurope-peut-le-faire-nous-aussi\/\" target=\"_self\"  ><img loading=\"lazy\" decoding=\"async\" width=\"1200\" height=\"800\" src=\"https:\/\/www.greenpeace.org\/static\/planet4-canada-stateless\/2018\/11\/9c882d8c-justbanit_1.jpg\" class=\"attachment-post-thumbnail size-post-thumbnail wp-post-image wp-stateless-item\" alt=\"Si l&rsquo;Europe peut le faire, nous aussi!\" style=\"object-fit:cover;\" srcset=\"https:\/\/www.greenpeace.org\/static\/planet4-canada-stateless\/2018\/11\/9c882d8c-justbanit_1.jpg 1200w, https:\/\/www.greenpeace.org\/static\/planet4-canada-stateless\/2018\/11\/9c882d8c-justbanit_1-300x200.jpg 300w, https:\/\/www.greenpeace.org\/static\/planet4-canada-stateless\/2018\/11\/9c882d8c-justbanit_1-768x512.jpg 768w, https:\/\/www.greenpeace.org\/static\/planet4-canada-stateless\/2018\/11\/9c882d8c-justbanit_1-1024x683.jpg 1024w, https:\/\/www.greenpeace.org\/static\/planet4-canada-stateless\/2018\/11\/9c882d8c-justbanit_1-510x340.jpg 510w\" sizes=\"auto, (max-width: 1200px) 100vw, 1200px\" data-image-size=\"post-thumbnail\" data-stateless-media-bucket=\"planet4-canada-stateless\" data-stateless-media-name=\"2018\/11\/9c882d8c-justbanit_1.jpg\" \/><\/a><\/figure>\n\n        <div class=\"wp-block-group is-layout-flow wp-block-group-is-layout-flow\">\n                <div class=\"wp-block-group is-layout-flow wp-block-group-is-layout-flow\"><div class=\"wp-block-post-terms\"><a href=\"https:\/\/www.greenpeace.org\/canada\/fr\/category\/notre-travail\/vivre-de-facon-durable\/\">Vivre de fa\u00e7on durable<\/a><\/div>\n                <div class=\"taxonomy-post_tag wp-block-post-terms\"><a href=\"https:\/\/www.greenpeace.org\/canada\/fr\/tag\/plastique\/\" rel=\"tag\">Plastique<\/a><span class=\"wp-block-post-terms__separator\"> <\/span><a href=\"https:\/\/www.greenpeace.org\/canada\/fr\/tag\/consommation\/\" rel=\"tag\">Consommation<\/a><\/div>\n                \n                <\/div>\n                \n        <h3 class=\"wp-block-post-title\"><a href=\"https:\/\/www.greenpeace.org\/canada\/fr\/histoire\/6126\/si-leurope-peut-le-faire-nous-aussi\/\" target=\"_self\" >Si l&rsquo;Europe peut le faire, nous aussi!<\/a><\/h3>\n        <div class=\"wp-block-post-excerpt\"><p class=\"wp-block-post-excerpt__excerpt\">Ce vendredi 23 novembre, Catherine McKenna, ministre de l\u2019Environnement et du Changement climatique, rencontrera les ministres de l\u2019Environnement des provinces canadiennes pour discuter d\u2019une strat\u00e9gie concert\u00e9e de r\u00e9duction de la pollution plastique. <\/p><\/div>\n        \n        <div class=\"wp-block-group posts-list-meta is-layout-flow wp-block-group-is-layout-flow\"><span class='article-list-item-author'><a href='https:\/\/www.greenpeace.org\/canada\/fr\/author\/sking\/'>Sarah King<\/a><\/span>\n        <div class=\"wp-block-post-date\"><time datetime=\"2018-11-22T10:21:31-05:00\">22 novembre, 2018<\/time><\/div>\n        \n        <\/div>\n        <\/div>\n        <\/div>\n\n            <\/li><li class=\"wp-block-post post-4282 post type-post status-publish format-standard has-post-thumbnail hentry category-vivre-de-facon-durable tag-oceans-fr tag-plastique tag-consommation p4-page-type-histoire\">\n            \n<div class=\"wp-block-columns is-layout-flex wp-container-core-columns-is-layout-9d6595d7 wp-block-columns-is-layout-flex\"><figure class=\"wp-block-post-featured-image\"><a href=\"https:\/\/www.greenpeace.org\/canada\/fr\/histoire\/4282\/le-jour-ou-jai-pris-conscience-du-probleme-de-la-pollution-plastique\/\" target=\"_self\"  ><img loading=\"lazy\" decoding=\"async\" width=\"4000\" height=\"3000\" src=\"https:\/\/www.greenpeace.org\/static\/planet4-canada-stateless\/2018\/09\/e58e82c8-perfect_reef.jpg\" class=\"attachment-post-thumbnail size-post-thumbnail wp-post-image wp-stateless-item\" alt=\"Le jour o\u00f9 j\u2019ai pris conscience du probl\u00e8me de la pollution plastique\" style=\"object-fit:cover;\" srcset=\"https:\/\/www.greenpeace.org\/static\/planet4-canada-stateless\/2018\/09\/e58e82c8-perfect_reef.jpg 4000w, https:\/\/www.greenpeace.org\/static\/planet4-canada-stateless\/2018\/09\/e58e82c8-perfect_reef-300x225.jpg 300w, https:\/\/www.greenpeace.org\/static\/planet4-canada-stateless\/2018\/09\/e58e82c8-perfect_reef-768x576.jpg 768w, https:\/\/www.greenpeace.org\/static\/planet4-canada-stateless\/2018\/09\/e58e82c8-perfect_reef-1024x768.jpg 1024w, https:\/\/www.greenpeace.org\/static\/planet4-canada-stateless\/2018\/09\/e58e82c8-perfect_reef-1821x1366.jpg 1821w, https:\/\/www.greenpeace.org\/static\/planet4-canada-stateless\/2018\/09\/e58e82c8-perfect_reef-453x340.jpg 453w\" sizes=\"auto, (max-width: 4000px) 100vw, 4000px\" data-image-size=\"post-thumbnail\" data-stateless-media-bucket=\"planet4-canada-stateless\" data-stateless-media-name=\"2018\/09\/e58e82c8-perfect_reef.jpg\" \/><\/a><\/figure>\n\n        <div class=\"wp-block-group is-layout-flow wp-block-group-is-layout-flow\">\n                <div class=\"wp-block-group is-layout-flow wp-block-group-is-layout-flow\"><div class=\"wp-block-post-terms\"><a href=\"https:\/\/www.greenpeace.org\/canada\/fr\/category\/notre-travail\/vivre-de-facon-durable\/\">Vivre de fa\u00e7on durable<\/a><\/div>\n                <div class=\"taxonomy-post_tag wp-block-post-terms\"><a href=\"https:\/\/www.greenpeace.org\/canada\/fr\/tag\/oceans-fr\/\" rel=\"tag\">Oc\u00e9ans<\/a><span class=\"wp-block-post-terms__separator\"> <\/span><a href=\"https:\/\/www.greenpeace.org\/canada\/fr\/tag\/oceans-fr\/\" rel=\"tag\">Oc\u00e9ans<\/a><span class=\"wp-block-post-terms__separator\"> <\/span><a href=\"https:\/\/www.greenpeace.org\/canada\/fr\/tag\/plastique\/\" rel=\"tag\">Plastique<\/a><span class=\"wp-block-post-terms__separator\"> <\/span><a href=\"https:\/\/www.greenpeace.org\/canada\/fr\/tag\/consommation\/\" rel=\"tag\">Consommation<\/a><\/div>\n                \n                <\/div>\n                \n        <h3 class=\"wp-block-post-title\"><a href=\"https:\/\/www.greenpeace.org\/canada\/fr\/histoire\/4282\/le-jour-ou-jai-pris-conscience-du-probleme-de-la-pollution-plastique\/\" target=\"_self\" >Le jour o\u00f9 j\u2019ai pris conscience du probl\u00e8me de la pollution plastique<\/a><\/h3>\n        <div class=\"wp-block-post-excerpt\"><p class=\"wp-block-post-excerpt__excerpt\">Il y a quelques ann\u00e9es, j\u2019ai eu le plaisir d\u2019enseigner la plong\u00e9e \u00e0 un jeune couple, sur l\u2019un de mes r\u00e9cifs pr\u00e9f\u00e9r\u00e9s en Tha\u00eflande. Les conditions m\u00e9t\u00e9orologiques \u00e9taient parfaites, les&hellip; <\/p><\/div>\n        \n        <div class=\"wp-block-group posts-list-meta is-layout-flow wp-block-group-is-layout-flow\"><span class='article-list-item-author'>Torben Lonne<\/span>\n        <div class=\"wp-block-post-date\"><time datetime=\"2018-09-12T08:16:18-04:00\">12 septembre, 2018<\/time><\/div>\n        \n        <\/div>\n        <\/div>\n        <\/div>\n\n            <\/li><\/ul>\n\n    \n<div class=\"wp-block-buttons carousel-controls is-horizontal is-content-justification-space-between is-nowrap is-layout-flex wp-container-core-buttons-is-layout-044bd602 wp-block-buttons-is-layout-flex\">\n            <div class=\"wp-block-button carousel-control-prev\"><button type=\"button\" class=\"wp-block-button__link wp-element-button\">Prev<\/button><\/div>\n        \n\n            <div class=\"wp-block-button carousel-control-next\"><button type=\"button\" class=\"wp-block-button__link wp-element-button\">Next<\/button><\/div>\n        <\/div>\n\n\n    <li class=\" wp-block-navigation-item see-all-link wp-block-navigation-link\"><a class=\"wp-block-navigation-item__content\"  href=\"http:\/\/www.greenpeace.org\/canada\/en\/news-stories\/?tag=consumption&#038;post-type=\"><span class=\"wp-block-navigation-item__label\">See all stories<\/span><\/a><\/li><\/div>\n    ","protected":false},"excerpt":{"rendered":"<p>Une grande partie des emballages en plastique et des d\u00e9chets que nous g\u00e9n\u00e9rons provient de nos visites dans les supermarch\u00e9s.<\/p>\n","protected":false},"author":9,"featured_media":5196,"parent":2214,"menu_order":2,"comment_status":"closed","ping_status":"closed","template":"","meta":{"ep_exclude_from_search":false,"p4_hide_page_title_checkbox":"on","p4_title":"","p4_subtitle":"","p4_description":"","background_image_id":"","background_image":"","p4_button_title":"","p4_button_link":"","p4_button_link_checkbox":"","p4_og_title":"","p4_og_description":"","p4_og_image":"","p4_og_image_id":"","p4_seo_canonical_url":"","p4_campaign_name":"not set","p4_local_project":"not set","p4_basket_name":"not set","p4_department":"","footnotes":""},"categories":[21],"tags":[72,83],"class_list":["post-9392","page","type-page","status-publish","has-post-thumbnail","hentry","category-vivre-de-facon-durable","tag-plastique","tag-consommation"],"_links":{"self":[{"href":"https:\/\/www.greenpeace.org\/canada\/fr\/wp-json\/wp\/v2\/pages\/9392","targetHints":{"allow":["GET"]}}],"collection":[{"href":"https:\/\/www.greenpeace.org\/canada\/fr\/wp-json\/wp\/v2\/pages"}],"about":[{"href":"https:\/\/www.greenpeace.org\/canada\/fr\/wp-json\/wp\/v2\/types\/page"}],"author":[{"embeddable":true,"href":"https:\/\/www.greenpeace.org\/canada\/fr\/wp-json\/wp\/v2\/users\/9"}],"replies":[{"embeddable":true,"href":"https:\/\/www.greenpeace.org\/canada\/fr\/wp-json\/wp\/v2\/comments?post=9392"}],"version-history":[{"count":19,"href":"https:\/\/www.greenpeace.org\/canada\/fr\/wp-json\/wp\/v2\/pages\/9392\/revisions"}],"predecessor-version":[{"id":72461,"href":"https:\/\/www.greenpeace.org\/canada\/fr\/wp-json\/wp\/v2\/pages\/9392\/revisions\/72461"}],"up":[{"embeddable":true,"href":"https:\/\/www.greenpeace.org\/canada\/fr\/wp-json\/wp\/v2\/pages\/2214"}],"wp:featuredmedia":[{"embeddable":true,"href":"https:\/\/www.greenpeace.org\/canada\/fr\/wp-json\/wp\/v2\/media\/5196"}],"wp:attachment":[{"href":"https:\/\/www.greenpeace.org\/canada\/fr\/wp-json\/wp\/v2\/media?parent=9392"}],"wp:term":[{"taxonomy":"category","embeddable":true,"href":"https:\/\/www.greenpeace.org\/canada\/fr\/wp-json\/wp\/v2\/categories?post=9392"},{"taxonomy":"post_tag","embeddable":true,"href":"https:\/\/www.greenpeace.org\/canada\/fr\/wp-json\/wp\/v2\/tags?post=9392"}],"curies":[{"name":"wp","href":"https:\/\/api.w.org\/{rel}","templated":true}]}}