{"id":9529,"date":"2019-06-18T14:48:33","date_gmt":"2019-06-18T18:48:33","guid":{"rendered":"https:\/\/www.greenpeace.org\/canada\/?page_id=9529"},"modified":"2026-04-08T04:46:39","modified_gmt":"2026-04-08T08:46:39","slug":"forets","status":"publish","type":"page","link":"https:\/\/www.greenpeace.org\/canada\/fr\/forets\/","title":{"rendered":"#For\u00eats"},"content":{"rendered":"\n\n<div class=\"wp-block-group alignfull is-layout-flow wp-block-group-is-layout-flow\">\n<div class=\"wp-block-group container is-layout-flow wp-block-group-is-layout-flow\">\n<div class=\"wp-block-media-text alignfull has-media-on-the-right is-stacked-on-mobile is-pattern-p4-page-header is-style-parallax\"><div class=\"wp-block-media-text__content\">\n<div class=\"wp-block-group is-layout-flow wp-block-group-is-layout-flow\">\n<h1 class=\"wp-block-heading has-white-background-color has-background\">\n                            #For\u00eats\n                        <\/h1>\n<\/div>\n\n\n\n<p style=\"font-size:1.25rem\">\n                            Les for\u00eats contribuent \u00e0 stabiliser le climat. Elles abritent de nombreuses formes de vie, sont source d\u2019opportunit\u00e9s \u00e9conomiques, et font partie int\u00e9grante de la culture de nombreuses communaut\u00e9s autochtones.\n\nLe Canada a la chance de poss\u00e9der certaines des for\u00eats les plus incroyables et inestimables au niveau mondial. \u00c0 elle seule, par exemple, la for\u00eat bor\u00e9ale englobe plus de la moiti\u00e9 du territoire de notre pays. Elle stocke de larges quantit\u00e9s de carbone et d\u2019eau douce, abrite des milliards d\u2019oiseaux migrateurs et d\u2019esp\u00e8ces embl\u00e9matiques telles que le carcajou, le lynx et le caribou. Elle repr\u00e9sente \u00e9galement les territoires de centaines de Premi\u00e8res Nations qui ont g\u00e9r\u00e9 ces terres depuis la nuit des temps.\n\n\u00c0 travers le monde &#8211; du Canada \u00e0 l\u2019Indon\u00e9sie &#8211; de larges zones de for\u00eats sont d\u00e9grad\u00e9es, essentiellement \u00e0 cause des activit\u00e9s industrielles non-durables. Prot\u00e9ger celles qui nous restent est plus urgent que jamais.\n\nFace \u00e0 cette crise, les solutions inspirantes et les arguments-chocs ne suffisent plus.\n\nNous devons cr\u00e9er un mouvement, dont les acteurs r\u00e9clameront la protection de la for\u00eat et la survie des esp\u00e8ces et lutteront contre les changements climatiques. Un mouvement qui soutiendra les droits des peuples autochtones, d\u00e9noncera l\u2019exploitation de la plan\u00e8te par les entreprises et l\u2019inaction des gouvernements.\n\nC\u2019est ici que vous entrez en jeu&#8230;\n                        <\/p>\n<\/div><figure class=\"wp-block-media-text__media\"><img loading=\"lazy\" decoding=\"async\" width=\"1200\" height=\"800\" src=\"https:\/\/www.greenpeace.org\/static\/planet4-canada-stateless\/2018\/06\/GP0V7.jpg\" alt=\"\" sizes=\"auto, (min-width: 601px) 50vw, 100vw\" srcset=\"https:\/\/www.greenpeace.org\/static\/planet4-canada-stateless\/2018\/06\/GP0V7.jpg 1200w, https:\/\/www.greenpeace.org\/static\/planet4-canada-stateless\/2018\/06\/GP0V7-300x200.jpg 300w, https:\/\/www.greenpeace.org\/static\/planet4-canada-stateless\/2018\/06\/GP0V7-768x512.jpg 768w, https:\/\/www.greenpeace.org\/static\/planet4-canada-stateless\/2018\/06\/GP0V7-1024x683.jpg 1024w, https:\/\/www.greenpeace.org\/static\/planet4-canada-stateless\/2018\/06\/GP0V7-510x340.jpg 510w\" class=\"wp-image-1358 size-full\"\/><\/figure><\/div>\n<\/div>\n<\/div>\n\n\n<div class=\"wp-block-query actions-list p4-query-loop is-custom-layout-grid is-layout-grid wp-container-core-query-is-layout-29f43435 wp-block-query-is-layout-grid\">\n<h2 class=\"wp-block-heading\">Ce que vous pouvez faire<\/h2>\n\n\n\n<p style=\"margin-top:24px;margin-bottom:32px\">Ensemble nous pouvons changer les choses. Passez \u00e0 l&rsquo;action !<\/p>\n\n\n\n\n<ul class=\"wp-block-post-template is-layout-flow wp-block-post-template-is-layout-flow\"><li class=\"wp-block-post post-69942 page type-page status-publish has-post-thumbnail hentry category-nature-fr tag-forets\">\n<figure class=\"wp-block-post-featured-image\"><img loading=\"lazy\" decoding=\"async\" width=\"2500\" height=\"1667\" src=\"https:\/\/www.greenpeace.org\/static\/planet4-canada-stateless\/2025\/05\/83d2c08c-gp1ta6ez_pressmedia-2500px-min.jpg\" class=\"attachment-post-thumbnail size-post-thumbnail wp-post-image wp-stateless-item\" alt=\"\" style=\"object-fit:cover;\" srcset=\"https:\/\/www.greenpeace.org\/static\/planet4-canada-stateless\/2025\/05\/83d2c08c-gp1ta6ez_pressmedia-2500px-min.jpg 2500w, https:\/\/www.greenpeace.org\/static\/planet4-canada-stateless\/2025\/05\/83d2c08c-gp1ta6ez_pressmedia-2500px-min-300x200.jpg 300w, https:\/\/www.greenpeace.org\/static\/planet4-canada-stateless\/2025\/05\/83d2c08c-gp1ta6ez_pressmedia-2500px-min-1024x683.jpg 1024w, https:\/\/www.greenpeace.org\/static\/planet4-canada-stateless\/2025\/05\/83d2c08c-gp1ta6ez_pressmedia-2500px-min-768x512.jpg 768w, https:\/\/www.greenpeace.org\/static\/planet4-canada-stateless\/2025\/05\/83d2c08c-gp1ta6ez_pressmedia-2500px-min-1536x1024.jpg 1536w, https:\/\/www.greenpeace.org\/static\/planet4-canada-stateless\/2025\/05\/83d2c08c-gp1ta6ez_pressmedia-2500px-min-2048x1366.jpg 2048w, https:\/\/www.greenpeace.org\/static\/planet4-canada-stateless\/2025\/05\/83d2c08c-gp1ta6ez_pressmedia-2500px-min-510x340.jpg 510w\" sizes=\"auto, (max-width: 2500px) 100vw, 2500px\" data-image-size=\"post-thumbnail\" data-stateless-media-bucket=\"planet4-canada-stateless\" data-stateless-media-name=\"2025\/05\/83d2c08c-gp1ta6ez_pressmedia-2500px-min.jpg\" \/><\/figure>\n\n\n                <div class=\"wp-block-group group-stretched-link is-layout-flow wp-block-group-is-layout-flow\"><div class=\"wp-block-post-terms\">Nature<\/div>\n                <h3 class=\"wp-block-post-title\"><a href=\"https:\/\/www.greenpeace.org\/canada\/fr\/agir\/stop-a-lexploitation-miniere-illegale-en-amazonie\/\" target=\"_self\" >STOP \u00c0 L\u2019EXPLOITATION MINI\u00c8RE ILL\u00c9GALE EN AMAZONIE<\/a><\/h3>\n                <div class=\"wp-block-post-excerpt\"><p class=\"wp-block-post-excerpt__excerpt\">Exigez que les leaders du monde entier prot\u00e8gent l&rsquo;Amazonie de l&rsquo;exploitation aurif\u00e8re ill\u00e9gale <\/p><\/div><\/div>\n                \n\n\n<div class=\"wp-block-group read-more-nav is-layout-flow wp-block-group-is-layout-flow\"><a href=\"https:\/\/www.greenpeace.org\/canada\/fr\/agir\/stop-a-lexploitation-miniere-illegale-en-amazonie\/\" class=\"btn btn-primary btn-small\" aria-label=\"Passer \u00e0 l'action\">Passer \u00e0 l&rsquo;action<\/a><\/div>\n\n<\/li><li class=\"wp-block-post post-52347 page type-page status-publish has-post-thumbnail hentry category-nature-fr tag-climat tag-forets\">\n<figure class=\"wp-block-post-featured-image\"><img loading=\"lazy\" decoding=\"async\" width=\"2560\" height=\"1707\" src=\"https:\/\/www.greenpeace.org\/static\/planet4-canada-stateless\/2022\/03\/1a944331-gp0stslkv_high_res-scaled.jpg\" class=\"attachment-post-thumbnail size-post-thumbnail wp-post-image wp-stateless-item\" alt=\"\" style=\"object-fit:cover;\" srcset=\"https:\/\/www.greenpeace.org\/static\/planet4-canada-stateless\/2022\/03\/1a944331-gp0stslkv_high_res-scaled.jpg 2560w, https:\/\/www.greenpeace.org\/static\/planet4-canada-stateless\/2022\/03\/1a944331-gp0stslkv_high_res-300x200.jpg 300w, https:\/\/www.greenpeace.org\/static\/planet4-canada-stateless\/2022\/03\/1a944331-gp0stslkv_high_res-1024x683.jpg 1024w, https:\/\/www.greenpeace.org\/static\/planet4-canada-stateless\/2022\/03\/1a944331-gp0stslkv_high_res-768x512.jpg 768w, https:\/\/www.greenpeace.org\/static\/planet4-canada-stateless\/2022\/03\/1a944331-gp0stslkv_high_res-1536x1024.jpg 1536w, https:\/\/www.greenpeace.org\/static\/planet4-canada-stateless\/2022\/03\/1a944331-gp0stslkv_high_res-2048x1366.jpg 2048w, https:\/\/www.greenpeace.org\/static\/planet4-canada-stateless\/2022\/03\/1a944331-gp0stslkv_high_res-510x340.jpg 510w\" sizes=\"auto, (max-width: 2560px) 100vw, 2560px\" data-image-size=\"post-thumbnail\" data-stateless-media-bucket=\"planet4-canada-stateless\" data-stateless-media-name=\"2022\/03\/1a944331-gp0stslkv_high_res-scaled.jpg\" \/><\/figure>\n\n\n                <div class=\"wp-block-group group-stretched-link is-layout-flow wp-block-group-is-layout-flow\"><div class=\"wp-block-post-terms\">Nature<\/div>\n                <h3 class=\"wp-block-post-title\"><a href=\"https:\/\/www.greenpeace.org\/canada\/fr\/agir\/protegez-la-biodiversite\/\" target=\"_self\" >Dites au gouvernement canadien d\u2019adopter une loi solide sur la protection de la nature<\/a><\/h3>\n                <div class=\"wp-block-post-excerpt\"><p class=\"wp-block-post-excerpt__excerpt\">Le ministre de l&rsquo;Environnement doit adopter une loi qui respecte les droits des peuples autochtones et pr\u00e9serve la biodiversit\u00e9. <\/p><\/div><\/div>\n                \n\n\n<div class=\"wp-block-group read-more-nav is-layout-flow wp-block-group-is-layout-flow\"><a href=\"https:\/\/www.greenpeace.org\/canada\/fr\/agir\/protegez-la-biodiversite\/\" class=\"btn btn-primary btn-small\" aria-label=\"Passer \u00e0 l'action\">Passer \u00e0 l&rsquo;action<\/a><\/div>\n\n<\/li><li class=\"wp-block-post post-61345 page type-page status-publish has-post-thumbnail hentry category-nature-fr tag-climat\">\n<figure class=\"wp-block-post-featured-image\"><img loading=\"lazy\" decoding=\"async\" width=\"1920\" height=\"1015\" src=\"https:\/\/www.greenpeace.org\/static\/planet4-canada-stateless\/2023\/11\/4e45bced-fr_paperexcellence_previewimage-1.webp\" class=\"attachment-post-thumbnail size-post-thumbnail wp-post-image wp-stateless-item\" alt=\"\" style=\"object-fit:cover;\" srcset=\"https:\/\/www.greenpeace.org\/static\/planet4-canada-stateless\/2023\/11\/4e45bced-fr_paperexcellence_previewimage-1.webp 1920w, https:\/\/www.greenpeace.org\/static\/planet4-canada-stateless\/2023\/11\/4e45bced-fr_paperexcellence_previewimage-1-300x159.webp 300w, https:\/\/www.greenpeace.org\/static\/planet4-canada-stateless\/2023\/11\/4e45bced-fr_paperexcellence_previewimage-1-1024x541.webp 1024w, https:\/\/www.greenpeace.org\/static\/planet4-canada-stateless\/2023\/11\/4e45bced-fr_paperexcellence_previewimage-1-768x406.webp 768w, https:\/\/www.greenpeace.org\/static\/planet4-canada-stateless\/2023\/11\/4e45bced-fr_paperexcellence_previewimage-1-1536x812.webp 1536w, https:\/\/www.greenpeace.org\/static\/planet4-canada-stateless\/2023\/11\/4e45bced-fr_paperexcellence_previewimage-1-510x270.webp 510w\" sizes=\"auto, (max-width: 1920px) 100vw, 1920px\" data-image-size=\"post-thumbnail\" data-stateless-media-bucket=\"planet4-canada-stateless\" data-stateless-media-name=\"2023\/11\/4e45bced-fr_paperexcellence_previewimage-1.webp\" \/><\/figure>\n\n\n                <div class=\"wp-block-group group-stretched-link is-layout-flow wp-block-group-is-layout-flow\"><div class=\"wp-block-post-terms\">Nature<\/div>\n                <h3 class=\"wp-block-post-title\"><a href=\"https:\/\/www.greenpeace.org\/canada\/fr\/agir\/protegeons-nos-forets\/\" target=\"_self\" >Prot\u00e9geons nos for\u00eats<\/a><\/h3>\n                <div class=\"wp-block-post-excerpt\"><p class=\"wp-block-post-excerpt__excerpt\">Signez la p\u00e9tition afin de d\u00e9noncer cette entreprise douteuse qui accapare nos for\u00eats. <\/p><\/div><\/div>\n                \n\n\n<div class=\"wp-block-group read-more-nav is-layout-flow wp-block-group-is-layout-flow\"><a href=\"https:\/\/www.greenpeace.org\/canada\/fr\/agir\/protegeons-nos-forets\/\" class=\"btn btn-primary btn-small\" aria-label=\"Passer \u00e0 l'action\">Passer \u00e0 l&rsquo;action<\/a><\/div>\n\n<\/li><\/ul>\n\n\n<div class=\"wp-block-buttons carousel-controls is-horizontal is-content-justification-space-between is-nowrap is-layout-flex wp-container-core-buttons-is-layout-044bd602 wp-block-buttons-is-layout-flex\">\n<div class=\"wp-block-button carousel-control-prev\"><button type=\"button\" class=\"wp-block-button__link wp-element-button\">Previous Carousel Slide<\/button><\/div>\n\n\n\n<div class=\"wp-block-button carousel-control-next\"><button type=\"button\" class=\"wp-block-button__link wp-element-button\">Next Carousel Slide<\/button><\/div>\n<\/div>\n\n\n\n<div class=\"wp-block-buttons load-more-actions-container is-content-justification-center is-layout-flex wp-container-core-buttons-is-layout-16018d1d wp-block-buttons-is-layout-flex\">\n<div class=\"wp-block-button is-style-secondary\"><button type=\"button\" class=\"wp-block-button__link wp-element-button\">Load more<\/button><\/div>\n<\/div>\n<\/div>\n\n<div class=\"wp-block-query posts-list p4-query-loop is-custom-layout-list is-layout-flow wp-block-query-is-layout-flow\">\n<div class=\"wp-block-group is-content-justification-space-between is-layout-flex wp-container-core-group-is-layout-3d213aab wp-block-group-is-layout-flex\">\n<h2 class=\"wp-block-heading\">Related Articles<\/h2>\n\n\n<li class=\" wp-block-navigation-item see-all-link wp-block-navigation-link\"><a class=\"wp-block-navigation-item__content\"  href=\"http:\/\/www.greenpeace.org\/canada\/en\/news-stories\/?tag=forests&#038;post-type=publication\"><span class=\"wp-block-navigation-item__label\">See all stories<\/span><\/a><\/li><\/div>\n\n\n\n<p style=\"margin-top:24px;margin-bottom:36px\"><\/p>\n\n\n\n\n<ul class=\"wp-block-post-template is-layout-flow wp-block-post-template-is-layout-flow\"><li class=\"wp-block-post post-74462 post type-post status-publish format-standard has-post-thumbnail hentry category-climat category-nature-fr category-plastiques tag-actionspacifiques tag-climat tag-forets tag-soutenirgreenpeace tag-victoires tag-plastique p4-page-type-histoire\">\n\n<div class=\"wp-block-columns is-layout-flex wp-container-core-columns-is-layout-9d6595d7 wp-block-columns-is-layout-flex\"><figure class=\"wp-block-post-featured-image\"><a href=\"https:\/\/www.greenpeace.org\/canada\/fr\/histoire\/74462\/votre-dose-mensuelle-de-bonnes-nouvelles\/\" target=\"_self\"  ><img loading=\"lazy\" decoding=\"async\" width=\"2560\" height=\"1707\" src=\"https:\/\/www.greenpeace.org\/static\/planet4-canada-stateless\/2026\/03\/ee0ee800-gp0sts28g-scaled.jpg\" class=\"attachment-post-thumbnail size-post-thumbnail wp-post-image wp-stateless-item\" alt=\"Votre dose mensuelle de bonnes nouvelles!\" style=\"object-fit:cover;\" srcset=\"https:\/\/www.greenpeace.org\/static\/planet4-canada-stateless\/2026\/03\/ee0ee800-gp0sts28g-scaled.jpg 2560w, https:\/\/www.greenpeace.org\/static\/planet4-canada-stateless\/2026\/03\/ee0ee800-gp0sts28g-300x200.jpg 300w, https:\/\/www.greenpeace.org\/static\/planet4-canada-stateless\/2026\/03\/ee0ee800-gp0sts28g-1024x683.jpg 1024w, https:\/\/www.greenpeace.org\/static\/planet4-canada-stateless\/2026\/03\/ee0ee800-gp0sts28g-768x512.jpg 768w, https:\/\/www.greenpeace.org\/static\/planet4-canada-stateless\/2026\/03\/ee0ee800-gp0sts28g-1536x1024.jpg 1536w, https:\/\/www.greenpeace.org\/static\/planet4-canada-stateless\/2026\/03\/ee0ee800-gp0sts28g-2048x1366.jpg 2048w, https:\/\/www.greenpeace.org\/static\/planet4-canada-stateless\/2026\/03\/ee0ee800-gp0sts28g-510x340.jpg 510w\" sizes=\"auto, (max-width: 2560px) 100vw, 2560px\" data-image-size=\"post-thumbnail\" data-stateless-media-bucket=\"planet4-canada-stateless\" data-stateless-media-name=\"2026\/03\/ee0ee800-gp0sts28g-scaled.jpg\" \/><\/a><\/figure>\n\n\n<div class=\"wp-block-group is-layout-flow wp-block-group-is-layout-flow\">\n<div class=\"wp-block-group is-layout-flex wp-block-group-is-layout-flex\"><div class=\"wp-block-post-terms\"><a href=\"https:\/\/www.greenpeace.org\/canada\/fr\/category\/notre-travail\/climat\/\">Climat<\/a><\/div>\n\n<div class=\"taxonomy-post_tag wp-block-post-terms\"><a href=\"https:\/\/www.greenpeace.org\/canada\/fr\/tag\/actionspacifiques\/\" rel=\"tag\">ActionsPacifiques<\/a><span class=\"wp-block-post-terms__separator\"> <\/span><a href=\"https:\/\/www.greenpeace.org\/canada\/fr\/tag\/climat\/\" rel=\"tag\">Climat<\/a><span class=\"wp-block-post-terms__separator\"> <\/span><a href=\"https:\/\/www.greenpeace.org\/canada\/fr\/tag\/forets\/\" rel=\"tag\">For\u00eats<\/a><span class=\"wp-block-post-terms__separator\"> <\/span><a href=\"https:\/\/www.greenpeace.org\/canada\/fr\/tag\/soutenirgreenpeace\/\" rel=\"tag\">Soutenir Greenpeace<\/a><span class=\"wp-block-post-terms__separator\"> <\/span><a href=\"https:\/\/www.greenpeace.org\/canada\/fr\/tag\/victoires\/\" rel=\"tag\">Victoires<\/a><span class=\"wp-block-post-terms__separator\"> <\/span><a href=\"https:\/\/www.greenpeace.org\/canada\/fr\/tag\/plastique\/\" rel=\"tag\">Plastique<\/a><\/div><\/div>\n\n\n<h3 class=\"wp-block-post-title\"><a href=\"https:\/\/www.greenpeace.org\/canada\/fr\/histoire\/74462\/votre-dose-mensuelle-de-bonnes-nouvelles\/\" target=\"_self\" >Votre dose mensuelle de bonnes nouvelles!<\/a><\/h3>\n\n<div class=\"wp-block-post-excerpt\"><p class=\"wp-block-post-excerpt__excerpt\">Votre dose mensuelle de bonnes nouvelles! <\/p><\/div>\n\n\n<div class=\"wp-block-group posts-list-meta is-layout-flow wp-block-group-is-layout-flow\"><span class='article-list-item-author'><a href='https:\/\/www.greenpeace.org\/canada\/fr\/author\/mnallim\/'>Maria Nallim<\/a><\/span>\n\n<div class=\"wp-block-post-date\"><time datetime=\"2026-03-12T10:32:42-04:00\">12 mars 2026<\/time><\/div><\/div>\n<\/div>\n<\/div>\n\n<\/li><li class=\"wp-block-post post-74158 post type-post status-publish format-standard has-post-thumbnail hentry category-climat category-nature-fr category-notre-travail tag-autochtones tag-climat tag-forets p4-page-type-histoire\">\n\n<div class=\"wp-block-columns is-layout-flex wp-container-core-columns-is-layout-9d6595d7 wp-block-columns-is-layout-flex\"><figure class=\"wp-block-post-featured-image\"><a href=\"https:\/\/www.greenpeace.org\/canada\/fr\/histoire\/74158\/une-histoire-deau-dincendie-et-de-raison-dagir-visite-en-territoire-nlakapamux-avec-patrick-michell\/\" target=\"_self\"  ><img loading=\"lazy\" decoding=\"async\" width=\"918\" height=\"632\" src=\"https:\/\/www.greenpeace.org\/static\/planet4-canada-stateless\/2026\/02\/19c579bb-sesg.png\" class=\"attachment-post-thumbnail size-post-thumbnail wp-post-image wp-stateless-item\" alt=\"Une histoire d\u2019eau, d\u2019incendie et de raison d\u2019agir\u00a0: visite en territoire Nlaka&rsquo;pamux avec Patrick Michell\" style=\"object-fit:cover;\" srcset=\"https:\/\/www.greenpeace.org\/static\/planet4-canada-stateless\/2026\/02\/19c579bb-sesg.png 918w, https:\/\/www.greenpeace.org\/static\/planet4-canada-stateless\/2026\/02\/19c579bb-sesg-300x207.png 300w, https:\/\/www.greenpeace.org\/static\/planet4-canada-stateless\/2026\/02\/19c579bb-sesg-768x529.png 768w, https:\/\/www.greenpeace.org\/static\/planet4-canada-stateless\/2026\/02\/19c579bb-sesg-494x340.png 494w\" sizes=\"auto, (max-width: 918px) 100vw, 918px\" data-image-size=\"post-thumbnail\" data-stateless-media-bucket=\"planet4-canada-stateless\" data-stateless-media-name=\"2026\/02\/19c579bb-sesg.png\" \/><\/a><\/figure>\n\n\n<div class=\"wp-block-group is-layout-flow wp-block-group-is-layout-flow\">\n<div class=\"wp-block-group is-layout-flex wp-block-group-is-layout-flex\"><div class=\"wp-block-post-terms\"><a href=\"https:\/\/www.greenpeace.org\/canada\/fr\/category\/notre-travail\/climat\/\">Climat<\/a><\/div>\n\n<div class=\"taxonomy-post_tag wp-block-post-terms\"><a href=\"https:\/\/www.greenpeace.org\/canada\/fr\/tag\/autochtones\/\" rel=\"tag\">Autochtones<\/a><span class=\"wp-block-post-terms__separator\"> <\/span><a href=\"https:\/\/www.greenpeace.org\/canada\/fr\/tag\/climat\/\" rel=\"tag\">Climat<\/a><span class=\"wp-block-post-terms__separator\"> <\/span><a href=\"https:\/\/www.greenpeace.org\/canada\/fr\/tag\/forets\/\" rel=\"tag\">For\u00eats<\/a><\/div><\/div>\n\n\n<h3 class=\"wp-block-post-title\"><a href=\"https:\/\/www.greenpeace.org\/canada\/fr\/histoire\/74158\/une-histoire-deau-dincendie-et-de-raison-dagir-visite-en-territoire-nlakapamux-avec-patrick-michell\/\" target=\"_self\" >Une histoire d\u2019eau, d\u2019incendie et de raison d\u2019agir\u00a0: visite en territoire Nlaka&rsquo;pamux avec Patrick Michell<\/a><\/h3>\n\n<div class=\"wp-block-post-excerpt\"><p class=\"wp-block-post-excerpt__excerpt\">Patrick Michell et Tina Grenier veulent une maison qui r\u00e9siste aux flammes. <\/p><\/div>\n\n\n<div class=\"wp-block-group posts-list-meta is-layout-flow wp-block-group-is-layout-flow\"><span class='article-list-item-author'><a href='https:\/\/www.greenpeace.org\/canada\/fr\/author\/jfirempo\/'>Jesse Firempong<\/a><\/span>\n\n<div class=\"wp-block-post-date\"><time datetime=\"2026-02-10T10:55:50-05:00\">10 f\u00e9vrier 2026<\/time><\/div><\/div>\n<\/div>\n<\/div>\n\n<\/li><li class=\"wp-block-post post-74208 post type-post status-publish format-standard has-post-thumbnail hentry category-actions-fr category-nature-fr tag-autochtones tag-forets tag-biodiversite p4-page-type-histoire\">\n\n<div class=\"wp-block-columns is-layout-flex wp-container-core-columns-is-layout-9d6595d7 wp-block-columns-is-layout-flex\"><figure class=\"wp-block-post-featured-image\"><a href=\"https:\/\/www.greenpeace.org\/canada\/fr\/histoire\/74208\/le-cinema-comme-outil-de-lutte-contre-la-deforestation\/\" target=\"_self\"  ><img loading=\"lazy\" decoding=\"async\" width=\"1600\" height=\"1069\" src=\"https:\/\/www.greenpeace.org\/static\/planet4-canada-stateless\/2026\/02\/3c1a6b00-image.jpeg\" class=\"attachment-post-thumbnail size-post-thumbnail wp-post-image wp-stateless-item\" alt=\"Le cin\u00e9ma comme outil de lutte contre la d\u00e9forestation\" style=\"object-fit:cover;\" srcset=\"https:\/\/www.greenpeace.org\/static\/planet4-canada-stateless\/2026\/02\/3c1a6b00-image.jpeg 1600w, https:\/\/www.greenpeace.org\/static\/planet4-canada-stateless\/2026\/02\/3c1a6b00-image-300x200.jpeg 300w, https:\/\/www.greenpeace.org\/static\/planet4-canada-stateless\/2026\/02\/3c1a6b00-image-1024x684.jpeg 1024w, https:\/\/www.greenpeace.org\/static\/planet4-canada-stateless\/2026\/02\/3c1a6b00-image-768x513.jpeg 768w, https:\/\/www.greenpeace.org\/static\/planet4-canada-stateless\/2026\/02\/3c1a6b00-image-1536x1026.jpeg 1536w, https:\/\/www.greenpeace.org\/static\/planet4-canada-stateless\/2026\/02\/3c1a6b00-image-510x340.jpeg 510w\" sizes=\"auto, (max-width: 1600px) 100vw, 1600px\" data-image-size=\"post-thumbnail\" data-stateless-media-bucket=\"planet4-canada-stateless\" data-stateless-media-name=\"2026\/02\/3c1a6b00-image.jpeg\" \/><\/a><\/figure>\n\n\n<div class=\"wp-block-group is-layout-flow wp-block-group-is-layout-flow\">\n<div class=\"wp-block-group is-layout-flex wp-block-group-is-layout-flex\"><div class=\"wp-block-post-terms\"><a href=\"https:\/\/www.greenpeace.org\/canada\/fr\/category\/actions-fr\/\">Actions<\/a><\/div>\n\n<div class=\"taxonomy-post_tag wp-block-post-terms\"><a href=\"https:\/\/www.greenpeace.org\/canada\/fr\/tag\/autochtones\/\" rel=\"tag\">Autochtones<\/a><span class=\"wp-block-post-terms__separator\"> <\/span><a href=\"https:\/\/www.greenpeace.org\/canada\/fr\/tag\/forets\/\" rel=\"tag\">For\u00eats<\/a><span class=\"wp-block-post-terms__separator\"> <\/span><a href=\"https:\/\/www.greenpeace.org\/canada\/fr\/tag\/biodiversite\/\" rel=\"tag\">Biodiversit\u00e9<\/a><\/div><\/div>\n\n\n<h3 class=\"wp-block-post-title\"><a href=\"https:\/\/www.greenpeace.org\/canada\/fr\/histoire\/74208\/le-cinema-comme-outil-de-lutte-contre-la-deforestation\/\" target=\"_self\" >Le cin\u00e9ma comme outil de lutte contre la d\u00e9forestation<\/a><\/h3>\n\n<div class=\"wp-block-post-excerpt\"><p class=\"wp-block-post-excerpt__excerpt\">Le bureau de Montr\u00e9al de Greenpeace Canada, en collaboration avec Wapikoni Mobile et Amplifier Films, a organis\u00e9 la semaine derni\u00e8re, le 28\u00a0janvier, une projection de film et une discussion sur&hellip; <\/p><\/div>\n\n\n<div class=\"wp-block-group posts-list-meta is-layout-flow wp-block-group-is-layout-flow\"><span class='article-list-item-author'><a href='https:\/\/www.greenpeace.org\/canada\/fr\/author\/lcolbeck\/'>L\u00e9anne Colbeck<\/a><\/span>\n\n<div class=\"wp-block-post-date\"><time datetime=\"2026-02-06T11:07:04-05:00\">6 f\u00e9vrier 2026<\/time><\/div><\/div>\n<\/div>\n<\/div>\n\n<\/li><\/ul>\n\n\n<div class=\"wp-block-buttons carousel-controls is-horizontal is-content-justification-space-between is-nowrap is-layout-flex wp-container-core-buttons-is-layout-044bd602 wp-block-buttons-is-layout-flex\">\n<div class=\"wp-block-button carousel-control-prev\"><button type=\"button\" class=\"wp-block-button__link wp-element-button\">Prev<\/button><\/div>\n\n\n\n<div class=\"wp-block-button carousel-control-next\"><button type=\"button\" class=\"wp-block-button__link wp-element-button\">Next<\/button><\/div>\n<\/div>\n\n\n<li class=\" wp-block-navigation-item see-all-link wp-block-navigation-link\"><a class=\"wp-block-navigation-item__content\"  href=\"http:\/\/www.greenpeace.org\/canada\/en\/news-stories\/?tag=forests&#038;post-type=publication\"><span class=\"wp-block-navigation-item__label\">See all stories<\/span><\/a><\/li><\/div>\n","protected":false},"excerpt":{"rendered":"<p>Les for\u00eats contribuent \u00e0 stabiliser le climat. Elles abritent de nombreuses formes de vie, sont source d\u2019opportunit\u00e9s \u00e9conomiques, et font partie int\u00e9grante de la culture de nombreuses communaut\u00e9s autochtones.<\/p>\n","protected":false},"author":9,"featured_media":1358,"parent":0,"menu_order":0,"comment_status":"closed","ping_status":"closed","template":"","meta":{"ep_exclude_from_search":false,"p4_hide_page_title_checkbox":"on","p4_title":"","p4_subtitle":"","p4_description":"","background_image_id":"","background_image":"","p4_button_title":"","p4_button_link":"","p4_button_link_checkbox":"","p4_og_title":"","p4_og_description":"","p4_og_image":"","p4_og_image_id":"","p4_seo_canonical_url":"","p4_campaign_name":"not set","p4_local_project":"","p4_basket_name":"not set","p4_department":"","footnotes":""},"categories":[],"tags":[],"class_list":["post-9529","page","type-page","status-publish","has-post-thumbnail","hentry"],"_links":{"self":[{"href":"https:\/\/www.greenpeace.org\/canada\/fr\/wp-json\/wp\/v2\/pages\/9529","targetHints":{"allow":["GET"]}}],"collection":[{"href":"https:\/\/www.greenpeace.org\/canada\/fr\/wp-json\/wp\/v2\/pages"}],"about":[{"href":"https:\/\/www.greenpeace.org\/canada\/fr\/wp-json\/wp\/v2\/types\/page"}],"author":[{"embeddable":true,"href":"https:\/\/www.greenpeace.org\/canada\/fr\/wp-json\/wp\/v2\/users\/9"}],"replies":[{"embeddable":true,"href":"https:\/\/www.greenpeace.org\/canada\/fr\/wp-json\/wp\/v2\/comments?post=9529"}],"version-history":[{"count":15,"href":"https:\/\/www.greenpeace.org\/canada\/fr\/wp-json\/wp\/v2\/pages\/9529\/revisions"}],"predecessor-version":[{"id":74698,"href":"https:\/\/www.greenpeace.org\/canada\/fr\/wp-json\/wp\/v2\/pages\/9529\/revisions\/74698"}],"wp:featuredmedia":[{"embeddable":true,"href":"https:\/\/www.greenpeace.org\/canada\/fr\/wp-json\/wp\/v2\/media\/1358"}],"wp:attachment":[{"href":"https:\/\/www.greenpeace.org\/canada\/fr\/wp-json\/wp\/v2\/media?parent=9529"}],"wp:term":[{"taxonomy":"category","embeddable":true,"href":"https:\/\/www.greenpeace.org\/canada\/fr\/wp-json\/wp\/v2\/categories?post=9529"},{"taxonomy":"post_tag","embeddable":true,"href":"https:\/\/www.greenpeace.org\/canada\/fr\/wp-json\/wp\/v2\/tags?post=9529"}],"curies":[{"name":"wp","href":"https:\/\/api.w.org\/{rel}","templated":true}]}}