{"id":11651,"date":"2024-02-27T15:25:17","date_gmt":"2024-02-27T15:25:17","guid":{"rendered":"https:\/\/www.greenpeace.org\/chile\/?page_id=11651"},"modified":"2026-04-08T08:39:25","modified_gmt":"2026-04-08T08:39:25","slug":"biodiversidad","status":"publish","type":"page","link":"https:\/\/www.greenpeace.org\/chile\/campanas\/biodiversidad\/","title":{"rendered":"Biodiversidad"},"content":{"rendered":"\n<div class=\"wp-block-group is-vertical is-layout-flex wp-container-core-group-is-layout-8cf370e7 wp-block-group-is-layout-flex\"><\/div>\n\n\n<div class=\"wp-block-group is-layout-flow wp-block-group-is-layout-flow\">\n\n<div class=\"wp-block-group alignfull is-layout-flow wp-block-group-is-layout-flow\">\n<div class=\"wp-block-group container is-layout-flow wp-block-group-is-layout-flow\">\n<div class=\"wp-block-media-text alignfull has-media-on-the-right is-stacked-on-mobile is-pattern-p4-page-header is-style-parallax\"><div class=\"wp-block-media-text__content\">\n<div class=\"wp-block-group is-layout-flow wp-block-group-is-layout-flow\">\n<h1 class=\"wp-block-heading has-blue-green-800-color has-white-background-color has-text-color has-background has-link-color wp-elements-4e109bfbf2bbf28f7be45f1a0ce77e28\">Biodiversidad<\/h1>\n<\/div>\n\n\n\n<p style=\"font-size:1.25rem\">La biodiversidad es el conjunto de todos los seres vivos existentes, lo que incluye todas las plantas, animales y microrganismos de la Tierra. Pero esta riqueza est\u00e1 amenazada por varias razones y necesita nuestra protecci\u00f3n activa.<\/p>\n\n\n\n<div class=\"wp-block-buttons is-layout-flex wp-block-buttons-is-layout-flex\">\n<div class=\"wp-block-button is-style-cta\"><a class=\"wp-block-button__link wp-element-button\" href=\"https:\/\/www.greenpeace.org\/chile\/tag\/lagunaaculeo\/\" target=\"_blank\" rel=\"noopener\">Aculeo Humedal Urbano<\/a><\/div>\n<\/div>\n<\/div><figure class=\"wp-block-media-text__media\"><img loading=\"lazy\" decoding=\"async\" width=\"1024\" height=\"683\" src=\"https:\/\/www.greenpeace.org\/static\/planet4-chile-stateless\/2024\/02\/d40d6c6c-ranita-de-4-ojos-biodiversidad-aculeo-credito-vicente-valdez-guzman-1024x683.jpg\" alt=\"\" sizes=\"auto, (min-width: 601px) 50vw, 100vw\" srcset=\"https:\/\/www.greenpeace.org\/static\/planet4-chile-stateless\/2024\/02\/d40d6c6c-ranita-de-4-ojos-biodiversidad-aculeo-credito-vicente-valdez-guzman-scaled.jpg 2560w, https:\/\/www.greenpeace.org\/static\/planet4-chile-stateless\/2024\/02\/d40d6c6c-ranita-de-4-ojos-biodiversidad-aculeo-credito-vicente-valdez-guzman-300x200.jpg 300w, https:\/\/www.greenpeace.org\/static\/planet4-chile-stateless\/2024\/02\/d40d6c6c-ranita-de-4-ojos-biodiversidad-aculeo-credito-vicente-valdez-guzman-1024x683.jpg 1024w, https:\/\/www.greenpeace.org\/static\/planet4-chile-stateless\/2024\/02\/d40d6c6c-ranita-de-4-ojos-biodiversidad-aculeo-credito-vicente-valdez-guzman-768x512.jpg 768w, https:\/\/www.greenpeace.org\/static\/planet4-chile-stateless\/2024\/02\/d40d6c6c-ranita-de-4-ojos-biodiversidad-aculeo-credito-vicente-valdez-guzman-1536x1024.jpg 1536w, https:\/\/www.greenpeace.org\/static\/planet4-chile-stateless\/2024\/02\/d40d6c6c-ranita-de-4-ojos-biodiversidad-aculeo-credito-vicente-valdez-guzman-2048x1366.jpg 2048w, https:\/\/www.greenpeace.org\/static\/planet4-chile-stateless\/2024\/02\/d40d6c6c-ranita-de-4-ojos-biodiversidad-aculeo-credito-vicente-valdez-guzman-510x340.jpg 510w\" class=\"wp-image-11630 size-full\"\/><\/figure><\/div>\n\n\n<div data-hydrate=\"planet4-blocks\/gallery\" data-attributes=\"{&quot;attributes&quot;:{&quot;gallery_block_style&quot;:0,&quot;gallery_block_title&quot;:&quot;&quot;,&quot;gallery_block_description&quot;:&quot;&quot;,&quot;multiple_image&quot;:&quot;&quot;,&quot;gallery_block_focus_points&quot;:&quot;&quot;,&quot;image_data&quot;:[],&quot;images&quot;:[]}}\"><section class=\"block split-three-column is-style-three-columns\"><\/section><\/div><\/div>\n<\/div>\n\n\n\n\n<div style=\"height:64px\" aria-hidden=\"true\" class=\"wp-block-spacer\"><\/div>\n\n\n\n<div class=\"wp-block-query actions-list p4-query-loop is-custom-layout-actions-list is-custom-layout-grid is-layout-grid wp-container-core-query-is-layout-29f43435 wp-block-query-is-layout-grid\">\n<h2 class=\"wp-block-heading\">Participa de nuestras campa\u00f1as<\/h2>\n\n\n\n<p style=\"margin-top:24px;margin-bottom:32px\"><\/p>\n\n\n\n\n<ul class=\"wp-block-post-template is-layout-flow wp-block-post-template-is-layout-flow\"><li class=\"wp-block-post post-11574 page type-page status-publish has-post-thumbnail hentry category-biodiversidad tag-lagunaaculeo\">\n<figure class=\"wp-block-post-featured-image\"><img loading=\"lazy\" decoding=\"async\" width=\"2560\" height=\"1707\" src=\"https:\/\/www.greenpeace.org\/static\/planet4-chile-stateless\/2024\/02\/83616515-gpc_cartelaculeo_03-scaled.jpg\" class=\"attachment-post-thumbnail size-post-thumbnail wp-post-image wp-stateless-item\" alt=\"\" style=\"object-fit:cover;\" srcset=\"https:\/\/www.greenpeace.org\/static\/planet4-chile-stateless\/2024\/02\/83616515-gpc_cartelaculeo_03-scaled.jpg 2560w, https:\/\/www.greenpeace.org\/static\/planet4-chile-stateless\/2024\/02\/83616515-gpc_cartelaculeo_03-300x200.jpg 300w, https:\/\/www.greenpeace.org\/static\/planet4-chile-stateless\/2024\/02\/83616515-gpc_cartelaculeo_03-1024x683.jpg 1024w, https:\/\/www.greenpeace.org\/static\/planet4-chile-stateless\/2024\/02\/83616515-gpc_cartelaculeo_03-768x512.jpg 768w, https:\/\/www.greenpeace.org\/static\/planet4-chile-stateless\/2024\/02\/83616515-gpc_cartelaculeo_03-1536x1024.jpg 1536w, https:\/\/www.greenpeace.org\/static\/planet4-chile-stateless\/2024\/02\/83616515-gpc_cartelaculeo_03-2048x1366.jpg 2048w, https:\/\/www.greenpeace.org\/static\/planet4-chile-stateless\/2024\/02\/83616515-gpc_cartelaculeo_03-510x340.jpg 510w\" sizes=\"auto, (max-width: 2560px) 100vw, 2560px\" data-image-size=\"post-thumbnail\" data-stateless-media-bucket=\"planet4-chile-stateless\" data-stateless-media-name=\"2024\/02\/83616515-gpc_cartelaculeo_03-scaled.jpg\" \/><\/figure>\n\n\n                <div class=\"wp-block-group group-stretched-link is-layout-flow wp-block-group-is-layout-flow\"><div class=\"wp-block-post-terms\">Biodiversidad<\/div>\n                <h3 class=\"wp-block-post-title\"><a href=\"https:\/\/www.greenpeace.org\/chile\/involucrate\/aculeo-humedal\/\" target=\"_self\" >Aculeo: Humedal Urbano<\/a><\/h3>\n                <div class=\"wp-block-post-excerpt\"><p class=\"wp-block-post-excerpt__excerpt\">S\u00famate y firma para que la Laguna de Aculeo, el Estero Pintu\u00e9 y Santa Marta, sean declarados como Humedal Urbano urgente. <\/p><\/div><\/div>\n                \n\n\n<div class=\"wp-block-group read-more-nav is-layout-flow wp-block-group-is-layout-flow\"><a href=\"https:\/\/www.greenpeace.org\/chile\/involucrate\/aculeo-humedal\/\" class=\"btn btn-primary btn-small\" aria-label=\"Invol\u00facrate\">Invol\u00facrate<\/a><\/div>\n\n<\/li><\/ul>\n\n\n<div class=\"wp-block-buttons carousel-controls is-horizontal is-content-justification-space-between is-nowrap is-layout-flex wp-container-core-buttons-is-layout-044bd602 wp-block-buttons-is-layout-flex\">\n<div class=\"wp-block-button carousel-control-prev\"><button type=\"button\" class=\"wp-block-button__link wp-element-button\">Prev<\/button><\/div>\n\n\n\n<div class=\"wp-block-button carousel-control-next\"><button type=\"button\" class=\"wp-block-button__link wp-element-button\">Next<\/button><\/div>\n<\/div>\n\n\n\n<div class=\"wp-block-buttons load-more-actions-container is-content-justification-center is-layout-flex wp-container-core-buttons-is-layout-16018d1d wp-block-buttons-is-layout-flex\">\n<div class=\"wp-block-button is-style-secondary\"><button type=\"button\" class=\"wp-block-button__link wp-element-button\">Load more<\/button><\/div>\n<\/div>\n<\/div>\n\n\n\n<div class=\"wp-block-query posts-list p4-query-loop is-custom-layout-list is-layout-flow wp-block-query-is-layout-flow\">\n<div class=\"wp-block-group is-content-justification-space-between is-layout-flex wp-container-core-group-is-layout-3d213aab wp-block-group-is-layout-flex\">\n<h2 class=\"wp-block-heading\">Noticias y blogs relacionados<\/h2>\n\n\n<li class=\" wp-block-navigation-item see-all-link wp-block-navigation-link\"><a class=\"wp-block-navigation-item__content\"  href=\"http:\/\/www.greenpeace.org\/chile\/news-stories\/\"><span class=\"wp-block-navigation-item__label\">See all stories<\/span><\/a><\/li><\/div>\n\n\n\n<p style=\"margin-top:24px;margin-bottom:36px\"><\/p>\n\n\n\n\n<ul class=\"wp-block-post-template is-layout-flow wp-block-post-template-is-layout-flow\"><li class=\"wp-block-post post-7464 post type-post status-publish format-standard has-post-thumbnail hentry category-climayenergia category-greenpeace tag-chaocarbon p4-page-type-noticia\">\n\n<div class=\"wp-block-columns is-layout-flex wp-container-core-columns-is-layout-9d6595d7 wp-block-columns-is-layout-flex\"><figure class=\"wp-block-post-featured-image\"><a href=\"https:\/\/www.greenpeace.org\/chile\/noticia\/issues\/climayenergia\/en-medio-del-carbon-y-toxicos-volatiles-greenpeace-realiza-inedita-exposicion-de-surf-en-zona-de-sacrificio-de-quintero-puchuncavi\/\" target=\"_self\"  ><img loading=\"lazy\" decoding=\"async\" width=\"2560\" height=\"1436\" src=\"https:\/\/www.greenpeace.org\/static\/planet4-chile-stateless\/2021\/12\/1af9effb-campeonatosurf_quintero_greenpeace_-04-scaled.jpg\" class=\"attachment-post-thumbnail size-post-thumbnail wp-post-image wp-stateless-item\" alt=\"En medio del carb\u00f3n y t\u00f3xicos vol\u00e1tiles: Greenpeace realiza in\u00e9dito campeonato de surf en zona de sacrificio de Quintero Puchuncav\u00ed\" style=\"object-fit:cover;\" srcset=\"https:\/\/www.greenpeace.org\/static\/planet4-chile-stateless\/2021\/12\/1af9effb-campeonatosurf_quintero_greenpeace_-04-scaled.jpg 2560w, https:\/\/www.greenpeace.org\/static\/planet4-chile-stateless\/2021\/12\/1af9effb-campeonatosurf_quintero_greenpeace_-04-300x168.jpg 300w, https:\/\/www.greenpeace.org\/static\/planet4-chile-stateless\/2021\/12\/1af9effb-campeonatosurf_quintero_greenpeace_-04-1024x574.jpg 1024w, https:\/\/www.greenpeace.org\/static\/planet4-chile-stateless\/2021\/12\/1af9effb-campeonatosurf_quintero_greenpeace_-04-768x431.jpg 768w, https:\/\/www.greenpeace.org\/static\/planet4-chile-stateless\/2021\/12\/1af9effb-campeonatosurf_quintero_greenpeace_-04-1536x862.jpg 1536w, https:\/\/www.greenpeace.org\/static\/planet4-chile-stateless\/2021\/12\/1af9effb-campeonatosurf_quintero_greenpeace_-04-2048x1149.jpg 2048w, https:\/\/www.greenpeace.org\/static\/planet4-chile-stateless\/2021\/12\/1af9effb-campeonatosurf_quintero_greenpeace_-04-510x286.jpg 510w\" sizes=\"auto, (max-width: 2560px) 100vw, 2560px\" data-image-size=\"post-thumbnail\" data-stateless-media-bucket=\"planet4-chile-stateless\" data-stateless-media-name=\"2021\/12\/1af9effb-campeonatosurf_quintero_greenpeace_-04-scaled.jpg\" \/><\/a><\/figure>\n\n\n<div class=\"wp-block-group is-layout-flow wp-block-group-is-layout-flow\">\n<div class=\"wp-block-group is-layout-flex wp-block-group-is-layout-flex\"><div class=\"wp-block-post-terms\"><a href=\"https:\/\/www.greenpeace.org\/chile\/category\/issues\/climayenergia\/\">Clima y Energ\u00eda<\/a><\/div>\n\n<div class=\"taxonomy-post_tag wp-block-post-terms\"><a href=\"https:\/\/www.greenpeace.org\/chile\/tag\/chaocarbon\/\" rel=\"tag\">ChaoCarb\u00f3n<\/a><\/div><\/div>\n\n\n<h3 class=\"wp-block-post-title\"><a href=\"https:\/\/www.greenpeace.org\/chile\/noticia\/issues\/climayenergia\/en-medio-del-carbon-y-toxicos-volatiles-greenpeace-realiza-inedita-exposicion-de-surf-en-zona-de-sacrificio-de-quintero-puchuncavi\/\" target=\"_self\" >En medio del carb\u00f3n y t\u00f3xicos vol\u00e1tiles: Greenpeace realiza in\u00e9dito campeonato de surf en zona de sacrificio de Quintero Puchuncav\u00ed<\/a><\/h3>\n\n<div class=\"wp-block-post-excerpt\"><p class=\"wp-block-post-excerpt__excerpt\">Greenpeace organiz\u00f3 el torneo de surf \u201cEl Sacrificio, el campeonato m\u00e1s peligroso\u201d, y lo catalog\u00f3 como un playicidio sin freno, mostrando el grave impacto de las industrias del carb\u00f3n y otras contaminantes, en una de las cunas del surf nacional. <\/p><\/div>\n\n\n<div class=\"wp-block-group posts-list-meta is-layout-flow wp-block-group-is-layout-flow\"><span class='article-list-item-author'>Prensa Chile<\/span>\n\n<div class=\"wp-block-post-date\"><time datetime=\"2021-12-10T14:42:34+00:00\">10 Diciembre 2021<\/time><\/div><\/div>\n<\/div>\n<\/div>\n\n<\/li><li class=\"wp-block-post post-3026 post type-post status-publish format-standard has-post-thumbnail hentry category-blog category-greenpeace tag-coronavirus p4-page-type-noticia\">\n\n<div class=\"wp-block-columns is-layout-flex wp-container-core-columns-is-layout-9d6595d7 wp-block-columns-is-layout-flex\"><figure class=\"wp-block-post-featured-image\"><a href=\"https:\/\/www.greenpeace.org\/chile\/noticia\/blog\/ante-el-covid-19-seremos-precavidos\/\" target=\"_self\"  ><img loading=\"lazy\" decoding=\"async\" width=\"406\" height=\"119\" src=\"https:\/\/www.greenpeace.org\/static\/planet4-chile-stateless\/2019\/10\/76131483-mini_logo-1.png\" class=\"attachment-post-thumbnail size-post-thumbnail wp-post-image wp-stateless-item\" alt=\"Ante el COVID-19, seremos precavidos\" style=\"object-fit:cover;\" srcset=\"https:\/\/www.greenpeace.org\/static\/planet4-chile-stateless\/2019\/10\/76131483-mini_logo-1.png 406w, https:\/\/www.greenpeace.org\/static\/planet4-chile-stateless\/2019\/10\/76131483-mini_logo-1-300x88.png 300w\" sizes=\"auto, (max-width: 406px) 100vw, 406px\" data-image-size=\"post-thumbnail\" data-stateless-media-bucket=\"planet4-chile-stateless\" data-stateless-media-name=\"2019\/10\/76131483-mini_logo-1.png\" \/><\/a><\/figure>\n\n\n<div class=\"wp-block-group is-layout-flow wp-block-group-is-layout-flow\">\n<div class=\"wp-block-group is-layout-flex wp-block-group-is-layout-flex\"><div class=\"wp-block-post-terms\"><a href=\"https:\/\/www.greenpeace.org\/chile\/category\/blog\/\">Blog<\/a><\/div>\n\n<div class=\"taxonomy-post_tag wp-block-post-terms\"><a href=\"https:\/\/www.greenpeace.org\/chile\/tag\/coronavirus\/\" rel=\"tag\">Coronavirus<\/a><\/div><\/div>\n\n\n<h3 class=\"wp-block-post-title\"><a href=\"https:\/\/www.greenpeace.org\/chile\/noticia\/blog\/ante-el-covid-19-seremos-precavidos\/\" target=\"_self\" >Ante el COVID-19, seremos precavidos<\/a><\/h3>\n\n<div class=\"wp-block-post-excerpt\"><p class=\"wp-block-post-excerpt__excerpt\">Santiago, 12 de marzo de 2020 &#8211; Ante las \u00faltimas confirmaciones de contagio por Coronavirus (COVID-19) en nuestro pa\u00eds, la oficina de Greenpeace Chile, activando preventivamente su protocolo internacional, ha&hellip; <\/p><\/div>\n\n\n<div class=\"wp-block-group posts-list-meta is-layout-flow wp-block-group-is-layout-flow\"><span class='article-list-item-author'><a href='https:\/\/www.greenpeace.org\/chile\/author\/lvazquez\/'>Editor<\/a><\/span>\n\n<div class=\"wp-block-post-date\"><time datetime=\"2020-03-16T14:33:00+00:00\">16 Marzo 2020<\/time><\/div><\/div>\n<\/div>\n<\/div>\n\n<\/li><li class=\"wp-block-post post-16101 post type-post status-publish format-standard has-post-thumbnail hentry category-climayenergia category-oceanos p4-page-type-noticia\">\n\n<div class=\"wp-block-columns is-layout-flex wp-container-core-columns-is-layout-9d6595d7 wp-block-columns-is-layout-flex\"><figure class=\"wp-block-post-featured-image\"><a href=\"https:\/\/www.greenpeace.org\/chile\/noticia\/issues\/climayenergia\/pinguinos-de-humboldt-se-roban-las-miradas-en-la-maraton-de-santiago-2026\/\" target=\"_self\"  ><img loading=\"lazy\" decoding=\"async\" width=\"2560\" height=\"1440\" src=\"https:\/\/www.greenpeace.org\/static\/planet4-chile-stateless\/2026\/04\/dd19f111-maraton-8-scaled.jpeg\" class=\"attachment-post-thumbnail size-post-thumbnail wp-post-image wp-stateless-item\" alt=\"Ping\u00fcinos de Humboldt se roban las miradas en la Marat\u00f3n de Santiago 2026\" style=\"object-fit:cover;\" srcset=\"https:\/\/www.greenpeace.org\/static\/planet4-chile-stateless\/2026\/04\/dd19f111-maraton-8-scaled.jpeg 2560w, https:\/\/www.greenpeace.org\/static\/planet4-chile-stateless\/2026\/04\/dd19f111-maraton-8-300x169.jpeg 300w, https:\/\/www.greenpeace.org\/static\/planet4-chile-stateless\/2026\/04\/dd19f111-maraton-8-1024x576.jpeg 1024w, https:\/\/www.greenpeace.org\/static\/planet4-chile-stateless\/2026\/04\/dd19f111-maraton-8-768x432.jpeg 768w, https:\/\/www.greenpeace.org\/static\/planet4-chile-stateless\/2026\/04\/dd19f111-maraton-8-1536x864.jpeg 1536w, https:\/\/www.greenpeace.org\/static\/planet4-chile-stateless\/2026\/04\/dd19f111-maraton-8-2048x1152.jpeg 2048w, https:\/\/www.greenpeace.org\/static\/planet4-chile-stateless\/2026\/04\/dd19f111-maraton-8-510x287.jpeg 510w\" sizes=\"auto, (max-width: 2560px) 100vw, 2560px\" data-image-size=\"post-thumbnail\" data-stateless-media-bucket=\"planet4-chile-stateless\" data-stateless-media-name=\"2026\/04\/dd19f111-maraton-8-scaled.jpeg\" \/><\/a><\/figure>\n\n\n<div class=\"wp-block-group is-layout-flow wp-block-group-is-layout-flow\">\n<div class=\"wp-block-group is-layout-flex wp-block-group-is-layout-flex\"><div class=\"wp-block-post-terms\"><a href=\"https:\/\/www.greenpeace.org\/chile\/category\/issues\/climayenergia\/\">Clima y Energ\u00eda<\/a><\/div>\n\n<\/div>\n\n\n<h3 class=\"wp-block-post-title\"><a href=\"https:\/\/www.greenpeace.org\/chile\/noticia\/issues\/climayenergia\/pinguinos-de-humboldt-se-roban-las-miradas-en-la-maraton-de-santiago-2026\/\" target=\"_self\" >Ping\u00fcinos de Humboldt se roban las miradas en la Marat\u00f3n de Santiago 2026<\/a><\/h3>\n\n<div class=\"wp-block-post-excerpt\"><p class=\"wp-block-post-excerpt__excerpt\">Activistas de Greenpeace corrieron caracterizados de esta ave en un esfuerzo por llamar la atenci\u00f3n sobre la relevancia de reingresar el decreto ambiental que declara a esta especie \u201cMonumento Natural\u201d. <\/p><\/div>\n\n\n<div class=\"wp-block-group posts-list-meta is-layout-flow wp-block-group-is-layout-flow\"><span class='article-list-item-author'><a href='https:\/\/www.greenpeace.org\/chile\/author\/prensachile\/'>Prensa Chile<\/a><\/span>\n\n<div class=\"wp-block-post-date\"><time datetime=\"2026-04-27T06:25:39+00:00\">27 Abril 2026<\/time><\/div><\/div>\n<\/div>\n<\/div>\n\n<\/li><li class=\"wp-block-post post-16106 post type-post status-publish format-standard has-post-thumbnail hentry category-greenpeace category-oceanos p4-page-type-noticia\">\n\n<div class=\"wp-block-columns is-layout-flex wp-container-core-columns-is-layout-9d6595d7 wp-block-columns-is-layout-flex\"><figure class=\"wp-block-post-featured-image\"><a href=\"https:\/\/www.greenpeace.org\/chile\/noticia\/issues\/oceanos\/greenpeace-evitar-la-extincion-del-pinguino-de-humboldt-esta-en-manos-del-gobierno\/\" target=\"_self\"  ><img loading=\"lazy\" decoding=\"async\" width=\"2500\" height=\"1668\" src=\"https:\/\/www.greenpeace.org\/static\/planet4-chile-stateless\/2025\/01\/db2944b4-pinguinos-de-humboldt-humboldt-\u00a9-cesar-villarroel-_-greenpeace-.jpg\" class=\"attachment-post-thumbnail size-post-thumbnail wp-post-image wp-stateless-item\" alt=\"Greenpeace: \u201cEvitar la extinci\u00f3n del Ping\u00fcino de Humboldt est\u00e1 en manos del Gobierno\u201d\" style=\"object-fit:cover;\" srcset=\"https:\/\/www.greenpeace.org\/static\/planet4-chile-stateless\/2025\/01\/db2944b4-pinguinos-de-humboldt-humboldt-\u00a9-cesar-villarroel-_-greenpeace-.jpg 2500w, https:\/\/www.greenpeace.org\/static\/planet4-chile-stateless\/2025\/01\/db2944b4-pinguinos-de-humboldt-humboldt-\u00a9-cesar-villarroel-_-greenpeace--300x200.jpg 300w, https:\/\/www.greenpeace.org\/static\/planet4-chile-stateless\/2025\/01\/db2944b4-pinguinos-de-humboldt-humboldt-\u00a9-cesar-villarroel-_-greenpeace--1024x683.jpg 1024w, https:\/\/www.greenpeace.org\/static\/planet4-chile-stateless\/2025\/01\/db2944b4-pinguinos-de-humboldt-humboldt-\u00a9-cesar-villarroel-_-greenpeace--768x512.jpg 768w, https:\/\/www.greenpeace.org\/static\/planet4-chile-stateless\/2025\/01\/db2944b4-pinguinos-de-humboldt-humboldt-\u00a9-cesar-villarroel-_-greenpeace--1536x1025.jpg 1536w, https:\/\/www.greenpeace.org\/static\/planet4-chile-stateless\/2025\/01\/db2944b4-pinguinos-de-humboldt-humboldt-\u00a9-cesar-villarroel-_-greenpeace--2048x1366.jpg 2048w, https:\/\/www.greenpeace.org\/static\/planet4-chile-stateless\/2025\/01\/db2944b4-pinguinos-de-humboldt-humboldt-\u00a9-cesar-villarroel-_-greenpeace--510x340.jpg 510w\" sizes=\"auto, (max-width: 2500px) 100vw, 2500px\" data-image-size=\"post-thumbnail\" data-stateless-media-bucket=\"planet4-chile-stateless\" data-stateless-media-name=\"2025\/01\/db2944b4-pinguinos-de-humboldt-humboldt-\u00a9-cesar-villarroel-_-greenpeace-.jpg\" \/><\/a><\/figure>\n\n\n<div class=\"wp-block-group is-layout-flow wp-block-group-is-layout-flow\">\n<div class=\"wp-block-group is-layout-flex wp-block-group-is-layout-flex\"><div class=\"wp-block-post-terms\"><a href=\"https:\/\/www.greenpeace.org\/chile\/category\/greenpeace\/\">Greenpeace<\/a><\/div>\n\n<\/div>\n\n\n<h3 class=\"wp-block-post-title\"><a href=\"https:\/\/www.greenpeace.org\/chile\/noticia\/issues\/oceanos\/greenpeace-evitar-la-extincion-del-pinguino-de-humboldt-esta-en-manos-del-gobierno\/\" target=\"_self\" >Greenpeace: \u201cEvitar la extinci\u00f3n del Ping\u00fcino de Humboldt est\u00e1 en manos del Gobierno\u201d<\/a><\/h3>\n\n<div class=\"wp-block-post-excerpt\"><p class=\"wp-block-post-excerpt__excerpt\">Desde la organizaci\u00f3n advierten que es urgente que el Ejecutivo reingrese el decreto que declara a esta especie Monumento Natural, y que haga todo lo posible para protegerla. <\/p><\/div>\n\n\n<div class=\"wp-block-group posts-list-meta is-layout-flow wp-block-group-is-layout-flow\"><span class='article-list-item-author'><a href='https:\/\/www.greenpeace.org\/chile\/author\/prensachile\/'>Prensa Chile<\/a><\/span>\n\n<div class=\"wp-block-post-date\"><time datetime=\"2026-04-26T06:27:00+00:00\">26 Abril 2026<\/time><\/div><\/div>\n<\/div>\n<\/div>\n\n<\/li><li class=\"wp-block-post post-16080 post type-post status-publish format-standard has-post-thumbnail hentry category-greenpeace p4-page-type-noticia\">\n\n<div class=\"wp-block-columns is-layout-flex wp-container-core-columns-is-layout-9d6595d7 wp-block-columns-is-layout-flex\"><figure class=\"wp-block-post-featured-image\"><a href=\"https:\/\/www.greenpeace.org\/chile\/noticia\/greenpeace\/declaracion-publica-greenpeace-alerta-que-proyecto-del-ejecutivo-debilita-la-proteccion-ambiental-en-chile\/\" target=\"_self\"  ><img loading=\"lazy\" decoding=\"async\" width=\"150\" height=\"150\" src=\"https:\/\/www.greenpeace.org\/static\/planet4-chile-stateless\/2023\/09\/0ef1036d-logo.png\" class=\"attachment-post-thumbnail size-post-thumbnail wp-post-image wp-stateless-item\" alt=\"Declaraci\u00f3n p\u00fablica: Greenpeace alerta que proyecto del Ejecutivo debilita la protecci\u00f3n ambiental en Chile\" style=\"object-fit:cover;\" data-image-size=\"post-thumbnail\" data-stateless-media-bucket=\"planet4-chile-stateless\" data-stateless-media-name=\"2023\/09\/0ef1036d-logo.png\" \/><\/a><\/figure>\n\n\n<div class=\"wp-block-group is-layout-flow wp-block-group-is-layout-flow\">\n<div class=\"wp-block-group is-layout-flex wp-block-group-is-layout-flex\"><div class=\"wp-block-post-terms\"><a href=\"https:\/\/www.greenpeace.org\/chile\/category\/greenpeace\/\">Greenpeace<\/a><\/div>\n\n<\/div>\n\n\n<h3 class=\"wp-block-post-title\"><a href=\"https:\/\/www.greenpeace.org\/chile\/noticia\/greenpeace\/declaracion-publica-greenpeace-alerta-que-proyecto-del-ejecutivo-debilita-la-proteccion-ambiental-en-chile\/\" target=\"_self\" >Declaraci\u00f3n p\u00fablica: Greenpeace alerta que proyecto del Ejecutivo debilita la protecci\u00f3n ambiental en Chile<\/a><\/h3>\n\n<div class=\"wp-block-post-excerpt\"><p class=\"wp-block-post-excerpt__excerpt\">La conducci\u00f3n del Ejecutivo en materia ambiental genera profunda preocupaci\u00f3n. <\/p><\/div>\n\n\n<div class=\"wp-block-group posts-list-meta is-layout-flow wp-block-group-is-layout-flow\"><span class='article-list-item-author'><a href='https:\/\/www.greenpeace.org\/chile\/author\/prensachile\/'>Prensa Chile<\/a><\/span>\n\n<div class=\"wp-block-post-date\"><time datetime=\"2026-04-24T01:15:21+00:00\">24 Abril 2026<\/time><\/div><\/div>\n<\/div>\n<\/div>\n\n<\/li><\/ul>\n\n\n<div class=\"wp-block-buttons carousel-controls is-horizontal is-content-justification-space-between is-nowrap is-layout-flex wp-container-core-buttons-is-layout-044bd602 wp-block-buttons-is-layout-flex\">\n<div class=\"wp-block-button carousel-control-prev\"><button type=\"button\" class=\"wp-block-button__link wp-element-button\">Prev<\/button><\/div>\n\n\n\n<div class=\"wp-block-button carousel-control-next\"><button type=\"button\" class=\"wp-block-button__link wp-element-button\">Next<\/button><\/div>\n<\/div>\n\n\n<li class=\" wp-block-navigation-item see-all-link wp-block-navigation-link\"><a class=\"wp-block-navigation-item__content\"  href=\"http:\/\/www.greenpeace.org\/chile\/news-stories\/\"><span class=\"wp-block-navigation-item__label\">Ver m\u00e1s<\/span><\/a><\/li><\/div>\n\n\n\n\n<div class=\"wp-block-group alignfull block has-beige-100-background-color has-background is-layout-flow wp-block-group-is-layout-flow\">\n<div class=\"wp-block-group container is-layout-flow wp-block-group-is-layout-flow\">\n<div style=\"height:24px\" aria-hidden=\"true\" class=\"wp-block-spacer\"><\/div>\n\n\n\n<h2 class=\"wp-block-heading has-text-align-center\">Contin\u00faa explorando los temas en los que trabajamos<\/h2>\n\n\n\n<p class=\"has-text-align-center\">Realizamos campa\u00f1as que abordan las siguientes tem\u00e1ticas. Puedes leer por tema, encontrar informaci\u00f3n valiosa, sumarte a las peticiones y ser parte del cambio.<\/p>\n\n\n\n<div class=\"wp-block-columns are-vertically-aligned-top is-style-mobile-carousel is-layout-flex wp-container-core-columns-is-layout-9d6595d7 wp-block-columns-is-layout-flex\">\n<div class=\"wp-block-column is-vertically-aligned-top has-white-background-color has-background is-layout-flow wp-block-column-is-layout-flow\">\n<div class=\"wp-block-group group-stretched-link is-layout-flow wp-block-group-is-layout-flow\">\n<figure class=\"wp-block-image aligncenter size-full is-resized force-no-lightbox force-no-caption is-style-default\"><a href=\"https:\/\/www.greenpeace.org\/chile\/campanas\/oceanos\/\"><img loading=\"lazy\" decoding=\"async\" width=\"1024\" height=\"1024\" src=\"https:\/\/www.greenpeace.org\/static\/planet4-chile-stateless\/2023\/07\/0571f657-oceanos.png\" alt=\"\" class=\"wp-image-10003\" style=\"width:90px;height:90px\" srcset=\"https:\/\/www.greenpeace.org\/static\/planet4-chile-stateless\/2023\/07\/0571f657-oceanos.png 1024w, https:\/\/www.greenpeace.org\/static\/planet4-chile-stateless\/2023\/07\/0571f657-oceanos-300x300.png 300w, https:\/\/www.greenpeace.org\/static\/planet4-chile-stateless\/2023\/07\/0571f657-oceanos-150x150.png 150w, https:\/\/www.greenpeace.org\/static\/planet4-chile-stateless\/2023\/07\/0571f657-oceanos-768x768.png 768w, https:\/\/www.greenpeace.org\/static\/planet4-chile-stateless\/2023\/07\/0571f657-oceanos-340x340.png 340w\" sizes=\"auto, (max-width: 1024px) 100vw, 1024px\" \/><\/a><\/figure>\n\n\n\n<h5 class=\"wp-block-heading has-text-align-center is-style-default\" style=\"font-size:1rem\"><a href=\"https:\/\/www.greenpeace.org\/chile\/campanas\/oceanos\/\">OC\u00c9ANOS<\/a><\/h5>\n\n\n\n<div style=\"height:16px\" aria-hidden=\"true\" class=\"wp-block-spacer\"><\/div>\n<\/div>\n<\/div>\n\n\n\n<div class=\"wp-block-column is-vertically-aligned-top has-white-background-color has-background is-layout-flow wp-block-column-is-layout-flow\">\n<div class=\"wp-block-group group-stretched-link is-layout-flow wp-block-group-is-layout-flow\">\n<figure class=\"wp-block-image aligncenter size-full is-resized force-no-lightbox force-no-caption is-style-default\"><a href=\"https:\/\/www.greenpeace.org\/chile\/campanas\/bosques\/\"><img loading=\"lazy\" decoding=\"async\" width=\"1024\" height=\"1024\" src=\"https:\/\/www.greenpeace.org\/static\/planet4-chile-stateless\/2023\/07\/4dd348a2-bosques.png\" alt=\"\" class=\"wp-image-10004\" style=\"width:90px;height:90px\" srcset=\"https:\/\/www.greenpeace.org\/static\/planet4-chile-stateless\/2023\/07\/4dd348a2-bosques.png 1024w, https:\/\/www.greenpeace.org\/static\/planet4-chile-stateless\/2023\/07\/4dd348a2-bosques-300x300.png 300w, https:\/\/www.greenpeace.org\/static\/planet4-chile-stateless\/2023\/07\/4dd348a2-bosques-150x150.png 150w, https:\/\/www.greenpeace.org\/static\/planet4-chile-stateless\/2023\/07\/4dd348a2-bosques-768x768.png 768w, https:\/\/www.greenpeace.org\/static\/planet4-chile-stateless\/2023\/07\/4dd348a2-bosques-340x340.png 340w\" sizes=\"auto, (max-width: 1024px) 100vw, 1024px\" \/><\/a><\/figure>\n\n\n\n<h5 class=\"wp-block-heading has-text-align-center is-style-default\" style=\"font-size:1rem\"><a href=\"https:\/\/www.greenpeace.org\/chile\/campanas\/bosques\/\">BOSQUES<\/a><\/h5>\n\n\n\n<div style=\"height:16px\" aria-hidden=\"true\" class=\"wp-block-spacer\"><\/div>\n<\/div>\n<\/div>\n\n\n\n<div class=\"wp-block-column is-vertically-aligned-top has-white-background-color has-background is-layout-flow wp-block-column-is-layout-flow\">\n<div class=\"wp-block-group group-stretched-link is-layout-flow wp-block-group-is-layout-flow\">\n<figure class=\"wp-block-image aligncenter size-full is-resized force-no-lightbox force-no-caption is-style-default\"><a href=\"https:\/\/www.greenpeace.org\/chile\/campanas\/clima-y-energia\/\"><img loading=\"lazy\" decoding=\"async\" width=\"1024\" height=\"1024\" src=\"https:\/\/www.greenpeace.org\/static\/planet4-chile-stateless\/2023\/07\/5f5c3f01-clima-y-energia.png\" alt=\"\" class=\"wp-image-10002\" style=\"width:90px;height:90px\" srcset=\"https:\/\/www.greenpeace.org\/static\/planet4-chile-stateless\/2023\/07\/5f5c3f01-clima-y-energia.png 1024w, https:\/\/www.greenpeace.org\/static\/planet4-chile-stateless\/2023\/07\/5f5c3f01-clima-y-energia-300x300.png 300w, https:\/\/www.greenpeace.org\/static\/planet4-chile-stateless\/2023\/07\/5f5c3f01-clima-y-energia-150x150.png 150w, https:\/\/www.greenpeace.org\/static\/planet4-chile-stateless\/2023\/07\/5f5c3f01-clima-y-energia-768x768.png 768w, https:\/\/www.greenpeace.org\/static\/planet4-chile-stateless\/2023\/07\/5f5c3f01-clima-y-energia-340x340.png 340w\" sizes=\"auto, (max-width: 1024px) 100vw, 1024px\" \/><\/a><\/figure>\n\n\n\n<h5 class=\"wp-block-heading has-text-align-center is-style-default\" style=\"font-size:1rem\"><a href=\"https:\/\/www.greenpeace.org\/chile\/campanas\/clima-y-energia\/\">CLIMA Y ENERG\u00cdA<\/a><\/h5>\n\n\n\n<div style=\"height:16px\" aria-hidden=\"true\" class=\"wp-block-spacer\"><\/div>\n<\/div>\n<\/div>\n\n\n\n<div class=\"wp-block-column is-vertically-aligned-top has-white-background-color has-background is-layout-flow wp-block-column-is-layout-flow\">\n<div class=\"wp-block-group group-stretched-link is-layout-flow wp-block-group-is-layout-flow\">\n<figure class=\"wp-block-image aligncenter size-full is-resized force-no-lightbox force-no-caption is-style-default\"><a href=\"https:\/\/www.greenpeace.org\/chile\/campanas\/contaminacion\/\"><img loading=\"lazy\" decoding=\"async\" width=\"1024\" height=\"1024\" src=\"https:\/\/www.greenpeace.org\/static\/planet4-chile-stateless\/2023\/07\/589922dd-contaminca.png\" alt=\"\" class=\"wp-image-10005\" style=\"width:90px;height:90px\" srcset=\"https:\/\/www.greenpeace.org\/static\/planet4-chile-stateless\/2023\/07\/589922dd-contaminca.png 1024w, https:\/\/www.greenpeace.org\/static\/planet4-chile-stateless\/2023\/07\/589922dd-contaminca-300x300.png 300w, https:\/\/www.greenpeace.org\/static\/planet4-chile-stateless\/2023\/07\/589922dd-contaminca-150x150.png 150w, https:\/\/www.greenpeace.org\/static\/planet4-chile-stateless\/2023\/07\/589922dd-contaminca-768x768.png 768w, https:\/\/www.greenpeace.org\/static\/planet4-chile-stateless\/2023\/07\/589922dd-contaminca-340x340.png 340w\" sizes=\"auto, (max-width: 1024px) 100vw, 1024px\" \/><\/a><\/figure>\n\n\n\n<h5 class=\"wp-block-heading has-text-align-center is-style-default\" style=\"font-size:1rem\"><a href=\"https:\/\/www.greenpeace.org\/chile\/campanas\/contaminacion\/\">CONTAMINACI\u00d3N<\/a><\/h5>\n\n\n\n<div style=\"height:16px\" aria-hidden=\"true\" class=\"wp-block-spacer\"><\/div>\n<\/div>\n<\/div>\n\n\n\n<div class=\"wp-block-column is-vertically-aligned-top has-white-background-color has-background is-layout-flow wp-block-column-is-layout-flow\">\n<div class=\"wp-block-group group-stretched-link is-layout-flow wp-block-group-is-layout-flow\">\n<figure class=\"wp-block-image aligncenter size-large is-resized force-no-lightbox force-no-caption is-style-default\"><a href=\"https:\/\/www.greenpeace.org\/chile\/campanas\/sustentabilidad\/\"><img loading=\"lazy\" decoding=\"async\" width=\"1024\" height=\"1024\" src=\"https:\/\/www.greenpeace.org\/static\/planet4-chile-stateless\/2023\/08\/158f367b-22_sustainable_finance-1-1024x1024.png\" alt=\"\" class=\"wp-image-10236\" style=\"width:90px;height:90px\" srcset=\"https:\/\/www.greenpeace.org\/static\/planet4-chile-stateless\/2023\/08\/158f367b-22_sustainable_finance-1-1024x1024.png 1024w, https:\/\/www.greenpeace.org\/static\/planet4-chile-stateless\/2023\/08\/158f367b-22_sustainable_finance-1-300x300.png 300w, https:\/\/www.greenpeace.org\/static\/planet4-chile-stateless\/2023\/08\/158f367b-22_sustainable_finance-1-150x150.png 150w, https:\/\/www.greenpeace.org\/static\/planet4-chile-stateless\/2023\/08\/158f367b-22_sustainable_finance-1-768x769.png 768w, https:\/\/www.greenpeace.org\/static\/planet4-chile-stateless\/2023\/08\/158f367b-22_sustainable_finance-1-340x340.png 340w, https:\/\/www.greenpeace.org\/static\/planet4-chile-stateless\/2023\/08\/158f367b-22_sustainable_finance-1.png 1250w\" sizes=\"auto, (max-width: 1024px) 100vw, 1024px\" \/><\/a><\/figure>\n\n\n\n<h5 class=\"wp-block-heading has-text-align-center is-style-default\" style=\"font-size:1rem\"><a href=\"https:\/\/www.greenpeace.org\/chile\/campanas\/sustentabilidad\/\">SUSTENTABILIDAD<\/a><\/h5>\n\n\n\n<div style=\"height:16px\" aria-hidden=\"true\" class=\"wp-block-spacer\"><\/div>\n<\/div>\n<\/div>\n<\/div>\n\n\n\n<div class=\"wp-block-buttons is-content-justification-center is-layout-flex wp-container-core-buttons-is-layout-16018d1d wp-block-buttons-is-layout-flex\">\n<div class=\"wp-block-button\"><a class=\"wp-block-button__link wp-element-button\" href=\"www.greenpeace.org\/chile\/campanas\/\">Ver todas las campa\u00f1as<\/a><\/div>\n<\/div>\n<\/div>\n<\/div>\n\n\n\n\n\n<div class=\"wp-block-group alignfull block has-white-background-color has-background is-layout-flow wp-block-group-is-layout-flow\">\n<div class=\"wp-block-group container is-layout-flow wp-block-group-is-layout-flow\">\n<div style=\"height:24px\" aria-hidden=\"true\" class=\"wp-block-spacer\"><\/div>\n<\/div>\n<\/div>\n\n<\/div>\n\n","protected":false},"excerpt":{"rendered":"<p>La riqueza de la biodiversidad est\u00e1 amenazada  y necesita nuestra protecci\u00f3n activa.<\/p>\n","protected":false},"author":55,"featured_media":11630,"parent":9914,"menu_order":0,"comment_status":"closed","ping_status":"closed","template":"","meta":{"ep_exclude_from_search":false,"p4_hide_page_title_checkbox":"on","p4_title":"","p4_subtitle":"","p4_description":"","background_image_id":"","background_image":"","p4_button_title":"","p4_button_link":"","p4_button_link_checkbox":"","p4_og_title":"","p4_og_description":"","p4_og_image":"","p4_og_image_id":"","p4_seo_canonical_url":"","p4_campaign_name":"","p4_local_project":"","p4_basket_name":"","p4_department":"","footnotes":""},"categories":[56],"tags":[],"class_list":["post-11651","page","type-page","status-publish","has-post-thumbnail","hentry","category-biodiversidad"],"_links":{"self":[{"href":"https:\/\/www.greenpeace.org\/chile\/wp-json\/wp\/v2\/pages\/11651","targetHints":{"allow":["GET"]}}],"collection":[{"href":"https:\/\/www.greenpeace.org\/chile\/wp-json\/wp\/v2\/pages"}],"about":[{"href":"https:\/\/www.greenpeace.org\/chile\/wp-json\/wp\/v2\/types\/page"}],"author":[{"embeddable":true,"href":"https:\/\/www.greenpeace.org\/chile\/wp-json\/wp\/v2\/users\/55"}],"replies":[{"embeddable":true,"href":"https:\/\/www.greenpeace.org\/chile\/wp-json\/wp\/v2\/comments?post=11651"}],"version-history":[{"count":20,"href":"https:\/\/www.greenpeace.org\/chile\/wp-json\/wp\/v2\/pages\/11651\/revisions"}],"predecessor-version":[{"id":16041,"href":"https:\/\/www.greenpeace.org\/chile\/wp-json\/wp\/v2\/pages\/11651\/revisions\/16041"}],"up":[{"embeddable":true,"href":"https:\/\/www.greenpeace.org\/chile\/wp-json\/wp\/v2\/pages\/9914"}],"wp:featuredmedia":[{"embeddable":true,"href":"https:\/\/www.greenpeace.org\/chile\/wp-json\/wp\/v2\/media\/11630"}],"wp:attachment":[{"href":"https:\/\/www.greenpeace.org\/chile\/wp-json\/wp\/v2\/media?parent=11651"}],"wp:term":[{"taxonomy":"category","embeddable":true,"href":"https:\/\/www.greenpeace.org\/chile\/wp-json\/wp\/v2\/categories?post=11651"},{"taxonomy":"post_tag","embeddable":true,"href":"https:\/\/www.greenpeace.org\/chile\/wp-json\/wp\/v2\/tags?post=11651"}],"curies":[{"name":"wp","href":"https:\/\/api.w.org\/{rel}","templated":true}]}}