{"id":13,"date":"2018-05-08T14:32:59","date_gmt":"2018-05-08T14:32:59","guid":{"rendered":"https:\/\/k8s.p4.greenpeace.org\/defaultcontent\/?page_id=13"},"modified":"2026-04-08T08:39:36","modified_gmt":"2026-04-08T08:39:36","slug":"home","status":"publish","type":"page","link":"https:\/\/www.greenpeace.org\/chile\/","title":{"rendered":"Home"},"content":{"rendered":"\n<div data-hydrate=\"planet4-blocks\/carousel-header\" data-attributes=\"{&quot;carousel_autoplay&quot;:true,&quot;slides&quot;:[{&quot;image&quot;:15947,&quot;focal_points&quot;:{},&quot;header&quot;:&quot;De gobiernos, partidos pol\u00edticos y empresas no recibimos NADA&quot;,&quot;description&quot;:&quot;Pero con tu apoyo podemos lograrlo TODO. Greenpeace no negocia con el poder, porque no dependemos de \u00e9l.\u00a0Tu apoyo sostiene nuestra INDEPENDENCIA \u00a1S\u00famate y\u00a0defend\u00e1mosla!&quot;,&quot;link_text&quot;:&quot;S\u00famate&quot;,&quot;link_url&quot;:&quot;https:\/\/landing.infogreenpeace.org\/greenpeace-independencia&quot;,&quot;link_url_new_tab&quot;:true,&quot;image_url&quot;:&quot;https:\/\/www.greenpeace.org\/static\/planet4-chile-stateless\/2026\/03\/0bba0a44-openspace_independenciacl.png&quot;,&quot;image_srcset&quot;:&quot;https:\/\/www.greenpeace.org\/static\/planet4-chile-stateless\/2026\/03\/0bba0a44-openspace_independenciacl-150x150.png 150w,https:\/\/www.greenpeace.org\/static\/planet4-chile-stateless\/2026\/03\/0bba0a44-openspace_independenciacl-300x197.png 300w,https:\/\/www.greenpeace.org\/static\/planet4-chile-stateless\/2026\/03\/0bba0a44-openspace_independenciacl-1024x671.png 1024w,https:\/\/www.greenpeace.org\/static\/planet4-chile-stateless\/2026\/03\/0bba0a44-openspace_independenciacl.png 2048w&quot;},{&quot;image&quot;:15792,&quot;focal_points&quot;:{&quot;x&quot;:0.2,&quot;y&quot;:0.1},&quot;header&quot;:&quot;&lt;strong&gt;URGENTE: \u00a1Chile Sin Cenizas!&lt;\/strong&gt;&quot;,&quot;description&quot;:&quot;Ex\u00edge al Congreso que apruebe la Ley de Prevenci\u00f3n de Incendios AHORA \u00a1Firma la petici\u00f3n y act\u00faa antes de que el fuego siga avanzando!&lt;br&gt;&quot;,&quot;link_text&quot;:&quot;S\u00famate aqu\u00ed&quot;,&quot;link_url&quot;:&quot;https:\/\/landing.infogreenpeace.org\/chile-sin-cenizas&quot;,&quot;link_url_new_tab&quot;:true,&quot;image_url&quot;:&quot;https:\/\/www.greenpeace.org\/static\/planet4-chile-stateless\/2026\/01\/1dd2d17c-gpc-incendios-en-penco-concepcion-08-\u00a9-pablo-hidalgo-greenpeace.jpg&quot;,&quot;image_srcset&quot;:&quot;https:\/\/www.greenpeace.org\/static\/planet4-chile-stateless\/2026\/01\/1dd2d17c-gpc-incendios-en-penco-concepcion-08-\u00a9-pablo-hidalgo-greenpeace-150x150.jpg 150w,https:\/\/www.greenpeace.org\/static\/planet4-chile-stateless\/2026\/01\/1dd2d17c-gpc-incendios-en-penco-concepcion-08-\u00a9-pablo-hidalgo-greenpeace-300x200.jpg 300w,https:\/\/www.greenpeace.org\/static\/planet4-chile-stateless\/2026\/01\/1dd2d17c-gpc-incendios-en-penco-concepcion-08-\u00a9-pablo-hidalgo-greenpeace-1024x683.jpg 1024w,https:\/\/www.greenpeace.org\/static\/planet4-chile-stateless\/2026\/01\/1dd2d17c-gpc-incendios-en-penco-concepcion-08-\u00a9-pablo-hidalgo-greenpeace.jpg 2048w&quot;},{&quot;image&quot;:15629,&quot;focal_points&quot;:{&quot;x&quot;:0.94,&quot;y&quot;:0.7},&quot;header&quot;:&quot;Firma ahora la carta de las Infancias en Sacrificio de Quintero - Puchuncav\u00ed&quot;,&quot;description&quot;:&quot;Necesitamos que muchas personas comprometidas como t\u00fa se sumen para visibilizar, presionar y exigir acciones inmediatas a las autoridades.&quot;,&quot;link_text&quot;:&quot;Firma ahora&quot;,&quot;link_url&quot;:&quot;https:\/\/landing.infogreenpeace.org\/greenpeace-infanciasensacrificio&quot;,&quot;link_url_new_tab&quot;:true,&quot;image_url&quot;:&quot;https:\/\/www.greenpeace.org\/static\/planet4-chile-stateless\/2025\/11\/2a801f25-openspace_infancias-e1763484476454.jpg&quot;,&quot;image_srcset&quot;:&quot;https:\/\/www.greenpeace.org\/static\/planet4-chile-stateless\/2025\/11\/2a801f25-openspace_infancias-150x150.jpg 150w,https:\/\/www.greenpeace.org\/static\/planet4-chile-stateless\/2025\/11\/2a801f25-openspace_infancias-300x197.jpg 300w,https:\/\/www.greenpeace.org\/static\/planet4-chile-stateless\/2025\/11\/2a801f25-openspace_infancias-1024x671.jpg 1024w,https:\/\/www.greenpeace.org\/static\/planet4-chile-stateless\/2025\/11\/2a801f25-openspace_infancias-e1763484476454.jpg 1700w&quot;},{&quot;image&quot;:12165,&quot;focal_points&quot;:{&quot;x&quot;:0.09,&quot;y&quot;:0.54},&quot;header&quot;:&quot;Subamos la Voz! Bajemos Los Bronces&quot;,&quot;description&quot;:&quot;Dile NO a la expansi\u00f3n del proyecto minero Los Bronces Integrado. Protege a las especies, los glaciares, el agua  y el aire de la ciudad de Santiago.&quot;,&quot;link_text&quot;:&quot;Firma aqui&quot;,&quot;link_url&quot;:&quot;https:\/\/bajemoslosbronces.cl\/#formulario&quot;,&quot;link_url_new_tab&quot;:true,&quot;image_url&quot;:&quot;https:\/\/www.greenpeace.org\/static\/planet4-chile-stateless\/2024\/04\/4035cb40-ilustracion-header.png&quot;,&quot;image_srcset&quot;:&quot;https:\/\/www.greenpeace.org\/static\/planet4-chile-stateless\/2024\/04\/4035cb40-ilustracion-header-150x150.png 150w,https:\/\/www.greenpeace.org\/static\/planet4-chile-stateless\/2024\/04\/4035cb40-ilustracion-header-300x225.png 300w,https:\/\/www.greenpeace.org\/static\/planet4-chile-stateless\/2024\/04\/4035cb40-ilustracion-header-1024x768.png 1024w,https:\/\/www.greenpeace.org\/static\/planet4-chile-stateless\/2024\/04\/4035cb40-ilustracion-header-453x340.png 453w,https:\/\/www.greenpeace.org\/static\/planet4-chile-stateless\/2024\/04\/4035cb40-ilustracion-header-1821x1366.png 1821w,https:\/\/www.greenpeace.org\/static\/planet4-chile-stateless\/2024\/04\/4035cb40-ilustracion-header.png 4000w&quot;}],&quot;currentImageIndex&quot;:3}\"><section class=\"block block-header alignfull carousel-header \"><div class=\"carousel-wrapper-header\"><ul class=\"carousel-inner\" role=\"listbox\"><li class=\"carousel-item active\" tabindex=\"0\" role=\"tabpanel\" alt=\"\"><div class=\"carousel-item-mask\"><div class=\"background-holder\"><img decoding=\"async\" src=\"https:\/\/www.greenpeace.org\/static\/planet4-chile-stateless\/2026\/03\/0bba0a44-openspace_independenciacl.png\" style=\"object-position:50% 50%\" srcSet=\"https:\/\/www.greenpeace.org\/static\/planet4-chile-stateless\/2026\/03\/0bba0a44-openspace_independenciacl-150x150.png 150w,https:\/\/www.greenpeace.org\/static\/planet4-chile-stateless\/2026\/03\/0bba0a44-openspace_independenciacl-300x197.png 300w,https:\/\/www.greenpeace.org\/static\/planet4-chile-stateless\/2026\/03\/0bba0a44-openspace_independenciacl-1024x671.png 1024w,https:\/\/www.greenpeace.org\/static\/planet4-chile-stateless\/2026\/03\/0bba0a44-openspace_independenciacl.png 2048w\"\/><\/div><div class=\"carousel-caption\"><div class=\"caption-overlay\"><\/div><div class=\"container main-header\"><div class=\"carousel-captions-wrapper\"><h2>De gobiernos, partidos pol\u00edticos y empresas no recibimos NADA<\/h2><p>Pero con tu apoyo podemos lograrlo TODO. Greenpeace no negocia con el poder, porque no dependemos de \u00e9l.\u00a0Tu apoyo sostiene nuestra INDEPENDENCIA \u00a1S\u00famate y\u00a0defend\u00e1mosla!<\/p><\/div><div class=\"col-xs-12 col-sm-8 col-md-4 action-button\"><a href=\"https:\/\/landing.infogreenpeace.org\/greenpeace-independencia\" class=\"btn btn-primary\" data-ga-category=\"Carousel Header\" data-ga-action=\"Call to Action\" rel=\"noreferrer noopener\" target=\"_blank\" tabindex=\"0\"><span>S\u00famate<\/span><\/a><\/div><\/div><\/div><\/div><\/li><li class=\"carousel-item \" tabindex=\"-1\" role=\"tabpanel\" alt=\"\"><div class=\"carousel-item-mask\"><div class=\"background-holder\"><img decoding=\"async\" src=\"https:\/\/www.greenpeace.org\/static\/planet4-chile-stateless\/2026\/01\/1dd2d17c-gpc-incendios-en-penco-concepcion-08-\u00a9-pablo-hidalgo-greenpeace.jpg\" style=\"object-position:20% 10%\" srcSet=\"https:\/\/www.greenpeace.org\/static\/planet4-chile-stateless\/2026\/01\/1dd2d17c-gpc-incendios-en-penco-concepcion-08-\u00a9-pablo-hidalgo-greenpeace-150x150.jpg 150w,https:\/\/www.greenpeace.org\/static\/planet4-chile-stateless\/2026\/01\/1dd2d17c-gpc-incendios-en-penco-concepcion-08-\u00a9-pablo-hidalgo-greenpeace-300x200.jpg 300w,https:\/\/www.greenpeace.org\/static\/planet4-chile-stateless\/2026\/01\/1dd2d17c-gpc-incendios-en-penco-concepcion-08-\u00a9-pablo-hidalgo-greenpeace-1024x683.jpg 1024w,https:\/\/www.greenpeace.org\/static\/planet4-chile-stateless\/2026\/01\/1dd2d17c-gpc-incendios-en-penco-concepcion-08-\u00a9-pablo-hidalgo-greenpeace.jpg 2048w\"\/><\/div><div class=\"carousel-caption\"><div class=\"caption-overlay\"><\/div><div class=\"container main-header\"><div class=\"carousel-captions-wrapper\"><h2>URGENTE: \u00a1Chile Sin Cenizas!<\/h2><p>Ex\u00edge al Congreso que apruebe la Ley de Prevenci\u00f3n de Incendios AHORA \u00a1Firma la petici\u00f3n y act\u00faa antes de que el fuego siga avanzando!<br><\/p><\/div><div class=\"col-xs-12 col-sm-8 col-md-4 action-button\"><a href=\"https:\/\/landing.infogreenpeace.org\/chile-sin-cenizas\" class=\"btn btn-primary\" data-ga-category=\"Carousel Header\" data-ga-action=\"Call to Action\" rel=\"noreferrer noopener\" target=\"_blank\" tabindex=\"-1\"><span>S\u00famate aqu\u00ed<\/span><\/a><\/div><\/div><\/div><\/div><\/li><li class=\"carousel-item \" tabindex=\"-1\" role=\"tabpanel\" alt=\"\"><div class=\"carousel-item-mask\"><div class=\"background-holder\"><img decoding=\"async\" src=\"https:\/\/www.greenpeace.org\/static\/planet4-chile-stateless\/2025\/11\/2a801f25-openspace_infancias-e1763484476454.jpg\" style=\"object-position:94% 70%\" srcSet=\"https:\/\/www.greenpeace.org\/static\/planet4-chile-stateless\/2025\/11\/2a801f25-openspace_infancias-150x150.jpg 150w,https:\/\/www.greenpeace.org\/static\/planet4-chile-stateless\/2025\/11\/2a801f25-openspace_infancias-300x197.jpg 300w,https:\/\/www.greenpeace.org\/static\/planet4-chile-stateless\/2025\/11\/2a801f25-openspace_infancias-1024x671.jpg 1024w,https:\/\/www.greenpeace.org\/static\/planet4-chile-stateless\/2025\/11\/2a801f25-openspace_infancias-e1763484476454.jpg 1700w\"\/><\/div><div class=\"carousel-caption\"><div class=\"caption-overlay\"><\/div><div class=\"container main-header\"><div class=\"carousel-captions-wrapper\"><h2>Firma ahora la carta de las Infancias en Sacrificio de Quintero &#8211; Puchuncav\u00ed<\/h2><p>Necesitamos que muchas personas comprometidas como t\u00fa se sumen para visibilizar, presionar y exigir acciones inmediatas a las autoridades.<\/p><\/div><div class=\"col-xs-12 col-sm-8 col-md-4 action-button\"><a href=\"https:\/\/landing.infogreenpeace.org\/greenpeace-infanciasensacrificio\" class=\"btn btn-primary\" data-ga-category=\"Carousel Header\" data-ga-action=\"Call to Action\" rel=\"noreferrer noopener\" target=\"_blank\" tabindex=\"-1\"><span>Firma ahora<\/span><\/a><\/div><\/div><\/div><\/div><\/li><li class=\"carousel-item \" tabindex=\"-1\" role=\"tabpanel\" alt=\"\"><div class=\"carousel-item-mask\"><div class=\"background-holder\"><img decoding=\"async\" src=\"https:\/\/www.greenpeace.org\/static\/planet4-chile-stateless\/2024\/04\/4035cb40-ilustracion-header.png\" style=\"object-position:9% 54%\" srcSet=\"https:\/\/www.greenpeace.org\/static\/planet4-chile-stateless\/2024\/04\/4035cb40-ilustracion-header-150x150.png 150w,https:\/\/www.greenpeace.org\/static\/planet4-chile-stateless\/2024\/04\/4035cb40-ilustracion-header-300x225.png 300w,https:\/\/www.greenpeace.org\/static\/planet4-chile-stateless\/2024\/04\/4035cb40-ilustracion-header-1024x768.png 1024w,https:\/\/www.greenpeace.org\/static\/planet4-chile-stateless\/2024\/04\/4035cb40-ilustracion-header-453x340.png 453w,https:\/\/www.greenpeace.org\/static\/planet4-chile-stateless\/2024\/04\/4035cb40-ilustracion-header-1821x1366.png 1821w,https:\/\/www.greenpeace.org\/static\/planet4-chile-stateless\/2024\/04\/4035cb40-ilustracion-header.png 4000w\"\/><\/div><div class=\"carousel-caption\"><div class=\"caption-overlay\"><\/div><div class=\"container main-header\"><div class=\"carousel-captions-wrapper\"><h2>Subamos la Voz! Bajemos Los Bronces<\/h2><p>Dile NO a la expansi\u00f3n del proyecto minero Los Bronces Integrado. Protege a las especies, los glaciares, el agua  y el aire de la ciudad de Santiago.<\/p><\/div><div class=\"col-xs-12 col-sm-8 col-md-4 action-button\"><a href=\"https:\/\/bajemoslosbronces.cl\/#formulario\" class=\"btn btn-primary\" data-ga-category=\"Carousel Header\" data-ga-action=\"Call to Action\" rel=\"noreferrer noopener\" target=\"_blank\" tabindex=\"-1\"><span>Firma aqui<\/span><\/a><\/div><\/div><\/div><\/div><\/li><\/ul><\/div><button class=\"carousel-control-prev\" aria-label=\"Go to previous slide\"><span class=\"carousel-control-prev-icon\" aria-hidden=\"true\"><i><\/i><\/span><span class=\"visually-hidden\">Previous<\/span><\/button><button class=\"carousel-control-next\" aria-label=\"Go to next slide\"><span class=\"carousel-control-next-icon\" aria-hidden=\"true\"><i><\/i><\/span><span class=\"visually-hidden\">Next<\/span><\/button><div class=\"carousel-indicators-wrapper\"><div class=\"container\"><ol class=\"carousel-indicators\" tabindex=\"-1\"><li class=\"active\"><button tabindex=\"0\" aria-label=\"Go to slide 1\" aria-current=\"true\"><\/button><\/li><li><button tabindex=\"0\" aria-label=\"Go to slide 2\"><\/button><\/li><li><button tabindex=\"0\" aria-label=\"Go to slide 3\"><\/button><\/li><li><button tabindex=\"0\" aria-label=\"Go to slide 4\"><\/button><\/li><\/ol><button aria-label=\"Autoplay\" class=\"carousel-autoplay-control stop\" aria-pressed=\"true\"><\/button><div class=\"visually-hidden\" aria-live=\"polite\">Slide resumed<\/div><\/div><\/div><\/section><\/div>\n\n<div class=\"wp-block-columns alignfull has-white-background-color has-background is-layout-flex wp-container-core-columns-is-layout-9d6595d7 wp-block-columns-is-layout-flex\">\n<div class=\"wp-block-column has-green-400-background-color has-background is-layout-flow wp-block-column-is-layout-flow\" style=\"flex-basis:10px\">\n<div style=\"height:10px\" aria-hidden=\"true\" class=\"wp-block-spacer\"><\/div>\n<\/div>\n\n\n\n<div class=\"wp-block-column is-vertically-aligned-top has-white-background-color has-background is-layout-flow wp-block-column-is-layout-flow\">\n<div class=\"wp-block-columns alignwide are-vertically-aligned-center is-style-rounded-90 has-white-background-color has-background is-layout-flex wp-container-core-columns-is-layout-9d6595d7 wp-block-columns-is-layout-flex\">\n<div class=\"wp-block-column is-layout-flow wp-block-column-is-layout-flow\" style=\"flex-basis:19%\">\n<figure class=\"wp-block-image aligncenter size-thumbnail is-style-rounded-90\"><img decoding=\"async\" src=\"https:\/\/www.greenpeace.org\/static\/planet4-argentina-stateless\/2023\/07\/078c23b0-24_greenpeace_ships-1-150x150.png\" alt=\"\" class=\"wp-image-20676\"\/><\/figure>\n<\/div>\n\n\n\n<div class=\"wp-block-column is-layout-flow wp-block-column-is-layout-flow\" style=\"flex-basis:81%\">\n<p class=\"has-text-align-center has-x-dark-blue-color has-text-color has-medium-font-size\" style=\"font-style:normal;font-weight:700\">Somos una organizaci\u00f3n sin fines de lucro, independiente, que no acepta donaciones de gobiernos, empresas o partidos pol\u00edticos.<br>Sentimos orgullo de formar parte de una red global de organizaciones independientes de Greenpeace.<\/p>\n<\/div>\n<\/div>\n<\/div>\n\n\n\n<div class=\"wp-block-column has-green-400-background-color has-background is-layout-flow wp-block-column-is-layout-flow\" style=\"flex-basis:10px\">\n<div style=\"height:10px\" aria-hidden=\"true\" class=\"wp-block-spacer\"><\/div>\n<\/div>\n<\/div>\n\n<div class=\"wp-block-media-text alignfull is-stacked-on-mobile is-style-default has-beige-100-background-color has-background\"><figure class=\"wp-block-media-text__media\"><img loading=\"lazy\" decoding=\"async\" width=\"1024\" height=\"683\" src=\"https:\/\/www.greenpeace.org\/static\/planet4-chile-stateless\/2025\/07\/231112d3-gp015yy_medium-res-with-credit-line-1200px-1024x683-1.jpg\" alt=\"\" sizes=\"auto, (min-width: 601px) 50vw, 100vw\" srcset=\"https:\/\/www.greenpeace.org\/static\/planet4-chile-stateless\/2025\/07\/231112d3-gp015yy_medium-res-with-credit-line-1200px-1024x683-1.jpg 1024w, https:\/\/www.greenpeace.org\/static\/planet4-chile-stateless\/2025\/07\/231112d3-gp015yy_medium-res-with-credit-line-1200px-1024x683-1-300x200.jpg 300w, https:\/\/www.greenpeace.org\/static\/planet4-chile-stateless\/2025\/07\/231112d3-gp015yy_medium-res-with-credit-line-1200px-1024x683-1-768x512.jpg 768w, https:\/\/www.greenpeace.org\/static\/planet4-chile-stateless\/2025\/07\/231112d3-gp015yy_medium-res-with-credit-line-1200px-1024x683-1-510x340.jpg 510w\" class=\"wp-image-14498 size-full\"\/><\/figure><div class=\"wp-block-media-text__content\">\n<h2 class=\"wp-block-heading\">50 a\u00f1os de activismo por las ballenas<\/h2>\n\n\n\n<p>Conoce la cronolog\u00eda de acciones,  activismo y hechos fundamentales en defensa de las ballenas en todo el mundo.<br><\/p>\n\n\n\n<div class=\"wp-block-buttons is-layout-flex wp-block-buttons-is-layout-flex\">\n<div class=\"wp-block-button is-style-cta\"><a class=\"wp-block-button__link wp-element-button\" href=\"https:\/\/www.greenpeace.org\/chile\/los-hechos-fundamentales-de-nuestra-campana-en-defensa-de-las-ballenas-2\/\" target=\"_blank\" rel=\"noreferrer noopener\">Haz click aqu\u00ed<\/a><\/div>\n<\/div>\n<\/div><\/div>\n\n<div class=\"wp-block-query posts-list p4-query-loop is-custom-layout-grid is-layout-grid wp-container-core-query-is-layout-b8bb0bd1 wp-block-query-is-layout-grid\">\n<div class=\"wp-block-group is-content-justification-space-between is-layout-flex wp-container-core-group-is-layout-3d213aab wp-block-group-is-layout-flex\">\n<h2 class=\"wp-block-heading\">\u00daltimos comunicados e informes<\/h2>\n\n\n<li class=\" wp-block-navigation-item see-all-link wp-block-navigation-link\"><a class=\"wp-block-navigation-item__content\"  href=\"http:\/\/www.greenpeace.org\/chile\/news-stories\/?post-type=noticia\"><span class=\"wp-block-navigation-item__label\">Ver todos<\/span><\/a><\/li><\/div>\n\n\n\n<p style=\"margin-top:24px;margin-bottom:36px\"><\/p>\n\n\n<ul class=\"wp-block-post-template is-layout-flow wp-block-post-template-is-layout-flow\"><li class=\"wp-block-post post-16080 post type-post status-publish format-standard has-post-thumbnail hentry category-greenpeace p4-page-type-noticia\">\n\n<div class=\"wp-block-columns is-layout-flex wp-container-core-columns-is-layout-9d6595d7 wp-block-columns-is-layout-flex\"><figure class=\"wp-block-post-featured-image\"><a href=\"https:\/\/www.greenpeace.org\/chile\/noticia\/greenpeace\/declaracion-publica-greenpeace-alerta-que-proyecto-del-ejecutivo-debilita-la-proteccion-ambiental-en-chile\/\" target=\"_self\"  ><img loading=\"lazy\" decoding=\"async\" width=\"150\" height=\"150\" src=\"https:\/\/www.greenpeace.org\/static\/planet4-chile-stateless\/2023\/09\/0ef1036d-logo.png\" class=\"attachment-post-thumbnail size-post-thumbnail wp-post-image wp-stateless-item\" alt=\"Declaraci\u00f3n p\u00fablica: Greenpeace alerta que proyecto del Ejecutivo debilita la protecci\u00f3n ambiental en Chile\" style=\"object-fit:cover;\" data-image-size=\"post-thumbnail\" data-stateless-media-bucket=\"planet4-chile-stateless\" data-stateless-media-name=\"2023\/09\/0ef1036d-logo.png\" \/><\/a><\/figure>\n\n\n<div class=\"wp-block-group is-layout-flow wp-block-group-is-layout-flow\">\n<div class=\"wp-block-group is-layout-flex wp-block-group-is-layout-flex\"><div class=\"wp-block-post-terms\"><a href=\"https:\/\/www.greenpeace.org\/chile\/category\/greenpeace\/\">Greenpeace<\/a><\/div>\n\n<\/div>\n\n\n<h3 class=\"wp-block-post-title\"><a href=\"https:\/\/www.greenpeace.org\/chile\/noticia\/greenpeace\/declaracion-publica-greenpeace-alerta-que-proyecto-del-ejecutivo-debilita-la-proteccion-ambiental-en-chile\/\" target=\"_self\" >Declaraci\u00f3n p\u00fablica: Greenpeace alerta que proyecto del Ejecutivo debilita la protecci\u00f3n ambiental en Chile<\/a><\/h3>\n\n<div class=\"wp-block-post-excerpt\"><p class=\"wp-block-post-excerpt__excerpt\">La conducci\u00f3n del Ejecutivo en materia ambiental genera profunda preocupaci\u00f3n. <\/p><\/div>\n\n\n<div class=\"wp-block-group posts-list-meta is-layout-flow wp-block-group-is-layout-flow\"><span class='article-list-item-author'><a href='https:\/\/www.greenpeace.org\/chile\/author\/prensachile\/'>Prensa Chile<\/a><\/span>\n\n<div class=\"wp-block-post-date\"><time datetime=\"2026-04-24T01:15:21+00:00\">24 Abril 2026<\/time><\/div><\/div>\n<\/div>\n<\/div>\n\n<\/li><li class=\"wp-block-post post-16050 post type-post status-publish format-standard has-post-thumbnail hentry category-bosques p4-page-type-noticia\">\n\n<div class=\"wp-block-columns is-layout-flex wp-container-core-columns-is-layout-9d6595d7 wp-block-columns-is-layout-flex\"><figure class=\"wp-block-post-featured-image\"><a href=\"https:\/\/www.greenpeace.org\/chile\/noticia\/issues\/bosques\/cuando-regular-salva-vidas\/\" target=\"_self\"  ><img loading=\"lazy\" decoding=\"async\" width=\"2048\" height=\"1365\" src=\"https:\/\/www.greenpeace.org\/static\/planet4-chile-stateless\/2026\/01\/145809d4-gpc-incendios-en-chaimavida-concepcion-01-\u00a9-pablo-hidalgo-greenpeace.jpg\" class=\"attachment-post-thumbnail size-post-thumbnail wp-post-image wp-stateless-item\" alt=\"Cuando regular salva vidas\" style=\"object-fit:cover;\" srcset=\"https:\/\/www.greenpeace.org\/static\/planet4-chile-stateless\/2026\/01\/145809d4-gpc-incendios-en-chaimavida-concepcion-01-\u00a9-pablo-hidalgo-greenpeace.jpg 2048w, https:\/\/www.greenpeace.org\/static\/planet4-chile-stateless\/2026\/01\/145809d4-gpc-incendios-en-chaimavida-concepcion-01-\u00a9-pablo-hidalgo-greenpeace-300x200.jpg 300w, https:\/\/www.greenpeace.org\/static\/planet4-chile-stateless\/2026\/01\/145809d4-gpc-incendios-en-chaimavida-concepcion-01-\u00a9-pablo-hidalgo-greenpeace-1024x683.jpg 1024w, https:\/\/www.greenpeace.org\/static\/planet4-chile-stateless\/2026\/01\/145809d4-gpc-incendios-en-chaimavida-concepcion-01-\u00a9-pablo-hidalgo-greenpeace-768x512.jpg 768w, https:\/\/www.greenpeace.org\/static\/planet4-chile-stateless\/2026\/01\/145809d4-gpc-incendios-en-chaimavida-concepcion-01-\u00a9-pablo-hidalgo-greenpeace-1536x1024.jpg 1536w, https:\/\/www.greenpeace.org\/static\/planet4-chile-stateless\/2026\/01\/145809d4-gpc-incendios-en-chaimavida-concepcion-01-\u00a9-pablo-hidalgo-greenpeace-510x340.jpg 510w\" sizes=\"auto, (max-width: 2048px) 100vw, 2048px\" data-image-size=\"post-thumbnail\" data-stateless-media-bucket=\"planet4-chile-stateless\" data-stateless-media-name=\"2026\/01\/145809d4-gpc-incendios-en-chaimavida-concepcion-01-\u00a9-pablo-hidalgo-greenpeace.jpg\" \/><\/a><\/figure>\n\n\n<div class=\"wp-block-group is-layout-flow wp-block-group-is-layout-flow\">\n<div class=\"wp-block-group is-layout-flex wp-block-group-is-layout-flex\"><div class=\"wp-block-post-terms\"><a href=\"https:\/\/www.greenpeace.org\/chile\/category\/issues\/bosques\/\">Bosques<\/a><\/div>\n\n<\/div>\n\n\n<h3 class=\"wp-block-post-title\"><a href=\"https:\/\/www.greenpeace.org\/chile\/noticia\/issues\/bosques\/cuando-regular-salva-vidas\/\" target=\"_self\" >Cuando regular salva vidas<\/a><\/h3>\n\n<div class=\"wp-block-post-excerpt\"><p class=\"wp-block-post-excerpt__excerpt\">Sabemos que uno de los mayores riesgos que enfrenta el pa\u00eds durante el periodo estival es la ocurrencia de incendios forestales. <\/p><\/div>\n\n\n<div class=\"wp-block-group posts-list-meta is-layout-flow wp-block-group-is-layout-flow\"><span class='article-list-item-author'><a href='https:\/\/www.greenpeace.org\/chile\/author\/prensachile\/'>Prensa Chile<\/a><\/span>\n\n<div class=\"wp-block-post-date\"><time datetime=\"2026-04-08T21:53:36+00:00\">8 Abril 2026<\/time><\/div><\/div>\n<\/div>\n<\/div>\n\n<\/li><li class=\"wp-block-post post-16018 post type-post status-publish format-standard has-post-thumbnail hentry category-contaminacion tag-chaocarbon p4-page-type-noticia\">\n\n<div class=\"wp-block-columns is-layout-flex wp-container-core-columns-is-layout-9d6595d7 wp-block-columns-is-layout-flex\"><figure class=\"wp-block-post-featured-image\"><a href=\"https:\/\/www.greenpeace.org\/chile\/noticia\/issues\/contaminacion\/cuando-la-vuelta-al-colegio-es-motivo-de-angustia-para-las-familias\/\" target=\"_self\"  ><img loading=\"lazy\" decoding=\"async\" width=\"1085\" height=\"710\" src=\"https:\/\/www.greenpeace.org\/static\/planet4-chile-stateless\/2026\/03\/41a8d061-quinteroeducacion.png\" class=\"attachment-post-thumbnail size-post-thumbnail wp-post-image wp-stateless-item\" alt=\"Cuando la vuelta al colegio es motivo de angustia para las familias\" style=\"object-fit:cover;\" srcset=\"https:\/\/www.greenpeace.org\/static\/planet4-chile-stateless\/2026\/03\/41a8d061-quinteroeducacion.png 1085w, https:\/\/www.greenpeace.org\/static\/planet4-chile-stateless\/2026\/03\/41a8d061-quinteroeducacion-300x196.png 300w, https:\/\/www.greenpeace.org\/static\/planet4-chile-stateless\/2026\/03\/41a8d061-quinteroeducacion-1024x670.png 1024w, https:\/\/www.greenpeace.org\/static\/planet4-chile-stateless\/2026\/03\/41a8d061-quinteroeducacion-768x503.png 768w, https:\/\/www.greenpeace.org\/static\/planet4-chile-stateless\/2026\/03\/41a8d061-quinteroeducacion-510x334.png 510w\" sizes=\"auto, (max-width: 1085px) 100vw, 1085px\" data-image-size=\"post-thumbnail\" data-stateless-media-bucket=\"planet4-chile-stateless\" data-stateless-media-name=\"2026\/03\/41a8d061-quinteroeducacion.png\" \/><\/a><\/figure>\n\n\n<div class=\"wp-block-group is-layout-flow wp-block-group-is-layout-flow\">\n<div class=\"wp-block-group is-layout-flex wp-block-group-is-layout-flex\"><div class=\"wp-block-post-terms\"><a href=\"https:\/\/www.greenpeace.org\/chile\/category\/issues\/contaminacion\/\">Contaminaci\u00f3n<\/a><\/div>\n\n<div class=\"taxonomy-post_tag wp-block-post-terms\"><a href=\"https:\/\/www.greenpeace.org\/chile\/tag\/chaocarbon\/\" rel=\"tag\">ChaoCarb\u00f3n<\/a><\/div><\/div>\n\n\n<h3 class=\"wp-block-post-title\"><a href=\"https:\/\/www.greenpeace.org\/chile\/noticia\/issues\/contaminacion\/cuando-la-vuelta-al-colegio-es-motivo-de-angustia-para-las-familias\/\" target=\"_self\" >Cuando la vuelta al colegio es motivo de angustia para las familias<\/a><\/h3>\n\n<div class=\"wp-block-post-excerpt\"><p class=\"wp-block-post-excerpt__excerpt\">Muchas personas fueorn afectadas por las intoxicaciones masivas al asistir a establecimientos educacionales <\/p><\/div>\n\n\n<div class=\"wp-block-group posts-list-meta is-layout-flow wp-block-group-is-layout-flow\"><span class='article-list-item-author'><a href='https:\/\/www.greenpeace.org\/chile\/author\/prensachile\/'>Prensa Chile<\/a><\/span>\n\n<div class=\"wp-block-post-date\"><time datetime=\"2026-03-25T15:35:04+00:00\">25 Marzo 2026<\/time><\/div><\/div>\n<\/div>\n<\/div>\n\n<\/li><li class=\"wp-block-post post-15993 post type-post status-publish format-standard has-post-thumbnail hentry category-greenpeace p4-page-type-noticia\">\n\n<div class=\"wp-block-columns is-layout-flex wp-container-core-columns-is-layout-9d6595d7 wp-block-columns-is-layout-flex\"><figure class=\"wp-block-post-featured-image\"><a href=\"https:\/\/www.greenpeace.org\/chile\/noticia\/greenpeace\/declaracion-publica-alerta-ante-retrocesos-ambientales-del-gobierno-del-presidente-kast\/\" target=\"_self\"  ><img loading=\"lazy\" decoding=\"async\" width=\"2500\" height=\"1668\" src=\"https:\/\/www.greenpeace.org\/static\/planet4-chile-stateless\/2024\/05\/b289ff98-archipielago-humboldt-credito-cesar-villarroel-greenpeace-3.jpg\" class=\"attachment-post-thumbnail size-post-thumbnail wp-post-image wp-stateless-item\" alt=\"Declaraci\u00f3n p\u00fablica: Alerta ante retrocesos ambientales del gobierno del presidente Kast\" style=\"object-fit:cover;\" srcset=\"https:\/\/www.greenpeace.org\/static\/planet4-chile-stateless\/2024\/05\/b289ff98-archipielago-humboldt-credito-cesar-villarroel-greenpeace-3.jpg 2500w, https:\/\/www.greenpeace.org\/static\/planet4-chile-stateless\/2024\/05\/b289ff98-archipielago-humboldt-credito-cesar-villarroel-greenpeace-3-300x200.jpg 300w, https:\/\/www.greenpeace.org\/static\/planet4-chile-stateless\/2024\/05\/b289ff98-archipielago-humboldt-credito-cesar-villarroel-greenpeace-3-1024x683.jpg 1024w, https:\/\/www.greenpeace.org\/static\/planet4-chile-stateless\/2024\/05\/b289ff98-archipielago-humboldt-credito-cesar-villarroel-greenpeace-3-768x512.jpg 768w, https:\/\/www.greenpeace.org\/static\/planet4-chile-stateless\/2024\/05\/b289ff98-archipielago-humboldt-credito-cesar-villarroel-greenpeace-3-1536x1025.jpg 1536w, https:\/\/www.greenpeace.org\/static\/planet4-chile-stateless\/2024\/05\/b289ff98-archipielago-humboldt-credito-cesar-villarroel-greenpeace-3-2048x1366.jpg 2048w, https:\/\/www.greenpeace.org\/static\/planet4-chile-stateless\/2024\/05\/b289ff98-archipielago-humboldt-credito-cesar-villarroel-greenpeace-3-510x340.jpg 510w\" sizes=\"auto, (max-width: 2500px) 100vw, 2500px\" data-image-size=\"post-thumbnail\" data-stateless-media-bucket=\"planet4-chile-stateless\" data-stateless-media-name=\"2024\/05\/b289ff98-archipielago-humboldt-credito-cesar-villarroel-greenpeace-3.jpg\" \/><\/a><\/figure>\n\n\n<div class=\"wp-block-group is-layout-flow wp-block-group-is-layout-flow\">\n<div class=\"wp-block-group is-layout-flex wp-block-group-is-layout-flex\"><div class=\"wp-block-post-terms\"><a href=\"https:\/\/www.greenpeace.org\/chile\/category\/greenpeace\/\">Greenpeace<\/a><\/div>\n\n<\/div>\n\n\n<h3 class=\"wp-block-post-title\"><a href=\"https:\/\/www.greenpeace.org\/chile\/noticia\/greenpeace\/declaracion-publica-alerta-ante-retrocesos-ambientales-del-gobierno-del-presidente-kast\/\" target=\"_self\" >Declaraci\u00f3n p\u00fablica: Alerta ante retrocesos ambientales del gobierno del presidente Kast<\/a><\/h3>\n\n<div class=\"wp-block-post-excerpt\"><p class=\"wp-block-post-excerpt__excerpt\">Ante el retiro de 43 decretos ambientales que regulan temas tan importantes como planes de descontaminaci\u00f3n y calidad del aire, entre otras materias, las organizaciones socioambientales y sociedades cient\u00edficas que&hellip; <\/p><\/div>\n\n\n<div class=\"wp-block-group posts-list-meta is-layout-flow wp-block-group-is-layout-flow\"><span class='article-list-item-author'><a href='https:\/\/www.greenpeace.org\/chile\/author\/prensachile\/'>Prensa Chile<\/a><\/span>\n\n<div class=\"wp-block-post-date\"><time datetime=\"2026-03-18T16:09:23+00:00\">18 Marzo 2026<\/time><\/div><\/div>\n<\/div>\n<\/div>\n\n<\/li><\/ul>\n\n\n<div class=\"wp-block-buttons carousel-controls is-horizontal is-content-justification-space-between is-nowrap is-layout-flex wp-container-core-buttons-is-layout-044bd602 wp-block-buttons-is-layout-flex\">\n<div class=\"wp-block-button carousel-control-prev\"><button type=\"button\" class=\"wp-block-button__link wp-element-button\">Prev<\/button><\/div>\n\n\n\n<div class=\"wp-block-button carousel-control-next\"><button type=\"button\" class=\"wp-block-button__link wp-element-button\">Next<\/button><\/div>\n<\/div>\n\n\n<li class=\" wp-block-navigation-item see-all-link wp-block-navigation-link\"><a class=\"wp-block-navigation-item__content\"  href=\"http:\/\/www.greenpeace.org\/chile\/news-stories\/?post-type=noticia\"><span class=\"wp-block-navigation-item__label\">Ver todos<\/span><\/a><\/li><\/div>\n\n<div class=\"wp-block-query posts-list p4-query-loop is-custom-layout-grid is-layout-grid wp-container-core-query-is-layout-b8bb0bd1 wp-block-query-is-layout-grid\">\n<div class=\"wp-block-group is-content-justification-space-between is-layout-flex wp-container-core-group-is-layout-3d213aab wp-block-group-is-layout-flex\">\n<h2 class=\"wp-block-heading\">\u00daltimos blogs<\/h2>\n\n\n<li class=\" wp-block-navigation-item see-all-link wp-block-navigation-link\"><a class=\"wp-block-navigation-item__content\"  href=\"http:\/\/www.greenpeace.org\/chile\/news-stories\/?post-type=blog\"><span class=\"wp-block-navigation-item__label\">Ver todos<\/span><\/a><\/li><\/div>\n\n\n\n<p style=\"margin-top:24px;margin-bottom:36px\"><\/p>\n\n\n<ul class=\"wp-block-post-template is-layout-flow wp-block-post-template-is-layout-flow\"><li class=\"wp-block-post post-16057 post type-post status-publish format-standard has-post-thumbnail hentry category-biodiversidad tag-noadominga p4-page-type-blog\">\n\n<div class=\"wp-block-columns is-layout-flex wp-container-core-columns-is-layout-9d6595d7 wp-block-columns-is-layout-flex\"><figure class=\"wp-block-post-featured-image\"><a href=\"https:\/\/www.greenpeace.org\/chile\/blog\/issues\/biodiversidad\/dia-del-pinguino-el-pinguino-de-humboldt-necesita-nuestra-proteccion\/\" target=\"_self\"  ><img loading=\"lazy\" decoding=\"async\" width=\"2500\" height=\"1667\" src=\"https:\/\/www.greenpeace.org\/static\/planet4-chile-stateless\/2025\/01\/27bdfb20-pinguinos-de-humboldt-jym_4385-credito-jonathan-gonzalez-greenpeace.jpg\" class=\"attachment-post-thumbnail size-post-thumbnail wp-post-image wp-stateless-item\" alt=\"D\u00eda del Ping\u00fcino: el Ping\u00fcino de Humboldt necesita nuestra protecci\u00f3n\u00a0\" style=\"object-fit:cover;\" srcset=\"https:\/\/www.greenpeace.org\/static\/planet4-chile-stateless\/2025\/01\/27bdfb20-pinguinos-de-humboldt-jym_4385-credito-jonathan-gonzalez-greenpeace.jpg 2500w, https:\/\/www.greenpeace.org\/static\/planet4-chile-stateless\/2025\/01\/27bdfb20-pinguinos-de-humboldt-jym_4385-credito-jonathan-gonzalez-greenpeace-300x200.jpg 300w, https:\/\/www.greenpeace.org\/static\/planet4-chile-stateless\/2025\/01\/27bdfb20-pinguinos-de-humboldt-jym_4385-credito-jonathan-gonzalez-greenpeace-1024x683.jpg 1024w, https:\/\/www.greenpeace.org\/static\/planet4-chile-stateless\/2025\/01\/27bdfb20-pinguinos-de-humboldt-jym_4385-credito-jonathan-gonzalez-greenpeace-768x512.jpg 768w, https:\/\/www.greenpeace.org\/static\/planet4-chile-stateless\/2025\/01\/27bdfb20-pinguinos-de-humboldt-jym_4385-credito-jonathan-gonzalez-greenpeace-1536x1024.jpg 1536w, https:\/\/www.greenpeace.org\/static\/planet4-chile-stateless\/2025\/01\/27bdfb20-pinguinos-de-humboldt-jym_4385-credito-jonathan-gonzalez-greenpeace-2048x1366.jpg 2048w, https:\/\/www.greenpeace.org\/static\/planet4-chile-stateless\/2025\/01\/27bdfb20-pinguinos-de-humboldt-jym_4385-credito-jonathan-gonzalez-greenpeace-510x340.jpg 510w\" sizes=\"auto, (max-width: 2500px) 100vw, 2500px\" data-image-size=\"post-thumbnail\" data-stateless-media-bucket=\"planet4-chile-stateless\" data-stateless-media-name=\"2025\/01\/27bdfb20-pinguinos-de-humboldt-jym_4385-credito-jonathan-gonzalez-greenpeace.jpg\" \/><\/a><\/figure>\n\n\n<div class=\"wp-block-group is-layout-flow wp-block-group-is-layout-flow\">\n<div class=\"wp-block-group is-layout-flex wp-block-group-is-layout-flex\"><div class=\"wp-block-post-terms\"><a href=\"https:\/\/www.greenpeace.org\/chile\/category\/issues\/biodiversidad\/\">Biodiversidad<\/a><\/div>\n\n<div class=\"taxonomy-post_tag wp-block-post-terms\"><a href=\"https:\/\/www.greenpeace.org\/chile\/tag\/noadominga\/\" rel=\"tag\">NoaDominga<\/a><\/div><\/div>\n\n\n<h3 class=\"wp-block-post-title\"><a href=\"https:\/\/www.greenpeace.org\/chile\/blog\/issues\/biodiversidad\/dia-del-pinguino-el-pinguino-de-humboldt-necesita-nuestra-proteccion\/\" target=\"_self\" >D\u00eda del Ping\u00fcino: el Ping\u00fcino de Humboldt necesita nuestra protecci\u00f3n\u00a0<\/a><\/h3>\n\n<div class=\"wp-block-post-excerpt\"><p class=\"wp-block-post-excerpt__excerpt\">Conoce al guardi\u00e1n de nuestras costas. <\/p><\/div>\n\n\n<div class=\"wp-block-group posts-list-meta is-layout-flow wp-block-group-is-layout-flow\"><span class='article-list-item-author'>Meri Castro<\/span>\n\n<div class=\"wp-block-post-date\"><time datetime=\"2026-04-23T13:15:35+00:00\">23 Abril 2026<\/time><\/div><\/div>\n<\/div>\n<\/div>\n\n<\/li><li class=\"wp-block-post post-16053 post type-post status-publish format-standard has-post-thumbnail hentry category-sustentabilidad p4-page-type-blog\">\n\n<div class=\"wp-block-columns is-layout-flex wp-container-core-columns-is-layout-9d6595d7 wp-block-columns-is-layout-flex\"><figure class=\"wp-block-post-featured-image\"><a href=\"https:\/\/www.greenpeace.org\/chile\/blog\/issues\/sustentabilidad\/dia-de-la-tierra-un-llamado-a-construir-esperanza-en-tiempos-de-crisis-ambiental\/\" target=\"_self\"  ><img loading=\"lazy\" decoding=\"async\" width=\"1200\" height=\"900\" src=\"https:\/\/www.greenpeace.org\/static\/planet4-chile-stateless\/2026\/04\/ba8d1f63-gp0stqt3a.jpg\" class=\"attachment-post-thumbnail size-post-thumbnail wp-post-image wp-stateless-item\" alt=\"D\u00eda de la Tierra: un llamado a construir esperanza en tiempos de crisis ambiental\u00a0\" style=\"object-fit:cover;\" srcset=\"https:\/\/www.greenpeace.org\/static\/planet4-chile-stateless\/2026\/04\/ba8d1f63-gp0stqt3a.jpg 1200w, https:\/\/www.greenpeace.org\/static\/planet4-chile-stateless\/2026\/04\/ba8d1f63-gp0stqt3a-300x225.jpg 300w, https:\/\/www.greenpeace.org\/static\/planet4-chile-stateless\/2026\/04\/ba8d1f63-gp0stqt3a-1024x768.jpg 1024w, https:\/\/www.greenpeace.org\/static\/planet4-chile-stateless\/2026\/04\/ba8d1f63-gp0stqt3a-768x576.jpg 768w, https:\/\/www.greenpeace.org\/static\/planet4-chile-stateless\/2026\/04\/ba8d1f63-gp0stqt3a-453x340.jpg 453w\" sizes=\"auto, (max-width: 1200px) 100vw, 1200px\" data-image-size=\"post-thumbnail\" data-stateless-media-bucket=\"planet4-chile-stateless\" data-stateless-media-name=\"2026\/04\/ba8d1f63-gp0stqt3a.jpg\" \/><\/a><\/figure>\n\n\n<div class=\"wp-block-group is-layout-flow wp-block-group-is-layout-flow\">\n<div class=\"wp-block-group is-layout-flex wp-block-group-is-layout-flex\"><div class=\"wp-block-post-terms\"><a href=\"https:\/\/www.greenpeace.org\/chile\/category\/issues\/sustentabilidad\/\">Sustentabilidad<\/a><\/div>\n\n<\/div>\n\n\n<h3 class=\"wp-block-post-title\"><a href=\"https:\/\/www.greenpeace.org\/chile\/blog\/issues\/sustentabilidad\/dia-de-la-tierra-un-llamado-a-construir-esperanza-en-tiempos-de-crisis-ambiental\/\" target=\"_self\" >D\u00eda de la Tierra: un llamado a construir esperanza en tiempos de crisis ambiental\u00a0<\/a><\/h3>\n\n<div class=\"wp-block-post-excerpt\"><p class=\"wp-block-post-excerpt__excerpt\">La Tierra nos necesita l\u00facidos, no desesperados. <\/p><\/div>\n\n\n<div class=\"wp-block-group posts-list-meta is-layout-flow wp-block-group-is-layout-flow\"><span class='article-list-item-author'>Meri Castro<\/span>\n\n<div class=\"wp-block-post-date\"><time datetime=\"2026-04-21T16:34:03+00:00\">21 Abril 2026<\/time><\/div><\/div>\n<\/div>\n<\/div>\n\n<\/li><li class=\"wp-block-post post-16026 post type-post status-publish format-standard has-post-thumbnail hentry category-climayenergia category-contaminacion tag-chaocarbon p4-page-type-blog\">\n\n<div class=\"wp-block-columns is-layout-flex wp-container-core-columns-is-layout-9d6595d7 wp-block-columns-is-layout-flex\"><figure class=\"wp-block-post-featured-image\"><a href=\"https:\/\/www.greenpeace.org\/chile\/blog\/issues\/climayenergia\/salud-en-riesgo-en-quintero-y-puchuncavi-los-mas-jovenes-en-el-centro-de-intoxicaciones-masivas\/\" target=\"_self\"  ><img loading=\"lazy\" decoding=\"async\" width=\"1600\" height=\"1066\" src=\"https:\/\/www.greenpeace.org\/static\/planet4-chile-stateless\/2025\/11\/e4bf7ddc-bannerinfancias_003-1.jpeg\" class=\"attachment-post-thumbnail size-post-thumbnail wp-post-image wp-stateless-item\" alt=\"Salud en riesgo en Quintero y Puchuncav\u00ed: los m\u00e1s j\u00f3venes, en el centro de intoxicaciones masivas\" style=\"object-fit:cover;\" srcset=\"https:\/\/www.greenpeace.org\/static\/planet4-chile-stateless\/2025\/11\/e4bf7ddc-bannerinfancias_003-1.jpeg 1600w, https:\/\/www.greenpeace.org\/static\/planet4-chile-stateless\/2025\/11\/e4bf7ddc-bannerinfancias_003-1-300x200.jpeg 300w, https:\/\/www.greenpeace.org\/static\/planet4-chile-stateless\/2025\/11\/e4bf7ddc-bannerinfancias_003-1-1024x682.jpeg 1024w, https:\/\/www.greenpeace.org\/static\/planet4-chile-stateless\/2025\/11\/e4bf7ddc-bannerinfancias_003-1-768x512.jpeg 768w, https:\/\/www.greenpeace.org\/static\/planet4-chile-stateless\/2025\/11\/e4bf7ddc-bannerinfancias_003-1-1536x1023.jpeg 1536w, https:\/\/www.greenpeace.org\/static\/planet4-chile-stateless\/2025\/11\/e4bf7ddc-bannerinfancias_003-1-510x340.jpeg 510w\" sizes=\"auto, (max-width: 1600px) 100vw, 1600px\" data-image-size=\"post-thumbnail\" data-stateless-media-bucket=\"planet4-chile-stateless\" data-stateless-media-name=\"2025\/11\/e4bf7ddc-bannerinfancias_003-1.jpeg\" \/><\/a><\/figure>\n\n\n<div class=\"wp-block-group is-layout-flow wp-block-group-is-layout-flow\">\n<div class=\"wp-block-group is-layout-flex wp-block-group-is-layout-flex\"><div class=\"wp-block-post-terms\"><a href=\"https:\/\/www.greenpeace.org\/chile\/category\/issues\/climayenergia\/\">Clima y Energ\u00eda<\/a><\/div>\n\n<div class=\"taxonomy-post_tag wp-block-post-terms\"><a href=\"https:\/\/www.greenpeace.org\/chile\/tag\/chaocarbon\/\" rel=\"tag\">ChaoCarb\u00f3n<\/a><\/div><\/div>\n\n\n<h3 class=\"wp-block-post-title\"><a href=\"https:\/\/www.greenpeace.org\/chile\/blog\/issues\/climayenergia\/salud-en-riesgo-en-quintero-y-puchuncavi-los-mas-jovenes-en-el-centro-de-intoxicaciones-masivas\/\" target=\"_self\" >Salud en riesgo en Quintero y Puchuncav\u00ed: los m\u00e1s j\u00f3venes, en el centro de intoxicaciones masivas<\/a><\/h3>\n\n<div class=\"wp-block-post-excerpt\"><p class=\"wp-block-post-excerpt__excerpt\">Aire t\u00f3xico, futuro incierto: el costo humano del polo industrial. <\/p><\/div>\n\n\n<div class=\"wp-block-group posts-list-meta is-layout-flow wp-block-group-is-layout-flow\"><span class='article-list-item-author'>Meri Castro<\/span>\n\n<div class=\"wp-block-post-date\"><time datetime=\"2026-04-07T16:27:07+00:00\">7 Abril 2026<\/time><\/div><\/div>\n<\/div>\n<\/div>\n\n<\/li><li class=\"wp-block-post post-16009 post type-post status-publish format-standard has-post-thumbnail hentry category-climayenergia tag-bajemoslosbronces p4-page-type-blog\">\n\n<div class=\"wp-block-columns is-layout-flex wp-container-core-columns-is-layout-9d6595d7 wp-block-columns-is-layout-flex\"><figure class=\"wp-block-post-featured-image\"><a href=\"https:\/\/www.greenpeace.org\/chile\/blog\/issues\/climayenergia\/dia-mundial-del-agua-2026-la-onu-advierte-sobre-una-bancarrota-hidrica-global\/\" target=\"_self\"  ><img loading=\"lazy\" decoding=\"async\" width=\"800\" height=\"599\" src=\"https:\/\/www.greenpeace.org\/static\/planet4-chile-stateless\/2023\/07\/b66d66e4-gp0stwtfi_web_size_with_credit_line.jpg\" class=\"attachment-post-thumbnail size-post-thumbnail wp-post-image wp-stateless-item\" alt=\"D\u00eda Mundial del Agua 2026: la ONU advierte sobre una bancarrota h\u00eddrica global\" style=\"object-fit:cover;\" srcset=\"https:\/\/www.greenpeace.org\/static\/planet4-chile-stateless\/2023\/07\/b66d66e4-gp0stwtfi_web_size_with_credit_line.jpg 800w, https:\/\/www.greenpeace.org\/static\/planet4-chile-stateless\/2023\/07\/b66d66e4-gp0stwtfi_web_size_with_credit_line-300x225.jpg 300w, https:\/\/www.greenpeace.org\/static\/planet4-chile-stateless\/2023\/07\/b66d66e4-gp0stwtfi_web_size_with_credit_line-768x575.jpg 768w, https:\/\/www.greenpeace.org\/static\/planet4-chile-stateless\/2023\/07\/b66d66e4-gp0stwtfi_web_size_with_credit_line-454x340.jpg 454w\" sizes=\"auto, (max-width: 800px) 100vw, 800px\" data-image-size=\"post-thumbnail\" data-stateless-media-bucket=\"planet4-chile-stateless\" data-stateless-media-name=\"2023\/07\/b66d66e4-gp0stwtfi_web_size_with_credit_line.jpg\" \/><\/a><\/figure>\n\n\n<div class=\"wp-block-group is-layout-flow wp-block-group-is-layout-flow\">\n<div class=\"wp-block-group is-layout-flex wp-block-group-is-layout-flex\"><div class=\"wp-block-post-terms\"><a href=\"https:\/\/www.greenpeace.org\/chile\/category\/issues\/climayenergia\/\">Clima y Energ\u00eda<\/a><\/div>\n\n<div class=\"taxonomy-post_tag wp-block-post-terms\"><a href=\"https:\/\/www.greenpeace.org\/chile\/tag\/bajemoslosbronces\/\" rel=\"tag\">Bajemos Los Bronces<\/a><\/div><\/div>\n\n\n<h3 class=\"wp-block-post-title\"><a href=\"https:\/\/www.greenpeace.org\/chile\/blog\/issues\/climayenergia\/dia-mundial-del-agua-2026-la-onu-advierte-sobre-una-bancarrota-hidrica-global\/\" target=\"_self\" >D\u00eda Mundial del Agua 2026: la ONU advierte sobre una bancarrota h\u00eddrica global<\/a><\/h3>\n\n<div class=\"wp-block-post-excerpt\"><p class=\"wp-block-post-excerpt__excerpt\">Sed global: la nueva cara de la crisis clim\u00e1tica. <\/p><\/div>\n\n\n<div class=\"wp-block-group posts-list-meta is-layout-flow wp-block-group-is-layout-flow\"><span class='article-list-item-author'>Meri Castro<\/span>\n\n<div class=\"wp-block-post-date\"><time datetime=\"2026-03-20T18:24:26+00:00\">20 Marzo 2026<\/time><\/div><\/div>\n<\/div>\n<\/div>\n\n<\/li><\/ul>\n\n\n<div class=\"wp-block-buttons carousel-controls is-horizontal is-content-justification-space-between is-nowrap is-layout-flex wp-container-core-buttons-is-layout-044bd602 wp-block-buttons-is-layout-flex\">\n<div class=\"wp-block-button carousel-control-prev\"><button type=\"button\" class=\"wp-block-button__link wp-element-button\">Prev<\/button><\/div>\n\n\n\n<div class=\"wp-block-button carousel-control-next\"><button type=\"button\" class=\"wp-block-button__link wp-element-button\">Next<\/button><\/div>\n<\/div>\n\n\n<li class=\" wp-block-navigation-item see-all-link wp-block-navigation-link\"><a class=\"wp-block-navigation-item__content\"  href=\"http:\/\/www.greenpeace.org\/chile\/news-stories\/?post-type=blog\"><span class=\"wp-block-navigation-item__label\">Ver todos<\/span><\/a><\/li><\/div>\n\n<div style=\"height:60px\" aria-hidden=\"true\" class=\"wp-block-spacer\"><\/div>\n\n<div class=\"wp-block-query actions-list p4-query-loop is-custom-layout-carousel is-layout-flex wp-block-query-is-layout-flex\">\n<h2 class=\"wp-block-heading\">Conoce las campa\u00f1as en las que puedes participar<\/h2>\n\n\n\n\n<ul class=\"wp-block-post-template is-layout-flow wp-block-post-template-is-layout-flow\"><li class=\"wp-block-post post-15844 page type-page status-publish has-post-thumbnail hentry category-bosques tag-chilesincenizas\">\n<figure class=\"wp-block-post-featured-image\"><img loading=\"lazy\" decoding=\"async\" width=\"2048\" height=\"1365\" src=\"https:\/\/www.greenpeace.org\/static\/planet4-chile-stateless\/2026\/01\/1dd2d17c-gpc-incendios-en-penco-concepcion-08-\u00a9-pablo-hidalgo-greenpeace.jpg\" class=\"attachment-post-thumbnail size-post-thumbnail wp-post-image wp-stateless-item\" alt=\"\" style=\"object-fit:cover;\" srcset=\"https:\/\/www.greenpeace.org\/static\/planet4-chile-stateless\/2026\/01\/1dd2d17c-gpc-incendios-en-penco-concepcion-08-\u00a9-pablo-hidalgo-greenpeace.jpg 2048w, https:\/\/www.greenpeace.org\/static\/planet4-chile-stateless\/2026\/01\/1dd2d17c-gpc-incendios-en-penco-concepcion-08-\u00a9-pablo-hidalgo-greenpeace-300x200.jpg 300w, https:\/\/www.greenpeace.org\/static\/planet4-chile-stateless\/2026\/01\/1dd2d17c-gpc-incendios-en-penco-concepcion-08-\u00a9-pablo-hidalgo-greenpeace-1024x683.jpg 1024w, https:\/\/www.greenpeace.org\/static\/planet4-chile-stateless\/2026\/01\/1dd2d17c-gpc-incendios-en-penco-concepcion-08-\u00a9-pablo-hidalgo-greenpeace-768x512.jpg 768w, https:\/\/www.greenpeace.org\/static\/planet4-chile-stateless\/2026\/01\/1dd2d17c-gpc-incendios-en-penco-concepcion-08-\u00a9-pablo-hidalgo-greenpeace-1536x1024.jpg 1536w, https:\/\/www.greenpeace.org\/static\/planet4-chile-stateless\/2026\/01\/1dd2d17c-gpc-incendios-en-penco-concepcion-08-\u00a9-pablo-hidalgo-greenpeace-510x340.jpg 510w\" sizes=\"auto, (max-width: 2048px) 100vw, 2048px\" data-image-size=\"post-thumbnail\" data-stateless-media-bucket=\"planet4-chile-stateless\" data-stateless-media-name=\"2026\/01\/1dd2d17c-gpc-incendios-en-penco-concepcion-08-\u00a9-pablo-hidalgo-greenpeace.jpg\" \/><\/figure>\n\n\n                <div class=\"wp-block-group group-stretched-link is-layout-flow wp-block-group-is-layout-flow\"><div class=\"wp-block-post-terms\">Bosques<\/div>\n                <h3 class=\"wp-block-post-title\"><a href=\"https:\/\/www.greenpeace.org\/chile\/involucrate\/chile-sin-cenizas\/\" target=\"_self\" >Chile sin cenizas<\/a><\/h3>\n                <div class=\"wp-block-post-excerpt\"><p class=\"wp-block-post-excerpt__excerpt\">Firma por la ley de prevenci\u00f3n de incendios y escr\u00edbele directo a los senadores. <\/p><\/div><\/div>\n                \n\n\n<div class=\"wp-block-group read-more-nav is-layout-flow wp-block-group-is-layout-flow\"><a href=\"https:\/\/www.greenpeace.org\/chile\/involucrate\/chile-sin-cenizas\/\" class=\"btn btn-primary btn-small\" aria-label=\"Invol\u00facrate\">Invol\u00facrate<\/a><\/div>\n\n<\/li><li class=\"wp-block-post post-11943 page type-page status-publish has-post-thumbnail hentry category-climayenergia category-contaminacion tag-bajemoslosbronces\">\n<figure class=\"wp-block-post-featured-image\"><img loading=\"lazy\" decoding=\"async\" width=\"2560\" height=\"1708\" src=\"https:\/\/www.greenpeace.org\/static\/planet4-chile-stateless\/2024\/04\/022f47d8-gpch-los-bronces-integrados-credito-nicole-kramm-caifal-greenpeace-15-scaled.jpg\" class=\"attachment-post-thumbnail size-post-thumbnail wp-post-image wp-stateless-item\" alt=\"\" style=\"object-fit:cover;\" srcset=\"https:\/\/www.greenpeace.org\/static\/planet4-chile-stateless\/2024\/04\/022f47d8-gpch-los-bronces-integrados-credito-nicole-kramm-caifal-greenpeace-15-scaled.jpg 2560w, https:\/\/www.greenpeace.org\/static\/planet4-chile-stateless\/2024\/04\/022f47d8-gpch-los-bronces-integrados-credito-nicole-kramm-caifal-greenpeace-15-300x200.jpg 300w, https:\/\/www.greenpeace.org\/static\/planet4-chile-stateless\/2024\/04\/022f47d8-gpch-los-bronces-integrados-credito-nicole-kramm-caifal-greenpeace-15-1024x683.jpg 1024w, https:\/\/www.greenpeace.org\/static\/planet4-chile-stateless\/2024\/04\/022f47d8-gpch-los-bronces-integrados-credito-nicole-kramm-caifal-greenpeace-15-768x513.jpg 768w, https:\/\/www.greenpeace.org\/static\/planet4-chile-stateless\/2024\/04\/022f47d8-gpch-los-bronces-integrados-credito-nicole-kramm-caifal-greenpeace-15-1536x1025.jpg 1536w, https:\/\/www.greenpeace.org\/static\/planet4-chile-stateless\/2024\/04\/022f47d8-gpch-los-bronces-integrados-credito-nicole-kramm-caifal-greenpeace-15-2048x1366.jpg 2048w, https:\/\/www.greenpeace.org\/static\/planet4-chile-stateless\/2024\/04\/022f47d8-gpch-los-bronces-integrados-credito-nicole-kramm-caifal-greenpeace-15-510x340.jpg 510w\" sizes=\"auto, (max-width: 2560px) 100vw, 2560px\" data-image-size=\"post-thumbnail\" data-stateless-media-bucket=\"planet4-chile-stateless\" data-stateless-media-name=\"2024\/04\/022f47d8-gpch-los-bronces-integrados-credito-nicole-kramm-caifal-greenpeace-15-scaled.jpg\" \/><\/figure>\n\n\n                <div class=\"wp-block-group group-stretched-link is-layout-flow wp-block-group-is-layout-flow\"><div class=\"wp-block-post-terms\">Clima y Energ\u00eda<\/div>\n                <h3 class=\"wp-block-post-title\"><a href=\"https:\/\/www.greenpeace.org\/chile\/involucrate\/bronces-integrado\/\" target=\"_self\" >Los Bronces<\/a><\/h3>\n                <div class=\"wp-block-post-excerpt\"><p class=\"wp-block-post-excerpt__excerpt\">El proyecto minero Los Bronces Integrado pone en riesgo las reservas de agua de toda la Regi\u00f3n. Dile \u00a1No! <\/p><\/div><\/div>\n                \n\n\n<div class=\"wp-block-group read-more-nav is-layout-flow wp-block-group-is-layout-flow\"><a href=\"https:\/\/www.greenpeace.org\/chile\/involucrate\/bronces-integrado\/\" class=\"btn btn-primary btn-small\" aria-label=\"Invol\u00facrate\">Invol\u00facrate<\/a><\/div>\n\n<\/li><li class=\"wp-block-post post-6967 page type-page status-publish has-post-thumbnail hentry category-oceanos tag-noadominga\">\n<figure class=\"wp-block-post-featured-image\"><img loading=\"lazy\" decoding=\"async\" width=\"2500\" height=\"1668\" src=\"https:\/\/www.greenpeace.org\/static\/planet4-chile-stateless\/2025\/01\/db2944b4-pinguinos-de-humboldt-humboldt-\u00a9-cesar-villarroel-_-greenpeace-.jpg\" class=\"attachment-post-thumbnail size-post-thumbnail wp-post-image wp-stateless-item\" alt=\"\" style=\"object-fit:cover;\" srcset=\"https:\/\/www.greenpeace.org\/static\/planet4-chile-stateless\/2025\/01\/db2944b4-pinguinos-de-humboldt-humboldt-\u00a9-cesar-villarroel-_-greenpeace-.jpg 2500w, https:\/\/www.greenpeace.org\/static\/planet4-chile-stateless\/2025\/01\/db2944b4-pinguinos-de-humboldt-humboldt-\u00a9-cesar-villarroel-_-greenpeace--300x200.jpg 300w, https:\/\/www.greenpeace.org\/static\/planet4-chile-stateless\/2025\/01\/db2944b4-pinguinos-de-humboldt-humboldt-\u00a9-cesar-villarroel-_-greenpeace--1024x683.jpg 1024w, https:\/\/www.greenpeace.org\/static\/planet4-chile-stateless\/2025\/01\/db2944b4-pinguinos-de-humboldt-humboldt-\u00a9-cesar-villarroel-_-greenpeace--768x512.jpg 768w, https:\/\/www.greenpeace.org\/static\/planet4-chile-stateless\/2025\/01\/db2944b4-pinguinos-de-humboldt-humboldt-\u00a9-cesar-villarroel-_-greenpeace--1536x1025.jpg 1536w, https:\/\/www.greenpeace.org\/static\/planet4-chile-stateless\/2025\/01\/db2944b4-pinguinos-de-humboldt-humboldt-\u00a9-cesar-villarroel-_-greenpeace--2048x1366.jpg 2048w, https:\/\/www.greenpeace.org\/static\/planet4-chile-stateless\/2025\/01\/db2944b4-pinguinos-de-humboldt-humboldt-\u00a9-cesar-villarroel-_-greenpeace--510x340.jpg 510w\" sizes=\"auto, (max-width: 2500px) 100vw, 2500px\" data-image-size=\"post-thumbnail\" data-stateless-media-bucket=\"planet4-chile-stateless\" data-stateless-media-name=\"2025\/01\/db2944b4-pinguinos-de-humboldt-humboldt-\u00a9-cesar-villarroel-_-greenpeace-.jpg\" \/><\/figure>\n\n\n                <div class=\"wp-block-group group-stretched-link is-layout-flow wp-block-group-is-layout-flow\"><div class=\"wp-block-post-terms\">Oceanos<\/div>\n                <h3 class=\"wp-block-post-title\"><a href=\"https:\/\/www.greenpeace.org\/chile\/involucrate\/noadominga\/\" target=\"_self\" >#NoaDominga<\/a><\/h3>\n                <div class=\"wp-block-post-excerpt\"><p class=\"wp-block-post-excerpt__excerpt\">Firma la petici\u00f3n y ACT\u00daA para decir NO a la insistencia del megaproyecto minero-portuario Dominga. <\/p><\/div><\/div>\n                \n\n\n<div class=\"wp-block-group read-more-nav is-layout-flow wp-block-group-is-layout-flow\"><a href=\"https:\/\/www.greenpeace.org\/chile\/involucrate\/noadominga\/\" class=\"btn btn-primary btn-small\" aria-label=\"Invol\u00facrate\">Invol\u00facrate<\/a><\/div>\n\n<\/li><li class=\"wp-block-post post-1637 page type-page status-publish has-post-thumbnail hentry category-climayenergia tag-chaocarbon\">\n<figure class=\"wp-block-post-featured-image\"><img loading=\"lazy\" decoding=\"async\" width=\"1284\" height=\"814\" src=\"https:\/\/www.greenpeace.org\/static\/planet4-chile-stateless\/2025\/11\/e8954647-banner-peticion-1.png\" class=\"attachment-post-thumbnail size-post-thumbnail wp-post-image wp-stateless-item\" alt=\"\" style=\"object-fit:cover;\" srcset=\"https:\/\/www.greenpeace.org\/static\/planet4-chile-stateless\/2025\/11\/e8954647-banner-peticion-1.png 1284w, https:\/\/www.greenpeace.org\/static\/planet4-chile-stateless\/2025\/11\/e8954647-banner-peticion-1-300x190.png 300w, https:\/\/www.greenpeace.org\/static\/planet4-chile-stateless\/2025\/11\/e8954647-banner-peticion-1-1024x649.png 1024w, https:\/\/www.greenpeace.org\/static\/planet4-chile-stateless\/2025\/11\/e8954647-banner-peticion-1-768x487.png 768w, https:\/\/www.greenpeace.org\/static\/planet4-chile-stateless\/2025\/11\/e8954647-banner-peticion-1-510x323.png 510w\" sizes=\"auto, (max-width: 1284px) 100vw, 1284px\" data-image-size=\"post-thumbnail\" data-stateless-media-bucket=\"planet4-chile-stateless\" data-stateless-media-name=\"2025\/11\/e8954647-banner-peticion-1.png\" \/><\/figure>\n\n\n                <div class=\"wp-block-group group-stretched-link is-layout-flow wp-block-group-is-layout-flow\"><div class=\"wp-block-post-terms\">Clima y Energ\u00eda<\/div>\n                <h3 class=\"wp-block-post-title\"><a href=\"https:\/\/www.greenpeace.org\/chile\/involucrate\/chao-carbon\/\" target=\"_self\" >Cierre de las termoel\u00e9ctricas de Quintero-Puchuncav\u00ed<\/a><\/h3>\n                <div class=\"wp-block-post-excerpt\"><p class=\"wp-block-post-excerpt__excerpt\">Exige el cierre de las centrales en Quintero-Puchuncav\u00ed de manera inmediata y un plan de cierre total de carboneras. <\/p><\/div><\/div>\n                \n\n\n<div class=\"wp-block-group read-more-nav is-layout-flow wp-block-group-is-layout-flow\"><a href=\"https:\/\/www.greenpeace.org\/chile\/involucrate\/chao-carbon\/\" class=\"btn btn-primary btn-small\" aria-label=\"Invol\u00facrate\">Invol\u00facrate<\/a><\/div>\n\n<\/li><li class=\"wp-block-post post-370 page type-page status-publish has-post-thumbnail hentry category-oceanos tag-salmonera\">\n<figure class=\"wp-block-post-featured-image\"><img loading=\"lazy\" decoding=\"async\" width=\"2592\" height=\"1728\" src=\"https:\/\/www.greenpeace.org\/static\/planet4-chile-stateless\/2018\/11\/3cf2de80-img_0308.jpg\" class=\"attachment-post-thumbnail size-post-thumbnail wp-post-image wp-stateless-item\" alt=\"\" style=\"object-fit:cover;\" srcset=\"https:\/\/www.greenpeace.org\/static\/planet4-chile-stateless\/2018\/11\/3cf2de80-img_0308.jpg 2592w, https:\/\/www.greenpeace.org\/static\/planet4-chile-stateless\/2018\/11\/3cf2de80-img_0308-300x200.jpg 300w, https:\/\/www.greenpeace.org\/static\/planet4-chile-stateless\/2018\/11\/3cf2de80-img_0308-768x512.jpg 768w, https:\/\/www.greenpeace.org\/static\/planet4-chile-stateless\/2018\/11\/3cf2de80-img_0308-1024x683.jpg 1024w, https:\/\/www.greenpeace.org\/static\/planet4-chile-stateless\/2018\/11\/3cf2de80-img_0308-2048x1366.jpg 2048w, https:\/\/www.greenpeace.org\/static\/planet4-chile-stateless\/2018\/11\/3cf2de80-img_0308-510x340.jpg 510w\" sizes=\"auto, (max-width: 2592px) 100vw, 2592px\" data-image-size=\"post-thumbnail\" data-stateless-media-bucket=\"planet4-chile-stateless\" data-stateless-media-name=\"2018\/11\/3cf2de80-img_0308.jpg\" \/><\/figure>\n\n\n                <div class=\"wp-block-group group-stretched-link is-layout-flow wp-block-group-is-layout-flow\"><div class=\"wp-block-post-terms\">Oceanos<\/div>\n                <h3 class=\"wp-block-post-title\"><a href=\"https:\/\/www.greenpeace.org\/chile\/involucrate\/salmonicultura\/\" target=\"_self\" >Freno a la expansi\u00f3n salmonera\u00a0<\/a><\/h3>\n                <div class=\"wp-block-post-excerpt\"><p class=\"wp-block-post-excerpt__excerpt\">Ya hay m\u00e1s de 1.300 proyectos salmoneros aprobados entre las regiones de Los Lagos y Magallanes \u00a1y van por m\u00e1s! <\/p><\/div><\/div>\n                \n\n\n<div class=\"wp-block-group read-more-nav is-layout-flow wp-block-group-is-layout-flow\"><a href=\"https:\/\/www.greenpeace.org\/chile\/involucrate\/salmonicultura\/\" class=\"btn btn-primary btn-small\" aria-label=\"Invol\u00facrate\">Invol\u00facrate<\/a><\/div>\n\n<\/li><\/ul>\n\n\n<div class=\"wp-block-buttons carousel-controls is-horizontal is-content-justification-space-between is-nowrap is-layout-flex wp-container-core-buttons-is-layout-044bd602 wp-block-buttons-is-layout-flex\">\n<div class=\"wp-block-button carousel-control-prev\"><button type=\"button\" class=\"wp-block-button__link wp-element-button\">Previous Carousel Slide<\/button><\/div>\n\n\n\n<div class=\"wp-block-button carousel-control-next\"><button type=\"button\" class=\"wp-block-button__link wp-element-button\">Next Carousel Slide<\/button><\/div>\n<\/div>\n\n\n\n<div class=\"wp-block-buttons load-more-actions-container is-content-justification-center is-layout-flex wp-container-core-buttons-is-layout-16018d1d wp-block-buttons-is-layout-flex\">\n<div class=\"wp-block-button is-style-secondary\"><button type=\"button\" class=\"wp-block-button__link wp-element-button\">Load more<\/button><\/div>\n<\/div>\n<\/div>\n<div data-hydrate=\"planet4-blocks\/gallery\" data-attributes=\"{&quot;attributes&quot;:{&quot;gallery_block_title&quot;:&quot;Greenpeace en acci\\u00f3n&quot;,&quot;multiple_image&quot;:&quot;10182,11606,10175,10183,12138,10180,10176,10181&quot;,&quot;image_data&quot;:[{&quot;url&quot;:&quot;https:\\\/\\\/www.greenpeace.org\\\/static\\\/planet4-chile-stateless\\\/2023\\\/07\\\/783efa80-gpch-carta-ministerio-de-ambiente-dominga-10-scaled.jpg&quot;,&quot;focalPoint&quot;:{&quot;x&quot;:0.5,&quot;y&quot;:0.5},&quot;id&quot;:10182},{&quot;url&quot;:&quot;https:\\\/\\\/www.greenpeace.org\\\/static\\\/planet4-chile-stateless\\\/2024\\\/02\\\/83616515-gpc_cartelaculeo_03-scaled.jpg&quot;,&quot;focalPoint&quot;:{&quot;x&quot;:0.5,&quot;y&quot;:0.5},&quot;id&quot;:11606},{&quot;url&quot;:&quot;https:\\\/\\\/www.greenpeace.org\\\/static\\\/planet4-chile-stateless\\\/2023\\\/07\\\/cebcf60e-co15717-credito-cristobal-olivares-greenpeace.jpg&quot;,&quot;focalPoint&quot;:{&quot;x&quot;:0.5,&quot;y&quot;:0.5},&quot;id&quot;:10175},{&quot;url&quot;:&quot;https:\\\/\\\/www.greenpeace.org\\\/static\\\/planet4-chile-stateless\\\/2023\\\/07\\\/e9ef3745-gpch_maraton_14.jpg&quot;,&quot;focalPoint&quot;:{&quot;x&quot;:0.5,&quot;y&quot;:0.5},&quot;id&quot;:10183},{&quot;url&quot;:&quot;https:\\\/\\\/www.greenpeace.org\\\/static\\\/planet4-chile-stateless\\\/2024\\\/04\\\/4e320853-dji_0095-scaled.jpg&quot;,&quot;focalPoint&quot;:{&quot;x&quot;:0.5,&quot;y&quot;:0.5},&quot;id&quot;:12138},{&quot;url&quot;:&quot;https:\\\/\\\/www.greenpeace.org\\\/static\\\/planet4-chile-stateless\\\/2023\\\/07\\\/a5ea66b4-desastre-chiloe_27b7330.jpg&quot;,&quot;focalPoint&quot;:{&quot;x&quot;:0.5,&quot;y&quot;:0.5},&quot;id&quot;:10180},{&quot;url&quot;:&quot;https:\\\/\\\/www.greenpeace.org\\\/static\\\/planet4-chile-stateless\\\/2023\\\/07\\\/ff1a79af-sequia-lago-penuelas.jpg&quot;,&quot;focalPoint&quot;:{&quot;x&quot;:0.5,&quot;y&quot;:0.5},&quot;id&quot;:10176},{&quot;url&quot;:&quot;https:\\\/\\\/www.greenpeace.org\\\/static\\\/planet4-chile-stateless\\\/2023\\\/07\\\/8e686e21-glaciares.dsc_0070-scaled.jpg&quot;,&quot;focalPoint&quot;:{&quot;x&quot;:0.5,&quot;y&quot;:0.5},&quot;id&quot;:10181}],&quot;className&quot;:&quot;is-style-grid&quot;,&quot;gallery_block_style&quot;:0,&quot;gallery_block_description&quot;:&quot;&quot;,&quot;gallery_block_focus_points&quot;:&quot;&quot;,&quot;images&quot;:[{&quot;image_src&quot;:&quot;https:\\\/\\\/www.greenpeace.org\\\/static\\\/planet4-chile-stateless\\\/2023\\\/07\\\/783efa80-gpch-carta-ministerio-de-ambiente-dominga-10-scaled.jpg&quot;,&quot;image_srcset&quot;:&quot;https:\\\/\\\/www.greenpeace.org\\\/static\\\/planet4-chile-stateless\\\/2023\\\/07\\\/783efa80-gpch-carta-ministerio-de-ambiente-dominga-10-scaled.jpg 2560w, https:\\\/\\\/www.greenpeace.org\\\/static\\\/planet4-chile-stateless\\\/2023\\\/07\\\/783efa80-gpch-carta-ministerio-de-ambiente-dominga-10-300x200.jpg 300w, https:\\\/\\\/www.greenpeace.org\\\/static\\\/planet4-chile-stateless\\\/2023\\\/07\\\/783efa80-gpch-carta-ministerio-de-ambiente-dominga-10-1024x683.jpg 1024w, https:\\\/\\\/www.greenpeace.org\\\/static\\\/planet4-chile-stateless\\\/2023\\\/07\\\/783efa80-gpch-carta-ministerio-de-ambiente-dominga-10-768x513.jpg 768w, https:\\\/\\\/www.greenpeace.org\\\/static\\\/planet4-chile-stateless\\\/2023\\\/07\\\/783efa80-gpch-carta-ministerio-de-ambiente-dominga-10-1536x1025.jpg 1536w, https:\\\/\\\/www.greenpeace.org\\\/static\\\/planet4-chile-stateless\\\/2023\\\/07\\\/783efa80-gpch-carta-ministerio-de-ambiente-dominga-10-2048x1366.jpg 2048w, https:\\\/\\\/www.greenpeace.org\\\/static\\\/planet4-chile-stateless\\\/2023\\\/07\\\/783efa80-gpch-carta-ministerio-de-ambiente-dominga-10-510x340.jpg 510w&quot;,&quot;image_sizes&quot;:false,&quot;alt_text&quot;:&quot;Organizaciones ambientales entregaron una carta al Ministerio del Medio Ambiente solicitando el rechazo definitivo del proyecto Dominga. En la instancia, la destacada ocean\\u00f3grafa Sylvia Earle y representantes de la Alianza Humboldt expusieron las m\\u00faltiples razones por las que el proyecto Dominga debe rechazarse, ad-portas de la votaci\\u00f3n del Comit\\u00e9 de Ministros de este mi\\u00e9rcoles 18 de enero.&quot;,&quot;caption&quot;:&quot;Organizaciones ambientales entregaron una carta al Ministerio del Medio Ambiente solicitando el rechazo definitivo del proyecto Dominga. En la instancia, la destacada ocean\\u00f3grafa Sylvia Earle y representantes de la Alianza Humboldt expusieron las m\\u00faltiples razones por las que el proyecto Dominga debe rechazarse, ad-portas de la votaci\\u00f3n del Comit\\u00e9 de Ministros de este mi\\u00e9rcoles 18 de enero.&quot;,&quot;focus_image&quot;:&quot;&quot;,&quot;credits&quot;:&quot;\\u00a9 Cristobal Olivares \\\/ Greenpeace&quot;},{&quot;image_src&quot;:&quot;https:\\\/\\\/www.greenpeace.org\\\/static\\\/planet4-chile-stateless\\\/2024\\\/02\\\/83616515-gpc_cartelaculeo_03-scaled.jpg&quot;,&quot;image_srcset&quot;:&quot;https:\\\/\\\/www.greenpeace.org\\\/static\\\/planet4-chile-stateless\\\/2024\\\/02\\\/83616515-gpc_cartelaculeo_03-scaled.jpg 2560w, https:\\\/\\\/www.greenpeace.org\\\/static\\\/planet4-chile-stateless\\\/2024\\\/02\\\/83616515-gpc_cartelaculeo_03-300x200.jpg 300w, https:\\\/\\\/www.greenpeace.org\\\/static\\\/planet4-chile-stateless\\\/2024\\\/02\\\/83616515-gpc_cartelaculeo_03-1024x683.jpg 1024w, https:\\\/\\\/www.greenpeace.org\\\/static\\\/planet4-chile-stateless\\\/2024\\\/02\\\/83616515-gpc_cartelaculeo_03-768x512.jpg 768w, https:\\\/\\\/www.greenpeace.org\\\/static\\\/planet4-chile-stateless\\\/2024\\\/02\\\/83616515-gpc_cartelaculeo_03-1536x1024.jpg 1536w, https:\\\/\\\/www.greenpeace.org\\\/static\\\/planet4-chile-stateless\\\/2024\\\/02\\\/83616515-gpc_cartelaculeo_03-2048x1366.jpg 2048w, https:\\\/\\\/www.greenpeace.org\\\/static\\\/planet4-chile-stateless\\\/2024\\\/02\\\/83616515-gpc_cartelaculeo_03-510x340.jpg 510w&quot;,&quot;image_sizes&quot;:false,&quot;alt_text&quot;:&quot;&quot;,&quot;caption&quot;:&quot;Desplegando un cartel flotante de 5 metros sobre la Laguna de Aculeo, activistas de Greenpeace se sumaron a la iniciativa que busca que este espejo de agua, en conjunto con los esteros Pintu\\u00e9 y Santa Marta, sean declarados como humedal urbano y de esta forma, dotarlos de m\\u00e1s herramientas jur\\u00eddicas para su protecci\\u00f3n.&quot;,&quot;focus_image&quot;:&quot;&quot;,&quot;credits&quot;:&quot;\\u00a9 Greenpeace&quot;},{&quot;image_src&quot;:&quot;https:\\\/\\\/www.greenpeace.org\\\/static\\\/planet4-chile-stateless\\\/2023\\\/07\\\/cebcf60e-co15717-credito-cristobal-olivares-greenpeace.jpg&quot;,&quot;image_srcset&quot;:&quot;https:\\\/\\\/www.greenpeace.org\\\/static\\\/planet4-chile-stateless\\\/2023\\\/07\\\/cebcf60e-co15717-credito-cristobal-olivares-greenpeace.jpg 2500w, https:\\\/\\\/www.greenpeace.org\\\/static\\\/planet4-chile-stateless\\\/2023\\\/07\\\/cebcf60e-co15717-credito-cristobal-olivares-greenpeace-300x200.jpg 300w, https:\\\/\\\/www.greenpeace.org\\\/static\\\/planet4-chile-stateless\\\/2023\\\/07\\\/cebcf60e-co15717-credito-cristobal-olivares-greenpeace-1024x684.jpg 1024w, https:\\\/\\\/www.greenpeace.org\\\/static\\\/planet4-chile-stateless\\\/2023\\\/07\\\/cebcf60e-co15717-credito-cristobal-olivares-greenpeace-768x513.jpg 768w, https:\\\/\\\/www.greenpeace.org\\\/static\\\/planet4-chile-stateless\\\/2023\\\/07\\\/cebcf60e-co15717-credito-cristobal-olivares-greenpeace-1536x1025.jpg 1536w, https:\\\/\\\/www.greenpeace.org\\\/static\\\/planet4-chile-stateless\\\/2023\\\/07\\\/cebcf60e-co15717-credito-cristobal-olivares-greenpeace-2048x1367.jpg 2048w, https:\\\/\\\/www.greenpeace.org\\\/static\\\/planet4-chile-stateless\\\/2023\\\/07\\\/cebcf60e-co15717-credito-cristobal-olivares-greenpeace-2046x1366.jpg 2046w, https:\\\/\\\/www.greenpeace.org\\\/static\\\/planet4-chile-stateless\\\/2023\\\/07\\\/cebcf60e-co15717-credito-cristobal-olivares-greenpeace-510x340.jpg 510w&quot;,&quot;image_sizes&quot;:false,&quot;alt_text&quot;:&quot;Greenpeace denuncia en Quintero Puchuncav\\u00ed la falta de ambici\\u00f3n y urgencia por parte del presidente Pi\\u00f1era a la hora de presentar una hoja de ruta en el plan de descarbonizaci\\u00f3n del pa\\u00eds. \\&quot;Se ha desperdiciado una oportunidad hist\\u00f3rica para haber avanzado en el pronto cierre de las zonas de sacrificio\\&quot;&quot;,&quot;caption&quot;:&quot;Greenpeace denuncia en Quintero Puchuncav\\u00ed la falta de ambici\\u00f3n y urgencia por parte del presidente Pi\\u00f1era\\na la hora de presentar una hoja de ruta en el plan de descarbonizaci\\u00f3n del pa\\u00eds.\\n\\&quot;Se ha desperdiciado una oportunidad hist\\u00f3rica para haber avanzado en el pronto cierre de las zonas de\\nsacrificio\\&quot;&quot;,&quot;focus_image&quot;:&quot;&quot;,&quot;credits&quot;:&quot;\\u00a9 Greenpeace \\\/ Cristobal Olivares&quot;},{&quot;image_src&quot;:&quot;https:\\\/\\\/www.greenpeace.org\\\/static\\\/planet4-chile-stateless\\\/2023\\\/07\\\/e9ef3745-gpch_maraton_14.jpg&quot;,&quot;image_srcset&quot;:&quot;https:\\\/\\\/www.greenpeace.org\\\/static\\\/planet4-chile-stateless\\\/2023\\\/07\\\/e9ef3745-gpch_maraton_14.jpg 2500w, https:\\\/\\\/www.greenpeace.org\\\/static\\\/planet4-chile-stateless\\\/2023\\\/07\\\/e9ef3745-gpch_maraton_14-300x200.jpg 300w, https:\\\/\\\/www.greenpeace.org\\\/static\\\/planet4-chile-stateless\\\/2023\\\/07\\\/e9ef3745-gpch_maraton_14-1024x683.jpg 1024w, https:\\\/\\\/www.greenpeace.org\\\/static\\\/planet4-chile-stateless\\\/2023\\\/07\\\/e9ef3745-gpch_maraton_14-768x512.jpg 768w, https:\\\/\\\/www.greenpeace.org\\\/static\\\/planet4-chile-stateless\\\/2023\\\/07\\\/e9ef3745-gpch_maraton_14-1536x1025.jpg 1536w, https:\\\/\\\/www.greenpeace.org\\\/static\\\/planet4-chile-stateless\\\/2023\\\/07\\\/e9ef3745-gpch_maraton_14-2048x1366.jpg 2048w, https:\\\/\\\/www.greenpeace.org\\\/static\\\/planet4-chile-stateless\\\/2023\\\/07\\\/e9ef3745-gpch_maraton_14-510x340.jpg 510w&quot;,&quot;image_sizes&quot;:false,&quot;alt_text&quot;:&quot;Un grupo de activistas de Greenpeace se present\\u00f3 en la Marat\\u00f3n de Santiago de Chile para denunciar el avance de la industria salmonera en la Reserva Nacional Kaw\\u00e9sqar en la Patagonia chilena.&quot;,&quot;caption&quot;:&quot;Un grupo de activistas de Greenpeace se present\\u00f3 en la Marat\\u00f3n de Santiago para denunciar el avance de la industria salmonera en la Reserva Nacional Kaw\\u00e9sqar en la Patagonia chilena.&quot;,&quot;focus_image&quot;:&quot;&quot;,&quot;credits&quot;:&quot;\\u00a9 Cristobal Olivares \\\/ Greenpeace&quot;},{&quot;image_src&quot;:&quot;https:\\\/\\\/www.greenpeace.org\\\/static\\\/planet4-chile-stateless\\\/2024\\\/04\\\/4e320853-dji_0095-scaled.jpg&quot;,&quot;image_srcset&quot;:&quot;https:\\\/\\\/www.greenpeace.org\\\/static\\\/planet4-chile-stateless\\\/2024\\\/04\\\/4e320853-dji_0095-scaled.jpg 2560w, https:\\\/\\\/www.greenpeace.org\\\/static\\\/planet4-chile-stateless\\\/2024\\\/04\\\/4e320853-dji_0095-300x200.jpg 300w, https:\\\/\\\/www.greenpeace.org\\\/static\\\/planet4-chile-stateless\\\/2024\\\/04\\\/4e320853-dji_0095-1024x683.jpg 1024w, https:\\\/\\\/www.greenpeace.org\\\/static\\\/planet4-chile-stateless\\\/2024\\\/04\\\/4e320853-dji_0095-768x512.jpg 768w, https:\\\/\\\/www.greenpeace.org\\\/static\\\/planet4-chile-stateless\\\/2024\\\/04\\\/4e320853-dji_0095-1536x1024.jpg 1536w, https:\\\/\\\/www.greenpeace.org\\\/static\\\/planet4-chile-stateless\\\/2024\\\/04\\\/4e320853-dji_0095-2048x1366.jpg 2048w, https:\\\/\\\/www.greenpeace.org\\\/static\\\/planet4-chile-stateless\\\/2024\\\/04\\\/4e320853-dji_0095-510x340.jpg 510w&quot;,&quot;image_sizes&quot;:false,&quot;alt_text&quot;:&quot;&quot;,&quot;caption&quot;:&quot;Activistas de Greenpeace se colgaron sobre el puente Nueva Tobalaba y desplegaron un cartel de 25 metros sobre el r\\u00edo Mapocho con el mensaje: \\u201cM\\u00e1s miner\\u00eda en glaciares, menos agua para Santiago\\u201d, con el objetivo de alertar sobre el impacto que esta industria tiene sobre los glaciares de los Andes Centrales y c\\u00f3mo aquello podr\\u00eda afectar la disponibilidad h\\u00eddrica, particularmente en la Regi\\u00f3n Metropolitana, en el marco de la expansi\\u00f3n de la mina Los Bronces.&quot;,&quot;focus_image&quot;:&quot;&quot;,&quot;credits&quot;:&quot;&quot;},{&quot;image_src&quot;:&quot;https:\\\/\\\/www.greenpeace.org\\\/static\\\/planet4-chile-stateless\\\/2023\\\/07\\\/a5ea66b4-desastre-chiloe_27b7330.jpg&quot;,&quot;image_srcset&quot;:&quot;https:\\\/\\\/www.greenpeace.org\\\/static\\\/planet4-chile-stateless\\\/2023\\\/07\\\/a5ea66b4-desastre-chiloe_27b7330.jpg 1654w, https:\\\/\\\/www.greenpeace.org\\\/static\\\/planet4-chile-stateless\\\/2023\\\/07\\\/a5ea66b4-desastre-chiloe_27b7330-300x200.jpg 300w, https:\\\/\\\/www.greenpeace.org\\\/static\\\/planet4-chile-stateless\\\/2023\\\/07\\\/a5ea66b4-desastre-chiloe_27b7330-1024x682.jpg 1024w, https:\\\/\\\/www.greenpeace.org\\\/static\\\/planet4-chile-stateless\\\/2023\\\/07\\\/a5ea66b4-desastre-chiloe_27b7330-768x512.jpg 768w, https:\\\/\\\/www.greenpeace.org\\\/static\\\/planet4-chile-stateless\\\/2023\\\/07\\\/a5ea66b4-desastre-chiloe_27b7330-1536x1023.jpg 1536w, https:\\\/\\\/www.greenpeace.org\\\/static\\\/planet4-chile-stateless\\\/2023\\\/07\\\/a5ea66b4-desastre-chiloe_27b7330-510x340.jpg 510w&quot;,&quot;image_sizes&quot;:false,&quot;alt_text&quot;:&quot;Im\\u00e1genes de algunas de las especies que aparecieron muertas en la isla de Chilo\\u00e9 en mayo de 2016.&quot;,&quot;caption&quot;:&quot;Im\\u00e1genes de algunas de las especies que aparecieron muertas en la isla de Chilo\\u00e9 en mayo de 2016.&quot;,&quot;focus_image&quot;:&quot;&quot;,&quot;credits&quot;:&quot;\\u00a9 Greenpeace \\\/ Cristobal Olivares&quot;},{&quot;image_src&quot;:&quot;https:\\\/\\\/www.greenpeace.org\\\/static\\\/planet4-chile-stateless\\\/2023\\\/07\\\/ff1a79af-sequia-lago-penuelas.jpg&quot;,&quot;image_srcset&quot;:&quot;https:\\\/\\\/www.greenpeace.org\\\/static\\\/planet4-chile-stateless\\\/2023\\\/07\\\/ff1a79af-sequia-lago-penuelas.jpg 2500w, https:\\\/\\\/www.greenpeace.org\\\/static\\\/planet4-chile-stateless\\\/2023\\\/07\\\/ff1a79af-sequia-lago-penuelas-300x200.jpg 300w, https:\\\/\\\/www.greenpeace.org\\\/static\\\/planet4-chile-stateless\\\/2023\\\/07\\\/ff1a79af-sequia-lago-penuelas-1024x683.jpg 1024w, https:\\\/\\\/www.greenpeace.org\\\/static\\\/planet4-chile-stateless\\\/2023\\\/07\\\/ff1a79af-sequia-lago-penuelas-768x512.jpg 768w, https:\\\/\\\/www.greenpeace.org\\\/static\\\/planet4-chile-stateless\\\/2023\\\/07\\\/ff1a79af-sequia-lago-penuelas-1536x1024.jpg 1536w, https:\\\/\\\/www.greenpeace.org\\\/static\\\/planet4-chile-stateless\\\/2023\\\/07\\\/ff1a79af-sequia-lago-penuelas-2048x1366.jpg 2048w, https:\\\/\\\/www.greenpeace.org\\\/static\\\/planet4-chile-stateless\\\/2023\\\/07\\\/ff1a79af-sequia-lago-penuelas-510x340.jpg 510w&quot;,&quot;image_sizes&quot;:false,&quot;alt_text&quot;:&quot;Activista de Greenpeace en el Lago Pe\\u00f1uelas, Vi\\u00f1a del Mar.&quot;,&quot;caption&quot;:&quot;Activista de Greenpeace en el Lago Pe\\u00f1uelas, Vi\\u00f1a del Mar.&quot;,&quot;focus_image&quot;:&quot;&quot;,&quot;credits&quot;:&quot;\\u00a9 Diego Le\\u00f3n \\\/ Greenpeace&quot;},{&quot;image_src&quot;:&quot;https:\\\/\\\/www.greenpeace.org\\\/static\\\/planet4-chile-stateless\\\/2023\\\/07\\\/8e686e21-glaciares.dsc_0070-scaled.jpg&quot;,&quot;image_srcset&quot;:&quot;https:\\\/\\\/www.greenpeace.org\\\/static\\\/planet4-chile-stateless\\\/2023\\\/07\\\/8e686e21-glaciares.dsc_0070-scaled.jpg 2560w, https:\\\/\\\/www.greenpeace.org\\\/static\\\/planet4-chile-stateless\\\/2023\\\/07\\\/8e686e21-glaciares.dsc_0070-300x199.jpg 300w, https:\\\/\\\/www.greenpeace.org\\\/static\\\/planet4-chile-stateless\\\/2023\\\/07\\\/8e686e21-glaciares.dsc_0070-1024x678.jpg 1024w, https:\\\/\\\/www.greenpeace.org\\\/static\\\/planet4-chile-stateless\\\/2023\\\/07\\\/8e686e21-glaciares.dsc_0070-768x509.jpg 768w, https:\\\/\\\/www.greenpeace.org\\\/static\\\/planet4-chile-stateless\\\/2023\\\/07\\\/8e686e21-glaciares.dsc_0070-1536x1017.jpg 1536w, https:\\\/\\\/www.greenpeace.org\\\/static\\\/planet4-chile-stateless\\\/2023\\\/07\\\/8e686e21-glaciares.dsc_0070-2048x1356.jpg 2048w, https:\\\/\\\/www.greenpeace.org\\\/static\\\/planet4-chile-stateless\\\/2023\\\/07\\\/8e686e21-glaciares.dsc_0070-510x338.jpg 510w&quot;,&quot;image_sizes&quot;:false,&quot;alt_text&quot;:&quot;Activistas de Greenpeace realizan un ascenso al Glaciar La Paloma, ubicado en la Regi\\u00f3n Metropolitana, enviando un mensaje a los 155 convencionales constituyentes electos, para que en la redacci\\u00f3n de la Carta Magna, se incluya el derecho al agua para el cuidado de las personas y la naturaleza, como una de las principales problem\\u00e1ticas sociales y ambientales en el pa\\u00eds.&quot;,&quot;caption&quot;:&quot;Activistas de Greenpeace realizan un ascenso al Glaciar La Paloma, ubicado en la Regi\\u00f3n Metropolitana, enviando un mensaje a los 155 convencionales constituyentes electos, para que en la redacci\\u00f3n de la Carta Magna, se incluya el derecho al agua para el cuidado de las personas y la naturaleza, como una de las principales problem\\u00e1ticas sociales y ambientales en el pa\\u00eds.&quot;,&quot;focus_image&quot;:&quot;&quot;,&quot;credits&quot;:&quot;\\u00a9 Sergio Rios \\\/ Greenpeace&quot;}]}}\"><section class=\"block gallery-grid is-style-grid\"><header><h2 class=\"page-section-header\">Greenpeace en acci\u00f3n<\/h2><\/header><\/section><\/div>\n<div style=\"height:60px\" aria-hidden=\"true\" class=\"wp-block-spacer\"><\/div>\n\n<div class=\"wp-block-media-text\" style=\"grid-template-columns:18% auto\"><figure class=\"wp-block-media-text__media\"><img loading=\"lazy\" decoding=\"async\" width=\"150\" height=\"150\" src=\"https:\/\/www.greenpeace.org\/static\/planet4-chile-stateless\/2023\/07\/15264193-25_make_a_donation-1-150x150.png\" alt=\"\" sizes=\"auto, (min-width: 1600px) calc((1320px - 24px) \/ 5.5556),(min-width: 1200px) calc((1140px - 24px) \/ 5.5556),(min-width: 992px) calc((960px - 24px) \/ 5.5556),(min-width: 768px) calc((720px - 24px) \/ 5.5556),(min-width: 601px) calc((540px - 24px) \/ 5.5556),(min-width: 577px) calc((540px - 24px) \/ 5.5556), calc((100vw - 24px) * 18 \/ 100)\" srcset=\"https:\/\/www.greenpeace.org\/static\/planet4-chile-stateless\/2023\/07\/15264193-25_make_a_donation-1.png 1250w, https:\/\/www.greenpeace.org\/static\/planet4-chile-stateless\/2023\/07\/15264193-25_make_a_donation-1-300x300.png 300w, https:\/\/www.greenpeace.org\/static\/planet4-chile-stateless\/2023\/07\/15264193-25_make_a_donation-1-1024x1024.png 1024w, https:\/\/www.greenpeace.org\/static\/planet4-chile-stateless\/2023\/07\/15264193-25_make_a_donation-1-150x150.png 150w, https:\/\/www.greenpeace.org\/static\/planet4-chile-stateless\/2023\/07\/15264193-25_make_a_donation-1-768x769.png 768w, https:\/\/www.greenpeace.org\/static\/planet4-chile-stateless\/2023\/07\/15264193-25_make_a_donation-1-340x340.png 340w\" class=\"wp-image-10070 size-thumbnail\"\/><\/figure><div class=\"wp-block-media-text__content\">\n<h3 class=\"wp-block-heading\">Qui\u00e9nes somos<\/h3>\n\n\n\n<p>Trabajamos para defender el medio ambiente, promover la paz y estimular a las personas para que cambien actitudes y comportamientos que ponen en riesgo a la naturaleza.<\/p>\n\n\n\n<div class=\"wp-block-buttons is-layout-flex wp-block-buttons-is-layout-flex\">\n<div class=\"wp-block-button\"><a class=\"wp-block-button__link wp-element-button\" href=\"https:\/\/www.greenpeace.org\/chile\/sobre-nosotros\/\" rel=\"\">CON\u00d3CENOS<\/a><\/div>\n<\/div>\n<\/div><\/div>\n\n<div class=\"wp-block-media-text alignwide is-vertically-aligned-center\" style=\"grid-template-columns:18% auto\"><figure class=\"wp-block-media-text__media\"><img loading=\"lazy\" decoding=\"async\" width=\"150\" height=\"150\" src=\"https:\/\/www.greenpeace.org\/static\/planet4-chile-stateless\/2023\/07\/9bc80678-24_greenpeace_ships-1-150x150.png\" alt=\"\" sizes=\"auto, (min-width: 1600px) calc((1320px - 24px) \/ 5.5556),(min-width: 1200px) calc((1140px - 24px) \/ 5.5556),(min-width: 992px) calc((960px - 24px) \/ 5.5556),(min-width: 768px) calc((720px - 24px) \/ 5.5556),(min-width: 601px) calc((540px - 24px) \/ 5.5556),(min-width: 577px) calc((540px - 24px) \/ 5.5556), calc((100vw - 24px) * 18 \/ 100)\" srcset=\"https:\/\/www.greenpeace.org\/static\/planet4-chile-stateless\/2023\/07\/9bc80678-24_greenpeace_ships-1.png 1250w, https:\/\/www.greenpeace.org\/static\/planet4-chile-stateless\/2023\/07\/9bc80678-24_greenpeace_ships-1-300x300.png 300w, https:\/\/www.greenpeace.org\/static\/planet4-chile-stateless\/2023\/07\/9bc80678-24_greenpeace_ships-1-1024x1024.png 1024w, https:\/\/www.greenpeace.org\/static\/planet4-chile-stateless\/2023\/07\/9bc80678-24_greenpeace_ships-1-150x150.png 150w, https:\/\/www.greenpeace.org\/static\/planet4-chile-stateless\/2023\/07\/9bc80678-24_greenpeace_ships-1-768x769.png 768w, https:\/\/www.greenpeace.org\/static\/planet4-chile-stateless\/2023\/07\/9bc80678-24_greenpeace_ships-1-340x340.png 340w\" class=\"wp-image-10065 size-thumbnail\"\/><\/figure><div class=\"wp-block-media-text__content\">\n<h3 class=\"wp-block-heading\">Nuestra flota<\/h3>\n\n\n\n<p>El Rainbow Warrior, el Arctic Sunrise y el Witness son fundamentales para llevar a cabo campa\u00f1as alrededor del mundo.<\/p>\n\n\n\n<div class=\"wp-block-buttons is-layout-flex wp-block-buttons-is-layout-flex\">\n<div class=\"wp-block-button\"><a class=\"wp-block-button__link wp-element-button\" href=\"https:\/\/www.greenpeace.org\/chile\/nuestros-barcos\/\">NUESTROS BARCOS<\/a><\/div>\n<\/div>\n<\/div><\/div>\n\n<div class=\"wp-block-media-text alignwide is-vertically-aligned-center\" style=\"grid-template-columns:18% auto\"><figure class=\"wp-block-media-text__media\"><img loading=\"lazy\" decoding=\"async\" width=\"150\" height=\"150\" src=\"https:\/\/www.greenpeace.org\/static\/planet4-chile-stateless\/2023\/07\/aba8a952-19_people_power-1-150x150.png\" alt=\"\" sizes=\"auto, (min-width: 1600px) calc((1320px - 24px) \/ 5.5556),(min-width: 1200px) calc((1140px - 24px) \/ 5.5556),(min-width: 992px) calc((960px - 24px) \/ 5.5556),(min-width: 768px) calc((720px - 24px) \/ 5.5556),(min-width: 601px) calc((540px - 24px) \/ 5.5556),(min-width: 577px) calc((540px - 24px) \/ 5.5556), calc((100vw - 24px) * 18 \/ 100)\" srcset=\"https:\/\/www.greenpeace.org\/static\/planet4-chile-stateless\/2023\/07\/aba8a952-19_people_power-1.png 1250w, https:\/\/www.greenpeace.org\/static\/planet4-chile-stateless\/2023\/07\/aba8a952-19_people_power-1-300x300.png 300w, https:\/\/www.greenpeace.org\/static\/planet4-chile-stateless\/2023\/07\/aba8a952-19_people_power-1-1024x1024.png 1024w, https:\/\/www.greenpeace.org\/static\/planet4-chile-stateless\/2023\/07\/aba8a952-19_people_power-1-150x150.png 150w, https:\/\/www.greenpeace.org\/static\/planet4-chile-stateless\/2023\/07\/aba8a952-19_people_power-1-768x769.png 768w, https:\/\/www.greenpeace.org\/static\/planet4-chile-stateless\/2023\/07\/aba8a952-19_people_power-1-340x340.png 340w\" class=\"wp-image-10064 size-thumbnail\"\/><\/figure><div class=\"wp-block-media-text__content\">\n<h3 class=\"wp-block-heading\">Campa\u00f1as ganadas<\/h3>\n\n\n\n<p>Nos sentimos orgullosos de formar parte de una red global de organizaciones independientes de Greenpeace. Descubre todo lo que logramos.<\/p>\n\n\n\n<div class=\"wp-block-buttons is-layout-flex wp-block-buttons-is-layout-flex\">\n<div class=\"wp-block-button\"><a class=\"wp-block-button__link wp-element-button\" href=\"https:\/\/www.greenpeace.org\/chile\/campanas-ganadas\/\">VICTORIAS<\/a><\/div>\n<\/div>\n<\/div><\/div>\n","protected":false},"excerpt":{"rendered":"<p>Somos una organizaci\u00f3n sin fines de lucro, independiente, que no acepta donaciones de gobiernos, empresas o partidos pol\u00edticos.<\/p>\n","protected":false},"author":1,"featured_media":10564,"parent":0,"menu_order":0,"comment_status":"closed","ping_status":"closed","template":"","meta":{"ep_exclude_from_search":false,"p4_hide_page_title_checkbox":"on","p4_title":"","p4_subtitle":"","p4_description":"","background_image_id":"","background_image":"","p4_button_title":"","p4_button_link":"","p4_button_link_checkbox":"","p4_og_title":"","p4_og_description":"","p4_og_image":"","p4_og_image_id":"","p4_seo_canonical_url":"","p4_campaign_name":"not set","p4_local_project":"not set","p4_basket_name":"not set","p4_department":"","footnotes":""},"categories":[],"tags":[],"class_list":["post-13","page","type-page","status-publish","has-post-thumbnail","hentry"],"_links":{"self":[{"href":"https:\/\/www.greenpeace.org\/chile\/wp-json\/wp\/v2\/pages\/13","targetHints":{"allow":["GET"]}}],"collection":[{"href":"https:\/\/www.greenpeace.org\/chile\/wp-json\/wp\/v2\/pages"}],"about":[{"href":"https:\/\/www.greenpeace.org\/chile\/wp-json\/wp\/v2\/types\/page"}],"author":[{"embeddable":true,"href":"https:\/\/www.greenpeace.org\/chile\/wp-json\/wp\/v2\/users\/1"}],"replies":[{"embeddable":true,"href":"https:\/\/www.greenpeace.org\/chile\/wp-json\/wp\/v2\/comments?post=13"}],"version-history":[{"count":20,"href":"https:\/\/www.greenpeace.org\/chile\/wp-json\/wp\/v2\/pages\/13\/revisions"}],"predecessor-version":[{"id":16048,"href":"https:\/\/www.greenpeace.org\/chile\/wp-json\/wp\/v2\/pages\/13\/revisions\/16048"}],"wp:featuredmedia":[{"embeddable":true,"href":"https:\/\/www.greenpeace.org\/chile\/wp-json\/wp\/v2\/media\/10564"}],"wp:attachment":[{"href":"https:\/\/www.greenpeace.org\/chile\/wp-json\/wp\/v2\/media?parent=13"}],"wp:term":[{"taxonomy":"category","embeddable":true,"href":"https:\/\/www.greenpeace.org\/chile\/wp-json\/wp\/v2\/categories?post=13"},{"taxonomy":"post_tag","embeddable":true,"href":"https:\/\/www.greenpeace.org\/chile\/wp-json\/wp\/v2\/tags?post=13"}],"curies":[{"name":"wp","href":"https:\/\/api.w.org\/{rel}","templated":true}]}}