{"id":14032,"date":"2025-05-07T16:47:17","date_gmt":"2025-05-07T16:47:17","guid":{"rendered":"https:\/\/www.greenpeace.org\/chile\/?page_id=14032"},"modified":"2025-09-23T09:44:47","modified_gmt":"2025-09-23T09:44:47","slug":"tiempo-de-resistir","status":"publish","type":"page","link":"https:\/\/www.greenpeace.org\/chile\/tiempo-de-resistir\/","title":{"rendered":"Tiempo de Resistir"},"content":{"rendered":"\n\n<div class=\"wp-block-group block is-layout-flow wp-block-group-is-layout-flow\">\n<div class=\"wp-block-group alignfull has-grey-200-background-color has-background is-layout-flow wp-block-group-is-layout-flow\" style=\"padding-top:80px;padding-bottom:50px\">\n<div class=\"wp-block-group container is-layout-flow wp-block-group-is-layout-flow\">\n<div class=\"wp-block-columns is-layout-flex wp-container-core-columns-is-layout-9d6595d7 wp-block-columns-is-layout-flex\">\n<div class=\"wp-block-column is-layout-flow wp-block-column-is-layout-flow\">\n<h2 class=\"wp-block-heading has-text-align-left is-style-default has-dark-green-800-color has-text-color has-link-color wp-elements-a5178e69bec9b2d41fcc81781bd69f75\" style=\"font-size:40px\"><strong>NO NOS VAN A SILENCIAR. Esta defensa es por el planeta, la libertad de expresi\u00f3n y la justicia clim\u00e1tica.<\/strong><\/h2>\n\n\n\n<figure class=\"wp-block-image size-large\"><img decoding=\"async\" src=\"https:\/\/www.greenpeace.org\/static\/planet4-argentina-stateless\/2025\/05\/403c1313-momento-de-resistir-1024x576.jpeg\" alt=\"\" class=\"wp-image-28746\"\/><\/figure>\n<\/div>\n\n\n\n<div class=\"wp-block-column has-grey-200-background-color has-background is-layout-flow wp-block-column-is-layout-flow\"><p><script charset=\"utf-8\" type=\"text\/javascript\" src=\"\/\/js.hsforms.net\/forms\/embed\/v2.js\"><\/script><br \/>\n<script>\n  hbspt.forms.create({\n    portalId: \"20432059\",\n    formId: \"fbe7d961-7f54-48ed-811e-96d66996738f\",\n    region: \"na1\"\n  });\n<\/script><\/p>\n<\/div>\n<\/div>\n\n\n\n<div class=\"wp-block-columns is-not-stacked-on-mobile is-layout-flex wp-container-core-columns-is-layout-9d6595d7 wp-block-columns-is-layout-flex\">\n<div class=\"wp-block-column is-layout-flow wp-block-column-is-layout-flow\">\n<p class=\"has-dark-green-800-color has-text-color has-link-color wp-elements-c91f15c455a9d4953b8a6c7b0fd7f003\">Hoy, <strong>grandes corporaciones contaminantes como Energy Transfer LP<\/strong> est\u00e1n usando <strong>demandas judiciales <\/strong>para <strong>intimidar y silenciar<\/strong> a quienes defienden la naturaleza. En un fallo reciente en EE.UU., se intent\u00f3 responsabilizar a Greenpeace por haber alzado la voz frente a los da\u00f1os ambientales que estas empresas provocan. <strong>Se trata de una estrategia conocida como SLAPP (demanda estrat\u00e9gica contra la participaci\u00f3n p\u00fablica) que busca desincentivar la oposici\u00f3n pac\u00edfica<\/strong> y debilitar los avances logrados en la defensa del planeta. <\/p>\n\n\n\n<p class=\"has-dark-green-800-color has-text-color has-link-color wp-elements-11f42f3c859bd7d1a130defdad72dac0\">Nosotros no vamos a retroceder. <strong>Apelaremos esta decisi\u00f3n y enfrentaremos nuevamente a esta corporaci\u00f3n <\/strong>en tribunales neerlandeses. <\/p>\n<\/div>\n\n\n\n<div class=\"wp-block-column is-layout-flow wp-block-column-is-layout-flow\">\n<p class=\"has-dark-green-800-color has-text-color has-link-color wp-elements-05a284280267188dcef421206025e9ea\">Desde Greenpeace <strong>reafirmamos nuestro compromiso con la naturaleza y el derecho de las personas a defenderla<\/strong><\/p>\n\n\n\n<p class=\"has-dark-green-800-color has-text-color has-link-color wp-elements-30cce81cc714e7f0b9f58c3fa4e57127\">Hoy, el planeta y nuestras libertades necesitan que actuemos. <strong>\u00bfTe sumas a la defensa de nuestros derechos y del ambiente?<\/strong><\/p>\n\n\n\n<p class=\"has-dark-green-800-color has-text-color has-link-color wp-elements-716cbd4b4e6ea4d2995ccbf02c51d448\"><strong>Tu adhesi\u00f3n es clave <\/strong>para rechazar estos intentos de censura y amedrentamiento. Defender la naturaleza y la ecolog\u00eda pac\u00edficamente no puede ser castigado. <strong>Unamos nuestras voces para exigir que se respete el derecho a denunciar los abusos, a proteger la naturaleza y a construir un futuro justo para todos.<\/strong><\/p>\n<\/div>\n<\/div>\n<\/div>\n<\/div>\n\n\n\n<div class=\"wp-block-group alignfull has-beige-100-background-color has-background is-layout-flow wp-block-group-is-layout-flow\" style=\"padding-top:80px;padding-bottom:80px\">\n<div class=\"wp-block-group container is-layout-flow wp-block-group-is-layout-flow\">\n\n<div class=\"wp-block-media-text has-media-on-the-right is-stacked-on-mobile\"><div class=\"wp-block-media-text__content\">\n<h2 class=\"wp-block-heading\">Tiempo de resistir<\/h2>\n\n\n\n<p><strong>Grandes corporaciones contaminantes y grupos que se benefician de la destrucci\u00f3n de la naturaleza y de incumplimientos legales est\u00e1n usando su poder para silenciar a quienes defendemos el ambiente. Algunas incluso se atreven a demandar organizaciones como Greenpeace por alzar la voz. Pero no lo lograr\u00e1n<\/strong>.<\/p>\n\n\n\n<div class=\"wp-block-buttons is-layout-flex wp-block-buttons-is-layout-flex\">\n<div class=\"wp-block-button\"><a class=\"wp-block-button__link wp-element-button\" href=\"https:\/\/www.greenpeace.org\/chile\/noticia\/greenpeace\/greenpeace-reafirma-su-compromiso-con-la-libertad-de-expresion-tras-la-demanda-infundada-de-energy-transfer\/\">Conoce m\u00e1s<\/a><\/div>\n<\/div>\n<\/div><figure class=\"wp-block-media-text__media\"><img decoding=\"async\" src=\"https:\/\/www.greenpeace.org\/static\/planet4-argentina-stateless\/2025\/03\/1bf1f453-gp0su2kgk-1024x683.jpg\" alt=\"\" sizes=\"(min-width: 1600px) calc((1320px - 24px) \/ 2),(min-width: 1200px) calc((1140px - 24px) \/ 2),(min-width: 992px) calc((960px - 24px) \/ 2),(min-width: 768px) calc((720px - 24px) \/ 2),(min-width: 601px) calc((540px - 24px) \/ 2),(min-width: 577px) calc((540px - 24px) \/ 1), calc(100vw - 24px)\" srcset=\"\" class=\"wp-image-27673 size-full\"\/><\/figure><\/div>\n\n<\/div>\n<\/div>\n\n\n\n<div class=\"wp-block-query posts-list p4-query-loop is-custom-layout-carousel is-layout-flex wp-block-query-is-layout-flex\">\n<div class=\"wp-block-group is-content-justification-space-between is-layout-flex wp-container-core-group-is-layout-3d213aab wp-block-group-is-layout-flex\">\n<h2 class=\"wp-block-heading\">Sigue leyendo<\/h2>\n\n\n<li class=\" wp-block-navigation-item see-all-link wp-block-navigation-link\"><a class=\"wp-block-navigation-item__content\"  href=\"http:\/\/www.greenpeace.org\/chile\/news-stories\/?post-type=blog\"><span class=\"wp-block-navigation-item__label\">Ver todo<\/span><\/a><\/li><\/div>\n\n\n\n<p style=\"margin-top:24px;margin-bottom:36px\"><\/p>\n\n\n<ul class=\"wp-block-post-template is-layout-flow wp-block-post-template-is-layout-flow\"><li class=\"wp-block-post post-16080 post type-post status-publish format-standard has-post-thumbnail hentry category-greenpeace p4-page-type-noticia\">\n\n<div class=\"wp-block-columns is-layout-flex wp-container-core-columns-is-layout-9d6595d7 wp-block-columns-is-layout-flex\"><figure class=\"wp-block-post-featured-image\"><a href=\"https:\/\/www.greenpeace.org\/chile\/noticia\/greenpeace\/declaracion-publica-greenpeace-alerta-que-proyecto-del-ejecutivo-debilita-la-proteccion-ambiental-en-chile\/\" target=\"_self\"  ><img loading=\"lazy\" decoding=\"async\" width=\"150\" height=\"150\" src=\"https:\/\/www.greenpeace.org\/static\/planet4-chile-stateless\/2023\/09\/0ef1036d-logo.png\" class=\"attachment-post-thumbnail size-post-thumbnail wp-post-image wp-stateless-item\" alt=\"Declaraci\u00f3n p\u00fablica: Greenpeace alerta que proyecto del Ejecutivo debilita la protecci\u00f3n ambiental en Chile\" style=\"object-fit:cover;\" data-image-size=\"post-thumbnail\" data-stateless-media-bucket=\"planet4-chile-stateless\" data-stateless-media-name=\"2023\/09\/0ef1036d-logo.png\" \/><\/a><\/figure>\n\n\n<div class=\"wp-block-group is-layout-flow wp-block-group-is-layout-flow\">\n                <div class=\"wp-block-group is-layout-flex wp-block-group-is-layout-flex\"><div class=\"wp-block-post-terms\"><a href=\"https:\/\/www.greenpeace.org\/chile\/category\/greenpeace\/\">Greenpeace<\/a><\/div>\n                \n                \n                <\/div>\n                \n\n<h3 class=\"wp-block-post-title\"><a href=\"https:\/\/www.greenpeace.org\/chile\/noticia\/greenpeace\/declaracion-publica-greenpeace-alerta-que-proyecto-del-ejecutivo-debilita-la-proteccion-ambiental-en-chile\/\" target=\"_self\" >Declaraci\u00f3n p\u00fablica: Greenpeace alerta que proyecto del Ejecutivo debilita la protecci\u00f3n ambiental en Chile<\/a><\/h3>\n\n<div class=\"wp-block-post-excerpt\"><p class=\"wp-block-post-excerpt__excerpt\">La conducci\u00f3n del Ejecutivo en materia ambiental genera profunda preocupaci\u00f3n. <\/p><\/div>\n\n\n<div class=\"wp-block-group posts-list-meta is-layout-flow wp-block-group-is-layout-flow\"><span class='article-list-item-author'><a href='https:\/\/www.greenpeace.org\/chile\/author\/prensachile\/'>Prensa Chile<\/a><\/span>\n\n<div class=\"wp-block-post-date\"><time datetime=\"2026-04-24T01:15:21+00:00\">24 Abril 2026<\/time><\/div><\/div>\n<\/div>\n<\/div>\n\n<\/li><li class=\"wp-block-post post-16057 post type-post status-publish format-standard has-post-thumbnail hentry category-biodiversidad tag-noadominga p4-page-type-blog\">\n\n<div class=\"wp-block-columns is-layout-flex wp-container-core-columns-is-layout-9d6595d7 wp-block-columns-is-layout-flex\"><figure class=\"wp-block-post-featured-image\"><a href=\"https:\/\/www.greenpeace.org\/chile\/blog\/issues\/biodiversidad\/dia-del-pinguino-el-pinguino-de-humboldt-necesita-nuestra-proteccion\/\" target=\"_self\"  ><img loading=\"lazy\" decoding=\"async\" width=\"2500\" height=\"1667\" src=\"https:\/\/www.greenpeace.org\/static\/planet4-chile-stateless\/2025\/01\/27bdfb20-pinguinos-de-humboldt-jym_4385-credito-jonathan-gonzalez-greenpeace.jpg\" class=\"attachment-post-thumbnail size-post-thumbnail wp-post-image wp-stateless-item\" alt=\"D\u00eda del Ping\u00fcino: el Ping\u00fcino de Humboldt necesita nuestra protecci\u00f3n\u00a0\" style=\"object-fit:cover;\" srcset=\"https:\/\/www.greenpeace.org\/static\/planet4-chile-stateless\/2025\/01\/27bdfb20-pinguinos-de-humboldt-jym_4385-credito-jonathan-gonzalez-greenpeace.jpg 2500w, https:\/\/www.greenpeace.org\/static\/planet4-chile-stateless\/2025\/01\/27bdfb20-pinguinos-de-humboldt-jym_4385-credito-jonathan-gonzalez-greenpeace-300x200.jpg 300w, https:\/\/www.greenpeace.org\/static\/planet4-chile-stateless\/2025\/01\/27bdfb20-pinguinos-de-humboldt-jym_4385-credito-jonathan-gonzalez-greenpeace-1024x683.jpg 1024w, https:\/\/www.greenpeace.org\/static\/planet4-chile-stateless\/2025\/01\/27bdfb20-pinguinos-de-humboldt-jym_4385-credito-jonathan-gonzalez-greenpeace-768x512.jpg 768w, https:\/\/www.greenpeace.org\/static\/planet4-chile-stateless\/2025\/01\/27bdfb20-pinguinos-de-humboldt-jym_4385-credito-jonathan-gonzalez-greenpeace-1536x1024.jpg 1536w, https:\/\/www.greenpeace.org\/static\/planet4-chile-stateless\/2025\/01\/27bdfb20-pinguinos-de-humboldt-jym_4385-credito-jonathan-gonzalez-greenpeace-2048x1366.jpg 2048w, https:\/\/www.greenpeace.org\/static\/planet4-chile-stateless\/2025\/01\/27bdfb20-pinguinos-de-humboldt-jym_4385-credito-jonathan-gonzalez-greenpeace-510x340.jpg 510w\" sizes=\"auto, (max-width: 2500px) 100vw, 2500px\" data-image-size=\"post-thumbnail\" data-stateless-media-bucket=\"planet4-chile-stateless\" data-stateless-media-name=\"2025\/01\/27bdfb20-pinguinos-de-humboldt-jym_4385-credito-jonathan-gonzalez-greenpeace.jpg\" \/><\/a><\/figure>\n\n\n<div class=\"wp-block-group is-layout-flow wp-block-group-is-layout-flow\">\n                <div class=\"wp-block-group is-layout-flex wp-block-group-is-layout-flex\"><div class=\"wp-block-post-terms\"><a href=\"https:\/\/www.greenpeace.org\/chile\/category\/issues\/biodiversidad\/\">Biodiversidad<\/a><\/div>\n                <div class=\"taxonomy-post_tag wp-block-post-terms\"><a href=\"https:\/\/www.greenpeace.org\/chile\/tag\/noadominga\/\" rel=\"tag\">NoaDominga<\/a><\/div>\n                \n                <\/div>\n                \n\n<h3 class=\"wp-block-post-title\"><a href=\"https:\/\/www.greenpeace.org\/chile\/blog\/issues\/biodiversidad\/dia-del-pinguino-el-pinguino-de-humboldt-necesita-nuestra-proteccion\/\" target=\"_self\" >D\u00eda del Ping\u00fcino: el Ping\u00fcino de Humboldt necesita nuestra protecci\u00f3n\u00a0<\/a><\/h3>\n\n<div class=\"wp-block-post-excerpt\"><p class=\"wp-block-post-excerpt__excerpt\">Conoce al guardi\u00e1n de nuestras costas. <\/p><\/div>\n\n\n<div class=\"wp-block-group posts-list-meta is-layout-flow wp-block-group-is-layout-flow\"><span class='article-list-item-author'>Meri Castro<\/span>\n\n<div class=\"wp-block-post-date\"><time datetime=\"2026-04-23T13:15:35+00:00\">23 Abril 2026<\/time><\/div><\/div>\n<\/div>\n<\/div>\n\n<\/li><li class=\"wp-block-post post-16053 post type-post status-publish format-standard has-post-thumbnail hentry category-sustentabilidad p4-page-type-blog\">\n\n<div class=\"wp-block-columns is-layout-flex wp-container-core-columns-is-layout-9d6595d7 wp-block-columns-is-layout-flex\"><figure class=\"wp-block-post-featured-image\"><a href=\"https:\/\/www.greenpeace.org\/chile\/blog\/issues\/sustentabilidad\/dia-de-la-tierra-un-llamado-a-construir-esperanza-en-tiempos-de-crisis-ambiental\/\" target=\"_self\"  ><img loading=\"lazy\" decoding=\"async\" width=\"1200\" height=\"900\" src=\"https:\/\/www.greenpeace.org\/static\/planet4-chile-stateless\/2026\/04\/ba8d1f63-gp0stqt3a.jpg\" class=\"attachment-post-thumbnail size-post-thumbnail wp-post-image wp-stateless-item\" alt=\"D\u00eda de la Tierra: un llamado a construir esperanza en tiempos de crisis ambiental\u00a0\" style=\"object-fit:cover;\" srcset=\"https:\/\/www.greenpeace.org\/static\/planet4-chile-stateless\/2026\/04\/ba8d1f63-gp0stqt3a.jpg 1200w, https:\/\/www.greenpeace.org\/static\/planet4-chile-stateless\/2026\/04\/ba8d1f63-gp0stqt3a-300x225.jpg 300w, https:\/\/www.greenpeace.org\/static\/planet4-chile-stateless\/2026\/04\/ba8d1f63-gp0stqt3a-1024x768.jpg 1024w, https:\/\/www.greenpeace.org\/static\/planet4-chile-stateless\/2026\/04\/ba8d1f63-gp0stqt3a-768x576.jpg 768w, https:\/\/www.greenpeace.org\/static\/planet4-chile-stateless\/2026\/04\/ba8d1f63-gp0stqt3a-453x340.jpg 453w\" sizes=\"auto, (max-width: 1200px) 100vw, 1200px\" data-image-size=\"post-thumbnail\" data-stateless-media-bucket=\"planet4-chile-stateless\" data-stateless-media-name=\"2026\/04\/ba8d1f63-gp0stqt3a.jpg\" \/><\/a><\/figure>\n\n\n<div class=\"wp-block-group is-layout-flow wp-block-group-is-layout-flow\">\n                <div class=\"wp-block-group is-layout-flex wp-block-group-is-layout-flex\"><div class=\"wp-block-post-terms\"><a href=\"https:\/\/www.greenpeace.org\/chile\/category\/issues\/sustentabilidad\/\">Sustentabilidad<\/a><\/div>\n                \n                \n                <\/div>\n                \n\n<h3 class=\"wp-block-post-title\"><a href=\"https:\/\/www.greenpeace.org\/chile\/blog\/issues\/sustentabilidad\/dia-de-la-tierra-un-llamado-a-construir-esperanza-en-tiempos-de-crisis-ambiental\/\" target=\"_self\" >D\u00eda de la Tierra: un llamado a construir esperanza en tiempos de crisis ambiental\u00a0<\/a><\/h3>\n\n<div class=\"wp-block-post-excerpt\"><p class=\"wp-block-post-excerpt__excerpt\">La Tierra nos necesita l\u00facidos, no desesperados. <\/p><\/div>\n\n\n<div class=\"wp-block-group posts-list-meta is-layout-flow wp-block-group-is-layout-flow\"><span class='article-list-item-author'>Meri Castro<\/span>\n\n<div class=\"wp-block-post-date\"><time datetime=\"2026-04-21T16:34:03+00:00\">21 Abril 2026<\/time><\/div><\/div>\n<\/div>\n<\/div>\n\n<\/li><li class=\"wp-block-post post-16050 post type-post status-publish format-standard has-post-thumbnail hentry category-bosques p4-page-type-noticia\">\n\n<div class=\"wp-block-columns is-layout-flex wp-container-core-columns-is-layout-9d6595d7 wp-block-columns-is-layout-flex\"><figure class=\"wp-block-post-featured-image\"><a href=\"https:\/\/www.greenpeace.org\/chile\/noticia\/issues\/bosques\/cuando-regular-salva-vidas\/\" target=\"_self\"  ><img loading=\"lazy\" decoding=\"async\" width=\"2048\" height=\"1365\" src=\"https:\/\/www.greenpeace.org\/static\/planet4-chile-stateless\/2026\/01\/145809d4-gpc-incendios-en-chaimavida-concepcion-01-\u00a9-pablo-hidalgo-greenpeace.jpg\" class=\"attachment-post-thumbnail size-post-thumbnail wp-post-image wp-stateless-item\" alt=\"Cuando regular salva vidas\" style=\"object-fit:cover;\" srcset=\"https:\/\/www.greenpeace.org\/static\/planet4-chile-stateless\/2026\/01\/145809d4-gpc-incendios-en-chaimavida-concepcion-01-\u00a9-pablo-hidalgo-greenpeace.jpg 2048w, https:\/\/www.greenpeace.org\/static\/planet4-chile-stateless\/2026\/01\/145809d4-gpc-incendios-en-chaimavida-concepcion-01-\u00a9-pablo-hidalgo-greenpeace-300x200.jpg 300w, https:\/\/www.greenpeace.org\/static\/planet4-chile-stateless\/2026\/01\/145809d4-gpc-incendios-en-chaimavida-concepcion-01-\u00a9-pablo-hidalgo-greenpeace-1024x683.jpg 1024w, https:\/\/www.greenpeace.org\/static\/planet4-chile-stateless\/2026\/01\/145809d4-gpc-incendios-en-chaimavida-concepcion-01-\u00a9-pablo-hidalgo-greenpeace-768x512.jpg 768w, https:\/\/www.greenpeace.org\/static\/planet4-chile-stateless\/2026\/01\/145809d4-gpc-incendios-en-chaimavida-concepcion-01-\u00a9-pablo-hidalgo-greenpeace-1536x1024.jpg 1536w, https:\/\/www.greenpeace.org\/static\/planet4-chile-stateless\/2026\/01\/145809d4-gpc-incendios-en-chaimavida-concepcion-01-\u00a9-pablo-hidalgo-greenpeace-510x340.jpg 510w\" sizes=\"auto, (max-width: 2048px) 100vw, 2048px\" data-image-size=\"post-thumbnail\" data-stateless-media-bucket=\"planet4-chile-stateless\" data-stateless-media-name=\"2026\/01\/145809d4-gpc-incendios-en-chaimavida-concepcion-01-\u00a9-pablo-hidalgo-greenpeace.jpg\" \/><\/a><\/figure>\n\n\n<div class=\"wp-block-group is-layout-flow wp-block-group-is-layout-flow\">\n                <div class=\"wp-block-group is-layout-flex wp-block-group-is-layout-flex\"><div class=\"wp-block-post-terms\"><a href=\"https:\/\/www.greenpeace.org\/chile\/category\/issues\/bosques\/\">Bosques<\/a><\/div>\n                \n                \n                <\/div>\n                \n\n<h3 class=\"wp-block-post-title\"><a href=\"https:\/\/www.greenpeace.org\/chile\/noticia\/issues\/bosques\/cuando-regular-salva-vidas\/\" target=\"_self\" >Cuando regular salva vidas<\/a><\/h3>\n\n<div class=\"wp-block-post-excerpt\"><p class=\"wp-block-post-excerpt__excerpt\">Sabemos que uno de los mayores riesgos que enfrenta el pa\u00eds durante el periodo estival es la ocurrencia de incendios forestales. <\/p><\/div>\n\n\n<div class=\"wp-block-group posts-list-meta is-layout-flow wp-block-group-is-layout-flow\"><span class='article-list-item-author'><a href='https:\/\/www.greenpeace.org\/chile\/author\/prensachile\/'>Prensa Chile<\/a><\/span>\n\n<div class=\"wp-block-post-date\"><time datetime=\"2026-04-08T21:53:36+00:00\">8 Abril 2026<\/time><\/div><\/div>\n<\/div>\n<\/div>\n\n<\/li><li class=\"wp-block-post post-16026 post type-post status-publish format-standard has-post-thumbnail hentry category-climayenergia category-contaminacion tag-chaocarbon p4-page-type-blog\">\n\n<div class=\"wp-block-columns is-layout-flex wp-container-core-columns-is-layout-9d6595d7 wp-block-columns-is-layout-flex\"><figure class=\"wp-block-post-featured-image\"><a href=\"https:\/\/www.greenpeace.org\/chile\/blog\/issues\/climayenergia\/salud-en-riesgo-en-quintero-y-puchuncavi-los-mas-jovenes-en-el-centro-de-intoxicaciones-masivas\/\" target=\"_self\"  ><img loading=\"lazy\" decoding=\"async\" width=\"1600\" height=\"1066\" src=\"https:\/\/www.greenpeace.org\/static\/planet4-chile-stateless\/2025\/11\/e4bf7ddc-bannerinfancias_003-1.jpeg\" class=\"attachment-post-thumbnail size-post-thumbnail wp-post-image wp-stateless-item\" alt=\"Salud en riesgo en Quintero y Puchuncav\u00ed: los m\u00e1s j\u00f3venes, en el centro de intoxicaciones masivas\" style=\"object-fit:cover;\" srcset=\"https:\/\/www.greenpeace.org\/static\/planet4-chile-stateless\/2025\/11\/e4bf7ddc-bannerinfancias_003-1.jpeg 1600w, https:\/\/www.greenpeace.org\/static\/planet4-chile-stateless\/2025\/11\/e4bf7ddc-bannerinfancias_003-1-300x200.jpeg 300w, https:\/\/www.greenpeace.org\/static\/planet4-chile-stateless\/2025\/11\/e4bf7ddc-bannerinfancias_003-1-1024x682.jpeg 1024w, https:\/\/www.greenpeace.org\/static\/planet4-chile-stateless\/2025\/11\/e4bf7ddc-bannerinfancias_003-1-768x512.jpeg 768w, https:\/\/www.greenpeace.org\/static\/planet4-chile-stateless\/2025\/11\/e4bf7ddc-bannerinfancias_003-1-1536x1023.jpeg 1536w, https:\/\/www.greenpeace.org\/static\/planet4-chile-stateless\/2025\/11\/e4bf7ddc-bannerinfancias_003-1-510x340.jpeg 510w\" sizes=\"auto, (max-width: 1600px) 100vw, 1600px\" data-image-size=\"post-thumbnail\" data-stateless-media-bucket=\"planet4-chile-stateless\" data-stateless-media-name=\"2025\/11\/e4bf7ddc-bannerinfancias_003-1.jpeg\" \/><\/a><\/figure>\n\n\n<div class=\"wp-block-group is-layout-flow wp-block-group-is-layout-flow\">\n                <div class=\"wp-block-group is-layout-flex wp-block-group-is-layout-flex\"><div class=\"wp-block-post-terms\"><a href=\"https:\/\/www.greenpeace.org\/chile\/category\/issues\/climayenergia\/\">Clima y Energ\u00eda<\/a><\/div>\n                <div class=\"taxonomy-post_tag wp-block-post-terms\"><a href=\"https:\/\/www.greenpeace.org\/chile\/tag\/chaocarbon\/\" rel=\"tag\">ChaoCarb\u00f3n<\/a><\/div>\n                \n                <\/div>\n                \n\n<h3 class=\"wp-block-post-title\"><a href=\"https:\/\/www.greenpeace.org\/chile\/blog\/issues\/climayenergia\/salud-en-riesgo-en-quintero-y-puchuncavi-los-mas-jovenes-en-el-centro-de-intoxicaciones-masivas\/\" target=\"_self\" >Salud en riesgo en Quintero y Puchuncav\u00ed: los m\u00e1s j\u00f3venes, en el centro de intoxicaciones masivas<\/a><\/h3>\n\n<div class=\"wp-block-post-excerpt\"><p class=\"wp-block-post-excerpt__excerpt\">Aire t\u00f3xico, futuro incierto: el costo humano del polo industrial. <\/p><\/div>\n\n\n<div class=\"wp-block-group posts-list-meta is-layout-flow wp-block-group-is-layout-flow\"><span class='article-list-item-author'>Meri Castro<\/span>\n\n<div class=\"wp-block-post-date\"><time datetime=\"2026-04-07T16:27:07+00:00\">7 Abril 2026<\/time><\/div><\/div>\n<\/div>\n<\/div>\n\n<\/li><li class=\"wp-block-post post-16018 post type-post status-publish format-standard has-post-thumbnail hentry category-contaminacion tag-chaocarbon p4-page-type-noticia\">\n\n<div class=\"wp-block-columns is-layout-flex wp-container-core-columns-is-layout-9d6595d7 wp-block-columns-is-layout-flex\"><figure class=\"wp-block-post-featured-image\"><a href=\"https:\/\/www.greenpeace.org\/chile\/noticia\/issues\/contaminacion\/cuando-la-vuelta-al-colegio-es-motivo-de-angustia-para-las-familias\/\" target=\"_self\"  ><img loading=\"lazy\" decoding=\"async\" width=\"1085\" height=\"710\" src=\"https:\/\/www.greenpeace.org\/static\/planet4-chile-stateless\/2026\/03\/41a8d061-quinteroeducacion.png\" class=\"attachment-post-thumbnail size-post-thumbnail wp-post-image wp-stateless-item\" alt=\"Cuando la vuelta al colegio es motivo de angustia para las familias\" style=\"object-fit:cover;\" srcset=\"https:\/\/www.greenpeace.org\/static\/planet4-chile-stateless\/2026\/03\/41a8d061-quinteroeducacion.png 1085w, https:\/\/www.greenpeace.org\/static\/planet4-chile-stateless\/2026\/03\/41a8d061-quinteroeducacion-300x196.png 300w, https:\/\/www.greenpeace.org\/static\/planet4-chile-stateless\/2026\/03\/41a8d061-quinteroeducacion-1024x670.png 1024w, https:\/\/www.greenpeace.org\/static\/planet4-chile-stateless\/2026\/03\/41a8d061-quinteroeducacion-768x503.png 768w, https:\/\/www.greenpeace.org\/static\/planet4-chile-stateless\/2026\/03\/41a8d061-quinteroeducacion-510x334.png 510w\" sizes=\"auto, (max-width: 1085px) 100vw, 1085px\" data-image-size=\"post-thumbnail\" data-stateless-media-bucket=\"planet4-chile-stateless\" data-stateless-media-name=\"2026\/03\/41a8d061-quinteroeducacion.png\" \/><\/a><\/figure>\n\n\n<div class=\"wp-block-group is-layout-flow wp-block-group-is-layout-flow\">\n                <div class=\"wp-block-group is-layout-flex wp-block-group-is-layout-flex\"><div class=\"wp-block-post-terms\"><a href=\"https:\/\/www.greenpeace.org\/chile\/category\/issues\/contaminacion\/\">Contaminaci\u00f3n<\/a><\/div>\n                <div class=\"taxonomy-post_tag wp-block-post-terms\"><a href=\"https:\/\/www.greenpeace.org\/chile\/tag\/chaocarbon\/\" rel=\"tag\">ChaoCarb\u00f3n<\/a><\/div>\n                \n                <\/div>\n                \n\n<h3 class=\"wp-block-post-title\"><a href=\"https:\/\/www.greenpeace.org\/chile\/noticia\/issues\/contaminacion\/cuando-la-vuelta-al-colegio-es-motivo-de-angustia-para-las-familias\/\" target=\"_self\" >Cuando la vuelta al colegio es motivo de angustia para las familias<\/a><\/h3>\n\n<div class=\"wp-block-post-excerpt\"><p class=\"wp-block-post-excerpt__excerpt\">Muchas personas fueorn afectadas por las intoxicaciones masivas al asistir a establecimientos educacionales <\/p><\/div>\n\n\n<div class=\"wp-block-group posts-list-meta is-layout-flow wp-block-group-is-layout-flow\"><span class='article-list-item-author'><a href='https:\/\/www.greenpeace.org\/chile\/author\/prensachile\/'>Prensa Chile<\/a><\/span>\n\n<div class=\"wp-block-post-date\"><time datetime=\"2026-03-25T15:35:04+00:00\">25 Marzo 2026<\/time><\/div><\/div>\n<\/div>\n<\/div>\n\n<\/li><li class=\"wp-block-post post-16009 post type-post status-publish format-standard has-post-thumbnail hentry category-climayenergia tag-bajemoslosbronces p4-page-type-blog\">\n\n<div class=\"wp-block-columns is-layout-flex wp-container-core-columns-is-layout-9d6595d7 wp-block-columns-is-layout-flex\"><figure class=\"wp-block-post-featured-image\"><a href=\"https:\/\/www.greenpeace.org\/chile\/blog\/issues\/climayenergia\/dia-mundial-del-agua-2026-la-onu-advierte-sobre-una-bancarrota-hidrica-global\/\" target=\"_self\"  ><img loading=\"lazy\" decoding=\"async\" width=\"800\" height=\"599\" src=\"https:\/\/www.greenpeace.org\/static\/planet4-chile-stateless\/2023\/07\/b66d66e4-gp0stwtfi_web_size_with_credit_line.jpg\" class=\"attachment-post-thumbnail size-post-thumbnail wp-post-image wp-stateless-item\" alt=\"D\u00eda Mundial del Agua 2026: la ONU advierte sobre una bancarrota h\u00eddrica global\" style=\"object-fit:cover;\" srcset=\"https:\/\/www.greenpeace.org\/static\/planet4-chile-stateless\/2023\/07\/b66d66e4-gp0stwtfi_web_size_with_credit_line.jpg 800w, https:\/\/www.greenpeace.org\/static\/planet4-chile-stateless\/2023\/07\/b66d66e4-gp0stwtfi_web_size_with_credit_line-300x225.jpg 300w, https:\/\/www.greenpeace.org\/static\/planet4-chile-stateless\/2023\/07\/b66d66e4-gp0stwtfi_web_size_with_credit_line-768x575.jpg 768w, https:\/\/www.greenpeace.org\/static\/planet4-chile-stateless\/2023\/07\/b66d66e4-gp0stwtfi_web_size_with_credit_line-454x340.jpg 454w\" sizes=\"auto, (max-width: 800px) 100vw, 800px\" data-image-size=\"post-thumbnail\" data-stateless-media-bucket=\"planet4-chile-stateless\" data-stateless-media-name=\"2023\/07\/b66d66e4-gp0stwtfi_web_size_with_credit_line.jpg\" \/><\/a><\/figure>\n\n\n<div class=\"wp-block-group is-layout-flow wp-block-group-is-layout-flow\">\n                <div class=\"wp-block-group is-layout-flex wp-block-group-is-layout-flex\"><div class=\"wp-block-post-terms\"><a href=\"https:\/\/www.greenpeace.org\/chile\/category\/issues\/climayenergia\/\">Clima y Energ\u00eda<\/a><\/div>\n                <div class=\"taxonomy-post_tag wp-block-post-terms\"><a href=\"https:\/\/www.greenpeace.org\/chile\/tag\/bajemoslosbronces\/\" rel=\"tag\">Bajemos Los Bronces<\/a><\/div>\n                \n                <\/div>\n                \n\n<h3 class=\"wp-block-post-title\"><a href=\"https:\/\/www.greenpeace.org\/chile\/blog\/issues\/climayenergia\/dia-mundial-del-agua-2026-la-onu-advierte-sobre-una-bancarrota-hidrica-global\/\" target=\"_self\" >D\u00eda Mundial del Agua 2026: la ONU advierte sobre una bancarrota h\u00eddrica global<\/a><\/h3>\n\n<div class=\"wp-block-post-excerpt\"><p class=\"wp-block-post-excerpt__excerpt\">Sed global: la nueva cara de la crisis clim\u00e1tica. <\/p><\/div>\n\n\n<div class=\"wp-block-group posts-list-meta is-layout-flow wp-block-group-is-layout-flow\"><span class='article-list-item-author'>Meri Castro<\/span>\n\n<div class=\"wp-block-post-date\"><time datetime=\"2026-03-20T18:24:26+00:00\">20 Marzo 2026<\/time><\/div><\/div>\n<\/div>\n<\/div>\n\n<\/li><li class=\"wp-block-post post-15999 post type-post status-publish format-standard has-post-thumbnail hentry category-bosques tag-chilesincenizas p4-page-type-blog\">\n\n<div class=\"wp-block-columns is-layout-flex wp-container-core-columns-is-layout-9d6595d7 wp-block-columns-is-layout-flex\"><figure class=\"wp-block-post-featured-image\"><a href=\"https:\/\/www.greenpeace.org\/chile\/blog\/issues\/bosques\/dia-internacional-de-los-bosques-incendios-bosques-nativos-y-el-pedido-de-un-chilesincenizas\/\" target=\"_self\"  ><img loading=\"lazy\" decoding=\"async\" width=\"2000\" height=\"1337\" src=\"https:\/\/www.greenpeace.org\/static\/planet4-chile-stateless\/2026\/01\/dfef4485-gpc-_chilesincenizas-03-\u00a9-christian-zamora-veas-greenpeace.jpg\" class=\"attachment-post-thumbnail size-post-thumbnail wp-post-image wp-stateless-item\" alt=\"D\u00eda Internacional de los Bosques: incendios, bosques nativos y el pedido de un #ChileSinCenizas\u00a0\u00a0\" style=\"object-fit:cover;\" srcset=\"https:\/\/www.greenpeace.org\/static\/planet4-chile-stateless\/2026\/01\/dfef4485-gpc-_chilesincenizas-03-\u00a9-christian-zamora-veas-greenpeace.jpg 2000w, https:\/\/www.greenpeace.org\/static\/planet4-chile-stateless\/2026\/01\/dfef4485-gpc-_chilesincenizas-03-\u00a9-christian-zamora-veas-greenpeace-300x201.jpg 300w, https:\/\/www.greenpeace.org\/static\/planet4-chile-stateless\/2026\/01\/dfef4485-gpc-_chilesincenizas-03-\u00a9-christian-zamora-veas-greenpeace-1024x685.jpg 1024w, https:\/\/www.greenpeace.org\/static\/planet4-chile-stateless\/2026\/01\/dfef4485-gpc-_chilesincenizas-03-\u00a9-christian-zamora-veas-greenpeace-768x513.jpg 768w, https:\/\/www.greenpeace.org\/static\/planet4-chile-stateless\/2026\/01\/dfef4485-gpc-_chilesincenizas-03-\u00a9-christian-zamora-veas-greenpeace-1536x1027.jpg 1536w, https:\/\/www.greenpeace.org\/static\/planet4-chile-stateless\/2026\/01\/dfef4485-gpc-_chilesincenizas-03-\u00a9-christian-zamora-veas-greenpeace-510x340.jpg 510w\" sizes=\"auto, (max-width: 2000px) 100vw, 2000px\" data-image-size=\"post-thumbnail\" data-stateless-media-bucket=\"planet4-chile-stateless\" data-stateless-media-name=\"2026\/01\/dfef4485-gpc-_chilesincenizas-03-\u00a9-christian-zamora-veas-greenpeace.jpg\" \/><\/a><\/figure>\n\n\n<div class=\"wp-block-group is-layout-flow wp-block-group-is-layout-flow\">\n                <div class=\"wp-block-group is-layout-flex wp-block-group-is-layout-flex\"><div class=\"wp-block-post-terms\"><a href=\"https:\/\/www.greenpeace.org\/chile\/category\/issues\/bosques\/\">Bosques<\/a><\/div>\n                <div class=\"taxonomy-post_tag wp-block-post-terms\"><a href=\"https:\/\/www.greenpeace.org\/chile\/tag\/chilesincenizas\/\" rel=\"tag\">ChileSinCenizas<\/a><\/div>\n                \n                <\/div>\n                \n\n<h3 class=\"wp-block-post-title\"><a href=\"https:\/\/www.greenpeace.org\/chile\/blog\/issues\/bosques\/dia-internacional-de-los-bosques-incendios-bosques-nativos-y-el-pedido-de-un-chilesincenizas\/\" target=\"_self\" >D\u00eda Internacional de los Bosques: incendios, bosques nativos y el pedido de un #ChileSinCenizas\u00a0\u00a0<\/a><\/h3>\n\n<div class=\"wp-block-post-excerpt\"><p class=\"wp-block-post-excerpt__excerpt\">Hoy m\u00e1s que nunca debemos proteger nuestros bosques nativos. <\/p><\/div>\n\n\n<div class=\"wp-block-group posts-list-meta is-layout-flow wp-block-group-is-layout-flow\"><span class='article-list-item-author'>Meri Castro<\/span>\n\n<div class=\"wp-block-post-date\"><time datetime=\"2026-03-20T18:13:31+00:00\">20 Marzo 2026<\/time><\/div><\/div>\n<\/div>\n<\/div>\n\n<\/li><li class=\"wp-block-post post-15993 post type-post status-publish format-standard has-post-thumbnail hentry category-greenpeace p4-page-type-noticia\">\n\n<div class=\"wp-block-columns is-layout-flex wp-container-core-columns-is-layout-9d6595d7 wp-block-columns-is-layout-flex\"><figure class=\"wp-block-post-featured-image\"><a href=\"https:\/\/www.greenpeace.org\/chile\/noticia\/greenpeace\/declaracion-publica-alerta-ante-retrocesos-ambientales-del-gobierno-del-presidente-kast\/\" target=\"_self\"  ><img loading=\"lazy\" decoding=\"async\" width=\"2500\" height=\"1668\" src=\"https:\/\/www.greenpeace.org\/static\/planet4-chile-stateless\/2024\/05\/b289ff98-archipielago-humboldt-credito-cesar-villarroel-greenpeace-3.jpg\" class=\"attachment-post-thumbnail size-post-thumbnail wp-post-image wp-stateless-item\" alt=\"Declaraci\u00f3n p\u00fablica: Alerta ante retrocesos ambientales del gobierno del presidente Kast\" style=\"object-fit:cover;\" srcset=\"https:\/\/www.greenpeace.org\/static\/planet4-chile-stateless\/2024\/05\/b289ff98-archipielago-humboldt-credito-cesar-villarroel-greenpeace-3.jpg 2500w, https:\/\/www.greenpeace.org\/static\/planet4-chile-stateless\/2024\/05\/b289ff98-archipielago-humboldt-credito-cesar-villarroel-greenpeace-3-300x200.jpg 300w, https:\/\/www.greenpeace.org\/static\/planet4-chile-stateless\/2024\/05\/b289ff98-archipielago-humboldt-credito-cesar-villarroel-greenpeace-3-1024x683.jpg 1024w, https:\/\/www.greenpeace.org\/static\/planet4-chile-stateless\/2024\/05\/b289ff98-archipielago-humboldt-credito-cesar-villarroel-greenpeace-3-768x512.jpg 768w, https:\/\/www.greenpeace.org\/static\/planet4-chile-stateless\/2024\/05\/b289ff98-archipielago-humboldt-credito-cesar-villarroel-greenpeace-3-1536x1025.jpg 1536w, https:\/\/www.greenpeace.org\/static\/planet4-chile-stateless\/2024\/05\/b289ff98-archipielago-humboldt-credito-cesar-villarroel-greenpeace-3-2048x1366.jpg 2048w, https:\/\/www.greenpeace.org\/static\/planet4-chile-stateless\/2024\/05\/b289ff98-archipielago-humboldt-credito-cesar-villarroel-greenpeace-3-510x340.jpg 510w\" sizes=\"auto, (max-width: 2500px) 100vw, 2500px\" data-image-size=\"post-thumbnail\" data-stateless-media-bucket=\"planet4-chile-stateless\" data-stateless-media-name=\"2024\/05\/b289ff98-archipielago-humboldt-credito-cesar-villarroel-greenpeace-3.jpg\" \/><\/a><\/figure>\n\n\n<div class=\"wp-block-group is-layout-flow wp-block-group-is-layout-flow\">\n                <div class=\"wp-block-group is-layout-flex wp-block-group-is-layout-flex\"><div class=\"wp-block-post-terms\"><a href=\"https:\/\/www.greenpeace.org\/chile\/category\/greenpeace\/\">Greenpeace<\/a><\/div>\n                \n                \n                <\/div>\n                \n\n<h3 class=\"wp-block-post-title\"><a href=\"https:\/\/www.greenpeace.org\/chile\/noticia\/greenpeace\/declaracion-publica-alerta-ante-retrocesos-ambientales-del-gobierno-del-presidente-kast\/\" target=\"_self\" >Declaraci\u00f3n p\u00fablica: Alerta ante retrocesos ambientales del gobierno del presidente Kast<\/a><\/h3>\n\n<div class=\"wp-block-post-excerpt\"><p class=\"wp-block-post-excerpt__excerpt\">Ante el retiro de 43 decretos ambientales que regulan temas tan importantes como planes de descontaminaci\u00f3n y calidad del aire, entre otras materias, las organizaciones socioambientales y sociedades cient\u00edficas que&hellip; <\/p><\/div>\n\n\n<div class=\"wp-block-group posts-list-meta is-layout-flow wp-block-group-is-layout-flow\"><span class='article-list-item-author'><a href='https:\/\/www.greenpeace.org\/chile\/author\/prensachile\/'>Prensa Chile<\/a><\/span>\n\n<div class=\"wp-block-post-date\"><time datetime=\"2026-03-18T16:09:23+00:00\">18 Marzo 2026<\/time><\/div><\/div>\n<\/div>\n<\/div>\n\n<\/li><li class=\"wp-block-post post-15955 post type-post status-publish format-standard has-post-thumbnail hentry category-greenpeace tag-socios p4-page-type-blog\">\n\n<div class=\"wp-block-columns is-layout-flex wp-container-core-columns-is-layout-9d6595d7 wp-block-columns-is-layout-flex\"><figure class=\"wp-block-post-featured-image\"><a href=\"https:\/\/www.greenpeace.org\/chile\/blog\/greenpeace\/gracias-por-nada-a-los-poderosos-y-gracias-por-todo-a-las-personas-somos-independientes-porque-la-gente-lo-hace-posible\/\" target=\"_self\"  ><img loading=\"lazy\" decoding=\"async\" width=\"800\" height=\"528\" src=\"https:\/\/www.greenpeace.org\/static\/planet4-chile-stateless\/2026\/03\/6dbce04b-gif-header-horizontal.gif\" class=\"attachment-post-thumbnail size-post-thumbnail wp-post-image wp-stateless-item\" alt=\"\u201cGracias por Nada\u201d a los poderosos y \u201cGracias por Todo\u201d a las personas: somos independientes porque la gente lo hace posible\" style=\"object-fit:cover;\" data-image-size=\"post-thumbnail\" data-stateless-media-bucket=\"planet4-chile-stateless\" data-stateless-media-name=\"2026\/03\/6dbce04b-gif-header-horizontal.gif\" \/><\/a><\/figure>\n\n\n<div class=\"wp-block-group is-layout-flow wp-block-group-is-layout-flow\">\n                <div class=\"wp-block-group is-layout-flex wp-block-group-is-layout-flex\"><div class=\"wp-block-post-terms\"><a href=\"https:\/\/www.greenpeace.org\/chile\/category\/greenpeace\/\">Greenpeace<\/a><\/div>\n                <div class=\"taxonomy-post_tag wp-block-post-terms\"><a href=\"https:\/\/www.greenpeace.org\/chile\/tag\/socios\/\" rel=\"tag\">Socios<\/a><\/div>\n                \n                <\/div>\n                \n\n<h3 class=\"wp-block-post-title\"><a href=\"https:\/\/www.greenpeace.org\/chile\/blog\/greenpeace\/gracias-por-nada-a-los-poderosos-y-gracias-por-todo-a-las-personas-somos-independientes-porque-la-gente-lo-hace-posible\/\" target=\"_self\" >\u201cGracias por Nada\u201d a los poderosos y \u201cGracias por Todo\u201d a las personas: somos independientes porque la gente lo hace posible<\/a><\/h3>\n\n<div class=\"wp-block-post-excerpt\"><p class=\"wp-block-post-excerpt__excerpt\">Nuestra independencia es un valor central. <\/p><\/div>\n\n\n<div class=\"wp-block-group posts-list-meta is-layout-flow wp-block-group-is-layout-flow\"><span class='article-list-item-author'>Laura Colombo<\/span>\n\n<div class=\"wp-block-post-date\"><time datetime=\"2026-03-18T15:58:01+00:00\">18 Marzo 2026<\/time><\/div><\/div>\n<\/div>\n<\/div>\n\n<\/li><li class=\"wp-block-post post-15936 post type-post status-publish format-standard has-post-thumbnail hentry category-greenpeace p4-page-type-blog\">\n\n<div class=\"wp-block-columns is-layout-flex wp-container-core-columns-is-layout-9d6595d7 wp-block-columns-is-layout-flex\"><figure class=\"wp-block-post-featured-image\"><a href=\"https:\/\/www.greenpeace.org\/chile\/blog\/greenpeace\/8m-las-mujeres-y-su-liderazgo-en-en-la-defensa-de-la-naturaleza\/\" target=\"_self\"  ><img loading=\"lazy\" decoding=\"async\" width=\"800\" height=\"534\" src=\"https:\/\/www.greenpeace.org\/static\/planet4-chile-stateless\/2025\/03\/1407c721-gp0stunfs_low-res-with-credit-line-800px.jpg\" class=\"attachment-post-thumbnail size-post-thumbnail wp-post-image wp-stateless-item\" alt=\"#8M: Las mujeres y su liderazgo en en la defensa de la naturaleza\" style=\"object-fit:cover;\" srcset=\"https:\/\/www.greenpeace.org\/static\/planet4-chile-stateless\/2025\/03\/1407c721-gp0stunfs_low-res-with-credit-line-800px.jpg 800w, https:\/\/www.greenpeace.org\/static\/planet4-chile-stateless\/2025\/03\/1407c721-gp0stunfs_low-res-with-credit-line-800px-300x200.jpg 300w, https:\/\/www.greenpeace.org\/static\/planet4-chile-stateless\/2025\/03\/1407c721-gp0stunfs_low-res-with-credit-line-800px-768x513.jpg 768w, https:\/\/www.greenpeace.org\/static\/planet4-chile-stateless\/2025\/03\/1407c721-gp0stunfs_low-res-with-credit-line-800px-510x340.jpg 510w\" sizes=\"auto, (max-width: 800px) 100vw, 800px\" data-image-size=\"post-thumbnail\" data-stateless-media-bucket=\"planet4-chile-stateless\" data-stateless-media-name=\"2025\/03\/1407c721-gp0stunfs_low-res-with-credit-line-800px.jpg\" \/><\/a><\/figure>\n\n\n<div class=\"wp-block-group is-layout-flow wp-block-group-is-layout-flow\">\n                <div class=\"wp-block-group is-layout-flex wp-block-group-is-layout-flex\"><div class=\"wp-block-post-terms\"><a href=\"https:\/\/www.greenpeace.org\/chile\/category\/greenpeace\/\">Greenpeace<\/a><\/div>\n                \n                \n                <\/div>\n                \n\n<h3 class=\"wp-block-post-title\"><a href=\"https:\/\/www.greenpeace.org\/chile\/blog\/greenpeace\/8m-las-mujeres-y-su-liderazgo-en-en-la-defensa-de-la-naturaleza\/\" target=\"_self\" >#8M: Las mujeres y su liderazgo en en la defensa de la naturaleza<\/a><\/h3>\n\n<div class=\"wp-block-post-excerpt\"><p class=\"wp-block-post-excerpt__excerpt\">En el 8 de marzo, D\u00eda Internacional de la Mujer <\/p><\/div>\n\n\n<div class=\"wp-block-group posts-list-meta is-layout-flow wp-block-group-is-layout-flow\"><span class='article-list-item-author'><a href='https:\/\/www.greenpeace.org\/chile\/author\/lvazquez\/'>Editor<\/a><\/span>\n\n<div class=\"wp-block-post-date\"><time datetime=\"2026-03-07T22:28:59+00:00\">7 Marzo 2026<\/time><\/div><\/div>\n<\/div>\n<\/div>\n\n<\/li><li class=\"wp-block-post post-15926 post type-post status-publish format-standard has-post-thumbnail hentry category-bosques tag-incendios p4-page-type-noticia\">\n\n<div class=\"wp-block-columns is-layout-flex wp-container-core-columns-is-layout-9d6595d7 wp-block-columns-is-layout-flex\"><figure class=\"wp-block-post-featured-image\"><a href=\"https:\/\/www.greenpeace.org\/chile\/noticia\/issues\/bosques\/al-amanecer-y-frente-al-congreso-greenpeace-exige-a-diputados-aprobar-hoy-la-ley-de-incendios\/\" target=\"_self\"  ><img loading=\"lazy\" decoding=\"async\" width=\"2560\" height=\"1707\" src=\"https:\/\/www.greenpeace.org\/static\/planet4-chile-stateless\/2026\/03\/5fdb939d-gpc-ley-de-incendios-greenpeace-04-scaled.jpg\" class=\"attachment-post-thumbnail size-post-thumbnail wp-post-image wp-stateless-item\" alt=\"Al amanecer y frente al Congreso: Greenpeace exige a Diputados aprobar hoy la ley de incendios\" style=\"object-fit:cover;\" srcset=\"https:\/\/www.greenpeace.org\/static\/planet4-chile-stateless\/2026\/03\/5fdb939d-gpc-ley-de-incendios-greenpeace-04-scaled.jpg 2560w, https:\/\/www.greenpeace.org\/static\/planet4-chile-stateless\/2026\/03\/5fdb939d-gpc-ley-de-incendios-greenpeace-04-300x200.jpg 300w, https:\/\/www.greenpeace.org\/static\/planet4-chile-stateless\/2026\/03\/5fdb939d-gpc-ley-de-incendios-greenpeace-04-1024x683.jpg 1024w, https:\/\/www.greenpeace.org\/static\/planet4-chile-stateless\/2026\/03\/5fdb939d-gpc-ley-de-incendios-greenpeace-04-768x512.jpg 768w, https:\/\/www.greenpeace.org\/static\/planet4-chile-stateless\/2026\/03\/5fdb939d-gpc-ley-de-incendios-greenpeace-04-1536x1024.jpg 1536w, https:\/\/www.greenpeace.org\/static\/planet4-chile-stateless\/2026\/03\/5fdb939d-gpc-ley-de-incendios-greenpeace-04-2048x1366.jpg 2048w, https:\/\/www.greenpeace.org\/static\/planet4-chile-stateless\/2026\/03\/5fdb939d-gpc-ley-de-incendios-greenpeace-04-510x340.jpg 510w\" sizes=\"auto, (max-width: 2560px) 100vw, 2560px\" data-image-size=\"post-thumbnail\" data-stateless-media-bucket=\"planet4-chile-stateless\" data-stateless-media-name=\"2026\/03\/5fdb939d-gpc-ley-de-incendios-greenpeace-04-scaled.jpg\" \/><\/a><\/figure>\n\n\n<div class=\"wp-block-group is-layout-flow wp-block-group-is-layout-flow\">\n                <div class=\"wp-block-group is-layout-flex wp-block-group-is-layout-flex\"><div class=\"wp-block-post-terms\"><a href=\"https:\/\/www.greenpeace.org\/chile\/category\/issues\/bosques\/\">Bosques<\/a><\/div>\n                <div class=\"taxonomy-post_tag wp-block-post-terms\"><a href=\"https:\/\/www.greenpeace.org\/chile\/tag\/incendios\/\" rel=\"tag\">Incendios<\/a><\/div>\n                \n                <\/div>\n                \n\n<h3 class=\"wp-block-post-title\"><a href=\"https:\/\/www.greenpeace.org\/chile\/noticia\/issues\/bosques\/al-amanecer-y-frente-al-congreso-greenpeace-exige-a-diputados-aprobar-hoy-la-ley-de-incendios\/\" target=\"_self\" >Al amanecer y frente al Congreso: Greenpeace exige a Diputados aprobar hoy la ley de incendios<\/a><\/h3>\n\n<div class=\"wp-block-post-excerpt\"><p class=\"wp-block-post-excerpt__excerpt\">Despu\u00e9s de dos a\u00f1os y medio de tramitaci\u00f3n, hoy la C\u00e1mara de Diputadas y Diputados debe votar, en su tercer tr\u00e1mite constitucional, la normativa. Valpara\u00edso. 2 de marzo, 2026.- Durante&hellip; <\/p><\/div>\n\n\n<div class=\"wp-block-group posts-list-meta is-layout-flow wp-block-group-is-layout-flow\"><span class='article-list-item-author'><a href='https:\/\/www.greenpeace.org\/chile\/author\/prensachile\/'>Prensa Chile<\/a><\/span>\n\n<div class=\"wp-block-post-date\"><time datetime=\"2026-03-02T15:41:08+00:00\">2 Marzo 2026<\/time><\/div><\/div>\n<\/div>\n<\/div>\n\n<\/li><\/ul>\n\n\n<div class=\"wp-block-buttons carousel-controls is-horizontal is-content-justification-space-between is-nowrap is-layout-flex wp-container-core-buttons-is-layout-044bd602 wp-block-buttons-is-layout-flex\">\n<div class=\"wp-block-button carousel-control-prev\"><button type=\"button\" class=\"wp-block-button__link wp-element-button\">Prev<\/button><\/div>\n\n\n\n<div class=\"wp-block-button carousel-control-next\"><button type=\"button\" class=\"wp-block-button__link wp-element-button\">Next<\/button><\/div>\n<\/div>\n\n\n<li class=\" wp-block-navigation-item see-all-link wp-block-navigation-link\"><a class=\"wp-block-navigation-item__content\"  href=\"http:\/\/www.greenpeace.org\/chile\/news-stories\/?post-type=blog\"><span class=\"wp-block-navigation-item__label\">See all posts<\/span><\/a><\/li><\/div>\n\n\n\n\n<div class=\"wp-block-group alignfull block has-white-background-color has-background is-layout-flow wp-block-group-is-layout-flow\"><\/div>\n\n<\/div>\n\n\n<p><\/p>\n","protected":false},"excerpt":{"rendered":"<p>Unamos nuestras voces para exigir que se respete el derecho a denunciar los abusos, a proteger la naturaleza y a construir un futuro justo para todos.<\/p>\n","protected":false},"author":21,"featured_media":14034,"parent":0,"menu_order":0,"comment_status":"closed","ping_status":"closed","template":"","meta":{"ep_exclude_from_search":false,"p4_hide_page_title_checkbox":"on","p4_title":"","p4_subtitle":"","p4_description":"","background_image_id":"","background_image":"","p4_button_title":"","p4_button_link":"","p4_button_link_checkbox":"","p4_og_title":"NO NOS VAN A SILENCIAR. Esta defensa es por el planeta, la libertad de expresi\u00f3n y la justicia clim\u00e1tica.","p4_og_description":"Unamos nuestras voces para exigir que se respete el derecho a denunciar los abusos, a proteger la naturaleza y a construir un futuro justo para todos.","p4_og_image":"https:\/\/www.greenpeace.org\/static\/planet4-chile-stateless\/2025\/05\/6c083970-momento-de-resistir.jpeg","p4_og_image_id":"14034","p4_seo_canonical_url":"","p4_campaign_name":"","p4_local_project":"","p4_basket_name":"","p4_department":"","footnotes":""},"categories":[33],"tags":[],"class_list":["post-14032","page","type-page","status-publish","has-post-thumbnail","hentry","category-greenpeace"],"_links":{"self":[{"href":"https:\/\/www.greenpeace.org\/chile\/wp-json\/wp\/v2\/pages\/14032","targetHints":{"allow":["GET"]}}],"collection":[{"href":"https:\/\/www.greenpeace.org\/chile\/wp-json\/wp\/v2\/pages"}],"about":[{"href":"https:\/\/www.greenpeace.org\/chile\/wp-json\/wp\/v2\/types\/page"}],"author":[{"embeddable":true,"href":"https:\/\/www.greenpeace.org\/chile\/wp-json\/wp\/v2\/users\/21"}],"replies":[{"embeddable":true,"href":"https:\/\/www.greenpeace.org\/chile\/wp-json\/wp\/v2\/comments?post=14032"}],"version-history":[{"count":9,"href":"https:\/\/www.greenpeace.org\/chile\/wp-json\/wp\/v2\/pages\/14032\/revisions"}],"predecessor-version":[{"id":15463,"href":"https:\/\/www.greenpeace.org\/chile\/wp-json\/wp\/v2\/pages\/14032\/revisions\/15463"}],"wp:featuredmedia":[{"embeddable":true,"href":"https:\/\/www.greenpeace.org\/chile\/wp-json\/wp\/v2\/media\/14034"}],"wp:attachment":[{"href":"https:\/\/www.greenpeace.org\/chile\/wp-json\/wp\/v2\/media?parent=14032"}],"wp:term":[{"taxonomy":"category","embeddable":true,"href":"https:\/\/www.greenpeace.org\/chile\/wp-json\/wp\/v2\/categories?post=14032"},{"taxonomy":"post_tag","embeddable":true,"href":"https:\/\/www.greenpeace.org\/chile\/wp-json\/wp\/v2\/tags?post=14032"}],"curies":[{"name":"wp","href":"https:\/\/api.w.org\/{rel}","templated":true}]}}