{"id":15117,"date":"2025-07-30T15:20:10","date_gmt":"2025-07-30T15:20:10","guid":{"rendered":"https:\/\/www.greenpeace.org\/chile\/?page_id=15117"},"modified":"2025-09-23T09:44:46","modified_gmt":"2025-09-23T09:44:46","slug":"himno","status":"publish","type":"page","link":"https:\/\/www.greenpeace.org\/chile\/himno\/","title":{"rendered":"Firma la petici\u00f3n y hagamos que nuestro himno vuelva a ser nuestra realidad."},"content":{"rendered":"\n\n<div class=\"wp-block-group block is-layout-flow wp-block-group-is-layout-flow\">\n<div class=\"wp-block-group alignfull has-grey-200-background-color has-background is-layout-flow wp-block-group-is-layout-flow\" style=\"padding-top:80px;padding-bottom:50px\">\n<div class=\"wp-block-group container is-layout-flow wp-block-group-is-layout-flow\">\n<div class=\"wp-block-columns is-layout-flex wp-container-core-columns-is-layout-9d6595d7 wp-block-columns-is-layout-flex\">\n<div class=\"wp-block-column is-layout-flow wp-block-column-is-layout-flow\">\n<h2 class=\"wp-block-heading has-text-align-left is-style-default has-dark-green-800-color has-text-color has-link-color wp-elements-fd61fda86ec2a2a12e92fe62b5e8d211\" style=\"font-size:40px\"><strong>Firma la petici\u00f3n y hagamos que nuestro himno vuelva a ser nuestra realidad.<\/strong><\/h2>\n\n\n\n<figure class=\"wp-block-image size-full\"><img loading=\"lazy\" decoding=\"async\" width=\"1024\" height=\"683\" src=\"https:\/\/www.greenpeace.org\/static\/planet4-chile-stateless\/2025\/09\/cb831f03-himno-web_banner-formulario-02.jpg\" alt=\"\" class=\"wp-image-15375\" srcset=\"https:\/\/www.greenpeace.org\/static\/planet4-chile-stateless\/2025\/09\/cb831f03-himno-web_banner-formulario-02.jpg 1024w, https:\/\/www.greenpeace.org\/static\/planet4-chile-stateless\/2025\/09\/cb831f03-himno-web_banner-formulario-02-300x200.jpg 300w, https:\/\/www.greenpeace.org\/static\/planet4-chile-stateless\/2025\/09\/cb831f03-himno-web_banner-formulario-02-768x512.jpg 768w, https:\/\/www.greenpeace.org\/static\/planet4-chile-stateless\/2025\/09\/cb831f03-himno-web_banner-formulario-02-510x340.jpg 510w\" sizes=\"auto, (max-width: 1024px) 100vw, 1024px\" \/><\/figure>\n<\/div>\n\n\n\n<div class=\"wp-block-column has-grey-200-background-color has-background is-layout-flow wp-block-column-is-layout-flow\"><p><script charset=\"utf-8\" type=\"text\/javascript\" src=\"\/\/js.hsforms.net\/forms\/embed\/v2.js\"><\/script><br \/>\n<script>\n  hbspt.forms.create({\n    portalId: \"20432059\",\n    formId: \"c80311e9-614d-4efa-acb5-742b4e91d2bf\",\n    region: \"na1\"\n  });\n<\/script><\/p>\n<\/div>\n<\/div>\n\n\n\n<div class=\"wp-block-columns is-not-stacked-on-mobile is-layout-flex wp-container-core-columns-is-layout-9d6595d7 wp-block-columns-is-layout-flex\">\n<div class=\"wp-block-column is-layout-flow wp-block-column-is-layout-flow\">\n<p class=\"has-dark-green-800-color has-text-color has-link-color wp-elements-2ddb8020c6d8f9855b529c1046d23e43\">Estamos en un Chile que ya no se parece al que cantamos en nuestro himno.&nbsp;<strong>\u201cPuro, Chile, es tu cielo azulado\u201d<\/strong>, pero hoy el aire est\u00e1 contaminado.&nbsp;<strong>\u201cY tu campo de flores bordado\u201d<\/strong>, pero la sequ\u00eda y los incendios consumen los campos.&nbsp;&nbsp;<strong>\u201cMajestuosa es la blanca monta\u00f1a\u201d<\/strong>, pero nuestras monta\u00f1as son heridas abiertas por la miner\u00eda.&nbsp;<strong>\u201cY ese mar que tranquilo te ba\u00f1a\u201d<\/strong>, pero nuestros oc\u00e9anos est\u00e1n llenos de pl\u00e1stico.<\/p>\n<\/div>\n\n\n\n<div class=\"wp-block-column is-layout-flow wp-block-column-is-layout-flow\">\n<p class=\"has-dark-green-800-color has-text-color has-link-color wp-elements-68f245ca2c8ca3d9a95ae0ce3918e0e8\">En cada 18 de septiembre sentimos orgullo de nuestra tierra.&nbsp;Pero, \u00bfqu\u00e9 queda de ella si la seguimos destruyendo?<\/p>\n\n\n\n<p class=\"has-dark-green-800-color has-text-color has-link-color wp-elements-fb2556dd81db8f283b730617744afff3\"><br>Como lo hemos advertido,&nbsp;<strong>se necesitan medidas urgentes para proteger lo que a\u00fan queda: bosques, cielos, glaciares, oc\u00e9anos y monta\u00f1as.&nbsp;<\/strong>M\u00e1s contaminaci\u00f3n, m\u00e1s explotaci\u00f3n y m\u00e1s incendios significan menos patria, menos futuro, menos de qu\u00e9 sentirnos orgullosos.&nbsp;Este 18, recordemos que&nbsp;<strong>defender la naturaleza es defender a Chile.<\/strong><br><\/p>\n<\/div>\n<\/div>\n<\/div>\n<\/div>\n\n\n\n<div class=\"wp-block-group alignfull has-beige-100-background-color has-background is-layout-flow wp-block-group-is-layout-flow\" style=\"padding-top:80px;padding-bottom:80px\">\n<div class=\"wp-block-group container is-layout-flow wp-block-group-is-layout-flow\">\n\n<div class=\"wp-block-media-text has-media-on-the-right is-stacked-on-mobile\"><div class=\"wp-block-media-text__content\">\n<h2 class=\"wp-block-heading\">La crisis clim\u00e1tica<\/h2>\n\n\n\n<p>Las  actuales cat\u00e1strofes extremas est\u00e1n relacionada con la crisis clim\u00e1tica. La frecuencia y la intensidad de estos eventos es cada vez mayor como consecuencia del cambio clim\u00e1tico.<\/p>\n\n\n\n<div class=\"wp-block-buttons is-layout-flex wp-block-buttons-is-layout-flex\">\n<div class=\"wp-block-button\"><a class=\"wp-block-button__link wp-element-button\" href=\"https:\/\/www.greenpeace.org\/chile\/campanas\/clima-y-energia\/\" target=\"_blank\" rel=\"noreferrer noopener\">Conoce m\u00e1s<\/a><\/div>\n<\/div>\n<\/div><figure class=\"wp-block-media-text__media\"><img decoding=\"async\" src=\"https:\/\/www.greenpeace.org\/static\/planet4-colombia-stateless\/2025\/01\/66b22015-gp01syk_low-res-with-credit-line-800px.jpg\" alt=\"\" sizes=\"(min-width: 1600px) calc((1320px - 24px) \/ 2),(min-width: 1200px) calc((1140px - 24px) \/ 2),(min-width: 992px) calc((960px - 24px) \/ 2),(min-width: 768px) calc((720px - 24px) \/ 2),(min-width: 601px) calc((540px - 24px) \/ 2),(min-width: 577px) calc((540px - 24px) \/ 1), calc(100vw - 24px)\" srcset=\"\" class=\"wp-image-14181 size-full\"\/><\/figure><\/div>\n\n<\/div>\n<\/div>\n\n\n\n\n<div class=\"wp-block-group alignfull block has-white-background-color has-background is-layout-flow wp-block-group-is-layout-flow\"><\/div>\n\n<\/div>\n\n\n<div class=\"wp-block-query posts-list p4-query-loop is-custom-layout-list is-layout-flow wp-block-query-is-layout-flow\">\n<div class=\"wp-block-group is-content-justification-space-between is-layout-flex wp-container-core-group-is-layout-3d213aab wp-block-group-is-layout-flex\">\n<h2 class=\"wp-block-heading\">Sigue leyendo<\/h2>\n\n\n<li class=\" wp-block-navigation-item see-all-link wp-block-navigation-link\"><a class=\"wp-block-navigation-item__content\"  href=\"https:\/\/www.greenpeace.org\/chile\/news-stories\/?category=climayenergia\"><span class=\"wp-block-navigation-item__label\">See all posts<\/span><\/a><\/li><\/div>\n\n\n\n<p style=\"margin-top:24px;margin-bottom:36px\"><\/p>\n\n\n\n\n<ul class=\"wp-block-post-template is-layout-flow wp-block-post-template-is-layout-flow\"><li class=\"wp-block-post post-16101 post type-post status-publish format-standard has-post-thumbnail hentry category-climayenergia category-oceanos p4-page-type-noticia\">\n\n<div class=\"wp-block-columns is-layout-flex wp-container-core-columns-is-layout-9d6595d7 wp-block-columns-is-layout-flex\"><figure class=\"wp-block-post-featured-image\"><a href=\"https:\/\/www.greenpeace.org\/chile\/noticia\/issues\/climayenergia\/pinguinos-de-humboldt-se-roban-las-miradas-en-la-maraton-de-santiago-2026\/\" target=\"_self\"  ><img loading=\"lazy\" decoding=\"async\" width=\"2560\" height=\"1440\" src=\"https:\/\/www.greenpeace.org\/static\/planet4-chile-stateless\/2026\/04\/dd19f111-maraton-8-scaled.jpeg\" class=\"attachment-post-thumbnail size-post-thumbnail wp-post-image wp-stateless-item\" alt=\"Ping\u00fcinos de Humboldt se roban las miradas en la Marat\u00f3n de Santiago 2026\" style=\"object-fit:cover;\" srcset=\"https:\/\/www.greenpeace.org\/static\/planet4-chile-stateless\/2026\/04\/dd19f111-maraton-8-scaled.jpeg 2560w, https:\/\/www.greenpeace.org\/static\/planet4-chile-stateless\/2026\/04\/dd19f111-maraton-8-300x169.jpeg 300w, https:\/\/www.greenpeace.org\/static\/planet4-chile-stateless\/2026\/04\/dd19f111-maraton-8-1024x576.jpeg 1024w, https:\/\/www.greenpeace.org\/static\/planet4-chile-stateless\/2026\/04\/dd19f111-maraton-8-768x432.jpeg 768w, https:\/\/www.greenpeace.org\/static\/planet4-chile-stateless\/2026\/04\/dd19f111-maraton-8-1536x864.jpeg 1536w, https:\/\/www.greenpeace.org\/static\/planet4-chile-stateless\/2026\/04\/dd19f111-maraton-8-2048x1152.jpeg 2048w, https:\/\/www.greenpeace.org\/static\/planet4-chile-stateless\/2026\/04\/dd19f111-maraton-8-510x287.jpeg 510w\" sizes=\"auto, (max-width: 2560px) 100vw, 2560px\" data-image-size=\"post-thumbnail\" data-stateless-media-bucket=\"planet4-chile-stateless\" data-stateless-media-name=\"2026\/04\/dd19f111-maraton-8-scaled.jpeg\" \/><\/a><\/figure>\n\n\n<div class=\"wp-block-group is-layout-flow wp-block-group-is-layout-flow\">\n<div class=\"wp-block-group is-layout-flex wp-block-group-is-layout-flex\"><div class=\"wp-block-post-terms\"><a href=\"https:\/\/www.greenpeace.org\/chile\/category\/issues\/climayenergia\/\">Clima y Energ\u00eda<\/a><\/div>\n\n<\/div>\n\n\n<h3 class=\"wp-block-post-title\"><a href=\"https:\/\/www.greenpeace.org\/chile\/noticia\/issues\/climayenergia\/pinguinos-de-humboldt-se-roban-las-miradas-en-la-maraton-de-santiago-2026\/\" target=\"_self\" >Ping\u00fcinos de Humboldt se roban las miradas en la Marat\u00f3n de Santiago 2026<\/a><\/h3>\n\n<div class=\"wp-block-post-excerpt\"><p class=\"wp-block-post-excerpt__excerpt\">Activistas de Greenpeace corrieron caracterizados de esta ave en un esfuerzo por llamar la atenci\u00f3n sobre la relevancia de reingresar el decreto ambiental que declara a esta especie \u201cMonumento Natural\u201d. <\/p><\/div>\n\n\n<div class=\"wp-block-group posts-list-meta is-layout-flow wp-block-group-is-layout-flow\"><span class='article-list-item-author'><a href='https:\/\/www.greenpeace.org\/chile\/author\/prensachile\/'>Prensa Chile<\/a><\/span>\n\n<div class=\"wp-block-post-date\"><time datetime=\"2026-04-27T06:25:39+00:00\">27 Abril 2026<\/time><\/div><\/div>\n<\/div>\n<\/div>\n\n<\/li><li class=\"wp-block-post post-16026 post type-post status-publish format-standard has-post-thumbnail hentry category-climayenergia category-contaminacion tag-chaocarbon p4-page-type-blog\">\n\n<div class=\"wp-block-columns is-layout-flex wp-container-core-columns-is-layout-9d6595d7 wp-block-columns-is-layout-flex\"><figure class=\"wp-block-post-featured-image\"><a href=\"https:\/\/www.greenpeace.org\/chile\/blog\/issues\/climayenergia\/salud-en-riesgo-en-quintero-y-puchuncavi-los-mas-jovenes-en-el-centro-de-intoxicaciones-masivas\/\" target=\"_self\"  ><img loading=\"lazy\" decoding=\"async\" width=\"1600\" height=\"1066\" src=\"https:\/\/www.greenpeace.org\/static\/planet4-chile-stateless\/2025\/11\/e4bf7ddc-bannerinfancias_003-1.jpeg\" class=\"attachment-post-thumbnail size-post-thumbnail wp-post-image wp-stateless-item\" alt=\"Salud en riesgo en Quintero y Puchuncav\u00ed: los m\u00e1s j\u00f3venes, en el centro de intoxicaciones masivas\" style=\"object-fit:cover;\" srcset=\"https:\/\/www.greenpeace.org\/static\/planet4-chile-stateless\/2025\/11\/e4bf7ddc-bannerinfancias_003-1.jpeg 1600w, https:\/\/www.greenpeace.org\/static\/planet4-chile-stateless\/2025\/11\/e4bf7ddc-bannerinfancias_003-1-300x200.jpeg 300w, https:\/\/www.greenpeace.org\/static\/planet4-chile-stateless\/2025\/11\/e4bf7ddc-bannerinfancias_003-1-1024x682.jpeg 1024w, https:\/\/www.greenpeace.org\/static\/planet4-chile-stateless\/2025\/11\/e4bf7ddc-bannerinfancias_003-1-768x512.jpeg 768w, https:\/\/www.greenpeace.org\/static\/planet4-chile-stateless\/2025\/11\/e4bf7ddc-bannerinfancias_003-1-1536x1023.jpeg 1536w, https:\/\/www.greenpeace.org\/static\/planet4-chile-stateless\/2025\/11\/e4bf7ddc-bannerinfancias_003-1-510x340.jpeg 510w\" sizes=\"auto, (max-width: 1600px) 100vw, 1600px\" data-image-size=\"post-thumbnail\" data-stateless-media-bucket=\"planet4-chile-stateless\" data-stateless-media-name=\"2025\/11\/e4bf7ddc-bannerinfancias_003-1.jpeg\" \/><\/a><\/figure>\n\n\n<div class=\"wp-block-group is-layout-flow wp-block-group-is-layout-flow\">\n<div class=\"wp-block-group is-layout-flex wp-block-group-is-layout-flex\"><div class=\"wp-block-post-terms\"><a href=\"https:\/\/www.greenpeace.org\/chile\/category\/issues\/climayenergia\/\">Clima y Energ\u00eda<\/a><\/div>\n\n<div class=\"taxonomy-post_tag wp-block-post-terms\"><a href=\"https:\/\/www.greenpeace.org\/chile\/tag\/chaocarbon\/\" rel=\"tag\">ChaoCarb\u00f3n<\/a><\/div><\/div>\n\n\n<h3 class=\"wp-block-post-title\"><a href=\"https:\/\/www.greenpeace.org\/chile\/blog\/issues\/climayenergia\/salud-en-riesgo-en-quintero-y-puchuncavi-los-mas-jovenes-en-el-centro-de-intoxicaciones-masivas\/\" target=\"_self\" >Salud en riesgo en Quintero y Puchuncav\u00ed: los m\u00e1s j\u00f3venes, en el centro de intoxicaciones masivas<\/a><\/h3>\n\n<div class=\"wp-block-post-excerpt\"><p class=\"wp-block-post-excerpt__excerpt\">Aire t\u00f3xico, futuro incierto: el costo humano del polo industrial. <\/p><\/div>\n\n\n<div class=\"wp-block-group posts-list-meta is-layout-flow wp-block-group-is-layout-flow\"><span class='article-list-item-author'>Meri Castro<\/span>\n\n<div class=\"wp-block-post-date\"><time datetime=\"2026-04-07T16:27:07+00:00\">7 Abril 2026<\/time><\/div><\/div>\n<\/div>\n<\/div>\n\n<\/li><li class=\"wp-block-post post-16009 post type-post status-publish format-standard has-post-thumbnail hentry category-climayenergia tag-bajemoslosbronces p4-page-type-blog\">\n\n<div class=\"wp-block-columns is-layout-flex wp-container-core-columns-is-layout-9d6595d7 wp-block-columns-is-layout-flex\"><figure class=\"wp-block-post-featured-image\"><a href=\"https:\/\/www.greenpeace.org\/chile\/blog\/issues\/climayenergia\/dia-mundial-del-agua-2026-la-onu-advierte-sobre-una-bancarrota-hidrica-global\/\" target=\"_self\"  ><img loading=\"lazy\" decoding=\"async\" width=\"800\" height=\"599\" src=\"https:\/\/www.greenpeace.org\/static\/planet4-chile-stateless\/2023\/07\/b66d66e4-gp0stwtfi_web_size_with_credit_line.jpg\" class=\"attachment-post-thumbnail size-post-thumbnail wp-post-image wp-stateless-item\" alt=\"D\u00eda Mundial del Agua 2026: la ONU advierte sobre una bancarrota h\u00eddrica global\" style=\"object-fit:cover;\" srcset=\"https:\/\/www.greenpeace.org\/static\/planet4-chile-stateless\/2023\/07\/b66d66e4-gp0stwtfi_web_size_with_credit_line.jpg 800w, https:\/\/www.greenpeace.org\/static\/planet4-chile-stateless\/2023\/07\/b66d66e4-gp0stwtfi_web_size_with_credit_line-300x225.jpg 300w, https:\/\/www.greenpeace.org\/static\/planet4-chile-stateless\/2023\/07\/b66d66e4-gp0stwtfi_web_size_with_credit_line-768x575.jpg 768w, https:\/\/www.greenpeace.org\/static\/planet4-chile-stateless\/2023\/07\/b66d66e4-gp0stwtfi_web_size_with_credit_line-454x340.jpg 454w\" sizes=\"auto, (max-width: 800px) 100vw, 800px\" data-image-size=\"post-thumbnail\" data-stateless-media-bucket=\"planet4-chile-stateless\" data-stateless-media-name=\"2023\/07\/b66d66e4-gp0stwtfi_web_size_with_credit_line.jpg\" \/><\/a><\/figure>\n\n\n<div class=\"wp-block-group is-layout-flow wp-block-group-is-layout-flow\">\n<div class=\"wp-block-group is-layout-flex wp-block-group-is-layout-flex\"><div class=\"wp-block-post-terms\"><a href=\"https:\/\/www.greenpeace.org\/chile\/category\/issues\/climayenergia\/\">Clima y Energ\u00eda<\/a><\/div>\n\n<div class=\"taxonomy-post_tag wp-block-post-terms\"><a href=\"https:\/\/www.greenpeace.org\/chile\/tag\/bajemoslosbronces\/\" rel=\"tag\">Bajemos Los Bronces<\/a><\/div><\/div>\n\n\n<h3 class=\"wp-block-post-title\"><a href=\"https:\/\/www.greenpeace.org\/chile\/blog\/issues\/climayenergia\/dia-mundial-del-agua-2026-la-onu-advierte-sobre-una-bancarrota-hidrica-global\/\" target=\"_self\" >D\u00eda Mundial del Agua 2026: la ONU advierte sobre una bancarrota h\u00eddrica global<\/a><\/h3>\n\n<div class=\"wp-block-post-excerpt\"><p class=\"wp-block-post-excerpt__excerpt\">Sed global: la nueva cara de la crisis clim\u00e1tica. <\/p><\/div>\n\n\n<div class=\"wp-block-group posts-list-meta is-layout-flow wp-block-group-is-layout-flow\"><span class='article-list-item-author'>Meri Castro<\/span>\n\n<div class=\"wp-block-post-date\"><time datetime=\"2026-03-20T18:24:26+00:00\">20 Marzo 2026<\/time><\/div><\/div>\n<\/div>\n<\/div>\n\n<\/li><\/ul>\n\n\n<div class=\"wp-block-buttons carousel-controls is-horizontal is-content-justification-space-between is-nowrap is-layout-flex wp-container-core-buttons-is-layout-044bd602 wp-block-buttons-is-layout-flex\">\n<div class=\"wp-block-button carousel-control-prev\"><button type=\"button\" class=\"wp-block-button__link wp-element-button\">Previous Carousel Slide<\/button><\/div>\n\n\n\n<div class=\"wp-block-button carousel-control-next\"><button type=\"button\" class=\"wp-block-button__link wp-element-button\">Next Carousel Slide<\/button><\/div>\n<\/div>\n\n\n<li class=\" wp-block-navigation-item see-all-link wp-block-navigation-link\"><a class=\"wp-block-navigation-item__content\"  href=\"https:\/\/www.greenpeace.org\/chile\/news-stories\/?category=climayenergia\"><span class=\"wp-block-navigation-item__label\">Ver m\u00e1s<\/span><\/a><\/li><\/div>\n","protected":false},"excerpt":{"rendered":"<p>Se necesitan medidas urgentes para proteger lo que a\u00fan queda: bosques, cielos, glaciares, oc\u00e9anos y monta\u00f1as.<\/p>\n","protected":false},"author":21,"featured_media":15372,"parent":0,"menu_order":0,"comment_status":"closed","ping_status":"closed","template":"","meta":{"ep_exclude_from_search":false,"p4_hide_page_title_checkbox":"on","p4_title":"","p4_subtitle":"","p4_description":"","background_image_id":"","background_image":"","p4_button_title":"","p4_button_link":"","p4_button_link_checkbox":"","p4_og_title":"Firma la petici\u00f3n y hagamos que nuestro himno vuelva a ser nuestra realidad.","p4_og_description":"Se necesitan medidas urgentes para proteger lo que a\u00fan queda: bosques, cielos, glaciares, oc\u00e9anos y monta\u00f1as.","p4_og_image":"https:\/\/www.greenpeace.org\/static\/planet4-chile-stateless\/2025\/09\/0e3f3ddd-himno-web_banner-formulario-02.jpg","p4_og_image_id":"15372","p4_seo_canonical_url":"","p4_campaign_name":"","p4_local_project":"","p4_basket_name":"","p4_department":"","footnotes":""},"categories":[3],"tags":[],"class_list":["post-15117","page","type-page","status-publish","has-post-thumbnail","hentry","category-climayenergia"],"_links":{"self":[{"href":"https:\/\/www.greenpeace.org\/chile\/wp-json\/wp\/v2\/pages\/15117","targetHints":{"allow":["GET"]}}],"collection":[{"href":"https:\/\/www.greenpeace.org\/chile\/wp-json\/wp\/v2\/pages"}],"about":[{"href":"https:\/\/www.greenpeace.org\/chile\/wp-json\/wp\/v2\/types\/page"}],"author":[{"embeddable":true,"href":"https:\/\/www.greenpeace.org\/chile\/wp-json\/wp\/v2\/users\/21"}],"replies":[{"embeddable":true,"href":"https:\/\/www.greenpeace.org\/chile\/wp-json\/wp\/v2\/comments?post=15117"}],"version-history":[{"count":9,"href":"https:\/\/www.greenpeace.org\/chile\/wp-json\/wp\/v2\/pages\/15117\/revisions"}],"predecessor-version":[{"id":15462,"href":"https:\/\/www.greenpeace.org\/chile\/wp-json\/wp\/v2\/pages\/15117\/revisions\/15462"}],"wp:featuredmedia":[{"embeddable":true,"href":"https:\/\/www.greenpeace.org\/chile\/wp-json\/wp\/v2\/media\/15372"}],"wp:attachment":[{"href":"https:\/\/www.greenpeace.org\/chile\/wp-json\/wp\/v2\/media?parent=15117"}],"wp:term":[{"taxonomy":"category","embeddable":true,"href":"https:\/\/www.greenpeace.org\/chile\/wp-json\/wp\/v2\/categories?post=15117"},{"taxonomy":"post_tag","embeddable":true,"href":"https:\/\/www.greenpeace.org\/chile\/wp-json\/wp\/v2\/tags?post=15117"}],"curies":[{"name":"wp","href":"https:\/\/api.w.org\/{rel}","templated":true}]}}