{"id":10258,"date":"2023-08-14T14:12:50","date_gmt":"2023-08-14T14:12:50","guid":{"rendered":"https:\/\/www.greenpeace.org\/colombia\/?page_id=10258"},"modified":"2025-07-02T07:23:15","modified_gmt":"2025-07-02T07:23:15","slug":"paq","status":"publish","type":"page","link":"https:\/\/www.greenpeace.org\/colombia\/paq\/","title":{"rendered":"Preguntas frecuentes"},"content":{"rendered":"\n<section class=\"block accordion-block wp-block-planet4-blocks-accordion is-style-dark\"><header><h2 class=\"page-section-header\">Preguntas frecuentes<\/h2><\/header><div class=\"accordion-content\"><div class=\"accordion-headline\" name=\"\u00bfQu\u00e9 es Greenpeace?\">\u00bfQu\u00e9 es Greenpeace?<\/div><div class=\"panel panel-hidden\"><p class=\"accordion-text\">Somos una organizaci\u00f3n ecologista internacional econ\u00f3mica y pol\u00edticamente independiente.<br>Exponemos problem\u00e1ticas ambientales globales y denunciamos a empresas y gobiernos a trav\u00e9s de acciones no violentas y creativas. <br>Buscamos generar conciencia, informar, atraer la atenci\u00f3n p\u00fablica y promover la participaci\u00f3n para desarrollar soluciones. <\/p><a class=\"btn btn-secondary accordion-btn\" href=\"https:\/\/www.greenpeace.org\/colombia\/sobre-nosotros\/\" target=\"_blank\" rel=\"noopener noreferrer\">Lee m\u00e1s sobre nosotros<\/a><\/div><\/div><div class=\"accordion-content\"><div class=\"accordion-headline\" name=\"\u00bfC\u00f3mo y cu\u00e1ndo se fund\u00f3 Greenpeace?\">\u00bfC\u00f3mo y cu\u00e1ndo se fund\u00f3 Greenpeace?<\/div><div class=\"panel panel-hidden\"><p class=\"accordion-text\">Nuestra organizaci\u00f3n fue fundada en 1971 por un peque\u00f1o grupo de activistas canadienses que protestaba contra las pruebas nucleares que Estados Unidos llevaba a cabo en el archipi\u00e9lago de Amchitka, al sudoeste de Alaska.<br>Decidieron ir hacia el lugar en un barco pesquero llamado Phyllis Cormack para intentar detener las explosiones. Pero antes de iniciar el viaje lo rebautizaron con un nuevo nombre que resum\u00eda la filosof\u00eda del grupo: Greenpeace. &#8220;Queremos paz y queremos que sea verde&#8221;,\u00a0manifest\u00f3 uno de los tripulantes antes de zarpar desde Vancouver, Canad\u00e1, hacia Amchitka. As\u00ed naci\u00f3 Greenpeace.<br>En Colombia, nuestra oficina se cre\u00f3 en el 2009.<\/p><a class=\"btn btn-secondary accordion-btn\" href=\"https:\/\/www.greenpeace.org\/colombia\/sobre-nosotros\/\" target=\"_blank\" rel=\"noopener noreferrer\">Conoce m\u00e1s sobre nuestra historia<\/a><\/div><\/div><div class=\"accordion-content\"><div class=\"accordion-headline\" name=\"\u00bfC\u00f3mo es la estructura de la organizaci\u00f3n?\">\u00bfC\u00f3mo es la estructura de la organizaci\u00f3n?<\/div><div class=\"panel panel-hidden\"><p class=\"accordion-text\">Greenpeace\u00a0cuenta con 27 oficinas (nacionales y regionales) que realizan operaciones en 55 pa\u00edses.\u00a0La oficina central se encuentra en Amsterdam, Holanda.<\/p><a class=\"btn btn-secondary accordion-btn\" href=\"https:\/\/www.greenpeace.org\/colombia\/sobre-nosotros\/organigrama\/\" target=\"_blank\" rel=\"noopener noreferrer\">Mira nuestro organigrama<\/a><\/div><\/div><div class=\"accordion-content\"><div class=\"accordion-headline\" name=\"\u00bfC\u00f3mo se financia?\">\u00bfC\u00f3mo se financia?<\/div><div class=\"panel panel-hidden\"><p class=\"accordion-text\"><p><span style=\"font-weight: 400;\">Para mantener nuestra independencia pol\u00edtica y econ\u00f3mica<\/span> <span style=\"font-weight: 400;\">no aceptamos contribuciones de ning\u00fan tipo de parte de empresas, gobiernos o partidos pol\u00edticos. Nos financiamos solamente gracias al aporte de 3 millones de personas en todo el mundo.<\/span><\/p><br><p><span style=\"background-color: var(--white); color: var(--body--color); font-family: var(--body--font-family); font-size: var(--text--x-large-and-up--font-size,1.25rem); font-weight: var(--font-weight-regular); text-align: var(--bs-body-text-align);\">Nuestros libros contables son auditados cada a\u00f1o. Publicamos una rendici\u00f3n anual de los gastos para asegurar el uso transparente de los fondos que nos aportan los socios. Accede a nuestros reportes de gastos:<\/span><\/p><a href=\"https:\/\/www.greenpeace.org\/static\/planet4-colombia-stateless\/2024\/09\/47a429c7-eeff-2023-2022-greenpeace-asamblea-colombia-co.pdf\" target=\"_blank\" rel=\"noreferrer noopener\">Estado financiero 2023<\/a><br><a href=\"https:\/\/www.greenpeace.org\/static\/planet4-colombia-stateless\/2023\/09\/92316558-col-estados-financieros-2022.pdf\" target=\"_blank\" rel=\"noreferrer noopener\">Estado financiero 2022<\/a> <br><a href=\"https:\/\/www.greenpeace.org\/static\/planet4-colombia-stateless\/2023\/09\/72203eaa-col-estados-financieros-2021.pdf\" target=\"_blank\" rel=\"noreferrer noopener\">Estado financiero 2021<\/a><br><a href=\"https:\/\/www.greenpeace.org\/static\/planet4-colombia-stateless\/2021\/11\/46834217-eeff-2020-2019-greenpeace-asamblea_-colombia.pdf\" target=\"_blank\" rel=\"noreferrer noopener\">Estado financiero 2020<\/a><br><a href=\"http:\/\/greenpeace.co\/balances\/NOTAS%20EEFF%202019-2018%20%20GREENPEACE-COLOMBIA.pdf\" target=\"_blank\" rel=\"noreferrer noopener\">Estado financiero 2019<\/a><br><a href=\"https:\/\/www.greenpeace.org\/static\/planet4-colombia-stateless\/2023\/09\/e87540ca-notas-eeff-2018-2017-greenpeace-asamblea.pdf\" target=\"_blank\" rel=\"noreferrer noopener\">Estado financiero 2018<\/a><br><br>Aqu\u00ed compartimos el <a href=\"https:\/\/www.greenpeace.org\/static\/planet4-chile-stateless\/2023\/10\/a2d54342-reporte_gp_abril_mayo_junio_2023.pdf\" target=\"_blank\" rel=\"noreferrer noopener\">reporte de campa\u00f1as Greenpeace Andino \u2013 abril, mayo, junio 2023<\/a>, y el <a href=\"https:\/\/www.greenpeace.org\/static\/planet4-argentina-stateless\/2024\/01\/f83eb623-reporte-jcamapnas-julio-agosto-septiembre-2023.pdf\" target=\"_blank\" rel=\"noreferrer noopener\">reporte de Greenpeace Andino de julio, agosto y septiembre 2023.<\/a><br><br>En nuestros reportes anuales\u00a0te mostramos en detalle\u00a0nuestras campa\u00f1as, el trabajo de nuestro equipo de voluntarias y voluntarios, nuestro alcance comunicacional y nuestras labores de recaudaci\u00f3n de fondos.\u00a0<br>Tenemos un compromiso con la transparencia de nuestra organizaci\u00f3n, con mantener nuestra independencia pol\u00edtica y econ\u00f3mica, y esperamos que este documento pueda darte una gu\u00eda sobre c\u00f3mo trabajamos y c\u00f3mo utilizamos nuestros recursos.<br><br><strong><a href=\"https:\/\/www.google.com\/url?q=https:\/\/www.greenpeace.org\/static\/planet4-colombia-stateless\/2024\/05\/c56b660e-reporte-2022-greenpeace.pdf&amp;sa=D&amp;source=docs&amp;ust=1715608825898496&amp;usg=AOvVaw1M98qKkADP9h1Rx3xkwCua\" target=\"_blank\" rel=\"noreferrer noopener\">Ver Reporte Anual 2022<\/a><\/strong><br><strong><a href=\"https:\/\/www.greenpeace.org\/static\/planet4-colombia-stateless\/2022\/07\/1299dd89-reporte_anual_colombia21final.pdf\" target=\"_blank\" rel=\"noreferrer noopener\">Ver Reporte Anual 2021<\/a><\/strong><br><\/p><\/div><\/div><div class=\"accordion-content\"><div class=\"accordion-headline\" name=\"\u00bfTiene alguna orientaci\u00f3n pol\u00edtica?\">\u00bfTiene alguna orientaci\u00f3n pol\u00edtica?<\/div><div class=\"panel panel-hidden\"><p class=\"accordion-text\">En Greenpeace no asumimos otra posici\u00f3n pol\u00edtica que no sea la protecci\u00f3n del medio ambiente. Desde nuestra fundaci\u00f3n, en 1971, mantenemos total independencia de cualquier afiliaci\u00f3n pol\u00edtica o inter\u00e9s econ\u00f3mico.<\/p><\/div><\/div><div class=\"accordion-content\"><div class=\"accordion-headline\" name=\"\u00bfCu\u00e1les son los logros de Greenpeace?\">\u00bfCu\u00e1les son los logros de Greenpeace?<\/div><div class=\"panel panel-hidden\"><p class=\"accordion-text\">Contribuimos a muchos cambios positivos ambientales alrededor del mundo.<\/p><a class=\"btn btn-secondary accordion-btn\" href=\"https:\/\/www.greenpeace.org\/colombia\/campanas-ganadas\/\" target=\"_blank\" rel=\"noopener noreferrer\">Conoce algunas de nuestras victorias<\/a><\/div><\/div><div class=\"accordion-content\"><div class=\"accordion-headline\" name=\"\u00bfC\u00f3mo consigue sus objetivos?\">\u00bfC\u00f3mo consigue sus objetivos?<\/div><div class=\"panel panel-hidden\"><p class=\"accordion-text\"><strong>Acci\u00f3n directa no violenta:<\/strong> utilizamos la acci\u00f3n directa pac\u00edfica para llamar la atenci\u00f3n del mundo hacia cuestiones ambientales.<br><strong>Movilizaci\u00f3n P\u00fablica:<\/strong> en las calles y a trav\u00e9s de la participaci\u00f3n v\u00eda web, e-mails, y tel\u00e9fonos involucramos a la gente en nuestras campa\u00f1as para que la presi\u00f3n p\u00fablica oriente a empresas y gobiernos a tomar las medidas adecuadas en materia ambiental.<br><strong>Lobby pol\u00edtico:<\/strong> trabajamos para insertar en la agenda pol\u00edtica los problemas ambientales m\u00e1s urgentes.<br>Operamos bajo el principio de que la presi\u00f3n p\u00fablica, la acci\u00f3n directa no violenta por parte de individuos y el lobby a nivel pol\u00edtico, producen cambios positivos para la resoluci\u00f3n de problemas ambientales.<\/p><\/div><\/div><div class=\"accordion-content\"><div class=\"accordion-headline\" name=\"\u00bfC\u00f3mo puedo colaborar?\">\u00bfC\u00f3mo puedo colaborar?<\/div><div class=\"panel panel-hidden\"><p class=\"accordion-text\">Hay muchas formar de ser parte de Greenpeace. Si compartes nuestra filosof\u00eda de que es posible hacer algo por el planeta de manera concreta y regular, puedes unirte a nosotros como socio\/a realizando un aporte mensual para apoyar nuestras campa\u00f1as a favor del medioambiente.<br>Tambi\u00e9n, puedes ser parte activa de nuestros reclamos al recibir informaci\u00f3n de forma peri\u00f3dica en tu casilla de correo electr\u00f3nico.<\/p><a class=\"btn btn-secondary accordion-btn\" href=\"https:\/\/www.greenpeace.org\/colombia\/involucrate\/\" target=\"_blank\" rel=\"noopener noreferrer\">Descubre todas las formas de participar<\/a><\/div><\/div><div class=\"accordion-content\"><div class=\"accordion-headline\" name=\"\u00bfC\u00f3mo puedo conseguir merchandising de Greenpeace?\">\u00bfC\u00f3mo puedo conseguir merchandising de Greenpeace?<\/div><div class=\"panel panel-hidden\"><p class=\"accordion-text\"><span style=\"font-weight: 400;\">Greenpeace Colombia no tiene productos a la venta. Todo art\u00edculo que entregamos a nuestros socios es a modo de agradecimiento por tomar la decisi\u00f3n de ayudarnos con su colaboraci\u00f3n mensual.<\/span><\/p><\/div><\/div><div class=\"accordion-content\"><div class=\"accordion-headline\" name=\"\u00bfD\u00f3nde encuentro informaci\u00f3n sobre Greenpeace?\">\u00bfD\u00f3nde encuentro informaci\u00f3n sobre Greenpeace?<\/div><div class=\"panel panel-hidden\"><p class=\"accordion-text\"><span style=\"font-weight: 400;\">Toda la informaci\u00f3n con la que contamos est\u00e1 disponible en este sitio web. Para saber sobre alg\u00fan tema puntual puedes ingresar la palabra en el buscador ubicado en el margen superior derecho de nuestra p\u00e1gina y encontrar\u00e1s las noticias, informes y videos relacionados.<\/span><\/p><\/div><\/div><div class=\"accordion-content\"><div class=\"accordion-headline\" name=\"\u00bfC\u00f3mo me contacto con Greenpeace?\">\u00bfC\u00f3mo me contacto con Greenpeace?<\/div><div class=\"panel panel-hidden\"><p class=\"accordion-text\">Para comunicarte con nosotros escribe a <strong><a href=\"mailto:ciberactivistas@infogreenpeace.org\" target=\"_blank\" rel=\"noreferrer noopener\">ciberactivistas@infogreenpeace.org<\/a><\/strong><br>Y si eres socio escribe a <a href=\"mailto:socios@greenpeace.co\" target=\"_blank\" rel=\"noreferrer noopener\"><strong>socios@greenpeace.co<\/strong><\/a><\/p><\/div><\/div><\/section>\n\n<p><a href=\"https:\/\/www.greenpeace.org\/static\/planet4-colombia-stateless\/2023\/09\/72203eaa-col-estados-financieros-2021.pdf\" target=\"_blank\" rel=\"noreferrer noopener\">Estado contable 2021<\/a><br><\/p>\n\n<div class=\"wp-block-group container is-layout-flow wp-block-group-is-layout-flow\">\n<div style=\"height:24px\" aria-hidden=\"true\" class=\"wp-block-spacer\"><\/div>\n\n\n\n<h2 class=\"wp-block-heading has-text-align-center\">Contin\u00faa explorando<\/h2>\n\n\n\n<div class=\"wp-block-columns is-layout-flex wp-container-core-columns-is-layout-9d6595d7 wp-block-columns-is-layout-flex\">\n<div class=\"wp-block-column is-layout-flow wp-block-column-is-layout-flow\">\n<div class=\"wp-block-group group-stretched-link is-layout-flow wp-block-group-is-layout-flow\">\n<figure class=\"wp-block-image aligncenter size-large is-resized force-no-lightbox force-no-caption is-style-rounded-180\"><img loading=\"lazy\" decoding=\"async\" width=\"1024\" height=\"575\" src=\"https:\/\/www.greenpeace.org\/static\/planet4-colombia-stateless\/2019\/08\/0f256cc7-barcos-1024x575.jpg\" alt=\"\" class=\"wp-image-1861\" style=\"\" srcset=\"https:\/\/www.greenpeace.org\/static\/planet4-colombia-stateless\/2019\/08\/0f256cc7-barcos-1024x575.jpg 1024w, https:\/\/www.greenpeace.org\/static\/planet4-colombia-stateless\/2019\/08\/0f256cc7-barcos-300x169.jpg 300w, https:\/\/www.greenpeace.org\/static\/planet4-colombia-stateless\/2019\/08\/0f256cc7-barcos-768x431.jpg 768w, https:\/\/www.greenpeace.org\/static\/planet4-colombia-stateless\/2019\/08\/0f256cc7-barcos-510x286.jpg 510w, https:\/\/www.greenpeace.org\/static\/planet4-colombia-stateless\/2019\/08\/0f256cc7-barcos.jpg 1200w\" sizes=\"auto, (max-width: 1024px) 100vw, 1024px\" \/><figcaption class=\"wp-element-caption\">Aerial view of Greenpeace ship  the Arctic Sunrise and Esperanza at the ice edge. \nThe Esperanza and Arctic Sunrise are in Svalbard on the first leg of one of Greenpeace&#8217;s biggest ever expeditions: an almost year-long pole to pole voyage from the Arctic to the Antarctic, to highlight the many threats facing the oceans and to campaign for a Global Ocean Treaty covering all seas outside of national waters. \nThe &#8216;Protect the Oceans&#8217; expedition will see scientists and campaigners team up to research the threats of climate change, overfishing, plastic pollution, deep sea mining and oil drilling.<\/figcaption><\/figure>\n\n\n\n<h5 class=\"wp-block-heading has-text-align-center is-style-default\" style=\"font-size:1rem\"><a href=\"https:\/\/www.greenpeace.org\/colombia\/nuestros-barcos\/\">Nuestros barcos<\/a><\/h5>\n\n\n\n<div style=\"height:16px\" aria-hidden=\"true\" class=\"wp-block-spacer\"><\/div>\n<\/div>\n<\/div>\n\n\n\n<div class=\"wp-block-column is-layout-flow wp-block-column-is-layout-flow\">\n<div class=\"wp-block-group group-stretched-link is-layout-flow wp-block-group-is-layout-flow\">\n<figure class=\"wp-block-image aligncenter size-full is-resized force-no-lightbox force-no-caption is-style-rounded-180\"><a href=\"https:\/\/www.greenpeace.org\/colombia\/tag\/voluntarios\/\"><img loading=\"lazy\" decoding=\"async\" width=\"640\" height=\"426\" src=\"https:\/\/www.greenpeace.org\/static\/planet4-colombia-stateless\/2023\/07\/68016802-feria_bogota.jpg\" title=\"Voluntarios y voluntarias\" alt=\"\" class=\"wp-image-10061\" style=\"\" srcset=\"https:\/\/www.greenpeace.org\/static\/planet4-colombia-stateless\/2023\/07\/68016802-feria_bogota.jpg 640w, https:\/\/www.greenpeace.org\/static\/planet4-colombia-stateless\/2023\/07\/68016802-feria_bogota-300x200.jpg 300w, https:\/\/www.greenpeace.org\/static\/planet4-colombia-stateless\/2023\/07\/68016802-feria_bogota-510x340.jpg 510w\" sizes=\"auto, (max-width: 640px) 100vw, 640px\" \/><\/a><\/figure>\n\n\n\n<h5 class=\"wp-block-heading has-text-align-center is-style-default\" style=\"font-size:1rem\"><a href=\"https:\/\/www.greenpeace.org\/colombia\/tag\/voluntarios\/\">Voluntarios<\/a><\/h5>\n\n\n\n<div style=\"height:16px\" aria-hidden=\"true\" class=\"wp-block-spacer\"><\/div>\n<\/div>\n<\/div>\n\n\n\n<div class=\"wp-block-column is-layout-flow wp-block-column-is-layout-flow\">\n<div class=\"wp-block-group group-stretched-link is-layout-flow wp-block-group-is-layout-flow\">\n<figure class=\"wp-block-image aligncenter size-large is-resized force-no-lightbox force-no-caption is-style-rounded-180\"><a href=\"https:\/\/www.greenpeace.org\/colombia\/campanas\/\"><img loading=\"lazy\" decoding=\"async\" width=\"1024\" height=\"683\" src=\"https:\/\/www.greenpeace.org\/static\/planet4-colombia-stateless\/2020\/10\/6ab0037a-reiniciar-bogot\u00ed-8-1024x683.jpg\" alt=\"\" class=\"wp-image-4816\" style=\"\" srcset=\"https:\/\/www.greenpeace.org\/static\/planet4-colombia-stateless\/2020\/10\/6ab0037a-reiniciar-bogot\u00ed-8-1024x683.jpg 1024w, https:\/\/www.greenpeace.org\/static\/planet4-colombia-stateless\/2020\/10\/6ab0037a-reiniciar-bogot\u00ed-8-300x200.jpg 300w, https:\/\/www.greenpeace.org\/static\/planet4-colombia-stateless\/2020\/10\/6ab0037a-reiniciar-bogot\u00ed-8-768x512.jpg 768w, https:\/\/www.greenpeace.org\/static\/planet4-colombia-stateless\/2020\/10\/6ab0037a-reiniciar-bogot\u00ed-8-1536x1024.jpg 1536w, https:\/\/www.greenpeace.org\/static\/planet4-colombia-stateless\/2020\/10\/6ab0037a-reiniciar-bogot\u00ed-8-2048x1366.jpg 2048w, https:\/\/www.greenpeace.org\/static\/planet4-colombia-stateless\/2020\/10\/6ab0037a-reiniciar-bogot\u00ed-8-510x340.jpg 510w\" sizes=\"auto, (max-width: 1024px) 100vw, 1024px\" \/><\/a><figcaption class=\"wp-element-caption\">A casi dos meses de la finalizaci\u00f3n de la cuarentena en Bogot\u00e1, Greenpeace instal\u00f3 una estructura de doce metros con la palabra Reiniciar en la Estaci\u00f3n del Museo Nacional, para visibilizar la necesidad de que este nuevo comienzo sea de manera sostenible, con movilidad limpia, m\u00e1s y mejores espacios verdes, y el fomento de la producci\u00f3n de alimentos locales. Con esta actividad, Greenpeace llama al Concejo de Bogot\u00e1 a aprobar la declaratoria de la emergencia clim\u00e1tica. \u201cTienen en sus manos la oportunidad de aprobar una medida hist\u00f3rica que asegure un futuro sostenible para Bogot\u00e1\u201d, expresa Tatiana C\u00e9spedes, del equipo de campa\u00f1as de la organizaci\u00f3n ambientalista<\/figcaption><\/figure>\n\n\n\n<h5 class=\"wp-block-heading has-text-align-center is-style-default\" style=\"font-size:1rem\"><a href=\"https:\/\/www.greenpeace.org\/colombia\/campanas\/\">Campa\u00f1as<\/a><\/h5>\n\n\n\n<div style=\"height:16px\" aria-hidden=\"true\" class=\"wp-block-spacer\"><\/div>\n<\/div>\n<\/div>\n<\/div>\n<\/div>\n\n<div class=\"wp-block-group alignfull block has-beige-100-background-color has-background is-layout-flow wp-block-group-is-layout-flow\"><\/div>\n\n<p><\/p>\n","protected":false},"excerpt":{"rendered":"<p>Estado contable 2021 Contin\u00faa explorando Nuestros barcos Voluntarios Campa\u00f1as<\/p>\n","protected":false},"author":53,"featured_media":6962,"parent":0,"menu_order":0,"comment_status":"closed","ping_status":"closed","template":"","meta":{"ep_exclude_from_search":false,"p4_hide_page_title_checkbox":"on","p4_title":"","p4_subtitle":"","p4_description":"","background_image_id":"","background_image":"","p4_button_title":"","p4_button_link":"","p4_button_link_checkbox":"","p4_og_title":"","p4_og_description":"","p4_og_image":"","p4_og_image_id":"","p4_seo_canonical_url":"","p4_campaign_name":"not set","p4_local_project":"not set","p4_basket_name":"not set","p4_department":"","footnotes":""},"categories":[37],"tags":[],"class_list":["post-10258","page","type-page","status-publish","has-post-thumbnail","hentry","category-greenpeace"],"_links":{"self":[{"href":"https:\/\/www.greenpeace.org\/colombia\/wp-json\/wp\/v2\/pages\/10258","targetHints":{"allow":["GET"]}}],"collection":[{"href":"https:\/\/www.greenpeace.org\/colombia\/wp-json\/wp\/v2\/pages"}],"about":[{"href":"https:\/\/www.greenpeace.org\/colombia\/wp-json\/wp\/v2\/types\/page"}],"author":[{"embeddable":true,"href":"https:\/\/www.greenpeace.org\/colombia\/wp-json\/wp\/v2\/users\/53"}],"replies":[{"embeddable":true,"href":"https:\/\/www.greenpeace.org\/colombia\/wp-json\/wp\/v2\/comments?post=10258"}],"version-history":[{"count":20,"href":"https:\/\/www.greenpeace.org\/colombia\/wp-json\/wp\/v2\/pages\/10258\/revisions"}],"predecessor-version":[{"id":15528,"href":"https:\/\/www.greenpeace.org\/colombia\/wp-json\/wp\/v2\/pages\/10258\/revisions\/15528"}],"wp:featuredmedia":[{"embeddable":true,"href":"https:\/\/www.greenpeace.org\/colombia\/wp-json\/wp\/v2\/media\/6962"}],"wp:attachment":[{"href":"https:\/\/www.greenpeace.org\/colombia\/wp-json\/wp\/v2\/media?parent=10258"}],"wp:term":[{"taxonomy":"category","embeddable":true,"href":"https:\/\/www.greenpeace.org\/colombia\/wp-json\/wp\/v2\/categories?post=10258"},{"taxonomy":"post_tag","embeddable":true,"href":"https:\/\/www.greenpeace.org\/colombia\/wp-json\/wp\/v2\/tags?post=10258"}],"curies":[{"name":"wp","href":"https:\/\/api.w.org\/{rel}","templated":true}]}}