{"id":11440,"date":"2024-03-11T18:23:38","date_gmt":"2024-03-11T18:23:38","guid":{"rendered":"https:\/\/www.greenpeace.org\/colombia\/?page_id=11440"},"modified":"2025-09-23T09:45:36","modified_gmt":"2025-09-23T09:45:36","slug":"pacifico","status":"publish","type":"page","link":"https:\/\/www.greenpeace.org\/colombia\/involucrate\/pacifico\/","title":{"rendered":"Colombia es pac\u00edfico"},"content":{"rendered":"\n<style>\n .page-header-title {display: none;}\n .page-header {padding: 0 !important;}\n<\/style>\n\n\n<div class=\"wp-block-group block is-layout-flow wp-block-group-is-layout-flow\">\n<div class=\"wp-block-group alignfull is-style-default has-green-400-background-color has-background is-layout-flow wp-block-group-is-layout-flow\" style=\"padding-top:80px;padding-bottom:50px\">\n<div class=\"wp-block-group container is-layout-flow wp-block-group-is-layout-flow\">\n<div class=\"wp-block-columns is-layout-flex wp-container-core-columns-is-layout-9d6595d7 wp-block-columns-is-layout-flex\">\n<div class=\"wp-block-column is-layout-flow wp-block-column-is-layout-flow\">\n<h2 class=\"wp-block-heading\" style=\"font-size:40px\"><strong>\u00a1Colombia es Pac\u00edfico! Firma para proteger nuestro oc\u00e9ano de la contaminaci\u00f3n por pl\u00e1sticos<\/strong><\/h2>\n\n\n\n<figure class=\"wp-block-image size-large\"><img loading=\"lazy\" decoding=\"async\" width=\"1024\" height=\"685\" src=\"https:\/\/www.greenpeace.org\/static\/planet4-colombia-stateless\/2024\/03\/c4c96918-gp0stpywj_medium_res_with_credit_line-1024x685.jpg\" alt=\"\" class=\"wp-image-11443\" srcset=\"https:\/\/www.greenpeace.org\/static\/planet4-colombia-stateless\/2024\/03\/c4c96918-gp0stpywj_medium_res_with_credit_line-1024x685.jpg 1024w, https:\/\/www.greenpeace.org\/static\/planet4-colombia-stateless\/2024\/03\/c4c96918-gp0stpywj_medium_res_with_credit_line-300x201.jpg 300w, https:\/\/www.greenpeace.org\/static\/planet4-colombia-stateless\/2024\/03\/c4c96918-gp0stpywj_medium_res_with_credit_line-768x514.jpg 768w, https:\/\/www.greenpeace.org\/static\/planet4-colombia-stateless\/2024\/03\/c4c96918-gp0stpywj_medium_res_with_credit_line-508x340.jpg 508w, https:\/\/www.greenpeace.org\/static\/planet4-colombia-stateless\/2024\/03\/c4c96918-gp0stpywj_medium_res_with_credit_line.jpg 1200w\" sizes=\"auto, (max-width: 1024px) 100vw, 1024px\" \/><\/figure>\n\n\n\n<p class=\"has-medium-font-size\">La <strong>ruta <\/strong>migratoria del <strong>Pac\u00edfico Colombiano<\/strong> es <strong>vital para la vida marina<\/strong> &#8211; tortugas marinas, tiburones y ballenas &#8211; que van y vienen entre las islas, buscando un lugar para anidar o en busca de alimento.&nbsp; <\/p>\n\n\n\n<p>Pero <strong>se encuentra amenazada por la contaminaci\u00f3n por pl\u00e1sticos<\/strong>.  <\/p>\n\n\n\n<p>SUMA TU NOMBRE  para ser parte de un <strong>movimiento mundial <\/strong>imparable que pueda lograr un ambicioso Tratado Mundial sobre los Pl\u00e1sticos que ponga <strong>fin a la era del pl\u00e1stico<\/strong>, por la salud de nuestro oc\u00e9ano pac\u00edfico<\/p>\n<\/div>\n\n\n\n<div class=\"wp-block-column is-layout-flow wp-block-column-is-layout-flow\"><script type=\"text\/javascript\">\n\/* <![CDATA[ *\/\nvar gform;gform||(document.addEventListener(\"gform_main_scripts_loaded\",function(){gform.scriptsLoaded=!0}),document.addEventListener(\"gform\/theme\/scripts_loaded\",function(){gform.themeScriptsLoaded=!0}),window.addEventListener(\"DOMContentLoaded\",function(){gform.domLoaded=!0}),gform={domLoaded:!1,scriptsLoaded:!1,themeScriptsLoaded:!1,isFormEditor:()=>\"function\"==typeof InitializeEditor,callIfLoaded:function(o){return!(!gform.domLoaded||!gform.scriptsLoaded||!gform.themeScriptsLoaded&&!gform.isFormEditor()||(gform.isFormEditor()&&console.warn(\"The use of gform.initializeOnLoaded() is deprecated in the form editor context and will be removed in Gravity Forms 3.1.\"),o(),0))},initializeOnLoaded:function(o){gform.callIfLoaded(o)||(document.addEventListener(\"gform_main_scripts_loaded\",()=>{gform.scriptsLoaded=!0,gform.callIfLoaded(o)}),document.addEventListener(\"gform\/theme\/scripts_loaded\",()=>{gform.themeScriptsLoaded=!0,gform.callIfLoaded(o)}),window.addEventListener(\"DOMContentLoaded\",()=>{gform.domLoaded=!0,gform.callIfLoaded(o)}))},hooks:{action:{},filter:{}},addAction:function(o,r,e,t){gform.addHook(\"action\",o,r,e,t)},addFilter:function(o,r,e,t){gform.addHook(\"filter\",o,r,e,t)},doAction:function(o){gform.doHook(\"action\",o,arguments)},applyFilters:function(o){return gform.doHook(\"filter\",o,arguments)},removeAction:function(o,r){gform.removeHook(\"action\",o,r)},removeFilter:function(o,r,e){gform.removeHook(\"filter\",o,r,e)},addHook:function(o,r,e,t,n){null==gform.hooks[o][r]&&(gform.hooks[o][r]=[]);var d=gform.hooks[o][r];null==n&&(n=r+\"_\"+d.length),gform.hooks[o][r].push({tag:n,callable:e,priority:t=null==t?10:t})},doHook:function(r,o,e){var t;if(e=Array.prototype.slice.call(e,1),null!=gform.hooks[r][o]&&((o=gform.hooks[r][o]).sort(function(o,r){return o.priority-r.priority}),o.forEach(function(o){\"function\"!=typeof(t=o.callable)&&(t=window[t]),\"action\"==r?t.apply(null,e):e[0]=t.apply(null,e)})),\"filter\"==r)return e[0]},removeHook:function(o,r,t,n){var e;null!=gform.hooks[o][r]&&(e=(e=gform.hooks[o][r]).filter(function(o,r,e){return!!(null!=n&&n!=o.tag||null!=t&&t!=o.priority)}),gform.hooks[o][r]=e)}});\n\/* ]]> *\/\n<\/script>\n\n                <div class='gf_browser_gecko gform_wrapper gravity-theme gform-theme--no-framework' data-form-theme='gravity-theme' data-form-index='0' id='gform_wrapper_1' ><div id='gf_1' class='gform_anchor' tabindex='-1'><\/div><form method='post' enctype='multipart\/form-data' target='gform_ajax_frame_1' id='gform_1'  action='\/colombia\/wp-json\/wp\/v2\/pages\/11440#gf_1' data-formid='1' novalidate>\n                        <div class='gform-body gform_body'><div id='gform_fields_1' class='gform_fields top_label form_sublabel_below description_above validation_below'><div id=\"field_1_15\" class=\"gfield gfield--type-section gfield--input-type-section gsection field_sublabel_below gfield--has-description field_description_above field_validation_below gfield_visibility_hidden\"  ><div class=\"admin-hidden-markup\"><i class=\"gform-icon gform-icon--hidden\" aria-hidden=\"true\" title=\"This field is hidden when viewing the form\"><\/i><span>This field is hidden when viewing the form<\/span><\/div><h3 class=\"gsection_title\">Next Steps: Sync an Email Add-On<\/h3><div class='gsection_description' id='gfield_description_1_15'>To get the most out of your form, we suggest that you sync this form with an email add-on. To learn more about your email add-on options, visit the following page (https:\/\/www.gravityforms.com\/the-8-best-email-plugins-for-wordpress-in-2020\/). Important: Delete this tip before you publish the form.<\/div><\/div><fieldset id=\"field_1_1\" class=\"gfield gfield--type-name gfield--input-type-name gfield--width-full gfield_contains_required field_sublabel_below gfield--no-description field_description_above field_validation_below gfield_visibility_visible\"  ><legend class='gfield_label gform-field-label gfield_label_before_complex' >Tu nombre<span class=\"gfield_required\"><span class=\"gfield_required gfield_required_text\">(Requerido)<\/span><\/span><\/legend><div class='ginput_complex ginput_container ginput_container--name no_prefix has_first_name no_middle_name has_last_name no_suffix gf_name_has_2 ginput_container_name gform-grid-row' id='input_1_1'>\n                            \n                            <span id='input_1_1_3_container' class='name_first gform-grid-col gform-grid-col--size-auto' >\n                                                    <input type='text' name='input_1.3' id='input_1_1_3' value=''   aria-required='true'    autocomplete=\"given-name\" \/>\n                                                    <label for='input_1_1_3' class='gform-field-label gform-field-label--type-sub '>Nombre<\/label>\n                                                <\/span>\n                            \n                            <span id='input_1_1_6_container' class='name_last gform-grid-col gform-grid-col--size-auto' >\n                                                    <input type='text' name='input_1.6' id='input_1_1_6' value=''   aria-required='true'    autocomplete=\"family-name\" \/>\n                                                    <label for='input_1_1_6' class='gform-field-label gform-field-label--type-sub '>Apellido<\/label>\n                                                <\/span>\n                            \n                        <\/div><\/fieldset><div id=\"field_1_18\" class=\"gfield gfield--type-text gfield--input-type-text gfield--width-full gfield_contains_required field_sublabel_below gfield--no-description field_description_above field_validation_below gfield_visibility_visible\"  ><label class='gfield_label gform-field-label' for='input_1_18'>C\u00e9dula de ciudadan\u00eda<span class=\"gfield_required\"><span class=\"gfield_required gfield_required_text\">(Requerido)<\/span><\/span><\/label><div class='ginput_container ginput_container_text'><input name='input_18' id='input_1_18' type='text' value='' class='large' maxlength='10'    aria-required=\"true\" aria-invalid=\"false\"   \/><\/div><\/div><div id=\"field_1_19\" class=\"gfield gfield--type-email gfield--input-type-email gfield--width-full gfield_contains_required field_sublabel_below gfield--no-description field_description_above field_validation_below gfield_visibility_visible\"  ><label class='gfield_label gform-field-label' for='input_1_19'>Email<span class=\"gfield_required\"><span class=\"gfield_required gfield_required_text\">(Requerido)<\/span><\/span><\/label><div class='ginput_container ginput_container_email'>\n                            <input name='input_19' id='input_1_19' type='email' value='' class='large'    aria-required=\"true\" aria-invalid=\"false\"  \/>\n                        <\/div><\/div><div id=\"field_1_17\" class=\"gfield gfield--type-select gfield--input-type-select gfield--width-full field_sublabel_below gfield--no-description field_description_above field_validation_below gfield_visibility_visible\"  ><label class='gfield_label gform-field-label' for='input_1_17'>Departamento<\/label><div class='ginput_container ginput_container_select'><select name='input_17' id='input_1_17' class='large gfield_select'     aria-invalid=\"false\" ><option value='' ><\/option><option value='Bogota' >Bogota<\/option><option value='Amazonas' >Amazonas<\/option><option value='Antioqu\u00eda' >Antioqu\u00eda<\/option><option value='Arauca' >Arauca<\/option><option value='Atlantico' >Atlantico<\/option><option value='Bolivar' >Bolivar<\/option><option value='Boyaca' >Boyaca<\/option><option value='Caldas' >Caldas<\/option><option value='Caqueta' >Caqueta<\/option><option value='Casanare' >Casanare<\/option><option value='Cauca' >Cauca<\/option><option value='Cesar' >Cesar<\/option><option value='Choco' >Choco<\/option><option value='Cordoba' >Cordoba<\/option><option value='Cundinamarca' >Cundinamarca<\/option><option value='Guainia' >Guainia<\/option><option value='Guaviare' >Guaviare<\/option><option value='Huila' >Huila<\/option><option value='La Guajira' >La Guajira<\/option><option value='Magdalena' >Magdalena<\/option><option value='Meta' >Meta<\/option><option value='Nari\u00f1o' >Nari\u00f1o<\/option><option value='Norte de Santander' >Norte de Santander<\/option><option value='Putumayo' >Putumayo<\/option><option value='Quindio' >Quindio<\/option><option value='Risaralda' >Risaralda<\/option><option value='San Andres y Providencia' >San Andres y Providencia<\/option><option value='Santander' >Santander<\/option><option value='Sucre' >Sucre<\/option><option value='Tolima' >Tolima<\/option><option value='Valle del Cauca' >Valle del Cauca<\/option><option value='Vaupes' >Vaupes<\/option><option value='Vichada' >Vichada<\/option><option value='No vivo en Colombia' >No vivo en Colombia<\/option><\/select><\/div><\/div><div id=\"field_1_5\" class=\"gfield gfield--type-phone gfield--input-type-phone gfield--width-full gfield_contains_required field_sublabel_below gfield--no-description field_description_above field_validation_below gfield_visibility_visible\"  ><label class='gfield_label gform-field-label' for='input_1_5'>Tel\u00e9fono (solo n\u00fameros)<span class=\"gfield_required\"><span class=\"gfield_required gfield_required_text\">(Requerido)<\/span><\/span><\/label><div class='ginput_container ginput_container_phone'><input name='input_5' id='input_1_5' type='tel' value='' class='large'   aria-required=\"true\" aria-invalid=\"false\"  autocomplete=\"tel\" \/><\/div><\/div><\/div><\/div>\n        <div class='gform-footer gform_footer top_label'> <input type='submit' id='gform_submit_button_1' class='gform_button button' onclick='gform.submission.handleButtonClick(this);' data-submission-type='submit' value='Quiero firmar'  \/> <input type='hidden' name='gform_ajax' value='form_id=1&amp;title=&amp;description=&amp;tabindex=0&amp;theme=gravity-theme&amp;styles={&quot;inputPrimaryColor&quot;:&quot;#204ce5&quot;}&amp;hash=f3dd8bd1ae08ee649966f060e03708ab' \/>\n            <input type='hidden' class='gform_hidden' name='gform_submission_method' data-js='gform_submission_method_1' value='iframe' \/>\n            <input type='hidden' class='gform_hidden' name='gform_theme' data-js='gform_theme_1' id='gform_theme_1' value='gravity-theme' \/>\n            <input type='hidden' class='gform_hidden' name='gform_style_settings' data-js='gform_style_settings_1' id='gform_style_settings_1' value='{&quot;inputPrimaryColor&quot;:&quot;#204ce5&quot;}' \/>\n            <input type='hidden' class='gform_hidden' name='is_submit_1' value='1' \/>\n            <input type='hidden' class='gform_hidden' name='gform_submit' value='1' \/>\n            \n            <input type='hidden' class='gform_hidden' name='gform_currency' data-currency='USD' value='hj4Z8f5A2Suv6aeNGawyZeTprZ1fqH290W+95o1FK3h9aciuCWzydQpBJ\/a\/QKQwku0hoP25Lmc69BO4XeGn2tPlkpSFzmrf5BKjBXXgzYMzMC0=' \/>\n            <input type='hidden' class='gform_hidden' name='gform_unique_id' value='' \/>\n            <input type='hidden' class='gform_hidden' name='state_1' value='WyJ7XCIxN1wiOltcImJjMjhlMWMyMDViMWE5MDA1MzE5NmIwYWIyNzllODM5XCIsXCJhODljOGUzOThmMWNlM2JkZDVkMDkyYWE0MzMyODRjYVwiLFwiZmRjZGU4Mzk4M2RjM2ViMzdmZmFiNDc0ZGZkZTZhZjBcIixcIjcwZGZiNDQ5MzIwMDU2NjNlZjJhNzA0ZGFjZjllMWNhXCIsXCI2OTUyOGM1NTk5NjE4YjQ4ZjQ5ODdkMDlhMmIwZGZiZlwiLFwiZTQ3MjNkYmI2NWJjYTI5NDc0OTBmNzE1N2Q0NTExYzhcIixcIjRmNDg2NGYzODhiNjdiYmIzNDMzZTAyMjU2ZjIzZTY4XCIsXCJmNWRjZjc1YTFjYzEzYzJlNjJkNWFlZTFlOTc1OGM3ZFwiLFwiYmY4OGIzNjUxZmEwMTQzNjYwYjYzMGEzZTc0MGJmZTZcIixcIjE2NzYyNDVmMGM3ZTc5Y2ZmMmM3ZGVhYjM5OWFkOWJhXCIsXCI5MDdkZGM5MjUxY2I0OTkyZmRmOTVhOWVmNmY2OWZlOVwiLFwiMDJjNDc0ZWJiMmIwNzVmODg5MmI0ODQwOGRkMTc3NTRcIixcImVhNTk1NTM4OWVlZGE5ZDJjYTJjZWY3ZmE4ODQyZWZmXCIsXCJjNzAzNTIyNmE2MmFkMzQxZmZiZmUwMjU2NDExZmYyMFwiLFwiNWJkODQ1MGRmYTQzZjlhYjllZjhhOTIxNWI3MTgyMDdcIixcIjAzZDIzNWE5YWU3MGZlNTA2MTIxYWZjMjNkMmM4MWMyXCIsXCJhNjRkNGUyYWFlOTVlNmU1YTdkNWI5YzczNGYxZjZkNlwiLFwiOWFhZmEyZTE4YWYyZWM1NGY5N2ZhMzM2OWRlMjRiY2RcIixcIjllODIwMjEzYTQwM2FjNDI0YWE0NzYzYzFhZTdhNDBhXCIsXCJkMGY3Y2JmNzVhNzIyNzgzMDEzNmJkZjlhMmQ3ZWQyYlwiLFwiMzczZTU3ZGVkNDk5OWY4NzAwNTg1OWJiODZlZDgwZThcIixcImJiOTAwNmM2NWZlMDhhMWMzMmIwZGU3ZTYxYzYzNTVhXCIsXCI2MDFlZTZlNzE4OGUyMjRiNjk1ODk0MTVjYmZjODAzM1wiLFwiOWEzMzE3MWQ3ZTQ5OWI5MTQ3Y2UwYTU2MDk0OTNmZmFcIixcIjU2ZWIzNDdiZjg2MzE2MGM5ZTFlZmQwMTJmNGNjYmQ3XCIsXCI2NDMwNWFmOTJmNzQ3YjM3Yjk0YmJiZjBlZDI3NjU2YlwiLFwiMjUzNGUyODUzOGZhMjIzMWMyOWM3MTE3Nzk5MWE0MDdcIixcIjc1ZDdmYTcyZDAyMjRiYzM5NTQ2NmE3ZTA4NDk0NWJmXCIsXCI5ODQ1N2RhYWY2ZTliN2Q2MTk3OWVjNTU4YjRhMWEwMVwiLFwiZTlkNDJkYjJlMTk3YzVjZDc1MTQxYTM1MzMwZjE5ODRcIixcImY5ODUyNzI1ZWZjNmE1OTIxOTQ5NzdiZTQzNzdiMDMxXCIsXCI0ZWZmYzMzOTUyZGYzYjBmNzZmOWU3YzFjYjIyNGUyOVwiLFwiNmFiYzg3ZTI3NTViZGNlMjk3ODljNGJmYmQ1MGM5NjdcIixcIjY1MWIyMzFjNzYyYTY5YjhkYjM2ZTBiNWE3YzRlZTM0XCIsXCI4Mzg3MjM1YWRlMWIwYjEzOGUxMTEwNTgxY2ExZjU4ZlwiXX0iLCI4OTcwNGIyNWJhNGM5ZDFiN2U0ZWMyZTE5ODI4YjJkNyJd' \/>\n            <input type='hidden' autocomplete='off' class='gform_hidden' name='gform_target_page_number_1' id='gform_target_page_number_1' value='0' \/>\n            <input type='hidden' autocomplete='off' class='gform_hidden' name='gform_source_page_number_1' id='gform_source_page_number_1' value='1' \/>\n            <input type='hidden' name='gform_field_values' value='' \/>\n            \n        <\/div>\n                        <\/form>\n                        <\/div>\n\t\t                <iframe style='display:none;width:0px;height:0px;' src='about:blank' name='gform_ajax_frame_1' id='gform_ajax_frame_1' title='This iframe contains the logic required to handle Ajax powered Gravity Forms.'><\/iframe>\n\t\t                <script type=\"text\/javascript\">\n\/* <![CDATA[ *\/\n gform.initializeOnLoaded( function() {gformInitSpinner( 1, 'https:\/\/www.greenpeace.org\/colombia\/wp-content\/plugins\/gravityforms\/images\/spinner.svg', true );jQuery('#gform_ajax_frame_1').on('load',function(){var contents = jQuery(this).contents().find('*').html();var is_postback = contents.indexOf('GF_AJAX_POSTBACK') >= 0;if(!is_postback){return;}var form_content = jQuery(this).contents().find('#gform_wrapper_1');var is_confirmation = jQuery(this).contents().find('#gform_confirmation_wrapper_1').length > 0;var is_redirect = contents.indexOf('gformRedirect(){') >= 0;var is_form = form_content.length > 0 && ! is_redirect && ! is_confirmation;var mt = parseInt(jQuery('html').css('margin-top'), 10) + parseInt(jQuery('body').css('margin-top'), 10) + 100;if(is_form){jQuery('#gform_wrapper_1').html(form_content.html());if(form_content.hasClass('gform_validation_error')){jQuery('#gform_wrapper_1').addClass('gform_validation_error');} else {jQuery('#gform_wrapper_1').removeClass('gform_validation_error');}setTimeout( function() { \/* delay the scroll by 50 milliseconds to fix a bug in chrome *\/ jQuery(document).scrollTop(jQuery('#gform_wrapper_1').offset().top - mt); }, 50 );if(window['gformInitDatepicker']) {gformInitDatepicker();}if(window['gformInitPriceFields']) {gformInitPriceFields();}var current_page = jQuery('#gform_source_page_number_1').val();gformInitSpinner( 1, 'https:\/\/www.greenpeace.org\/colombia\/wp-content\/plugins\/gravityforms\/images\/spinner.svg', true );jQuery(document).trigger('gform_page_loaded', [1, current_page]);window['gf_submitting_1'] = false;}else if(!is_redirect){var confirmation_content = jQuery(this).contents().find('.GF_AJAX_POSTBACK').html();if(!confirmation_content){confirmation_content = contents;}jQuery('#gform_wrapper_1').replaceWith(confirmation_content);jQuery(document).scrollTop(jQuery('#gf_1').offset().top - mt);jQuery(document).trigger('gform_confirmation_loaded', [1]);window['gf_submitting_1'] = false;wp.a11y.speak(jQuery('#gform_confirmation_message_1').text());}else{jQuery('#gform_1').append(contents);if(window['gformRedirect']) {gformRedirect();}}jQuery(document).trigger(\"gform_pre_post_render\", [{ formId: \"1\", currentPage: \"current_page\", abort: function() { this.preventDefault(); } }]);        if (event && event.defaultPrevented) {                return;        }        const gformWrapperDiv = document.getElementById( \"gform_wrapper_1\" );        if ( gformWrapperDiv ) {            const visibilitySpan = document.createElement( \"span\" );            visibilitySpan.id = \"gform_visibility_test_1\";            gformWrapperDiv.insertAdjacentElement( \"afterend\", visibilitySpan );        }        const visibilityTestDiv = document.getElementById( \"gform_visibility_test_1\" );        let postRenderFired = false;        function triggerPostRender() {            if ( postRenderFired ) {                return;            }            postRenderFired = true;            gform.core.triggerPostRenderEvents( 1, current_page );            if ( visibilityTestDiv ) {                visibilityTestDiv.parentNode.removeChild( visibilityTestDiv );            }        }        function debounce( func, wait, immediate ) {            var timeout;            return function() {                var context = this, args = arguments;                var later = function() {                    timeout = null;                    if ( !immediate ) func.apply( context, args );                };                var callNow = immediate && !timeout;                clearTimeout( timeout );                timeout = setTimeout( later, wait );                if ( callNow ) func.apply( context, args );            };        }        const debouncedTriggerPostRender = debounce( function() {            triggerPostRender();        }, 200 );        if ( visibilityTestDiv && visibilityTestDiv.offsetParent === null ) {            const observer = new MutationObserver( ( mutations ) => {                mutations.forEach( ( mutation ) => {                    if ( mutation.type === 'attributes' && visibilityTestDiv.offsetParent !== null ) {                        debouncedTriggerPostRender();                        observer.disconnect();                    }                });            });            observer.observe( document.body, {                attributes: true,                childList: false,                subtree: true,                attributeFilter: [ 'style', 'class' ],            });        } else {            triggerPostRender();        }    } );} ); \n\/* ]]> *\/\n<\/script>\n<\/div>\n<\/div>\n<\/div>\n<\/div>\n\n\n\n\n<div class=\"wp-block-columns is-layout-flex wp-container-core-columns-is-layout-9d6595d7 wp-block-columns-is-layout-flex\">\n<div class=\"wp-block-column is-layout-flow wp-block-column-is-layout-flow\" style=\"flex-basis:100%\">\n<div class=\"wp-block-group alignfull block has-beige-100-background-color has-background is-layout-flow wp-block-group-is-layout-flow\">\n<h2 class=\"wp-block-heading has-white-background-color has-background\"><strong>Realizamos una expedici\u00f3n a bordo del barco Arctic Sunrise para proteger nuestro oc\u00e9ano pac\u00edfico<\/strong>  <\/h2>\n\n\n\n<figure class=\"wp-block-image aligncenter size-large\"><img loading=\"lazy\" decoding=\"async\" width=\"1024\" height=\"529\" src=\"https:\/\/www.greenpeace.org\/static\/planet4-colombia-stateless\/2024\/03\/94aeb71c-banner-1024x529.png\" alt=\"\" class=\"wp-image-11542\" srcset=\"https:\/\/www.greenpeace.org\/static\/planet4-colombia-stateless\/2024\/03\/94aeb71c-banner-1024x529.png 1024w, https:\/\/www.greenpeace.org\/static\/planet4-colombia-stateless\/2024\/03\/94aeb71c-banner-300x155.png 300w, https:\/\/www.greenpeace.org\/static\/planet4-colombia-stateless\/2024\/03\/94aeb71c-banner-768x397.png 768w, https:\/\/www.greenpeace.org\/static\/planet4-colombia-stateless\/2024\/03\/94aeb71c-banner-510x264.png 510w, https:\/\/www.greenpeace.org\/static\/planet4-colombia-stateless\/2024\/03\/94aeb71c-banner.png 1207w\" sizes=\"auto, (max-width: 1024px) 100vw, 1024px\" \/><\/figure>\n\n\n\n<h4 class=\"wp-block-heading is-style-default has-white-background-color has-background has-medium-font-size\"><strong>Viajamos <\/strong><strong>en representaci\u00f3n tuya y de todas las personas que defienden el mar y sus especies.<\/strong><\/h4>\n\n\n\n<p class=\"has-white-background-color has-background\">Las situaciones urgentes requieren medidas valientes. As\u00ed que este <strong>2024,<\/strong> en el que Greenpeace cumple <strong>15 a\u00f1os de presencia en Colombia<\/strong>, nuestro emblem\u00e1tico barco <strong>Arctic Sunrise<\/strong> arrib\u00f3 <strong>por primera vez <\/strong>al pa\u00eds en <strong>un tour<\/strong> in\u00e9dito hasta las <strong>zonas m\u00e1s espectaculares del Pac\u00edfico Colombiano.<\/strong><\/p>\n\n\n\n<p class=\"has-white-background-color has-background\">Luego de su traves\u00eda investigativa en las<strong> Islas Gal\u00e1pagos<\/strong> y como parte de la<strong> campa\u00f1a internacional de Pl\u00e1sticos<\/strong>, el barco Arctic Sunrise lleg\u00f3 al puerto de <strong>Buenaventura<\/strong> y luego se dirigi\u00f3 al Santuario de Flora y Fauna <strong>Isla de Malpelo<\/strong> (declarada Sitio de Patrimonio Natural por la UNESCO) para documentar la importancia ecosist\u00e9mica de migraci\u00f3n, sustento y de biodiversidad.<\/p>\n\n\n\n<p class=\"has-grey-200-background-color has-background\">Nos acompa\u00f1aron un&nbsp;<strong>equipo de profesionales de biodiversidad marina<\/strong>: &nbsp; miembros de la&nbsp;<strong><a href=\"https:\/\/www.fundacionmalpelo.org\/\" target=\"_blank\" rel=\"noreferrer noopener\">Fundaci\u00f3n Malpelo&nbsp;<\/a><\/strong>.&nbsp; Junto a quienes m\u00e1s saben documentamos por primera vez una zona de&nbsp;<strong>montes submarinos<\/strong>&nbsp;y&nbsp;<strong>arrecifes. D<\/strong><strong>enunciamos las amenazas a nuestro mar, especialmente la contaminaci\u00f3n por pl\u00e1sticos. <\/strong>Rescatamos el <strong>valor de conservaci\u00f3n del Pac\u00edfico tropical de Colombia<\/strong>,<strong> los montes submarinos <\/strong>y la<strong> necesidad de aumentar las \u00e1reas marinas protegidas en Colombia.<\/strong><\/p>\n\n\n\n<p><\/p>\n\n\n\n<p><\/p>\n\n\n\n<p><\/p>\n<\/div>\n<\/div>\n<\/div>\n\n\n\n<figure class=\"wp-block-image size-large\"><img loading=\"lazy\" decoding=\"async\" width=\"1024\" height=\"683\" src=\"https:\/\/www.greenpeace.org\/static\/planet4-colombia-stateless\/2024\/04\/95fd8ba1-dreym_img_0859-1024x683.jpg\" alt=\"\" class=\"wp-image-12097\" srcset=\"https:\/\/www.greenpeace.org\/static\/planet4-colombia-stateless\/2024\/04\/95fd8ba1-dreym_img_0859-1024x683.jpg 1024w, https:\/\/www.greenpeace.org\/static\/planet4-colombia-stateless\/2024\/04\/95fd8ba1-dreym_img_0859-300x200.jpg 300w, https:\/\/www.greenpeace.org\/static\/planet4-colombia-stateless\/2024\/04\/95fd8ba1-dreym_img_0859-768x512.jpg 768w, https:\/\/www.greenpeace.org\/static\/planet4-colombia-stateless\/2024\/04\/95fd8ba1-dreym_img_0859-1536x1024.jpg 1536w, https:\/\/www.greenpeace.org\/static\/planet4-colombia-stateless\/2024\/04\/95fd8ba1-dreym_img_0859-2048x1366.jpg 2048w, https:\/\/www.greenpeace.org\/static\/planet4-colombia-stateless\/2024\/04\/95fd8ba1-dreym_img_0859-510x340.jpg 510w\" sizes=\"auto, (max-width: 1024px) 100vw, 1024px\" \/><figcaption class=\"wp-element-caption\">\u00a9&nbsp;Diana Rey Melo \/ Greenpeace<\/figcaption><\/figure>\n\n\n\n<figure class=\"wp-block-image size-large\"><img loading=\"lazy\" decoding=\"async\" width=\"1024\" height=\"683\" src=\"https:\/\/www.greenpeace.org\/static\/planet4-colombia-stateless\/2024\/04\/20240402-Visita-Periodistas-Sofia-Gomez-Banner-Credito-Martin-Katz-Greenpeace-15-1-1024x683.jpg\" alt=\"\" class=\"wp-image-11916\" srcset=\"https:\/\/www.greenpeace.org\/static\/planet4-colombia-stateless\/2024\/04\/20240402-Visita-Periodistas-Sofia-Gomez-Banner-Credito-Martin-Katz-Greenpeace-15-1-1024x683.jpg 1024w, https:\/\/www.greenpeace.org\/static\/planet4-colombia-stateless\/2024\/04\/20240402-Visita-Periodistas-Sofia-Gomez-Banner-Credito-Martin-Katz-Greenpeace-15-1-300x200.jpg 300w, https:\/\/www.greenpeace.org\/static\/planet4-colombia-stateless\/2024\/04\/20240402-Visita-Periodistas-Sofia-Gomez-Banner-Credito-Martin-Katz-Greenpeace-15-1-768x512.jpg 768w, https:\/\/www.greenpeace.org\/static\/planet4-colombia-stateless\/2024\/04\/20240402-Visita-Periodistas-Sofia-Gomez-Banner-Credito-Martin-Katz-Greenpeace-15-1-1536x1024.jpg 1536w, https:\/\/www.greenpeace.org\/static\/planet4-colombia-stateless\/2024\/04\/20240402-Visita-Periodistas-Sofia-Gomez-Banner-Credito-Martin-Katz-Greenpeace-15-1-2048x1366.jpg 2048w, https:\/\/www.greenpeace.org\/static\/planet4-colombia-stateless\/2024\/04\/20240402-Visita-Periodistas-Sofia-Gomez-Banner-Credito-Martin-Katz-Greenpeace-15-1-510x340.jpg 510w\" sizes=\"auto, (max-width: 1024px) 100vw, 1024px\" \/><figcaption class=\"wp-element-caption\">\u00a9 Mart\u00edn Katz \/ Greenpeace<\/figcaption><\/figure>\n\n\n\n\n\n<div class=\"wp-block-media-text is-stacked-on-mobile\" style=\"grid-template-columns:45% auto\"><figure class=\"wp-block-media-text__media\"><img loading=\"lazy\" decoding=\"async\" width=\"1024\" height=\"666\" src=\"https:\/\/www.greenpeace.org\/static\/planet4-colombia-stateless\/2024\/03\/a3084e23-gpco-biodiversidad-pacifico-co-tortuga-verde-\u00a9-paul-hilton-greenpeace-1024x666.jpg\" alt=\"\" sizes=\"auto, (min-width: 1600px) calc((1320px - 24px) \/ 2.2222),(min-width: 1200px) calc((1140px - 24px) \/ 2.2222),(min-width: 992px) calc((960px - 24px) \/ 2.2222),(min-width: 768px) calc((720px - 24px) \/ 2.2222),(min-width: 601px) calc((540px - 24px) \/ 2.2222),(min-width: 577px) calc((540px - 24px) \/ 1), calc(100vw - 24px)\" srcset=\"https:\/\/www.greenpeace.org\/static\/planet4-colombia-stateless\/2024\/03\/a3084e23-gpco-biodiversidad-pacifico-co-tortuga-verde-\u00a9-paul-hilton-greenpeace.jpg 2500w, https:\/\/www.greenpeace.org\/static\/planet4-colombia-stateless\/2024\/03\/a3084e23-gpco-biodiversidad-pacifico-co-tortuga-verde-\u00a9-paul-hilton-greenpeace-300x195.jpg 300w, https:\/\/www.greenpeace.org\/static\/planet4-colombia-stateless\/2024\/03\/a3084e23-gpco-biodiversidad-pacifico-co-tortuga-verde-\u00a9-paul-hilton-greenpeace-1024x666.jpg 1024w, https:\/\/www.greenpeace.org\/static\/planet4-colombia-stateless\/2024\/03\/a3084e23-gpco-biodiversidad-pacifico-co-tortuga-verde-\u00a9-paul-hilton-greenpeace-768x500.jpg 768w, https:\/\/www.greenpeace.org\/static\/planet4-colombia-stateless\/2024\/03\/a3084e23-gpco-biodiversidad-pacifico-co-tortuga-verde-\u00a9-paul-hilton-greenpeace-1536x1000.jpg 1536w, https:\/\/www.greenpeace.org\/static\/planet4-colombia-stateless\/2024\/03\/a3084e23-gpco-biodiversidad-pacifico-co-tortuga-verde-\u00a9-paul-hilton-greenpeace-2048x1333.jpg 2048w, https:\/\/www.greenpeace.org\/static\/planet4-colombia-stateless\/2024\/03\/a3084e23-gpco-biodiversidad-pacifico-co-tortuga-verde-\u00a9-paul-hilton-greenpeace-510x332.jpg 510w\" class=\"wp-image-11699 size-full\"\/><\/figure><div class=\"wp-block-media-text__content\">\n<h2 class=\"wp-block-heading\">Nuestro pac\u00edfico <\/h2>\n\n\n\n<p>En lo profundo del<strong> Oc\u00e9ano Pac\u00edfico,<\/strong> hay una \u201c<strong>superautopista<\/strong>\u201d submarina que se extiende aproximadamente 700 kil\u00f3metros (430 millas) <strong>entre las reservas marinas de las Islas Gal\u00e1pagos de Ecuador y la Isla del Coco, frente a la costa de Costa Rica, pasando por el mar pac\u00edfico Colombiano.&nbsp; <\/strong>Esta <strong>ruta <\/strong>migratoria del <strong>Pac\u00edfico Colombiano<\/strong> es <strong>vital para la vida marina<\/strong>.<\/p>\n\n\n\n<div class=\"wp-block-buttons is-layout-flex wp-block-buttons-is-layout-flex\">\n<div class=\"wp-block-button\"><a class=\"wp-block-button__link wp-element-button\" href=\"https:\/\/www.greenpeace.org\/colombia\/nuestro-pacifico\/\" target=\"_blank\" rel=\"noreferrer noopener\">Conoce m\u00e1s<\/a><\/div>\n<\/div>\n\n\n\n<p><\/p>\n<\/div><\/div>\n\n\n\n\n<p><\/p>\n\n\n\n\n<div class=\"wp-block-media-text has-media-on-the-right is-stacked-on-mobile\" style=\"grid-template-columns:auto 43%\"><div class=\"wp-block-media-text__content\">\n<h2 class=\"wp-block-heading\">Los pl\u00e1sticos<\/h2>\n\n\n\n<p>Su f\u00e1cil dispersi\u00f3n y su lento proceso de degradaci\u00f3n hacen del pl\u00e1stico <strong>el enemigo n\u00famero uno de los ecosistemas marinos.<\/strong> El<strong> <\/strong>99% del pl\u00e1stico se fabrica a partir de combustibles f\u00f3siles -petr\u00f3leo y gas- y las grandes petroleras, en alianza con las grandes marcas, siguen fabricando m\u00e1s.<\/p>\n\n\n\n<div class=\"wp-block-buttons is-layout-flex wp-block-buttons-is-layout-flex\">\n<div class=\"wp-block-button\"><a class=\"wp-block-button__link wp-element-button\" href=\"https:\/\/www.greenpeace.org\/colombia\/los-plasticos\/\" target=\"_blank\" rel=\"noreferrer noopener\">Conoce m\u00e1s<\/a><\/div>\n<\/div>\n\n\n\n<p><\/p>\n<\/div><figure class=\"wp-block-media-text__media\"><img loading=\"lazy\" decoding=\"async\" width=\"1024\" height=\"680\" src=\"https:\/\/www.greenpeace.org\/static\/planet4-colombia-stateless\/2024\/03\/9359fcaa-gpco-plastico-contaminacion-colombia-credito-martin-katz-greenpeace-1-1024x680.jpg\" alt=\"\" sizes=\"auto, (min-width: 1600px) calc((1320px - 24px) \/ 2.3256),(min-width: 1200px) calc((1140px - 24px) \/ 2.3256),(min-width: 992px) calc((960px - 24px) \/ 2.3256),(min-width: 768px) calc((720px - 24px) \/ 2.3256),(min-width: 601px) calc((540px - 24px) \/ 2.3256),(min-width: 577px) calc((540px - 24px) \/ 1), calc(100vw - 24px)\" srcset=\"https:\/\/www.greenpeace.org\/static\/planet4-colombia-stateless\/2024\/03\/9359fcaa-gpco-plastico-contaminacion-colombia-credito-martin-katz-greenpeace-1.jpg 2500w, https:\/\/www.greenpeace.org\/static\/planet4-colombia-stateless\/2024\/03\/9359fcaa-gpco-plastico-contaminacion-colombia-credito-martin-katz-greenpeace-1-300x199.jpg 300w, https:\/\/www.greenpeace.org\/static\/planet4-colombia-stateless\/2024\/03\/9359fcaa-gpco-plastico-contaminacion-colombia-credito-martin-katz-greenpeace-1-1024x680.jpg 1024w, https:\/\/www.greenpeace.org\/static\/planet4-colombia-stateless\/2024\/03\/9359fcaa-gpco-plastico-contaminacion-colombia-credito-martin-katz-greenpeace-1-768x510.jpg 768w, https:\/\/www.greenpeace.org\/static\/planet4-colombia-stateless\/2024\/03\/9359fcaa-gpco-plastico-contaminacion-colombia-credito-martin-katz-greenpeace-1-1536x1021.jpg 1536w, https:\/\/www.greenpeace.org\/static\/planet4-colombia-stateless\/2024\/03\/9359fcaa-gpco-plastico-contaminacion-colombia-credito-martin-katz-greenpeace-1-2048x1361.jpg 2048w, https:\/\/www.greenpeace.org\/static\/planet4-colombia-stateless\/2024\/03\/9359fcaa-gpco-plastico-contaminacion-colombia-credito-martin-katz-greenpeace-1-510x340.jpg 510w\" class=\"wp-image-11458 size-full\"\/><\/figure><\/div>\n\n\n\n\n<p><\/p>\n\n\n\n<p><\/p>\n\n\n\n\n<div class=\"wp-block-media-text is-stacked-on-mobile\" style=\"grid-template-columns:44% auto\"><figure class=\"wp-block-media-text__media\"><img loading=\"lazy\" decoding=\"async\" width=\"1024\" height=\"683\" src=\"https:\/\/www.greenpeace.org\/static\/planet4-colombia-stateless\/2022\/10\/feecc50c-martin-katz-greenpeace-1.jpg\" alt=\"\" sizes=\"auto, (min-width: 1600px) calc((1320px - 24px) \/ 2.2727),(min-width: 1200px) calc((1140px - 24px) \/ 2.2727),(min-width: 992px) calc((960px - 24px) \/ 2.2727),(min-width: 768px) calc((720px - 24px) \/ 2.2727),(min-width: 601px) calc((540px - 24px) \/ 2.2727),(min-width: 577px) calc((540px - 24px) \/ 1), calc(100vw - 24px)\" srcset=\"https:\/\/www.greenpeace.org\/static\/planet4-colombia-stateless\/2022\/10\/feecc50c-martin-katz-greenpeace-1.jpg 1024w, https:\/\/www.greenpeace.org\/static\/planet4-colombia-stateless\/2022\/10\/feecc50c-martin-katz-greenpeace-1-300x200.jpg 300w, https:\/\/www.greenpeace.org\/static\/planet4-colombia-stateless\/2022\/10\/feecc50c-martin-katz-greenpeace-1-768x512.jpg 768w, https:\/\/www.greenpeace.org\/static\/planet4-colombia-stateless\/2022\/10\/feecc50c-martin-katz-greenpeace-1-510x340.jpg 510w\" class=\"wp-image-6316 size-full\"\/><\/figure><div class=\"wp-block-media-text__content\">\n<h2 class=\"wp-block-heading\">El fin de los pl\u00e1sticos en el mar<\/h2>\n\n\n\n<p>Desde Greenpeace trabajamos para <strong>conseguir un Tratado Mundial sobre los Pl\u00e1sticos <\/strong>fuerte y jur\u00eddicamente vinculante en las Naciones Unidas que impida que las grandes marcas y las grandes petroleras produzcan cada vez m\u00e1s pl\u00e1stico.<\/p>\n\n\n\n<div class=\"wp-block-buttons is-layout-flex wp-block-buttons-is-layout-flex\">\n<div class=\"wp-block-button\"><a class=\"wp-block-button__link wp-element-button\" href=\"https:\/\/www.greenpeace.org\/colombia\/el-fin-de-los-plasticos-en-el-mar\/\" target=\"_blank\" rel=\"noreferrer noopener\">Conoce m\u00e1s<\/a><\/div>\n<\/div>\n\n\n\n<p><\/p>\n<\/div><\/div>\n\n\n\n<p><\/p>\n\n\n\n\n\n<div class=\"wp-block-media-text has-media-on-the-right is-stacked-on-mobile\" style=\"grid-template-columns:auto 44%\"><div class=\"wp-block-media-text__content\">\n<h2 class=\"wp-block-heading\">Expedici\u00f3n Arctic Sunrise<\/h2>\n\n\n\n<p>Nuestro emblem\u00e1tico barco <strong>Arctic Sunrise<\/strong> arrib\u00f3 <strong>por primera vez <\/strong>al pa\u00eds en <strong>un tour<\/strong> in\u00e9dito hasta las <strong>zonas m\u00e1s espectaculares del Pac\u00edfico Colombiano<\/strong> para documentar la importancia ecosist\u00e9mica de migraci\u00f3n, sustento y de biodiversidad.<\/p>\n\n\n\n<div class=\"wp-block-buttons is-layout-flex wp-block-buttons-is-layout-flex\">\n<div class=\"wp-block-button\"><a class=\"wp-block-button__link wp-element-button\" href=\"https:\/\/www.greenpeace.org\/colombia\/expedicion-arctic-sunrise\/\" target=\"_blank\" rel=\"noreferrer noopener\">Conoce m\u00e1s<\/a><\/div>\n<\/div>\n\n\n\n<p><\/p>\n<\/div><figure class=\"wp-block-media-text__media\"><img loading=\"lazy\" decoding=\"async\" width=\"1024\" height=\"683\" src=\"https:\/\/www.greenpeace.org\/static\/planet4-colombia-stateless\/2024\/04\/95fd8ba1-dreym_img_0859-1024x683.jpg\" alt=\"\" sizes=\"auto, (min-width: 1600px) calc((1320px - 24px) \/ 2.2727),(min-width: 1200px) calc((1140px - 24px) \/ 2.2727),(min-width: 992px) calc((960px - 24px) \/ 2.2727),(min-width: 768px) calc((720px - 24px) \/ 2.2727),(min-width: 601px) calc((540px - 24px) \/ 2.2727),(min-width: 577px) calc((540px - 24px) \/ 1), calc(100vw - 24px)\" srcset=\"https:\/\/www.greenpeace.org\/static\/planet4-colombia-stateless\/2024\/04\/95fd8ba1-dreym_img_0859-scaled.jpg 2560w, https:\/\/www.greenpeace.org\/static\/planet4-colombia-stateless\/2024\/04\/95fd8ba1-dreym_img_0859-300x200.jpg 300w, https:\/\/www.greenpeace.org\/static\/planet4-colombia-stateless\/2024\/04\/95fd8ba1-dreym_img_0859-1024x683.jpg 1024w, https:\/\/www.greenpeace.org\/static\/planet4-colombia-stateless\/2024\/04\/95fd8ba1-dreym_img_0859-768x512.jpg 768w, https:\/\/www.greenpeace.org\/static\/planet4-colombia-stateless\/2024\/04\/95fd8ba1-dreym_img_0859-1536x1024.jpg 1536w, https:\/\/www.greenpeace.org\/static\/planet4-colombia-stateless\/2024\/04\/95fd8ba1-dreym_img_0859-2048x1366.jpg 2048w, https:\/\/www.greenpeace.org\/static\/planet4-colombia-stateless\/2024\/04\/95fd8ba1-dreym_img_0859-510x340.jpg 510w\" class=\"wp-image-12097 size-full\"\/><\/figure><\/div>\n\n\n\n<p><\/p>\n\n\n\n<div class=\"wp-block-media-text is-stacked-on-mobile\" style=\"grid-template-columns:44% auto\"><figure class=\"wp-block-media-text__media\"><img loading=\"lazy\" decoding=\"async\" width=\"1024\" height=\"683\" src=\"https:\/\/www.greenpeace.org\/static\/planet4-colombia-stateless\/2024\/04\/20240403-Felipe-Ladino-Credito-Diana-Rey-Melo-Greenpeace-10-1024x683.jpg\" alt=\"\" sizes=\"auto, (min-width: 1600px) calc((1320px - 24px) \/ 2.2727),(min-width: 1200px) calc((1140px - 24px) \/ 2.2727),(min-width: 992px) calc((960px - 24px) \/ 2.2727),(min-width: 768px) calc((720px - 24px) \/ 2.2727),(min-width: 601px) calc((540px - 24px) \/ 2.2727),(min-width: 577px) calc((540px - 24px) \/ 1), calc(100vw - 24px)\" srcset=\"https:\/\/www.greenpeace.org\/static\/planet4-colombia-stateless\/2024\/04\/20240403-Felipe-Ladino-Credito-Diana-Rey-Melo-Greenpeace-10-scaled.jpg 2560w, https:\/\/www.greenpeace.org\/static\/planet4-colombia-stateless\/2024\/04\/20240403-Felipe-Ladino-Credito-Diana-Rey-Melo-Greenpeace-10-300x200.jpg 300w, https:\/\/www.greenpeace.org\/static\/planet4-colombia-stateless\/2024\/04\/20240403-Felipe-Ladino-Credito-Diana-Rey-Melo-Greenpeace-10-1024x683.jpg 1024w, https:\/\/www.greenpeace.org\/static\/planet4-colombia-stateless\/2024\/04\/20240403-Felipe-Ladino-Credito-Diana-Rey-Melo-Greenpeace-10-768x512.jpg 768w, https:\/\/www.greenpeace.org\/static\/planet4-colombia-stateless\/2024\/04\/20240403-Felipe-Ladino-Credito-Diana-Rey-Melo-Greenpeace-10-1536x1024.jpg 1536w, https:\/\/www.greenpeace.org\/static\/planet4-colombia-stateless\/2024\/04\/20240403-Felipe-Ladino-Credito-Diana-Rey-Melo-Greenpeace-10-2048x1366.jpg 2048w, https:\/\/www.greenpeace.org\/static\/planet4-colombia-stateless\/2024\/04\/20240403-Felipe-Ladino-Credito-Diana-Rey-Melo-Greenpeace-10-510x340.jpg 510w\" class=\"wp-image-11953 size-full\"\/><\/figure><div class=\"wp-block-media-text__content\">\n<h2 class=\"wp-block-heading\">Documentaci\u00f3n <\/h2>\n\n\n\n<p>Nos acompa\u00f1aron un <strong>equipo de profesionales de biodiversidad marina<\/strong>: &nbsp;miembros de la <strong>Fundaci\u00f3n Malpelo<\/strong>&nbsp; Junto a quienes m\u00e1s saben documentamos por primera vez una zona de <strong>montes submarinos<\/strong> y <strong>arrecifes.<\/strong><\/p>\n\n\n\n<div class=\"wp-block-buttons is-layout-flex wp-block-buttons-is-layout-flex\">\n<div class=\"wp-block-button\"><a class=\"wp-block-button__link wp-element-button\" href=\"https:\/\/www.greenpeace.org\/colombia\/documentacion\/\" target=\"_blank\" rel=\"noreferrer noopener\">Conoce m\u00e1s<\/a><\/div>\n<\/div>\n\n\n\n<p><\/p>\n<\/div><\/div>\n\n<\/div>\n\n\n\n<h2 class=\"wp-block-heading\">DIARIO DEL VIAJE<\/h2>\n\n\n\n<figure class=\"wp-block-image size-large\"><img loading=\"lazy\" decoding=\"async\" width=\"1024\" height=\"683\" src=\"https:\/\/www.greenpeace.org\/static\/planet4-colombia-stateless\/2024\/04\/20240403-Vida-a-Bordo-Credito-Diana-Rey-Melo-Greenpeace-2-1024x683.jpg\" alt=\"\" class=\"wp-image-11908\" srcset=\"https:\/\/www.greenpeace.org\/static\/planet4-colombia-stateless\/2024\/04\/20240403-Vida-a-Bordo-Credito-Diana-Rey-Melo-Greenpeace-2-1024x683.jpg 1024w, https:\/\/www.greenpeace.org\/static\/planet4-colombia-stateless\/2024\/04\/20240403-Vida-a-Bordo-Credito-Diana-Rey-Melo-Greenpeace-2-300x200.jpg 300w, https:\/\/www.greenpeace.org\/static\/planet4-colombia-stateless\/2024\/04\/20240403-Vida-a-Bordo-Credito-Diana-Rey-Melo-Greenpeace-2-768x512.jpg 768w, https:\/\/www.greenpeace.org\/static\/planet4-colombia-stateless\/2024\/04\/20240403-Vida-a-Bordo-Credito-Diana-Rey-Melo-Greenpeace-2-1536x1024.jpg 1536w, https:\/\/www.greenpeace.org\/static\/planet4-colombia-stateless\/2024\/04\/20240403-Vida-a-Bordo-Credito-Diana-Rey-Melo-Greenpeace-2-2048x1366.jpg 2048w, https:\/\/www.greenpeace.org\/static\/planet4-colombia-stateless\/2024\/04\/20240403-Vida-a-Bordo-Credito-Diana-Rey-Melo-Greenpeace-2-510x340.jpg 510w\" sizes=\"auto, (max-width: 1024px) 100vw, 1024px\" \/><figcaption class=\"wp-element-caption\">\u00a9 Diana Rey Melo \/ Greenpeace<\/figcaption><\/figure>\n\n\n\n<p><strong>1\/4 <\/strong>El Arctic Sunrise est\u00e1 llegando a aguas colombianas \ud83c\udf0a\ud83c\udf0e y queremos pedirte que te unas a nosotros para pedir la protecci\u00f3n del oc\u00e9ano Pac\u00edfico y su conservaci\u00f3n.<\/p>\n\n\n\n<blockquote class=\"instagram-media\" data-instgrm-captioned data-instgrm-permalink=\"https:\/\/www.instagram.com\/reel\/C5L5g7FuH2Q\/?utm_source=ig_embed&amp;utm_campaign=loading\" data-instgrm-version=\"14\" style=\" background:#FFF; border:0; border-radius:3px; box-shadow:0 0 1px 0 rgba(0,0,0,0.5),0 1px 10px 0 rgba(0,0,0,0.15); margin: 1px; max-width:540px; min-width:326px; padding:0; width:99.375%; width:-webkit-calc(100% - 2px); width:calc(100% - 2px);\"><div style=\"padding:16px;\"> <a href=\"https:\/\/www.instagram.com\/reel\/C5L5g7FuH2Q\/?utm_source=ig_embed&amp;utm_campaign=loading\" style=\" background:#FFFFFF; line-height:0; padding:0 0; text-align:center; text-decoration:none; width:100%;\" target=\"_blank\" rel=\"noopener\"> <div style=\" display: flex; flex-direction: row; align-items: center;\"> <div style=\"background-color: #F4F4F4; border-radius: 50%; flex-grow: 0; height: 40px; margin-right: 14px; width: 40px;\"><\/div> <div style=\"display: flex; flex-direction: column; flex-grow: 1; justify-content: center;\"> <div style=\" background-color: #F4F4F4; border-radius: 4px; flex-grow: 0; height: 14px; margin-bottom: 6px; width: 100px;\"><\/div> <div style=\" background-color: #F4F4F4; border-radius: 4px; flex-grow: 0; height: 14px; width: 60px;\"><\/div><\/div><\/div><div style=\"padding: 19% 0;\"><\/div> <div style=\"display:block; height:50px; margin:0 auto 12px; width:50px;\"><svg width=\"50px\" height=\"50px\" viewBox=\"0 0 60 60\" version=\"1.1\" xmlns=\"https:\/\/www.w3.org\/2000\/svg\" xmlns:xlink=\"https:\/\/www.w3.org\/1999\/xlink\"><g stroke=\"none\" stroke-width=\"1\" fill=\"none\" fill-rule=\"evenodd\"><g transform=\"translate(-511.000000, -20.000000)\" fill=\"#000000\"><g><path d=\"M556.869,30.41 C554.814,30.41 553.148,32.076 553.148,34.131 C553.148,36.186 554.814,37.852 556.869,37.852 C558.924,37.852 560.59,36.186 560.59,34.131 C560.59,32.076 558.924,30.41 556.869,30.41 M541,60.657 C535.114,60.657 530.342,55.887 530.342,50 C530.342,44.114 535.114,39.342 541,39.342 C546.887,39.342 551.658,44.114 551.658,50 C551.658,55.887 546.887,60.657 541,60.657 M541,33.886 C532.1,33.886 524.886,41.1 524.886,50 C524.886,58.899 532.1,66.113 541,66.113 C549.9,66.113 557.115,58.899 557.115,50 C557.115,41.1 549.9,33.886 541,33.886 M565.378,62.101 C565.244,65.022 564.756,66.606 564.346,67.663 C563.803,69.06 563.154,70.057 562.106,71.106 C561.058,72.155 560.06,72.803 558.662,73.347 C557.607,73.757 556.021,74.244 553.102,74.378 C549.944,74.521 548.997,74.552 541,74.552 C533.003,74.552 532.056,74.521 528.898,74.378 C525.979,74.244 524.393,73.757 523.338,73.347 C521.94,72.803 520.942,72.155 519.894,71.106 C518.846,70.057 518.197,69.06 517.654,67.663 C517.244,66.606 516.755,65.022 516.623,62.101 C516.479,58.943 516.448,57.996 516.448,50 C516.448,42.003 516.479,41.056 516.623,37.899 C516.755,34.978 517.244,33.391 517.654,32.338 C518.197,30.938 518.846,29.942 519.894,28.894 C520.942,27.846 521.94,27.196 523.338,26.654 C524.393,26.244 525.979,25.756 528.898,25.623 C532.057,25.479 533.004,25.448 541,25.448 C548.997,25.448 549.943,25.479 553.102,25.623 C556.021,25.756 557.607,26.244 558.662,26.654 C560.06,27.196 561.058,27.846 562.106,28.894 C563.154,29.942 563.803,30.938 564.346,32.338 C564.756,33.391 565.244,34.978 565.378,37.899 C565.522,41.056 565.552,42.003 565.552,50 C565.552,57.996 565.522,58.943 565.378,62.101 M570.82,37.631 C570.674,34.438 570.167,32.258 569.425,30.349 C568.659,28.377 567.633,26.702 565.965,25.035 C564.297,23.368 562.623,22.342 560.652,21.575 C558.743,20.834 556.562,20.326 553.369,20.18 C550.169,20.033 549.148,20 541,20 C532.853,20 531.831,20.033 528.631,20.18 C525.438,20.326 523.257,20.834 521.349,21.575 C519.376,22.342 517.703,23.368 516.035,25.035 C514.368,26.702 513.342,28.377 512.574,30.349 C511.834,32.258 511.326,34.438 511.181,37.631 C511.035,40.831 511,41.851 511,50 C511,58.147 511.035,59.17 511.181,62.369 C511.326,65.562 511.834,67.743 512.574,69.651 C513.342,71.625 514.368,73.296 516.035,74.965 C517.703,76.634 519.376,77.658 521.349,78.425 C523.257,79.167 525.438,79.673 528.631,79.82 C531.831,79.965 532.853,80.001 541,80.001 C549.148,80.001 550.169,79.965 553.369,79.82 C556.562,79.673 558.743,79.167 560.652,78.425 C562.623,77.658 564.297,76.634 565.965,74.965 C567.633,73.296 568.659,71.625 569.425,69.651 C570.167,67.743 570.674,65.562 570.82,62.369 C570.966,59.17 571,58.147 571,50 C571,41.851 570.966,40.831 570.82,37.631\"><\/path><\/g><\/g><\/g><\/svg><\/div><div style=\"padding-top: 8px;\"> <div style=\" color:#3897f0; font-family:Arial,sans-serif; font-size:14px; font-style:normal; font-weight:550; line-height:18px;\">Ver esta publicaci\u00f3n en Instagram<\/div><\/div><div style=\"padding: 12.5% 0;\"><\/div> <div style=\"display: flex; flex-direction: row; margin-bottom: 14px; align-items: center;\"><div> <div style=\"background-color: #F4F4F4; border-radius: 50%; height: 12.5px; width: 12.5px; transform: translateX(0px) translateY(7px);\"><\/div> <div style=\"background-color: #F4F4F4; height: 12.5px; transform: rotate(-45deg) translateX(3px) translateY(1px); width: 12.5px; flex-grow: 0; margin-right: 14px; margin-left: 2px;\"><\/div> <div style=\"background-color: #F4F4F4; border-radius: 50%; height: 12.5px; width: 12.5px; transform: translateX(9px) translateY(-18px);\"><\/div><\/div><div style=\"margin-left: 8px;\"> <div style=\" background-color: #F4F4F4; border-radius: 50%; flex-grow: 0; height: 20px; width: 20px;\"><\/div> <div style=\" width: 0; height: 0; border-top: 2px solid transparent; border-left: 6px solid #f4f4f4; border-bottom: 2px solid transparent; transform: translateX(16px) translateY(-4px) rotate(30deg)\"><\/div><\/div><div style=\"margin-left: auto;\"> <div style=\" width: 0px; border-top: 8px solid #F4F4F4; border-right: 8px solid transparent; transform: translateY(16px);\"><\/div> <div style=\" background-color: #F4F4F4; flex-grow: 0; height: 12px; width: 16px; transform: translateY(-4px);\"><\/div> <div style=\" width: 0; height: 0; border-top: 8px solid #F4F4F4; border-left: 8px solid transparent; transform: translateY(-4px) translateX(8px);\"><\/div><\/div><\/div> <div style=\"display: flex; flex-direction: column; flex-grow: 1; justify-content: center; margin-bottom: 24px;\"> <div style=\" background-color: #F4F4F4; border-radius: 4px; flex-grow: 0; height: 14px; margin-bottom: 6px; width: 224px;\"><\/div> <div style=\" background-color: #F4F4F4; border-radius: 4px; flex-grow: 0; height: 14px; width: 144px;\"><\/div><\/div><\/a><p style=\" color:#c9c8cd; font-family:Arial,sans-serif; font-size:14px; line-height:17px; margin-bottom:0; margin-top:8px; overflow:hidden; padding:8px 0 7px; text-align:center; text-overflow:ellipsis; white-space:nowrap;\"><a href=\"https:\/\/www.instagram.com\/reel\/C5L5g7FuH2Q\/?utm_source=ig_embed&amp;utm_campaign=loading\" style=\" color:#c9c8cd; font-family:Arial,sans-serif; font-size:14px; font-style:normal; font-weight:normal; line-height:17px; text-decoration:none;\" target=\"_blank\" rel=\"noopener\">Una publicaci\u00f3n compartida de Greenpeace Colombia (@greenpeacecolombia)<\/a><\/p><\/div><\/blockquote>\n<script async src=\"\/\/www.instagram.com\/embed.js\"><\/script>\n\n\n\n<figure class=\"wp-block-image size-large\"><img loading=\"lazy\" decoding=\"async\" width=\"1024\" height=\"683\" src=\"https:\/\/www.greenpeace.org\/static\/planet4-colombia-stateless\/2024\/04\/233df9d2-gpco-arctic-sunrise-puerto-buenaventura-credito-martin-katz-greenpeace-2-1024x683.jpg\" alt=\"\" class=\"wp-image-11895\" srcset=\"https:\/\/www.greenpeace.org\/static\/planet4-colombia-stateless\/2024\/04\/233df9d2-gpco-arctic-sunrise-puerto-buenaventura-credito-martin-katz-greenpeace-2-1024x683.jpg 1024w, https:\/\/www.greenpeace.org\/static\/planet4-colombia-stateless\/2024\/04\/233df9d2-gpco-arctic-sunrise-puerto-buenaventura-credito-martin-katz-greenpeace-2-300x200.jpg 300w, https:\/\/www.greenpeace.org\/static\/planet4-colombia-stateless\/2024\/04\/233df9d2-gpco-arctic-sunrise-puerto-buenaventura-credito-martin-katz-greenpeace-2-768x512.jpg 768w, https:\/\/www.greenpeace.org\/static\/planet4-colombia-stateless\/2024\/04\/233df9d2-gpco-arctic-sunrise-puerto-buenaventura-credito-martin-katz-greenpeace-2-1536x1024.jpg 1536w, https:\/\/www.greenpeace.org\/static\/planet4-colombia-stateless\/2024\/04\/233df9d2-gpco-arctic-sunrise-puerto-buenaventura-credito-martin-katz-greenpeace-2-2048x1366.jpg 2048w, https:\/\/www.greenpeace.org\/static\/planet4-colombia-stateless\/2024\/04\/233df9d2-gpco-arctic-sunrise-puerto-buenaventura-credito-martin-katz-greenpeace-2-510x340.jpg 510w\" sizes=\"auto, (max-width: 1024px) 100vw, 1024px\" \/><figcaption class=\"wp-element-caption\">El Artic Sunrise en el puerto Buenaventura \u00a9 Mart\u00edn Katz \/ Greenpeace<\/figcaption><\/figure>\n\n\n\n<p><strong>3\/4 <\/strong> Est\u00e1 aqu\u00ed! \u26f4\ufe0f El Arctic Sunrise lleg\u00f3 a aguas colombianas con un mensaje de protecci\u00f3n y conservaci\u00f3n de los oc\u00e9anos. \u2693\u2063<\/p>\n\n\n<div data-hydrate=\"planet4-blocks\/gallery\" data-attributes=\"{&quot;attributes&quot;:{&quot;gallery_block_description&quot;:&quot; Cr\\u00e9ditos: \\u00a9\\u00a0 Martin Katz \\\/ Greenpeace  y  \\u00a9\\u00a0Diana Rey Melo \\\/ Greenpeace&quot;,&quot;multiple_image&quot;:&quot;11910,11919,11913,11962,11949,11964,11970,11971&quot;,&quot;image_data&quot;:[{&quot;url&quot;:&quot;https:\\\/\\\/www.greenpeace.org\\\/static\\\/planet4-colombia-stateless\\\/2024\\\/04\\\/20240402-Visita-Periodistas-Tatiana-Cespedes-Credito-Martin-Katz-Greenpeace-17-scaled.jpg&quot;,&quot;focalPoint&quot;:{&quot;x&quot;:0.5,&quot;y&quot;:0.5},&quot;id&quot;:11910},{&quot;url&quot;:&quot;https:\\\/\\\/www.greenpeace.org\\\/static\\\/planet4-colombia-stateless\\\/2024\\\/04\\\/20240402-Visita-Periodistas-Luis-Fer-Vazquez-Credito-Martin-Katz-Greenpeace-14-1-scaled.jpg&quot;,&quot;focalPoint&quot;:{&quot;x&quot;:0.5,&quot;y&quot;:0.5},&quot;id&quot;:11919},{&quot;url&quot;:&quot;https:\\\/\\\/www.greenpeace.org\\\/static\\\/planet4-colombia-stateless\\\/2024\\\/04\\\/20240402-Visita-Periodistas-Sofia-Gomez-Banner-Credito-Martin-Katz-Greenpeace-16-scaled.jpg&quot;,&quot;focalPoint&quot;:{&quot;x&quot;:0.5,&quot;y&quot;:0.5},&quot;id&quot;:11913},{&quot;url&quot;:&quot;https:\\\/\\\/www.greenpeace.org\\\/static\\\/planet4-colombia-stateless\\\/2024\\\/04\\\/20240403-Capitan-Mike-Fincken-Credito-Diana-Rey-Melo-Greenpeace-1-2-scaled.jpg&quot;,&quot;focalPoint&quot;:{&quot;x&quot;:0.5,&quot;y&quot;:0.5},&quot;id&quot;:11962},{&quot;url&quot;:&quot;https:\\\/\\\/www.greenpeace.org\\\/static\\\/planet4-colombia-stateless\\\/2024\\\/04\\\/20240403-Credito-Diana-Rey-Melo-Greenpeace-14-scaled.jpg&quot;,&quot;focalPoint&quot;:{&quot;x&quot;:0.5,&quot;y&quot;:0.5},&quot;id&quot;:11949},{&quot;url&quot;:&quot;https:\\\/\\\/www.greenpeace.org\\\/static\\\/planet4-colombia-stateless\\\/2024\\\/04\\\/20240403-Credito-Diana-Rey-Melo-Greenpeace-59-scaled.jpg&quot;,&quot;focalPoint&quot;:{&quot;x&quot;:0.5,&quot;y&quot;:0.5},&quot;id&quot;:11964},{&quot;url&quot;:&quot;https:\\\/\\\/www.greenpeace.org\\\/static\\\/planet4-colombia-stateless\\\/2024\\\/04\\\/20240403-Exposicion-Malpelo-Credito-Diana-Rey-Melo-Greenpeace-9-scaled.jpg&quot;,&quot;focalPoint&quot;:{&quot;x&quot;:0.5,&quot;y&quot;:0.5},&quot;id&quot;:11970},{&quot;url&quot;:&quot;https:\\\/\\\/www.greenpeace.org\\\/static\\\/planet4-colombia-stateless\\\/2024\\\/04\\\/20240401-Voluntarios-en-el-Arctic-Sunrise-Credito-Martin-Katz-Greenpeace-6-1-scaled.jpg&quot;,&quot;focalPoint&quot;:{&quot;x&quot;:0.5,&quot;y&quot;:0.5},&quot;id&quot;:11971}],&quot;className&quot;:&quot;is-style-grid&quot;,&quot;gallery_block_style&quot;:0,&quot;gallery_block_title&quot;:&quot;&quot;,&quot;gallery_block_focus_points&quot;:&quot;&quot;,&quot;images&quot;:[{&quot;image_src&quot;:&quot;https:\\\/\\\/www.greenpeace.org\\\/static\\\/planet4-colombia-stateless\\\/2024\\\/04\\\/20240402-Visita-Periodistas-Tatiana-Cespedes-Credito-Martin-Katz-Greenpeace-17-scaled.jpg&quot;,&quot;image_srcset&quot;:&quot;https:\\\/\\\/www.greenpeace.org\\\/static\\\/planet4-colombia-stateless\\\/2024\\\/04\\\/20240402-Visita-Periodistas-Tatiana-Cespedes-Credito-Martin-Katz-Greenpeace-17-scaled.jpg 2560w, https:\\\/\\\/www.greenpeace.org\\\/static\\\/planet4-colombia-stateless\\\/2024\\\/04\\\/20240402-Visita-Periodistas-Tatiana-Cespedes-Credito-Martin-Katz-Greenpeace-17-300x200.jpg 300w, https:\\\/\\\/www.greenpeace.org\\\/static\\\/planet4-colombia-stateless\\\/2024\\\/04\\\/20240402-Visita-Periodistas-Tatiana-Cespedes-Credito-Martin-Katz-Greenpeace-17-1024x683.jpg 1024w, https:\\\/\\\/www.greenpeace.org\\\/static\\\/planet4-colombia-stateless\\\/2024\\\/04\\\/20240402-Visita-Periodistas-Tatiana-Cespedes-Credito-Martin-Katz-Greenpeace-17-768x512.jpg 768w, https:\\\/\\\/www.greenpeace.org\\\/static\\\/planet4-colombia-stateless\\\/2024\\\/04\\\/20240402-Visita-Periodistas-Tatiana-Cespedes-Credito-Martin-Katz-Greenpeace-17-1536x1024.jpg 1536w, https:\\\/\\\/www.greenpeace.org\\\/static\\\/planet4-colombia-stateless\\\/2024\\\/04\\\/20240402-Visita-Periodistas-Tatiana-Cespedes-Credito-Martin-Katz-Greenpeace-17-2048x1366.jpg 2048w, https:\\\/\\\/www.greenpeace.org\\\/static\\\/planet4-colombia-stateless\\\/2024\\\/04\\\/20240402-Visita-Periodistas-Tatiana-Cespedes-Credito-Martin-Katz-Greenpeace-17-510x340.jpg 510w&quot;,&quot;image_sizes&quot;:false,&quot;alt_text&quot;:&quot;&quot;,&quot;caption&quot;:&quot;&quot;,&quot;focus_image&quot;:&quot;&quot;,&quot;credits&quot;:&quot;&quot;},{&quot;image_src&quot;:&quot;https:\\\/\\\/www.greenpeace.org\\\/static\\\/planet4-colombia-stateless\\\/2024\\\/04\\\/20240402-Visita-Periodistas-Luis-Fer-Vazquez-Credito-Martin-Katz-Greenpeace-14-1-scaled.jpg&quot;,&quot;image_srcset&quot;:&quot;https:\\\/\\\/www.greenpeace.org\\\/static\\\/planet4-colombia-stateless\\\/2024\\\/04\\\/20240402-Visita-Periodistas-Luis-Fer-Vazquez-Credito-Martin-Katz-Greenpeace-14-1-scaled.jpg 2560w, https:\\\/\\\/www.greenpeace.org\\\/static\\\/planet4-colombia-stateless\\\/2024\\\/04\\\/20240402-Visita-Periodistas-Luis-Fer-Vazquez-Credito-Martin-Katz-Greenpeace-14-1-300x200.jpg 300w, https:\\\/\\\/www.greenpeace.org\\\/static\\\/planet4-colombia-stateless\\\/2024\\\/04\\\/20240402-Visita-Periodistas-Luis-Fer-Vazquez-Credito-Martin-Katz-Greenpeace-14-1-1024x683.jpg 1024w, https:\\\/\\\/www.greenpeace.org\\\/static\\\/planet4-colombia-stateless\\\/2024\\\/04\\\/20240402-Visita-Periodistas-Luis-Fer-Vazquez-Credito-Martin-Katz-Greenpeace-14-1-768x512.jpg 768w, https:\\\/\\\/www.greenpeace.org\\\/static\\\/planet4-colombia-stateless\\\/2024\\\/04\\\/20240402-Visita-Periodistas-Luis-Fer-Vazquez-Credito-Martin-Katz-Greenpeace-14-1-1536x1024.jpg 1536w, https:\\\/\\\/www.greenpeace.org\\\/static\\\/planet4-colombia-stateless\\\/2024\\\/04\\\/20240402-Visita-Periodistas-Luis-Fer-Vazquez-Credito-Martin-Katz-Greenpeace-14-1-2048x1366.jpg 2048w, https:\\\/\\\/www.greenpeace.org\\\/static\\\/planet4-colombia-stateless\\\/2024\\\/04\\\/20240402-Visita-Periodistas-Luis-Fer-Vazquez-Credito-Martin-Katz-Greenpeace-14-1-510x340.jpg 510w&quot;,&quot;image_sizes&quot;:false,&quot;alt_text&quot;:&quot;&quot;,&quot;caption&quot;:&quot;&quot;,&quot;focus_image&quot;:&quot;&quot;,&quot;credits&quot;:&quot;&quot;},{&quot;image_src&quot;:&quot;https:\\\/\\\/www.greenpeace.org\\\/static\\\/planet4-colombia-stateless\\\/2024\\\/04\\\/20240402-Visita-Periodistas-Sofia-Gomez-Banner-Credito-Martin-Katz-Greenpeace-16-scaled.jpg&quot;,&quot;image_srcset&quot;:&quot;https:\\\/\\\/www.greenpeace.org\\\/static\\\/planet4-colombia-stateless\\\/2024\\\/04\\\/20240402-Visita-Periodistas-Sofia-Gomez-Banner-Credito-Martin-Katz-Greenpeace-16-scaled.jpg 1707w, https:\\\/\\\/www.greenpeace.org\\\/static\\\/planet4-colombia-stateless\\\/2024\\\/04\\\/20240402-Visita-Periodistas-Sofia-Gomez-Banner-Credito-Martin-Katz-Greenpeace-16-200x300.jpg 200w, https:\\\/\\\/www.greenpeace.org\\\/static\\\/planet4-colombia-stateless\\\/2024\\\/04\\\/20240402-Visita-Periodistas-Sofia-Gomez-Banner-Credito-Martin-Katz-Greenpeace-16-683x1024.jpg 683w, https:\\\/\\\/www.greenpeace.org\\\/static\\\/planet4-colombia-stateless\\\/2024\\\/04\\\/20240402-Visita-Periodistas-Sofia-Gomez-Banner-Credito-Martin-Katz-Greenpeace-16-768x1152.jpg 768w, https:\\\/\\\/www.greenpeace.org\\\/static\\\/planet4-colombia-stateless\\\/2024\\\/04\\\/20240402-Visita-Periodistas-Sofia-Gomez-Banner-Credito-Martin-Katz-Greenpeace-16-1024x1536.jpg 1024w, https:\\\/\\\/www.greenpeace.org\\\/static\\\/planet4-colombia-stateless\\\/2024\\\/04\\\/20240402-Visita-Periodistas-Sofia-Gomez-Banner-Credito-Martin-Katz-Greenpeace-16-1365x2048.jpg 1365w, https:\\\/\\\/www.greenpeace.org\\\/static\\\/planet4-colombia-stateless\\\/2024\\\/04\\\/20240402-Visita-Periodistas-Sofia-Gomez-Banner-Credito-Martin-Katz-Greenpeace-16-911x1366.jpg 911w, https:\\\/\\\/www.greenpeace.org\\\/static\\\/planet4-colombia-stateless\\\/2024\\\/04\\\/20240402-Visita-Periodistas-Sofia-Gomez-Banner-Credito-Martin-Katz-Greenpeace-16-227x340.jpg 227w&quot;,&quot;image_sizes&quot;:false,&quot;alt_text&quot;:&quot;&quot;,&quot;caption&quot;:&quot;&quot;,&quot;focus_image&quot;:&quot;&quot;,&quot;credits&quot;:&quot;&quot;},{&quot;image_src&quot;:&quot;https:\\\/\\\/www.greenpeace.org\\\/static\\\/planet4-colombia-stateless\\\/2024\\\/04\\\/20240403-Capitan-Mike-Fincken-Credito-Diana-Rey-Melo-Greenpeace-1-2-scaled.jpg&quot;,&quot;image_srcset&quot;:&quot;https:\\\/\\\/www.greenpeace.org\\\/static\\\/planet4-colombia-stateless\\\/2024\\\/04\\\/20240403-Capitan-Mike-Fincken-Credito-Diana-Rey-Melo-Greenpeace-1-2-scaled.jpg 2560w, https:\\\/\\\/www.greenpeace.org\\\/static\\\/planet4-colombia-stateless\\\/2024\\\/04\\\/20240403-Capitan-Mike-Fincken-Credito-Diana-Rey-Melo-Greenpeace-1-2-300x199.jpg 300w, https:\\\/\\\/www.greenpeace.org\\\/static\\\/planet4-colombia-stateless\\\/2024\\\/04\\\/20240403-Capitan-Mike-Fincken-Credito-Diana-Rey-Melo-Greenpeace-1-2-1024x679.jpg 1024w, https:\\\/\\\/www.greenpeace.org\\\/static\\\/planet4-colombia-stateless\\\/2024\\\/04\\\/20240403-Capitan-Mike-Fincken-Credito-Diana-Rey-Melo-Greenpeace-1-2-768x509.jpg 768w, https:\\\/\\\/www.greenpeace.org\\\/static\\\/planet4-colombia-stateless\\\/2024\\\/04\\\/20240403-Capitan-Mike-Fincken-Credito-Diana-Rey-Melo-Greenpeace-1-2-1536x1018.jpg 1536w, https:\\\/\\\/www.greenpeace.org\\\/static\\\/planet4-colombia-stateless\\\/2024\\\/04\\\/20240403-Capitan-Mike-Fincken-Credito-Diana-Rey-Melo-Greenpeace-1-2-2048x1357.jpg 2048w, https:\\\/\\\/www.greenpeace.org\\\/static\\\/planet4-colombia-stateless\\\/2024\\\/04\\\/20240403-Capitan-Mike-Fincken-Credito-Diana-Rey-Melo-Greenpeace-1-2-510x338.jpg 510w&quot;,&quot;image_sizes&quot;:false,&quot;alt_text&quot;:&quot;&quot;,&quot;caption&quot;:&quot;&quot;,&quot;focus_image&quot;:&quot;&quot;,&quot;credits&quot;:&quot;&quot;},{&quot;image_src&quot;:&quot;https:\\\/\\\/www.greenpeace.org\\\/static\\\/planet4-colombia-stateless\\\/2024\\\/04\\\/20240403-Credito-Diana-Rey-Melo-Greenpeace-14-scaled.jpg&quot;,&quot;image_srcset&quot;:&quot;https:\\\/\\\/www.greenpeace.org\\\/static\\\/planet4-colombia-stateless\\\/2024\\\/04\\\/20240403-Credito-Diana-Rey-Melo-Greenpeace-14-scaled.jpg 2560w, https:\\\/\\\/www.greenpeace.org\\\/static\\\/planet4-colombia-stateless\\\/2024\\\/04\\\/20240403-Credito-Diana-Rey-Melo-Greenpeace-14-300x200.jpg 300w, https:\\\/\\\/www.greenpeace.org\\\/static\\\/planet4-colombia-stateless\\\/2024\\\/04\\\/20240403-Credito-Diana-Rey-Melo-Greenpeace-14-1024x683.jpg 1024w, https:\\\/\\\/www.greenpeace.org\\\/static\\\/planet4-colombia-stateless\\\/2024\\\/04\\\/20240403-Credito-Diana-Rey-Melo-Greenpeace-14-768x512.jpg 768w, https:\\\/\\\/www.greenpeace.org\\\/static\\\/planet4-colombia-stateless\\\/2024\\\/04\\\/20240403-Credito-Diana-Rey-Melo-Greenpeace-14-1536x1024.jpg 1536w, https:\\\/\\\/www.greenpeace.org\\\/static\\\/planet4-colombia-stateless\\\/2024\\\/04\\\/20240403-Credito-Diana-Rey-Melo-Greenpeace-14-2048x1366.jpg 2048w, https:\\\/\\\/www.greenpeace.org\\\/static\\\/planet4-colombia-stateless\\\/2024\\\/04\\\/20240403-Credito-Diana-Rey-Melo-Greenpeace-14-510x340.jpg 510w&quot;,&quot;image_sizes&quot;:false,&quot;alt_text&quot;:&quot;&quot;,&quot;caption&quot;:&quot;&quot;,&quot;focus_image&quot;:&quot;&quot;,&quot;credits&quot;:&quot;&quot;},{&quot;image_src&quot;:&quot;https:\\\/\\\/www.greenpeace.org\\\/static\\\/planet4-colombia-stateless\\\/2024\\\/04\\\/20240403-Credito-Diana-Rey-Melo-Greenpeace-59-scaled.jpg&quot;,&quot;image_srcset&quot;:&quot;https:\\\/\\\/www.greenpeace.org\\\/static\\\/planet4-colombia-stateless\\\/2024\\\/04\\\/20240403-Credito-Diana-Rey-Melo-Greenpeace-59-scaled.jpg 2560w, https:\\\/\\\/www.greenpeace.org\\\/static\\\/planet4-colombia-stateless\\\/2024\\\/04\\\/20240403-Credito-Diana-Rey-Melo-Greenpeace-59-300x200.jpg 300w, https:\\\/\\\/www.greenpeace.org\\\/static\\\/planet4-colombia-stateless\\\/2024\\\/04\\\/20240403-Credito-Diana-Rey-Melo-Greenpeace-59-1024x683.jpg 1024w, https:\\\/\\\/www.greenpeace.org\\\/static\\\/planet4-colombia-stateless\\\/2024\\\/04\\\/20240403-Credito-Diana-Rey-Melo-Greenpeace-59-768x512.jpg 768w, https:\\\/\\\/www.greenpeace.org\\\/static\\\/planet4-colombia-stateless\\\/2024\\\/04\\\/20240403-Credito-Diana-Rey-Melo-Greenpeace-59-1536x1024.jpg 1536w, https:\\\/\\\/www.greenpeace.org\\\/static\\\/planet4-colombia-stateless\\\/2024\\\/04\\\/20240403-Credito-Diana-Rey-Melo-Greenpeace-59-2048x1366.jpg 2048w, https:\\\/\\\/www.greenpeace.org\\\/static\\\/planet4-colombia-stateless\\\/2024\\\/04\\\/20240403-Credito-Diana-Rey-Melo-Greenpeace-59-510x340.jpg 510w&quot;,&quot;image_sizes&quot;:false,&quot;alt_text&quot;:&quot;&quot;,&quot;caption&quot;:&quot;Expedicion Salvar el Pacifico Colombiano, barco Arctic Sunrise Greenpeace Foto Diana Rey Melo&quot;,&quot;focus_image&quot;:&quot;&quot;,&quot;credits&quot;:&quot;&quot;},{&quot;image_src&quot;:&quot;https:\\\/\\\/www.greenpeace.org\\\/static\\\/planet4-colombia-stateless\\\/2024\\\/04\\\/20240403-Exposicion-Malpelo-Credito-Diana-Rey-Melo-Greenpeace-9-scaled.jpg&quot;,&quot;image_srcset&quot;:&quot;https:\\\/\\\/www.greenpeace.org\\\/static\\\/planet4-colombia-stateless\\\/2024\\\/04\\\/20240403-Exposicion-Malpelo-Credito-Diana-Rey-Melo-Greenpeace-9-scaled.jpg 2560w, https:\\\/\\\/www.greenpeace.org\\\/static\\\/planet4-colombia-stateless\\\/2024\\\/04\\\/20240403-Exposicion-Malpelo-Credito-Diana-Rey-Melo-Greenpeace-9-300x200.jpg 300w, https:\\\/\\\/www.greenpeace.org\\\/static\\\/planet4-colombia-stateless\\\/2024\\\/04\\\/20240403-Exposicion-Malpelo-Credito-Diana-Rey-Melo-Greenpeace-9-1024x683.jpg 1024w, https:\\\/\\\/www.greenpeace.org\\\/static\\\/planet4-colombia-stateless\\\/2024\\\/04\\\/20240403-Exposicion-Malpelo-Credito-Diana-Rey-Melo-Greenpeace-9-768x512.jpg 768w, https:\\\/\\\/www.greenpeace.org\\\/static\\\/planet4-colombia-stateless\\\/2024\\\/04\\\/20240403-Exposicion-Malpelo-Credito-Diana-Rey-Melo-Greenpeace-9-1536x1024.jpg 1536w, https:\\\/\\\/www.greenpeace.org\\\/static\\\/planet4-colombia-stateless\\\/2024\\\/04\\\/20240403-Exposicion-Malpelo-Credito-Diana-Rey-Melo-Greenpeace-9-2048x1366.jpg 2048w, https:\\\/\\\/www.greenpeace.org\\\/static\\\/planet4-colombia-stateless\\\/2024\\\/04\\\/20240403-Exposicion-Malpelo-Credito-Diana-Rey-Melo-Greenpeace-9-510x340.jpg 510w&quot;,&quot;image_sizes&quot;:false,&quot;alt_text&quot;:&quot;&quot;,&quot;caption&quot;:&quot;&quot;,&quot;focus_image&quot;:&quot;&quot;,&quot;credits&quot;:&quot;&quot;},{&quot;image_src&quot;:&quot;https:\\\/\\\/www.greenpeace.org\\\/static\\\/planet4-colombia-stateless\\\/2024\\\/04\\\/20240401-Voluntarios-en-el-Arctic-Sunrise-Credito-Martin-Katz-Greenpeace-6-1-scaled.jpg&quot;,&quot;image_srcset&quot;:&quot;https:\\\/\\\/www.greenpeace.org\\\/static\\\/planet4-colombia-stateless\\\/2024\\\/04\\\/20240401-Voluntarios-en-el-Arctic-Sunrise-Credito-Martin-Katz-Greenpeace-6-1-scaled.jpg 2560w, https:\\\/\\\/www.greenpeace.org\\\/static\\\/planet4-colombia-stateless\\\/2024\\\/04\\\/20240401-Voluntarios-en-el-Arctic-Sunrise-Credito-Martin-Katz-Greenpeace-6-1-300x200.jpg 300w, https:\\\/\\\/www.greenpeace.org\\\/static\\\/planet4-colombia-stateless\\\/2024\\\/04\\\/20240401-Voluntarios-en-el-Arctic-Sunrise-Credito-Martin-Katz-Greenpeace-6-1-1024x683.jpg 1024w, https:\\\/\\\/www.greenpeace.org\\\/static\\\/planet4-colombia-stateless\\\/2024\\\/04\\\/20240401-Voluntarios-en-el-Arctic-Sunrise-Credito-Martin-Katz-Greenpeace-6-1-768x512.jpg 768w, https:\\\/\\\/www.greenpeace.org\\\/static\\\/planet4-colombia-stateless\\\/2024\\\/04\\\/20240401-Voluntarios-en-el-Arctic-Sunrise-Credito-Martin-Katz-Greenpeace-6-1-1536x1024.jpg 1536w, https:\\\/\\\/www.greenpeace.org\\\/static\\\/planet4-colombia-stateless\\\/2024\\\/04\\\/20240401-Voluntarios-en-el-Arctic-Sunrise-Credito-Martin-Katz-Greenpeace-6-1-2048x1366.jpg 2048w, https:\\\/\\\/www.greenpeace.org\\\/static\\\/planet4-colombia-stateless\\\/2024\\\/04\\\/20240401-Voluntarios-en-el-Arctic-Sunrise-Credito-Martin-Katz-Greenpeace-6-1-510x340.jpg 510w&quot;,&quot;image_sizes&quot;:false,&quot;alt_text&quot;:&quot;&quot;,&quot;caption&quot;:&quot;&quot;,&quot;focus_image&quot;:&quot;&quot;,&quot;credits&quot;:&quot;&quot;}]}}\"><section class=\"block gallery-grid is-style-grid\"><p class=\"page-section-description\"> Cr\u00e9ditos: \u00a9\u00a0 Martin Katz \/ Greenpeace  y  \u00a9\u00a0Diana Rey Melo \/ Greenpeace<\/p><\/section><\/div>\n\n\n<p><br>\u2063<br>Hoy <strong>estuvimos con algunos medios<\/strong> de pa\u00eds hablando sobre la importancia de la preservaci\u00f3n de nuestros cuerpos de agua, las especies y por supuesto, de la ratificaci\u00f3n del Tratado Global de Pl\u00e1sticos. \u00a1Colombia necesita comprometerse con la defensa de los mares! \ud83d\udc33\ud83c\udf0a \u2063 <\/p>\n\n\n\n<figure class=\"wp-block-image size-large\"><img loading=\"lazy\" decoding=\"async\" width=\"1024\" height=\"683\" src=\"https:\/\/www.greenpeace.org\/static\/planet4-colombia-stateless\/2024\/04\/20240402-Visita-Periodistas-Credito-Martin-Katz-Greenpeace-3-1-1024x683.jpg\" alt=\"\" class=\"wp-image-11928\" srcset=\"https:\/\/www.greenpeace.org\/static\/planet4-colombia-stateless\/2024\/04\/20240402-Visita-Periodistas-Credito-Martin-Katz-Greenpeace-3-1-1024x683.jpg 1024w, https:\/\/www.greenpeace.org\/static\/planet4-colombia-stateless\/2024\/04\/20240402-Visita-Periodistas-Credito-Martin-Katz-Greenpeace-3-1-300x200.jpg 300w, https:\/\/www.greenpeace.org\/static\/planet4-colombia-stateless\/2024\/04\/20240402-Visita-Periodistas-Credito-Martin-Katz-Greenpeace-3-1-768x512.jpg 768w, https:\/\/www.greenpeace.org\/static\/planet4-colombia-stateless\/2024\/04\/20240402-Visita-Periodistas-Credito-Martin-Katz-Greenpeace-3-1-1536x1024.jpg 1536w, https:\/\/www.greenpeace.org\/static\/planet4-colombia-stateless\/2024\/04\/20240402-Visita-Periodistas-Credito-Martin-Katz-Greenpeace-3-1-2048x1366.jpg 2048w, https:\/\/www.greenpeace.org\/static\/planet4-colombia-stateless\/2024\/04\/20240402-Visita-Periodistas-Credito-Martin-Katz-Greenpeace-3-1-510x340.jpg 510w\" sizes=\"auto, (max-width: 1024px) 100vw, 1024px\" \/><figcaption class=\"wp-element-caption\">\u00a9 Mart\u00edn Katz \/ Greenpeace<\/figcaption><\/figure>\n\n\n<div data-hydrate=\"planet4-blocks\/gallery\" data-attributes=\"{&quot;attributes&quot;:{&quot;gallery_block_description&quot;:&quot; Cr\\u00e9ditos: \\u00a9\\u00a0 Martin Katz \\\/ Greenpeace  y  \\u00a9\\u00a0Diana Rey Melo \\\/ Greenpeace&quot;,&quot;multiple_image&quot;:&quot;11930,11926,11920,11927,11925,11929,11918,11968,11914&quot;,&quot;image_data&quot;:[{&quot;url&quot;:&quot;https:\\\/\\\/www.greenpeace.org\\\/static\\\/planet4-colombia-stateless\\\/2024\\\/04\\\/20240402-Vida-a-Bordo-Credito-Diana-Rey-Melo-Greenpeace-3-scaled.jpg&quot;,&quot;focalPoint&quot;:{&quot;x&quot;:0.5,&quot;y&quot;:0.5},&quot;id&quot;:11930},{&quot;url&quot;:&quot;https:\\\/\\\/www.greenpeace.org\\\/static\\\/planet4-colombia-stateless\\\/2024\\\/04\\\/20240401-Banner-Puerto-Buenaventura-Credito-Martin-Katz-Greenpeace-3-1-scaled.jpg&quot;,&quot;focalPoint&quot;:{&quot;x&quot;:0.5,&quot;y&quot;:0.5},&quot;id&quot;:11926},{&quot;url&quot;:&quot;https:\\\/\\\/www.greenpeace.org\\\/static\\\/planet4-colombia-stateless\\\/2024\\\/04\\\/20240401-Banner-Puerto-Buenaventura-Credito-Martin-Katz-Greenpeace-1-scaled.jpg&quot;,&quot;focalPoint&quot;:{&quot;x&quot;:0.5,&quot;y&quot;:0.5},&quot;id&quot;:11920},{&quot;url&quot;:&quot;https:\\\/\\\/www.greenpeace.org\\\/static\\\/planet4-colombia-stateless\\\/2024\\\/04\\\/20240401-Voluntarios-en-el-Arctic-Sunrise-Credito-Martin-Katz-Greenpeace-1-scaled.jpg&quot;,&quot;focalPoint&quot;:{&quot;x&quot;:0.5,&quot;y&quot;:0.5},&quot;id&quot;:11927},{&quot;url&quot;:&quot;https:\\\/\\\/www.greenpeace.org\\\/static\\\/planet4-colombia-stateless\\\/2024\\\/04\\\/20240402-Visita-Periodistas-Credito-Martin-Katz-Greenpeace-11-scaled.jpg&quot;,&quot;focalPoint&quot;:{&quot;x&quot;:0.5,&quot;y&quot;:0.5},&quot;id&quot;:11925},{&quot;url&quot;:&quot;https:\\\/\\\/www.greenpeace.org\\\/static\\\/planet4-colombia-stateless\\\/2024\\\/04\\\/20240402-Visita-Periodistas-Credito-Martin-Katz-Greenpeace-10-1-scaled.jpg&quot;,&quot;focalPoint&quot;:{&quot;x&quot;:0.5,&quot;y&quot;:0.5},&quot;id&quot;:11929},{&quot;url&quot;:&quot;https:\\\/\\\/www.greenpeace.org\\\/static\\\/planet4-colombia-stateless\\\/2024\\\/04\\\/20240402-Visita-Periodistas-Credito-Martin-Katz-Greenpeace-13-scaled.jpg&quot;,&quot;focalPoint&quot;:{&quot;x&quot;:0.5,&quot;y&quot;:0.5},&quot;id&quot;:11918},{&quot;url&quot;:&quot;https:\\\/\\\/www.greenpeace.org\\\/static\\\/planet4-colombia-stateless\\\/2024\\\/04\\\/20240402-Visita-Periodistas-Tatiana-Cespedes-Credito-Martin-Katz-Greenpeace-7-1-scaled.jpg&quot;,&quot;focalPoint&quot;:{&quot;x&quot;:0.5,&quot;y&quot;:0.5},&quot;id&quot;:11968},{&quot;url&quot;:&quot;https:\\\/\\\/www.greenpeace.org\\\/static\\\/planet4-colombia-stateless\\\/2024\\\/04\\\/20240402-Visita-Periodistas-Credito-Martin-Katz-Greenpeace-19-scaled.jpg&quot;,&quot;focalPoint&quot;:{&quot;x&quot;:0.5,&quot;y&quot;:0.5},&quot;id&quot;:11914}],&quot;className&quot;:&quot;is-style-grid&quot;,&quot;gallery_block_style&quot;:0,&quot;gallery_block_title&quot;:&quot;&quot;,&quot;gallery_block_focus_points&quot;:&quot;&quot;,&quot;images&quot;:[{&quot;image_src&quot;:&quot;https:\\\/\\\/www.greenpeace.org\\\/static\\\/planet4-colombia-stateless\\\/2024\\\/04\\\/20240402-Vida-a-Bordo-Credito-Diana-Rey-Melo-Greenpeace-3-scaled.jpg&quot;,&quot;image_srcset&quot;:&quot;https:\\\/\\\/www.greenpeace.org\\\/static\\\/planet4-colombia-stateless\\\/2024\\\/04\\\/20240402-Vida-a-Bordo-Credito-Diana-Rey-Melo-Greenpeace-3-scaled.jpg 2560w, https:\\\/\\\/www.greenpeace.org\\\/static\\\/planet4-colombia-stateless\\\/2024\\\/04\\\/20240402-Vida-a-Bordo-Credito-Diana-Rey-Melo-Greenpeace-3-300x200.jpg 300w, https:\\\/\\\/www.greenpeace.org\\\/static\\\/planet4-colombia-stateless\\\/2024\\\/04\\\/20240402-Vida-a-Bordo-Credito-Diana-Rey-Melo-Greenpeace-3-1024x683.jpg 1024w, https:\\\/\\\/www.greenpeace.org\\\/static\\\/planet4-colombia-stateless\\\/2024\\\/04\\\/20240402-Vida-a-Bordo-Credito-Diana-Rey-Melo-Greenpeace-3-768x512.jpg 768w, https:\\\/\\\/www.greenpeace.org\\\/static\\\/planet4-colombia-stateless\\\/2024\\\/04\\\/20240402-Vida-a-Bordo-Credito-Diana-Rey-Melo-Greenpeace-3-1536x1024.jpg 1536w, https:\\\/\\\/www.greenpeace.org\\\/static\\\/planet4-colombia-stateless\\\/2024\\\/04\\\/20240402-Vida-a-Bordo-Credito-Diana-Rey-Melo-Greenpeace-3-2048x1366.jpg 2048w, https:\\\/\\\/www.greenpeace.org\\\/static\\\/planet4-colombia-stateless\\\/2024\\\/04\\\/20240402-Vida-a-Bordo-Credito-Diana-Rey-Melo-Greenpeace-3-510x340.jpg 510w&quot;,&quot;image_sizes&quot;:false,&quot;alt_text&quot;:&quot;&quot;,&quot;caption&quot;:&quot;&quot;,&quot;focus_image&quot;:&quot;&quot;,&quot;credits&quot;:&quot;&quot;},{&quot;image_src&quot;:&quot;https:\\\/\\\/www.greenpeace.org\\\/static\\\/planet4-colombia-stateless\\\/2024\\\/04\\\/20240401-Banner-Puerto-Buenaventura-Credito-Martin-Katz-Greenpeace-3-1-scaled.jpg&quot;,&quot;image_srcset&quot;:&quot;https:\\\/\\\/www.greenpeace.org\\\/static\\\/planet4-colombia-stateless\\\/2024\\\/04\\\/20240401-Banner-Puerto-Buenaventura-Credito-Martin-Katz-Greenpeace-3-1-scaled.jpg 2560w, https:\\\/\\\/www.greenpeace.org\\\/static\\\/planet4-colombia-stateless\\\/2024\\\/04\\\/20240401-Banner-Puerto-Buenaventura-Credito-Martin-Katz-Greenpeace-3-1-300x200.jpg 300w, https:\\\/\\\/www.greenpeace.org\\\/static\\\/planet4-colombia-stateless\\\/2024\\\/04\\\/20240401-Banner-Puerto-Buenaventura-Credito-Martin-Katz-Greenpeace-3-1-1024x683.jpg 1024w, https:\\\/\\\/www.greenpeace.org\\\/static\\\/planet4-colombia-stateless\\\/2024\\\/04\\\/20240401-Banner-Puerto-Buenaventura-Credito-Martin-Katz-Greenpeace-3-1-768x512.jpg 768w, https:\\\/\\\/www.greenpeace.org\\\/static\\\/planet4-colombia-stateless\\\/2024\\\/04\\\/20240401-Banner-Puerto-Buenaventura-Credito-Martin-Katz-Greenpeace-3-1-1536x1024.jpg 1536w, https:\\\/\\\/www.greenpeace.org\\\/static\\\/planet4-colombia-stateless\\\/2024\\\/04\\\/20240401-Banner-Puerto-Buenaventura-Credito-Martin-Katz-Greenpeace-3-1-2048x1366.jpg 2048w, https:\\\/\\\/www.greenpeace.org\\\/static\\\/planet4-colombia-stateless\\\/2024\\\/04\\\/20240401-Banner-Puerto-Buenaventura-Credito-Martin-Katz-Greenpeace-3-1-510x340.jpg 510w&quot;,&quot;image_sizes&quot;:false,&quot;alt_text&quot;:&quot;&quot;,&quot;caption&quot;:&quot;&quot;,&quot;focus_image&quot;:&quot;&quot;,&quot;credits&quot;:&quot;&quot;},{&quot;image_src&quot;:&quot;https:\\\/\\\/www.greenpeace.org\\\/static\\\/planet4-colombia-stateless\\\/2024\\\/04\\\/20240401-Banner-Puerto-Buenaventura-Credito-Martin-Katz-Greenpeace-1-scaled.jpg&quot;,&quot;image_srcset&quot;:&quot;https:\\\/\\\/www.greenpeace.org\\\/static\\\/planet4-colombia-stateless\\\/2024\\\/04\\\/20240401-Banner-Puerto-Buenaventura-Credito-Martin-Katz-Greenpeace-1-scaled.jpg 2560w, https:\\\/\\\/www.greenpeace.org\\\/static\\\/planet4-colombia-stateless\\\/2024\\\/04\\\/20240401-Banner-Puerto-Buenaventura-Credito-Martin-Katz-Greenpeace-1-300x200.jpg 300w, https:\\\/\\\/www.greenpeace.org\\\/static\\\/planet4-colombia-stateless\\\/2024\\\/04\\\/20240401-Banner-Puerto-Buenaventura-Credito-Martin-Katz-Greenpeace-1-1024x683.jpg 1024w, https:\\\/\\\/www.greenpeace.org\\\/static\\\/planet4-colombia-stateless\\\/2024\\\/04\\\/20240401-Banner-Puerto-Buenaventura-Credito-Martin-Katz-Greenpeace-1-768x512.jpg 768w, https:\\\/\\\/www.greenpeace.org\\\/static\\\/planet4-colombia-stateless\\\/2024\\\/04\\\/20240401-Banner-Puerto-Buenaventura-Credito-Martin-Katz-Greenpeace-1-1536x1024.jpg 1536w, https:\\\/\\\/www.greenpeace.org\\\/static\\\/planet4-colombia-stateless\\\/2024\\\/04\\\/20240401-Banner-Puerto-Buenaventura-Credito-Martin-Katz-Greenpeace-1-2048x1366.jpg 2048w, https:\\\/\\\/www.greenpeace.org\\\/static\\\/planet4-colombia-stateless\\\/2024\\\/04\\\/20240401-Banner-Puerto-Buenaventura-Credito-Martin-Katz-Greenpeace-1-510x340.jpg 510w&quot;,&quot;image_sizes&quot;:false,&quot;alt_text&quot;:&quot;&quot;,&quot;caption&quot;:&quot;&quot;,&quot;focus_image&quot;:&quot;&quot;,&quot;credits&quot;:&quot;&quot;},{&quot;image_src&quot;:&quot;https:\\\/\\\/www.greenpeace.org\\\/static\\\/planet4-colombia-stateless\\\/2024\\\/04\\\/20240401-Voluntarios-en-el-Arctic-Sunrise-Credito-Martin-Katz-Greenpeace-1-scaled.jpg&quot;,&quot;image_srcset&quot;:&quot;https:\\\/\\\/www.greenpeace.org\\\/static\\\/planet4-colombia-stateless\\\/2024\\\/04\\\/20240401-Voluntarios-en-el-Arctic-Sunrise-Credito-Martin-Katz-Greenpeace-1-scaled.jpg 2560w, https:\\\/\\\/www.greenpeace.org\\\/static\\\/planet4-colombia-stateless\\\/2024\\\/04\\\/20240401-Voluntarios-en-el-Arctic-Sunrise-Credito-Martin-Katz-Greenpeace-1-300x200.jpg 300w, https:\\\/\\\/www.greenpeace.org\\\/static\\\/planet4-colombia-stateless\\\/2024\\\/04\\\/20240401-Voluntarios-en-el-Arctic-Sunrise-Credito-Martin-Katz-Greenpeace-1-1024x683.jpg 1024w, https:\\\/\\\/www.greenpeace.org\\\/static\\\/planet4-colombia-stateless\\\/2024\\\/04\\\/20240401-Voluntarios-en-el-Arctic-Sunrise-Credito-Martin-Katz-Greenpeace-1-768x512.jpg 768w, https:\\\/\\\/www.greenpeace.org\\\/static\\\/planet4-colombia-stateless\\\/2024\\\/04\\\/20240401-Voluntarios-en-el-Arctic-Sunrise-Credito-Martin-Katz-Greenpeace-1-1536x1024.jpg 1536w, https:\\\/\\\/www.greenpeace.org\\\/static\\\/planet4-colombia-stateless\\\/2024\\\/04\\\/20240401-Voluntarios-en-el-Arctic-Sunrise-Credito-Martin-Katz-Greenpeace-1-2048x1366.jpg 2048w, https:\\\/\\\/www.greenpeace.org\\\/static\\\/planet4-colombia-stateless\\\/2024\\\/04\\\/20240401-Voluntarios-en-el-Arctic-Sunrise-Credito-Martin-Katz-Greenpeace-1-510x340.jpg 510w&quot;,&quot;image_sizes&quot;:false,&quot;alt_text&quot;:&quot;&quot;,&quot;caption&quot;:&quot;&quot;,&quot;focus_image&quot;:&quot;&quot;,&quot;credits&quot;:&quot;&quot;},{&quot;image_src&quot;:&quot;https:\\\/\\\/www.greenpeace.org\\\/static\\\/planet4-colombia-stateless\\\/2024\\\/04\\\/20240402-Visita-Periodistas-Credito-Martin-Katz-Greenpeace-11-scaled.jpg&quot;,&quot;image_srcset&quot;:&quot;https:\\\/\\\/www.greenpeace.org\\\/static\\\/planet4-colombia-stateless\\\/2024\\\/04\\\/20240402-Visita-Periodistas-Credito-Martin-Katz-Greenpeace-11-scaled.jpg 2560w, https:\\\/\\\/www.greenpeace.org\\\/static\\\/planet4-colombia-stateless\\\/2024\\\/04\\\/20240402-Visita-Periodistas-Credito-Martin-Katz-Greenpeace-11-300x200.jpg 300w, https:\\\/\\\/www.greenpeace.org\\\/static\\\/planet4-colombia-stateless\\\/2024\\\/04\\\/20240402-Visita-Periodistas-Credito-Martin-Katz-Greenpeace-11-1024x683.jpg 1024w, https:\\\/\\\/www.greenpeace.org\\\/static\\\/planet4-colombia-stateless\\\/2024\\\/04\\\/20240402-Visita-Periodistas-Credito-Martin-Katz-Greenpeace-11-768x512.jpg 768w, https:\\\/\\\/www.greenpeace.org\\\/static\\\/planet4-colombia-stateless\\\/2024\\\/04\\\/20240402-Visita-Periodistas-Credito-Martin-Katz-Greenpeace-11-1536x1024.jpg 1536w, https:\\\/\\\/www.greenpeace.org\\\/static\\\/planet4-colombia-stateless\\\/2024\\\/04\\\/20240402-Visita-Periodistas-Credito-Martin-Katz-Greenpeace-11-2048x1366.jpg 2048w, https:\\\/\\\/www.greenpeace.org\\\/static\\\/planet4-colombia-stateless\\\/2024\\\/04\\\/20240402-Visita-Periodistas-Credito-Martin-Katz-Greenpeace-11-510x340.jpg 510w&quot;,&quot;image_sizes&quot;:false,&quot;alt_text&quot;:&quot;&quot;,&quot;caption&quot;:&quot;&quot;,&quot;focus_image&quot;:&quot;&quot;,&quot;credits&quot;:&quot;&quot;},{&quot;image_src&quot;:&quot;https:\\\/\\\/www.greenpeace.org\\\/static\\\/planet4-colombia-stateless\\\/2024\\\/04\\\/20240402-Visita-Periodistas-Credito-Martin-Katz-Greenpeace-10-1-scaled.jpg&quot;,&quot;image_srcset&quot;:&quot;https:\\\/\\\/www.greenpeace.org\\\/static\\\/planet4-colombia-stateless\\\/2024\\\/04\\\/20240402-Visita-Periodistas-Credito-Martin-Katz-Greenpeace-10-1-scaled.jpg 2560w, https:\\\/\\\/www.greenpeace.org\\\/static\\\/planet4-colombia-stateless\\\/2024\\\/04\\\/20240402-Visita-Periodistas-Credito-Martin-Katz-Greenpeace-10-1-300x200.jpg 300w, https:\\\/\\\/www.greenpeace.org\\\/static\\\/planet4-colombia-stateless\\\/2024\\\/04\\\/20240402-Visita-Periodistas-Credito-Martin-Katz-Greenpeace-10-1-1024x683.jpg 1024w, https:\\\/\\\/www.greenpeace.org\\\/static\\\/planet4-colombia-stateless\\\/2024\\\/04\\\/20240402-Visita-Periodistas-Credito-Martin-Katz-Greenpeace-10-1-768x512.jpg 768w, https:\\\/\\\/www.greenpeace.org\\\/static\\\/planet4-colombia-stateless\\\/2024\\\/04\\\/20240402-Visita-Periodistas-Credito-Martin-Katz-Greenpeace-10-1-1536x1024.jpg 1536w, https:\\\/\\\/www.greenpeace.org\\\/static\\\/planet4-colombia-stateless\\\/2024\\\/04\\\/20240402-Visita-Periodistas-Credito-Martin-Katz-Greenpeace-10-1-2048x1366.jpg 2048w, https:\\\/\\\/www.greenpeace.org\\\/static\\\/planet4-colombia-stateless\\\/2024\\\/04\\\/20240402-Visita-Periodistas-Credito-Martin-Katz-Greenpeace-10-1-510x340.jpg 510w&quot;,&quot;image_sizes&quot;:false,&quot;alt_text&quot;:&quot;&quot;,&quot;caption&quot;:&quot;&quot;,&quot;focus_image&quot;:&quot;&quot;,&quot;credits&quot;:&quot;&quot;},{&quot;image_src&quot;:&quot;https:\\\/\\\/www.greenpeace.org\\\/static\\\/planet4-colombia-stateless\\\/2024\\\/04\\\/20240402-Visita-Periodistas-Credito-Martin-Katz-Greenpeace-13-scaled.jpg&quot;,&quot;image_srcset&quot;:&quot;https:\\\/\\\/www.greenpeace.org\\\/static\\\/planet4-colombia-stateless\\\/2024\\\/04\\\/20240402-Visita-Periodistas-Credito-Martin-Katz-Greenpeace-13-scaled.jpg 2560w, https:\\\/\\\/www.greenpeace.org\\\/static\\\/planet4-colombia-stateless\\\/2024\\\/04\\\/20240402-Visita-Periodistas-Credito-Martin-Katz-Greenpeace-13-300x200.jpg 300w, https:\\\/\\\/www.greenpeace.org\\\/static\\\/planet4-colombia-stateless\\\/2024\\\/04\\\/20240402-Visita-Periodistas-Credito-Martin-Katz-Greenpeace-13-1024x683.jpg 1024w, https:\\\/\\\/www.greenpeace.org\\\/static\\\/planet4-colombia-stateless\\\/2024\\\/04\\\/20240402-Visita-Periodistas-Credito-Martin-Katz-Greenpeace-13-768x512.jpg 768w, https:\\\/\\\/www.greenpeace.org\\\/static\\\/planet4-colombia-stateless\\\/2024\\\/04\\\/20240402-Visita-Periodistas-Credito-Martin-Katz-Greenpeace-13-1536x1024.jpg 1536w, https:\\\/\\\/www.greenpeace.org\\\/static\\\/planet4-colombia-stateless\\\/2024\\\/04\\\/20240402-Visita-Periodistas-Credito-Martin-Katz-Greenpeace-13-2048x1366.jpg 2048w, https:\\\/\\\/www.greenpeace.org\\\/static\\\/planet4-colombia-stateless\\\/2024\\\/04\\\/20240402-Visita-Periodistas-Credito-Martin-Katz-Greenpeace-13-510x340.jpg 510w&quot;,&quot;image_sizes&quot;:false,&quot;alt_text&quot;:&quot;&quot;,&quot;caption&quot;:&quot;&quot;,&quot;focus_image&quot;:&quot;&quot;,&quot;credits&quot;:&quot;&quot;},{&quot;image_src&quot;:&quot;https:\\\/\\\/www.greenpeace.org\\\/static\\\/planet4-colombia-stateless\\\/2024\\\/04\\\/20240402-Visita-Periodistas-Tatiana-Cespedes-Credito-Martin-Katz-Greenpeace-7-1-scaled.jpg&quot;,&quot;image_srcset&quot;:&quot;https:\\\/\\\/www.greenpeace.org\\\/static\\\/planet4-colombia-stateless\\\/2024\\\/04\\\/20240402-Visita-Periodistas-Tatiana-Cespedes-Credito-Martin-Katz-Greenpeace-7-1-scaled.jpg 2560w, https:\\\/\\\/www.greenpeace.org\\\/static\\\/planet4-colombia-stateless\\\/2024\\\/04\\\/20240402-Visita-Periodistas-Tatiana-Cespedes-Credito-Martin-Katz-Greenpeace-7-1-300x200.jpg 300w, https:\\\/\\\/www.greenpeace.org\\\/static\\\/planet4-colombia-stateless\\\/2024\\\/04\\\/20240402-Visita-Periodistas-Tatiana-Cespedes-Credito-Martin-Katz-Greenpeace-7-1-1024x683.jpg 1024w, https:\\\/\\\/www.greenpeace.org\\\/static\\\/planet4-colombia-stateless\\\/2024\\\/04\\\/20240402-Visita-Periodistas-Tatiana-Cespedes-Credito-Martin-Katz-Greenpeace-7-1-768x512.jpg 768w, https:\\\/\\\/www.greenpeace.org\\\/static\\\/planet4-colombia-stateless\\\/2024\\\/04\\\/20240402-Visita-Periodistas-Tatiana-Cespedes-Credito-Martin-Katz-Greenpeace-7-1-1536x1024.jpg 1536w, https:\\\/\\\/www.greenpeace.org\\\/static\\\/planet4-colombia-stateless\\\/2024\\\/04\\\/20240402-Visita-Periodistas-Tatiana-Cespedes-Credito-Martin-Katz-Greenpeace-7-1-2048x1366.jpg 2048w, https:\\\/\\\/www.greenpeace.org\\\/static\\\/planet4-colombia-stateless\\\/2024\\\/04\\\/20240402-Visita-Periodistas-Tatiana-Cespedes-Credito-Martin-Katz-Greenpeace-7-1-510x340.jpg 510w&quot;,&quot;image_sizes&quot;:false,&quot;alt_text&quot;:&quot;&quot;,&quot;caption&quot;:&quot;&quot;,&quot;focus_image&quot;:&quot;&quot;,&quot;credits&quot;:&quot;&quot;},{&quot;image_src&quot;:&quot;https:\\\/\\\/www.greenpeace.org\\\/static\\\/planet4-colombia-stateless\\\/2024\\\/04\\\/20240402-Visita-Periodistas-Credito-Martin-Katz-Greenpeace-19-scaled.jpg&quot;,&quot;image_srcset&quot;:&quot;https:\\\/\\\/www.greenpeace.org\\\/static\\\/planet4-colombia-stateless\\\/2024\\\/04\\\/20240402-Visita-Periodistas-Credito-Martin-Katz-Greenpeace-19-scaled.jpg 2560w, https:\\\/\\\/www.greenpeace.org\\\/static\\\/planet4-colombia-stateless\\\/2024\\\/04\\\/20240402-Visita-Periodistas-Credito-Martin-Katz-Greenpeace-19-300x200.jpg 300w, https:\\\/\\\/www.greenpeace.org\\\/static\\\/planet4-colombia-stateless\\\/2024\\\/04\\\/20240402-Visita-Periodistas-Credito-Martin-Katz-Greenpeace-19-1024x683.jpg 1024w, https:\\\/\\\/www.greenpeace.org\\\/static\\\/planet4-colombia-stateless\\\/2024\\\/04\\\/20240402-Visita-Periodistas-Credito-Martin-Katz-Greenpeace-19-768x512.jpg 768w, https:\\\/\\\/www.greenpeace.org\\\/static\\\/planet4-colombia-stateless\\\/2024\\\/04\\\/20240402-Visita-Periodistas-Credito-Martin-Katz-Greenpeace-19-1536x1024.jpg 1536w, https:\\\/\\\/www.greenpeace.org\\\/static\\\/planet4-colombia-stateless\\\/2024\\\/04\\\/20240402-Visita-Periodistas-Credito-Martin-Katz-Greenpeace-19-2048x1366.jpg 2048w, https:\\\/\\\/www.greenpeace.org\\\/static\\\/planet4-colombia-stateless\\\/2024\\\/04\\\/20240402-Visita-Periodistas-Credito-Martin-Katz-Greenpeace-19-510x340.jpg 510w&quot;,&quot;image_sizes&quot;:false,&quot;alt_text&quot;:&quot;&quot;,&quot;caption&quot;:&quot;&quot;,&quot;focus_image&quot;:&quot;&quot;,&quot;credits&quot;:&quot;&quot;}]}}\"><section class=\"block gallery-grid is-style-grid\"><p class=\"page-section-description\"> Cr\u00e9ditos: \u00a9\u00a0 Martin Katz \/ Greenpeace  y  \u00a9\u00a0Diana Rey Melo \/ Greenpeace<\/p><\/section><\/div>\n\n\n<p>Presentamos la campa\u00f1a a la tripulaci\u00f3n y al equipo de voluntarios y voluntarias de Greenpeace en Colombia, conocieron el funcionamiento del Arctic Sunrise, junto con miembros de la Fundaci\u00f3n Malpelo.<\/p>\n\n\n<div data-hydrate=\"planet4-blocks\/gallery\" data-attributes=\"{&quot;attributes&quot;:{&quot;gallery_block_description&quot;:&quot;Cr\\u00e9ditos: \\u00a9\\u00a0 Martin Katz \\\/ Greenpeace  y  \\u00a9\\u00a0Diana Rey Melo \\\/ Greenpeace&quot;,&quot;multiple_image&quot;:&quot;11953,11952,11951,11945,11941,11936,11940,11938,11934,11943,11955&quot;,&quot;image_data&quot;:[{&quot;url&quot;:&quot;https:\\\/\\\/www.greenpeace.org\\\/static\\\/planet4-colombia-stateless\\\/2024\\\/04\\\/20240403-Felipe-Ladino-Credito-Diana-Rey-Melo-Greenpeace-10-scaled.jpg&quot;,&quot;focalPoint&quot;:{&quot;x&quot;:0.5,&quot;y&quot;:0.5},&quot;id&quot;:11953},{&quot;url&quot;:&quot;https:\\\/\\\/www.greenpeace.org\\\/static\\\/planet4-colombia-stateless\\\/2024\\\/04\\\/20240403-Exposicion-Campana-Credito-Diana-Rey-Melo-Greenpeace-4-scaled.jpg&quot;,&quot;focalPoint&quot;:{&quot;x&quot;:0.5,&quot;y&quot;:0.5},&quot;id&quot;:11952},{&quot;url&quot;:&quot;https:\\\/\\\/www.greenpeace.org\\\/static\\\/planet4-colombia-stateless\\\/2024\\\/04\\\/20240403-Exposicion-Campana-Credito-Diana-Rey-Melo-Greenpeace-2-scaled.jpg&quot;,&quot;focalPoint&quot;:{&quot;x&quot;:0.5,&quot;y&quot;:0.5},&quot;id&quot;:11951},{&quot;url&quot;:&quot;https:\\\/\\\/www.greenpeace.org\\\/static\\\/planet4-colombia-stateless\\\/2024\\\/04\\\/20240402-Visita-Periodistas-Diego-Salas-Credito-Martin-Katz-Greenpeace-4-scaled.jpg&quot;,&quot;focalPoint&quot;:{&quot;x&quot;:0.5,&quot;y&quot;:0.5},&quot;id&quot;:11945},{&quot;url&quot;:&quot;https:\\\/\\\/www.greenpeace.org\\\/static\\\/planet4-colombia-stateless\\\/2024\\\/04\\\/20240401-Voluntarios-en-el-Arctic-Sunrise-Credito-Martin-Katz-Greenpeace-14-scaled.jpg&quot;,&quot;focalPoint&quot;:{&quot;x&quot;:0.5,&quot;y&quot;:0.5},&quot;id&quot;:11941},{&quot;url&quot;:&quot;https:\\\/\\\/www.greenpeace.org\\\/static\\\/planet4-colombia-stateless\\\/2024\\\/04\\\/20240401-Voluntarios-en-el-Arctic-Sunrise-Credito-Martin-Katz-Greenpeace-6-scaled.jpg&quot;,&quot;focalPoint&quot;:{&quot;x&quot;:0.5,&quot;y&quot;:0.5},&quot;id&quot;:11936},{&quot;url&quot;:&quot;https:\\\/\\\/www.greenpeace.org\\\/static\\\/planet4-colombia-stateless\\\/2024\\\/04\\\/20240401-Voluntarios-en-el-Arctic-Sunrise-Credito-Martin-Katz-Greenpeace-13-scaled.jpg&quot;,&quot;focalPoint&quot;:{&quot;x&quot;:0.5,&quot;y&quot;:0.5},&quot;id&quot;:11940},{&quot;url&quot;:&quot;https:\\\/\\\/www.greenpeace.org\\\/static\\\/planet4-colombia-stateless\\\/2024\\\/04\\\/20240401-Voluntarios-en-el-Arctic-Sunrise-Credito-Martin-Katz-Greenpeace-11-scaled.jpg&quot;,&quot;focalPoint&quot;:{&quot;x&quot;:0.5,&quot;y&quot;:0.5},&quot;id&quot;:11938},{&quot;url&quot;:&quot;https:\\\/\\\/www.greenpeace.org\\\/static\\\/planet4-colombia-stateless\\\/2024\\\/04\\\/20240401-Voluntarios-en-el-Arctic-Sunrise-Credito-Martin-Katz-Greenpeace-3-scaled.jpg&quot;,&quot;focalPoint&quot;:{&quot;x&quot;:0.5,&quot;y&quot;:0.5},&quot;id&quot;:11934},{&quot;url&quot;:&quot;https:\\\/\\\/www.greenpeace.org\\\/static\\\/planet4-colombia-stateless\\\/2024\\\/04\\\/20240402-Vida-a-Bordo-Credito-Diana-Rey-Melo-Greenpeace-4-scaled.jpg&quot;,&quot;focalPoint&quot;:{&quot;x&quot;:0.5,&quot;y&quot;:0.5},&quot;id&quot;:11943},{&quot;url&quot;:&quot;https:\\\/\\\/www.greenpeace.org\\\/static\\\/planet4-colombia-stateless\\\/2024\\\/04\\\/20240403-Vida-a-Bordo-Credito-Diana-Rey-Melo-Greenpeace-3-scaled.jpg&quot;,&quot;focalPoint&quot;:{&quot;x&quot;:0.5,&quot;y&quot;:0.5},&quot;id&quot;:11955}],&quot;className&quot;:&quot;is-style-grid&quot;,&quot;gallery_block_style&quot;:0,&quot;gallery_block_title&quot;:&quot;&quot;,&quot;gallery_block_focus_points&quot;:&quot;&quot;,&quot;images&quot;:[{&quot;image_src&quot;:&quot;https:\\\/\\\/www.greenpeace.org\\\/static\\\/planet4-colombia-stateless\\\/2024\\\/04\\\/20240403-Felipe-Ladino-Credito-Diana-Rey-Melo-Greenpeace-10-scaled.jpg&quot;,&quot;image_srcset&quot;:&quot;https:\\\/\\\/www.greenpeace.org\\\/static\\\/planet4-colombia-stateless\\\/2024\\\/04\\\/20240403-Felipe-Ladino-Credito-Diana-Rey-Melo-Greenpeace-10-scaled.jpg 2560w, https:\\\/\\\/www.greenpeace.org\\\/static\\\/planet4-colombia-stateless\\\/2024\\\/04\\\/20240403-Felipe-Ladino-Credito-Diana-Rey-Melo-Greenpeace-10-300x200.jpg 300w, https:\\\/\\\/www.greenpeace.org\\\/static\\\/planet4-colombia-stateless\\\/2024\\\/04\\\/20240403-Felipe-Ladino-Credito-Diana-Rey-Melo-Greenpeace-10-1024x683.jpg 1024w, https:\\\/\\\/www.greenpeace.org\\\/static\\\/planet4-colombia-stateless\\\/2024\\\/04\\\/20240403-Felipe-Ladino-Credito-Diana-Rey-Melo-Greenpeace-10-768x512.jpg 768w, https:\\\/\\\/www.greenpeace.org\\\/static\\\/planet4-colombia-stateless\\\/2024\\\/04\\\/20240403-Felipe-Ladino-Credito-Diana-Rey-Melo-Greenpeace-10-1536x1024.jpg 1536w, https:\\\/\\\/www.greenpeace.org\\\/static\\\/planet4-colombia-stateless\\\/2024\\\/04\\\/20240403-Felipe-Ladino-Credito-Diana-Rey-Melo-Greenpeace-10-2048x1366.jpg 2048w, https:\\\/\\\/www.greenpeace.org\\\/static\\\/planet4-colombia-stateless\\\/2024\\\/04\\\/20240403-Felipe-Ladino-Credito-Diana-Rey-Melo-Greenpeace-10-510x340.jpg 510w&quot;,&quot;image_sizes&quot;:false,&quot;alt_text&quot;:&quot;&quot;,&quot;caption&quot;:&quot;&quot;,&quot;focus_image&quot;:&quot;&quot;,&quot;credits&quot;:&quot;&quot;},{&quot;image_src&quot;:&quot;https:\\\/\\\/www.greenpeace.org\\\/static\\\/planet4-colombia-stateless\\\/2024\\\/04\\\/20240403-Exposicion-Campana-Credito-Diana-Rey-Melo-Greenpeace-4-scaled.jpg&quot;,&quot;image_srcset&quot;:&quot;https:\\\/\\\/www.greenpeace.org\\\/static\\\/planet4-colombia-stateless\\\/2024\\\/04\\\/20240403-Exposicion-Campana-Credito-Diana-Rey-Melo-Greenpeace-4-scaled.jpg 2560w, https:\\\/\\\/www.greenpeace.org\\\/static\\\/planet4-colombia-stateless\\\/2024\\\/04\\\/20240403-Exposicion-Campana-Credito-Diana-Rey-Melo-Greenpeace-4-300x200.jpg 300w, https:\\\/\\\/www.greenpeace.org\\\/static\\\/planet4-colombia-stateless\\\/2024\\\/04\\\/20240403-Exposicion-Campana-Credito-Diana-Rey-Melo-Greenpeace-4-1024x683.jpg 1024w, https:\\\/\\\/www.greenpeace.org\\\/static\\\/planet4-colombia-stateless\\\/2024\\\/04\\\/20240403-Exposicion-Campana-Credito-Diana-Rey-Melo-Greenpeace-4-768x512.jpg 768w, https:\\\/\\\/www.greenpeace.org\\\/static\\\/planet4-colombia-stateless\\\/2024\\\/04\\\/20240403-Exposicion-Campana-Credito-Diana-Rey-Melo-Greenpeace-4-1536x1024.jpg 1536w, https:\\\/\\\/www.greenpeace.org\\\/static\\\/planet4-colombia-stateless\\\/2024\\\/04\\\/20240403-Exposicion-Campana-Credito-Diana-Rey-Melo-Greenpeace-4-2048x1366.jpg 2048w, https:\\\/\\\/www.greenpeace.org\\\/static\\\/planet4-colombia-stateless\\\/2024\\\/04\\\/20240403-Exposicion-Campana-Credito-Diana-Rey-Melo-Greenpeace-4-510x340.jpg 510w&quot;,&quot;image_sizes&quot;:false,&quot;alt_text&quot;:&quot;&quot;,&quot;caption&quot;:&quot;&quot;,&quot;focus_image&quot;:&quot;&quot;,&quot;credits&quot;:&quot;&quot;},{&quot;image_src&quot;:&quot;https:\\\/\\\/www.greenpeace.org\\\/static\\\/planet4-colombia-stateless\\\/2024\\\/04\\\/20240403-Exposicion-Campana-Credito-Diana-Rey-Melo-Greenpeace-2-scaled.jpg&quot;,&quot;image_srcset&quot;:&quot;https:\\\/\\\/www.greenpeace.org\\\/static\\\/planet4-colombia-stateless\\\/2024\\\/04\\\/20240403-Exposicion-Campana-Credito-Diana-Rey-Melo-Greenpeace-2-scaled.jpg 2560w, https:\\\/\\\/www.greenpeace.org\\\/static\\\/planet4-colombia-stateless\\\/2024\\\/04\\\/20240403-Exposicion-Campana-Credito-Diana-Rey-Melo-Greenpeace-2-300x200.jpg 300w, https:\\\/\\\/www.greenpeace.org\\\/static\\\/planet4-colombia-stateless\\\/2024\\\/04\\\/20240403-Exposicion-Campana-Credito-Diana-Rey-Melo-Greenpeace-2-1024x683.jpg 1024w, https:\\\/\\\/www.greenpeace.org\\\/static\\\/planet4-colombia-stateless\\\/2024\\\/04\\\/20240403-Exposicion-Campana-Credito-Diana-Rey-Melo-Greenpeace-2-768x512.jpg 768w, https:\\\/\\\/www.greenpeace.org\\\/static\\\/planet4-colombia-stateless\\\/2024\\\/04\\\/20240403-Exposicion-Campana-Credito-Diana-Rey-Melo-Greenpeace-2-1536x1024.jpg 1536w, https:\\\/\\\/www.greenpeace.org\\\/static\\\/planet4-colombia-stateless\\\/2024\\\/04\\\/20240403-Exposicion-Campana-Credito-Diana-Rey-Melo-Greenpeace-2-2048x1366.jpg 2048w, https:\\\/\\\/www.greenpeace.org\\\/static\\\/planet4-colombia-stateless\\\/2024\\\/04\\\/20240403-Exposicion-Campana-Credito-Diana-Rey-Melo-Greenpeace-2-510x340.jpg 510w&quot;,&quot;image_sizes&quot;:false,&quot;alt_text&quot;:&quot;&quot;,&quot;caption&quot;:&quot;&quot;,&quot;focus_image&quot;:&quot;&quot;,&quot;credits&quot;:&quot;&quot;},{&quot;image_src&quot;:&quot;https:\\\/\\\/www.greenpeace.org\\\/static\\\/planet4-colombia-stateless\\\/2024\\\/04\\\/20240402-Visita-Periodistas-Diego-Salas-Credito-Martin-Katz-Greenpeace-4-scaled.jpg&quot;,&quot;image_srcset&quot;:&quot;https:\\\/\\\/www.greenpeace.org\\\/static\\\/planet4-colombia-stateless\\\/2024\\\/04\\\/20240402-Visita-Periodistas-Diego-Salas-Credito-Martin-Katz-Greenpeace-4-scaled.jpg 2560w, https:\\\/\\\/www.greenpeace.org\\\/static\\\/planet4-colombia-stateless\\\/2024\\\/04\\\/20240402-Visita-Periodistas-Diego-Salas-Credito-Martin-Katz-Greenpeace-4-300x200.jpg 300w, https:\\\/\\\/www.greenpeace.org\\\/static\\\/planet4-colombia-stateless\\\/2024\\\/04\\\/20240402-Visita-Periodistas-Diego-Salas-Credito-Martin-Katz-Greenpeace-4-1024x683.jpg 1024w, https:\\\/\\\/www.greenpeace.org\\\/static\\\/planet4-colombia-stateless\\\/2024\\\/04\\\/20240402-Visita-Periodistas-Diego-Salas-Credito-Martin-Katz-Greenpeace-4-768x512.jpg 768w, https:\\\/\\\/www.greenpeace.org\\\/static\\\/planet4-colombia-stateless\\\/2024\\\/04\\\/20240402-Visita-Periodistas-Diego-Salas-Credito-Martin-Katz-Greenpeace-4-1536x1024.jpg 1536w, https:\\\/\\\/www.greenpeace.org\\\/static\\\/planet4-colombia-stateless\\\/2024\\\/04\\\/20240402-Visita-Periodistas-Diego-Salas-Credito-Martin-Katz-Greenpeace-4-2048x1366.jpg 2048w, https:\\\/\\\/www.greenpeace.org\\\/static\\\/planet4-colombia-stateless\\\/2024\\\/04\\\/20240402-Visita-Periodistas-Diego-Salas-Credito-Martin-Katz-Greenpeace-4-510x340.jpg 510w&quot;,&quot;image_sizes&quot;:false,&quot;alt_text&quot;:&quot;&quot;,&quot;caption&quot;:&quot;&quot;,&quot;focus_image&quot;:&quot;&quot;,&quot;credits&quot;:&quot;&quot;},{&quot;image_src&quot;:&quot;https:\\\/\\\/www.greenpeace.org\\\/static\\\/planet4-colombia-stateless\\\/2024\\\/04\\\/20240401-Voluntarios-en-el-Arctic-Sunrise-Credito-Martin-Katz-Greenpeace-14-scaled.jpg&quot;,&quot;image_srcset&quot;:&quot;https:\\\/\\\/www.greenpeace.org\\\/static\\\/planet4-colombia-stateless\\\/2024\\\/04\\\/20240401-Voluntarios-en-el-Arctic-Sunrise-Credito-Martin-Katz-Greenpeace-14-scaled.jpg 2560w, https:\\\/\\\/www.greenpeace.org\\\/static\\\/planet4-colombia-stateless\\\/2024\\\/04\\\/20240401-Voluntarios-en-el-Arctic-Sunrise-Credito-Martin-Katz-Greenpeace-14-300x200.jpg 300w, https:\\\/\\\/www.greenpeace.org\\\/static\\\/planet4-colombia-stateless\\\/2024\\\/04\\\/20240401-Voluntarios-en-el-Arctic-Sunrise-Credito-Martin-Katz-Greenpeace-14-1024x683.jpg 1024w, https:\\\/\\\/www.greenpeace.org\\\/static\\\/planet4-colombia-stateless\\\/2024\\\/04\\\/20240401-Voluntarios-en-el-Arctic-Sunrise-Credito-Martin-Katz-Greenpeace-14-768x512.jpg 768w, https:\\\/\\\/www.greenpeace.org\\\/static\\\/planet4-colombia-stateless\\\/2024\\\/04\\\/20240401-Voluntarios-en-el-Arctic-Sunrise-Credito-Martin-Katz-Greenpeace-14-1536x1024.jpg 1536w, https:\\\/\\\/www.greenpeace.org\\\/static\\\/planet4-colombia-stateless\\\/2024\\\/04\\\/20240401-Voluntarios-en-el-Arctic-Sunrise-Credito-Martin-Katz-Greenpeace-14-2048x1366.jpg 2048w, https:\\\/\\\/www.greenpeace.org\\\/static\\\/planet4-colombia-stateless\\\/2024\\\/04\\\/20240401-Voluntarios-en-el-Arctic-Sunrise-Credito-Martin-Katz-Greenpeace-14-510x340.jpg 510w&quot;,&quot;image_sizes&quot;:false,&quot;alt_text&quot;:&quot;&quot;,&quot;caption&quot;:&quot;&quot;,&quot;focus_image&quot;:&quot;&quot;,&quot;credits&quot;:&quot;&quot;},{&quot;image_src&quot;:&quot;https:\\\/\\\/www.greenpeace.org\\\/static\\\/planet4-colombia-stateless\\\/2024\\\/04\\\/20240401-Voluntarios-en-el-Arctic-Sunrise-Credito-Martin-Katz-Greenpeace-6-scaled.jpg&quot;,&quot;image_srcset&quot;:&quot;https:\\\/\\\/www.greenpeace.org\\\/static\\\/planet4-colombia-stateless\\\/2024\\\/04\\\/20240401-Voluntarios-en-el-Arctic-Sunrise-Credito-Martin-Katz-Greenpeace-6-scaled.jpg 2560w, https:\\\/\\\/www.greenpeace.org\\\/static\\\/planet4-colombia-stateless\\\/2024\\\/04\\\/20240401-Voluntarios-en-el-Arctic-Sunrise-Credito-Martin-Katz-Greenpeace-6-300x200.jpg 300w, https:\\\/\\\/www.greenpeace.org\\\/static\\\/planet4-colombia-stateless\\\/2024\\\/04\\\/20240401-Voluntarios-en-el-Arctic-Sunrise-Credito-Martin-Katz-Greenpeace-6-1024x683.jpg 1024w, https:\\\/\\\/www.greenpeace.org\\\/static\\\/planet4-colombia-stateless\\\/2024\\\/04\\\/20240401-Voluntarios-en-el-Arctic-Sunrise-Credito-Martin-Katz-Greenpeace-6-768x512.jpg 768w, https:\\\/\\\/www.greenpeace.org\\\/static\\\/planet4-colombia-stateless\\\/2024\\\/04\\\/20240401-Voluntarios-en-el-Arctic-Sunrise-Credito-Martin-Katz-Greenpeace-6-1536x1024.jpg 1536w, https:\\\/\\\/www.greenpeace.org\\\/static\\\/planet4-colombia-stateless\\\/2024\\\/04\\\/20240401-Voluntarios-en-el-Arctic-Sunrise-Credito-Martin-Katz-Greenpeace-6-2048x1366.jpg 2048w, https:\\\/\\\/www.greenpeace.org\\\/static\\\/planet4-colombia-stateless\\\/2024\\\/04\\\/20240401-Voluntarios-en-el-Arctic-Sunrise-Credito-Martin-Katz-Greenpeace-6-510x340.jpg 510w&quot;,&quot;image_sizes&quot;:false,&quot;alt_text&quot;:&quot;&quot;,&quot;caption&quot;:&quot;&quot;,&quot;focus_image&quot;:&quot;&quot;,&quot;credits&quot;:&quot;&quot;},{&quot;image_src&quot;:&quot;https:\\\/\\\/www.greenpeace.org\\\/static\\\/planet4-colombia-stateless\\\/2024\\\/04\\\/20240401-Voluntarios-en-el-Arctic-Sunrise-Credito-Martin-Katz-Greenpeace-13-scaled.jpg&quot;,&quot;image_srcset&quot;:&quot;https:\\\/\\\/www.greenpeace.org\\\/static\\\/planet4-colombia-stateless\\\/2024\\\/04\\\/20240401-Voluntarios-en-el-Arctic-Sunrise-Credito-Martin-Katz-Greenpeace-13-scaled.jpg 2560w, https:\\\/\\\/www.greenpeace.org\\\/static\\\/planet4-colombia-stateless\\\/2024\\\/04\\\/20240401-Voluntarios-en-el-Arctic-Sunrise-Credito-Martin-Katz-Greenpeace-13-300x200.jpg 300w, https:\\\/\\\/www.greenpeace.org\\\/static\\\/planet4-colombia-stateless\\\/2024\\\/04\\\/20240401-Voluntarios-en-el-Arctic-Sunrise-Credito-Martin-Katz-Greenpeace-13-1024x683.jpg 1024w, https:\\\/\\\/www.greenpeace.org\\\/static\\\/planet4-colombia-stateless\\\/2024\\\/04\\\/20240401-Voluntarios-en-el-Arctic-Sunrise-Credito-Martin-Katz-Greenpeace-13-768x512.jpg 768w, https:\\\/\\\/www.greenpeace.org\\\/static\\\/planet4-colombia-stateless\\\/2024\\\/04\\\/20240401-Voluntarios-en-el-Arctic-Sunrise-Credito-Martin-Katz-Greenpeace-13-1536x1024.jpg 1536w, https:\\\/\\\/www.greenpeace.org\\\/static\\\/planet4-colombia-stateless\\\/2024\\\/04\\\/20240401-Voluntarios-en-el-Arctic-Sunrise-Credito-Martin-Katz-Greenpeace-13-2048x1366.jpg 2048w, https:\\\/\\\/www.greenpeace.org\\\/static\\\/planet4-colombia-stateless\\\/2024\\\/04\\\/20240401-Voluntarios-en-el-Arctic-Sunrise-Credito-Martin-Katz-Greenpeace-13-510x340.jpg 510w&quot;,&quot;image_sizes&quot;:false,&quot;alt_text&quot;:&quot;&quot;,&quot;caption&quot;:&quot;&quot;,&quot;focus_image&quot;:&quot;&quot;,&quot;credits&quot;:&quot;&quot;},{&quot;image_src&quot;:&quot;https:\\\/\\\/www.greenpeace.org\\\/static\\\/planet4-colombia-stateless\\\/2024\\\/04\\\/20240401-Voluntarios-en-el-Arctic-Sunrise-Credito-Martin-Katz-Greenpeace-11-scaled.jpg&quot;,&quot;image_srcset&quot;:&quot;https:\\\/\\\/www.greenpeace.org\\\/static\\\/planet4-colombia-stateless\\\/2024\\\/04\\\/20240401-Voluntarios-en-el-Arctic-Sunrise-Credito-Martin-Katz-Greenpeace-11-scaled.jpg 2560w, https:\\\/\\\/www.greenpeace.org\\\/static\\\/planet4-colombia-stateless\\\/2024\\\/04\\\/20240401-Voluntarios-en-el-Arctic-Sunrise-Credito-Martin-Katz-Greenpeace-11-300x200.jpg 300w, https:\\\/\\\/www.greenpeace.org\\\/static\\\/planet4-colombia-stateless\\\/2024\\\/04\\\/20240401-Voluntarios-en-el-Arctic-Sunrise-Credito-Martin-Katz-Greenpeace-11-1024x683.jpg 1024w, https:\\\/\\\/www.greenpeace.org\\\/static\\\/planet4-colombia-stateless\\\/2024\\\/04\\\/20240401-Voluntarios-en-el-Arctic-Sunrise-Credito-Martin-Katz-Greenpeace-11-768x512.jpg 768w, https:\\\/\\\/www.greenpeace.org\\\/static\\\/planet4-colombia-stateless\\\/2024\\\/04\\\/20240401-Voluntarios-en-el-Arctic-Sunrise-Credito-Martin-Katz-Greenpeace-11-1536x1024.jpg 1536w, https:\\\/\\\/www.greenpeace.org\\\/static\\\/planet4-colombia-stateless\\\/2024\\\/04\\\/20240401-Voluntarios-en-el-Arctic-Sunrise-Credito-Martin-Katz-Greenpeace-11-2048x1366.jpg 2048w, https:\\\/\\\/www.greenpeace.org\\\/static\\\/planet4-colombia-stateless\\\/2024\\\/04\\\/20240401-Voluntarios-en-el-Arctic-Sunrise-Credito-Martin-Katz-Greenpeace-11-510x340.jpg 510w&quot;,&quot;image_sizes&quot;:false,&quot;alt_text&quot;:&quot;&quot;,&quot;caption&quot;:&quot;&quot;,&quot;focus_image&quot;:&quot;&quot;,&quot;credits&quot;:&quot;&quot;},{&quot;image_src&quot;:&quot;https:\\\/\\\/www.greenpeace.org\\\/static\\\/planet4-colombia-stateless\\\/2024\\\/04\\\/20240401-Voluntarios-en-el-Arctic-Sunrise-Credito-Martin-Katz-Greenpeace-3-scaled.jpg&quot;,&quot;image_srcset&quot;:&quot;https:\\\/\\\/www.greenpeace.org\\\/static\\\/planet4-colombia-stateless\\\/2024\\\/04\\\/20240401-Voluntarios-en-el-Arctic-Sunrise-Credito-Martin-Katz-Greenpeace-3-scaled.jpg 2560w, https:\\\/\\\/www.greenpeace.org\\\/static\\\/planet4-colombia-stateless\\\/2024\\\/04\\\/20240401-Voluntarios-en-el-Arctic-Sunrise-Credito-Martin-Katz-Greenpeace-3-300x200.jpg 300w, https:\\\/\\\/www.greenpeace.org\\\/static\\\/planet4-colombia-stateless\\\/2024\\\/04\\\/20240401-Voluntarios-en-el-Arctic-Sunrise-Credito-Martin-Katz-Greenpeace-3-1024x683.jpg 1024w, https:\\\/\\\/www.greenpeace.org\\\/static\\\/planet4-colombia-stateless\\\/2024\\\/04\\\/20240401-Voluntarios-en-el-Arctic-Sunrise-Credito-Martin-Katz-Greenpeace-3-768x512.jpg 768w, https:\\\/\\\/www.greenpeace.org\\\/static\\\/planet4-colombia-stateless\\\/2024\\\/04\\\/20240401-Voluntarios-en-el-Arctic-Sunrise-Credito-Martin-Katz-Greenpeace-3-1536x1024.jpg 1536w, https:\\\/\\\/www.greenpeace.org\\\/static\\\/planet4-colombia-stateless\\\/2024\\\/04\\\/20240401-Voluntarios-en-el-Arctic-Sunrise-Credito-Martin-Katz-Greenpeace-3-2048x1366.jpg 2048w, https:\\\/\\\/www.greenpeace.org\\\/static\\\/planet4-colombia-stateless\\\/2024\\\/04\\\/20240401-Voluntarios-en-el-Arctic-Sunrise-Credito-Martin-Katz-Greenpeace-3-510x340.jpg 510w&quot;,&quot;image_sizes&quot;:false,&quot;alt_text&quot;:&quot;&quot;,&quot;caption&quot;:&quot;&quot;,&quot;focus_image&quot;:&quot;&quot;,&quot;credits&quot;:&quot;&quot;},{&quot;image_src&quot;:&quot;https:\\\/\\\/www.greenpeace.org\\\/static\\\/planet4-colombia-stateless\\\/2024\\\/04\\\/20240402-Vida-a-Bordo-Credito-Diana-Rey-Melo-Greenpeace-4-scaled.jpg&quot;,&quot;image_srcset&quot;:&quot;https:\\\/\\\/www.greenpeace.org\\\/static\\\/planet4-colombia-stateless\\\/2024\\\/04\\\/20240402-Vida-a-Bordo-Credito-Diana-Rey-Melo-Greenpeace-4-scaled.jpg 2560w, https:\\\/\\\/www.greenpeace.org\\\/static\\\/planet4-colombia-stateless\\\/2024\\\/04\\\/20240402-Vida-a-Bordo-Credito-Diana-Rey-Melo-Greenpeace-4-300x200.jpg 300w, https:\\\/\\\/www.greenpeace.org\\\/static\\\/planet4-colombia-stateless\\\/2024\\\/04\\\/20240402-Vida-a-Bordo-Credito-Diana-Rey-Melo-Greenpeace-4-1024x683.jpg 1024w, https:\\\/\\\/www.greenpeace.org\\\/static\\\/planet4-colombia-stateless\\\/2024\\\/04\\\/20240402-Vida-a-Bordo-Credito-Diana-Rey-Melo-Greenpeace-4-768x512.jpg 768w, https:\\\/\\\/www.greenpeace.org\\\/static\\\/planet4-colombia-stateless\\\/2024\\\/04\\\/20240402-Vida-a-Bordo-Credito-Diana-Rey-Melo-Greenpeace-4-1536x1024.jpg 1536w, https:\\\/\\\/www.greenpeace.org\\\/static\\\/planet4-colombia-stateless\\\/2024\\\/04\\\/20240402-Vida-a-Bordo-Credito-Diana-Rey-Melo-Greenpeace-4-2048x1366.jpg 2048w, https:\\\/\\\/www.greenpeace.org\\\/static\\\/planet4-colombia-stateless\\\/2024\\\/04\\\/20240402-Vida-a-Bordo-Credito-Diana-Rey-Melo-Greenpeace-4-510x340.jpg 510w&quot;,&quot;image_sizes&quot;:false,&quot;alt_text&quot;:&quot;&quot;,&quot;caption&quot;:&quot;Expedicion Salvar el Pacifico Colombiano, barco Arctic Sunrise Greenpeace Foto Diana Rey Melo&quot;,&quot;focus_image&quot;:&quot;&quot;,&quot;credits&quot;:&quot;&quot;},{&quot;image_src&quot;:&quot;https:\\\/\\\/www.greenpeace.org\\\/static\\\/planet4-colombia-stateless\\\/2024\\\/04\\\/20240403-Vida-a-Bordo-Credito-Diana-Rey-Melo-Greenpeace-3-scaled.jpg&quot;,&quot;image_srcset&quot;:&quot;https:\\\/\\\/www.greenpeace.org\\\/static\\\/planet4-colombia-stateless\\\/2024\\\/04\\\/20240403-Vida-a-Bordo-Credito-Diana-Rey-Melo-Greenpeace-3-scaled.jpg 2560w, https:\\\/\\\/www.greenpeace.org\\\/static\\\/planet4-colombia-stateless\\\/2024\\\/04\\\/20240403-Vida-a-Bordo-Credito-Diana-Rey-Melo-Greenpeace-3-300x200.jpg 300w, https:\\\/\\\/www.greenpeace.org\\\/static\\\/planet4-colombia-stateless\\\/2024\\\/04\\\/20240403-Vida-a-Bordo-Credito-Diana-Rey-Melo-Greenpeace-3-1024x683.jpg 1024w, https:\\\/\\\/www.greenpeace.org\\\/static\\\/planet4-colombia-stateless\\\/2024\\\/04\\\/20240403-Vida-a-Bordo-Credito-Diana-Rey-Melo-Greenpeace-3-768x512.jpg 768w, https:\\\/\\\/www.greenpeace.org\\\/static\\\/planet4-colombia-stateless\\\/2024\\\/04\\\/20240403-Vida-a-Bordo-Credito-Diana-Rey-Melo-Greenpeace-3-1536x1024.jpg 1536w, https:\\\/\\\/www.greenpeace.org\\\/static\\\/planet4-colombia-stateless\\\/2024\\\/04\\\/20240403-Vida-a-Bordo-Credito-Diana-Rey-Melo-Greenpeace-3-2048x1366.jpg 2048w, https:\\\/\\\/www.greenpeace.org\\\/static\\\/planet4-colombia-stateless\\\/2024\\\/04\\\/20240403-Vida-a-Bordo-Credito-Diana-Rey-Melo-Greenpeace-3-510x340.jpg 510w&quot;,&quot;image_sizes&quot;:false,&quot;alt_text&quot;:&quot;&quot;,&quot;caption&quot;:&quot;&quot;,&quot;focus_image&quot;:&quot;&quot;,&quot;credits&quot;:&quot;&quot;}]}}\"><section class=\"block gallery-grid is-style-grid\"><p class=\"page-section-description\">Cr\u00e9ditos: \u00a9\u00a0 Martin Katz \/ Greenpeace  y  \u00a9\u00a0Diana Rey Melo \/ Greenpeace<\/p><\/section><\/div>\n\n\n<p><strong>3\/4<\/strong> <\/p>\n\n\n\n<p>En esta expedici\u00f3n del Arctic Sunrise <strong>nos acompa\u00f1a <a href=\"https:\/\/www.instagram.com\/sofigomezu\/\">@sofigomezu<\/a><\/strong>, una apne\u00edsta colombiana incre\u00edble \ud83d\udc9a\u2063\ud83e\udd29\u2063 <\/p>\n\n\n\n<figure class=\"wp-block-image size-large\"><img loading=\"lazy\" decoding=\"async\" width=\"1024\" height=\"683\" src=\"https:\/\/www.greenpeace.org\/static\/planet4-colombia-stateless\/2024\/04\/20240403-Sofia-Gomez-Credito-Diana-Rey-Melo-Greenpeace-34-1024x683.jpg\" alt=\"\" class=\"wp-image-11933\" srcset=\"https:\/\/www.greenpeace.org\/static\/planet4-colombia-stateless\/2024\/04\/20240403-Sofia-Gomez-Credito-Diana-Rey-Melo-Greenpeace-34-1024x683.jpg 1024w, https:\/\/www.greenpeace.org\/static\/planet4-colombia-stateless\/2024\/04\/20240403-Sofia-Gomez-Credito-Diana-Rey-Melo-Greenpeace-34-300x200.jpg 300w, https:\/\/www.greenpeace.org\/static\/planet4-colombia-stateless\/2024\/04\/20240403-Sofia-Gomez-Credito-Diana-Rey-Melo-Greenpeace-34-768x512.jpg 768w, https:\/\/www.greenpeace.org\/static\/planet4-colombia-stateless\/2024\/04\/20240403-Sofia-Gomez-Credito-Diana-Rey-Melo-Greenpeace-34-1536x1024.jpg 1536w, https:\/\/www.greenpeace.org\/static\/planet4-colombia-stateless\/2024\/04\/20240403-Sofia-Gomez-Credito-Diana-Rey-Melo-Greenpeace-34-2048x1366.jpg 2048w, https:\/\/www.greenpeace.org\/static\/planet4-colombia-stateless\/2024\/04\/20240403-Sofia-Gomez-Credito-Diana-Rey-Melo-Greenpeace-34-510x340.jpg 510w\" sizes=\"auto, (max-width: 1024px) 100vw, 1024px\" \/><figcaption class=\"wp-element-caption\">Sof\u00eda en la cubierta del Arctic Sunrise  \u00a9&nbsp;Diana Rey Melo \/ Greenpeace<\/figcaption><\/figure>\n\n\n\n<p>Mira como se prepara para esta aventura:<\/p>\n\n\n\n<blockquote class=\"instagram-media\" data-instgrm-captioned data-instgrm-permalink=\"https:\/\/www.instagram.com\/reel\/C5R26tWtQ77\/?utm_source=ig_embed&amp;utm_campaign=loading\" data-instgrm-version=\"14\" style=\" background:#FFF; border:0; border-radius:3px; box-shadow:0 0 1px 0 rgba(0,0,0,0.5),0 1px 10px 0 rgba(0,0,0,0.15); margin: 1px; max-width:540px; min-width:326px; padding:0; width:99.375%; width:-webkit-calc(100% - 2px); width:calc(100% - 2px);\"><div style=\"padding:16px;\"> <a href=\"https:\/\/www.instagram.com\/reel\/C5R26tWtQ77\/?utm_source=ig_embed&amp;utm_campaign=loading\" style=\" background:#FFFFFF; line-height:0; padding:0 0; text-align:center; text-decoration:none; width:100%;\" target=\"_blank\" rel=\"noopener\"> <div style=\" display: flex; flex-direction: row; align-items: center;\"> <div style=\"background-color: #F4F4F4; border-radius: 50%; flex-grow: 0; height: 40px; margin-right: 14px; width: 40px;\"><\/div> <div style=\"display: flex; flex-direction: column; flex-grow: 1; justify-content: center;\"> <div style=\" background-color: #F4F4F4; border-radius: 4px; flex-grow: 0; height: 14px; margin-bottom: 6px; width: 100px;\"><\/div> <div style=\" background-color: #F4F4F4; border-radius: 4px; flex-grow: 0; height: 14px; width: 60px;\"><\/div><\/div><\/div><div style=\"padding: 19% 0;\"><\/div> <div style=\"display:block; height:50px; margin:0 auto 12px; width:50px;\"><svg width=\"50px\" height=\"50px\" viewBox=\"0 0 60 60\" version=\"1.1\" xmlns=\"https:\/\/www.w3.org\/2000\/svg\" xmlns:xlink=\"https:\/\/www.w3.org\/1999\/xlink\"><g stroke=\"none\" stroke-width=\"1\" fill=\"none\" fill-rule=\"evenodd\"><g transform=\"translate(-511.000000, -20.000000)\" fill=\"#000000\"><g><path d=\"M556.869,30.41 C554.814,30.41 553.148,32.076 553.148,34.131 C553.148,36.186 554.814,37.852 556.869,37.852 C558.924,37.852 560.59,36.186 560.59,34.131 C560.59,32.076 558.924,30.41 556.869,30.41 M541,60.657 C535.114,60.657 530.342,55.887 530.342,50 C530.342,44.114 535.114,39.342 541,39.342 C546.887,39.342 551.658,44.114 551.658,50 C551.658,55.887 546.887,60.657 541,60.657 M541,33.886 C532.1,33.886 524.886,41.1 524.886,50 C524.886,58.899 532.1,66.113 541,66.113 C549.9,66.113 557.115,58.899 557.115,50 C557.115,41.1 549.9,33.886 541,33.886 M565.378,62.101 C565.244,65.022 564.756,66.606 564.346,67.663 C563.803,69.06 563.154,70.057 562.106,71.106 C561.058,72.155 560.06,72.803 558.662,73.347 C557.607,73.757 556.021,74.244 553.102,74.378 C549.944,74.521 548.997,74.552 541,74.552 C533.003,74.552 532.056,74.521 528.898,74.378 C525.979,74.244 524.393,73.757 523.338,73.347 C521.94,72.803 520.942,72.155 519.894,71.106 C518.846,70.057 518.197,69.06 517.654,67.663 C517.244,66.606 516.755,65.022 516.623,62.101 C516.479,58.943 516.448,57.996 516.448,50 C516.448,42.003 516.479,41.056 516.623,37.899 C516.755,34.978 517.244,33.391 517.654,32.338 C518.197,30.938 518.846,29.942 519.894,28.894 C520.942,27.846 521.94,27.196 523.338,26.654 C524.393,26.244 525.979,25.756 528.898,25.623 C532.057,25.479 533.004,25.448 541,25.448 C548.997,25.448 549.943,25.479 553.102,25.623 C556.021,25.756 557.607,26.244 558.662,26.654 C560.06,27.196 561.058,27.846 562.106,28.894 C563.154,29.942 563.803,30.938 564.346,32.338 C564.756,33.391 565.244,34.978 565.378,37.899 C565.522,41.056 565.552,42.003 565.552,50 C565.552,57.996 565.522,58.943 565.378,62.101 M570.82,37.631 C570.674,34.438 570.167,32.258 569.425,30.349 C568.659,28.377 567.633,26.702 565.965,25.035 C564.297,23.368 562.623,22.342 560.652,21.575 C558.743,20.834 556.562,20.326 553.369,20.18 C550.169,20.033 549.148,20 541,20 C532.853,20 531.831,20.033 528.631,20.18 C525.438,20.326 523.257,20.834 521.349,21.575 C519.376,22.342 517.703,23.368 516.035,25.035 C514.368,26.702 513.342,28.377 512.574,30.349 C511.834,32.258 511.326,34.438 511.181,37.631 C511.035,40.831 511,41.851 511,50 C511,58.147 511.035,59.17 511.181,62.369 C511.326,65.562 511.834,67.743 512.574,69.651 C513.342,71.625 514.368,73.296 516.035,74.965 C517.703,76.634 519.376,77.658 521.349,78.425 C523.257,79.167 525.438,79.673 528.631,79.82 C531.831,79.965 532.853,80.001 541,80.001 C549.148,80.001 550.169,79.965 553.369,79.82 C556.562,79.673 558.743,79.167 560.652,78.425 C562.623,77.658 564.297,76.634 565.965,74.965 C567.633,73.296 568.659,71.625 569.425,69.651 C570.167,67.743 570.674,65.562 570.82,62.369 C570.966,59.17 571,58.147 571,50 C571,41.851 570.966,40.831 570.82,37.631\"><\/path><\/g><\/g><\/g><\/svg><\/div><div style=\"padding-top: 8px;\"> <div style=\" color:#3897f0; font-family:Arial,sans-serif; font-size:14px; font-style:normal; font-weight:550; line-height:18px;\">Ver esta publicaci\u00f3n en Instagram<\/div><\/div><div style=\"padding: 12.5% 0;\"><\/div> <div style=\"display: flex; flex-direction: row; margin-bottom: 14px; align-items: center;\"><div> <div style=\"background-color: #F4F4F4; border-radius: 50%; height: 12.5px; width: 12.5px; transform: translateX(0px) translateY(7px);\"><\/div> <div style=\"background-color: #F4F4F4; height: 12.5px; transform: rotate(-45deg) translateX(3px) translateY(1px); width: 12.5px; flex-grow: 0; margin-right: 14px; margin-left: 2px;\"><\/div> <div style=\"background-color: #F4F4F4; border-radius: 50%; height: 12.5px; width: 12.5px; transform: translateX(9px) translateY(-18px);\"><\/div><\/div><div style=\"margin-left: 8px;\"> <div style=\" background-color: #F4F4F4; border-radius: 50%; flex-grow: 0; height: 20px; width: 20px;\"><\/div> <div style=\" width: 0; height: 0; border-top: 2px solid transparent; border-left: 6px solid #f4f4f4; border-bottom: 2px solid transparent; transform: translateX(16px) translateY(-4px) rotate(30deg)\"><\/div><\/div><div style=\"margin-left: auto;\"> <div style=\" width: 0px; border-top: 8px solid #F4F4F4; border-right: 8px solid transparent; transform: translateY(16px);\"><\/div> <div style=\" background-color: #F4F4F4; flex-grow: 0; height: 12px; width: 16px; transform: translateY(-4px);\"><\/div> <div style=\" width: 0; height: 0; border-top: 8px solid #F4F4F4; border-left: 8px solid transparent; transform: translateY(-4px) translateX(8px);\"><\/div><\/div><\/div> <div style=\"display: flex; flex-direction: column; flex-grow: 1; justify-content: center; margin-bottom: 24px;\"> <div style=\" background-color: #F4F4F4; border-radius: 4px; flex-grow: 0; height: 14px; margin-bottom: 6px; width: 224px;\"><\/div> <div style=\" background-color: #F4F4F4; border-radius: 4px; flex-grow: 0; height: 14px; width: 144px;\"><\/div><\/div><\/a><p style=\" color:#c9c8cd; font-family:Arial,sans-serif; font-size:14px; line-height:17px; margin-bottom:0; margin-top:8px; overflow:hidden; padding:8px 0 7px; text-align:center; text-overflow:ellipsis; white-space:nowrap;\"><a href=\"https:\/\/www.instagram.com\/reel\/C5R26tWtQ77\/?utm_source=ig_embed&amp;utm_campaign=loading\" style=\" color:#c9c8cd; font-family:Arial,sans-serif; font-size:14px; font-style:normal; font-weight:normal; line-height:17px; text-decoration:none;\" target=\"_blank\" rel=\"noopener\">Una publicaci\u00f3n compartida de Greenpeace Colombia (@greenpeacecolombia)<\/a><\/p><\/div><\/blockquote>\n<script async src=\"\/\/www.instagram.com\/embed.js\"><\/script>\n\n\n\n<div class=\"wp-block-media-text is-stacked-on-mobile\"><figure class=\"wp-block-media-text__media\"><video controls src=\"https:\/\/www.greenpeace.org\/static\/planet4-colombia-stateless\/2024\/04\/f0a79c44-whatsapp-video-2024-04-04-at-6.46.54-pm.mp4\"><\/video><\/figure><div class=\"wp-block-media-text__content\">\n<p>PLAY!! Escucha el testimonio de Sof\u00eda a bordo del Arctic Sunrise<\/p>\n<\/div><\/div>\n\n\n<div data-hydrate=\"planet4-blocks\/gallery\" data-attributes=\"{&quot;attributes&quot;:{&quot;gallery_block_description&quot;:&quot;Cr\\u00e9ditos:  \\u00a9\\u00a0Diana Rey Melo \\\/ Greenpeace&quot;,&quot;multiple_image&quot;:&quot;11960,11958,11957,11956,11955,11893&quot;,&quot;image_data&quot;:[{&quot;url&quot;:&quot;https:\\\/\\\/www.greenpeace.org\\\/static\\\/planet4-colombia-stateless\\\/2024\\\/04\\\/20240403-Vida-a-Bordo-Credito-Diana-Rey-Melo-Greenpeace-13-scaled.jpg&quot;,&quot;focalPoint&quot;:{&quot;x&quot;:0.5,&quot;y&quot;:0.5},&quot;id&quot;:11960},{&quot;url&quot;:&quot;https:\\\/\\\/www.greenpeace.org\\\/static\\\/planet4-colombia-stateless\\\/2024\\\/04\\\/20240403-Vida-a-Bordo-Credito-Diana-Rey-Melo-Greenpeace-9-scaled.jpg&quot;,&quot;focalPoint&quot;:{&quot;x&quot;:0.5,&quot;y&quot;:0.5},&quot;id&quot;:11958},{&quot;url&quot;:&quot;https:\\\/\\\/www.greenpeace.org\\\/static\\\/planet4-colombia-stateless\\\/2024\\\/04\\\/20240403-Vida-a-Bordo-Credito-Diana-Rey-Melo-Greenpeace-8-scaled.jpg&quot;,&quot;focalPoint&quot;:{&quot;x&quot;:0.5,&quot;y&quot;:0.5},&quot;id&quot;:11957},{&quot;url&quot;:&quot;https:\\\/\\\/www.greenpeace.org\\\/static\\\/planet4-colombia-stateless\\\/2024\\\/04\\\/20240403-Vida-a-Bordo-Credito-Diana-Rey-Melo-Greenpeace-7-scaled.jpg&quot;,&quot;focalPoint&quot;:{&quot;x&quot;:0.5,&quot;y&quot;:0.5},&quot;id&quot;:11956},{&quot;url&quot;:&quot;https:\\\/\\\/www.greenpeace.org\\\/static\\\/planet4-colombia-stateless\\\/2024\\\/04\\\/20240403-Vida-a-Bordo-Credito-Diana-Rey-Melo-Greenpeace-3-scaled.jpg&quot;,&quot;focalPoint&quot;:{&quot;x&quot;:0.5,&quot;y&quot;:0.5},&quot;id&quot;:11955},{&quot;url&quot;:&quot;https:\\\/\\\/www.greenpeace.org\\\/static\\\/planet4-colombia-stateless\\\/2024\\\/04\\\/016774a9-gpco-sofia-gomez-credito-diana-rey-melo-greenpeace-1-scaled.jpg&quot;,&quot;focalPoint&quot;:{&quot;x&quot;:0.5,&quot;y&quot;:0.5},&quot;id&quot;:11893}],&quot;className&quot;:&quot;is-style-grid&quot;,&quot;gallery_block_style&quot;:0,&quot;gallery_block_title&quot;:&quot;&quot;,&quot;gallery_block_focus_points&quot;:&quot;&quot;,&quot;images&quot;:[{&quot;image_src&quot;:&quot;https:\\\/\\\/www.greenpeace.org\\\/static\\\/planet4-colombia-stateless\\\/2024\\\/04\\\/20240403-Vida-a-Bordo-Credito-Diana-Rey-Melo-Greenpeace-13-scaled.jpg&quot;,&quot;image_srcset&quot;:&quot;https:\\\/\\\/www.greenpeace.org\\\/static\\\/planet4-colombia-stateless\\\/2024\\\/04\\\/20240403-Vida-a-Bordo-Credito-Diana-Rey-Melo-Greenpeace-13-scaled.jpg 2560w, https:\\\/\\\/www.greenpeace.org\\\/static\\\/planet4-colombia-stateless\\\/2024\\\/04\\\/20240403-Vida-a-Bordo-Credito-Diana-Rey-Melo-Greenpeace-13-300x200.jpg 300w, https:\\\/\\\/www.greenpeace.org\\\/static\\\/planet4-colombia-stateless\\\/2024\\\/04\\\/20240403-Vida-a-Bordo-Credito-Diana-Rey-Melo-Greenpeace-13-1024x683.jpg 1024w, https:\\\/\\\/www.greenpeace.org\\\/static\\\/planet4-colombia-stateless\\\/2024\\\/04\\\/20240403-Vida-a-Bordo-Credito-Diana-Rey-Melo-Greenpeace-13-768x512.jpg 768w, https:\\\/\\\/www.greenpeace.org\\\/static\\\/planet4-colombia-stateless\\\/2024\\\/04\\\/20240403-Vida-a-Bordo-Credito-Diana-Rey-Melo-Greenpeace-13-1536x1024.jpg 1536w, https:\\\/\\\/www.greenpeace.org\\\/static\\\/planet4-colombia-stateless\\\/2024\\\/04\\\/20240403-Vida-a-Bordo-Credito-Diana-Rey-Melo-Greenpeace-13-2048x1366.jpg 2048w, https:\\\/\\\/www.greenpeace.org\\\/static\\\/planet4-colombia-stateless\\\/2024\\\/04\\\/20240403-Vida-a-Bordo-Credito-Diana-Rey-Melo-Greenpeace-13-510x340.jpg 510w&quot;,&quot;image_sizes&quot;:false,&quot;alt_text&quot;:&quot;&quot;,&quot;caption&quot;:&quot;Expedicion Salvar el Pacifico Colombiano, barco Arctic Sunrise Greenpeace Foto Diana Rey Melo&quot;,&quot;focus_image&quot;:&quot;&quot;,&quot;credits&quot;:&quot;&quot;},{&quot;image_src&quot;:&quot;https:\\\/\\\/www.greenpeace.org\\\/static\\\/planet4-colombia-stateless\\\/2024\\\/04\\\/20240403-Vida-a-Bordo-Credito-Diana-Rey-Melo-Greenpeace-9-scaled.jpg&quot;,&quot;image_srcset&quot;:&quot;https:\\\/\\\/www.greenpeace.org\\\/static\\\/planet4-colombia-stateless\\\/2024\\\/04\\\/20240403-Vida-a-Bordo-Credito-Diana-Rey-Melo-Greenpeace-9-scaled.jpg 2560w, https:\\\/\\\/www.greenpeace.org\\\/static\\\/planet4-colombia-stateless\\\/2024\\\/04\\\/20240403-Vida-a-Bordo-Credito-Diana-Rey-Melo-Greenpeace-9-300x200.jpg 300w, https:\\\/\\\/www.greenpeace.org\\\/static\\\/planet4-colombia-stateless\\\/2024\\\/04\\\/20240403-Vida-a-Bordo-Credito-Diana-Rey-Melo-Greenpeace-9-1024x683.jpg 1024w, https:\\\/\\\/www.greenpeace.org\\\/static\\\/planet4-colombia-stateless\\\/2024\\\/04\\\/20240403-Vida-a-Bordo-Credito-Diana-Rey-Melo-Greenpeace-9-768x512.jpg 768w, https:\\\/\\\/www.greenpeace.org\\\/static\\\/planet4-colombia-stateless\\\/2024\\\/04\\\/20240403-Vida-a-Bordo-Credito-Diana-Rey-Melo-Greenpeace-9-1536x1024.jpg 1536w, https:\\\/\\\/www.greenpeace.org\\\/static\\\/planet4-colombia-stateless\\\/2024\\\/04\\\/20240403-Vida-a-Bordo-Credito-Diana-Rey-Melo-Greenpeace-9-2048x1366.jpg 2048w, https:\\\/\\\/www.greenpeace.org\\\/static\\\/planet4-colombia-stateless\\\/2024\\\/04\\\/20240403-Vida-a-Bordo-Credito-Diana-Rey-Melo-Greenpeace-9-510x340.jpg 510w&quot;,&quot;image_sizes&quot;:false,&quot;alt_text&quot;:&quot;&quot;,&quot;caption&quot;:&quot;&quot;,&quot;focus_image&quot;:&quot;&quot;,&quot;credits&quot;:&quot;&quot;},{&quot;image_src&quot;:&quot;https:\\\/\\\/www.greenpeace.org\\\/static\\\/planet4-colombia-stateless\\\/2024\\\/04\\\/20240403-Vida-a-Bordo-Credito-Diana-Rey-Melo-Greenpeace-8-scaled.jpg&quot;,&quot;image_srcset&quot;:&quot;https:\\\/\\\/www.greenpeace.org\\\/static\\\/planet4-colombia-stateless\\\/2024\\\/04\\\/20240403-Vida-a-Bordo-Credito-Diana-Rey-Melo-Greenpeace-8-scaled.jpg 2560w, https:\\\/\\\/www.greenpeace.org\\\/static\\\/planet4-colombia-stateless\\\/2024\\\/04\\\/20240403-Vida-a-Bordo-Credito-Diana-Rey-Melo-Greenpeace-8-300x200.jpg 300w, https:\\\/\\\/www.greenpeace.org\\\/static\\\/planet4-colombia-stateless\\\/2024\\\/04\\\/20240403-Vida-a-Bordo-Credito-Diana-Rey-Melo-Greenpeace-8-1024x683.jpg 1024w, https:\\\/\\\/www.greenpeace.org\\\/static\\\/planet4-colombia-stateless\\\/2024\\\/04\\\/20240403-Vida-a-Bordo-Credito-Diana-Rey-Melo-Greenpeace-8-768x512.jpg 768w, https:\\\/\\\/www.greenpeace.org\\\/static\\\/planet4-colombia-stateless\\\/2024\\\/04\\\/20240403-Vida-a-Bordo-Credito-Diana-Rey-Melo-Greenpeace-8-1536x1024.jpg 1536w, https:\\\/\\\/www.greenpeace.org\\\/static\\\/planet4-colombia-stateless\\\/2024\\\/04\\\/20240403-Vida-a-Bordo-Credito-Diana-Rey-Melo-Greenpeace-8-2048x1366.jpg 2048w, https:\\\/\\\/www.greenpeace.org\\\/static\\\/planet4-colombia-stateless\\\/2024\\\/04\\\/20240403-Vida-a-Bordo-Credito-Diana-Rey-Melo-Greenpeace-8-510x340.jpg 510w&quot;,&quot;image_sizes&quot;:false,&quot;alt_text&quot;:&quot;&quot;,&quot;caption&quot;:&quot;&quot;,&quot;focus_image&quot;:&quot;&quot;,&quot;credits&quot;:&quot;&quot;},{&quot;image_src&quot;:&quot;https:\\\/\\\/www.greenpeace.org\\\/static\\\/planet4-colombia-stateless\\\/2024\\\/04\\\/20240403-Vida-a-Bordo-Credito-Diana-Rey-Melo-Greenpeace-7-scaled.jpg&quot;,&quot;image_srcset&quot;:&quot;https:\\\/\\\/www.greenpeace.org\\\/static\\\/planet4-colombia-stateless\\\/2024\\\/04\\\/20240403-Vida-a-Bordo-Credito-Diana-Rey-Melo-Greenpeace-7-scaled.jpg 2560w, https:\\\/\\\/www.greenpeace.org\\\/static\\\/planet4-colombia-stateless\\\/2024\\\/04\\\/20240403-Vida-a-Bordo-Credito-Diana-Rey-Melo-Greenpeace-7-300x200.jpg 300w, https:\\\/\\\/www.greenpeace.org\\\/static\\\/planet4-colombia-stateless\\\/2024\\\/04\\\/20240403-Vida-a-Bordo-Credito-Diana-Rey-Melo-Greenpeace-7-1024x683.jpg 1024w, https:\\\/\\\/www.greenpeace.org\\\/static\\\/planet4-colombia-stateless\\\/2024\\\/04\\\/20240403-Vida-a-Bordo-Credito-Diana-Rey-Melo-Greenpeace-7-768x512.jpg 768w, https:\\\/\\\/www.greenpeace.org\\\/static\\\/planet4-colombia-stateless\\\/2024\\\/04\\\/20240403-Vida-a-Bordo-Credito-Diana-Rey-Melo-Greenpeace-7-1536x1024.jpg 1536w, https:\\\/\\\/www.greenpeace.org\\\/static\\\/planet4-colombia-stateless\\\/2024\\\/04\\\/20240403-Vida-a-Bordo-Credito-Diana-Rey-Melo-Greenpeace-7-2048x1366.jpg 2048w, https:\\\/\\\/www.greenpeace.org\\\/static\\\/planet4-colombia-stateless\\\/2024\\\/04\\\/20240403-Vida-a-Bordo-Credito-Diana-Rey-Melo-Greenpeace-7-510x340.jpg 510w&quot;,&quot;image_sizes&quot;:false,&quot;alt_text&quot;:&quot;&quot;,&quot;caption&quot;:&quot;Expedicion Salvar el Pacifico Colombiano, barco Arctic Sunrise Greenpeace Foto Diana Rey Melo&quot;,&quot;focus_image&quot;:&quot;&quot;,&quot;credits&quot;:&quot;&quot;},{&quot;image_src&quot;:&quot;https:\\\/\\\/www.greenpeace.org\\\/static\\\/planet4-colombia-stateless\\\/2024\\\/04\\\/20240403-Vida-a-Bordo-Credito-Diana-Rey-Melo-Greenpeace-3-scaled.jpg&quot;,&quot;image_srcset&quot;:&quot;https:\\\/\\\/www.greenpeace.org\\\/static\\\/planet4-colombia-stateless\\\/2024\\\/04\\\/20240403-Vida-a-Bordo-Credito-Diana-Rey-Melo-Greenpeace-3-scaled.jpg 2560w, https:\\\/\\\/www.greenpeace.org\\\/static\\\/planet4-colombia-stateless\\\/2024\\\/04\\\/20240403-Vida-a-Bordo-Credito-Diana-Rey-Melo-Greenpeace-3-300x200.jpg 300w, https:\\\/\\\/www.greenpeace.org\\\/static\\\/planet4-colombia-stateless\\\/2024\\\/04\\\/20240403-Vida-a-Bordo-Credito-Diana-Rey-Melo-Greenpeace-3-1024x683.jpg 1024w, https:\\\/\\\/www.greenpeace.org\\\/static\\\/planet4-colombia-stateless\\\/2024\\\/04\\\/20240403-Vida-a-Bordo-Credito-Diana-Rey-Melo-Greenpeace-3-768x512.jpg 768w, https:\\\/\\\/www.greenpeace.org\\\/static\\\/planet4-colombia-stateless\\\/2024\\\/04\\\/20240403-Vida-a-Bordo-Credito-Diana-Rey-Melo-Greenpeace-3-1536x1024.jpg 1536w, https:\\\/\\\/www.greenpeace.org\\\/static\\\/planet4-colombia-stateless\\\/2024\\\/04\\\/20240403-Vida-a-Bordo-Credito-Diana-Rey-Melo-Greenpeace-3-2048x1366.jpg 2048w, https:\\\/\\\/www.greenpeace.org\\\/static\\\/planet4-colombia-stateless\\\/2024\\\/04\\\/20240403-Vida-a-Bordo-Credito-Diana-Rey-Melo-Greenpeace-3-510x340.jpg 510w&quot;,&quot;image_sizes&quot;:false,&quot;alt_text&quot;:&quot;&quot;,&quot;caption&quot;:&quot;&quot;,&quot;focus_image&quot;:&quot;&quot;,&quot;credits&quot;:&quot;&quot;},{&quot;image_src&quot;:&quot;https:\\\/\\\/www.greenpeace.org\\\/static\\\/planet4-colombia-stateless\\\/2024\\\/04\\\/016774a9-gpco-sofia-gomez-credito-diana-rey-melo-greenpeace-1-scaled.jpg&quot;,&quot;image_srcset&quot;:&quot;https:\\\/\\\/www.greenpeace.org\\\/static\\\/planet4-colombia-stateless\\\/2024\\\/04\\\/016774a9-gpco-sofia-gomez-credito-diana-rey-melo-greenpeace-1-scaled.jpg 2560w, https:\\\/\\\/www.greenpeace.org\\\/static\\\/planet4-colombia-stateless\\\/2024\\\/04\\\/016774a9-gpco-sofia-gomez-credito-diana-rey-melo-greenpeace-1-300x200.jpg 300w, https:\\\/\\\/www.greenpeace.org\\\/static\\\/planet4-colombia-stateless\\\/2024\\\/04\\\/016774a9-gpco-sofia-gomez-credito-diana-rey-melo-greenpeace-1-1024x683.jpg 1024w, https:\\\/\\\/www.greenpeace.org\\\/static\\\/planet4-colombia-stateless\\\/2024\\\/04\\\/016774a9-gpco-sofia-gomez-credito-diana-rey-melo-greenpeace-1-768x512.jpg 768w, https:\\\/\\\/www.greenpeace.org\\\/static\\\/planet4-colombia-stateless\\\/2024\\\/04\\\/016774a9-gpco-sofia-gomez-credito-diana-rey-melo-greenpeace-1-1536x1024.jpg 1536w, https:\\\/\\\/www.greenpeace.org\\\/static\\\/planet4-colombia-stateless\\\/2024\\\/04\\\/016774a9-gpco-sofia-gomez-credito-diana-rey-melo-greenpeace-1-2048x1366.jpg 2048w, https:\\\/\\\/www.greenpeace.org\\\/static\\\/planet4-colombia-stateless\\\/2024\\\/04\\\/016774a9-gpco-sofia-gomez-credito-diana-rey-melo-greenpeace-1-510x340.jpg 510w&quot;,&quot;image_sizes&quot;:false,&quot;alt_text&quot;:&quot;&quot;,&quot;caption&quot;:&quot;&quot;,&quot;focus_image&quot;:&quot;&quot;,&quot;credits&quot;:&quot;&quot;}]}}\"><section class=\"block gallery-grid is-style-grid\"><p class=\"page-section-description\">Cr\u00e9ditos:  \u00a9\u00a0Diana Rey Melo \/ Greenpeace<\/p><\/section><\/div>\n\n\n<p><strong>4\/4 <\/strong> Rumbo a Malpelo, hemos realizado varias labores de limpieza en el Pac\u00edfico. \ud83e\udee0 Nos hemos encontrado con grandes cantidades de pl\u00e1stico, redes se pesca abandonadas, m\u00faltiples recipientes de gasolina. \u2764\ufe0f\u200d\ud83e\ude79 \ud83c\udf0a<\/p>\n\n\n\n<blockquote class=\"instagram-media\" data-instgrm-captioned data-instgrm-permalink=\"https:\/\/www.instagram.com\/reel\/C5V8lDXrnS_\/?utm_source=ig_embed&amp;utm_campaign=loading\" data-instgrm-version=\"14\" style=\" background:#FFF; border:0; border-radius:3px; box-shadow:0 0 1px 0 rgba(0,0,0,0.5),0 1px 10px 0 rgba(0,0,0,0.15); margin: 1px; max-width:540px; min-width:326px; padding:0; width:99.375%; width:-webkit-calc(100% - 2px); width:calc(100% - 2px);\"><div style=\"padding:16px;\"> <a href=\"https:\/\/www.instagram.com\/reel\/C5V8lDXrnS_\/?utm_source=ig_embed&amp;utm_campaign=loading\" style=\" background:#FFFFFF; line-height:0; padding:0 0; text-align:center; text-decoration:none; width:100%;\" target=\"_blank\" rel=\"noopener\"> <div style=\" display: flex; flex-direction: row; align-items: center;\"> <div style=\"background-color: #F4F4F4; border-radius: 50%; flex-grow: 0; height: 40px; margin-right: 14px; width: 40px;\"><\/div> <div style=\"display: flex; flex-direction: column; flex-grow: 1; justify-content: center;\"> <div style=\" background-color: #F4F4F4; border-radius: 4px; flex-grow: 0; height: 14px; margin-bottom: 6px; width: 100px;\"><\/div> <div style=\" background-color: #F4F4F4; border-radius: 4px; flex-grow: 0; height: 14px; width: 60px;\"><\/div><\/div><\/div><div style=\"padding: 19% 0;\"><\/div> <div style=\"display:block; height:50px; margin:0 auto 12px; width:50px;\"><svg width=\"50px\" height=\"50px\" viewBox=\"0 0 60 60\" version=\"1.1\" xmlns=\"https:\/\/www.w3.org\/2000\/svg\" xmlns:xlink=\"https:\/\/www.w3.org\/1999\/xlink\"><g stroke=\"none\" stroke-width=\"1\" fill=\"none\" fill-rule=\"evenodd\"><g transform=\"translate(-511.000000, -20.000000)\" fill=\"#000000\"><g><path d=\"M556.869,30.41 C554.814,30.41 553.148,32.076 553.148,34.131 C553.148,36.186 554.814,37.852 556.869,37.852 C558.924,37.852 560.59,36.186 560.59,34.131 C560.59,32.076 558.924,30.41 556.869,30.41 M541,60.657 C535.114,60.657 530.342,55.887 530.342,50 C530.342,44.114 535.114,39.342 541,39.342 C546.887,39.342 551.658,44.114 551.658,50 C551.658,55.887 546.887,60.657 541,60.657 M541,33.886 C532.1,33.886 524.886,41.1 524.886,50 C524.886,58.899 532.1,66.113 541,66.113 C549.9,66.113 557.115,58.899 557.115,50 C557.115,41.1 549.9,33.886 541,33.886 M565.378,62.101 C565.244,65.022 564.756,66.606 564.346,67.663 C563.803,69.06 563.154,70.057 562.106,71.106 C561.058,72.155 560.06,72.803 558.662,73.347 C557.607,73.757 556.021,74.244 553.102,74.378 C549.944,74.521 548.997,74.552 541,74.552 C533.003,74.552 532.056,74.521 528.898,74.378 C525.979,74.244 524.393,73.757 523.338,73.347 C521.94,72.803 520.942,72.155 519.894,71.106 C518.846,70.057 518.197,69.06 517.654,67.663 C517.244,66.606 516.755,65.022 516.623,62.101 C516.479,58.943 516.448,57.996 516.448,50 C516.448,42.003 516.479,41.056 516.623,37.899 C516.755,34.978 517.244,33.391 517.654,32.338 C518.197,30.938 518.846,29.942 519.894,28.894 C520.942,27.846 521.94,27.196 523.338,26.654 C524.393,26.244 525.979,25.756 528.898,25.623 C532.057,25.479 533.004,25.448 541,25.448 C548.997,25.448 549.943,25.479 553.102,25.623 C556.021,25.756 557.607,26.244 558.662,26.654 C560.06,27.196 561.058,27.846 562.106,28.894 C563.154,29.942 563.803,30.938 564.346,32.338 C564.756,33.391 565.244,34.978 565.378,37.899 C565.522,41.056 565.552,42.003 565.552,50 C565.552,57.996 565.522,58.943 565.378,62.101 M570.82,37.631 C570.674,34.438 570.167,32.258 569.425,30.349 C568.659,28.377 567.633,26.702 565.965,25.035 C564.297,23.368 562.623,22.342 560.652,21.575 C558.743,20.834 556.562,20.326 553.369,20.18 C550.169,20.033 549.148,20 541,20 C532.853,20 531.831,20.033 528.631,20.18 C525.438,20.326 523.257,20.834 521.349,21.575 C519.376,22.342 517.703,23.368 516.035,25.035 C514.368,26.702 513.342,28.377 512.574,30.349 C511.834,32.258 511.326,34.438 511.181,37.631 C511.035,40.831 511,41.851 511,50 C511,58.147 511.035,59.17 511.181,62.369 C511.326,65.562 511.834,67.743 512.574,69.651 C513.342,71.625 514.368,73.296 516.035,74.965 C517.703,76.634 519.376,77.658 521.349,78.425 C523.257,79.167 525.438,79.673 528.631,79.82 C531.831,79.965 532.853,80.001 541,80.001 C549.148,80.001 550.169,79.965 553.369,79.82 C556.562,79.673 558.743,79.167 560.652,78.425 C562.623,77.658 564.297,76.634 565.965,74.965 C567.633,73.296 568.659,71.625 569.425,69.651 C570.167,67.743 570.674,65.562 570.82,62.369 C570.966,59.17 571,58.147 571,50 C571,41.851 570.966,40.831 570.82,37.631\"><\/path><\/g><\/g><\/g><\/svg><\/div><div style=\"padding-top: 8px;\"> <div style=\" color:#3897f0; font-family:Arial,sans-serif; font-size:14px; font-style:normal; font-weight:550; line-height:18px;\">Ver esta publicaci\u00f3n en Instagram<\/div><\/div><div style=\"padding: 12.5% 0;\"><\/div> <div style=\"display: flex; flex-direction: row; margin-bottom: 14px; align-items: center;\"><div> <div style=\"background-color: #F4F4F4; border-radius: 50%; height: 12.5px; width: 12.5px; transform: translateX(0px) translateY(7px);\"><\/div> <div style=\"background-color: #F4F4F4; height: 12.5px; transform: rotate(-45deg) translateX(3px) translateY(1px); width: 12.5px; flex-grow: 0; margin-right: 14px; margin-left: 2px;\"><\/div> <div style=\"background-color: #F4F4F4; border-radius: 50%; height: 12.5px; width: 12.5px; transform: translateX(9px) translateY(-18px);\"><\/div><\/div><div style=\"margin-left: 8px;\"> <div style=\" background-color: #F4F4F4; border-radius: 50%; flex-grow: 0; height: 20px; width: 20px;\"><\/div> <div style=\" width: 0; height: 0; border-top: 2px solid transparent; border-left: 6px solid #f4f4f4; border-bottom: 2px solid transparent; transform: translateX(16px) translateY(-4px) rotate(30deg)\"><\/div><\/div><div style=\"margin-left: auto;\"> <div style=\" width: 0px; border-top: 8px solid #F4F4F4; border-right: 8px solid transparent; transform: translateY(16px);\"><\/div> <div style=\" background-color: #F4F4F4; flex-grow: 0; height: 12px; width: 16px; transform: translateY(-4px);\"><\/div> <div style=\" width: 0; height: 0; border-top: 8px solid #F4F4F4; border-left: 8px solid transparent; transform: translateY(-4px) translateX(8px);\"><\/div><\/div><\/div> <div style=\"display: flex; flex-direction: column; flex-grow: 1; justify-content: center; margin-bottom: 24px;\"> <div style=\" background-color: #F4F4F4; border-radius: 4px; flex-grow: 0; height: 14px; margin-bottom: 6px; width: 224px;\"><\/div> <div style=\" background-color: #F4F4F4; border-radius: 4px; flex-grow: 0; height: 14px; width: 144px;\"><\/div><\/div><\/a><p style=\" color:#c9c8cd; font-family:Arial,sans-serif; font-size:14px; line-height:17px; margin-bottom:0; margin-top:8px; overflow:hidden; padding:8px 0 7px; text-align:center; text-overflow:ellipsis; white-space:nowrap;\"><a href=\"https:\/\/www.instagram.com\/reel\/C5V8lDXrnS_\/?utm_source=ig_embed&amp;utm_campaign=loading\" style=\" color:#c9c8cd; font-family:Arial,sans-serif; font-size:14px; font-style:normal; font-weight:normal; line-height:17px; text-decoration:none;\" target=\"_blank\" rel=\"noopener\">Una publicaci\u00f3n compartida de Greenpeace Colombia (@greenpeacecolombia)<\/a><\/p><\/div><\/blockquote>\n<script async src=\"\/\/www.instagram.com\/embed.js\"><\/script>\n\n\n\n<div class=\"wp-block-media-text is-stacked-on-mobile\"><figure class=\"wp-block-media-text__media\"><video controls src=\"https:\/\/www.greenpeace.org\/static\/planet4-colombia-stateless\/2024\/04\/e652b2db-whatsapp-video-2024-04-04-at-6.46.56-pm.mp4\"><\/video><\/figure><div class=\"wp-block-media-text__content\">\n<p><strong>PLAY! Nos saluda una tortuga<\/strong> \ud83d\udc22<\/p>\n<\/div><\/div>\n\n\n\n<div class=\"wp-block-media-text is-stacked-on-mobile\"><figure class=\"wp-block-media-text__media\"><video controls src=\"https:\/\/www.greenpeace.org\/static\/planet4-colombia-stateless\/2024\/04\/de857864-whatsapp-video-2024-04-04-at-1.41.39-pm.mp4\"><\/video><\/figure><div class=\"wp-block-media-text__content\">\n<p><strong>PLAY! Volviendo de la Isla Malpelo<\/strong> !<\/p>\n<\/div><\/div>\n\n\n\n<h2 class=\"wp-block-heading\"><\/h2>\n\n\n\n<h4 class=\"wp-block-heading\">As\u00ed inicia un d\u00eda de trabajo en el Arctic Sunrise. Adem\u00e1s de proteger los oc\u00e9anos debemos ayudar para que el barco est\u00e9 limpio y reluciente. <a href=\"https:\/\/www.instagram.com\/explore\/tags\/miprimerachamba\/\">#MiPrimeraChamba<\/a> \ud83d\ude02\u2063<br>\u2063<br>\u2728 El Arctic Sunrise es barco motonave que mide 49,62 metros de largo. Su velocidad m\u00e1xima es de 11 nudos, pesa 949 toneladas y tiene capacidad para albergar hasta a 30 tripulantes, repartidos en seis camarotes individuales y 12 camarotes dobles. \ud83d\udea2\u2693\u2063<\/h4>\n\n\n\n<p>k <\/p>\n\n\n\n<blockquote class=\"instagram-media\" data-instgrm-captioned data-instgrm-permalink=\"https:\/\/www.instagram.com\/reel\/C5W4CMxLvKA\/?utm_source=ig_embed&amp;utm_campaign=loading\" data-instgrm-version=\"14\" style=\" background:#FFF; border:0; border-radius:3px; box-shadow:0 0 1px 0 rgba(0,0,0,0.5),0 1px 10px 0 rgba(0,0,0,0.15); margin: 1px; max-width:540px; min-width:326px; padding:0; width:99.375%; width:-webkit-calc(100% - 2px); width:calc(100% - 2px);\"><div style=\"padding:16px;\"> <a href=\"https:\/\/www.instagram.com\/reel\/C5W4CMxLvKA\/?utm_source=ig_embed&amp;utm_campaign=loading\" style=\" background:#FFFFFF; line-height:0; padding:0 0; text-align:center; text-decoration:none; width:100%;\" target=\"_blank\" rel=\"noopener\"> <div style=\" display: flex; flex-direction: row; align-items: center;\"> <div style=\"background-color: #F4F4F4; border-radius: 50%; flex-grow: 0; height: 40px; margin-right: 14px; width: 40px;\"><\/div> <div style=\"display: flex; flex-direction: column; flex-grow: 1; justify-content: center;\"> <div style=\" background-color: #F4F4F4; border-radius: 4px; flex-grow: 0; height: 14px; margin-bottom: 6px; width: 100px;\"><\/div> <div style=\" background-color: #F4F4F4; border-radius: 4px; flex-grow: 0; height: 14px; width: 60px;\"><\/div><\/div><\/div><div style=\"padding: 19% 0;\"><\/div> <div style=\"display:block; height:50px; margin:0 auto 12px; width:50px;\"><svg width=\"50px\" height=\"50px\" viewBox=\"0 0 60 60\" version=\"1.1\" xmlns=\"https:\/\/www.w3.org\/2000\/svg\" xmlns:xlink=\"https:\/\/www.w3.org\/1999\/xlink\"><g stroke=\"none\" stroke-width=\"1\" fill=\"none\" fill-rule=\"evenodd\"><g transform=\"translate(-511.000000, -20.000000)\" fill=\"#000000\"><g><path d=\"M556.869,30.41 C554.814,30.41 553.148,32.076 553.148,34.131 C553.148,36.186 554.814,37.852 556.869,37.852 C558.924,37.852 560.59,36.186 560.59,34.131 C560.59,32.076 558.924,30.41 556.869,30.41 M541,60.657 C535.114,60.657 530.342,55.887 530.342,50 C530.342,44.114 535.114,39.342 541,39.342 C546.887,39.342 551.658,44.114 551.658,50 C551.658,55.887 546.887,60.657 541,60.657 M541,33.886 C532.1,33.886 524.886,41.1 524.886,50 C524.886,58.899 532.1,66.113 541,66.113 C549.9,66.113 557.115,58.899 557.115,50 C557.115,41.1 549.9,33.886 541,33.886 M565.378,62.101 C565.244,65.022 564.756,66.606 564.346,67.663 C563.803,69.06 563.154,70.057 562.106,71.106 C561.058,72.155 560.06,72.803 558.662,73.347 C557.607,73.757 556.021,74.244 553.102,74.378 C549.944,74.521 548.997,74.552 541,74.552 C533.003,74.552 532.056,74.521 528.898,74.378 C525.979,74.244 524.393,73.757 523.338,73.347 C521.94,72.803 520.942,72.155 519.894,71.106 C518.846,70.057 518.197,69.06 517.654,67.663 C517.244,66.606 516.755,65.022 516.623,62.101 C516.479,58.943 516.448,57.996 516.448,50 C516.448,42.003 516.479,41.056 516.623,37.899 C516.755,34.978 517.244,33.391 517.654,32.338 C518.197,30.938 518.846,29.942 519.894,28.894 C520.942,27.846 521.94,27.196 523.338,26.654 C524.393,26.244 525.979,25.756 528.898,25.623 C532.057,25.479 533.004,25.448 541,25.448 C548.997,25.448 549.943,25.479 553.102,25.623 C556.021,25.756 557.607,26.244 558.662,26.654 C560.06,27.196 561.058,27.846 562.106,28.894 C563.154,29.942 563.803,30.938 564.346,32.338 C564.756,33.391 565.244,34.978 565.378,37.899 C565.522,41.056 565.552,42.003 565.552,50 C565.552,57.996 565.522,58.943 565.378,62.101 M570.82,37.631 C570.674,34.438 570.167,32.258 569.425,30.349 C568.659,28.377 567.633,26.702 565.965,25.035 C564.297,23.368 562.623,22.342 560.652,21.575 C558.743,20.834 556.562,20.326 553.369,20.18 C550.169,20.033 549.148,20 541,20 C532.853,20 531.831,20.033 528.631,20.18 C525.438,20.326 523.257,20.834 521.349,21.575 C519.376,22.342 517.703,23.368 516.035,25.035 C514.368,26.702 513.342,28.377 512.574,30.349 C511.834,32.258 511.326,34.438 511.181,37.631 C511.035,40.831 511,41.851 511,50 C511,58.147 511.035,59.17 511.181,62.369 C511.326,65.562 511.834,67.743 512.574,69.651 C513.342,71.625 514.368,73.296 516.035,74.965 C517.703,76.634 519.376,77.658 521.349,78.425 C523.257,79.167 525.438,79.673 528.631,79.82 C531.831,79.965 532.853,80.001 541,80.001 C549.148,80.001 550.169,79.965 553.369,79.82 C556.562,79.673 558.743,79.167 560.652,78.425 C562.623,77.658 564.297,76.634 565.965,74.965 C567.633,73.296 568.659,71.625 569.425,69.651 C570.167,67.743 570.674,65.562 570.82,62.369 C570.966,59.17 571,58.147 571,50 C571,41.851 570.966,40.831 570.82,37.631\"><\/path><\/g><\/g><\/g><\/svg><\/div><div style=\"padding-top: 8px;\"> <div style=\" color:#3897f0; font-family:Arial,sans-serif; font-size:14px; font-style:normal; font-weight:550; line-height:18px;\">Ver esta publicaci\u00f3n en Instagram<\/div><\/div><div style=\"padding: 12.5% 0;\"><\/div> <div style=\"display: flex; flex-direction: row; margin-bottom: 14px; align-items: center;\"><div> <div style=\"background-color: #F4F4F4; border-radius: 50%; height: 12.5px; width: 12.5px; transform: translateX(0px) translateY(7px);\"><\/div> <div style=\"background-color: #F4F4F4; height: 12.5px; transform: rotate(-45deg) translateX(3px) translateY(1px); width: 12.5px; flex-grow: 0; margin-right: 14px; margin-left: 2px;\"><\/div> <div style=\"background-color: #F4F4F4; border-radius: 50%; height: 12.5px; width: 12.5px; transform: translateX(9px) translateY(-18px);\"><\/div><\/div><div style=\"margin-left: 8px;\"> <div style=\" background-color: #F4F4F4; border-radius: 50%; flex-grow: 0; height: 20px; width: 20px;\"><\/div> <div style=\" width: 0; height: 0; border-top: 2px solid transparent; border-left: 6px solid #f4f4f4; border-bottom: 2px solid transparent; transform: translateX(16px) translateY(-4px) rotate(30deg)\"><\/div><\/div><div style=\"margin-left: auto;\"> <div style=\" width: 0px; border-top: 8px solid #F4F4F4; border-right: 8px solid transparent; transform: translateY(16px);\"><\/div> <div style=\" background-color: #F4F4F4; flex-grow: 0; height: 12px; width: 16px; transform: translateY(-4px);\"><\/div> <div style=\" width: 0; height: 0; border-top: 8px solid #F4F4F4; border-left: 8px solid transparent; transform: translateY(-4px) translateX(8px);\"><\/div><\/div><\/div> <div style=\"display: flex; flex-direction: column; flex-grow: 1; justify-content: center; margin-bottom: 24px;\"> <div style=\" background-color: #F4F4F4; border-radius: 4px; flex-grow: 0; height: 14px; margin-bottom: 6px; width: 224px;\"><\/div> <div style=\" background-color: #F4F4F4; border-radius: 4px; flex-grow: 0; height: 14px; width: 144px;\"><\/div><\/div><\/a><p style=\" color:#c9c8cd; font-family:Arial,sans-serif; font-size:14px; line-height:17px; margin-bottom:0; margin-top:8px; overflow:hidden; padding:8px 0 7px; text-align:center; text-overflow:ellipsis; white-space:nowrap;\"><a href=\"https:\/\/www.instagram.com\/reel\/C5W4CMxLvKA\/?utm_source=ig_embed&amp;utm_campaign=loading\" style=\" color:#c9c8cd; font-family:Arial,sans-serif; font-size:14px; font-style:normal; font-weight:normal; line-height:17px; text-decoration:none;\" target=\"_blank\" rel=\"noopener\">Una publicaci\u00f3n compartida de Greenpeace Colombia (@greenpeacecolombia)<\/a><\/p><\/div><\/blockquote>\n<script async src=\"\/\/www.instagram.com\/embed.js\"><\/script>\n\n\n\n<h2 class=\"wp-block-heading\">Estamos en la prensa!<\/h2>\n\n\n\n<figure class=\"wp-block-image size-large\"><img loading=\"lazy\" decoding=\"async\" width=\"915\" height=\"1024\" src=\"https:\/\/www.greenpeace.org\/static\/planet4-colombia-stateless\/2024\/04\/f096f9a3-whatsapp-image-2024-04-03-at-1.24.51-pm-915x1024.jpeg\" alt=\"\" class=\"wp-image-12019\" srcset=\"https:\/\/www.greenpeace.org\/static\/planet4-colombia-stateless\/2024\/04\/f096f9a3-whatsapp-image-2024-04-03-at-1.24.51-pm-915x1024.jpeg 915w, https:\/\/www.greenpeace.org\/static\/planet4-colombia-stateless\/2024\/04\/f096f9a3-whatsapp-image-2024-04-03-at-1.24.51-pm-268x300.jpeg 268w, https:\/\/www.greenpeace.org\/static\/planet4-colombia-stateless\/2024\/04\/f096f9a3-whatsapp-image-2024-04-03-at-1.24.51-pm-768x859.jpeg 768w, https:\/\/www.greenpeace.org\/static\/planet4-colombia-stateless\/2024\/04\/f096f9a3-whatsapp-image-2024-04-03-at-1.24.51-pm-304x340.jpeg 304w, https:\/\/www.greenpeace.org\/static\/planet4-colombia-stateless\/2024\/04\/f096f9a3-whatsapp-image-2024-04-03-at-1.24.51-pm.jpeg 1076w\" sizes=\"auto, (max-width: 915px) 100vw, 915px\" \/><\/figure>\n\n\n\n<figure class=\"wp-block-image size-large\"><img loading=\"lazy\" decoding=\"async\" width=\"843\" height=\"1024\" src=\"https:\/\/www.greenpeace.org\/static\/planet4-colombia-stateless\/2024\/04\/44435953-whatsapp-image-2024-04-03-at-1.03.14-pm-1-843x1024.jpeg\" alt=\"\" class=\"wp-image-12017\" srcset=\"https:\/\/www.greenpeace.org\/static\/planet4-colombia-stateless\/2024\/04\/44435953-whatsapp-image-2024-04-03-at-1.03.14-pm-1-843x1024.jpeg 843w, https:\/\/www.greenpeace.org\/static\/planet4-colombia-stateless\/2024\/04\/44435953-whatsapp-image-2024-04-03-at-1.03.14-pm-1-247x300.jpeg 247w, https:\/\/www.greenpeace.org\/static\/planet4-colombia-stateless\/2024\/04\/44435953-whatsapp-image-2024-04-03-at-1.03.14-pm-1-768x933.jpeg 768w, https:\/\/www.greenpeace.org\/static\/planet4-colombia-stateless\/2024\/04\/44435953-whatsapp-image-2024-04-03-at-1.03.14-pm-1-280x340.jpeg 280w, https:\/\/www.greenpeace.org\/static\/planet4-colombia-stateless\/2024\/04\/44435953-whatsapp-image-2024-04-03-at-1.03.14-pm-1.jpeg 923w\" sizes=\"auto, (max-width: 843px) 100vw, 843px\" \/><\/figure>\n\n\n\n<div class=\"wp-block-group block is-layout-flow wp-block-group-is-layout-flow\">\n<div class=\"wp-block-query posts-list p4-query-loop is-custom-layout-list is-layout-flow wp-block-query-is-layout-flow\">\n<div class=\"wp-block-group is-content-justification-space-between is-layout-flex wp-container-core-group-is-layout-3d213aab wp-block-group-is-layout-flex\">\n<h2 class=\"wp-block-heading\">\u00daltimas noticias <\/h2>\n\n\n<li class=\" wp-block-navigation-item see-all-link wp-block-navigation-link\"><a class=\"wp-block-navigation-item__content\"  href=\"https:\/\/www.greenpeace.org\/colombia\/news-stories\/?tag=pacifico-colombiano&#038;post-type=blog\"><span class=\"wp-block-navigation-item__label\">See all stories<\/span><\/a><\/li><\/div>\n\n\n\n<p style=\"margin-top:24px;margin-bottom:36px\"><\/p>\n\n\n\n\n<ul class=\"wp-block-post-template is-layout-flow wp-block-post-template-is-layout-flow\"><li class=\"wp-block-post post-14738 post type-post status-publish format-standard has-post-thumbnail hentry category-blog category-oceanos tag-pacifico-colombiano tag-santuariosmarinos tag-cambio-climatico p4-page-type-blog\">\n\n<div class=\"wp-block-columns is-layout-flex wp-container-core-columns-is-layout-9d6595d7 wp-block-columns-is-layout-flex\"><figure class=\"wp-block-post-featured-image\"><a href=\"https:\/\/www.greenpeace.org\/colombia\/blog\/campanas\/oceanos\/dia-mundial-de-los-oceanos-sin-tratado-global-de-plasticos-no-podremos-salvarlos\/\" target=\"_self\"  ><img loading=\"lazy\" decoding=\"async\" width=\"1200\" height=\"800\" src=\"https:\/\/www.greenpeace.org\/static\/planet4-colombia-stateless\/2024\/03\/c1c3aa3a-gp0stzud1_medium_res_with_credit_line.jpg\" class=\"attachment-post-thumbnail size-post-thumbnail wp-post-image wp-stateless-item\" alt=\"D\u00eda Mundial de los Oc\u00e9anos: sin Tratado Global de Pl\u00e1sticos, no podremos salvarlos\" style=\"object-fit:cover;\" srcset=\"https:\/\/www.greenpeace.org\/static\/planet4-colombia-stateless\/2024\/03\/c1c3aa3a-gp0stzud1_medium_res_with_credit_line.jpg 1200w, https:\/\/www.greenpeace.org\/static\/planet4-colombia-stateless\/2024\/03\/c1c3aa3a-gp0stzud1_medium_res_with_credit_line-300x200.jpg 300w, https:\/\/www.greenpeace.org\/static\/planet4-colombia-stateless\/2024\/03\/c1c3aa3a-gp0stzud1_medium_res_with_credit_line-1024x683.jpg 1024w, https:\/\/www.greenpeace.org\/static\/planet4-colombia-stateless\/2024\/03\/c1c3aa3a-gp0stzud1_medium_res_with_credit_line-768x512.jpg 768w, https:\/\/www.greenpeace.org\/static\/planet4-colombia-stateless\/2024\/03\/c1c3aa3a-gp0stzud1_medium_res_with_credit_line-510x340.jpg 510w\" sizes=\"auto, (max-width: 1200px) 100vw, 1200px\" data-image-size=\"post-thumbnail\" data-stateless-media-bucket=\"planet4-colombia-stateless\" data-stateless-media-name=\"2024\/03\/c1c3aa3a-gp0stzud1_medium_res_with_credit_line.jpg\" \/><\/a><\/figure>\n\n\n<div class=\"wp-block-group is-layout-flow wp-block-group-is-layout-flow\">\n<div class=\"wp-block-group is-layout-flex wp-block-group-is-layout-flex\"><div class=\"wp-block-post-terms\"><a href=\"https:\/\/www.greenpeace.org\/colombia\/category\/blog\/\">Blog<\/a><\/div>\n\n<div class=\"taxonomy-post_tag wp-block-post-terms\"><a href=\"https:\/\/www.greenpeace.org\/colombia\/tag\/pacifico-colombiano\/\" rel=\"tag\">Pac\u00edficoColombiano<\/a><span class=\"wp-block-post-terms__separator\"> <\/span><a href=\"https:\/\/www.greenpeace.org\/colombia\/tag\/santuariosmarinos\/\" rel=\"tag\">SantuariosMarinos<\/a><span class=\"wp-block-post-terms__separator\"> <\/span><a href=\"https:\/\/www.greenpeace.org\/colombia\/tag\/cambio-climatico\/\" rel=\"tag\">Cambio clim\u00e1tico<\/a><\/div><\/div>\n\n\n<h3 class=\"wp-block-post-title\"><a href=\"https:\/\/www.greenpeace.org\/colombia\/blog\/campanas\/oceanos\/dia-mundial-de-los-oceanos-sin-tratado-global-de-plasticos-no-podremos-salvarlos\/\" target=\"_self\" >D\u00eda Mundial de los Oc\u00e9anos: sin Tratado Global de Pl\u00e1sticos, no podremos salvarlos<\/a><\/h3>\n\n<div class=\"wp-block-post-excerpt\"><p class=\"wp-block-post-excerpt__excerpt\">Una nueva jornada de reflexi\u00f3n para apreciar y valorar a los que les debemos el aire que respiramos <\/p><\/div>\n\n\n<div class=\"wp-block-group posts-list-meta is-layout-flow wp-block-group-is-layout-flow\"><span class='article-list-item-author'><a href='https:\/\/www.greenpeace.org\/colombia\/author\/meri-castro\/'>Meri Castro<\/a><\/span>\n\n<div class=\"wp-block-post-date\"><time datetime=\"2025-06-06T18:32:36+00:00\">6 junio 2025<\/time><\/div><\/div>\n<\/div>\n<\/div>\n\n<\/li><li class=\"wp-block-post post-13249 post type-post status-publish format-standard has-post-thumbnail hentry category-climayenergia category-contaminacion tag-basta-de-basura tag-cambio-climatico tag-pacifico-colombiano p4-page-type-blog\">\n\n<div class=\"wp-block-columns is-layout-flex wp-container-core-columns-is-layout-9d6595d7 wp-block-columns-is-layout-flex\"><figure class=\"wp-block-post-featured-image\"><a href=\"https:\/\/www.greenpeace.org\/colombia\/blog\/campanas\/climayenergia\/triple-crisis-planetaria-que-es-y-por-que-nos-tiene-que-importar\/\" target=\"_self\"  ><img loading=\"lazy\" decoding=\"async\" width=\"800\" height=\"533\" src=\"https:\/\/www.greenpeace.org\/static\/planet4-colombia-stateless\/2024\/09\/092d720f-gp1su0ad_low-res-with-credit-line-800px.jpg\" class=\"attachment-post-thumbnail size-post-thumbnail wp-post-image wp-stateless-item\" alt=\"Triple crisis planetaria: \u00bfqu\u00e9 es y por qu\u00e9 nos tiene que importar? \u00a0\" style=\"object-fit:cover;\" srcset=\"https:\/\/www.greenpeace.org\/static\/planet4-colombia-stateless\/2024\/09\/092d720f-gp1su0ad_low-res-with-credit-line-800px.jpg 800w, https:\/\/www.greenpeace.org\/static\/planet4-colombia-stateless\/2024\/09\/092d720f-gp1su0ad_low-res-with-credit-line-800px-300x200.jpg 300w, https:\/\/www.greenpeace.org\/static\/planet4-colombia-stateless\/2024\/09\/092d720f-gp1su0ad_low-res-with-credit-line-800px-768x512.jpg 768w, https:\/\/www.greenpeace.org\/static\/planet4-colombia-stateless\/2024\/09\/092d720f-gp1su0ad_low-res-with-credit-line-800px-510x340.jpg 510w\" sizes=\"auto, (max-width: 800px) 100vw, 800px\" data-image-size=\"post-thumbnail\" data-stateless-media-bucket=\"planet4-colombia-stateless\" data-stateless-media-name=\"2024\/09\/092d720f-gp1su0ad_low-res-with-credit-line-800px.jpg\" \/><\/a><\/figure>\n\n\n<div class=\"wp-block-group is-layout-flow wp-block-group-is-layout-flow\">\n<div class=\"wp-block-group is-layout-flex wp-block-group-is-layout-flex\"><div class=\"wp-block-post-terms\"><a href=\"https:\/\/www.greenpeace.org\/colombia\/category\/campanas\/climayenergia\/\">Clima y Energ\u00eda<\/a><\/div>\n\n<div class=\"taxonomy-post_tag wp-block-post-terms\"><a href=\"https:\/\/www.greenpeace.org\/colombia\/tag\/basta-de-basura\/\" rel=\"tag\">Basta de Basura<\/a><span class=\"wp-block-post-terms__separator\"> <\/span><a href=\"https:\/\/www.greenpeace.org\/colombia\/tag\/cambio-climatico\/\" rel=\"tag\">Cambio clim\u00e1tico<\/a><span class=\"wp-block-post-terms__separator\"> <\/span><a href=\"https:\/\/www.greenpeace.org\/colombia\/tag\/pacifico-colombiano\/\" rel=\"tag\">Pac\u00edficoColombiano<\/a><\/div><\/div>\n\n\n<h3 class=\"wp-block-post-title\"><a href=\"https:\/\/www.greenpeace.org\/colombia\/blog\/campanas\/climayenergia\/triple-crisis-planetaria-que-es-y-por-que-nos-tiene-que-importar\/\" target=\"_self\" >Triple crisis planetaria: \u00bfqu\u00e9 es y por qu\u00e9 nos tiene que importar? \u00a0<\/a><\/h3>\n\n<div class=\"wp-block-post-excerpt\"><p class=\"wp-block-post-excerpt__excerpt\">Una nueva forma de explicar la realidad ambiental.\u00a0 <\/p><\/div>\n\n\n<div class=\"wp-block-group posts-list-meta is-layout-flow wp-block-group-is-layout-flow\"><span class='article-list-item-author'>Meri Castro<\/span>\n\n<div class=\"wp-block-post-date\"><time datetime=\"2024-09-26T13:30:32+00:00\">26 septiembre 2024<\/time><\/div><\/div>\n<\/div>\n<\/div>\n\n<\/li><li class=\"wp-block-post post-13111 post type-post status-publish format-standard has-post-thumbnail hentry category-contaminacion tag-pacifico-colombiano tag-plasticos tag-consumo tag-basta-de-basura p4-page-type-blog\">\n\n<div class=\"wp-block-columns is-layout-flex wp-container-core-columns-is-layout-9d6595d7 wp-block-columns-is-layout-flex\"><figure class=\"wp-block-post-featured-image\"><a href=\"https:\/\/www.greenpeace.org\/colombia\/blog\/campanas\/contaminacion\/contaminacion-por-microplasticos-3-cosas-que-tienes-que-saber\/\" target=\"_self\"  ><img loading=\"lazy\" decoding=\"async\" width=\"600\" height=\"600\" src=\"https:\/\/www.greenpeace.org\/static\/planet4-colombia-stateless\/2024\/09\/37acad4f-gp1suvkm_low-res-with-credit-line-800px.jpg\" class=\"attachment-post-thumbnail size-post-thumbnail wp-post-image wp-stateless-item\" alt=\"Contaminaci\u00f3n por micropl\u00e1sticos: 3 cosas que tienes que saber\u00a0\" style=\"object-fit:cover;\" srcset=\"https:\/\/www.greenpeace.org\/static\/planet4-colombia-stateless\/2024\/09\/37acad4f-gp1suvkm_low-res-with-credit-line-800px.jpg 600w, https:\/\/www.greenpeace.org\/static\/planet4-colombia-stateless\/2024\/09\/37acad4f-gp1suvkm_low-res-with-credit-line-800px-300x300.jpg 300w, https:\/\/www.greenpeace.org\/static\/planet4-colombia-stateless\/2024\/09\/37acad4f-gp1suvkm_low-res-with-credit-line-800px-150x150.jpg 150w, https:\/\/www.greenpeace.org\/static\/planet4-colombia-stateless\/2024\/09\/37acad4f-gp1suvkm_low-res-with-credit-line-800px-340x340.jpg 340w\" sizes=\"auto, (max-width: 600px) 100vw, 600px\" data-image-size=\"post-thumbnail\" data-stateless-media-bucket=\"planet4-colombia-stateless\" data-stateless-media-name=\"2024\/09\/37acad4f-gp1suvkm_low-res-with-credit-line-800px.jpg\" \/><\/a><\/figure>\n\n\n<div class=\"wp-block-group is-layout-flow wp-block-group-is-layout-flow\">\n<div class=\"wp-block-group is-layout-flex wp-block-group-is-layout-flex\"><div class=\"wp-block-post-terms\"><a href=\"https:\/\/www.greenpeace.org\/colombia\/category\/campanas\/contaminacion\/\">Contaminaci\u00f3n<\/a><\/div>\n\n<div class=\"taxonomy-post_tag wp-block-post-terms\"><a href=\"https:\/\/www.greenpeace.org\/colombia\/tag\/pacifico-colombiano\/\" rel=\"tag\">Pac\u00edficoColombiano<\/a><span class=\"wp-block-post-terms__separator\"> <\/span><a href=\"https:\/\/www.greenpeace.org\/colombia\/tag\/plasticos\/\" rel=\"tag\">MejorSinPl\u00e1sticos<\/a><span class=\"wp-block-post-terms__separator\"> <\/span><a href=\"https:\/\/www.greenpeace.org\/colombia\/tag\/consumo\/\" rel=\"tag\">Consumo<\/a><span class=\"wp-block-post-terms__separator\"> <\/span><a href=\"https:\/\/www.greenpeace.org\/colombia\/tag\/basta-de-basura\/\" rel=\"tag\">Basta de Basura<\/a><\/div><\/div>\n\n\n<h3 class=\"wp-block-post-title\"><a href=\"https:\/\/www.greenpeace.org\/colombia\/blog\/campanas\/contaminacion\/contaminacion-por-microplasticos-3-cosas-que-tienes-que-saber\/\" target=\"_self\" >Contaminaci\u00f3n por micropl\u00e1sticos: 3 cosas que tienes que saber\u00a0<\/a><\/h3>\n\n<div class=\"wp-block-post-excerpt\"><p class=\"wp-block-post-excerpt__excerpt\">Este es un tema al que ya no podemos escapar. <\/p><\/div>\n\n\n<div class=\"wp-block-group posts-list-meta is-layout-flow wp-block-group-is-layout-flow\"><span class='article-list-item-author'>Meri Castro<\/span>\n\n<div class=\"wp-block-post-date\"><time datetime=\"2024-09-16T13:33:12+00:00\">16 septiembre 2024<\/time><\/div><\/div>\n<\/div>\n<\/div>\n\n<\/li><\/ul>\n\n\n<div class=\"wp-block-buttons carousel-controls is-horizontal is-content-justification-space-between is-nowrap is-layout-flex wp-container-core-buttons-is-layout-044bd602 wp-block-buttons-is-layout-flex\">\n<div class=\"wp-block-button carousel-control-prev\"><button type=\"button\" class=\"wp-block-button__link wp-element-button\">Prev<\/button><\/div>\n\n\n\n<div class=\"wp-block-button carousel-control-next\"><button type=\"button\" class=\"wp-block-button__link wp-element-button\">Next<\/button><\/div>\n<\/div>\n\n\n<li class=\" wp-block-navigation-item see-all-link wp-block-navigation-link\"><a class=\"wp-block-navigation-item__content\"  href=\"https:\/\/www.greenpeace.org\/colombia\/news-stories\/?tag=pacifico-colombiano&#038;post-type=blog\"><span class=\"wp-block-navigation-item__label\">Ver m\u00e1s<\/span><\/a><\/li><\/div>\n<\/div>\n\n\n<p><\/p>\n","protected":false},"excerpt":{"rendered":"<p>S\u00e9 parte de un movimiento mundial imparable que pueda lograr un ambicioso Tratado Mundial sobre los Pl\u00e1sticos.<\/p>\n","protected":false},"author":21,"featured_media":11778,"parent":10058,"menu_order":0,"comment_status":"closed","ping_status":"closed","template":"","meta":{"ep_exclude_from_search":false,"p4_hide_page_title_checkbox":"","p4_title":"","p4_subtitle":"","p4_description":"","background_image_id":"","background_image":"","p4_button_title":"","p4_button_link":"","p4_button_link_checkbox":"","p4_og_title":"\u00a1Colombia es Pac\u00edfico!","p4_og_description":"Firma para proteger nuestro oc\u00e9ano de la contaminaci\u00f3n por pl\u00e1sticos","p4_og_image":"https:\/\/www.greenpeace.org\/static\/planet4-colombia-stateless\/2024\/03\/c4c96918-gp0stpywj_medium_res_with_credit_line.jpg","p4_og_image_id":"11443","p4_seo_canonical_url":"","p4_campaign_name":"","p4_local_project":"","p4_basket_name":"","p4_department":"","footnotes":""},"categories":[17],"tags":[56],"class_list":["post-11440","page","type-page","status-publish","has-post-thumbnail","hentry","category-contaminacion","tag-pacifico-colombiano"],"_links":{"self":[{"href":"https:\/\/www.greenpeace.org\/colombia\/wp-json\/wp\/v2\/pages\/11440","targetHints":{"allow":["GET"]}}],"collection":[{"href":"https:\/\/www.greenpeace.org\/colombia\/wp-json\/wp\/v2\/pages"}],"about":[{"href":"https:\/\/www.greenpeace.org\/colombia\/wp-json\/wp\/v2\/types\/page"}],"author":[{"embeddable":true,"href":"https:\/\/www.greenpeace.org\/colombia\/wp-json\/wp\/v2\/users\/21"}],"replies":[{"embeddable":true,"href":"https:\/\/www.greenpeace.org\/colombia\/wp-json\/wp\/v2\/comments?post=11440"}],"version-history":[{"count":20,"href":"https:\/\/www.greenpeace.org\/colombia\/wp-json\/wp\/v2\/pages\/11440\/revisions"}],"predecessor-version":[{"id":16709,"href":"https:\/\/www.greenpeace.org\/colombia\/wp-json\/wp\/v2\/pages\/11440\/revisions\/16709"}],"up":[{"embeddable":true,"href":"https:\/\/www.greenpeace.org\/colombia\/wp-json\/wp\/v2\/pages\/10058"}],"wp:featuredmedia":[{"embeddable":true,"href":"https:\/\/www.greenpeace.org\/colombia\/wp-json\/wp\/v2\/media\/11778"}],"wp:attachment":[{"href":"https:\/\/www.greenpeace.org\/colombia\/wp-json\/wp\/v2\/media?parent=11440"}],"wp:term":[{"taxonomy":"category","embeddable":true,"href":"https:\/\/www.greenpeace.org\/colombia\/wp-json\/wp\/v2\/categories?post=11440"},{"taxonomy":"post_tag","embeddable":true,"href":"https:\/\/www.greenpeace.org\/colombia\/wp-json\/wp\/v2\/tags?post=11440"}],"curies":[{"name":"wp","href":"https:\/\/api.w.org\/{rel}","templated":true}]}}