{"id":11580,"date":"2024-03-12T21:41:22","date_gmt":"2024-03-12T21:41:22","guid":{"rendered":"https:\/\/www.greenpeace.org\/colombia\/?page_id=11580"},"modified":"2024-04-19T15:04:37","modified_gmt":"2024-04-19T15:04:37","slug":"expedicion-arctic-sunrise","status":"publish","type":"page","link":"https:\/\/www.greenpeace.org\/colombia\/expedicion-arctic-sunrise\/","title":{"rendered":"Expedici\u00f3n Arctic Sunrise"},"content":{"rendered":"\n<figure class=\"wp-block-image size-large\"><img loading=\"lazy\" decoding=\"async\" width=\"1024\" height=\"683\" src=\"https:\/\/www.greenpeace.org\/static\/planet4-colombia-stateless\/2024\/04\/95fd8ba1-dreym_img_0859-1024x683.jpg\" alt=\"\" class=\"wp-image-12097\" srcset=\"https:\/\/www.greenpeace.org\/static\/planet4-colombia-stateless\/2024\/04\/95fd8ba1-dreym_img_0859-1024x683.jpg 1024w, https:\/\/www.greenpeace.org\/static\/planet4-colombia-stateless\/2024\/04\/95fd8ba1-dreym_img_0859-300x200.jpg 300w, https:\/\/www.greenpeace.org\/static\/planet4-colombia-stateless\/2024\/04\/95fd8ba1-dreym_img_0859-768x512.jpg 768w, https:\/\/www.greenpeace.org\/static\/planet4-colombia-stateless\/2024\/04\/95fd8ba1-dreym_img_0859-1536x1024.jpg 1536w, https:\/\/www.greenpeace.org\/static\/planet4-colombia-stateless\/2024\/04\/95fd8ba1-dreym_img_0859-2048x1366.jpg 2048w, https:\/\/www.greenpeace.org\/static\/planet4-colombia-stateless\/2024\/04\/95fd8ba1-dreym_img_0859-510x340.jpg 510w\" sizes=\"auto, (max-width: 1024px) 100vw, 1024px\" \/><figcaption class=\"wp-element-caption\">\u00a9\u00a0Diana Rey Melo \/ Greenpeace<\/figcaption><\/figure>\n\n<p>Luego de su traves\u00eda investigativa en las<strong> Islas Gal\u00e1pagos<\/strong> y como parte de la<strong> campa\u00f1a internacional de Pl\u00e1sticos<\/strong>, el barco<strong><a href=\"https:\/\/www.greenpeace.org\/colombia\/nuestros-barcos\/arctic-sunrise\/\" target=\"_blank\" rel=\"noreferrer noopener\"> Arctic Sunrise<\/a><\/strong> lleg\u00f3 al puerto de <strong>Buenaventura<\/strong> y luego se dirigi\u00f3 al Santuario de Flora y Fauna <strong>Isla de Malpelo<\/strong> (declarada Sitio de Patrimonio Natural por la UNESCO) para documentar la importancia ecosist\u00e9mica de migraci\u00f3n, sustento y de biodiversidad.<\/p>\n\n<p>Nos embarcamos junto con ONGs y defensores de los oc\u00e9anos. <strong>Documentamos y denunciamos las amenazas a nuestro mar, especialmente la contaminaci\u00f3n por pl\u00e1sticos. <\/strong>Rescatamos el <strong>valor de conservaci\u00f3n del Pac\u00edfico tropical de Colombia<\/strong>,<strong> los montes submarinos <\/strong>y la<strong> necesidad de aumentar las \u00e1reas marinas protegidas en Colombia.<\/strong><\/p>\n\n<h4 class=\"wp-block-heading\"><strong>\u00bfQuienes fueron a bordo?<\/strong><\/h4>\n\n<figure class=\"wp-block-image size-large\"><img loading=\"lazy\" decoding=\"async\" width=\"1024\" height=\"683\" src=\"https:\/\/www.greenpeace.org\/static\/planet4-colombia-stateless\/2024\/04\/20240403-Exposicion-Campana-Credito-Diana-Rey-Melo-Greenpeace-3-1024x683.jpg\" alt=\"\" class=\"wp-image-12174\" srcset=\"https:\/\/www.greenpeace.org\/static\/planet4-colombia-stateless\/2024\/04\/20240403-Exposicion-Campana-Credito-Diana-Rey-Melo-Greenpeace-3-1024x683.jpg 1024w, https:\/\/www.greenpeace.org\/static\/planet4-colombia-stateless\/2024\/04\/20240403-Exposicion-Campana-Credito-Diana-Rey-Melo-Greenpeace-3-300x200.jpg 300w, https:\/\/www.greenpeace.org\/static\/planet4-colombia-stateless\/2024\/04\/20240403-Exposicion-Campana-Credito-Diana-Rey-Melo-Greenpeace-3-768x512.jpg 768w, https:\/\/www.greenpeace.org\/static\/planet4-colombia-stateless\/2024\/04\/20240403-Exposicion-Campana-Credito-Diana-Rey-Melo-Greenpeace-3-1536x1024.jpg 1536w, https:\/\/www.greenpeace.org\/static\/planet4-colombia-stateless\/2024\/04\/20240403-Exposicion-Campana-Credito-Diana-Rey-Melo-Greenpeace-3-2048x1366.jpg 2048w, https:\/\/www.greenpeace.org\/static\/planet4-colombia-stateless\/2024\/04\/20240403-Exposicion-Campana-Credito-Diana-Rey-Melo-Greenpeace-3-510x340.jpg 510w\" sizes=\"auto, (max-width: 1024px) 100vw, 1024px\" \/><figcaption class=\"wp-element-caption\">Exposici\u00f3n a bordo <div class=\"credit icon-left\"> \u00a9 Diana Rey Melo \/ Greenpeace<\/div><\/figcaption><\/figure>\n\n<p>Adem\u00e1s de la <strong>tripulaci\u00f3n<\/strong> conformada por personas de diferentes pa\u00edses nos subimos representantes de campa\u00f1as e investigaci\u00f3n de <strong>Greenpeace Andino<\/strong> y un equipo de registro para retratar la expedici\u00f3n de la mejor manera, para que nada de lo que ocurra quede afuera y este viaje sea parte clave de la historia de Greenpeace Colombia y de la protecci\u00f3n de nuestro oc\u00e9ano pac\u00edfico.<\/p>\n\n<figure class=\"wp-block-image size-large\"><img loading=\"lazy\" decoding=\"async\" width=\"1024\" height=\"683\" src=\"https:\/\/www.greenpeace.org\/static\/planet4-colombia-stateless\/2024\/04\/a5e8832e-dreym_img_4496-1024x683.jpg\" alt=\"\" class=\"wp-image-12078\" srcset=\"https:\/\/www.greenpeace.org\/static\/planet4-colombia-stateless\/2024\/04\/a5e8832e-dreym_img_4496-1024x683.jpg 1024w, https:\/\/www.greenpeace.org\/static\/planet4-colombia-stateless\/2024\/04\/a5e8832e-dreym_img_4496-300x200.jpg 300w, https:\/\/www.greenpeace.org\/static\/planet4-colombia-stateless\/2024\/04\/a5e8832e-dreym_img_4496-768x512.jpg 768w, https:\/\/www.greenpeace.org\/static\/planet4-colombia-stateless\/2024\/04\/a5e8832e-dreym_img_4496-1536x1024.jpg 1536w, https:\/\/www.greenpeace.org\/static\/planet4-colombia-stateless\/2024\/04\/a5e8832e-dreym_img_4496-2048x1366.jpg 2048w, https:\/\/www.greenpeace.org\/static\/planet4-colombia-stateless\/2024\/04\/a5e8832e-dreym_img_4496-510x340.jpg 510w\" sizes=\"auto, (max-width: 1024px) 100vw, 1024px\" \/><figcaption class=\"wp-element-caption\">\u00a9\u00a0Diana Rey Melo \/ Greenpeace<\/figcaption><\/figure>\n\n<figure class=\"wp-block-image size-large\"><img loading=\"lazy\" decoding=\"async\" width=\"1024\" height=\"683\" src=\"https:\/\/www.greenpeace.org\/static\/planet4-colombia-stateless\/2024\/04\/9d1b69cd-dreym_img_0182-1024x683.jpg\" alt=\"\" class=\"wp-image-12111\" srcset=\"https:\/\/www.greenpeace.org\/static\/planet4-colombia-stateless\/2024\/04\/9d1b69cd-dreym_img_0182-1024x683.jpg 1024w, https:\/\/www.greenpeace.org\/static\/planet4-colombia-stateless\/2024\/04\/9d1b69cd-dreym_img_0182-300x200.jpg 300w, https:\/\/www.greenpeace.org\/static\/planet4-colombia-stateless\/2024\/04\/9d1b69cd-dreym_img_0182-768x512.jpg 768w, https:\/\/www.greenpeace.org\/static\/planet4-colombia-stateless\/2024\/04\/9d1b69cd-dreym_img_0182-1536x1024.jpg 1536w, https:\/\/www.greenpeace.org\/static\/planet4-colombia-stateless\/2024\/04\/9d1b69cd-dreym_img_0182-2048x1366.jpg 2048w, https:\/\/www.greenpeace.org\/static\/planet4-colombia-stateless\/2024\/04\/9d1b69cd-dreym_img_0182-510x340.jpg 510w\" sizes=\"auto, (max-width: 1024px) 100vw, 1024px\" \/><figcaption class=\"wp-element-caption\">\u00a9\u00a0Diana Rey Melo \/ Greenpeace<\/figcaption><\/figure>\n\n<p>Tambi\u00e9n nos acompa\u00f1\u00f3 un <strong>equipo de profesionales de biodiversidad marina<\/strong>: \u00a0 miembros de la <strong>Fundaci\u00f3n Malpelo<\/strong>.\u00a0 Junto a quienes m\u00e1s saben documentamos por primera vez una zona de <strong>montes submarinos<\/strong> y <strong>arrecifes.<\/strong> <\/p>\n\n<p>La apne\u00edsta r\u00e9cord <strong>Sof\u00eda G\u00f3mez Uribe<\/strong> tambi\u00e9n fue nuestra cara, vocera y representante en esta experiencia<\/p>\n\n<figure class=\"wp-block-image size-large\"><img loading=\"lazy\" decoding=\"async\" width=\"1024\" height=\"683\" src=\"https:\/\/www.greenpeace.org\/static\/planet4-colombia-stateless\/2024\/04\/20240404-Isla-Malpelo-Sofia-Gomez-Credito-Diana-Rey-Melo-Greenpeace-13-1-1024x683.jpg\" alt=\"\" class=\"wp-image-12036\" srcset=\"https:\/\/www.greenpeace.org\/static\/planet4-colombia-stateless\/2024\/04\/20240404-Isla-Malpelo-Sofia-Gomez-Credito-Diana-Rey-Melo-Greenpeace-13-1-1024x683.jpg 1024w, https:\/\/www.greenpeace.org\/static\/planet4-colombia-stateless\/2024\/04\/20240404-Isla-Malpelo-Sofia-Gomez-Credito-Diana-Rey-Melo-Greenpeace-13-1-300x200.jpg 300w, https:\/\/www.greenpeace.org\/static\/planet4-colombia-stateless\/2024\/04\/20240404-Isla-Malpelo-Sofia-Gomez-Credito-Diana-Rey-Melo-Greenpeace-13-1-768x512.jpg 768w, https:\/\/www.greenpeace.org\/static\/planet4-colombia-stateless\/2024\/04\/20240404-Isla-Malpelo-Sofia-Gomez-Credito-Diana-Rey-Melo-Greenpeace-13-1-1536x1024.jpg 1536w, https:\/\/www.greenpeace.org\/static\/planet4-colombia-stateless\/2024\/04\/20240404-Isla-Malpelo-Sofia-Gomez-Credito-Diana-Rey-Melo-Greenpeace-13-1-2048x1366.jpg 2048w, https:\/\/www.greenpeace.org\/static\/planet4-colombia-stateless\/2024\/04\/20240404-Isla-Malpelo-Sofia-Gomez-Credito-Diana-Rey-Melo-Greenpeace-13-1-510x340.jpg 510w\" sizes=\"auto, (max-width: 1024px) 100vw, 1024px\" \/><figcaption class=\"wp-element-caption\">\u00a9\u00a0Diana Rey Melo \/ Greenpeace<\/figcaption><\/figure>\n\n<p>Mostramos la belleza natural de un \u00e1rea que es zona de alimentaci\u00f3n o tr\u00e1nsito de varias especies ic\u00f3nicas como: <strong>Ballena Jorobada, Tibur\u00f3n Martillo, Tibur\u00f3n Ballena, Tortuga Verde<\/strong>; cuyo estado de conservaci\u00f3n es vulnerable.<\/p>\n\n<h4 class=\"wp-block-heading\"><strong>\u00bfPor qu\u00e9 un tour en barco?<\/strong><\/h4>\n\n<figure class=\"wp-block-image size-large\"><img loading=\"lazy\" decoding=\"async\" width=\"1024\" height=\"683\" src=\"https:\/\/www.greenpeace.org\/static\/planet4-colombia-stateless\/2024\/04\/ee55c45d-dreym_img_2964-1024x683.jpg\" alt=\"\" class=\"wp-image-12085\" srcset=\"https:\/\/www.greenpeace.org\/static\/planet4-colombia-stateless\/2024\/04\/ee55c45d-dreym_img_2964-1024x683.jpg 1024w, https:\/\/www.greenpeace.org\/static\/planet4-colombia-stateless\/2024\/04\/ee55c45d-dreym_img_2964-300x200.jpg 300w, https:\/\/www.greenpeace.org\/static\/planet4-colombia-stateless\/2024\/04\/ee55c45d-dreym_img_2964-768x512.jpg 768w, https:\/\/www.greenpeace.org\/static\/planet4-colombia-stateless\/2024\/04\/ee55c45d-dreym_img_2964-1536x1024.jpg 1536w, https:\/\/www.greenpeace.org\/static\/planet4-colombia-stateless\/2024\/04\/ee55c45d-dreym_img_2964-2048x1366.jpg 2048w, https:\/\/www.greenpeace.org\/static\/planet4-colombia-stateless\/2024\/04\/ee55c45d-dreym_img_2964-510x340.jpg 510w\" sizes=\"auto, (max-width: 1024px) 100vw, 1024px\" \/><figcaption class=\"wp-element-caption\">\u00a9\u00a0Diana Rey Melo \/ Greenpeace<div class=\"credit icon-left\"> \u00a9 Diana Rey Melo \/ Greenpeace<\/div><\/figcaption><\/figure>\n\n<p>Nos embarcamos en esta expedici\u00f3n porque es URGENTE. En lo profundo del<strong> Oc\u00e9ano Pac\u00edfico,<\/strong> hay una \u201c<strong>superautopista<\/strong>\u201d submarina que se extiende aproximadamente 700 kil\u00f3metros (430 millas) <strong>entre las reservas marinas de las Islas Gal\u00e1pagos de Ecuador y la Isla del Coco, frente a la costa de Costa Rica, pasando por el mar pac\u00edfico Colombiano.&nbsp;<\/strong><\/p>\n\n<figure class=\"wp-block-image size-large\"><img loading=\"lazy\" decoding=\"async\" width=\"1024\" height=\"682\" src=\"https:\/\/www.greenpeace.org\/static\/planet4-colombia-stateless\/2024\/04\/735283e2-dreym_img_0011-1024x682.jpg\" alt=\"\" class=\"wp-image-12109\" srcset=\"https:\/\/www.greenpeace.org\/static\/planet4-colombia-stateless\/2024\/04\/735283e2-dreym_img_0011-1024x682.jpg 1024w, https:\/\/www.greenpeace.org\/static\/planet4-colombia-stateless\/2024\/04\/735283e2-dreym_img_0011-300x200.jpg 300w, https:\/\/www.greenpeace.org\/static\/planet4-colombia-stateless\/2024\/04\/735283e2-dreym_img_0011-768x512.jpg 768w, https:\/\/www.greenpeace.org\/static\/planet4-colombia-stateless\/2024\/04\/735283e2-dreym_img_0011-1536x1023.jpg 1536w, https:\/\/www.greenpeace.org\/static\/planet4-colombia-stateless\/2024\/04\/735283e2-dreym_img_0011-2048x1364.jpg 2048w, https:\/\/www.greenpeace.org\/static\/planet4-colombia-stateless\/2024\/04\/735283e2-dreym_img_0011-510x340.jpg 510w\" sizes=\"auto, (max-width: 1024px) 100vw, 1024px\" \/><figcaption class=\"wp-element-caption\">\u00a9\u00a0Diana Rey Melo \/ Greenpeace<\/figcaption><\/figure>\n\n<figure class=\"wp-block-image size-large\"><img loading=\"lazy\" decoding=\"async\" width=\"1024\" height=\"683\" src=\"https:\/\/www.greenpeace.org\/static\/planet4-colombia-stateless\/2024\/04\/da093075-dreym_img_3434-1024x683.jpg\" alt=\"\" class=\"wp-image-12086\" srcset=\"https:\/\/www.greenpeace.org\/static\/planet4-colombia-stateless\/2024\/04\/da093075-dreym_img_3434-1024x683.jpg 1024w, https:\/\/www.greenpeace.org\/static\/planet4-colombia-stateless\/2024\/04\/da093075-dreym_img_3434-300x200.jpg 300w, https:\/\/www.greenpeace.org\/static\/planet4-colombia-stateless\/2024\/04\/da093075-dreym_img_3434-768x512.jpg 768w, https:\/\/www.greenpeace.org\/static\/planet4-colombia-stateless\/2024\/04\/da093075-dreym_img_3434-1536x1024.jpg 1536w, https:\/\/www.greenpeace.org\/static\/planet4-colombia-stateless\/2024\/04\/da093075-dreym_img_3434-2048x1366.jpg 2048w, https:\/\/www.greenpeace.org\/static\/planet4-colombia-stateless\/2024\/04\/da093075-dreym_img_3434-510x340.jpg 510w\" sizes=\"auto, (max-width: 1024px) 100vw, 1024px\" \/><figcaption class=\"wp-element-caption\">\u00a9\u00a0Diana Rey Melo \/ Greenpeace<\/figcaption><\/figure>\n\n<p>La <strong>ruta <\/strong>migratoria del <strong>Pac\u00edfico Colombiano<\/strong> es <strong>vital para la vida marina<\/strong> -incluidas tortugas marinas, tiburones, ballenas y tiburones martillo- que va y viene entre las islas, buscando un lugar para anidar o en busca de alimento.&nbsp;<\/p>\n\n<p><strong>Colombia<\/strong> tiene una posici\u00f3n estrat\u00e9gica en Sudam\u00e9rica porque es <strong>el \u00fanico pa\u00eds que tiene costas en los dos mares (Pac\u00edfico y Atl\u00e1ntico). <\/strong>Casi el 50% de su jurisdicci\u00f3n es agua, relativamente igual a los territorios emergidos (continentales e insulares).<\/p>\n\n<figure class=\"wp-block-image size-large\"><img loading=\"lazy\" decoding=\"async\" width=\"1024\" height=\"683\" src=\"https:\/\/www.greenpeace.org\/static\/planet4-colombia-stateless\/2024\/04\/20240405-Isla-Malpelo-Felipe-Ladino-Credito-Diana-Rey-Melo-Greenpeace-2-1024x683.jpg\" alt=\"\" class=\"wp-image-12057\" srcset=\"https:\/\/www.greenpeace.org\/static\/planet4-colombia-stateless\/2024\/04\/20240405-Isla-Malpelo-Felipe-Ladino-Credito-Diana-Rey-Melo-Greenpeace-2-1024x683.jpg 1024w, https:\/\/www.greenpeace.org\/static\/planet4-colombia-stateless\/2024\/04\/20240405-Isla-Malpelo-Felipe-Ladino-Credito-Diana-Rey-Melo-Greenpeace-2-300x200.jpg 300w, https:\/\/www.greenpeace.org\/static\/planet4-colombia-stateless\/2024\/04\/20240405-Isla-Malpelo-Felipe-Ladino-Credito-Diana-Rey-Melo-Greenpeace-2-768x512.jpg 768w, https:\/\/www.greenpeace.org\/static\/planet4-colombia-stateless\/2024\/04\/20240405-Isla-Malpelo-Felipe-Ladino-Credito-Diana-Rey-Melo-Greenpeace-2-1536x1024.jpg 1536w, https:\/\/www.greenpeace.org\/static\/planet4-colombia-stateless\/2024\/04\/20240405-Isla-Malpelo-Felipe-Ladino-Credito-Diana-Rey-Melo-Greenpeace-2-2048x1366.jpg 2048w, https:\/\/www.greenpeace.org\/static\/planet4-colombia-stateless\/2024\/04\/20240405-Isla-Malpelo-Felipe-Ladino-Credito-Diana-Rey-Melo-Greenpeace-2-510x340.jpg 510w\" sizes=\"auto, (max-width: 1024px) 100vw, 1024px\" \/><figcaption class=\"wp-element-caption\">\u00a9\u00a0Diana Rey Melo \/ Greenpeace<\/figcaption><\/figure>\n\n<p>Al estar en el tr\u00f3pico,<strong> cuenta con la presencia de ecosistemas marinos \u00fanicos como mesetas y montes submarinos, arrecifes coralinos, manglares y humedales<\/strong> algunos de ellos son: Parque Nacional Natural Uramba Bah\u00eda M\u00e1laga y el Santuario de Flora y Fauna Malpelo.&nbsp;<\/p>\n\n<figure class=\"wp-block-image size-large\"><img loading=\"lazy\" decoding=\"async\" width=\"1024\" height=\"683\" src=\"https:\/\/www.greenpeace.org\/static\/planet4-colombia-stateless\/2024\/04\/20240401-Voluntarios-en-el-Arctic-Sunrise-Credito-Martin-Katz-Greenpeace-6-1-1024x683.jpg\" alt=\"\" class=\"wp-image-11971\" srcset=\"https:\/\/www.greenpeace.org\/static\/planet4-colombia-stateless\/2024\/04\/20240401-Voluntarios-en-el-Arctic-Sunrise-Credito-Martin-Katz-Greenpeace-6-1-1024x683.jpg 1024w, https:\/\/www.greenpeace.org\/static\/planet4-colombia-stateless\/2024\/04\/20240401-Voluntarios-en-el-Arctic-Sunrise-Credito-Martin-Katz-Greenpeace-6-1-300x200.jpg 300w, https:\/\/www.greenpeace.org\/static\/planet4-colombia-stateless\/2024\/04\/20240401-Voluntarios-en-el-Arctic-Sunrise-Credito-Martin-Katz-Greenpeace-6-1-768x512.jpg 768w, https:\/\/www.greenpeace.org\/static\/planet4-colombia-stateless\/2024\/04\/20240401-Voluntarios-en-el-Arctic-Sunrise-Credito-Martin-Katz-Greenpeace-6-1-1536x1024.jpg 1536w, https:\/\/www.greenpeace.org\/static\/planet4-colombia-stateless\/2024\/04\/20240401-Voluntarios-en-el-Arctic-Sunrise-Credito-Martin-Katz-Greenpeace-6-1-2048x1366.jpg 2048w, https:\/\/www.greenpeace.org\/static\/planet4-colombia-stateless\/2024\/04\/20240401-Voluntarios-en-el-Arctic-Sunrise-Credito-Martin-Katz-Greenpeace-6-1-510x340.jpg 510w\" sizes=\"auto, (max-width: 1024px) 100vw, 1024px\" \/><figcaption class=\"wp-element-caption\">\u00a9\u00a0Diana Rey Melo \/ Greenpeace<\/figcaption><\/figure>\n\n<p>Nuestro barco <strong>Arctic Sunrise<\/strong> es un rompehielos que ya lleva varios a\u00f1os denunciando las amenazas a los mares y oc\u00e9anos alrededor del mundo en campa\u00f1a por un <strong>Tratado Global sobre los Oc\u00e9anos<\/strong> que se firm\u00f3 en las Naciones Unidas hace aproximadamente un a\u00f1o. <\/p>\n\n<p>El Tratado podr\u00eda establecer santuarios marinos en el mar con un instrumento internacional jur\u00eddicamente vinculante que pueda proteger la vida y los h\u00e1bitats marinos fuera de la jurisdicci\u00f3n nacional.<\/p>\n\n<h4 class=\"wp-block-heading\"><strong>Conoce m\u00e1s sobre nuestro barco Arctic Sunrise<\/strong>:<\/h4>\n\n<figure class=\"wp-block-embed is-type-wp-embed is-provider-greenpeace-colombia wp-block-embed-greenpeace-colombia\"><div class=\"wp-block-embed__wrapper\">\n<blockquote class=\"wp-embedded-content\" data-secret=\"owXJtol6eT\"><a href=\"https:\/\/www.greenpeace.org\/colombia\/nuestros-barcos\/arctic-sunrise\/\">Arctic Sunrise<\/a><\/blockquote><iframe loading=\"lazy\" class=\"wp-embedded-content\" sandbox=\"allow-scripts\" security=\"restricted\" style=\"position: absolute; clip: rect(1px, 1px, 1px, 1px);\" title=\"&#8220;Arctic Sunrise&#8221; &#8212; Greenpeace Colombia\" src=\"https:\/\/www.greenpeace.org\/colombia\/nuestros-barcos\/arctic-sunrise\/embed\/#?secret=NOInLtJThG#?secret=owXJtol6eT\" data-secret=\"owXJtol6eT\" width=\"500\" height=\"282\" frameborder=\"0\" marginwidth=\"0\" marginheight=\"0\" scrolling=\"no\"><\/iframe>\n<\/div><\/figure>\n","protected":false},"excerpt":{"rendered":"<p>Luego de su traves\u00eda investigativa en las Islas Gal\u00e1pagos y como parte de la campa\u00f1a internacional de Pl\u00e1sticos, el barco Arctic Sunrise lleg\u00f3 al puerto de Buenaventura y luego se dirigi\u00f3 al Santuario de Flora y Fauna Isla de Malpelo (declarada Sitio de Patrimonio Natural por la UNESCO) para documentar la importancia ecosist\u00e9mica de migraci\u00f3n, [&hellip;]<\/p>\n","protected":false},"author":21,"featured_media":12097,"parent":0,"menu_order":0,"comment_status":"closed","ping_status":"closed","template":"","meta":{"ep_exclude_from_search":false,"p4_hide_page_title_checkbox":"","p4_title":"","p4_subtitle":"","p4_description":"","background_image_id":"","background_image":"","p4_button_title":"","p4_button_link":"","p4_button_link_checkbox":"","p4_og_title":"","p4_og_description":"","p4_og_image":"","p4_og_image_id":"","p4_seo_canonical_url":"","p4_campaign_name":"","p4_local_project":"","p4_basket_name":"","p4_department":"","footnotes":""},"categories":[],"tags":[],"class_list":["post-11580","page","type-page","status-publish","has-post-thumbnail","hentry"],"_links":{"self":[{"href":"https:\/\/www.greenpeace.org\/colombia\/wp-json\/wp\/v2\/pages\/11580","targetHints":{"allow":["GET"]}}],"collection":[{"href":"https:\/\/www.greenpeace.org\/colombia\/wp-json\/wp\/v2\/pages"}],"about":[{"href":"https:\/\/www.greenpeace.org\/colombia\/wp-json\/wp\/v2\/types\/page"}],"author":[{"embeddable":true,"href":"https:\/\/www.greenpeace.org\/colombia\/wp-json\/wp\/v2\/users\/21"}],"replies":[{"embeddable":true,"href":"https:\/\/www.greenpeace.org\/colombia\/wp-json\/wp\/v2\/comments?post=11580"}],"version-history":[{"count":4,"href":"https:\/\/www.greenpeace.org\/colombia\/wp-json\/wp\/v2\/pages\/11580\/revisions"}],"predecessor-version":[{"id":12187,"href":"https:\/\/www.greenpeace.org\/colombia\/wp-json\/wp\/v2\/pages\/11580\/revisions\/12187"}],"wp:featuredmedia":[{"embeddable":true,"href":"https:\/\/www.greenpeace.org\/colombia\/wp-json\/wp\/v2\/media\/12097"}],"wp:attachment":[{"href":"https:\/\/www.greenpeace.org\/colombia\/wp-json\/wp\/v2\/media?parent=11580"}],"wp:term":[{"taxonomy":"category","embeddable":true,"href":"https:\/\/www.greenpeace.org\/colombia\/wp-json\/wp\/v2\/categories?post=11580"},{"taxonomy":"post_tag","embeddable":true,"href":"https:\/\/www.greenpeace.org\/colombia\/wp-json\/wp\/v2\/tags?post=11580"}],"curies":[{"name":"wp","href":"https:\/\/api.w.org\/{rel}","templated":true}]}}