{"id":12566,"date":"2024-06-18T18:23:10","date_gmt":"2024-06-18T18:23:10","guid":{"rendered":"https:\/\/www.greenpeace.org\/colombia\/?page_id=12566"},"modified":"2025-04-09T16:27:12","modified_gmt":"2025-04-09T16:27:12","slug":"dialogo-directo","status":"publish","type":"page","link":"https:\/\/www.greenpeace.org\/colombia\/dialogo-directo\/","title":{"rendered":"\u00a1S\u00famate como socio al cambio con nuestros Captadores de Di\u00e1logo Directo!"},"content":{"rendered":"\n\n<div class=\"wp-block-group alignfull is-layout-flow wp-block-group-is-layout-flow\">\n<div class=\"wp-block-group container is-layout-flow wp-block-group-is-layout-flow\">\n<div class=\"wp-block-media-text alignfull has-media-on-the-right is-stacked-on-mobile is-vertically-aligned-top is-pattern-p4-page-header is-style-parallax\"><div class=\"wp-block-media-text__content\">\n<div class=\"wp-block-group is-layout-flow wp-block-group-is-layout-flow\">\n<h1 class=\"wp-block-heading has-blue-green-800-color has-white-background-color has-text-color has-background has-link-color wp-elements-8e71510cc2611d1915211d9b33b7e656\">Captadores de di\u00e1logo directo<\/h1>\n<\/div>\n\n\n\n<p style=\"font-size:1.25rem\">S\u00famate como socio al cambio con nuestros Captadores de Di\u00e1logo Directo!<\/p>\n<\/div><figure class=\"wp-block-media-text__media\"><img loading=\"lazy\" decoding=\"async\" width=\"1024\" height=\"683\" src=\"https:\/\/www.greenpeace.org\/static\/planet4-colombia-stateless\/2024\/07\/4f31035e-gp1sxewb_medium-res-with-credit-line-1200px-1024x683.jpg\" alt=\"\" sizes=\"auto, (min-width: 601px) 50vw, 100vw\" srcset=\"https:\/\/www.greenpeace.org\/static\/planet4-colombia-stateless\/2024\/07\/4f31035e-gp1sxewb_medium-res-with-credit-line-1200px.jpg 1200w, https:\/\/www.greenpeace.org\/static\/planet4-colombia-stateless\/2024\/07\/4f31035e-gp1sxewb_medium-res-with-credit-line-1200px-300x200.jpg 300w, https:\/\/www.greenpeace.org\/static\/planet4-colombia-stateless\/2024\/07\/4f31035e-gp1sxewb_medium-res-with-credit-line-1200px-1024x683.jpg 1024w, https:\/\/www.greenpeace.org\/static\/planet4-colombia-stateless\/2024\/07\/4f31035e-gp1sxewb_medium-res-with-credit-line-1200px-768x512.jpg 768w, https:\/\/www.greenpeace.org\/static\/planet4-colombia-stateless\/2024\/07\/4f31035e-gp1sxewb_medium-res-with-credit-line-1200px-510x340.jpg 510w\" class=\"wp-image-12637 size-full\"\/><\/figure><\/div>\n<\/div>\n<\/div>\n\n\n<p>En Greenpeace, <strong>creemos en el poder de las personas para hacer un cambio real y duradero<\/strong>. <\/p>\n\n<p>Cada d\u00eda, nuestr@s dedicados captador@s de di\u00e1logo directo<strong> est\u00e1n en las calles, sumando a m\u00e1s y m\u00e1s socios que comparten nuestra pasi\u00f3n por proteger el planeta<\/strong>. <\/p>\n\n<p>Su labor incansable es la clave para mantener nuestra independencia pol\u00edtica y econ\u00f3mica, ya que<strong> todo lo que hacemos es posible gracias al compromiso de nuestros socios y socias.<\/strong><\/p>\n<div data-hydrate=\"planet4-blocks\/gallery\" data-attributes=\"{&quot;attributes&quot;:{&quot;multiple_image&quot;:&quot;12636,12779,12633,12778&quot;,&quot;image_data&quot;:[{&quot;url&quot;:&quot;https:\\\/\\\/www.greenpeace.org\\\/static\\\/planet4-colombia-stateless\\\/2024\\\/07\\\/8d368576-gp029hg_medium-res-with-credit-line-1200px.jpg&quot;,&quot;focalPoint&quot;:{&quot;x&quot;:0.5,&quot;y&quot;:0.5},&quot;id&quot;:12636},{&quot;url&quot;:&quot;https:\\\/\\\/www.greenpeace.org\\\/static\\\/planet4-colombia-stateless\\\/2024\\\/08\\\/713f14e2-captador.dialogo2.jpg&quot;,&quot;focalPoint&quot;:{&quot;x&quot;:0.5,&quot;y&quot;:0.5},&quot;id&quot;:12779},{&quot;url&quot;:&quot;https:\\\/\\\/www.greenpeace.org\\\/static\\\/planet4-colombia-stateless\\\/2024\\\/07\\\/29ef2a68-gp0stwkqk_medium-res-with-credit-line-1200px.jpg&quot;,&quot;focalPoint&quot;:{&quot;x&quot;:0.5,&quot;y&quot;:0.5},&quot;id&quot;:12633},{&quot;url&quot;:&quot;https:\\\/\\\/www.greenpeace.org\\\/static\\\/planet4-colombia-stateless\\\/2024\\\/08\\\/2141ef34-captador.dialogo.jpg&quot;,&quot;focalPoint&quot;:{&quot;x&quot;:0.5,&quot;y&quot;:0.5},&quot;id&quot;:12778}],&quot;className&quot;:&quot;is-style-grid&quot;,&quot;gallery_block_style&quot;:0,&quot;gallery_block_title&quot;:&quot;&quot;,&quot;gallery_block_description&quot;:&quot;&quot;,&quot;gallery_block_focus_points&quot;:&quot;&quot;,&quot;images&quot;:[{&quot;image_src&quot;:&quot;https:\\\/\\\/www.greenpeace.org\\\/static\\\/planet4-colombia-stateless\\\/2024\\\/07\\\/8d368576-gp029hg_medium-res-with-credit-line-1200px.jpg&quot;,&quot;image_srcset&quot;:&quot;https:\\\/\\\/www.greenpeace.org\\\/static\\\/planet4-colombia-stateless\\\/2024\\\/07\\\/8d368576-gp029hg_medium-res-with-credit-line-1200px.jpg 1199w, https:\\\/\\\/www.greenpeace.org\\\/static\\\/planet4-colombia-stateless\\\/2024\\\/07\\\/8d368576-gp029hg_medium-res-with-credit-line-1200px-300x211.jpg 300w, https:\\\/\\\/www.greenpeace.org\\\/static\\\/planet4-colombia-stateless\\\/2024\\\/07\\\/8d368576-gp029hg_medium-res-with-credit-line-1200px-1024x722.jpg 1024w, https:\\\/\\\/www.greenpeace.org\\\/static\\\/planet4-colombia-stateless\\\/2024\\\/07\\\/8d368576-gp029hg_medium-res-with-credit-line-1200px-768x541.jpg 768w, https:\\\/\\\/www.greenpeace.org\\\/static\\\/planet4-colombia-stateless\\\/2024\\\/07\\\/8d368576-gp029hg_medium-res-with-credit-line-1200px-482x340.jpg 482w&quot;,&quot;image_sizes&quot;:false,&quot;alt_text&quot;:&quot;&quot;,&quot;caption&quot;:&quot;Campa\\u00f1a de voluntarios de Greenpeace en las calles&quot;,&quot;focus_image&quot;:&quot;&quot;,&quot;credits&quot;:&quot;&quot;},{&quot;image_src&quot;:&quot;https:\\\/\\\/www.greenpeace.org\\\/static\\\/planet4-colombia-stateless\\\/2024\\\/08\\\/713f14e2-captador.dialogo2.jpg&quot;,&quot;image_srcset&quot;:&quot;https:\\\/\\\/www.greenpeace.org\\\/static\\\/planet4-colombia-stateless\\\/2024\\\/08\\\/713f14e2-captador.dialogo2.jpg 1200w, https:\\\/\\\/www.greenpeace.org\\\/static\\\/planet4-colombia-stateless\\\/2024\\\/08\\\/713f14e2-captador.dialogo2-300x200.jpg 300w, https:\\\/\\\/www.greenpeace.org\\\/static\\\/planet4-colombia-stateless\\\/2024\\\/08\\\/713f14e2-captador.dialogo2-1024x683.jpg 1024w, https:\\\/\\\/www.greenpeace.org\\\/static\\\/planet4-colombia-stateless\\\/2024\\\/08\\\/713f14e2-captador.dialogo2-768x512.jpg 768w, https:\\\/\\\/www.greenpeace.org\\\/static\\\/planet4-colombia-stateless\\\/2024\\\/08\\\/713f14e2-captador.dialogo2-510x340.jpg 510w&quot;,&quot;image_sizes&quot;:false,&quot;alt_text&quot;:&quot;&quot;,&quot;caption&quot;:&quot;Campa\\u00f1a de voluntarios de Greenpeace en las calles&quot;,&quot;focus_image&quot;:&quot;&quot;,&quot;credits&quot;:&quot;&quot;},{&quot;image_src&quot;:&quot;https:\\\/\\\/www.greenpeace.org\\\/static\\\/planet4-colombia-stateless\\\/2024\\\/07\\\/29ef2a68-gp0stwkqk_medium-res-with-credit-line-1200px.jpg&quot;,&quot;image_srcset&quot;:&quot;https:\\\/\\\/www.greenpeace.org\\\/static\\\/planet4-colombia-stateless\\\/2024\\\/07\\\/29ef2a68-gp0stwkqk_medium-res-with-credit-line-1200px.jpg 1200w, https:\\\/\\\/www.greenpeace.org\\\/static\\\/planet4-colombia-stateless\\\/2024\\\/07\\\/29ef2a68-gp0stwkqk_medium-res-with-credit-line-1200px-300x200.jpg 300w, https:\\\/\\\/www.greenpeace.org\\\/static\\\/planet4-colombia-stateless\\\/2024\\\/07\\\/29ef2a68-gp0stwkqk_medium-res-with-credit-line-1200px-1024x681.jpg 1024w, https:\\\/\\\/www.greenpeace.org\\\/static\\\/planet4-colombia-stateless\\\/2024\\\/07\\\/29ef2a68-gp0stwkqk_medium-res-with-credit-line-1200px-768x511.jpg 768w, https:\\\/\\\/www.greenpeace.org\\\/static\\\/planet4-colombia-stateless\\\/2024\\\/07\\\/29ef2a68-gp0stwkqk_medium-res-with-credit-line-1200px-510x340.jpg 510w&quot;,&quot;image_sizes&quot;:false,&quot;alt_text&quot;:&quot;&quot;,&quot;caption&quot;:&quot;Campa\\u00f1a de voluntarios de Greenpeace en las calles&quot;,&quot;focus_image&quot;:&quot;&quot;,&quot;credits&quot;:&quot;&quot;},{&quot;image_src&quot;:&quot;https:\\\/\\\/www.greenpeace.org\\\/static\\\/planet4-colombia-stateless\\\/2024\\\/08\\\/2141ef34-captador.dialogo.jpg&quot;,&quot;image_srcset&quot;:&quot;https:\\\/\\\/www.greenpeace.org\\\/static\\\/planet4-colombia-stateless\\\/2024\\\/08\\\/2141ef34-captador.dialogo.jpg 1200w, https:\\\/\\\/www.greenpeace.org\\\/static\\\/planet4-colombia-stateless\\\/2024\\\/08\\\/2141ef34-captador.dialogo-300x200.jpg 300w, https:\\\/\\\/www.greenpeace.org\\\/static\\\/planet4-colombia-stateless\\\/2024\\\/08\\\/2141ef34-captador.dialogo-1024x683.jpg 1024w, https:\\\/\\\/www.greenpeace.org\\\/static\\\/planet4-colombia-stateless\\\/2024\\\/08\\\/2141ef34-captador.dialogo-768x512.jpg 768w, https:\\\/\\\/www.greenpeace.org\\\/static\\\/planet4-colombia-stateless\\\/2024\\\/08\\\/2141ef34-captador.dialogo-510x340.jpg 510w&quot;,&quot;image_sizes&quot;:false,&quot;alt_text&quot;:&quot;&quot;,&quot;caption&quot;:&quot;Campa\\u00f1a de voluntarios de Greenpeace en las calles&quot;,&quot;focus_image&quot;:&quot;&quot;,&quot;credits&quot;:&quot;&quot;}]}}\"><section class=\"block gallery-grid is-style-grid\"><\/section><\/div>\n<p class=\"has-action-yellow-background-color has-background\">Nuestr@s<strong> captador@s est\u00e1n ah\u00ed para contarte qui\u00e9nes somos, para compartir nuestras campa\u00f1as y victorias, e invitarte a unirte a nuestra misi\u00f3n.<\/strong> <\/p>\n\n<h2 class=\"wp-block-heading\" style=\"text-transform:uppercase\"><strong>Podr\u00e1s encontrarnos en<\/strong> <strong>Bogot\u00e1 en:<\/strong><\/h2>\n\n<figure class=\"wp-block-table aligncenter is-style-stripes has-medium-font-size\"><table class=\"has-grey-background-color has-background\"><thead><tr><th>ZONA<\/th><th>DIRECCI\u00d3N<\/th><\/tr><\/thead><tbody><tr><td>&nbsp;EL Tiempo<\/td><td>cra 7 con av Jim\u00e9nez<\/td><\/tr><tr><td>&nbsp;Carulla 140<\/td><td>Cra. 11 #140-29<\/td><\/tr><tr><td>&nbsp;Plaza de Bolivar<\/td><td>Cra. 7 #11-10, La Candelaria<\/td><\/tr><tr><td>&nbsp;Museo Nacional<\/td><td>Cra. 7 #N. 28-66<\/td><\/tr><tr><td>&nbsp;Carulla calle 85<\/td><td>Ac. 85 #15-5<\/td><\/tr><tr><td>&nbsp;Parque la Colina<\/td><td>Cra. 58d #146-51<\/td><\/tr><tr><td>&nbsp;Bulevar<\/td><td>Ak. 58 #127-59<\/td><\/tr><\/tbody><\/table><\/figure>\n\n<p class=\"has-text-align-center\"><\/p>\n\n<div class=\"wp-block-media-text has-media-on-the-right is-stacked-on-mobile is-style-default has-white-background-color has-background\" style=\"grid-template-columns:auto 25%\"><div class=\"wp-block-media-text__content\">\n<p>\u2714\ufe0fPara facilitar tu suscripci\u00f3n y hacerla m\u00e1s amigable con el medio ambiente, ofrecemos <strong>m\u00e9todos digitales sostenibles. <\/strong><\/p>\n\n\n\n<p>\u2714\ufe0fPuedes unirte a trav\u00e9s de un <strong>c\u00f3digo QR que nuestros captadores te proporcionar\u00e1n; solo tienes que escanearlo con tu celular y completar tu suscripci\u00f3n desde tu dispositivo mediante el m\u00e9todo One Click<\/strong>.<\/p>\n\n\n\n<p>\u2714\ufe0fPreferimos estos <strong>m\u00e9todos digitales<\/strong> porque son sustentables y reducen nuestra huella ecol\u00f3gica.<\/p>\n\n\n\n<p>\u2714\ufe0fAl asociarte a Greenpeace, asumes un compromiso crucial: una donaci\u00f3n mensual e indefinida. Este aporte regular es esencial, ya que nos permite planificar y ejecutar nuestras acciones en defensa del medio ambiente a largo plazo.<\/p>\n<\/div><figure class=\"wp-block-media-text__media\"><img loading=\"lazy\" decoding=\"async\" width=\"613\" height=\"607\" src=\"https:\/\/www.greenpeace.org\/static\/planet4-colombia-stateless\/2024\/07\/8042b123-qrdd.png\" alt=\"\" sizes=\"auto, (min-width: 1600px) calc((1320px - 24px) \/ 4),(min-width: 1200px) calc((1140px - 24px) \/ 4),(min-width: 992px) calc((960px - 24px) \/ 4),(min-width: 768px) calc((720px - 24px) \/ 4),(min-width: 601px) calc((540px - 24px) \/ 4),(min-width: 577px) calc((540px - 24px) \/ 1), calc(100vw - 24px)\" srcset=\"https:\/\/www.greenpeace.org\/static\/planet4-colombia-stateless\/2024\/07\/8042b123-qrdd.png 613w, https:\/\/www.greenpeace.org\/static\/planet4-colombia-stateless\/2024\/07\/8042b123-qrdd-300x297.png 300w, https:\/\/www.greenpeace.org\/static\/planet4-colombia-stateless\/2024\/07\/8042b123-qrdd-150x150.png 150w, https:\/\/www.greenpeace.org\/static\/planet4-colombia-stateless\/2024\/07\/8042b123-qrdd-343x340.png 343w\" class=\"wp-image-12651 size-full\"\/><\/figure><\/div>\n\n<p class=\"has-grey-200-background-color has-background\">Ser parte de Greenpeace significa ser parte de un movimiento global que lucha por un futuro verde y sostenible. <strong>Necesitamos tu apoyo continuo para seguir enfrentando los desaf\u00edos ambientales y promover soluciones reales. Tu contribuci\u00f3n mensual nos da la fuerza y la independencia <\/strong>necesarias para actuar con valent\u00eda y sin restricciones.<\/p>\n\n<p><strong>Cada conversaci\u00f3n que nuestros captadores tienen, cada nuevo soci@ que se une, fortalece nuestra capacidad para proteger el planeta<\/strong>. Agradecemos profundamente a nuestr@s captador@s por su dedicaci\u00f3n y a todas las personas que deciden apoyar nuestra causa. Juntos, somos imparables.<\/p>\n\n<p class=\"has-text-align-center has-white-color has-grey-800-background-color has-text-color has-background has-link-color wp-elements-93a84e13f444c67a1698c2a3669b2ef8\" style=\"font-size:24px;text-transform:uppercase\"><strong>No esperes m\u00e1s, \u00fanete hoy mismo a Greenpeace y s\u00e9 parte del cambio.<\/strong><br>\u00a1<strong>Haz tu compromiso con el medio ambiente y ay\u00fadanos a crear un mundo mejor para las futuras generaciones!<\/strong><\/p>\n\n<div class=\"wp-block-group alignfull has-grey-100-background-color has-background is-layout-constrained wp-block-group-is-layout-constrained\">\n\n<div style=\"height:20px\" aria-hidden=\"true\" class=\"wp-block-spacer\"><\/div>\n\n\n\n<h2 class=\"wp-block-heading alignfull has-text-align-center\">Conoce los temas en los que trabajamos<\/h2>\n\n\n\n<p class=\"has-text-align-center\">Realizamos campa\u00f1as que abordan las siguientes tem\u00e1ticas. Puedes leer por tema, encontrar informaci\u00f3n valiosa, sumarte a las peticiones y ser parte del cambio.<\/p>\n\n\n\n<div class=\"wp-block-columns are-vertically-aligned-bottom block is-layout-flex wp-container-core-columns-is-layout-9d6595d7 wp-block-columns-is-layout-flex\">\n<div class=\"wp-block-column is-vertically-aligned-bottom is-layout-flow wp-block-column-is-layout-flow\" style=\"flex-basis:200px\">\n<div id=\"https:\/\/www.greenpeace.org\/colombia\/campanas\/bosques\" class=\"wp-block-group group-stretched-link is-layout-flow wp-block-group-is-layout-flow\">\n<figure class=\"wp-block-image aligncenter size-full is-resized mb-0 force-no-lightbox force-no-caption is-style-rounded-90\"><a href=\"https:\/\/www.greenpeace.org\/colombia\/campanas\/bosques\"><img loading=\"lazy\" decoding=\"async\" width=\"1024\" height=\"1024\" src=\"https:\/\/www.greenpeace.org\/static\/planet4-colombia-stateless\/2023\/07\/e84efe46-bosques.png\" alt=\"\" class=\"wp-image-9999\" style=\"\" srcset=\"https:\/\/www.greenpeace.org\/static\/planet4-colombia-stateless\/2023\/07\/e84efe46-bosques.png 1024w, https:\/\/www.greenpeace.org\/static\/planet4-colombia-stateless\/2023\/07\/e84efe46-bosques-300x300.png 300w, https:\/\/www.greenpeace.org\/static\/planet4-colombia-stateless\/2023\/07\/e84efe46-bosques-150x150.png 150w, https:\/\/www.greenpeace.org\/static\/planet4-colombia-stateless\/2023\/07\/e84efe46-bosques-768x768.png 768w, https:\/\/www.greenpeace.org\/static\/planet4-colombia-stateless\/2023\/07\/e84efe46-bosques-340x340.png 340w\" sizes=\"auto, (max-width: 1024px) 100vw, 1024px\" \/><\/a><\/figure>\n\n\n\n<div style=\"height:20px\" aria-hidden=\"true\" class=\"wp-block-spacer\"><\/div>\n\n\n\n<h3 class=\"wp-block-heading has-text-align-center\" style=\"font-size:1.2rem\"><a href=\"https:\/\/www.greenpeace.org\/colombia\/campanas\/bosques\">Bosques<\/a><\/h3>\n\n\n\n<div style=\"height:16px\" aria-hidden=\"true\" class=\"wp-block-spacer\"><\/div>\n<\/div>\n<\/div>\n\n\n\n<div class=\"wp-block-column is-vertically-aligned-bottom is-layout-flow wp-block-column-is-layout-flow\" style=\"flex-basis:200px\">\n<div id=\"https:\/\/www.greenpeace.org\/colombia\/campanas\/clima-y-energia\" class=\"wp-block-group group-stretched-link is-layout-flow wp-block-group-is-layout-flow\">\n<figure class=\"wp-block-image aligncenter size-full is-resized mb-0 force-no-lightbox force-no-caption is-style-rounded-90\"><a href=\"https:\/\/www.greenpeace.org\/colombia\/campanas\/clima-y-energia\"><img loading=\"lazy\" decoding=\"async\" width=\"1024\" height=\"1024\" src=\"https:\/\/www.greenpeace.org\/static\/planet4-colombia-stateless\/2023\/07\/61c5221e-clima-y-energia.png\" alt=\"\" class=\"wp-image-10000\" style=\"\" srcset=\"https:\/\/www.greenpeace.org\/static\/planet4-colombia-stateless\/2023\/07\/61c5221e-clima-y-energia.png 1024w, https:\/\/www.greenpeace.org\/static\/planet4-colombia-stateless\/2023\/07\/61c5221e-clima-y-energia-300x300.png 300w, https:\/\/www.greenpeace.org\/static\/planet4-colombia-stateless\/2023\/07\/61c5221e-clima-y-energia-150x150.png 150w, https:\/\/www.greenpeace.org\/static\/planet4-colombia-stateless\/2023\/07\/61c5221e-clima-y-energia-768x768.png 768w, https:\/\/www.greenpeace.org\/static\/planet4-colombia-stateless\/2023\/07\/61c5221e-clima-y-energia-340x340.png 340w\" sizes=\"auto, (max-width: 1024px) 100vw, 1024px\" \/><\/a><\/figure>\n\n\n\n<div style=\"height:20px\" aria-hidden=\"true\" class=\"wp-block-spacer\"><\/div>\n\n\n\n<h3 class=\"wp-block-heading has-text-align-center\" style=\"font-size:1.2rem\"><a href=\"https:\/\/www.greenpeace.org\/colombia\/campanas\/clima-y-energia\">Clima y energ\u00eda<\/a><\/h3>\n\n\n\n<div style=\"height:16px\" aria-hidden=\"true\" class=\"wp-block-spacer\"><\/div>\n<\/div>\n<\/div>\n\n\n\n<div class=\"wp-block-column is-vertically-aligned-bottom is-layout-flow wp-block-column-is-layout-flow\" style=\"flex-basis:200px\">\n<div id=\"https:\/\/www.greenpeace.org\/colombia\/campanas\/oceanos\" class=\"wp-block-group group-stretched-link is-layout-flow wp-block-group-is-layout-flow\">\n<figure class=\"wp-block-image aligncenter size-full is-resized mb-0 force-no-lightbox force-no-caption is-style-rounded-90\"><a href=\"greenpeace.org\/colombia\/campanas\/oceanos\"><img loading=\"lazy\" decoding=\"async\" width=\"1024\" height=\"1024\" src=\"https:\/\/www.greenpeace.org\/static\/planet4-colombia-stateless\/2023\/07\/457ac6a5-oceanos.png\" alt=\"\" class=\"wp-image-10002\" style=\"\" srcset=\"https:\/\/www.greenpeace.org\/static\/planet4-colombia-stateless\/2023\/07\/457ac6a5-oceanos.png 1024w, https:\/\/www.greenpeace.org\/static\/planet4-colombia-stateless\/2023\/07\/457ac6a5-oceanos-300x300.png 300w, https:\/\/www.greenpeace.org\/static\/planet4-colombia-stateless\/2023\/07\/457ac6a5-oceanos-150x150.png 150w, https:\/\/www.greenpeace.org\/static\/planet4-colombia-stateless\/2023\/07\/457ac6a5-oceanos-768x768.png 768w, https:\/\/www.greenpeace.org\/static\/planet4-colombia-stateless\/2023\/07\/457ac6a5-oceanos-340x340.png 340w\" sizes=\"auto, (max-width: 1024px) 100vw, 1024px\" \/><\/a><\/figure>\n\n\n\n<div style=\"height:20px\" aria-hidden=\"true\" class=\"wp-block-spacer\"><\/div>\n\n\n\n<h3 class=\"wp-block-heading has-text-align-center\" style=\"font-size:1.2rem\"><a href=\"http:\/\/greenpeace.org\/colombia\/campanas\/oceanos\">Oc\u00e9anos<\/a><\/h3>\n\n\n\n<div style=\"height:16px\" aria-hidden=\"true\" class=\"wp-block-spacer\"><\/div>\n<\/div>\n<\/div>\n\n\n\n<div class=\"wp-block-column is-vertically-aligned-bottom is-layout-flow wp-block-column-is-layout-flow\" style=\"flex-basis:230px\">\n<div id=\"https:\/\/www.greenpeace.org\/colombia\/campanas\/contaminacion\" class=\"wp-block-group group-stretched-link is-layout-flow wp-block-group-is-layout-flow\">\n<figure class=\"wp-block-image aligncenter size-full is-resized mb-0 force-no-lightbox force-no-caption is-style-rounded-90\"><a href=\"greenpeace.org\/colombia\/campanas\/contaminacion\"><img loading=\"lazy\" decoding=\"async\" width=\"1024\" height=\"1024\" src=\"https:\/\/www.greenpeace.org\/static\/planet4-colombia-stateless\/2023\/07\/95132eba-contaminca.png\" alt=\"\" class=\"wp-image-10001\" style=\"\" srcset=\"https:\/\/www.greenpeace.org\/static\/planet4-colombia-stateless\/2023\/07\/95132eba-contaminca.png 1024w, https:\/\/www.greenpeace.org\/static\/planet4-colombia-stateless\/2023\/07\/95132eba-contaminca-300x300.png 300w, https:\/\/www.greenpeace.org\/static\/planet4-colombia-stateless\/2023\/07\/95132eba-contaminca-150x150.png 150w, https:\/\/www.greenpeace.org\/static\/planet4-colombia-stateless\/2023\/07\/95132eba-contaminca-768x768.png 768w, https:\/\/www.greenpeace.org\/static\/planet4-colombia-stateless\/2023\/07\/95132eba-contaminca-340x340.png 340w\" sizes=\"auto, (max-width: 1024px) 100vw, 1024px\" \/><\/a><\/figure>\n\n\n\n<div style=\"height:20px\" aria-hidden=\"true\" class=\"wp-block-spacer\"><\/div>\n\n\n\n<h3 class=\"wp-block-heading has-text-align-center\" style=\"font-size:1.2rem\"><a href=\"http:\/\/greenpeace.org\/colombia\/campanas\/contaminacion\">Contaminaci\u00f3n<\/a><\/h3>\n\n\n\n<div style=\"height:16px\" aria-hidden=\"true\" class=\"wp-block-spacer\"><\/div>\n<\/div>\n<\/div>\n\n\n\n<div class=\"wp-block-column is-vertically-aligned-bottom is-layout-flow wp-block-column-is-layout-flow\" style=\"flex-basis:230px\">\n<div id=\"https:\/\/www.greenpeace.org\/colombia\/campanas\/contaminacion\" class=\"wp-block-group group-stretched-link is-layout-flow wp-block-group-is-layout-flow\">\n<figure class=\"wp-block-image aligncenter size-large is-resized mb-0 force-no-lightbox force-no-caption is-style-rounded-90\"><a href=\"greenpeace.org\/colombia\/campanas\/sustentabilidad\"><img loading=\"lazy\" decoding=\"async\" width=\"1024\" height=\"1024\" src=\"https:\/\/www.greenpeace.org\/static\/planet4-colombia-stateless\/2023\/08\/5381c73e-22_sustainable_finance-1-1024x1024.png\" alt=\"\" class=\"wp-image-10174\" style=\"\" srcset=\"https:\/\/www.greenpeace.org\/static\/planet4-colombia-stateless\/2023\/08\/5381c73e-22_sustainable_finance-1-1024x1024.png 1024w, https:\/\/www.greenpeace.org\/static\/planet4-colombia-stateless\/2023\/08\/5381c73e-22_sustainable_finance-1-300x300.png 300w, https:\/\/www.greenpeace.org\/static\/planet4-colombia-stateless\/2023\/08\/5381c73e-22_sustainable_finance-1-150x150.png 150w, https:\/\/www.greenpeace.org\/static\/planet4-colombia-stateless\/2023\/08\/5381c73e-22_sustainable_finance-1-768x769.png 768w, https:\/\/www.greenpeace.org\/static\/planet4-colombia-stateless\/2023\/08\/5381c73e-22_sustainable_finance-1-340x340.png 340w, https:\/\/www.greenpeace.org\/static\/planet4-colombia-stateless\/2023\/08\/5381c73e-22_sustainable_finance-1.png 1250w\" sizes=\"auto, (max-width: 1024px) 100vw, 1024px\" \/><\/a><\/figure>\n\n\n\n<div style=\"height:20px\" aria-hidden=\"true\" class=\"wp-block-spacer\"><\/div>\n\n\n\n<h3 class=\"wp-block-heading has-text-align-center\" style=\"font-size:1.2rem\"><a href=\"http:\/\/greenpeace.org\/colombia\/campanas\/sustentabilidad\">Sustentabilidad<\/a><\/h3>\n\n\n\n<div style=\"height:16px\" aria-hidden=\"true\" class=\"wp-block-spacer\"><\/div>\n<\/div>\n<\/div>\n<\/div>\n\n\n\n<div class=\"wp-block-buttons is-content-justification-center is-layout-flex wp-container-core-buttons-is-layout-16018d1d wp-block-buttons-is-layout-flex\">\n<div class=\"wp-block-button\" id=\"https:\/\/www.greenpeace.org\/colombia\/campanas\"><a class=\"wp-block-button__link has-text-align-center wp-element-button\" href=\"https:\/\/www.greenpeace.org\/colombia\/campanas\/\">Conoce nuestras campa\u00f1as y participa<\/a><\/div>\n<\/div>\n\n\n\n\n<div style=\"height:20px\" aria-hidden=\"true\" class=\"wp-block-spacer\"><\/div>\n<\/div>\n","protected":false},"excerpt":{"rendered":"<p>Cada d\u00eda, nuestos dedicados captador@s de di\u00e1logo directo est\u00e1n en las calles, sumando a m\u00e1s y m\u00e1s socios que comparten nuestra pasi\u00f3n por proteger el planeta.<\/p>\n","protected":false},"author":21,"featured_media":12635,"parent":0,"menu_order":0,"comment_status":"closed","ping_status":"closed","template":"","meta":{"ep_exclude_from_search":false,"p4_hide_page_title_checkbox":"on","p4_title":"","p4_subtitle":"","p4_description":"","background_image_id":"","background_image":"","p4_button_title":"","p4_button_link":"","p4_button_link_checkbox":"","p4_og_title":"\u00a1S\u00famate como socio al cambio con nuestros Captadores de Di\u00e1logo Directo!","p4_og_description":"Cada d\u00eda, nuestos dedicados captador@s de di\u00e1logo directo est\u00e1n en las calles, sumando a m\u00e1s y m\u00e1s socios que comparten nuestra pasi\u00f3n por proteger el planeta.","p4_og_image":"https:\/\/www.greenpeace.org\/static\/planet4-colombia-stateless\/2024\/07\/987b4297-gp1sxex6_medium-res-with-credit-line-1200px.jpg","p4_og_image_id":"12635","p4_seo_canonical_url":"","p4_campaign_name":"","p4_local_project":"","p4_basket_name":"","p4_department":"","footnotes":""},"categories":[37],"tags":[],"class_list":["post-12566","page","type-page","status-publish","has-post-thumbnail","hentry","category-greenpeace"],"_links":{"self":[{"href":"https:\/\/www.greenpeace.org\/colombia\/wp-json\/wp\/v2\/pages\/12566","targetHints":{"allow":["GET"]}}],"collection":[{"href":"https:\/\/www.greenpeace.org\/colombia\/wp-json\/wp\/v2\/pages"}],"about":[{"href":"https:\/\/www.greenpeace.org\/colombia\/wp-json\/wp\/v2\/types\/page"}],"author":[{"embeddable":true,"href":"https:\/\/www.greenpeace.org\/colombia\/wp-json\/wp\/v2\/users\/21"}],"replies":[{"embeddable":true,"href":"https:\/\/www.greenpeace.org\/colombia\/wp-json\/wp\/v2\/comments?post=12566"}],"version-history":[{"count":17,"href":"https:\/\/www.greenpeace.org\/colombia\/wp-json\/wp\/v2\/pages\/12566\/revisions"}],"predecessor-version":[{"id":14492,"href":"https:\/\/www.greenpeace.org\/colombia\/wp-json\/wp\/v2\/pages\/12566\/revisions\/14492"}],"wp:featuredmedia":[{"embeddable":true,"href":"https:\/\/www.greenpeace.org\/colombia\/wp-json\/wp\/v2\/media\/12635"}],"wp:attachment":[{"href":"https:\/\/www.greenpeace.org\/colombia\/wp-json\/wp\/v2\/media?parent=12566"}],"wp:term":[{"taxonomy":"category","embeddable":true,"href":"https:\/\/www.greenpeace.org\/colombia\/wp-json\/wp\/v2\/categories?post=12566"},{"taxonomy":"post_tag","embeddable":true,"href":"https:\/\/www.greenpeace.org\/colombia\/wp-json\/wp\/v2\/tags?post=12566"}],"curies":[{"name":"wp","href":"https:\/\/api.w.org\/{rel}","templated":true}]}}