{"id":14639,"date":"2025-05-07T17:07:49","date_gmt":"2025-05-07T17:07:49","guid":{"rendered":"https:\/\/www.greenpeace.org\/colombia\/?page_id=14639"},"modified":"2025-09-23T09:45:29","modified_gmt":"2025-09-23T09:45:29","slug":"tiempo-de-resistir","status":"publish","type":"page","link":"https:\/\/www.greenpeace.org\/colombia\/tiempo-de-resistir\/","title":{"rendered":"Tiempo de Resistir"},"content":{"rendered":"\n\n<div class=\"wp-block-group block is-layout-flow wp-block-group-is-layout-flow\">\n<div class=\"wp-block-group alignfull has-grey-200-background-color has-background is-layout-flow wp-block-group-is-layout-flow\" style=\"padding-top:80px;padding-bottom:50px\">\n<div class=\"wp-block-group container is-layout-flow wp-block-group-is-layout-flow\">\n<div class=\"wp-block-columns is-layout-flex wp-container-core-columns-is-layout-9d6595d7 wp-block-columns-is-layout-flex\">\n<div class=\"wp-block-column is-layout-flow wp-block-column-is-layout-flow\">\n<h2 class=\"wp-block-heading has-text-align-left is-style-default has-dark-green-800-color has-text-color has-link-color wp-elements-a5178e69bec9b2d41fcc81781bd69f75\" style=\"font-size:40px\"><strong>NO NOS VAN A SILENCIAR. Esta defensa es por el planeta, la libertad de expresi\u00f3n y la justicia clim\u00e1tica.<\/strong><\/h2>\n\n\n\n<figure class=\"wp-block-image size-large\"><img decoding=\"async\" src=\"https:\/\/www.greenpeace.org\/static\/planet4-argentina-stateless\/2025\/05\/403c1313-momento-de-resistir-1024x576.jpeg\" alt=\"\" class=\"wp-image-28746\"\/><\/figure>\n<\/div>\n\n\n\n<div class=\"wp-block-column has-grey-200-background-color has-background is-layout-flow wp-block-column-is-layout-flow\"><p><script charset=\"utf-8\" type=\"text\/javascript\" src=\"\/\/js.hsforms.net\/forms\/embed\/v2.js\"><\/script><br \/>\n<script>\n  hbspt.forms.create({\n    portalId: \"20432059\",\n    formId: \"fbe7d961-7f54-48ed-811e-96d66996738f\",\n    region: \"na1\"\n  });\n<\/script><\/p>\n<\/div>\n<\/div>\n\n\n\n<div class=\"wp-block-columns is-not-stacked-on-mobile is-layout-flex wp-container-core-columns-is-layout-9d6595d7 wp-block-columns-is-layout-flex\">\n<div class=\"wp-block-column is-layout-flow wp-block-column-is-layout-flow\">\n<p class=\"has-dark-green-800-color has-text-color has-link-color wp-elements-c91f15c455a9d4953b8a6c7b0fd7f003\">Hoy, <strong>grandes corporaciones contaminantes como Energy Transfer LP<\/strong> est\u00e1n usando <strong>demandas judiciales <\/strong>para <strong>intimidar y silenciar<\/strong> a quienes defienden la naturaleza. En un fallo reciente en EE.UU., se intent\u00f3 responsabilizar a Greenpeace por haber alzado la voz frente a los da\u00f1os ambientales que estas empresas provocan. <strong>Se trata de una estrategia conocida como SLAPP (demanda estrat\u00e9gica contra la participaci\u00f3n p\u00fablica) que busca desincentivar la oposici\u00f3n pac\u00edfica<\/strong> y debilitar los avances logrados en la defensa del planeta. <\/p>\n\n\n\n<p class=\"has-dark-green-800-color has-text-color has-link-color wp-elements-11f42f3c859bd7d1a130defdad72dac0\">Nosotros no vamos a retroceder. <strong>Apelaremos esta decisi\u00f3n y enfrentaremos nuevamente a esta corporaci\u00f3n <\/strong>en tribunales neerlandeses. <\/p>\n<\/div>\n\n\n\n<div class=\"wp-block-column is-layout-flow wp-block-column-is-layout-flow\">\n<p class=\"has-dark-green-800-color has-text-color has-link-color wp-elements-05a284280267188dcef421206025e9ea\">Desde Greenpeace <strong>reafirmamos nuestro compromiso con la naturaleza y el derecho de las personas a defenderla<\/strong><\/p>\n\n\n\n<p class=\"has-dark-green-800-color has-text-color has-link-color wp-elements-30cce81cc714e7f0b9f58c3fa4e57127\">Hoy, el planeta y nuestras libertades necesitan que actuemos. <strong>\u00bfTe sumas a la defensa de nuestros derechos y del ambiente?<\/strong><\/p>\n\n\n\n<p class=\"has-dark-green-800-color has-text-color has-link-color wp-elements-716cbd4b4e6ea4d2995ccbf02c51d448\"><strong>Tu adhesi\u00f3n es clave <\/strong>para rechazar estos intentos de censura y amedrentamiento. Defender la naturaleza y la ecolog\u00eda pac\u00edficamente no puede ser castigado. <strong>Unamos nuestras voces para exigir que se respete el derecho a denunciar los abusos, a proteger la naturaleza y a construir un futuro justo para todos.<\/strong><\/p>\n<\/div>\n<\/div>\n<\/div>\n<\/div>\n\n\n\n<div class=\"wp-block-group alignfull has-beige-100-background-color has-background is-layout-flow wp-block-group-is-layout-flow\" style=\"padding-top:80px;padding-bottom:80px\">\n<div class=\"wp-block-group container is-layout-flow wp-block-group-is-layout-flow\">\n\n<div class=\"wp-block-media-text has-media-on-the-right is-stacked-on-mobile\"><div class=\"wp-block-media-text__content\">\n<h2 class=\"wp-block-heading\">Tiempo de resistir<\/h2>\n\n\n\n<p><strong>Grandes corporaciones contaminantes y grupos que se benefician de la destrucci\u00f3n de la naturaleza y de incumplimientos legales est\u00e1n usando su poder para silenciar a quienes defendemos el ambiente. Algunas incluso se atreven a demandar organizaciones como Greenpeace por alzar la voz. Pero no lo lograr\u00e1n<\/strong>.<\/p>\n\n\n\n<div class=\"wp-block-buttons is-layout-flex wp-block-buttons-is-layout-flex\">\n<div class=\"wp-block-button\"><a class=\"wp-block-button__link wp-element-button\" href=\"https:\/\/www.greenpeace.org\/colombia\/noticia\/uncategorized\/greenpeace-reafirma-su-compromiso-con-la-libertad-de-expresion-tras-la-demanda-infundada-de-energy-transfer\/\">Conoce m\u00e1s<\/a><\/div>\n<\/div>\n<\/div><figure class=\"wp-block-media-text__media\"><img decoding=\"async\" src=\"https:\/\/www.greenpeace.org\/static\/planet4-argentina-stateless\/2025\/03\/1bf1f453-gp0su2kgk-1024x683.jpg\" alt=\"\" sizes=\"(min-width: 1600px) calc((1320px - 24px) \/ 2),(min-width: 1200px) calc((1140px - 24px) \/ 2),(min-width: 992px) calc((960px - 24px) \/ 2),(min-width: 768px) calc((720px - 24px) \/ 2),(min-width: 601px) calc((540px - 24px) \/ 2),(min-width: 577px) calc((540px - 24px) \/ 1), calc(100vw - 24px)\" srcset=\"\" class=\"wp-image-27673 size-full\"\/><\/figure><\/div>\n\n<\/div>\n<\/div>\n\n\n\n<div class=\"wp-block-query posts-list p4-query-loop is-custom-layout-carousel is-layout-flex wp-block-query-is-layout-flex\">\n<div class=\"wp-block-group is-content-justification-space-between is-layout-flex wp-container-core-group-is-layout-3d213aab wp-block-group-is-layout-flex\">\n<h2 class=\"wp-block-heading\">Sigue leyendo<\/h2>\n\n\n<li class=\" wp-block-navigation-item see-all-link wp-block-navigation-link\"><a class=\"wp-block-navigation-item__content\"  href=\"http:\/\/www.greenpeace.org\/colombia\/news-stories\/?post-type=blog\"><span class=\"wp-block-navigation-item__label\">Ver todo<\/span><\/a><\/li><\/div>\n\n\n\n<p style=\"margin-top:24px;margin-bottom:36px\"><\/p>\n\n\n<ul class=\"wp-block-post-template is-layout-flow wp-block-post-template-is-layout-flow\"><li class=\"wp-block-post post-17249 post type-post status-publish format-standard has-post-thumbnail hentry category-climayenergia p4-page-type-noticia\">\n\n<div class=\"wp-block-columns is-layout-flex wp-container-core-columns-is-layout-9d6595d7 wp-block-columns-is-layout-flex\"><figure class=\"wp-block-post-featured-image\"><a href=\"https:\/\/www.greenpeace.org\/colombia\/noticia\/campanas\/climayenergia\/sol-y-viento-futuro-energetico-el-mensaje-de-greenpeace-en-santa-marta\/\" target=\"_self\"  ><img loading=\"lazy\" decoding=\"async\" width=\"2560\" height=\"1440\" src=\"https:\/\/www.greenpeace.org\/static\/planet4-colombia-stateless\/2026\/04\/cef0c8b3-santa-marta-transicion-energetica-credito-sergio-calderon-greenpeace-2-scaled.jpg\" class=\"attachment-post-thumbnail size-post-thumbnail wp-post-image wp-stateless-item\" alt=\"\u201cSol y viento: futuro energ\u00e9tico\u201d, el mensaje de Greenpeace en Santa Marta\" style=\"object-fit:cover;\" srcset=\"https:\/\/www.greenpeace.org\/static\/planet4-colombia-stateless\/2026\/04\/cef0c8b3-santa-marta-transicion-energetica-credito-sergio-calderon-greenpeace-2-scaled.jpg 2560w, https:\/\/www.greenpeace.org\/static\/planet4-colombia-stateless\/2026\/04\/cef0c8b3-santa-marta-transicion-energetica-credito-sergio-calderon-greenpeace-2-300x169.jpg 300w, https:\/\/www.greenpeace.org\/static\/planet4-colombia-stateless\/2026\/04\/cef0c8b3-santa-marta-transicion-energetica-credito-sergio-calderon-greenpeace-2-1024x576.jpg 1024w, https:\/\/www.greenpeace.org\/static\/planet4-colombia-stateless\/2026\/04\/cef0c8b3-santa-marta-transicion-energetica-credito-sergio-calderon-greenpeace-2-768x432.jpg 768w, https:\/\/www.greenpeace.org\/static\/planet4-colombia-stateless\/2026\/04\/cef0c8b3-santa-marta-transicion-energetica-credito-sergio-calderon-greenpeace-2-1536x864.jpg 1536w, https:\/\/www.greenpeace.org\/static\/planet4-colombia-stateless\/2026\/04\/cef0c8b3-santa-marta-transicion-energetica-credito-sergio-calderon-greenpeace-2-2048x1152.jpg 2048w, https:\/\/www.greenpeace.org\/static\/planet4-colombia-stateless\/2026\/04\/cef0c8b3-santa-marta-transicion-energetica-credito-sergio-calderon-greenpeace-2-510x287.jpg 510w\" sizes=\"auto, (max-width: 2560px) 100vw, 2560px\" data-image-size=\"post-thumbnail\" data-stateless-media-bucket=\"planet4-colombia-stateless\" data-stateless-media-name=\"2026\/04\/cef0c8b3-santa-marta-transicion-energetica-credito-sergio-calderon-greenpeace-2-scaled.jpg\" \/><\/a><\/figure>\n\n\n<div class=\"wp-block-group is-layout-flow wp-block-group-is-layout-flow\">\n                <div class=\"wp-block-group is-layout-flex wp-block-group-is-layout-flex\"><div class=\"wp-block-post-terms\"><a href=\"https:\/\/www.greenpeace.org\/colombia\/category\/campanas\/climayenergia\/\">Clima y Energ\u00eda<\/a><\/div>\n                \n                \n                <\/div>\n                \n\n<h3 class=\"wp-block-post-title\"><a href=\"https:\/\/www.greenpeace.org\/colombia\/noticia\/campanas\/climayenergia\/sol-y-viento-futuro-energetico-el-mensaje-de-greenpeace-en-santa-marta\/\" target=\"_self\" >\u201cSol y viento: futuro energ\u00e9tico\u201d, el mensaje de Greenpeace en Santa Marta<\/a><\/h3>\n\n<div class=\"wp-block-post-excerpt\"><p class=\"wp-block-post-excerpt__excerpt\">Greenpeace realiz\u00f3 una intervenci\u00f3n en playas de Santa Marta en el marco de conferencia sobre transici\u00f3n energ\u00e9tica <\/p><\/div>\n\n\n<div class=\"wp-block-group posts-list-meta is-layout-flow wp-block-group-is-layout-flow\"><span class='article-list-item-author'><a href='https:\/\/www.greenpeace.org\/colombia\/author\/prensaco\/'>Prensa Colombia<\/a><\/span>\n\n<div class=\"wp-block-post-date\"><time datetime=\"2026-04-27T17:42:13+00:00\">27 abril 2026<\/time><\/div><\/div>\n<\/div>\n<\/div>\n\n<\/li><li class=\"wp-block-post post-17244 post type-post status-publish format-standard has-post-thumbnail hentry category-sustentabilidad p4-page-type-blog\">\n\n<div class=\"wp-block-columns is-layout-flex wp-container-core-columns-is-layout-9d6595d7 wp-block-columns-is-layout-flex\"><figure class=\"wp-block-post-featured-image\"><a href=\"https:\/\/www.greenpeace.org\/colombia\/blog\/campanas\/sustentabilidad\/dia-de-la-tierra-un-llamado-a-construir-esperanza-en-tiempos-de-crisis-ambiental\/\" target=\"_self\"  ><img loading=\"lazy\" decoding=\"async\" width=\"1200\" height=\"900\" src=\"https:\/\/www.greenpeace.org\/static\/planet4-colombia-stateless\/2026\/04\/e809ab41-gp0stqt3a.jpg\" class=\"attachment-post-thumbnail size-post-thumbnail wp-post-image wp-stateless-item\" alt=\"D\u00eda de la Tierra: un llamado a construir esperanza en tiempos de crisis ambiental\u00a0\" style=\"object-fit:cover;\" srcset=\"https:\/\/www.greenpeace.org\/static\/planet4-colombia-stateless\/2026\/04\/e809ab41-gp0stqt3a.jpg 1200w, https:\/\/www.greenpeace.org\/static\/planet4-colombia-stateless\/2026\/04\/e809ab41-gp0stqt3a-300x225.jpg 300w, https:\/\/www.greenpeace.org\/static\/planet4-colombia-stateless\/2026\/04\/e809ab41-gp0stqt3a-1024x768.jpg 1024w, https:\/\/www.greenpeace.org\/static\/planet4-colombia-stateless\/2026\/04\/e809ab41-gp0stqt3a-768x576.jpg 768w, https:\/\/www.greenpeace.org\/static\/planet4-colombia-stateless\/2026\/04\/e809ab41-gp0stqt3a-453x340.jpg 453w\" sizes=\"auto, (max-width: 1200px) 100vw, 1200px\" data-image-size=\"post-thumbnail\" data-stateless-media-bucket=\"planet4-colombia-stateless\" data-stateless-media-name=\"2026\/04\/e809ab41-gp0stqt3a.jpg\" \/><\/a><\/figure>\n\n\n<div class=\"wp-block-group is-layout-flow wp-block-group-is-layout-flow\">\n                <div class=\"wp-block-group is-layout-flex wp-block-group-is-layout-flex\"><div class=\"wp-block-post-terms\"><a href=\"https:\/\/www.greenpeace.org\/colombia\/category\/campanas\/sustentabilidad\/\">Sustentabilidad<\/a><\/div>\n                \n                \n                <\/div>\n                \n\n<h3 class=\"wp-block-post-title\"><a href=\"https:\/\/www.greenpeace.org\/colombia\/blog\/campanas\/sustentabilidad\/dia-de-la-tierra-un-llamado-a-construir-esperanza-en-tiempos-de-crisis-ambiental\/\" target=\"_self\" >D\u00eda de la Tierra: un llamado a construir esperanza en tiempos de crisis ambiental\u00a0<\/a><\/h3>\n\n<div class=\"wp-block-post-excerpt\"><p class=\"wp-block-post-excerpt__excerpt\">La Tierra nos necesita l\u00facidos, no desesperados. <\/p><\/div>\n\n\n<div class=\"wp-block-group posts-list-meta is-layout-flow wp-block-group-is-layout-flow\"><span class='article-list-item-author'>Meri Castro<\/span>\n\n<div class=\"wp-block-post-date\"><time datetime=\"2026-04-21T16:34:26+00:00\">21 abril 2026<\/time><\/div><\/div>\n<\/div>\n<\/div>\n\n<\/li><li class=\"wp-block-post post-17235 post type-post status-publish format-standard has-post-thumbnail hentry category-bosques tag-amazonia p4-page-type-blog\">\n\n<div class=\"wp-block-columns is-layout-flex wp-container-core-columns-is-layout-9d6595d7 wp-block-columns-is-layout-flex\"><figure class=\"wp-block-post-featured-image\"><a href=\"https:\/\/www.greenpeace.org\/colombia\/blog\/campanas\/bosques\/deforestacion-en-la-amazonia-exige-ganaderia-transparente-para-proteger-especies-unicas\/\" target=\"_self\"  ><img loading=\"lazy\" decoding=\"async\" width=\"2000\" height=\"1250\" src=\"https:\/\/www.greenpeace.org\/static\/planet4-colombia-stateless\/2026\/04\/3f5aacab-landing-imagen-opcion-2.png\" class=\"attachment-post-thumbnail size-post-thumbnail wp-post-image wp-stateless-item\" alt=\"Deforestaci\u00f3n en la Amazon\u00eda: exige ganader\u00eda transparente para proteger especies \u00fanicas\" style=\"object-fit:cover;\" srcset=\"https:\/\/www.greenpeace.org\/static\/planet4-colombia-stateless\/2026\/04\/3f5aacab-landing-imagen-opcion-2.png 2000w, https:\/\/www.greenpeace.org\/static\/planet4-colombia-stateless\/2026\/04\/3f5aacab-landing-imagen-opcion-2-300x188.png 300w, https:\/\/www.greenpeace.org\/static\/planet4-colombia-stateless\/2026\/04\/3f5aacab-landing-imagen-opcion-2-1024x640.png 1024w, https:\/\/www.greenpeace.org\/static\/planet4-colombia-stateless\/2026\/04\/3f5aacab-landing-imagen-opcion-2-768x480.png 768w, https:\/\/www.greenpeace.org\/static\/planet4-colombia-stateless\/2026\/04\/3f5aacab-landing-imagen-opcion-2-1536x960.png 1536w, https:\/\/www.greenpeace.org\/static\/planet4-colombia-stateless\/2026\/04\/3f5aacab-landing-imagen-opcion-2-510x319.png 510w\" sizes=\"auto, (max-width: 2000px) 100vw, 2000px\" data-image-size=\"post-thumbnail\" data-stateless-media-bucket=\"planet4-colombia-stateless\" data-stateless-media-name=\"2026\/04\/3f5aacab-landing-imagen-opcion-2.png\" \/><\/a><\/figure>\n\n\n<div class=\"wp-block-group is-layout-flow wp-block-group-is-layout-flow\">\n                <div class=\"wp-block-group is-layout-flex wp-block-group-is-layout-flex\"><div class=\"wp-block-post-terms\"><a href=\"https:\/\/www.greenpeace.org\/colombia\/category\/campanas\/bosques\/\">Bosques<\/a><\/div>\n                <div class=\"taxonomy-post_tag wp-block-post-terms\"><a href=\"https:\/\/www.greenpeace.org\/colombia\/tag\/amazonia\/\" rel=\"tag\">Amazon\u00eda<\/a><\/div>\n                \n                <\/div>\n                \n\n<h3 class=\"wp-block-post-title\"><a href=\"https:\/\/www.greenpeace.org\/colombia\/blog\/campanas\/bosques\/deforestacion-en-la-amazonia-exige-ganaderia-transparente-para-proteger-especies-unicas\/\" target=\"_self\" >Deforestaci\u00f3n en la Amazon\u00eda: exige ganader\u00eda transparente para proteger especies \u00fanicas<\/a><\/h3>\n\n<div class=\"wp-block-post-excerpt\"><p class=\"wp-block-post-excerpt__excerpt\">Tu plato de carne podr\u00eda estar conectado con la destrucci\u00f3n de la selva. <\/p><\/div>\n\n\n<div class=\"wp-block-group posts-list-meta is-layout-flow wp-block-group-is-layout-flow\"><span class='article-list-item-author'>Meri Castro<\/span>\n\n<div class=\"wp-block-post-date\"><time datetime=\"2026-04-14T18:24:58+00:00\">14 abril 2026<\/time><\/div><\/div>\n<\/div>\n<\/div>\n\n<\/li><li class=\"wp-block-post post-17178 post type-post status-publish format-standard has-post-thumbnail hentry category-bosques p4-page-type-noticia\">\n\n<div class=\"wp-block-columns is-layout-flex wp-container-core-columns-is-layout-9d6595d7 wp-block-columns-is-layout-flex\"><figure class=\"wp-block-post-featured-image\"><a href=\"https:\/\/www.greenpeace.org\/colombia\/noticia\/campanas\/bosques\/greenpeace-sobre-la-ley-de-ganaderia-sera-una-herramienta-de-transparencia-muy-valiosa-a-favor-de-la-amazonia\/\" target=\"_self\"  ><img loading=\"lazy\" decoding=\"async\" width=\"2500\" height=\"1668\" src=\"https:\/\/www.greenpeace.org\/static\/planet4-colombia-stateless\/2026\/03\/50296bbd-ganaderia-amazonas-gp0strpk6-credito-markus-mauthe-greenpeace.jpg\" class=\"attachment-post-thumbnail size-post-thumbnail wp-post-image wp-stateless-item\" alt=\"Greenpeace sobre la Ley de Ganader\u00eda: \u201cSer\u00e1 una herramienta de transparencia muy valiosa a favor de la Amazon\u00eda\u201d\" style=\"object-fit:cover;\" srcset=\"https:\/\/www.greenpeace.org\/static\/planet4-colombia-stateless\/2026\/03\/50296bbd-ganaderia-amazonas-gp0strpk6-credito-markus-mauthe-greenpeace.jpg 2500w, https:\/\/www.greenpeace.org\/static\/planet4-colombia-stateless\/2026\/03\/50296bbd-ganaderia-amazonas-gp0strpk6-credito-markus-mauthe-greenpeace-300x200.jpg 300w, https:\/\/www.greenpeace.org\/static\/planet4-colombia-stateless\/2026\/03\/50296bbd-ganaderia-amazonas-gp0strpk6-credito-markus-mauthe-greenpeace-1024x683.jpg 1024w, https:\/\/www.greenpeace.org\/static\/planet4-colombia-stateless\/2026\/03\/50296bbd-ganaderia-amazonas-gp0strpk6-credito-markus-mauthe-greenpeace-768x512.jpg 768w, https:\/\/www.greenpeace.org\/static\/planet4-colombia-stateless\/2026\/03\/50296bbd-ganaderia-amazonas-gp0strpk6-credito-markus-mauthe-greenpeace-1536x1025.jpg 1536w, https:\/\/www.greenpeace.org\/static\/planet4-colombia-stateless\/2026\/03\/50296bbd-ganaderia-amazonas-gp0strpk6-credito-markus-mauthe-greenpeace-2048x1366.jpg 2048w, https:\/\/www.greenpeace.org\/static\/planet4-colombia-stateless\/2026\/03\/50296bbd-ganaderia-amazonas-gp0strpk6-credito-markus-mauthe-greenpeace-510x340.jpg 510w\" sizes=\"auto, (max-width: 2500px) 100vw, 2500px\" data-image-size=\"post-thumbnail\" data-stateless-media-bucket=\"planet4-colombia-stateless\" data-stateless-media-name=\"2026\/03\/50296bbd-ganaderia-amazonas-gp0strpk6-credito-markus-mauthe-greenpeace.jpg\" \/><\/a><\/figure>\n\n\n<div class=\"wp-block-group is-layout-flow wp-block-group-is-layout-flow\">\n                <div class=\"wp-block-group is-layout-flex wp-block-group-is-layout-flex\"><div class=\"wp-block-post-terms\"><a href=\"https:\/\/www.greenpeace.org\/colombia\/category\/campanas\/bosques\/\">Bosques<\/a><\/div>\n                \n                \n                <\/div>\n                \n\n<h3 class=\"wp-block-post-title\"><a href=\"https:\/\/www.greenpeace.org\/colombia\/noticia\/campanas\/bosques\/greenpeace-sobre-la-ley-de-ganaderia-sera-una-herramienta-de-transparencia-muy-valiosa-a-favor-de-la-amazonia\/\" target=\"_self\" >Greenpeace sobre la Ley de Ganader\u00eda: \u201cSer\u00e1 una herramienta de transparencia muy valiosa a favor de la Amazon\u00eda\u201d<\/a><\/h3>\n\n<div class=\"wp-block-post-excerpt\"><p class=\"wp-block-post-excerpt__excerpt\">Greenpeace celebr\u00f3 la aprobaci\u00f3n en la C\u00e1mara de Representantes de la Ley de Ganader\u00eda Libre de Deforestaci\u00f3n e inst\u00f3 a la ciudadan\u00eda a acompa\u00f1ar el proceso de implementaci\u00f3n una vez que entre en funcionamiento <\/p><\/div>\n\n\n<div class=\"wp-block-group posts-list-meta is-layout-flow wp-block-group-is-layout-flow\"><span class='article-list-item-author'><a href='https:\/\/www.greenpeace.org\/colombia\/author\/prensaco\/'>Prensa Colombia<\/a><\/span>\n\n<div class=\"wp-block-post-date\"><time datetime=\"2026-03-25T23:12:50+00:00\">25 marzo 2026<\/time><\/div><\/div>\n<\/div>\n<\/div>\n\n<\/li><li class=\"wp-block-post post-17174 post type-post status-publish format-standard has-post-thumbnail hentry category-climayenergia p4-page-type-blog\">\n\n<div class=\"wp-block-columns is-layout-flex wp-container-core-columns-is-layout-9d6595d7 wp-block-columns-is-layout-flex\"><figure class=\"wp-block-post-featured-image\"><a href=\"https:\/\/www.greenpeace.org\/colombia\/blog\/campanas\/climayenergia\/dia-mundial-del-agua-2026-la-onu-advierte-sobre-una-bancarrota-hidrica-global\/\" target=\"_self\"  ><img loading=\"lazy\" decoding=\"async\" width=\"1024\" height=\"683\" src=\"https:\/\/www.greenpeace.org\/static\/planet4-colombia-stateless\/2026\/03\/5e540fc3-agua-oro.jpg\" class=\"attachment-post-thumbnail size-post-thumbnail wp-post-image wp-stateless-item\" alt=\"D\u00eda Mundial del Agua 2026: la ONU advierte sobre una bancarrota h\u00eddrica global\" style=\"object-fit:cover;\" srcset=\"https:\/\/www.greenpeace.org\/static\/planet4-colombia-stateless\/2026\/03\/5e540fc3-agua-oro.jpg 1024w, https:\/\/www.greenpeace.org\/static\/planet4-colombia-stateless\/2026\/03\/5e540fc3-agua-oro-300x200.jpg 300w, https:\/\/www.greenpeace.org\/static\/planet4-colombia-stateless\/2026\/03\/5e540fc3-agua-oro-768x512.jpg 768w, https:\/\/www.greenpeace.org\/static\/planet4-colombia-stateless\/2026\/03\/5e540fc3-agua-oro-510x340.jpg 510w\" sizes=\"auto, (max-width: 1024px) 100vw, 1024px\" data-image-size=\"post-thumbnail\" data-stateless-media-bucket=\"planet4-colombia-stateless\" data-stateless-media-name=\"2026\/03\/5e540fc3-agua-oro.jpg\" \/><\/a><\/figure>\n\n\n<div class=\"wp-block-group is-layout-flow wp-block-group-is-layout-flow\">\n                <div class=\"wp-block-group is-layout-flex wp-block-group-is-layout-flex\"><div class=\"wp-block-post-terms\"><a href=\"https:\/\/www.greenpeace.org\/colombia\/category\/campanas\/climayenergia\/\">Clima y Energ\u00eda<\/a><\/div>\n                \n                \n                <\/div>\n                \n\n<h3 class=\"wp-block-post-title\"><a href=\"https:\/\/www.greenpeace.org\/colombia\/blog\/campanas\/climayenergia\/dia-mundial-del-agua-2026-la-onu-advierte-sobre-una-bancarrota-hidrica-global\/\" target=\"_self\" >D\u00eda Mundial del Agua 2026: la ONU advierte sobre una bancarrota h\u00eddrica global<\/a><\/h3>\n\n<div class=\"wp-block-post-excerpt\"><p class=\"wp-block-post-excerpt__excerpt\">Sed global: la nueva cara de la crisis clim\u00e1tica. <\/p><\/div>\n\n\n<div class=\"wp-block-group posts-list-meta is-layout-flow wp-block-group-is-layout-flow\"><span class='article-list-item-author'>Meri Castro<\/span>\n\n<div class=\"wp-block-post-date\"><time datetime=\"2026-03-20T18:23:25+00:00\">20 marzo 2026<\/time><\/div><\/div>\n<\/div>\n<\/div>\n\n<\/li><li class=\"wp-block-post post-17160 post type-post status-publish format-standard has-post-thumbnail hentry category-bosques tag-amazonia p4-page-type-blog\">\n\n<div class=\"wp-block-columns is-layout-flex wp-container-core-columns-is-layout-9d6595d7 wp-block-columns-is-layout-flex\"><figure class=\"wp-block-post-featured-image\"><a href=\"https:\/\/www.greenpeace.org\/colombia\/blog\/campanas\/bosques\/dia-internacional-de-los-bosques-la-amenaza-de-la-ganaderia-extensiva-sobre-la-amazonia-colombiana\/\" target=\"_self\"  ><img loading=\"lazy\" decoding=\"async\" width=\"2560\" height=\"1707\" src=\"https:\/\/www.greenpeace.org\/static\/planet4-colombia-stateless\/2025\/09\/e60a025a-rainbow-warrior-cartagena-credito-diana-rey-melo-greenpeace-5-scaled.jpg\" class=\"attachment-post-thumbnail size-post-thumbnail wp-post-image wp-stateless-item\" alt=\"D\u00eda Internacional de los Bosques: la amenaza de la ganader\u00eda extensiva sobre la Amazon\u00eda colombiana\" style=\"object-fit:cover;\" srcset=\"https:\/\/www.greenpeace.org\/static\/planet4-colombia-stateless\/2025\/09\/e60a025a-rainbow-warrior-cartagena-credito-diana-rey-melo-greenpeace-5-scaled.jpg 2560w, https:\/\/www.greenpeace.org\/static\/planet4-colombia-stateless\/2025\/09\/e60a025a-rainbow-warrior-cartagena-credito-diana-rey-melo-greenpeace-5-300x200.jpg 300w, https:\/\/www.greenpeace.org\/static\/planet4-colombia-stateless\/2025\/09\/e60a025a-rainbow-warrior-cartagena-credito-diana-rey-melo-greenpeace-5-1024x683.jpg 1024w, https:\/\/www.greenpeace.org\/static\/planet4-colombia-stateless\/2025\/09\/e60a025a-rainbow-warrior-cartagena-credito-diana-rey-melo-greenpeace-5-768x512.jpg 768w, https:\/\/www.greenpeace.org\/static\/planet4-colombia-stateless\/2025\/09\/e60a025a-rainbow-warrior-cartagena-credito-diana-rey-melo-greenpeace-5-1536x1024.jpg 1536w, https:\/\/www.greenpeace.org\/static\/planet4-colombia-stateless\/2025\/09\/e60a025a-rainbow-warrior-cartagena-credito-diana-rey-melo-greenpeace-5-2048x1366.jpg 2048w, https:\/\/www.greenpeace.org\/static\/planet4-colombia-stateless\/2025\/09\/e60a025a-rainbow-warrior-cartagena-credito-diana-rey-melo-greenpeace-5-510x340.jpg 510w\" sizes=\"auto, (max-width: 2560px) 100vw, 2560px\" data-image-size=\"post-thumbnail\" data-stateless-media-bucket=\"planet4-colombia-stateless\" data-stateless-media-name=\"2025\/09\/e60a025a-rainbow-warrior-cartagena-credito-diana-rey-melo-greenpeace-5-scaled.jpg\" \/><\/a><\/figure>\n\n\n<div class=\"wp-block-group is-layout-flow wp-block-group-is-layout-flow\">\n                <div class=\"wp-block-group is-layout-flex wp-block-group-is-layout-flex\"><div class=\"wp-block-post-terms\"><a href=\"https:\/\/www.greenpeace.org\/colombia\/category\/campanas\/bosques\/\">Bosques<\/a><\/div>\n                <div class=\"taxonomy-post_tag wp-block-post-terms\"><a href=\"https:\/\/www.greenpeace.org\/colombia\/tag\/amazonia\/\" rel=\"tag\">Amazon\u00eda<\/a><\/div>\n                \n                <\/div>\n                \n\n<h3 class=\"wp-block-post-title\"><a href=\"https:\/\/www.greenpeace.org\/colombia\/blog\/campanas\/bosques\/dia-internacional-de-los-bosques-la-amenaza-de-la-ganaderia-extensiva-sobre-la-amazonia-colombiana\/\" target=\"_self\" >D\u00eda Internacional de los Bosques: la amenaza de la ganader\u00eda extensiva sobre la Amazon\u00eda colombiana<\/a><\/h3>\n\n<div class=\"wp-block-post-excerpt\"><p class=\"wp-block-post-excerpt__excerpt\">La nueva frontera que arrasa el bosque. <\/p><\/div>\n\n\n<div class=\"wp-block-group posts-list-meta is-layout-flow wp-block-group-is-layout-flow\"><span class='article-list-item-author'>Meri Castro<\/span>\n\n<div class=\"wp-block-post-date\"><time datetime=\"2026-03-20T17:18:24+00:00\">20 marzo 2026<\/time><\/div><\/div>\n<\/div>\n<\/div>\n\n<\/li><li class=\"wp-block-post post-17170 post type-post status-publish format-standard has-post-thumbnail hentry category-bosques p4-page-type-noticia\">\n\n<div class=\"wp-block-columns is-layout-flex wp-container-core-columns-is-layout-9d6595d7 wp-block-columns-is-layout-flex\"><figure class=\"wp-block-post-featured-image\"><a href=\"https:\/\/www.greenpeace.org\/colombia\/noticia\/campanas\/bosques\/en-el-dia-de-los-bosques-greenpeace-alerta-por-impacto-de-la-deforestacion-en-la-vida-diaria-de-los-colombianos\/\" target=\"_self\"  ><img loading=\"lazy\" decoding=\"async\" width=\"2500\" height=\"1667\" src=\"https:\/\/www.greenpeace.org\/static\/planet4-colombia-stateless\/2025\/09\/32dca4ff-amazonas-brasil-gp0stu1r8-\u00a9-diego-baravelli-greenpeace.jpg\" class=\"attachment-post-thumbnail size-post-thumbnail wp-post-image wp-stateless-item\" alt=\"En el D\u00eda de los Bosques, Greenpeace alerta por impacto de la deforestaci\u00f3n en la vida diaria de los colombianos\" style=\"object-fit:cover;\" srcset=\"https:\/\/www.greenpeace.org\/static\/planet4-colombia-stateless\/2025\/09\/32dca4ff-amazonas-brasil-gp0stu1r8-\u00a9-diego-baravelli-greenpeace.jpg 2500w, https:\/\/www.greenpeace.org\/static\/planet4-colombia-stateless\/2025\/09\/32dca4ff-amazonas-brasil-gp0stu1r8-\u00a9-diego-baravelli-greenpeace-300x200.jpg 300w, https:\/\/www.greenpeace.org\/static\/planet4-colombia-stateless\/2025\/09\/32dca4ff-amazonas-brasil-gp0stu1r8-\u00a9-diego-baravelli-greenpeace-1024x683.jpg 1024w, https:\/\/www.greenpeace.org\/static\/planet4-colombia-stateless\/2025\/09\/32dca4ff-amazonas-brasil-gp0stu1r8-\u00a9-diego-baravelli-greenpeace-768x512.jpg 768w, https:\/\/www.greenpeace.org\/static\/planet4-colombia-stateless\/2025\/09\/32dca4ff-amazonas-brasil-gp0stu1r8-\u00a9-diego-baravelli-greenpeace-1536x1024.jpg 1536w, https:\/\/www.greenpeace.org\/static\/planet4-colombia-stateless\/2025\/09\/32dca4ff-amazonas-brasil-gp0stu1r8-\u00a9-diego-baravelli-greenpeace-2048x1366.jpg 2048w, https:\/\/www.greenpeace.org\/static\/planet4-colombia-stateless\/2025\/09\/32dca4ff-amazonas-brasil-gp0stu1r8-\u00a9-diego-baravelli-greenpeace-510x340.jpg 510w\" sizes=\"auto, (max-width: 2500px) 100vw, 2500px\" data-image-size=\"post-thumbnail\" data-stateless-media-bucket=\"planet4-colombia-stateless\" data-stateless-media-name=\"2025\/09\/32dca4ff-amazonas-brasil-gp0stu1r8-\u00a9-diego-baravelli-greenpeace.jpg\" \/><\/a><\/figure>\n\n\n<div class=\"wp-block-group is-layout-flow wp-block-group-is-layout-flow\">\n                <div class=\"wp-block-group is-layout-flex wp-block-group-is-layout-flex\"><div class=\"wp-block-post-terms\"><a href=\"https:\/\/www.greenpeace.org\/colombia\/category\/campanas\/bosques\/\">Bosques<\/a><\/div>\n                \n                \n                <\/div>\n                \n\n<h3 class=\"wp-block-post-title\"><a href=\"https:\/\/www.greenpeace.org\/colombia\/noticia\/campanas\/bosques\/en-el-dia-de-los-bosques-greenpeace-alerta-por-impacto-de-la-deforestacion-en-la-vida-diaria-de-los-colombianos\/\" target=\"_self\" >En el D\u00eda de los Bosques, Greenpeace alerta por impacto de la deforestaci\u00f3n en la vida diaria de los colombianos<\/a><\/h3>\n\n<div class=\"wp-block-post-excerpt\"><p class=\"wp-block-post-excerpt__excerpt\">Greenpeace Colombia hace un llamado a reconocer que la protecci\u00f3n de los bosques no es solo una causa ambiental: es una condici\u00f3n indispensable para garantizar el agua, los alimentos y la estabilidad clim\u00e1tica de millones de personas en el pa\u00eds. <\/p><\/div>\n\n\n<div class=\"wp-block-group posts-list-meta is-layout-flow wp-block-group-is-layout-flow\"><span class='article-list-item-author'><a href='https:\/\/www.greenpeace.org\/colombia\/author\/prensaco\/'>Prensa Colombia<\/a><\/span>\n\n<div class=\"wp-block-post-date\"><time datetime=\"2026-03-20T16:16:43+00:00\">20 marzo 2026<\/time><\/div><\/div>\n<\/div>\n<\/div>\n\n<\/li><li class=\"wp-block-post post-17155 post type-post status-publish format-standard has-post-thumbnail hentry category-greenpeace p4-page-type-noticia\">\n\n<div class=\"wp-block-columns is-layout-flex wp-container-core-columns-is-layout-9d6595d7 wp-block-columns-is-layout-flex\"><figure class=\"wp-block-post-featured-image\"><a href=\"https:\/\/www.greenpeace.org\/colombia\/noticia\/greenpeace\/8m-las-mujeres-y-su-liderazgo-en-en-la-defensa-de-la-naturaleza\/\" target=\"_self\"  ><img loading=\"lazy\" decoding=\"async\" width=\"1200\" height=\"800\" src=\"https:\/\/www.greenpeace.org\/static\/planet4-colombia-stateless\/2026\/02\/446ce640-gp0stxy3q_medium-res-with-credit-line-1200px.jpg\" class=\"attachment-post-thumbnail size-post-thumbnail wp-post-image wp-stateless-item\" alt=\"#8M: Las mujeres y su liderazgo en en la defensa de la naturaleza\" style=\"object-fit:cover;\" srcset=\"https:\/\/www.greenpeace.org\/static\/planet4-colombia-stateless\/2026\/02\/446ce640-gp0stxy3q_medium-res-with-credit-line-1200px.jpg 1200w, https:\/\/www.greenpeace.org\/static\/planet4-colombia-stateless\/2026\/02\/446ce640-gp0stxy3q_medium-res-with-credit-line-1200px-300x200.jpg 300w, https:\/\/www.greenpeace.org\/static\/planet4-colombia-stateless\/2026\/02\/446ce640-gp0stxy3q_medium-res-with-credit-line-1200px-1024x683.jpg 1024w, https:\/\/www.greenpeace.org\/static\/planet4-colombia-stateless\/2026\/02\/446ce640-gp0stxy3q_medium-res-with-credit-line-1200px-768x512.jpg 768w, https:\/\/www.greenpeace.org\/static\/planet4-colombia-stateless\/2026\/02\/446ce640-gp0stxy3q_medium-res-with-credit-line-1200px-510x340.jpg 510w\" sizes=\"auto, (max-width: 1200px) 100vw, 1200px\" data-image-size=\"post-thumbnail\" data-stateless-media-bucket=\"planet4-colombia-stateless\" data-stateless-media-name=\"2026\/02\/446ce640-gp0stxy3q_medium-res-with-credit-line-1200px.jpg\" \/><\/a><\/figure>\n\n\n<div class=\"wp-block-group is-layout-flow wp-block-group-is-layout-flow\">\n                <div class=\"wp-block-group is-layout-flex wp-block-group-is-layout-flex\"><div class=\"wp-block-post-terms\"><a href=\"https:\/\/www.greenpeace.org\/colombia\/category\/greenpeace\/\">Greenpeace<\/a><\/div>\n                \n                \n                <\/div>\n                \n\n<h3 class=\"wp-block-post-title\"><a href=\"https:\/\/www.greenpeace.org\/colombia\/noticia\/greenpeace\/8m-las-mujeres-y-su-liderazgo-en-en-la-defensa-de-la-naturaleza\/\" target=\"_self\" >#8M: Las mujeres y su liderazgo en en la defensa de la naturaleza<\/a><\/h3>\n\n<div class=\"wp-block-post-excerpt\"><p class=\"wp-block-post-excerpt__excerpt\">En el 8 de marzo, D\u00eda Internacional de la Mujer <\/p><\/div>\n\n\n<div class=\"wp-block-group posts-list-meta is-layout-flow wp-block-group-is-layout-flow\"><span class='article-list-item-author'><a href='https:\/\/www.greenpeace.org\/colombia\/author\/lvazquez\/'>Editor<\/a><\/span>\n\n<div class=\"wp-block-post-date\"><time datetime=\"2026-03-07T22:35:40+00:00\">7 marzo 2026<\/time><\/div><\/div>\n<\/div>\n<\/div>\n\n<\/li><li class=\"wp-block-post post-17145 post type-post status-publish format-standard has-post-thumbnail hentry category-contaminacion tag-basta-de-basura tag-plasticos p4-page-type-blog\">\n\n<div class=\"wp-block-columns is-layout-flex wp-container-core-columns-is-layout-9d6595d7 wp-block-columns-is-layout-flex\"><figure class=\"wp-block-post-featured-image\"><a href=\"https:\/\/www.greenpeace.org\/colombia\/blog\/campanas\/contaminacion\/dia-mundial-de-las-personas-recuperadoras-sin-recicladores-no-hay-economia-circular-una-deuda-ambiental-y-social\/\" target=\"_self\"  ><img loading=\"lazy\" decoding=\"async\" width=\"800\" height=\"534\" src=\"https:\/\/www.greenpeace.org\/static\/planet4-colombia-stateless\/2024\/06\/96f7d3ab-gp0stx25o_low-res-with-credit-line-800px.jpg\" class=\"attachment-post-thumbnail size-post-thumbnail wp-post-image wp-stateless-item\" alt=\"D\u00eda Mundial de las personas recuperadoras: sin recicladores no hay econom\u00eda circular, una deuda ambiental y social\" style=\"object-fit:cover;\" srcset=\"https:\/\/www.greenpeace.org\/static\/planet4-colombia-stateless\/2024\/06\/96f7d3ab-gp0stx25o_low-res-with-credit-line-800px.jpg 800w, https:\/\/www.greenpeace.org\/static\/planet4-colombia-stateless\/2024\/06\/96f7d3ab-gp0stx25o_low-res-with-credit-line-800px-300x200.jpg 300w, https:\/\/www.greenpeace.org\/static\/planet4-colombia-stateless\/2024\/06\/96f7d3ab-gp0stx25o_low-res-with-credit-line-800px-768x513.jpg 768w, https:\/\/www.greenpeace.org\/static\/planet4-colombia-stateless\/2024\/06\/96f7d3ab-gp0stx25o_low-res-with-credit-line-800px-510x340.jpg 510w\" sizes=\"auto, (max-width: 800px) 100vw, 800px\" data-image-size=\"post-thumbnail\" data-stateless-media-bucket=\"planet4-colombia-stateless\" data-stateless-media-name=\"2024\/06\/96f7d3ab-gp0stx25o_low-res-with-credit-line-800px.jpg\" \/><\/a><\/figure>\n\n\n<div class=\"wp-block-group is-layout-flow wp-block-group-is-layout-flow\">\n                <div class=\"wp-block-group is-layout-flex wp-block-group-is-layout-flex\"><div class=\"wp-block-post-terms\"><a href=\"https:\/\/www.greenpeace.org\/colombia\/category\/campanas\/contaminacion\/\">Contaminaci\u00f3n<\/a><\/div>\n                <div class=\"taxonomy-post_tag wp-block-post-terms\"><a href=\"https:\/\/www.greenpeace.org\/colombia\/tag\/basta-de-basura\/\" rel=\"tag\">Basta de Basura<\/a><span class=\"wp-block-post-terms__separator\"> <\/span><a href=\"https:\/\/www.greenpeace.org\/colombia\/tag\/plasticos\/\" rel=\"tag\">MejorSinPl\u00e1sticos<\/a><\/div>\n                \n                <\/div>\n                \n\n<h3 class=\"wp-block-post-title\"><a href=\"https:\/\/www.greenpeace.org\/colombia\/blog\/campanas\/contaminacion\/dia-mundial-de-las-personas-recuperadoras-sin-recicladores-no-hay-economia-circular-una-deuda-ambiental-y-social\/\" target=\"_self\" >D\u00eda Mundial de las personas recuperadoras: sin recicladores no hay econom\u00eda circular, una deuda ambiental y social<\/a><\/h3>\n\n<div class=\"wp-block-post-excerpt\"><p class=\"wp-block-post-excerpt__excerpt\">Defender a quienes reciclan es defender el ambiente. <\/p><\/div>\n\n\n<div class=\"wp-block-group posts-list-meta is-layout-flow wp-block-group-is-layout-flow\"><span class='article-list-item-author'>Meri Castro<\/span>\n\n<div class=\"wp-block-post-date\"><time datetime=\"2026-03-01T08:00:00+00:00\">1 marzo 2026<\/time><\/div><\/div>\n<\/div>\n<\/div>\n\n<\/li><li class=\"wp-block-post post-17134 post type-post status-publish format-standard has-post-thumbnail hentry category-contaminacion tag-plasticos p4-page-type-noticia\">\n\n<div class=\"wp-block-columns is-layout-flex wp-container-core-columns-is-layout-9d6595d7 wp-block-columns-is-layout-flex\"><figure class=\"wp-block-post-featured-image\"><a href=\"https:\/\/www.greenpeace.org\/colombia\/noticia\/campanas\/contaminacion\/nuevo-informe-alerta-sobre-microplasticos-y-quimicos-toxicos-en-comidas-preparadas-calentadas-en-plastico\/\" target=\"_self\"  ><img loading=\"lazy\" decoding=\"async\" width=\"1200\" height=\"800\" src=\"https:\/\/www.greenpeace.org\/static\/planet4-colombia-stateless\/2026\/02\/43590890-gp0su7hib_medium-res-with-credit-line-1200px.jpg\" class=\"attachment-post-thumbnail size-post-thumbnail wp-post-image wp-stateless-item\" alt=\"Nuevo informe alerta sobre micropl\u00e1sticos y qu\u00edmicos t\u00f3xicos en comidas preparadas calentadas en pl\u00e1stico\" style=\"object-fit:cover;\" srcset=\"https:\/\/www.greenpeace.org\/static\/planet4-colombia-stateless\/2026\/02\/43590890-gp0su7hib_medium-res-with-credit-line-1200px.jpg 1200w, https:\/\/www.greenpeace.org\/static\/planet4-colombia-stateless\/2026\/02\/43590890-gp0su7hib_medium-res-with-credit-line-1200px-300x200.jpg 300w, https:\/\/www.greenpeace.org\/static\/planet4-colombia-stateless\/2026\/02\/43590890-gp0su7hib_medium-res-with-credit-line-1200px-1024x683.jpg 1024w, https:\/\/www.greenpeace.org\/static\/planet4-colombia-stateless\/2026\/02\/43590890-gp0su7hib_medium-res-with-credit-line-1200px-768x512.jpg 768w, https:\/\/www.greenpeace.org\/static\/planet4-colombia-stateless\/2026\/02\/43590890-gp0su7hib_medium-res-with-credit-line-1200px-510x340.jpg 510w\" sizes=\"auto, (max-width: 1200px) 100vw, 1200px\" data-image-size=\"post-thumbnail\" data-stateless-media-bucket=\"planet4-colombia-stateless\" data-stateless-media-name=\"2026\/02\/43590890-gp0su7hib_medium-res-with-credit-line-1200px.jpg\" \/><\/a><\/figure>\n\n\n<div class=\"wp-block-group is-layout-flow wp-block-group-is-layout-flow\">\n                <div class=\"wp-block-group is-layout-flex wp-block-group-is-layout-flex\"><div class=\"wp-block-post-terms\"><a href=\"https:\/\/www.greenpeace.org\/colombia\/category\/campanas\/contaminacion\/\">Contaminaci\u00f3n<\/a><\/div>\n                <div class=\"taxonomy-post_tag wp-block-post-terms\"><a href=\"https:\/\/www.greenpeace.org\/colombia\/tag\/plasticos\/\" rel=\"tag\">MejorSinPl\u00e1sticos<\/a><\/div>\n                \n                <\/div>\n                \n\n<h3 class=\"wp-block-post-title\"><a href=\"https:\/\/www.greenpeace.org\/colombia\/noticia\/campanas\/contaminacion\/nuevo-informe-alerta-sobre-microplasticos-y-quimicos-toxicos-en-comidas-preparadas-calentadas-en-plastico\/\" target=\"_self\" >Nuevo informe alerta sobre micropl\u00e1sticos y qu\u00edmicos t\u00f3xicos en comidas preparadas calentadas en pl\u00e1stico<\/a><\/h3>\n\n<div class=\"wp-block-post-excerpt\"><p class=\"wp-block-post-excerpt__excerpt\">Calentar comidas en envases pl\u00e1sticos en el microondas o el horno puede liberar cientos de miles de part\u00edculas de micro y nano pl\u00e1sticos,\u2026 <\/p><\/div>\n\n\n<div class=\"wp-block-group posts-list-meta is-layout-flow wp-block-group-is-layout-flow\"><span class='article-list-item-author'><a href='https:\/\/www.greenpeace.org\/colombia\/author\/prensaco\/'>Prensa Colombia<\/a><\/span>\n\n<div class=\"wp-block-post-date\"><time datetime=\"2026-02-24T16:34:29+00:00\">24 febrero 2026<\/time><\/div><\/div>\n<\/div>\n<\/div>\n\n<\/li><li class=\"wp-block-post post-17095 post type-post status-publish format-standard has-post-thumbnail hentry category-contaminacion tag-plasticos p4-page-type-blog\">\n\n<div class=\"wp-block-columns is-layout-flex wp-container-core-columns-is-layout-9d6595d7 wp-block-columns-is-layout-flex\"><figure class=\"wp-block-post-featured-image\"><a href=\"https:\/\/www.greenpeace.org\/colombia\/blog\/campanas\/contaminacion\/comidas-precocinadas-y-microondas-que-pasa-cuando-el-plastico-se-calienta\/\" target=\"_self\"  ><img loading=\"lazy\" decoding=\"async\" width=\"1200\" height=\"800\" src=\"https:\/\/www.greenpeace.org\/static\/planet4-colombia-stateless\/2026\/02\/2476c8b7-gp0su7hhz_medium-res-with-credit-line-1200px.jpg\" class=\"attachment-post-thumbnail size-post-thumbnail wp-post-image wp-stateless-item\" alt=\"\u00bfEstamos &#8216;cocinando&#8217; contaminaci\u00f3n? Los riesgos de calentar comidas envueltas en pl\u00e1sticos en el microondas\" style=\"object-fit:cover;\" srcset=\"https:\/\/www.greenpeace.org\/static\/planet4-colombia-stateless\/2026\/02\/2476c8b7-gp0su7hhz_medium-res-with-credit-line-1200px.jpg 1200w, https:\/\/www.greenpeace.org\/static\/planet4-colombia-stateless\/2026\/02\/2476c8b7-gp0su7hhz_medium-res-with-credit-line-1200px-300x200.jpg 300w, https:\/\/www.greenpeace.org\/static\/planet4-colombia-stateless\/2026\/02\/2476c8b7-gp0su7hhz_medium-res-with-credit-line-1200px-1024x683.jpg 1024w, https:\/\/www.greenpeace.org\/static\/planet4-colombia-stateless\/2026\/02\/2476c8b7-gp0su7hhz_medium-res-with-credit-line-1200px-768x512.jpg 768w, https:\/\/www.greenpeace.org\/static\/planet4-colombia-stateless\/2026\/02\/2476c8b7-gp0su7hhz_medium-res-with-credit-line-1200px-510x340.jpg 510w\" sizes=\"auto, (max-width: 1200px) 100vw, 1200px\" data-image-size=\"post-thumbnail\" data-stateless-media-bucket=\"planet4-colombia-stateless\" data-stateless-media-name=\"2026\/02\/2476c8b7-gp0su7hhz_medium-res-with-credit-line-1200px.jpg\" \/><\/a><\/figure>\n\n\n<div class=\"wp-block-group is-layout-flow wp-block-group-is-layout-flow\">\n                <div class=\"wp-block-group is-layout-flex wp-block-group-is-layout-flex\"><div class=\"wp-block-post-terms\"><a href=\"https:\/\/www.greenpeace.org\/colombia\/category\/campanas\/contaminacion\/\">Contaminaci\u00f3n<\/a><\/div>\n                <div class=\"taxonomy-post_tag wp-block-post-terms\"><a href=\"https:\/\/www.greenpeace.org\/colombia\/tag\/plasticos\/\" rel=\"tag\">MejorSinPl\u00e1sticos<\/a><\/div>\n                \n                <\/div>\n                \n\n<h3 class=\"wp-block-post-title\"><a href=\"https:\/\/www.greenpeace.org\/colombia\/blog\/campanas\/contaminacion\/comidas-precocinadas-y-microondas-que-pasa-cuando-el-plastico-se-calienta\/\" target=\"_self\" >\u00bfEstamos &#8216;cocinando&#8217; contaminaci\u00f3n? Los riesgos de calentar comidas envueltas en pl\u00e1sticos en el microondas<\/a><\/h3>\n\n<div class=\"wp-block-post-excerpt\"><p class=\"wp-block-post-excerpt__excerpt\">La revisi\u00f3n de 24 estudios cient\u00edficos realizada por Greenpeace revela los riesgos ocultos del pl\u00e1stico en contacto con alimentos. Este es un tema de salud p\u00fablica, no solo ambiental. <\/p><\/div>\n\n\n<div class=\"wp-block-group posts-list-meta is-layout-flow wp-block-group-is-layout-flow\"><span class='article-list-item-author'>Meri Castro<\/span>\n\n<div class=\"wp-block-post-date\"><time datetime=\"2026-02-24T15:31:02+00:00\">24 febrero 2026<\/time><\/div><\/div>\n<\/div>\n<\/div>\n\n<\/li><li class=\"wp-block-post post-17085 post type-post status-publish format-standard has-post-thumbnail hentry category-climayenergia tag-cambio-climatico p4-page-type-blog\">\n\n<div class=\"wp-block-columns is-layout-flex wp-container-core-columns-is-layout-9d6595d7 wp-block-columns-is-layout-flex\"><figure class=\"wp-block-post-featured-image\"><a href=\"https:\/\/www.greenpeace.org\/colombia\/blog\/campanas\/climayenergia\/inundaciones-en-el-caribe-cuando-la-crisis-climatica-se-encuentra-con-malas-decisiones\/\" target=\"_self\"  ><img loading=\"lazy\" decoding=\"async\" width=\"1200\" height=\"899\" src=\"https:\/\/www.greenpeace.org\/static\/planet4-colombia-stateless\/2026\/02\/604a5b89-gp0su0uxm_medium-res-with-credit-line-1200px.jpg\" class=\"attachment-post-thumbnail size-post-thumbnail wp-post-image wp-stateless-item\" alt=\"Inundaciones en el Caribe: cuando la crisis clim\u00e1tica  se encuentra con malas decisiones\" style=\"object-fit:cover;\" srcset=\"https:\/\/www.greenpeace.org\/static\/planet4-colombia-stateless\/2026\/02\/604a5b89-gp0su0uxm_medium-res-with-credit-line-1200px.jpg 1200w, https:\/\/www.greenpeace.org\/static\/planet4-colombia-stateless\/2026\/02\/604a5b89-gp0su0uxm_medium-res-with-credit-line-1200px-300x225.jpg 300w, https:\/\/www.greenpeace.org\/static\/planet4-colombia-stateless\/2026\/02\/604a5b89-gp0su0uxm_medium-res-with-credit-line-1200px-1024x767.jpg 1024w, https:\/\/www.greenpeace.org\/static\/planet4-colombia-stateless\/2026\/02\/604a5b89-gp0su0uxm_medium-res-with-credit-line-1200px-768x575.jpg 768w, https:\/\/www.greenpeace.org\/static\/planet4-colombia-stateless\/2026\/02\/604a5b89-gp0su0uxm_medium-res-with-credit-line-1200px-454x340.jpg 454w\" sizes=\"auto, (max-width: 1200px) 100vw, 1200px\" data-image-size=\"post-thumbnail\" data-stateless-media-bucket=\"planet4-colombia-stateless\" data-stateless-media-name=\"2026\/02\/604a5b89-gp0su0uxm_medium-res-with-credit-line-1200px.jpg\" \/><\/a><\/figure>\n\n\n<div class=\"wp-block-group is-layout-flow wp-block-group-is-layout-flow\">\n                <div class=\"wp-block-group is-layout-flex wp-block-group-is-layout-flex\"><div class=\"wp-block-post-terms\"><a href=\"https:\/\/www.greenpeace.org\/colombia\/category\/campanas\/climayenergia\/\">Clima y Energ\u00eda<\/a><\/div>\n                <div class=\"taxonomy-post_tag wp-block-post-terms\"><a href=\"https:\/\/www.greenpeace.org\/colombia\/tag\/cambio-climatico\/\" rel=\"tag\">Cambio clim\u00e1tico<\/a><\/div>\n                \n                <\/div>\n                \n\n<h3 class=\"wp-block-post-title\"><a href=\"https:\/\/www.greenpeace.org\/colombia\/blog\/campanas\/climayenergia\/inundaciones-en-el-caribe-cuando-la-crisis-climatica-se-encuentra-con-malas-decisiones\/\" target=\"_self\" >Inundaciones en el Caribe: cuando la crisis clim\u00e1tica  se encuentra con malas decisiones<\/a><\/h3>\n\n<div class=\"wp-block-post-excerpt\"><p class=\"wp-block-post-excerpt__excerpt\">El clima cambi\u00f3.\u2063 Ahora deben cambiar las decisiones.\u2063 <\/p><\/div>\n\n\n<div class=\"wp-block-group posts-list-meta is-layout-flow wp-block-group-is-layout-flow\"><span class='article-list-item-author'>Meri Castro<\/span>\n\n<div class=\"wp-block-post-date\"><time datetime=\"2026-02-23T14:21:17+00:00\">23 febrero 2026<\/time><\/div><\/div>\n<\/div>\n<\/div>\n\n<\/li><\/ul>\n\n\n<div class=\"wp-block-buttons carousel-controls is-horizontal is-content-justification-space-between is-nowrap is-layout-flex wp-container-core-buttons-is-layout-044bd602 wp-block-buttons-is-layout-flex\">\n<div class=\"wp-block-button carousel-control-prev\"><button type=\"button\" class=\"wp-block-button__link wp-element-button\">Prev<\/button><\/div>\n\n\n\n<div class=\"wp-block-button carousel-control-next\"><button type=\"button\" class=\"wp-block-button__link wp-element-button\">Next<\/button><\/div>\n<\/div>\n\n\n<li class=\" wp-block-navigation-item see-all-link wp-block-navigation-link\"><a class=\"wp-block-navigation-item__content\"  href=\"http:\/\/www.greenpeace.org\/colombia\/news-stories\/?post-type=blog\"><span class=\"wp-block-navigation-item__label\">See all posts<\/span><\/a><\/li><\/div>\n\n\n\n\n<div class=\"wp-block-group alignfull block has-white-background-color has-background is-layout-flow wp-block-group-is-layout-flow\"><\/div>\n\n<\/div>\n\n\n<p><\/p>\n","protected":false},"excerpt":{"rendered":"<p>Unamos nuestras voces para exigir que se respete el derecho a denunciar los abusos, a proteger la naturaleza y a construir un futuro justo para todos.<\/p>\n","protected":false},"author":21,"featured_media":14640,"parent":0,"menu_order":0,"comment_status":"closed","ping_status":"closed","template":"","meta":{"ep_exclude_from_search":false,"p4_hide_page_title_checkbox":"on","p4_title":"","p4_subtitle":"","p4_description":"","background_image_id":"","background_image":"","p4_button_title":"","p4_button_link":"","p4_button_link_checkbox":"","p4_og_title":"NO NOS VAN A SILENCIAR. Esta defensa es por el planeta, la libertad de expresi\u00f3n y la justicia clim\u00e1tica.","p4_og_description":"Unamos nuestras voces para exigir que se respete el derecho a denunciar los abusos, a proteger la naturaleza y a construir un futuro justo para todos.","p4_og_image":"https:\/\/www.greenpeace.org\/static\/planet4-colombia-stateless\/2025\/05\/f8f0af30-momento-de-resistir.jpeg","p4_og_image_id":"14640","p4_seo_canonical_url":"","p4_campaign_name":"","p4_local_project":"","p4_basket_name":"","p4_department":"","footnotes":""},"categories":[37],"tags":[],"class_list":["post-14639","page","type-page","status-publish","has-post-thumbnail","hentry","category-greenpeace"],"_links":{"self":[{"href":"https:\/\/www.greenpeace.org\/colombia\/wp-json\/wp\/v2\/pages\/14639","targetHints":{"allow":["GET"]}}],"collection":[{"href":"https:\/\/www.greenpeace.org\/colombia\/wp-json\/wp\/v2\/pages"}],"about":[{"href":"https:\/\/www.greenpeace.org\/colombia\/wp-json\/wp\/v2\/types\/page"}],"author":[{"embeddable":true,"href":"https:\/\/www.greenpeace.org\/colombia\/wp-json\/wp\/v2\/users\/21"}],"replies":[{"embeddable":true,"href":"https:\/\/www.greenpeace.org\/colombia\/wp-json\/wp\/v2\/comments?post=14639"}],"version-history":[{"count":6,"href":"https:\/\/www.greenpeace.org\/colombia\/wp-json\/wp\/v2\/pages\/14639\/revisions"}],"predecessor-version":[{"id":16704,"href":"https:\/\/www.greenpeace.org\/colombia\/wp-json\/wp\/v2\/pages\/14639\/revisions\/16704"}],"wp:featuredmedia":[{"embeddable":true,"href":"https:\/\/www.greenpeace.org\/colombia\/wp-json\/wp\/v2\/media\/14640"}],"wp:attachment":[{"href":"https:\/\/www.greenpeace.org\/colombia\/wp-json\/wp\/v2\/media?parent=14639"}],"wp:term":[{"taxonomy":"category","embeddable":true,"href":"https:\/\/www.greenpeace.org\/colombia\/wp-json\/wp\/v2\/categories?post=14639"},{"taxonomy":"post_tag","embeddable":true,"href":"https:\/\/www.greenpeace.org\/colombia\/wp-json\/wp\/v2\/tags?post=14639"}],"curies":[{"name":"wp","href":"https:\/\/api.w.org\/{rel}","templated":true}]}}