{"id":7128,"date":"2023-04-05T05:32:06","date_gmt":"2023-04-05T05:32:06","guid":{"rendered":"https:\/\/www.greenpeace.org\/colombia\/?page_id=7128"},"modified":"2025-09-23T09:45:49","modified_gmt":"2025-09-23T09:45:49","slug":"el-problema-de-los-residuos","status":"publish","type":"page","link":"https:\/\/www.greenpeace.org\/colombia\/el-problema-de-los-residuos\/","title":{"rendered":"El problema de los residuos"},"content":{"rendered":"\n<figure class=\"wp-block-image aligncenter size-large is-resized\"><img loading=\"lazy\" decoding=\"async\" width=\"1024\" height=\"683\" src=\"https:\/\/www.greenpeace.org\/static\/planet4-colombia-stateless\/2023\/04\/841fb9dd-gpco-residuos-urbanos-credito-martin-katz-greenpeace-1024x683.jpg\" alt=\"\" class=\"wp-image-7129\" style=\"width:768px;height:512px\" srcset=\"https:\/\/www.greenpeace.org\/static\/planet4-colombia-stateless\/2023\/04\/841fb9dd-gpco-residuos-urbanos-credito-martin-katz-greenpeace-1024x683.jpg 1024w, https:\/\/www.greenpeace.org\/static\/planet4-colombia-stateless\/2023\/04\/841fb9dd-gpco-residuos-urbanos-credito-martin-katz-greenpeace-300x200.jpg 300w, https:\/\/www.greenpeace.org\/static\/planet4-colombia-stateless\/2023\/04\/841fb9dd-gpco-residuos-urbanos-credito-martin-katz-greenpeace-768x512.jpg 768w, https:\/\/www.greenpeace.org\/static\/planet4-colombia-stateless\/2023\/04\/841fb9dd-gpco-residuos-urbanos-credito-martin-katz-greenpeace-1536x1024.jpg 1536w, https:\/\/www.greenpeace.org\/static\/planet4-colombia-stateless\/2023\/04\/841fb9dd-gpco-residuos-urbanos-credito-martin-katz-greenpeace-510x340.jpg 510w, https:\/\/www.greenpeace.org\/static\/planet4-colombia-stateless\/2023\/04\/841fb9dd-gpco-residuos-urbanos-credito-martin-katz-greenpeace.jpg 1800w\" sizes=\"auto, (max-width: 1024px) 100vw, 1024px\" \/><\/figure>\n\n<p>Los&nbsp;<strong>desechos son grandes contribuyentes a la triple problem\u00e1tica ambiental que se est\u00e1 viviendo en el planeta<\/strong>: crisis clim\u00e1tica, p\u00e9rdida de biodiversidad, y contaminaci\u00f3n. <\/p>\n\n<p>Cada a\u00f1o, se pierden o desperdician alrededor de 931 millones de toneladas de alimentos, as\u00ed como 14 millones de toneladas de desechos pl\u00e1sticos van a invadir los oc\u00e9anos, r\u00edos y ecosistemas claves.<\/p>\n\n<figure class=\"wp-block-image aligncenter size-large\"><img loading=\"lazy\" decoding=\"async\" width=\"1024\" height=\"683\" src=\"https:\/\/www.greenpeace.org\/static\/planet4-colombia-stateless\/2023\/04\/59d998a0-campana-basura-cero.-2008.-san-francisco-\u00a9-brad-wenner-greenpeace-argentina-19-1024x683.jpg\" alt=\"\" class=\"wp-image-7130\" srcset=\"https:\/\/www.greenpeace.org\/static\/planet4-colombia-stateless\/2023\/04\/59d998a0-campana-basura-cero.-2008.-san-francisco-\u00a9-brad-wenner-greenpeace-argentina-19-1024x683.jpg 1024w, https:\/\/www.greenpeace.org\/static\/planet4-colombia-stateless\/2023\/04\/59d998a0-campana-basura-cero.-2008.-san-francisco-\u00a9-brad-wenner-greenpeace-argentina-19-300x200.jpg 300w, https:\/\/www.greenpeace.org\/static\/planet4-colombia-stateless\/2023\/04\/59d998a0-campana-basura-cero.-2008.-san-francisco-\u00a9-brad-wenner-greenpeace-argentina-19-768x512.jpg 768w, https:\/\/www.greenpeace.org\/static\/planet4-colombia-stateless\/2023\/04\/59d998a0-campana-basura-cero.-2008.-san-francisco-\u00a9-brad-wenner-greenpeace-argentina-19-1536x1024.jpg 1536w, https:\/\/www.greenpeace.org\/static\/planet4-colombia-stateless\/2023\/04\/59d998a0-campana-basura-cero.-2008.-san-francisco-\u00a9-brad-wenner-greenpeace-argentina-19-2048x1366.jpg 2048w, https:\/\/www.greenpeace.org\/static\/planet4-colombia-stateless\/2023\/04\/59d998a0-campana-basura-cero.-2008.-san-francisco-\u00a9-brad-wenner-greenpeace-argentina-19-510x340.jpg 510w\" sizes=\"auto, (max-width: 1024px) 100vw, 1024px\" \/><\/figure>\n\n<p>En&nbsp;<strong>Colombia, se producen alrededor de 25.000 toneladas de residuos s\u00f3lidos al d\u00eda<\/strong>, de los cu\u00e1les \u00fanicamente <strong>se recuperan y reintegran <\/strong>en el ciclo productivo el<strong> 13% y el 7% son recuperados y comercializados<\/strong> por recicladores de oficio. <\/p>\n\n<p>Bogot\u00e1 genera m\u00e1s de <strong>11 millones de toneladas de gases de efecto invernadero. Los residuos s\u00f3lidos en la ciudad son responsables de la emisi\u00f3n del 18% (2.090.622) <\/strong>el tercero despu\u00e9s del transporte, adem\u00e1s de contaminar los cuerpos de agua tanto en la superficie como en los niveles subterr\u00e1neos por el l\u00edquido t\u00f3xico generado por la basura. <\/p>\n\n<figure class=\"wp-block-image aligncenter size-large\"><img loading=\"lazy\" decoding=\"async\" width=\"1024\" height=\"683\" src=\"https:\/\/www.greenpeace.org\/static\/planet4-colombia-stateless\/2023\/04\/a2fea182-gpco-vertedero-dona-juana-bogota-credito-martin-katz-greenpeace-6-1024x683.jpg\" alt=\"\" class=\"wp-image-7131\" srcset=\"https:\/\/www.greenpeace.org\/static\/planet4-colombia-stateless\/2023\/04\/a2fea182-gpco-vertedero-dona-juana-bogota-credito-martin-katz-greenpeace-6-1024x683.jpg 1024w, https:\/\/www.greenpeace.org\/static\/planet4-colombia-stateless\/2023\/04\/a2fea182-gpco-vertedero-dona-juana-bogota-credito-martin-katz-greenpeace-6-300x200.jpg 300w, https:\/\/www.greenpeace.org\/static\/planet4-colombia-stateless\/2023\/04\/a2fea182-gpco-vertedero-dona-juana-bogota-credito-martin-katz-greenpeace-6-768x513.jpg 768w, https:\/\/www.greenpeace.org\/static\/planet4-colombia-stateless\/2023\/04\/a2fea182-gpco-vertedero-dona-juana-bogota-credito-martin-katz-greenpeace-6-1536x1025.jpg 1536w, https:\/\/www.greenpeace.org\/static\/planet4-colombia-stateless\/2023\/04\/a2fea182-gpco-vertedero-dona-juana-bogota-credito-martin-katz-greenpeace-6-2048x1366.jpg 2048w, https:\/\/www.greenpeace.org\/static\/planet4-colombia-stateless\/2023\/04\/a2fea182-gpco-vertedero-dona-juana-bogota-credito-martin-katz-greenpeace-6-510x340.jpg 510w\" sizes=\"auto, (max-width: 1024px) 100vw, 1024px\" \/><figcaption class=\"wp-element-caption\">Vertedero Do\u00f1a Juana .Foto:  Mart\u00edn Katz \/Greenpeace<\/figcaption><\/figure>\n\n<p>Considerando que <strong>Bogot\u00e1 est\u00e1 construida sobre humedales<\/strong>, el impacto ambiental deber\u00eda ser de mayor preocupaci\u00f3n. <\/p>\n\n<p>Sin embargo, los residuos se ven por todos lados, la ciudad enfrenta una mala gesti\u00f3n de residuos, <strong>diariamente se acumulan 7.500 toneladas de residuos, de los cuales solo el 17% se recicl<\/strong>a. <\/p>\n\n<p>La Asociaci\u00f3n de Recicladores de Bogot\u00e1, ARB (Asociaci\u00f3n de Recicladores de Bogot\u00e1), evit\u00f3 <strong>407.750 toneladas de CO2 eq, una reducci\u00f3n del 0,21% del total de emisiones de Colombia, que son 1.873.400.000 toneladas de CO2 eq.<\/strong><\/p>\n\n<ul class=\"wp-block-list\">\n<li>En 2021,<strong> Bogot\u00e1 declar\u00f3 Emergencia Clim\u00e1tica.<\/strong> En su declaraci\u00f3n hay<strong> dos puntos que hacen referencia directa a la gesti\u00f3n de residuos y al papel de los recicladores<\/strong>. Ellos son:<\/li>\n\n\n\n<li><strong>Mandato 6:<\/strong> Gesti\u00f3n integral de residuos con inclusi\u00f3n social para la crisis clim\u00e1tica &#8211; incluye el desarrollo de un plan de acci\u00f3n para reducir, reutilizar y reciclar residuos, as\u00ed como promover el compostaje; y promover la formalizaci\u00f3n, empoderamiento y capacitaci\u00f3n de los recicladores, as\u00ed como aumentar la segregaci\u00f3n de residuos entre los ciudadanos.<\/li>\n\n\n\n<li><strong>Mandato 7:<\/strong> Econom\u00eda solidaria, resiliencia y trabajo decente &#8211; promover redes de econom\u00eda solidaria, alianzas entre grupos comunitarios, sociales y ciudadanos.<\/li>\n<\/ul>\n\n    <div class=\"wp-block-query posts-list p4-query-loop is-custom-layout-list is-layout-flow wp-block-query-is-layout-flow\">\n        <div class=\"wp-block-group is-content-justification-space-between is-layout-flex wp-container-core-group-is-layout-3d213aab wp-block-group-is-layout-flex\"><h2 class=\"wp-block-heading\">Art\u00edculos relacionados<\/h2>\n        <li class=\" wp-block-navigation-item see-all-link wp-block-navigation-link\"><a class=\"wp-block-navigation-item__content\"  href=\"http:\/\/www.greenpeace.org\/colombia\/news-stories\/?tag=basta-de-basura\"><span class=\"wp-block-navigation-item__label\">See all stories<\/span><\/a><\/li>\n        \n        <\/div>\n        \n\n    <p style=\"margin-top: 24px; margin-bottom: 36px;\"><\/p>\n\n    \n\n    <ul class=\"wp-block-post-template is-layout-flow wp-block-post-template-is-layout-flow\"><li class=\"wp-block-post post-17145 post type-post status-publish format-standard has-post-thumbnail hentry category-contaminacion tag-basta-de-basura tag-plasticos p4-page-type-blog\">\n            \n<div class=\"wp-block-columns is-layout-flex wp-container-core-columns-is-layout-9d6595d7 wp-block-columns-is-layout-flex\"><figure class=\"wp-block-post-featured-image\"><a href=\"https:\/\/www.greenpeace.org\/colombia\/blog\/campanas\/contaminacion\/dia-mundial-de-las-personas-recuperadoras-sin-recicladores-no-hay-economia-circular-una-deuda-ambiental-y-social\/\" target=\"_self\"  ><img loading=\"lazy\" decoding=\"async\" width=\"800\" height=\"534\" src=\"https:\/\/www.greenpeace.org\/static\/planet4-colombia-stateless\/2024\/06\/96f7d3ab-gp0stx25o_low-res-with-credit-line-800px.jpg\" class=\"attachment-post-thumbnail size-post-thumbnail wp-post-image wp-stateless-item\" alt=\"D\u00eda Mundial de las personas recuperadoras: sin recicladores no hay econom\u00eda circular, una deuda ambiental y social\" style=\"object-fit:cover;\" srcset=\"https:\/\/www.greenpeace.org\/static\/planet4-colombia-stateless\/2024\/06\/96f7d3ab-gp0stx25o_low-res-with-credit-line-800px.jpg 800w, https:\/\/www.greenpeace.org\/static\/planet4-colombia-stateless\/2024\/06\/96f7d3ab-gp0stx25o_low-res-with-credit-line-800px-300x200.jpg 300w, https:\/\/www.greenpeace.org\/static\/planet4-colombia-stateless\/2024\/06\/96f7d3ab-gp0stx25o_low-res-with-credit-line-800px-768x513.jpg 768w, https:\/\/www.greenpeace.org\/static\/planet4-colombia-stateless\/2024\/06\/96f7d3ab-gp0stx25o_low-res-with-credit-line-800px-510x340.jpg 510w\" sizes=\"auto, (max-width: 800px) 100vw, 800px\" data-image-size=\"post-thumbnail\" data-stateless-media-bucket=\"planet4-colombia-stateless\" data-stateless-media-name=\"2024\/06\/96f7d3ab-gp0stx25o_low-res-with-credit-line-800px.jpg\" \/><\/a><\/figure>\n\n        <div class=\"wp-block-group is-layout-flow wp-block-group-is-layout-flow\">\n                <div class=\"wp-block-group is-layout-flex wp-block-group-is-layout-flex\"><div class=\"wp-block-post-terms\"><a href=\"https:\/\/www.greenpeace.org\/colombia\/category\/campanas\/contaminacion\/\">Contaminaci\u00f3n<\/a><\/div>\n                <div class=\"taxonomy-post_tag wp-block-post-terms\"><a href=\"https:\/\/www.greenpeace.org\/colombia\/tag\/basta-de-basura\/\" rel=\"tag\">Basta de Basura<\/a><span class=\"wp-block-post-terms__separator\"> <\/span><a href=\"https:\/\/www.greenpeace.org\/colombia\/tag\/plasticos\/\" rel=\"tag\">MejorSinPl\u00e1sticos<\/a><\/div>\n                \n                <\/div>\n                \n        <h3 class=\"wp-block-post-title\"><a href=\"https:\/\/www.greenpeace.org\/colombia\/blog\/campanas\/contaminacion\/dia-mundial-de-las-personas-recuperadoras-sin-recicladores-no-hay-economia-circular-una-deuda-ambiental-y-social\/\" target=\"_self\" >D\u00eda Mundial de las personas recuperadoras: sin recicladores no hay econom\u00eda circular, una deuda ambiental y social<\/a><\/h3>\n        <div class=\"wp-block-post-excerpt\"><p class=\"wp-block-post-excerpt__excerpt\">Defender a quienes reciclan es defender el ambiente. <\/p><\/div>\n        \n        <div class=\"wp-block-group posts-list-meta is-layout-flow wp-block-group-is-layout-flow\"><span class='article-list-item-author'>Meri Castro<\/span>\n        <div class=\"wp-block-post-date\"><time datetime=\"2026-03-01T08:00:00+00:00\">1 marzo 2026<\/time><\/div>\n        \n        <\/div>\n        <\/div>\n        <\/div>\n\n            <\/li><li class=\"wp-block-post post-17134 post type-post status-publish format-standard has-post-thumbnail hentry category-contaminacion tag-plasticos p4-page-type-noticia\">\n            \n<div class=\"wp-block-columns is-layout-flex wp-container-core-columns-is-layout-9d6595d7 wp-block-columns-is-layout-flex\"><figure class=\"wp-block-post-featured-image\"><a href=\"https:\/\/www.greenpeace.org\/colombia\/noticia\/campanas\/contaminacion\/nuevo-informe-alerta-sobre-microplasticos-y-quimicos-toxicos-en-comidas-preparadas-calentadas-en-plastico\/\" target=\"_self\"  ><img loading=\"lazy\" decoding=\"async\" width=\"1200\" height=\"800\" src=\"https:\/\/www.greenpeace.org\/static\/planet4-colombia-stateless\/2026\/02\/43590890-gp0su7hib_medium-res-with-credit-line-1200px.jpg\" class=\"attachment-post-thumbnail size-post-thumbnail wp-post-image wp-stateless-item\" alt=\"Nuevo informe alerta sobre micropl\u00e1sticos y qu\u00edmicos t\u00f3xicos en comidas preparadas calentadas en pl\u00e1stico\" style=\"object-fit:cover;\" srcset=\"https:\/\/www.greenpeace.org\/static\/planet4-colombia-stateless\/2026\/02\/43590890-gp0su7hib_medium-res-with-credit-line-1200px.jpg 1200w, https:\/\/www.greenpeace.org\/static\/planet4-colombia-stateless\/2026\/02\/43590890-gp0su7hib_medium-res-with-credit-line-1200px-300x200.jpg 300w, https:\/\/www.greenpeace.org\/static\/planet4-colombia-stateless\/2026\/02\/43590890-gp0su7hib_medium-res-with-credit-line-1200px-1024x683.jpg 1024w, https:\/\/www.greenpeace.org\/static\/planet4-colombia-stateless\/2026\/02\/43590890-gp0su7hib_medium-res-with-credit-line-1200px-768x512.jpg 768w, https:\/\/www.greenpeace.org\/static\/planet4-colombia-stateless\/2026\/02\/43590890-gp0su7hib_medium-res-with-credit-line-1200px-510x340.jpg 510w\" sizes=\"auto, (max-width: 1200px) 100vw, 1200px\" data-image-size=\"post-thumbnail\" data-stateless-media-bucket=\"planet4-colombia-stateless\" data-stateless-media-name=\"2026\/02\/43590890-gp0su7hib_medium-res-with-credit-line-1200px.jpg\" \/><\/a><\/figure>\n\n        <div class=\"wp-block-group is-layout-flow wp-block-group-is-layout-flow\">\n                <div class=\"wp-block-group is-layout-flex wp-block-group-is-layout-flex\"><div class=\"wp-block-post-terms\"><a href=\"https:\/\/www.greenpeace.org\/colombia\/category\/campanas\/contaminacion\/\">Contaminaci\u00f3n<\/a><\/div>\n                <div class=\"taxonomy-post_tag wp-block-post-terms\"><a href=\"https:\/\/www.greenpeace.org\/colombia\/tag\/plasticos\/\" rel=\"tag\">MejorSinPl\u00e1sticos<\/a><\/div>\n                \n                <\/div>\n                \n        <h3 class=\"wp-block-post-title\"><a href=\"https:\/\/www.greenpeace.org\/colombia\/noticia\/campanas\/contaminacion\/nuevo-informe-alerta-sobre-microplasticos-y-quimicos-toxicos-en-comidas-preparadas-calentadas-en-plastico\/\" target=\"_self\" >Nuevo informe alerta sobre micropl\u00e1sticos y qu\u00edmicos t\u00f3xicos en comidas preparadas calentadas en pl\u00e1stico<\/a><\/h3>\n        <div class=\"wp-block-post-excerpt\"><p class=\"wp-block-post-excerpt__excerpt\">Calentar comidas en envases pl\u00e1sticos en el microondas o el horno puede liberar cientos de miles de part\u00edculas de micro y nano pl\u00e1sticos,\u2026 <\/p><\/div>\n        \n        <div class=\"wp-block-group posts-list-meta is-layout-flow wp-block-group-is-layout-flow\"><span class='article-list-item-author'><a href='https:\/\/www.greenpeace.org\/colombia\/author\/prensaco\/'>Prensa Colombia<\/a><\/span>\n        <div class=\"wp-block-post-date\"><time datetime=\"2026-02-24T16:34:29+00:00\">24 febrero 2026<\/time><\/div>\n        \n        <\/div>\n        <\/div>\n        <\/div>\n\n            <\/li><li class=\"wp-block-post post-17095 post type-post status-publish format-standard has-post-thumbnail hentry category-contaminacion tag-plasticos p4-page-type-blog\">\n            \n<div class=\"wp-block-columns is-layout-flex wp-container-core-columns-is-layout-9d6595d7 wp-block-columns-is-layout-flex\"><figure class=\"wp-block-post-featured-image\"><a href=\"https:\/\/www.greenpeace.org\/colombia\/blog\/campanas\/contaminacion\/comidas-precocinadas-y-microondas-que-pasa-cuando-el-plastico-se-calienta\/\" target=\"_self\"  ><img loading=\"lazy\" decoding=\"async\" width=\"1200\" height=\"800\" src=\"https:\/\/www.greenpeace.org\/static\/planet4-colombia-stateless\/2026\/02\/2476c8b7-gp0su7hhz_medium-res-with-credit-line-1200px.jpg\" class=\"attachment-post-thumbnail size-post-thumbnail wp-post-image wp-stateless-item\" alt=\"\u00bfEstamos &#8216;cocinando&#8217; contaminaci\u00f3n? Los riesgos de calentar comidas envueltas en pl\u00e1sticos en el microondas\" style=\"object-fit:cover;\" srcset=\"https:\/\/www.greenpeace.org\/static\/planet4-colombia-stateless\/2026\/02\/2476c8b7-gp0su7hhz_medium-res-with-credit-line-1200px.jpg 1200w, https:\/\/www.greenpeace.org\/static\/planet4-colombia-stateless\/2026\/02\/2476c8b7-gp0su7hhz_medium-res-with-credit-line-1200px-300x200.jpg 300w, https:\/\/www.greenpeace.org\/static\/planet4-colombia-stateless\/2026\/02\/2476c8b7-gp0su7hhz_medium-res-with-credit-line-1200px-1024x683.jpg 1024w, https:\/\/www.greenpeace.org\/static\/planet4-colombia-stateless\/2026\/02\/2476c8b7-gp0su7hhz_medium-res-with-credit-line-1200px-768x512.jpg 768w, https:\/\/www.greenpeace.org\/static\/planet4-colombia-stateless\/2026\/02\/2476c8b7-gp0su7hhz_medium-res-with-credit-line-1200px-510x340.jpg 510w\" sizes=\"auto, (max-width: 1200px) 100vw, 1200px\" data-image-size=\"post-thumbnail\" data-stateless-media-bucket=\"planet4-colombia-stateless\" data-stateless-media-name=\"2026\/02\/2476c8b7-gp0su7hhz_medium-res-with-credit-line-1200px.jpg\" \/><\/a><\/figure>\n\n        <div class=\"wp-block-group is-layout-flow wp-block-group-is-layout-flow\">\n                <div class=\"wp-block-group is-layout-flex wp-block-group-is-layout-flex\"><div class=\"wp-block-post-terms\"><a href=\"https:\/\/www.greenpeace.org\/colombia\/category\/campanas\/contaminacion\/\">Contaminaci\u00f3n<\/a><\/div>\n                <div class=\"taxonomy-post_tag wp-block-post-terms\"><a href=\"https:\/\/www.greenpeace.org\/colombia\/tag\/plasticos\/\" rel=\"tag\">MejorSinPl\u00e1sticos<\/a><\/div>\n                \n                <\/div>\n                \n        <h3 class=\"wp-block-post-title\"><a href=\"https:\/\/www.greenpeace.org\/colombia\/blog\/campanas\/contaminacion\/comidas-precocinadas-y-microondas-que-pasa-cuando-el-plastico-se-calienta\/\" target=\"_self\" >\u00bfEstamos &#8216;cocinando&#8217; contaminaci\u00f3n? Los riesgos de calentar comidas envueltas en pl\u00e1sticos en el microondas<\/a><\/h3>\n        <div class=\"wp-block-post-excerpt\"><p class=\"wp-block-post-excerpt__excerpt\">La revisi\u00f3n de 24 estudios cient\u00edficos realizada por Greenpeace revela los riesgos ocultos del pl\u00e1stico en contacto con alimentos. Este es un tema de salud p\u00fablica, no solo ambiental. <\/p><\/div>\n        \n        <div class=\"wp-block-group posts-list-meta is-layout-flow wp-block-group-is-layout-flow\"><span class='article-list-item-author'>Meri Castro<\/span>\n        <div class=\"wp-block-post-date\"><time datetime=\"2026-02-24T15:31:02+00:00\">24 febrero 2026<\/time><\/div>\n        \n        <\/div>\n        <\/div>\n        <\/div>\n\n            <\/li><\/ul>\n\n    \n<div class=\"wp-block-buttons carousel-controls is-horizontal is-content-justification-space-between is-nowrap is-layout-flex wp-container-core-buttons-is-layout-044bd602 wp-block-buttons-is-layout-flex\">\n            <div class=\"wp-block-button carousel-control-prev\"><button type=\"button\" class=\"wp-block-button__link wp-element-button\">Prev<\/button><\/div>\n        \n\n            <div class=\"wp-block-button carousel-control-next\"><button type=\"button\" class=\"wp-block-button__link wp-element-button\">Next<\/button><\/div>\n        <\/div>\n\n\n    <li class=\" wp-block-navigation-item see-all-link wp-block-navigation-link\"><a class=\"wp-block-navigation-item__content\"  href=\"http:\/\/www.greenpeace.org\/colombia\/news-stories\/?tag=basta-de-basura\"><span class=\"wp-block-navigation-item__label\">See all stories<\/span><\/a><\/li><\/div>\n    ","protected":false},"excerpt":{"rendered":"<p>En Colombia, se producen alrededor de 25.000 toneladas de residuos s\u00f3lidos al d\u00eda, de los cu\u00e1les \u00fanicamente se recuperan y reintegran en el ciclo productivo el 13% y el 7% son recuperados y comercializados por recicladores de oficio. <\/p>\n","protected":false},"author":21,"featured_media":7130,"parent":0,"menu_order":0,"comment_status":"closed","ping_status":"closed","template":"","meta":{"ep_exclude_from_search":false,"p4_hide_page_title_checkbox":"","p4_title":"","p4_subtitle":"","p4_description":"","background_image_id":"","background_image":"","p4_button_title":"","p4_button_link":"","p4_button_link_checkbox":"","p4_og_title":"El problema de los residuos","p4_og_description":"En Colombia, se producen alrededor de 25.000 toneladas de residuos s\u00f3lidos al d\u00eda, de los cu\u00e1les \u00fanicamente se recuperan y reintegran en el ciclo productivo el 13% y el 7% son recuperados y comercializados por recicladores de oficio. ","p4_og_image":"","p4_og_image_id":"","p4_seo_canonical_url":"","p4_campaign_name":"","p4_local_project":"","p4_basket_name":"","p4_department":"","footnotes":""},"categories":[17,51],"tags":[53,49,23],"class_list":["post-7128","page","type-page","status-publish","has-post-thumbnail","hentry","category-contaminacion","category-sustentabilidad","tag-consumo","tag-basta-de-basura","tag-plasticos"],"_links":{"self":[{"href":"https:\/\/www.greenpeace.org\/colombia\/wp-json\/wp\/v2\/pages\/7128","targetHints":{"allow":["GET"]}}],"collection":[{"href":"https:\/\/www.greenpeace.org\/colombia\/wp-json\/wp\/v2\/pages"}],"about":[{"href":"https:\/\/www.greenpeace.org\/colombia\/wp-json\/wp\/v2\/types\/page"}],"author":[{"embeddable":true,"href":"https:\/\/www.greenpeace.org\/colombia\/wp-json\/wp\/v2\/users\/21"}],"replies":[{"embeddable":true,"href":"https:\/\/www.greenpeace.org\/colombia\/wp-json\/wp\/v2\/comments?post=7128"}],"version-history":[{"count":18,"href":"https:\/\/www.greenpeace.org\/colombia\/wp-json\/wp\/v2\/pages\/7128\/revisions"}],"predecessor-version":[{"id":16720,"href":"https:\/\/www.greenpeace.org\/colombia\/wp-json\/wp\/v2\/pages\/7128\/revisions\/16720"}],"wp:featuredmedia":[{"embeddable":true,"href":"https:\/\/www.greenpeace.org\/colombia\/wp-json\/wp\/v2\/media\/7130"}],"wp:attachment":[{"href":"https:\/\/www.greenpeace.org\/colombia\/wp-json\/wp\/v2\/media?parent=7128"}],"wp:term":[{"taxonomy":"category","embeddable":true,"href":"https:\/\/www.greenpeace.org\/colombia\/wp-json\/wp\/v2\/categories?post=7128"},{"taxonomy":"post_tag","embeddable":true,"href":"https:\/\/www.greenpeace.org\/colombia\/wp-json\/wp\/v2\/tags?post=7128"}],"curies":[{"name":"wp","href":"https:\/\/api.w.org\/{rel}","templated":true}]}}