{"id":11,"date":"2018-05-08T14:32:52","date_gmt":"2018-05-08T12:32:52","guid":{"rendered":"https:\/\/k8s.p4.greenpeace.org\/defaultcontent\/?page_id=11"},"modified":"2025-09-23T11:45:41","modified_gmt":"2025-09-23T09:45:41","slug":"istrazi","status":"publish","type":"page","link":"https:\/\/www.greenpeace.org\/croatia\/istrazi\/","title":{"rendered":"Istra\u017ei"},"content":{"rendered":"\n\n<div class=\"wp-block-group alignfull is-layout-flow wp-block-group-is-layout-flow\">\n<div class=\"wp-block-group container is-layout-flow wp-block-group-is-layout-flow\">\n<p><\/p>\n\n\n\n<p class=\"has-large-font-size\"><strong>\u0160to radimo<\/strong><\/p>\n\n\n\n<p style=\"font-size:1.4rem\">Greenpeace vodi kampanje protiv uni\u0161tavanja okoli\u0161a od 1971. kada je mali brod s volonterima i novinarima doplovio na Amchitku, sjeverno od Aljaske, gdje je Vlada SAD-a provodila podzemna nuklearna testiranja. Ova tradicija \u201esvjedo\u010denja\u201c na nenasilan na\u010din nastavlja se i danas, a na\u0161i brodovi va\u017ean su dio svih na\u0161ih kampanja.<\/p>\n<\/div>\n<\/div>\n\n\n<div class=\"wp-block-columns is-layout-flex wp-container-core-columns-is-layout-9d6595d7 wp-block-columns-is-layout-flex\">\n<div class=\"wp-block-column is-vertically-aligned-center is-layout-flow wp-block-column-is-layout-flow\">\n<div class=\"wp-block-media-text is-stacked-on-mobile\"><figure class=\"wp-block-media-text__media\"><img loading=\"lazy\" decoding=\"async\" width=\"960\" height=\"534\" src=\"https:\/\/www.greenpeace.org\/static\/planet4-croatia-stateless\/2020\/09\/c520cc10-break-free-zagreb-branko-drakulic-1.jpg\" alt=\"\" sizes=\"auto, (min-width: 1600px) calc((1320px - 24px) \/ 2),(min-width: 1200px) calc((1140px - 24px) \/ 2),(min-width: 992px) calc((960px - 24px) \/ 2),(min-width: 768px) calc((720px - 24px) \/ 2),(min-width: 601px) calc((540px - 24px) \/ 2),(min-width: 577px) calc((540px - 24px) \/ 1), calc(100vw - 24px)\" srcset=\"https:\/\/www.greenpeace.org\/static\/planet4-croatia-stateless\/2020\/09\/c520cc10-break-free-zagreb-branko-drakulic-1.jpg 960w, https:\/\/www.greenpeace.org\/static\/planet4-croatia-stateless\/2020\/09\/c520cc10-break-free-zagreb-branko-drakulic-1-300x167.jpg 300w, https:\/\/www.greenpeace.org\/static\/planet4-croatia-stateless\/2020\/09\/c520cc10-break-free-zagreb-branko-drakulic-1-768x427.jpg 768w, https:\/\/www.greenpeace.org\/static\/planet4-croatia-stateless\/2020\/09\/c520cc10-break-free-zagreb-branko-drakulic-1-510x284.jpg 510w\" class=\"wp-image-1986 size-full\"\/><\/figure><div class=\"wp-block-media-text__content\">\n<h3 class=\"wp-block-heading\">Klima i energija<\/h3>\n\n\n\n<p>Da bi sa\u010duvali \u017eivot na Zemlji, treba nam stabilna klima. Fosilni plin\u2026<\/p>\n\n\n\n<p><a href=\"https:\/\/www.greenpeace.org\/croatia\/istrazi\/klima-i-energija\/\">Saznaj vi\u0161e<\/a><\/p>\n<\/div><\/div>\n<\/div>\n\n\n\n<div class=\"wp-block-column is-vertically-aligned-center is-layout-flow wp-block-column-is-layout-flow\">\n<div class=\"wp-block-media-text is-stacked-on-mobile\"><figure class=\"wp-block-media-text__media\"><img loading=\"lazy\" decoding=\"async\" width=\"2560\" height=\"1707\" src=\"https:\/\/www.greenpeace.org\/static\/planet4-croatia-stateless\/2023\/12\/cd097352-greenpeace_bojanharonmarkicevic_04-scaled.jpg\" alt=\"\" sizes=\"auto, (min-width: 1600px) calc((1320px - 24px) \/ 2),(min-width: 1200px) calc((1140px - 24px) \/ 2),(min-width: 992px) calc((960px - 24px) \/ 2),(min-width: 768px) calc((720px - 24px) \/ 2),(min-width: 601px) calc((540px - 24px) \/ 2),(min-width: 577px) calc((540px - 24px) \/ 1), calc(100vw - 24px)\" srcset=\"https:\/\/www.greenpeace.org\/static\/planet4-croatia-stateless\/2023\/12\/cd097352-greenpeace_bojanharonmarkicevic_04-scaled.jpg 2560w, https:\/\/www.greenpeace.org\/static\/planet4-croatia-stateless\/2023\/12\/cd097352-greenpeace_bojanharonmarkicevic_04-300x200.jpg 300w, https:\/\/www.greenpeace.org\/static\/planet4-croatia-stateless\/2023\/12\/cd097352-greenpeace_bojanharonmarkicevic_04-1024x683.jpg 1024w, https:\/\/www.greenpeace.org\/static\/planet4-croatia-stateless\/2023\/12\/cd097352-greenpeace_bojanharonmarkicevic_04-768x512.jpg 768w, https:\/\/www.greenpeace.org\/static\/planet4-croatia-stateless\/2023\/12\/cd097352-greenpeace_bojanharonmarkicevic_04-1536x1024.jpg 1536w, https:\/\/www.greenpeace.org\/static\/planet4-croatia-stateless\/2023\/12\/cd097352-greenpeace_bojanharonmarkicevic_04-2048x1366.jpg 2048w, https:\/\/www.greenpeace.org\/static\/planet4-croatia-stateless\/2023\/12\/cd097352-greenpeace_bojanharonmarkicevic_04-510x340.jpg 510w\" class=\"wp-image-3408 size-full\"\/><\/figure><div class=\"wp-block-media-text__content\">\n<h3 class=\"wp-block-heading\"><\/h3>\n\n\n\n<p>Ne dozvolimo da Ivana D potone u zaborav!Pridru\u017ei svoj glas zahtjevu Vladi\u2026<\/p>\n\n\n\n<div class=\"wp-block-buttons carousel-controls is-layout-flex wp-block-buttons-is-layout-flex\">\n<div class=\"wp-block-button is-style-cta\"><a class=\"wp-block-button__link wp-element-button\" href=\"https:\/\/podrzi.greenpeace.hr\/ivana_d\/\" target=\"_self\" rel=\"noopener\">Potpi\u0161i peticiju<\/a><\/div>\n<\/div>\n<\/div><\/div>\n<\/div>\n<\/div>\n\n<hr class=\"wp-block-separator has-alpha-channel-opacity\"\/>\n\n<div class=\"wp-block-columns is-layout-flex wp-container-core-columns-is-layout-9d6595d7 wp-block-columns-is-layout-flex\">\n<div class=\"wp-block-column is-vertically-aligned-center is-layout-flow wp-block-column-is-layout-flow\">\n<div class=\"wp-block-media-text is-stacked-on-mobile\"><figure class=\"wp-block-media-text__media\"><img loading=\"lazy\" decoding=\"async\" width=\"1599\" height=\"1200\" src=\"https:\/\/www.greenpeace.org\/static\/planet4-croatia-stateless\/2023\/07\/61cf8a51-greenpeace-suncana-paro-vidolin-2-3.jpg\" alt=\"\" sizes=\"auto, (min-width: 1600px) calc((1320px - 24px) \/ 2),(min-width: 1200px) calc((1140px - 24px) \/ 2),(min-width: 992px) calc((960px - 24px) \/ 2),(min-width: 768px) calc((720px - 24px) \/ 2),(min-width: 601px) calc((540px - 24px) \/ 2),(min-width: 577px) calc((540px - 24px) \/ 1), calc(100vw - 24px)\" srcset=\"https:\/\/www.greenpeace.org\/static\/planet4-croatia-stateless\/2023\/07\/61cf8a51-greenpeace-suncana-paro-vidolin-2-3.jpg 1599w, https:\/\/www.greenpeace.org\/static\/planet4-croatia-stateless\/2023\/07\/61cf8a51-greenpeace-suncana-paro-vidolin-2-3-300x225.jpg 300w, https:\/\/www.greenpeace.org\/static\/planet4-croatia-stateless\/2023\/07\/61cf8a51-greenpeace-suncana-paro-vidolin-2-3-1024x768.jpg 1024w, https:\/\/www.greenpeace.org\/static\/planet4-croatia-stateless\/2023\/07\/61cf8a51-greenpeace-suncana-paro-vidolin-2-3-768x576.jpg 768w, https:\/\/www.greenpeace.org\/static\/planet4-croatia-stateless\/2023\/07\/61cf8a51-greenpeace-suncana-paro-vidolin-2-3-1536x1153.jpg 1536w, https:\/\/www.greenpeace.org\/static\/planet4-croatia-stateless\/2023\/07\/61cf8a51-greenpeace-suncana-paro-vidolin-2-3-453x340.jpg 453w\" class=\"wp-image-3222 size-full\"\/><\/figure><div class=\"wp-block-media-text__content\">\n<h3 class=\"wp-block-heading\">Ne Plastici<\/h3>\n\n\n\n<p>Plasti\u010dni otpad uni\u0161tava svijet. One\u010di\u0161\u0107enje plastikom preplavilo je na\u0161 planet, ugro\u017eava zdravlje\u2026<\/p>\n\n\n\n<p><a href=\"https:\/\/www.greenpeace.org\/croatia\/istrazi\/ne-plastici\/\">Saznaj vi\u0161e<\/a><\/p>\n<\/div><\/div>\n<\/div>\n\n\n\n<div class=\"wp-block-column is-vertically-aligned-center is-layout-flow wp-block-column-is-layout-flow\">\n<div class=\"wp-block-media-text is-stacked-on-mobile\"><figure class=\"wp-block-media-text__media\"><img loading=\"lazy\" decoding=\"async\" width=\"2500\" height=\"1667\" src=\"https:\/\/www.greenpeace.org\/static\/planet4-croatia-stateless\/2021\/08\/d773a09c-pula-greenpeace-nevio-smajic-135.jpg\" alt=\"\" sizes=\"auto, (min-width: 1600px) calc((1320px - 24px) \/ 2),(min-width: 1200px) calc((1140px - 24px) \/ 2),(min-width: 992px) calc((960px - 24px) \/ 2),(min-width: 768px) calc((720px - 24px) \/ 2),(min-width: 601px) calc((540px - 24px) \/ 2),(min-width: 577px) calc((540px - 24px) \/ 1), calc(100vw - 24px)\" srcset=\"https:\/\/www.greenpeace.org\/static\/planet4-croatia-stateless\/2021\/08\/d773a09c-pula-greenpeace-nevio-smajic-135.jpg 2500w, https:\/\/www.greenpeace.org\/static\/planet4-croatia-stateless\/2021\/08\/d773a09c-pula-greenpeace-nevio-smajic-135-300x200.jpg 300w, https:\/\/www.greenpeace.org\/static\/planet4-croatia-stateless\/2021\/08\/d773a09c-pula-greenpeace-nevio-smajic-135-1024x683.jpg 1024w, https:\/\/www.greenpeace.org\/static\/planet4-croatia-stateless\/2021\/08\/d773a09c-pula-greenpeace-nevio-smajic-135-768x512.jpg 768w, https:\/\/www.greenpeace.org\/static\/planet4-croatia-stateless\/2021\/08\/d773a09c-pula-greenpeace-nevio-smajic-135-1536x1024.jpg 1536w, https:\/\/www.greenpeace.org\/static\/planet4-croatia-stateless\/2021\/08\/d773a09c-pula-greenpeace-nevio-smajic-135-2048x1366.jpg 2048w, https:\/\/www.greenpeace.org\/static\/planet4-croatia-stateless\/2021\/08\/d773a09c-pula-greenpeace-nevio-smajic-135-510x340.jpg 510w\" class=\"wp-image-2463 size-full\"\/><\/figure><div class=\"wp-block-media-text__content\">\n<h3 class=\"wp-block-heading\"><\/h3>\n\n\n\n<p>Pregovori za Globalni sporazum o plastici su zapo\u010deli, a trebali bi biti\u2026<\/p>\n\n\n\n<div class=\"wp-block-buttons carousel-controls is-layout-flex wp-block-buttons-is-layout-flex\">\n<div class=\"wp-block-button is-style-cta\"><a class=\"wp-block-button__link wp-element-button\" href=\"https:\/\/podrzi.greenpeace.hr\/sporazum_o_plastici\/\" target=\"_self\" rel=\"noopener\">Potpi\u0161i peticiju<\/a><\/div>\n<\/div>\n<\/div><\/div>\n<\/div>\n<\/div>\n\n<hr class=\"wp-block-separator has-alpha-channel-opacity\"\/>\n\n<div class=\"wp-block-columns is-layout-flex wp-container-core-columns-is-layout-9d6595d7 wp-block-columns-is-layout-flex\">\n<div class=\"wp-block-column is-vertically-aligned-center is-layout-flow wp-block-column-is-layout-flow\">\n<div class=\"wp-block-media-text is-stacked-on-mobile\"><figure class=\"wp-block-media-text__media\"><img loading=\"lazy\" decoding=\"async\" width=\"800\" height=\"484\" src=\"https:\/\/www.greenpeace.org\/static\/planet4-croatia-stateless\/2020\/01\/d8515333-sanctuary.jpg\" alt=\"\" sizes=\"auto, (min-width: 1600px) calc((1320px - 24px) \/ 2),(min-width: 1200px) calc((1140px - 24px) \/ 2),(min-width: 992px) calc((960px - 24px) \/ 2),(min-width: 768px) calc((720px - 24px) \/ 2),(min-width: 601px) calc((540px - 24px) \/ 2),(min-width: 577px) calc((540px - 24px) \/ 1), calc(100vw - 24px)\" srcset=\"https:\/\/www.greenpeace.org\/static\/planet4-croatia-stateless\/2020\/01\/d8515333-sanctuary.jpg 800w, https:\/\/www.greenpeace.org\/static\/planet4-croatia-stateless\/2020\/01\/d8515333-sanctuary-300x182.jpg 300w, https:\/\/www.greenpeace.org\/static\/planet4-croatia-stateless\/2020\/01\/d8515333-sanctuary-768x465.jpg 768w, https:\/\/www.greenpeace.org\/static\/planet4-croatia-stateless\/2020\/01\/d8515333-sanctuary-510x309.jpg 510w\" class=\"wp-image-1615 size-full\"\/><\/figure><div class=\"wp-block-media-text__content\">\n<h3 class=\"wp-block-heading\">Za\u0161titimo oceane!<\/h3>\n\n\n\n<p>Od klimatskih promjena i plastike, preko eksploatacije nafte i plina te rudarenja\u2026<\/p>\n\n\n\n<p><a href=\"https:\/\/www.greenpeace.org\/croatia\/istrazi\/oceani\/\">Saznaj vi\u0161e<\/a><\/p>\n<\/div><\/div>\n<\/div>\n\n\n\n<div class=\"wp-block-column is-vertically-aligned-center is-layout-flow wp-block-column-is-layout-flow\">\n<div class=\"wp-block-media-text is-stacked-on-mobile\"><figure class=\"wp-block-media-text__media\"><img loading=\"lazy\" decoding=\"async\" width=\"800\" height=\"533\" src=\"https:\/\/www.greenpeace.org\/static\/planet4-croatia-stateless\/2021\/09\/5f17afb8-gp0stqy2m_web_size_with_credit_line.jpg\" alt=\"\" sizes=\"auto, (min-width: 1600px) calc((1320px - 24px) \/ 2),(min-width: 1200px) calc((1140px - 24px) \/ 2),(min-width: 992px) calc((960px - 24px) \/ 2),(min-width: 768px) calc((720px - 24px) \/ 2),(min-width: 601px) calc((540px - 24px) \/ 2),(min-width: 577px) calc((540px - 24px) \/ 1), calc(100vw - 24px)\" srcset=\"https:\/\/www.greenpeace.org\/static\/planet4-croatia-stateless\/2021\/09\/5f17afb8-gp0stqy2m_web_size_with_credit_line.jpg 800w, https:\/\/www.greenpeace.org\/static\/planet4-croatia-stateless\/2021\/09\/5f17afb8-gp0stqy2m_web_size_with_credit_line-300x200.jpg 300w, https:\/\/www.greenpeace.org\/static\/planet4-croatia-stateless\/2021\/09\/5f17afb8-gp0stqy2m_web_size_with_credit_line-768x512.jpg 768w, https:\/\/www.greenpeace.org\/static\/planet4-croatia-stateless\/2021\/09\/5f17afb8-gp0stqy2m_web_size_with_credit_line-510x340.jpg 510w\" class=\"wp-image-2494 size-full\"\/><\/figure><div class=\"wp-block-media-text__content\">\n<h3 class=\"wp-block-heading\"><\/h3>\n\n\n\n<p>Hvala svima koji su se pridru\u017eili milijunima ljudi diljem svijeta koji su\u2026<\/p>\n\n\n\n<div class=\"wp-block-buttons carousel-controls is-layout-flex wp-block-buttons-is-layout-flex\">\n<div class=\"wp-block-button is-style-cta\"><a class=\"wp-block-button__link wp-element-button\" href=\"https:\/\/www.greenpeace.org\/croatia\/istrazi\/oceani\/\" target=\"_self\" rel=\"noopener\">Pro\u010ditaj<\/a><\/div>\n<\/div>\n<\/div><\/div>\n<\/div>\n<\/div>\n\n<div class=\"wp-block-query posts-list p4-query-loop is-custom-layout-list is-layout-flow wp-block-query-is-layout-flow\">\n<div class=\"wp-block-group is-content-justification-space-between is-layout-flex wp-container-core-group-is-layout-3d213aab wp-block-group-is-layout-flex\">\n<h2 class=\"wp-block-heading\">Povezani \u010dlanci<\/h2>\n\n\n<li class=\" wp-block-navigation-item see-all-link wp-block-navigation-link\"><a class=\"wp-block-navigation-item__content\"  href=\"http:\/\/www.greenpeace.org\/croatia\/news-stories\/\"><span class=\"wp-block-navigation-item__label\">See all stories<\/span><\/a><\/li><\/div>\n\n\n\n<p style=\"margin-top:24px;margin-bottom:36px\"><\/p>\n\n\n\n\n<ul class=\"wp-block-post-template is-layout-flow wp-block-post-template-is-layout-flow\"><li class=\"wp-block-post post-66614 post type-post status-publish format-standard has-post-thumbnail hentry category-klima-i-energija tag-obnovljiviizvori tag-klimatskepromjene tag-fosilnagoriva p4-page-type-pr\">\n\n<div class=\"wp-block-columns is-layout-flex wp-container-core-columns-is-layout-9d6595d7 wp-block-columns-is-layout-flex\"><figure class=\"wp-block-post-featured-image\"><a href=\"https:\/\/www.greenpeace.org\/croatia\/greenpeace-potrebno-je-ulagati-u-domace-obnovljive-izvore-napokon-je-to-shvatio-i-plenkovic\/\" target=\"_self\"  ><img loading=\"lazy\" decoding=\"async\" width=\"2560\" height=\"1440\" src=\"https:\/\/www.greenpeace.org\/static\/planet4-croatia-stateless\/2026\/04\/d45ee577-greenpeace_bojanharonmarkicevic-3-scaled.jpg\" class=\"attachment-post-thumbnail size-post-thumbnail wp-post-image wp-stateless-item\" alt=\"GREENPEACE: Potrebno je ulagati u doma\u0107e obnovljive izvore, napokon je to shvatio i Plenkovi\u0107\" style=\"object-fit:cover;\" srcset=\"https:\/\/www.greenpeace.org\/static\/planet4-croatia-stateless\/2026\/04\/d45ee577-greenpeace_bojanharonmarkicevic-3-scaled.jpg 2560w, https:\/\/www.greenpeace.org\/static\/planet4-croatia-stateless\/2026\/04\/d45ee577-greenpeace_bojanharonmarkicevic-3-300x169.jpg 300w, https:\/\/www.greenpeace.org\/static\/planet4-croatia-stateless\/2026\/04\/d45ee577-greenpeace_bojanharonmarkicevic-3-1024x576.jpg 1024w, https:\/\/www.greenpeace.org\/static\/planet4-croatia-stateless\/2026\/04\/d45ee577-greenpeace_bojanharonmarkicevic-3-768x432.jpg 768w, https:\/\/www.greenpeace.org\/static\/planet4-croatia-stateless\/2026\/04\/d45ee577-greenpeace_bojanharonmarkicevic-3-1536x864.jpg 1536w, https:\/\/www.greenpeace.org\/static\/planet4-croatia-stateless\/2026\/04\/d45ee577-greenpeace_bojanharonmarkicevic-3-2048x1152.jpg 2048w, https:\/\/www.greenpeace.org\/static\/planet4-croatia-stateless\/2026\/04\/d45ee577-greenpeace_bojanharonmarkicevic-3-510x287.jpg 510w\" sizes=\"auto, (max-width: 2560px) 100vw, 2560px\" data-image-size=\"post-thumbnail\" data-stateless-media-bucket=\"planet4-croatia-stateless\" data-stateless-media-name=\"2026\/04\/d45ee577-greenpeace_bojanharonmarkicevic-3-scaled.jpg\" \/><\/a><\/figure>\n\n\n<div class=\"wp-block-group is-layout-flow wp-block-group-is-layout-flow\">\n<div class=\"wp-block-group is-layout-flex wp-block-group-is-layout-flex\"><div class=\"wp-block-post-terms\"><a href=\"https:\/\/www.greenpeace.org\/croatia\/category\/issues\/klima-i-energija\/\">Klima i energija<\/a><\/div>\n\n<div class=\"taxonomy-post_tag wp-block-post-terms\"><a href=\"https:\/\/www.greenpeace.org\/croatia\/tag\/obnovljiviizvori\/\" rel=\"tag\">ObnovljiviIzvori<\/a><span class=\"wp-block-post-terms__separator\"> <\/span><a href=\"https:\/\/www.greenpeace.org\/croatia\/tag\/klimatskepromjene\/\" rel=\"tag\">KlimatskePromjene<\/a><span class=\"wp-block-post-terms__separator\"> <\/span><a href=\"https:\/\/www.greenpeace.org\/croatia\/tag\/fosilnagoriva\/\" rel=\"tag\">FosilnaGoriva<\/a><\/div><\/div>\n\n\n<h3 class=\"wp-block-post-title\"><a href=\"https:\/\/www.greenpeace.org\/croatia\/greenpeace-potrebno-je-ulagati-u-domace-obnovljive-izvore-napokon-je-to-shvatio-i-plenkovic\/\" target=\"_self\" >GREENPEACE: Potrebno je ulagati u doma\u0107e obnovljive izvore, napokon je to shvatio i Plenkovi\u0107<\/a><\/h3>\n\n<div class=\"wp-block-post-excerpt\"><p class=\"wp-block-post-excerpt__excerpt\">Zagreb, 24. travnja 2026. \u2013 Greenpeace je u petak sa sredi\u0161njeg zagreba\u010dkog Trga poru\u010dio da je doma\u0107a solarna energija najjeftiniji i najsigurniji na\u010din za obuzdavanje rasta cijena. <\/p><\/div>\n\n\n<div class=\"wp-block-group posts-list-meta is-layout-flow wp-block-group-is-layout-flow\"><span class='article-list-item-author'>Greenpeace HR<\/span>\n\n<div class=\"wp-block-post-date\"><time datetime=\"2026-04-24T12:56:57+02:00\">24. 04. 2026.<\/time><\/div><\/div>\n<\/div>\n<\/div>\n\n<\/li><li class=\"wp-block-post post-66604 post type-post status-publish format-standard has-post-thumbnail hentry category-klima-i-energija tag-obnovljiviizvori tag-klimatskepromjene tag-fosilnagoriva tag-fosilniplin p4-page-type-pr\">\n\n<div class=\"wp-block-columns is-layout-flex wp-container-core-columns-is-layout-9d6595d7 wp-block-columns-is-layout-flex\"><figure class=\"wp-block-post-featured-image\"><a href=\"https:\/\/www.greenpeace.org\/croatia\/greenpeace-razotkriva-da-plinska-industrija-rasipa-energiju-krseci-zabranu-eu-a\/\" target=\"_self\"  ><img loading=\"lazy\" decoding=\"async\" width=\"2500\" height=\"1793\" src=\"https:\/\/www.greenpeace.org\/static\/planet4-croatia-stateless\/2026\/04\/c862ce5f-spaljivanje-metana-u-dugom-selu-greenpeace-4.jpg\" class=\"attachment-post-thumbnail size-post-thumbnail wp-post-image wp-stateless-item\" alt=\"Greenpeace razotkriva da plinska industrija rasipa energiju kr\u0161e\u0107i zabranu EU-a\" style=\"object-fit:cover;\" srcset=\"https:\/\/www.greenpeace.org\/static\/planet4-croatia-stateless\/2026\/04\/c862ce5f-spaljivanje-metana-u-dugom-selu-greenpeace-4.jpg 2500w, https:\/\/www.greenpeace.org\/static\/planet4-croatia-stateless\/2026\/04\/c862ce5f-spaljivanje-metana-u-dugom-selu-greenpeace-4-300x215.jpg 300w, https:\/\/www.greenpeace.org\/static\/planet4-croatia-stateless\/2026\/04\/c862ce5f-spaljivanje-metana-u-dugom-selu-greenpeace-4-1024x734.jpg 1024w, https:\/\/www.greenpeace.org\/static\/planet4-croatia-stateless\/2026\/04\/c862ce5f-spaljivanje-metana-u-dugom-selu-greenpeace-4-768x551.jpg 768w, https:\/\/www.greenpeace.org\/static\/planet4-croatia-stateless\/2026\/04\/c862ce5f-spaljivanje-metana-u-dugom-selu-greenpeace-4-1536x1102.jpg 1536w, https:\/\/www.greenpeace.org\/static\/planet4-croatia-stateless\/2026\/04\/c862ce5f-spaljivanje-metana-u-dugom-selu-greenpeace-4-2048x1469.jpg 2048w, https:\/\/www.greenpeace.org\/static\/planet4-croatia-stateless\/2026\/04\/c862ce5f-spaljivanje-metana-u-dugom-selu-greenpeace-4-1905x1366.jpg 1905w, https:\/\/www.greenpeace.org\/static\/planet4-croatia-stateless\/2026\/04\/c862ce5f-spaljivanje-metana-u-dugom-selu-greenpeace-4-474x340.jpg 474w\" sizes=\"auto, (max-width: 2500px) 100vw, 2500px\" data-image-size=\"post-thumbnail\" data-stateless-media-bucket=\"planet4-croatia-stateless\" data-stateless-media-name=\"2026\/04\/c862ce5f-spaljivanje-metana-u-dugom-selu-greenpeace-4.jpg\" \/><\/a><\/figure>\n\n\n<div class=\"wp-block-group is-layout-flow wp-block-group-is-layout-flow\">\n<div class=\"wp-block-group is-layout-flex wp-block-group-is-layout-flex\"><div class=\"wp-block-post-terms\"><a href=\"https:\/\/www.greenpeace.org\/croatia\/category\/issues\/klima-i-energija\/\">Klima i energija<\/a><\/div>\n\n<div class=\"taxonomy-post_tag wp-block-post-terms\"><a href=\"https:\/\/www.greenpeace.org\/croatia\/tag\/obnovljiviizvori\/\" rel=\"tag\">ObnovljiviIzvori<\/a><span class=\"wp-block-post-terms__separator\"> <\/span><a href=\"https:\/\/www.greenpeace.org\/croatia\/tag\/klimatskepromjene\/\" rel=\"tag\">KlimatskePromjene<\/a><span class=\"wp-block-post-terms__separator\"> <\/span><a href=\"https:\/\/www.greenpeace.org\/croatia\/tag\/fosilnagoriva\/\" rel=\"tag\">FosilnaGoriva<\/a><span class=\"wp-block-post-terms__separator\"> <\/span><a href=\"https:\/\/www.greenpeace.org\/croatia\/tag\/fosilniplin\/\" rel=\"tag\">FosilniPlin<\/a><\/div><\/div>\n\n\n<h3 class=\"wp-block-post-title\"><a href=\"https:\/\/www.greenpeace.org\/croatia\/greenpeace-razotkriva-da-plinska-industrija-rasipa-energiju-krseci-zabranu-eu-a\/\" target=\"_self\" >Greenpeace razotkriva da plinska industrija rasipa energiju kr\u0161e\u0107i zabranu EU-a<\/a><\/h3>\n\n<div class=\"wp-block-post-excerpt\"><p class=\"wp-block-post-excerpt__excerpt\">Istra\u017eivanje Greenpeacea Hrvatske i Greenpeacea Ma\u0111arske otkriva da pojedina postrojenja za fosilni plin i naftu spaljuju velike koli\u010dine metana \u010dime izgledno kr\u0161e Uredbu EU o metanu koja zabranjuje rutinsko spaljivanje na baklji od 5. velja\u010de 2026. <\/p><\/div>\n\n\n<div class=\"wp-block-group posts-list-meta is-layout-flow wp-block-group-is-layout-flow\"><span class='article-list-item-author'>Greenpeace HR<\/span>\n\n<div class=\"wp-block-post-date\"><time datetime=\"2026-04-07T10:09:30+02:00\">07. 04. 2026.<\/time><\/div><\/div>\n<\/div>\n<\/div>\n\n<\/li><li class=\"wp-block-post post-66593 post type-post status-publish format-standard has-post-thumbnail hentry category-klima-i-energija category-uncategorized p4-page-type-pr\">\n\n<div class=\"wp-block-columns is-layout-flex wp-container-core-columns-is-layout-9d6595d7 wp-block-columns-is-layout-flex\"><figure class=\"wp-block-post-featured-image\"><a href=\"https:\/\/www.greenpeace.org\/croatia\/greenpeace-preuredio-sjediste-eu-a-u-trumpov-toranj\/\" target=\"_self\"  ><img loading=\"lazy\" decoding=\"async\" width=\"1200\" height=\"901\" src=\"https:\/\/www.greenpeace.org\/static\/planet4-croatia-stateless\/2026\/03\/adf3fee8-greenpeace_tim-dirven-1.jpg\" class=\"attachment-post-thumbnail size-post-thumbnail wp-post-image wp-stateless-item\" alt=\"Greenpeace preuredio sjedi\u0161te EU-a u Trumpov toranj\" style=\"object-fit:cover;\" srcset=\"https:\/\/www.greenpeace.org\/static\/planet4-croatia-stateless\/2026\/03\/adf3fee8-greenpeace_tim-dirven-1.jpg 1200w, https:\/\/www.greenpeace.org\/static\/planet4-croatia-stateless\/2026\/03\/adf3fee8-greenpeace_tim-dirven-1-300x225.jpg 300w, https:\/\/www.greenpeace.org\/static\/planet4-croatia-stateless\/2026\/03\/adf3fee8-greenpeace_tim-dirven-1-1024x769.jpg 1024w, https:\/\/www.greenpeace.org\/static\/planet4-croatia-stateless\/2026\/03\/adf3fee8-greenpeace_tim-dirven-1-768x577.jpg 768w, https:\/\/www.greenpeace.org\/static\/planet4-croatia-stateless\/2026\/03\/adf3fee8-greenpeace_tim-dirven-1-453x340.jpg 453w\" sizes=\"auto, (max-width: 1200px) 100vw, 1200px\" data-image-size=\"post-thumbnail\" data-stateless-media-bucket=\"planet4-croatia-stateless\" data-stateless-media-name=\"2026\/03\/adf3fee8-greenpeace_tim-dirven-1.jpg\" \/><\/a><\/figure>\n\n\n<div class=\"wp-block-group is-layout-flow wp-block-group-is-layout-flow\">\n<div class=\"wp-block-group is-layout-flex wp-block-group-is-layout-flex\"><div class=\"wp-block-post-terms\"><a href=\"https:\/\/www.greenpeace.org\/croatia\/category\/issues\/klima-i-energija\/\">Klima i energija<\/a><\/div>\n\n<\/div>\n\n\n<h3 class=\"wp-block-post-title\"><a href=\"https:\/\/www.greenpeace.org\/croatia\/greenpeace-preuredio-sjediste-eu-a-u-trumpov-toranj\/\" target=\"_self\" >Greenpeace preuredio sjedi\u0161te EU-a u Trumpov toranj<\/a><\/h3>\n\n<div class=\"wp-block-post-excerpt\"><p class=\"wp-block-post-excerpt__excerpt\">Aktivisti belgijskog Greenpeacea projicirali su zlatnu fasadu uz natpis \u201cTRUMPOV TORANJ\u201d na sjedi\u0161te Europske komisije u Bruxellesu, pretvoriv\u0161i je tako u svojevrsnu repliku Trumpovih nebodera, uz poruku Greenpeacea vodstvu EU-a koje se danas sastaje da prestanu popu\u0161tati njegovim zahtjevima. <\/p><\/div>\n\n\n<div class=\"wp-block-group posts-list-meta is-layout-flow wp-block-group-is-layout-flow\"><span class='article-list-item-author'>Greenpeace EU<\/span>\n\n<div class=\"wp-block-post-date\"><time datetime=\"2026-03-19T10:23:34+02:00\">19. 03. 2026.<\/time><\/div><\/div>\n<\/div>\n<\/div>\n\n<\/li><\/ul>\n\n\n<div class=\"wp-block-buttons carousel-controls is-horizontal is-content-justification-space-between is-nowrap is-layout-flex wp-container-core-buttons-is-layout-044bd602 wp-block-buttons-is-layout-flex\">\n<div class=\"wp-block-button carousel-control-prev\"><button type=\"button\" class=\"wp-block-button__link wp-element-button\">Prev<\/button><\/div>\n\n\n\n<div class=\"wp-block-button carousel-control-next\"><button type=\"button\" class=\"wp-block-button__link wp-element-button\">Next<\/button><\/div>\n<\/div>\n\n\n<li class=\" wp-block-navigation-item see-all-link wp-block-navigation-link\"><a class=\"wp-block-navigation-item__content\"  href=\"http:\/\/www.greenpeace.org\/croatia\/news-stories\/\"><span class=\"wp-block-navigation-item__label\">Vidi vi\u0161e<\/span><\/a><\/li><\/div>\n<div data-render=\"planet4-blocks\/happypoint\" data-attributes=\"{&quot;attributes&quot;:{&quot;focus_image&quot;:&quot;50% 100%&quot;,&quot;opacity&quot;:10,&quot;iframe_url&quot;:&quot;&quot;,&quot;id&quot;:2864,&quot;embed_code&quot;:&quot;&quot;,&quot;override_default_content&quot;:true,&quot;local_content_provider&quot;:&quot;embed_code&quot;}}\"><\/div>","protected":false},"excerpt":{"rendered":"<p>Klima i energija Da bi sa\u010duvali \u017eivot na Zemlji, treba nam stabilna klima. Fosilni plin\u2026 Saznaj vi\u0161e Ne dozvolimo da Ivana D potone u zaborav!Pridru\u017ei svoj glas zahtjevu Vladi\u2026 Ne Plastici Plasti\u010dni otpad uni\u0161tava svijet. One\u010di\u0161\u0107enje plastikom preplavilo je na\u0161 planet, ugro\u017eava zdravlje\u2026 Saznaj vi\u0161e Pregovori za Globalni sporazum o plastici su zapo\u010deli, a trebali [&hellip;]<\/p>\n","protected":false},"author":1,"featured_media":1185,"parent":0,"menu_order":0,"comment_status":"closed","ping_status":"closed","template":"","meta":{"ep_exclude_from_search":false,"p4_hide_page_title_checkbox":"on","p4_title":"","p4_subtitle":"","p4_description":"","background_image_id":"","background_image":"","p4_button_title":"","p4_button_link":"","p4_button_link_checkbox":"","p4_og_title":"","p4_og_description":"","p4_og_image":"","p4_og_image_id":"","p4_seo_canonical_url":"","p4_campaign_name":"not set","p4_local_project":"not set","p4_basket_name":"not set","p4_department":"","footnotes":""},"categories":[],"tags":[],"class_list":["post-11","page","type-page","status-publish","has-post-thumbnail","hentry"],"_links":{"self":[{"href":"https:\/\/www.greenpeace.org\/croatia\/wp-json\/wp\/v2\/pages\/11","targetHints":{"allow":["GET"]}}],"collection":[{"href":"https:\/\/www.greenpeace.org\/croatia\/wp-json\/wp\/v2\/pages"}],"about":[{"href":"https:\/\/www.greenpeace.org\/croatia\/wp-json\/wp\/v2\/types\/page"}],"author":[{"embeddable":true,"href":"https:\/\/www.greenpeace.org\/croatia\/wp-json\/wp\/v2\/users\/1"}],"replies":[{"embeddable":true,"href":"https:\/\/www.greenpeace.org\/croatia\/wp-json\/wp\/v2\/comments?post=11"}],"version-history":[{"count":20,"href":"https:\/\/www.greenpeace.org\/croatia\/wp-json\/wp\/v2\/pages\/11\/revisions"}],"predecessor-version":[{"id":66380,"href":"https:\/\/www.greenpeace.org\/croatia\/wp-json\/wp\/v2\/pages\/11\/revisions\/66380"}],"wp:featuredmedia":[{"embeddable":true,"href":"https:\/\/www.greenpeace.org\/croatia\/wp-json\/wp\/v2\/media\/1185"}],"wp:attachment":[{"href":"https:\/\/www.greenpeace.org\/croatia\/wp-json\/wp\/v2\/media?parent=11"}],"wp:term":[{"taxonomy":"category","embeddable":true,"href":"https:\/\/www.greenpeace.org\/croatia\/wp-json\/wp\/v2\/categories?post=11"},{"taxonomy":"post_tag","embeddable":true,"href":"https:\/\/www.greenpeace.org\/croatia\/wp-json\/wp\/v2\/tags?post=11"}],"curies":[{"name":"wp","href":"https:\/\/api.w.org\/{rel}","templated":true}]}}