{"id":1558,"date":"2019-11-21T15:47:42","date_gmt":"2019-11-21T13:47:42","guid":{"rendered":"https:\/\/www.greenpeace.org\/croatia\/jednokratnaplastika\/"},"modified":"2025-09-23T11:45:32","modified_gmt":"2025-09-23T09:45:32","slug":"jednokratnaplastika","status":"publish","type":"page","link":"https:\/\/www.greenpeace.org\/croatia\/jednokratnaplastika\/","title":{"rendered":"#JednokratnaPlastika"},"content":{"rendered":"\n                    <div class=\"wp-block-group is-vertical is-layout-flex wp-container-core-group-is-layout-8cf370e7 wp-block-group-is-layout-flex\">\n                    \n                                <p>Sve vi\u0161e proizvodimo plastiku za jednokratnu upotrebu, koja nam je uglavnom nepotrebna. Recikliranje ne mo\u017ee biti glavno rje\u0161enje jer globalni podaci pokazuju da se samo oko 9% otpadne plastike recikliralo. \n\nVe\u0107ina plastike koja dospijeva u mora i oceane dolazi s kopna, po procjenama \u010dak 80%, a treba joj stotine godina da se razgradi. \n\nOva najezda plastike ubrzano pretvara na\u0161a mora u najve\u0107a odlagali\u0161ta otpada na svijetu, ugro\u017eava morske \u017eivotinje te dospijeva u hranidbeni lanac, zato \u0161to se plastika u moru usitnjava te prelazi u mikroplastiku. U Sredozemnom moru plasti\u010dni ostaci prona\u0111eni su u malim ribama, morskim pticama, kornja\u010dama te \u017eelucima ulje\u0161ura. \n\nPlasti\u010dni otpad nanosi veliku \u0161tetu okoli\u0161u, i na kopnu i u moru. Procjenjuje se da do 12,7 milijuna tona plastike godi\u0161nje zavr\u0161i u oceanima i morima gdje ugro\u017eava \u017eivotinjski svijet, a budu\u0107i da se plastika akumulira i raspada u manje dijelove u moru i na morskom dnu, one\u010di\u0161\u0107enje plastikom ulazi u prehrambeni lanac.\n\nVrijeme je da stanemo na kraj plastici za jednokratnu upotrebu i okrenemo se materijalima za vi\u0161ekratnu upotrebu!\n<\/p>\n                            \n\n                    \n                    <\/div>\n                    \n    <div class=\"wp-block-query posts-list p4-query-loop is-custom-layout-list is-layout-flow wp-block-query-is-layout-flow\">\n        <div class=\"wp-block-group is-content-justification-space-between is-layout-flex wp-container-core-group-is-layout-3d213aab wp-block-group-is-layout-flex\"><h2 class=\"wp-block-heading\">Povezani \u010dlanci<\/h2>\n        <li class=\" wp-block-navigation-item see-all-link wp-block-navigation-link\"><a class=\"wp-block-navigation-item__content\"  href=\"http:\/\/www.greenpeace.org\/croatia\/news-stories\/?tag=jednokratnaplastika\"><span class=\"wp-block-navigation-item__label\">See all stories<\/span><\/a><\/li>\n        \n        <\/div>\n        \n\n    <p style=\"margin-top: 24px; margin-bottom: 36px;\"><\/p>\n\n    \n\n    <ul class=\"wp-block-post-template is-layout-flow wp-block-post-template-is-layout-flow\"><li class=\"wp-block-post post-66337 post type-post status-publish format-standard has-post-thumbnail hentry category-ne-plastici tag-jednokratnaplastika tag-fosilnagoriva p4-page-type-blog\">\n            \n<div class=\"wp-block-columns is-layout-flex wp-container-core-columns-is-layout-9d6595d7 wp-block-columns-is-layout-flex\"><figure class=\"wp-block-post-featured-image\"><a href=\"https:\/\/www.greenpeace.org\/croatia\/jos-nema-sporazuma-o-plastici-kako-fosilna-industrija-kontaminira-pregovore\/\" target=\"_self\"  ><img loading=\"lazy\" decoding=\"async\" width=\"800\" height=\"571\" src=\"https:\/\/www.greenpeace.org\/static\/planet4-croatia-stateless\/2025\/08\/d025a76f-gp0su6f2y_low-res-with-credit-line-800px.jpg\" class=\"attachment-post-thumbnail size-post-thumbnail wp-post-image wp-stateless-item\" alt=\"Jo\u0161 nema Sporazuma o plastici: kako fosilna industrija kontaminira pregovore\" style=\"object-fit:cover;\" srcset=\"https:\/\/www.greenpeace.org\/static\/planet4-croatia-stateless\/2025\/08\/d025a76f-gp0su6f2y_low-res-with-credit-line-800px.jpg 800w, https:\/\/www.greenpeace.org\/static\/planet4-croatia-stateless\/2025\/08\/d025a76f-gp0su6f2y_low-res-with-credit-line-800px-300x214.jpg 300w, https:\/\/www.greenpeace.org\/static\/planet4-croatia-stateless\/2025\/08\/d025a76f-gp0su6f2y_low-res-with-credit-line-800px-768x548.jpg 768w, https:\/\/www.greenpeace.org\/static\/planet4-croatia-stateless\/2025\/08\/d025a76f-gp0su6f2y_low-res-with-credit-line-800px-476x340.jpg 476w\" sizes=\"auto, (max-width: 800px) 100vw, 800px\" data-image-size=\"post-thumbnail\" data-stateless-media-bucket=\"planet4-croatia-stateless\" data-stateless-media-name=\"2025\/08\/d025a76f-gp0su6f2y_low-res-with-credit-line-800px.jpg\" \/><\/a><\/figure>\n\n        <div class=\"wp-block-group is-layout-flow wp-block-group-is-layout-flow\">\n                <div class=\"wp-block-group is-layout-flex wp-block-group-is-layout-flex\"><div class=\"wp-block-post-terms\"><a href=\"https:\/\/www.greenpeace.org\/croatia\/category\/issues\/ne-plastici\/\">Ne Plastici<\/a><\/div>\n                <div class=\"taxonomy-post_tag wp-block-post-terms\"><a href=\"https:\/\/www.greenpeace.org\/croatia\/tag\/jednokratnaplastika\/\" rel=\"tag\">JednokratnaPlastika<\/a><span class=\"wp-block-post-terms__separator\"> <\/span><a href=\"https:\/\/www.greenpeace.org\/croatia\/tag\/fosilnagoriva\/\" rel=\"tag\">FosilnaGoriva<\/a><\/div>\n                \n                <\/div>\n                \n        <h3 class=\"wp-block-post-title\"><a href=\"https:\/\/www.greenpeace.org\/croatia\/jos-nema-sporazuma-o-plastici-kako-fosilna-industrija-kontaminira-pregovore\/\" target=\"_self\" >Jo\u0161 nema Sporazuma o plastici: kako fosilna industrija kontaminira pregovore<\/a><\/h3>\n        <div class=\"wp-block-post-excerpt\"><p class=\"wp-block-post-excerpt__excerpt\">Nakon dvotjednih pregovora, svjetske vlade nisu uspjele posti\u0107i dogovor oko konkretnih mjera za rje\u0161avanje krize one\u010di\u0161\u0107enja plastikom. <\/p><\/div>\n        \n        <div class=\"wp-block-group posts-list-meta is-layout-flow wp-block-group-is-layout-flow\"><span class='article-list-item-author'>Sarah King<\/span>\n        <div class=\"wp-block-post-date\"><time datetime=\"2025-08-22T14:14:56+02:00\">22. 08. 2025.<\/time><\/div>\n        \n        <\/div>\n        <\/div>\n        <\/div>\n\n            <\/li><li class=\"wp-block-post post-65939 post type-post status-publish format-standard has-post-thumbnail hentry category-uncategorized tag-klimatskepromjene tag-jednokratnaplastika p4-page-type-blog\">\n            \n<div class=\"wp-block-columns is-layout-flex wp-container-core-columns-is-layout-9d6595d7 wp-block-columns-is-layout-flex\"><figure class=\"wp-block-post-featured-image\"><a href=\"https:\/\/www.greenpeace.org\/croatia\/blagdanski-vodic-za-zamatanje-poklona-bez-otpada\/\" target=\"_self\"  ><img loading=\"lazy\" decoding=\"async\" width=\"998\" height=\"996\" src=\"https:\/\/www.greenpeace.org\/static\/planet4-croatia-stateless\/2024\/12\/1ca2a331-screen-shot-2019-12-21-at-11.30.56-am-1.png\" class=\"attachment-post-thumbnail size-post-thumbnail wp-post-image wp-stateless-item\" alt=\"Blagdanski vodi\u010d za zamatanje poklona bez otpada\" style=\"object-fit:cover;\" srcset=\"https:\/\/www.greenpeace.org\/static\/planet4-croatia-stateless\/2024\/12\/1ca2a331-screen-shot-2019-12-21-at-11.30.56-am-1.png 998w, https:\/\/www.greenpeace.org\/static\/planet4-croatia-stateless\/2024\/12\/1ca2a331-screen-shot-2019-12-21-at-11.30.56-am-1-300x300.png 300w, https:\/\/www.greenpeace.org\/static\/planet4-croatia-stateless\/2024\/12\/1ca2a331-screen-shot-2019-12-21-at-11.30.56-am-1-150x150.png 150w, https:\/\/www.greenpeace.org\/static\/planet4-croatia-stateless\/2024\/12\/1ca2a331-screen-shot-2019-12-21-at-11.30.56-am-1-768x766.png 768w, https:\/\/www.greenpeace.org\/static\/planet4-croatia-stateless\/2024\/12\/1ca2a331-screen-shot-2019-12-21-at-11.30.56-am-1-341x340.png 341w, https:\/\/www.greenpeace.org\/static\/planet4-croatia-stateless\/2024\/12\/1ca2a331-screen-shot-2019-12-21-at-11.30.56-am-1-400x400.png 400w, https:\/\/www.greenpeace.org\/static\/planet4-croatia-stateless\/2024\/12\/1ca2a331-screen-shot-2019-12-21-at-11.30.56-am-1-600x600.png 600w\" sizes=\"auto, (max-width: 998px) 100vw, 998px\" data-image-size=\"post-thumbnail\" data-stateless-media-bucket=\"planet4-croatia-stateless\" data-stateless-media-name=\"2024\/12\/1ca2a331-screen-shot-2019-12-21-at-11.30.56-am-1.png\" \/><\/a><\/figure>\n\n        <div class=\"wp-block-group is-layout-flow wp-block-group-is-layout-flow\">\n                <div class=\"wp-block-group is-layout-flex wp-block-group-is-layout-flex\"><div class=\"wp-block-post-terms\"><a href=\"https:\/\/www.greenpeace.org\/croatia\/category\/uncategorized\/\">Nesvrstano<\/a><\/div>\n                <div class=\"taxonomy-post_tag wp-block-post-terms\"><a href=\"https:\/\/www.greenpeace.org\/croatia\/tag\/klimatskepromjene\/\" rel=\"tag\">KlimatskePromjene<\/a><span class=\"wp-block-post-terms__separator\"> <\/span><a href=\"https:\/\/www.greenpeace.org\/croatia\/tag\/jednokratnaplastika\/\" rel=\"tag\">JednokratnaPlastika<\/a><\/div>\n                \n                <\/div>\n                \n        <h3 class=\"wp-block-post-title\"><a href=\"https:\/\/www.greenpeace.org\/croatia\/blagdanski-vodic-za-zamatanje-poklona-bez-otpada\/\" target=\"_self\" >Blagdanski vodi\u010d za zamatanje poklona bez otpada<\/a><\/h3>\n        <div class=\"wp-block-post-excerpt\"><p class=\"wp-block-post-excerpt__excerpt\">Ako ste spremni smanjiti koli\u010dinu otpada, druk\u010dije zamatanje poklona prvi je korak prema odr\u017eivijim blagdanima. Prona\u0111ite 12 metoda kako zamotati poklone na odr\u017eiviji na\u010din. <\/p><\/div>\n        \n        <div class=\"wp-block-group posts-list-meta is-layout-flow wp-block-group-is-layout-flow\"><span class='article-list-item-author'>Greenpeace<\/span>\n        <div class=\"wp-block-post-date\"><time datetime=\"2024-12-23T16:03:26+02:00\">23. 12. 2024.<\/time><\/div>\n        \n        <\/div>\n        <\/div>\n        <\/div>\n\n            <\/li><li class=\"wp-block-post post-3726 post type-post status-publish format-standard has-post-thumbnail hentry category-ne-plastici tag-jednokratnaplastika tag-fosilnagoriva tag-necuvrecu p4-page-type-blog\">\n            \n<div class=\"wp-block-columns is-layout-flex wp-container-core-columns-is-layout-9d6595d7 wp-block-columns-is-layout-flex\"><figure class=\"wp-block-post-featured-image\"><a href=\"https:\/\/www.greenpeace.org\/croatia\/4-lazna-rjesenja-u-borbi-protiv-plasticne-posasti\/\" target=\"_self\"  ><img loading=\"lazy\" decoding=\"async\" width=\"800\" height=\"533\" src=\"https:\/\/www.greenpeace.org\/static\/planet4-croatia-stateless\/2024\/05\/3a480737-gp0sttls5_low-res-with-credit-line-800px.jpg\" class=\"attachment-post-thumbnail size-post-thumbnail wp-post-image wp-stateless-item\" alt=\"4 la\u017ena rje\u0161enja u borbi protiv plasti\u010dne po\u0161asti\" style=\"object-fit:cover;\" srcset=\"https:\/\/www.greenpeace.org\/static\/planet4-croatia-stateless\/2024\/05\/3a480737-gp0sttls5_low-res-with-credit-line-800px.jpg 800w, https:\/\/www.greenpeace.org\/static\/planet4-croatia-stateless\/2024\/05\/3a480737-gp0sttls5_low-res-with-credit-line-800px-300x200.jpg 300w, https:\/\/www.greenpeace.org\/static\/planet4-croatia-stateless\/2024\/05\/3a480737-gp0sttls5_low-res-with-credit-line-800px-768x512.jpg 768w, https:\/\/www.greenpeace.org\/static\/planet4-croatia-stateless\/2024\/05\/3a480737-gp0sttls5_low-res-with-credit-line-800px-510x340.jpg 510w\" sizes=\"auto, (max-width: 800px) 100vw, 800px\" data-image-size=\"post-thumbnail\" data-stateless-media-bucket=\"planet4-croatia-stateless\" data-stateless-media-name=\"2024\/05\/3a480737-gp0sttls5_low-res-with-credit-line-800px.jpg\" \/><\/a><\/figure>\n\n        <div class=\"wp-block-group is-layout-flow wp-block-group-is-layout-flow\">\n                <div class=\"wp-block-group is-layout-flex wp-block-group-is-layout-flex\"><div class=\"wp-block-post-terms\"><a href=\"https:\/\/www.greenpeace.org\/croatia\/category\/issues\/ne-plastici\/\">Ne Plastici<\/a><\/div>\n                <div class=\"taxonomy-post_tag wp-block-post-terms\"><a href=\"https:\/\/www.greenpeace.org\/croatia\/tag\/jednokratnaplastika\/\" rel=\"tag\">JednokratnaPlastika<\/a><span class=\"wp-block-post-terms__separator\"> <\/span><a href=\"https:\/\/www.greenpeace.org\/croatia\/tag\/fosilnagoriva\/\" rel=\"tag\">FosilnaGoriva<\/a><span class=\"wp-block-post-terms__separator\"> <\/span><a href=\"https:\/\/www.greenpeace.org\/croatia\/tag\/necuvrecu\/\" rel=\"tag\">Ne\u0107uVre\u0107u<\/a><\/div>\n                \n                <\/div>\n                \n        <h3 class=\"wp-block-post-title\"><a href=\"https:\/\/www.greenpeace.org\/croatia\/4-lazna-rjesenja-u-borbi-protiv-plasticne-posasti\/\" target=\"_self\" >4 la\u017ena rje\u0161enja u borbi protiv plasti\u010dne po\u0161asti<\/a><\/h3>\n        <div class=\"wp-block-post-excerpt\"><p class=\"wp-block-post-excerpt__excerpt\">One\u010di\u0161\u0107enje plastikom zahvatilo je i najudaljenija podru\u010dja na\u0161eg planeta, a prona\u0111ena je i u nekoliko vrsta tkiva u ljudskom tijelu. U blogu donosimo \u010detiri primjera la\u017enih rje\u0161enja, od recikliranja do bioplastike, koji nisu dorasli razmjerima globalne krize one\u010di\u0161\u0107enja plastikom. <\/p><\/div>\n        \n        <div class=\"wp-block-group posts-list-meta is-layout-flow wp-block-group-is-layout-flow\"><span class='article-list-item-author'>Mehdi Leman<\/span>\n        <div class=\"wp-block-post-date\"><time datetime=\"2024-05-15T11:28:20+02:00\">15. 05. 2024.<\/time><\/div>\n        \n        <\/div>\n        <\/div>\n        <\/div>\n\n            <\/li><\/ul>\n\n    \n<div class=\"wp-block-buttons carousel-controls is-horizontal is-content-justification-space-between is-nowrap is-layout-flex wp-container-core-buttons-is-layout-044bd602 wp-block-buttons-is-layout-flex\">\n            <div class=\"wp-block-button carousel-control-prev\"><button type=\"button\" class=\"wp-block-button__link wp-element-button\">Prev<\/button><\/div>\n        \n\n            <div class=\"wp-block-button carousel-control-next\"><button type=\"button\" class=\"wp-block-button__link wp-element-button\">Next<\/button><\/div>\n        <\/div>\n\n\n    <li class=\" wp-block-navigation-item see-all-link wp-block-navigation-link\"><a class=\"wp-block-navigation-item__content\"  href=\"http:\/\/www.greenpeace.org\/croatia\/news-stories\/?tag=jednokratnaplastika\"><span class=\"wp-block-navigation-item__label\">See all stories<\/span><\/a><\/li><\/div>\n    \n    <div class=\"wp-block-query posts-list p4-query-loop is-custom-layout-grid is-layout-grid wp-container-core-query-is-layout-b8bb0bd1 wp-block-query-is-layout-grid\">\n        <div class=\"wp-block-group is-content-justification-space-between is-layout-flex wp-container-core-group-is-layout-3d213aab wp-block-group-is-layout-flex\"><h2 class=\"wp-block-heading\">Publications<\/h2>\n        <li class=\" wp-block-navigation-item see-all-link wp-block-navigation-link\"><a class=\"wp-block-navigation-item__content\"  href=\"http:\/\/www.greenpeace.org\/croatia\/news-stories\/?tag=jednokratnaplastika&#038;post-type=\"><span class=\"wp-block-navigation-item__label\">See all stories<\/span><\/a><\/li>\n        \n        <\/div>\n        \n\n    <p style=\"margin-top: 24px; margin-bottom: 36px;\"><\/p>\n\n    <div class=\"wp-block-query-no-results\">\n        <p style=\"\">No posts found.<\/p>\n        <\/div>\n\n    \n\n    \n<div class=\"wp-block-buttons carousel-controls is-horizontal is-content-justification-space-between is-nowrap is-layout-flex wp-container-core-buttons-is-layout-044bd602 wp-block-buttons-is-layout-flex\">\n            <div class=\"wp-block-button carousel-control-prev\"><button type=\"button\" class=\"wp-block-button__link wp-element-button\">Prev<\/button><\/div>\n        \n\n            <div class=\"wp-block-button carousel-control-next\"><button type=\"button\" class=\"wp-block-button__link wp-element-button\">Next<\/button><\/div>\n        <\/div>\n\n\n    <li class=\" wp-block-navigation-item see-all-link wp-block-navigation-link\"><a class=\"wp-block-navigation-item__content\"  href=\"http:\/\/www.greenpeace.org\/croatia\/news-stories\/?tag=jednokratnaplastika&#038;post-type=\"><span class=\"wp-block-navigation-item__label\">See all stories<\/span><\/a><\/li><\/div>\n    <div data-render=\"planet4-blocks\/happypoint\" data-attributes=\"{&quot;attributes&quot;:{&quot;override_default_content&quot;:true,&quot;local_content_provider&quot;:&quot;embed_code&quot;,&quot;opacity&quot;:30}}\"><\/div>","protected":false},"excerpt":{"rendered":"<p>Sve vi\u0161e proizvodimo plastiku za jednokratnu upotrebu, koja nam je uglavnom nepotrebna. Recikliranje ne mo\u017ee biti glavno rje\u0161enje jer globalni podaci pokazuju da se samo oko 9% otpadne plastike recikliralo. Ve\u0107ina plastike koja dospijeva u mora i oceane dolazi s kopna, po procjenama \u010dak 80%, a treba joj stotine godina da se razgradi. Ova najezda [&hellip;]<\/p>\n","protected":false},"author":20,"featured_media":0,"parent":0,"menu_order":0,"comment_status":"closed","ping_status":"closed","template":"","meta":{"ep_exclude_from_search":false,"p4_hide_page_title_checkbox":"","p4_title":"","p4_subtitle":"","p4_description":"","background_image_id":"","background_image":"","p4_button_title":"","p4_button_link":"","p4_button_link_checkbox":"","p4_og_title":"","p4_og_description":"","p4_og_image":"","p4_og_image_id":"","p4_seo_canonical_url":"","p4_campaign_name":"not set","p4_local_project":"not set","p4_basket_name":"not set","p4_department":"","footnotes":""},"categories":[],"tags":[],"class_list":["post-1558","page","type-page","status-publish","hentry"],"_links":{"self":[{"href":"https:\/\/www.greenpeace.org\/croatia\/wp-json\/wp\/v2\/pages\/1558","targetHints":{"allow":["GET"]}}],"collection":[{"href":"https:\/\/www.greenpeace.org\/croatia\/wp-json\/wp\/v2\/pages"}],"about":[{"href":"https:\/\/www.greenpeace.org\/croatia\/wp-json\/wp\/v2\/types\/page"}],"author":[{"embeddable":true,"href":"https:\/\/www.greenpeace.org\/croatia\/wp-json\/wp\/v2\/users\/20"}],"replies":[{"embeddable":true,"href":"https:\/\/www.greenpeace.org\/croatia\/wp-json\/wp\/v2\/comments?post=1558"}],"version-history":[{"count":12,"href":"https:\/\/www.greenpeace.org\/croatia\/wp-json\/wp\/v2\/pages\/1558\/revisions"}],"predecessor-version":[{"id":66373,"href":"https:\/\/www.greenpeace.org\/croatia\/wp-json\/wp\/v2\/pages\/1558\/revisions\/66373"}],"wp:attachment":[{"href":"https:\/\/www.greenpeace.org\/croatia\/wp-json\/wp\/v2\/media?parent=1558"}],"wp:term":[{"taxonomy":"category","embeddable":true,"href":"https:\/\/www.greenpeace.org\/croatia\/wp-json\/wp\/v2\/categories?post=1558"},{"taxonomy":"post_tag","embeddable":true,"href":"https:\/\/www.greenpeace.org\/croatia\/wp-json\/wp\/v2\/tags?post=1558"}],"curies":[{"name":"wp","href":"https:\/\/api.w.org\/{rel}","templated":true}]}}