{"id":1644,"date":"2020-01-21T14:15:54","date_gmt":"2020-01-21T12:15:54","guid":{"rendered":"https:\/\/www.greenpeace.org\/croatia\/zdravlje\/"},"modified":"2025-09-23T11:45:23","modified_gmt":"2025-09-23T09:45:23","slug":"zdravlje","status":"publish","type":"page","link":"https:\/\/www.greenpeace.org\/croatia\/zdravlje\/","title":{"rendered":"#Zdravlje"},"content":{"rendered":"\n                    <div class=\"wp-block-group is-vertical is-layout-flex wp-container-core-group-is-layout-8cf370e7 wp-block-group-is-layout-flex\">\n                    \n                                <p>Mi smo dio prirode, a ne odvojeni od nje. Na\u0161e zdravlje i zdravlje svih koje volimo ovisi o zdravlju ovog planeta. Energetski sustavi pogonjeni fosilnim gorivima truju na\u0161 svijet i na\u0161a tijela. \r\n\r\nNo, ne moramo kupovati takvu energiju. Postoje i drugi, \u010di\u0161\u0107i i zdraviji na\u010dini. Uspijemo li zaustaviti \u0161urovanje vlasti s korporacijama i davanje prednosti njihovoj dobiti umjesto na\u0161em planetu, imat \u0107emo priliku stvoriti zdravu budu\u0107nost za sve. <\/p>\n                            \n\n                    \n                    <\/div>\n                    \n    <div class=\"wp-block-query posts-list p4-query-loop is-custom-layout-list is-layout-flow wp-block-query-is-layout-flow\">\n        <div class=\"wp-block-group is-content-justification-space-between is-layout-flex wp-container-core-group-is-layout-3d213aab wp-block-group-is-layout-flex\"><h2 class=\"wp-block-heading\">Povezani \u010dlanci<\/h2>\n        <li class=\" wp-block-navigation-item see-all-link wp-block-navigation-link\"><a class=\"wp-block-navigation-item__content\"  href=\"http:\/\/www.greenpeace.org\/croatia\/news-stories\/?tag=zdravlje\"><span class=\"wp-block-navigation-item__label\">See all stories<\/span><\/a><\/li>\n        \n        <\/div>\n        \n\n    <p style=\"margin-top: 24px; margin-bottom: 36px;\"><\/p>\n\n    \n\n    <ul class=\"wp-block-post-template is-layout-flow wp-block-post-template-is-layout-flow\"><li class=\"wp-block-post post-3796 post type-post status-publish format-standard has-post-thumbnail hentry category-klima-i-energija tag-fosilnagoriva tag-fosilniplin tag-klimatskepromjene tag-zdravlje p4-page-type-pr\">\n            \n<div class=\"wp-block-columns is-layout-flex wp-container-core-columns-is-layout-9d6595d7 wp-block-columns-is-layout-flex\"><figure class=\"wp-block-post-featured-image\"><a href=\"https:\/\/www.greenpeace.org\/croatia\/greenpeace-profit-se-broji-narod-se-znoji\/\" target=\"_self\"  ><img loading=\"lazy\" decoding=\"async\" width=\"1181\" height=\"787\" src=\"https:\/\/www.greenpeace.org\/static\/planet4-croatia-stateless\/2024\/07\/73259a99-greenpeace_ratko-mavar-5.jpg\" class=\"attachment-post-thumbnail size-post-thumbnail wp-post-image wp-stateless-item\" alt=\"Greenpeace: \u2018Profit se broji, narod se znoji\u2018\" style=\"object-fit:cover;\" srcset=\"https:\/\/www.greenpeace.org\/static\/planet4-croatia-stateless\/2024\/07\/73259a99-greenpeace_ratko-mavar-5.jpg 1181w, https:\/\/www.greenpeace.org\/static\/planet4-croatia-stateless\/2024\/07\/73259a99-greenpeace_ratko-mavar-5-300x200.jpg 300w, https:\/\/www.greenpeace.org\/static\/planet4-croatia-stateless\/2024\/07\/73259a99-greenpeace_ratko-mavar-5-1024x682.jpg 1024w, https:\/\/www.greenpeace.org\/static\/planet4-croatia-stateless\/2024\/07\/73259a99-greenpeace_ratko-mavar-5-768x512.jpg 768w, https:\/\/www.greenpeace.org\/static\/planet4-croatia-stateless\/2024\/07\/73259a99-greenpeace_ratko-mavar-5-510x340.jpg 510w\" sizes=\"auto, (max-width: 1181px) 100vw, 1181px\" data-image-size=\"post-thumbnail\" data-stateless-media-bucket=\"planet4-croatia-stateless\" data-stateless-media-name=\"2024\/07\/73259a99-greenpeace_ratko-mavar-5.jpg\" \/><\/a><\/figure>\n\n        <div class=\"wp-block-group is-layout-flow wp-block-group-is-layout-flow\">\n                <div class=\"wp-block-group is-layout-flex wp-block-group-is-layout-flex\"><div class=\"wp-block-post-terms\"><a href=\"https:\/\/www.greenpeace.org\/croatia\/category\/issues\/klima-i-energija\/\">Klima i energija<\/a><\/div>\n                <div class=\"taxonomy-post_tag wp-block-post-terms\"><a href=\"https:\/\/www.greenpeace.org\/croatia\/tag\/fosilnagoriva\/\" rel=\"tag\">FosilnaGoriva<\/a><span class=\"wp-block-post-terms__separator\"> <\/span><a href=\"https:\/\/www.greenpeace.org\/croatia\/tag\/fosilniplin\/\" rel=\"tag\">FosilniPlin<\/a><span class=\"wp-block-post-terms__separator\"> <\/span><a href=\"https:\/\/www.greenpeace.org\/croatia\/tag\/klimatskepromjene\/\" rel=\"tag\">KlimatskePromjene<\/a><span class=\"wp-block-post-terms__separator\"> <\/span><a href=\"https:\/\/www.greenpeace.org\/croatia\/tag\/zdravlje\/\" rel=\"tag\">Zdravlje<\/a><\/div>\n                \n                <\/div>\n                \n        <h3 class=\"wp-block-post-title\"><a href=\"https:\/\/www.greenpeace.org\/croatia\/greenpeace-profit-se-broji-narod-se-znoji\/\" target=\"_self\" >Greenpeace: \u2018Profit se broji, narod se znoji\u2018<\/a><\/h3>\n        <div class=\"wp-block-post-excerpt\"><p class=\"wp-block-post-excerpt__excerpt\">S obzirom na to da su sve \u010de\u0161\u0107i i traju sve dulje diljem zemlje, oni postaju trajnija realnost, a ne prolazna neda\u0107a. Aktivisti Greenpeacea poslali su u utorak sa zagreba\u010dkih krovova poruku uz simboli\u010dan rekvizit, koji u odnos stavlja fosilna goriva i aktualne vru\u0107ine. <\/p><\/div>\n        \n        <div class=\"wp-block-group posts-list-meta is-layout-flow wp-block-group-is-layout-flow\"><span class='article-list-item-author'>Greenpeace u Hrvatskoj<\/span>\n        <div class=\"wp-block-post-date\"><time datetime=\"2024-07-16T10:36:38+02:00\">16. 07. 2024.<\/time><\/div>\n        \n        <\/div>\n        <\/div>\n        <\/div>\n\n            <\/li><li class=\"wp-block-post post-3716 post type-post status-publish format-standard has-post-thumbnail hentry category-klima-i-energija tag-fosilnagoriva tag-fosilniplin tag-jednokratnaplastika tag-klimatskepromjene tag-obnovljiviizvori tag-zdravlje p4-page-type-blog\">\n            \n<div class=\"wp-block-columns is-layout-flex wp-container-core-columns-is-layout-9d6595d7 wp-block-columns-is-layout-flex\"><figure class=\"wp-block-post-featured-image\"><a href=\"https:\/\/www.greenpeace.org\/croatia\/10-najnovijih-pobjeda-za-ljude-i-planet\/\" target=\"_self\"  ><img loading=\"lazy\" decoding=\"async\" width=\"1028\" height=\"779\" src=\"https:\/\/www.greenpeace.org\/static\/planet4-croatia-stateless\/2024\/05\/2833f557-gp0stu1wq.jpg\" class=\"attachment-post-thumbnail size-post-thumbnail wp-post-image wp-stateless-item\" alt=\"9 najnovijih pobjeda za ljude i planet!\" style=\"object-fit:cover;\" srcset=\"https:\/\/www.greenpeace.org\/static\/planet4-croatia-stateless\/2024\/05\/2833f557-gp0stu1wq.jpg 1028w, https:\/\/www.greenpeace.org\/static\/planet4-croatia-stateless\/2024\/05\/2833f557-gp0stu1wq-300x227.jpg 300w, https:\/\/www.greenpeace.org\/static\/planet4-croatia-stateless\/2024\/05\/2833f557-gp0stu1wq-1024x776.jpg 1024w, https:\/\/www.greenpeace.org\/static\/planet4-croatia-stateless\/2024\/05\/2833f557-gp0stu1wq-768x582.jpg 768w, https:\/\/www.greenpeace.org\/static\/planet4-croatia-stateless\/2024\/05\/2833f557-gp0stu1wq-449x340.jpg 449w\" sizes=\"auto, (max-width: 1028px) 100vw, 1028px\" data-image-size=\"post-thumbnail\" data-stateless-media-bucket=\"planet4-croatia-stateless\" data-stateless-media-name=\"2024\/05\/2833f557-gp0stu1wq.jpg\" \/><\/a><\/figure>\n\n        <div class=\"wp-block-group is-layout-flow wp-block-group-is-layout-flow\">\n                <div class=\"wp-block-group is-layout-flex wp-block-group-is-layout-flex\"><div class=\"wp-block-post-terms\"><a href=\"https:\/\/www.greenpeace.org\/croatia\/category\/issues\/klima-i-energija\/\">Klima i energija<\/a><\/div>\n                <div class=\"taxonomy-post_tag wp-block-post-terms\"><a href=\"https:\/\/www.greenpeace.org\/croatia\/tag\/fosilnagoriva\/\" rel=\"tag\">FosilnaGoriva<\/a><span class=\"wp-block-post-terms__separator\"> <\/span><a href=\"https:\/\/www.greenpeace.org\/croatia\/tag\/fosilniplin\/\" rel=\"tag\">FosilniPlin<\/a><span class=\"wp-block-post-terms__separator\"> <\/span><a href=\"https:\/\/www.greenpeace.org\/croatia\/tag\/jednokratnaplastika\/\" rel=\"tag\">JednokratnaPlastika<\/a><span class=\"wp-block-post-terms__separator\"> <\/span><a href=\"https:\/\/www.greenpeace.org\/croatia\/tag\/klimatskepromjene\/\" rel=\"tag\">KlimatskePromjene<\/a><span class=\"wp-block-post-terms__separator\"> <\/span><a href=\"https:\/\/www.greenpeace.org\/croatia\/tag\/obnovljiviizvori\/\" rel=\"tag\">ObnovljiviIzvori<\/a><span class=\"wp-block-post-terms__separator\"> <\/span><a href=\"https:\/\/www.greenpeace.org\/croatia\/tag\/zdravlje\/\" rel=\"tag\">Zdravlje<\/a><\/div>\n                \n                <\/div>\n                \n        <h3 class=\"wp-block-post-title\"><a href=\"https:\/\/www.greenpeace.org\/croatia\/10-najnovijih-pobjeda-za-ljude-i-planet\/\" target=\"_self\" >9 najnovijih pobjeda za ljude i planet!<\/a><\/h3>\n        <div class=\"wp-block-post-excerpt\"><p class=\"wp-block-post-excerpt__excerpt\">U borbi za za bolji, zeleniji i pravedniji svijet za sve &#8211; nema odmora. U blogu donosimo primjere zna\u010dajnih pravnih pobjeda ovog prolje\u0107a u podru\u010dju klimatske i ekolo\u0161ke pravde koje nas inspiriraju u daljnjoj borbi. <\/p><\/div>\n        \n        <div class=\"wp-block-group posts-list-meta is-layout-flow wp-block-group-is-layout-flow\"><span class='article-list-item-author'>Greenpeace International<\/span>\n        <div class=\"wp-block-post-date\"><time datetime=\"2024-05-08T14:35:06+02:00\">08. 05. 2024.<\/time><\/div>\n        \n        <\/div>\n        <\/div>\n        <\/div>\n\n            <\/li><li class=\"wp-block-post post-1329 post type-post status-publish format-standard has-post-thumbnail hentry category-klima-i-energija tag-klimatskepromjene tag-zdravlje p4-page-type-vijest\">\n            \n<div class=\"wp-block-columns is-layout-flex wp-container-core-columns-is-layout-9d6595d7 wp-block-columns-is-layout-flex\"><figure class=\"wp-block-post-featured-image\"><a href=\"https:\/\/www.greenpeace.org\/croatia\/poziv-civilnog-drustva\/\" target=\"_self\"  ><img loading=\"lazy\" decoding=\"async\" width=\"1200\" height=\"800\" src=\"https:\/\/www.greenpeace.org\/static\/planet4-croatia-stateless\/2019\/06\/a4eaf464-gp0stqoxg.jpg\" class=\"attachment-post-thumbnail size-post-thumbnail wp-post-image wp-stateless-item\" alt=\"Poziv civilnog dru\u0161tva premijeru Andreju Plenkovi\u0107u i ostalim \u010delnicima EU\" style=\"object-fit:cover;\" srcset=\"https:\/\/www.greenpeace.org\/static\/planet4-croatia-stateless\/2019\/06\/a4eaf464-gp0stqoxg.jpg 1200w, https:\/\/www.greenpeace.org\/static\/planet4-croatia-stateless\/2019\/06\/a4eaf464-gp0stqoxg-300x200.jpg 300w, https:\/\/www.greenpeace.org\/static\/planet4-croatia-stateless\/2019\/06\/a4eaf464-gp0stqoxg-768x512.jpg 768w, https:\/\/www.greenpeace.org\/static\/planet4-croatia-stateless\/2019\/06\/a4eaf464-gp0stqoxg-1024x683.jpg 1024w, https:\/\/www.greenpeace.org\/static\/planet4-croatia-stateless\/2019\/06\/a4eaf464-gp0stqoxg-510x340.jpg 510w\" sizes=\"auto, (max-width: 1200px) 100vw, 1200px\" data-image-size=\"post-thumbnail\" data-stateless-media-bucket=\"planet4-croatia-stateless\" data-stateless-media-name=\"2019\/06\/a4eaf464-gp0stqoxg.jpg\" \/><\/a><\/figure>\n\n        <div class=\"wp-block-group is-layout-flow wp-block-group-is-layout-flow\">\n                <div class=\"wp-block-group is-layout-flex wp-block-group-is-layout-flex\"><div class=\"wp-block-post-terms\"><a href=\"https:\/\/www.greenpeace.org\/croatia\/category\/issues\/klima-i-energija\/\">Klima i energija<\/a><\/div>\n                <div class=\"taxonomy-post_tag wp-block-post-terms\"><a href=\"https:\/\/www.greenpeace.org\/croatia\/tag\/klimatskepromjene\/\" rel=\"tag\">KlimatskePromjene<\/a><span class=\"wp-block-post-terms__separator\"> <\/span><a href=\"https:\/\/www.greenpeace.org\/croatia\/tag\/zdravlje\/\" rel=\"tag\">Zdravlje<\/a><\/div>\n                \n                <\/div>\n                \n        <h3 class=\"wp-block-post-title\"><a href=\"https:\/\/www.greenpeace.org\/croatia\/poziv-civilnog-drustva\/\" target=\"_self\" >Poziv civilnog dru\u0161tva premijeru Andreju Plenkovi\u0107u i ostalim \u010delnicima EU<\/a><\/h3>\n        <div class=\"wp-block-post-excerpt\"><p class=\"wp-block-post-excerpt__excerpt\">Svakoga dana diljem Europe ljudi se sve vi\u0161e bore sa siroma\u0161tvom i nejednakosti, sve lo\u0161ijom dostupnosti zdravstvene skrbi te zabrinjavaju\u0107im razinama nezaposlenosti me\u0111u mladima. S druge pak strane, mnoge velike&hellip; <\/p><\/div>\n        \n        <div class=\"wp-block-group posts-list-meta is-layout-flow wp-block-group-is-layout-flow\"><span class='article-list-item-author'>Greenpeace u Hrvatskoj<\/span>\n        <div class=\"wp-block-post-date\"><time datetime=\"2019-05-09T14:18:12+02:00\">09. 05. 2019.<\/time><\/div>\n        \n        <\/div>\n        <\/div>\n        <\/div>\n\n            <\/li><\/ul>\n\n    \n<div class=\"wp-block-buttons carousel-controls is-horizontal is-content-justification-space-between is-nowrap is-layout-flex wp-container-core-buttons-is-layout-044bd602 wp-block-buttons-is-layout-flex\">\n            <div class=\"wp-block-button carousel-control-prev\"><button type=\"button\" class=\"wp-block-button__link wp-element-button\">Prev<\/button><\/div>\n        \n\n            <div class=\"wp-block-button carousel-control-next\"><button type=\"button\" class=\"wp-block-button__link wp-element-button\">Next<\/button><\/div>\n        <\/div>\n\n\n    <li class=\" wp-block-navigation-item see-all-link wp-block-navigation-link\"><a class=\"wp-block-navigation-item__content\"  href=\"http:\/\/www.greenpeace.org\/croatia\/news-stories\/?tag=zdravlje\"><span class=\"wp-block-navigation-item__label\">See all stories<\/span><\/a><\/li><\/div>\n    \n    <div class=\"wp-block-query posts-list p4-query-loop is-custom-layout-grid is-layout-grid wp-container-core-query-is-layout-b8bb0bd1 wp-block-query-is-layout-grid\">\n        <div class=\"wp-block-group is-content-justification-space-between is-layout-flex wp-container-core-group-is-layout-3d213aab wp-block-group-is-layout-flex\"><h2 class=\"wp-block-heading\">Publications<\/h2>\n        <li class=\" wp-block-navigation-item see-all-link wp-block-navigation-link\"><a class=\"wp-block-navigation-item__content\"  href=\"http:\/\/www.greenpeace.org\/croatia\/news-stories\/?tag=zdravlje&#038;post-type=\"><span class=\"wp-block-navigation-item__label\">See all stories<\/span><\/a><\/li>\n        \n        <\/div>\n        \n\n    <p style=\"margin-top: 24px; margin-bottom: 36px;\"><\/p>\n\n    <div class=\"wp-block-query-no-results\">\n        <p style=\"\">No posts found.<\/p>\n        <\/div>\n\n    \n\n    \n<div class=\"wp-block-buttons carousel-controls is-horizontal is-content-justification-space-between is-nowrap is-layout-flex wp-container-core-buttons-is-layout-044bd602 wp-block-buttons-is-layout-flex\">\n            <div class=\"wp-block-button carousel-control-prev\"><button type=\"button\" class=\"wp-block-button__link wp-element-button\">Prev<\/button><\/div>\n        \n\n            <div class=\"wp-block-button carousel-control-next\"><button type=\"button\" class=\"wp-block-button__link wp-element-button\">Next<\/button><\/div>\n        <\/div>\n\n\n    <li class=\" wp-block-navigation-item see-all-link wp-block-navigation-link\"><a class=\"wp-block-navigation-item__content\"  href=\"http:\/\/www.greenpeace.org\/croatia\/news-stories\/?tag=zdravlje&#038;post-type=\"><span class=\"wp-block-navigation-item__label\">See all stories<\/span><\/a><\/li><\/div>\n    <div data-render=\"planet4-blocks\/happypoint\" data-attributes=\"{&quot;attributes&quot;:{&quot;override_default_content&quot;:true,&quot;local_content_provider&quot;:&quot;embed_code&quot;,&quot;opacity&quot;:30}}\"><\/div>","protected":false},"excerpt":{"rendered":"<p>Mi smo dio prirode, a ne odvojeni od nje. Na\u0161e zdravlje i zdravlje svih koje volimo ovisi o zdravlju ovog planeta. Energetski sustavi pogonjeni fosilnim gorivima truju na\u0161 svijet i na\u0161a tijela. No, ne moramo kupovati takvu energiju. Postoje i drugi, \u010di\u0161\u0107i i zdraviji na\u010dini. Uspijemo li zaustaviti \u0161urovanje vlasti s korporacijama i davanje prednosti [&hellip;]<\/p>\n","protected":false},"author":20,"featured_media":0,"parent":0,"menu_order":0,"comment_status":"closed","ping_status":"closed","template":"","meta":{"ep_exclude_from_search":false,"p4_hide_page_title_checkbox":"","p4_title":"","p4_subtitle":"","p4_description":"","background_image_id":"","background_image":"","p4_button_title":"","p4_button_link":"","p4_button_link_checkbox":"","p4_og_title":"","p4_og_description":"","p4_og_image":"","p4_og_image_id":"","p4_seo_canonical_url":"","p4_campaign_name":"","p4_local_project":"","p4_basket_name":"","p4_department":"","footnotes":""},"categories":[],"tags":[],"class_list":["post-1644","page","type-page","status-publish","hentry"],"_links":{"self":[{"href":"https:\/\/www.greenpeace.org\/croatia\/wp-json\/wp\/v2\/pages\/1644","targetHints":{"allow":["GET"]}}],"collection":[{"href":"https:\/\/www.greenpeace.org\/croatia\/wp-json\/wp\/v2\/pages"}],"about":[{"href":"https:\/\/www.greenpeace.org\/croatia\/wp-json\/wp\/v2\/types\/page"}],"author":[{"embeddable":true,"href":"https:\/\/www.greenpeace.org\/croatia\/wp-json\/wp\/v2\/users\/20"}],"replies":[{"embeddable":true,"href":"https:\/\/www.greenpeace.org\/croatia\/wp-json\/wp\/v2\/comments?post=1644"}],"version-history":[{"count":11,"href":"https:\/\/www.greenpeace.org\/croatia\/wp-json\/wp\/v2\/pages\/1644\/revisions"}],"predecessor-version":[{"id":66366,"href":"https:\/\/www.greenpeace.org\/croatia\/wp-json\/wp\/v2\/pages\/1644\/revisions\/66366"}],"wp:attachment":[{"href":"https:\/\/www.greenpeace.org\/croatia\/wp-json\/wp\/v2\/media?parent=1644"}],"wp:term":[{"taxonomy":"category","embeddable":true,"href":"https:\/\/www.greenpeace.org\/croatia\/wp-json\/wp\/v2\/categories?post=1644"},{"taxonomy":"post_tag","embeddable":true,"href":"https:\/\/www.greenpeace.org\/croatia\/wp-json\/wp\/v2\/tags?post=1644"}],"curies":[{"name":"wp","href":"https:\/\/api.w.org\/{rel}","templated":true}]}}