{"id":1644,"date":"2020-01-21T14:15:54","date_gmt":"2020-01-21T12:15:54","guid":{"rendered":"https:\/\/www.greenpeace.org\/croatia\/zdravlje\/"},"modified":"2026-04-29T15:33:46","modified_gmt":"2026-04-29T13:33:46","slug":"zdravlje","status":"publish","type":"page","link":"https:\/\/www.greenpeace.org\/croatia\/zdravlje\/","title":{"rendered":"#Zdravlje"},"content":{"rendered":"\n<div class=\"wp-block-group is-vertical is-layout-flex wp-container-core-group-is-layout-4fc3f8e1 wp-block-group-is-layout-flex\">\n<p class=\"wp-block-paragraph\">Mi smo dio prirode, a ne odvojeni od nje. Na\u0161e zdravlje i zdravlje svih koje volimo ovisi o zdravlju ovog planeta. Energetski sustavi pogonjeni fosilnim gorivima truju na\u0161 svijet i na\u0161a tijela. \n\nNo, ne moramo kupovati takvu energiju. Postoje i drugi, \u010di\u0161\u0107i i zdraviji na\u010dini. Uspijemo li zaustaviti \u0161urovanje vlasti s korporacijama i davanje prednosti njihovoj dobiti umjesto na\u0161em planetu, imat \u0107emo priliku stvoriti zdravu budu\u0107nost za sve. <\/p>\n<\/div>\n\n<div class=\"wp-block-query posts-list p4-query-loop is-custom-layout-list is-layout-flow wp-block-query-is-layout-flow\">\n<div class=\"wp-block-group is-content-justification-space-between is-layout-flex wp-container-core-group-is-layout-cfe5ce44 wp-block-group-is-layout-flex\">\n<h2 class=\"wp-block-heading\">Povezani \u010dlanci<\/h2>\n\n\n<li class=\"wp-block-navigation-item see-all-link wp-block-navigation-link\"><a class=\"wp-block-navigation-item__content\"  href=\"http:\/\/www.greenpeace.org\/croatia\/news-stories\/?tag=zdravlje\"><span data-ga-category=\"Posts List\" data-ga-action=\"See More Link\" data-ga-label=\"n\/a\" class=\"wp-block-navigation-item__label\">See all stories<\/span><\/a><\/li><\/div>\n\n\n\n<p class=\"wp-block-paragraph\" style=\"margin-top:24px;margin-bottom:36px\"><\/p>\n\n\n\n\n<ul class=\"wp-block-post-template is-layout-flow wp-block-post-template-is-layout-flow\"><li class=\"wp-block-post post-66764 post type-post status-publish format-standard has-post-thumbnail hentry category-uncategorized tag-zdravlje p4-page-type-blog\">\n\n<div class=\"wp-block-columns is-layout-flex wp-container-core-columns-is-layout-8f761849 wp-block-columns-is-layout-flex\"><figure class=\"wp-block-post-featured-image\"><a href=\"https:\/\/www.greenpeace.org\/croatia\/spasavanje-europske-amazone-od-nove-megafarme-agro-diva\/\" target=\"_self\"  ><img loading=\"lazy\" decoding=\"async\" data-ga-category=\"Posts List\" data-ga-action=\"Image\" data-ga-label=\"n\/a\" width=\"2048\" height=\"1152\" src=\"https:\/\/www.greenpeace.org\/static\/planet4-croatia-stateless\/2026\/08\/b8e74558-vlcsnap-2026-03-11-19h01m25s648-oznaka-2048x1152-1.jpg\" class=\"attachment-post-thumbnail size-post-thumbnail wp-post-image wp-stateless-item\" alt=\"Spa\u0161avanje &#8220;Europske Amazone&#8221; od nove megafarme agro-diva\" style=\"object-fit:cover;\" srcset=\"https:\/\/www.greenpeace.org\/static\/planet4-croatia-stateless\/2026\/08\/b8e74558-vlcsnap-2026-03-11-19h01m25s648-oznaka-2048x1152-1.jpg 2048w, https:\/\/www.greenpeace.org\/static\/planet4-croatia-stateless\/2026\/08\/b8e74558-vlcsnap-2026-03-11-19h01m25s648-oznaka-2048x1152-1-300x169.jpg 300w, https:\/\/www.greenpeace.org\/static\/planet4-croatia-stateless\/2026\/08\/b8e74558-vlcsnap-2026-03-11-19h01m25s648-oznaka-2048x1152-1-1024x576.jpg 1024w, https:\/\/www.greenpeace.org\/static\/planet4-croatia-stateless\/2026\/08\/b8e74558-vlcsnap-2026-03-11-19h01m25s648-oznaka-2048x1152-1-768x432.jpg 768w, https:\/\/www.greenpeace.org\/static\/planet4-croatia-stateless\/2026\/08\/b8e74558-vlcsnap-2026-03-11-19h01m25s648-oznaka-2048x1152-1-1536x864.jpg 1536w, https:\/\/www.greenpeace.org\/static\/planet4-croatia-stateless\/2026\/08\/b8e74558-vlcsnap-2026-03-11-19h01m25s648-oznaka-2048x1152-1-510x287.jpg 510w\" sizes=\"auto, (max-width: 2048px) 100vw, 2048px\" data-image-size=\"post-thumbnail\" data-stateless-media-bucket=\"planet4-croatia-stateless\" data-stateless-media-name=\"2026\/08\/b8e74558-vlcsnap-2026-03-11-19h01m25s648-oznaka-2048x1152-1.jpg\" \/><\/a><\/figure>\n\n\n<div class=\"wp-block-group is-layout-flow wp-block-group-is-layout-flow\">\n<div class=\"wp-block-group is-layout-flex wp-block-group-is-layout-flex\"><div class=\"wp-block-post-terms\"><a data-ga-category=\"Posts List\" data-ga-action=\"Post Type Tag\" data-ga-label=\"n\/a\" href=\"https:\/\/www.greenpeace.org\/croatia\/category\/uncategorized\/\">Nesvrstano<\/a><\/div>\n\n<div class=\"taxonomy-post_tag wp-block-post-terms\"><a data-ga-category=\"Posts List\" data-ga-action=\"Navigation Tag\" data-ga-label=\"n\/a\" href=\"https:\/\/www.greenpeace.org\/croatia\/tag\/zdravlje\/\" rel=\"tag\">Zdravlje<\/a><\/div><\/div>\n\n\n<h3 class=\"wp-block-post-title\"><a data-ga-category=\"Posts List\" data-ga-action=\"Title\" data-ga-label=\"n\/a\" href=\"https:\/\/www.greenpeace.org\/croatia\/spasavanje-europske-amazone-od-nove-megafarme-agro-diva\/\" target=\"_self\" >Spa\u0161avanje &#8220;Europske Amazone&#8221; od nove megafarme agro-diva<\/a><\/h3>\n\n<div class=\"wp-block-post-excerpt\"><p class=\"wp-block-post-excerpt__excerpt\">Blog voditelja globalne kampanje protiv velike agroindustrije u Greenpeaceu International pri posjetu gra\u0111anskoj inicijativi Legrad \u2013 Donja Dubrava koja organizira otpor izgradnji megafarme uz Dravu. <\/p><\/div>\n\n\n<div class=\"wp-block-group posts-list-meta is-layout-flow wp-block-group-is-layout-flow\"><span class='article-list-item-author'>D\u00e1niel Nyitray<\/span>\n\n<div class=\"wp-block-post-date\"><time datetime=\"2026-08-26T13:27:25+02:00\">26. 08. 2026.<\/time><\/div><\/div>\n<\/div>\n<\/div>\n\n<\/li><li class=\"wp-block-post post-66697 post type-post status-publish format-standard has-post-thumbnail hentry category-klima-i-energija tag-klimatskepromjene tag-fosilnagoriva tag-fosilniplin tag-zdravlje p4-page-type-pr\">\n\n<div class=\"wp-block-columns is-layout-flex wp-container-core-columns-is-layout-8f761849 wp-block-columns-is-layout-flex\"><figure class=\"wp-block-post-featured-image\"><a href=\"https:\/\/www.greenpeace.org\/croatia\/u-blizini-fosilne-infrastrukture-otkriveni-plinovi-stetni-za-zdravlje-i-klimu\/\" target=\"_self\"  ><img loading=\"lazy\" decoding=\"async\" data-ga-category=\"Posts List\" data-ga-action=\"Image\" data-ga-label=\"n\/a\" width=\"2560\" height=\"1707\" src=\"https:\/\/www.greenpeace.org\/static\/planet4-croatia-stateless\/2026\/07\/ca07c8ba-greenpeace_bojan_haron_markicevic-7-scaled.jpg\" class=\"attachment-post-thumbnail size-post-thumbnail wp-post-image wp-stateless-item\" alt=\"U blizini fosilne infrastrukture otkriveni plinovi \u0161tetni za zdravlje i klimu\" style=\"object-fit:cover;\" srcset=\"https:\/\/www.greenpeace.org\/static\/planet4-croatia-stateless\/2026\/07\/ca07c8ba-greenpeace_bojan_haron_markicevic-7-scaled.jpg 2560w, https:\/\/www.greenpeace.org\/static\/planet4-croatia-stateless\/2026\/07\/ca07c8ba-greenpeace_bojan_haron_markicevic-7-300x200.jpg 300w, https:\/\/www.greenpeace.org\/static\/planet4-croatia-stateless\/2026\/07\/ca07c8ba-greenpeace_bojan_haron_markicevic-7-1024x683.jpg 1024w, https:\/\/www.greenpeace.org\/static\/planet4-croatia-stateless\/2026\/07\/ca07c8ba-greenpeace_bojan_haron_markicevic-7-768x512.jpg 768w, https:\/\/www.greenpeace.org\/static\/planet4-croatia-stateless\/2026\/07\/ca07c8ba-greenpeace_bojan_haron_markicevic-7-1536x1024.jpg 1536w, https:\/\/www.greenpeace.org\/static\/planet4-croatia-stateless\/2026\/07\/ca07c8ba-greenpeace_bojan_haron_markicevic-7-2048x1366.jpg 2048w, https:\/\/www.greenpeace.org\/static\/planet4-croatia-stateless\/2026\/07\/ca07c8ba-greenpeace_bojan_haron_markicevic-7-510x340.jpg 510w\" sizes=\"auto, (max-width: 2560px) 100vw, 2560px\" data-image-size=\"post-thumbnail\" data-stateless-media-bucket=\"planet4-croatia-stateless\" data-stateless-media-name=\"2026\/07\/ca07c8ba-greenpeace_bojan_haron_markicevic-7-scaled.jpg\" \/><\/a><\/figure>\n\n\n<div class=\"wp-block-group is-layout-flow wp-block-group-is-layout-flow\">\n<div class=\"wp-block-group is-layout-flex wp-block-group-is-layout-flex\"><div class=\"wp-block-post-terms\"><a data-ga-category=\"Posts List\" data-ga-action=\"Post Type Tag\" data-ga-label=\"n\/a\" href=\"https:\/\/www.greenpeace.org\/croatia\/category\/issues\/klima-i-energija\/\">Klima i energija<\/a><\/div>\n\n<div class=\"taxonomy-post_tag wp-block-post-terms\"><a data-ga-category=\"Posts List\" data-ga-action=\"Navigation Tag\" data-ga-label=\"n\/a\" href=\"https:\/\/www.greenpeace.org\/croatia\/tag\/klimatskepromjene\/\" rel=\"tag\">KlimatskePromjene<\/a><span class=\"wp-block-post-terms__separator\"> <\/span><a data-ga-category=\"Posts List\" data-ga-action=\"Navigation Tag\" data-ga-label=\"n\/a\" href=\"https:\/\/www.greenpeace.org\/croatia\/tag\/fosilnagoriva\/\" rel=\"tag\">FosilnaGoriva<\/a><span class=\"wp-block-post-terms__separator\"> <\/span><a data-ga-category=\"Posts List\" data-ga-action=\"Navigation Tag\" data-ga-label=\"n\/a\" href=\"https:\/\/www.greenpeace.org\/croatia\/tag\/fosilniplin\/\" rel=\"tag\">FosilniPlin<\/a><span class=\"wp-block-post-terms__separator\"> <\/span><a data-ga-category=\"Posts List\" data-ga-action=\"Navigation Tag\" data-ga-label=\"n\/a\" href=\"https:\/\/www.greenpeace.org\/croatia\/tag\/zdravlje\/\" rel=\"tag\">Zdravlje<\/a><\/div><\/div>\n\n\n<h3 class=\"wp-block-post-title\"><a data-ga-category=\"Posts List\" data-ga-action=\"Title\" data-ga-label=\"n\/a\" href=\"https:\/\/www.greenpeace.org\/croatia\/u-blizini-fosilne-infrastrukture-otkriveni-plinovi-stetni-za-zdravlje-i-klimu\/\" target=\"_self\" >U blizini fosilne infrastrukture otkriveni plinovi \u0161tetni za zdravlje i klimu<\/a><\/h3>\n\n<div class=\"wp-block-post-excerpt\"><p class=\"wp-block-post-excerpt__excerpt\">Ispred Podzemnog skladi\u0161ta plina Okoli aktivisti Greenpeacea pozvali su nadle\u017ene da za\u0161tite zdravlje hrvatskih gra\u0111ana i okoli\u0161. rezultate novog terenskog istra\u017eivanja u Hrvatskoj koje su proveli stru\u010dnjaci Greenpeacea Njema\u010dke i Hrvatske te Greenpeaceovih istra\u017eiva\u010dkih laboratorija. <\/p><\/div>\n\n\n<div class=\"wp-block-group posts-list-meta is-layout-flow wp-block-group-is-layout-flow\"><span class='article-list-item-author'>Greenpeace Hrvatska<\/span>\n\n<div class=\"wp-block-post-date\"><time datetime=\"2026-07-02T08:45:00+02:00\">02. 07. 2026.<\/time><\/div><\/div>\n<\/div>\n<\/div>\n\n<\/li><li class=\"wp-block-post post-66672 post type-post status-publish format-standard has-post-thumbnail hentry category-uncategorized tag-zdravlje p4-page-type-blog\">\n\n<div class=\"wp-block-columns is-layout-flex wp-container-core-columns-is-layout-8f761849 wp-block-columns-is-layout-flex\"><figure class=\"wp-block-post-featured-image\"><a href=\"https:\/\/www.greenpeace.org\/croatia\/hvala-ali-ne\/\" target=\"_self\"  ><img loading=\"lazy\" decoding=\"async\" data-ga-category=\"Posts List\" data-ga-action=\"Image\" data-ga-label=\"n\/a\" width=\"799\" height=\"533\" src=\"https:\/\/www.greenpeace.org\/static\/planet4-croatia-stateless\/2026\/06\/a262302a-55229167921_c792c668d3_c.jpg\" class=\"attachment-post-thumbnail size-post-thumbnail wp-post-image wp-stateless-item\" alt=\"\u201cHvala, ali ne!\u201d\u00a0&#8211; Kako se mali hrvatski grad suprotstavio agro-divu\" style=\"object-fit:cover;\" srcset=\"https:\/\/www.greenpeace.org\/static\/planet4-croatia-stateless\/2026\/06\/a262302a-55229167921_c792c668d3_c.jpg 799w, https:\/\/www.greenpeace.org\/static\/planet4-croatia-stateless\/2026\/06\/a262302a-55229167921_c792c668d3_c-300x200.jpg 300w, https:\/\/www.greenpeace.org\/static\/planet4-croatia-stateless\/2026\/06\/a262302a-55229167921_c792c668d3_c-768x512.jpg 768w, https:\/\/www.greenpeace.org\/static\/planet4-croatia-stateless\/2026\/06\/a262302a-55229167921_c792c668d3_c-510x340.jpg 510w\" sizes=\"auto, (max-width: 799px) 100vw, 799px\" data-image-size=\"post-thumbnail\" data-stateless-media-bucket=\"planet4-croatia-stateless\" data-stateless-media-name=\"2026\/06\/a262302a-55229167921_c792c668d3_c.jpg\" \/><\/a><\/figure>\n\n\n<div class=\"wp-block-group is-layout-flow wp-block-group-is-layout-flow\">\n<div class=\"wp-block-group is-layout-flex wp-block-group-is-layout-flex\"><div class=\"wp-block-post-terms\"><a data-ga-category=\"Posts List\" data-ga-action=\"Post Type Tag\" data-ga-label=\"n\/a\" href=\"https:\/\/www.greenpeace.org\/croatia\/category\/uncategorized\/\">Nesvrstano<\/a><\/div>\n\n<div class=\"taxonomy-post_tag wp-block-post-terms\"><a data-ga-category=\"Posts List\" data-ga-action=\"Navigation Tag\" data-ga-label=\"n\/a\" href=\"https:\/\/www.greenpeace.org\/croatia\/tag\/zdravlje\/\" rel=\"tag\">Zdravlje<\/a><\/div><\/div>\n\n\n<h3 class=\"wp-block-post-title\"><a data-ga-category=\"Posts List\" data-ga-action=\"Title\" data-ga-label=\"n\/a\" href=\"https:\/\/www.greenpeace.org\/croatia\/hvala-ali-ne\/\" target=\"_self\" >\u201cHvala, ali ne!\u201d\u00a0&#8211; Kako se mali hrvatski grad suprotstavio agro-divu<\/a><\/h3>\n\n<div class=\"wp-block-post-excerpt\"><p class=\"wp-block-post-excerpt__excerpt\">Blog voditelja kampanje u Greenpeaceu International koji je nedavno bio u Hrvatskoj na prosvjedu protiv megaprojekta klaonica. Planirana ogromna tvornica mesa u samo jednom gradi\u0107u kani ubijati \u010detiri puta vi\u0161e pili\u0107a nego \u0161to trenutno proizvede cijela zemlja. <\/p><\/div>\n\n\n<div class=\"wp-block-group posts-list-meta is-layout-flow wp-block-group-is-layout-flow\"><span class='article-list-item-author'>Daniel Nyitray<\/span>\n\n<div class=\"wp-block-post-date\"><time datetime=\"2026-06-01T17:46:30+02:00\">01. 06. 2026.<\/time><\/div><\/div>\n<\/div>\n<\/div>\n\n<\/li><\/ul>\n\n\n<div class=\"wp-block-buttons carousel-controls is-horizontal is-content-justification-space-between is-nowrap is-layout-flex wp-container-core-buttons-is-layout-358af4b1 wp-block-buttons-is-layout-flex\">\n<div class=\"wp-block-button carousel-control-prev\"><button type=\"button\" class=\"wp-block-button__link wp-element-button\">Prev<\/button><\/div>\n\n\n\n<div class=\"wp-block-button carousel-control-next\"><button type=\"button\" class=\"wp-block-button__link wp-element-button\">Next<\/button><\/div>\n<\/div>\n\n\n<li class=\"wp-block-navigation-item see-all-link wp-block-navigation-link\"><a class=\"wp-block-navigation-item__content\"  href=\"http:\/\/www.greenpeace.org\/croatia\/news-stories\/?tag=zdravlje\"><span data-ga-category=\"Posts List\" data-ga-action=\"See More Link\" data-ga-label=\"n\/a\" class=\"wp-block-navigation-item__label\">Vidi sve<\/span><\/a><\/li><\/div>\n<div class=\"wp-block-query posts-list p4-query-loop is-custom-layout-grid is-layout-grid wp-container-core-query-is-layout-85a54dc3 wp-block-query-is-layout-grid\">\n<div class=\"wp-block-group is-content-justification-space-between is-layout-flex wp-container-core-group-is-layout-cfe5ce44 wp-block-group-is-layout-flex\"><\/div>\n\n\n\n<p class=\"wp-block-paragraph\" style=\"margin-top:24px;margin-bottom:36px\"><\/p>\n\n\n\n\n\n\n\n<div class=\"wp-block-buttons carousel-controls is-horizontal is-content-justification-space-between is-nowrap is-layout-flex wp-container-core-buttons-is-layout-358af4b1 wp-block-buttons-is-layout-flex\">\n<div class=\"wp-block-button carousel-control-prev\"><button type=\"button\" class=\"wp-block-button__link wp-element-button\">Prev<\/button><\/div>\n\n\n\n<div class=\"wp-block-button carousel-control-next\"><button type=\"button\" class=\"wp-block-button__link wp-element-button\">Next<\/button><\/div>\n<\/div>\n<\/div>\n<div data-render=\"planet4-blocks\/happypoint\" data-attributes=\"{&quot;attributes&quot;:{&quot;override_default_content&quot;:true,&quot;local_content_provider&quot;:&quot;embed_code&quot;,&quot;opacity&quot;:30}}\"><\/div>","protected":false},"excerpt":{"rendered":"<p>Mi smo dio prirode, a ne odvojeni od nje. Na\u0161e zdravlje i zdravlje svih koje volimo ovisi o zdravlju ovog planeta. Energetski sustavi pogonjeni fosilnim gorivima truju na\u0161 svijet i na\u0161a tijela. No, ne moramo kupovati takvu energiju. Postoje i drugi, \u010di\u0161\u0107i i zdraviji na\u010dini. Uspijemo li zaustaviti \u0161urovanje vlasti s korporacijama i davanje prednosti [&hellip;]<\/p>\n","protected":false},"author":20,"featured_media":66326,"parent":0,"menu_order":0,"comment_status":"closed","ping_status":"closed","template":"","meta":{"ep_exclude_from_search":false,"p4_hide_page_title_checkbox":"","p4_title":"","p4_subtitle":"","p4_description":"","background_image_id":"","background_image":"","p4_button_title":"","p4_button_link":"","p4_button_link_checkbox":"","p4_og_title":"","p4_og_description":"","p4_og_image":"","p4_og_image_id":"","p4_seo_canonical_url":"","p4_campaign_name":"","p4_local_project":"","p4_basket_name":"","p4_department":"","footnotes":""},"categories":[],"tags":[],"class_list":["post-1644","page","type-page","status-publish","has-post-thumbnail","hentry"],"_links":{"self":[{"href":"https:\/\/www.greenpeace.org\/croatia\/wp-json\/wp\/v2\/pages\/1644","targetHints":{"allow":["GET"]}}],"collection":[{"href":"https:\/\/www.greenpeace.org\/croatia\/wp-json\/wp\/v2\/pages"}],"about":[{"href":"https:\/\/www.greenpeace.org\/croatia\/wp-json\/wp\/v2\/types\/page"}],"author":[{"embeddable":true,"href":"https:\/\/www.greenpeace.org\/croatia\/wp-json\/wp\/v2\/users\/20"}],"replies":[{"embeddable":true,"href":"https:\/\/www.greenpeace.org\/croatia\/wp-json\/wp\/v2\/comments?post=1644"}],"version-history":[{"count":13,"href":"https:\/\/www.greenpeace.org\/croatia\/wp-json\/wp\/v2\/pages\/1644\/revisions"}],"predecessor-version":[{"id":66650,"href":"https:\/\/www.greenpeace.org\/croatia\/wp-json\/wp\/v2\/pages\/1644\/revisions\/66650"}],"wp:featuredmedia":[{"embeddable":true,"href":"https:\/\/www.greenpeace.org\/croatia\/wp-json\/wp\/v2\/media\/66326"}],"wp:attachment":[{"href":"https:\/\/www.greenpeace.org\/croatia\/wp-json\/wp\/v2\/media?parent=1644"}],"wp:term":[{"taxonomy":"category","embeddable":true,"href":"https:\/\/www.greenpeace.org\/croatia\/wp-json\/wp\/v2\/categories?post=1644"},{"taxonomy":"post_tag","embeddable":true,"href":"https:\/\/www.greenpeace.org\/croatia\/wp-json\/wp\/v2\/tags?post=1644"}],"curies":[{"name":"wp","href":"https:\/\/api.w.org\/{rel}","templated":true}]}}