{"id":1859,"date":"2020-04-23T09:44:06","date_gmt":"2020-04-23T07:44:06","guid":{"rendered":"https:\/\/www.greenpeace.org\/croatia\/koronavirus\/"},"modified":"2025-09-23T11:45:22","modified_gmt":"2025-09-23T09:45:22","slug":"koronavirus","status":"publish","type":"page","link":"https:\/\/www.greenpeace.org\/croatia\/koronavirus\/","title":{"rendered":"#Koronavirus"},"content":{"rendered":"\n    <div class=\"wp-block-query posts-list p4-query-loop is-custom-layout-list is-layout-flow wp-block-query-is-layout-flow\">\n        <div class=\"wp-block-group is-content-justification-space-between is-layout-flex wp-container-core-group-is-layout-3d213aab wp-block-group-is-layout-flex\"><h2 class=\"wp-block-heading\">Povezani \u010dlanci<\/h2>\n        <li class=\" wp-block-navigation-item see-all-link wp-block-navigation-link\"><a class=\"wp-block-navigation-item__content\"  href=\"http:\/\/www.greenpeace.org\/croatia\/news-stories\/?tag=koronavirus\"><span class=\"wp-block-navigation-item__label\">See all stories<\/span><\/a><\/li>\n        \n        <\/div>\n        \n\n    <p style=\"margin-top: 24px; margin-bottom: 36px;\"><\/p>\n\n    \n\n    <ul class=\"wp-block-post-template is-layout-flow wp-block-post-template-is-layout-flow\"><li class=\"wp-block-post post-2002 post type-post status-publish format-standard has-post-thumbnail hentry category-klima-i-energija tag-obnovljiviizvori tag-klimatskepromjene tag-fosilnagoriva tag-koronavirus tag-zelenioporavak p4-page-type-pr\">\n            \n<div class=\"wp-block-columns is-layout-flex wp-container-core-columns-is-layout-9d6595d7 wp-block-columns-is-layout-flex\"><figure class=\"wp-block-post-featured-image\"><a href=\"https:\/\/www.greenpeace.org\/croatia\/vlada-rh-mora-prioritizirati-zeleni-i-pravedni-oporavak\/\" target=\"_self\"  ><img loading=\"lazy\" decoding=\"async\" width=\"2141\" height=\"1266\" src=\"https:\/\/www.greenpeace.org\/static\/planet4-croatia-stateless\/2020\/10\/b5d7a38a-img_5708-crop.jpg\" class=\"attachment-post-thumbnail size-post-thumbnail wp-post-image wp-stateless-item\" alt=\"Vlada RH mora prioritizirati zeleni i pravedni oporavak\" style=\"object-fit:cover;\" srcset=\"https:\/\/www.greenpeace.org\/static\/planet4-croatia-stateless\/2020\/10\/b5d7a38a-img_5708-crop.jpg 2141w, https:\/\/www.greenpeace.org\/static\/planet4-croatia-stateless\/2020\/10\/b5d7a38a-img_5708-crop-300x177.jpg 300w, https:\/\/www.greenpeace.org\/static\/planet4-croatia-stateless\/2020\/10\/b5d7a38a-img_5708-crop-1024x606.jpg 1024w, https:\/\/www.greenpeace.org\/static\/planet4-croatia-stateless\/2020\/10\/b5d7a38a-img_5708-crop-768x454.jpg 768w, https:\/\/www.greenpeace.org\/static\/planet4-croatia-stateless\/2020\/10\/b5d7a38a-img_5708-crop-1536x908.jpg 1536w, https:\/\/www.greenpeace.org\/static\/planet4-croatia-stateless\/2020\/10\/b5d7a38a-img_5708-crop-2048x1211.jpg 2048w, https:\/\/www.greenpeace.org\/static\/planet4-croatia-stateless\/2020\/10\/b5d7a38a-img_5708-crop-510x302.jpg 510w\" sizes=\"auto, (max-width: 2141px) 100vw, 2141px\" data-image-size=\"post-thumbnail\" data-stateless-media-bucket=\"planet4-croatia-stateless\" data-stateless-media-name=\"2020\/10\/b5d7a38a-img_5708-crop.jpg\" \/><\/a><\/figure>\n\n        <div class=\"wp-block-group is-layout-flow wp-block-group-is-layout-flow\">\n                <div class=\"wp-block-group is-layout-flex wp-block-group-is-layout-flex\"><div class=\"wp-block-post-terms\"><a href=\"https:\/\/www.greenpeace.org\/croatia\/category\/issues\/klima-i-energija\/\">Klima i energija<\/a><\/div>\n                <div class=\"taxonomy-post_tag wp-block-post-terms\"><a href=\"https:\/\/www.greenpeace.org\/croatia\/tag\/obnovljiviizvori\/\" rel=\"tag\">ObnovljiviIzvori<\/a><span class=\"wp-block-post-terms__separator\"> <\/span><a href=\"https:\/\/www.greenpeace.org\/croatia\/tag\/klimatskepromjene\/\" rel=\"tag\">KlimatskePromjene<\/a><span class=\"wp-block-post-terms__separator\"> <\/span><a href=\"https:\/\/www.greenpeace.org\/croatia\/tag\/fosilnagoriva\/\" rel=\"tag\">FosilnaGoriva<\/a><span class=\"wp-block-post-terms__separator\"> <\/span><a href=\"https:\/\/www.greenpeace.org\/croatia\/tag\/koronavirus\/\" rel=\"tag\">Koronavirus<\/a><span class=\"wp-block-post-terms__separator\"> <\/span><a href=\"https:\/\/www.greenpeace.org\/croatia\/tag\/zelenioporavak\/\" rel=\"tag\">ZeleniOporavak<\/a><\/div>\n                \n                <\/div>\n                \n        <h3 class=\"wp-block-post-title\"><a href=\"https:\/\/www.greenpeace.org\/croatia\/vlada-rh-mora-prioritizirati-zeleni-i-pravedni-oporavak\/\" target=\"_self\" >Vlada RH mora prioritizirati zeleni i pravedni oporavak<\/a><\/h3>\n        <div class=\"wp-block-post-excerpt\"><p class=\"wp-block-post-excerpt__excerpt\">Vlada RH mora iskoristiti EU sredstva koja su joj na raspolaganju za uistinu odr\u017eiv i pravedan oporavak od trenutne klimatske, gospodarske i zdravstvene krize! <\/p><\/div>\n        \n        <div class=\"wp-block-group posts-list-meta is-layout-flow wp-block-group-is-layout-flow\"><span class='article-list-item-author'>Greenpeace u Hrvatskoj<\/span>\n        <div class=\"wp-block-post-date\"><time datetime=\"2020-10-30T13:55:02+02:00\">30. 10. 2020.<\/time><\/div>\n        \n        <\/div>\n        <\/div>\n        <\/div>\n\n            <\/li><li class=\"wp-block-post post-1965 post type-post status-publish format-standard has-post-thumbnail hentry category-klima-i-energija category-uncategorized tag-obnovljiviizvori tag-klimatskepromjene tag-fosilnagoriva tag-koronavirus tag-zelenioporavak p4-page-type-blog\">\n            \n<div class=\"wp-block-columns is-layout-flex wp-container-core-columns-is-layout-9d6595d7 wp-block-columns-is-layout-flex\"><figure class=\"wp-block-post-featured-image\"><a href=\"https:\/\/www.greenpeace.org\/croatia\/tri-test-pitanja-za-europske-planove-oporavka-od-covid-a\/\" target=\"_self\"  ><img loading=\"lazy\" decoding=\"async\" width=\"1200\" height=\"800\" src=\"https:\/\/www.greenpeace.org\/static\/planet4-croatia-stateless\/2020\/07\/caec0671-gp1su5gx_medium_res_with_credit_line.jpg\" class=\"attachment-post-thumbnail size-post-thumbnail wp-post-image wp-stateless-item\" alt=\"Tri test-pitanja za europske planove oporavka od COVID-a\" style=\"object-fit:cover;\" srcset=\"https:\/\/www.greenpeace.org\/static\/planet4-croatia-stateless\/2020\/07\/caec0671-gp1su5gx_medium_res_with_credit_line.jpg 1200w, https:\/\/www.greenpeace.org\/static\/planet4-croatia-stateless\/2020\/07\/caec0671-gp1su5gx_medium_res_with_credit_line-300x200.jpg 300w, https:\/\/www.greenpeace.org\/static\/planet4-croatia-stateless\/2020\/07\/caec0671-gp1su5gx_medium_res_with_credit_line-1024x683.jpg 1024w, https:\/\/www.greenpeace.org\/static\/planet4-croatia-stateless\/2020\/07\/caec0671-gp1su5gx_medium_res_with_credit_line-768x512.jpg 768w, https:\/\/www.greenpeace.org\/static\/planet4-croatia-stateless\/2020\/07\/caec0671-gp1su5gx_medium_res_with_credit_line-510x340.jpg 510w\" sizes=\"auto, (max-width: 1200px) 100vw, 1200px\" data-image-size=\"post-thumbnail\" data-stateless-media-bucket=\"planet4-croatia-stateless\" data-stateless-media-name=\"2020\/07\/caec0671-gp1su5gx_medium_res_with_credit_line.jpg\" \/><\/a><\/figure>\n\n        <div class=\"wp-block-group is-layout-flow wp-block-group-is-layout-flow\">\n                <div class=\"wp-block-group is-layout-flex wp-block-group-is-layout-flex\"><div class=\"wp-block-post-terms\"><a href=\"https:\/\/www.greenpeace.org\/croatia\/category\/issues\/klima-i-energija\/\">Klima i energija<\/a><\/div>\n                <div class=\"taxonomy-post_tag wp-block-post-terms\"><a href=\"https:\/\/www.greenpeace.org\/croatia\/tag\/obnovljiviizvori\/\" rel=\"tag\">ObnovljiviIzvori<\/a><span class=\"wp-block-post-terms__separator\"> <\/span><a href=\"https:\/\/www.greenpeace.org\/croatia\/tag\/klimatskepromjene\/\" rel=\"tag\">KlimatskePromjene<\/a><span class=\"wp-block-post-terms__separator\"> <\/span><a href=\"https:\/\/www.greenpeace.org\/croatia\/tag\/fosilnagoriva\/\" rel=\"tag\">FosilnaGoriva<\/a><span class=\"wp-block-post-terms__separator\"> <\/span><a href=\"https:\/\/www.greenpeace.org\/croatia\/tag\/koronavirus\/\" rel=\"tag\">Koronavirus<\/a><span class=\"wp-block-post-terms__separator\"> <\/span><a href=\"https:\/\/www.greenpeace.org\/croatia\/tag\/zelenioporavak\/\" rel=\"tag\">ZeleniOporavak<\/a><\/div>\n                \n                <\/div>\n                \n        <h3 class=\"wp-block-post-title\"><a href=\"https:\/\/www.greenpeace.org\/croatia\/tri-test-pitanja-za-europske-planove-oporavka-od-covid-a\/\" target=\"_self\" >Tri test-pitanja za europske planove oporavka od COVID-a<\/a><\/h3>\n        <div class=\"wp-block-post-excerpt\"><p class=\"wp-block-post-excerpt__excerpt\">Ovdje predstavljamo tri test-pitanja pomo\u0107u kojih mo\u017eete provjeriti mogu li planovi gospodarskog oporavka ostvariti ono \u0161to govore ili samo utvr\u0111uju pozicije postoje\u0107eg gospodarskog sustava koji se oslanja na fosilna goriva i proizvodi ogromne koli\u010dine otpada, a sve pod slabom krinkom zelenila! <\/p><\/div>\n        \n        <div class=\"wp-block-group posts-list-meta is-layout-flow wp-block-group-is-layout-flow\"><span class='article-list-item-author'>Greenpeace EU unit<\/span>\n        <div class=\"wp-block-post-date\"><time datetime=\"2020-07-21T15:17:53+02:00\">21. 07. 2020.<\/time><\/div>\n        \n        <\/div>\n        <\/div>\n        <\/div>\n\n            <\/li><li class=\"wp-block-post post-1959 post type-post status-publish format-standard has-post-thumbnail hentry category-klima-i-energija category-uncategorized tag-obnovljiviizvori tag-klimatskepromjene tag-fosilnagoriva tag-koronavirus tag-zelenioporavak p4-page-type-pr\">\n            \n<div class=\"wp-block-columns is-layout-flex wp-container-core-columns-is-layout-9d6595d7 wp-block-columns-is-layout-flex\"><figure class=\"wp-block-post-featured-image\"><a href=\"https:\/\/www.greenpeace.org\/croatia\/poziv-novoizabranim-zastupnicima-i-zastupnicama-u-hrvatskom-saboru-osigurajmo-zajedno-brzi-odrzivi-i-zeleni-oporavak-za-hrvatsko-drustvo-i-gospodarstvo\/\" target=\"_self\"  ><img loading=\"lazy\" decoding=\"async\" width=\"2560\" height=\"1707\" src=\"https:\/\/www.greenpeace.org\/static\/planet4-croatia-stateless\/2020\/07\/1deff6e4-nevio-smajic-greenpeace-73-scaled.jpg\" class=\"attachment-post-thumbnail size-post-thumbnail wp-post-image wp-stateless-item\" alt=\"Poziv novoizabranim zastupnicima i zastupnicama u Hrvatskom saboru &#8211; Osigurajmo zajedno brzi, odr\u017eivi i zeleni oporavak za hrvatsko dru\u0161tvo i gospodarstvo!\" style=\"object-fit:cover;\" srcset=\"https:\/\/www.greenpeace.org\/static\/planet4-croatia-stateless\/2020\/07\/1deff6e4-nevio-smajic-greenpeace-73-scaled.jpg 2560w, https:\/\/www.greenpeace.org\/static\/planet4-croatia-stateless\/2020\/07\/1deff6e4-nevio-smajic-greenpeace-73-300x200.jpg 300w, https:\/\/www.greenpeace.org\/static\/planet4-croatia-stateless\/2020\/07\/1deff6e4-nevio-smajic-greenpeace-73-1024x683.jpg 1024w, https:\/\/www.greenpeace.org\/static\/planet4-croatia-stateless\/2020\/07\/1deff6e4-nevio-smajic-greenpeace-73-768x512.jpg 768w, https:\/\/www.greenpeace.org\/static\/planet4-croatia-stateless\/2020\/07\/1deff6e4-nevio-smajic-greenpeace-73-1536x1024.jpg 1536w, https:\/\/www.greenpeace.org\/static\/planet4-croatia-stateless\/2020\/07\/1deff6e4-nevio-smajic-greenpeace-73-2048x1366.jpg 2048w, https:\/\/www.greenpeace.org\/static\/planet4-croatia-stateless\/2020\/07\/1deff6e4-nevio-smajic-greenpeace-73-510x340.jpg 510w\" sizes=\"auto, (max-width: 2560px) 100vw, 2560px\" data-image-size=\"post-thumbnail\" data-stateless-media-bucket=\"planet4-croatia-stateless\" data-stateless-media-name=\"2020\/07\/1deff6e4-nevio-smajic-greenpeace-73-scaled.jpg\" \/><\/a><\/figure>\n\n        <div class=\"wp-block-group is-layout-flow wp-block-group-is-layout-flow\">\n                <div class=\"wp-block-group is-layout-flex wp-block-group-is-layout-flex\"><div class=\"wp-block-post-terms\"><a href=\"https:\/\/www.greenpeace.org\/croatia\/category\/issues\/klima-i-energija\/\">Klima i energija<\/a><\/div>\n                <div class=\"taxonomy-post_tag wp-block-post-terms\"><a href=\"https:\/\/www.greenpeace.org\/croatia\/tag\/obnovljiviizvori\/\" rel=\"tag\">ObnovljiviIzvori<\/a><span class=\"wp-block-post-terms__separator\"> <\/span><a href=\"https:\/\/www.greenpeace.org\/croatia\/tag\/klimatskepromjene\/\" rel=\"tag\">KlimatskePromjene<\/a><span class=\"wp-block-post-terms__separator\"> <\/span><a href=\"https:\/\/www.greenpeace.org\/croatia\/tag\/fosilnagoriva\/\" rel=\"tag\">FosilnaGoriva<\/a><span class=\"wp-block-post-terms__separator\"> <\/span><a href=\"https:\/\/www.greenpeace.org\/croatia\/tag\/koronavirus\/\" rel=\"tag\">Koronavirus<\/a><span class=\"wp-block-post-terms__separator\"> <\/span><a href=\"https:\/\/www.greenpeace.org\/croatia\/tag\/zelenioporavak\/\" rel=\"tag\">ZeleniOporavak<\/a><\/div>\n                \n                <\/div>\n                \n        <h3 class=\"wp-block-post-title\"><a href=\"https:\/\/www.greenpeace.org\/croatia\/poziv-novoizabranim-zastupnicima-i-zastupnicama-u-hrvatskom-saboru-osigurajmo-zajedno-brzi-odrzivi-i-zeleni-oporavak-za-hrvatsko-drustvo-i-gospodarstvo\/\" target=\"_self\" >Poziv novoizabranim zastupnicima i zastupnicama u Hrvatskom saboru &#8211; Osigurajmo zajedno brzi, odr\u017eivi i zeleni oporavak za hrvatsko dru\u0161tvo i gospodarstvo!<\/a><\/h3>\n        <div class=\"wp-block-post-excerpt\"><p class=\"wp-block-post-excerpt__excerpt\">\u010cak osamdeset organizacija civilnog dru\u0161tva, energetskih agencija, institucija i tvrtki predalo je svoje zajedni\u010dke zahtjeve novoizabranim zastupnicima i zastupnicama u Hrvatskom saboru, tra\u017ee\u0107i sna\u017enu tranziciju prema niskouglji\u010dnom razvoju i stvaranju&hellip; <\/p><\/div>\n        \n        <div class=\"wp-block-group posts-list-meta is-layout-flow wp-block-group-is-layout-flow\"><span class='article-list-item-author'>Greenpeace u Hrvatskoj<\/span>\n        <div class=\"wp-block-post-date\"><time datetime=\"2020-07-09T10:40:55+02:00\">09. 07. 2020.<\/time><\/div>\n        \n        <\/div>\n        <\/div>\n        <\/div>\n\n            <\/li><\/ul>\n\n    \n<div class=\"wp-block-buttons carousel-controls is-horizontal is-content-justification-space-between is-nowrap is-layout-flex wp-container-core-buttons-is-layout-044bd602 wp-block-buttons-is-layout-flex\">\n            <div class=\"wp-block-button carousel-control-prev\"><button type=\"button\" class=\"wp-block-button__link wp-element-button\">Prev<\/button><\/div>\n        \n\n            <div class=\"wp-block-button carousel-control-next\"><button type=\"button\" class=\"wp-block-button__link wp-element-button\">Next<\/button><\/div>\n        <\/div>\n\n\n    <li class=\" wp-block-navigation-item see-all-link wp-block-navigation-link\"><a class=\"wp-block-navigation-item__content\"  href=\"http:\/\/www.greenpeace.org\/croatia\/news-stories\/?tag=koronavirus\"><span class=\"wp-block-navigation-item__label\">See all stories<\/span><\/a><\/li><\/div>\n    \n    <div class=\"wp-block-query posts-list p4-query-loop is-custom-layout-grid is-layout-grid wp-container-core-query-is-layout-b8bb0bd1 wp-block-query-is-layout-grid\">\n        <div class=\"wp-block-group is-content-justification-space-between is-layout-flex wp-container-core-group-is-layout-3d213aab wp-block-group-is-layout-flex\"><h2 class=\"wp-block-heading\">Publications<\/h2>\n        <li class=\" wp-block-navigation-item see-all-link wp-block-navigation-link\"><a class=\"wp-block-navigation-item__content\"  href=\"http:\/\/www.greenpeace.org\/croatia\/news-stories\/?tag=koronavirus&#038;post-type=\"><span class=\"wp-block-navigation-item__label\">See all stories<\/span><\/a><\/li>\n        \n        <\/div>\n        \n\n    <p style=\"margin-top: 24px; margin-bottom: 36px;\"><\/p>\n\n    <div class=\"wp-block-query-no-results\">\n        <p style=\"\">No posts found.<\/p>\n        <\/div>\n\n    \n\n    \n<div class=\"wp-block-buttons carousel-controls is-horizontal is-content-justification-space-between is-nowrap is-layout-flex wp-container-core-buttons-is-layout-044bd602 wp-block-buttons-is-layout-flex\">\n            <div class=\"wp-block-button carousel-control-prev\"><button type=\"button\" class=\"wp-block-button__link wp-element-button\">Prev<\/button><\/div>\n        \n\n            <div class=\"wp-block-button carousel-control-next\"><button type=\"button\" class=\"wp-block-button__link wp-element-button\">Next<\/button><\/div>\n        <\/div>\n\n\n    <li class=\" wp-block-navigation-item see-all-link wp-block-navigation-link\"><a class=\"wp-block-navigation-item__content\"  href=\"http:\/\/www.greenpeace.org\/croatia\/news-stories\/?tag=koronavirus&#038;post-type=\"><span class=\"wp-block-navigation-item__label\">See all stories<\/span><\/a><\/li><\/div>\n    <div data-render=\"planet4-blocks\/happypoint\" data-attributes=\"{&quot;attributes&quot;:{&quot;override_default_content&quot;:true,&quot;local_content_provider&quot;:&quot;embed_code&quot;,&quot;opacity&quot;:30}}\"><\/div>","protected":false},"excerpt":{"rendered":"","protected":false},"author":20,"featured_media":0,"parent":0,"menu_order":0,"comment_status":"closed","ping_status":"closed","template":"","meta":{"ep_exclude_from_search":false,"p4_hide_page_title_checkbox":"","p4_title":"","p4_subtitle":"","p4_description":"","background_image_id":"","background_image":"","p4_button_title":"","p4_button_link":"","p4_button_link_checkbox":"","p4_og_title":"","p4_og_description":"","p4_og_image":"","p4_og_image_id":"","p4_seo_canonical_url":"","p4_campaign_name":"","p4_local_project":"","p4_basket_name":"","p4_department":"","footnotes":""},"categories":[],"tags":[],"class_list":["post-1859","page","type-page","status-publish","hentry"],"_links":{"self":[{"href":"https:\/\/www.greenpeace.org\/croatia\/wp-json\/wp\/v2\/pages\/1859","targetHints":{"allow":["GET"]}}],"collection":[{"href":"https:\/\/www.greenpeace.org\/croatia\/wp-json\/wp\/v2\/pages"}],"about":[{"href":"https:\/\/www.greenpeace.org\/croatia\/wp-json\/wp\/v2\/types\/page"}],"author":[{"embeddable":true,"href":"https:\/\/www.greenpeace.org\/croatia\/wp-json\/wp\/v2\/users\/20"}],"replies":[{"embeddable":true,"href":"https:\/\/www.greenpeace.org\/croatia\/wp-json\/wp\/v2\/comments?post=1859"}],"version-history":[{"count":9,"href":"https:\/\/www.greenpeace.org\/croatia\/wp-json\/wp\/v2\/pages\/1859\/revisions"}],"predecessor-version":[{"id":66365,"href":"https:\/\/www.greenpeace.org\/croatia\/wp-json\/wp\/v2\/pages\/1859\/revisions\/66365"}],"wp:attachment":[{"href":"https:\/\/www.greenpeace.org\/croatia\/wp-json\/wp\/v2\/media?parent=1859"}],"wp:term":[{"taxonomy":"category","embeddable":true,"href":"https:\/\/www.greenpeace.org\/croatia\/wp-json\/wp\/v2\/categories?post=1859"},{"taxonomy":"post_tag","embeddable":true,"href":"https:\/\/www.greenpeace.org\/croatia\/wp-json\/wp\/v2\/tags?post=1859"}],"curies":[{"name":"wp","href":"https:\/\/api.w.org\/{rel}","templated":true}]}}