{"id":2120,"date":"2021-02-05T16:59:03","date_gmt":"2021-02-05T14:59:03","guid":{"rendered":"https:\/\/www.greenpeace.org\/croatia\/zazelenigrad\/"},"modified":"2025-09-23T11:45:19","modified_gmt":"2025-09-23T09:45:19","slug":"zazelenigrad","status":"publish","type":"page","link":"https:\/\/www.greenpeace.org\/croatia\/zazelenigrad\/","title":{"rendered":"#ZazeleniGrad"},"content":{"rendered":"\n<div class=\"wp-block-group is-vertical is-layout-flex wp-container-core-group-is-layout-8cf370e7 wp-block-group-is-layout-flex\">\n<p>Pandemija COVID-a 19 i nedavne prirodne nepogode vratile su nas u dobroj mjeri na tvorni\u010dke postavke i dale do znanja da svijet vjerojatno vi\u0161e nikad ne\u0107e biti isti. Priroda nas je na sebi svojstven na\u010din podsjetila na klimatsku krizu, nerazumno tro\u0161enje resursa u trci za profitom, zaga\u0111enje, betonizaciju, krizu bioraznolikosti. Ona nas zove natrag sebi, a jedan od na\u010dina povratka je ozelenjavanje gradskih povr\u0161ina. Name\u0107e se sna\u017ean imperativ zadr\u017eati urbane parkove, \u0161umarke, \u017eivice, drvorede, zelene krovove, ali i stvoriti nove, kao i izgraditi svijest da su one na\u0161e zajedni\u010dko dobro o kojem valja brinuti. Time \u0107emo doprinijeti prilagodbi na klimatske promjene, pove\u0107ati bioraznolikost, smanjiti buku i toplinske otoke u na\u0161im gradovima ili mogu\u0107nost prirodnih nepogoda. Dokazano je da zelenilo znatno utje\u010de na ljudsku sre\u0107u i psihofizi\u010dku dobrobit, a potreba za kretanjem zelenim povr\u0161inama posebno je do\u0161la do izra\u017eaja tijekom razdoblja pandemije kada su zatvorena neka od uobi\u010dajenih mjesta okupljanja. Kako \u0107e izgledati na\u0161i gradovi u budu\u0107nosti ovisi o onima koji donose odluke na politi\u010dkoj razini, ali i o nama samima. Zeleno je odgovor. Pokreni se! ZazeleniGrad!<\/p>\n<\/div>\n\n    <div class=\"wp-block-query posts-list p4-query-loop is-custom-layout-list is-layout-flow wp-block-query-is-layout-flow\">\n        <div class=\"wp-block-group is-content-justification-space-between is-layout-flex wp-container-core-group-is-layout-3d213aab wp-block-group-is-layout-flex\"><h2 class=\"wp-block-heading\">Povezani \u010dlanci<\/h2>\n        <li class=\" wp-block-navigation-item see-all-link wp-block-navigation-link\"><a class=\"wp-block-navigation-item__content\"  href=\"http:\/\/www.greenpeace.org\/croatia\/news-stories\/?tag=zazelenigrad\"><span class=\"wp-block-navigation-item__label\">See all stories<\/span><\/a><\/li>\n        \n        <\/div>\n        \n\n    <p style=\"margin-top: 24px; margin-bottom: 36px;\"><\/p>\n\n    \n\n    <ul class=\"wp-block-post-template is-layout-flow wp-block-post-template-is-layout-flow\"><li class=\"wp-block-post post-3370 post type-post status-publish format-standard has-post-thumbnail hentry category-klima-i-energija tag-zazelenigrad p4-page-type-vijest\">\n            \n<div class=\"wp-block-columns is-layout-flex wp-container-core-columns-is-layout-9d6595d7 wp-block-columns-is-layout-flex\"><figure class=\"wp-block-post-featured-image\"><a href=\"https:\/\/www.greenpeace.org\/croatia\/sadnja-u-parku-maksimir\/\" target=\"_self\"  ><img loading=\"lazy\" decoding=\"async\" width=\"1080\" height=\"1080\" src=\"https:\/\/www.greenpeace.org\/static\/planet4-croatia-stateless\/2023\/10\/9e3ee8e3-sadimo-za-buducnost-1.png\" class=\"attachment-post-thumbnail size-post-thumbnail wp-post-image wp-stateless-item\" alt=\"Sadnja u parku Maksimir\" style=\"object-fit:cover;\" srcset=\"https:\/\/www.greenpeace.org\/static\/planet4-croatia-stateless\/2023\/10\/9e3ee8e3-sadimo-za-buducnost-1.png 1080w, https:\/\/www.greenpeace.org\/static\/planet4-croatia-stateless\/2023\/10\/9e3ee8e3-sadimo-za-buducnost-1-300x300.png 300w, https:\/\/www.greenpeace.org\/static\/planet4-croatia-stateless\/2023\/10\/9e3ee8e3-sadimo-za-buducnost-1-1024x1024.png 1024w, https:\/\/www.greenpeace.org\/static\/planet4-croatia-stateless\/2023\/10\/9e3ee8e3-sadimo-za-buducnost-1-150x150.png 150w, https:\/\/www.greenpeace.org\/static\/planet4-croatia-stateless\/2023\/10\/9e3ee8e3-sadimo-za-buducnost-1-768x768.png 768w, https:\/\/www.greenpeace.org\/static\/planet4-croatia-stateless\/2023\/10\/9e3ee8e3-sadimo-za-buducnost-1-340x340.png 340w\" sizes=\"auto, (max-width: 1080px) 100vw, 1080px\" data-image-size=\"post-thumbnail\" data-stateless-media-bucket=\"planet4-croatia-stateless\" data-stateless-media-name=\"2023\/10\/9e3ee8e3-sadimo-za-buducnost-1.png\" \/><\/a><\/figure>\n\n        <div class=\"wp-block-group is-layout-flow wp-block-group-is-layout-flow\">\n                <div class=\"wp-block-group is-layout-flex wp-block-group-is-layout-flex\"><div class=\"wp-block-post-terms\"><a href=\"https:\/\/www.greenpeace.org\/croatia\/category\/issues\/klima-i-energija\/\">Klima i energija<\/a><\/div>\n                <div class=\"taxonomy-post_tag wp-block-post-terms\"><a href=\"https:\/\/www.greenpeace.org\/croatia\/tag\/zazelenigrad\/\" rel=\"tag\">ZazeleniGrad<\/a><\/div>\n                \n                <\/div>\n                \n        <h3 class=\"wp-block-post-title\"><a href=\"https:\/\/www.greenpeace.org\/croatia\/sadnja-u-parku-maksimir\/\" target=\"_self\" >Sadnja u parku Maksimir<\/a><\/h3>\n        <div class=\"wp-block-post-excerpt\"><p class=\"wp-block-post-excerpt__excerpt\">11.11. udruga DOOR organizira sadnju stabla hrasta, javora i tre\u0161nje u parku Maksimir! <\/p><\/div>\n        \n        <div class=\"wp-block-group posts-list-meta is-layout-flow wp-block-group-is-layout-flow\"><span class='article-list-item-author'>DOOR<\/span>\n        <div class=\"wp-block-post-date\"><time datetime=\"2023-10-27T16:34:03+02:00\">27. 10. 2023.<\/time><\/div>\n        \n        <\/div>\n        <\/div>\n        <\/div>\n\n            <\/li><li class=\"wp-block-post post-2368 post type-post status-publish format-standard has-post-thumbnail hentry category-uncategorized tag-zazelenigrad p4-page-type-pr\">\n            \n<div class=\"wp-block-columns is-layout-flex wp-container-core-columns-is-layout-9d6595d7 wp-block-columns-is-layout-flex\"><figure class=\"wp-block-post-featured-image\"><a href=\"https:\/\/www.greenpeace.org\/croatia\/zagreb-mora-iskoristiti-puni-potencijal-svojih-potoka\/\" target=\"_self\"  ><img loading=\"lazy\" decoding=\"async\" width=\"2500\" height=\"1667\" src=\"https:\/\/www.greenpeace.org\/static\/planet4-croatia-stateless\/2021\/07\/e6f57d7a-greenpeace_bojanharonmarkicevic_10.jpg\" class=\"attachment-post-thumbnail size-post-thumbnail wp-post-image wp-stateless-item\" alt=\"Zagreb mora iskoristiti puni potencijal svojih potoka!\" style=\"object-fit:cover;\" srcset=\"https:\/\/www.greenpeace.org\/static\/planet4-croatia-stateless\/2021\/07\/e6f57d7a-greenpeace_bojanharonmarkicevic_10.jpg 2500w, https:\/\/www.greenpeace.org\/static\/planet4-croatia-stateless\/2021\/07\/e6f57d7a-greenpeace_bojanharonmarkicevic_10-300x200.jpg 300w, https:\/\/www.greenpeace.org\/static\/planet4-croatia-stateless\/2021\/07\/e6f57d7a-greenpeace_bojanharonmarkicevic_10-1024x683.jpg 1024w, https:\/\/www.greenpeace.org\/static\/planet4-croatia-stateless\/2021\/07\/e6f57d7a-greenpeace_bojanharonmarkicevic_10-768x512.jpg 768w, https:\/\/www.greenpeace.org\/static\/planet4-croatia-stateless\/2021\/07\/e6f57d7a-greenpeace_bojanharonmarkicevic_10-1536x1024.jpg 1536w, https:\/\/www.greenpeace.org\/static\/planet4-croatia-stateless\/2021\/07\/e6f57d7a-greenpeace_bojanharonmarkicevic_10-2048x1366.jpg 2048w, https:\/\/www.greenpeace.org\/static\/planet4-croatia-stateless\/2021\/07\/e6f57d7a-greenpeace_bojanharonmarkicevic_10-510x340.jpg 510w\" sizes=\"auto, (max-width: 2500px) 100vw, 2500px\" data-image-size=\"post-thumbnail\" data-stateless-media-bucket=\"planet4-croatia-stateless\" data-stateless-media-name=\"2021\/07\/e6f57d7a-greenpeace_bojanharonmarkicevic_10.jpg\" \/><\/a><\/figure>\n\n        <div class=\"wp-block-group is-layout-flow wp-block-group-is-layout-flow\">\n                <div class=\"wp-block-group is-layout-flex wp-block-group-is-layout-flex\"><div class=\"wp-block-post-terms\"><a href=\"https:\/\/www.greenpeace.org\/croatia\/category\/uncategorized\/\">Nesvrstano<\/a><\/div>\n                <div class=\"taxonomy-post_tag wp-block-post-terms\"><a href=\"https:\/\/www.greenpeace.org\/croatia\/tag\/zazelenigrad\/\" rel=\"tag\">ZazeleniGrad<\/a><\/div>\n                \n                <\/div>\n                \n        <h3 class=\"wp-block-post-title\"><a href=\"https:\/\/www.greenpeace.org\/croatia\/zagreb-mora-iskoristiti-puni-potencijal-svojih-potoka\/\" target=\"_self\" >Zagreb mora iskoristiti puni potencijal svojih potoka!<\/a><\/h3>\n        <div class=\"wp-block-post-excerpt\"><p class=\"wp-block-post-excerpt__excerpt\">Aktivisti Greenpeacea danas su u sklopu kampanje #ZazeleniGrad \u010distili zagreba\u010dki potok \u010crnomerec i \u0161etnicu uz njega u suradnji s gra\u0111anskim inicijativama. <\/p><\/div>\n        \n        <div class=\"wp-block-group posts-list-meta is-layout-flow wp-block-group-is-layout-flow\"><span class='article-list-item-author'>Greenpeace u Hrvatskoj<\/span>\n        <div class=\"wp-block-post-date\"><time datetime=\"2021-07-03T09:17:19+02:00\">03. 07. 2021.<\/time><\/div>\n        \n        <\/div>\n        <\/div>\n        <\/div>\n\n            <\/li><li class=\"wp-block-post post-2312 post type-post status-publish format-standard has-post-thumbnail hentry category-uncategorized tag-klimatskepromjene tag-zazelenigrad p4-page-type-intervju\">\n            \n<div class=\"wp-block-columns is-layout-flex wp-container-core-columns-is-layout-9d6595d7 wp-block-columns-is-layout-flex\"><figure class=\"wp-block-post-featured-image\"><a href=\"https:\/\/www.greenpeace.org\/croatia\/zelena-infrastruktura-jedan-je-od-kljucnih-odgovora-na-klimatske-promjene\/\" target=\"_self\"  ><img loading=\"lazy\" decoding=\"async\" width=\"2500\" height=\"1464\" src=\"https:\/\/www.greenpeace.org\/static\/planet4-croatia-stateless\/2021\/05\/dcd08690-biljana-simic.jpg\" class=\"attachment-post-thumbnail size-post-thumbnail wp-post-image wp-stateless-item\" alt=\"Gradsko zelenilo jedan je od klju\u010dnih odgovora na klimatske promjene!\" style=\"object-fit:cover;\" srcset=\"https:\/\/www.greenpeace.org\/static\/planet4-croatia-stateless\/2021\/05\/dcd08690-biljana-simic.jpg 2500w, https:\/\/www.greenpeace.org\/static\/planet4-croatia-stateless\/2021\/05\/dcd08690-biljana-simic-300x176.jpg 300w, https:\/\/www.greenpeace.org\/static\/planet4-croatia-stateless\/2021\/05\/dcd08690-biljana-simic-1024x600.jpg 1024w, https:\/\/www.greenpeace.org\/static\/planet4-croatia-stateless\/2021\/05\/dcd08690-biljana-simic-768x450.jpg 768w, https:\/\/www.greenpeace.org\/static\/planet4-croatia-stateless\/2021\/05\/dcd08690-biljana-simic-1536x899.jpg 1536w, https:\/\/www.greenpeace.org\/static\/planet4-croatia-stateless\/2021\/05\/dcd08690-biljana-simic-2048x1199.jpg 2048w, https:\/\/www.greenpeace.org\/static\/planet4-croatia-stateless\/2021\/05\/dcd08690-biljana-simic-510x299.jpg 510w\" sizes=\"auto, (max-width: 2500px) 100vw, 2500px\" data-image-size=\"post-thumbnail\" data-stateless-media-bucket=\"planet4-croatia-stateless\" data-stateless-media-name=\"2021\/05\/dcd08690-biljana-simic.jpg\" \/><\/a><\/figure>\n\n        <div class=\"wp-block-group is-layout-flow wp-block-group-is-layout-flow\">\n                <div class=\"wp-block-group is-layout-flex wp-block-group-is-layout-flex\"><div class=\"wp-block-post-terms\"><a href=\"https:\/\/www.greenpeace.org\/croatia\/category\/uncategorized\/\">Nesvrstano<\/a><\/div>\n                <div class=\"taxonomy-post_tag wp-block-post-terms\"><a href=\"https:\/\/www.greenpeace.org\/croatia\/tag\/klimatskepromjene\/\" rel=\"tag\">KlimatskePromjene<\/a><span class=\"wp-block-post-terms__separator\"> <\/span><a href=\"https:\/\/www.greenpeace.org\/croatia\/tag\/zazelenigrad\/\" rel=\"tag\">ZazeleniGrad<\/a><\/div>\n                \n                <\/div>\n                \n        <h3 class=\"wp-block-post-title\"><a href=\"https:\/\/www.greenpeace.org\/croatia\/zelena-infrastruktura-jedan-je-od-kljucnih-odgovora-na-klimatske-promjene\/\" target=\"_self\" >Gradsko zelenilo jedan je od klju\u010dnih odgovora na klimatske promjene!<\/a><\/h3>\n        <div class=\"wp-block-post-excerpt\"><p class=\"wp-block-post-excerpt__excerpt\">U sklopu projekta #ZazeleniGrad na temu klimatskih promjena razgovarali smo s izv. prof. dr. sc. Ivanom Herceg Buli\u0107, voditeljicom Centra za klimatolo\u0161ka istra\u017eivanja u Zagrebu. <\/p><\/div>\n        \n        <div class=\"wp-block-group posts-list-meta is-layout-flow wp-block-group-is-layout-flow\"><span class='article-list-item-author'>Perica \u0160tefan<\/span>\n        <div class=\"wp-block-post-date\"><time datetime=\"2021-05-17T14:34:34+02:00\">17. 05. 2021.<\/time><\/div>\n        \n        <\/div>\n        <\/div>\n        <\/div>\n\n            <\/li><\/ul>\n\n    \n<div class=\"wp-block-buttons carousel-controls is-horizontal is-content-justification-space-between is-nowrap is-layout-flex wp-container-core-buttons-is-layout-044bd602 wp-block-buttons-is-layout-flex\">\n            <div class=\"wp-block-button carousel-control-prev\"><button type=\"button\" class=\"wp-block-button__link wp-element-button\">Prev<\/button><\/div>\n        \n\n            <div class=\"wp-block-button carousel-control-next\"><button type=\"button\" class=\"wp-block-button__link wp-element-button\">Next<\/button><\/div>\n        <\/div>\n\n\n    <li class=\" wp-block-navigation-item see-all-link wp-block-navigation-link\"><a class=\"wp-block-navigation-item__content\"  href=\"http:\/\/www.greenpeace.org\/croatia\/news-stories\/?tag=zazelenigrad\"><span class=\"wp-block-navigation-item__label\">See all stories<\/span><\/a><\/li><\/div>\n    <div data-render=\"planet4-blocks\/happypoint\" data-attributes=\"{&quot;attributes&quot;:{&quot;override_default_content&quot;:true,&quot;local_content_provider&quot;:&quot;embed_code&quot;,&quot;opacity&quot;:30}}\"><\/div>","protected":false},"excerpt":{"rendered":"<p>Pandemija COVID-a 19 i nedavne prirodne nepogode vratile su nas u dobroj mjeri na tvorni\u010dke postavke i dale do znanja da svijet vjerojatno vi\u0161e nikad ne\u0107e biti isti. Priroda nas je na sebi svojstven na\u010din podsjetila na klimatsku krizu, nerazumno tro\u0161enje resursa u trci za profitom, zaga\u0111enje, betonizaciju, krizu bioraznolikosti. Ona nas zove natrag sebi, [&hellip;]<\/p>\n","protected":false},"author":26,"featured_media":0,"parent":0,"menu_order":0,"comment_status":"closed","ping_status":"closed","template":"","meta":{"ep_exclude_from_search":false,"p4_hide_page_title_checkbox":"","p4_title":"","p4_subtitle":"","p4_description":"","background_image_id":"","background_image":"","p4_button_title":"","p4_button_link":"","p4_button_link_checkbox":"","p4_og_title":"","p4_og_description":"","p4_og_image":"","p4_og_image_id":"","p4_seo_canonical_url":"","p4_campaign_name":"","p4_local_project":"","p4_basket_name":"","p4_department":"","footnotes":""},"categories":[29],"tags":[],"class_list":["post-2120","page","type-page","status-publish","hentry","category-klima-i-energija"],"_links":{"self":[{"href":"https:\/\/www.greenpeace.org\/croatia\/wp-json\/wp\/v2\/pages\/2120","targetHints":{"allow":["GET"]}}],"collection":[{"href":"https:\/\/www.greenpeace.org\/croatia\/wp-json\/wp\/v2\/pages"}],"about":[{"href":"https:\/\/www.greenpeace.org\/croatia\/wp-json\/wp\/v2\/types\/page"}],"author":[{"embeddable":true,"href":"https:\/\/www.greenpeace.org\/croatia\/wp-json\/wp\/v2\/users\/26"}],"replies":[{"embeddable":true,"href":"https:\/\/www.greenpeace.org\/croatia\/wp-json\/wp\/v2\/comments?post=2120"}],"version-history":[{"count":9,"href":"https:\/\/www.greenpeace.org\/croatia\/wp-json\/wp\/v2\/pages\/2120\/revisions"}],"predecessor-version":[{"id":66363,"href":"https:\/\/www.greenpeace.org\/croatia\/wp-json\/wp\/v2\/pages\/2120\/revisions\/66363"}],"wp:attachment":[{"href":"https:\/\/www.greenpeace.org\/croatia\/wp-json\/wp\/v2\/media?parent=2120"}],"wp:term":[{"taxonomy":"category","embeddable":true,"href":"https:\/\/www.greenpeace.org\/croatia\/wp-json\/wp\/v2\/categories?post=2120"},{"taxonomy":"post_tag","embeddable":true,"href":"https:\/\/www.greenpeace.org\/croatia\/wp-json\/wp\/v2\/tags?post=2120"}],"curies":[{"name":"wp","href":"https:\/\/api.w.org\/{rel}","templated":true}]}}