{"id":3025,"date":"2023-03-24T15:56:58","date_gmt":"2023-03-24T13:56:58","guid":{"rendered":"https:\/\/www.greenpeace.org\/croatia\/?page_id=3025"},"modified":"2025-09-23T11:45:15","modified_gmt":"2025-09-23T09:45:15","slug":"oceani","status":"publish","type":"page","link":"https:\/\/www.greenpeace.org\/croatia\/istrazi\/oceani\/","title":{"rendered":"Oceani"},"content":{"rendered":"\n<p><a href=\"https:\/\/www.greenpeace.org\/croatia\/ujedinjeni-narodi-konacno-donijeli-povijesni-sporazum-o-svjetskim-morima\/?__hstc=189102068.8a3e1a84abfc1ab1a5c30f1466c61106.1655716762833.1679648819902.1679666275509.134&amp;__hssc=189102068.1.1679666275509&amp;__hsfp=3922001525\">Vi\u0161e od 5.5 milijuna ljudi diljem svijeta svojim je potpisom<\/a>&nbsp;omogu\u0107ilo dono\u0161enje sna\u017enog Sporazuma o svjetskim morima na zavr\u0161nim pregovorima UN-a u New Yorku! Hvala vam na tome!<br><br>Dr\u017eave sad moraju formalno prihvatiti Sporazum i \u0161to prije ga ratificirati kako bismo stvorili za\u0161ti\u0107ene morske rezervate prijeko potrebne na\u0161em planetu. Sat jo\u0161 uvijek otkucava kad je rije\u010d o dosezanju cilja 30&#215;30, ostalo nam je jo\u0161 samo pola desetlje\u0107a da se on ostvari pa nema opu\u0161tanja po tom pitanju!<\/p>\n\n<p><\/p>\n\n    <div class=\"wp-block-query posts-list p4-query-loop is-custom-layout-list is-layout-flow wp-block-query-is-layout-flow\">\n        <div class=\"wp-block-group is-content-justification-space-between is-layout-flex wp-container-core-group-is-layout-3d213aab wp-block-group-is-layout-flex\"><h2 class=\"wp-block-heading\">Povezani \u010dlanci<\/h2>\n        <li class=\" wp-block-navigation-item see-all-link wp-block-navigation-link\"><a class=\"wp-block-navigation-item__content\"  href=\"http:\/\/www.greenpeace.org\/croatia\/news-stories\/?tag=zastitimooceane\"><span class=\"wp-block-navigation-item__label\">See all stories<\/span><\/a><\/li>\n        \n        <\/div>\n        \n\n    <p style=\"margin-top: 24px; margin-bottom: 36px;\"><\/p>\n\n    \n\n    <ul class=\"wp-block-post-template is-layout-flow wp-block-post-template-is-layout-flow\"><li class=\"wp-block-post post-66355 post type-post status-publish format-standard has-post-thumbnail hentry category-oceani tag-zastitimooceane p4-page-type-vijest\">\n            \n<div class=\"wp-block-columns is-layout-flex wp-container-core-columns-is-layout-9d6595d7 wp-block-columns-is-layout-flex\"><figure class=\"wp-block-post-featured-image\"><a href=\"https:\/\/www.greenpeace.org\/croatia\/60-drzava-ratificiralo-je-globalni-sporazum-o-svjetskim-morima\/\" target=\"_self\"  ><img loading=\"lazy\" decoding=\"async\" width=\"2500\" height=\"1667\" src=\"https:\/\/www.greenpeace.org\/static\/planet4-croatia-stateless\/2025\/05\/15711736-greenpeace_bojanharonmarkicevic-5.jpg\" class=\"attachment-post-thumbnail size-post-thumbnail wp-post-image wp-stateless-item\" alt=\"60 dr\u017eava ratificiralo je Sporazum o svjetskim morima!\" style=\"object-fit:cover;\" srcset=\"https:\/\/www.greenpeace.org\/static\/planet4-croatia-stateless\/2025\/05\/15711736-greenpeace_bojanharonmarkicevic-5.jpg 2500w, https:\/\/www.greenpeace.org\/static\/planet4-croatia-stateless\/2025\/05\/15711736-greenpeace_bojanharonmarkicevic-5-300x200.jpg 300w, https:\/\/www.greenpeace.org\/static\/planet4-croatia-stateless\/2025\/05\/15711736-greenpeace_bojanharonmarkicevic-5-1024x683.jpg 1024w, https:\/\/www.greenpeace.org\/static\/planet4-croatia-stateless\/2025\/05\/15711736-greenpeace_bojanharonmarkicevic-5-768x512.jpg 768w, https:\/\/www.greenpeace.org\/static\/planet4-croatia-stateless\/2025\/05\/15711736-greenpeace_bojanharonmarkicevic-5-1536x1024.jpg 1536w, https:\/\/www.greenpeace.org\/static\/planet4-croatia-stateless\/2025\/05\/15711736-greenpeace_bojanharonmarkicevic-5-2048x1366.jpg 2048w, https:\/\/www.greenpeace.org\/static\/planet4-croatia-stateless\/2025\/05\/15711736-greenpeace_bojanharonmarkicevic-5-510x340.jpg 510w\" sizes=\"auto, (max-width: 2500px) 100vw, 2500px\" data-image-size=\"post-thumbnail\" data-stateless-media-bucket=\"planet4-croatia-stateless\" data-stateless-media-name=\"2025\/05\/15711736-greenpeace_bojanharonmarkicevic-5.jpg\" \/><\/a><\/figure>\n\n        <div class=\"wp-block-group is-layout-flow wp-block-group-is-layout-flow\">\n                <div class=\"wp-block-group is-layout-flex wp-block-group-is-layout-flex\"><div class=\"wp-block-post-terms\"><a href=\"https:\/\/www.greenpeace.org\/croatia\/category\/issues\/oceani\/\">Oceani<\/a><\/div>\n                <div class=\"taxonomy-post_tag wp-block-post-terms\"><a href=\"https:\/\/www.greenpeace.org\/croatia\/tag\/zastitimooceane\/\" rel=\"tag\">ZastitimoOceane<\/a><\/div>\n                \n                <\/div>\n                \n        <h3 class=\"wp-block-post-title\"><a href=\"https:\/\/www.greenpeace.org\/croatia\/60-drzava-ratificiralo-je-globalni-sporazum-o-svjetskim-morima\/\" target=\"_self\" >60 dr\u017eava ratificiralo je Sporazum o svjetskim morima!<\/a><\/h3>\n        <div class=\"wp-block-post-excerpt\"><p class=\"wp-block-post-excerpt__excerpt\">Sporazum o svjetskim morima ratificiralo je 60 dr\u017eava, \u0161to zna\u010di da ovaj povijesni sporazum stupa na snagu po\u010detkom idu\u0107e godine.\u00a0 <\/p><\/div>\n        \n        <div class=\"wp-block-group posts-list-meta is-layout-flow wp-block-group-is-layout-flow\"><span class='article-list-item-author'>Greenpeace u Hrvatskoj<\/span>\n        <div class=\"wp-block-post-date\"><time datetime=\"2025-09-22T13:06:32+02:00\">22. 09. 2025.<\/time><\/div>\n        \n        <\/div>\n        <\/div>\n        <\/div>\n\n            <\/li><li class=\"wp-block-post post-66146 post type-post status-publish format-standard has-post-thumbnail hentry category-oceani tag-zastitimooceane p4-page-type-vijest\">\n            \n<div class=\"wp-block-columns is-layout-flex wp-container-core-columns-is-layout-9d6595d7 wp-block-columns-is-layout-flex\"><figure class=\"wp-block-post-featured-image\"><a href=\"https:\/\/www.greenpeace.org\/croatia\/greenpeace-pozdravlja-ratifikaciju-sporazuma-o-svjetskim-morima\/\" target=\"_self\"  ><img loading=\"lazy\" decoding=\"async\" width=\"800\" height=\"534\" src=\"https:\/\/www.greenpeace.org\/static\/planet4-croatia-stateless\/2025\/06\/d79c36a2-harriet-spark-grumpy-turtle-film-greenpeace.jpg\" class=\"attachment-post-thumbnail size-post-thumbnail wp-post-image wp-stateless-item\" alt=\"Greenpeace pozdravlja ratifikaciju Sporazuma o svjetskim morima\" style=\"object-fit:cover;\" srcset=\"https:\/\/www.greenpeace.org\/static\/planet4-croatia-stateless\/2025\/06\/d79c36a2-harriet-spark-grumpy-turtle-film-greenpeace.jpg 800w, https:\/\/www.greenpeace.org\/static\/planet4-croatia-stateless\/2025\/06\/d79c36a2-harriet-spark-grumpy-turtle-film-greenpeace-300x200.jpg 300w, https:\/\/www.greenpeace.org\/static\/planet4-croatia-stateless\/2025\/06\/d79c36a2-harriet-spark-grumpy-turtle-film-greenpeace-768x513.jpg 768w, https:\/\/www.greenpeace.org\/static\/planet4-croatia-stateless\/2025\/06\/d79c36a2-harriet-spark-grumpy-turtle-film-greenpeace-510x340.jpg 510w\" sizes=\"auto, (max-width: 800px) 100vw, 800px\" data-image-size=\"post-thumbnail\" data-stateless-media-bucket=\"planet4-croatia-stateless\" data-stateless-media-name=\"2025\/06\/d79c36a2-harriet-spark-grumpy-turtle-film-greenpeace.jpg\" \/><\/a><\/figure>\n\n        <div class=\"wp-block-group is-layout-flow wp-block-group-is-layout-flow\">\n                <div class=\"wp-block-group is-layout-flex wp-block-group-is-layout-flex\"><div class=\"wp-block-post-terms\"><a href=\"https:\/\/www.greenpeace.org\/croatia\/category\/issues\/oceani\/\">Oceani<\/a><\/div>\n                <div class=\"taxonomy-post_tag wp-block-post-terms\"><a href=\"https:\/\/www.greenpeace.org\/croatia\/tag\/zastitimooceane\/\" rel=\"tag\">ZastitimoOceane<\/a><\/div>\n                \n                <\/div>\n                \n        <h3 class=\"wp-block-post-title\"><a href=\"https:\/\/www.greenpeace.org\/croatia\/greenpeace-pozdravlja-ratifikaciju-sporazuma-o-svjetskim-morima\/\" target=\"_self\" >Greenpeace pozdravlja ratifikaciju Sporazuma o svjetskim morima<\/a><\/h3>\n        <div class=\"wp-block-post-excerpt\"><p class=\"wp-block-post-excerpt__excerpt\">Greenpeace pozdravlja dana\u0161nju jednoglasnu odluku Hrvatskog sabora o ratifikaciji Sporazuma o svjetskim morima (BBNJ), \u010dime je Hrvatska potvrdila predanost me\u0111unarodnim naporima za za\u0161titu oceana. <\/p><\/div>\n        \n        <div class=\"wp-block-group posts-list-meta is-layout-flow wp-block-group-is-layout-flow\"><span class='article-list-item-author'>Greenpeace u Hrvatskoj<\/span>\n        <div class=\"wp-block-post-date\"><time datetime=\"2025-06-06T17:43:58+02:00\">06. 06. 2025.<\/time><\/div>\n        \n        <\/div>\n        <\/div>\n        <\/div>\n\n            <\/li><li class=\"wp-block-post post-66081 post type-post status-publish format-standard has-post-thumbnail hentry category-oceani tag-zastitimooceane p4-page-type-pr\">\n            \n<div class=\"wp-block-columns is-layout-flex wp-container-core-columns-is-layout-9d6595d7 wp-block-columns-is-layout-flex\"><figure class=\"wp-block-post-featured-image\"><a href=\"https:\/\/www.greenpeace.org\/croatia\/divovski-kit-pred-nsk-om-greenpeace-trazi-ocitovanje-vlade-po-pitanju-oceana\/\" target=\"_self\"  ><img loading=\"lazy\" decoding=\"async\" width=\"2500\" height=\"1667\" src=\"https:\/\/www.greenpeace.org\/static\/planet4-croatia-stateless\/2025\/05\/15711736-greenpeace_bojanharonmarkicevic-5.jpg\" class=\"attachment-post-thumbnail size-post-thumbnail wp-post-image wp-stateless-item\" alt=\"Divovski kit pred NSK-om: Greenpeace tra\u017ei o\u010ditovanje Vlade po pitanju oceana\" style=\"object-fit:cover;\" srcset=\"https:\/\/www.greenpeace.org\/static\/planet4-croatia-stateless\/2025\/05\/15711736-greenpeace_bojanharonmarkicevic-5.jpg 2500w, https:\/\/www.greenpeace.org\/static\/planet4-croatia-stateless\/2025\/05\/15711736-greenpeace_bojanharonmarkicevic-5-300x200.jpg 300w, https:\/\/www.greenpeace.org\/static\/planet4-croatia-stateless\/2025\/05\/15711736-greenpeace_bojanharonmarkicevic-5-1024x683.jpg 1024w, https:\/\/www.greenpeace.org\/static\/planet4-croatia-stateless\/2025\/05\/15711736-greenpeace_bojanharonmarkicevic-5-768x512.jpg 768w, https:\/\/www.greenpeace.org\/static\/planet4-croatia-stateless\/2025\/05\/15711736-greenpeace_bojanharonmarkicevic-5-1536x1024.jpg 1536w, https:\/\/www.greenpeace.org\/static\/planet4-croatia-stateless\/2025\/05\/15711736-greenpeace_bojanharonmarkicevic-5-2048x1366.jpg 2048w, https:\/\/www.greenpeace.org\/static\/planet4-croatia-stateless\/2025\/05\/15711736-greenpeace_bojanharonmarkicevic-5-510x340.jpg 510w\" sizes=\"auto, (max-width: 2500px) 100vw, 2500px\" data-image-size=\"post-thumbnail\" data-stateless-media-bucket=\"planet4-croatia-stateless\" data-stateless-media-name=\"2025\/05\/15711736-greenpeace_bojanharonmarkicevic-5.jpg\" \/><\/a><\/figure>\n\n        <div class=\"wp-block-group is-layout-flow wp-block-group-is-layout-flow\">\n                <div class=\"wp-block-group is-layout-flex wp-block-group-is-layout-flex\"><div class=\"wp-block-post-terms\"><a href=\"https:\/\/www.greenpeace.org\/croatia\/category\/issues\/oceani\/\">Oceani<\/a><\/div>\n                <div class=\"taxonomy-post_tag wp-block-post-terms\"><a href=\"https:\/\/www.greenpeace.org\/croatia\/tag\/zastitimooceane\/\" rel=\"tag\">ZastitimoOceane<\/a><\/div>\n                \n                <\/div>\n                \n        <h3 class=\"wp-block-post-title\"><a href=\"https:\/\/www.greenpeace.org\/croatia\/divovski-kit-pred-nsk-om-greenpeace-trazi-ocitovanje-vlade-po-pitanju-oceana\/\" target=\"_self\" >Divovski kit pred NSK-om: Greenpeace tra\u017ei o\u010ditovanje Vlade po pitanju oceana<\/a><\/h3>\n        <div class=\"wp-block-post-excerpt\"><p class=\"wp-block-post-excerpt__excerpt\">Aktivisti Greenpeacea u Hrvatskoj danas su \u0161esnaestmetarskim rekvizitom kita ispred Nacionalne i sveu\u010dili\u0161ne knji\u017enice apelirali na hitno uvr\u0161tavanje povijesnog globalnog Sporazuma o svjetskim morima (BBNJ) me\u0111u Vladine prioritete. <\/p><\/div>\n        \n        <div class=\"wp-block-group posts-list-meta is-layout-flow wp-block-group-is-layout-flow\"><span class='article-list-item-author'>Greenpeace u Hrvatskoj<\/span>\n        <div class=\"wp-block-post-date\"><time datetime=\"2025-05-13T11:50:13+02:00\">13. 05. 2025.<\/time><\/div>\n        \n        <\/div>\n        <\/div>\n        <\/div>\n\n            <\/li><\/ul>\n\n    \n<div class=\"wp-block-buttons carousel-controls is-horizontal is-content-justification-space-between is-nowrap is-layout-flex wp-container-core-buttons-is-layout-044bd602 wp-block-buttons-is-layout-flex\">\n            <div class=\"wp-block-button carousel-control-prev\"><button type=\"button\" class=\"wp-block-button__link wp-element-button\">Prev<\/button><\/div>\n        \n\n            <div class=\"wp-block-button carousel-control-next\"><button type=\"button\" class=\"wp-block-button__link wp-element-button\">Next<\/button><\/div>\n        <\/div>\n\n\n    <li class=\" wp-block-navigation-item see-all-link wp-block-navigation-link\"><a class=\"wp-block-navigation-item__content\"  href=\"http:\/\/www.greenpeace.org\/croatia\/news-stories\/?tag=zastitimooceane\"><span class=\"wp-block-navigation-item__label\">See all stories<\/span><\/a><\/li><\/div>\n    <div data-render=\"planet4-blocks\/happypoint\" data-attributes=\"{&quot;attributes&quot;:{&quot;embed_code&quot;:&quot;&quot;,&quot;override_default_content&quot;:true,&quot;local_content_provider&quot;:&quot;embed_code&quot;,&quot;opacity&quot;:30}}\"><\/div>","protected":false},"excerpt":{"rendered":"<p>Vi\u0161e od 5.5 milijuna ljudi diljem svijeta svojim je potpisom&nbsp;omogu\u0107ilo dono\u0161enje sna\u017enog Sporazuma o svjetskim morima na zavr\u0161nim pregovorima UN-a u New Yorku! Hvala vam na tome! Dr\u017eave sad moraju formalno prihvatiti Sporazum i \u0161to prije ga ratificirati kako bismo stvorili za\u0161ti\u0107ene morske rezervate prijeko potrebne na\u0161em planetu. Sat jo\u0161 uvijek otkucava kad je rije\u010d [&hellip;]<\/p>\n","protected":false},"author":26,"featured_media":0,"parent":11,"menu_order":0,"comment_status":"closed","ping_status":"closed","template":"","meta":{"ep_exclude_from_search":false,"p4_hide_page_title_checkbox":"","p4_title":"","p4_subtitle":"","p4_description":"","background_image_id":"","background_image":"","p4_button_title":"","p4_button_link":"","p4_button_link_checkbox":"","p4_og_title":"","p4_og_description":"","p4_og_image":"","p4_og_image_id":"","p4_seo_canonical_url":"","p4_campaign_name":"","p4_local_project":"","p4_basket_name":"","p4_department":"","footnotes":""},"categories":[],"tags":[48],"class_list":["post-3025","page","type-page","status-publish","hentry","tag-zastitimooceane"],"_links":{"self":[{"href":"https:\/\/www.greenpeace.org\/croatia\/wp-json\/wp\/v2\/pages\/3025","targetHints":{"allow":["GET"]}}],"collection":[{"href":"https:\/\/www.greenpeace.org\/croatia\/wp-json\/wp\/v2\/pages"}],"about":[{"href":"https:\/\/www.greenpeace.org\/croatia\/wp-json\/wp\/v2\/types\/page"}],"author":[{"embeddable":true,"href":"https:\/\/www.greenpeace.org\/croatia\/wp-json\/wp\/v2\/users\/26"}],"replies":[{"embeddable":true,"href":"https:\/\/www.greenpeace.org\/croatia\/wp-json\/wp\/v2\/comments?post=3025"}],"version-history":[{"count":9,"href":"https:\/\/www.greenpeace.org\/croatia\/wp-json\/wp\/v2\/pages\/3025\/revisions"}],"predecessor-version":[{"id":66360,"href":"https:\/\/www.greenpeace.org\/croatia\/wp-json\/wp\/v2\/pages\/3025\/revisions\/66360"}],"up":[{"embeddable":true,"href":"https:\/\/www.greenpeace.org\/croatia\/wp-json\/wp\/v2\/pages\/11"}],"wp:attachment":[{"href":"https:\/\/www.greenpeace.org\/croatia\/wp-json\/wp\/v2\/media?parent=3025"}],"wp:term":[{"taxonomy":"category","embeddable":true,"href":"https:\/\/www.greenpeace.org\/croatia\/wp-json\/wp\/v2\/categories?post=3025"},{"taxonomy":"post_tag","embeddable":true,"href":"https:\/\/www.greenpeace.org\/croatia\/wp-json\/wp\/v2\/tags?post=3025"}],"curies":[{"name":"wp","href":"https:\/\/api.w.org\/{rel}","templated":true}]}}