{"id":1666,"date":"2018-11-01T19:03:13","date_gmt":"2018-11-01T17:03:13","guid":{"rendered":"https:\/\/www.greenpeace.org\/czech\/?page_id=1666"},"modified":"2026-04-08T09:41:20","modified_gmt":"2026-04-08T08:41:20","slug":"oceany","status":"publish","type":"page","link":"https:\/\/www.greenpeace.org\/czech\/oceany\/","title":{"rendered":"#Oce\u00e1ny"},"content":{"rendered":"\n                \n                <div class=\"wp-block-group alignfull is-layout-flow wp-block-group-is-layout-flow\">\n                \n                <div class=\"wp-block-group container is-layout-flow wp-block-group-is-layout-flow\">\n                \n                <div class=\"wp-block-media-text alignfull has-media-on-the-right is-stacked-on-mobile is-pattern-p4-page-header is-style-parallax\">\n\n                <div class=\"wp-block-media-text__content\">\n                    <div class=\"wp-block-group is-layout-flow wp-block-group-is-layout-flow\">\n                    \n                        <h1 class=\"wp-block-heading has-white-background-color has-background\">\n                            #Oce\u00e1ny\n                        <\/h1>\n                    <\/div>\n                \n\n                \n                        <p style=\"font-size:1.25rem\">\n                            Sv\u011btov\u00e9 oce\u00e1ny jsou domovem mnoha majest\u00e1tn\u00edch druh\u016f zv\u00ed\u0159at, ale i drobn\u00fdch \u017eivo\u010dich\u016f, poskytuj\u00ed n\u00e1m potravu, stabilizuj\u00ed klima. Zhruba polovina ve\u0161ker\u00e9ho \u017eivota na t\u00e9to planet\u011b se nach\u00e1z\u00ed pr\u00e1v\u011b v oce\u00e1nech. Ohro\u017eeny jsou zm\u011bnou klimatu, nadm\u011brn\u00fdm rybolovem a zne\u010di\u0161t\u011bn\u00edm zejm\u00e9na plastov\u00fdm odpadem a toxick\u00fdmi l\u00e1tkami. Oce\u00e1ny jsou pl\u00edcemi planety a za ka\u017ed\u00e9 druh\u00e9 nadechnut\u00ed vd\u011b\u010d\u00edme pr\u00e1v\u011b jim. Sami se br\u00e1nit neum\u00ed, proto je to na n\u00e1s.\n                        <\/p>\n                    \n\n                \n\n                <\/div>\n                <figure class=\"wp-block-media-text__media\">\n                    <img loading=\"lazy\" decoding=\"async\" width=\"2560\" height=\"1644\"\n                        src=\"https:\/\/www.greenpeace.org\/static\/planet4-czech-republic-stateless\/2020\/05\/77e178d3-gp03jy3_high_res-scaled-e1588696317679.jpg\"\n                        alt=\"\"\n                        sizes=\"auto, (min-width: 601px) 50vw, 100vw\" srcset=\"https:\/\/www.greenpeace.org\/static\/planet4-czech-republic-stateless\/2020\/05\/77e178d3-gp03jy3_high_res-scaled-e1588696317679.jpg 2560w, https:\/\/www.greenpeace.org\/static\/planet4-czech-republic-stateless\/2020\/05\/77e178d3-gp03jy3_high_res-scaled-e1588696317679-300x193.jpg 300w, https:\/\/www.greenpeace.org\/static\/planet4-czech-republic-stateless\/2020\/05\/77e178d3-gp03jy3_high_res-scaled-e1588696317679-1024x658.jpg 1024w, https:\/\/www.greenpeace.org\/static\/planet4-czech-republic-stateless\/2020\/05\/77e178d3-gp03jy3_high_res-scaled-e1588696317679-768x493.jpg 768w, https:\/\/www.greenpeace.org\/static\/planet4-czech-republic-stateless\/2020\/05\/77e178d3-gp03jy3_high_res-scaled-e1588696317679-1536x986.jpg 1536w, https:\/\/www.greenpeace.org\/static\/planet4-czech-republic-stateless\/2020\/05\/77e178d3-gp03jy3_high_res-scaled-e1588696317679-2048x1315.jpg 2048w, https:\/\/www.greenpeace.org\/static\/planet4-czech-republic-stateless\/2020\/05\/77e178d3-gp03jy3_high_res-scaled-e1588696317679-510x328.jpg 510w\" class=\"wp-image-10490 size-full\"\n                    \/>\n                <\/figure>\n                <\/div>\n                \n                <\/div>\n                \n                <\/div>\n                \n                \n        <div class=\"wp-block-query actions-list p4-query-loop is-custom-layout-actions-list is-custom-layout-grid is-layout-grid wp-container-core-query-is-layout-29f43435 wp-block-query-is-layout-grid\"><h2 class=\"wp-block-heading\">Jak se m\u016f\u017ee\u0161 zapojit<\/h2>\n        <p style=\"margin-top: 24px; margin-bottom: 32px;\">Jedin\u011b spole\u010dn\u011b m\u016f\u017eeme dos\u00e1hnout zm\u011bny. P\u0159idej se.<\/p>\n        \n        <ul class=\"wp-block-post-template is-layout-flow wp-block-post-template-is-layout-flow\"><li class=\"wp-block-post post-23547 page type-page status-publish has-post-thumbnail hentry category-priroda tag-zmena-klimatu tag-lesy-pralesy tag-oceany\">\n                <figure class=\"wp-block-post-featured-image\"><img loading=\"lazy\" decoding=\"async\" width=\"2400\" height=\"1597\" src=\"https:\/\/www.greenpeace.org\/static\/planet4-czech-republic-stateless\/2025\/10\/377b400c-2025_10_19_mzp_macinka_hradcanske_nam_2400px_zwl-0795.jpg\" class=\"attachment-post-thumbnail size-post-thumbnail wp-post-image wp-stateless-item\" alt=\"\" style=\"object-fit:cover;\" srcset=\"https:\/\/www.greenpeace.org\/static\/planet4-czech-republic-stateless\/2025\/10\/377b400c-2025_10_19_mzp_macinka_hradcanske_nam_2400px_zwl-0795.jpg 2400w, https:\/\/www.greenpeace.org\/static\/planet4-czech-republic-stateless\/2025\/10\/377b400c-2025_10_19_mzp_macinka_hradcanske_nam_2400px_zwl-0795-300x200.jpg 300w, https:\/\/www.greenpeace.org\/static\/planet4-czech-republic-stateless\/2025\/10\/377b400c-2025_10_19_mzp_macinka_hradcanske_nam_2400px_zwl-0795-1024x681.jpg 1024w, https:\/\/www.greenpeace.org\/static\/planet4-czech-republic-stateless\/2025\/10\/377b400c-2025_10_19_mzp_macinka_hradcanske_nam_2400px_zwl-0795-768x511.jpg 768w, https:\/\/www.greenpeace.org\/static\/planet4-czech-republic-stateless\/2025\/10\/377b400c-2025_10_19_mzp_macinka_hradcanske_nam_2400px_zwl-0795-1536x1022.jpg 1536w, https:\/\/www.greenpeace.org\/static\/planet4-czech-republic-stateless\/2025\/10\/377b400c-2025_10_19_mzp_macinka_hradcanske_nam_2400px_zwl-0795-2048x1363.jpg 2048w, https:\/\/www.greenpeace.org\/static\/planet4-czech-republic-stateless\/2025\/10\/377b400c-2025_10_19_mzp_macinka_hradcanske_nam_2400px_zwl-0795-510x340.jpg 510w\" sizes=\"auto, (max-width: 2400px) 100vw, 2400px\" data-image-size=\"post-thumbnail\" data-stateless-media-bucket=\"planet4-czech-republic-stateless\" data-stateless-media-name=\"2025\/10\/377b400c-2025_10_19_mzp_macinka_hradcanske_nam_2400px_zwl-0795.jpg\" \/><\/figure>\n                \n                <div class=\"wp-block-group group-stretched-link is-layout-flow wp-block-group-is-layout-flow\"><div class=\"wp-block-post-terms\">P\u0159\u00edroda<\/div>\n                <h3 class=\"wp-block-post-title\"><a href=\"https:\/\/www.greenpeace.org\/czech\/zapoj-se\/obrana-ministerstva-zivotniho-prostredi\/\" target=\"_self\" >Obrana Ministerstva \u017eivotn\u00edho prost\u0159ed\u00ed<\/a><\/h3>\n                <div class=\"wp-block-post-excerpt\"><p class=\"wp-block-post-excerpt__excerpt\">Chceme ministra \u017eivotn\u00edho prost\u0159ed\u00ed, kter\u00fd stoj\u00ed na stran\u011b lid\u00ed a p\u0159\u00edrody! Jde o budoucnost vody, les\u016f a krajiny, kterou milujeme. <\/p><\/div><\/div>\n                \n                \n        <div class=\"wp-block-group read-more-nav is-layout-flow wp-block-group-is-layout-flow\"><a href=\"https:\/\/www.greenpeace.org\/czech\/zapoj-se\/obrana-ministerstva-zivotniho-prostredi\/\" class=\"btn btn-primary btn-small\" aria-label=\"Jdu do toho\">Jdu do toho<\/a>\n        \n        \n        <\/div>\n        \n                <\/li><li class=\"wp-block-post post-23230 page type-page status-publish has-post-thumbnail hentry category-priroda tag-lesy-pralesy tag-oceany tag-zmena-klimatu tag-plast-je-past\">\n                <figure class=\"wp-block-post-featured-image\"><img loading=\"lazy\" decoding=\"async\" width=\"1050\" height=\"630\" src=\"https:\/\/www.greenpeace.org\/static\/planet4-czech-republic-stateless\/2025\/12\/928214b7-share-vterina.jpg\" class=\"attachment-post-thumbnail size-post-thumbnail wp-post-image wp-stateless-item\" alt=\"\" style=\"object-fit:cover;\" srcset=\"https:\/\/www.greenpeace.org\/static\/planet4-czech-republic-stateless\/2025\/12\/928214b7-share-vterina.jpg 1050w, https:\/\/www.greenpeace.org\/static\/planet4-czech-republic-stateless\/2025\/12\/928214b7-share-vterina-300x180.jpg 300w, https:\/\/www.greenpeace.org\/static\/planet4-czech-republic-stateless\/2025\/12\/928214b7-share-vterina-1024x614.jpg 1024w, https:\/\/www.greenpeace.org\/static\/planet4-czech-republic-stateless\/2025\/12\/928214b7-share-vterina-768x461.jpg 768w, https:\/\/www.greenpeace.org\/static\/planet4-czech-republic-stateless\/2025\/12\/928214b7-share-vterina-510x306.jpg 510w\" sizes=\"auto, (max-width: 1050px) 100vw, 1050px\" data-image-size=\"post-thumbnail\" data-stateless-media-bucket=\"planet4-czech-republic-stateless\" data-stateless-media-name=\"2025\/12\/928214b7-share-vterina.jpg\" \/><\/figure>\n                \n                <div class=\"wp-block-group group-stretched-link is-layout-flow wp-block-group-is-layout-flow\"><div class=\"wp-block-post-terms\">P\u0159\u00edroda<\/div>\n                <h3 class=\"wp-block-post-title\"><a href=\"https:\/\/www.greenpeace.org\/czech\/zapoj-se\/kazdou-vterinu\/\" target=\"_self\" >Ka\u017edou vte\u0159inu&#8230;<\/a><\/h3>\n                <div class=\"wp-block-post-excerpt\"><p class=\"wp-block-post-excerpt__excerpt\">Ni\u010d\u00edme na\u0161i planetu, zab\u00edj\u00edme zv\u00ed\u0159ata i rostliny, zamo\u0159ujeme sv\u011bt odpadem. Je na n\u00e1s, abychom to zastavili. D\u00e1\u0161 p\u0159\u00edrod\u011b nad\u011bji na z\u00e1chranu? <\/p><\/div><\/div>\n                \n                \n        <div class=\"wp-block-group read-more-nav is-layout-flow wp-block-group-is-layout-flow\"><a href=\"https:\/\/www.greenpeace.org\/czech\/zapoj-se\/kazdou-vterinu\/\" class=\"btn btn-primary btn-small\" aria-label=\"Jdu do toho\">Jdu do toho<\/a>\n        \n        \n        <\/div>\n        \n                <\/li><li class=\"wp-block-post post-22610 page type-page status-publish has-post-thumbnail hentry category-priroda tag-zmena-klimatu tag-lesy-pralesy tag-oceany\">\n                <figure class=\"wp-block-post-featured-image\"><img loading=\"lazy\" decoding=\"async\" width=\"800\" height=\"530\" src=\"https:\/\/www.greenpeace.org\/static\/planet4-czech-republic-stateless\/2025\/07\/e713baa1-gp0stxjve_low-res-800px-1.jpg\" class=\"attachment-post-thumbnail size-post-thumbnail wp-post-image wp-stateless-item\" alt=\"\" style=\"object-fit:cover;\" srcset=\"https:\/\/www.greenpeace.org\/static\/planet4-czech-republic-stateless\/2025\/07\/e713baa1-gp0stxjve_low-res-800px-1.jpg 800w, https:\/\/www.greenpeace.org\/static\/planet4-czech-republic-stateless\/2025\/07\/e713baa1-gp0stxjve_low-res-800px-1-300x199.jpg 300w, https:\/\/www.greenpeace.org\/static\/planet4-czech-republic-stateless\/2025\/07\/e713baa1-gp0stxjve_low-res-800px-1-768x509.jpg 768w, https:\/\/www.greenpeace.org\/static\/planet4-czech-republic-stateless\/2025\/07\/e713baa1-gp0stxjve_low-res-800px-1-510x338.jpg 510w\" sizes=\"auto, (max-width: 800px) 100vw, 800px\" data-image-size=\"post-thumbnail\" data-stateless-media-bucket=\"planet4-czech-republic-stateless\" data-stateless-media-name=\"2025\/07\/e713baa1-gp0stxjve_low-res-800px-1.jpg\" \/><\/figure>\n                \n                <div class=\"wp-block-group group-stretched-link is-layout-flow wp-block-group-is-layout-flow\"><div class=\"wp-block-post-terms\">P\u0159\u00edroda<\/div>\n                <h3 class=\"wp-block-post-title\"><a href=\"https:\/\/www.greenpeace.org\/czech\/zapoj-se\/znecistovate-by-meli-platit\/\" target=\"_self\" >Zne\u010di\u0161\u0165ovat\u00e9 by m\u011bli platit<\/a><\/h3>\n                <div class=\"wp-block-post-excerpt\"><p class=\"wp-block-post-excerpt__excerpt\">Nejv\u011bt\u0161\u00ed zne\u010di\u0161\u0165ovatel\u00e9 stoj\u00ed za klimatickou kriz\u00ed a m\u011bli platit za jej\u00ed dopady. <\/p><\/div><\/div>\n                \n                \n        <div class=\"wp-block-group read-more-nav is-layout-flow wp-block-group-is-layout-flow\"><a href=\"https:\/\/www.greenpeace.org\/czech\/zapoj-se\/znecistovate-by-meli-platit\/\" class=\"btn btn-primary btn-small\" aria-label=\"Jdu do toho\">Jdu do toho<\/a>\n        \n        \n        <\/div>\n        \n                <\/li><li class=\"wp-block-post post-12331 page type-page status-publish has-post-thumbnail hentry category-priroda tag-oceany\">\n                <figure class=\"wp-block-post-featured-image\"><img loading=\"lazy\" decoding=\"async\" width=\"2500\" height=\"1818\" src=\"https:\/\/www.greenpeace.org\/static\/planet4-czech-republic-stateless\/2023\/03\/a27851d7-vitezstvi-.jpg\" class=\"attachment-post-thumbnail size-post-thumbnail wp-post-image wp-stateless-item\" alt=\"\" style=\"object-fit:cover;\" srcset=\"https:\/\/www.greenpeace.org\/static\/planet4-czech-republic-stateless\/2023\/03\/a27851d7-vitezstvi-.jpg 2500w, https:\/\/www.greenpeace.org\/static\/planet4-czech-republic-stateless\/2023\/03\/a27851d7-vitezstvi--300x218.jpg 300w, https:\/\/www.greenpeace.org\/static\/planet4-czech-republic-stateless\/2023\/03\/a27851d7-vitezstvi--1024x745.jpg 1024w, https:\/\/www.greenpeace.org\/static\/planet4-czech-republic-stateless\/2023\/03\/a27851d7-vitezstvi--768x558.jpg 768w, https:\/\/www.greenpeace.org\/static\/planet4-czech-republic-stateless\/2023\/03\/a27851d7-vitezstvi--1536x1117.jpg 1536w, https:\/\/www.greenpeace.org\/static\/planet4-czech-republic-stateless\/2023\/03\/a27851d7-vitezstvi--2048x1489.jpg 2048w, https:\/\/www.greenpeace.org\/static\/planet4-czech-republic-stateless\/2023\/03\/a27851d7-vitezstvi--1878x1366.jpg 1878w, https:\/\/www.greenpeace.org\/static\/planet4-czech-republic-stateless\/2023\/03\/a27851d7-vitezstvi--468x340.jpg 468w\" sizes=\"auto, (max-width: 2500px) 100vw, 2500px\" data-image-size=\"post-thumbnail\" data-stateless-media-bucket=\"planet4-czech-republic-stateless\" data-stateless-media-name=\"2023\/03\/a27851d7-vitezstvi-.jpg\" \/><\/figure>\n                \n                <div class=\"wp-block-group group-stretched-link is-layout-flow wp-block-group-is-layout-flow\"><div class=\"wp-block-post-terms\">P\u0159\u00edroda<\/div>\n                <h3 class=\"wp-block-post-title\"><a href=\"https:\/\/www.greenpeace.org\/czech\/zapoj-se\/zachran-oceany\/\" target=\"_self\" >Zachra\u0148me oce\u00e1ny!<\/a><\/h3>\n                <div class=\"wp-block-post-excerpt\"><p class=\"wp-block-post-excerpt__excerpt\">Je \u010das vybudovat oce\u00e1nsk\u00e9 rezervace a d\u00e1t nad\u011bji na\u0161im oce\u00e1n\u016fm a \u017eivotu v nich. <\/p><\/div><\/div>\n                \n                \n        <div class=\"wp-block-group read-more-nav is-layout-flow wp-block-group-is-layout-flow\"><a href=\"https:\/\/www.greenpeace.org\/czech\/zapoj-se\/zachran-oceany\/\" class=\"btn btn-primary btn-small\" aria-label=\"Jdu do toho\">Jdu do toho<\/a>\n        \n        \n        <\/div>\n        \n                <\/li><\/ul>\n        \n<div class=\"wp-block-buttons carousel-controls is-horizontal is-content-justification-space-between is-nowrap is-layout-flex wp-container-core-buttons-is-layout-044bd602 wp-block-buttons-is-layout-flex\">\n            <div class=\"wp-block-button carousel-control-prev\"><button type=\"button\" class=\"wp-block-button__link wp-element-button\">Prev<\/button><\/div>\n        \n\n            <div class=\"wp-block-button carousel-control-next\"><button type=\"button\" class=\"wp-block-button__link wp-element-button\">Next<\/button><\/div>\n        <\/div>\n\n        \n<div class=\"wp-block-buttons load-more-actions-container is-content-justification-center is-layout-flex wp-container-core-buttons-is-layout-16018d1d wp-block-buttons-is-layout-flex\">\n                <div class=\"wp-block-button is-style-secondary\"><button type=\"button\" class=\"wp-block-button__link wp-element-button\">Dal\u0161\u00ed<\/button><\/div>\n            \n<\/div>\n<\/div>\n        \n    <div class=\"wp-block-query posts-list p4-query-loop is-custom-layout-list is-layout-flow wp-block-query-is-layout-flow\">\n        <div class=\"wp-block-group is-content-justification-space-between is-layout-flex wp-container-core-group-is-layout-3d213aab wp-block-group-is-layout-flex\"><h2 class=\"wp-block-heading\">Souvisej\u00edc\u00ed \u010dl\u00e1nky<\/h2>\n        <li class=\" wp-block-navigation-item see-all-link wp-block-navigation-link\"><a class=\"wp-block-navigation-item__content\"  href=\"http:\/\/www.greenpeace.org\/czech\/news-stories\/?tag=oceany\"><span class=\"wp-block-navigation-item__label\">See all stories<\/span><\/a><\/li>\n        \n        <\/div>\n        \n\n    <p style=\"margin-top: 24px; margin-bottom: 36px;\"><\/p>\n\n    \n\n    <ul class=\"wp-block-post-template is-layout-flow wp-block-post-template-is-layout-flow\"><li class=\"wp-block-post post-23319 post type-post status-publish format-standard has-post-thumbnail hentry category-nas-svet tag-o-greenpeace tag-lesy-pralesy tag-oceany tag-ovzdusi tag-zmena-klimatu tag-plast-je-past tag-aktivni-spolecnost tag-uspechy p4-page-type-clanek\">\n            \n<div class=\"wp-block-columns is-layout-flex wp-container-core-columns-is-layout-9d6595d7 wp-block-columns-is-layout-flex\"><figure class=\"wp-block-post-featured-image\"><a href=\"https:\/\/www.greenpeace.org\/czech\/clanek\/23319\/pomahali-jste-menit-budoucnost-planety-i-v-roce-2025-dekujeme\/\" target=\"_self\"  ><img loading=\"lazy\" decoding=\"async\" width=\"2500\" height=\"1406\" src=\"https:\/\/www.greenpeace.org\/static\/planet4-czech-republic-stateless\/2021\/12\/9f94fd86-dekujeme-2021-openspace-.jpg\" class=\"attachment-post-thumbnail size-post-thumbnail wp-post-image wp-stateless-item\" alt=\"Pom\u00e1hali jste m\u011bnit budoucnost planety i v roce 2025. D\u011bkujeme!\" style=\"object-fit:cover;\" srcset=\"https:\/\/www.greenpeace.org\/static\/planet4-czech-republic-stateless\/2021\/12\/9f94fd86-dekujeme-2021-openspace-.jpg 2500w, https:\/\/www.greenpeace.org\/static\/planet4-czech-republic-stateless\/2021\/12\/9f94fd86-dekujeme-2021-openspace--300x169.jpg 300w, https:\/\/www.greenpeace.org\/static\/planet4-czech-republic-stateless\/2021\/12\/9f94fd86-dekujeme-2021-openspace--1024x576.jpg 1024w, https:\/\/www.greenpeace.org\/static\/planet4-czech-republic-stateless\/2021\/12\/9f94fd86-dekujeme-2021-openspace--768x432.jpg 768w, https:\/\/www.greenpeace.org\/static\/planet4-czech-republic-stateless\/2021\/12\/9f94fd86-dekujeme-2021-openspace--1536x864.jpg 1536w, https:\/\/www.greenpeace.org\/static\/planet4-czech-republic-stateless\/2021\/12\/9f94fd86-dekujeme-2021-openspace--2048x1152.jpg 2048w, https:\/\/www.greenpeace.org\/static\/planet4-czech-republic-stateless\/2021\/12\/9f94fd86-dekujeme-2021-openspace--510x287.jpg 510w\" sizes=\"auto, (max-width: 2500px) 100vw, 2500px\" data-image-size=\"post-thumbnail\" data-stateless-media-bucket=\"planet4-czech-republic-stateless\" data-stateless-media-name=\"2021\/12\/9f94fd86-dekujeme-2021-openspace-.jpg\" \/><\/a><\/figure>\n\n        <div class=\"wp-block-group is-layout-flow wp-block-group-is-layout-flow\">\n                <div class=\"wp-block-group is-layout-flex wp-block-group-is-layout-flex\"><div class=\"wp-block-post-terms\"><a href=\"https:\/\/www.greenpeace.org\/czech\/category\/issues\/nas-svet\/\">N\u00e1\u0161 sv\u011bt<\/a><\/div>\n                <div class=\"taxonomy-post_tag wp-block-post-terms\"><a href=\"https:\/\/www.greenpeace.org\/czech\/tag\/o-greenpeace\/\" rel=\"tag\">O Greenpeace<\/a><span class=\"wp-block-post-terms__separator\"> <\/span><a href=\"https:\/\/www.greenpeace.org\/czech\/tag\/lesy-pralesy\/\" rel=\"tag\">Lesy&amp;Pralesy<\/a><span class=\"wp-block-post-terms__separator\"> <\/span><a href=\"https:\/\/www.greenpeace.org\/czech\/tag\/oceany\/\" rel=\"tag\">Oce\u00e1ny<\/a><span class=\"wp-block-post-terms__separator\"> <\/span><a href=\"https:\/\/www.greenpeace.org\/czech\/tag\/ovzdusi\/\" rel=\"tag\">Ovzdu\u0161\u00ed<\/a><span class=\"wp-block-post-terms__separator\"> <\/span><a href=\"https:\/\/www.greenpeace.org\/czech\/tag\/zmena-klimatu\/\" rel=\"tag\">Zm\u011bnaKlimatu<\/a><span class=\"wp-block-post-terms__separator\"> <\/span><a href=\"https:\/\/www.greenpeace.org\/czech\/tag\/plast-je-past\/\" rel=\"tag\">PlastJePast<\/a><span class=\"wp-block-post-terms__separator\"> <\/span><a href=\"https:\/\/www.greenpeace.org\/czech\/tag\/aktivni-spolecnost\/\" rel=\"tag\">Aktivn\u00edSpole\u010dnost<\/a><span class=\"wp-block-post-terms__separator\"> <\/span><a href=\"https:\/\/www.greenpeace.org\/czech\/tag\/uspechy\/\" rel=\"tag\">\u00dasp\u011bchy<\/a><\/div>\n                \n                <\/div>\n                \n        <h3 class=\"wp-block-post-title\"><a href=\"https:\/\/www.greenpeace.org\/czech\/clanek\/23319\/pomahali-jste-menit-budoucnost-planety-i-v-roce-2025-dekujeme\/\" target=\"_self\" >Pom\u00e1hali jste m\u011bnit budoucnost planety i v roce 2025. D\u011bkujeme!<\/a><\/h3>\n        <div class=\"wp-block-post-excerpt\"><p class=\"wp-block-post-excerpt__excerpt\">Rok 2025 byl pln\u00fd ud\u00e1lost\u00ed, kter\u00e9 uk\u00e1zaly, \u017ee p\u00e9\u010de o p\u0159\u00edrodu p\u0159in\u00e1\u0161\u00ed konkr\u00e9tn\u00ed v\u00fdsledky. Spole\u010dn\u011b s v\u00e1mi jsme dok\u00e1zali ovlivnit rozhodov\u00e1n\u00ed \u00fa\u0159ad\u016f i firem a upozornit na v\u011bci, kter\u00e9 se n\u00e1s v\u0161ech dot\u00fdkaj\u00ed \u2013 ovzdu\u0161\u00ed, lesy i \u017eivotn\u00ed prost\u0159ed\u00ed kolem n\u00e1s. D\u011bkujeme ka\u017ed\u00e9mu, kdo se jakkoli zapojil. Bez v\u00e1s bychom n\u00e1sleduj\u00edc\u00edch \u00fasp\u011bch\u016f nedos\u00e1hli. <\/p><\/div>\n        \n        <div class=\"wp-block-group posts-list-meta is-layout-flow wp-block-group-is-layout-flow\"><span class='article-list-item-author'><a href='https:\/\/www.greenpeace.org\/czech\/author\/eva-rajlichova\/'>Eva Rajlichova<\/a><\/span>\n        <div class=\"wp-block-post-date\"><time datetime=\"2025-12-29T14:26:15+01:00\">29 prosince, 2025<\/time><\/div>\n        \n        <\/div>\n        <\/div>\n        <\/div>\n\n            <\/li><li class=\"wp-block-post post-22784 post type-post status-publish format-standard has-post-thumbnail hentry category-greenpeace category-priroda tag-oceany tag-uspechy p4-page-type-clanek\">\n            \n<div class=\"wp-block-columns is-layout-flex wp-container-core-columns-is-layout-9d6595d7 wp-block-columns-is-layout-flex\"><figure class=\"wp-block-post-featured-image\"><a href=\"https:\/\/www.greenpeace.org\/czech\/clanek\/22784\/historicke-vitezstvi-pro-oceany-globalni-dohoda-o-oceanech-oziva\/\" target=\"_self\"  ><img loading=\"lazy\" decoding=\"async\" width=\"1200\" height=\"800\" src=\"https:\/\/www.greenpeace.org\/static\/planet4-czech-republic-stateless\/2025\/09\/2b4f977b-gp0stw9pt.jpg\" class=\"attachment-post-thumbnail size-post-thumbnail wp-post-image wp-stateless-item\" alt=\"Historick\u00e9 v\u00edt\u011bzstv\u00ed pro oce\u00e1ny: Glob\u00e1ln\u00ed dohoda o oce\u00e1nech o\u017e\u00edv\u00e1\" style=\"object-fit:cover;\" srcset=\"https:\/\/www.greenpeace.org\/static\/planet4-czech-republic-stateless\/2025\/09\/2b4f977b-gp0stw9pt.jpg 1200w, https:\/\/www.greenpeace.org\/static\/planet4-czech-republic-stateless\/2025\/09\/2b4f977b-gp0stw9pt-300x200.jpg 300w, https:\/\/www.greenpeace.org\/static\/planet4-czech-republic-stateless\/2025\/09\/2b4f977b-gp0stw9pt-1024x683.jpg 1024w, https:\/\/www.greenpeace.org\/static\/planet4-czech-republic-stateless\/2025\/09\/2b4f977b-gp0stw9pt-768x512.jpg 768w, https:\/\/www.greenpeace.org\/static\/planet4-czech-republic-stateless\/2025\/09\/2b4f977b-gp0stw9pt-510x340.jpg 510w\" sizes=\"auto, (max-width: 1200px) 100vw, 1200px\" data-image-size=\"post-thumbnail\" data-stateless-media-bucket=\"planet4-czech-republic-stateless\" data-stateless-media-name=\"2025\/09\/2b4f977b-gp0stw9pt.jpg\" \/><\/a><\/figure>\n\n        <div class=\"wp-block-group is-layout-flow wp-block-group-is-layout-flow\">\n                <div class=\"wp-block-group is-layout-flex wp-block-group-is-layout-flex\"><div class=\"wp-block-post-terms\"><a href=\"https:\/\/www.greenpeace.org\/czech\/category\/greenpeace\/\">Greenpeace<\/a><\/div>\n                <div class=\"taxonomy-post_tag wp-block-post-terms\"><a href=\"https:\/\/www.greenpeace.org\/czech\/tag\/oceany\/\" rel=\"tag\">Oce\u00e1ny<\/a><span class=\"wp-block-post-terms__separator\"> <\/span><a href=\"https:\/\/www.greenpeace.org\/czech\/tag\/uspechy\/\" rel=\"tag\">\u00dasp\u011bchy<\/a><\/div>\n                \n                <\/div>\n                \n        <h3 class=\"wp-block-post-title\"><a href=\"https:\/\/www.greenpeace.org\/czech\/clanek\/22784\/historicke-vitezstvi-pro-oceany-globalni-dohoda-o-oceanech-oziva\/\" target=\"_self\" >Historick\u00e9 v\u00edt\u011bzstv\u00ed pro oce\u00e1ny: Glob\u00e1ln\u00ed dohoda o oce\u00e1nech o\u017e\u00edv\u00e1<\/a><\/h3>\n        <div class=\"wp-block-post-excerpt\"><p class=\"wp-block-post-excerpt__excerpt\">Dok\u00e1zali jsme to! P\u0159es \u0161edes\u00e1t zem\u00ed nyn\u00ed ratifikovalo Glob\u00e1ln\u00ed dohodu o oce\u00e1nech. Tento miln\u00edk znamen\u00e1, \u017ee ofici\u00e1ln\u011b dohoda vstoup\u00ed v platnost za\u010d\u00e1tkem roku 2026 a p\u0159edstavuje jedno z nejv\u011bt\u0161\u00edch v\u00edt\u011bzstv\u00ed&hellip; <\/p><\/div>\n        \n        <div class=\"wp-block-group posts-list-meta is-layout-flow wp-block-group-is-layout-flow\"><span class='article-list-item-author'><a href='https:\/\/www.greenpeace.org\/czech\/author\/ondrej-cerny\/'>Ond\u0159ej \u010cern\u00fd<\/a><\/span>\n        <div class=\"wp-block-post-date\"><time datetime=\"2025-09-25T10:22:24+01:00\">25 z\u00e1\u0159\u00ed, 2025<\/time><\/div>\n        \n        <\/div>\n        <\/div>\n        <\/div>\n\n            <\/li><li class=\"wp-block-post post-21978 post type-post status-publish format-standard has-post-thumbnail hentry category-nezarazeno tag-oceany tag-plast-je-past p4-page-type-clanek\">\n            \n<div class=\"wp-block-columns is-layout-flex wp-container-core-columns-is-layout-9d6595d7 wp-block-columns-is-layout-flex\"><figure class=\"wp-block-post-featured-image\"><a href=\"https:\/\/www.greenpeace.org\/czech\/clanek\/21978\/globalni-plastova-umluva-jedinecna-sance-skoncovat-s-plastovou-krizi-2\/\" target=\"_self\"  ><img loading=\"lazy\" decoding=\"async\" width=\"1024\" height=\"683\" src=\"https:\/\/www.greenpeace.org\/static\/planet4-czech-republic-stateless\/2024\/11\/1b9a2e0c-gp0stt3fe-1024x683-1.jpg\" class=\"attachment-post-thumbnail size-post-thumbnail wp-post-image wp-stateless-item\" alt=\"Glob\u00e1ln\u00ed plastov\u00e1 \u00famluva: Jedine\u010dn\u00e1 \u0161ance skoncovat s plastovou kriz\u00ed\" style=\"object-fit:cover;\" srcset=\"https:\/\/www.greenpeace.org\/static\/planet4-czech-republic-stateless\/2024\/11\/1b9a2e0c-gp0stt3fe-1024x683-1.jpg 1024w, https:\/\/www.greenpeace.org\/static\/planet4-czech-republic-stateless\/2024\/11\/1b9a2e0c-gp0stt3fe-1024x683-1-300x200.jpg 300w, https:\/\/www.greenpeace.org\/static\/planet4-czech-republic-stateless\/2024\/11\/1b9a2e0c-gp0stt3fe-1024x683-1-768x512.jpg 768w, https:\/\/www.greenpeace.org\/static\/planet4-czech-republic-stateless\/2024\/11\/1b9a2e0c-gp0stt3fe-1024x683-1-510x340.jpg 510w\" sizes=\"auto, (max-width: 1024px) 100vw, 1024px\" data-image-size=\"post-thumbnail\" data-stateless-media-bucket=\"planet4-czech-republic-stateless\" data-stateless-media-name=\"2024\/11\/1b9a2e0c-gp0stt3fe-1024x683-1.jpg\" \/><\/a><\/figure>\n\n        <div class=\"wp-block-group is-layout-flow wp-block-group-is-layout-flow\">\n                <div class=\"wp-block-group is-layout-flex wp-block-group-is-layout-flex\"><div class=\"wp-block-post-terms\"><a href=\"https:\/\/www.greenpeace.org\/czech\/category\/nezarazeno\/\">Neza\u0159azeno<\/a><\/div>\n                <div class=\"taxonomy-post_tag wp-block-post-terms\"><a href=\"https:\/\/www.greenpeace.org\/czech\/tag\/oceany\/\" rel=\"tag\">Oce\u00e1ny<\/a><span class=\"wp-block-post-terms__separator\"> <\/span><a href=\"https:\/\/www.greenpeace.org\/czech\/tag\/plast-je-past\/\" rel=\"tag\">PlastJePast<\/a><\/div>\n                \n                <\/div>\n                \n        <h3 class=\"wp-block-post-title\"><a href=\"https:\/\/www.greenpeace.org\/czech\/clanek\/21978\/globalni-plastova-umluva-jedinecna-sance-skoncovat-s-plastovou-krizi-2\/\" target=\"_self\" >Glob\u00e1ln\u00ed plastov\u00e1 \u00famluva: Jedine\u010dn\u00e1 \u0161ance skoncovat s plastovou kriz\u00ed<\/a><\/h3>\n        <div class=\"wp-block-post-excerpt\"><p class=\"wp-block-post-excerpt__excerpt\">Plasty ovliv\u0148uj\u00ed ka\u017ed\u00fd aspekt na\u0161eho \u017eivota. A\u010dkoliv byly p\u016fvodn\u011b oslavov\u00e1ny pro sv\u00e9 v\u0161estrann\u00e9 vyu\u017eit\u00ed, jejich nadm\u011brn\u00e1 produkce a nedostate\u010dn\u00e9 nakl\u00e1d\u00e1n\u00ed s odpady zp\u016fsobily celosv\u011btovou krizi. <\/p><\/div>\n        \n        <div class=\"wp-block-group posts-list-meta is-layout-flow wp-block-group-is-layout-flow\"><span class='article-list-item-author'><a href='https:\/\/www.greenpeace.org\/czech\/author\/patrik-simon\/'>Patrik Simon<\/a><\/span>\n        <div class=\"wp-block-post-date\"><time datetime=\"2025-05-26T14:35:50+01:00\">26 kv\u011btna, 2025<\/time><\/div>\n        \n        <\/div>\n        <\/div>\n        <\/div>\n\n            <\/li><li class=\"wp-block-post post-21285 post type-post status-publish format-standard has-post-thumbnail hentry category-priroda tag-plast-je-past tag-oceany tag-konec-doby-fosilni p4-page-type-clanek\">\n            \n<div class=\"wp-block-columns is-layout-flex wp-container-core-columns-is-layout-9d6595d7 wp-block-columns-is-layout-flex\"><figure class=\"wp-block-post-featured-image\"><a href=\"https:\/\/www.greenpeace.org\/czech\/clanek\/21285\/ropny-prumysl-slavi-planeta-trpi-zlomova-globalni-plastova-umluva-zatim-nevznikla\/\" target=\"_self\"  ><img loading=\"lazy\" decoding=\"async\" width=\"1024\" height=\"683\" src=\"https:\/\/www.greenpeace.org\/static\/planet4-czech-republic-stateless\/2024\/11\/1b9a2e0c-gp0stt3fe-1024x683-1.jpg\" class=\"attachment-post-thumbnail size-post-thumbnail wp-post-image wp-stateless-item\" alt=\"Ropn\u00fd pr\u016fmysl slav\u00ed, planeta trp\u00ed. Zlomov\u00e1 Glob\u00e1ln\u00ed plastov\u00e1 \u00famluva zat\u00edm nevznikla\" style=\"object-fit:cover;\" srcset=\"https:\/\/www.greenpeace.org\/static\/planet4-czech-republic-stateless\/2024\/11\/1b9a2e0c-gp0stt3fe-1024x683-1.jpg 1024w, https:\/\/www.greenpeace.org\/static\/planet4-czech-republic-stateless\/2024\/11\/1b9a2e0c-gp0stt3fe-1024x683-1-300x200.jpg 300w, https:\/\/www.greenpeace.org\/static\/planet4-czech-republic-stateless\/2024\/11\/1b9a2e0c-gp0stt3fe-1024x683-1-768x512.jpg 768w, https:\/\/www.greenpeace.org\/static\/planet4-czech-republic-stateless\/2024\/11\/1b9a2e0c-gp0stt3fe-1024x683-1-510x340.jpg 510w\" sizes=\"auto, (max-width: 1024px) 100vw, 1024px\" data-image-size=\"post-thumbnail\" data-stateless-media-bucket=\"planet4-czech-republic-stateless\" data-stateless-media-name=\"2024\/11\/1b9a2e0c-gp0stt3fe-1024x683-1.jpg\" \/><\/a><\/figure>\n\n        <div class=\"wp-block-group is-layout-flow wp-block-group-is-layout-flow\">\n                <div class=\"wp-block-group is-layout-flex wp-block-group-is-layout-flex\"><div class=\"wp-block-post-terms\"><a href=\"https:\/\/www.greenpeace.org\/czech\/category\/issues\/priroda\/\">P\u0159\u00edroda<\/a><\/div>\n                <div class=\"taxonomy-post_tag wp-block-post-terms\"><a href=\"https:\/\/www.greenpeace.org\/czech\/tag\/plast-je-past\/\" rel=\"tag\">PlastJePast<\/a><span class=\"wp-block-post-terms__separator\"> <\/span><a href=\"https:\/\/www.greenpeace.org\/czech\/tag\/oceany\/\" rel=\"tag\">Oce\u00e1ny<\/a><span class=\"wp-block-post-terms__separator\"> <\/span><a href=\"https:\/\/www.greenpeace.org\/czech\/tag\/konec-doby-fosilni\/\" rel=\"tag\">KonecDobyFosiln\u00ed<\/a><\/div>\n                \n                <\/div>\n                \n        <h3 class=\"wp-block-post-title\"><a href=\"https:\/\/www.greenpeace.org\/czech\/clanek\/21285\/ropny-prumysl-slavi-planeta-trpi-zlomova-globalni-plastova-umluva-zatim-nevznikla\/\" target=\"_self\" >Ropn\u00fd pr\u016fmysl slav\u00ed, planeta trp\u00ed. Zlomov\u00e1 Glob\u00e1ln\u00ed plastov\u00e1 \u00famluva zat\u00edm nevznikla<\/a><\/h3>\n        <div class=\"wp-block-post-excerpt\"><p class=\"wp-block-post-excerpt__excerpt\">Jedn\u00e1n\u00ed o Glob\u00e1ln\u00ed plastov\u00e9 \u00famluv\u011b, kter\u00e1 m\u00e1 za c\u00edl omezit zne\u010di\u0161t\u011bn\u00ed planety plasty, skon\u010dilo op\u011bt bez konkr\u00e9tn\u00ed dohody. P\u00e1t\u00e9 zased\u00e1n\u00ed Mezivl\u00e1dn\u00edho vyjedn\u00e1vac\u00edho v\u00fdboru OSN (INC5) v jihokorejsk\u00e9m Busanu sice p\u0159ineslo&hellip; <\/p><\/div>\n        \n        <div class=\"wp-block-group posts-list-meta is-layout-flow wp-block-group-is-layout-flow\"><span class='article-list-item-author'><a href='https:\/\/www.greenpeace.org\/czech\/author\/hana-bulankova\/'>Hana Bul\u00e1nkov\u00e1<\/a><\/span>\n        <div class=\"wp-block-post-date\"><time datetime=\"2024-12-02T17:47:24+01:00\">2 prosince, 2024<\/time><\/div>\n        \n        <\/div>\n        <\/div>\n        <\/div>\n\n            <\/li><li class=\"wp-block-post post-21235 post type-post status-publish format-standard has-post-thumbnail hentry category-priroda tag-plast-je-past tag-aktivni-spolecnost tag-oceany p4-page-type-clanek\">\n            \n<div class=\"wp-block-columns is-layout-flex wp-container-core-columns-is-layout-9d6595d7 wp-block-columns-is-layout-flex\"><figure class=\"wp-block-post-featured-image\"><a href=\"https:\/\/www.greenpeace.org\/czech\/clanek\/21235\/miliony-hlasu-za-budoucnost-bez-plastu-zacala-jednani-o-globalni-plastova-umluve\/\" target=\"_self\"  ><img loading=\"lazy\" decoding=\"async\" width=\"1200\" height=\"800\" src=\"https:\/\/www.greenpeace.org\/static\/planet4-czech-republic-stateless\/2024\/11\/51879d91-gp0su3jqq.jpg\" class=\"attachment-post-thumbnail size-post-thumbnail wp-post-image wp-stateless-item\" alt=\"Miliony hlas\u016f za budoucnost bez plast\u016f: za\u010dala jedn\u00e1n\u00ed o Glob\u00e1ln\u00ed plastov\u00e1 \u00famluv\u011b\" style=\"object-fit:cover;\" srcset=\"https:\/\/www.greenpeace.org\/static\/planet4-czech-republic-stateless\/2024\/11\/51879d91-gp0su3jqq.jpg 1200w, https:\/\/www.greenpeace.org\/static\/planet4-czech-republic-stateless\/2024\/11\/51879d91-gp0su3jqq-300x200.jpg 300w, https:\/\/www.greenpeace.org\/static\/planet4-czech-republic-stateless\/2024\/11\/51879d91-gp0su3jqq-1024x683.jpg 1024w, https:\/\/www.greenpeace.org\/static\/planet4-czech-republic-stateless\/2024\/11\/51879d91-gp0su3jqq-768x512.jpg 768w, https:\/\/www.greenpeace.org\/static\/planet4-czech-republic-stateless\/2024\/11\/51879d91-gp0su3jqq-510x340.jpg 510w\" sizes=\"auto, (max-width: 1200px) 100vw, 1200px\" data-image-size=\"post-thumbnail\" data-stateless-media-bucket=\"planet4-czech-republic-stateless\" data-stateless-media-name=\"2024\/11\/51879d91-gp0su3jqq.jpg\" \/><\/a><\/figure>\n\n        <div class=\"wp-block-group is-layout-flow wp-block-group-is-layout-flow\">\n                <div class=\"wp-block-group is-layout-flex wp-block-group-is-layout-flex\"><div class=\"wp-block-post-terms\"><a href=\"https:\/\/www.greenpeace.org\/czech\/category\/issues\/priroda\/\">P\u0159\u00edroda<\/a><\/div>\n                <div class=\"taxonomy-post_tag wp-block-post-terms\"><a href=\"https:\/\/www.greenpeace.org\/czech\/tag\/plast-je-past\/\" rel=\"tag\">PlastJePast<\/a><span class=\"wp-block-post-terms__separator\"> <\/span><a href=\"https:\/\/www.greenpeace.org\/czech\/tag\/aktivni-spolecnost\/\" rel=\"tag\">Aktivn\u00edSpole\u010dnost<\/a><span class=\"wp-block-post-terms__separator\"> <\/span><a href=\"https:\/\/www.greenpeace.org\/czech\/tag\/oceany\/\" rel=\"tag\">Oce\u00e1ny<\/a><\/div>\n                \n                <\/div>\n                \n        <h3 class=\"wp-block-post-title\"><a href=\"https:\/\/www.greenpeace.org\/czech\/clanek\/21235\/miliony-hlasu-za-budoucnost-bez-plastu-zacala-jednani-o-globalni-plastova-umluve\/\" target=\"_self\" >Miliony hlas\u016f za budoucnost bez plast\u016f: za\u010dala jedn\u00e1n\u00ed o Glob\u00e1ln\u00ed plastov\u00e1 \u00famluv\u011b<\/a><\/h3>\n        <div class=\"wp-block-post-excerpt\"><p class=\"wp-block-post-excerpt__excerpt\">Plastov\u00e1 krize pat\u0159\u00ed k nejpal\u010div\u011bj\u0161\u00edm probl\u00e9m\u016fm sou\u010dasnosti. Zamo\u0159en\u00e9 oce\u00e1ny, mikroplasty pronikaj\u00edc\u00ed do na\u0161ich t\u011bl, toxick\u00e9 l\u00e1tky po\u0161kozuj\u00edc\u00ed p\u0159\u00edrodu i lidsk\u00e9 zdrav\u00ed \u2013 to v\u0161e je realitou, kterou nelze p\u0159ehl\u00ed\u017eet. Pr\u00e1v\u011b&hellip; <\/p><\/div>\n        \n        <div class=\"wp-block-group posts-list-meta is-layout-flow wp-block-group-is-layout-flow\"><span class='article-list-item-author'><a href='https:\/\/www.greenpeace.org\/czech\/author\/jan-freidinger\/'>Jan Freidinger<\/a><\/span>\n        <div class=\"wp-block-post-date\"><time datetime=\"2024-11-25T13:23:38+01:00\">25 listopadu, 2024<\/time><\/div>\n        \n        <\/div>\n        <\/div>\n        <\/div>\n\n            <\/li><\/ul>\n\n    \n<div class=\"wp-block-buttons carousel-controls is-horizontal is-content-justification-space-between is-nowrap is-layout-flex wp-container-core-buttons-is-layout-044bd602 wp-block-buttons-is-layout-flex\">\n            <div class=\"wp-block-button carousel-control-prev\"><button type=\"button\" class=\"wp-block-button__link wp-element-button\">Prev<\/button><\/div>\n        \n\n            <div class=\"wp-block-button carousel-control-next\"><button type=\"button\" class=\"wp-block-button__link wp-element-button\">Next<\/button><\/div>\n        <\/div>\n\n\n    <li class=\" wp-block-navigation-item see-all-link wp-block-navigation-link\"><a class=\"wp-block-navigation-item__content\"  href=\"http:\/\/www.greenpeace.org\/czech\/news-stories\/?tag=oceany\"><span class=\"wp-block-navigation-item__label\">See all stories<\/span><\/a><\/li><\/div>\n    \n    <div class=\"wp-block-query posts-list p4-query-loop is-custom-layout-grid is-layout-grid wp-container-core-query-is-layout-b8bb0bd1 wp-block-query-is-layout-grid\">\n        <div class=\"wp-block-group is-content-justification-space-between is-layout-flex wp-container-core-group-is-layout-3d213aab wp-block-group-is-layout-flex\"><h2 class=\"wp-block-heading\">Publikace<\/h2>\n        <li class=\" wp-block-navigation-item see-all-link wp-block-navigation-link\"><a class=\"wp-block-navigation-item__content\"  href=\"http:\/\/www.greenpeace.org\/czech\/news-stories\/?tag=oceany&#038;post-type=publikace\"><span class=\"wp-block-navigation-item__label\">See all stories<\/span><\/a><\/li>\n        \n        <\/div>\n        \n\n    <p style=\"margin-top: 24px; margin-bottom: 36px;\"><\/p>\n\n    <div class=\"wp-block-query-no-results\">\n        <p style=\"\">No posts found.<\/p>\n        <\/div>\n\n    \n\n    \n<div class=\"wp-block-buttons carousel-controls is-horizontal is-content-justification-space-between is-nowrap is-layout-flex wp-container-core-buttons-is-layout-044bd602 wp-block-buttons-is-layout-flex\">\n            <div class=\"wp-block-button carousel-control-prev\"><button type=\"button\" class=\"wp-block-button__link wp-element-button\">Prev<\/button><\/div>\n        \n\n            <div class=\"wp-block-button carousel-control-next\"><button type=\"button\" class=\"wp-block-button__link wp-element-button\">Next<\/button><\/div>\n        <\/div>\n\n\n    <li class=\" wp-block-navigation-item see-all-link wp-block-navigation-link\"><a class=\"wp-block-navigation-item__content\"  href=\"http:\/\/www.greenpeace.org\/czech\/news-stories\/?tag=oceany&#038;post-type=publikace\"><span class=\"wp-block-navigation-item__label\">See all stories<\/span><\/a><\/li><\/div>\n    ","protected":false},"excerpt":{"rendered":"<p>Oce\u00e1ny jsou pro n\u00e1\u0161 \u017eivot z\u00e1sadn\u00ed a p\u0159esto jsou v ohro\u017een\u00ed. Z\u00edskej informace a zapoj se do jejich ochrany.<\/p>\n","protected":false},"author":21,"featured_media":10490,"parent":0,"menu_order":0,"comment_status":"closed","ping_status":"closed","template":"","meta":{"ep_exclude_from_search":false,"p4_hide_page_title_checkbox":"on","p4_title":"","p4_subtitle":"","p4_description":"","background_image_id":"","background_image":"","p4_button_title":"","p4_button_link":"","p4_button_link_checkbox":"","p4_og_title":"","p4_og_description":"","p4_og_image":"","p4_og_image_id":"","p4_seo_canonical_url":"","p4_campaign_name":"not set","p4_local_project":"not set","p4_basket_name":"not set","p4_department":"","footnotes":""},"categories":[2],"tags":[],"class_list":["post-1666","page","type-page","status-publish","has-post-thumbnail","hentry","category-priroda"],"_links":{"self":[{"href":"https:\/\/www.greenpeace.org\/czech\/wp-json\/wp\/v2\/pages\/1666","targetHints":{"allow":["GET"]}}],"collection":[{"href":"https:\/\/www.greenpeace.org\/czech\/wp-json\/wp\/v2\/pages"}],"about":[{"href":"https:\/\/www.greenpeace.org\/czech\/wp-json\/wp\/v2\/types\/page"}],"author":[{"embeddable":true,"href":"https:\/\/www.greenpeace.org\/czech\/wp-json\/wp\/v2\/users\/21"}],"replies":[{"embeddable":true,"href":"https:\/\/www.greenpeace.org\/czech\/wp-json\/wp\/v2\/comments?post=1666"}],"version-history":[{"count":20,"href":"https:\/\/www.greenpeace.org\/czech\/wp-json\/wp\/v2\/pages\/1666\/revisions"}],"predecessor-version":[{"id":23520,"href":"https:\/\/www.greenpeace.org\/czech\/wp-json\/wp\/v2\/pages\/1666\/revisions\/23520"}],"wp:featuredmedia":[{"embeddable":true,"href":"https:\/\/www.greenpeace.org\/czech\/wp-json\/wp\/v2\/media\/10490"}],"wp:attachment":[{"href":"https:\/\/www.greenpeace.org\/czech\/wp-json\/wp\/v2\/media?parent=1666"}],"wp:term":[{"taxonomy":"category","embeddable":true,"href":"https:\/\/www.greenpeace.org\/czech\/wp-json\/wp\/v2\/categories?post=1666"},{"taxonomy":"post_tag","embeddable":true,"href":"https:\/\/www.greenpeace.org\/czech\/wp-json\/wp\/v2\/tags?post=1666"}],"curies":[{"name":"wp","href":"https:\/\/api.w.org\/{rel}","templated":true}]}}