{"id":1668,"date":"2018-11-01T19:13:48","date_gmt":"2018-11-01T17:13:48","guid":{"rendered":"https:\/\/www.greenpeace.org\/czech\/?page_id=1668"},"modified":"2026-04-08T09:41:18","modified_gmt":"2026-04-08T08:41:18","slug":"bezchemie","status":"publish","type":"page","link":"https:\/\/www.greenpeace.org\/czech\/bezchemie\/","title":{"rendered":"#BezChemie"},"content":{"rendered":"\n                \n                <div class=\"wp-block-group alignfull is-layout-flow wp-block-group-is-layout-flow\">\n                \n                <div class=\"wp-block-group container is-layout-flow wp-block-group-is-layout-flow\">\n                \n                <div class=\"wp-block-media-text alignfull has-media-on-the-right is-stacked-on-mobile is-pattern-p4-page-header is-style-parallax\">\n\n                <div class=\"wp-block-media-text__content\">\n                    <div class=\"wp-block-group is-layout-flow wp-block-group-is-layout-flow\">\n                    \n                        <h1 class=\"wp-block-heading has-white-background-color has-background\">\n                            #BezChemie\n                        <\/h1>\n                    <\/div>\n                \n\n                \n                        <p style=\"font-size:1.25rem\">\n                            Bez chemie jako v\u011bdy se neobejdeme a p\u0159inesla n\u00e1m spoustu u\u017eite\u010dn\u00fdch objev\u016f. Ov\u0161em s pou\u017e\u00edv\u00e1n\u00edm chemick\u00fdch l\u00e1tek to na\u0161e spole\u010dnost vylo\u017een\u011b p\u0159eh\u00e1n\u00ed. Mnoh\u00e9 l\u00e1tky jsou p\u0159itom nebezpe\u010dn\u00e9 a ohro\u017euj\u00ed na\u0161e zdrav\u00ed. Chemick\u00e9 l\u00e1tky, kter\u00e9 prokazateln\u011b nejsou p\u0159\u00edzniv\u00e9 pro lidsk\u00fd organismus, najdeme v potravin\u00e1ch i v kosmetice, jsou ve vod\u011b, kterou pijeme, a ve vzduchu, kter\u00fd d\u00fdch\u00e1me. Pesticidy a herbicidy, kter\u00e9 st\u0159\u00edk\u00e1me na pole, zab\u00edjej\u00ed hmyz a kontaminuj\u00ed podpovrchovou vodu. Ovzdu\u0161\u00ed zase zne\u010di\u0161\u0165uj\u00ed l\u00e1tky vznikaj\u00edc\u00ed p\u0159i spalov\u00e1n\u00ed fosiln\u00edch paliv &#8211; a\u0165 u\u017e ve spalovac\u00edch motorech, v dom\u00e1c\u00edch kotl\u00edch \u010di ve velk\u00fdch uheln\u00fdch elektr\u00e1rn\u00e1ch. V\u0161echny karcinogenn\u00ed a jedovat\u00e9 l\u00e1tky mus\u00edme d\u016frazn\u011b hl\u00eddat a sna\u017eit se je co nejv\u00edce omezit.\n                        <\/p>\n                    \n\n                \n\n                <\/div>\n                <figure class=\"wp-block-media-text__media\">\n                    <img loading=\"lazy\" decoding=\"async\" width=\"907\" height=\"794\"\n                        src=\"https:\/\/www.greenpeace.org\/static\/planet4-czech-republic-stateless\/2018\/10\/aba3d055-gp0stpduo-e1539770921713.jpg\"\n                        alt=\"\"\n                        sizes=\"auto, (min-width: 601px) 50vw, 100vw\" srcset=\"https:\/\/www.greenpeace.org\/static\/planet4-czech-republic-stateless\/2018\/10\/aba3d055-gp0stpduo-e1539770921713.jpg 907w, https:\/\/www.greenpeace.org\/static\/planet4-czech-republic-stateless\/2018\/10\/aba3d055-gp0stpduo-e1539770921713-300x263.jpg 300w, https:\/\/www.greenpeace.org\/static\/planet4-czech-republic-stateless\/2018\/10\/aba3d055-gp0stpduo-e1539770921713-768x672.jpg 768w, https:\/\/www.greenpeace.org\/static\/planet4-czech-republic-stateless\/2018\/10\/aba3d055-gp0stpduo-e1539770921713-388x340.jpg 388w\" class=\"wp-image-467 size-full\"\n                    \/>\n                <\/figure>\n                <\/div>\n                \n                <\/div>\n                \n                <\/div>\n                \n                \n        <div class=\"wp-block-query actions-list p4-query-loop is-custom-layout-actions-list is-custom-layout-grid is-layout-grid wp-container-core-query-is-layout-29f43435 wp-block-query-is-layout-grid\"><h2 class=\"wp-block-heading\">Jak se m\u016f\u017ee\u0161 zapojit<\/h2>\n        <p style=\"margin-top: 24px; margin-bottom: 32px;\">Jedin\u011b spole\u010dn\u011b m\u016f\u017eeme dos\u00e1hnout zm\u011bny. P\u0159idej se.<\/p>\n        <div class=\"wp-block-query-no-results\">\n        <p >No posts found.<\/p>\n        <\/div>\n        \n        \n<div class=\"wp-block-buttons carousel-controls is-horizontal is-content-justification-space-between is-nowrap is-layout-flex wp-container-core-buttons-is-layout-044bd602 wp-block-buttons-is-layout-flex\">\n            <div class=\"wp-block-button carousel-control-prev\"><button type=\"button\" class=\"wp-block-button__link wp-element-button\">Prev<\/button><\/div>\n        \n\n            <div class=\"wp-block-button carousel-control-next\"><button type=\"button\" class=\"wp-block-button__link wp-element-button\">Next<\/button><\/div>\n        <\/div>\n\n        \n<div class=\"wp-block-buttons load-more-actions-container is-content-justification-center is-layout-flex wp-container-core-buttons-is-layout-16018d1d wp-block-buttons-is-layout-flex\">\n                <div class=\"wp-block-button is-style-secondary\"><button type=\"button\" class=\"wp-block-button__link wp-element-button\">Dal\u0161\u00ed<\/button><\/div>\n            \n<\/div>\n<\/div>\n        \n    <div class=\"wp-block-query posts-list p4-query-loop is-custom-layout-list is-layout-flow wp-block-query-is-layout-flow\">\n        <div class=\"wp-block-group is-content-justification-space-between is-layout-flex wp-container-core-group-is-layout-3d213aab wp-block-group-is-layout-flex\"><h2 class=\"wp-block-heading\">Souvisej\u00edc\u00ed \u010dl\u00e1nky<\/h2>\n        <li class=\" wp-block-navigation-item see-all-link wp-block-navigation-link\"><a class=\"wp-block-navigation-item__content\"  href=\"http:\/\/www.greenpeace.org\/czech\/news-stories\/?tag=bez-chemie\"><span class=\"wp-block-navigation-item__label\">See all stories<\/span><\/a><\/li>\n        \n        <\/div>\n        \n\n    <p style=\"margin-top: 24px; margin-bottom: 36px;\"><\/p>\n\n    \n\n    <ul class=\"wp-block-post-template is-layout-flow wp-block-post-template-is-layout-flow\"><li class=\"wp-block-post post-21937 post type-post status-publish format-standard has-post-thumbnail hentry category-priroda tag-ovzdusi tag-zmena-klimatu tag-bez-chemie p4-page-type-tiskova-zprava\">\n            \n<div class=\"wp-block-columns is-layout-flex wp-container-core-columns-is-layout-9d6595d7 wp-block-columns-is-layout-flex\"><figure class=\"wp-block-post-featured-image\"><a href=\"https:\/\/www.greenpeace.org\/czech\/tiskova-zprava\/21937\/elektrarna-ledvice-stale-neni-schopna-plnit-limit-na-ochranu-zdravi-experti-a-ekologicke-organizace-prosadili-omezeni-uniku-toxicke-rtuti\/\" target=\"_self\"  ><img loading=\"lazy\" decoding=\"async\" width=\"1200\" height=\"900\" src=\"https:\/\/www.greenpeace.org\/static\/planet4-czech-republic-stateless\/2025\/05\/1bc502f6-elektrarna_ledvice_1.jpg\" class=\"attachment-post-thumbnail size-post-thumbnail wp-post-image wp-stateless-item\" alt=\"Elektr\u00e1rna Ledvice st\u00e1le nen\u00ed schopna plnit limit na ochranu zdrav\u00ed. Experti a ekologick\u00e9 organizace prosadili omezen\u00ed \u00faniku toxick\u00e9 rtuti\u00a0\" style=\"object-fit:cover;\" srcset=\"https:\/\/www.greenpeace.org\/static\/planet4-czech-republic-stateless\/2025\/05\/1bc502f6-elektrarna_ledvice_1.jpg 1200w, https:\/\/www.greenpeace.org\/static\/planet4-czech-republic-stateless\/2025\/05\/1bc502f6-elektrarna_ledvice_1-300x225.jpg 300w, https:\/\/www.greenpeace.org\/static\/planet4-czech-republic-stateless\/2025\/05\/1bc502f6-elektrarna_ledvice_1-1024x768.jpg 1024w, https:\/\/www.greenpeace.org\/static\/planet4-czech-republic-stateless\/2025\/05\/1bc502f6-elektrarna_ledvice_1-768x576.jpg 768w, https:\/\/www.greenpeace.org\/static\/planet4-czech-republic-stateless\/2025\/05\/1bc502f6-elektrarna_ledvice_1-453x340.jpg 453w\" sizes=\"auto, (max-width: 1200px) 100vw, 1200px\" data-image-size=\"post-thumbnail\" data-stateless-media-bucket=\"planet4-czech-republic-stateless\" data-stateless-media-name=\"2025\/05\/1bc502f6-elektrarna_ledvice_1.jpg\" \/><\/a><\/figure>\n\n        <div class=\"wp-block-group is-layout-flow wp-block-group-is-layout-flow\">\n                <div class=\"wp-block-group is-layout-flex wp-block-group-is-layout-flex\"><div class=\"wp-block-post-terms\"><a href=\"https:\/\/www.greenpeace.org\/czech\/category\/issues\/priroda\/\">P\u0159\u00edroda<\/a><\/div>\n                <div class=\"taxonomy-post_tag wp-block-post-terms\"><a href=\"https:\/\/www.greenpeace.org\/czech\/tag\/ovzdusi\/\" rel=\"tag\">Ovzdu\u0161\u00ed<\/a><span class=\"wp-block-post-terms__separator\"> <\/span><a href=\"https:\/\/www.greenpeace.org\/czech\/tag\/zmena-klimatu\/\" rel=\"tag\">Zm\u011bnaKlimatu<\/a><span class=\"wp-block-post-terms__separator\"> <\/span><a href=\"https:\/\/www.greenpeace.org\/czech\/tag\/bez-chemie\/\" rel=\"tag\">BezChemie<\/a><\/div>\n                \n                <\/div>\n                \n        <h3 class=\"wp-block-post-title\"><a href=\"https:\/\/www.greenpeace.org\/czech\/tiskova-zprava\/21937\/elektrarna-ledvice-stale-neni-schopna-plnit-limit-na-ochranu-zdravi-experti-a-ekologicke-organizace-prosadili-omezeni-uniku-toxicke-rtuti\/\" target=\"_self\" >Elektr\u00e1rna Ledvice st\u00e1le nen\u00ed schopna plnit limit na ochranu zdrav\u00ed. Experti a ekologick\u00e9 organizace prosadili omezen\u00ed \u00faniku toxick\u00e9 rtuti\u00a0<\/a><\/h3>\n        <div class=\"wp-block-post-excerpt\"><p class=\"wp-block-post-excerpt__excerpt\">Expertn\u00ed skupina Frank Bold a ekologick\u00e1 organizace Hnut\u00ed DUHA jako \u00fa\u010dastn\u00edci \u0159\u00edzen\u00ed o v\u00fdjimce \u00fasp\u011b\u0161n\u011b prosadily sn\u00ed\u017een\u00ed v\u00fdjimkov\u00e9ho limitu pro rtu\u0165 (z 22 na 17 ug\/m3) a tak\u00e9 zkr\u00e1cen\u00ed v\u00fdjimky pouze do konce \u010dervna 2026 m\u00edsto p\u016fvodn\u011b provozovatelem po\u017eadovan\u00e9ho term\u00ednu do konce p\u0159\u00ed\u0161t\u00edho roku. <\/p><\/div>\n        \n        <div class=\"wp-block-group posts-list-meta is-layout-flow wp-block-group-is-layout-flow\"><span class='article-list-item-author'>Greenpeace \u010cesk\u00e1 republika, Hnut\u00ed DUHA a Frank Bold<\/span>\n        <div class=\"wp-block-post-date\"><time datetime=\"2025-05-14T09:02:36+01:00\">14 kv\u011btna, 2025<\/time><\/div>\n        \n        <\/div>\n        <\/div>\n        <\/div>\n\n            <\/li><li class=\"wp-block-post post-21920 post type-post status-publish format-standard has-post-thumbnail hentry category-priroda tag-konec-doby-fosilni tag-ovzdusi tag-bez-chemie p4-page-type-tiskova-zprava\">\n            \n<div class=\"wp-block-columns is-layout-flex wp-container-core-columns-is-layout-9d6595d7 wp-block-columns-is-layout-flex\"><figure class=\"wp-block-post-featured-image\"><a href=\"https:\/\/www.greenpeace.org\/czech\/tiskova-zprava\/21920\/dalsi-emisni-vyjimka-pro-pocerady-uz-pouze-na-doziti-elektrarny-zadaji-kraj-experti-i-mistni-spolky\/\" target=\"_self\"  ><img loading=\"lazy\" decoding=\"async\" width=\"1500\" height=\"1000\" src=\"https:\/\/www.greenpeace.org\/static\/planet4-czech-republic-stateless\/2019\/06\/e059f228-dsc2809_ibra_net.jpg\" class=\"attachment-post-thumbnail size-post-thumbnail wp-post-image wp-stateless-item\" alt=\"\u201eDal\u0161\u00ed emisn\u00ed v\u00fdjimka pro Po\u010derady u\u017e pouze na do\u017eit\u00ed elektr\u00e1rny,\u201c \u017e\u00e1daj\u00ed kraj experti i m\u00edstn\u00ed spolky\" style=\"object-fit:cover;\" srcset=\"https:\/\/www.greenpeace.org\/static\/planet4-czech-republic-stateless\/2019\/06\/e059f228-dsc2809_ibra_net.jpg 1500w, https:\/\/www.greenpeace.org\/static\/planet4-czech-republic-stateless\/2019\/06\/e059f228-dsc2809_ibra_net-300x200.jpg 300w, https:\/\/www.greenpeace.org\/static\/planet4-czech-republic-stateless\/2019\/06\/e059f228-dsc2809_ibra_net-768x512.jpg 768w, https:\/\/www.greenpeace.org\/static\/planet4-czech-republic-stateless\/2019\/06\/e059f228-dsc2809_ibra_net-1024x683.jpg 1024w, https:\/\/www.greenpeace.org\/static\/planet4-czech-republic-stateless\/2019\/06\/e059f228-dsc2809_ibra_net-510x340.jpg 510w\" sizes=\"auto, (max-width: 1500px) 100vw, 1500px\" data-image-size=\"post-thumbnail\" data-stateless-media-bucket=\"planet4-czech-republic-stateless\" data-stateless-media-name=\"2019\/06\/e059f228-dsc2809_ibra_net.jpg\" \/><\/a><\/figure>\n\n        <div class=\"wp-block-group is-layout-flow wp-block-group-is-layout-flow\">\n                <div class=\"wp-block-group is-layout-flex wp-block-group-is-layout-flex\"><div class=\"wp-block-post-terms\"><a href=\"https:\/\/www.greenpeace.org\/czech\/category\/issues\/priroda\/\">P\u0159\u00edroda<\/a><\/div>\n                <div class=\"taxonomy-post_tag wp-block-post-terms\"><a href=\"https:\/\/www.greenpeace.org\/czech\/tag\/konec-doby-fosilni\/\" rel=\"tag\">KonecDobyFosiln\u00ed<\/a><span class=\"wp-block-post-terms__separator\"> <\/span><a href=\"https:\/\/www.greenpeace.org\/czech\/tag\/ovzdusi\/\" rel=\"tag\">Ovzdu\u0161\u00ed<\/a><span class=\"wp-block-post-terms__separator\"> <\/span><a href=\"https:\/\/www.greenpeace.org\/czech\/tag\/bez-chemie\/\" rel=\"tag\">BezChemie<\/a><\/div>\n                \n                <\/div>\n                \n        <h3 class=\"wp-block-post-title\"><a href=\"https:\/\/www.greenpeace.org\/czech\/tiskova-zprava\/21920\/dalsi-emisni-vyjimka-pro-pocerady-uz-pouze-na-doziti-elektrarny-zadaji-kraj-experti-i-mistni-spolky\/\" target=\"_self\" >\u201eDal\u0161\u00ed emisn\u00ed v\u00fdjimka pro Po\u010derady u\u017e pouze na do\u017eit\u00ed elektr\u00e1rny,\u201c \u017e\u00e1daj\u00ed kraj experti i m\u00edstn\u00ed spolky<\/a><\/h3>\n        <div class=\"wp-block-post-excerpt\"><p class=\"wp-block-post-excerpt__excerpt\">Uheln\u00e1 elektr\u00e1rna Po\u010derady nad\u00e1le p\u0159ekra\u010duje limit na vypou\u0161t\u011bn\u00ed toxick\u00e9 rtuti do ovzdu\u0161\u00ed, ani\u017e by m\u011bla platnou v\u00fdjimku, a z\u016fst\u00e1v\u00e1 tak nejv\u011bt\u0161\u00edm zdrojem vypou\u0161t\u011bn\u00ed t\u00e9to toxick\u00e9 l\u00e1tky do ovzdu\u0161\u00ed v \u010cR. <\/p><\/div>\n        \n        <div class=\"wp-block-group posts-list-meta is-layout-flow wp-block-group-is-layout-flow\"><span class='article-list-item-author'>Greenpeace \u010cesk\u00e1 republika, Hnut\u00ed DUHA, Frank Bold, Zdrav\u00ed pro Most a MY Litv\u00ednovov<\/span>\n        <div class=\"wp-block-post-date\"><time datetime=\"2025-04-29T08:56:31+01:00\">29 dubna, 2025<\/time><\/div>\n        \n        <\/div>\n        <\/div>\n        <\/div>\n\n            <\/li><li class=\"wp-block-post post-21267 post type-post status-publish format-standard has-post-thumbnail hentry category-priroda tag-konec-doby-fosilni tag-bez-chemie tag-plast-je-past p4-page-type-tiskova-zprava\">\n            \n<div class=\"wp-block-columns is-layout-flex wp-container-core-columns-is-layout-9d6595d7 wp-block-columns-is-layout-flex\"><figure class=\"wp-block-post-featured-image\"><a href=\"https:\/\/www.greenpeace.org\/czech\/tiskova-zprava\/21267\/ropny-prumysl-slavi-plastovou-umluvu-zatim-zablokovaly-rusko-a-saudska-arabie-bude-se-muset-jednat-dal\/\" target=\"_self\"  ><img loading=\"lazy\" decoding=\"async\" width=\"1200\" height=\"800\" src=\"https:\/\/www.greenpeace.org\/static\/planet4-czech-republic-stateless\/2024\/12\/a4250d3a-gp0su3lma_medium-res-1200px.jpg\" class=\"attachment-post-thumbnail size-post-thumbnail wp-post-image wp-stateless-item\" alt=\"Ropn\u00fd pr\u016fmysl slav\u00ed. Plastovou \u00famluvu zat\u00edm zablokovaly Rusko a Sa\u00fadsk\u00e1 Ar\u00e1bie, bude se muset jednat d\u00e1l\u00a0\" style=\"object-fit:cover;\" srcset=\"https:\/\/www.greenpeace.org\/static\/planet4-czech-republic-stateless\/2024\/12\/a4250d3a-gp0su3lma_medium-res-1200px.jpg 1200w, https:\/\/www.greenpeace.org\/static\/planet4-czech-republic-stateless\/2024\/12\/a4250d3a-gp0su3lma_medium-res-1200px-300x200.jpg 300w, https:\/\/www.greenpeace.org\/static\/planet4-czech-republic-stateless\/2024\/12\/a4250d3a-gp0su3lma_medium-res-1200px-1024x683.jpg 1024w, https:\/\/www.greenpeace.org\/static\/planet4-czech-republic-stateless\/2024\/12\/a4250d3a-gp0su3lma_medium-res-1200px-768x512.jpg 768w, https:\/\/www.greenpeace.org\/static\/planet4-czech-republic-stateless\/2024\/12\/a4250d3a-gp0su3lma_medium-res-1200px-510x340.jpg 510w\" sizes=\"auto, (max-width: 1200px) 100vw, 1200px\" data-image-size=\"post-thumbnail\" data-stateless-media-bucket=\"planet4-czech-republic-stateless\" data-stateless-media-name=\"2024\/12\/a4250d3a-gp0su3lma_medium-res-1200px.jpg\" \/><\/a><\/figure>\n\n        <div class=\"wp-block-group is-layout-flow wp-block-group-is-layout-flow\">\n                <div class=\"wp-block-group is-layout-flex wp-block-group-is-layout-flex\"><div class=\"wp-block-post-terms\"><a href=\"https:\/\/www.greenpeace.org\/czech\/category\/issues\/priroda\/\">P\u0159\u00edroda<\/a><\/div>\n                <div class=\"taxonomy-post_tag wp-block-post-terms\"><a href=\"https:\/\/www.greenpeace.org\/czech\/tag\/konec-doby-fosilni\/\" rel=\"tag\">KonecDobyFosiln\u00ed<\/a><span class=\"wp-block-post-terms__separator\"> <\/span><a href=\"https:\/\/www.greenpeace.org\/czech\/tag\/bez-chemie\/\" rel=\"tag\">BezChemie<\/a><span class=\"wp-block-post-terms__separator\"> <\/span><a href=\"https:\/\/www.greenpeace.org\/czech\/tag\/plast-je-past\/\" rel=\"tag\">PlastJePast<\/a><\/div>\n                \n                <\/div>\n                \n        <h3 class=\"wp-block-post-title\"><a href=\"https:\/\/www.greenpeace.org\/czech\/tiskova-zprava\/21267\/ropny-prumysl-slavi-plastovou-umluvu-zatim-zablokovaly-rusko-a-saudska-arabie-bude-se-muset-jednat-dal\/\" target=\"_self\" >Ropn\u00fd pr\u016fmysl slav\u00ed. Plastovou \u00famluvu zat\u00edm zablokovaly Rusko a Sa\u00fadsk\u00e1 Ar\u00e1bie, bude se muset jednat d\u00e1l\u00a0<\/a><\/h3>\n        <div class=\"wp-block-post-excerpt\"><p class=\"wp-block-post-excerpt__excerpt\">P\u00e1t\u00e9 zased\u00e1n\u00ed Mezivl\u00e1dn\u00edho vyjedn\u00e1vac\u00edho v\u00fdboru OSN, kter\u00fd \u0159e\u0161\u00ed uzav\u0159en\u00ed Glob\u00e1ln\u00ed plastov\u00e9 dohody, skon\u010dilo v jihokorejsk\u00e9m Busanu v\u010dera odpoledne, ani\u017e by se poda\u0159ilo fin\u00e1ln\u00ed dohodu vyjednat. Glob\u00e1ln\u00ed plastov\u00e1 dohoda se vyjedn\u00e1v\u00e1&hellip; <\/p><\/div>\n        \n        <div class=\"wp-block-group posts-list-meta is-layout-flow wp-block-group-is-layout-flow\"><span class='article-list-item-author'>Greenpeace \u010cesk\u00e1 republika<\/span>\n        <div class=\"wp-block-post-date\"><time datetime=\"2024-12-02T10:47:00+01:00\">2 prosince, 2024<\/time><\/div>\n        \n        <\/div>\n        <\/div>\n        <\/div>\n\n            <\/li><li class=\"wp-block-post post-21054 post type-post status-publish format-standard has-post-thumbnail hentry category-priroda tag-konec-doby-fosilni tag-bez-chemie tag-ovzdusi p4-page-type-tiskova-zprava\">\n            \n<div class=\"wp-block-columns is-layout-flex wp-container-core-columns-is-layout-9d6595d7 wp-block-columns-is-layout-flex\"><figure class=\"wp-block-post-featured-image\"><a href=\"https:\/\/www.greenpeace.org\/czech\/tiskova-zprava\/21054\/dobra-zprava-emise-nebezpecnych-latek-v-cr-vyrazne-klesly\/\" target=\"_self\"  ><img loading=\"lazy\" decoding=\"async\" width=\"1440\" height=\"958\" src=\"https:\/\/www.greenpeace.org\/static\/planet4-czech-republic-stateless\/2019\/07\/f4173637-elektrarnachvaletice_web.jpg\" class=\"attachment-post-thumbnail size-post-thumbnail wp-post-image wp-stateless-item\" alt=\"Dobr\u00e1 zpr\u00e1va: Emise nebezpe\u010dn\u00fdch l\u00e1tek v \u010cR v\u00fdrazn\u011b klesly\" style=\"object-fit:cover;\" srcset=\"https:\/\/www.greenpeace.org\/static\/planet4-czech-republic-stateless\/2019\/07\/f4173637-elektrarnachvaletice_web.jpg 1440w, https:\/\/www.greenpeace.org\/static\/planet4-czech-republic-stateless\/2019\/07\/f4173637-elektrarnachvaletice_web-300x200.jpg 300w, https:\/\/www.greenpeace.org\/static\/planet4-czech-republic-stateless\/2019\/07\/f4173637-elektrarnachvaletice_web-768x511.jpg 768w, https:\/\/www.greenpeace.org\/static\/planet4-czech-republic-stateless\/2019\/07\/f4173637-elektrarnachvaletice_web-1024x681.jpg 1024w, https:\/\/www.greenpeace.org\/static\/planet4-czech-republic-stateless\/2019\/07\/f4173637-elektrarnachvaletice_web-510x340.jpg 510w\" sizes=\"auto, (max-width: 1440px) 100vw, 1440px\" data-image-size=\"post-thumbnail\" data-stateless-media-bucket=\"planet4-czech-republic-stateless\" data-stateless-media-name=\"2019\/07\/f4173637-elektrarnachvaletice_web.jpg\" \/><\/a><\/figure>\n\n        <div class=\"wp-block-group is-layout-flow wp-block-group-is-layout-flow\">\n                <div class=\"wp-block-group is-layout-flex wp-block-group-is-layout-flex\"><div class=\"wp-block-post-terms\"><a href=\"https:\/\/www.greenpeace.org\/czech\/category\/issues\/priroda\/\">P\u0159\u00edroda<\/a><\/div>\n                <div class=\"taxonomy-post_tag wp-block-post-terms\"><a href=\"https:\/\/www.greenpeace.org\/czech\/tag\/konec-doby-fosilni\/\" rel=\"tag\">KonecDobyFosiln\u00ed<\/a><span class=\"wp-block-post-terms__separator\"> <\/span><a href=\"https:\/\/www.greenpeace.org\/czech\/tag\/bez-chemie\/\" rel=\"tag\">BezChemie<\/a><span class=\"wp-block-post-terms__separator\"> <\/span><a href=\"https:\/\/www.greenpeace.org\/czech\/tag\/ovzdusi\/\" rel=\"tag\">Ovzdu\u0161\u00ed<\/a><\/div>\n                \n                <\/div>\n                \n        <h3 class=\"wp-block-post-title\"><a href=\"https:\/\/www.greenpeace.org\/czech\/tiskova-zprava\/21054\/dobra-zprava-emise-nebezpecnych-latek-v-cr-vyrazne-klesly\/\" target=\"_self\" >Dobr\u00e1 zpr\u00e1va: Emise nebezpe\u010dn\u00fdch l\u00e1tek v \u010cR v\u00fdrazn\u011b klesly<\/a><\/h3>\n        <div class=\"wp-block-post-excerpt\"><p class=\"wp-block-post-excerpt__excerpt\">Integrovan\u00fd registr zne\u010di\u0161\u0165ov\u00e1n\u00ed p\u0159inesl s daty za rok 2023 dobrou zpr\u00e1vu: A\u017e na v\u00fdjimky mno\u017estv\u00ed nebezpe\u010dn\u00fdch l\u00e1tek vypou\u0161t\u011bn\u00fdch do \u017eivotn\u00edho prost\u0159ed\u00ed oproti p\u0159edchoz\u00edmu roku kleslo. <\/p><\/div>\n        \n        <div class=\"wp-block-group posts-list-meta is-layout-flow wp-block-group-is-layout-flow\"><span class='article-list-item-author'>Greenpeace \u010cesk\u00e1 republika, Arnika a Hnut\u00ed DUHA<\/span>\n        <div class=\"wp-block-post-date\"><time datetime=\"2024-10-11T11:56:58+01:00\">11 \u0159\u00edjna, 2024<\/time><\/div>\n        \n        <\/div>\n        <\/div>\n        <\/div>\n\n            <\/li><li class=\"wp-block-post post-19873 post type-post status-publish format-standard has-post-thumbnail hentry category-priroda tag-konec-doby-fosilni tag-ovzdusi tag-bez-chemie p4-page-type-tiskova-zprava\">\n            \n<div class=\"wp-block-columns is-layout-flex wp-container-core-columns-is-layout-9d6595d7 wp-block-columns-is-layout-flex\"><figure class=\"wp-block-post-featured-image\"><a href=\"https:\/\/www.greenpeace.org\/czech\/tiskova-zprava\/19873\/neprijatelne-elektrarna-pocerady-chce-prodlouzit-vyjimku-a-vypoustet-nadlimitni-mnozstvi-rtuti-az-do-roku-2027\/\" target=\"_self\"  ><img loading=\"lazy\" decoding=\"async\" width=\"1500\" height=\"1000\" src=\"https:\/\/www.greenpeace.org\/static\/planet4-czech-republic-stateless\/2020\/11\/e60f983f-dsc1572_greenpeace_net.jpg\" class=\"attachment-post-thumbnail size-post-thumbnail wp-post-image wp-stateless-item\" alt=\"Nep\u0159ijateln\u00e9! Elektr\u00e1rna Po\u010derady chce prodlou\u017eit v\u00fdjimku a vypou\u0161t\u011bt nadlimitn\u00ed mno\u017estv\u00ed rtuti a\u017e do roku 2027\u00a0\" style=\"object-fit:cover;\" srcset=\"https:\/\/www.greenpeace.org\/static\/planet4-czech-republic-stateless\/2020\/11\/e60f983f-dsc1572_greenpeace_net.jpg 1500w, https:\/\/www.greenpeace.org\/static\/planet4-czech-republic-stateless\/2020\/11\/e60f983f-dsc1572_greenpeace_net-300x200.jpg 300w, https:\/\/www.greenpeace.org\/static\/planet4-czech-republic-stateless\/2020\/11\/e60f983f-dsc1572_greenpeace_net-1024x683.jpg 1024w, https:\/\/www.greenpeace.org\/static\/planet4-czech-republic-stateless\/2020\/11\/e60f983f-dsc1572_greenpeace_net-768x512.jpg 768w, https:\/\/www.greenpeace.org\/static\/planet4-czech-republic-stateless\/2020\/11\/e60f983f-dsc1572_greenpeace_net-510x340.jpg 510w\" sizes=\"auto, (max-width: 1500px) 100vw, 1500px\" data-image-size=\"post-thumbnail\" data-stateless-media-bucket=\"planet4-czech-republic-stateless\" data-stateless-media-name=\"2020\/11\/e60f983f-dsc1572_greenpeace_net.jpg\" \/><\/a><\/figure>\n\n        <div class=\"wp-block-group is-layout-flow wp-block-group-is-layout-flow\">\n                <div class=\"wp-block-group is-layout-flex wp-block-group-is-layout-flex\"><div class=\"wp-block-post-terms\"><a href=\"https:\/\/www.greenpeace.org\/czech\/category\/issues\/priroda\/\">P\u0159\u00edroda<\/a><\/div>\n                <div class=\"taxonomy-post_tag wp-block-post-terms\"><a href=\"https:\/\/www.greenpeace.org\/czech\/tag\/konec-doby-fosilni\/\" rel=\"tag\">KonecDobyFosiln\u00ed<\/a><span class=\"wp-block-post-terms__separator\"> <\/span><a href=\"https:\/\/www.greenpeace.org\/czech\/tag\/ovzdusi\/\" rel=\"tag\">Ovzdu\u0161\u00ed<\/a><span class=\"wp-block-post-terms__separator\"> <\/span><a href=\"https:\/\/www.greenpeace.org\/czech\/tag\/bez-chemie\/\" rel=\"tag\">BezChemie<\/a><\/div>\n                \n                <\/div>\n                \n        <h3 class=\"wp-block-post-title\"><a href=\"https:\/\/www.greenpeace.org\/czech\/tiskova-zprava\/19873\/neprijatelne-elektrarna-pocerady-chce-prodlouzit-vyjimku-a-vypoustet-nadlimitni-mnozstvi-rtuti-az-do-roku-2027\/\" target=\"_self\" >Nep\u0159ijateln\u00e9! Elektr\u00e1rna Po\u010derady chce prodlou\u017eit v\u00fdjimku a vypou\u0161t\u011bt nadlimitn\u00ed mno\u017estv\u00ed rtuti a\u017e do roku 2027\u00a0<\/a><\/h3>\n        <div class=\"wp-block-post-excerpt\"><p class=\"wp-block-post-excerpt__excerpt\">Provozovatel hn\u011bdouheln\u00e9 elektr\u00e1rny Po\u010derady, kter\u00e1 spad\u00e1 do energetick\u00e9ho imp\u00e9ria kontroverzn\u00edho uhlobarona Pavla Tyka\u010de, si podal \u017e\u00e1dost o prodlou\u017een\u00ed sou\u010dasn\u00e9 emisn\u00ed v\u00fdjimky. Sou\u010dasn\u00e1 v\u00fdjimka pro rtu\u0165 m\u00e1 kon\u010dit u dvou kotl\u016f&hellip; <\/p><\/div>\n        \n        <div class=\"wp-block-group posts-list-meta is-layout-flow wp-block-group-is-layout-flow\"><span class='article-list-item-author'>Greenpeace \u010cesk\u00e1 republika, Hnut\u00ed DUHA a Frank Bold<\/span>\n        <div class=\"wp-block-post-date\"><time datetime=\"2024-01-08T14:04:04+01:00\">8 ledna, 2024<\/time><\/div>\n        \n        <\/div>\n        <\/div>\n        <\/div>\n\n            <\/li><\/ul>\n\n    \n<div class=\"wp-block-buttons carousel-controls is-horizontal is-content-justification-space-between is-nowrap is-layout-flex wp-container-core-buttons-is-layout-044bd602 wp-block-buttons-is-layout-flex\">\n            <div class=\"wp-block-button carousel-control-prev\"><button type=\"button\" class=\"wp-block-button__link wp-element-button\">Prev<\/button><\/div>\n        \n\n            <div class=\"wp-block-button carousel-control-next\"><button type=\"button\" class=\"wp-block-button__link wp-element-button\">Next<\/button><\/div>\n        <\/div>\n\n\n    <li class=\" wp-block-navigation-item see-all-link wp-block-navigation-link\"><a class=\"wp-block-navigation-item__content\"  href=\"http:\/\/www.greenpeace.org\/czech\/news-stories\/?tag=bez-chemie\"><span class=\"wp-block-navigation-item__label\">See all stories<\/span><\/a><\/li><\/div>\n    \n    <div class=\"wp-block-query posts-list p4-query-loop is-custom-layout-grid is-layout-grid wp-container-core-query-is-layout-b8bb0bd1 wp-block-query-is-layout-grid\">\n        <div class=\"wp-block-group is-content-justification-space-between is-layout-flex wp-container-core-group-is-layout-3d213aab wp-block-group-is-layout-flex\"><h2 class=\"wp-block-heading\">Publikace<\/h2>\n        <li class=\" wp-block-navigation-item see-all-link wp-block-navigation-link\"><a class=\"wp-block-navigation-item__content\"  href=\"http:\/\/www.greenpeace.org\/czech\/news-stories\/?tag=bez-chemie&#038;post-type=publikace\"><span class=\"wp-block-navigation-item__label\">See all stories<\/span><\/a><\/li>\n        \n        <\/div>\n        \n\n    <p style=\"margin-top: 24px; margin-bottom: 36px;\"><\/p>\n\n    \n\n    <ul class=\"wp-block-post-template is-layout-flow wp-block-post-template-is-layout-flow\"><li class=\"wp-block-post post-840 post type-post status-publish format-standard has-post-thumbnail hentry category-priroda tag-bez-chemie p4-page-type-publikace\">\n            \n<div class=\"wp-block-columns is-layout-flex wp-container-core-columns-is-layout-9d6595d7 wp-block-columns-is-layout-flex\"><figure class=\"wp-block-post-featured-image\"><a href=\"https:\/\/www.greenpeace.org\/czech\/publikace\/840\/jak-se-oblekat-na-vylety\/\" target=\"_self\"  ><img loading=\"lazy\" decoding=\"async\" width=\"600\" height=\"421\" src=\"https:\/\/www.greenpeace.org\/static\/planet4-czech-republic-stateless\/2018\/10\/85fbc20a-85fbc20a-thtrhrt.jpg\" class=\"attachment-post-thumbnail size-post-thumbnail wp-post-image wp-stateless-item\" alt=\"Jak se obl\u00e9kat na v\u00fdlety?\" style=\"object-fit:cover;\" srcset=\"https:\/\/www.greenpeace.org\/static\/planet4-czech-republic-stateless\/2018\/10\/85fbc20a-85fbc20a-thtrhrt.jpg 600w, https:\/\/www.greenpeace.org\/static\/planet4-czech-republic-stateless\/2018\/10\/85fbc20a-85fbc20a-thtrhrt-300x211.jpg 300w, https:\/\/www.greenpeace.org\/static\/planet4-czech-republic-stateless\/2018\/10\/85fbc20a-85fbc20a-thtrhrt-485x340.jpg 485w\" sizes=\"auto, (max-width: 600px) 100vw, 600px\" data-image-size=\"post-thumbnail\" data-stateless-media-bucket=\"planet4-czech-republic-stateless\" data-stateless-media-name=\"2018\/10\/85fbc20a-85fbc20a-thtrhrt.jpg\" \/><\/a><\/figure>\n\n        <div class=\"wp-block-group is-layout-flow wp-block-group-is-layout-flow\">\n                <div class=\"wp-block-group is-layout-flow wp-block-group-is-layout-flow\"><div class=\"wp-block-post-terms\"><a href=\"https:\/\/www.greenpeace.org\/czech\/category\/issues\/priroda\/\">P\u0159\u00edroda<\/a><\/div>\n                <div class=\"taxonomy-post_tag wp-block-post-terms\"><a href=\"https:\/\/www.greenpeace.org\/czech\/tag\/bez-chemie\/\" rel=\"tag\">BezChemie<\/a><\/div>\n                \n                <\/div>\n                \n        <h3 class=\"wp-block-post-title\"><a href=\"https:\/\/www.greenpeace.org\/czech\/publikace\/840\/jak-se-oblekat-na-vylety\/\" target=\"_self\" >Jak se obl\u00e9kat na v\u00fdlety?<\/a><\/h3>\n        <div class=\"wp-block-post-excerpt\"><p class=\"wp-block-post-excerpt__excerpt\">Oble\u010den\u00ed, v kter\u00e9m chod\u00edte do p\u0159\u00edrody, dost mo\u017en\u00e1 p\u0159\u00edrod\u011b \u0161kod\u00ed. L\u00e1tky PFC, kter\u00e9 se pou\u017e\u00edvaj\u00ed u v\u011bt\u0161iny vod\u011bodoln\u00e9ho outdoorov\u00e9ho textilu a vybaven\u00ed, jsou toti\u017e toxick\u00e9 a v \u017eivotn\u00edm prost\u0159ed\u00ed se hromad\u00ed. <\/p><\/div>\n        \n        <div class=\"wp-block-group posts-list-meta is-layout-flow wp-block-group-is-layout-flow\"><span class='article-list-item-author'><a href='https:\/\/www.greenpeace.org\/czech\/author\/gp_czech\/'>Greenpeace \u010cesk\u00e1 republika<\/a><\/span>\n        <div class=\"wp-block-post-date\"><time datetime=\"2016-06-06T00:00:00+01:00\">6 \u010dervna, 2016<\/time><\/div>\n        \n        <\/div>\n        <\/div>\n        <\/div>\n\n            <\/li><\/ul>\n\n    \n<div class=\"wp-block-buttons carousel-controls is-horizontal is-content-justification-space-between is-nowrap is-layout-flex wp-container-core-buttons-is-layout-044bd602 wp-block-buttons-is-layout-flex\">\n            <div class=\"wp-block-button carousel-control-prev\"><button type=\"button\" class=\"wp-block-button__link wp-element-button\">Prev<\/button><\/div>\n        \n\n            <div class=\"wp-block-button carousel-control-next\"><button type=\"button\" class=\"wp-block-button__link wp-element-button\">Next<\/button><\/div>\n        <\/div>\n\n\n    <li class=\" wp-block-navigation-item see-all-link wp-block-navigation-link\"><a class=\"wp-block-navigation-item__content\"  href=\"http:\/\/www.greenpeace.org\/czech\/news-stories\/?tag=bez-chemie&#038;post-type=publikace\"><span class=\"wp-block-navigation-item__label\">See all stories<\/span><\/a><\/li><\/div>\n    ","protected":false},"excerpt":{"rendered":"<p>Chemick\u00e9 l\u00e1tky jsou v\u0161ude kolem n\u00e1s. Z\u00edskej v\u00edce informac\u00ed a pomoz n\u00e1m budovat zdrav\u00ed a bezp\u011b\u010dn\u00fd sv\u011bt.<\/p>\n","protected":false},"author":21,"featured_media":467,"parent":0,"menu_order":0,"comment_status":"closed","ping_status":"closed","template":"","meta":{"ep_exclude_from_search":false,"p4_hide_page_title_checkbox":"on","p4_title":"","p4_subtitle":"","p4_description":"","background_image_id":"","background_image":"","p4_button_title":"","p4_button_link":"","p4_button_link_checkbox":"","p4_og_title":"","p4_og_description":"","p4_og_image":"","p4_og_image_id":"","p4_seo_canonical_url":"","p4_campaign_name":"not set","p4_local_project":"","p4_basket_name":"not set","p4_department":"","footnotes":""},"categories":[3],"tags":[],"class_list":["post-1668","page","type-page","status-publish","has-post-thumbnail","hentry","category-nas-svet"],"_links":{"self":[{"href":"https:\/\/www.greenpeace.org\/czech\/wp-json\/wp\/v2\/pages\/1668","targetHints":{"allow":["GET"]}}],"collection":[{"href":"https:\/\/www.greenpeace.org\/czech\/wp-json\/wp\/v2\/pages"}],"about":[{"href":"https:\/\/www.greenpeace.org\/czech\/wp-json\/wp\/v2\/types\/page"}],"author":[{"embeddable":true,"href":"https:\/\/www.greenpeace.org\/czech\/wp-json\/wp\/v2\/users\/21"}],"replies":[{"embeddable":true,"href":"https:\/\/www.greenpeace.org\/czech\/wp-json\/wp\/v2\/comments?post=1668"}],"version-history":[{"count":20,"href":"https:\/\/www.greenpeace.org\/czech\/wp-json\/wp\/v2\/pages\/1668\/revisions"}],"predecessor-version":[{"id":23519,"href":"https:\/\/www.greenpeace.org\/czech\/wp-json\/wp\/v2\/pages\/1668\/revisions\/23519"}],"wp:featuredmedia":[{"embeddable":true,"href":"https:\/\/www.greenpeace.org\/czech\/wp-json\/wp\/v2\/media\/467"}],"wp:attachment":[{"href":"https:\/\/www.greenpeace.org\/czech\/wp-json\/wp\/v2\/media?parent=1668"}],"wp:term":[{"taxonomy":"category","embeddable":true,"href":"https:\/\/www.greenpeace.org\/czech\/wp-json\/wp\/v2\/categories?post=1668"},{"taxonomy":"post_tag","embeddable":true,"href":"https:\/\/www.greenpeace.org\/czech\/wp-json\/wp\/v2\/tags?post=1668"}],"curies":[{"name":"wp","href":"https:\/\/api.w.org\/{rel}","templated":true}]}}