{"id":230,"date":"2018-05-14T12:33:35","date_gmt":"2018-05-14T12:33:35","guid":{"rendered":"https:\/\/k8s.p4.greenpeace.org\/defaultcontent\/?page_id=230"},"modified":"2026-06-29T12:02:43","modified_gmt":"2026-06-29T11:02:43","slug":"pro-media","status":"publish","type":"page","link":"https:\/\/www.greenpeace.org\/czech\/pro-media\/","title":{"rendered":"Pro m\u00e9dia"},"content":{"rendered":"\n\n<div class=\"wp-block-group alignfull is-layout-flow wp-block-group-is-layout-flow\">\n<div class=\"wp-block-group container is-layout-flow wp-block-group-is-layout-flow\">\n<div class=\"wp-block-media-text alignfull has-media-on-the-right is-stacked-on-mobile is-pattern-p4-page-header is-style-parallax\"><div class=\"wp-block-media-text__content\">\n<div class=\"wp-block-group is-layout-flow wp-block-group-is-layout-flow\">\n<h1 class=\"wp-block-heading has-white-background-color has-background\">\n                            Pro m\u00e9dia\n                        <\/h1>\n<\/div>\n\n\n\n<p class=\"wp-block-paragraph\" style=\"font-size:1.25rem\">\n                            <span style=\"font-weight: 400\">Tato sekce je ur\u010dena pro novin\u00e1\u0159e a novin\u00e1\u0159ky. Najdete zde v\u0161echny fotografie, videa, tiskov\u00e9 zpr\u00e1vy a publikace, kter\u00e9 jsou v \u010cesk\u00e9 republice ur\u010deny pro distribuci v m\u00e9di\u00edch.<\/span> <span style=\"font-weight: 400\">Pokud chcete domluvit rozhovory \u010di po\u017e\u00e1dat o materi\u00e1ly, v\u010detn\u011b fotografi\u00ed \u010di vide\u00ed ve vysok\u00e9m rozli\u0161en\u00ed, obra\u0165te se na n\u011bkoho z na\u0161eho komunika\u010dn\u00edho t\u00fdmu.<\/span>\n                        <\/p>\n<\/div><figure class=\"wp-block-media-text__media\"><img loading=\"lazy\" decoding=\"async\" width=\"1200\" height=\"800\" src=\"https:\/\/www.greenpeace.org\/static\/planet4-czech-republic-stateless\/2020\/05\/7d2cc37c-gp01s0r_medium_res_with_credit_line.jpg\" alt=\"\" sizes=\"auto, (min-width: 601px) 50vw, 100vw\" srcset=\"https:\/\/www.greenpeace.org\/static\/planet4-czech-republic-stateless\/2020\/05\/7d2cc37c-gp01s0r_medium_res_with_credit_line.jpg 1200w, https:\/\/www.greenpeace.org\/static\/planet4-czech-republic-stateless\/2020\/05\/7d2cc37c-gp01s0r_medium_res_with_credit_line-300x200.jpg 300w, https:\/\/www.greenpeace.org\/static\/planet4-czech-republic-stateless\/2020\/05\/7d2cc37c-gp01s0r_medium_res_with_credit_line-1024x683.jpg 1024w, https:\/\/www.greenpeace.org\/static\/planet4-czech-republic-stateless\/2020\/05\/7d2cc37c-gp01s0r_medium_res_with_credit_line-768x512.jpg 768w, https:\/\/www.greenpeace.org\/static\/planet4-czech-republic-stateless\/2020\/05\/7d2cc37c-gp01s0r_medium_res_with_credit_line-510x340.jpg 510w\" class=\"wp-image-10540 size-full\"\/><\/figure><\/div>\n<\/div>\n<\/div>\n\n<div data-render=\"planet4-blocks\/columns\" data-attributes=\"{&quot;attributes&quot;:{&quot;columns&quot;:[{&quot;title&quot;:&quot;Kontakty pro novin\\u00e1\\u0159e&quot;,&quot;description&quot;:&quot;&lt;br&gt;e-mail: komunikace.cz@greenpeace.org &lt;br&gt;telefon: +420 603 443 140 &quot;,&quot;link_new_tab&quot;:false},{&quot;title&quot;:&quot;Foto a video&quot;,&quot;description&quot;:&quot;Najd\\u011bte tu spr\\u00e1vnou fotografii \\u010di to spr\\u00e1vn\\u00e9 video v na\\u0161\\u00ed rozs\\u00e1hl\\u00e9 medi\\u00e1ln\\u00ed knihovn\\u011b. Kontaktujte n\\u00e1s na kocz@greenpeace.org, r\\u00e1di V\\u00e1m vybran\\u00fd materi\\u00e1l st\\u00e1hneme.&quot;,&quot;cta_link&quot;:&quot;https:\\\/\\\/media.greenpeace.org&quot;,&quot;cta_text&quot;:&quot;HLEDAT V GREENPEACE MEDIA&quot;,&quot;link_new_tab&quot;:false}],&quot;className&quot;:&quot;is-style-no_image&quot;,&quot;columns_block_style&quot;:&quot;no_image&quot;}}\"><\/div>\n<div class=\"wp-block-query posts-list p4-query-loop is-custom-layout-list is-layout-flow wp-block-query-is-layout-flow\">\n<div class=\"wp-block-group is-content-justification-space-between is-layout-flex wp-container-core-group-is-layout-cfe5ce44 wp-block-group-is-layout-flex\">\n<h2 class=\"wp-block-heading\">Nejnov\u011bj\u0161\u00ed tiskov\u00e9 zpr\u00e1vy<\/h2>\n\n\n<li class=\"wp-block-navigation-item see-all-link wp-block-navigation-link\"><a class=\"wp-block-navigation-item__content\"  href=\"http:\/\/www.greenpeace.org\/czech\/news-stories\/?post-type=tiskova-zprava\"><span data-ga-category=\"Posts List\" data-ga-action=\"See More Link\" data-ga-label=\"n\/a\" class=\"wp-block-navigation-item__label\">See all stories<\/span><\/a><\/li><\/div>\n\n\n\n<p class=\"wp-block-paragraph\" style=\"margin-top:24px;margin-bottom:36px\"><\/p>\n\n\n\n\n<ul class=\"wp-block-post-template is-layout-flow wp-block-post-template-is-layout-flow\"><li class=\"wp-block-post post-25286 post type-post status-publish format-standard has-post-thumbnail hentry category-nezarazeno tag-oceany tag-zmena-klimatu p4-page-type-tiskova-zprava\">\n\n<div class=\"wp-block-columns is-layout-flex wp-container-core-columns-is-layout-8f761849 wp-block-columns-is-layout-flex\"><figure class=\"wp-block-post-featured-image\"><a href=\"https:\/\/www.greenpeace.org\/czech\/tiskova-zprava\/25286\/podpora-moratoria-na-hlubokomorskou-tezbu-vzrostla-na-46-statu-ceska-republika-mezi-nimi-zatim-chybi\/\" target=\"_self\"  ><img loading=\"lazy\" decoding=\"async\" data-ga-category=\"Posts List\" data-ga-action=\"Image\" data-ga-label=\"n\/a\" width=\"1024\" height=\"783\" src=\"https:\/\/www.greenpeace.org\/static\/planet4-czech-republic-stateless\/2026\/06\/64e4fc76-image.jpeg\" class=\"attachment-post-thumbnail size-post-thumbnail wp-post-image wp-stateless-item\" alt=\"Podpora moratoria na hlubokomo\u0159skou t\u011b\u017ebu vzrostla na 46 st\u00e1t\u016f: \u010cesk\u00e1 republika mezi nimi zat\u00edm chyb\u00ed\" style=\"object-fit:cover;\" srcset=\"https:\/\/www.greenpeace.org\/static\/planet4-czech-republic-stateless\/2026\/06\/64e4fc76-image.jpeg 1024w, https:\/\/www.greenpeace.org\/static\/planet4-czech-republic-stateless\/2026\/06\/64e4fc76-image-300x229.jpeg 300w, https:\/\/www.greenpeace.org\/static\/planet4-czech-republic-stateless\/2026\/06\/64e4fc76-image-768x587.jpeg 768w, https:\/\/www.greenpeace.org\/static\/planet4-czech-republic-stateless\/2026\/06\/64e4fc76-image-445x340.jpeg 445w\" sizes=\"auto, (max-width: 1024px) 100vw, 1024px\" data-image-size=\"post-thumbnail\" data-stateless-media-bucket=\"planet4-czech-republic-stateless\" data-stateless-media-name=\"2026\/06\/64e4fc76-image.jpeg\" \/><\/a><\/figure>\n\n\n<div class=\"wp-block-group is-layout-flow wp-block-group-is-layout-flow\">\n                <div class=\"wp-block-group is-layout-flex wp-block-group-is-layout-flex\"><div class=\"wp-block-post-terms\"><a data-ga-category=\"Posts List\" data-ga-action=\"Post Type Tag\" data-ga-label=\"n\/a\" href=\"https:\/\/www.greenpeace.org\/czech\/category\/nezarazeno\/\">Neza\u0159azeno<\/a><\/div>\n                <div class=\"taxonomy-post_tag wp-block-post-terms\"><a data-ga-category=\"Posts List\" data-ga-action=\"Navigation Tag\" data-ga-label=\"n\/a\" href=\"https:\/\/www.greenpeace.org\/czech\/tag\/oceany\/\" rel=\"tag\">Oce\u00e1ny<\/a><span class=\"wp-block-post-terms__separator\"> <\/span><a data-ga-category=\"Posts List\" data-ga-action=\"Navigation Tag\" data-ga-label=\"n\/a\" href=\"https:\/\/www.greenpeace.org\/czech\/tag\/zmena-klimatu\/\" rel=\"tag\">Zm\u011bnaKlimatu<\/a><\/div>\n                \n                <\/div>\n                \n\n<h3 class=\"wp-block-post-title\"><a data-ga-category=\"Posts List\" data-ga-action=\"Title\" data-ga-label=\"n\/a\" href=\"https:\/\/www.greenpeace.org\/czech\/tiskova-zprava\/25286\/podpora-moratoria-na-hlubokomorskou-tezbu-vzrostla-na-46-statu-ceska-republika-mezi-nimi-zatim-chybi\/\" target=\"_self\" >Podpora moratoria na hlubokomo\u0159skou t\u011b\u017ebu vzrostla na 46 st\u00e1t\u016f: \u010cesk\u00e1 republika mezi nimi zat\u00edm chyb\u00ed<\/a><\/h3>\n\n<div class=\"wp-block-post-excerpt\"><p class=\"wp-block-post-excerpt__excerpt\">Kingston, Jamajka \/ Praha 4. srpna 2026 \u2013 P\u0159es v\u00edkend skon\u010dilo 31. Valn\u00e9 shrom\u00e1\u017ed\u011bn\u00ed Mezin\u00e1rodn\u00edho \u00fa\u0159adu pro mo\u0159sk\u00e9 dno (ISA), kde m\u011bla sv\u00e9 zastoupen\u00ed i \u010cesk\u00e1 republika. Zased\u00e1n\u00ed skon\u010dilo zklam\u00e1n\u00edm,&hellip; <\/p><\/div>\n\n\n<div class=\"wp-block-group posts-list-meta is-layout-flow wp-block-group-is-layout-flow\"><span class='article-list-item-author'>Greenpeace<\/span>\n\n<div class=\"wp-block-post-date\"><time datetime=\"2026-08-04T10:36:08+01:00\">4 srpna, 2026<\/time><\/div><\/div>\n<\/div>\n<\/div>\n\n<\/li><li class=\"wp-block-post post-25291 post type-post status-publish format-standard has-post-thumbnail hentry category-greenpeace tag-ovzdusi tag-zmena-klimatu p4-page-type-tiskova-zprava\">\n\n<div class=\"wp-block-columns is-layout-flex wp-container-core-columns-is-layout-8f761849 wp-block-columns-is-layout-flex\"><figure class=\"wp-block-post-featured-image\"><a href=\"https:\/\/www.greenpeace.org\/czech\/tiskova-zprava\/25291\/tykac-si-odlil-22-miliard-z-tezby-uhli-a-zdraha-se-dat-obcim-usetrenou-miliardu-z-rekultivaci\/\" target=\"_self\"  ><img loading=\"lazy\" decoding=\"async\" data-ga-category=\"Posts List\" data-ga-action=\"Image\" data-ga-label=\"n\/a\" width=\"2400\" height=\"1597\" src=\"https:\/\/www.greenpeace.org\/static\/planet4-czech-republic-stateless\/2026\/08\/cbf7befc-202_10_25_buciny_tykac_2400px_zewlakk-4915-1.jpg\" class=\"attachment-post-thumbnail size-post-thumbnail wp-post-image wp-stateless-item\" alt=\"Tyka\u010d si odlil 22 miliard z t\u011b\u017eby uhl\u00ed a zdr\u00e1h\u00e1 se d\u00e1t obc\u00edm u\u0161et\u0159enou miliardu z rekultivac\u00ed\u00a0\" style=\"object-fit:cover;\" srcset=\"https:\/\/www.greenpeace.org\/static\/planet4-czech-republic-stateless\/2026\/08\/cbf7befc-202_10_25_buciny_tykac_2400px_zewlakk-4915-1.jpg 2400w, https:\/\/www.greenpeace.org\/static\/planet4-czech-republic-stateless\/2026\/08\/cbf7befc-202_10_25_buciny_tykac_2400px_zewlakk-4915-1-300x200.jpg 300w, https:\/\/www.greenpeace.org\/static\/planet4-czech-republic-stateless\/2026\/08\/cbf7befc-202_10_25_buciny_tykac_2400px_zewlakk-4915-1-1024x681.jpg 1024w, https:\/\/www.greenpeace.org\/static\/planet4-czech-republic-stateless\/2026\/08\/cbf7befc-202_10_25_buciny_tykac_2400px_zewlakk-4915-1-768x511.jpg 768w, https:\/\/www.greenpeace.org\/static\/planet4-czech-republic-stateless\/2026\/08\/cbf7befc-202_10_25_buciny_tykac_2400px_zewlakk-4915-1-1536x1022.jpg 1536w, https:\/\/www.greenpeace.org\/static\/planet4-czech-republic-stateless\/2026\/08\/cbf7befc-202_10_25_buciny_tykac_2400px_zewlakk-4915-1-2048x1363.jpg 2048w, https:\/\/www.greenpeace.org\/static\/planet4-czech-republic-stateless\/2026\/08\/cbf7befc-202_10_25_buciny_tykac_2400px_zewlakk-4915-1-510x340.jpg 510w\" sizes=\"auto, (max-width: 2400px) 100vw, 2400px\" data-image-size=\"post-thumbnail\" data-stateless-media-bucket=\"planet4-czech-republic-stateless\" data-stateless-media-name=\"2026\/08\/cbf7befc-202_10_25_buciny_tykac_2400px_zewlakk-4915-1.jpg\" \/><\/a><\/figure>\n\n\n<div class=\"wp-block-group is-layout-flow wp-block-group-is-layout-flow\">\n                <div class=\"wp-block-group is-layout-flex wp-block-group-is-layout-flex\"><div class=\"wp-block-post-terms\"><a data-ga-category=\"Posts List\" data-ga-action=\"Post Type Tag\" data-ga-label=\"n\/a\" href=\"https:\/\/www.greenpeace.org\/czech\/category\/greenpeace\/\">Greenpeace<\/a><\/div>\n                <div class=\"taxonomy-post_tag wp-block-post-terms\"><a data-ga-category=\"Posts List\" data-ga-action=\"Navigation Tag\" data-ga-label=\"n\/a\" href=\"https:\/\/www.greenpeace.org\/czech\/tag\/ovzdusi\/\" rel=\"tag\">Ovzdu\u0161\u00ed<\/a><span class=\"wp-block-post-terms__separator\"> <\/span><a data-ga-category=\"Posts List\" data-ga-action=\"Navigation Tag\" data-ga-label=\"n\/a\" href=\"https:\/\/www.greenpeace.org\/czech\/tag\/zmena-klimatu\/\" rel=\"tag\">Zm\u011bnaKlimatu<\/a><\/div>\n                \n                <\/div>\n                \n\n<h3 class=\"wp-block-post-title\"><a data-ga-category=\"Posts List\" data-ga-action=\"Title\" data-ga-label=\"n\/a\" href=\"https:\/\/www.greenpeace.org\/czech\/tiskova-zprava\/25291\/tykac-si-odlil-22-miliard-z-tezby-uhli-a-zdraha-se-dat-obcim-usetrenou-miliardu-z-rekultivaci\/\" target=\"_self\" >Tyka\u010d si odlil 22 miliard z t\u011b\u017eby uhl\u00ed a zdr\u00e1h\u00e1 se d\u00e1t obc\u00edm u\u0161et\u0159enou miliardu z rekultivac\u00ed\u00a0<\/a><\/h3>\n\n<div class=\"wp-block-post-excerpt\"><p class=\"wp-block-post-excerpt__excerpt\">Pavel Tyka\u010d vyt\u00e1hl ze sv\u00fdch t\u011b\u017eebn\u00edch firem 22 miliard korun na dividend\u00e1ch, kter\u00e9 sm\u011b\u0159ovaly do nepr\u016fhledn\u00e9 firmy Czech Coal se s\u00eddlem v kypersk\u00e9m da\u0148ov\u00e9m r\u00e1ji. St\u00e1tu za stejnou dobu (2009-2017)&hellip; <\/p><\/div>\n\n\n<div class=\"wp-block-group posts-list-meta is-layout-flow wp-block-group-is-layout-flow\"><span class='article-list-item-author'>Greenpeace<\/span>\n\n<div class=\"wp-block-post-date\"><time datetime=\"2026-07-23T10:13:54+01:00\">23 \u010dervence, 2026<\/time><\/div><\/div>\n<\/div>\n<\/div>\n\n<\/li><li class=\"wp-block-post post-25235 post type-post status-publish format-standard has-post-thumbnail hentry category-energeticka-revoluce category-nezarazeno tag-zmena-klimatu tag-konec-doby-fosilni p4-page-type-tiskova-zprava\">\n\n<div class=\"wp-block-columns is-layout-flex wp-container-core-columns-is-layout-8f761849 wp-block-columns-is-layout-flex\"><figure class=\"wp-block-post-featured-image\"><a href=\"https:\/\/www.greenpeace.org\/czech\/tiskova-zprava\/25235\/navrh-revize-systemu-eu-ets1-oslabuje-motivaci-ke-snizovani-emisi-a-nahrava-velkym-znecistovatelum-varuji-ekologicke-organizace\/\" target=\"_self\"  ><img loading=\"lazy\" decoding=\"async\" data-ga-category=\"Posts List\" data-ga-action=\"Image\" data-ga-label=\"n\/a\" width=\"1200\" height=\"800\" src=\"https:\/\/www.greenpeace.org\/static\/planet4-czech-republic-stateless\/2026\/07\/d73611fb-gp0su39eq.jpg\" class=\"attachment-post-thumbnail size-post-thumbnail wp-post-image wp-stateless-item\" alt=\"N\u00e1vrh revize syst\u00e9mu EU ETS1 oslabuje motivaci ke sni\u017eov\u00e1n\u00ed emis\u00ed a nahr\u00e1v\u00e1 velk\u00fdm zne\u010di\u0161\u0165ovatel\u016fm, varuj\u00ed ekologick\u00e9 organizace\" style=\"object-fit:cover;\" srcset=\"https:\/\/www.greenpeace.org\/static\/planet4-czech-republic-stateless\/2026\/07\/d73611fb-gp0su39eq.jpg 1200w, https:\/\/www.greenpeace.org\/static\/planet4-czech-republic-stateless\/2026\/07\/d73611fb-gp0su39eq-300x200.jpg 300w, https:\/\/www.greenpeace.org\/static\/planet4-czech-republic-stateless\/2026\/07\/d73611fb-gp0su39eq-1024x683.jpg 1024w, https:\/\/www.greenpeace.org\/static\/planet4-czech-republic-stateless\/2026\/07\/d73611fb-gp0su39eq-768x512.jpg 768w, https:\/\/www.greenpeace.org\/static\/planet4-czech-republic-stateless\/2026\/07\/d73611fb-gp0su39eq-510x340.jpg 510w\" sizes=\"auto, (max-width: 1200px) 100vw, 1200px\" data-image-size=\"post-thumbnail\" data-stateless-media-bucket=\"planet4-czech-republic-stateless\" data-stateless-media-name=\"2026\/07\/d73611fb-gp0su39eq.jpg\" \/><\/a><\/figure>\n\n\n<div class=\"wp-block-group is-layout-flow wp-block-group-is-layout-flow\">\n                <div class=\"wp-block-group is-layout-flex wp-block-group-is-layout-flex\"><div class=\"wp-block-post-terms\"><a data-ga-category=\"Posts List\" data-ga-action=\"Post Type Tag\" data-ga-label=\"n\/a\" href=\"https:\/\/www.greenpeace.org\/czech\/category\/issues\/energeticka-revoluce\/\">Energetick\u00e1 revoluce<\/a><\/div>\n                <div class=\"taxonomy-post_tag wp-block-post-terms\"><a data-ga-category=\"Posts List\" data-ga-action=\"Navigation Tag\" data-ga-label=\"n\/a\" href=\"https:\/\/www.greenpeace.org\/czech\/tag\/zmena-klimatu\/\" rel=\"tag\">Zm\u011bnaKlimatu<\/a><span class=\"wp-block-post-terms__separator\"> <\/span><a data-ga-category=\"Posts List\" data-ga-action=\"Navigation Tag\" data-ga-label=\"n\/a\" href=\"https:\/\/www.greenpeace.org\/czech\/tag\/konec-doby-fosilni\/\" rel=\"tag\">KonecDobyFosiln\u00ed<\/a><\/div>\n                \n                <\/div>\n                \n\n<h3 class=\"wp-block-post-title\"><a data-ga-category=\"Posts List\" data-ga-action=\"Title\" data-ga-label=\"n\/a\" href=\"https:\/\/www.greenpeace.org\/czech\/tiskova-zprava\/25235\/navrh-revize-systemu-eu-ets1-oslabuje-motivaci-ke-snizovani-emisi-a-nahrava-velkym-znecistovatelum-varuji-ekologicke-organizace\/\" target=\"_self\" >N\u00e1vrh revize syst\u00e9mu EU ETS1 oslabuje motivaci ke sni\u017eov\u00e1n\u00ed emis\u00ed a nahr\u00e1v\u00e1 velk\u00fdm zne\u010di\u0161\u0165ovatel\u016fm, varuj\u00ed ekologick\u00e9 organizace<\/a><\/h3>\n\n<div class=\"wp-block-post-excerpt\"><p class=\"wp-block-post-excerpt__excerpt\">Spole\u010dn\u00e1 tiskov\u00e1 zpr\u00e1va Centra pro dopravu a energetiku, Greenpeace \u010cR a Hnut\u00ed DUHA <\/p><\/div>\n\n\n<div class=\"wp-block-group posts-list-meta is-layout-flow wp-block-group-is-layout-flow\"><span class='article-list-item-author'>Spole\u010dn\u00e1 tiskov\u00e1 zpr\u00e1va Centra pro dopravu a energetiku, Greenpeace \u010cR a Hnut\u00ed DUHA<\/span>\n\n<div class=\"wp-block-post-date\"><time datetime=\"2026-07-17T15:47:00+01:00\">17 \u010dervence, 2026<\/time><\/div><\/div>\n<\/div>\n<\/div>\n\n<\/li><li class=\"wp-block-post post-25211 post type-post status-publish format-standard has-post-thumbnail hentry category-greenpeace category-issues tag-lesy-pralesy tag-uspechy p4-page-type-tiskova-zprava\">\n\n<div class=\"wp-block-columns is-layout-flex wp-container-core-columns-is-layout-8f761849 wp-block-columns-is-layout-flex\"><figure class=\"wp-block-post-featured-image\"><a href=\"https:\/\/www.greenpeace.org\/czech\/tiskova-zprava\/25211\/greenpeace-desitky-tisic-lidi-zadaji-ochranu-svetovych-lesu-ministerstvo-slibuje-nepodporit-oslabeni-klicove-legislativy\/\" target=\"_self\"  ><img loading=\"lazy\" decoding=\"async\" data-ga-category=\"Posts List\" data-ga-action=\"Image\" data-ga-label=\"n\/a\" width=\"800\" height=\"533\" src=\"https:\/\/www.greenpeace.org\/static\/planet4-czech-republic-stateless\/2026\/07\/c4b0af0e-gp0su6pif_low-res-800px.jpg\" class=\"attachment-post-thumbnail size-post-thumbnail wp-post-image wp-stateless-item\" alt=\"Greenpeace: Des\u00edtky tis\u00edc lid\u00ed \u017e\u00e1daj\u00ed ochranu sv\u011btov\u00fdch les\u016f. Ministerstvo slibuje nepodpo\u0159it oslaben\u00ed kl\u00ed\u010dov\u00e9 legislativy\" style=\"object-fit:cover;\" srcset=\"https:\/\/www.greenpeace.org\/static\/planet4-czech-republic-stateless\/2026\/07\/c4b0af0e-gp0su6pif_low-res-800px.jpg 800w, https:\/\/www.greenpeace.org\/static\/planet4-czech-republic-stateless\/2026\/07\/c4b0af0e-gp0su6pif_low-res-800px-300x200.jpg 300w, https:\/\/www.greenpeace.org\/static\/planet4-czech-republic-stateless\/2026\/07\/c4b0af0e-gp0su6pif_low-res-800px-768x512.jpg 768w, https:\/\/www.greenpeace.org\/static\/planet4-czech-republic-stateless\/2026\/07\/c4b0af0e-gp0su6pif_low-res-800px-510x340.jpg 510w\" sizes=\"auto, (max-width: 800px) 100vw, 800px\" data-image-size=\"post-thumbnail\" data-stateless-media-bucket=\"planet4-czech-republic-stateless\" data-stateless-media-name=\"2026\/07\/c4b0af0e-gp0su6pif_low-res-800px.jpg\" \/><\/a><\/figure>\n\n\n<div class=\"wp-block-group is-layout-flow wp-block-group-is-layout-flow\">\n                <div class=\"wp-block-group is-layout-flex wp-block-group-is-layout-flex\"><div class=\"wp-block-post-terms\"><a data-ga-category=\"Posts List\" data-ga-action=\"Post Type Tag\" data-ga-label=\"n\/a\" href=\"https:\/\/www.greenpeace.org\/czech\/category\/greenpeace\/\">Greenpeace<\/a><\/div>\n                <div class=\"taxonomy-post_tag wp-block-post-terms\"><a data-ga-category=\"Posts List\" data-ga-action=\"Navigation Tag\" data-ga-label=\"n\/a\" href=\"https:\/\/www.greenpeace.org\/czech\/tag\/lesy-pralesy\/\" rel=\"tag\">Lesy&amp;Pralesy<\/a><span class=\"wp-block-post-terms__separator\"> <\/span><a data-ga-category=\"Posts List\" data-ga-action=\"Navigation Tag\" data-ga-label=\"n\/a\" href=\"https:\/\/www.greenpeace.org\/czech\/tag\/uspechy\/\" rel=\"tag\">\u00dasp\u011bchy<\/a><\/div>\n                \n                <\/div>\n                \n\n<h3 class=\"wp-block-post-title\"><a data-ga-category=\"Posts List\" data-ga-action=\"Title\" data-ga-label=\"n\/a\" href=\"https:\/\/www.greenpeace.org\/czech\/tiskova-zprava\/25211\/greenpeace-desitky-tisic-lidi-zadaji-ochranu-svetovych-lesu-ministerstvo-slibuje-nepodporit-oslabeni-klicove-legislativy\/\" target=\"_self\" >Greenpeace: Des\u00edtky tis\u00edc lid\u00ed \u017e\u00e1daj\u00ed ochranu sv\u011btov\u00fdch les\u016f. Ministerstvo slibuje nepodpo\u0159it oslaben\u00ed kl\u00ed\u010dov\u00e9 legislativy<\/a><\/h3>\n\n<div class=\"wp-block-post-excerpt\"><p class=\"wp-block-post-excerpt__excerpt\">Praha, 11.6.2026 \u2013 Necel\u00fd m\u011bs\u00edc po zve\u0159ejn\u011bn\u00ed n\u00e1vrhu na zjednodu\u0161en\u00ed evropsk\u00e9ho na\u0159\u00edzen\u00ed proti odles\u0148ov\u00e1n\u00ed (EUDR) p\u0159edalo Greenpeace Ministerstvu zem\u011bd\u011blstv\u00ed v\u00fdzvu za jeho pln\u00e9 a d\u016fsledn\u00e9 zaveden\u00ed. Pod po\u017eadavek na ochranu prales\u016f a proti dal\u0161\u00edmu oslabov\u00e1n\u00ed \u010di odkl\u00e1d\u00e1n\u00ed na\u0159\u00edzen\u00ed se podepsalo 32 878 \u010cech\u016f. <\/p><\/div>\n\n\n<div class=\"wp-block-group posts-list-meta is-layout-flow wp-block-group-is-layout-flow\"><span class='article-list-item-author'><a data-ga-category=\"Posts List\" data-ga-action=\"Author\" data-ga-label=\"n\/a\" href='https:\/\/www.greenpeace.org\/czech\/author\/kristina-figueroa\/'>Kristina Figueroa<\/a><\/span>\n\n<div class=\"wp-block-post-date\"><time datetime=\"2026-06-11T23:39:00+01:00\">11 \u010dervna, 2026<\/time><\/div><\/div>\n<\/div>\n<\/div>\n\n<\/li><li class=\"wp-block-post post-25215 post type-post status-publish format-standard has-post-thumbnail hentry category-greenpeace category-issues tag-oceany p4-page-type-tiskova-zprava\">\n\n<div class=\"wp-block-columns is-layout-flex wp-container-core-columns-is-layout-8f761849 wp-block-columns-is-layout-flex\"><figure class=\"wp-block-post-featured-image\"><a href=\"https:\/\/www.greenpeace.org\/czech\/tiskova-zprava\/25215\/svetovy-den-oceanu-cesko-musi-podporit-ochranu-oceanu-a-postavit-se-proti-hlubokomorske-tezbe\/\" target=\"_self\"  ><img loading=\"lazy\" decoding=\"async\" data-ga-category=\"Posts List\" data-ga-action=\"Image\" data-ga-label=\"n\/a\" width=\"800\" height=\"533\" src=\"https:\/\/www.greenpeace.org\/static\/planet4-czech-republic-stateless\/2026\/07\/1851fe2d-gp0su8hge_low-res-800px.jpg\" class=\"attachment-post-thumbnail size-post-thumbnail wp-post-image wp-stateless-item\" alt=\"Sv\u011btov\u00fd den oce\u00e1n\u016f: \u010cesko mus\u00ed podpo\u0159it ochranu oce\u00e1n\u016f a postavit se proti hlubokomo\u0159sk\u00e9 t\u011b\u017eb\u011b\" style=\"object-fit:cover;\" srcset=\"https:\/\/www.greenpeace.org\/static\/planet4-czech-republic-stateless\/2026\/07\/1851fe2d-gp0su8hge_low-res-800px.jpg 800w, https:\/\/www.greenpeace.org\/static\/planet4-czech-republic-stateless\/2026\/07\/1851fe2d-gp0su8hge_low-res-800px-300x200.jpg 300w, https:\/\/www.greenpeace.org\/static\/planet4-czech-republic-stateless\/2026\/07\/1851fe2d-gp0su8hge_low-res-800px-768x512.jpg 768w, https:\/\/www.greenpeace.org\/static\/planet4-czech-republic-stateless\/2026\/07\/1851fe2d-gp0su8hge_low-res-800px-510x340.jpg 510w\" sizes=\"auto, (max-width: 800px) 100vw, 800px\" data-image-size=\"post-thumbnail\" data-stateless-media-bucket=\"planet4-czech-republic-stateless\" data-stateless-media-name=\"2026\/07\/1851fe2d-gp0su8hge_low-res-800px.jpg\" \/><\/a><\/figure>\n\n\n<div class=\"wp-block-group is-layout-flow wp-block-group-is-layout-flow\">\n                <div class=\"wp-block-group is-layout-flex wp-block-group-is-layout-flex\"><div class=\"wp-block-post-terms\"><a data-ga-category=\"Posts List\" data-ga-action=\"Post Type Tag\" data-ga-label=\"n\/a\" href=\"https:\/\/www.greenpeace.org\/czech\/category\/greenpeace\/\">Greenpeace<\/a><\/div>\n                <div class=\"taxonomy-post_tag wp-block-post-terms\"><a data-ga-category=\"Posts List\" data-ga-action=\"Navigation Tag\" data-ga-label=\"n\/a\" href=\"https:\/\/www.greenpeace.org\/czech\/tag\/oceany\/\" rel=\"tag\">Oce\u00e1ny<\/a><\/div>\n                \n                <\/div>\n                \n\n<h3 class=\"wp-block-post-title\"><a data-ga-category=\"Posts List\" data-ga-action=\"Title\" data-ga-label=\"n\/a\" href=\"https:\/\/www.greenpeace.org\/czech\/tiskova-zprava\/25215\/svetovy-den-oceanu-cesko-musi-podporit-ochranu-oceanu-a-postavit-se-proti-hlubokomorske-tezbe\/\" target=\"_self\" >Sv\u011btov\u00fd den oce\u00e1n\u016f: \u010cesko mus\u00ed podpo\u0159it ochranu oce\u00e1n\u016f a postavit se proti hlubokomo\u0159sk\u00e9 t\u011b\u017eb\u011b<\/a><\/h3>\n\n<div class=\"wp-block-post-excerpt\"><p class=\"wp-block-post-excerpt__excerpt\">P\u0159esto\u017ee \u010cesko nem\u00e1 p\u0159\u00edstup k mo\u0159i, m\u016f\u017ee prost\u0159ednictv\u00edm mezin\u00e1rodn\u00edch instituc\u00ed a dohod v\u00fdznamn\u011b ovlivnit budoucnost sv\u011btov\u00fdch oce\u00e1n\u016f. Greenpeace \u010cR proto p\u0159i p\u0159\u00edle\u017eitosti Sv\u011btov\u00e9ho dne oce\u00e1n\u016f vyz\u00fdv\u00e1 vl\u00e1du, aby podpo\u0159ila ochranu oce\u00e1n\u016f p\u0159ed hlubokomo\u0159skou t\u011b\u017ebou a ratifikovala Oce\u00e1nskou dohodu. Organizace z\u00e1rove\u0148 spou\u0161t\u00ed ve\u0159ejnou v\u00fdzvu \u201eZachra\u0148me oce\u00e1ny\u201c, jej\u00edm\u017e c\u00edlem je prosadit ochranu 30 % sv\u011btov\u00fdch oce\u00e1n\u016f a&hellip; <\/p><\/div>\n\n\n<div class=\"wp-block-group posts-list-meta is-layout-flow wp-block-group-is-layout-flow\"><span class='article-list-item-author'><a data-ga-category=\"Posts List\" data-ga-action=\"Author\" data-ga-label=\"n\/a\" href='https:\/\/www.greenpeace.org\/czech\/author\/kristina-figueroa\/'>Kristina Figueroa<\/a><\/span>\n\n<div class=\"wp-block-post-date\"><time datetime=\"2026-06-08T23:50:00+01:00\">8 \u010dervna, 2026<\/time><\/div><\/div>\n<\/div>\n<\/div>\n\n<\/li><li class=\"wp-block-post post-25219 post type-post status-publish format-standard has-post-thumbnail hentry category-greenpeace category-issues tag-zmena-klimatu tag-aktivni-spolecnost p4-page-type-tiskova-zprava\">\n\n<div class=\"wp-block-columns is-layout-flex wp-container-core-columns-is-layout-8f761849 wp-block-columns-is-layout-flex\"><figure class=\"wp-block-post-featured-image\"><a href=\"https:\/\/www.greenpeace.org\/czech\/tiskova-zprava\/25219\/reakce-ekologu-odmitnutim-hlasovat-pro-klimatickou-rezoluci-babisova-vlada-s-motoristy-ukazala-ze-odmita-resit-nasi-budoucnost\/\" target=\"_self\"  ><img loading=\"lazy\" decoding=\"async\" data-ga-category=\"Posts List\" data-ga-action=\"Image\" data-ga-label=\"n\/a\" width=\"1444\" height=\"887\" src=\"https:\/\/www.greenpeace.org\/static\/planet4-czech-republic-stateless\/2026\/06\/5837ecf1-s-babisova-slabota.jpg\" class=\"attachment-post-thumbnail size-post-thumbnail wp-post-image wp-stateless-item\" alt=\"Reakce ekolog\u016f: odm\u00edtnut\u00edm hlasovat pro klimatickou rezoluci Babi\u0161ova vl\u00e1da s Motoristy uk\u00e1zala, \u017ee odm\u00edt\u00e1 \u0159e\u0161it na\u0161i budoucnost\" style=\"object-fit:cover;\" srcset=\"https:\/\/www.greenpeace.org\/static\/planet4-czech-republic-stateless\/2026\/06\/5837ecf1-s-babisova-slabota.jpg 1444w, https:\/\/www.greenpeace.org\/static\/planet4-czech-republic-stateless\/2026\/06\/5837ecf1-s-babisova-slabota-300x184.jpg 300w, https:\/\/www.greenpeace.org\/static\/planet4-czech-republic-stateless\/2026\/06\/5837ecf1-s-babisova-slabota-1024x629.jpg 1024w, https:\/\/www.greenpeace.org\/static\/planet4-czech-republic-stateless\/2026\/06\/5837ecf1-s-babisova-slabota-768x472.jpg 768w, https:\/\/www.greenpeace.org\/static\/planet4-czech-republic-stateless\/2026\/06\/5837ecf1-s-babisova-slabota-510x313.jpg 510w\" sizes=\"auto, (max-width: 1444px) 100vw, 1444px\" data-image-size=\"post-thumbnail\" data-stateless-media-bucket=\"planet4-czech-republic-stateless\" data-stateless-media-name=\"2026\/06\/5837ecf1-s-babisova-slabota.jpg\" \/><\/a><\/figure>\n\n\n<div class=\"wp-block-group is-layout-flow wp-block-group-is-layout-flow\">\n                <div class=\"wp-block-group is-layout-flex wp-block-group-is-layout-flex\"><div class=\"wp-block-post-terms\"><a data-ga-category=\"Posts List\" data-ga-action=\"Post Type Tag\" data-ga-label=\"n\/a\" href=\"https:\/\/www.greenpeace.org\/czech\/category\/greenpeace\/\">Greenpeace<\/a><\/div>\n                <div class=\"taxonomy-post_tag wp-block-post-terms\"><a data-ga-category=\"Posts List\" data-ga-action=\"Navigation Tag\" data-ga-label=\"n\/a\" href=\"https:\/\/www.greenpeace.org\/czech\/tag\/zmena-klimatu\/\" rel=\"tag\">Zm\u011bnaKlimatu<\/a><span class=\"wp-block-post-terms__separator\"> <\/span><a data-ga-category=\"Posts List\" data-ga-action=\"Navigation Tag\" data-ga-label=\"n\/a\" href=\"https:\/\/www.greenpeace.org\/czech\/tag\/aktivni-spolecnost\/\" rel=\"tag\">Aktivn\u00edSpole\u010dnost<\/a><\/div>\n                \n                <\/div>\n                \n\n<h3 class=\"wp-block-post-title\"><a data-ga-category=\"Posts List\" data-ga-action=\"Title\" data-ga-label=\"n\/a\" href=\"https:\/\/www.greenpeace.org\/czech\/tiskova-zprava\/25219\/reakce-ekologu-odmitnutim-hlasovat-pro-klimatickou-rezoluci-babisova-vlada-s-motoristy-ukazala-ze-odmita-resit-nasi-budoucnost\/\" target=\"_self\" >Reakce ekolog\u016f: odm\u00edtnut\u00edm hlasovat pro klimatickou rezoluci Babi\u0161ova vl\u00e1da s Motoristy uk\u00e1zala, \u017ee odm\u00edt\u00e1 \u0159e\u0161it na\u0161i budoucnost<\/a><\/h3>\n\n<div class=\"wp-block-post-excerpt\"><p class=\"wp-block-post-excerpt__excerpt\">\u010cesk\u00e1 republika se jako jedin\u00e1 zem\u011b EU p\u0159ipojila k ropn\u00fdm st\u00e1t\u016fm jako Katar \u010di Kuvajt a odm\u00edtla podpo\u0159it rezoluci Valn\u00e9ho shrom\u00e1\u017ed\u011bn\u00ed OSN o ochran\u011b klimatu. Vl\u00e1da Andreje Babi\u0161e, v n\u00ed\u017e Motorist\u00e9 dr\u017e\u00ed ministerstvo zahrani\u010d\u00ed i \u017eivotn\u00edho prost\u0159ed\u00ed, t\u00edm jasn\u011b uk\u00e1zala, \u017ee ochrana p\u0159\u00edrody a budoucnost lid\u00ed ohro\u017een\u00fdch klimatickou kriz\u00ed pro ni nejsou d\u016fle\u017eit\u00e9. Rezoluce m\u011bla&hellip; <\/p><\/div>\n\n\n<div class=\"wp-block-group posts-list-meta is-layout-flow wp-block-group-is-layout-flow\"><span class='article-list-item-author'><a data-ga-category=\"Posts List\" data-ga-action=\"Author\" data-ga-label=\"n\/a\" href='https:\/\/www.greenpeace.org\/czech\/author\/kristina-figueroa\/'>Kristina Figueroa<\/a><\/span>\n\n<div class=\"wp-block-post-date\"><time datetime=\"2026-05-21T23:55:15+01:00\">21 kv\u011btna, 2026<\/time><\/div><\/div>\n<\/div>\n<\/div>\n\n<\/li><li class=\"wp-block-post post-25223 post type-post status-publish format-standard has-post-thumbnail hentry category-greenpeace category-issues tag-plast-je-past p4-page-type-tiskova-zprava\">\n\n<div class=\"wp-block-columns is-layout-flex wp-container-core-columns-is-layout-8f761849 wp-block-columns-is-layout-flex\"><figure class=\"wp-block-post-featured-image\"><a href=\"https:\/\/www.greenpeace.org\/czech\/tiskova-zprava\/25223\/studie-greenpeace-odhalila-mikroplasty-v-detske-vyzive-prodavane-v-plastovych-kapsickach-organizace-varuje-pred-rizikem-pro-miliony-deti\/\" target=\"_self\"  ><img loading=\"lazy\" decoding=\"async\" data-ga-category=\"Posts List\" data-ga-action=\"Image\" data-ga-label=\"n\/a\" width=\"2560\" height=\"1683\" src=\"https:\/\/www.greenpeace.org\/static\/planet4-czech-republic-stateless\/2026\/05\/40b7c990-master_01-scaled.jpg\" class=\"attachment-post-thumbnail size-post-thumbnail wp-post-image wp-stateless-item\" alt=\"Studie Greenpeace odhalila mikroplasty v d\u011btsk\u00e9 v\u00fd\u017eiv\u011b prod\u00e1van\u00e9 v plastov\u00fdch kapsi\u010dk\u00e1ch. Organizace varuje p\u0159ed rizikem pro miliony d\u011bt\u00ed\" style=\"object-fit:cover;\" srcset=\"https:\/\/www.greenpeace.org\/static\/planet4-czech-republic-stateless\/2026\/05\/40b7c990-master_01-scaled.jpg 2560w, https:\/\/www.greenpeace.org\/static\/planet4-czech-republic-stateless\/2026\/05\/40b7c990-master_01-300x197.jpg 300w, https:\/\/www.greenpeace.org\/static\/planet4-czech-republic-stateless\/2026\/05\/40b7c990-master_01-1024x673.jpg 1024w, https:\/\/www.greenpeace.org\/static\/planet4-czech-republic-stateless\/2026\/05\/40b7c990-master_01-768x505.jpg 768w, https:\/\/www.greenpeace.org\/static\/planet4-czech-republic-stateless\/2026\/05\/40b7c990-master_01-1536x1010.jpg 1536w, https:\/\/www.greenpeace.org\/static\/planet4-czech-republic-stateless\/2026\/05\/40b7c990-master_01-2048x1346.jpg 2048w, https:\/\/www.greenpeace.org\/static\/planet4-czech-republic-stateless\/2026\/05\/40b7c990-master_01-510x335.jpg 510w\" sizes=\"auto, (max-width: 2560px) 100vw, 2560px\" data-image-size=\"post-thumbnail\" data-stateless-media-bucket=\"planet4-czech-republic-stateless\" data-stateless-media-name=\"2026\/05\/40b7c990-master_01-scaled.jpg\" \/><\/a><\/figure>\n\n\n<div class=\"wp-block-group is-layout-flow wp-block-group-is-layout-flow\">\n                <div class=\"wp-block-group is-layout-flex wp-block-group-is-layout-flex\"><div class=\"wp-block-post-terms\"><a data-ga-category=\"Posts List\" data-ga-action=\"Post Type Tag\" data-ga-label=\"n\/a\" href=\"https:\/\/www.greenpeace.org\/czech\/category\/greenpeace\/\">Greenpeace<\/a><\/div>\n                <div class=\"taxonomy-post_tag wp-block-post-terms\"><a data-ga-category=\"Posts List\" data-ga-action=\"Navigation Tag\" data-ga-label=\"n\/a\" href=\"https:\/\/www.greenpeace.org\/czech\/tag\/plast-je-past\/\" rel=\"tag\">PlastJePast<\/a><\/div>\n                \n                <\/div>\n                \n\n<h3 class=\"wp-block-post-title\"><a data-ga-category=\"Posts List\" data-ga-action=\"Title\" data-ga-label=\"n\/a\" href=\"https:\/\/www.greenpeace.org\/czech\/tiskova-zprava\/25223\/studie-greenpeace-odhalila-mikroplasty-v-detske-vyzive-prodavane-v-plastovych-kapsickach-organizace-varuje-pred-rizikem-pro-miliony-deti\/\" target=\"_self\" >Studie Greenpeace odhalila mikroplasty v d\u011btsk\u00e9 v\u00fd\u017eiv\u011b prod\u00e1van\u00e9 v plastov\u00fdch kapsi\u010dk\u00e1ch. Organizace varuje p\u0159ed rizikem pro miliony d\u011bt\u00ed<\/a><\/h3>\n\n<div class=\"wp-block-post-excerpt\"><p class=\"wp-block-post-excerpt__excerpt\">Nov\u00fd v\u00fdzkum zadan\u00fd organizac\u00ed Greenpeace International odhalil p\u0159\u00edtomnost mikroplast\u016f v d\u011btsk\u00e9 v\u00fd\u017eiv\u011b prod\u00e1van\u00e9 dv\u011bma nejv\u011bt\u0161\u00edmi potravin\u00e1\u0159sk\u00fdmi spole\u010dnostmi sv\u011bta \u2013 Nestl\u00e9 a Danone. N\u011bkter\u00e9 zkouman\u00e9 v\u00fdrobky se prod\u00e1vaj\u00ed i v \u010cesku.\u00a0 <\/p><\/div>\n\n\n<div class=\"wp-block-group posts-list-meta is-layout-flow wp-block-group-is-layout-flow\"><span class='article-list-item-author'><a data-ga-category=\"Posts List\" data-ga-action=\"Author\" data-ga-label=\"n\/a\" href='https:\/\/www.greenpeace.org\/czech\/author\/kristina-figueroa\/'>Kristina Figueroa<\/a><\/span>\n\n<div class=\"wp-block-post-date\"><time datetime=\"2026-05-21T00:00:14+01:00\">21 kv\u011btna, 2026<\/time><\/div><\/div>\n<\/div>\n<\/div>\n\n<\/li><li class=\"wp-block-post post-23604 post type-post status-publish format-standard has-post-thumbnail hentry category-greenpeace category-issues tag-zmena-klimatu tag-konec-doby-fosilni p4-page-type-tiskova-zprava\">\n\n<div class=\"wp-block-columns is-layout-flex wp-container-core-columns-is-layout-8f761849 wp-block-columns-is-layout-flex\"><figure class=\"wp-block-post-featured-image\"><a href=\"https:\/\/www.greenpeace.org\/czech\/tiskova-zprava\/23604\/konference-v-santa-marte-o-ukonceni-fosilnich-paliv-prelomovy-moment-pro-klima-a-energetickou-stabilitu\/\" target=\"_self\"  ><img loading=\"lazy\" decoding=\"async\" data-ga-category=\"Posts List\" data-ga-action=\"Image\" data-ga-label=\"n\/a\" width=\"1200\" height=\"800\" src=\"https:\/\/www.greenpeace.org\/static\/planet4-czech-republic-stateless\/2026\/05\/c0c43355-gp0su8qs9.jpg\" class=\"attachment-post-thumbnail size-post-thumbnail wp-post-image wp-stateless-item\" alt=\"Konference v Santa Mart\u011b o ukon\u010den\u00ed fosiln\u00edch paliv \u2013 p\u0159elomov\u00fd moment pro klima a energetickou stabilitu\" style=\"object-fit:cover;\" srcset=\"https:\/\/www.greenpeace.org\/static\/planet4-czech-republic-stateless\/2026\/05\/c0c43355-gp0su8qs9.jpg 1200w, https:\/\/www.greenpeace.org\/static\/planet4-czech-republic-stateless\/2026\/05\/c0c43355-gp0su8qs9-300x200.jpg 300w, https:\/\/www.greenpeace.org\/static\/planet4-czech-republic-stateless\/2026\/05\/c0c43355-gp0su8qs9-1024x683.jpg 1024w, https:\/\/www.greenpeace.org\/static\/planet4-czech-republic-stateless\/2026\/05\/c0c43355-gp0su8qs9-768x512.jpg 768w, https:\/\/www.greenpeace.org\/static\/planet4-czech-republic-stateless\/2026\/05\/c0c43355-gp0su8qs9-510x340.jpg 510w\" sizes=\"auto, (max-width: 1200px) 100vw, 1200px\" data-image-size=\"post-thumbnail\" data-stateless-media-bucket=\"planet4-czech-republic-stateless\" data-stateless-media-name=\"2026\/05\/c0c43355-gp0su8qs9.jpg\" \/><\/a><\/figure>\n\n\n<div class=\"wp-block-group is-layout-flow wp-block-group-is-layout-flow\">\n                <div class=\"wp-block-group is-layout-flex wp-block-group-is-layout-flex\"><div class=\"wp-block-post-terms\"><a data-ga-category=\"Posts List\" data-ga-action=\"Post Type Tag\" data-ga-label=\"n\/a\" href=\"https:\/\/www.greenpeace.org\/czech\/category\/greenpeace\/\">Greenpeace<\/a><\/div>\n                <div class=\"taxonomy-post_tag wp-block-post-terms\"><a data-ga-category=\"Posts List\" data-ga-action=\"Navigation Tag\" data-ga-label=\"n\/a\" href=\"https:\/\/www.greenpeace.org\/czech\/tag\/zmena-klimatu\/\" rel=\"tag\">Zm\u011bnaKlimatu<\/a><span class=\"wp-block-post-terms__separator\"> <\/span><a data-ga-category=\"Posts List\" data-ga-action=\"Navigation Tag\" data-ga-label=\"n\/a\" href=\"https:\/\/www.greenpeace.org\/czech\/tag\/konec-doby-fosilni\/\" rel=\"tag\">KonecDobyFosiln\u00ed<\/a><\/div>\n                \n                <\/div>\n                \n\n<h3 class=\"wp-block-post-title\"><a data-ga-category=\"Posts List\" data-ga-action=\"Title\" data-ga-label=\"n\/a\" href=\"https:\/\/www.greenpeace.org\/czech\/tiskova-zprava\/23604\/konference-v-santa-marte-o-ukonceni-fosilnich-paliv-prelomovy-moment-pro-klima-a-energetickou-stabilitu\/\" target=\"_self\" >Konference v Santa Mart\u011b o ukon\u010den\u00ed fosiln\u00edch paliv \u2013 p\u0159elomov\u00fd moment pro klima a energetickou stabilitu<\/a><\/h3>\n\n<div class=\"wp-block-post-excerpt\"><p class=\"wp-block-post-excerpt__excerpt\">V kolumbijsk\u00e9 Santa Mart\u011b skon\u010dila historicky prvn\u00ed mezin\u00e1rodn\u00ed konference o ukon\u010den\u00ed z\u00e1vislosti na fosiln\u00edch palivech. St\u00e1ty, kter\u00e9 se do iniciativy zapojily, te\u010f \u010dek\u00e1 kl\u00ed\u010dov\u00fd \u00fakol: prom\u011bnit spole\u010dn\u00e9 z\u00e1vazky v konkr\u00e9tn\u00ed kroky a udr\u017eet tempo zm\u011bn v glob\u00e1ln\u00ed klimatick\u00e9 politice. <\/p><\/div>\n\n\n<div class=\"wp-block-group posts-list-meta is-layout-flow wp-block-group-is-layout-flow\"><span class='article-list-item-author'><a data-ga-category=\"Posts List\" data-ga-action=\"Author\" data-ga-label=\"n\/a\" href='https:\/\/www.greenpeace.org\/czech\/author\/kristina-figueroa\/'>Kristina Figueroa<\/a><\/span>\n\n<div class=\"wp-block-post-date\"><time datetime=\"2026-05-03T22:19:57+01:00\">3 kv\u011btna, 2026<\/time><\/div><\/div>\n<\/div>\n<\/div>\n\n<\/li><li class=\"wp-block-post post-23599 post type-post status-publish format-standard has-post-thumbnail hentry category-greenpeace category-issues tag-zmena-klimatu tag-konec-doby-fosilni p4-page-type-tiskova-zprava\">\n\n<div class=\"wp-block-columns is-layout-flex wp-container-core-columns-is-layout-8f761849 wp-block-columns-is-layout-flex\"><figure class=\"wp-block-post-featured-image\"><a href=\"https:\/\/www.greenpeace.org\/czech\/tiskova-zprava\/23599\/greenpeace-na-prvnim-svetovem-summitu-o-konci-fosilnich-paliv-energeticka-krize-je-duvodem-k-urychleni-prechodu-na-obnovitelne-zdroje\/\" target=\"_self\"  ><img loading=\"lazy\" decoding=\"async\" data-ga-category=\"Posts List\" data-ga-action=\"Image\" data-ga-label=\"n\/a\" width=\"1200\" height=\"675\" src=\"https:\/\/www.greenpeace.org\/static\/planet4-czech-republic-stateless\/2026\/05\/7e2ba266-gp0su8rhj.jpg\" class=\"attachment-post-thumbnail size-post-thumbnail wp-post-image wp-stateless-item\" alt=\"Greenpeace na prvn\u00edm sv\u011btov\u00e9m summitu o konci fosiln\u00edch paliv: Energetick\u00e1 krize je d\u016fvodem k urychlen\u00ed p\u0159echodu na obnoviteln\u00e9 zdroje\" style=\"object-fit:cover;\" srcset=\"https:\/\/www.greenpeace.org\/static\/planet4-czech-republic-stateless\/2026\/05\/7e2ba266-gp0su8rhj.jpg 1200w, https:\/\/www.greenpeace.org\/static\/planet4-czech-republic-stateless\/2026\/05\/7e2ba266-gp0su8rhj-300x169.jpg 300w, https:\/\/www.greenpeace.org\/static\/planet4-czech-republic-stateless\/2026\/05\/7e2ba266-gp0su8rhj-1024x576.jpg 1024w, https:\/\/www.greenpeace.org\/static\/planet4-czech-republic-stateless\/2026\/05\/7e2ba266-gp0su8rhj-768x432.jpg 768w, https:\/\/www.greenpeace.org\/static\/planet4-czech-republic-stateless\/2026\/05\/7e2ba266-gp0su8rhj-510x287.jpg 510w\" sizes=\"auto, (max-width: 1200px) 100vw, 1200px\" data-image-size=\"post-thumbnail\" data-stateless-media-bucket=\"planet4-czech-republic-stateless\" data-stateless-media-name=\"2026\/05\/7e2ba266-gp0su8rhj.jpg\" \/><\/a><\/figure>\n\n\n<div class=\"wp-block-group is-layout-flow wp-block-group-is-layout-flow\">\n                <div class=\"wp-block-group is-layout-flex wp-block-group-is-layout-flex\"><div class=\"wp-block-post-terms\"><a data-ga-category=\"Posts List\" data-ga-action=\"Post Type Tag\" data-ga-label=\"n\/a\" href=\"https:\/\/www.greenpeace.org\/czech\/category\/greenpeace\/\">Greenpeace<\/a><\/div>\n                <div class=\"taxonomy-post_tag wp-block-post-terms\"><a data-ga-category=\"Posts List\" data-ga-action=\"Navigation Tag\" data-ga-label=\"n\/a\" href=\"https:\/\/www.greenpeace.org\/czech\/tag\/zmena-klimatu\/\" rel=\"tag\">Zm\u011bnaKlimatu<\/a><span class=\"wp-block-post-terms__separator\"> <\/span><a data-ga-category=\"Posts List\" data-ga-action=\"Navigation Tag\" data-ga-label=\"n\/a\" href=\"https:\/\/www.greenpeace.org\/czech\/tag\/konec-doby-fosilni\/\" rel=\"tag\">KonecDobyFosiln\u00ed<\/a><\/div>\n                \n                <\/div>\n                \n\n<h3 class=\"wp-block-post-title\"><a data-ga-category=\"Posts List\" data-ga-action=\"Title\" data-ga-label=\"n\/a\" href=\"https:\/\/www.greenpeace.org\/czech\/tiskova-zprava\/23599\/greenpeace-na-prvnim-svetovem-summitu-o-konci-fosilnich-paliv-energeticka-krize-je-duvodem-k-urychleni-prechodu-na-obnovitelne-zdroje\/\" target=\"_self\" >Greenpeace na prvn\u00edm sv\u011btov\u00e9m summitu o konci fosiln\u00edch paliv: Energetick\u00e1 krize je d\u016fvodem k urychlen\u00ed p\u0159echodu na obnoviteln\u00e9 zdroje<\/a><\/h3>\n\n<div class=\"wp-block-post-excerpt\"><p class=\"wp-block-post-excerpt__excerpt\">V kolumbijsk\u00e9 Santa Mart\u011b za\u010dala kl\u00ed\u010dov\u00e1 \u010d\u00e1st historicky prvn\u00ed mezin\u00e1rodn\u00ed konference o ukon\u010den\u00ed z\u00e1vislosti na fosiln\u00edch palivech. Greenpeace vyz\u00fdv\u00e1 v\u00edce ne\u017e pades\u00e1t z\u00fa\u010dastn\u011bn\u00fdch vl\u00e1d, aby sou\u010dasnou energetickou krizi \u2014 prohloubenou konfliktem na Bl\u00edzk\u00e9m v\u00fdchod\u011b \u2014 vyu\u017eily k urychlen\u00ed transformace energetiky. <\/p><\/div>\n\n\n<div class=\"wp-block-group posts-list-meta is-layout-flow wp-block-group-is-layout-flow\"><span class='article-list-item-author'><a data-ga-category=\"Posts List\" data-ga-action=\"Author\" data-ga-label=\"n\/a\" href='https:\/\/www.greenpeace.org\/czech\/author\/kristina-figueroa\/'>Kristina Figueroa<\/a><\/span>\n\n<div class=\"wp-block-post-date\"><time datetime=\"2026-05-03T22:13:12+01:00\">3 kv\u011btna, 2026<\/time><\/div><\/div>\n<\/div>\n<\/div>\n\n<\/li><li class=\"wp-block-post post-23557 post type-post status-publish format-standard has-post-thumbnail hentry category-greenpeace category-issues tag-zmena-klimatu tag-konec-doby-fosilni p4-page-type-tiskova-zprava\">\n\n<div class=\"wp-block-columns is-layout-flex wp-container-core-columns-is-layout-8f761849 wp-block-columns-is-layout-flex\"><figure class=\"wp-block-post-featured-image\"><a href=\"https:\/\/www.greenpeace.org\/czech\/tiskova-zprava\/23557\/varovani-se-naplnilo-na-2000-lidi-protestuji-proti-niceni-zivotniho-prostredi-a-rozvraceni-verejnych-instituci-motoristy\/\" target=\"_self\"  ><img loading=\"lazy\" decoding=\"async\" data-ga-category=\"Posts List\" data-ga-action=\"Image\" data-ga-label=\"n\/a\" width=\"2560\" height=\"1707\" src=\"https:\/\/www.greenpeace.org\/static\/planet4-czech-republic-stateless\/2026\/04\/02060485-01075389-scaled.jpg\" class=\"attachment-post-thumbnail size-post-thumbnail wp-post-image wp-stateless-item\" alt=\"Varov\u00e1n\u00ed se naplnilo: Na 2000 lid\u00ed protestuj\u00ed proti ni\u010den\u00ed \u017eivotn\u00edho prost\u0159ed\u00ed a rozvracen\u00ed ve\u0159ejn\u00fdch instituc\u00ed Motoristy\" style=\"object-fit:cover;\" srcset=\"https:\/\/www.greenpeace.org\/static\/planet4-czech-republic-stateless\/2026\/04\/02060485-01075389-scaled.jpg 2560w, https:\/\/www.greenpeace.org\/static\/planet4-czech-republic-stateless\/2026\/04\/02060485-01075389-300x200.jpg 300w, https:\/\/www.greenpeace.org\/static\/planet4-czech-republic-stateless\/2026\/04\/02060485-01075389-1024x683.jpg 1024w, https:\/\/www.greenpeace.org\/static\/planet4-czech-republic-stateless\/2026\/04\/02060485-01075389-768x512.jpg 768w, https:\/\/www.greenpeace.org\/static\/planet4-czech-republic-stateless\/2026\/04\/02060485-01075389-1536x1024.jpg 1536w, https:\/\/www.greenpeace.org\/static\/planet4-czech-republic-stateless\/2026\/04\/02060485-01075389-2048x1366.jpg 2048w, https:\/\/www.greenpeace.org\/static\/planet4-czech-republic-stateless\/2026\/04\/02060485-01075389-510x340.jpg 510w\" sizes=\"auto, (max-width: 2560px) 100vw, 2560px\" data-image-size=\"post-thumbnail\" data-stateless-media-bucket=\"planet4-czech-republic-stateless\" data-stateless-media-name=\"2026\/04\/02060485-01075389-scaled.jpg\" \/><\/a><\/figure>\n\n\n<div class=\"wp-block-group is-layout-flow wp-block-group-is-layout-flow\">\n                <div class=\"wp-block-group is-layout-flex wp-block-group-is-layout-flex\"><div class=\"wp-block-post-terms\"><a data-ga-category=\"Posts List\" data-ga-action=\"Post Type Tag\" data-ga-label=\"n\/a\" href=\"https:\/\/www.greenpeace.org\/czech\/category\/greenpeace\/\">Greenpeace<\/a><\/div>\n                <div class=\"taxonomy-post_tag wp-block-post-terms\"><a data-ga-category=\"Posts List\" data-ga-action=\"Navigation Tag\" data-ga-label=\"n\/a\" href=\"https:\/\/www.greenpeace.org\/czech\/tag\/zmena-klimatu\/\" rel=\"tag\">Zm\u011bnaKlimatu<\/a><span class=\"wp-block-post-terms__separator\"> <\/span><a data-ga-category=\"Posts List\" data-ga-action=\"Navigation Tag\" data-ga-label=\"n\/a\" href=\"https:\/\/www.greenpeace.org\/czech\/tag\/konec-doby-fosilni\/\" rel=\"tag\">KonecDobyFosiln\u00ed<\/a><\/div>\n                \n                <\/div>\n                \n\n<h3 class=\"wp-block-post-title\"><a data-ga-category=\"Posts List\" data-ga-action=\"Title\" data-ga-label=\"n\/a\" href=\"https:\/\/www.greenpeace.org\/czech\/tiskova-zprava\/23557\/varovani-se-naplnilo-na-2000-lidi-protestuji-proti-niceni-zivotniho-prostredi-a-rozvraceni-verejnych-instituci-motoristy\/\" target=\"_self\" >Varov\u00e1n\u00ed se naplnilo: Na 2000 lid\u00ed protestuj\u00ed proti ni\u010den\u00ed \u017eivotn\u00edho prost\u0159ed\u00ed a rozvracen\u00ed ve\u0159ejn\u00fdch instituc\u00ed Motoristy<\/a><\/h3>\n\n<div class=\"wp-block-post-excerpt\"><p class=\"wp-block-post-excerpt__excerpt\">Na demonstraci a pochod v centru Prahy dnes dorazili lid\u00e9 protestovat proti oslabov\u00e1n\u00ed ochrany p\u0159\u00edrody a rozvracen\u00ed ministerstva \u017eivotn\u00edho prost\u0159ed\u00ed politick\u00fdm uskupen\u00edm Motorist\u00e9 sob\u011b. <\/p><\/div>\n\n\n<div class=\"wp-block-group posts-list-meta is-layout-flow wp-block-group-is-layout-flow\"><span class='article-list-item-author'><a data-ga-category=\"Posts List\" data-ga-action=\"Author\" data-ga-label=\"n\/a\" href='https:\/\/www.greenpeace.org\/czech\/author\/kristina-figueroa\/'>Kristina Figueroa<\/a><\/span>\n\n<div class=\"wp-block-post-date\"><time datetime=\"2026-04-19T14:22:03+01:00\">19 dubna, 2026<\/time><\/div><\/div>\n<\/div>\n<\/div>\n\n<\/li><li class=\"wp-block-post post-23552 post type-post status-publish format-standard has-post-thumbnail hentry category-greenpeace category-issues tag-zmena-klimatu tag-konec-doby-fosilni p4-page-type-tiskova-zprava\">\n\n<div class=\"wp-block-columns is-layout-flex wp-container-core-columns-is-layout-8f761849 wp-block-columns-is-layout-flex\"><figure class=\"wp-block-post-featured-image\"><a href=\"https:\/\/www.greenpeace.org\/czech\/tiskova-zprava\/23552\/greenpeace-zada-dan-z-mimoradnych-zisku-fosilnich-firem-penize-mohou-slouzit-podpore-domacnosti-v-krizi\/\" target=\"_self\"  ><img loading=\"lazy\" decoding=\"async\" data-ga-category=\"Posts List\" data-ga-action=\"Image\" data-ga-label=\"n\/a\" width=\"800\" height=\"533\" src=\"https:\/\/www.greenpeace.org\/static\/planet4-czech-republic-stateless\/2026\/04\/4cf58916-gp0su4g6z_low-res-800px.jpg\" class=\"attachment-post-thumbnail size-post-thumbnail wp-post-image wp-stateless-item\" alt=\"Greenpeace \u017e\u00e1d\u00e1 da\u0148 z mimo\u0159\u00e1dn\u00fdch zisk\u016f fosiln\u00edch firem: pen\u00edze mohou slou\u017eit podpo\u0159e dom\u00e1cnost\u00ed v krizi\" style=\"object-fit:cover;\" srcset=\"https:\/\/www.greenpeace.org\/static\/planet4-czech-republic-stateless\/2026\/04\/4cf58916-gp0su4g6z_low-res-800px.jpg 800w, https:\/\/www.greenpeace.org\/static\/planet4-czech-republic-stateless\/2026\/04\/4cf58916-gp0su4g6z_low-res-800px-300x200.jpg 300w, https:\/\/www.greenpeace.org\/static\/planet4-czech-republic-stateless\/2026\/04\/4cf58916-gp0su4g6z_low-res-800px-768x512.jpg 768w, https:\/\/www.greenpeace.org\/static\/planet4-czech-republic-stateless\/2026\/04\/4cf58916-gp0su4g6z_low-res-800px-510x340.jpg 510w\" sizes=\"auto, (max-width: 800px) 100vw, 800px\" data-image-size=\"post-thumbnail\" data-stateless-media-bucket=\"planet4-czech-republic-stateless\" data-stateless-media-name=\"2026\/04\/4cf58916-gp0su4g6z_low-res-800px.jpg\" \/><\/a><\/figure>\n\n\n<div class=\"wp-block-group is-layout-flow wp-block-group-is-layout-flow\">\n                <div class=\"wp-block-group is-layout-flex wp-block-group-is-layout-flex\"><div class=\"wp-block-post-terms\"><a data-ga-category=\"Posts List\" data-ga-action=\"Post Type Tag\" data-ga-label=\"n\/a\" href=\"https:\/\/www.greenpeace.org\/czech\/category\/greenpeace\/\">Greenpeace<\/a><\/div>\n                <div class=\"taxonomy-post_tag wp-block-post-terms\"><a data-ga-category=\"Posts List\" data-ga-action=\"Navigation Tag\" data-ga-label=\"n\/a\" href=\"https:\/\/www.greenpeace.org\/czech\/tag\/zmena-klimatu\/\" rel=\"tag\">Zm\u011bnaKlimatu<\/a><span class=\"wp-block-post-terms__separator\"> <\/span><a data-ga-category=\"Posts List\" data-ga-action=\"Navigation Tag\" data-ga-label=\"n\/a\" href=\"https:\/\/www.greenpeace.org\/czech\/tag\/konec-doby-fosilni\/\" rel=\"tag\">KonecDobyFosiln\u00ed<\/a><\/div>\n                \n                <\/div>\n                \n\n<h3 class=\"wp-block-post-title\"><a data-ga-category=\"Posts List\" data-ga-action=\"Title\" data-ga-label=\"n\/a\" href=\"https:\/\/www.greenpeace.org\/czech\/tiskova-zprava\/23552\/greenpeace-zada-dan-z-mimoradnych-zisku-fosilnich-firem-penize-mohou-slouzit-podpore-domacnosti-v-krizi\/\" target=\"_self\" >Greenpeace \u017e\u00e1d\u00e1 da\u0148 z mimo\u0159\u00e1dn\u00fdch zisk\u016f fosiln\u00edch firem: pen\u00edze mohou slou\u017eit podpo\u0159e dom\u00e1cnost\u00ed v krizi<\/a><\/h3>\n\n<div class=\"wp-block-post-excerpt\"><p class=\"wp-block-post-excerpt__excerpt\">Greenpeace \u010cR vyz\u00fdv\u00e1 \u010deskou vl\u00e1du i Evropskou komisi ke koordinovan\u00e9mu zaveden\u00ed dan\u011b z mimo\u0159\u00e1dn\u00fdch zisk\u016f energetick\u00fdch spole\u010dnost\u00ed. Energetick\u00e9 firmy dnes inkasuj\u00ed vysok\u00e9 mimo\u0159\u00e1dn\u00e9 zisky stejn\u011b jako v dob\u011b ned\u00e1vn\u00e9 energetick\u00e9 krize, zat\u00edmco b\u011b\u017en\u00ed lid\u00e9 \u010del\u00ed tlaku vysok\u00fdch \u00fa\u010dt\u016f za energie a pohonn\u00e9 hmoty. Takov\u00e9 zdan\u011bn\u00ed je proto na m\u00edst\u011b. <\/p><\/div>\n\n\n<div class=\"wp-block-group posts-list-meta is-layout-flow wp-block-group-is-layout-flow\"><span class='article-list-item-author'><a data-ga-category=\"Posts List\" data-ga-action=\"Author\" data-ga-label=\"n\/a\" href='https:\/\/www.greenpeace.org\/czech\/author\/kristina-figueroa\/'>Kristina Figueroa<\/a><\/span>\n\n<div class=\"wp-block-post-date\"><time datetime=\"2026-04-13T22:25:43+01:00\">13 dubna, 2026<\/time><\/div><\/div>\n<\/div>\n<\/div>\n\n<\/li><li class=\"wp-block-post post-23486 post type-post status-publish format-standard has-post-thumbnail hentry category-greenpeace category-issues tag-zmena-klimatu tag-konec-doby-fosilni p4-page-type-tiskova-zprava\">\n\n<div class=\"wp-block-columns is-layout-flex wp-container-core-columns-is-layout-8f761849 wp-block-columns-is-layout-flex\"><figure class=\"wp-block-post-featured-image\"><a href=\"https:\/\/www.greenpeace.org\/czech\/tiskova-zprava\/23486\/fosilni-firmy-vydelavaji-na-klimaticke-krizi-staty-jejich-nadmerne-zisky-nedovedou-efektivne-zdanit\/\" target=\"_self\"  ><img loading=\"lazy\" decoding=\"async\" data-ga-category=\"Posts List\" data-ga-action=\"Image\" data-ga-label=\"n\/a\" width=\"2560\" height=\"1707\" src=\"https:\/\/www.greenpeace.org\/static\/planet4-czech-republic-stateless\/2026\/03\/689cb784-dsc07909-scaled.jpg\" class=\"attachment-post-thumbnail size-post-thumbnail wp-post-image wp-stateless-item\" alt=\"Fosiln\u00ed firmy vyd\u011bl\u00e1vaj\u00ed na klimatick\u00e9 krizi, st\u00e1ty jejich nadm\u011brn\u00e9 zisky nedovedou efektivn\u011b zdanit\" style=\"object-fit:cover;\" srcset=\"https:\/\/www.greenpeace.org\/static\/planet4-czech-republic-stateless\/2026\/03\/689cb784-dsc07909-scaled.jpg 2560w, https:\/\/www.greenpeace.org\/static\/planet4-czech-republic-stateless\/2026\/03\/689cb784-dsc07909-300x200.jpg 300w, https:\/\/www.greenpeace.org\/static\/planet4-czech-republic-stateless\/2026\/03\/689cb784-dsc07909-1024x683.jpg 1024w, https:\/\/www.greenpeace.org\/static\/planet4-czech-republic-stateless\/2026\/03\/689cb784-dsc07909-768x512.jpg 768w, https:\/\/www.greenpeace.org\/static\/planet4-czech-republic-stateless\/2026\/03\/689cb784-dsc07909-1536x1024.jpg 1536w, https:\/\/www.greenpeace.org\/static\/planet4-czech-republic-stateless\/2026\/03\/689cb784-dsc07909-2048x1366.jpg 2048w, https:\/\/www.greenpeace.org\/static\/planet4-czech-republic-stateless\/2026\/03\/689cb784-dsc07909-510x340.jpg 510w\" sizes=\"auto, (max-width: 2560px) 100vw, 2560px\" data-image-size=\"post-thumbnail\" data-stateless-media-bucket=\"planet4-czech-republic-stateless\" data-stateless-media-name=\"2026\/03\/689cb784-dsc07909-scaled.jpg\" \/><\/a><\/figure>\n\n\n<div class=\"wp-block-group is-layout-flow wp-block-group-is-layout-flow\">\n                <div class=\"wp-block-group is-layout-flex wp-block-group-is-layout-flex\"><div class=\"wp-block-post-terms\"><a data-ga-category=\"Posts List\" data-ga-action=\"Post Type Tag\" data-ga-label=\"n\/a\" href=\"https:\/\/www.greenpeace.org\/czech\/category\/greenpeace\/\">Greenpeace<\/a><\/div>\n                <div class=\"taxonomy-post_tag wp-block-post-terms\"><a data-ga-category=\"Posts List\" data-ga-action=\"Navigation Tag\" data-ga-label=\"n\/a\" href=\"https:\/\/www.greenpeace.org\/czech\/tag\/zmena-klimatu\/\" rel=\"tag\">Zm\u011bnaKlimatu<\/a><span class=\"wp-block-post-terms__separator\"> <\/span><a data-ga-category=\"Posts List\" data-ga-action=\"Navigation Tag\" data-ga-label=\"n\/a\" href=\"https:\/\/www.greenpeace.org\/czech\/tag\/konec-doby-fosilni\/\" rel=\"tag\">KonecDobyFosiln\u00ed<\/a><\/div>\n                \n                <\/div>\n                \n\n<h3 class=\"wp-block-post-title\"><a data-ga-category=\"Posts List\" data-ga-action=\"Title\" data-ga-label=\"n\/a\" href=\"https:\/\/www.greenpeace.org\/czech\/tiskova-zprava\/23486\/fosilni-firmy-vydelavaji-na-klimaticke-krizi-staty-jejich-nadmerne-zisky-nedovedou-efektivne-zdanit\/\" target=\"_self\" >Fosiln\u00ed firmy vyd\u011bl\u00e1vaj\u00ed na klimatick\u00e9 krizi, st\u00e1ty jejich nadm\u011brn\u00e9 zisky nedovedou efektivn\u011b zdanit<\/a><\/h3>\n\n<div class=\"wp-block-post-excerpt\"><p class=\"wp-block-post-excerpt__excerpt\">Greenpeace \u010cesk\u00e1 republika dnes p\u0159edstavilo novou ekonomickou studii \u201eDa\u0148 z nadm\u011brn\u00fdch zisk\u016f zne\u010di\u0161\u0165ovatel\u016f: nevyu\u017eit\u00fd potenci\u00e1l\u201c. Studie ukazuje, \u017ee pokud by energetick\u00e9 firmy a fosiln\u00ed spole\u010dnosti dlouhodob\u011b profituj\u00edc\u00ed z prohlubov\u00e1n\u00ed klimatick\u00e9&hellip; <\/p><\/div>\n\n\n<div class=\"wp-block-group posts-list-meta is-layout-flow wp-block-group-is-layout-flow\"><span class='article-list-item-author'><a data-ga-category=\"Posts List\" data-ga-action=\"Author\" data-ga-label=\"n\/a\" href='https:\/\/www.greenpeace.org\/czech\/author\/marta-janko\/'>Marta Janko<\/a><\/span>\n\n<div class=\"wp-block-post-date\"><time datetime=\"2026-03-24T13:08:25+01:00\">24 b\u0159ezna, 2026<\/time><\/div><\/div>\n<\/div>\n<\/div>\n\n<\/li><\/ul>\n\n\n<div class=\"wp-block-buttons carousel-controls is-horizontal is-content-justification-space-between is-nowrap is-layout-flex wp-container-core-buttons-is-layout-358af4b1 wp-block-buttons-is-layout-flex\">\n<div class=\"wp-block-button carousel-control-prev\"><button type=\"button\" class=\"wp-block-button__link wp-element-button\">Prev<\/button><\/div>\n\n\n\n<div class=\"wp-block-button carousel-control-next\"><button type=\"button\" class=\"wp-block-button__link wp-element-button\">Next<\/button><\/div>\n<\/div>\n\n\n<li class=\"wp-block-navigation-item see-all-link wp-block-navigation-link\"><a class=\"wp-block-navigation-item__content\"  href=\"http:\/\/www.greenpeace.org\/czech\/news-stories\/?post-type=tiskova-zprava\"><span data-ga-category=\"Posts List\" data-ga-action=\"See More Link\" data-ga-label=\"n\/a\" class=\"wp-block-navigation-item__label\">See all stories<\/span><\/a><\/li><\/div>\n","protected":false},"excerpt":{"rendered":"<p>V\u00edtejte v medi\u00e1ln\u00edm centru Greenpeace \u010cesk\u00e1 republika.<\/p>\n","protected":false},"author":1,"featured_media":10540,"parent":0,"menu_order":0,"comment_status":"closed","ping_status":"closed","template":"","meta":{"ep_exclude_from_search":false,"p4_hide_page_title_checkbox":"on","p4_title":"","p4_subtitle":"","p4_description":"","background_image_id":"","background_image":"","p4_button_title":"","p4_button_link":"","p4_button_link_checkbox":"","p4_og_title":"","p4_og_description":"","p4_og_image":"","p4_og_image_id":"","p4_seo_canonical_url":"","p4_campaign_name":"not set","p4_local_project":"not set","p4_basket_name":"not set","p4_department":"","footnotes":""},"categories":[1],"tags":[],"class_list":["post-230","page","type-page","status-publish","has-post-thumbnail","hentry","category-nezarazeno"],"_links":{"self":[{"href":"https:\/\/www.greenpeace.org\/czech\/wp-json\/wp\/v2\/pages\/230","targetHints":{"allow":["GET"]}}],"collection":[{"href":"https:\/\/www.greenpeace.org\/czech\/wp-json\/wp\/v2\/pages"}],"about":[{"href":"https:\/\/www.greenpeace.org\/czech\/wp-json\/wp\/v2\/types\/page"}],"author":[{"embeddable":true,"href":"https:\/\/www.greenpeace.org\/czech\/wp-json\/wp\/v2\/users\/1"}],"replies":[{"embeddable":true,"href":"https:\/\/www.greenpeace.org\/czech\/wp-json\/wp\/v2\/comments?post=230"}],"version-history":[{"count":20,"href":"https:\/\/www.greenpeace.org\/czech\/wp-json\/wp\/v2\/pages\/230\/revisions"}],"predecessor-version":[{"id":25196,"href":"https:\/\/www.greenpeace.org\/czech\/wp-json\/wp\/v2\/pages\/230\/revisions\/25196"}],"wp:featuredmedia":[{"embeddable":true,"href":"https:\/\/www.greenpeace.org\/czech\/wp-json\/wp\/v2\/media\/10540"}],"wp:attachment":[{"href":"https:\/\/www.greenpeace.org\/czech\/wp-json\/wp\/v2\/media?parent=230"}],"wp:term":[{"taxonomy":"category","embeddable":true,"href":"https:\/\/www.greenpeace.org\/czech\/wp-json\/wp\/v2\/categories?post=230"},{"taxonomy":"post_tag","embeddable":true,"href":"https:\/\/www.greenpeace.org\/czech\/wp-json\/wp\/v2\/tags?post=230"}],"curies":[{"name":"wp","href":"https:\/\/api.w.org\/{rel}","templated":true}]}}