{"id":230,"date":"2018-05-14T12:33:35","date_gmt":"2018-05-14T12:33:35","guid":{"rendered":"https:\/\/k8s.p4.greenpeace.org\/defaultcontent\/?page_id=230"},"modified":"2026-03-25T12:55:56","modified_gmt":"2026-03-25T11:55:56","slug":"pro-media","status":"publish","type":"page","link":"https:\/\/www.greenpeace.org\/czech\/pro-media\/","title":{"rendered":"Pro m\u00e9dia"},"content":{"rendered":"\n\n<div class=\"wp-block-group alignfull is-layout-flow wp-block-group-is-layout-flow\">\n<div class=\"wp-block-group container is-layout-flow wp-block-group-is-layout-flow\">\n<div class=\"wp-block-media-text alignfull has-media-on-the-right is-stacked-on-mobile is-pattern-p4-page-header is-style-parallax\"><div class=\"wp-block-media-text__content\">\n<div class=\"wp-block-group is-layout-flow wp-block-group-is-layout-flow\">\n<h1 class=\"wp-block-heading has-white-background-color has-background\">\n                            Pro m\u00e9dia\n                        <\/h1>\n<\/div>\n\n\n\n<p style=\"font-size:1.25rem\">\n                            <span style=\"font-weight: 400\">Tato sekce je ur\u010dena pro novin\u00e1\u0159e a novin\u00e1\u0159ky. Najdete zde v\u0161echny fotografie, videa, tiskov\u00e9 zpr\u00e1vy a publikace, kter\u00e9 jsou v \u010cesk\u00e9 republice ur\u010deny pro distribuci v m\u00e9di\u00edch.<\/span> <span style=\"font-weight: 400\">Pokud chcete domluvit rozhovory \u010di po\u017e\u00e1dat o materi\u00e1ly, v\u010detn\u011b fotografi\u00ed \u010di vide\u00ed ve vysok\u00e9m rozli\u0161en\u00ed, obra\u0165te se na n\u011bkoho z na\u0161eho komunika\u010dn\u00edho t\u00fdmu.<\/span>\n                        <\/p>\n<\/div><figure class=\"wp-block-media-text__media\"><img loading=\"lazy\" decoding=\"async\" width=\"1200\" height=\"800\" src=\"https:\/\/www.greenpeace.org\/static\/planet4-czech-republic-stateless\/2020\/05\/7d2cc37c-gp01s0r_medium_res_with_credit_line.jpg\" alt=\"\" sizes=\"auto, (min-width: 601px) 50vw, 100vw\" srcset=\"https:\/\/www.greenpeace.org\/static\/planet4-czech-republic-stateless\/2020\/05\/7d2cc37c-gp01s0r_medium_res_with_credit_line.jpg 1200w, https:\/\/www.greenpeace.org\/static\/planet4-czech-republic-stateless\/2020\/05\/7d2cc37c-gp01s0r_medium_res_with_credit_line-300x200.jpg 300w, https:\/\/www.greenpeace.org\/static\/planet4-czech-republic-stateless\/2020\/05\/7d2cc37c-gp01s0r_medium_res_with_credit_line-1024x683.jpg 1024w, https:\/\/www.greenpeace.org\/static\/planet4-czech-republic-stateless\/2020\/05\/7d2cc37c-gp01s0r_medium_res_with_credit_line-768x512.jpg 768w, https:\/\/www.greenpeace.org\/static\/planet4-czech-republic-stateless\/2020\/05\/7d2cc37c-gp01s0r_medium_res_with_credit_line-510x340.jpg 510w\" class=\"wp-image-10540 size-full\"\/><\/figure><\/div>\n<\/div>\n<\/div>\n\n<div data-render=\"planet4-blocks\/columns\" data-attributes=\"{&quot;attributes&quot;:{&quot;columns&quot;:[{&quot;title&quot;:&quot;Kontakty pro novin\\u00e1\\u0159e&quot;,&quot;description&quot;:&quot;&lt;br&gt;e-mail: komunikace.cz@greenpeace.org &lt;br&gt;telefon: +420 603 443 140 &quot;,&quot;link_new_tab&quot;:false},{&quot;title&quot;:&quot;Foto a video&quot;,&quot;description&quot;:&quot;Najd\\u011bte tu spr\\u00e1vnou fotografii \\u010di to spr\\u00e1vn\\u00e9 video v na\\u0161\\u00ed rozs\\u00e1hl\\u00e9 medi\\u00e1ln\\u00ed knihovn\\u011b. Kontaktujte n\\u00e1s na kocz@greenpeace.org, r\\u00e1di V\\u00e1m vybran\\u00fd materi\\u00e1l st\\u00e1hneme.&quot;,&quot;cta_link&quot;:&quot;https:\\\/\\\/media.greenpeace.org&quot;,&quot;cta_text&quot;:&quot;HLEDAT V GREENPEACE MEDIA&quot;,&quot;link_new_tab&quot;:false}],&quot;className&quot;:&quot;is-style-no_image&quot;,&quot;columns_block_style&quot;:&quot;no_image&quot;}}\"><\/div>\n<div class=\"wp-block-query posts-list p4-query-loop is-custom-layout-list is-layout-flow wp-block-query-is-layout-flow\">\n<div class=\"wp-block-group is-content-justification-space-between is-layout-flex wp-container-core-group-is-layout-3d213aab wp-block-group-is-layout-flex\">\n<h2 class=\"wp-block-heading\">Nejnov\u011bj\u0161\u00ed tiskov\u00e9 zpr\u00e1vy<\/h2>\n\n\n<li class=\" wp-block-navigation-item see-all-link wp-block-navigation-link\"><a class=\"wp-block-navigation-item__content\"  href=\"http:\/\/www.greenpeace.org\/czech\/news-stories\/?post-type=tiskova-zprava\"><span class=\"wp-block-navigation-item__label\">See all stories<\/span><\/a><\/li><\/div>\n\n\n\n<p style=\"margin-top:24px;margin-bottom:36px\"><\/p>\n\n\n\n\n<ul class=\"wp-block-post-template is-layout-flow wp-block-post-template-is-layout-flow\"><li class=\"wp-block-post post-23557 post type-post status-publish format-standard has-post-thumbnail hentry category-greenpeace category-issues tag-zmena-klimatu tag-konec-doby-fosilni p4-page-type-tiskova-zprava\">\n\n<div class=\"wp-block-columns is-layout-flex wp-container-core-columns-is-layout-9d6595d7 wp-block-columns-is-layout-flex\"><figure class=\"wp-block-post-featured-image\"><a href=\"https:\/\/www.greenpeace.org\/czech\/tiskova-zprava\/23557\/varovani-se-naplnilo-na-2000-lidi-protestuji-proti-niceni-zivotniho-prostredi-a-rozvraceni-verejnych-instituci-motoristy\/\" target=\"_self\"  ><img loading=\"lazy\" decoding=\"async\" width=\"2560\" height=\"1707\" src=\"https:\/\/www.greenpeace.org\/static\/planet4-czech-republic-stateless\/2026\/04\/02060485-01075389-scaled.jpg\" class=\"attachment-post-thumbnail size-post-thumbnail wp-post-image wp-stateless-item\" alt=\"Varov\u00e1n\u00ed se naplnilo: Na 2000 lid\u00ed protestuj\u00ed proti ni\u010den\u00ed \u017eivotn\u00edho prost\u0159ed\u00ed a rozvracen\u00ed ve\u0159ejn\u00fdch instituc\u00ed Motoristy\" style=\"object-fit:cover;\" srcset=\"https:\/\/www.greenpeace.org\/static\/planet4-czech-republic-stateless\/2026\/04\/02060485-01075389-scaled.jpg 2560w, https:\/\/www.greenpeace.org\/static\/planet4-czech-republic-stateless\/2026\/04\/02060485-01075389-300x200.jpg 300w, https:\/\/www.greenpeace.org\/static\/planet4-czech-republic-stateless\/2026\/04\/02060485-01075389-1024x683.jpg 1024w, https:\/\/www.greenpeace.org\/static\/planet4-czech-republic-stateless\/2026\/04\/02060485-01075389-768x512.jpg 768w, https:\/\/www.greenpeace.org\/static\/planet4-czech-republic-stateless\/2026\/04\/02060485-01075389-1536x1024.jpg 1536w, https:\/\/www.greenpeace.org\/static\/planet4-czech-republic-stateless\/2026\/04\/02060485-01075389-2048x1366.jpg 2048w, https:\/\/www.greenpeace.org\/static\/planet4-czech-republic-stateless\/2026\/04\/02060485-01075389-510x340.jpg 510w\" sizes=\"auto, (max-width: 2560px) 100vw, 2560px\" data-image-size=\"post-thumbnail\" data-stateless-media-bucket=\"planet4-czech-republic-stateless\" data-stateless-media-name=\"2026\/04\/02060485-01075389-scaled.jpg\" \/><\/a><\/figure>\n\n\n<div class=\"wp-block-group is-layout-flow wp-block-group-is-layout-flow\">\n<div class=\"wp-block-group is-layout-flex wp-block-group-is-layout-flex\"><div class=\"wp-block-post-terms\"><a href=\"https:\/\/www.greenpeace.org\/czech\/category\/greenpeace\/\">Greenpeace<\/a><\/div>\n\n<div class=\"taxonomy-post_tag wp-block-post-terms\"><a href=\"https:\/\/www.greenpeace.org\/czech\/tag\/zmena-klimatu\/\" rel=\"tag\">Zm\u011bnaKlimatu<\/a><span class=\"wp-block-post-terms__separator\"> <\/span><a href=\"https:\/\/www.greenpeace.org\/czech\/tag\/konec-doby-fosilni\/\" rel=\"tag\">KonecDobyFosiln\u00ed<\/a><\/div><\/div>\n\n\n<h3 class=\"wp-block-post-title\"><a href=\"https:\/\/www.greenpeace.org\/czech\/tiskova-zprava\/23557\/varovani-se-naplnilo-na-2000-lidi-protestuji-proti-niceni-zivotniho-prostredi-a-rozvraceni-verejnych-instituci-motoristy\/\" target=\"_self\" >Varov\u00e1n\u00ed se naplnilo: Na 2000 lid\u00ed protestuj\u00ed proti ni\u010den\u00ed \u017eivotn\u00edho prost\u0159ed\u00ed a rozvracen\u00ed ve\u0159ejn\u00fdch instituc\u00ed Motoristy<\/a><\/h3>\n\n<div class=\"wp-block-post-excerpt\"><p class=\"wp-block-post-excerpt__excerpt\">Na demonstraci a pochod v centru Prahy dnes dorazili lid\u00e9 protestovat proti oslabov\u00e1n\u00ed ochrany p\u0159\u00edrody a rozvracen\u00ed ministerstva \u017eivotn\u00edho prost\u0159ed\u00ed politick\u00fdm uskupen\u00edm Motorist\u00e9 sob\u011b. <\/p><\/div>\n\n\n<div class=\"wp-block-group posts-list-meta is-layout-flow wp-block-group-is-layout-flow\"><span class='article-list-item-author'><a href='https:\/\/www.greenpeace.org\/czech\/author\/kristina-figueroa\/'>Kristina Figueroa<\/a><\/span>\n\n<div class=\"wp-block-post-date\"><time datetime=\"2026-04-19T14:22:03+01:00\">19 dubna, 2026<\/time><\/div><\/div>\n<\/div>\n<\/div>\n\n<\/li><li class=\"wp-block-post post-23552 post type-post status-publish format-standard has-post-thumbnail hentry category-greenpeace category-issues tag-zmena-klimatu tag-konec-doby-fosilni p4-page-type-tiskova-zprava\">\n\n<div class=\"wp-block-columns is-layout-flex wp-container-core-columns-is-layout-9d6595d7 wp-block-columns-is-layout-flex\"><figure class=\"wp-block-post-featured-image\"><a href=\"https:\/\/www.greenpeace.org\/czech\/tiskova-zprava\/23552\/greenpeace-zada-dan-z-mimoradnych-zisku-fosilnich-firem-penize-mohou-slouzit-podpore-domacnosti-v-krizi\/\" target=\"_self\"  ><img loading=\"lazy\" decoding=\"async\" width=\"800\" height=\"533\" src=\"https:\/\/www.greenpeace.org\/static\/planet4-czech-republic-stateless\/2026\/04\/4cf58916-gp0su4g6z_low-res-800px.jpg\" class=\"attachment-post-thumbnail size-post-thumbnail wp-post-image wp-stateless-item\" alt=\"Greenpeace \u017e\u00e1d\u00e1 da\u0148 z mimo\u0159\u00e1dn\u00fdch zisk\u016f fosiln\u00edch firem: pen\u00edze mohou slou\u017eit podpo\u0159e dom\u00e1cnost\u00ed v krizi\" style=\"object-fit:cover;\" srcset=\"https:\/\/www.greenpeace.org\/static\/planet4-czech-republic-stateless\/2026\/04\/4cf58916-gp0su4g6z_low-res-800px.jpg 800w, https:\/\/www.greenpeace.org\/static\/planet4-czech-republic-stateless\/2026\/04\/4cf58916-gp0su4g6z_low-res-800px-300x200.jpg 300w, https:\/\/www.greenpeace.org\/static\/planet4-czech-republic-stateless\/2026\/04\/4cf58916-gp0su4g6z_low-res-800px-768x512.jpg 768w, https:\/\/www.greenpeace.org\/static\/planet4-czech-republic-stateless\/2026\/04\/4cf58916-gp0su4g6z_low-res-800px-510x340.jpg 510w\" sizes=\"auto, (max-width: 800px) 100vw, 800px\" data-image-size=\"post-thumbnail\" data-stateless-media-bucket=\"planet4-czech-republic-stateless\" data-stateless-media-name=\"2026\/04\/4cf58916-gp0su4g6z_low-res-800px.jpg\" \/><\/a><\/figure>\n\n\n<div class=\"wp-block-group is-layout-flow wp-block-group-is-layout-flow\">\n<div class=\"wp-block-group is-layout-flex wp-block-group-is-layout-flex\"><div class=\"wp-block-post-terms\"><a href=\"https:\/\/www.greenpeace.org\/czech\/category\/greenpeace\/\">Greenpeace<\/a><\/div>\n\n<div class=\"taxonomy-post_tag wp-block-post-terms\"><a href=\"https:\/\/www.greenpeace.org\/czech\/tag\/zmena-klimatu\/\" rel=\"tag\">Zm\u011bnaKlimatu<\/a><span class=\"wp-block-post-terms__separator\"> <\/span><a href=\"https:\/\/www.greenpeace.org\/czech\/tag\/konec-doby-fosilni\/\" rel=\"tag\">KonecDobyFosiln\u00ed<\/a><\/div><\/div>\n\n\n<h3 class=\"wp-block-post-title\"><a href=\"https:\/\/www.greenpeace.org\/czech\/tiskova-zprava\/23552\/greenpeace-zada-dan-z-mimoradnych-zisku-fosilnich-firem-penize-mohou-slouzit-podpore-domacnosti-v-krizi\/\" target=\"_self\" >Greenpeace \u017e\u00e1d\u00e1 da\u0148 z mimo\u0159\u00e1dn\u00fdch zisk\u016f fosiln\u00edch firem: pen\u00edze mohou slou\u017eit podpo\u0159e dom\u00e1cnost\u00ed v krizi<\/a><\/h3>\n\n<div class=\"wp-block-post-excerpt\"><p class=\"wp-block-post-excerpt__excerpt\">Greenpeace \u010cR vyz\u00fdv\u00e1 \u010deskou vl\u00e1du i Evropskou komisi ke koordinovan\u00e9mu zaveden\u00ed dan\u011b z mimo\u0159\u00e1dn\u00fdch zisk\u016f energetick\u00fdch spole\u010dnost\u00ed. Energetick\u00e9 firmy dnes inkasuj\u00ed vysok\u00e9 mimo\u0159\u00e1dn\u00e9 zisky stejn\u011b jako v dob\u011b ned\u00e1vn\u00e9 energetick\u00e9 krize, zat\u00edmco b\u011b\u017en\u00ed lid\u00e9 \u010del\u00ed tlaku vysok\u00fdch \u00fa\u010dt\u016f za energie a pohonn\u00e9 hmoty. Takov\u00e9 zdan\u011bn\u00ed je proto na m\u00edst\u011b. <\/p><\/div>\n\n\n<div class=\"wp-block-group posts-list-meta is-layout-flow wp-block-group-is-layout-flow\"><span class='article-list-item-author'><a href='https:\/\/www.greenpeace.org\/czech\/author\/kristina-figueroa\/'>Kristina Figueroa<\/a><\/span>\n\n<div class=\"wp-block-post-date\"><time datetime=\"2026-04-13T22:25:43+01:00\">13 dubna, 2026<\/time><\/div><\/div>\n<\/div>\n<\/div>\n\n<\/li><li class=\"wp-block-post post-23486 post type-post status-publish format-standard has-post-thumbnail hentry category-greenpeace category-issues tag-zmena-klimatu tag-konec-doby-fosilni p4-page-type-tiskova-zprava\">\n\n<div class=\"wp-block-columns is-layout-flex wp-container-core-columns-is-layout-9d6595d7 wp-block-columns-is-layout-flex\"><figure class=\"wp-block-post-featured-image\"><a href=\"https:\/\/www.greenpeace.org\/czech\/tiskova-zprava\/23486\/fosilni-firmy-vydelavaji-na-klimaticke-krizi-staty-jejich-nadmerne-zisky-nedovedou-efektivne-zdanit\/\" target=\"_self\"  ><img loading=\"lazy\" decoding=\"async\" width=\"2560\" height=\"1707\" src=\"https:\/\/www.greenpeace.org\/static\/planet4-czech-republic-stateless\/2026\/03\/689cb784-dsc07909-scaled.jpg\" class=\"attachment-post-thumbnail size-post-thumbnail wp-post-image wp-stateless-item\" alt=\"Fosiln\u00ed firmy vyd\u011bl\u00e1vaj\u00ed na klimatick\u00e9 krizi, st\u00e1ty jejich nadm\u011brn\u00e9 zisky nedovedou efektivn\u011b zdanit\" style=\"object-fit:cover;\" srcset=\"https:\/\/www.greenpeace.org\/static\/planet4-czech-republic-stateless\/2026\/03\/689cb784-dsc07909-scaled.jpg 2560w, https:\/\/www.greenpeace.org\/static\/planet4-czech-republic-stateless\/2026\/03\/689cb784-dsc07909-300x200.jpg 300w, https:\/\/www.greenpeace.org\/static\/planet4-czech-republic-stateless\/2026\/03\/689cb784-dsc07909-1024x683.jpg 1024w, https:\/\/www.greenpeace.org\/static\/planet4-czech-republic-stateless\/2026\/03\/689cb784-dsc07909-768x512.jpg 768w, https:\/\/www.greenpeace.org\/static\/planet4-czech-republic-stateless\/2026\/03\/689cb784-dsc07909-1536x1024.jpg 1536w, https:\/\/www.greenpeace.org\/static\/planet4-czech-republic-stateless\/2026\/03\/689cb784-dsc07909-2048x1366.jpg 2048w, https:\/\/www.greenpeace.org\/static\/planet4-czech-republic-stateless\/2026\/03\/689cb784-dsc07909-510x340.jpg 510w\" sizes=\"auto, (max-width: 2560px) 100vw, 2560px\" data-image-size=\"post-thumbnail\" data-stateless-media-bucket=\"planet4-czech-republic-stateless\" data-stateless-media-name=\"2026\/03\/689cb784-dsc07909-scaled.jpg\" \/><\/a><\/figure>\n\n\n<div class=\"wp-block-group is-layout-flow wp-block-group-is-layout-flow\">\n<div class=\"wp-block-group is-layout-flex wp-block-group-is-layout-flex\"><div class=\"wp-block-post-terms\"><a href=\"https:\/\/www.greenpeace.org\/czech\/category\/greenpeace\/\">Greenpeace<\/a><\/div>\n\n<div class=\"taxonomy-post_tag wp-block-post-terms\"><a href=\"https:\/\/www.greenpeace.org\/czech\/tag\/zmena-klimatu\/\" rel=\"tag\">Zm\u011bnaKlimatu<\/a><span class=\"wp-block-post-terms__separator\"> <\/span><a href=\"https:\/\/www.greenpeace.org\/czech\/tag\/konec-doby-fosilni\/\" rel=\"tag\">KonecDobyFosiln\u00ed<\/a><\/div><\/div>\n\n\n<h3 class=\"wp-block-post-title\"><a href=\"https:\/\/www.greenpeace.org\/czech\/tiskova-zprava\/23486\/fosilni-firmy-vydelavaji-na-klimaticke-krizi-staty-jejich-nadmerne-zisky-nedovedou-efektivne-zdanit\/\" target=\"_self\" >Fosiln\u00ed firmy vyd\u011bl\u00e1vaj\u00ed na klimatick\u00e9 krizi, st\u00e1ty jejich nadm\u011brn\u00e9 zisky nedovedou efektivn\u011b zdanit<\/a><\/h3>\n\n<div class=\"wp-block-post-excerpt\"><p class=\"wp-block-post-excerpt__excerpt\">Greenpeace \u010cesk\u00e1 republika dnes p\u0159edstavilo novou ekonomickou studii \u201eDa\u0148 z nadm\u011brn\u00fdch zisk\u016f zne\u010di\u0161\u0165ovatel\u016f: nevyu\u017eit\u00fd potenci\u00e1l\u201c. Studie ukazuje, \u017ee pokud by energetick\u00e9 firmy a fosiln\u00ed spole\u010dnosti dlouhodob\u011b profituj\u00edc\u00ed z prohlubov\u00e1n\u00ed klimatick\u00e9&hellip; <\/p><\/div>\n\n\n<div class=\"wp-block-group posts-list-meta is-layout-flow wp-block-group-is-layout-flow\"><span class='article-list-item-author'><a href='https:\/\/www.greenpeace.org\/czech\/author\/marta-janko\/'>Marta Janko<\/a><\/span>\n\n<div class=\"wp-block-post-date\"><time datetime=\"2026-03-24T13:08:25+01:00\">24 b\u0159ezna, 2026<\/time><\/div><\/div>\n<\/div>\n<\/div>\n\n<\/li><li class=\"wp-block-post post-23471 post type-post status-publish format-standard has-post-thumbnail hentry category-nezarazeno tag-zmena-klimatu tag-konec-doby-fosilni p4-page-type-tiskova-zprava\">\n\n<div class=\"wp-block-columns is-layout-flex wp-container-core-columns-is-layout-9d6595d7 wp-block-columns-is-layout-flex\"><figure class=\"wp-block-post-featured-image\"><a href=\"https:\/\/www.greenpeace.org\/czech\/tiskova-zprava\/23471\/rostouci-ceny-energii-znovu-dopadaji-na-domacnosti-resenim-je-zapojit-do-nakladu-i-firmy-ktere-z-krizi-profituji\/\" target=\"_self\"  ><img loading=\"lazy\" decoding=\"async\" width=\"2560\" height=\"2138\" src=\"https:\/\/www.greenpeace.org\/static\/planet4-czech-republic-stateless\/2024\/04\/9d6d1164-shutterstock_1267342168-scaled.jpg\" class=\"attachment-post-thumbnail size-post-thumbnail wp-post-image wp-stateless-item\" alt=\"Rostouc\u00ed ceny energi\u00ed znovu dopadaj\u00ed na dom\u00e1cnosti. \u0158e\u0161en\u00edm je zapojit do n\u00e1klad\u016f i firmy, kter\u00e9 z kriz\u00ed profituj\u00ed\" style=\"object-fit:cover;\" srcset=\"https:\/\/www.greenpeace.org\/static\/planet4-czech-republic-stateless\/2024\/04\/9d6d1164-shutterstock_1267342168-scaled.jpg 2560w, https:\/\/www.greenpeace.org\/static\/planet4-czech-republic-stateless\/2024\/04\/9d6d1164-shutterstock_1267342168-300x251.jpg 300w, https:\/\/www.greenpeace.org\/static\/planet4-czech-republic-stateless\/2024\/04\/9d6d1164-shutterstock_1267342168-1024x855.jpg 1024w, https:\/\/www.greenpeace.org\/static\/planet4-czech-republic-stateless\/2024\/04\/9d6d1164-shutterstock_1267342168-768x641.jpg 768w, https:\/\/www.greenpeace.org\/static\/planet4-czech-republic-stateless\/2024\/04\/9d6d1164-shutterstock_1267342168-1536x1283.jpg 1536w, https:\/\/www.greenpeace.org\/static\/planet4-czech-republic-stateless\/2024\/04\/9d6d1164-shutterstock_1267342168-2048x1711.jpg 2048w, https:\/\/www.greenpeace.org\/static\/planet4-czech-republic-stateless\/2024\/04\/9d6d1164-shutterstock_1267342168-1635x1366.jpg 1635w, https:\/\/www.greenpeace.org\/static\/planet4-czech-republic-stateless\/2024\/04\/9d6d1164-shutterstock_1267342168-407x340.jpg 407w\" sizes=\"auto, (max-width: 2560px) 100vw, 2560px\" data-image-size=\"post-thumbnail\" data-stateless-media-bucket=\"planet4-czech-republic-stateless\" data-stateless-media-name=\"2024\/04\/9d6d1164-shutterstock_1267342168-scaled.jpg\" \/><\/a><\/figure>\n\n\n<div class=\"wp-block-group is-layout-flow wp-block-group-is-layout-flow\">\n<div class=\"wp-block-group is-layout-flex wp-block-group-is-layout-flex\"><div class=\"wp-block-post-terms\"><a href=\"https:\/\/www.greenpeace.org\/czech\/category\/nezarazeno\/\">Neza\u0159azeno<\/a><\/div>\n\n<div class=\"taxonomy-post_tag wp-block-post-terms\"><a href=\"https:\/\/www.greenpeace.org\/czech\/tag\/zmena-klimatu\/\" rel=\"tag\">Zm\u011bnaKlimatu<\/a><span class=\"wp-block-post-terms__separator\"> <\/span><a href=\"https:\/\/www.greenpeace.org\/czech\/tag\/konec-doby-fosilni\/\" rel=\"tag\">KonecDobyFosiln\u00ed<\/a><\/div><\/div>\n\n\n<h3 class=\"wp-block-post-title\"><a href=\"https:\/\/www.greenpeace.org\/czech\/tiskova-zprava\/23471\/rostouci-ceny-energii-znovu-dopadaji-na-domacnosti-resenim-je-zapojit-do-nakladu-i-firmy-ktere-z-krizi-profituji\/\" target=\"_self\" >Rostouc\u00ed ceny energi\u00ed znovu dopadaj\u00ed na dom\u00e1cnosti. \u0158e\u0161en\u00edm je zapojit do n\u00e1klad\u016f i firmy, kter\u00e9 z kriz\u00ed profituj\u00ed<\/a><\/h3>\n\n<div class=\"wp-block-post-excerpt\"><p class=\"wp-block-post-excerpt__excerpt\">Rostouc\u00ed nap\u011bt\u00ed ve sv\u011bt\u011b a s n\u00edm spojen\u00e9 zdra\u017eov\u00e1n\u00ed fosiln\u00edch paliv znovu ukazuj\u00ed, jak zraniteln\u00e1 je Evropa i \u010cesko v\u016f\u010di v\u00fdkyv\u016fm na glob\u00e1ln\u00edch trz\u00edch. Dopady nestability p\u0159itom dlouhodob\u011b nesou p\u0159edev\u0161\u00edm&hellip; <\/p><\/div>\n\n\n<div class=\"wp-block-group posts-list-meta is-layout-flow wp-block-group-is-layout-flow\"><span class='article-list-item-author'>Greenpeace \u010cR<\/span>\n\n<div class=\"wp-block-post-date\"><time datetime=\"2026-03-20T15:15:38+01:00\">20 b\u0159ezna, 2026<\/time><\/div><\/div>\n<\/div>\n<\/div>\n\n<\/li><li class=\"wp-block-post post-23442 post type-post status-publish format-standard has-post-thumbnail hentry category-greenpeace tag-nenasilne-protesty p4-page-type-tiskova-zprava\">\n\n<div class=\"wp-block-columns is-layout-flex wp-container-core-columns-is-layout-9d6595d7 wp-block-columns-is-layout-flex\"><figure class=\"wp-block-post-featured-image\"><a href=\"https:\/\/www.greenpeace.org\/czech\/tiskova-zprava\/23442\/greenpeace-promenila-sidlo-eu-na-trump-tower\/\" target=\"_self\"  ><img loading=\"lazy\" decoding=\"async\" width=\"2498\" height=\"1875\" src=\"https:\/\/www.greenpeace.org\/static\/planet4-czech-republic-stateless\/2026\/03\/b4328704-gp0su8h1f_pressmedia-2500px.jpg\" class=\"attachment-post-thumbnail size-post-thumbnail wp-post-image wp-stateless-item\" alt=\"Greenpeace prom\u011bnila s\u00eddlo EU na Trump Tower\" style=\"object-fit:cover;\" srcset=\"https:\/\/www.greenpeace.org\/static\/planet4-czech-republic-stateless\/2026\/03\/b4328704-gp0su8h1f_pressmedia-2500px.jpg 2498w, https:\/\/www.greenpeace.org\/static\/planet4-czech-republic-stateless\/2026\/03\/b4328704-gp0su8h1f_pressmedia-2500px-300x225.jpg 300w, https:\/\/www.greenpeace.org\/static\/planet4-czech-republic-stateless\/2026\/03\/b4328704-gp0su8h1f_pressmedia-2500px-1024x769.jpg 1024w, https:\/\/www.greenpeace.org\/static\/planet4-czech-republic-stateless\/2026\/03\/b4328704-gp0su8h1f_pressmedia-2500px-768x576.jpg 768w, https:\/\/www.greenpeace.org\/static\/planet4-czech-republic-stateless\/2026\/03\/b4328704-gp0su8h1f_pressmedia-2500px-1536x1153.jpg 1536w, https:\/\/www.greenpeace.org\/static\/planet4-czech-republic-stateless\/2026\/03\/b4328704-gp0su8h1f_pressmedia-2500px-2048x1537.jpg 2048w, https:\/\/www.greenpeace.org\/static\/planet4-czech-republic-stateless\/2026\/03\/b4328704-gp0su8h1f_pressmedia-2500px-1820x1366.jpg 1820w, https:\/\/www.greenpeace.org\/static\/planet4-czech-republic-stateless\/2026\/03\/b4328704-gp0su8h1f_pressmedia-2500px-453x340.jpg 453w\" sizes=\"auto, (max-width: 2498px) 100vw, 2498px\" data-image-size=\"post-thumbnail\" data-stateless-media-bucket=\"planet4-czech-republic-stateless\" data-stateless-media-name=\"2026\/03\/b4328704-gp0su8h1f_pressmedia-2500px.jpg\" \/><\/a><\/figure>\n\n\n<div class=\"wp-block-group is-layout-flow wp-block-group-is-layout-flow\">\n<div class=\"wp-block-group is-layout-flex wp-block-group-is-layout-flex\"><div class=\"wp-block-post-terms\"><a href=\"https:\/\/www.greenpeace.org\/czech\/category\/greenpeace\/\">Greenpeace<\/a><\/div>\n\n<div class=\"taxonomy-post_tag wp-block-post-terms\"><a href=\"https:\/\/www.greenpeace.org\/czech\/tag\/nenasilne-protesty\/\" rel=\"tag\">Nen\u00e1siln\u00e9 protesty<\/a><\/div><\/div>\n\n\n<h3 class=\"wp-block-post-title\"><a href=\"https:\/\/www.greenpeace.org\/czech\/tiskova-zprava\/23442\/greenpeace-promenila-sidlo-eu-na-trump-tower\/\" target=\"_self\" >Greenpeace prom\u011bnila s\u00eddlo EU na Trump Tower<\/a><\/h3>\n\n<div class=\"wp-block-post-excerpt\"><p class=\"wp-block-post-excerpt__excerpt\">EU mus\u00ed odolat Trumpov\u011b politice chaosu a krutosti, \u0159\u00edk\u00e1 Greenpeace <\/p><\/div>\n\n\n<div class=\"wp-block-group posts-list-meta is-layout-flow wp-block-group-is-layout-flow\"><span class='article-list-item-author'>Greenpeace Belgie a Greenpeace \u010cR<\/span>\n\n<div class=\"wp-block-post-date\"><time datetime=\"2026-03-19T10:35:54+01:00\">19 b\u0159ezna, 2026<\/time><\/div><\/div>\n<\/div>\n<\/div>\n\n<\/li><li class=\"wp-block-post post-23440 post type-post status-publish format-standard has-post-thumbnail hentry category-issues tag-zmena-klimatu tag-aktivni-spolecnost p4-page-type-tiskova-zprava\">\n\n<div class=\"wp-block-columns is-layout-flex wp-container-core-columns-is-layout-9d6595d7 wp-block-columns-is-layout-flex\"><figure class=\"wp-block-post-featured-image\"><a href=\"https:\/\/www.greenpeace.org\/czech\/tiskova-zprava\/23440\/skrty-a-cistky-motoristu-na-mzp-nici-ochranu-prirody-a-prodrazi-domacnostem-energie\/\" target=\"_self\"  ><img loading=\"lazy\" decoding=\"async\" width=\"2560\" height=\"1706\" src=\"https:\/\/www.greenpeace.org\/static\/planet4-czech-republic-stateless\/2025\/10\/53eb2c6a-demo_19.10.-69-scaled.jpg\" class=\"attachment-post-thumbnail size-post-thumbnail wp-post-image wp-stateless-item\" alt=\"\u0160krty a \u010distky Motorist\u016f na M\u017dP ni\u010d\u00ed ochranu p\u0159\u00edrody a prodra\u017e\u00ed dom\u00e1cnostem energie\" style=\"object-fit:cover;\" srcset=\"https:\/\/www.greenpeace.org\/static\/planet4-czech-republic-stateless\/2025\/10\/53eb2c6a-demo_19.10.-69-scaled.jpg 2560w, https:\/\/www.greenpeace.org\/static\/planet4-czech-republic-stateless\/2025\/10\/53eb2c6a-demo_19.10.-69-300x200.jpg 300w, https:\/\/www.greenpeace.org\/static\/planet4-czech-republic-stateless\/2025\/10\/53eb2c6a-demo_19.10.-69-1024x683.jpg 1024w, https:\/\/www.greenpeace.org\/static\/planet4-czech-republic-stateless\/2025\/10\/53eb2c6a-demo_19.10.-69-768x512.jpg 768w, https:\/\/www.greenpeace.org\/static\/planet4-czech-republic-stateless\/2025\/10\/53eb2c6a-demo_19.10.-69-1536x1024.jpg 1536w, https:\/\/www.greenpeace.org\/static\/planet4-czech-republic-stateless\/2025\/10\/53eb2c6a-demo_19.10.-69-2048x1366.jpg 2048w, https:\/\/www.greenpeace.org\/static\/planet4-czech-republic-stateless\/2025\/10\/53eb2c6a-demo_19.10.-69-510x340.jpg 510w\" sizes=\"auto, (max-width: 2560px) 100vw, 2560px\" data-image-size=\"post-thumbnail\" data-stateless-media-bucket=\"planet4-czech-republic-stateless\" data-stateless-media-name=\"2025\/10\/53eb2c6a-demo_19.10.-69-scaled.jpg\" \/><\/a><\/figure>\n\n\n<div class=\"wp-block-group is-layout-flow wp-block-group-is-layout-flow\">\n<div class=\"wp-block-group is-layout-flex wp-block-group-is-layout-flex\"><div class=\"wp-block-post-terms\"><a href=\"https:\/\/www.greenpeace.org\/czech\/category\/issues\/\">Na \u010dem pracujeme<\/a><\/div>\n\n<div class=\"taxonomy-post_tag wp-block-post-terms\"><a href=\"https:\/\/www.greenpeace.org\/czech\/tag\/zmena-klimatu\/\" rel=\"tag\">Zm\u011bnaKlimatu<\/a><span class=\"wp-block-post-terms__separator\"> <\/span><a href=\"https:\/\/www.greenpeace.org\/czech\/tag\/aktivni-spolecnost\/\" rel=\"tag\">Aktivn\u00edSpole\u010dnost<\/a><\/div><\/div>\n\n\n<h3 class=\"wp-block-post-title\"><a href=\"https:\/\/www.greenpeace.org\/czech\/tiskova-zprava\/23440\/skrty-a-cistky-motoristu-na-mzp-nici-ochranu-prirody-a-prodrazi-domacnostem-energie\/\" target=\"_self\" >\u0160krty a \u010distky Motorist\u016f na M\u017dP ni\u010d\u00ed ochranu p\u0159\u00edrody a prodra\u017e\u00ed dom\u00e1cnostem energie<\/a><\/h3>\n\n<div class=\"wp-block-post-excerpt\"><p class=\"wp-block-post-excerpt__excerpt\">Person\u00e1ln\u00ed zm\u011bna ve veden\u00ed Krkono\u0161sk\u00e9ho n\u00e1rodn\u00edho parku vyvol\u00e1v\u00e1 obavy o stabilitu ochrany p\u0159\u00edrody. Ministr \u017eivotn\u00edho prost\u0159ed\u00ed Igor \u010cerven\u00fd odvolal \u0159editele Spr\u00e1vy Krkono\u0161sk\u00e9ho n\u00e1rodn\u00edho parku (KRNAP) Robina B\u00f6hnische. Ministerstvo d\u016fvody tohoto&hellip; <\/p><\/div>\n\n\n<div class=\"wp-block-group posts-list-meta is-layout-flow wp-block-group-is-layout-flow\"><span class='article-list-item-author'>Zelen\u00fd kruh<\/span>\n\n<div class=\"wp-block-post-date\"><time datetime=\"2026-03-10T17:23:25+01:00\">10 b\u0159ezna, 2026<\/time><\/div><\/div>\n<\/div>\n<\/div>\n\n<\/li><li class=\"wp-block-post post-23408 post type-post status-publish format-standard has-post-thumbnail hentry category-greenpeace tag-nenasilne-protesty p4-page-type-tiskova-zprava\">\n\n<div class=\"wp-block-columns is-layout-flex wp-container-core-columns-is-layout-9d6595d7 wp-block-columns-is-layout-flex\"><figure class=\"wp-block-post-featured-image\"><a href=\"https:\/\/www.greenpeace.org\/czech\/tiskova-zprava\/23408\/organizace-greenpeace-se-odvolaji-proti-rozsudku-ve-vysi-345-milionu-dolaru-v-zastrasovaci-zalobe-spolecnosti-energy-transfer\/\" target=\"_self\"  ><img loading=\"lazy\" decoding=\"async\" width=\"1200\" height=\"800\" src=\"https:\/\/www.greenpeace.org\/static\/planet4-czech-republic-stateless\/2025\/06\/06d731f4-gp0su4taj_medium-res-1200px.jpg\" class=\"attachment-post-thumbnail size-post-thumbnail wp-post-image wp-stateless-item\" alt=\"Organizace Greenpeace se odvolaj\u00ed proti rozsudku ve v\u00fd\u0161i 345 milion\u016f dolar\u016f v zastra\u0161ovac\u00ed \u017ealob\u011b spole\u010dnosti Energy Transfer\" style=\"object-fit:cover;\" srcset=\"https:\/\/www.greenpeace.org\/static\/planet4-czech-republic-stateless\/2025\/06\/06d731f4-gp0su4taj_medium-res-1200px.jpg 1200w, https:\/\/www.greenpeace.org\/static\/planet4-czech-republic-stateless\/2025\/06\/06d731f4-gp0su4taj_medium-res-1200px-300x200.jpg 300w, https:\/\/www.greenpeace.org\/static\/planet4-czech-republic-stateless\/2025\/06\/06d731f4-gp0su4taj_medium-res-1200px-1024x683.jpg 1024w, https:\/\/www.greenpeace.org\/static\/planet4-czech-republic-stateless\/2025\/06\/06d731f4-gp0su4taj_medium-res-1200px-768x512.jpg 768w, https:\/\/www.greenpeace.org\/static\/planet4-czech-republic-stateless\/2025\/06\/06d731f4-gp0su4taj_medium-res-1200px-510x340.jpg 510w\" sizes=\"auto, (max-width: 1200px) 100vw, 1200px\" data-image-size=\"post-thumbnail\" data-stateless-media-bucket=\"planet4-czech-republic-stateless\" data-stateless-media-name=\"2025\/06\/06d731f4-gp0su4taj_medium-res-1200px.jpg\" \/><\/a><\/figure>\n\n\n<div class=\"wp-block-group is-layout-flow wp-block-group-is-layout-flow\">\n<div class=\"wp-block-group is-layout-flex wp-block-group-is-layout-flex\"><div class=\"wp-block-post-terms\"><a href=\"https:\/\/www.greenpeace.org\/czech\/category\/greenpeace\/\">Greenpeace<\/a><\/div>\n\n<div class=\"taxonomy-post_tag wp-block-post-terms\"><a href=\"https:\/\/www.greenpeace.org\/czech\/tag\/nenasilne-protesty\/\" rel=\"tag\">Nen\u00e1siln\u00e9 protesty<\/a><\/div><\/div>\n\n\n<h3 class=\"wp-block-post-title\"><a href=\"https:\/\/www.greenpeace.org\/czech\/tiskova-zprava\/23408\/organizace-greenpeace-se-odvolaji-proti-rozsudku-ve-vysi-345-milionu-dolaru-v-zastrasovaci-zalobe-spolecnosti-energy-transfer\/\" target=\"_self\" >Organizace Greenpeace se odvolaj\u00ed proti rozsudku ve v\u00fd\u0161i 345 milion\u016f dolar\u016f v zastra\u0161ovac\u00ed \u017ealob\u011b spole\u010dnosti Energy Transfer<\/a><\/h3>\n\n<div class=\"wp-block-post-excerpt\"><p class=\"wp-block-post-excerpt__excerpt\">Greenpeace International a organizace Greenpeace v USA budou usilovat o nov\u00e9 soudn\u00ed \u0159\u00edzen\u00ed a v p\u0159\u00edpad\u011b pot\u0159eby se odvolaj\u00ed k Nejvy\u0161\u0161\u00edmu soudu Severn\u00ed Dakoty pot\u00e9, co okresn\u00ed soud p\u0159iznal fosiln\u00ed&hellip; <\/p><\/div>\n\n\n<div class=\"wp-block-group posts-list-meta is-layout-flow wp-block-group-is-layout-flow\"><span class='article-list-item-author'>Greenpeace \u010cR<\/span>\n\n<div class=\"wp-block-post-date\"><time datetime=\"2026-03-02T14:59:26+01:00\">2 b\u0159ezna, 2026<\/time><\/div><\/div>\n<\/div>\n<\/div>\n\n<\/li><li class=\"wp-block-post post-23395 post type-post status-publish format-standard has-post-thumbnail hentry category-greenpeace tag-zmena-klimatu tag-konec-doby-fosilni p4-page-type-tiskova-zprava\">\n\n<div class=\"wp-block-columns is-layout-flex wp-container-core-columns-is-layout-9d6595d7 wp-block-columns-is-layout-flex\"><figure class=\"wp-block-post-featured-image\"><a href=\"https:\/\/www.greenpeace.org\/czech\/tiskova-zprava\/23395\/zeleny-kruh-vita-konec-provizoria-je-spravne-ze-mzp-bude-mit-plnohodnotneho-ministra\/\" target=\"_self\"  ><img loading=\"lazy\" decoding=\"async\" width=\"1224\" height=\"815\" src=\"https:\/\/www.greenpeace.org\/static\/planet4-czech-republic-stateless\/2026\/01\/9d197148-i-2.jpeg\" class=\"attachment-post-thumbnail size-post-thumbnail wp-post-image wp-stateless-item\" alt=\"Zelen\u00fd kruh v\u00edt\u00e1 konec provizoria. Je spr\u00e1vn\u00e9, \u017ee M\u017dP bude m\u00edt plnohodnotn\u00e9ho ministra\" style=\"object-fit:cover;\" srcset=\"https:\/\/www.greenpeace.org\/static\/planet4-czech-republic-stateless\/2026\/01\/9d197148-i-2.jpeg 1224w, https:\/\/www.greenpeace.org\/static\/planet4-czech-republic-stateless\/2026\/01\/9d197148-i-2-300x200.jpeg 300w, https:\/\/www.greenpeace.org\/static\/planet4-czech-republic-stateless\/2026\/01\/9d197148-i-2-1024x682.jpeg 1024w, https:\/\/www.greenpeace.org\/static\/planet4-czech-republic-stateless\/2026\/01\/9d197148-i-2-768x511.jpeg 768w, https:\/\/www.greenpeace.org\/static\/planet4-czech-republic-stateless\/2026\/01\/9d197148-i-2-510x340.jpeg 510w\" sizes=\"auto, (max-width: 1224px) 100vw, 1224px\" data-image-size=\"post-thumbnail\" data-stateless-media-bucket=\"planet4-czech-republic-stateless\" data-stateless-media-name=\"2026\/01\/9d197148-i-2.jpeg\" \/><\/a><\/figure>\n\n\n<div class=\"wp-block-group is-layout-flow wp-block-group-is-layout-flow\">\n<div class=\"wp-block-group is-layout-flex wp-block-group-is-layout-flex\"><div class=\"wp-block-post-terms\"><a href=\"https:\/\/www.greenpeace.org\/czech\/category\/greenpeace\/\">Greenpeace<\/a><\/div>\n\n<div class=\"taxonomy-post_tag wp-block-post-terms\"><a href=\"https:\/\/www.greenpeace.org\/czech\/tag\/zmena-klimatu\/\" rel=\"tag\">Zm\u011bnaKlimatu<\/a><span class=\"wp-block-post-terms__separator\"> <\/span><a href=\"https:\/\/www.greenpeace.org\/czech\/tag\/konec-doby-fosilni\/\" rel=\"tag\">KonecDobyFosiln\u00ed<\/a><\/div><\/div>\n\n\n<h3 class=\"wp-block-post-title\"><a href=\"https:\/\/www.greenpeace.org\/czech\/tiskova-zprava\/23395\/zeleny-kruh-vita-konec-provizoria-je-spravne-ze-mzp-bude-mit-plnohodnotneho-ministra\/\" target=\"_self\" >Zelen\u00fd kruh v\u00edt\u00e1 konec provizoria. Je spr\u00e1vn\u00e9, \u017ee M\u017dP bude m\u00edt plnohodnotn\u00e9ho ministra<\/a><\/h3>\n\n<div class=\"wp-block-post-excerpt\"><p class=\"wp-block-post-excerpt__excerpt\">Nov\u00fd ministr Igor \u010cerven\u00fd p\u0159eb\u00edr\u00e1 resort v historicky nejt\u011b\u017e\u0161\u00ed situaci \u2013 s rozpo\u010dtem sn\u00ed\u017een\u00fdm o t\u0159etinu, druhou vlnou propou\u0161t\u011bn\u00ed a programov\u00fdm prohl\u00e1\u0161en\u00edm vl\u00e1dy, kter\u00e9 ochranu p\u0159\u00edrody a \u017eivotn\u00edho prost\u0159ed\u00ed v\u00fdrazn\u011b&hellip; <\/p><\/div>\n\n\n<div class=\"wp-block-group posts-list-meta is-layout-flow wp-block-group-is-layout-flow\"><span class='article-list-item-author'>Tiskov\u00e1 zpr\u00e1va Zelen\u00e9ho kruhu<\/span>\n\n<div class=\"wp-block-post-date\"><time datetime=\"2026-02-23T11:13:56+01:00\">23 \u00fanora, 2026<\/time><\/div><\/div>\n<\/div>\n<\/div>\n\n<\/li><li class=\"wp-block-post post-23380 post type-post status-publish format-standard has-post-thumbnail hentry category-greenpeace tag-zmena-klimatu tag-aktivni-spolecnost tag-setrimeplanetu p4-page-type-tiskova-zprava\">\n\n<div class=\"wp-block-columns is-layout-flex wp-container-core-columns-is-layout-9d6595d7 wp-block-columns-is-layout-flex\"><figure class=\"wp-block-post-featured-image\"><a href=\"https:\/\/www.greenpeace.org\/czech\/tiskova-zprava\/23380\/o-tretinu-snizeny-rozpocet-ministerstva-zivotniho-prostredi-ohrozuje-ochranu-prirody-i-verejne-zdravi\/\" target=\"_self\"  ><img loading=\"lazy\" decoding=\"async\" width=\"1224\" height=\"815\" src=\"https:\/\/www.greenpeace.org\/static\/planet4-czech-republic-stateless\/2025\/10\/17835f99-20221021122731-ab4adf50-xl.jpg\" class=\"attachment-post-thumbnail size-post-thumbnail wp-post-image wp-stateless-item\" alt=\"O t\u0159etinu sn\u00ed\u017een\u00fd rozpo\u010det ministerstva \u017eivotn\u00edho prost\u0159ed\u00ed ohro\u017euje ochranu p\u0159\u00edrody i ve\u0159ejn\u00e9 zdrav\u00ed\" style=\"object-fit:cover;\" srcset=\"https:\/\/www.greenpeace.org\/static\/planet4-czech-republic-stateless\/2025\/10\/17835f99-20221021122731-ab4adf50-xl.jpg 1224w, https:\/\/www.greenpeace.org\/static\/planet4-czech-republic-stateless\/2025\/10\/17835f99-20221021122731-ab4adf50-xl-300x200.jpg 300w, https:\/\/www.greenpeace.org\/static\/planet4-czech-republic-stateless\/2025\/10\/17835f99-20221021122731-ab4adf50-xl-1024x682.jpg 1024w, https:\/\/www.greenpeace.org\/static\/planet4-czech-republic-stateless\/2025\/10\/17835f99-20221021122731-ab4adf50-xl-768x511.jpg 768w, https:\/\/www.greenpeace.org\/static\/planet4-czech-republic-stateless\/2025\/10\/17835f99-20221021122731-ab4adf50-xl-510x340.jpg 510w\" sizes=\"auto, (max-width: 1224px) 100vw, 1224px\" data-image-size=\"post-thumbnail\" data-stateless-media-bucket=\"planet4-czech-republic-stateless\" data-stateless-media-name=\"2025\/10\/17835f99-20221021122731-ab4adf50-xl.jpg\" \/><\/a><\/figure>\n\n\n<div class=\"wp-block-group is-layout-flow wp-block-group-is-layout-flow\">\n<div class=\"wp-block-group is-layout-flex wp-block-group-is-layout-flex\"><div class=\"wp-block-post-terms\"><a href=\"https:\/\/www.greenpeace.org\/czech\/category\/greenpeace\/\">Greenpeace<\/a><\/div>\n\n<div class=\"taxonomy-post_tag wp-block-post-terms\"><a href=\"https:\/\/www.greenpeace.org\/czech\/tag\/zmena-klimatu\/\" rel=\"tag\">Zm\u011bnaKlimatu<\/a><span class=\"wp-block-post-terms__separator\"> <\/span><a href=\"https:\/\/www.greenpeace.org\/czech\/tag\/aktivni-spolecnost\/\" rel=\"tag\">Aktivn\u00edSpole\u010dnost<\/a><span class=\"wp-block-post-terms__separator\"> <\/span><a href=\"https:\/\/www.greenpeace.org\/czech\/tag\/setrimeplanetu\/\" rel=\"tag\">\u0160et\u0159\u00edmePlanetu<\/a><\/div><\/div>\n\n\n<h3 class=\"wp-block-post-title\"><a href=\"https:\/\/www.greenpeace.org\/czech\/tiskova-zprava\/23380\/o-tretinu-snizeny-rozpocet-ministerstva-zivotniho-prostredi-ohrozuje-ochranu-prirody-i-verejne-zdravi\/\" target=\"_self\" >O t\u0159etinu sn\u00ed\u017een\u00fd rozpo\u010det ministerstva \u017eivotn\u00edho prost\u0159ed\u00ed ohro\u017euje ochranu p\u0159\u00edrody i ve\u0159ejn\u00e9 zdrav\u00ed<\/a><\/h3>\n\n<div class=\"wp-block-post-excerpt\"><p class=\"wp-block-post-excerpt__excerpt\">St\u00e1tn\u00ed rozpo\u010det dnes proch\u00e1z\u00ed prvn\u00edm \u010dten\u00edm, definitivn\u011b schv\u00e1len by m\u011bl b\u00fdt 11. b\u0159ezna. V kapitole ministerstva \u017eivotn\u00edho prost\u0159ed\u00ed se masivn\u011b \u0161krt\u00e1 \u2013 spolu s ministerstvem \u0161kolstv\u00ed a kultury jde o&hellip; <\/p><\/div>\n\n\n<div class=\"wp-block-group posts-list-meta is-layout-flow wp-block-group-is-layout-flow\"><span class='article-list-item-author'>Tiskov\u00e1 zpr\u00e1va Zelen\u00e9ho kruhu<\/span>\n\n<div class=\"wp-block-post-date\"><time datetime=\"2026-02-11T11:00:00+01:00\">11 \u00fanora, 2026<\/time><\/div><\/div>\n<\/div>\n<\/div>\n\n<\/li><li class=\"wp-block-post post-23357 post type-post status-publish format-standard has-post-thumbnail hentry category-greenpeace tag-o-nas tag-o-greenpeace p4-page-type-tiskova-zprava\">\n\n<div class=\"wp-block-columns is-layout-flex wp-container-core-columns-is-layout-9d6595d7 wp-block-columns-is-layout-flex\"><figure class=\"wp-block-post-featured-image\"><a href=\"https:\/\/www.greenpeace.org\/czech\/tiskova-zprava\/23357\/__trashed\/\" target=\"_self\"  ><img loading=\"lazy\" decoding=\"async\" width=\"750\" height=\"622\" src=\"https:\/\/www.greenpeace.org\/static\/planet4-czech-republic-stateless\/2026\/01\/e4f55661-img_pg.jpg\" class=\"attachment-post-thumbnail size-post-thumbnail wp-post-image wp-stateless-item\" alt=\"Greenpeace \u010cesk\u00e1 republika m\u00e1 nov\u00e9ho \u0159editele\" style=\"object-fit:cover;\" srcset=\"https:\/\/www.greenpeace.org\/static\/planet4-czech-republic-stateless\/2026\/01\/e4f55661-img_pg.jpg 750w, https:\/\/www.greenpeace.org\/static\/planet4-czech-republic-stateless\/2026\/01\/e4f55661-img_pg-300x249.jpg 300w, https:\/\/www.greenpeace.org\/static\/planet4-czech-republic-stateless\/2026\/01\/e4f55661-img_pg-410x340.jpg 410w\" sizes=\"auto, (max-width: 750px) 100vw, 750px\" data-image-size=\"post-thumbnail\" data-stateless-media-bucket=\"planet4-czech-republic-stateless\" data-stateless-media-name=\"2026\/01\/e4f55661-img_pg.jpg\" \/><\/a><\/figure>\n\n\n<div class=\"wp-block-group is-layout-flow wp-block-group-is-layout-flow\">\n<div class=\"wp-block-group is-layout-flex wp-block-group-is-layout-flex\"><div class=\"wp-block-post-terms\"><a href=\"https:\/\/www.greenpeace.org\/czech\/category\/greenpeace\/\">Greenpeace<\/a><\/div>\n\n<div class=\"taxonomy-post_tag wp-block-post-terms\"><a href=\"https:\/\/www.greenpeace.org\/czech\/tag\/o-nas\/\" rel=\"tag\">O n\u00e1s<\/a><span class=\"wp-block-post-terms__separator\"> <\/span><a href=\"https:\/\/www.greenpeace.org\/czech\/tag\/o-greenpeace\/\" rel=\"tag\">O Greenpeace<\/a><\/div><\/div>\n\n\n<h3 class=\"wp-block-post-title\"><a href=\"https:\/\/www.greenpeace.org\/czech\/tiskova-zprava\/23357\/__trashed\/\" target=\"_self\" >Greenpeace \u010cesk\u00e1 republika m\u00e1 nov\u00e9ho \u0159editele<\/a><\/h3>\n\n<div class=\"wp-block-post-excerpt\"><p class=\"wp-block-post-excerpt__excerpt\">Nov\u00fdm \u0159editelem Greenpeace \u010cesk\u00e1 republika je od za\u010d\u00e1tku \u00fanora 2026 Pavel Gruber. Do veden\u00ed organizace p\u0159in\u00e1\u0161\u00ed v\u00edce ne\u017e dvacet let zku\u0161enost\u00ed s \u0159\u00edzen\u00edm mezin\u00e1rodn\u00edch neziskov\u00fdch organizac\u00ed, ve\u0159ejnou advokaci\u00ed a politick\u00fdmi&hellip; <\/p><\/div>\n\n\n<div class=\"wp-block-group posts-list-meta is-layout-flow wp-block-group-is-layout-flow\"><span class='article-list-item-author'><a href='https:\/\/www.greenpeace.org\/czech\/author\/gp_czech\/'>Greenpeace \u010cesk\u00e1 republika<\/a><\/span>\n\n<div class=\"wp-block-post-date\"><time datetime=\"2026-02-02T07:01:00+01:00\">2 \u00fanora, 2026<\/time><\/div><\/div>\n<\/div>\n<\/div>\n\n<\/li><li class=\"wp-block-post post-23343 post type-post status-publish format-standard has-post-thumbnail hentry category-nezarazeno tag-konec-doby-fosilni p4-page-type-tiskova-zprava\">\n\n<div class=\"wp-block-columns is-layout-flex wp-container-core-columns-is-layout-9d6595d7 wp-block-columns-is-layout-flex\"><figure class=\"wp-block-post-featured-image\"><a href=\"https:\/\/www.greenpeace.org\/czech\/tiskova-zprava\/23343\/ceps-potvrzuje-ze-elektrarna-pocerady-muze-byt-odstavena-dva-bloky-chvaletic-je-nutne-nahradit\/\" target=\"_self\"  ><img loading=\"lazy\" decoding=\"async\" width=\"800\" height=\"450\" src=\"https:\/\/www.greenpeace.org\/static\/planet4-czech-republic-stateless\/2018\/10\/01c5dc14-01c5dc14-pocerady-cut.jpg\" class=\"attachment-post-thumbnail size-post-thumbnail wp-post-image wp-stateless-item\" alt=\"\u010cEPS potvrzuje, \u017ee elektr\u00e1rna Po\u010derady m\u016f\u017ee b\u00fdt odstavena. Dva bloky Chvaletic je nutn\u00e9 nahradit\" style=\"object-fit:cover;\" srcset=\"https:\/\/www.greenpeace.org\/static\/planet4-czech-republic-stateless\/2018\/10\/01c5dc14-01c5dc14-pocerady-cut.jpg 800w, https:\/\/www.greenpeace.org\/static\/planet4-czech-republic-stateless\/2018\/10\/01c5dc14-01c5dc14-pocerady-cut-300x169.jpg 300w, https:\/\/www.greenpeace.org\/static\/planet4-czech-republic-stateless\/2018\/10\/01c5dc14-01c5dc14-pocerady-cut-768x432.jpg 768w, https:\/\/www.greenpeace.org\/static\/planet4-czech-republic-stateless\/2018\/10\/01c5dc14-01c5dc14-pocerady-cut-510x287.jpg 510w\" sizes=\"auto, (max-width: 800px) 100vw, 800px\" data-image-size=\"post-thumbnail\" data-stateless-media-bucket=\"planet4-czech-republic-stateless\" data-stateless-media-name=\"2018\/10\/01c5dc14-01c5dc14-pocerady-cut.jpg\" \/><\/a><\/figure>\n\n\n<div class=\"wp-block-group is-layout-flow wp-block-group-is-layout-flow\">\n<div class=\"wp-block-group is-layout-flex wp-block-group-is-layout-flex\"><div class=\"wp-block-post-terms\"><a href=\"https:\/\/www.greenpeace.org\/czech\/category\/nezarazeno\/\">Neza\u0159azeno<\/a><\/div>\n\n<div class=\"taxonomy-post_tag wp-block-post-terms\"><a href=\"https:\/\/www.greenpeace.org\/czech\/tag\/konec-doby-fosilni\/\" rel=\"tag\">KonecDobyFosiln\u00ed<\/a><\/div><\/div>\n\n\n<h3 class=\"wp-block-post-title\"><a href=\"https:\/\/www.greenpeace.org\/czech\/tiskova-zprava\/23343\/ceps-potvrzuje-ze-elektrarna-pocerady-muze-byt-odstavena-dva-bloky-chvaletic-je-nutne-nahradit\/\" target=\"_self\" >\u010cEPS potvrzuje, \u017ee elektr\u00e1rna Po\u010derady m\u016f\u017ee b\u00fdt odstavena. Dva bloky Chvaletic je nutn\u00e9 nahradit<\/a><\/h3>\n\n<div class=\"wp-block-post-excerpt\"><p class=\"wp-block-post-excerpt__excerpt\">Provozovatel elektroenergetick\u00e9 p\u0159enosov\u00e9 soustavy \u010cEPS dnes ozn\u00e1mil, \u017ee odstaven\u00ed uheln\u00e9 elektr\u00e1rny Po\u010derady neohroz\u00ed provoz soustavy ani z\u00e1sobov\u00e1n\u00ed elekt\u0159inou. Elektr\u00e1rna Chvaletice tak\u00e9 nen\u00ed pot\u0159ebn\u00e1 pro pokryt\u00ed spot\u0159eby elekt\u0159iny. Dva ze \u010dty\u0159&hellip; <\/p><\/div>\n\n\n<div class=\"wp-block-group posts-list-meta is-layout-flow wp-block-group-is-layout-flow\"><span class='article-list-item-author'>Spole\u010dn\u00e1 tiskov\u00e1 zpr\u00e1va Greenpeace \u010cR a Hnut\u00ed DUHA<\/span>\n\n<div class=\"wp-block-post-date\"><time datetime=\"2026-01-27T12:02:28+01:00\">27 ledna, 2026<\/time><\/div><\/div>\n<\/div>\n<\/div>\n\n<\/li><li class=\"wp-block-post post-23328 post type-post status-publish format-standard has-post-thumbnail hentry category-nezarazeno tag-setrimeplanetu tag-aktivni-spolecnost p4-page-type-tiskova-zprava\">\n\n<div class=\"wp-block-columns is-layout-flex wp-container-core-columns-is-layout-9d6595d7 wp-block-columns-is-layout-flex\"><figure class=\"wp-block-post-featured-image\"><a href=\"https:\/\/www.greenpeace.org\/czech\/tiskova-zprava\/23328\/40-zemedelskych-dotaci-eu-inkasuje-pouhe-jedno-procento-prijemcu-mezi-nimi-i-agrofert\/\" target=\"_self\"  ><img loading=\"lazy\" decoding=\"async\" width=\"2560\" height=\"1920\" src=\"https:\/\/www.greenpeace.org\/static\/planet4-czech-republic-stateless\/2026\/01\/dc8fb418-unnamed-scaled.jpg\" class=\"attachment-post-thumbnail size-post-thumbnail wp-post-image wp-stateless-item\" alt=\"40 % zem\u011bd\u011blsk\u00fdch dotac\u00ed EU inkasuje pouh\u00e9 jedno procento p\u0159\u00edjemc\u016f. Mezi nimi i Agrofert\" style=\"object-fit:cover;\" srcset=\"https:\/\/www.greenpeace.org\/static\/planet4-czech-republic-stateless\/2026\/01\/dc8fb418-unnamed-scaled.jpg 2560w, https:\/\/www.greenpeace.org\/static\/planet4-czech-republic-stateless\/2026\/01\/dc8fb418-unnamed-300x225.jpg 300w, https:\/\/www.greenpeace.org\/static\/planet4-czech-republic-stateless\/2026\/01\/dc8fb418-unnamed-1024x768.jpg 1024w, https:\/\/www.greenpeace.org\/static\/planet4-czech-republic-stateless\/2026\/01\/dc8fb418-unnamed-768x576.jpg 768w, https:\/\/www.greenpeace.org\/static\/planet4-czech-republic-stateless\/2026\/01\/dc8fb418-unnamed-1536x1152.jpg 1536w, https:\/\/www.greenpeace.org\/static\/planet4-czech-republic-stateless\/2026\/01\/dc8fb418-unnamed-2048x1536.jpg 2048w, https:\/\/www.greenpeace.org\/static\/planet4-czech-republic-stateless\/2026\/01\/dc8fb418-unnamed-1821x1366.jpg 1821w, https:\/\/www.greenpeace.org\/static\/planet4-czech-republic-stateless\/2026\/01\/dc8fb418-unnamed-453x340.jpg 453w\" sizes=\"auto, (max-width: 2560px) 100vw, 2560px\" data-image-size=\"post-thumbnail\" data-stateless-media-bucket=\"planet4-czech-republic-stateless\" data-stateless-media-name=\"2026\/01\/dc8fb418-unnamed-scaled.jpg\" \/><\/a><\/figure>\n\n\n<div class=\"wp-block-group is-layout-flow wp-block-group-is-layout-flow\">\n<div class=\"wp-block-group is-layout-flex wp-block-group-is-layout-flex\"><div class=\"wp-block-post-terms\"><a href=\"https:\/\/www.greenpeace.org\/czech\/category\/nezarazeno\/\">Neza\u0159azeno<\/a><\/div>\n\n<div class=\"taxonomy-post_tag wp-block-post-terms\"><a href=\"https:\/\/www.greenpeace.org\/czech\/tag\/setrimeplanetu\/\" rel=\"tag\">\u0160et\u0159\u00edmePlanetu<\/a><span class=\"wp-block-post-terms__separator\"> <\/span><a href=\"https:\/\/www.greenpeace.org\/czech\/tag\/aktivni-spolecnost\/\" rel=\"tag\">Aktivn\u00edSpole\u010dnost<\/a><\/div><\/div>\n\n\n<h3 class=\"wp-block-post-title\"><a href=\"https:\/\/www.greenpeace.org\/czech\/tiskova-zprava\/23328\/40-zemedelskych-dotaci-eu-inkasuje-pouhe-jedno-procento-prijemcu-mezi-nimi-i-agrofert\/\" target=\"_self\" >40 % zem\u011bd\u011blsk\u00fdch dotac\u00ed EU inkasuje pouh\u00e9 jedno procento p\u0159\u00edjemc\u016f. Mezi nimi i Agrofert<\/a><\/h3>\n\n<div class=\"wp-block-post-excerpt\"><p class=\"wp-block-post-excerpt__excerpt\">Podle studie Greenpeace vych\u00e1zej\u00edc\u00ed z \u00fadaj\u016f o platb\u00e1ch SZP si mal\u00e1 \u010d\u00e1st bohat\u00fdch vlastn\u00edk\u016f p\u016fdy a pr\u016fmyslov\u00fdch zem\u011bd\u011blc\u016f p\u0159ivlast\u0148uje lv\u00ed pod\u00edl dotac\u00ed EU v r\u00e1mci Spole\u010dn\u00e9 zem\u011bd\u011blsk\u00e9 politiky (SZP). Pouh\u00e9&hellip; <\/p><\/div>\n\n\n<div class=\"wp-block-group posts-list-meta is-layout-flow wp-block-group-is-layout-flow\"><span class='article-list-item-author'><a href='https:\/\/www.greenpeace.org\/czech\/author\/gp_czech\/'>Greenpeace \u010cesk\u00e1 republika<\/a><\/span>\n\n<div class=\"wp-block-post-date\"><time datetime=\"2026-01-19T12:09:44+01:00\">19 ledna, 2026<\/time><\/div><\/div>\n<\/div>\n<\/div>\n\n<\/li><\/ul>\n\n\n<div class=\"wp-block-buttons carousel-controls is-horizontal is-content-justification-space-between is-nowrap is-layout-flex wp-container-core-buttons-is-layout-044bd602 wp-block-buttons-is-layout-flex\">\n<div class=\"wp-block-button carousel-control-prev\"><button type=\"button\" class=\"wp-block-button__link wp-element-button\">Prev<\/button><\/div>\n\n\n\n<div class=\"wp-block-button carousel-control-next\"><button type=\"button\" class=\"wp-block-button__link wp-element-button\">Next<\/button><\/div>\n<\/div>\n\n\n<li class=\" wp-block-navigation-item see-all-link wp-block-navigation-link\"><a class=\"wp-block-navigation-item__content\"  href=\"http:\/\/www.greenpeace.org\/czech\/news-stories\/?post-type=tiskova-zprava\"><span class=\"wp-block-navigation-item__label\">See all stories<\/span><\/a><\/li><\/div>\n","protected":false},"excerpt":{"rendered":"<p>V\u00edtejte v medi\u00e1ln\u00edm centru Greenpeace \u010cesk\u00e1 republika.<\/p>\n","protected":false},"author":1,"featured_media":10540,"parent":0,"menu_order":0,"comment_status":"closed","ping_status":"closed","template":"","meta":{"ep_exclude_from_search":false,"p4_hide_page_title_checkbox":"on","p4_title":"","p4_subtitle":"","p4_description":"","background_image_id":"","background_image":"","p4_button_title":"","p4_button_link":"","p4_button_link_checkbox":"","p4_og_title":"","p4_og_description":"","p4_og_image":"","p4_og_image_id":"","p4_seo_canonical_url":"","p4_campaign_name":"not set","p4_local_project":"not set","p4_basket_name":"not set","p4_department":"","footnotes":""},"categories":[1],"tags":[],"class_list":["post-230","page","type-page","status-publish","has-post-thumbnail","hentry","category-nezarazeno"],"_links":{"self":[{"href":"https:\/\/www.greenpeace.org\/czech\/wp-json\/wp\/v2\/pages\/230","targetHints":{"allow":["GET"]}}],"collection":[{"href":"https:\/\/www.greenpeace.org\/czech\/wp-json\/wp\/v2\/pages"}],"about":[{"href":"https:\/\/www.greenpeace.org\/czech\/wp-json\/wp\/v2\/types\/page"}],"author":[{"embeddable":true,"href":"https:\/\/www.greenpeace.org\/czech\/wp-json\/wp\/v2\/users\/1"}],"replies":[{"embeddable":true,"href":"https:\/\/www.greenpeace.org\/czech\/wp-json\/wp\/v2\/comments?post=230"}],"version-history":[{"count":20,"href":"https:\/\/www.greenpeace.org\/czech\/wp-json\/wp\/v2\/pages\/230\/revisions"}],"predecessor-version":[{"id":23485,"href":"https:\/\/www.greenpeace.org\/czech\/wp-json\/wp\/v2\/pages\/230\/revisions\/23485"}],"wp:featuredmedia":[{"embeddable":true,"href":"https:\/\/www.greenpeace.org\/czech\/wp-json\/wp\/v2\/media\/10540"}],"wp:attachment":[{"href":"https:\/\/www.greenpeace.org\/czech\/wp-json\/wp\/v2\/media?parent=230"}],"wp:term":[{"taxonomy":"category","embeddable":true,"href":"https:\/\/www.greenpeace.org\/czech\/wp-json\/wp\/v2\/categories?post=230"},{"taxonomy":"post_tag","embeddable":true,"href":"https:\/\/www.greenpeace.org\/czech\/wp-json\/wp\/v2\/tags?post=230"}],"curies":[{"name":"wp","href":"https:\/\/api.w.org\/{rel}","templated":true}]}}