{"id":995,"date":"2018-10-19T20:23:01","date_gmt":"2018-10-19T18:23:01","guid":{"rendered":"https:\/\/www.greenpeace.org\/czech\/?page_id=995"},"modified":"2025-09-23T10:47:11","modified_gmt":"2025-09-23T09:47:11","slug":"pracuj-s-nami","status":"publish","type":"page","link":"https:\/\/www.greenpeace.org\/czech\/pracuj-s-nami\/","title":{"rendered":"Pracuj s n\u00e1mi"},"content":{"rendered":"\n\n<div class=\"wp-block-group alignfull is-layout-flow wp-block-group-is-layout-flow\">\n<div class=\"wp-block-group container is-layout-flow wp-block-group-is-layout-flow\">\n<div class=\"wp-block-media-text alignfull has-media-on-the-right is-stacked-on-mobile is-pattern-p4-page-header is-style-parallax\"><div class=\"wp-block-media-text__content\">\n<div class=\"wp-block-group is-layout-flow wp-block-group-is-layout-flow\">\n<h1 class=\"wp-block-heading has-white-background-color has-background\">\n                            Pracuj s n\u00e1mi\n                        <\/h1>\n<\/div>\n<\/div><figure class=\"wp-block-media-text__media\"><img loading=\"lazy\" decoding=\"async\" width=\"1024\" height=\"609\" src=\"https:\/\/www.greenpeace.org\/static\/planet4-czech-republic-stateless\/2025\/09\/35b5e632-gp-tym-1024x609.jpg\" alt=\"\" sizes=\"auto, (min-width: 601px) 50vw, 100vw\" srcset=\"https:\/\/www.greenpeace.org\/static\/planet4-czech-republic-stateless\/2025\/09\/35b5e632-gp-tym.jpg 2503w, https:\/\/www.greenpeace.org\/static\/planet4-czech-republic-stateless\/2025\/09\/35b5e632-gp-tym-300x178.jpg 300w, https:\/\/www.greenpeace.org\/static\/planet4-czech-republic-stateless\/2025\/09\/35b5e632-gp-tym-1024x609.jpg 1024w, https:\/\/www.greenpeace.org\/static\/planet4-czech-republic-stateless\/2025\/09\/35b5e632-gp-tym-768x457.jpg 768w, https:\/\/www.greenpeace.org\/static\/planet4-czech-republic-stateless\/2025\/09\/35b5e632-gp-tym-1536x913.jpg 1536w, https:\/\/www.greenpeace.org\/static\/planet4-czech-republic-stateless\/2025\/09\/35b5e632-gp-tym-2048x1218.jpg 2048w, https:\/\/www.greenpeace.org\/static\/planet4-czech-republic-stateless\/2025\/09\/35b5e632-gp-tym-510x303.jpg 510w\" class=\"wp-image-22716 size-full\"\/><\/figure><\/div>\n<\/div>\n<\/div>\n\n\n<h3 class=\"wp-block-heading\">Chce\u0161 m\u011bnit sv\u011bt? P\u0159idej se k n\u00e1m.<\/h3>\n\n<p>V Greenpeace pracuj\u00ed oddan\u00ed a zku\u0161en\u00ed lid\u00e9, kte\u0159\u00ed tvo\u0159\u00ed rozmanit\u00fd t\u00fdm a kte\u0159\u00ed v\u011b\u0159\u00ed, \u017ee p\u0159\u00edm\u00e9 nen\u00e1siln\u00e9 akce a hlavn\u011b aktivn\u00ed zapojov\u00e1n\u00ed ve\u0159ejnosti do ochrany \u017eivotn\u00edho prost\u0159ed\u00ed m\u00e1 smysl.<\/p>\n\n<p>V\u011b\u0159\u00edme v poskytov\u00e1n\u00ed rovn\u00fdch pracovn\u00edch p\u0159\u00edle\u017eitost\u00ed v\u0161em zam\u011bstnanc\u016fm a \u017eadatel\u016fm o zam\u011bstn\u00e1n\u00ed bez ohledu na rasu, barvu pleti, n\u00e1bo\u017eenstv\u00ed, pohlav\u00ed, n\u00e1rodnostn\u00ed p\u016fvod, v\u011bk \u010di orientaci. V\u011b\u0159\u00edme, \u017ee spr\u00e1vnou cestou k dosa\u017een\u00ed nejlep\u0161\u00edch v\u00fdsledk\u016f je d\u016fv\u011bra v zam\u011bstnance, podpora jejich osobn\u00edho r\u016fstu a samostatn\u00e9ho rozhodov\u00e1n\u00ed. V Greenpeace pracujeme v r\u016fznorod\u00fdch t\u00fdmech a tedy i administrativn\u00ed pracovn\u00edk v\u00fdznamn\u011b p\u0159isp\u00edv\u00e1 k celkov\u00e9mu v\u00fdsledku a pom\u00e1h\u00e1 m\u011bnit sv\u011bt. Nelibujeme si v hierarchii, ale sna\u017e\u00edme se ka\u017ed\u00e9ho podpo\u0159it v zodpov\u011bdn\u00e9m rozhodov\u00e1n\u00ed a aktivn\u00edm p\u0159\u00edstupu.<\/p>\n\n<p>Greenpeace je mezin\u00e1rodn\u00ed organizace se z\u00e1stupci r\u016fzn\u00fdch n\u00e1rodnost\u00ed nejen v \u010cesk\u00e9 republice ale i v\u0161ude ve sv\u011bt\u011b. O diverzitu a kulturn\u00ed rozmanitost tedy nen\u00ed nouze.<\/p>\n\n<p>Pokud T\u011b zaujme jak\u00e1koliv z inzerovan\u00fdch pracovn\u00edch \u010di dobrovolnick\u00fdch pozic, nev\u00e1hej n\u00e1m poslat \u017eivotopis s motiva\u010dn\u00edm dopisem. Po za\u0159azen\u00ed do v\u00fdb\u011brov\u00e9ho \u0159\u00edzen\u00ed bude\u0161 pravd\u011bpodobn\u011b po\u017e\u00e1d\u00e1n\/a o spln\u011bn\u00ed odborn\u00e9ho \u00fakolu pro zvolenou pozici z d\u016fvodu urychlen\u00ed v\u00fdb\u011bru spr\u00e1vn\u00e9ho kandid\u00e1ta \u010di kandid\u00e1tky.<\/p>\n\n<p><strong>T\u011b\u0161\u00edme se na Tebe!<\/strong><\/p>\n\n<div class=\"wp-block-query posts-list p4-query-loop is-custom-layout-list is-layout-flow wp-block-query-is-layout-flow\">\n<div class=\"wp-block-group is-content-justification-space-between is-layout-flex wp-container-core-group-is-layout-3d213aab wp-block-group-is-layout-flex\">\n<h2 class=\"wp-block-heading\">Pracovn\u00ed p\u0159\u00edle\u017eitosti v Greenpeace<\/h2>\n\n\n<li class=\" wp-block-navigation-item see-all-link wp-block-navigation-link\"><a class=\"wp-block-navigation-item__content\"  href=\"http:\/\/www.greenpeace.org\/czech\/news-stories\/?post-type=pracovni-prilezitosti\"><span class=\"wp-block-navigation-item__label\">See all stories<\/span><\/a><\/li><\/div>\n\n\n\n<p style=\"margin-top:24px;margin-bottom:36px\"><\/p>\n\n\n\n\n<ul class=\"wp-block-post-template is-layout-flow wp-block-post-template-is-layout-flow\"><li class=\"wp-block-post post-23489 post type-post status-publish format-standard has-post-thumbnail hentry category-greenpeace tag-o-greenpeace p4-page-type-pracovni-prilezitosti\">\n\n<div class=\"wp-block-columns is-layout-flex wp-container-core-columns-is-layout-9d6595d7 wp-block-columns-is-layout-flex\"><figure class=\"wp-block-post-featured-image\"><a href=\"https:\/\/www.greenpeace.org\/czech\/pracovni-prilezitosti\/23489\/communications-officer\/\" target=\"_self\"  ><img loading=\"lazy\" decoding=\"async\" width=\"2560\" height=\"1920\" src=\"https:\/\/www.greenpeace.org\/static\/planet4-czech-republic-stateless\/2025\/08\/fe8e060e-shutterstock_2593732217zmensene-scaled.jpg\" class=\"attachment-post-thumbnail size-post-thumbnail wp-post-image wp-stateless-item\" alt=\"Communications Officer\" style=\"object-fit:cover;\" srcset=\"https:\/\/www.greenpeace.org\/static\/planet4-czech-republic-stateless\/2025\/08\/fe8e060e-shutterstock_2593732217zmensene-scaled.jpg 2560w, https:\/\/www.greenpeace.org\/static\/planet4-czech-republic-stateless\/2025\/08\/fe8e060e-shutterstock_2593732217zmensene-300x225.jpg 300w, https:\/\/www.greenpeace.org\/static\/planet4-czech-republic-stateless\/2025\/08\/fe8e060e-shutterstock_2593732217zmensene-1024x768.jpg 1024w, https:\/\/www.greenpeace.org\/static\/planet4-czech-republic-stateless\/2025\/08\/fe8e060e-shutterstock_2593732217zmensene-768x576.jpg 768w, https:\/\/www.greenpeace.org\/static\/planet4-czech-republic-stateless\/2025\/08\/fe8e060e-shutterstock_2593732217zmensene-1536x1152.jpg 1536w, https:\/\/www.greenpeace.org\/static\/planet4-czech-republic-stateless\/2025\/08\/fe8e060e-shutterstock_2593732217zmensene-2048x1536.jpg 2048w, https:\/\/www.greenpeace.org\/static\/planet4-czech-republic-stateless\/2025\/08\/fe8e060e-shutterstock_2593732217zmensene-1821x1366.jpg 1821w, https:\/\/www.greenpeace.org\/static\/planet4-czech-republic-stateless\/2025\/08\/fe8e060e-shutterstock_2593732217zmensene-453x340.jpg 453w\" sizes=\"auto, (max-width: 2560px) 100vw, 2560px\" data-image-size=\"post-thumbnail\" data-stateless-media-bucket=\"planet4-czech-republic-stateless\" data-stateless-media-name=\"2025\/08\/fe8e060e-shutterstock_2593732217zmensene-scaled.jpg\" \/><\/a><\/figure>\n\n\n<div class=\"wp-block-group is-layout-flow wp-block-group-is-layout-flow\">\n<div class=\"wp-block-group is-layout-flex wp-block-group-is-layout-flex\"><div class=\"wp-block-post-terms\"><a href=\"https:\/\/www.greenpeace.org\/czech\/category\/greenpeace\/\">Greenpeace<\/a><\/div>\n\n<div class=\"taxonomy-post_tag wp-block-post-terms\"><a href=\"https:\/\/www.greenpeace.org\/czech\/tag\/o-greenpeace\/\" rel=\"tag\">O Greenpeace<\/a><\/div><\/div>\n\n\n<h3 class=\"wp-block-post-title\"><a href=\"https:\/\/www.greenpeace.org\/czech\/pracovni-prilezitosti\/23489\/communications-officer\/\" target=\"_self\" >Communications Officer<\/a><\/h3>\n\n<div class=\"wp-block-post-excerpt\"><p class=\"wp-block-post-excerpt__excerpt\">Chce\u0161 st\u00e1t v pop\u0159ed\u00ed komunikace, kter\u00e1 inspiruje, informuje a m\u011bn\u00ed v\u011bci k lep\u0161\u00edmu? P\u0159idej se k na\u0161emu t\u00fdmu a pomoz n\u00e1m pos\u00edlit hlas p\u0159\u00edrody! <\/p><\/div>\n\n\n<div class=\"wp-block-group posts-list-meta is-layout-flow wp-block-group-is-layout-flow\"><span class='article-list-item-author'><a href='https:\/\/www.greenpeace.org\/czech\/author\/julie-markova\/'>Julie Markov\u00e1<\/a><\/span>\n\n<div class=\"wp-block-post-date\"><time datetime=\"2026-03-25T14:13:58+01:00\">25 b\u0159ezna, 2026<\/time><\/div><\/div>\n<\/div>\n<\/div>\n\n<\/li><li class=\"wp-block-post post-18368 post type-post status-publish format-standard has-post-thumbnail hentry category-greenpeace tag-o-greenpeace p4-page-type-pracovni-prilezitosti\">\n\n<div class=\"wp-block-columns is-layout-flex wp-container-core-columns-is-layout-9d6595d7 wp-block-columns-is-layout-flex\"><figure class=\"wp-block-post-featured-image\"><a href=\"https:\/\/www.greenpeace.org\/czech\/pracovni-prilezitosti\/18368\/pridej-se-k-dobrovolnikum-v-ostrave\/\" target=\"_self\"  ><img loading=\"lazy\" decoding=\"async\" width=\"1656\" height=\"1104\" src=\"https:\/\/www.greenpeace.org\/static\/planet4-czech-republic-stateless\/2022\/07\/2f77597f-20220719132018-191db24a-xx.jpg\" class=\"attachment-post-thumbnail size-post-thumbnail wp-post-image wp-stateless-item\" alt=\"P\u0159idej se do dobrovolnick\u00e9ho programu!\" style=\"object-fit:cover;\" srcset=\"https:\/\/www.greenpeace.org\/static\/planet4-czech-republic-stateless\/2022\/07\/2f77597f-20220719132018-191db24a-xx.jpg 1656w, https:\/\/www.greenpeace.org\/static\/planet4-czech-republic-stateless\/2022\/07\/2f77597f-20220719132018-191db24a-xx-300x200.jpg 300w, https:\/\/www.greenpeace.org\/static\/planet4-czech-republic-stateless\/2022\/07\/2f77597f-20220719132018-191db24a-xx-1024x683.jpg 1024w, https:\/\/www.greenpeace.org\/static\/planet4-czech-republic-stateless\/2022\/07\/2f77597f-20220719132018-191db24a-xx-768x512.jpg 768w, https:\/\/www.greenpeace.org\/static\/planet4-czech-republic-stateless\/2022\/07\/2f77597f-20220719132018-191db24a-xx-1536x1024.jpg 1536w, https:\/\/www.greenpeace.org\/static\/planet4-czech-republic-stateless\/2022\/07\/2f77597f-20220719132018-191db24a-xx-510x340.jpg 510w\" sizes=\"auto, (max-width: 1656px) 100vw, 1656px\" data-image-size=\"post-thumbnail\" data-stateless-media-bucket=\"planet4-czech-republic-stateless\" data-stateless-media-name=\"2022\/07\/2f77597f-20220719132018-191db24a-xx.jpg\" \/><\/a><\/figure>\n\n\n<div class=\"wp-block-group is-layout-flow wp-block-group-is-layout-flow\">\n<div class=\"wp-block-group is-layout-flex wp-block-group-is-layout-flex\"><div class=\"wp-block-post-terms\"><a href=\"https:\/\/www.greenpeace.org\/czech\/category\/greenpeace\/\">Greenpeace<\/a><\/div>\n\n<div class=\"taxonomy-post_tag wp-block-post-terms\"><a href=\"https:\/\/www.greenpeace.org\/czech\/tag\/o-greenpeace\/\" rel=\"tag\">O Greenpeace<\/a><\/div><\/div>\n\n\n<h3 class=\"wp-block-post-title\"><a href=\"https:\/\/www.greenpeace.org\/czech\/pracovni-prilezitosti\/18368\/pridej-se-k-dobrovolnikum-v-ostrave\/\" target=\"_self\" >P\u0159idej se do dobrovolnick\u00e9ho programu!<\/a><\/h3>\n\n<div class=\"wp-block-post-excerpt\"><p class=\"wp-block-post-excerpt__excerpt\">Greenpeace je organizace, jej\u00ed\u017e pr\u00e1ce by byla nemysliteln\u00e1 bez pomoci dobrovolnic a dobrovoln\u00edk\u016f. A\u0165 je ti \u0161estn\u00e1ct nebo \u0161edes\u00e1t, studuje\u0161, pracuje\u0161 nebo jsi v d\u016fchodu, v\u017edy se m\u016f\u017ee\u0161 zapojit bez ohledu na to, ve kter\u00e9m m\u011bst\u011b bydl\u00ed\u0161. <\/p><\/div>\n\n\n<div class=\"wp-block-group posts-list-meta is-layout-flow wp-block-group-is-layout-flow\"><span class='article-list-item-author'><a href='https:\/\/www.greenpeace.org\/czech\/author\/barbora-sommers\/'>Barbora Sommers<\/a><\/span>\n\n<div class=\"wp-block-post-date\"><time datetime=\"2023-05-31T16:20:39+01:00\">31 kv\u011btna, 2023<\/time><\/div><\/div>\n<\/div>\n<\/div>\n\n<\/li><\/ul>\n\n\n<div class=\"wp-block-buttons carousel-controls is-horizontal is-content-justification-space-between is-nowrap is-layout-flex wp-container-core-buttons-is-layout-044bd602 wp-block-buttons-is-layout-flex\">\n<div class=\"wp-block-button carousel-control-prev\"><button type=\"button\" class=\"wp-block-button__link wp-element-button\">Prev<\/button><\/div>\n\n\n\n<div class=\"wp-block-button carousel-control-next\"><button type=\"button\" class=\"wp-block-button__link wp-element-button\">Next<\/button><\/div>\n<\/div>\n\n\n<li class=\" wp-block-navigation-item see-all-link wp-block-navigation-link\"><a class=\"wp-block-navigation-item__content\"  href=\"http:\/\/www.greenpeace.org\/czech\/news-stories\/?post-type=pracovni-prilezitosti\"><span class=\"wp-block-navigation-item__label\">See all stories<\/span><\/a><\/li><\/div>\n","protected":false},"excerpt":{"rendered":"<p>Chce\u0161 pracovat v Greenpeeace? Pod\u00edvej se, jak\u00e9 pozice jsou aktu\u00e1ln\u011b voln\u00e9 a pod\u00edlej se na ochran\u011b p\u0159\u00edrody ka\u017ed\u00fd den.<\/p>\n","protected":false},"author":21,"featured_media":996,"parent":0,"menu_order":0,"comment_status":"closed","ping_status":"closed","template":"page-templates\/evergreen.php","meta":{"ep_exclude_from_search":false,"p4_hide_page_title_checkbox":"on","p4_title":"","p4_subtitle":"","p4_description":"","background_image_id":"","background_image":"","p4_button_title":"","p4_button_link":"","p4_button_link_checkbox":"","p4_og_title":"","p4_og_description":"","p4_og_image":"","p4_og_image_id":"","p4_seo_canonical_url":"","p4_campaign_name":"","p4_local_project":"","p4_basket_name":"","p4_department":"","footnotes":""},"categories":[1],"tags":[],"class_list":["post-995","page","type-page","status-publish","has-post-thumbnail","hentry","category-nezarazeno"],"_links":{"self":[{"href":"https:\/\/www.greenpeace.org\/czech\/wp-json\/wp\/v2\/pages\/995","targetHints":{"allow":["GET"]}}],"collection":[{"href":"https:\/\/www.greenpeace.org\/czech\/wp-json\/wp\/v2\/pages"}],"about":[{"href":"https:\/\/www.greenpeace.org\/czech\/wp-json\/wp\/v2\/types\/page"}],"author":[{"embeddable":true,"href":"https:\/\/www.greenpeace.org\/czech\/wp-json\/wp\/v2\/users\/21"}],"replies":[{"embeddable":true,"href":"https:\/\/www.greenpeace.org\/czech\/wp-json\/wp\/v2\/comments?post=995"}],"version-history":[{"count":21,"href":"https:\/\/www.greenpeace.org\/czech\/wp-json\/wp\/v2\/pages\/995\/revisions"}],"predecessor-version":[{"id":23544,"href":"https:\/\/www.greenpeace.org\/czech\/wp-json\/wp\/v2\/pages\/995\/revisions\/23544"}],"wp:featuredmedia":[{"embeddable":true,"href":"https:\/\/www.greenpeace.org\/czech\/wp-json\/wp\/v2\/media\/996"}],"wp:attachment":[{"href":"https:\/\/www.greenpeace.org\/czech\/wp-json\/wp\/v2\/media?parent=995"}],"wp:term":[{"taxonomy":"category","embeddable":true,"href":"https:\/\/www.greenpeace.org\/czech\/wp-json\/wp\/v2\/categories?post=995"},{"taxonomy":"post_tag","embeddable":true,"href":"https:\/\/www.greenpeace.org\/czech\/wp-json\/wp\/v2\/tags?post=995"}],"curies":[{"name":"wp","href":"https:\/\/api.w.org\/{rel}","templated":true}]}}