{"id":234,"date":"2018-09-19T10:00:07","date_gmt":"2018-09-19T08:00:07","guid":{"rendered":"https:\/\/k8s.p4.greenpeace.org\/defaultcontent\/?page_id=234"},"modified":"2025-09-23T11:53:52","modified_gmt":"2025-09-23T09:53:52","slug":"om-os","status":"publish","type":"page","link":"https:\/\/www.greenpeace.org\/denmark\/om-os\/","title":{"rendered":"Om os"},"content":{"rendered":"\n<div class=\"wp-block-group block is-pattern-p4-get-informed-pattern-layout is-layout-flow wp-block-group-is-layout-flow\">\n<div class=\"wp-block-planet4-blocks-carousel-header is-style-fit-height-to-content mb-0\"><div data-hydrate=\"planet4-blocks\/carousel-header\" data-attributes=\"{&quot;carousel_autoplay&quot;:false,&quot;slides&quot;:[{&quot;image&quot;:55917,&quot;focal_points&quot;:{&quot;x&quot;:0.53,&quot;y&quot;:0.66},&quot;header&quot;:&quot;Om Greenpeace&quot;,&quot;description&quot;:&quot;Greenpeace k\u00e6mper for en b\u00e6redygtig og fredelig jord. Vi konfronterer klima- og milj\u00f8\u00f8del\u00e6ggelse og pr\u00e6senterer l\u00f8sninger. Find information om vores organisation, v\u00e6rdier og kontaktoplysninger p\u00e5 siden her.&lt;br&gt;&lt;br&gt;&quot;,&quot;link_text&quot;:&quot;&quot;,&quot;link_url&quot;:&quot;&quot;,&quot;link_url_new_tab&quot;:false,&quot;image_url&quot;:&quot;https:\/\/www.greenpeace.org\/static\/planet4-norway-stateless\/2023\/06\/31f7d2e7-gp0447u_web_size.jpg&quot;,&quot;image_srcset&quot;:&quot;https:\/\/www.greenpeace.org\/static\/planet4-norway-stateless\/2023\/06\/31f7d2e7-gp0447u_web_size-150x150.jpg 150w,https:\/\/www.greenpeace.org\/static\/planet4-norway-stateless\/2023\/06\/31f7d2e7-gp0447u_web_size-300x202.jpg 300w,https:\/\/www.greenpeace.org\/static\/planet4-norway-stateless\/2023\/06\/31f7d2e7-gp0447u_web_size-505x340.jpg 505w,https:\/\/www.greenpeace.org\/static\/planet4-norway-stateless\/2023\/06\/31f7d2e7-gp0447u_web_size.jpg 800w&quot;}],&quot;currentImageIndex&quot;:0,&quot;className&quot;:&quot;is-style-fit-height-to-content mb-0&quot;}\"><section class=\"block block-header alignfull carousel-header is-style-fit-height-to-content mb-0\"><div class=\"carousel-wrapper-header\"><div class=\"carousel-inner\" role=\"listbox\"><div class=\"carousel-item active\"><div class=\"carousel-item-mask\"><div class=\"background-holder\"><img decoding=\"async\" src=\"https:\/\/www.greenpeace.org\/static\/planet4-norway-stateless\/2023\/06\/31f7d2e7-gp0447u_web_size.jpg\" style=\"object-position:53% 66%\" srcSet=\"https:\/\/www.greenpeace.org\/static\/planet4-norway-stateless\/2023\/06\/31f7d2e7-gp0447u_web_size-150x150.jpg 150w,https:\/\/www.greenpeace.org\/static\/planet4-norway-stateless\/2023\/06\/31f7d2e7-gp0447u_web_size-300x202.jpg 300w,https:\/\/www.greenpeace.org\/static\/planet4-norway-stateless\/2023\/06\/31f7d2e7-gp0447u_web_size-505x340.jpg 505w,https:\/\/www.greenpeace.org\/static\/planet4-norway-stateless\/2023\/06\/31f7d2e7-gp0447u_web_size.jpg 800w\"\/><\/div><div class=\"carousel-caption\"><div class=\"caption-overlay\"><\/div><div class=\"container main-header\"><div class=\"carousel-captions-wrapper\"><h2>Om Greenpeace<\/h2><p>Greenpeace k\u00e6mper for en b\u00e6redygtig og fredelig jord. Vi konfronterer klima- og milj\u00f8\u00f8del\u00e6ggelse og pr\u00e6senterer l\u00f8sninger. Find information om vores organisation, v\u00e6rdier og kontaktoplysninger p\u00e5 siden her.<br><br><\/p><\/div><\/div><\/div><\/div><\/div><\/div><\/div><\/section><\/div><\/div>\n\n\n\n\n<div class=\"wp-block-group alignfull block mt-0 pt-0 has-grey-100-background-color has-background is-layout-flow wp-block-group-is-layout-flow\">\n<div class=\"wp-block-group container is-layout-flow wp-block-group-is-layout-flow\">\n<div style=\"height:24px\" aria-hidden=\"true\" class=\"wp-block-spacer\"><\/div>\n\n\n\n<div class=\"wp-block-columns is-not-stacked-on-mobile is-style-mobile-carousel is-layout-flex wp-container-core-columns-is-layout-9d6595d7 wp-block-columns-is-layout-flex\">\n<div class=\"wp-block-column is-layout-flow wp-block-column-is-layout-flow\">\n<div class=\"wp-block-group group-stretched-link is-layout-flow wp-block-group-is-layout-flow\">\n<figure class=\"wp-block-image aligncenter size-full is-resized is-style-rounded-90 force-no-lightbox force-no-caption mb-0\"><img loading=\"lazy\" decoding=\"async\" width=\"252\" height=\"256\" src=\"https:\/\/www.greenpeace.org\/static\/planet4-denmark-stateless\/2023\/07\/2be44819-asset-22@2x.png\" alt=\"\" class=\"wp-image-57104\"\/><\/figure>\n\n\n\n<div style=\"height:16px\" aria-hidden=\"true\" class=\"wp-block-spacer\"><\/div>\n\n\n\n<h5 class=\"wp-block-heading has-text-align-center\" style=\"font-size:1rem\"><a href=\"#hvem-er-vi\">Hvem er vi<\/a><\/h5>\n<\/div>\n<\/div>\n\n\n\n<div class=\"wp-block-column is-layout-flow wp-block-column-is-layout-flow\">\n<div class=\"wp-block-group group-stretched-link is-layout-flow wp-block-group-is-layout-flow\">\n<figure class=\"wp-block-image aligncenter size-full is-resized force-no-lightbox force-no-caption mb-0 is-style-rounded-90\"><img loading=\"lazy\" decoding=\"async\" width=\"109\" height=\"130\" src=\"https:\/\/www.greenpeace.org\/static\/planet4-denmark-stateless\/2023\/07\/96d6149a-asset-29_1@2x.png\" alt=\"\" class=\"wp-image-57099\"\/><\/figure>\n\n\n\n<div style=\"height:16px\" aria-hidden=\"true\" class=\"wp-block-spacer\"><\/div>\n\n\n\n<h5 class=\"wp-block-heading has-text-align-center\" style=\"font-size:1rem\"><a href=\"#vores-organisation\">Vores organisation<\/a><\/h5>\n<\/div>\n<\/div>\n\n\n\n<div class=\"wp-block-column is-layout-flow wp-block-column-is-layout-flow\">\n<div class=\"wp-block-group group-stretched-link is-layout-flow wp-block-group-is-layout-flow\">\n<figure class=\"wp-block-image aligncenter size-full is-resized force-no-lightbox force-no-caption mb-0 is-style-default\"><img loading=\"lazy\" decoding=\"async\" width=\"263\" height=\"232\" src=\"https:\/\/www.greenpeace.org\/static\/planet4-denmark-stateless\/2023\/07\/8c85dd01-asset-23@2x.png\" alt=\"\" class=\"wp-image-57103\" style=\"width:90px;height:90px\"\/><\/figure>\n\n\n\n<div style=\"height:16px\" aria-hidden=\"true\" class=\"wp-block-spacer\"><\/div>\n\n\n\n<h5 class=\"wp-block-heading has-text-align-center\" style=\"font-size:1rem\"><a href=\"#fundraising\" data-type=\"internal\" data-id=\"#fundraising\">S\u00e5dan samler vi penge ind<\/a><\/h5>\n<\/div>\n<\/div>\n\n\n\n<div class=\"wp-block-column is-layout-flow wp-block-column-is-layout-flow\">\n<div class=\"wp-block-group group-stretched-link is-layout-flow wp-block-group-is-layout-flow\">\n<figure class=\"wp-block-image aligncenter size-full is-resized force-no-lightbox force-no-caption mb-0 is-style-default\"><img loading=\"lazy\" decoding=\"async\" width=\"193\" height=\"183\" src=\"https:\/\/www.greenpeace.org\/static\/planet4-denmark-stateless\/2023\/07\/01cb9f0d-asset-10@2x.png\" alt=\"\" class=\"wp-image-57108\" style=\"width:90px;height:90px\"\/><\/figure>\n\n\n\n<div style=\"height:16px\" aria-hidden=\"true\" class=\"wp-block-spacer\"><\/div>\n\n\n\n<h5 class=\"wp-block-heading has-text-align-center\" style=\"font-size:1rem\"><a href=\"#kontakt-os\">Kontakt os<\/a><\/h5>\n<\/div>\n<\/div>\n\n\n\n<div class=\"wp-block-column is-layout-flow wp-block-column-is-layout-flow\">\n<div class=\"wp-block-group group-stretched-link is-layout-flow wp-block-group-is-layout-flow\">\n<figure class=\"wp-block-image aligncenter size-full is-resized force-no-lightbox force-no-caption mb-0 is-style-default\"><img loading=\"lazy\" decoding=\"async\" width=\"204\" height=\"205\" src=\"https:\/\/www.greenpeace.org\/static\/planet4-denmark-stateless\/2023\/07\/8da12650-asset-13_1@2x.png\" alt=\"\" class=\"wp-image-57107\" style=\"width:90px;height:90px\" srcset=\"https:\/\/www.greenpeace.org\/static\/planet4-denmark-stateless\/2023\/07\/8da12650-asset-13_1@2x.png 204w, https:\/\/www.greenpeace.org\/static\/planet4-denmark-stateless\/2023\/07\/8da12650-asset-13_1@2x-150x150.png 150w\" sizes=\"auto, (max-width: 204px) 100vw, 204px\" \/><\/figure>\n\n\n\n<div style=\"height:16px\" aria-hidden=\"true\" class=\"wp-block-spacer\"><\/div>\n\n\n\n<h5 class=\"wp-block-heading has-text-align-center\" style=\"font-size:1rem\"><a href=\"#presse\">Presse<\/a><\/h5>\n<\/div>\n<\/div>\n\n\n\n<div class=\"wp-block-column is-layout-flow wp-block-column-is-layout-flow\">\n<div class=\"wp-block-group group-stretched-link is-layout-flow wp-block-group-is-layout-flow\">\n<figure class=\"wp-block-image aligncenter size-full is-resized force-no-lightbox force-no-caption mb-0 is-style-default\"><img loading=\"lazy\" decoding=\"async\" width=\"252\" height=\"249\" src=\"https:\/\/www.greenpeace.org\/static\/planet4-denmark-stateless\/2023\/07\/5c9401ab-asset-21@2x.png\" alt=\"\" class=\"wp-image-57105\" style=\"width:90px;height:90px\"\/><\/figure>\n\n\n\n<div style=\"height:16px\" aria-hidden=\"true\" class=\"wp-block-spacer\"><\/div>\n\n\n\n<h5 class=\"wp-block-heading has-text-align-center\" style=\"font-size:1rem\"><a href=\"#seneste-nyt\" data-type=\"internal\" data-id=\"#latest\">Seneste nyt<\/a><\/h5>\n<\/div>\n<\/div>\n\n\n\n<div class=\"wp-block-column is-layout-flow wp-block-column-is-layout-flow\">\n<div class=\"wp-block-group group-stretched-link is-layout-flow wp-block-group-is-layout-flow\">\n<figure class=\"wp-block-image aligncenter size-full is-resized force-no-lightbox force-no-caption mb-0 is-style-default\"><img loading=\"lazy\" decoding=\"async\" width=\"267\" height=\"249\" src=\"https:\/\/www.greenpeace.org\/static\/planet4-denmark-stateless\/2023\/07\/47ab04dc-asset-28@2x.png\" alt=\"\" class=\"wp-image-57100\" style=\"width:90px;height:90px\"\/><\/figure>\n\n\n\n<div style=\"height:16px\" aria-hidden=\"true\" class=\"wp-block-spacer\"><\/div>\n\n\n\n<h5 class=\"wp-block-heading has-text-align-center\" style=\"font-size:1rem\"><a href=\"#faq\" data-type=\"internal\" data-id=\"#faq\">Ofte stillede sp\u00f8rgsm\u00e5l<\/a><\/h5>\n<\/div>\n<\/div>\n<\/div>\n<\/div>\n<\/div>\n\n\n\n\n\n<div class=\"wp-block-media-text alignwide has-media-on-the-right is-stacked-on-mobile\"><div class=\"wp-block-media-text__content\">\n<div style=\"height:30px\" aria-hidden=\"true\" id=\"hvem-er-vi\" class=\"wp-block-spacer\"><\/div>\n\n\n\n<h3 class=\"wp-block-heading\">Hvem er Greenpeace?<\/h3>\n\n\n\n<p class=\"has-medium-font-size\">Greenpeace er verdens st\u00f8rste uafh\u00e6ngige milj\u00f8bev\u00e6gelse. Vi handler gennem ikke-voldelig civil ulydighed, og ser os selv som en vagthund, der holder \u00f8je med magthavere og industrier, som vi stiller til ansvar for vores klima og milj\u00f8.<\/p>\n\n\n\n<div style=\"height:30px\" aria-hidden=\"true\" class=\"wp-block-spacer\"><\/div>\n\n\n\n<div class=\"wp-block-buttons is-layout-flex wp-block-buttons-is-layout-flex\">\n<div class=\"wp-block-button is-style-secondary\"><a class=\"wp-block-button__link wp-element-button\" href=\"https:\/\/www.greenpeace.org\/denmark\/om-os\/hvem-er-greenpeace\/\">L\u00e6s mere om os<\/a><\/div>\n<\/div>\n<\/div><figure class=\"wp-block-media-text__media\"><img decoding=\"async\" src=\"https:\/\/www.greenpeace.org\/static\/planet4-norway-stateless\/2019\/04\/4009de58-rainbowwarrior-1024x683.jpg\" alt=\"\" sizes=\"(min-width: 1600px) calc((1320px - 24px) \/ 2),(min-width: 1200px) calc((1140px - 24px) \/ 2),(min-width: 992px) calc((960px - 24px) \/ 2),(min-width: 768px) calc((720px - 24px) \/ 2),(min-width: 601px) calc((540px - 24px) \/ 2),(min-width: 577px) calc((540px - 24px) \/ 1), calc(100vw - 24px)\" srcset=\"\" class=\"wp-image-1216 size-full\"\/><\/figure><\/div>\n\n\n\n\n\n<div class=\"wp-block-media-text alignwide is-stacked-on-mobile\"><figure class=\"wp-block-media-text__media\"><img decoding=\"async\" src=\"https:\/\/www.greenpeace.org\/static\/planet4-norway-stateless\/2023\/01\/84a98820-gp04h0g_medium_res-1024x688.jpg\" alt=\"\" sizes=\"(min-width: 1600px) calc((1320px - 24px) \/ 2),(min-width: 1200px) calc((1140px - 24px) \/ 2),(min-width: 992px) calc((960px - 24px) \/ 2),(min-width: 768px) calc((720px - 24px) \/ 2),(min-width: 601px) calc((540px - 24px) \/ 2),(min-width: 577px) calc((540px - 24px) \/ 1), calc(100vw - 24px)\" srcset=\"\" class=\"wp-image-54383 size-full\"\/><\/figure><div class=\"wp-block-media-text__content\">\n<div style=\"height:30px\" aria-hidden=\"true\" id=\"vores-organisation\" class=\"wp-block-spacer\"><\/div>\n\n\n\n<h3 class=\"wp-block-heading\">Vores organisation<\/h3>\n\n\n\n<p class=\"has-medium-font-size\">Greenpeace arbejder i 55 lande og har 26 uafh\u00e6ngige kontorer verden over. Den danske afdeling er en del Greenpeace Norden, der har kontorer i Helsinki, Stockholm, Oslo og K\u00f8benhavn.<\/p>\n\n\n\n<div style=\"height:30px\" aria-hidden=\"true\" class=\"wp-block-spacer\"><\/div>\n\n\n\n<div class=\"wp-block-buttons is-layout-flex wp-block-buttons-is-layout-flex\">\n<div class=\"wp-block-button is-style-secondary\"><a class=\"wp-block-button__link wp-element-button\" href=\"https:\/\/www.greenpeace.org\/denmark\/om-os\/organisering-struktur-og-forvaltning\/\">L\u00e6r mere om vores organisation<\/a><\/div>\n<\/div>\n<\/div><\/div>\n\n\n\n\n\n<div class=\"wp-block-media-text alignwide has-media-on-the-right is-stacked-on-mobile is-image-fill-element\"><div class=\"wp-block-media-text__content\">\n<div style=\"height:100px\" aria-hidden=\"true\" id=\"fundraising\" class=\"wp-block-spacer\"><\/div>\n\n\n\n<h3 class=\"wp-block-heading\">S\u00e5dan samler vi penge ind<\/h3>\n\n\n\n<p class=\"has-medium-font-size\">Greenpeace er prim\u00e6rt finansieret af privatpersoner. Det vil sige, at vi ikke modtager penge fra hverken virksomheder, stater eller organisationer. S\u00e5dan er vi i stand til at v\u00e6re en uafh\u00e6ngig stemme, der alene taler p\u00e5 milj\u00f8et og klimaets vegne. <\/p>\n\n\n\n<div style=\"height:30px\" aria-hidden=\"true\" class=\"wp-block-spacer\"><\/div>\n\n\n\n<div class=\"wp-block-buttons is-layout-flex wp-block-buttons-is-layout-flex\">\n<div class=\"wp-block-button is-style-secondary\"><a class=\"wp-block-button__link wp-element-button\" href=\"https:\/\/www.greenpeace.org\/denmark\/vaer-med\/stoet-greenpeace\/\">St\u00f8t vores arbejde her<\/a><\/div>\n<\/div>\n\n\n\n<div style=\"height:100px\" aria-hidden=\"true\" class=\"wp-block-spacer\"><\/div>\n<\/div><figure class=\"wp-block-media-text__media\"><img loading=\"lazy\" decoding=\"async\" width=\"819\" height=\"1024\" src=\"https:\/\/www.greenpeace.org\/static\/planet4-denmark-stateless\/2023\/06\/b7939fb0-frg_2022-nordic-fr-team-819x1024.jpg\" alt=\"\" sizes=\"auto, (min-width: 1600px) calc((1320px - 24px) \/ 2),(min-width: 1200px) calc((1140px - 24px) \/ 2),(min-width: 992px) calc((960px - 24px) \/ 2),(min-width: 768px) calc((720px - 24px) \/ 2),(min-width: 601px) calc((540px - 24px) \/ 2),(min-width: 577px) calc((540px - 24px) \/ 1), calc(100vw - 24px)\" srcset=\"https:\/\/www.greenpeace.org\/static\/planet4-denmark-stateless\/2023\/06\/b7939fb0-frg_2022-nordic-fr-team.jpg 1075w, https:\/\/www.greenpeace.org\/static\/planet4-denmark-stateless\/2023\/06\/b7939fb0-frg_2022-nordic-fr-team-240x300.jpg 240w, https:\/\/www.greenpeace.org\/static\/planet4-denmark-stateless\/2023\/06\/b7939fb0-frg_2022-nordic-fr-team-819x1024.jpg 819w, https:\/\/www.greenpeace.org\/static\/planet4-denmark-stateless\/2023\/06\/b7939fb0-frg_2022-nordic-fr-team-768x960.jpg 768w, https:\/\/www.greenpeace.org\/static\/planet4-denmark-stateless\/2023\/06\/b7939fb0-frg_2022-nordic-fr-team-272x340.jpg 272w\" class=\"wp-image-56598 size-full\" style=\"object-position:48% 66%\"\/><\/figure><\/div>\n\n\n\n<div class=\"wp-block-media-text alignwide is-stacked-on-mobile\"><figure class=\"wp-block-media-text__media\"><img loading=\"lazy\" decoding=\"async\" width=\"389\" height=\"258\" src=\"https:\/\/www.greenpeace.org\/static\/planet4-denmark-stateless\/2023\/06\/0ee7b434-woman-hand-using-smart-phone.jpg\" alt=\"\" sizes=\"auto, (min-width: 1600px) calc((1320px - 24px) \/ 2),(min-width: 1200px) calc((1140px - 24px) \/ 2),(min-width: 992px) calc((960px - 24px) \/ 2),(min-width: 768px) calc((720px - 24px) \/ 2),(min-width: 601px) calc((540px - 24px) \/ 2),(min-width: 577px) calc((540px - 24px) \/ 1), calc(100vw - 24px)\" srcset=\"https:\/\/www.greenpeace.org\/static\/planet4-denmark-stateless\/2023\/06\/0ee7b434-woman-hand-using-smart-phone.jpg 389w, https:\/\/www.greenpeace.org\/static\/planet4-denmark-stateless\/2023\/06\/0ee7b434-woman-hand-using-smart-phone-300x199.jpg 300w\" class=\"wp-image-56534 size-full\"\/><\/figure><div class=\"wp-block-media-text__content\">\n<div style=\"height:60px\" aria-hidden=\"true\" id=\"kontakt-os\" class=\"wp-block-spacer\"><\/div>\n\n\n\n<h3 class=\"wp-block-heading\">Vil du i kontakt med Greenpeace?<\/h3>\n\n\n\n<p class=\"has-medium-font-size\">Vil du gerne i kontakt med Greenpeace i Danmark? <br>Vi hj\u00e6lper med svar p\u00e5 sp\u00f8rgsm\u00e5l om dit medlemskab, hvordan du kan blive medlem, og andre henvendelser.<\/p>\n\n\n\n<div style=\"height:30px\" aria-hidden=\"true\" class=\"wp-block-spacer\"><\/div>\n\n\n\n<div class=\"wp-block-buttons is-layout-flex wp-block-buttons-is-layout-flex\">\n<div class=\"wp-block-button is-style-secondary\"><a class=\"wp-block-button__link wp-element-button\" href=\"https:\/\/www.greenpeace.org\/denmark\/om-os\/kontakt\/\">Find kontaktoplysninger her<\/a><\/div>\n<\/div>\n\n\n\n<div style=\"height:60px\" aria-hidden=\"true\" id=\"contact\" class=\"wp-block-spacer\"><\/div>\n<\/div><\/div>\n\n\n\n<div class=\"wp-block-media-text alignwide has-media-on-the-right is-stacked-on-mobile\" id=\"presse\"><div class=\"wp-block-media-text__content\">\n<div style=\"height:60px\" aria-hidden=\"true\" id=\"presse\" class=\"wp-block-spacer\"><\/div>\n\n\n\n<h3 class=\"wp-block-heading\">Presse<\/h3>\n\n\n\n<p class=\"has-medium-font-size\">Find vores pressekontakt, talspersoner, pressemeddelelser, foto- og videomaterialer her.<\/p>\n\n\n\n<div style=\"height:30px\" aria-hidden=\"true\" class=\"wp-block-spacer\"><\/div>\n\n\n\n<div class=\"wp-block-buttons is-layout-flex wp-block-buttons-is-layout-flex\">\n<div class=\"wp-block-button is-style-secondary\"><a class=\"wp-block-button__link wp-element-button\" href=\"https:\/\/www.greenpeace.org\/denmark\/om-os\/presse\/\">Se vores presseoplysninger<\/a><\/div>\n<\/div>\n\n\n\n<div style=\"height:60px\" aria-hidden=\"true\" id=\"contact\" class=\"wp-block-spacer\"><\/div>\n<\/div><figure class=\"wp-block-media-text__media\"><img loading=\"lazy\" decoding=\"async\" width=\"390\" height=\"259\" src=\"https:\/\/www.greenpeace.org\/static\/planet4-denmark-stateless\/2023\/06\/71f76daa-newspapers-folded-stacked.jpg\" alt=\"\" sizes=\"auto, (min-width: 1600px) calc((1320px - 24px) \/ 2),(min-width: 1200px) calc((1140px - 24px) \/ 2),(min-width: 992px) calc((960px - 24px) \/ 2),(min-width: 768px) calc((720px - 24px) \/ 2),(min-width: 601px) calc((540px - 24px) \/ 2),(min-width: 577px) calc((540px - 24px) \/ 1), calc(100vw - 24px)\" srcset=\"https:\/\/www.greenpeace.org\/static\/planet4-denmark-stateless\/2023\/06\/71f76daa-newspapers-folded-stacked.jpg 390w, https:\/\/www.greenpeace.org\/static\/planet4-denmark-stateless\/2023\/06\/71f76daa-newspapers-folded-stacked-300x199.jpg 300w\" class=\"wp-image-56529 size-full\"\/><\/figure><\/div>\n\n\n\n\n<div style=\"height:50px\" aria-hidden=\"true\" id=\"seneste-nyt\" class=\"wp-block-spacer\"><\/div>\n\n\n\n<div class=\"wp-block-query posts-list p4-query-loop is-custom-layout-list is-layout-flow wp-block-query-is-layout-flow\">\n<div class=\"wp-block-group is-content-justification-space-between is-layout-flex wp-container-core-group-is-layout-3d213aab wp-block-group-is-layout-flex\">\n<h2 class=\"wp-block-heading\">Seneste nyt om Greenpeace<\/h2>\n\n\n<li class=\" wp-block-navigation-item see-all-link wp-block-navigation-link\"><a class=\"wp-block-navigation-item__content\"  href=\"http:\/\/www.greenpeace.org\/denmark\/nyhed\/?tag=omgreenpeace\"><span class=\"wp-block-navigation-item__label\">See all stories<\/span><\/a><\/li><\/div>\n\n\n\n<p style=\"margin-top:24px;margin-bottom:36px\">Opdag de seneste artikler og bliv en del af Greenpeace-f\u00e6llesskabet, der arbejder mod en bedre og mere b\u00e6redygtig fremtid.<\/p>\n\n\n\n\n<ul class=\"wp-block-post-template is-layout-flow wp-block-post-template-is-layout-flow\"><li class=\"wp-block-post post-81488 post type-post status-publish format-standard has-post-thumbnail hentry category-greenpeace tag-sejre tag-omgreenpeace p4-page-type-nyhed\">\n\n<div class=\"wp-block-columns is-layout-flex wp-container-core-columns-is-layout-9d6595d7 wp-block-columns-is-layout-flex\"><figure class=\"wp-block-post-featured-image\"><a href=\"https:\/\/www.greenpeace.org\/denmark\/nyhed\/greenpeace\/bag-om-tallene-moed-de-mennesker-der-omsatte-bidragene-til-groen-handling-i-2025\/\" target=\"_self\"  ><img loading=\"lazy\" decoding=\"async\" width=\"1024\" height=\"768\" src=\"https:\/\/www.greenpeace.org\/static\/planet4-denmark-stateless\/2026\/04\/72c23dac-dk-2026.png\" class=\"attachment-post-thumbnail size-post-thumbnail wp-post-image wp-stateless-item\" alt=\"Bag om tallene: M\u00f8d de mennesker, der omsatte bidragene til gr\u00f8n handling i 2025\" style=\"object-fit:cover;\" srcset=\"https:\/\/www.greenpeace.org\/static\/planet4-denmark-stateless\/2026\/04\/72c23dac-dk-2026.png 1024w, https:\/\/www.greenpeace.org\/static\/planet4-denmark-stateless\/2026\/04\/72c23dac-dk-2026-300x225.png 300w, https:\/\/www.greenpeace.org\/static\/planet4-denmark-stateless\/2026\/04\/72c23dac-dk-2026-768x576.png 768w, https:\/\/www.greenpeace.org\/static\/planet4-denmark-stateless\/2026\/04\/72c23dac-dk-2026-453x340.png 453w\" sizes=\"auto, (max-width: 1024px) 100vw, 1024px\" data-image-size=\"post-thumbnail\" data-stateless-media-bucket=\"planet4-denmark-stateless\" data-stateless-media-name=\"2026\/04\/72c23dac-dk-2026.png\" \/><\/a><\/figure>\n\n\n<div class=\"wp-block-group is-layout-flow wp-block-group-is-layout-flow\">\n<div class=\"wp-block-group is-layout-flex wp-block-group-is-layout-flex\"><div class=\"wp-block-post-terms\"><a href=\"https:\/\/www.greenpeace.org\/denmark\/kategori\/greenpeace\/\">Greenpeace<\/a><\/div>\n\n<div class=\"taxonomy-post_tag wp-block-post-terms\"><a href=\"https:\/\/www.greenpeace.org\/denmark\/tag\/sejre\/\" rel=\"tag\">sejre<\/a><span class=\"wp-block-post-terms__separator\"> <\/span><a href=\"https:\/\/www.greenpeace.org\/denmark\/tag\/omgreenpeace\/\" rel=\"tag\">omgreenpeace<\/a><\/div><\/div>\n\n\n<h3 class=\"wp-block-post-title\"><a href=\"https:\/\/www.greenpeace.org\/denmark\/nyhed\/greenpeace\/bag-om-tallene-moed-de-mennesker-der-omsatte-bidragene-til-groen-handling-i-2025\/\" target=\"_self\" >Bag om tallene: M\u00f8d de mennesker, der omsatte bidragene til gr\u00f8n handling i 2025<\/a><\/h3>\n\n<div class=\"wp-block-post-excerpt\"><p class=\"wp-block-post-excerpt__excerpt\">Bag om resultaterne: M\u00f8d de mennesker, der omsatte bidragene til gr\u00f8n handling i 2025 <\/p><\/div>\n\n\n<div class=\"wp-block-group posts-list-meta is-layout-flow wp-block-group-is-layout-flow\"><span class='article-list-item-author'><a href='https:\/\/www.greenpeace.org\/denmark\/author\/lisbeth\/'>Lisbeth Dina<\/a><\/span>\n\n<div class=\"wp-block-post-date\"><time datetime=\"2026-04-15T13:59:04+02:00\">15. april 2026<\/time><\/div><\/div>\n<\/div>\n<\/div>\n\n<\/li><li class=\"wp-block-post post-81473 post type-post status-publish format-standard has-post-thumbnail hentry category-greenpeace tag-omgreenpeace tag-menneskerettigheder tag-skibe p4-page-type-nyhed\">\n\n<div class=\"wp-block-columns is-layout-flex wp-container-core-columns-is-layout-9d6595d7 wp-block-columns-is-layout-flex\"><figure class=\"wp-block-post-featured-image\"><a href=\"https:\/\/www.greenpeace.org\/denmark\/nyhed\/greenpeace\/arctic-sunrise-sejler-med-i-global-sumud-flotilla\/\" target=\"_self\"  ><img loading=\"lazy\" decoding=\"async\" width=\"1200\" height=\"800\" src=\"https:\/\/www.greenpeace.org\/static\/planet4-denmark-stateless\/2026\/04\/4528e675-gp0stznha.jpg\" class=\"attachment-post-thumbnail size-post-thumbnail wp-post-image wp-stateless-item\" alt=\"Greenpeace-skibet Arctic Sunrise sejler med i Global Sumud Flotilla for at st\u00f8tte Gaza\" style=\"object-fit:cover;\" srcset=\"https:\/\/www.greenpeace.org\/static\/planet4-denmark-stateless\/2026\/04\/4528e675-gp0stznha.jpg 1200w, https:\/\/www.greenpeace.org\/static\/planet4-denmark-stateless\/2026\/04\/4528e675-gp0stznha-300x200.jpg 300w, https:\/\/www.greenpeace.org\/static\/planet4-denmark-stateless\/2026\/04\/4528e675-gp0stznha-1024x683.jpg 1024w, https:\/\/www.greenpeace.org\/static\/planet4-denmark-stateless\/2026\/04\/4528e675-gp0stznha-768x512.jpg 768w, https:\/\/www.greenpeace.org\/static\/planet4-denmark-stateless\/2026\/04\/4528e675-gp0stznha-510x340.jpg 510w\" sizes=\"auto, (max-width: 1200px) 100vw, 1200px\" data-image-size=\"post-thumbnail\" data-stateless-media-bucket=\"planet4-denmark-stateless\" data-stateless-media-name=\"2026\/04\/4528e675-gp0stznha.jpg\" \/><\/a><\/figure>\n\n\n<div class=\"wp-block-group is-layout-flow wp-block-group-is-layout-flow\">\n<div class=\"wp-block-group is-layout-flex wp-block-group-is-layout-flex\"><div class=\"wp-block-post-terms\"><a href=\"https:\/\/www.greenpeace.org\/denmark\/kategori\/greenpeace\/\">Greenpeace<\/a><\/div>\n\n<div class=\"taxonomy-post_tag wp-block-post-terms\"><a href=\"https:\/\/www.greenpeace.org\/denmark\/tag\/omgreenpeace\/\" rel=\"tag\">omgreenpeace<\/a><span class=\"wp-block-post-terms__separator\"> <\/span><a href=\"https:\/\/www.greenpeace.org\/denmark\/tag\/menneskerettigheder\/\" rel=\"tag\">menneskerettigheder<\/a><span class=\"wp-block-post-terms__separator\"> <\/span><a href=\"https:\/\/www.greenpeace.org\/denmark\/tag\/skibe\/\" rel=\"tag\">skibe<\/a><\/div><\/div>\n\n\n<h3 class=\"wp-block-post-title\"><a href=\"https:\/\/www.greenpeace.org\/denmark\/nyhed\/greenpeace\/arctic-sunrise-sejler-med-i-global-sumud-flotilla\/\" target=\"_self\" >Greenpeace-skibet Arctic Sunrise sejler med i Global Sumud Flotilla for at st\u00f8tte Gaza<\/a><\/h3>\n\n<div class=\"wp-block-post-excerpt\"><p class=\"wp-block-post-excerpt__excerpt\">Greenpeace-skibet Arctic Sunrise st\u00e6vner ud fra Barcelona med Global Sumud Flotilla for at hj\u00e6lpe med at bryde Israels ulovlige blokade af Gaza og skabe vej for n\u00f8dhj\u00e6lp. <\/p><\/div>\n\n\n<div class=\"wp-block-group posts-list-meta is-layout-flow wp-block-group-is-layout-flow\"><span class='article-list-item-author'><a href='https:\/\/www.greenpeace.org\/denmark\/author\/pjustese\/'>Poul Bonke Justesen<\/a><\/span>\n\n<div class=\"wp-block-post-date\"><time datetime=\"2026-04-10T17:30:15+02:00\">10. april 2026<\/time><\/div><\/div>\n<\/div>\n<\/div>\n\n<\/li><li class=\"wp-block-post post-67822 post type-post status-publish format-standard has-post-thumbnail hentry category-greenpeace tag-omgreenpeace tag-menneskerettigheder p4-page-type-nyhed\">\n\n<div class=\"wp-block-columns is-layout-flex wp-container-core-columns-is-layout-9d6595d7 wp-block-columns-is-layout-flex\"><figure class=\"wp-block-post-featured-image\"><a href=\"https:\/\/www.greenpeace.org\/denmark\/nyhed\/greenpeace\/greenpeace-organisationer-vil-appellere-amerikansk-slapp-dom-paa-218-mia-kr\/\" target=\"_self\"  ><img loading=\"lazy\" decoding=\"async\" width=\"1200\" height=\"800\" src=\"https:\/\/www.greenpeace.org\/static\/planet4-denmark-stateless\/2026\/02\/b16cdace-greenpeace-slapp-sag.jpg\" class=\"attachment-post-thumbnail size-post-thumbnail wp-post-image wp-stateless-item\" alt=\"Greenpeace-organisationer vil appellere amerikansk SLAPP-dom p\u00e5 2,18 mia. kr. \u2013 Danmark b\u00f8r nu tilslutte sig EU-lovgning, der kan bremse misbrug af retten\" style=\"object-fit:cover;\" srcset=\"https:\/\/www.greenpeace.org\/static\/planet4-denmark-stateless\/2026\/02\/b16cdace-greenpeace-slapp-sag.jpg 1200w, https:\/\/www.greenpeace.org\/static\/planet4-denmark-stateless\/2026\/02\/b16cdace-greenpeace-slapp-sag-300x200.jpg 300w, https:\/\/www.greenpeace.org\/static\/planet4-denmark-stateless\/2026\/02\/b16cdace-greenpeace-slapp-sag-1024x683.jpg 1024w, https:\/\/www.greenpeace.org\/static\/planet4-denmark-stateless\/2026\/02\/b16cdace-greenpeace-slapp-sag-768x512.jpg 768w, https:\/\/www.greenpeace.org\/static\/planet4-denmark-stateless\/2026\/02\/b16cdace-greenpeace-slapp-sag-510x340.jpg 510w\" sizes=\"auto, (max-width: 1200px) 100vw, 1200px\" data-image-size=\"post-thumbnail\" data-stateless-media-bucket=\"planet4-denmark-stateless\" data-stateless-media-name=\"2026\/02\/b16cdace-greenpeace-slapp-sag.jpg\" \/><\/a><\/figure>\n\n\n<div class=\"wp-block-group is-layout-flow wp-block-group-is-layout-flow\">\n<div class=\"wp-block-group is-layout-flex wp-block-group-is-layout-flex\"><div class=\"wp-block-post-terms\"><a href=\"https:\/\/www.greenpeace.org\/denmark\/kategori\/greenpeace\/\">Greenpeace<\/a><\/div>\n\n<div class=\"taxonomy-post_tag wp-block-post-terms\"><a href=\"https:\/\/www.greenpeace.org\/denmark\/tag\/omgreenpeace\/\" rel=\"tag\">omgreenpeace<\/a><span class=\"wp-block-post-terms__separator\"> <\/span><a href=\"https:\/\/www.greenpeace.org\/denmark\/tag\/menneskerettigheder\/\" rel=\"tag\">menneskerettigheder<\/a><\/div><\/div>\n\n\n<h3 class=\"wp-block-post-title\"><a href=\"https:\/\/www.greenpeace.org\/denmark\/nyhed\/greenpeace\/greenpeace-organisationer-vil-appellere-amerikansk-slapp-dom-paa-218-mia-kr\/\" target=\"_self\" >Greenpeace-organisationer vil appellere amerikansk SLAPP-dom p\u00e5 2,18 mia. kr. \u2013 Danmark b\u00f8r nu tilslutte sig EU-lovgning, der kan bremse misbrug af retten<\/a><\/h3>\n\n<div class=\"wp-block-post-excerpt\"><p class=\"wp-block-post-excerpt__excerpt\">Greenpeace International og Greenpeace-organisationerne i USA blev i aftes ved distriktsdomstolen i North Dakota, USA, d\u00f8mt til at skulle betale 345 millioner dollar \u2013 omkring 2,18 mia. danske kroner \u2013&hellip; <\/p><\/div>\n\n\n<div class=\"wp-block-group posts-list-meta is-layout-flow wp-block-group-is-layout-flow\"><span class='article-list-item-author'>Greenpeace Danmark<\/span>\n\n<div class=\"wp-block-post-date\"><time datetime=\"2026-02-28T11:13:43+01:00\">28. februar 2026<\/time><\/div><\/div>\n<\/div>\n<\/div>\n\n<\/li><\/ul>\n\n\n<div class=\"wp-block-buttons carousel-controls is-horizontal is-content-justification-space-between is-nowrap is-layout-flex wp-container-core-buttons-is-layout-044bd602 wp-block-buttons-is-layout-flex\">\n<div class=\"wp-block-button carousel-control-prev\"><button type=\"button\" class=\"wp-block-button__link wp-element-button\">Prev<\/button><\/div>\n\n\n\n<div class=\"wp-block-button carousel-control-next\"><button type=\"button\" class=\"wp-block-button__link wp-element-button\">Next<\/button><\/div>\n<\/div>\n\n\n<li class=\" wp-block-navigation-item see-all-link wp-block-navigation-link\"><a class=\"wp-block-navigation-item__content\"  href=\"http:\/\/www.greenpeace.org\/denmark\/nyhed\/?tag=omgreenpeace\"><span class=\"wp-block-navigation-item__label\">L\u00e6s mere<\/span><\/a><\/li><\/div>\n\n\n\n<div id=\"faq\" class=\"wp-block-group has-white-background-color has-background is-layout-flow wp-block-group-is-layout-flow\" style=\"padding-top:0px;padding-bottom:0px\">\n<section class=\"block accordion-block wp-block-planet4-blocks-accordion is-style-light\"><header><h2 class=\"page-section-header\">Ofte stillede sp\u00f8rgsm\u00e5l om Greenpeace<\/h2><\/header><div class=\"accordion-content\"><div class=\"accordion-headline\" name=\"Hvem ejer Greenpeace?\">Hvem ejer Greenpeace?<\/div><div class=\"panel panel-hidden\"><p class=\"accordion-text\">Greenpeace er ikke ejet af nogen, men er verdens st\u00f8rste uafh\u00e6ngige milj\u00f8organisation. Organisationen er ledet af en bestyrelse. Greenpeace er prim\u00e6rt finansieret af donationer fra almindelige mennesker. L\u00e6s mere om<a href=\"https:\/\/www.greenpeace.org\/denmark\/?page_id=56803\"> vores organisation her<\/a>.<br><\/p><\/div><\/div><div class=\"accordion-content\"><div class=\"accordion-headline\" name=\"Hvor mange medlemmer har Greenpeace?\">Hvor mange medlemmer har Greenpeace?<\/div><div class=\"panel panel-hidden\"><p class=\"accordion-text\">Greenpeace best\u00e5r af over 2400 ansatte og 15.000 frivillige og st\u00f8ttes \u00f8konomisk af omkring 3 millioner mennesker p\u00e5 verdensplan. I Greenpeace Norden er vi omkring 135 ansatte og st\u00f8ttes af cirka 156.000 mennesker.<\/p><\/div><\/div><div class=\"accordion-content\"><div class=\"accordion-headline\" name=\"Hvem leder Greenpeace?\">Hvem leder Greenpeace?<\/div><div class=\"panel panel-hidden\"><p class=\"accordion-text\">Greenpeaces regionale eller nationale afdelinger ledes overordnet hver is\u00e6r af en bestyrelse, der v\u00e6lges p\u00e5 den \u00e5rlige generalforsamling af en gruppe stemmeberettigede medlemmer. Til dagligt ledes Greenpeace af vores generalsekret\u00e6r. For Greenpeace Norden er det Celeste Stewart og for Greenpeace International er det Mads Flarup Christensen. L\u00e6s mere om <a href=\"https:\/\/www.greenpeace.org\/denmark\/?page_id=56803\">vores organisation her<\/a>.<br><br><\/p><\/div><\/div><div class=\"accordion-content\"><div class=\"accordion-headline\" name=\"Hvor arbejder Greenpeace?\">Hvor arbejder Greenpeace?<\/div><div class=\"panel panel-hidden\"><p class=\"accordion-text\">Greenpeace er en global milj\u00f8organisation, der arbejder over hele kloden. Med vores skibe, herunder vores isbryder, er vi i stand til at udf\u00f8re vores arbejde p\u00e5 verdenshavene og endda ved Nord- og Sydpolen. Greenpeace har kontorer i 55 lande fordelt ud p\u00e5 alle kontinenter med undtagelse af Antarktis.<\/p><\/div><\/div><div class=\"accordion-content\"><div class=\"accordion-headline\" name=\"Hvilke aktioner har Greenpeace v\u00e6ret involveret i?\">Hvilke aktioner har Greenpeace v\u00e6ret involveret i?<\/div><div class=\"panel panel-hidden\"><p class=\"accordion-text\">Aktivister fra Greenpeace har udf\u00f8rt et hav af aktioner gennem vores mere end 50 \u00e5rs historie. Fra de f\u00f8rste fredelige protester mod atompr\u00f8vespr\u00e6ngninger i Stillehavet i 1971. De spektakul\u00e6re aktioner mod kommerciel hvalfangst i 1980\u2019erne og bes\u00e6ttelsen af Brent Spar platformen i Nords\u00f8en i midten af 1990\u2019erne. Ikoniske aktioner mod klimaforandringer, fx da fire galla-aktivister kl\u00e6dt ud som verdensleder bes\u00f8gte Dronningens festmiddag under Klimatopm\u00f8det i K\u00f8benhavn i 2009. Afsl\u00f8ring af ulovligt fiskeri i Kattegat i 2010. Eller de ber\u00f8mte 30 aktivister der i 2013 protesterede mod arktiske olieboringer i Rusland. En aktion der gik verden rundt, efter Rusland f\u00e6ngslede de fredelige aktivister i to m\u00e5neder og efterf\u00f8lgende n\u00e6gtede dem udrejse i en yderligere m\u00e5ned. Eksemplerne er mange.<br><\/p><\/div><\/div><div class=\"accordion-content\"><div class=\"accordion-headline\" name=\"Hvad kan jeg g\u00f8re for milj\u00f8et?\">Hvad kan jeg g\u00f8re for milj\u00f8et?<\/div><div class=\"panel panel-hidden\"><p class=\"accordion-text\">Beskyttelsen af vores milj\u00f8 og klima er vores alle ansvar, og mens vores regeringer skal g\u00f8re mest, s\u00e5 kan vi alle bidrage til et bedre milj\u00f8 og klima.<br><br>Under vores sektion om <a href=\"https:\/\/www.greenpeace.org\/denmark\/tag\/gronnetips\/\">gr\u00f8nne tips<\/a> har vi samlet en masse anbefalinger til dig, der gerne vil g\u00f8re noget godt for milj\u00f8 og klima.<br><\/p><\/div><\/div><div class=\"accordion-content\"><div class=\"accordion-headline\" name=\"Hvorn\u00e5r blev Greenpeace grundlagt?\">Hvorn\u00e5r blev Greenpeace grundlagt?<\/div><div class=\"panel panel-hidden\"><p class=\"accordion-text\">Greenpeace blev grundlagt af milj\u00f8aktivisterne Irving Stowe og Dorothy Stowe i 1971 i Canada i forbindelse med deres og andres aktivisters arbejde for at stoppe amerikanske atompr\u00f8vespr\u00e6ngninger. <a href=\"https:\/\/www.greenpeace.org\/denmark\/om-os\/vores-historie\/\">L\u00e6s om Greenpeaces historie her<\/a>.<br><\/p><\/div><\/div><div class=\"accordion-content\"><div class=\"accordion-headline\" name=\"Hvordan kan jeg v\u00e6re med i Greenpeace?\">Hvordan kan jeg v\u00e6re med i Greenpeace?<\/div><div class=\"panel panel-hidden\"><p class=\"accordion-text\">Alle over 18 \u00e5r kan blive frivillig i Greenpeace. <a href=\"https:\/\/www.greenpeace.org\/denmark\/vaer-med\/frivillig\/\">L\u00e6s mere her<\/a>. Du kan ogs\u00e5 <a href=\"https:\/\/www.greenpeace.org\/denmark\/vaer-med\/\">st\u00f8tte vores arbejde her<\/a>. For job se l\u00e6ngere nede <a href=\"https:\/\/nordic.jobs.greenpeace.org\/da\">p\u00e5 siden<\/a>.<\/p><\/div><\/div><div class=\"accordion-content\"><div class=\"accordion-headline\" name=\"Hvad g\u00e5r min st\u00f8tte til?\">Hvad g\u00e5r min st\u00f8tte til?<\/div><div class=\"panel panel-hidden\"><p class=\"accordion-text\">N\u00e5r du st\u00f8tter Greenpeace, st\u00f8tter du vores kampagner, forskning og aktioner for en gr\u00f8n og fredelig planet. <a href=\"https:\/\/www.greenpeace.org\/denmark\/vaer-med\/stoet-greenpeace\/\">Du kan st\u00f8tte vores arbejde her.<\/a> Du kan st\u00f8tte vores arbejde her.<\/p><\/div><\/div><div class=\"accordion-content\"><div class=\"accordion-headline\" name=\"Hvordan f\u00e5r jeg job i Greenpeace?\">Hvordan f\u00e5r jeg job i Greenpeace?<\/div><div class=\"panel panel-hidden\"><p class=\"accordion-text\">Ledige stillinger bliver l\u00f8bende sl\u00e5et op <a href=\"https:\/\/nordic.jobs.greenpeace.org\/da\">her<\/a>.<br><\/p><\/div><\/div><\/section>\n<\/div>\n<\/div>\n","protected":false},"excerpt":{"rendered":"<p>Greenpeace k\u00e6mper for en b\u00e6redygtig og fredelig jord. Vi konfronterer klima- og milj\u00f8\u00f8del\u00e6ggelse og pr\u00e6senterer l\u00f8sninger. Find information om vores organisation, v\u00e6rdier og kontaktoplysninger p\u00e5 siden her.<\/p>\n","protected":false},"author":20,"featured_media":57324,"parent":0,"menu_order":0,"comment_status":"closed","ping_status":"closed","template":"","meta":{"ep_exclude_from_search":false,"p4_hide_page_title_checkbox":"on","p4_title":"","p4_subtitle":"","p4_description":"","background_image_id":"","background_image":"","p4_button_title":"","p4_button_link":"","p4_button_link_checkbox":"","p4_og_title":"","p4_og_description":"","p4_og_image":"","p4_og_image_id":"","p4_seo_canonical_url":"","p4_campaign_name":"not set","p4_local_project":"not set","p4_basket_name":"not set","p4_department":"","footnotes":""},"categories":[4],"tags":[13],"class_list":["post-234","page","type-page","status-publish","has-post-thumbnail","hentry","category-greenpeace","tag-omgreenpeace"],"_links":{"self":[{"href":"https:\/\/www.greenpeace.org\/denmark\/wp-json\/wp\/v2\/pages\/234","targetHints":{"allow":["GET"]}}],"collection":[{"href":"https:\/\/www.greenpeace.org\/denmark\/wp-json\/wp\/v2\/pages"}],"about":[{"href":"https:\/\/www.greenpeace.org\/denmark\/wp-json\/wp\/v2\/types\/page"}],"author":[{"embeddable":true,"href":"https:\/\/www.greenpeace.org\/denmark\/wp-json\/wp\/v2\/users\/20"}],"replies":[{"embeddable":true,"href":"https:\/\/www.greenpeace.org\/denmark\/wp-json\/wp\/v2\/comments?post=234"}],"version-history":[{"count":20,"href":"https:\/\/www.greenpeace.org\/denmark\/wp-json\/wp\/v2\/pages\/234\/revisions"}],"predecessor-version":[{"id":66771,"href":"https:\/\/www.greenpeace.org\/denmark\/wp-json\/wp\/v2\/pages\/234\/revisions\/66771"}],"wp:featuredmedia":[{"embeddable":true,"href":"https:\/\/www.greenpeace.org\/denmark\/wp-json\/wp\/v2\/media\/57324"}],"wp:attachment":[{"href":"https:\/\/www.greenpeace.org\/denmark\/wp-json\/wp\/v2\/media?parent=234"}],"wp:term":[{"taxonomy":"category","embeddable":true,"href":"https:\/\/www.greenpeace.org\/denmark\/wp-json\/wp\/v2\/categories?post=234"},{"taxonomy":"post_tag","embeddable":true,"href":"https:\/\/www.greenpeace.org\/denmark\/wp-json\/wp\/v2\/tags?post=234"}],"curies":[{"name":"wp","href":"https:\/\/api.w.org\/{rel}","templated":true}]}}