{"id":3208,"date":"2019-08-14T10:41:21","date_gmt":"2019-08-14T08:41:21","guid":{"rendered":"https:\/\/www.greenpeace.org\/denmark\/?page_id=3208"},"modified":"2026-03-12T10:43:18","modified_gmt":"2026-03-12T09:43:18","slug":"talspersoner","status":"publish","type":"page","link":"https:\/\/www.greenpeace.org\/denmark\/om-os\/presse\/talspersoner\/","title":{"rendered":"Talspersoner og presse"},"content":{"rendered":"\n\n<div class=\"wp-block-group alignfull has-beige-100-background-color has-background is-layout-flow wp-block-group-is-layout-flow\">\n<div class=\"wp-block-group container is-layout-flow wp-block-group-is-layout-flow\">\n<div class=\"wp-block-media-text alignfull has-media-on-the-right is-stacked-on-mobile is-pattern-p4-page-header is-style-parallax has-beige-100-background-color has-background\"><div class=\"wp-block-media-text__content\">\n<div class=\"wp-block-group is-layout-flow wp-block-group-is-layout-flow\">\n<h1 class=\"wp-block-heading has-beige-100-background-color has-background\">Talspersoner og presse<\/h1>\n<\/div>\n\n\n\n<p style=\"font-size:1.25rem\">P\u00e5 denne side kan du finde kontaktoplysninger til alle Greenpeace Danmarks talspersoner og pressekontakter.<\/p>\n\n\n\n<h5 class=\"wp-block-heading\">Pressetelefon: +45 33 37 63 99<\/h5>\n<\/div><figure class=\"wp-block-media-text__media\"><img loading=\"lazy\" decoding=\"async\" width=\"1024\" height=\"683\" src=\"https:\/\/www.greenpeace.org\/static\/planet4-denmark-stateless\/2024\/12\/fbb82f8f-greenpeace_rainbow_warrior_ship-medium_res_with_credit_line-1024x683-1.jpg\" alt=\"\nGreenpeace Rainbow Warrior Ship\" sizes=\"auto, (min-width: 601px) 50vw, 100vw\" srcset=\"https:\/\/www.greenpeace.org\/static\/planet4-denmark-stateless\/2024\/12\/fbb82f8f-greenpeace_rainbow_warrior_ship-medium_res_with_credit_line-1024x683-1.jpg 1024w, https:\/\/www.greenpeace.org\/static\/planet4-denmark-stateless\/2024\/12\/fbb82f8f-greenpeace_rainbow_warrior_ship-medium_res_with_credit_line-1024x683-1-300x200.jpg 300w, https:\/\/www.greenpeace.org\/static\/planet4-denmark-stateless\/2024\/12\/fbb82f8f-greenpeace_rainbow_warrior_ship-medium_res_with_credit_line-1024x683-1-768x512.jpg 768w, https:\/\/www.greenpeace.org\/static\/planet4-denmark-stateless\/2024\/12\/fbb82f8f-greenpeace_rainbow_warrior_ship-medium_res_with_credit_line-1024x683-1-510x340.jpg 510w\" class=\"wp-image-63206 size-full\"\/><\/figure><\/div>\n<\/div>\n<\/div>\n\n\n<div class=\"wp-block-media-text alignwide has-media-on-the-right is-stacked-on-mobile is-image-fill-element my-0 py-0\"><div class=\"wp-block-media-text__content\">\n<div style=\"height:50px\" aria-hidden=\"true\" class=\"wp-block-spacer\"><\/div>\n\n\n\n<h3 class=\"wp-block-heading\">Esben Mac Sloth<\/h3>\n\n\n\n<p class=\"has-gp-nor-green-3-color has-text-color has-link-color wp-elements-0d51e9588089a92242e930b242cacf15\">Chef for Greenpeace Danmark<\/p>\n\n\n\n<p>Esben er ansvarlig for og driver kampagnerne p\u00e5 det danske kontor. Med en baggrund i politisk kommunikation, mobilisering og aktivisme arbejder han for at sikre, at de st\u00f8rste forurenere stilles til ansvar, og at Danmark lever op til sine klimaforpligtelser.<\/p>\n\n\n\n<p><strong>Mobil:<\/strong> <a href=\"tel:+45 26476759\">+45 26 47 67 59<\/a><br><strong>Mail:<\/strong> esben.sloth@greenpeace.org<br><strong>Bluesky:<\/strong> <a href=\"https:\/\/twitter.com\/ChristianFromb\" target=\"_blank\" rel=\"noreferrer noopener\">@esbenmacsloth.bsky.social<\/a><br><\/p>\n\n\n\n<div style=\"height:30px\" aria-hidden=\"true\" class=\"wp-block-spacer\"><\/div>\n<\/div><figure class=\"wp-block-media-text__media\"><img loading=\"lazy\" decoding=\"async\" width=\"1024\" height=\"683\" src=\"https:\/\/www.greenpeace.org\/static\/planet4-denmark-stateless\/2025\/03\/f88dddb2-esben-mac-sloth-1h-\u00a9-henrik-hertz-_-greenpeace-1024x683.jpg\" alt=\"\" sizes=\"auto, (min-width: 1600px) calc((1320px - 24px) \/ 2),(min-width: 1200px) calc((1140px - 24px) \/ 2),(min-width: 992px) calc((960px - 24px) \/ 2),(min-width: 768px) calc((720px - 24px) \/ 2),(min-width: 601px) calc((540px - 24px) \/ 2),(min-width: 577px) calc((540px - 24px) \/ 1), calc(100vw - 24px)\" srcset=\"https:\/\/www.greenpeace.org\/static\/planet4-denmark-stateless\/2025\/03\/f88dddb2-esben-mac-sloth-1h-\u00a9-henrik-hertz-_-greenpeace-scaled.jpg 2560w, https:\/\/www.greenpeace.org\/static\/planet4-denmark-stateless\/2025\/03\/f88dddb2-esben-mac-sloth-1h-\u00a9-henrik-hertz-_-greenpeace-300x200.jpg 300w, https:\/\/www.greenpeace.org\/static\/planet4-denmark-stateless\/2025\/03\/f88dddb2-esben-mac-sloth-1h-\u00a9-henrik-hertz-_-greenpeace-1024x683.jpg 1024w, https:\/\/www.greenpeace.org\/static\/planet4-denmark-stateless\/2025\/03\/f88dddb2-esben-mac-sloth-1h-\u00a9-henrik-hertz-_-greenpeace-768x512.jpg 768w, https:\/\/www.greenpeace.org\/static\/planet4-denmark-stateless\/2025\/03\/f88dddb2-esben-mac-sloth-1h-\u00a9-henrik-hertz-_-greenpeace-1536x1024.jpg 1536w, https:\/\/www.greenpeace.org\/static\/planet4-denmark-stateless\/2025\/03\/f88dddb2-esben-mac-sloth-1h-\u00a9-henrik-hertz-_-greenpeace-2048x1366.jpg 2048w, https:\/\/www.greenpeace.org\/static\/planet4-denmark-stateless\/2025\/03\/f88dddb2-esben-mac-sloth-1h-\u00a9-henrik-hertz-_-greenpeace-510x340.jpg 510w\" class=\"wp-image-63879 size-full\" style=\"object-position:50% 50%\"\/><\/figure><\/div>\n\n<div class=\"wp-block-media-text is-stacked-on-mobile is-image-fill-element my-0 py-0\"><figure class=\"wp-block-media-text__media\"><img loading=\"lazy\" decoding=\"async\" width=\"1024\" height=\"753\" src=\"https:\/\/www.greenpeace.org\/static\/planet4-denmark-stateless\/2025\/03\/bd7e1cf9-lauren-bowey-13sq-\u00a9-henrik-hertz-_-greenpeace-1024x753.jpg\" alt=\"Lauren Bowey, Greenpeace\" sizes=\"auto, (min-width: 1600px) calc((1320px - 24px) \/ 2),(min-width: 1200px) calc((1140px - 24px) \/ 2),(min-width: 992px) calc((960px - 24px) \/ 2),(min-width: 768px) calc((720px - 24px) \/ 2),(min-width: 601px) calc((540px - 24px) \/ 2),(min-width: 577px) calc((540px - 24px) \/ 1), calc(100vw - 24px)\" srcset=\"https:\/\/www.greenpeace.org\/static\/planet4-denmark-stateless\/2025\/03\/bd7e1cf9-lauren-bowey-13sq-\u00a9-henrik-hertz-_-greenpeace-scaled.jpg 2560w, https:\/\/www.greenpeace.org\/static\/planet4-denmark-stateless\/2025\/03\/bd7e1cf9-lauren-bowey-13sq-\u00a9-henrik-hertz-_-greenpeace-300x221.jpg 300w, https:\/\/www.greenpeace.org\/static\/planet4-denmark-stateless\/2025\/03\/bd7e1cf9-lauren-bowey-13sq-\u00a9-henrik-hertz-_-greenpeace-1024x753.jpg 1024w, https:\/\/www.greenpeace.org\/static\/planet4-denmark-stateless\/2025\/03\/bd7e1cf9-lauren-bowey-13sq-\u00a9-henrik-hertz-_-greenpeace-768x565.jpg 768w, https:\/\/www.greenpeace.org\/static\/planet4-denmark-stateless\/2025\/03\/bd7e1cf9-lauren-bowey-13sq-\u00a9-henrik-hertz-_-greenpeace-1536x1129.jpg 1536w, https:\/\/www.greenpeace.org\/static\/planet4-denmark-stateless\/2025\/03\/bd7e1cf9-lauren-bowey-13sq-\u00a9-henrik-hertz-_-greenpeace-2048x1506.jpg 2048w, https:\/\/www.greenpeace.org\/static\/planet4-denmark-stateless\/2025\/03\/bd7e1cf9-lauren-bowey-13sq-\u00a9-henrik-hertz-_-greenpeace-1858x1366.jpg 1858w, https:\/\/www.greenpeace.org\/static\/planet4-denmark-stateless\/2025\/03\/bd7e1cf9-lauren-bowey-13sq-\u00a9-henrik-hertz-_-greenpeace-462x340.jpg 462w\" class=\"wp-image-63877 size-full\" style=\"object-position:50% 50%\"\/><\/figure><div class=\"wp-block-media-text__content\">\n<div style=\"height:30px\" aria-hidden=\"true\" class=\"wp-block-spacer\"><\/div>\n\n\n\n<h3 class=\"wp-block-heading has-text-align-left\">Lauren Bowey<\/h3>\n\n\n\n<p class=\"has-gp-nor-green-3-color has-text-color has-link-color wp-elements-37900e88ca8bc493f258fe2a57fc12cc\">Global kampagneleder<\/p>\n\n\n\n<p>Lauren Bowey leder det danske arbejde med Greenpeaces mange globale kampagner. Hun er kandidat i kognitiv kommunikation og mor til tre, hvilket driver hendes passion for at arbejde for en retf\u00e6rdig og gr\u00f8n fremtid.<\/p>\n\n\n\n<p><strong>Mobil<\/strong>: +45 28 35 69 29<br><strong>Mail: <\/strong><a href=\"mailto:lauren.bowey@greenpeace.org\">lauren.bowey<\/a>@greenpeace.org    <br><strong>Bluesky: <\/strong>@laurenbowey.bsky.social<\/p>\n\n\n\n<div style=\"height:30px\" aria-hidden=\"true\" class=\"wp-block-spacer\"><\/div>\n<\/div><\/div>\n\n<div class=\"wp-block-media-text alignwide has-media-on-the-right is-stacked-on-mobile is-image-fill-element my-0 py-0\"><div class=\"wp-block-media-text__content\">\n<div style=\"height:50px\" aria-hidden=\"true\" class=\"wp-block-spacer\"><\/div>\n\n\n\n<h3 class=\"wp-block-heading\">Christian Fromberg<\/h3>\n\n\n\n<p class=\"has-gp-nor-green-3-color has-text-color has-link-color wp-elements-716593104af58a5f88fe51e0572e5465\">Politisk kampagneleder<\/p>\n\n\n\n<p>Christian Fromberg, politisk kampagneleder, Greenpeace Danmark:<br>Christian leder Greenpeaces politiske arbejde indenfor klima, energi, landbrug og natur. Han er forfatter til bogen &#8220;D\u00f8dvande&#8221; og kandidat i klimaforandringer.<\/p>\n\n\n\n<p><strong>Mobil:<\/strong> +45 29 29 48 75<br><strong>Mail:<\/strong> <a href=\"mailto:christian.fromberg@greenpeace.org\" target=\"_blank\" rel=\"noreferrer noopener\">christian.fromberg@greenpeace.org<\/a><br><strong>Bluesky:<\/strong> @fromberg.bsky.social<br><\/p>\n\n\n\n<div style=\"height:30px\" aria-hidden=\"true\" class=\"wp-block-spacer\"><\/div>\n<\/div><figure class=\"wp-block-media-text__media\"><img loading=\"lazy\" decoding=\"async\" width=\"1024\" height=\"683\" src=\"https:\/\/www.greenpeace.org\/static\/planet4-denmark-stateless\/2025\/03\/4e6609c6-christian-fromberg-1h-\u00a9-henrik-hertz-_-greenpeace-1024x683.jpg\" alt=\"Christian Fromberg, kampagneleder for landbrug, natur og skov, Greenpeace\" sizes=\"auto, (min-width: 1600px) calc((1320px - 24px) \/ 2),(min-width: 1200px) calc((1140px - 24px) \/ 2),(min-width: 992px) calc((960px - 24px) \/ 2),(min-width: 768px) calc((720px - 24px) \/ 2),(min-width: 601px) calc((540px - 24px) \/ 2),(min-width: 577px) calc((540px - 24px) \/ 1), calc(100vw - 24px)\" srcset=\"https:\/\/www.greenpeace.org\/static\/planet4-denmark-stateless\/2025\/03\/4e6609c6-christian-fromberg-1h-\u00a9-henrik-hertz-_-greenpeace-scaled.jpg 2560w, https:\/\/www.greenpeace.org\/static\/planet4-denmark-stateless\/2025\/03\/4e6609c6-christian-fromberg-1h-\u00a9-henrik-hertz-_-greenpeace-300x200.jpg 300w, https:\/\/www.greenpeace.org\/static\/planet4-denmark-stateless\/2025\/03\/4e6609c6-christian-fromberg-1h-\u00a9-henrik-hertz-_-greenpeace-1024x683.jpg 1024w, https:\/\/www.greenpeace.org\/static\/planet4-denmark-stateless\/2025\/03\/4e6609c6-christian-fromberg-1h-\u00a9-henrik-hertz-_-greenpeace-768x512.jpg 768w, https:\/\/www.greenpeace.org\/static\/planet4-denmark-stateless\/2025\/03\/4e6609c6-christian-fromberg-1h-\u00a9-henrik-hertz-_-greenpeace-1536x1024.jpg 1536w, https:\/\/www.greenpeace.org\/static\/planet4-denmark-stateless\/2025\/03\/4e6609c6-christian-fromberg-1h-\u00a9-henrik-hertz-_-greenpeace-2048x1366.jpg 2048w, https:\/\/www.greenpeace.org\/static\/planet4-denmark-stateless\/2025\/03\/4e6609c6-christian-fromberg-1h-\u00a9-henrik-hertz-_-greenpeace-510x340.jpg 510w\" class=\"wp-image-63878 size-full\" style=\"object-position:23% 52%\"\/><\/figure><\/div>\n\n<div class=\"wp-block-media-text alignwide is-stacked-on-mobile is-image-fill-element my-0 py-0\"><figure class=\"wp-block-media-text__media\"><img decoding=\"async\" src=\"https:\/\/www.greenpeace.org\/static\/planet4-denmark-stateless\/2022\/01\/c6845d30-2021-danish-portraits-jpg-0221-683x1024.jpg\" alt=\"Sune Scheller - Kampagne- og programchef\" sizes=\"(min-width: 1600px) calc((1320px - 24px) \/ 2),(min-width: 1200px) calc((1140px - 24px) \/ 2),(min-width: 992px) calc((960px - 24px) \/ 2),(min-width: 768px) calc((720px - 24px) \/ 2),(min-width: 601px) calc((540px - 24px) \/ 2),(min-width: 577px) calc((540px - 24px) \/ 1), calc(100vw - 24px)\" srcset=\"\" class=\"wp-image-50112 size-full\" style=\"object-position:50% 50%\"\/><\/figure><div class=\"wp-block-media-text__content\">\n<div style=\"height:50px\" aria-hidden=\"true\" class=\"wp-block-spacer\"><\/div>\n\n\n\n<h3 class=\"wp-block-heading\">Sune Scheller <\/h3>\n\n\n\n<p class=\"has-gp-nor-green-3-color has-text-color has-link-color wp-elements-e17a1c5703cc33dd650d70c6ba393de0\">Co Programme Director hos Greenpeace Norden<br><\/p>\n\n\n\n<p class=\"has-black-color has-text-color has-link-color wp-elements-8065a21ffe2a8c09ab67dd273ad4e8ab\">Sune leder den samlede kampagneafdeling i de fire nordiske lande Danmark, Finland, Norge og Sverige. Han har en lang og bred baggrund i Greenpeace, der har givet ekspertise i mange omr\u00e5der inden for klima og milj\u00f8. Derudover har Sune tidligere ledet kampagneafdelingen i Danmark gennem flere \u00e5r.<\/p>\n\n\n\n<p><strong>Mobil: <\/strong>+45 27 14 42 57<br><strong>Mail:<\/strong> <a href=\"mailto:sune.scheller@greenpeace.org\">sune.scheller@greenpeace.org<\/a>      <br><strong>L\u00e6s Sunes artikler:<\/strong> <a href=\"https:\/\/www.greenpeace.org\/denmark\/author\/sschelle\/\">her<\/a><\/p>\n\n\n\n<div style=\"height:30px\" aria-hidden=\"true\" class=\"wp-block-spacer\"><\/div>\n<\/div><\/div>\n\n<div style=\"height:30px\" aria-hidden=\"true\" class=\"wp-block-spacer\"><\/div>\n","protected":false},"excerpt":{"rendered":"<p>Her kan du finde kontaktoplysninger til alle Greenpeace Danmarks talspersoner og pressekontakter.<\/p>\n","protected":false},"author":20,"featured_media":9104,"parent":230,"menu_order":0,"comment_status":"closed","ping_status":"closed","template":"","meta":{"ep_exclude_from_search":false,"p4_hide_page_title_checkbox":"on","p4_title":"","p4_subtitle":"","p4_description":"","background_image_id":"","background_image":"","p4_button_title":"","p4_button_link":"","p4_button_link_checkbox":"","p4_og_title":"","p4_og_description":"","p4_og_image":"","p4_og_image_id":"","p4_seo_canonical_url":"","p4_campaign_name":"not set","p4_local_project":"not set","p4_basket_name":"not set","p4_department":"","footnotes":""},"categories":[4],"tags":[13],"class_list":["post-3208","page","type-page","status-publish","has-post-thumbnail","hentry","category-greenpeace","tag-omgreenpeace"],"_links":{"self":[{"href":"https:\/\/www.greenpeace.org\/denmark\/wp-json\/wp\/v2\/pages\/3208","targetHints":{"allow":["GET"]}}],"collection":[{"href":"https:\/\/www.greenpeace.org\/denmark\/wp-json\/wp\/v2\/pages"}],"about":[{"href":"https:\/\/www.greenpeace.org\/denmark\/wp-json\/wp\/v2\/types\/page"}],"author":[{"embeddable":true,"href":"https:\/\/www.greenpeace.org\/denmark\/wp-json\/wp\/v2\/users\/20"}],"replies":[{"embeddable":true,"href":"https:\/\/www.greenpeace.org\/denmark\/wp-json\/wp\/v2\/comments?post=3208"}],"version-history":[{"count":20,"href":"https:\/\/www.greenpeace.org\/denmark\/wp-json\/wp\/v2\/pages\/3208\/revisions"}],"predecessor-version":[{"id":67936,"href":"https:\/\/www.greenpeace.org\/denmark\/wp-json\/wp\/v2\/pages\/3208\/revisions\/67936"}],"up":[{"embeddable":true,"href":"https:\/\/www.greenpeace.org\/denmark\/wp-json\/wp\/v2\/pages\/230"}],"wp:featuredmedia":[{"embeddable":true,"href":"https:\/\/www.greenpeace.org\/denmark\/wp-json\/wp\/v2\/media\/9104"}],"wp:attachment":[{"href":"https:\/\/www.greenpeace.org\/denmark\/wp-json\/wp\/v2\/media?parent=3208"}],"wp:term":[{"taxonomy":"category","embeddable":true,"href":"https:\/\/www.greenpeace.org\/denmark\/wp-json\/wp\/v2\/categories?post=3208"},{"taxonomy":"post_tag","embeddable":true,"href":"https:\/\/www.greenpeace.org\/denmark\/wp-json\/wp\/v2\/tags?post=3208"}],"curies":[{"name":"wp","href":"https:\/\/api.w.org\/{rel}","templated":true}]}}