{"id":464,"date":"2018-09-20T12:50:23","date_gmt":"2018-09-20T10:50:23","guid":{"rendered":"https:\/\/www.greenpeace.org\/denmark\/?page_id=464"},"modified":"2025-09-23T11:53:43","modified_gmt":"2025-09-23T09:53:43","slug":"civil-ulydighed-og-vores-aktioner","status":"publish","type":"page","link":"https:\/\/www.greenpeace.org\/denmark\/om-os\/civil-ulydighed-og-vores-aktioner\/","title":{"rendered":"Civil ulydighed og vores aktioner"},"content":{"rendered":"\n<div class=\"wp-block-planet4-blocks-carousel-header\"><div data-hydrate=\"planet4-blocks\/carousel-header\" data-attributes=\"{&quot;carousel_autoplay&quot;:false,&quot;slides&quot;:[{&quot;image&quot;:55401,&quot;focal_points&quot;:{&quot;x&quot;:0.93,&quot;y&quot;:0.15},&quot;header&quot;:&quot;Civil ulydighed&quot;,&quot;description&quot;:&quot;Civil ulydighed er en del af Greenpeace&#x27;s DNA. I over 50 \u00e5r har Greenpeace-aktivister brugt fredelige taktikker og civil ulydighed for at k\u00e6mpe imod forurenende virksomheder, der \u00f8del\u00e6gger fremtiden for os alle. Vi er altid fredelige, og vi tager altid personligt ansvar for vores handlinger.&quot;,&quot;link_text&quot;:&quot;Bliv en del af os i dag og g\u00f8r en forskel&quot;,&quot;link_url&quot;:&quot;https:\/\/greenpeace.community\/page\/introduction-to-civil-disobedience&quot;,&quot;link_url_new_tab&quot;:true,&quot;image_url&quot;:&quot;https:\/\/www.greenpeace.org\/static\/planet4-sweden-stateless\/2023\/02\/ff64498d-09_topten_gp1sx8x8.jpg&quot;,&quot;image_srcset&quot;:&quot;https:\/\/www.greenpeace.org\/static\/planet4-sweden-stateless\/2023\/02\/ff64498d-09_topten_gp1sx8x8-150x150.jpg 150w,https:\/\/www.greenpeace.org\/static\/planet4-sweden-stateless\/2023\/02\/ff64498d-09_topten_gp1sx8x8-300x169.jpg 300w,https:\/\/www.greenpeace.org\/static\/planet4-sweden-stateless\/2023\/02\/ff64498d-09_topten_gp1sx8x8-510x287.jpg 510w,https:\/\/www.greenpeace.org\/static\/planet4-sweden-stateless\/2023\/02\/ff64498d-09_topten_gp1sx8x8.jpg 800w&quot;}],&quot;currentImageIndex&quot;:0}\"><section class=\"block block-header alignfull carousel-header \"><div class=\"carousel-wrapper-header\"><div class=\"carousel-inner\" role=\"listbox\"><div class=\"carousel-item active\"><div class=\"carousel-item-mask\"><div class=\"background-holder\"><img decoding=\"async\" src=\"https:\/\/www.greenpeace.org\/static\/planet4-sweden-stateless\/2023\/02\/ff64498d-09_topten_gp1sx8x8.jpg\" style=\"object-position:93% 15%\" srcSet=\"https:\/\/www.greenpeace.org\/static\/planet4-sweden-stateless\/2023\/02\/ff64498d-09_topten_gp1sx8x8-150x150.jpg 150w,https:\/\/www.greenpeace.org\/static\/planet4-sweden-stateless\/2023\/02\/ff64498d-09_topten_gp1sx8x8-300x169.jpg 300w,https:\/\/www.greenpeace.org\/static\/planet4-sweden-stateless\/2023\/02\/ff64498d-09_topten_gp1sx8x8-510x287.jpg 510w,https:\/\/www.greenpeace.org\/static\/planet4-sweden-stateless\/2023\/02\/ff64498d-09_topten_gp1sx8x8.jpg 800w\"\/><\/div><div class=\"carousel-caption\"><div class=\"caption-overlay\"><\/div><div class=\"container main-header\"><div class=\"carousel-captions-wrapper\"><h2>Civil ulydighed<\/h2><p>Civil ulydighed er en del af Greenpeace&#8217;s DNA. I over 50 \u00e5r har Greenpeace-aktivister brugt fredelige taktikker og civil ulydighed for at k\u00e6mpe imod forurenende virksomheder, der \u00f8del\u00e6gger fremtiden for os alle. Vi er altid fredelige, og vi tager altid personligt ansvar for vores handlinger.<\/p><\/div><div class=\"col-xs-12 col-sm-8 col-md-4 action-button\"><a href=\"https:\/\/greenpeace.community\/page\/introduction-to-civil-disobedience\" class=\"btn btn-primary\" data-ga-category=\"Carousel Header\" data-ga-action=\"Call to Action\" rel=\"noreferrer noopener\" target=\"_blank\"><span>Bliv en del af os i dag og g\u00f8r en forskel<\/span><\/a><\/div><\/div><\/div><\/div><\/div><\/div><\/div><\/section><\/div><\/div>\n\n<p>\ud83c\uddec\ud83c\udde7 <a href=\"https:\/\/www.greenpeace.org\/denmark\/om-os\/civil-ulydighed-og-vores-aktioner\/civil-disobedience-and-our-actions\/\"><em>Read the page in English here*<\/em><\/a><\/p>\n\n<p>Flere og flere af os f\u00f8ler desperation over vores ledere, der ikke tager klimaforandringerne eller tabet af natur alvorligt. Vores planet er ved at koge, mens udledningen forts\u00e6tter med at stige. Millioner af arter er nu truet af udryddelse, og tusinder er allerede g\u00e5et tabt f\u00f8r dem. Politikernes og direkt\u00f8rernes tomme ord vil ikke redde naturen og vores klima. Vi mener, at civil ulydighed er et vigtigt og n\u00f8dvendigt redskab til at skabe den forandring, vi desperat har brug for.<\/p>\n\n<div style=\"height:30px\" aria-hidden=\"true\" class=\"wp-block-spacer\"><\/div>\n\n<h2 class=\"wp-block-heading\"><strong>Hvad er civil ulydighed, og hvorfor g\u00f8r vi det?<\/strong><\/h2>\n\n<p>Civil ulydighed er en selvopofrende og moralsk motiveret handling, hvor man bryder loven eller sociale normer for at forhindre skade eller skabe positiv forandring for medmennesker og samfundet. Greenpeace bruger civil ulydighed, fordi vi mener, at det er vores moralske pligt at handle for at beskytte vores planet, det eneste hjem, vi har.<\/p>\n\n<p>Nogle ting er simpelthen s\u00e5 forkerte, s\u00e5 kriminelle, s\u00e5 uretf\u00e6rdige, p\u00e5 trods af at de er lovligt tilladte, at vi er forpligtede til at handle. For eksempel tjener olieselskaber milliarder af dollars i fortjeneste, mens konsekvenserne af deres olieudvinding, boring og forbr\u00e6nding for\u00e5rsager katastrofale klimakonsekvenser som oversv\u00f8mmelser, brande og t\u00f8rke i fattigere lande.<\/p>\n\n<p>Men civil ulydighed er kun toppen af isbjerget for Greenpeace. F\u00f8r vi overhovedet overvejer aktioner, bruger vi m\u00e5neder p\u00e5 at indsamle beviser, unders\u00f8ge problemet og finde l\u00f8sninger. Vi peger ikke bare fingre; vi finder nye, bedre m\u00e5der at t\u00e6nke og handle p\u00e5. Greenpeaces grundige arbejde giver vores aktioner substans og betyder, at vi kan st\u00e5 bag dem.<\/p>\n\n<p>Civil ulydighed og almindelige menneskers vilje til at udf\u00f8re dem i trods mod uretf\u00e6rdige virksomheder og politikere, der \u00f8del\u00e6gger naturen, er med til at understrege alvoren af problemet. Vores aktivister er villige til at tage risici og st\u00e5 op for den planet, vi alle er afh\u00e6ngige af.<\/p>\n\n<div style=\"height:30px\" aria-hidden=\"true\" class=\"wp-block-spacer\"><\/div>\n<div data-hydrate=\"planet4-blocks\/gallery\" data-attributes=\"{&quot;attributes&quot;:{&quot;gallery_block_title&quot;:&quot;&lt;strong&gt;Hvordan er det at v\\u00e6re en Greenpeace-aktivist?&lt;\\\/strong&gt;&quot;,&quot;multiple_image&quot;:&quot;57077,57171,56642&quot;,&quot;gallery_block_focus_points&quot;:&quot;{u002256642u0022:u002250% 50%u0022,u002257077u0022:u002250% 50%u0022,u002257171u0022:u002240% 43%u0022}&quot;,&quot;image_data&quot;:[{&quot;url&quot;:&quot;https:\\\/\\\/www.greenpeace.org\\\/static\\\/planet4-denmark-stateless\\\/2023\\\/07\\\/8cce291c-gp0sto9jk_web_size.jpg&quot;,&quot;focalPoint&quot;:{&quot;x&quot;:0.5,&quot;y&quot;:0.5},&quot;id&quot;:57077},{&quot;url&quot;:&quot;https:\\\/\\\/www.greenpeace.org\\\/static\\\/planet4-denmark-stateless\\\/2023\\\/07\\\/ea5243ec-gp04jhu_web_size.jpg&quot;,&quot;focalPoint&quot;:{&quot;x&quot;:&quot;0.40&quot;,&quot;y&quot;:&quot;0.43&quot;},&quot;id&quot;:57171},{&quot;url&quot;:&quot;https:\\\/\\\/www.greenpeace.org\\\/static\\\/planet4-denmark-stateless\\\/2023\\\/06\\\/e331a3f2-gp0stwpu4_web_size.jpg&quot;,&quot;focalPoint&quot;:{&quot;x&quot;:0.5,&quot;y&quot;:0.5},&quot;id&quot;:56642}],&quot;className&quot;:&quot;is-style-three-columns&quot;,&quot;gallery_block_style&quot;:0,&quot;gallery_block_description&quot;:&quot;&quot;,&quot;images&quot;:[{&quot;image_src&quot;:&quot;https:\\\/\\\/www.greenpeace.org\\\/static\\\/planet4-denmark-stateless\\\/2023\\\/07\\\/8cce291c-gp0sto9jk_web_size.jpg&quot;,&quot;image_srcset&quot;:&quot;https:\\\/\\\/www.greenpeace.org\\\/static\\\/planet4-denmark-stateless\\\/2023\\\/07\\\/8cce291c-gp0sto9jk_web_size.jpg 800w, https:\\\/\\\/www.greenpeace.org\\\/static\\\/planet4-denmark-stateless\\\/2023\\\/07\\\/8cce291c-gp0sto9jk_web_size-300x200.jpg 300w, https:\\\/\\\/www.greenpeace.org\\\/static\\\/planet4-denmark-stateless\\\/2023\\\/07\\\/8cce291c-gp0sto9jk_web_size-768x512.jpg 768w, https:\\\/\\\/www.greenpeace.org\\\/static\\\/planet4-denmark-stateless\\\/2023\\\/07\\\/8cce291c-gp0sto9jk_web_size-510x340.jpg 510w&quot;,&quot;image_sizes&quot;:false,&quot;alt_text&quot;:&quot;&quot;,&quot;caption&quot;:&quot;Greenpeace Activists form a heart shape at a building in Helsinki Harbour. The climbers are joined by a costumed polar bear. More than 17,000 volunteers from around the world have come together in over 200 cities to form human banners which spell out \\u2018I Love Arctic.\\&quot; The activists are demanding that political leaders protect the pristine Arctic environment.&quot;,&quot;focus_image&quot;:&quot;&quot;,&quot;credits&quot;:&quot;&quot;},{&quot;image_src&quot;:&quot;https:\\\/\\\/www.greenpeace.org\\\/static\\\/planet4-denmark-stateless\\\/2023\\\/07\\\/ea5243ec-gp04jhu_web_size.jpg&quot;,&quot;image_srcset&quot;:&quot;https:\\\/\\\/www.greenpeace.org\\\/static\\\/planet4-denmark-stateless\\\/2023\\\/07\\\/ea5243ec-gp04jhu_web_size.jpg 800w, https:\\\/\\\/www.greenpeace.org\\\/static\\\/planet4-denmark-stateless\\\/2023\\\/07\\\/ea5243ec-gp04jhu_web_size-300x200.jpg 300w, https:\\\/\\\/www.greenpeace.org\\\/static\\\/planet4-denmark-stateless\\\/2023\\\/07\\\/ea5243ec-gp04jhu_web_size-768x513.jpg 768w, https:\\\/\\\/www.greenpeace.org\\\/static\\\/planet4-denmark-stateless\\\/2023\\\/07\\\/ea5243ec-gp04jhu_web_size-510x340.jpg 510w&quot;,&quot;image_sizes&quot;:false,&quot;alt_text&quot;:&quot;&quot;,&quot;caption&quot;:&quot;Team Aurora prepare to lower the time capsule into the icy waters at the North Pole. From L-R are: Josefina Skerk, a Swedish-Sami student and member of the Sami Parliament in Sweden; Renny Bijoux from Seychelles \\u2014 a nation under grave threat from climate change; 20-year-old musician and Hollywood actor Ezra Miller; Kiera Dawn Kolson of the Tso\\u2019Tine-Gwich\\u2019in nations in Northern Canada. A \\u201cflag for the future\\u201d is attached to the glass and titanium time capsule containing 2.7 million names of supporters who wish to protect the Arctic.  A banner behind reads \\&quot;Save the Arctic.\\&quot;&quot;,&quot;focus_image&quot;:&quot;&quot;,&quot;credits&quot;:&quot;&quot;},{&quot;image_src&quot;:&quot;https:\\\/\\\/www.greenpeace.org\\\/static\\\/planet4-denmark-stateless\\\/2023\\\/06\\\/e331a3f2-gp0stwpu4_web_size.jpg&quot;,&quot;image_srcset&quot;:&quot;https:\\\/\\\/www.greenpeace.org\\\/static\\\/planet4-denmark-stateless\\\/2023\\\/06\\\/e331a3f2-gp0stwpu4_web_size.jpg 800w, https:\\\/\\\/www.greenpeace.org\\\/static\\\/planet4-denmark-stateless\\\/2023\\\/06\\\/e331a3f2-gp0stwpu4_web_size-300x225.jpg 300w, https:\\\/\\\/www.greenpeace.org\\\/static\\\/planet4-denmark-stateless\\\/2023\\\/06\\\/e331a3f2-gp0stwpu4_web_size-768x575.jpg 768w, https:\\\/\\\/www.greenpeace.org\\\/static\\\/planet4-denmark-stateless\\\/2023\\\/06\\\/e331a3f2-gp0stwpu4_web_size-454x340.jpg 454w&quot;,&quot;image_sizes&quot;:false,&quot;alt_text&quot;:&quot;&quot;,&quot;caption&quot;:&quot;18th June, Mongstad, Norway \\u2013 Activists from Greenpeace Nordic have taken peaceful action against a tanker, carrying toxic waste from the Norwegian oil industry to be discharged in Denmark. The activists have dived down with magnets and attached a small sailboat to the hull of the tanker Bothnia that is transporting up to 9 000 tonnes of toxic wastewater from Norwegian oil giant Equinor\\u2019s refinery at Mongstad. \\n\\nThe activists have also painted \\&quot;Equitox\\&quot; on the side of the 118 metre long chemical tanker.\\n\\nAs much as 150 000 tonnes of toxic water is believed to be exported to Denmark each year where it is treated before being released into Danish waters. The current treatment is unable to remove all harmful toxic and carcinogenic chemicals such as PFOS and PAHs from the water, and local people have reported a dramatic decline in fish populations in areas where the water is discharged., Greenpeace block Equinor\\u2019s illegal toxic waste export&quot;,&quot;focus_image&quot;:&quot;&quot;,&quot;credits&quot;:&quot;\\u00a9 Rasmus T\\u00f6rnqvist&quot;}]}}\"><section class=\"block split-three-column is-style-three-columns\"><header><h2 class=\"page-section-header\"><strong>Hvordan er det at v\u00e6re en Greenpeace-aktivist?<\/strong><\/h2><\/header><\/section><\/div>\n<p>Greenpeace-aktivister er tr\u00e6nede, engagerede og modige. Men de er ogs\u00e5 bare almindelige mennesker, der g\u00f8r ekstraordin\u00e6re ting for at beskytte vores fremtid.<\/p>\n\n<p>Vores aktivister arbejder sammen og st\u00f8tter hinanden, og fremtidige aktivister skal v\u00e6re villige til at forpligte sig til denne st\u00e6rke hold\u00e5nd.<\/p>\n\n<p>Aktivisme kan v\u00e6re h\u00e5rdt, der er op- og nedture, og at v\u00e6re involveret i en aktion er b\u00e5de opstemmende og udmattende. Men du kan ogs\u00e5 v\u00e6re sikker p\u00e5 et trygt milj\u00f8, mange grin undervejs og f\u00e5 nye f\u00e6rdigheder, nye venskaber og store eventyr.<\/p>\n\n<p>Sikkerhed er altid den \u00f8verste prioritet under aktiviteterne, og i Greenpeace tager vi godt h\u00e5nd om aktivister og frivillige, der deltager. Vi sikrer den fysiske og psykiske trivsel og sikkerhed for vores mennesker f\u00f8r, under og efter deres deltagelse i en aktivitet, p\u00e5 det h\u00f8jest mulige niveau.<\/p>\n\n<p>Vi er dedikerede til at hj\u00e6lpe med eventuelle praktiske eller \u00f8konomiske udfordringer, der kan forhindre dig i at deltage i vores aktiviteter. Hvor det er muligt, vil vi im\u00f8dekomme dine behov for adgang.<\/p>\n\n<p><a href=\"https:\/\/www.greenpeace.org\/denmark\/nyhed\/klimaforandringer\/ida-marie-fortaeller-om-sin-protest-mine-37-timer-paa-en-olieplatform-nordsoeen\/\">H\u00f8r Greenpeace-aktivist Ida Marie fort\u00e6lle om sin oplevelse p\u00e5 en aktion<\/a>, hvor hun tilbragte 37 timer p\u00e5 en olieplatform i Nords\u00f8en.<\/p>\n\n<div style=\"height:40px\" aria-hidden=\"true\" class=\"wp-block-spacer\"><\/div>\n\n\n<div class=\"wp-block-group block mb-0 has-grey-100-background-color has-background is-layout-flow wp-block-group-is-layout-flow\">\n<div class=\"wp-block-group container is-layout-flow wp-block-group-is-layout-flow\">\n<div style=\"height:24px\" aria-hidden=\"true\" class=\"wp-block-spacer\"><\/div>\n\n\n\n<div class=\"wp-block-columns is-layout-flex wp-container-core-columns-is-layout-9d6595d7 wp-block-columns-is-layout-flex\">\n<div class=\"wp-block-column is-vertically-aligned-center is-layout-flow wp-block-column-is-layout-flow\" style=\"flex-basis:5%\"><\/div>\n\n\n\n<div class=\"wp-block-column is-vertically-aligned-center is-layout-flow wp-block-column-is-layout-flow\" style=\"flex-basis:70%\">\n<p class=\"has-grey-900-color has-text-color has-medium-font-size\">Jeg f\u00f8ler altid en f\u00f8lelse af f\u00e6llesskab og kammeratskab, n\u00e5r vi m\u00f8des og forbereder os p\u00e5 aktioner \u2013 det f\u00f8les som en familiesammenkomst!<\/p>\n\n\n\n<p class=\"has-gp-nor-green-color has-text-color\" style=\"font-size:14px\">Pattie, Greenpeace-aktivist<\/p>\n<\/div>\n\n\n\n<div class=\"wp-block-column is-vertically-aligned-center is-layout-flow wp-block-column-is-layout-flow\" style=\"flex-basis:20%\">\n<figure class=\"wp-block-image aligncenter size-full is-resized is-style-rounded-180\"><img decoding=\"async\" src=\"https:\/\/www.greenpeace.org\/static\/planet4-sweden-stateless\/2023\/06\/2e5a399a-pattie-kitchen.jpg\" alt=\"\" class=\"wp-image-56789\"\/><\/figure>\n<\/div>\n<\/div>\n<\/div>\n<\/div>\n\n\n<div style=\"height:50px\" aria-hidden=\"true\" class=\"wp-block-spacer\"><\/div>\n\n<h2 class=\"wp-block-heading\">Hvem kan v\u00e6re Greenpeace-aktivist?<\/h2>\n\n<p>Kort sagt &#8211; alle! Du beh\u00f8ver ikke v\u00e6re ekstra modig eller superfit for at v\u00e6re en Greenpeace-aktivist. Hos Greenpeace tror vi p\u00e5, at der er mange m\u00e5der at v\u00e6re aktivist p\u00e5 &#8211; at klatre p\u00e5 oliet\u00e5rne eller blokere et skib i en kajak er ikke for alle. Greenpeace&#8217;s frivillige er ogs\u00e5 aktivister, der udf\u00f8rer fantastisk arbejde med at sprede bevidsthed. Aktivisme handler ogs\u00e5 om at male bannere, lobbyere politikere med en mail, holde foredrag p\u00e5 en skole eller hj\u00e6lpe med research p\u00e5 Greenpeace-kontorerne eller i marken.<\/p>\n\n<p>At v\u00e6re aktivist handler om dedikation og vilje til at st\u00e5 op for vores fremtid og skabe forandring. Og jo flere vi er, desto mere magtfulde er vi.<\/p>\n\n<p>Greenpeace-aktivister skal v\u00e6re over 18 \u00e5r.<\/p>\n\n<div style=\"height:30px\" aria-hidden=\"true\" class=\"wp-block-spacer\"><\/div>\n\n<h2 class=\"wp-block-heading\"><strong>Hvilken aktionstr\u00e6ning tilbyder Greenpeace?<\/strong><\/h2>\n\n<p>Det f\u00f8rste skridt mod at blive en Greenpeace-aktivist er at deltage i vores introduktionskursus til civil ulydighed. I dette kursus l\u00e6rer du mere om civil ulydighed og kraften i ikke-vold. <a href=\"https:\/\/greenpeace.community\/page\/introduction-to-civil-disobedience\" target=\"_blank\" rel=\"noreferrer noopener\">Tilmeld dig i dag<\/a>.<\/p>\n\n<p>N\u00e6ste skridt er et weekend langt kursus i ikke-voldelige aktioner. Dette kursus l\u00e6rer dig, hvordan du kan agere p\u00e5 en sikker og effektiv m\u00e5de. I l\u00f8bet af weekenden f\u00e5r du mulighed for at m\u00f8de andre aktivister og udfordre dig selv i et sikkert milj\u00f8. Tr\u00e6ningen d\u00e6kker alt fra, hvordan du fysisk og mentalt forbereder dig p\u00e5 at tage handling, til metoder for deeskalering, sikkerhed, juridiske procedurer, blokeringsteknikker, medietr\u00e6ning og meget mere.<\/p>\n\n<p>Personer, der succesfuldt gennemf\u00f8rer dette kursus, er klar til at g\u00e5 i aktion med Greenpeace. Greenpeace tilbyder ogs\u00e5 f\u00f8rstehj\u00e6lpskurser til alle aktivister.<\/p>\n\n<p>Greenpeace-aktivister kan derefter v\u00e6lge at ans\u00f8ge om optagelse i en af vores specialiserede aktionsteams, s\u00e5som klatreholdet, kajakholdet eller b\u00e5dholdet, der alle har omfattende og professionelle tr\u00e6ningsprogrammer.<\/p>\n\n<p class=\"has-medium-font-size\"><strong>Greenpeace tilbyder ogs\u00e5 andre tr\u00e6ningsprogrammer for frivillige. <a href=\"https:\/\/www.greenpeace.org\/denmark\/vaer-med\/frivillig\/\">L\u00e6s mere om frivilligt arbejde her<\/a>.<\/strong>  <\/p>\n\n<p>Alle tr\u00e6ningsprogrammer er gratis, og Greenpeace d\u00e6kker alle udgifter til aktivister i forbindelse med tr\u00e6ning og aktiviteter, s\u00e5som rejse, mad, indkvartering osv.<\/p>\n\n<div style=\"height:30px\" aria-hidden=\"true\" class=\"wp-block-spacer\"><\/div>\n\n<div class=\"wp-block-cover has-parallax\"><div class=\"wp-block-cover__image-background wp-image-271 has-parallax\" style=\"background-position:50% 50%;background-image:url(https:\/\/storage.googleapis.com\/planet4-sweden-stateless-develop\/2018\/05\/6f53772c-act-now.jpg)\"><\/div><span aria-hidden=\"true\" class=\"wp-block-cover__background has-background-dim-60 has-background-dim\"><\/span><div class=\"wp-block-cover__inner-container is-layout-flow wp-block-cover-is-layout-flow\">\n<h2 class=\"wp-block-heading has-text-align-center\">Slut dig til kampen!<\/h2>\n\n\n\n<p class=\"has-text-align-center has-medium-font-size\">Tilmeld dig hos Greenpeace og g\u00f8r en forskel! Vi ser frem til at h\u00f8re fra dig!<\/p>\n\n\n\n<div style=\"height:20px\" aria-hidden=\"true\" class=\"wp-block-spacer\"><\/div>\n\n\n\n<div class=\"wp-block-buttons is-content-justification-center is-layout-flex wp-container-core-buttons-is-layout-16018d1d wp-block-buttons-is-layout-flex\">\n<div class=\"wp-block-button is-style-cta\"><a class=\"wp-block-button__link wp-element-button\" href=\"https:\/\/greenpeace.community\/page\/introduction-to-civil-disobedience\" target=\"_blank\" rel=\"noreferrer noopener\">Bliv klima- og milj\u00f8aktivist i dag<\/a><\/div>\n<\/div>\n<\/div><\/div>\n\n<div style=\"height:30px\" aria-hidden=\"true\" class=\"wp-block-spacer\"><\/div>\n\n\n<div class=\"wp-block-group alignfull block has-grey-100-background-color has-background is-layout-flow wp-block-group-is-layout-flow\">\n<div class=\"wp-block-group container is-layout-flow wp-block-group-is-layout-flow\">\n<div style=\"height:24px\" aria-hidden=\"true\" class=\"wp-block-spacer\"><\/div>\n\n\n\n<h2 class=\"wp-block-heading has-text-align-center\">\u00c5rlige nordiske frivillige rapporter<\/h2>\n\n\n\n<p class=\"has-text-align-center\">Se mere om, hvad Greenpeace-frivillige har opn\u00e5et gennem \u00e5rene i vores \u00e5rlige frivillige rapporter.<\/p>\n\n\n\n<div class=\"wp-block-group container is-layout-flow wp-block-group-is-layout-flow\">\n<div style=\"height:24px\" aria-hidden=\"true\" class=\"wp-block-spacer\"><\/div>\n\n\n\n<div class=\"wp-block-columns is-layout-flex wp-container-core-columns-is-layout-9d6595d7 wp-block-columns-is-layout-flex\">\n<div class=\"wp-block-column is-layout-flow wp-block-column-is-layout-flow\">\n<div class=\"wp-block-group group-stretched-link is-layout-flow wp-block-group-is-layout-flow\">\n<figure class=\"wp-block-image aligncenter size-full force-no-lightbox force-no-caption is-style-default\"><img loading=\"lazy\" decoding=\"async\" width=\"240\" height=\"340\" src=\"https:\/\/www.greenpeace.org\/static\/planet4-denmark-stateless\/2024\/03\/0111e7ae-vol2023.jpg\" title=\"nordic volunteer activities 2023 report cover, depicting crowd of people in helsinki\" alt=\"\" class=\"wp-image-60690\" srcset=\"https:\/\/www.greenpeace.org\/static\/planet4-denmark-stateless\/2024\/03\/0111e7ae-vol2023.jpg 240w, https:\/\/www.greenpeace.org\/static\/planet4-denmark-stateless\/2024\/03\/0111e7ae-vol2023-212x300.jpg 212w\" sizes=\"auto, (max-width: 240px) 100vw, 240px\" \/><\/figure>\n\n\n\n<h5 class=\"wp-block-heading has-text-align-center is-style-chevron\" style=\"font-size:1rem\"><a href=\"https:\/\/www.greenpeace.org\/static\/planet4-denmark-stateless\/2024\/03\/cb95874a-2023-volunteer-activities-report.pdf\" target=\"_blank\" rel=\"noreferrer noopener\">L\u00e6s rapporten for 2023 her<\/a><\/h5>\n\n\n\n<div style=\"height:16px\" aria-hidden=\"true\" class=\"wp-block-spacer\"><\/div>\n<\/div>\n<\/div>\n\n\n\n<div class=\"wp-block-column is-layout-flow wp-block-column-is-layout-flow\">\n<div class=\"wp-block-group group-stretched-link is-layout-flow wp-block-group-is-layout-flow\">\n<figure class=\"wp-block-image aligncenter size-articles-medium-large force-no-lightbox force-no-caption is-style-default\"><img loading=\"lazy\" decoding=\"async\" width=\"240\" height=\"340\" src=\"https:\/\/www.greenpeace.org\/static\/planet4-denmark-stateless\/2023\/04\/6e174f50-vol-2022-cover-240x340.jpg\" title=\"Nordic volunteers report 2022 cover\" alt=\"Nordic volunteers report 2022 cover\" class=\"wp-image-56137\" srcset=\"https:\/\/www.greenpeace.org\/static\/planet4-denmark-stateless\/2023\/04\/6e174f50-vol-2022-cover-240x340.jpg 240w, https:\/\/www.greenpeace.org\/static\/planet4-denmark-stateless\/2023\/04\/6e174f50-vol-2022-cover-212x300.jpg 212w, https:\/\/www.greenpeace.org\/static\/planet4-denmark-stateless\/2023\/04\/6e174f50-vol-2022-cover-724x1024.jpg 724w, https:\/\/www.greenpeace.org\/static\/planet4-denmark-stateless\/2023\/04\/6e174f50-vol-2022-cover-768x1086.jpg 768w, https:\/\/www.greenpeace.org\/static\/planet4-denmark-stateless\/2023\/04\/6e174f50-vol-2022-cover-966x1366.jpg 966w, https:\/\/www.greenpeace.org\/static\/planet4-denmark-stateless\/2023\/04\/6e174f50-vol-2022-cover.jpg 992w\" sizes=\"auto, (max-width: 240px) 100vw, 240px\" \/><\/figure>\n\n\n\n<h5 class=\"wp-block-heading has-text-align-center is-style-chevron\" style=\"font-size:1rem\"><a href=\"https:\/\/www.greenpeace.org\/static\/planet4-denmark-stateless\/2023\/04\/9218273f-nordic-volunteer-activities-2022_final-version.pdf\" target=\"_blank\" rel=\"noreferrer noopener\">L\u00e6s rapporten for 2022 her<\/a><\/h5>\n\n\n\n<div style=\"height:16px\" aria-hidden=\"true\" class=\"wp-block-spacer\"><\/div>\n<\/div>\n<\/div>\n\n\n\n<div class=\"wp-block-column is-layout-flow wp-block-column-is-layout-flow\">\n<div class=\"wp-block-group group-stretched-link is-layout-flow wp-block-group-is-layout-flow\">\n<figure class=\"wp-block-image aligncenter size-articles-medium-large force-no-lightbox force-no-caption is-style-default\"><img loading=\"lazy\" decoding=\"async\" width=\"240\" height=\"340\" src=\"https:\/\/www.greenpeace.org\/static\/planet4-denmark-stateless\/2022\/08\/eafa877e-nordic-volunteer-report-2021-240x340.jpg\" title=\"Forsidebillede af Nordic Volunteer Report 2021\" alt=\"Forsidebillede af Nordic Volunteer Report 2021\" class=\"wp-image-52187\" srcset=\"https:\/\/www.greenpeace.org\/static\/planet4-denmark-stateless\/2022\/08\/eafa877e-nordic-volunteer-report-2021-240x340.jpg 240w, https:\/\/www.greenpeace.org\/static\/planet4-denmark-stateless\/2022\/08\/eafa877e-nordic-volunteer-report-2021-212x300.jpg 212w, https:\/\/www.greenpeace.org\/static\/planet4-denmark-stateless\/2022\/08\/eafa877e-nordic-volunteer-report-2021-724x1024.jpg 724w, https:\/\/www.greenpeace.org\/static\/planet4-denmark-stateless\/2022\/08\/eafa877e-nordic-volunteer-report-2021-768x1086.jpg 768w, https:\/\/www.greenpeace.org\/static\/planet4-denmark-stateless\/2022\/08\/eafa877e-nordic-volunteer-report-2021-966x1366.jpg 966w, https:\/\/www.greenpeace.org\/static\/planet4-denmark-stateless\/2022\/08\/eafa877e-nordic-volunteer-report-2021.jpg 1042w\" sizes=\"auto, (max-width: 240px) 100vw, 240px\" \/><figcaption><div class=\"credit icon-left\"> \u00a9 Greenpeace Nordic Volunteer Unit<\/div><\/figcaption><\/figure>\n\n\n\n<h5 class=\"wp-block-heading has-text-align-center is-style-chevron\" style=\"font-size:1rem\"><a href=\"https:\/\/www.greenpeace.org\/static\/planet4-denmark-stateless\/2022\/08\/1a772c43-nordic-volunteer-report-2021.pdf\" target=\"_blank\" rel=\"noreferrer noopener\">L\u00e6s rapporten for 2021 her<\/a><\/h5>\n\n\n\n<div style=\"height:16px\" aria-hidden=\"true\" class=\"wp-block-spacer\"><\/div>\n<\/div>\n<\/div>\n\n\n\n<div class=\"wp-block-column is-layout-flow wp-block-column-is-layout-flow\">\n<div class=\"wp-block-group group-stretched-link is-layout-flow wp-block-group-is-layout-flow\">\n<figure class=\"wp-block-image aligncenter size-articles-medium-large force-no-lightbox force-no-caption is-style-default\"><img loading=\"lazy\" decoding=\"async\" width=\"240\" height=\"340\" src=\"https:\/\/www.greenpeace.org\/static\/planet4-denmark-stateless\/2022\/08\/8da5f838-nordic-volunteer-report-2020-240x340.jpg\" title=\"Forsidebillede af Nordic Volunteer Report 2020\" alt=\"Forsidebillede af Nordic Volunteer Report 2020\" class=\"wp-image-52188\" srcset=\"https:\/\/www.greenpeace.org\/static\/planet4-denmark-stateless\/2022\/08\/8da5f838-nordic-volunteer-report-2020-240x340.jpg 240w, https:\/\/www.greenpeace.org\/static\/planet4-denmark-stateless\/2022\/08\/8da5f838-nordic-volunteer-report-2020-212x300.jpg 212w, https:\/\/www.greenpeace.org\/static\/planet4-denmark-stateless\/2022\/08\/8da5f838-nordic-volunteer-report-2020.jpg 514w\" sizes=\"auto, (max-width: 240px) 100vw, 240px\" \/><figcaption><div class=\"credit icon-left\"> \u00a9 Greenpeace Nordic Volunteer Unit<\/div><\/figcaption><\/figure>\n\n\n\n<h5 class=\"wp-block-heading has-text-align-center is-style-chevron\" style=\"font-size:1rem\"><a href=\"https:\/\/www.greenpeace.org\/static\/planet4-denmark-stateless\/2022\/08\/2ca1a2d1-nordic-volunteer-report-2020.pdf\" target=\"_blank\" rel=\"noreferrer noopener\">L\u00e6s rapporten for 2020 her<\/a><\/h5>\n\n\n\n<div style=\"height:16px\" aria-hidden=\"true\" class=\"wp-block-spacer\"><\/div>\n<\/div>\n<\/div>\n\n\n\n<div class=\"wp-block-column is-layout-flow wp-block-column-is-layout-flow\">\n<div class=\"wp-block-group group-stretched-link is-layout-flow wp-block-group-is-layout-flow\">\n<figure class=\"wp-block-image aligncenter size-articles-medium-large force-no-lightbox force-no-caption is-style-default\"><img loading=\"lazy\" decoding=\"async\" width=\"239\" height=\"340\" src=\"https:\/\/www.greenpeace.org\/static\/planet4-denmark-stateless\/2022\/08\/e35586c3-nordic-volunteer-report-2019-239x340.jpg\" title=\"Forsidebillede af Nordic Volunteer Report 2019\" alt=\"Forsidebillede af Nordic Volunteer Report 2019\" class=\"wp-image-52189\" srcset=\"https:\/\/www.greenpeace.org\/static\/planet4-denmark-stateless\/2022\/08\/e35586c3-nordic-volunteer-report-2019-239x340.jpg 239w, https:\/\/www.greenpeace.org\/static\/planet4-denmark-stateless\/2022\/08\/e35586c3-nordic-volunteer-report-2019-211x300.jpg 211w, https:\/\/www.greenpeace.org\/static\/planet4-denmark-stateless\/2022\/08\/e35586c3-nordic-volunteer-report-2019-719x1024.jpg 719w, https:\/\/www.greenpeace.org\/static\/planet4-denmark-stateless\/2022\/08\/e35586c3-nordic-volunteer-report-2019.jpg 744w\" sizes=\"auto, (max-width: 239px) 100vw, 239px\" \/><figcaption><div class=\"credit icon-left\"> \u00a9 Greenpeace Nordic Volunteer Unit<\/div><\/figcaption><\/figure>\n\n\n\n<h5 class=\"wp-block-heading has-text-align-center is-style-chevron\" style=\"font-size:1rem\"><a href=\"https:\/\/www.greenpeace.org\/static\/planet4-denmark-stateless\/2022\/08\/90c5997c-nordic-volunteer-report-2019.pdf\" target=\"_blank\" rel=\"noreferrer noopener\">L\u00e6s rapporten for 2019 her<\/a><\/h5>\n\n\n\n<div style=\"height:16px\" aria-hidden=\"true\" class=\"wp-block-spacer\"><\/div>\n<\/div>\n<\/div>\n<\/div>\n<\/div>\n<\/div>\n<\/div>\n\n\n<div class=\"wp-block-query posts-list p4-query-loop is-custom-layout-list is-layout-flow wp-block-query-is-layout-flow\">\n<div class=\"wp-block-group is-content-justification-space-between is-layout-flex wp-container-core-group-is-layout-3d213aab wp-block-group-is-layout-flex\">\n<h2 class=\"wp-block-heading\">Relaterede Artikler<\/h2>\n\n\n<li class=\" wp-block-navigation-item see-all-link wp-block-navigation-link\"><a class=\"wp-block-navigation-item__content\"  href=\"http:\/\/www.greenpeace.org\/denmark\/nyhed\/?tag=aktivisme\"><span class=\"wp-block-navigation-item__label\">See all stories<\/span><\/a><\/li><\/div>\n\n\n\n<p style=\"margin-top:24px;margin-bottom:36px\"><\/p>\n\n\n\n\n<ul class=\"wp-block-post-template is-layout-flow wp-block-post-template-is-layout-flow\"><li class=\"wp-block-post post-81599 post type-post status-publish format-standard has-post-thumbnail hentry category-hav category-klimaforandringer tag-fossilenergi tag-klima tag-aktivisme tag-olie p4-page-type-nyhed\">\n\n<div class=\"wp-block-columns is-layout-flex wp-container-core-columns-is-layout-9d6595d7 wp-block-columns-is-layout-flex\"><figure class=\"wp-block-post-featured-image\"><a href=\"https:\/\/www.greenpeace.org\/denmark\/nyhed\/klimaforandringer\/aktion-med-lys-og-vand-til-christiansborg-goer-os-fri-af-olie-og-gas\/\" target=\"_self\"  ><img loading=\"lazy\" decoding=\"async\" width=\"2048\" height=\"1365\" src=\"https:\/\/www.greenpeace.org\/static\/planet4-denmark-stateless\/2026\/04\/e18e5190-26-04-23_oil-is-war_0148_web.jpg\" class=\"attachment-post-thumbnail size-post-thumbnail wp-post-image wp-stateless-item\" alt=\"Aktion med lys og vand til Christiansborg: G\u00f8r os fri af olie og gas\" style=\"object-fit:cover;\" srcset=\"https:\/\/www.greenpeace.org\/static\/planet4-denmark-stateless\/2026\/04\/e18e5190-26-04-23_oil-is-war_0148_web.jpg 2048w, https:\/\/www.greenpeace.org\/static\/planet4-denmark-stateless\/2026\/04\/e18e5190-26-04-23_oil-is-war_0148_web-300x200.jpg 300w, https:\/\/www.greenpeace.org\/static\/planet4-denmark-stateless\/2026\/04\/e18e5190-26-04-23_oil-is-war_0148_web-1024x683.jpg 1024w, https:\/\/www.greenpeace.org\/static\/planet4-denmark-stateless\/2026\/04\/e18e5190-26-04-23_oil-is-war_0148_web-768x512.jpg 768w, https:\/\/www.greenpeace.org\/static\/planet4-denmark-stateless\/2026\/04\/e18e5190-26-04-23_oil-is-war_0148_web-1536x1024.jpg 1536w, https:\/\/www.greenpeace.org\/static\/planet4-denmark-stateless\/2026\/04\/e18e5190-26-04-23_oil-is-war_0148_web-510x340.jpg 510w\" sizes=\"auto, (max-width: 2048px) 100vw, 2048px\" data-image-size=\"post-thumbnail\" data-stateless-media-bucket=\"planet4-denmark-stateless\" data-stateless-media-name=\"2026\/04\/e18e5190-26-04-23_oil-is-war_0148_web.jpg\" \/><\/a><\/figure>\n\n\n<div class=\"wp-block-group is-layout-flow wp-block-group-is-layout-flow\">\n<div class=\"wp-block-group is-layout-flex wp-block-group-is-layout-flex\"><div class=\"wp-block-post-terms\"><a href=\"https:\/\/www.greenpeace.org\/denmark\/kategori\/hav\/\">Hav<\/a><\/div>\n\n<div class=\"taxonomy-post_tag wp-block-post-terms\"><a href=\"https:\/\/www.greenpeace.org\/denmark\/tag\/fossilenergi\/\" rel=\"tag\">fossilenergi<\/a><span class=\"wp-block-post-terms__separator\"> <\/span><a href=\"https:\/\/www.greenpeace.org\/denmark\/tag\/klima\/\" rel=\"tag\">klima<\/a><span class=\"wp-block-post-terms__separator\"> <\/span><a href=\"https:\/\/www.greenpeace.org\/denmark\/tag\/aktivisme\/\" rel=\"tag\">aktivisme<\/a><span class=\"wp-block-post-terms__separator\"> <\/span><a href=\"https:\/\/www.greenpeace.org\/denmark\/tag\/olie\/\" rel=\"tag\">olie<\/a><\/div><\/div>\n\n\n<h3 class=\"wp-block-post-title\"><a href=\"https:\/\/www.greenpeace.org\/denmark\/nyhed\/klimaforandringer\/aktion-med-lys-og-vand-til-christiansborg-goer-os-fri-af-olie-og-gas\/\" target=\"_self\" >Aktion med lys og vand til Christiansborg: G\u00f8r os fri af olie og gas<\/a><\/h3>\n\n<div class=\"wp-block-post-excerpt\"><p class=\"wp-block-post-excerpt__excerpt\">Afh\u00e6ngigheden af olie f\u00f8rer til krig, klimakaos og utryghed. Ogs\u00e5 i Danmark, hvor den russiske skyggefl\u00e5de fragter farlig olie gennem farvandet. Politikerne og den kommende regering har igen et valg. <\/p><\/div>\n\n\n<div class=\"wp-block-group posts-list-meta is-layout-flow wp-block-group-is-layout-flow\"><span class='article-list-item-author'><a href='https:\/\/www.greenpeace.org\/denmark\/author\/pjustese\/'>Poul Bonke Justesen<\/a><\/span>\n\n<div class=\"wp-block-post-date\"><time datetime=\"2026-04-24T15:03:00+02:00\">24. april 2026<\/time><\/div><\/div>\n<\/div>\n<\/div>\n\n<\/li><li class=\"wp-block-post post-65674 post type-post status-publish format-standard has-post-thumbnail hentry category-greenpeace tag-fossilenergi tag-aktivisme tag-menneskerettigheder p4-page-type-nyhed\">\n\n<div class=\"wp-block-columns is-layout-flex wp-container-core-columns-is-layout-9d6595d7 wp-block-columns-is-layout-flex\"><figure class=\"wp-block-post-featured-image\"><a href=\"https:\/\/www.greenpeace.org\/denmark\/nyhed\/greenpeace\/en-banebrydende-retssag-for-at-stoppe-juridisk-chikane\/\" target=\"_self\"  ><img loading=\"lazy\" decoding=\"async\" width=\"800\" height=\"600\" src=\"https:\/\/www.greenpeace.org\/static\/planet4-denmark-stateless\/2025\/02\/7c777aa3-gp0su2ni5_low-res-800px.jpg\" class=\"attachment-post-thumbnail size-post-thumbnail wp-post-image wp-stateless-item\" alt=\"En banebrydende retssag for at stoppe juridisk chikane\" style=\"object-fit:cover;\" srcset=\"https:\/\/www.greenpeace.org\/static\/planet4-denmark-stateless\/2025\/02\/7c777aa3-gp0su2ni5_low-res-800px.jpg 800w, https:\/\/www.greenpeace.org\/static\/planet4-denmark-stateless\/2025\/02\/7c777aa3-gp0su2ni5_low-res-800px-300x225.jpg 300w, https:\/\/www.greenpeace.org\/static\/planet4-denmark-stateless\/2025\/02\/7c777aa3-gp0su2ni5_low-res-800px-768x576.jpg 768w, https:\/\/www.greenpeace.org\/static\/planet4-denmark-stateless\/2025\/02\/7c777aa3-gp0su2ni5_low-res-800px-453x340.jpg 453w\" sizes=\"auto, (max-width: 800px) 100vw, 800px\" data-image-size=\"post-thumbnail\" data-stateless-media-bucket=\"planet4-denmark-stateless\" data-stateless-media-name=\"2025\/02\/7c777aa3-gp0su2ni5_low-res-800px.jpg\" \/><\/a><\/figure>\n\n\n<div class=\"wp-block-group is-layout-flow wp-block-group-is-layout-flow\">\n<div class=\"wp-block-group is-layout-flex wp-block-group-is-layout-flex\"><div class=\"wp-block-post-terms\"><a href=\"https:\/\/www.greenpeace.org\/denmark\/kategori\/greenpeace\/\">Greenpeace<\/a><\/div>\n\n<div class=\"taxonomy-post_tag wp-block-post-terms\"><a href=\"https:\/\/www.greenpeace.org\/denmark\/tag\/fossilenergi\/\" rel=\"tag\">fossilenergi<\/a><span class=\"wp-block-post-terms__separator\"> <\/span><a href=\"https:\/\/www.greenpeace.org\/denmark\/tag\/aktivisme\/\" rel=\"tag\">aktivisme<\/a><span class=\"wp-block-post-terms__separator\"> <\/span><a href=\"https:\/\/www.greenpeace.org\/denmark\/tag\/menneskerettigheder\/\" rel=\"tag\">menneskerettigheder<\/a><\/div><\/div>\n\n\n<h3 class=\"wp-block-post-title\"><a href=\"https:\/\/www.greenpeace.org\/denmark\/nyhed\/greenpeace\/en-banebrydende-retssag-for-at-stoppe-juridisk-chikane\/\" target=\"_self\" >En banebrydende retssag for at stoppe juridisk chikane<\/a><\/h3>\n\n<div class=\"wp-block-post-excerpt\"><p class=\"wp-block-post-excerpt__excerpt\">Greenpeace International tager kampen op mod Energy Transfer i en pr\u00f8vesag under EU\u2019s nye anti-SLAPP-direktiv \u2013 et opg\u00f8r med corporate chikane og et forsvar for ytringsfriheden. <\/p><\/div>\n\n\n<div class=\"wp-block-group posts-list-meta is-layout-flow wp-block-group-is-layout-flow\"><span class='article-list-item-author'>Amy Jacobsen<\/span>\n\n<div class=\"wp-block-post-date\"><time datetime=\"2025-06-27T14:45:00+02:00\">27. juni 2025<\/time><\/div><\/div>\n<\/div>\n<\/div>\n\n<\/li><li class=\"wp-block-post post-64333 post type-post status-publish format-standard has-post-thumbnail hentry category-natur tag-aktivisme tag-dybhavet p4-page-type-pressemeddelelse\">\n\n<div class=\"wp-block-columns is-layout-flex wp-container-core-columns-is-layout-9d6595d7 wp-block-columns-is-layout-flex\"><figure class=\"wp-block-post-featured-image\"><a href=\"https:\/\/www.greenpeace.org\/denmark\/pressemeddelelse\/natur\/politiet-fjerner-aktivister-der-forvandler-norsk-dybhavsminedrifts-konference-til-et-kasino\/\" target=\"_self\"  ><img loading=\"lazy\" decoding=\"async\" width=\"800\" height=\"600\" src=\"https:\/\/www.greenpeace.org\/static\/planet4-denmark-stateless\/2025\/04\/70da6f35-gp0su4zxg_low-res-800px.jpg\" class=\"attachment-post-thumbnail size-post-thumbnail wp-post-image wp-stateless-item\" alt=\"Politiet fjerner aktivister, der forvandler norsk dybhavsminedrifts-konference til et kasino\" style=\"object-fit:cover;\" srcset=\"https:\/\/www.greenpeace.org\/static\/planet4-denmark-stateless\/2025\/04\/70da6f35-gp0su4zxg_low-res-800px.jpg 800w, https:\/\/www.greenpeace.org\/static\/planet4-denmark-stateless\/2025\/04\/70da6f35-gp0su4zxg_low-res-800px-300x225.jpg 300w, https:\/\/www.greenpeace.org\/static\/planet4-denmark-stateless\/2025\/04\/70da6f35-gp0su4zxg_low-res-800px-768x576.jpg 768w, https:\/\/www.greenpeace.org\/static\/planet4-denmark-stateless\/2025\/04\/70da6f35-gp0su4zxg_low-res-800px-453x340.jpg 453w\" sizes=\"auto, (max-width: 800px) 100vw, 800px\" data-image-size=\"post-thumbnail\" data-stateless-media-bucket=\"planet4-denmark-stateless\" data-stateless-media-name=\"2025\/04\/70da6f35-gp0su4zxg_low-res-800px.jpg\" \/><\/a><\/figure>\n\n\n<div class=\"wp-block-group is-layout-flow wp-block-group-is-layout-flow\">\n<div class=\"wp-block-group is-layout-flex wp-block-group-is-layout-flex\"><div class=\"wp-block-post-terms\"><a href=\"https:\/\/www.greenpeace.org\/denmark\/kategori\/natur\/\">Natur<\/a><\/div>\n\n<div class=\"taxonomy-post_tag wp-block-post-terms\"><a href=\"https:\/\/www.greenpeace.org\/denmark\/tag\/aktivisme\/\" rel=\"tag\">aktivisme<\/a><span class=\"wp-block-post-terms__separator\"> <\/span><a href=\"https:\/\/www.greenpeace.org\/denmark\/tag\/dybhavet\/\" rel=\"tag\">dybhavet<\/a><\/div><\/div>\n\n\n<h3 class=\"wp-block-post-title\"><a href=\"https:\/\/www.greenpeace.org\/denmark\/pressemeddelelse\/natur\/politiet-fjerner-aktivister-der-forvandler-norsk-dybhavsminedrifts-konference-til-et-kasino\/\" target=\"_self\" >Politiet fjerner aktivister, der forvandler norsk dybhavsminedrifts-konference til et kasino<\/a><\/h3>\n\n<div class=\"wp-block-post-excerpt\"><p class=\"wp-block-post-excerpt__excerpt\">Dybhavsminedrifts-industrien gambler med livet i havet. Aktivister i protest mod dybhavsminedrift blokerede her til morgen indgangen til lobbykonferencen \u201cDeep sea minerals 2025\u201d i Bergen og overtog scenen inde i m\u00f8delokalet. Konferencen blev afbrudt og evakueret, og politiet kom for at fjerne aktivisterne fra bygningen. <\/p><\/div>\n\n\n<div class=\"wp-block-group posts-list-meta is-layout-flow wp-block-group-is-layout-flow\"><span class='article-list-item-author'><a href='https:\/\/www.greenpeace.org\/denmark\/author\/ragerbae\/'>Rikke Agerb\u00e6k<\/a><\/span>\n\n<div class=\"wp-block-post-date\"><time datetime=\"2025-04-03T12:05:02+02:00\">3. april 2025<\/time><\/div><\/div>\n<\/div>\n<\/div>\n\n<\/li><\/ul>\n\n\n<div class=\"wp-block-buttons carousel-controls is-horizontal is-content-justification-space-between is-nowrap is-layout-flex wp-container-core-buttons-is-layout-044bd602 wp-block-buttons-is-layout-flex\">\n<div class=\"wp-block-button carousel-control-prev\"><button type=\"button\" class=\"wp-block-button__link wp-element-button\">Prev<\/button><\/div>\n\n\n\n<div class=\"wp-block-button carousel-control-next\"><button type=\"button\" class=\"wp-block-button__link wp-element-button\">Next<\/button><\/div>\n<\/div>\n\n\n<li class=\" wp-block-navigation-item see-all-link wp-block-navigation-link\"><a class=\"wp-block-navigation-item__content\"  href=\"http:\/\/www.greenpeace.org\/denmark\/nyhed\/?tag=aktivisme\"><span class=\"wp-block-navigation-item__label\">L\u00e4s mer<\/span><\/a><\/li><\/div>\n","protected":false},"excerpt":{"rendered":"<p>Civil ulydighed er en del af Greenpeace&#8217;s DNA. I over 50 \u00e5r har Greenpeace-aktivister brugt fredelige taktikker og civil ulydighed for at k\u00e6mpe imod forurenende virksomheder, der \u00f8del\u00e6gger fremtiden for os alle. Vi er altid fredelige, og vi tager altid personligt ansvar for vores handlinger.<\/p>\n","protected":false},"author":20,"featured_media":57172,"parent":234,"menu_order":0,"comment_status":"closed","ping_status":"closed","template":"","meta":{"ep_exclude_from_search":false,"p4_hide_page_title_checkbox":"on","p4_title":"","p4_subtitle":"","p4_description":"","background_image_id":"","background_image":"","p4_button_title":"","p4_button_link":"","p4_button_link_checkbox":"","p4_og_title":"","p4_og_description":"","p4_og_image":"","p4_og_image_id":"","p4_seo_canonical_url":"","p4_campaign_name":"not set","p4_local_project":"not set","p4_basket_name":"not set","p4_department":"","footnotes":""},"categories":[4],"tags":[13,30],"class_list":["post-464","page","type-page","status-publish","has-post-thumbnail","hentry","category-greenpeace","tag-omgreenpeace","tag-aktivisme"],"_links":{"self":[{"href":"https:\/\/www.greenpeace.org\/denmark\/wp-json\/wp\/v2\/pages\/464","targetHints":{"allow":["GET"]}}],"collection":[{"href":"https:\/\/www.greenpeace.org\/denmark\/wp-json\/wp\/v2\/pages"}],"about":[{"href":"https:\/\/www.greenpeace.org\/denmark\/wp-json\/wp\/v2\/types\/page"}],"author":[{"embeddable":true,"href":"https:\/\/www.greenpeace.org\/denmark\/wp-json\/wp\/v2\/users\/20"}],"replies":[{"embeddable":true,"href":"https:\/\/www.greenpeace.org\/denmark\/wp-json\/wp\/v2\/comments?post=464"}],"version-history":[{"count":20,"href":"https:\/\/www.greenpeace.org\/denmark\/wp-json\/wp\/v2\/pages\/464\/revisions"}],"predecessor-version":[{"id":66766,"href":"https:\/\/www.greenpeace.org\/denmark\/wp-json\/wp\/v2\/pages\/464\/revisions\/66766"}],"up":[{"embeddable":true,"href":"https:\/\/www.greenpeace.org\/denmark\/wp-json\/wp\/v2\/pages\/234"}],"wp:featuredmedia":[{"embeddable":true,"href":"https:\/\/www.greenpeace.org\/denmark\/wp-json\/wp\/v2\/media\/57172"}],"wp:attachment":[{"href":"https:\/\/www.greenpeace.org\/denmark\/wp-json\/wp\/v2\/media?parent=464"}],"wp:term":[{"taxonomy":"category","embeddable":true,"href":"https:\/\/www.greenpeace.org\/denmark\/wp-json\/wp\/v2\/categories?post=464"},{"taxonomy":"post_tag","embeddable":true,"href":"https:\/\/www.greenpeace.org\/denmark\/wp-json\/wp\/v2\/tags?post=464"}],"curies":[{"name":"wp","href":"https:\/\/api.w.org\/{rel}","templated":true}]}}